{"id":51906,"date":"2026-03-12T10:29:09","date_gmt":"2026-03-12T09:29:09","guid":{"rendered":"https:\/\/www.choral-events.com\/?page_id=51906"},"modified":"2026-03-16T11:56:35","modified_gmt":"2026-03-16T10:56:35","slug":"la-giuria-2025-2","status":"publish","type":"page","link":"https:\/\/www.choral-events.com\/it\/la-giuria-2025-2\/","title":{"rendered":"La giuria del 2026"},"content":{"rendered":"<div class=\"fusion-fullwidth fullwidth-box fusion-builder-row-1 fusion-flex-container nonhundred-percent-fullwidth non-hundred-percent-height-scrolling\" style=\"--awb-border-radius-top-left:0px;--awb-border-radius-top-right:0px;--awb-border-radius-bottom-right:0px;--awb-border-radius-bottom-left:0px;--awb-padding-top:0%;--awb-flex-wrap:wrap;\" ><div class=\"fusion-builder-row fusion-row fusion-flex-align-items-flex-start fusion-flex-content-wrap\" style=\"max-width:1289.6px;margin-left: calc(-4% \/ 2 );margin-right: calc(-4% \/ 2 );\"><div class=\"fusion-layout-column fusion_builder_column fusion-builder-column-0 fusion_builder_column_1_2 1_2 fusion-flex-column\" style=\"--awb-bg-size:cover;--awb-width-large:50%;--awb-margin-top-large:57px;--awb-spacing-right-large:8.64%;--awb-margin-bottom-large:7%;--awb-spacing-left-large:3.84%;--awb-width-medium:100%;--awb-spacing-right-medium:1.92%;--awb-spacing-left-medium:1.92%;--awb-width-small:100%;--awb-order-small:0;--awb-spacing-right-small:1.92%;--awb-spacing-left-small:1.92%;\"><div class=\"fusion-column-wrapper fusion-column-has-shadow fusion-flex-justify-content-flex-start fusion-content-layout-column\"><div class=\"fusion-image-element \" style=\"--awb-liftup-border-radius:10px;--awb-aspect-ratio: 100 \/ 90;--awb-object-position:65% 0%;--awb-caption-title-font-family:var(--h2_typography-font-family);--awb-caption-title-font-weight:var(--h2_typography-font-weight);--awb-caption-title-font-style:var(--h2_typography-font-style);--awb-caption-title-size:var(--h2_typography-font-size);--awb-caption-title-transform:var(--h2_typography-text-transform);--awb-caption-title-line-height:var(--h2_typography-line-height);--awb-caption-title-letter-spacing:var(--h2_typography-letter-spacing);\"><div class=\"awb-image-frame awb-image-frame-1 imageframe-liftup imageframe-1 fusion-animated\" data-animationType=\"fadeIn\" data-animationDuration=\"1.0\" data-animationOffset=\"top-into-view\"><span class=\" fusion-imageframe imageframe-none imageframe-1 has-aspect-ratio\" style=\"border-radius:10px;\"><img decoding=\"async\" width=\"200\" height=\"300\" title=\"Jennifer THAM 3\" src=\"https:\/\/www.choral-events.com\/wp-content\/uploads\/2026\/03\/Jennifer-THAM-3-200x300.jpg\" class=\"img-responsive wp-image-52086 img-with-aspect-ratio\" data-parent-fit=\"cover\" data-parent-container=\".fusion-image-element\" alt srcset=\"https:\/\/www.choral-events.com\/wp-content\/uploads\/2026\/03\/Jennifer-THAM-3-200x300.jpg 200w, https:\/\/www.choral-events.com\/wp-content\/uploads\/2026\/03\/Jennifer-THAM-3-400x600.jpg 400w, https:\/\/www.choral-events.com\/wp-content\/uploads\/2026\/03\/Jennifer-THAM-3-600x900.jpg 600w, https:\/\/www.choral-events.com\/wp-content\/uploads\/2026\/03\/Jennifer-THAM-3.jpg 683w\" sizes=\"(max-width: 1024px) 100vw, (max-width: 640px) 100vw, 600px\" \/><\/span><\/div><\/div><\/div><\/div><div class=\"fusion-layout-column fusion_builder_column fusion-builder-column-1 fusion_builder_column_1_2 1_2 fusion-flex-column fusion-animated\" style=\"--awb-padding-top:8%;--awb-padding-right:8%;--awb-padding-bottom:0%;--awb-padding-top-medium:0px;--awb-padding-bottom-medium:0px;--awb-padding-bottom-small:0px;--awb-bg-size:cover;--awb-width-large:50%;--awb-margin-top-large:0px;--awb-spacing-right-large:3.84%;--awb-margin-bottom-large:0%;--awb-spacing-left-large:8.64%;--awb-width-medium:100%;--awb-spacing-right-medium:1.92%;--awb-margin-bottom-medium:70px;--awb-spacing-left-medium:1.92%;--awb-width-small:100%;--awb-order-small:1;--awb-spacing-right-small:1.92%;--awb-margin-bottom-small:0px;--awb-spacing-left-small:1.92%;\" data-animationType=\"fadeInUp\" data-animationDuration=\"1.0\" data-animationOffset=\"top-into-view\"><div class=\"fusion-column-wrapper fusion-column-has-shadow fusion-flex-justify-content-flex-start fusion-content-layout-column\"><div class=\"fusion-title title fusion-title-1 fusion-sep-none fusion-title-text fusion-title-size-two\" style=\"--awb-margin-top-small:0px;--awb-margin-right-small:0px;--awb-margin-bottom-small:20px;--awb-margin-left-small:0px;--awb-font-size:40px;\"><h2 class=\"fusion-title-heading title-heading-left fusion-responsive-typography-calculated\" style=\"margin:0;font-size:1em;--fontSize:40;line-height:1.2;\">jennifer tham<\/h2><\/div><div class=\"fusion-separator\" style=\"align-self: flex-start;margin-right:auto;margin-bottom:8%;width:100%;max-width:70px;\"><div class=\"fusion-separator-border sep-single sep-solid\" style=\"--awb-height:20px;--awb-amount:20px;border-color:var(--awb-color2);border-top-width:1px;\"><\/div><\/div><div class=\"fusion-text fusion-text-1\" style=\"--awb-font-size:19px;\"><p>Jennifer \u00e8 una direttrice di coro, compositrice, giudice internazionale e direttrice artistica con oltre 30 anni di esperienza a Singapore. Ha conseguito un Master of Fine Arts in Arte Interdisciplinare presso la Simon Fraser University di Vancouver, in Canada, e ha ricevuto numerosi riconoscimenti, tra cui il Cultural Medallion \u2013 il pi\u00f9 alto premio artistico del paese \u2013 consegnato dal Presidente della Repubblica di Singapore in persona. <\/p>\n<\/div><div class=\"fusion-separator\" style=\"align-self: flex-start;margin-right:auto;margin-bottom:8%;width:100%;max-width:70px;\"><div class=\"fusion-separator-border sep-single sep-solid\" style=\"--awb-height:20px;--awb-amount:20px;border-color:var(--awb-color2);border-top-width:1px;\"><\/div><\/div><\/div><\/div><div class=\"fusion-layout-column fusion_builder_column fusion-builder-column-2 fusion_builder_column_1_1 1_1 fusion-flex-column fusion-no-small-visibility\" style=\"--awb-bg-size:cover;--awb-width-large:100%;--awb-margin-top-large:0px;--awb-spacing-right-large:1.92%;--awb-margin-bottom-large:8%;--awb-spacing-left-large:1.92%;--awb-width-medium:100%;--awb-order-medium:0;--awb-spacing-right-medium:1.92%;--awb-spacing-left-medium:1.92%;--awb-width-small:100%;--awb-order-small:2;--awb-spacing-right-small:1.92%;--awb-spacing-left-small:1.92%;\"><div class=\"fusion-column-wrapper fusion-column-has-shadow fusion-flex-justify-content-flex-start fusion-content-layout-column\"><div class=\"fusion-text fusion-text-2 awb-text-cols fusion-text-columns-2\" style=\"--awb-columns:2;--awb-column-spacing:3em;--awb-rule-style:1px solid var(--awb-color2);\"><p>Jennifer \u00e8 curiosa della visione del suono e pratica l&#8217;ascolto multimodale come direttrice di coro e compositrice. Il suo lavoro \u00e8 ispirato dall&#8217;amore per le parole, la fenomenologia, la cartografia, le pratiche spaziali, l&#8217;arte concettuale, la musica contemporanea e il teatro corale. Come direttrice del SYC Ensemble Singers \u2013 un coro da camera misto di Singapore che dirige dal 1986 \u2013 esplora l&#8217;intersezione delle culture letterarie, musicali e visive, integrando la messa in scena, il movimento e l&#8217;illuminazione per riunire i modelli di nuova musica sul palco.  <\/p>\n<p>Per il suo contributo al panorama culturale di Singapore, il Presidente della Repubblica le ha conferito il Cultural Medallion, la pi\u00f9 alta onorificenza artistica del paese.<\/p>\n<p>Jennifer insegna direzione corale e pedagogia presso la Nanyang Academy of Fine Arts. Tiene anche corsi e workshop internazionali sul repertorio, la direzione e le tecniche di prova, dotando i giovani direttori di un divertente kit di strumenti per avvicinarsi alla musica contemporanea. <\/p>\n<p>Ha presieduto gruppi di lavoro sul repertorio e sulla programmazione in occasione di conferenze in Argentina, Danimarca, Estonia e Svezia e ha partecipato come relatore principale all&#8217;Accademia estiva dei direttori d&#8217;orchestra lituani, organizzata dall&#8217;Unione Corali lituana e dal Ministero della Cultura.<\/p>\n<p>Sotto l&#8217;egida della Young Musicians&#8217; Society, \u00e8 stata direttore artistico del Simposio di Musica Corale Asia-Sud Pacifico (2001) e dei suoi progetti successivi: First Aid for Choirs (2002-2017) e del Kodaly Seminar Asia (2009-2016), quest&#8217;ultimo in collaborazione con il Kod\u00e1ly Institute della Liszt Academy of Music di Budapest.<\/p>\n<p>All&#8217;interno della Federazione Internazionale di Musica Corale (IFCM), Jennifer coordina il Comitato di Lavoro Asia-Pacifico e il Coro Giovanile Asia-Pacifico. Rappresenta Singapore nel World Choir Council e dal 2003 fa parte della giuria dei World Choir Games e di numerosi festival in Asia, Europa e America. <\/p>\n<\/div><\/div><\/div><div class=\"fusion-layout-column fusion_builder_column fusion-builder-column-3 fusion_builder_column_1_1 1_1 fusion-flex-column fusion-no-medium-visibility fusion-no-large-visibility\" style=\"--awb-bg-size:cover;--awb-width-large:100%;--awb-margin-top-large:0px;--awb-spacing-right-large:1.92%;--awb-margin-bottom-large:8%;--awb-spacing-left-large:1.92%;--awb-width-medium:100%;--awb-order-medium:0;--awb-spacing-right-medium:1.92%;--awb-spacing-left-medium:1.92%;--awb-width-small:100%;--awb-order-small:3;--awb-spacing-right-small:1.92%;--awb-spacing-left-small:1.92%;\"><div class=\"fusion-column-wrapper fusion-column-has-shadow fusion-flex-justify-content-flex-start fusion-content-layout-column\"><div class=\"fusion-text fusion-text-3\"><p>Jennifer \u00e8 una direttrice di coro, compositrice, giudice internazionale e direttrice artistica con oltre 30 anni di esperienza a Singapore. Ha conseguito un Master of Fine Arts in Arte Interdisciplinare presso la Simon Fraser University di Vancouver, in Canada, e ha ricevuto numerosi riconoscimenti, tra cui il Cultural Medallion \u2013 il pi\u00f9 alto premio artistico del paese \u2013 consegnato dal Presidente della Repubblica di Singapore in persona. <\/p>\n<\/div><\/div><\/div><div class=\"fusion-layout-column fusion_builder_column fusion-builder-column-4 fusion_builder_column_1_2 1_2 fusion-flex-column fusion-animated\" style=\"--awb-padding-top:8%;--awb-padding-right:8%;--awb-padding-bottom:0%;--awb-padding-top-medium:0px;--awb-padding-bottom-medium:0px;--awb-bg-size:cover;--awb-width-large:50%;--awb-margin-top-large:0px;--awb-spacing-right-large:3.84%;--awb-margin-bottom-large:0%;--awb-spacing-left-large:8.64%;--awb-width-medium:100%;--awb-spacing-right-medium:1.92%;--awb-margin-bottom-medium:70px;--awb-spacing-left-medium:1.92%;--awb-width-small:100%;--awb-order-small:4;--awb-spacing-right-small:1.92%;--awb-margin-bottom-small:0px;--awb-spacing-left-small:1.92%;\" data-animationType=\"fadeInUp\" data-animationDuration=\"1.0\" data-animationOffset=\"top-into-view\"><div class=\"fusion-column-wrapper fusion-column-has-shadow fusion-flex-justify-content-flex-start fusion-content-layout-column\"><div class=\"fusion-title title fusion-title-2 fusion-sep-none fusion-title-text fusion-title-size-two\" style=\"--awb-margin-top-small:0px;--awb-margin-right-small:0px;--awb-margin-bottom-small:20px;--awb-margin-left-small:0px;--awb-font-size:40px;\"><h2 class=\"fusion-title-heading title-heading-left fusion-responsive-typography-calculated\" style=\"margin:0;font-size:1em;--fontSize:40;line-height:1.2;\">JAMES VARRICK ARMAAH<\/h2><\/div><div class=\"fusion-separator\" style=\"align-self: flex-start;margin-right:auto;margin-bottom:8%;width:100%;max-width:70px;\"><div class=\"fusion-separator-border sep-single sep-solid\" style=\"--awb-height:20px;--awb-amount:20px;border-color:var(--awb-color2);border-top-width:1px;\"><\/div><\/div><div class=\"fusion-text fusion-text-4\" style=\"--awb-font-size:19px;\"><p>James Varrick Armaah, affettuosamente conosciuto come &#8220;Sir James&#8221;, \u00e8 il fondatore e direttore esecutivo della Harmonious Chorale in Ghana. \u00c8 nato a Winneba, nella regione centrale del Ghana, nel 1984. <\/p>\n<p>James \u00e8 il compositore dell&#8217;intramontabile canzone &#8220;Asem Papa Bia Mati&#8221;, conosciuta anche come &#8220;Oye&#8221;, considerata uno dei brani di musica cristiana pi\u00f9 popolari e diffusi in Africa e nel mondo.  <\/p>\n<\/div><div class=\"fusion-separator\" style=\"align-self: flex-start;margin-right:auto;margin-bottom:8%;width:100%;max-width:70px;\"><div class=\"fusion-separator-border sep-single sep-solid\" style=\"--awb-height:20px;--awb-amount:20px;border-color:var(--awb-color2);border-top-width:1px;\"><\/div><\/div><\/div><\/div><div class=\"fusion-layout-column fusion_builder_column fusion-builder-column-5 fusion_builder_column_1_2 1_2 fusion-flex-column\" style=\"--awb-bg-size:cover;--awb-width-large:50%;--awb-margin-top-large:0px;--awb-spacing-right-large:8.64%;--awb-margin-bottom-large:1.8%;--awb-spacing-left-large:3.84%;--awb-width-medium:100%;--awb-spacing-right-medium:1.92%;--awb-spacing-left-medium:1.92%;--awb-width-small:100%;--awb-order-small:5;--awb-spacing-right-small:1.92%;--awb-spacing-left-small:1.92%;\"><div class=\"fusion-column-wrapper fusion-column-has-shadow fusion-flex-justify-content-flex-start fusion-content-layout-column\"><div class=\"fusion-image-element \" style=\"--awb-liftup-border-radius:10px;--awb-aspect-ratio: 100 \/ 90;--awb-object-position:13% 25%;--awb-caption-title-font-family:var(--h2_typography-font-family);--awb-caption-title-font-weight:var(--h2_typography-font-weight);--awb-caption-title-font-style:var(--h2_typography-font-style);--awb-caption-title-size:var(--h2_typography-font-size);--awb-caption-title-transform:var(--h2_typography-text-transform);--awb-caption-title-line-height:var(--h2_typography-line-height);--awb-caption-title-letter-spacing:var(--h2_typography-letter-spacing);\"><div class=\"awb-image-frame awb-image-frame-2 imageframe-liftup imageframe-2 fusion-animated\" data-animationType=\"fadeIn\" data-animationDuration=\"1.0\" data-animationOffset=\"top-into-view\"><span class=\" fusion-imageframe imageframe-none imageframe-2 has-aspect-ratio\" style=\"border-radius:10px;\"><img decoding=\"async\" width=\"225\" height=\"300\" alt=\"Dominic Scott\" title=\"IMG-20250623-WA0006\" src=\"https:\/\/www.choral-events.com\/wp-content\/uploads\/2026\/03\/IMG-20250623-WA0006-225x300.jpg\" class=\"img-responsive wp-image-52087 img-with-aspect-ratio\" data-parent-fit=\"cover\" data-parent-container=\".fusion-image-element\" srcset=\"https:\/\/www.choral-events.com\/wp-content\/uploads\/2026\/03\/IMG-20250623-WA0006-200x267.jpg 200w, https:\/\/www.choral-events.com\/wp-content\/uploads\/2026\/03\/IMG-20250623-WA0006-400x533.jpg 400w, https:\/\/www.choral-events.com\/wp-content\/uploads\/2026\/03\/IMG-20250623-WA0006-600x800.jpg 600w, https:\/\/www.choral-events.com\/wp-content\/uploads\/2026\/03\/IMG-20250623-WA0006-800x1067.jpg 800w, https:\/\/www.choral-events.com\/wp-content\/uploads\/2026\/03\/IMG-20250623-WA0006.jpg 810w\" sizes=\"(max-width: 1024px) 100vw, (max-width: 640px) 100vw, 600px\" \/><\/span><\/div><\/div><\/div><\/div><div class=\"fusion-layout-column fusion_builder_column fusion-builder-column-6 fusion_builder_column_1_1 1_1 fusion-flex-column fusion-no-small-visibility\" style=\"--awb-bg-size:cover;--awb-width-large:100%;--awb-margin-top-large:0px;--awb-spacing-right-large:1.92%;--awb-margin-bottom-large:8%;--awb-spacing-left-large:1.92%;--awb-width-medium:100%;--awb-order-medium:0;--awb-spacing-right-medium:1.92%;--awb-spacing-left-medium:1.92%;--awb-width-small:100%;--awb-order-small:6;--awb-spacing-right-small:1.92%;--awb-spacing-left-small:1.92%;\"><div class=\"fusion-column-wrapper fusion-column-has-shadow fusion-flex-justify-content-flex-start fusion-content-layout-column\"><div class=\"fusion-text fusion-text-5 awb-text-cols fusion-text-columns-2\" style=\"--awb-columns:2;--awb-column-spacing:3em;--awb-rule-style:1px solid var(--awb-color2);\"><div class=\"wpb_text_column wpb_content_element \">\n<p>&nbsp;<\/p>\n<div class=\"wpb_wrapper\">\n<p>James \u00e8 un compositore affermato, con oltre duecento canzoni a suo nome. Le sue composizioni sono eseguite con brio da numerosi Corali e apprezzate da congregazioni e pubblico in tutta l&#8217;Africa e oltre. <\/p>\n<p>Ha vinto il prestigioso premio di Compositore dell&#8217;anno in due occasioni consecutive (2017 e 2018), oltre a quello di Canzone dell&#8217;anno 2018 per il suo brano &#8220;Nea wo de me abedru nie&#8221; ai Ghana Youth Corali Awards.<\/p>\n<p>Ha inoltre diretto la Corali Harmonious in oltre 50 concerti durante i 14 anni di storia del coro. Sotto la sua direzione, il coro ha vinto numerosi premi prestigiosi, tra cui : <\/p>\n<p>Quattro medaglie d&#8217;oro, tra cui l&#8217;ambito titolo di Campione dei World Choir Games nella categoria Campioni ai World Choir Games 2018 in Sudafrica;<\/p>\n<p>Secondo posto per la prima partecipazione di un coro dell&#8217;Africa occidentale al Festival Internazionale di Musica Liturgica Ortodossa in Polonia, nella categoria dei cori professionali, accompagnato da un diploma speciale per la promozione della musica ortodossa in Africa;<\/p>\n<p>Coro dell&#8217;anno nel 2015, 2016 e 2017 ai Ghana Youth Corali Awards.<\/p>\n<p>James ha diretto e collaborato con numerosi cori sia in Ghana che all&#8217;estero in concerti e spettacoli. Tra questi ci sono i Liberian Premier Choral Singers, diretti da Sir Wilmott Bobbroh; il Ghana Wesley United Methodist Choir di Brooklyn, New York; lo United Ghana Christian Church Choir di Atlanta, Georgia; il New Jersey Ghana Adventist Choir; il Toronto Circuit Choir della Chiesa Metodista (Canada); i cori combinati dei Ghanaian Catholic Church Choirs (Virginia e Maryland); il First Ghana SDA Choir di New York; il Ghana Adventist Church Choir di Toronto e molti altri. <\/p>\n<p><span style=\"background-color: rgba(0, 0, 0, 0);\">In Ghana, James \u00e8 stato organista del Winneba Youth Choir per sette anni, direttore del Christ Temple Philharmonic Choir dell&#8217;ICGC (sotto la direzione del Dr Mensah Otabil), organista della St. John Methodist Church di Tantra Hills e direttore del coro della St. Paul&#8217;s Cathedral della Chiesa Metodista (Diocesi di Tema). In seguito ha lavorato come direttore musicale presso la Central University per diversi anni, ha insegnato teoria musicale e composizione presso l&#8217;Universit\u00e0 dell&#8217;Educazione di Winneba (2018-2020) e ha diretto la Christ the King Methodist Church di East Legon. \u00c8 membro della Federazione Africana di Musica Corale (AFCM).    <\/span><\/p>\n<p>James ha conseguito un M. Phil. in Teoria e Composizione Musicale (Universit\u00e0 del Ghana), un MBA in Gestione delle Risorse Umane (Methodist University College), un BFA in Musica e Arti Teatrali (School of Performing Arts, Universit\u00e0 del Ghana) e un Diploma in Musica Generale (Universit\u00e0 del Ghana). <\/p>\n<\/div>\n<\/div>\n<div class=\"wpb_text_column wpb_content_element \">\n<div class=\"wpb_wrapper\">&nbsp;<\/div>\n<\/div>\n<\/div><\/div><\/div><div class=\"fusion-layout-column fusion_builder_column fusion-builder-column-7 fusion_builder_column_1_1 1_1 fusion-flex-column fusion-no-medium-visibility fusion-no-large-visibility\" style=\"--awb-padding-top-small:37px;--awb-bg-size:cover;--awb-width-large:100%;--awb-margin-top-large:0px;--awb-spacing-right-large:1.92%;--awb-margin-bottom-large:8%;--awb-spacing-left-large:1.92%;--awb-width-medium:100%;--awb-order-medium:0;--awb-spacing-right-medium:1.92%;--awb-spacing-left-medium:1.92%;--awb-width-small:100%;--awb-order-small:7;--awb-spacing-right-small:1.92%;--awb-spacing-left-small:1.92%;\"><div class=\"fusion-column-wrapper fusion-column-has-shadow fusion-flex-justify-content-flex-start fusion-content-layout-column\"><div class=\"fusion-text fusion-text-6\"><div class=\"wpb_text_column wpb_content_element \">\n<p>&nbsp;<\/p>\n<div class=\"wpb_wrapper\">\n<p>James \u00e8 un compositore affermato, con oltre duecento canzoni a suo nome. Le sue composizioni sono eseguite con brio da numerosi Corali e apprezzate da congregazioni e pubblico in tutta l&#8217;Africa e oltre. <\/p>\n<p>Ha vinto il prestigioso premio di Compositore dell&#8217;anno in due occasioni consecutive (2017 e 2018), oltre a quello di Canzone dell&#8217;anno 2018 per il suo brano &#8220;Nea wo de me abedru nie&#8221; ai Ghana Youth Corali Awards.<\/p>\n<p>Ha inoltre diretto la Corali Harmonious in oltre 50 concerti durante i 14 anni di storia del coro. Sotto la sua direzione, il coro ha vinto numerosi premi prestigiosi, tra cui : <\/p>\n<p>Quattro medaglie d&#8217;oro, tra cui l&#8217;ambito titolo di Campione dei World Choir Games nella categoria Campioni ai World Choir Games 2018 in Sudafrica;<\/p>\n<p>Secondo posto per la prima partecipazione di un coro dell&#8217;Africa occidentale al Festival Internazionale di Musica Liturgica Ortodossa in Polonia, nella categoria dei cori professionali, accompagnato da un diploma speciale per la promozione della musica ortodossa in Africa;<\/p>\n<p>Coro dell&#8217;anno nel 2015, 2016 e 2017 ai Ghana Youth Corali Awards.<\/p>\n<p>James ha diretto e collaborato con numerosi cori sia in Ghana che all&#8217;estero in concerti e spettacoli. Tra questi ci sono i Liberian Premier Choral Singers, diretti da Sir Wilmott Bobbroh; il Ghana Wesley United Methodist Choir di Brooklyn, New York; lo United Ghana Christian Church Choir di Atlanta, Georgia; il New Jersey Ghana Adventist Choir; il Toronto Circuit Choir della Chiesa Metodista (Canada); i cori combinati dei Ghanaian Catholic Church Choirs (Virginia e Maryland); il First Ghana SDA Choir di New York; il Ghana Adventist Church Choir di Toronto e molti altri. <\/p>\n<p><span style=\"background-color: rgba(0, 0, 0, 0);\">In Ghana, James \u00e8 stato organista del Winneba Youth Choir per sette anni, direttore del Christ Temple Philharmonic Choir dell&#8217;ICGC (sotto la direzione del Dr Mensah Otabil), organista della St. John Methodist Church di Tantra Hills e direttore del coro della St. Paul&#8217;s Cathedral della Chiesa Metodista (Diocesi di Tema). In seguito ha lavorato come direttore musicale presso la Central University per diversi anni, ha insegnato teoria musicale e composizione presso l&#8217;Universit\u00e0 dell&#8217;Educazione di Winneba (2018-2020) e ha diretto la Christ the King Methodist Church di East Legon. \u00c8 membro della Federazione Africana di Musica Corale (AFCM).    <\/span><\/p>\n<p>James ha conseguito un M. Phil. in Teoria e Composizione Musicale (Universit\u00e0 del Ghana), un MBA in Gestione delle Risorse Umane (Methodist University College), un BFA in Musica e Arti Teatrali (School of Performing Arts, Universit\u00e0 del Ghana) e un Diploma in Musica Generale (Universit\u00e0 del Ghana). <\/p>\n<\/div>\n<\/div>\n<div class=\"wpb_text_column wpb_content_element \">\n<div class=\"wpb_wrapper\">&nbsp;<\/div>\n<\/div>\n<\/div><\/div><\/div><div class=\"fusion-layout-column fusion_builder_column fusion-builder-column-8 fusion_builder_column_1_2 1_2 fusion-flex-column\" style=\"--awb-bg-size:cover;--awb-width-large:50%;--awb-margin-top-large:0px;--awb-spacing-right-large:8.64%;--awb-margin-bottom-large:0.7%;--awb-spacing-left-large:3.84%;--awb-width-medium:100%;--awb-spacing-right-medium:1.92%;--awb-spacing-left-medium:1.92%;--awb-width-small:100%;--awb-order-small:8;--awb-spacing-right-small:1.92%;--awb-margin-bottom-small:23.625px;--awb-spacing-left-small:1.92%;\"><div class=\"fusion-column-wrapper fusion-column-has-shadow fusion-flex-justify-content-flex-start fusion-content-layout-column\"><div class=\"fusion-image-element \" style=\"--awb-liftup-border-radius:10px;--awb-aspect-ratio: 100 \/ 104;--awb-object-position:80% 26%;--awb-caption-title-font-family:var(--h2_typography-font-family);--awb-caption-title-font-weight:var(--h2_typography-font-weight);--awb-caption-title-font-style:var(--h2_typography-font-style);--awb-caption-title-size:var(--h2_typography-font-size);--awb-caption-title-transform:var(--h2_typography-text-transform);--awb-caption-title-line-height:var(--h2_typography-line-height);--awb-caption-title-letter-spacing:var(--h2_typography-letter-spacing);\"><div class=\"awb-image-frame awb-image-frame-3 imageframe-liftup imageframe-3 fusion-animated\" data-animationType=\"fadeIn\" data-animationDuration=\"1.0\" data-animationOffset=\"top-into-view\"><span class=\" fusion-imageframe imageframe-none imageframe-3 has-aspect-ratio\" style=\"border-radius:10px;\"><img decoding=\"async\" width=\"600\" height=\"800\" alt=\"Dominic Scott\" title=\"NicolayS_Profil-600&#215;800\" src=\"https:\/\/www.choral-events.com\/wp-content\/uploads\/2024\/07\/NicolayS_Profil-600x800-1.jpg\" class=\"img-responsive wp-image-47781 img-with-aspect-ratio\" data-parent-fit=\"cover\" data-parent-container=\".fusion-image-element\" srcset=\"https:\/\/www.choral-events.com\/wp-content\/uploads\/2024\/07\/NicolayS_Profil-600x800-1-200x267.jpg 200w, https:\/\/www.choral-events.com\/wp-content\/uploads\/2024\/07\/NicolayS_Profil-600x800-1-400x533.jpg 400w, https:\/\/www.choral-events.com\/wp-content\/uploads\/2024\/07\/NicolayS_Profil-600x800-1.jpg 600w\" sizes=\"(max-width: 1024px) 100vw, (max-width: 640px) 100vw, 600px\" \/><\/span><\/div><\/div><\/div><\/div><div class=\"fusion-layout-column fusion_builder_column fusion-builder-column-9 fusion_builder_column_1_2 1_2 fusion-flex-column fusion-animated\" style=\"--awb-padding-top:8%;--awb-padding-right:8%;--awb-padding-bottom:0%;--awb-padding-top-medium:0px;--awb-padding-bottom-medium:0px;--awb-bg-size:cover;--awb-width-large:50%;--awb-margin-top-large:0px;--awb-spacing-right-large:3.84%;--awb-margin-bottom-large:0%;--awb-spacing-left-large:8.64%;--awb-width-medium:100%;--awb-spacing-right-medium:1.92%;--awb-margin-bottom-medium:70px;--awb-spacing-left-medium:1.92%;--awb-width-small:100%;--awb-order-small:9;--awb-spacing-right-small:1.92%;--awb-margin-bottom-small:0px;--awb-spacing-left-small:1.92%;\" data-animationType=\"fadeInUp\" data-animationDuration=\"1.0\" data-animationOffset=\"top-into-view\"><div class=\"fusion-column-wrapper fusion-column-has-shadow fusion-flex-justify-content-flex-start fusion-content-layout-column\"><div class=\"fusion-title title fusion-title-3 fusion-sep-none fusion-title-text fusion-title-size-two\" style=\"--awb-margin-top-small:0px;--awb-margin-right-small:0px;--awb-margin-bottom-small:20px;--awb-margin-left-small:0px;--awb-font-size:40px;\"><h2 class=\"fusion-title-heading title-heading-left fusion-responsive-typography-calculated\" style=\"margin:0;font-size:1em;--fontSize:40;line-height:1.2;\">Stephan Nicolay<\/h2><\/div><div class=\"fusion-separator\" style=\"align-self: flex-start;margin-right:auto;margin-bottom:8%;width:100%;max-width:70px;\"><div class=\"fusion-separator-border sep-single sep-solid\" style=\"--awb-height:20px;--awb-amount:20px;border-color:var(--awb-color2);border-top-width:1px;\"><\/div><\/div><div class=\"fusion-text fusion-text-7\" style=\"--awb-font-size:19px;\"><p>Stephan \u00e8 il direttore artistico del Concorso Internazionale Corali in Provenza 2026.<\/p>\n<p>Dopo essersi laureato in ingegneria elettronica, aver vinto un premio per l&#8217;organo, essersi laureato in musicologia e aver conseguito un diploma di stato in direzione di ensemble vocali, St\u00e9phan \u00e8 ora un professionista riconosciuto. Compositore, insegnante e direttore di cori professionali e amatoriali, Stephan collabora con Choral Events in una vasta gamma di progetti da oltre 7 anni. <\/p>\n<p>Stephan \u00e8 oggi il Direttore Artistico di Choral Events.<\/p>\n<\/div><div class=\"fusion-separator\" style=\"align-self: flex-start;margin-right:auto;margin-bottom:8%;width:100%;max-width:70px;\"><div class=\"fusion-separator-border sep-single sep-solid\" style=\"--awb-height:20px;--awb-amount:20px;border-color:var(--awb-color2);border-top-width:1px;\"><\/div><\/div><\/div><\/div><div class=\"fusion-layout-column fusion_builder_column fusion-builder-column-10 fusion_builder_column_1_1 1_1 fusion-flex-column fusion-no-small-visibility\" style=\"--awb-bg-size:cover;--awb-width-large:100%;--awb-margin-top-large:0px;--awb-spacing-right-large:1.92%;--awb-margin-bottom-large:8%;--awb-spacing-left-large:1.92%;--awb-width-medium:100%;--awb-order-medium:0;--awb-spacing-right-medium:1.92%;--awb-spacing-left-medium:1.92%;--awb-width-small:100%;--awb-order-small:10;--awb-spacing-right-small:1.92%;--awb-spacing-left-small:1.92%;\"><div class=\"fusion-column-wrapper fusion-column-has-shadow fusion-flex-justify-content-flex-start fusion-content-layout-column\"><div class=\"fusion-text fusion-text-8 awb-text-cols fusion-text-columns-2\" style=\"--awb-columns:2;--awb-column-spacing:3em;--awb-rule-style:1px solid var(--awb-color2);\"><div class=\"wpb_text_column wpb_content_element \">\n<p>Dopo una doppia formazione scientifica (ingegnere Polytech Nice) e musicale (studi ai conservatori di Cannes e Nizza, Premio d&#8217;organo, Laurea in musicologia), St\u00e9phan Nicolay inizia una carriera nel settore aerospaziale (S\/T Thales Alenia Space) prima di abbandonarla per diplomarsi in direzione di ensemble vocali (Cefedem Lyon) e vincere diversi concorsi internazionali (1\u00ba premio d&#8217;organo al Concorso UFAM di Parigi, vari premi di composizione in Francia e all&#8217;estero).<\/p>\n<\/div>\n<div class=\"separator transparent \">Il suo eclettismo lo ha portato a fare tourn\u00e9es con una rock band occitana, a insegnare nelle scuole di musica, a tenere laboratori nelle scuole e a dirigere opere importanti con coro e orchestra (ad esempio <em>Requiem <\/em>Verdi, <em>Mors et Vita <\/em>Gounod, <em>Danses polovtsiennes <\/em>Borodine, ecc.) Viene regolarmente chiamato come direttore ospite in produzioni o come project manager per eventi. Nel 2023 crea cori per collaborazioni con l&#8217;<em>Orchestre National de Cannes<\/em>, l&#8217;<em>Opera di Genova<\/em>, la <em>Filarmonica di Torino<\/em> e <em>The Real Group<\/em>. Nel 2024, il suo ensemble professionale <em>Alicantus <\/em>\u00e8 stato programmato come parte del <em>MIDEM+24 Live Festival<\/em> e ha registrato le parti corali per il prossimo album del gruppo metal <em>Igorrr<\/em>.    <\/div>\n<div class=\"separator transparent \">Maestro di Cappella della Parrocchia di St-Nicolas a Cannes dal 1998, dirige numerosi cori in Costa Azzurra, tra cui il <em>Ch\u0153ur de Notre-Dame de Bon Voyage<\/em> di Cannes, che quest&#8217;anno celebra il suo 125\u00b0 anniversario<a href=\"http:\/\/www.choralecannes.fr\/\">(www.choralecannes.fr)<\/a>, e l&#8217;<em>Ensemble Vocal La Sestina <\/em>di Nizza, con il quale ha vinto il 1\u00b0 premio nei due concorsi a cui il coro ha partecipato<a href=\"http:\/\/www.lasestina.fr\/\">(www.lasestina.fr).<\/a><\/div>\n<div class=\"wpb_text_column wpb_content_element \">\n<div class=\"wpb_wrapper\">\n<p>Alcune ore di insegnamento alla scuola di musica di Mougins gli lasciano la libert\u00e0 di intervenire su richiesta per lezioni o giurie nei vari conservatori della Costa Azzurra, ma anche di tenere conferenze, in particolare sui legami tra Musica e Astronomia.<\/p>\n<p>Come compositore, il suo lavoro riguarda principalmente la voce, sia essa solista o in coro, a cappella o accompagnata. Sia che la sua scrittura sia ispirata ai maestri francesi dell&#8217;inizio del XX secolo, a cui \u00e8 particolarmente affezionato, sia che sia pi\u00f9 contemporanea, la sua musica \u00e8 caratterizzata da un&#8217;innegabile forza poetica. Le sue opere sono state premiate in vari concorsi internazionali e sono presenti nel repertorio di numerosi cori europei, tra cui il Polski Chor Kameralny, The New Dublin Voices, Coro da Camera di Torino, ecc. Le sue opere sono state registrate dal Ch\u0153ur de Chambre 1732 (disco monografico dedicato alla sua musica sacra nel 2019, con un altro disco che uscir\u00e0 nel 2024 con opere profane insieme a brani di Isabelle Aboulker).  <\/p>\n<p>Profondamente umanista, \u00e8 anche all&#8217;origine del movimento Vivre Ensemble a Cannes, che organizza incontri interreligiosi per promuovere la pace, il rispetto e la comprensione delle altre culture.<\/p>\n<p>Scopri di pi\u00f9: <a href=\"https:\/\/www.stephannicolay.com\" target=\"_blank\" rel=\"noopener\">www.stephannicolay.com<\/a><\/p>\n<\/div>\n<\/div>\n<\/div><\/div><\/div><div class=\"fusion-layout-column fusion_builder_column fusion-builder-column-11 fusion_builder_column_1_1 1_1 fusion-flex-column fusion-no-medium-visibility fusion-no-large-visibility\" style=\"--awb-bg-size:cover;--awb-width-large:100%;--awb-margin-top-large:0px;--awb-spacing-right-large:1.92%;--awb-margin-bottom-large:8%;--awb-spacing-left-large:1.92%;--awb-width-medium:100%;--awb-order-medium:0;--awb-spacing-right-medium:1.92%;--awb-spacing-left-medium:1.92%;--awb-width-small:100%;--awb-order-small:11;--awb-spacing-right-small:1.92%;--awb-spacing-left-small:1.92%;\"><div class=\"fusion-column-wrapper fusion-column-has-shadow fusion-flex-justify-content-flex-start fusion-content-layout-column\"><div class=\"fusion-text fusion-text-9\"><div class=\"wpb_text_column wpb_content_element \">\n<p>Dopo una doppia formazione scientifica (ingegnere Polytech Nice) e musicale (studi ai conservatori di Cannes e Nizza, Premio d&#8217;organo, Laurea in musicologia), St\u00e9phan Nicolay inizia una carriera nel settore aerospaziale (S\/T Thales Alenia Space) prima di abbandonarla per diplomarsi in direzione di ensemble vocali (Cefedem Lyon) e vincere diversi concorsi internazionali (1\u00ba premio d&#8217;organo al Concorso UFAM di Parigi, vari premi di composizione in Francia e all&#8217;estero).<\/p>\n<\/div>\n<div class=\"separator transparent \">Il suo eclettismo lo ha portato a fare tourn\u00e9es con una rock band occitana, a insegnare nelle scuole di musica, a tenere laboratori nelle scuole e a dirigere opere importanti con coro e orchestra (ad esempio <em>Requiem <\/em>Verdi, <em>Mors et Vita <\/em>Gounod, <em>Danses polovtsiennes <\/em>Borodine, ecc.) Viene regolarmente chiamato come direttore ospite in produzioni o come project manager per eventi. Nel 2023 crea cori per collaborazioni con l&#8217;<em>Orchestre National de Cannes<\/em>, l&#8217;<em>Opera di Genova<\/em>, la <em>Filarmonica di Torino<\/em> e <em>The Real Group<\/em>. Nel 2024, il suo ensemble professionale <em>Alicantus <\/em>\u00e8 stato programmato come parte del <em>MIDEM+24 Live Festival<\/em> e ha registrato le parti corali per il prossimo album del gruppo metal <em>Igorrr<\/em>.    <\/div>\n<div class=\"separator transparent \">Maestro di Cappella della Parrocchia di St-Nicolas a Cannes dal 1998, dirige numerosi cori in Costa Azzurra, tra cui il <em>Ch\u0153ur de Notre-Dame de Bon Voyage<\/em> di Cannes, che quest&#8217;anno celebra il suo 125\u00b0 anniversario<a href=\"http:\/\/www.choralecannes.fr\/\">(www.choralecannes.fr)<\/a>, e l&#8217;<em>Ensemble Vocal La Sestina <\/em>di Nizza, con il quale ha vinto il 1\u00b0 premio nei due concorsi a cui il coro ha partecipato<a href=\"http:\/\/www.lasestina.fr\/\">(www.lasestina.fr).<\/a><\/div>\n<div class=\"wpb_text_column wpb_content_element \">\n<div class=\"wpb_wrapper\">\n<p>Alcune ore di insegnamento alla scuola di musica di Mougins gli lasciano la libert\u00e0 di intervenire su richiesta per lezioni o giurie nei vari conservatori della Costa Azzurra, ma anche di tenere conferenze, in particolare sui legami tra Musica e Astronomia.<\/p>\n<p>Come compositore, il suo lavoro riguarda principalmente la voce, sia essa solista o in coro, a cappella o accompagnata. Sia che la sua scrittura sia ispirata ai maestri francesi dell&#8217;inizio del XX secolo, a cui \u00e8 particolarmente affezionato, sia che sia pi\u00f9 contemporanea, la sua musica \u00e8 caratterizzata da un&#8217;innegabile forza poetica. Le sue opere sono state premiate in vari concorsi internazionali e sono presenti nel repertorio di numerosi cori europei, tra cui il Polski Chor Kameralny, The New Dublin Voices, Coro da Camera di Torino, ecc. Le sue opere sono state registrate dal Ch\u0153ur de Chambre 1732 (disco monografico dedicato alla sua musica sacra nel 2019, con un altro disco che uscir\u00e0 nel 2024 con opere profane insieme a brani di Isabelle Aboulker).  <\/p>\n<p>Profondamente umanista, \u00e8 anche all&#8217;origine del movimento Vivre Ensemble a Cannes, che organizza incontri interreligiosi per promuovere la pace, il rispetto e la comprensione delle altre culture.<\/p>\n<p>Scopri di pi\u00f9: <a href=\"https:\/\/www.stephannicolay.com\" target=\"_blank\" rel=\"noopener\">www.stephannicolay.com<\/a><\/p>\n<\/div>\n<\/div>\n<\/div><\/div><\/div><div class=\"fusion-layout-column fusion_builder_column fusion-builder-column-12 fusion_builder_column_1_2 1_2 fusion-flex-column fusion-animated\" style=\"--awb-padding-top:8%;--awb-padding-right:8%;--awb-padding-bottom:0%;--awb-padding-top-medium:0px;--awb-padding-bottom-medium:0px;--awb-bg-size:cover;--awb-width-large:50%;--awb-margin-top-large:0px;--awb-spacing-right-large:3.84%;--awb-margin-bottom-large:0%;--awb-spacing-left-large:8.64%;--awb-width-medium:100%;--awb-spacing-right-medium:1.92%;--awb-margin-bottom-medium:70px;--awb-spacing-left-medium:1.92%;--awb-width-small:100%;--awb-order-small:12;--awb-spacing-right-small:1.92%;--awb-margin-bottom-small:0px;--awb-spacing-left-small:1.92%;\" data-animationType=\"fadeInUp\" data-animationDuration=\"1.0\" data-animationOffset=\"top-into-view\"><div class=\"fusion-column-wrapper fusion-column-has-shadow fusion-flex-justify-content-flex-start fusion-content-layout-column\"><div class=\"fusion-title title fusion-title-4 fusion-sep-none fusion-title-text fusion-title-size-two\" style=\"--awb-margin-top-small:0px;--awb-margin-right-small:0px;--awb-margin-bottom-small:20px;--awb-margin-left-small:0px;--awb-font-size:40px;\"><h2 class=\"fusion-title-heading title-heading-left fusion-responsive-typography-calculated\" style=\"margin:0;font-size:1em;--fontSize:40;line-height:1.2;\"><h2>AI WU<\/h2><\/h2><\/div><div class=\"fusion-separator\" style=\"align-self: flex-start;margin-right:auto;margin-bottom:8%;width:100%;max-width:70px;\"><div class=\"fusion-separator-border sep-single sep-solid\" style=\"--awb-height:20px;--awb-amount:20px;border-color:var(--awb-color2);border-top-width:1px;\"><\/div><\/div><div class=\"fusion-text fusion-text-10\" style=\"--awb-font-size:19px;\"><p>La cantante e direttrice di coro Ai Wu \u00e8 nata a Chongqing, in Cina. Formatasi al Conservatorio di Musica di Shanghai, dove ha conseguito un Master, ha continuato a insegnare al fianco del famoso professore Zhou Xiao Yan. In Francia ha ottenuto il Diploma di Concertista presso l&#8217;\u00c9cole Normale de Paris.  <\/p>\n<\/div><div class=\"fusion-separator\" style=\"align-self: flex-start;margin-right:auto;margin-bottom:8%;width:100%;max-width:70px;\"><div class=\"fusion-separator-border sep-single sep-solid\" style=\"--awb-height:20px;--awb-amount:20px;border-color:var(--awb-color2);border-top-width:1px;\"><\/div><\/div><\/div><\/div><div class=\"fusion-layout-column fusion_builder_column fusion-builder-column-13 fusion_builder_column_1_2 1_2 fusion-flex-column\" style=\"--awb-bg-size:cover;--awb-width-large:50%;--awb-margin-top-large:0px;--awb-spacing-right-large:8.64%;--awb-margin-bottom-large:0.4%;--awb-spacing-left-large:3.84%;--awb-width-medium:100%;--awb-spacing-right-medium:1.92%;--awb-spacing-left-medium:1.92%;--awb-width-small:100%;--awb-order-small:13;--awb-spacing-right-small:1.92%;--awb-spacing-left-small:1.92%;\"><div class=\"fusion-column-wrapper fusion-column-has-shadow fusion-flex-justify-content-flex-start fusion-content-layout-column\"><div class=\"fusion-image-element \" style=\"--awb-liftup-border-radius:10px;--awb-aspect-ratio: 100 \/ 92;--awb-object-position:35% 15%;--awb-caption-title-font-family:var(--h2_typography-font-family);--awb-caption-title-font-weight:var(--h2_typography-font-weight);--awb-caption-title-font-style:var(--h2_typography-font-style);--awb-caption-title-size:var(--h2_typography-font-size);--awb-caption-title-transform:var(--h2_typography-text-transform);--awb-caption-title-line-height:var(--h2_typography-line-height);--awb-caption-title-letter-spacing:var(--h2_typography-letter-spacing);\"><div class=\"awb-image-frame awb-image-frame-4 imageframe-liftup imageframe-4 fusion-animated\" data-animationType=\"fadeIn\" data-animationDuration=\"1.0\" data-animationOffset=\"top-into-view\"><span class=\" fusion-imageframe imageframe-none imageframe-4 has-aspect-ratio\" style=\"border-radius:10px;\"><img decoding=\"async\" width=\"169\" height=\"300\" alt=\"Dominic Scott\" title=\"WuAi_Immagine_1\" src=\"https:\/\/www.choral-events.com\/wp-content\/uploads\/2026\/03\/WuAi_Image_1-169x300.jpg\" class=\"img-responsive wp-image-52088 img-with-aspect-ratio\" data-parent-fit=\"cover\" data-parent-container=\".fusion-image-element\" srcset=\"https:\/\/www.choral-events.com\/wp-content\/uploads\/2026\/03\/WuAi_Image_1-200x355.jpg 200w, https:\/\/www.choral-events.com\/wp-content\/uploads\/2026\/03\/WuAi_Image_1-400x710.jpg 400w, https:\/\/www.choral-events.com\/wp-content\/uploads\/2026\/03\/WuAi_Image_1-600x1065.jpg 600w, https:\/\/www.choral-events.com\/wp-content\/uploads\/2026\/03\/WuAi_Image_1-800x1420.jpg 800w, https:\/\/www.choral-events.com\/wp-content\/uploads\/2026\/03\/WuAi_Image_1.jpg 998w\" sizes=\"(max-width: 1024px) 100vw, (max-width: 640px) 100vw, 600px\" \/><\/span><\/div><\/div><\/div><\/div><div class=\"fusion-layout-column fusion_builder_column fusion-builder-column-14 fusion_builder_column_1_1 1_1 fusion-flex-column fusion-no-small-visibility\" style=\"--awb-bg-size:cover;--awb-width-large:100%;--awb-margin-top-large:0px;--awb-spacing-right-large:1.92%;--awb-margin-bottom-large:8%;--awb-spacing-left-large:1.92%;--awb-width-medium:100%;--awb-order-medium:0;--awb-spacing-right-medium:1.92%;--awb-spacing-left-medium:1.92%;--awb-width-small:100%;--awb-order-small:14;--awb-spacing-right-small:1.92%;--awb-spacing-left-small:1.92%;\"><div class=\"fusion-column-wrapper fusion-column-has-shadow fusion-flex-justify-content-flex-start fusion-content-layout-column\"><div class=\"fusion-text fusion-text-11 awb-text-cols fusion-text-columns-2\" style=\"--awb-columns:2;--awb-column-spacing:3em;--awb-rule-style:1px solid var(--awb-color2);\"><div>\n<p>Ha vinto diversi premi in concorsi internazionali nelle categorie Opera e Barocco. Appare regolarmente sul palcoscenico in Cina e in Francia in ruoli di primo piano come Carmen (Bizet), Cherubino ne Le nozze di Figaro (Mozart), Angelina ne La Cenerentola e Rosina ne Il barbiere di Siviglia (Rossini), Dorabella in Cos\u00ec fan tutte (Mozart), Suzuki in Madame Butterfly (Puccini) e la madre in H\u00e4nsel und Gretel (Humperdinck), tra gli altri. <\/p>\n<div>\n<p>Dal 2014 conduce una carriera franco-cinese ed \u00e8 regolarmente invitata in Cina per le serate di gala dirette dal grande direttore d&#8217;orchestra sino-europeo Muhai Tang in sedi prestigiose: l&#8217;Orchestra Filarmonica di Shanghai, l&#8217;Opera di Tianjin, il Grand Theatre di Zhengzhou e il Grand Theatre di Nanning, con programmi di Vivaldi, Handel, Mozart, Rossini, Bizet e Saint-Sa\u00ebns.<\/p>\n<p>Dal 2015 collabora con l&#8217;Ensemble Matheus nell&#8217;opera barocca e romantica, mentre continua la sua attivit\u00e0 di musicista da camera nei repertori francese, spagnolo e barocco.<\/p>\n<p>Nel novembre 2018 ha tenuto un concerto e una masterclass in Cina sul repertorio impressionista francese. A dicembre ha partecipato come solista al concerto che celebrava il 60\u00b0 anniversario della regione del Guangxi con la Guangxi Philharmonic Orchestra, diretta da Muhai Tang. <\/p>\n<p>Nel gennaio 2019, la Shanghai Philharmonic Orchestra l&#8217;ha invitata per il Gala di Capodanno (programma Vivaldi, Saint-Sa\u00ebns, Mozart). Da allora si \u00e8 esibita a Parigi (Grand Palais, Salle Wagram), Monaco, Repubblica Ceca e Cina, in formazioni che vanno dalla musica da camera all&#8217;orchestra filarmonica. <\/p>\n<p>Impegnata nella promozione delle arti, nel 2018 ha creato il primo Festival franco-cinese a L&#8217;Isle-Adam, combinando musica e pittura. Nel 2023 sar\u00e0 responsabile dell&#8217;organizzazione del 26\u00b0 Concorso Pianistico Internazionale di Brest. <\/p>\n<p>Allo stesso tempo, insegna canto lirico e direzione corale presso il Conservatorio di Brest, dove dirige due cori misti in diversi programmi.<\/p>\n<p>Oggi appassionata ambasciatrice della cultura francese in Cina, il repertorio di Ai Wu spazia dalla musica barocca a Richard Strauss, Mozart e Rossini.<\/p>\n<\/div>\n<\/div>\n<div class=\"wpb_text_column wpb_content_element \">\n<div class=\"wpb_wrapper\">&nbsp;<\/div>\n<\/div>\n<\/div><\/div><\/div><div class=\"fusion-layout-column fusion_builder_column fusion-builder-column-15 fusion_builder_column_1_1 1_1 fusion-flex-column fusion-no-medium-visibility fusion-no-large-visibility\" style=\"--awb-bg-size:cover;--awb-width-large:100%;--awb-margin-top-large:0px;--awb-spacing-right-large:1.92%;--awb-margin-bottom-large:8%;--awb-spacing-left-large:1.92%;--awb-width-medium:100%;--awb-order-medium:0;--awb-spacing-right-medium:1.92%;--awb-spacing-left-medium:1.92%;--awb-width-small:100%;--awb-order-small:15;--awb-margin-top-small:37px;--awb-spacing-right-small:1.92%;--awb-spacing-left-small:1.92%;\"><div class=\"fusion-column-wrapper fusion-column-has-shadow fusion-flex-justify-content-flex-start fusion-content-layout-column\"><div class=\"fusion-text fusion-text-12\"><div>\n<p>Ha vinto diversi premi in concorsi internazionali nelle categorie Opera e Barocco. Appare regolarmente sul palcoscenico in Cina e in Francia in ruoli di primo piano come Carmen (Bizet), Cherubino ne Le nozze di Figaro (Mozart), Angelina ne La Cenerentola e Rosina ne Il barbiere di Siviglia (Rossini), Dorabella in Cos\u00ec fan tutte (Mozart), Suzuki in Madame Butterfly (Puccini) e la madre in H\u00e4nsel und Gretel (Humperdinck), tra gli altri. <\/p>\n<div>\n<p>Dal 2014 conduce una carriera franco-cinese ed \u00e8 regolarmente invitata in Cina per le serate di gala dirette dal grande direttore d&#8217;orchestra sino-europeo Muhai Tang in sedi prestigiose: l&#8217;Orchestra Filarmonica di Shanghai, l&#8217;Opera di Tianjin, il Grand Theatre di Zhengzhou e il Grand Theatre di Nanning, con programmi di Vivaldi, Handel, Mozart, Rossini, Bizet e Saint-Sa\u00ebns.<\/p>\n<p>Dal 2015 collabora con l&#8217;Ensemble Matheus nell&#8217;opera barocca e romantica, mentre continua la sua attivit\u00e0 di musicista da camera nei repertori francese, spagnolo e barocco.<\/p>\n<p>Nel novembre 2018 ha tenuto un concerto e una masterclass in Cina sul repertorio impressionista francese. A dicembre ha partecipato come solista al concerto che celebrava il 60\u00b0 anniversario della regione del Guangxi con la Guangxi Philharmonic Orchestra, diretta da Muhai Tang. <\/p>\n<p>Nel gennaio 2019, la Shanghai Philharmonic Orchestra l&#8217;ha invitata per il Gala di Capodanno (programma Vivaldi, Saint-Sa\u00ebns, Mozart). Da allora si \u00e8 esibita a Parigi (Grand Palais, Salle Wagram), Monaco, Repubblica Ceca e Cina, in formazioni che vanno dalla musica da camera all&#8217;orchestra filarmonica. <\/p>\n<p>Impegnata nella promozione delle arti, nel 2018 ha creato il primo Festival franco-cinese a L&#8217;Isle-Adam, combinando musica e pittura. Nel 2023 sar\u00e0 responsabile dell&#8217;organizzazione del 26\u00b0 Concorso Pianistico Internazionale di Brest. <\/p>\n<p>Allo stesso tempo, insegna canto lirico e direzione corale presso il Conservatorio di Brest, dove dirige due cori misti in diversi programmi.<\/p>\n<p>Oggi appassionata ambasciatrice della cultura francese in Cina, il repertorio di Ai Wu spazia dalla musica barocca a Richard Strauss, Mozart e Rossini.<\/p>\n<\/div>\n<\/div>\n<div class=\"wpb_text_column wpb_content_element \">\n<div class=\"wpb_wrapper\">&nbsp;<\/div>\n<\/div>\n<\/div><\/div><\/div><div class=\"fusion-layout-column fusion_builder_column fusion-builder-column-16 fusion_builder_column_1_2 1_2 fusion-flex-column\" style=\"--awb-bg-size:cover;--awb-width-large:50%;--awb-margin-top-large:0px;--awb-spacing-right-large:8.64%;--awb-margin-bottom-large:7%;--awb-spacing-left-large:3.84%;--awb-width-medium:100%;--awb-spacing-right-medium:1.92%;--awb-spacing-left-medium:1.92%;--awb-width-small:100%;--awb-order-small:16;--awb-spacing-right-small:1.92%;--awb-spacing-left-small:1.92%;\"><div class=\"fusion-column-wrapper fusion-column-has-shadow fusion-flex-justify-content-flex-start fusion-content-layout-column\"><div class=\"fusion-image-element \" style=\"--awb-liftup-border-radius:10px;--awb-aspect-ratio: 100 \/ 90;--awb-object-position:51% 0%;--awb-caption-title-font-family:var(--h2_typography-font-family);--awb-caption-title-font-weight:var(--h2_typography-font-weight);--awb-caption-title-font-style:var(--h2_typography-font-style);--awb-caption-title-size:var(--h2_typography-font-size);--awb-caption-title-transform:var(--h2_typography-text-transform);--awb-caption-title-line-height:var(--h2_typography-line-height);--awb-caption-title-letter-spacing:var(--h2_typography-letter-spacing);\"><div class=\"awb-image-frame awb-image-frame-5 imageframe-liftup imageframe-5 fusion-animated\" data-animationType=\"fadeIn\" data-animationDuration=\"1.0\" data-animationOffset=\"top-into-view\"><span class=\" fusion-imageframe imageframe-none imageframe-5 has-aspect-ratio\" style=\"border-radius:10px;\"><img decoding=\"async\" width=\"700\" height=\"841\" alt=\"Dominic Scott\" title=\"Rinomato concertista corale in Francia.\" src=\"https:\/\/www.choral-events.com\/wp-content\/uploads\/2026\/01\/Luc-Coadou-700x841-1.png\" class=\"img-responsive wp-image-47358 img-with-aspect-ratio\" data-parent-fit=\"cover\" data-parent-container=\".fusion-image-element\" srcset=\"https:\/\/www.choral-events.com\/wp-content\/uploads\/2026\/01\/Luc-Coadou-700x841-1-200x240.png 200w, https:\/\/www.choral-events.com\/wp-content\/uploads\/2026\/01\/Luc-Coadou-700x841-1-400x481.png 400w, https:\/\/www.choral-events.com\/wp-content\/uploads\/2026\/01\/Luc-Coadou-700x841-1-600x721.png 600w, https:\/\/www.choral-events.com\/wp-content\/uploads\/2026\/01\/Luc-Coadou-700x841-1.png 700w\" sizes=\"(max-width: 1024px) 100vw, (max-width: 640px) 100vw, 600px\" \/><\/span><\/div><\/div><\/div><\/div><div class=\"fusion-layout-column fusion_builder_column fusion-builder-column-17 fusion_builder_column_1_2 1_2 fusion-flex-column fusion-animated\" style=\"--awb-padding-top:8%;--awb-padding-right:8%;--awb-padding-bottom:0%;--awb-padding-top-medium:0px;--awb-padding-bottom-medium:0px;--awb-bg-size:cover;--awb-width-large:50%;--awb-margin-top-large:0px;--awb-spacing-right-large:3.84%;--awb-margin-bottom-large:0%;--awb-spacing-left-large:8.64%;--awb-width-medium:100%;--awb-spacing-right-medium:1.92%;--awb-margin-bottom-medium:70px;--awb-spacing-left-medium:1.92%;--awb-width-small:100%;--awb-order-small:17;--awb-spacing-right-small:1.92%;--awb-margin-bottom-small:0px;--awb-spacing-left-small:1.92%;\" data-animationType=\"fadeInUp\" data-animationDuration=\"1.0\" data-animationOffset=\"top-into-view\"><div class=\"fusion-column-wrapper fusion-column-has-shadow fusion-flex-justify-content-flex-start fusion-content-layout-column\"><div class=\"fusion-title title fusion-title-5 fusion-sep-none fusion-title-text fusion-title-size-two\" style=\"--awb-margin-top-small:0px;--awb-margin-right-small:0px;--awb-margin-bottom-small:20px;--awb-margin-left-small:0px;--awb-font-size:40px;\"><h2 class=\"fusion-title-heading title-heading-left fusion-responsive-typography-calculated\" style=\"margin:0;font-size:1em;--fontSize:40;line-height:1.2;\">Luc Coadou<\/h2><\/div><div class=\"fusion-separator\" style=\"align-self: flex-start;margin-right:auto;margin-bottom:8%;width:100%;max-width:70px;\"><div class=\"fusion-separator-border sep-single sep-solid\" style=\"--awb-height:20px;--awb-amount:20px;border-color:var(--awb-color2);border-top-width:1px;\"><\/div><\/div><div class=\"fusion-text fusion-text-13\" style=\"--awb-font-size:19px;\"><p>Luc Coadou \u00e8 un cantante solista francese specializzato nel repertorio barocco per voci basse del <abbr title=\"XVII secolo\">XVII<\/abbr> e <abbr title=\"XVIII secolo\">XVIII<\/abbr> secolo. Lavora anche come direttore di coro e di orchestra, dirigendo l&#8217;Ensemble Instrumental de Toulon et du Var e l&#8217;ensemble vocale professionale Les Voix Anim\u00e9es.   <\/p>\n<\/div><div class=\"fusion-separator\" style=\"align-self: flex-start;margin-right:auto;margin-bottom:8%;width:100%;max-width:70px;\"><div class=\"fusion-separator-border sep-single sep-solid\" style=\"--awb-height:20px;--awb-amount:20px;border-color:var(--awb-color2);border-top-width:1px;\"><\/div><\/div><\/div><\/div><div class=\"fusion-layout-column fusion_builder_column fusion-builder-column-18 fusion_builder_column_1_1 1_1 fusion-flex-column fusion-no-small-visibility\" style=\"--awb-bg-size:cover;--awb-width-large:100%;--awb-margin-top-large:0px;--awb-spacing-right-large:1.92%;--awb-margin-bottom-large:8%;--awb-spacing-left-large:1.92%;--awb-width-medium:100%;--awb-order-medium:0;--awb-spacing-right-medium:1.92%;--awb-spacing-left-medium:1.92%;--awb-width-small:100%;--awb-order-small:18;--awb-spacing-right-small:1.92%;--awb-spacing-left-small:1.92%;\"><div class=\"fusion-column-wrapper fusion-column-has-shadow fusion-flex-justify-content-flex-start fusion-content-layout-column\"><div class=\"fusion-text fusion-text-14 awb-text-cols fusion-text-columns-2\" style=\"--awb-columns:2;--awb-column-spacing:3em;--awb-rule-style:1px solid var(--awb-color2);\"><div id=\"Luc\" class=\"vc_row wpb_row section vc_row-fluid vc_custom_1637348509794 grid_section\">\n<div class=\" section_inner clearfix\">\n<div class=\"section_inner_margin clearfix\">\n<div class=\"wpb_column vc_column_container vc_col-sm-8\">\n<div class=\"vc_column-inner \">\n<div class=\"wpb_wrapper\">\n<div class=\"wpb_text_column wpb_content_element \">\n<div class=\"wpb_wrapper\">\n<p>Nato tra le nebbie del Nord, come i maestri franco-fiamminghi del Rinascimento, Luc Coadou passa agilmente dal ruolo di cantante a quello di direttore di coro e d&#8217;ensemble con una costante attenzione alla pedagogia e alla ricerca musicologica. Una certa predilezione per i repertori antichi si ritrova nel suo lavoro universitario; \u00e8 autore di ricerche sul teatro lirico all&#8217;epoca della Rivoluzione francese. <\/p>\n<\/div>\n<\/div>\n<div class=\"separator transparent \">Il baritono Luc Coadou inizia la sua carriera come voce bianca all&#8217;interno della Man\u00e9canterie di Dunkerque Les Rossignolets. Compie i suoi studi di canto a Lilla e si perfeziona con Rachel Yakar e Ren\u00e9 Jacobs allo Studio Versailles-Op\u00e9ra. <\/div>\n<div class=\"wpb_text_column wpb_content_element \">\n<div class=\"wpb_wrapper\">\n<p>Canta con numerosi ensemble come La Chapelle Royale, Les Arts Florissants, Les Musiciens du Louvre, Les Talens Lyriques, Le Parlement de Musique, La Grande \u00c9curie et la Chambre du Roy e Le Concert Spirituel. Dalla musica medievale alla creazione contemporanea, il suo repertorio unisce ricerca musicale ed eclettismo. Si esibisce in prestigiosi festival e in numerosi teatri d&#8217;opera come cantante.  <\/p>\n<\/div>\n<\/div>\n<div class=\"separator transparent \">Come direttore, Luc Coadou dirige tra gli altri il Requiem e la Messa in do di Mozart, i Vespro della Beata Vergine di Monteverdi, Didone ed Enea di Purcell, Il Messia di Georg Friedrich Haendel e numerose opere liriche del XIX secolo, tra cui opere poco note di Boieldieu, Weber, Chabrier, Viardot, Bizet, Gounod, Pergol\u00e8se, Gr\u00e9try, Delibes, Terrasse e Offenbach.<\/div>\n<\/div>\n<\/div>\n<\/div>\n<\/div>\n<\/div>\n<\/div>\n<div class=\"vc_row wpb_row section vc_row-fluid vc_custom_1637348525210 grid_section\">\n<div class=\" section_inner clearfix\">\n<div class=\"section_inner_margin clearfix\">\n<div class=\"wpb_column vc_column_container vc_col-sm-8\">\n<div class=\"vc_column-inner \">\n<div class=\"wpb_wrapper\">\n<div><\/div>\n<div class=\"separator transparent \">Insegnante di canto, \u00e8 invitato dal Conservatorio nazionale superiore di musica e danza di Lione per masterclass dedicate alla polifonia del Rinascimento e insegna dal 2000 al Conservatorio nazionale a influenza regionale di Tolone Provenza Mediterraneo, dopo aver insegnato per dieci anni al Conservatorio di Caen.<\/div>\n<\/p>\n<div class=\"separator transparent \">Con Les Voix Anim\u00e9es esplora il vasto repertorio della musica vocale <em>a cappella<\/em>, in particolare la polifonia rinascimentale. Fondando l&#8217;ensemble nel 2009, Luc Coadou ha creato un vero e proprio &#8220;kit di strumenti&#8221; sonori che gli permette di dare vita e voce a musiche poco conosciute o addirittura dimenticate del XV e XVI secolo. Nel corso della programmazione dell&#8217;ensemble, i &#8220;rinascimentali&#8221; Josquin, Lassus, Palestrina, Victoria e Byrd danno nuova vita alle nostre orecchie del XXI secolo, mescolandosi con opere dei &#8220;contemporanei&#8221; Karol Beffa, Dimitri Tchesnokov, Tomas Bordalejo, L\u00e9o Collin, Rapha\u00ebl Languillat, Christophe Demarthe e Romain Bastard, composte appositamente per Les Voix Anim\u00e9es.  <\/div>\n<div><\/div>\n<div class=\"wpb_text_column wpb_content_element \">\n<div class=\"wpb_wrapper\">\n<\/div>\n<\/div>\n<\/div>\n<\/div>\n<\/div>\n<\/div>\n<\/div>\n<\/div>\n<\/div><\/div><\/div><div class=\"fusion-layout-column fusion_builder_column fusion-builder-column-19 fusion_builder_column_1_1 1_1 fusion-flex-column fusion-no-medium-visibility fusion-no-large-visibility\" style=\"--awb-bg-size:cover;--awb-width-large:100%;--awb-margin-top-large:0px;--awb-spacing-right-large:1.92%;--awb-margin-bottom-large:8%;--awb-spacing-left-large:1.92%;--awb-width-medium:100%;--awb-order-medium:0;--awb-spacing-right-medium:1.92%;--awb-spacing-left-medium:1.92%;--awb-width-small:100%;--awb-order-small:19;--awb-spacing-right-small:1.92%;--awb-spacing-left-small:1.92%;\"><div class=\"fusion-column-wrapper fusion-column-has-shadow fusion-flex-justify-content-flex-start fusion-content-layout-column\"><div class=\"fusion-text fusion-text-15\"><div id=\"Luc\" class=\"vc_row wpb_row section vc_row-fluid vc_custom_1637348509794 grid_section\">\n<div class=\" section_inner clearfix\">\n<div class=\"section_inner_margin clearfix\">\n<div class=\"wpb_column vc_column_container vc_col-sm-8\">\n<div class=\"vc_column-inner \">\n<div class=\"wpb_wrapper\">\n<div class=\"wpb_text_column wpb_content_element \">\n<div class=\"wpb_wrapper\">\n<p>Nato tra le nebbie del Nord, come i maestri franco-fiamminghi del Rinascimento, Luc Coadou passa agilmente dal ruolo di cantante a quello di direttore di coro e d&#8217;ensemble con una costante attenzione alla pedagogia e alla ricerca musicologica. Una certa predilezione per i repertori antichi si ritrova nel suo lavoro universitario; \u00e8 autore di ricerche sul teatro lirico all&#8217;epoca della Rivoluzione francese. <\/p>\n<\/div>\n<\/div>\n<div class=\"separator transparent \">Il baritono Luc Coadou inizia la sua carriera come voce bianca all&#8217;interno della Man\u00e9canterie di Dunkerque Les Rossignolets. Compie i suoi studi di canto a Lilla e si perfeziona con Rachel Yakar e Ren\u00e9 Jacobs allo Studio Versailles-Op\u00e9ra. <\/div>\n<div class=\"wpb_text_column wpb_content_element \">\n<div class=\"wpb_wrapper\">\n<p>Canta con numerosi ensemble come La Chapelle Royale, Les Arts Florissants, Les Musiciens du Louvre, Les Talens Lyriques, Le Parlement de Musique, La Grande \u00c9curie et la Chambre du Roy e Le Concert Spirituel. Dalla musica medievale alla creazione contemporanea, il suo repertorio unisce ricerca musicale ed eclettismo. Si esibisce in prestigiosi festival e in numerosi teatri d&#8217;opera come cantante.  <\/p>\n<\/div>\n<\/div>\n<div class=\"separator transparent \">Come direttore, Luc Coadou dirige tra gli altri il Requiem e la Messa in do di Mozart, i Vespro della Beata Vergine di Monteverdi, Didone ed Enea di Purcell, Il Messia di Georg Friedrich Haendel e numerose opere liriche del XIX secolo, tra cui opere poco note di Boieldieu, Weber, Chabrier, Viardot, Bizet, Gounod, Pergol\u00e8se, Gr\u00e9try, Delibes, Terrasse e Offenbach.<\/div>\n<\/div>\n<\/div>\n<\/div>\n<\/div>\n<\/div>\n<\/div>\n<div class=\"vc_row wpb_row section vc_row-fluid vc_custom_1637348525210 grid_section\">\n<div class=\" section_inner clearfix\">\n<div class=\"section_inner_margin clearfix\">\n<div class=\"wpb_column vc_column_container vc_col-sm-8\">\n<div class=\"vc_column-inner \">\n<div class=\"wpb_wrapper\">\n<div><\/div>\n<div class=\"separator transparent \">Insegnante di canto, \u00e8 invitato dal Conservatorio nazionale superiore di musica e danza di Lione per masterclass dedicate alla polifonia del Rinascimento e insegna dal 2000 al Conservatorio nazionale a influenza regionale di Tolone Provenza Mediterraneo, dopo aver insegnato per dieci anni al Conservatorio di Caen.<\/div>\n<div class=\"separator transparent \">Con Les Voix Anim\u00e9es esplora il vasto repertorio della musica vocale <em>a cappella<\/em>, in particolare la polifonia rinascimentale. Fondando l&#8217;ensemble nel 2009, Luc Coadou ha creato un vero e proprio &#8220;kit di strumenti&#8221; sonori che gli permette di dare vita e voce a musiche poco conosciute o addirittura dimenticate del XV e XVI secolo. Nel corso della programmazione dell&#8217;ensemble, i &#8220;rinascimentali&#8221; Josquin, Lassus, Palestrina, Victoria e Byrd danno nuova vita alle nostre orecchie del XXI secolo, mescolandosi con opere dei &#8220;contemporanei&#8221; Karol Beffa, Dimitri Tchesnokov, Tomas Bordalejo, L\u00e9o Collin, Rapha\u00ebl Languillat, Christophe Demarthe e Romain Bastard, composte appositamente per Les Voix Anim\u00e9es.  <\/div>\n<div><\/div>\n<div class=\"wpb_text_column wpb_content_element \">\n<div class=\"wpb_wrapper\">\n<p><strong>Nel 2025, Luc presieder\u00e0 la Giuria per la quarta volta al Concorso Corale Internazionale in Provenza.<\/strong><\/p>\n<\/div>\n<\/div>\n<\/div>\n<\/div>\n<\/div>\n<\/div>\n<\/div>\n<\/div>\n<\/div><\/div><\/div><div class=\"fusion-layout-column fusion_builder_column fusion-builder-column-20 fusion_builder_column_1_2 1_2 fusion-flex-column fusion-animated\" style=\"--awb-padding-top:8%;--awb-padding-right:8%;--awb-padding-bottom:0%;--awb-padding-top-medium:0px;--awb-padding-bottom-medium:0px;--awb-bg-size:cover;--awb-width-large:50%;--awb-margin-top-large:0px;--awb-spacing-right-large:3.84%;--awb-margin-bottom-large:0%;--awb-spacing-left-large:8.64%;--awb-width-medium:100%;--awb-spacing-right-medium:1.92%;--awb-margin-bottom-medium:70px;--awb-spacing-left-medium:1.92%;--awb-width-small:100%;--awb-order-small:20;--awb-spacing-right-small:1.92%;--awb-margin-bottom-small:0px;--awb-spacing-left-small:1.92%;\" data-animationType=\"fadeInUp\" data-animationDuration=\"1.0\" data-animationOffset=\"top-into-view\"><div class=\"fusion-column-wrapper fusion-column-has-shadow fusion-flex-justify-content-flex-start fusion-content-layout-column\"><div class=\"fusion-title title fusion-title-6 fusion-sep-none fusion-title-text fusion-title-size-two\" style=\"--awb-margin-top-small:0px;--awb-margin-right-small:0px;--awb-margin-bottom-small:10px;--awb-margin-left-small:0px;--awb-font-size:40px;\"><h2 class=\"fusion-title-heading title-heading-left fusion-responsive-typography-calculated\" style=\"margin:0;font-size:1em;--fontSize:40;line-height:1.2;\"><h2>STEVE DE VEIRMAN<\/h2><\/h2><\/div><div class=\"fusion-separator\" style=\"align-self: flex-start;margin-right:auto;margin-bottom:8%;width:100%;max-width:70px;\"><div class=\"fusion-separator-border sep-single sep-solid\" style=\"--awb-height:20px;--awb-amount:20px;border-color:var(--awb-color2);border-top-width:1px;\"><\/div><\/div><div class=\"fusion-text fusion-text-16\" style=\"--awb-font-size:19px;\"><p>Il direttore di coro belga Steve De Veirman ha iniziato la sua formazione musicale nel 1982 presso la Muziekacademie Emiel Hullebroeck di Gentbrugge. In seguito ha studiato al Lemmensinstituut di Lovanio, dove ha combinato la formazione strumentale (pianoforte, violoncello, flauti barocchi e canto) con le competenze teoriche e pedagogiche. <\/p>\n<\/div><div class=\"fusion-separator\" style=\"align-self: flex-start;margin-right:auto;margin-bottom:8%;width:100%;max-width:70px;\"><div class=\"fusion-separator-border sep-single sep-solid\" style=\"--awb-height:20px;--awb-amount:20px;border-color:var(--awb-color2);border-top-width:1px;\"><\/div><\/div><\/div><\/div><div class=\"fusion-layout-column fusion_builder_column fusion-builder-column-21 fusion_builder_column_1_2 1_2 fusion-flex-column\" style=\"--awb-bg-size:cover;--awb-width-large:50%;--awb-margin-top-large:0px;--awb-spacing-right-large:8.64%;--awb-margin-bottom-large:3.5%;--awb-spacing-left-large:3.84%;--awb-width-medium:100%;--awb-spacing-right-medium:1.92%;--awb-spacing-left-medium:1.92%;--awb-width-small:100%;--awb-order-small:21;--awb-spacing-right-small:1.92%;--awb-spacing-left-small:1.92%;\"><div class=\"fusion-column-wrapper fusion-column-has-shadow fusion-flex-justify-content-flex-start fusion-content-layout-column\"><div class=\"fusion-image-element \" style=\"--awb-liftup-border-radius:10px;--awb-aspect-ratio: 100 \/ 94;--awb-object-position:60% 24%;--awb-caption-title-font-family:var(--h2_typography-font-family);--awb-caption-title-font-weight:var(--h2_typography-font-weight);--awb-caption-title-font-style:var(--h2_typography-font-style);--awb-caption-title-size:var(--h2_typography-font-size);--awb-caption-title-transform:var(--h2_typography-text-transform);--awb-caption-title-line-height:var(--h2_typography-line-height);--awb-caption-title-letter-spacing:var(--h2_typography-letter-spacing);\"><div class=\"awb-image-frame awb-image-frame-6 imageframe-liftup imageframe-6 fusion-animated\" data-animationType=\"fadeIn\" data-animationDuration=\"1.0\" data-animationOffset=\"top-into-view\"><span class=\" fusion-imageframe imageframe-none imageframe-6 has-aspect-ratio\" style=\"border-radius:10px;\"><img decoding=\"async\" width=\"250\" height=\"300\" alt=\"Dominic Scott\" title=\"Senza titolo (705 x 847 px)\" src=\"https:\/\/www.choral-events.com\/wp-content\/uploads\/2026\/03\/Sans-titre-705-x-847-px-250x300.jpg\" class=\"img-responsive wp-image-52089 img-with-aspect-ratio\" data-parent-fit=\"cover\" data-parent-container=\".fusion-image-element\" srcset=\"https:\/\/www.choral-events.com\/wp-content\/uploads\/2026\/03\/Sans-titre-705-x-847-px-200x240.jpg 200w, https:\/\/www.choral-events.com\/wp-content\/uploads\/2026\/03\/Sans-titre-705-x-847-px-400x481.jpg 400w, https:\/\/www.choral-events.com\/wp-content\/uploads\/2026\/03\/Sans-titre-705-x-847-px-600x721.jpg 600w, https:\/\/www.choral-events.com\/wp-content\/uploads\/2026\/03\/Sans-titre-705-x-847-px.jpg 705w\" sizes=\"(max-width: 1024px) 100vw, (max-width: 640px) 100vw, 600px\" \/><\/span><\/div><\/div><\/div><\/div><div class=\"fusion-layout-column fusion_builder_column fusion-builder-column-22 fusion_builder_column_1_1 1_1 fusion-flex-column fusion-no-small-visibility\" style=\"--awb-bg-size:cover;--awb-width-large:100%;--awb-margin-top-large:0px;--awb-spacing-right-large:1.92%;--awb-margin-bottom-large:8%;--awb-spacing-left-large:1.92%;--awb-width-medium:100%;--awb-order-medium:0;--awb-spacing-right-medium:1.92%;--awb-spacing-left-medium:1.92%;--awb-width-small:100%;--awb-order-small:22;--awb-spacing-right-small:1.92%;--awb-spacing-left-small:1.92%;\"><div class=\"fusion-column-wrapper fusion-column-has-shadow fusion-flex-justify-content-flex-start fusion-content-layout-column\"><div class=\"fusion-text fusion-text-17 awb-text-cols fusion-text-columns-2\" style=\"--awb-columns:2;--awb-column-spacing:3em;--awb-rule-style:1px solid var(--awb-color2);\"><div class=\"wpb_text_column wpb_content_element \">\n<p>Per perfezionare le sue capacit\u00e0 di direzione corale, ha studiato con Florian Heyerick, Rudy Tas, Johan Van Bouwelen e Erik Van Nevel, prima di specializzarsi con il direttore e compositore Kurt Bikkembergs. La sua esperienza corale e vocale \u00e8 stata arricchita dalla partecipazione a progetti con diversi ensemble professionali, tra cui Ex Tempore, Collegium Brugense, Capella di Voce, Goeyvaerts Consort, Musa Horti e Psallentes. <\/p>\n<div class=\"wpb_wrapper\">\n<p>Steve De Veirman ha diretto il coro di bambini Papageno e il St. Camilluskoor, prima di passare tre anni come direttore musicale dell&#8217;Arenberg Kamerorkest di Lovanio e della Gentse Schola Cantorum di Gand. Ha anche diretto il Volwassenenkoor Vokamando per cinque anni. \u00c8 stato anche direttore principale del rinomato coro Cantabile-Gent dal settembre 2011 fino al suo ultimo concerto nell&#8217;aprile 2017.<\/p>\n<p>Oggi \u00e8 ancora direttore di Jeugdorkest Forza Muzica, Kamerkoor Furiant, Jongerenkoor Furiakanti, Dameskoor Furiosa e Jeugdkoor Furiale.<\/p>\n<\/div>\n<\/div>\n<div class=\"wpb_text_column wpb_content_element \">\n<div class=\"wpb_wrapper\">&nbsp;<\/div>\n<\/div>\n<\/div><\/div><\/div><div class=\"fusion-layout-column fusion_builder_column fusion-builder-column-23 fusion_builder_column_1_1 1_1 fusion-flex-column fusion-no-medium-visibility fusion-no-large-visibility\" style=\"--awb-bg-size:cover;--awb-width-large:100%;--awb-margin-top-large:0px;--awb-spacing-right-large:1.92%;--awb-margin-bottom-large:8%;--awb-spacing-left-large:1.92%;--awb-width-medium:100%;--awb-order-medium:0;--awb-spacing-right-medium:1.92%;--awb-spacing-left-medium:1.92%;--awb-width-small:100%;--awb-order-small:23;--awb-spacing-right-small:1.92%;--awb-spacing-left-small:1.92%;\"><div class=\"fusion-column-wrapper fusion-column-has-shadow fusion-flex-justify-content-flex-start fusion-content-layout-column\"><div class=\"fusion-text fusion-text-18 fusion-no-medium-visibility fusion-no-large-visibility\"><div class=\"wpb_text_column wpb_content_element \">\n<p>Per perfezionare le sue capacit\u00e0 di direzione corale, ha studiato con Florian Heyerick, Rudy Tas, Johan Van Bouwelen e Erik Van Nevel, prima di specializzarsi con il direttore e compositore Kurt Bikkembergs. La sua esperienza corale e vocale \u00e8 stata arricchita dalla partecipazione a progetti con diversi ensemble professionali, tra cui Ex Tempore, Collegium Brugense, Capella di Voce, Goeyvaerts Consort, Musa Horti e Psallentes. <\/p>\n<div class=\"wpb_wrapper\">\n<p>Steve De Veirman ha diretto il coro di bambini Papageno e il St. Camilluskoor, prima di passare tre anni come direttore musicale dell&#8217;Arenberg Kamerorkest di Lovanio e della Gentse Schola Cantorum di Gand. Ha anche diretto il Volwassenenkoor Vokamando per cinque anni. \u00c8 stato anche direttore principale del rinomato coro Cantabile-Gent dal settembre 2011 fino al suo ultimo concerto nell&#8217;aprile 2017.<\/p>\n<p>Oggi \u00e8 ancora direttore di Jeugdorkest Forza Muzica, Kamerkoor Furiant, Jongerenkoor Furiakanti, Dameskoor Furiosa e Jeugdkoor Furiale.<\/p>\n<\/div>\n<\/div>\n<div class=\"wpb_text_column wpb_content_element \">\n<div class=\"wpb_wrapper\">&nbsp;<\/div>\n<\/div>\n<\/div><\/div><\/div><div class=\"fusion-layout-column fusion_builder_column fusion-builder-column-24 fusion_builder_column_1_2 1_2 fusion-flex-column\" style=\"--awb-bg-size:cover;--awb-width-large:50%;--awb-margin-top-large:0px;--awb-spacing-right-large:8.64%;--awb-margin-bottom-large:7%;--awb-spacing-left-large:3.84%;--awb-width-medium:100%;--awb-spacing-right-medium:1.92%;--awb-spacing-left-medium:1.92%;--awb-width-small:100%;--awb-order-small:24;--awb-spacing-right-small:1.92%;--awb-spacing-left-small:1.92%;\"><div class=\"fusion-column-wrapper fusion-column-has-shadow fusion-flex-justify-content-flex-start fusion-content-layout-column\"><div class=\"fusion-image-element \" style=\"--awb-liftup-border-radius:10px;--awb-aspect-ratio: 100 \/ 90;--awb-object-position:47% 67%;--awb-caption-title-font-family:var(--h2_typography-font-family);--awb-caption-title-font-weight:var(--h2_typography-font-weight);--awb-caption-title-font-style:var(--h2_typography-font-style);--awb-caption-title-size:var(--h2_typography-font-size);--awb-caption-title-transform:var(--h2_typography-text-transform);--awb-caption-title-line-height:var(--h2_typography-line-height);--awb-caption-title-letter-spacing:var(--h2_typography-letter-spacing);\"><div class=\"awb-image-frame awb-image-frame-7 imageframe-liftup imageframe-7 fusion-animated\" data-animationType=\"fadeIn\" data-animationDuration=\"1.0\" data-animationOffset=\"top-into-view\"><span class=\" fusion-imageframe imageframe-none imageframe-7 has-aspect-ratio\" style=\"border-radius:10px;\"><img decoding=\"async\" width=\"200\" height=\"300\" alt=\"Dominic Scott\" title=\"_DSC9189\" src=\"https:\/\/www.choral-events.com\/wp-content\/uploads\/2026\/03\/DSC9189-200x300.jpg\" class=\"img-responsive wp-image-52180 img-with-aspect-ratio\" data-parent-fit=\"cover\" data-parent-container=\".fusion-image-element\" srcset=\"https:\/\/www.choral-events.com\/wp-content\/uploads\/2026\/03\/DSC9189-200x300.jpg 200w, https:\/\/www.choral-events.com\/wp-content\/uploads\/2026\/03\/DSC9189-400x600.jpg 400w, https:\/\/www.choral-events.com\/wp-content\/uploads\/2026\/03\/DSC9189-600x900.jpg 600w, https:\/\/www.choral-events.com\/wp-content\/uploads\/2026\/03\/DSC9189-800x1200.jpg 800w, https:\/\/www.choral-events.com\/wp-content\/uploads\/2026\/03\/DSC9189-1200x1800.jpg 1200w, https:\/\/www.choral-events.com\/wp-content\/uploads\/2026\/03\/DSC9189-scaled.jpg 1707w\" sizes=\"(max-width: 1024px) 100vw, (max-width: 640px) 100vw, 600px\" \/><\/span><\/div><\/div><\/div><\/div><div class=\"fusion-layout-column fusion_builder_column fusion-builder-column-25 fusion_builder_column_1_2 1_2 fusion-flex-column fusion-animated\" style=\"--awb-padding-top:8%;--awb-padding-right:8%;--awb-padding-bottom:0%;--awb-padding-top-medium:0px;--awb-padding-bottom-medium:0px;--awb-bg-size:cover;--awb-width-large:50%;--awb-margin-top-large:0px;--awb-spacing-right-large:3.84%;--awb-margin-bottom-large:0%;--awb-spacing-left-large:8.64%;--awb-width-medium:100%;--awb-spacing-right-medium:1.92%;--awb-margin-bottom-medium:70px;--awb-spacing-left-medium:1.92%;--awb-width-small:100%;--awb-order-small:25;--awb-spacing-right-small:1.92%;--awb-margin-bottom-small:0px;--awb-spacing-left-small:1.92%;\" data-animationType=\"fadeInUp\" data-animationDuration=\"1.0\" data-animationOffset=\"top-into-view\"><div class=\"fusion-column-wrapper fusion-column-has-shadow fusion-flex-justify-content-flex-start fusion-content-layout-column\"><div class=\"fusion-title title fusion-title-7 fusion-sep-none fusion-title-text fusion-title-size-two\" style=\"--awb-margin-top-small:0px;--awb-margin-right-small:0px;--awb-margin-bottom-small:20px;--awb-margin-left-small:0px;--awb-font-size:40px;\"><h2 class=\"fusion-title-heading title-heading-left fusion-responsive-typography-calculated\" style=\"margin:0;font-size:1em;--fontSize:40;line-height:1.2;\">\u017dIGA KERT<\/h2><\/div><div class=\"fusion-separator\" style=\"align-self: flex-start;margin-right:auto;margin-bottom:8%;width:100%;max-width:70px;\"><div class=\"fusion-separator-border sep-single sep-solid\" style=\"--awb-height:20px;--awb-amount:20px;border-color:var(--awb-color2);border-top-width:1px;\"><\/div><\/div><div class=\"fusion-text fusion-text-19\" style=\"--awb-font-size:19px;\"><p>\u017diga Kert ha studiato pedagogia musicale presso l&#8217;Accademia di Musica di Lubiana, dove ha completato gli studi sotto la guida del prof. Marko Vatovec. Ha studiato direzione d&#8217;orchestra presso il Conservatorio di Stato della Carinzia a Klagenfurt, in Austria, sotto la guida del prof. Aleksej Kornienko e successivamente sotto la guida del prof. Martin A. Fuchsberger.    <\/p>\n<\/div><div class=\"fusion-separator\" style=\"align-self: flex-start;margin-right:auto;margin-bottom:8%;width:100%;max-width:70px;\"><div class=\"fusion-separator-border sep-single sep-solid\" style=\"--awb-height:20px;--awb-amount:20px;border-color:var(--awb-color2);border-top-width:1px;\"><\/div><\/div><\/div><\/div><div class=\"fusion-layout-column fusion_builder_column fusion-builder-column-26 fusion_builder_column_1_1 1_1 fusion-flex-column fusion-no-small-visibility\" style=\"--awb-bg-size:cover;--awb-width-large:100%;--awb-margin-top-large:0px;--awb-spacing-right-large:1.92%;--awb-margin-bottom-large:8%;--awb-spacing-left-large:1.92%;--awb-width-medium:100%;--awb-order-medium:0;--awb-spacing-right-medium:1.92%;--awb-spacing-left-medium:1.92%;--awb-width-small:100%;--awb-order-small:26;--awb-spacing-right-small:1.92%;--awb-spacing-left-small:1.92%;\"><div class=\"fusion-column-wrapper fusion-column-has-shadow fusion-flex-justify-content-flex-start fusion-content-layout-column\"><div class=\"fusion-text fusion-text-20 awb-text-cols fusion-text-columns-2\" style=\"--awb-columns:2;--awb-column-spacing:3em;--awb-rule-style:1px solid var(--awb-color2);\"><div class=\"wpb_text_column wpb_content_element \">\n<p>Ha studiato canto classico sotto la guida del mag. prof. Francka Senk. \u017diga ha iniziato a suonare il pianoforte all&#8217;et\u00e0 di sei anni presso la scuola di musica Piano Forte. Crescendo, ha cantato in innumerevoli Corali di bambini e ragazzi. Poco dopo essersi iscritto all&#8217;Accademia nel 2011, \u017diga ha fondato l&#8217;Orchestra Sinfonica Crescendo, che tiene due concerti a tema all&#8217;anno.     <\/p>\n<p>Nel 2015 ha fondato il Crescendo Mixed Choir, che ha scelto di esibirsi al suo concerto di master presso l&#8217;accademia nel 2016; il coro si concentra principalmente sull&#8217;interpretazione di composizioni corali impegnative. \u017diga partecipa regolarmente a seminari di direzione (Georg Gr\u00fcn, Toma\u017e Faganel, Gary Graden, Stojan Kuret ecc.), a concorsi corali (Slovacchia \u2013 Bratislava, Repubblica Ceca \u2013 Praga, Lettonia \u2013 concorso Grand Prix, Grecia \u2013 Preveza, Slovenia) e a festival\/simposi (Francia \u2013 Corali, Spagna \u2013 Word Symposium on Choral Music 2017, USA \u2013 ACDA).   <\/p>\n<p>Ha anche partecipato due volte a un workshop di direzione d&#8217;orchestra con il compositore di fama mondiale Brady Allred, PhD, a Salt Lake City, UT, USA.  <\/p>\n<p>Attualmente \u017diga insegna musica alla scuola elementare Predoslje di Kranj, dove dirige anche due cori di bambini e un coro giovanile. Inoltre, dirige il coro giovanile misto della scuola superiore di \u0160kofja Loka (Gimnazija \u0160kofja Loka), il coro misto Crescendo, l&#8217;orchestra sinfonica Crescendo, il coro della chiesa Upanje a Stra\u017ei\u0161\u010de, Kranj e il coro femminile Ro\u017e a St. Jakob a Rosental, Austria.  <\/p>\n<\/div>\n<div class=\"wpb_text_column wpb_content_element \">\n<div class=\"wpb_wrapper\">\n<\/div>\n<\/div>\n<\/div><\/div><\/div><div class=\"fusion-layout-column fusion_builder_column fusion-builder-column-27 fusion_builder_column_1_1 1_1 fusion-flex-column fusion-no-medium-visibility fusion-no-large-visibility\" style=\"--awb-bg-size:cover;--awb-width-large:100%;--awb-margin-top-large:0px;--awb-spacing-right-large:1.92%;--awb-margin-bottom-large:8%;--awb-spacing-left-large:1.92%;--awb-width-medium:100%;--awb-order-medium:0;--awb-spacing-right-medium:1.92%;--awb-spacing-left-medium:1.92%;--awb-width-small:100%;--awb-order-small:27;--awb-spacing-right-small:1.92%;--awb-spacing-left-small:1.92%;\"><div class=\"fusion-column-wrapper fusion-column-has-shadow fusion-flex-justify-content-flex-start fusion-content-layout-column\"><div class=\"fusion-text fusion-text-21 fusion-no-medium-visibility fusion-no-large-visibility\"><div class=\"wpb_text_column wpb_content_element \">\n<p>Camilo Santostefano si \u00e8 laureato in direzione corale presso l&#8217;Universit\u00e0 Nazionale delle Arti di Buenos Aires. \u00c8 anche insegnante di musica e chitarra presso il Conservatorio di Mor\u00f3n in Argentina. Presso l&#8217;Universit\u00e0 UNCUYO in Argentina, ha seguito gli studi post-laurea in &#8220;Interpretazione della musica latino-americana del XX secolo&#8221;.  <\/p>\n<div class=\"wpb_wrapper\">\n<p>Ha ricevuto il Konex Award of Merit in Choral Conducting 2019, come uno dei 100 musicisti argentini pi\u00f9 influenti nel periodo 2009-2018.<br \/>Attualmente dirige il Coro Polif\u00f3nico de C\u00f3rdoba, il coro professionale del Teatro del Libertador San Martin di C\u00f3rdoba, Argentina.<\/p>\n<p>Camilo \u00e8 il fondatore e direttore di coro di MusicaQuantica Voces de C\u00e1mara, premiata con numerosi riconoscimenti in tutto il mondo: Grand Prix Ave Verum (Austria 2012), Grand Prix Floril\u00e8ge Vocal de Tours (Francia 2012), Finalista del Gran Premio Europeo (Italia 2013), Ambasciatore dell&#8217;IFCM (Corea del Sud 2014), oltre a numerosi premi nel suo paese d&#8217;origine, l&#8217;Argentina. Ha inoltre ricevuto il Primo Premio di Direzione d&#8217;Orchestra nel 2014 al Concorso dell&#8217;Universit\u00e0 Maimonides, e il Premio FNA come Miglior Direttore d&#8217;Orchestra ad Ansilta 2010, San Juan, Argentina. <\/p>\n<\/div>\n<\/div>\n<div class=\"separator transparent \">Ha fondato e diretto tra il 2009 e il 2018 la compagnia d&#8217;opera L\u00edrica Lado B (che ha vinto il premio di stimolo dell&#8217;ACMA nel 2015), con la quale ha messo in scena numerose opere in Sud America.<\/div>\n<div class=\"wpb_text_column wpb_content_element \">\n<div class=\"wpb_wrapper\">\n<p>Ha fondato e diretto il Coro Carlos L\u00f3pez Buchardo dell&#8217;Universit\u00e0 Nazionale delle Arti (Premio FAUNA 2017) tra il 2013 e il 2022.<br \/>Inoltre, Camilo \u00e8 stato direttore della Corale della Scuola Nazionale di Buenos Aires e del suo Coro da Camera Amadeo Jacques.<\/p>\n<p>Ha vissuto in Austria tra il 2019 e il 2022, dove \u00e8 stato direttore del Gumpoldskirchner Spatzen, del Cantilena Kammer Frauenchor, dell&#8217;Ensemble KammerAT, del Melange Vocal Wien e direttore ospite del Wiener Tonkunstvereinigung Chor und Orchester.<\/p>\n<p>Camilo \u00e8 anche direttore ospite del National Youth Choir of Wales (Regno Unito), del Red Coral di Medell\u00edn (Colombia), del Fullerton College di Los Angeles (Stati Uniti) e del Coro Polif\u00f3nico Nacional (Argentina).<\/p>\n<p>Ha insegnato direzione d&#8217;orchestra al Conservatorio Astor Piazzolla di Buenos Aires. Francese. <\/p>\n<p>Ha inoltre tenuto masterclass e conferenze in Argentina, Uruguay, Colombia, Paraguay, Stati Uniti e Galles.<br \/>Come compositore, ha vinto il primo premio per l&#8217;80\u00ba anniversario del Conservatorio Nazionale di Buenos Aires e il 2\u00ba premio al concorso di composizione d&#8217;opera da camera \u201cOperaVista\u201d a Houston, negli Stati Uniti.<\/p>\n<p>Come membro della giuria, ha partecipato nel 2022 al Concorso corale internazionale con Choral Events, Provenza, Francia, oltre che al Concorso corale internazionale Victoria Adriatic Choral Competition e al We Are Singing, Abbazia, Croazia;<\/p>\n<p>Nel 2016: Consiglio artistico dell&#8217;VIII Festival America Cantat, Am\u00e9rica Cantat, Nassau, Bahamas;<\/p>\n<p>Nel 2015: VIII Concorso di interpretazione di musica corale sudamericana, AAMCANT, La Plata, Argentina;<\/p>\n<p>Nel 2013: Concorso di arrangiamenti corali, AAMCANT, La Plata, Argentina.<\/p>\n<\/div>\n<\/div>\n<\/div><\/div><\/div><div class=\"fusion-layout-column fusion_builder_column fusion-builder-column-28 fusion_builder_column_1_1 1_1 fusion-flex-column\" style=\"--awb-bg-size:cover;--awb-width-large:100%;--awb-margin-top-large:0px;--awb-spacing-right-large:1.92%;--awb-margin-bottom-large:8%;--awb-spacing-left-large:1.92%;--awb-width-medium:100%;--awb-order-medium:0;--awb-spacing-right-medium:1.92%;--awb-spacing-left-medium:1.92%;--awb-width-small:100%;--awb-order-small:28;--awb-spacing-right-small:1.92%;--awb-spacing-left-small:1.92%;\"><div class=\"fusion-column-wrapper fusion-column-has-shadow fusion-flex-justify-content-flex-start fusion-content-layout-column\"><div style=\"text-align:center;\"><a class=\"fusion-button button-flat fusion-button-default-size button-default fusion-button-default button-1 fusion-button-default-span fusion-button-default-type\" target=\"_blank\" rel=\"noopener noreferrer\" href=\"https:\/\/www.choral-events.com\/it\/festival\/concorso-corale-internazionale-in-provenza-2026\/\"><span class=\"fusion-button-text awb-button__text awb-button__text--default\">Trova tutte le informazioni sul concorso<\/span><\/a><\/div><\/div><\/div><\/div><\/div>\n","protected":false},"excerpt":{"rendered":"","protected":false},"author":3,"featured_media":0,"parent":0,"menu_order":0,"comment_status":"closed","ping_status":"closed","template":"100-width.php","meta":{"_acf_changed":false,"content-type":"","footnotes":""},"class_list":["post-51906","page","type-page","status-publish","hentry"],"acf":[],"yoast_head":"<!-- This site is optimized with the Yoast SEO plugin v27.5 - https:\/\/yoast.com\/product\/yoast-seo-wordpress\/ -->\n<title>La giuria del 2026 | Choral Events<\/title>\n<meta name=\"robots\" content=\"index, follow, max-snippet:-1, max-image-preview:large, max-video-preview:-1\" \/>\n<link rel=\"canonical\" href=\"https:\/\/www.choral-events.com\/it\/la-giuria-2025-2\/\" \/>\n<meta property=\"og:locale\" content=\"it_IT\" \/>\n<meta property=\"og:type\" content=\"article\" \/>\n<meta property=\"og:title\" content=\"La giuria del 2026 | Choral Events\" \/>\n<meta property=\"og:url\" content=\"https:\/\/www.choral-events.com\/it\/la-giuria-2025-2\/\" \/>\n<meta property=\"og:site_name\" content=\"Choral Events\" \/>\n<meta property=\"article:publisher\" content=\"https:\/\/www.facebook.com\/festival.concours.chorales\" \/>\n<meta property=\"article:modified_time\" content=\"2026-03-16T10:56:35+00:00\" \/>\n<meta property=\"og:image\" content=\"https:\/\/www.choral-events.com\/wp-content\/uploads\/2026\/03\/Choral-Events-Yoast.jpg\" \/>\n\t<meta property=\"og:image:width\" content=\"1200\" \/>\n\t<meta property=\"og:image:height\" content=\"675\" \/>\n\t<meta property=\"og:image:type\" content=\"image\/jpeg\" \/>\n<meta name=\"twitter:card\" content=\"summary_large_image\" \/>\n<script type=\"application\/ld+json\" class=\"yoast-schema-graph\">{\"@context\":\"https:\\\/\\\/schema.org\",\"@graph\":[{\"@type\":\"WebPage\",\"@id\":\"https:\\\/\\\/www.choral-events.com\\\/it\\\/la-giuria-2025-2\\\/\",\"url\":\"https:\\\/\\\/www.choral-events.com\\\/it\\\/la-giuria-2025-2\\\/\",\"name\":\"La giuria del 2026 | Choral Events\",\"isPartOf\":{\"@id\":\"https:\\\/\\\/www.choral-events.com\\\/it\\\/#website\"},\"datePublished\":\"2026-03-12T09:29:09+00:00\",\"dateModified\":\"2026-03-16T10:56:35+00:00\",\"breadcrumb\":{\"@id\":\"https:\\\/\\\/www.choral-events.com\\\/it\\\/la-giuria-2025-2\\\/#breadcrumb\"},\"inLanguage\":\"it-IT\",\"potentialAction\":[{\"@type\":\"ReadAction\",\"target\":[\"https:\\\/\\\/www.choral-events.com\\\/it\\\/la-giuria-2025-2\\\/\"]}]},{\"@type\":\"BreadcrumbList\",\"@id\":\"https:\\\/\\\/www.choral-events.com\\\/it\\\/la-giuria-2025-2\\\/#breadcrumb\",\"itemListElement\":[{\"@type\":\"ListItem\",\"position\":1,\"name\":\"Accueil\",\"item\":\"https:\\\/\\\/www.choral-events.com\\\/it\\\/home\\\/\"},{\"@type\":\"ListItem\",\"position\":2,\"name\":\"La giuria del 2026\"}]},{\"@type\":\"WebSite\",\"@id\":\"https:\\\/\\\/www.choral-events.com\\\/it\\\/#website\",\"url\":\"https:\\\/\\\/www.choral-events.com\\\/it\\\/\",\"name\":\"Choral Events\",\"description\":\"Cr\u00e9ateur d&#039;\u00e9motions musicales\",\"publisher\":{\"@id\":\"https:\\\/\\\/www.choral-events.com\\\/it\\\/#organization\"},\"potentialAction\":[{\"@type\":\"SearchAction\",\"target\":{\"@type\":\"EntryPoint\",\"urlTemplate\":\"https:\\\/\\\/www.choral-events.com\\\/it\\\/?s={search_term_string}\"},\"query-input\":{\"@type\":\"PropertyValueSpecification\",\"valueRequired\":true,\"valueName\":\"search_term_string\"}}],\"inLanguage\":\"it-IT\"},{\"@type\":\"Organization\",\"@id\":\"https:\\\/\\\/www.choral-events.com\\\/it\\\/#organization\",\"name\":\"Choral Events\",\"url\":\"https:\\\/\\\/www.choral-events.com\\\/it\\\/\",\"logo\":{\"@type\":\"ImageObject\",\"inLanguage\":\"it-IT\",\"@id\":\"https:\\\/\\\/www.choral-events.com\\\/it\\\/#\\\/schema\\\/logo\\\/image\\\/\",\"url\":\"https:\\\/\\\/www.choral-events.com\\\/wp-content\\\/uploads\\\/2025\\\/11\\\/logo-choral-events-fond-blanc.png\",\"contentUrl\":\"https:\\\/\\\/www.choral-events.com\\\/wp-content\\\/uploads\\\/2025\\\/11\\\/logo-choral-events-fond-blanc.png\",\"width\":1361,\"height\":399,\"caption\":\"Choral Events\"},\"image\":{\"@id\":\"https:\\\/\\\/www.choral-events.com\\\/it\\\/#\\\/schema\\\/logo\\\/image\\\/\"},\"sameAs\":[\"https:\\\/\\\/www.facebook.com\\\/festival.concours.chorales\",\"https:\\\/\\\/www.instagram.com\\\/choralevents\\\/\",\"https:\\\/\\\/www.youtube.com\\\/channel\\\/UCFeTEnm9LTKGSQrfHyLRksw\"]}]}<\/script>\n<!-- \/ Yoast SEO plugin. -->","yoast_head_json":{"title":"La giuria del 2026 | Choral Events","robots":{"index":"index","follow":"follow","max-snippet":"max-snippet:-1","max-image-preview":"max-image-preview:large","max-video-preview":"max-video-preview:-1"},"canonical":"https:\/\/www.choral-events.com\/it\/la-giuria-2025-2\/","og_locale":"it_IT","og_type":"article","og_title":"La giuria del 2026 | Choral Events","og_url":"https:\/\/www.choral-events.com\/it\/la-giuria-2025-2\/","og_site_name":"Choral Events","article_publisher":"https:\/\/www.facebook.com\/festival.concours.chorales","article_modified_time":"2026-03-16T10:56:35+00:00","og_image":[{"width":1200,"height":675,"url":"https:\/\/www.choral-events.com\/wp-content\/uploads\/2026\/03\/Choral-Events-Yoast.jpg","type":"image\/jpeg"}],"twitter_card":"summary_large_image","schema":{"@context":"https:\/\/schema.org","@graph":[{"@type":"WebPage","@id":"https:\/\/www.choral-events.com\/it\/la-giuria-2025-2\/","url":"https:\/\/www.choral-events.com\/it\/la-giuria-2025-2\/","name":"La giuria del 2026 | Choral Events","isPartOf":{"@id":"https:\/\/www.choral-events.com\/it\/#website"},"datePublished":"2026-03-12T09:29:09+00:00","dateModified":"2026-03-16T10:56:35+00:00","breadcrumb":{"@id":"https:\/\/www.choral-events.com\/it\/la-giuria-2025-2\/#breadcrumb"},"inLanguage":"it-IT","potentialAction":[{"@type":"ReadAction","target":["https:\/\/www.choral-events.com\/it\/la-giuria-2025-2\/"]}]},{"@type":"BreadcrumbList","@id":"https:\/\/www.choral-events.com\/it\/la-giuria-2025-2\/#breadcrumb","itemListElement":[{"@type":"ListItem","position":1,"name":"Accueil","item":"https:\/\/www.choral-events.com\/it\/home\/"},{"@type":"ListItem","position":2,"name":"La giuria del 2026"}]},{"@type":"WebSite","@id":"https:\/\/www.choral-events.com\/it\/#website","url":"https:\/\/www.choral-events.com\/it\/","name":"Choral Events","description":"Cr\u00e9ateur d&#039;\u00e9motions musicales","publisher":{"@id":"https:\/\/www.choral-events.com\/it\/#organization"},"potentialAction":[{"@type":"SearchAction","target":{"@type":"EntryPoint","urlTemplate":"https:\/\/www.choral-events.com\/it\/?s={search_term_string}"},"query-input":{"@type":"PropertyValueSpecification","valueRequired":true,"valueName":"search_term_string"}}],"inLanguage":"it-IT"},{"@type":"Organization","@id":"https:\/\/www.choral-events.com\/it\/#organization","name":"Choral Events","url":"https:\/\/www.choral-events.com\/it\/","logo":{"@type":"ImageObject","inLanguage":"it-IT","@id":"https:\/\/www.choral-events.com\/it\/#\/schema\/logo\/image\/","url":"https:\/\/www.choral-events.com\/wp-content\/uploads\/2025\/11\/logo-choral-events-fond-blanc.png","contentUrl":"https:\/\/www.choral-events.com\/wp-content\/uploads\/2025\/11\/logo-choral-events-fond-blanc.png","width":1361,"height":399,"caption":"Choral Events"},"image":{"@id":"https:\/\/www.choral-events.com\/it\/#\/schema\/logo\/image\/"},"sameAs":["https:\/\/www.facebook.com\/festival.concours.chorales","https:\/\/www.instagram.com\/choralevents\/","https:\/\/www.youtube.com\/channel\/UCFeTEnm9LTKGSQrfHyLRksw"]}]}},"_links":{"self":[{"href":"https:\/\/www.choral-events.com\/it\/wp-json\/wp\/v2\/pages\/51906","targetHints":{"allow":["GET"]}}],"collection":[{"href":"https:\/\/www.choral-events.com\/it\/wp-json\/wp\/v2\/pages"}],"about":[{"href":"https:\/\/www.choral-events.com\/it\/wp-json\/wp\/v2\/types\/page"}],"author":[{"embeddable":true,"href":"https:\/\/www.choral-events.com\/it\/wp-json\/wp\/v2\/users\/3"}],"replies":[{"embeddable":true,"href":"https:\/\/www.choral-events.com\/it\/wp-json\/wp\/v2\/comments?post=51906"}],"version-history":[{"count":15,"href":"https:\/\/www.choral-events.com\/it\/wp-json\/wp\/v2\/pages\/51906\/revisions"}],"predecessor-version":[{"id":52183,"href":"https:\/\/www.choral-events.com\/it\/wp-json\/wp\/v2\/pages\/51906\/revisions\/52183"}],"wp:attachment":[{"href":"https:\/\/www.choral-events.com\/it\/wp-json\/wp\/v2\/media?parent=51906"}],"curies":[{"name":"wp","href":"https:\/\/api.w.org\/{rel}","templated":true}]}}