{"id":51907,"date":"2026-03-12T10:29:09","date_gmt":"2026-03-12T09:29:09","guid":{"rendered":"https:\/\/www.choral-events.com\/?page_id=51907"},"modified":"2026-03-16T11:56:44","modified_gmt":"2026-03-16T10:56:44","slug":"el-jurado-2025-2","status":"publish","type":"page","link":"https:\/\/www.choral-events.com\/es\/el-jurado-2025-2\/","title":{"rendered":"El Jurado 2026"},"content":{"rendered":"<div class=\"fusion-fullwidth fullwidth-box fusion-builder-row-1 fusion-flex-container nonhundred-percent-fullwidth non-hundred-percent-height-scrolling\" style=\"--awb-border-radius-top-left:0px;--awb-border-radius-top-right:0px;--awb-border-radius-bottom-right:0px;--awb-border-radius-bottom-left:0px;--awb-padding-top:0%;--awb-flex-wrap:wrap;\" ><div class=\"fusion-builder-row fusion-row fusion-flex-align-items-flex-start fusion-flex-content-wrap\" style=\"max-width:1289.6px;margin-left: calc(-4% \/ 2 );margin-right: calc(-4% \/ 2 );\"><div class=\"fusion-layout-column fusion_builder_column fusion-builder-column-0 fusion_builder_column_1_2 1_2 fusion-flex-column\" style=\"--awb-bg-size:cover;--awb-width-large:50%;--awb-margin-top-large:57px;--awb-spacing-right-large:8.64%;--awb-margin-bottom-large:7%;--awb-spacing-left-large:3.84%;--awb-width-medium:100%;--awb-spacing-right-medium:1.92%;--awb-spacing-left-medium:1.92%;--awb-width-small:100%;--awb-order-small:0;--awb-spacing-right-small:1.92%;--awb-spacing-left-small:1.92%;\"><div class=\"fusion-column-wrapper fusion-column-has-shadow fusion-flex-justify-content-flex-start fusion-content-layout-column\"><div class=\"fusion-image-element \" style=\"--awb-liftup-border-radius:10px;--awb-aspect-ratio: 100 \/ 90;--awb-object-position:65% 0%;--awb-caption-title-font-family:var(--h2_typography-font-family);--awb-caption-title-font-weight:var(--h2_typography-font-weight);--awb-caption-title-font-style:var(--h2_typography-font-style);--awb-caption-title-size:var(--h2_typography-font-size);--awb-caption-title-transform:var(--h2_typography-text-transform);--awb-caption-title-line-height:var(--h2_typography-line-height);--awb-caption-title-letter-spacing:var(--h2_typography-letter-spacing);\"><div class=\"awb-image-frame awb-image-frame-1 imageframe-liftup imageframe-1 fusion-animated\" data-animationType=\"fadeIn\" data-animationDuration=\"1.0\" data-animationOffset=\"top-into-view\"><span class=\" fusion-imageframe imageframe-none imageframe-1 has-aspect-ratio\" style=\"border-radius:10px;\"><img decoding=\"async\" width=\"200\" height=\"300\" title=\"Jennifer THAM 3\" src=\"https:\/\/www.choral-events.com\/wp-content\/uploads\/2026\/03\/Jennifer-THAM-3-200x300.jpg\" class=\"img-responsive wp-image-52078 img-with-aspect-ratio\" data-parent-fit=\"cover\" data-parent-container=\".fusion-image-element\" alt srcset=\"https:\/\/www.choral-events.com\/wp-content\/uploads\/2026\/03\/Jennifer-THAM-3-200x300.jpg 200w, https:\/\/www.choral-events.com\/wp-content\/uploads\/2026\/03\/Jennifer-THAM-3-400x600.jpg 400w, https:\/\/www.choral-events.com\/wp-content\/uploads\/2026\/03\/Jennifer-THAM-3-600x900.jpg 600w, https:\/\/www.choral-events.com\/wp-content\/uploads\/2026\/03\/Jennifer-THAM-3.jpg 683w\" sizes=\"(max-width: 1024px) 100vw, (max-width: 640px) 100vw, 600px\" \/><\/span><\/div><\/div><\/div><\/div><div class=\"fusion-layout-column fusion_builder_column fusion-builder-column-1 fusion_builder_column_1_2 1_2 fusion-flex-column fusion-animated\" style=\"--awb-padding-top:8%;--awb-padding-right:8%;--awb-padding-bottom:0%;--awb-padding-top-medium:0px;--awb-padding-bottom-medium:0px;--awb-padding-bottom-small:0px;--awb-bg-size:cover;--awb-width-large:50%;--awb-margin-top-large:0px;--awb-spacing-right-large:3.84%;--awb-margin-bottom-large:0%;--awb-spacing-left-large:8.64%;--awb-width-medium:100%;--awb-spacing-right-medium:1.92%;--awb-margin-bottom-medium:70px;--awb-spacing-left-medium:1.92%;--awb-width-small:100%;--awb-order-small:1;--awb-spacing-right-small:1.92%;--awb-margin-bottom-small:0px;--awb-spacing-left-small:1.92%;\" data-animationType=\"fadeInUp\" data-animationDuration=\"1.0\" data-animationOffset=\"top-into-view\"><div class=\"fusion-column-wrapper fusion-column-has-shadow fusion-flex-justify-content-flex-start fusion-content-layout-column\"><div class=\"fusion-title title fusion-title-1 fusion-sep-none fusion-title-text fusion-title-size-two\" style=\"--awb-margin-top-small:0px;--awb-margin-right-small:0px;--awb-margin-bottom-small:20px;--awb-margin-left-small:0px;--awb-font-size:40px;\"><h2 class=\"fusion-title-heading title-heading-left fusion-responsive-typography-calculated\" style=\"margin:0;font-size:1em;--fontSize:40;line-height:1.2;\">jennifer tham<\/h2><\/div><div class=\"fusion-separator\" style=\"align-self: flex-start;margin-right:auto;margin-bottom:8%;width:100%;max-width:70px;\"><div class=\"fusion-separator-border sep-single sep-solid\" style=\"--awb-height:20px;--awb-amount:20px;border-color:var(--awb-color2);border-top-width:1px;\"><\/div><\/div><div class=\"fusion-text fusion-text-1\" style=\"--awb-font-size:19px;\"><p>Jennifer es directora coral, compositora, \u00e1rbitro internacional y directora art\u00edstica afincada en Singapur, con m\u00e1s de 30 a\u00f1os de experiencia. Posee un M\u00e1ster en Bellas Artes en Arte Interdisciplinar por la Universidad Simon Fraser de Vancouver (Canad\u00e1), y ha recibido numerosos galardones, entre ellos el Medall\u00f3n Cultural -m\u00e1ximo galard\u00f3n art\u00edstico del pa\u00eds-, entregado por el Presidente de la Rep\u00fablica de Singapur en persona. <\/p>\n<\/div><div class=\"fusion-separator\" style=\"align-self: flex-start;margin-right:auto;margin-bottom:8%;width:100%;max-width:70px;\"><div class=\"fusion-separator-border sep-single sep-solid\" style=\"--awb-height:20px;--awb-amount:20px;border-color:var(--awb-color2);border-top-width:1px;\"><\/div><\/div><\/div><\/div><div class=\"fusion-layout-column fusion_builder_column fusion-builder-column-2 fusion_builder_column_1_1 1_1 fusion-flex-column fusion-no-small-visibility\" style=\"--awb-bg-size:cover;--awb-width-large:100%;--awb-margin-top-large:0px;--awb-spacing-right-large:1.92%;--awb-margin-bottom-large:8%;--awb-spacing-left-large:1.92%;--awb-width-medium:100%;--awb-order-medium:0;--awb-spacing-right-medium:1.92%;--awb-spacing-left-medium:1.92%;--awb-width-small:100%;--awb-order-small:2;--awb-spacing-right-small:1.92%;--awb-spacing-left-small:1.92%;\"><div class=\"fusion-column-wrapper fusion-column-has-shadow fusion-flex-justify-content-flex-start fusion-content-layout-column\"><div class=\"fusion-text fusion-text-2 awb-text-cols fusion-text-columns-2\" style=\"--awb-columns:2;--awb-column-spacing:3em;--awb-rule-style:1px solid var(--awb-color2);\"><p>Jennifer siente curiosidad por la visi\u00f3n del sonido y practica la escucha multimodal como directora coral y compositora. Su trabajo se inspira en su amor por las palabras, la fenomenolog\u00eda, la cartograf\u00eda, las pr\u00e1cticas espaciales, el arte conceptual, la m\u00fasica contempor\u00e1nea y el teatro coral. Como directora del SYC Ensemble Singers -un coro de c\u00e1mara mixto singapurense que dirige desde 1986-, explora la intersecci\u00f3n de las culturas literaria, musical y visual, integrando la puesta en escena, el movimiento y la iluminaci\u00f3n para reunir modelos de nueva m\u00fasica en el escenario.  <\/p>\n<p>Por su contribuci\u00f3n al paisaje cultural de Singapur, el Presidente de la Rep\u00fablica le concedi\u00f3 el Medall\u00f3n Cultural, la m\u00e1s alta distinci\u00f3n art\u00edstica del pa\u00eds.<\/p>\n<p>Jennifer ense\u00f1a direcci\u00f3n coral y pedagog\u00eda en la Academia de Bellas Artes de Nanyang. Tambi\u00e9n dirige cursos y talleres internacionales sobre repertorio, direcci\u00f3n y t\u00e9cnicas de ensayo, dotando a los j\u00f3venes directores de un divertido conjunto de herramientas para abordar la m\u00fasica contempor\u00e1nea. <\/p>\n<p>Ha presidido mesas redondas sobre repertorio y programaci\u00f3n en conferencias celebradas en Argentina, Dinamarca, Estonia y Suecia, y fue ponente principal en la Academia de Verano de Directores de Lituania, organizada por la Uni\u00f3n Lituana de Coros y el Ministerio de Cultura.<\/p>\n<p>Bajo los auspicios de la Sociedad de Juventudes Musicales, fue directora art\u00edstica del Simposio de M\u00fasica Coral Asia-Pac\u00edfico Sur (2001) y de sus proyectos de seguimiento: Primeros Auxilios para Coros (2002-2017) y el Seminario Kodaly Asia (2009-2016), este \u00faltimo en colaboraci\u00f3n con el Instituto Kod\u00e1ly de la Academia de M\u00fasica Liszt de Budapest.<\/p>\n<p>Dentro de la Federaci\u00f3n Internacional de M\u00fasica Coral (FIMC), Jennifer coordina el Comit\u00e9 de Trabajo Asia-Pac\u00edfico y el Coro Juvenil Asia-Pac\u00edfico. Representa a Singapur en el Consejo Coral Mundial y ha formado parte del jurado de los Juegos Corales Mundiales y de numerosos festivales de Asia, Europa y Am\u00e9rica desde 2003. <\/p>\n<\/div><\/div><\/div><div class=\"fusion-layout-column fusion_builder_column fusion-builder-column-3 fusion_builder_column_1_1 1_1 fusion-flex-column fusion-no-medium-visibility fusion-no-large-visibility\" style=\"--awb-bg-size:cover;--awb-width-large:100%;--awb-margin-top-large:0px;--awb-spacing-right-large:1.92%;--awb-margin-bottom-large:8%;--awb-spacing-left-large:1.92%;--awb-width-medium:100%;--awb-order-medium:0;--awb-spacing-right-medium:1.92%;--awb-spacing-left-medium:1.92%;--awb-width-small:100%;--awb-order-small:3;--awb-spacing-right-small:1.92%;--awb-spacing-left-small:1.92%;\"><div class=\"fusion-column-wrapper fusion-column-has-shadow fusion-flex-justify-content-flex-start fusion-content-layout-column\"><div class=\"fusion-text fusion-text-3\"><p>Jennifer es directora coral, compositora, \u00e1rbitro internacional y directora art\u00edstica afincada en Singapur, con m\u00e1s de 30 a\u00f1os de experiencia. Posee un M\u00e1ster en Bellas Artes en Arte Interdisciplinar por la Universidad Simon Fraser de Vancouver (Canad\u00e1), y ha recibido numerosos galardones, entre ellos el Medall\u00f3n Cultural -m\u00e1ximo galard\u00f3n art\u00edstico del pa\u00eds-, entregado por el Presidente de la Rep\u00fablica de Singapur en persona. <\/p>\n<\/div><\/div><\/div><div class=\"fusion-layout-column fusion_builder_column fusion-builder-column-4 fusion_builder_column_1_2 1_2 fusion-flex-column fusion-animated\" style=\"--awb-padding-top:8%;--awb-padding-right:8%;--awb-padding-bottom:0%;--awb-padding-top-medium:0px;--awb-padding-bottom-medium:0px;--awb-bg-size:cover;--awb-width-large:50%;--awb-margin-top-large:0px;--awb-spacing-right-large:3.84%;--awb-margin-bottom-large:0%;--awb-spacing-left-large:8.64%;--awb-width-medium:100%;--awb-spacing-right-medium:1.92%;--awb-margin-bottom-medium:70px;--awb-spacing-left-medium:1.92%;--awb-width-small:100%;--awb-order-small:4;--awb-spacing-right-small:1.92%;--awb-margin-bottom-small:0px;--awb-spacing-left-small:1.92%;\" data-animationType=\"fadeInUp\" data-animationDuration=\"1.0\" data-animationOffset=\"top-into-view\"><div class=\"fusion-column-wrapper fusion-column-has-shadow fusion-flex-justify-content-flex-start fusion-content-layout-column\"><div class=\"fusion-title title fusion-title-2 fusion-sep-none fusion-title-text fusion-title-size-two\" style=\"--awb-margin-top-small:0px;--awb-margin-right-small:0px;--awb-margin-bottom-small:20px;--awb-margin-left-small:0px;--awb-font-size:40px;\"><h2 class=\"fusion-title-heading title-heading-left fusion-responsive-typography-calculated\" style=\"margin:0;font-size:1em;--fontSize:40;line-height:1.2;\">JAMES VARRICK ARMAAH<\/h2><\/div><div class=\"fusion-separator\" style=\"align-self: flex-start;margin-right:auto;margin-bottom:8%;width:100%;max-width:70px;\"><div class=\"fusion-separator-border sep-single sep-solid\" style=\"--awb-height:20px;--awb-amount:20px;border-color:var(--awb-color2);border-top-width:1px;\"><\/div><\/div><div class=\"fusion-text fusion-text-4\" style=\"--awb-font-size:19px;\"><p>James Varrick Armaah, conocido cari\u00f1osamente como \u00abSir James\u00bb, es el fundador y director ejecutivo de la Harmonious Chorale de Ghana. Naci\u00f3 en Winneba, en la regi\u00f3n central de Ghana, en 1984. <\/p>\n<p>James es el compositor de la canci\u00f3n intemporal \u00abAsem Papa Bia Mati\u00bb, tambi\u00e9n conocida como \u00abOye\u00bb, considerada una de las piezas de m\u00fasica cristiana m\u00e1s populares y reproducidas en \u00c1frica y partes del mundo.  <\/p>\n<\/div><div class=\"fusion-separator\" style=\"align-self: flex-start;margin-right:auto;margin-bottom:8%;width:100%;max-width:70px;\"><div class=\"fusion-separator-border sep-single sep-solid\" style=\"--awb-height:20px;--awb-amount:20px;border-color:var(--awb-color2);border-top-width:1px;\"><\/div><\/div><\/div><\/div><div class=\"fusion-layout-column fusion_builder_column fusion-builder-column-5 fusion_builder_column_1_2 1_2 fusion-flex-column\" style=\"--awb-bg-size:cover;--awb-width-large:50%;--awb-margin-top-large:0px;--awb-spacing-right-large:8.64%;--awb-margin-bottom-large:1.8%;--awb-spacing-left-large:3.84%;--awb-width-medium:100%;--awb-spacing-right-medium:1.92%;--awb-spacing-left-medium:1.92%;--awb-width-small:100%;--awb-order-small:5;--awb-spacing-right-small:1.92%;--awb-spacing-left-small:1.92%;\"><div class=\"fusion-column-wrapper fusion-column-has-shadow fusion-flex-justify-content-flex-start fusion-content-layout-column\"><div class=\"fusion-image-element \" style=\"--awb-liftup-border-radius:10px;--awb-aspect-ratio: 100 \/ 90;--awb-object-position:13% 25%;--awb-caption-title-font-family:var(--h2_typography-font-family);--awb-caption-title-font-weight:var(--h2_typography-font-weight);--awb-caption-title-font-style:var(--h2_typography-font-style);--awb-caption-title-size:var(--h2_typography-font-size);--awb-caption-title-transform:var(--h2_typography-text-transform);--awb-caption-title-line-height:var(--h2_typography-line-height);--awb-caption-title-letter-spacing:var(--h2_typography-letter-spacing);\"><div class=\"awb-image-frame awb-image-frame-2 imageframe-liftup imageframe-2 fusion-animated\" data-animationType=\"fadeIn\" data-animationDuration=\"1.0\" data-animationOffset=\"top-into-view\"><span class=\" fusion-imageframe imageframe-none imageframe-2 has-aspect-ratio\" style=\"border-radius:10px;\"><img decoding=\"async\" width=\"225\" height=\"300\" alt=\"Dominic Scott\" title=\"IMG-20250623-WA0006\" src=\"https:\/\/www.choral-events.com\/wp-content\/uploads\/2026\/03\/IMG-20250623-WA0006-225x300.jpg\" class=\"img-responsive wp-image-52079 img-with-aspect-ratio\" data-parent-fit=\"cover\" data-parent-container=\".fusion-image-element\" srcset=\"https:\/\/www.choral-events.com\/wp-content\/uploads\/2026\/03\/IMG-20250623-WA0006-200x267.jpg 200w, https:\/\/www.choral-events.com\/wp-content\/uploads\/2026\/03\/IMG-20250623-WA0006-400x533.jpg 400w, https:\/\/www.choral-events.com\/wp-content\/uploads\/2026\/03\/IMG-20250623-WA0006-600x800.jpg 600w, https:\/\/www.choral-events.com\/wp-content\/uploads\/2026\/03\/IMG-20250623-WA0006-800x1067.jpg 800w, https:\/\/www.choral-events.com\/wp-content\/uploads\/2026\/03\/IMG-20250623-WA0006.jpg 810w\" sizes=\"(max-width: 1024px) 100vw, (max-width: 640px) 100vw, 600px\" \/><\/span><\/div><\/div><\/div><\/div><div class=\"fusion-layout-column fusion_builder_column fusion-builder-column-6 fusion_builder_column_1_1 1_1 fusion-flex-column fusion-no-small-visibility\" style=\"--awb-bg-size:cover;--awb-width-large:100%;--awb-margin-top-large:0px;--awb-spacing-right-large:1.92%;--awb-margin-bottom-large:8%;--awb-spacing-left-large:1.92%;--awb-width-medium:100%;--awb-order-medium:0;--awb-spacing-right-medium:1.92%;--awb-spacing-left-medium:1.92%;--awb-width-small:100%;--awb-order-small:6;--awb-spacing-right-small:1.92%;--awb-spacing-left-small:1.92%;\"><div class=\"fusion-column-wrapper fusion-column-has-shadow fusion-flex-justify-content-flex-start fusion-content-layout-column\"><div class=\"fusion-text fusion-text-5 awb-text-cols fusion-text-columns-2\" style=\"--awb-columns:2;--awb-column-spacing:3em;--awb-rule-style:1px solid var(--awb-color2);\"><div class=\"wpb_text_column wpb_content_element \">\n<p>&nbsp;<\/p>\n<div class=\"wpb_wrapper\">\n<p>James es un compositor consumado, con m\u00e1s de doscientas canciones a sus espaldas. Sus composiciones son interpretadas con br\u00edo por numerosos Coros y apreciadas por congregaciones y p\u00fablicos de toda \u00c1frica y m\u00e1s all\u00e1. <\/p>\n<p>Ha ganado el prestigioso premio al Compositor del A\u00f1o en dos ocasiones consecutivas (2017 y 2018), as\u00ed como el de Canci\u00f3n del A\u00f1o 2018 por su tema \u00abNea wo de me abedru nie\u00bb en los Premios Coros Juveniles de Ghana.<\/p>\n<p>Tambi\u00e9n ha dirigido a los Coros Armoniosos en m\u00e1s de 50 conciertos a lo largo de los 14 a\u00f1os de historia del coro. Bajo su direcci\u00f3n, el coro ha ganado numerosos premios prestigiosos, entre ellos : <\/p>\n<p>Cuatro medallas de oro, incluido el codiciado t\u00edtulo de Campe\u00f3n de los Juegos Corales Mundiales en la categor\u00eda de Campeones en los Juegos Corales Mundiales de 2018 en Sud\u00e1frica;<\/p>\n<p>Segundo puesto por la primera participaci\u00f3n de un coro de \u00c1frica Occidental en el Festival Internacional de M\u00fasica Lit\u00fargica Ortodoxa de Polonia, en la categor\u00eda de Coros profesionales, acompa\u00f1ado de un diploma especial para la promoci\u00f3n de la m\u00fasica ortodoxa en \u00c1frica;<\/p>\n<p>Coro del A\u00f1o en 2015, 2016 y 2017 en los Premios Corales Juveniles de Ghana.<\/p>\n<p>James ha dirigido y colaborado con numerosos coros, tanto en Ghana como en el extranjero, en conciertos y actuaciones. Entre ellos se encuentran los Premier Choral Singers de Liberia, dirigidos por Sir Wilmott Bobbroh; el Coro Metodista Unido Ghana Wesley de Brooklyn, Nueva York; el Coro de la Iglesia Cristiana Unida de Ghana de Atlanta, Georgia; el Coro Adventista de Ghana de Nueva Jersey; el Coro del Circuito de Toronto de la Iglesia Metodista (Canad\u00e1); los coros combinados de los Coros de la Iglesia Cat\u00f3lica de Ghana (Virginia y Maryland); el Primer Coro SDA de Ghana de Nueva York; el Coro de la Iglesia Adventista de Ghana de Toronto; y muchos otros. <\/p>\n<p><span style=\"background-color: rgba(0, 0, 0, 0);\">En Ghana, James fue organista del Coro Juvenil de Winneba durante siete a\u00f1os, director del Coro Filarm\u00f3nico del Templo de Cristo de la ICGC (bajo la direcci\u00f3n del Dr. Mensah Otabil), organista de la Iglesia Metodista de San Juan en Tantra Hills y director del coro de la Catedral de San Pablo de la Iglesia Metodista (Di\u00f3cesis de Tema). Despu\u00e9s trabaj\u00f3 como director musical en la Universidad Central durante varios a\u00f1os, ense\u00f1\u00f3 teor\u00eda y composici\u00f3n musical en la Universidad de Educaci\u00f3n de Winneba (2018-2020) y dirigi\u00f3 la Iglesia Metodista Cristo Rey de East Legon. Es miembro de la Federaci\u00f3n Africana de M\u00fasica Coral (AFCM).    <\/span><\/p>\n<p>James posee un M. Phil. en Teor\u00eda y Composici\u00f3n Musical (Universidad de Ghana), un MBA en Gesti\u00f3n de Recursos Humanos (Methodist University College), un BFA en M\u00fasica y Artes Teatrales (Escuela de Artes Esc\u00e9nicas, Universidad de Ghana) y un Diploma en M\u00fasica General (Universidad de Ghana). <\/p>\n<\/div>\n<\/div>\n<div class=\"wpb_text_column wpb_content_element \">\n<div class=\"wpb_wrapper\">&nbsp;<\/div>\n<\/div>\n<\/div><\/div><\/div><div class=\"fusion-layout-column fusion_builder_column fusion-builder-column-7 fusion_builder_column_1_1 1_1 fusion-flex-column fusion-no-medium-visibility fusion-no-large-visibility\" style=\"--awb-padding-top-small:37px;--awb-bg-size:cover;--awb-width-large:100%;--awb-margin-top-large:0px;--awb-spacing-right-large:1.92%;--awb-margin-bottom-large:8%;--awb-spacing-left-large:1.92%;--awb-width-medium:100%;--awb-order-medium:0;--awb-spacing-right-medium:1.92%;--awb-spacing-left-medium:1.92%;--awb-width-small:100%;--awb-order-small:7;--awb-spacing-right-small:1.92%;--awb-spacing-left-small:1.92%;\"><div class=\"fusion-column-wrapper fusion-column-has-shadow fusion-flex-justify-content-flex-start fusion-content-layout-column\"><div class=\"fusion-text fusion-text-6\"><div class=\"wpb_text_column wpb_content_element \">\n<p>&nbsp;<\/p>\n<div class=\"wpb_wrapper\">\n<p>James es un compositor consumado, con m\u00e1s de doscientas canciones a sus espaldas. Sus composiciones son interpretadas con br\u00edo por numerosos Coros y apreciadas por congregaciones y p\u00fablicos de toda \u00c1frica y m\u00e1s all\u00e1. <\/p>\n<p>Ha ganado el prestigioso premio al Compositor del A\u00f1o en dos ocasiones consecutivas (2017 y 2018), as\u00ed como el de Canci\u00f3n del A\u00f1o 2018 por su tema \u00abNea wo de me abedru nie\u00bb en los Premios Coros Juveniles de Ghana.<\/p>\n<p>Tambi\u00e9n ha dirigido a los Coros Armoniosos en m\u00e1s de 50 conciertos a lo largo de los 14 a\u00f1os de historia del coro. Bajo su direcci\u00f3n, el coro ha ganado numerosos premios prestigiosos, entre ellos : <\/p>\n<p>Cuatro medallas de oro, incluido el codiciado t\u00edtulo de Campe\u00f3n de los Juegos Corales Mundiales en la categor\u00eda de Campeones en los Juegos Corales Mundiales de 2018 en Sud\u00e1frica;<\/p>\n<p>Segundo puesto por la primera participaci\u00f3n de un coro de \u00c1frica Occidental en el Festival Internacional de M\u00fasica Lit\u00fargica Ortodoxa de Polonia, en la categor\u00eda de Coros profesionales, acompa\u00f1ado de un diploma especial para la promoci\u00f3n de la m\u00fasica ortodoxa en \u00c1frica;<\/p>\n<p>Coro del A\u00f1o en 2015, 2016 y 2017 en los Premios Corales Juveniles de Ghana.<\/p>\n<p>James ha dirigido y colaborado con numerosos coros, tanto en Ghana como en el extranjero, en conciertos y actuaciones. Entre ellos se encuentran los Premier Choral Singers de Liberia, dirigidos por Sir Wilmott Bobbroh; el Coro Metodista Unido Ghana Wesley de Brooklyn, Nueva York; el Coro de la Iglesia Cristiana Unida de Ghana de Atlanta, Georgia; el Coro Adventista de Ghana de Nueva Jersey; el Coro del Circuito de Toronto de la Iglesia Metodista (Canad\u00e1); los coros combinados de los Coros de la Iglesia Cat\u00f3lica de Ghana (Virginia y Maryland); el Primer Coro SDA de Ghana de Nueva York; el Coro de la Iglesia Adventista de Ghana de Toronto; y muchos otros. <\/p>\n<p><span style=\"background-color: rgba(0, 0, 0, 0);\">En Ghana, James fue organista del Coro Juvenil de Winneba durante siete a\u00f1os, director del Coro Filarm\u00f3nico del Templo de Cristo de la ICGC (bajo la direcci\u00f3n del Dr. Mensah Otabil), organista de la Iglesia Metodista de San Juan en Tantra Hills y director del coro de la Catedral de San Pablo de la Iglesia Metodista (Di\u00f3cesis de Tema). Despu\u00e9s trabaj\u00f3 como director musical en la Universidad Central durante varios a\u00f1os, ense\u00f1\u00f3 teor\u00eda y composici\u00f3n musical en la Universidad de Educaci\u00f3n de Winneba (2018-2020) y dirigi\u00f3 la Iglesia Metodista Cristo Rey de East Legon. Es miembro de la Federaci\u00f3n Africana de M\u00fasica Coral (AFCM).    <\/span><\/p>\n<p>James posee un M. Phil. en Teor\u00eda y Composici\u00f3n Musical (Universidad de Ghana), un MBA en Gesti\u00f3n de Recursos Humanos (Methodist University College), un BFA en M\u00fasica y Artes Teatrales (Escuela de Artes Esc\u00e9nicas, Universidad de Ghana) y un Diploma en M\u00fasica General (Universidad de Ghana). <\/p>\n<\/div>\n<\/div>\n<div class=\"wpb_text_column wpb_content_element \">\n<div class=\"wpb_wrapper\">&nbsp;<\/div>\n<\/div>\n<\/div><\/div><\/div><div class=\"fusion-layout-column fusion_builder_column fusion-builder-column-8 fusion_builder_column_1_2 1_2 fusion-flex-column\" style=\"--awb-bg-size:cover;--awb-width-large:50%;--awb-margin-top-large:0px;--awb-spacing-right-large:8.64%;--awb-margin-bottom-large:0.7%;--awb-spacing-left-large:3.84%;--awb-width-medium:100%;--awb-spacing-right-medium:1.92%;--awb-spacing-left-medium:1.92%;--awb-width-small:100%;--awb-order-small:8;--awb-spacing-right-small:1.92%;--awb-margin-bottom-small:23.625px;--awb-spacing-left-small:1.92%;\"><div class=\"fusion-column-wrapper fusion-column-has-shadow fusion-flex-justify-content-flex-start fusion-content-layout-column\"><div class=\"fusion-image-element \" style=\"--awb-liftup-border-radius:10px;--awb-aspect-ratio: 100 \/ 104;--awb-object-position:80% 26%;--awb-caption-title-font-family:var(--h2_typography-font-family);--awb-caption-title-font-weight:var(--h2_typography-font-weight);--awb-caption-title-font-style:var(--h2_typography-font-style);--awb-caption-title-size:var(--h2_typography-font-size);--awb-caption-title-transform:var(--h2_typography-text-transform);--awb-caption-title-line-height:var(--h2_typography-line-height);--awb-caption-title-letter-spacing:var(--h2_typography-letter-spacing);\"><div class=\"awb-image-frame awb-image-frame-3 imageframe-liftup imageframe-3 fusion-animated\" data-animationType=\"fadeIn\" data-animationDuration=\"1.0\" data-animationOffset=\"top-into-view\"><span class=\" fusion-imageframe imageframe-none imageframe-3 has-aspect-ratio\" style=\"border-radius:10px;\"><img decoding=\"async\" width=\"600\" height=\"800\" alt=\"Dominic Scott\" title=\"NicolayS_Profil-600&#215;800\" src=\"https:\/\/www.choral-events.com\/wp-content\/uploads\/2024\/07\/NicolayS_Profil-600x800-1.jpg\" class=\"img-responsive wp-image-47729 img-with-aspect-ratio\" data-parent-fit=\"cover\" data-parent-container=\".fusion-image-element\" srcset=\"https:\/\/www.choral-events.com\/wp-content\/uploads\/2024\/07\/NicolayS_Profil-600x800-1-200x267.jpg 200w, https:\/\/www.choral-events.com\/wp-content\/uploads\/2024\/07\/NicolayS_Profil-600x800-1-400x533.jpg 400w, https:\/\/www.choral-events.com\/wp-content\/uploads\/2024\/07\/NicolayS_Profil-600x800-1.jpg 600w\" sizes=\"(max-width: 1024px) 100vw, (max-width: 640px) 100vw, 600px\" \/><\/span><\/div><\/div><\/div><\/div><div class=\"fusion-layout-column fusion_builder_column fusion-builder-column-9 fusion_builder_column_1_2 1_2 fusion-flex-column fusion-animated\" style=\"--awb-padding-top:8%;--awb-padding-right:8%;--awb-padding-bottom:0%;--awb-padding-top-medium:0px;--awb-padding-bottom-medium:0px;--awb-bg-size:cover;--awb-width-large:50%;--awb-margin-top-large:0px;--awb-spacing-right-large:3.84%;--awb-margin-bottom-large:0%;--awb-spacing-left-large:8.64%;--awb-width-medium:100%;--awb-spacing-right-medium:1.92%;--awb-margin-bottom-medium:70px;--awb-spacing-left-medium:1.92%;--awb-width-small:100%;--awb-order-small:9;--awb-spacing-right-small:1.92%;--awb-margin-bottom-small:0px;--awb-spacing-left-small:1.92%;\" data-animationType=\"fadeInUp\" data-animationDuration=\"1.0\" data-animationOffset=\"top-into-view\"><div class=\"fusion-column-wrapper fusion-column-has-shadow fusion-flex-justify-content-flex-start fusion-content-layout-column\"><div class=\"fusion-title title fusion-title-3 fusion-sep-none fusion-title-text fusion-title-size-two\" style=\"--awb-margin-top-small:0px;--awb-margin-right-small:0px;--awb-margin-bottom-small:20px;--awb-margin-left-small:0px;--awb-font-size:40px;\"><h2 class=\"fusion-title-heading title-heading-left fusion-responsive-typography-calculated\" style=\"margin:0;font-size:1em;--fontSize:40;line-height:1.2;\">Stephan Nicolay<\/h2><\/div><div class=\"fusion-separator\" style=\"align-self: flex-start;margin-right:auto;margin-bottom:8%;width:100%;max-width:70px;\"><div class=\"fusion-separator-border sep-single sep-solid\" style=\"--awb-height:20px;--awb-amount:20px;border-color:var(--awb-color2);border-top-width:1px;\"><\/div><\/div><div class=\"fusion-text fusion-text-7\" style=\"--awb-font-size:19px;\"><p>Stephan es el Director Art\u00edstico del Concours International des Coros de Provence 2026.<\/p>\n<p>Tras licenciarse en ingenier\u00eda electr\u00f3nica, ganar un premio de \u00f3rgano, licenciarse en musicolog\u00eda y obtener un diploma estatal de direcci\u00f3n de conjuntos vocales, St\u00e9phan es ahora un profesional reconocido. Compositor, profesor y director de coros profesionales y aficionados, St\u00e9phan lleva m\u00e1s de 7 a\u00f1os colaborando con Eventos Corales en una amplia gama de proyectos. <\/p>\n<p>Stephan es hoy el Director Art\u00edstico de Choral Events.<\/p>\n<\/div><div class=\"fusion-separator\" style=\"align-self: flex-start;margin-right:auto;margin-bottom:8%;width:100%;max-width:70px;\"><div class=\"fusion-separator-border sep-single sep-solid\" style=\"--awb-height:20px;--awb-amount:20px;border-color:var(--awb-color2);border-top-width:1px;\"><\/div><\/div><\/div><\/div><div class=\"fusion-layout-column fusion_builder_column fusion-builder-column-10 fusion_builder_column_1_1 1_1 fusion-flex-column fusion-no-small-visibility\" style=\"--awb-bg-size:cover;--awb-width-large:100%;--awb-margin-top-large:0px;--awb-spacing-right-large:1.92%;--awb-margin-bottom-large:8%;--awb-spacing-left-large:1.92%;--awb-width-medium:100%;--awb-order-medium:0;--awb-spacing-right-medium:1.92%;--awb-spacing-left-medium:1.92%;--awb-width-small:100%;--awb-order-small:10;--awb-spacing-right-small:1.92%;--awb-spacing-left-small:1.92%;\"><div class=\"fusion-column-wrapper fusion-column-has-shadow fusion-flex-justify-content-flex-start fusion-content-layout-column\"><div class=\"fusion-text fusion-text-8 awb-text-cols fusion-text-columns-2\" style=\"--awb-columns:2;--awb-column-spacing:3em;--awb-rule-style:1px solid var(--awb-color2);\"><div class=\"wpb_text_column wpb_content_element \">\n<p>Tras una doble formaci\u00f3n cient\u00edfica (ingeniero Polytech Nice) y musical (estudios en los conservatorios de Cannes y Niza, Premio de \u00f3rgano, Licenciatura en musicolog\u00eda), St\u00e9phan Nicolay inici\u00f3 una carrera en la industria aeroespacial (S\/T Thales Alenia Space) antes de abandonarla para obtener un diploma estatal en direcci\u00f3n de conjuntos vocales (Cefedem Lyon) y ser galardonado en varios Concours internacionales (1er premio de \u00f3rgano en el Concours UFAM de Par\u00eds, diversos premios de composici\u00f3n en Francia y en el extranjero).<\/p>\n<\/div>\n<div class=\"separator transparent \">Su eclecticismo le ha llevado a realizar giras con un grupo de rock occitano, dar clases en escuelas de m\u00fasica, impartir talleres en colegios y dirigir grandes obras con coro y orquesta (por ejemplo, <em>Requiem <\/em>Verdi, <em>Mors et Vita <\/em>Gounod, <em>Danses polovtsiennes <\/em>Borodine, etc.). Le llaman regularmente como director invitado en producciones o como director de proyectos para eventos. En 2023, crea coros para colaboraciones con la <em>Orquesta Nacional de Cannes<\/em>, la<em>\u00d3pera de G\u00e9nova<\/em>, la <em>Filarm\u00f3nica de Tur\u00edn<\/em> y <em>el Grupo Real<\/em>. En 2024, su conjunto profesional <em>Alicantus <\/em>fue programado en el <em>Festival MIDEM+24 Live<\/em> y grab\u00f3 las partes corales del pr\u00f3ximo \u00e1lbum del grupo de metal <em>Igorrr<\/em>.    <\/div>\n<div class=\"separator transparent \">Maestro de Capilla de la Parroquia de San Nicol\u00e1s de Cannes desde 1998, dirige varios coros en la Costa Azul, entre ellos <em>el Ch\u0153ur de Notre-Dame de Bon Voyage<\/em> de Cannes, que celebra este a\u00f1o su 125 aniversario<a href=\"http:\/\/www.choralecannes.fr\/\">(www.choralecannes.fr)<\/a>, y el<em>Ensemble Vocal La Sestina <\/em>de Niza, con el que gan\u00f3 el 1er Premio en los dos Concours a los que se present\u00f3 el coro<a href=\"http:\/\/www.lasestina.fr\/\">(www.lasestina.fr).<\/a><\/div>\n<div class=\"wpb_text_column wpb_content_element \">\n<div class=\"wpb_wrapper\">\n<p>Unas horas de ense\u00f1anza en la escuela de m\u00fasica de Mougins le permiten intervenir a demanda para clases o jurados en los diferentes conservatorios de la Costa Azul, pero tambi\u00e9n para dar conferencias, especialmente sobre los v\u00ednculos entre M\u00fasica y Astronom\u00eda.<\/p>\n<p>Como compositor, su obra se refiere principalmente a la voz, ya sea en solitario o en coro, a capella o acompa\u00f1ada. Tanto si se inspira en los maestros franceses de principios del siglo XX, a los que admira especialmente, como si es m\u00e1s contempor\u00e1nea, su m\u00fasica se caracteriza por una innegable fuerza po\u00e9tica. Sus obras han sido premiadas en diversos concursos internacionales, y figuran en el repertorio de numerosos coros europeos, como el Polski Chor Kameralny, The New Dublin Voices, Coro da Camera di Torino, etc. Sus obras han sido grabadas por el Ch\u0153ur de Chambre 1732 (disco monogr\u00e1fico dedicado a su m\u00fasica sacra en 2019, y otro disco que saldr\u00e1 en 2024 con obras profanas junto a piezas de Isabelle Aboulker).  <\/p>\n<p>Profundamente humanista, tambi\u00e9n es el origen del movimiento Vivre Ensemble en Cannes, que organiza encuentros interreligiosos para promover la paz, el respeto y la comprensi\u00f3n de otras culturas.<\/p>\n<p>M\u00e1s informaci\u00f3n: <a href=\"https:\/\/www.stephannicolay.com\" target=\"_blank\" rel=\"noopener\">www.stephannicolay.com<\/a><\/p>\n<\/div>\n<\/div>\n<\/div><\/div><\/div><div class=\"fusion-layout-column fusion_builder_column fusion-builder-column-11 fusion_builder_column_1_1 1_1 fusion-flex-column fusion-no-medium-visibility fusion-no-large-visibility\" style=\"--awb-bg-size:cover;--awb-width-large:100%;--awb-margin-top-large:0px;--awb-spacing-right-large:1.92%;--awb-margin-bottom-large:8%;--awb-spacing-left-large:1.92%;--awb-width-medium:100%;--awb-order-medium:0;--awb-spacing-right-medium:1.92%;--awb-spacing-left-medium:1.92%;--awb-width-small:100%;--awb-order-small:11;--awb-spacing-right-small:1.92%;--awb-spacing-left-small:1.92%;\"><div class=\"fusion-column-wrapper fusion-column-has-shadow fusion-flex-justify-content-flex-start fusion-content-layout-column\"><div class=\"fusion-text fusion-text-9\"><div class=\"wpb_text_column wpb_content_element \">\n<p>Tras una doble formaci\u00f3n cient\u00edfica (ingeniero Polytech Nice) y musical (estudios en los conservatorios de Cannes y Niza, Premio de \u00f3rgano, Licenciatura en musicolog\u00eda), St\u00e9phan Nicolay inici\u00f3 una carrera en la industria aeroespacial (S\/T Thales Alenia Space) antes de abandonarla para obtener un diploma estatal en direcci\u00f3n de conjuntos vocales (Cefedem Lyon) y ser galardonado en varios Concours internacionales (1er premio de \u00f3rgano en el Concours UFAM de Par\u00eds, diversos premios de composici\u00f3n en Francia y en el extranjero).<\/p>\n<\/div>\n<div class=\"separator transparent \">Su eclecticismo le ha llevado a realizar giras con un grupo de rock occitano, dar clases en escuelas de m\u00fasica, impartir talleres en colegios y dirigir grandes obras con coro y orquesta (por ejemplo, <em>Requiem <\/em>Verdi, <em>Mors et Vita <\/em>Gounod, <em>Danses polovtsiennes <\/em>Borodine, etc.). Le llaman regularmente como director invitado en producciones o como director de proyectos para eventos. En 2023, crea coros para colaboraciones con la <em>Orquesta Nacional de Cannes<\/em>, la<em>\u00d3pera de G\u00e9nova<\/em>, la <em>Filarm\u00f3nica de Tur\u00edn<\/em> y <em>el Grupo Real<\/em>. En 2024, su conjunto profesional <em>Alicantus <\/em>fue programado en el <em>Festival MIDEM+24 Live<\/em> y grab\u00f3 las partes corales del pr\u00f3ximo \u00e1lbum del grupo de metal <em>Igorrr<\/em>.    <\/div>\n<div class=\"separator transparent \">Maestro de Capilla de la Parroquia de San Nicol\u00e1s de Cannes desde 1998, dirige varios coros en la Costa Azul, entre ellos <em>el Ch\u0153ur de Notre-Dame de Bon Voyage<\/em> de Cannes, que celebra este a\u00f1o su 125 aniversario<a href=\"http:\/\/www.choralecannes.fr\/\">(www.choralecannes.fr)<\/a>, y el<em>Ensemble Vocal La Sestina <\/em>de Niza, con el que gan\u00f3 el 1er Premio en los dos Concours a los que se present\u00f3 el coro<a href=\"http:\/\/www.lasestina.fr\/\">(www.lasestina.fr).<\/a><\/div>\n<div class=\"wpb_text_column wpb_content_element \">\n<div class=\"wpb_wrapper\">\n<p>Unas horas de ense\u00f1anza en la escuela de m\u00fasica de Mougins le permiten intervenir a demanda para clases o jurados en los diferentes conservatorios de la Costa Azul, pero tambi\u00e9n para dar conferencias, especialmente sobre los v\u00ednculos entre M\u00fasica y Astronom\u00eda.<\/p>\n<p>Como compositor, su obra se refiere principalmente a la voz, ya sea en solitario o en coro, a capella o acompa\u00f1ada. Tanto si se inspira en los maestros franceses de principios del siglo XX, a los que admira especialmente, como si es m\u00e1s contempor\u00e1nea, su m\u00fasica se caracteriza por una innegable fuerza po\u00e9tica. Sus obras han sido premiadas en diversos concursos internacionales, y figuran en el repertorio de numerosos coros europeos, como el Polski Chor Kameralny, The New Dublin Voices, Coro da Camera di Torino, etc. Sus obras han sido grabadas por el Ch\u0153ur de Chambre 1732 (disco monogr\u00e1fico dedicado a su m\u00fasica sacra en 2019, y otro disco que saldr\u00e1 en 2024 con obras profanas junto a piezas de Isabelle Aboulker).  <\/p>\n<p>Profundamente humanista, tambi\u00e9n es el origen del movimiento Vivre Ensemble en Cannes, que organiza encuentros interreligiosos para promover la paz, el respeto y la comprensi\u00f3n de otras culturas.<\/p>\n<p>M\u00e1s informaci\u00f3n: <a href=\"https:\/\/www.stephannicolay.com\" target=\"_blank\" rel=\"noopener\">www.stephannicolay.com<\/a><\/p>\n<\/div>\n<\/div>\n<\/div><\/div><\/div><div class=\"fusion-layout-column fusion_builder_column fusion-builder-column-12 fusion_builder_column_1_2 1_2 fusion-flex-column fusion-animated\" style=\"--awb-padding-top:8%;--awb-padding-right:8%;--awb-padding-bottom:0%;--awb-padding-top-medium:0px;--awb-padding-bottom-medium:0px;--awb-bg-size:cover;--awb-width-large:50%;--awb-margin-top-large:0px;--awb-spacing-right-large:3.84%;--awb-margin-bottom-large:0%;--awb-spacing-left-large:8.64%;--awb-width-medium:100%;--awb-spacing-right-medium:1.92%;--awb-margin-bottom-medium:70px;--awb-spacing-left-medium:1.92%;--awb-width-small:100%;--awb-order-small:12;--awb-spacing-right-small:1.92%;--awb-margin-bottom-small:0px;--awb-spacing-left-small:1.92%;\" data-animationType=\"fadeInUp\" data-animationDuration=\"1.0\" data-animationOffset=\"top-into-view\"><div class=\"fusion-column-wrapper fusion-column-has-shadow fusion-flex-justify-content-flex-start fusion-content-layout-column\"><div class=\"fusion-title title fusion-title-4 fusion-sep-none fusion-title-text fusion-title-size-two\" style=\"--awb-margin-top-small:0px;--awb-margin-right-small:0px;--awb-margin-bottom-small:20px;--awb-margin-left-small:0px;--awb-font-size:40px;\"><h2 class=\"fusion-title-heading title-heading-left fusion-responsive-typography-calculated\" style=\"margin:0;font-size:1em;--fontSize:40;line-height:1.2;\"><h2>AI WU<\/h2><\/h2><\/div><div class=\"fusion-separator\" style=\"align-self: flex-start;margin-right:auto;margin-bottom:8%;width:100%;max-width:70px;\"><div class=\"fusion-separator-border sep-single sep-solid\" style=\"--awb-height:20px;--awb-amount:20px;border-color:var(--awb-color2);border-top-width:1px;\"><\/div><\/div><div class=\"fusion-text fusion-text-10\" style=\"--awb-font-size:19px;\"><p>La cantante y directora coral Ai Wu naci\u00f3 en Chongqing (China). Formada en el Conservatorio de M\u00fasica de Shanghai, donde obtuvo un m\u00e1ster, pas\u00f3 a ense\u00f1ar all\u00ed junto al renombrado profesor Zhou Xiao Yan. En Francia, obtuvo el Diploma de Concierto de la \u00c9cole Normale de Par\u00eds.  <\/p>\n<\/div><div class=\"fusion-separator\" style=\"align-self: flex-start;margin-right:auto;margin-bottom:8%;width:100%;max-width:70px;\"><div class=\"fusion-separator-border sep-single sep-solid\" style=\"--awb-height:20px;--awb-amount:20px;border-color:var(--awb-color2);border-top-width:1px;\"><\/div><\/div><\/div><\/div><div class=\"fusion-layout-column fusion_builder_column fusion-builder-column-13 fusion_builder_column_1_2 1_2 fusion-flex-column\" style=\"--awb-bg-size:cover;--awb-width-large:50%;--awb-margin-top-large:0px;--awb-spacing-right-large:8.64%;--awb-margin-bottom-large:0.4%;--awb-spacing-left-large:3.84%;--awb-width-medium:100%;--awb-spacing-right-medium:1.92%;--awb-spacing-left-medium:1.92%;--awb-width-small:100%;--awb-order-small:13;--awb-spacing-right-small:1.92%;--awb-spacing-left-small:1.92%;\"><div class=\"fusion-column-wrapper fusion-column-has-shadow fusion-flex-justify-content-flex-start fusion-content-layout-column\"><div class=\"fusion-image-element \" style=\"--awb-liftup-border-radius:10px;--awb-aspect-ratio: 100 \/ 92;--awb-object-position:35% 15%;--awb-caption-title-font-family:var(--h2_typography-font-family);--awb-caption-title-font-weight:var(--h2_typography-font-weight);--awb-caption-title-font-style:var(--h2_typography-font-style);--awb-caption-title-size:var(--h2_typography-font-size);--awb-caption-title-transform:var(--h2_typography-text-transform);--awb-caption-title-line-height:var(--h2_typography-line-height);--awb-caption-title-letter-spacing:var(--h2_typography-letter-spacing);\"><div class=\"awb-image-frame awb-image-frame-4 imageframe-liftup imageframe-4 fusion-animated\" data-animationType=\"fadeIn\" data-animationDuration=\"1.0\" data-animationOffset=\"top-into-view\"><span class=\" fusion-imageframe imageframe-none imageframe-4 has-aspect-ratio\" style=\"border-radius:10px;\"><img decoding=\"async\" width=\"169\" height=\"300\" alt=\"Dominic Scott\" title=\"WuAi_Image_1\" src=\"https:\/\/www.choral-events.com\/wp-content\/uploads\/2026\/03\/WuAi_Image_1-169x300.jpg\" class=\"img-responsive wp-image-52080 img-with-aspect-ratio\" data-parent-fit=\"cover\" data-parent-container=\".fusion-image-element\" srcset=\"https:\/\/www.choral-events.com\/wp-content\/uploads\/2026\/03\/WuAi_Image_1-200x355.jpg 200w, https:\/\/www.choral-events.com\/wp-content\/uploads\/2026\/03\/WuAi_Image_1-400x710.jpg 400w, https:\/\/www.choral-events.com\/wp-content\/uploads\/2026\/03\/WuAi_Image_1-600x1065.jpg 600w, https:\/\/www.choral-events.com\/wp-content\/uploads\/2026\/03\/WuAi_Image_1-800x1420.jpg 800w, https:\/\/www.choral-events.com\/wp-content\/uploads\/2026\/03\/WuAi_Image_1.jpg 998w\" sizes=\"(max-width: 1024px) 100vw, (max-width: 640px) 100vw, 600px\" \/><\/span><\/div><\/div><\/div><\/div><div class=\"fusion-layout-column fusion_builder_column fusion-builder-column-14 fusion_builder_column_1_1 1_1 fusion-flex-column fusion-no-small-visibility\" style=\"--awb-bg-size:cover;--awb-width-large:100%;--awb-margin-top-large:0px;--awb-spacing-right-large:1.92%;--awb-margin-bottom-large:8%;--awb-spacing-left-large:1.92%;--awb-width-medium:100%;--awb-order-medium:0;--awb-spacing-right-medium:1.92%;--awb-spacing-left-medium:1.92%;--awb-width-small:100%;--awb-order-small:14;--awb-spacing-right-small:1.92%;--awb-spacing-left-small:1.92%;\"><div class=\"fusion-column-wrapper fusion-column-has-shadow fusion-flex-justify-content-flex-start fusion-content-layout-column\"><div class=\"fusion-text fusion-text-11 awb-text-cols fusion-text-columns-2\" style=\"--awb-columns:2;--awb-column-spacing:3em;--awb-rule-style:1px solid var(--awb-color2);\"><div>\n<p>Ha ganado varios premios en Concours internacionales en las categor\u00edas de \u00d3pera y Barroco. Act\u00faa regularmente en China y Francia en papeles principales como Carmen (Bizet), Cherubino en Las bodas de F\u00edgaro (Mozart), Angelina en La Cenerentola y Rosina en El barbero de Sevilla (Rossini), Dorabella en Cos\u00ec fan tutte (Mozart), Suzuki en Madame Butterfly (Puccini) y la madre en H\u00e4nsel und Gretel (Humperdinck), entre otros. <\/p>\n<div>\n<p>Desde 2014, lleva una carrera franco-china y es invitada regularmente a China para galas dirigidas por el gran director sino-europeo Muhai Tang en prestigiosos escenarios: la Orquesta Filarm\u00f3nica de Shanghai, la \u00d3pera de Tianjin, el Gran Teatro de Zhengzhou y el Gran Teatro de Nanning, con programas de Vivaldi, Haendel, Mozart, Rossini, Bizet y Saint-Sa\u00ebns.<\/p>\n<p>Desde 2015, colabora con el Ensemble Matheus en \u00f3pera barroca y rom\u00e1ntica, al tiempo que prosigue su actividad como m\u00fasico de c\u00e1mara en los repertorios franc\u00e9s, espa\u00f1ol y barroco.<\/p>\n<p>En noviembre de 2018, realiz\u00f3 una gira de conciertos y clases magistrales en China sobre el repertorio impresionista franc\u00e9s. En diciembre, fue solista en el concierto de celebraci\u00f3n del 60 aniversario de la regi\u00f3n de Guangxi con la Orquesta Filarm\u00f3nica de Guangxi, dirigida por Muhai Tang. <\/p>\n<p>En enero de 2019, la Orquesta Filarm\u00f3nica de Shanghai la invit\u00f3 a la Gala de A\u00f1o Nuevo (programa Vivaldi, Saint-Sa\u00ebns, Mozart). Desde entonces, ha actuado en Par\u00eds (Grand Palais, Salle Wagram), M\u00f3naco, Rep\u00fablica Checa y China, en formaciones que van desde la m\u00fasica de c\u00e1mara hasta la orquesta filarm\u00f3nica. <\/p>\n<p>Comprometida con la promoci\u00f3n de las artes, en 2018 cre\u00f3 el primer Festival Franco-Chino de L&#8217;Isle-Adam, que combina m\u00fasica y pintura. En 2023, se encargar\u00e1 de organizar el 26\u00ba Concours International de Piano de Brest. <\/p>\n<p>Al mismo tiempo, ense\u00f1a canto l\u00edrico y direcci\u00f3n coral en el Conservatorio de Brest, donde dirige dos coros mixtos en diversos programas.<\/p>\n<p>Ahora, apasionada embajadora de la cultura francesa en China, el repertorio de Ai Wu abarca desde la m\u00fasica barroca hasta Richard Strauss, Mozart y Rossini.<\/p>\n<\/div>\n<\/div>\n<div class=\"wpb_text_column wpb_content_element \">\n<div class=\"wpb_wrapper\">&nbsp;<\/div>\n<\/div>\n<\/div><\/div><\/div><div class=\"fusion-layout-column fusion_builder_column fusion-builder-column-15 fusion_builder_column_1_1 1_1 fusion-flex-column fusion-no-medium-visibility fusion-no-large-visibility\" style=\"--awb-bg-size:cover;--awb-width-large:100%;--awb-margin-top-large:0px;--awb-spacing-right-large:1.92%;--awb-margin-bottom-large:8%;--awb-spacing-left-large:1.92%;--awb-width-medium:100%;--awb-order-medium:0;--awb-spacing-right-medium:1.92%;--awb-spacing-left-medium:1.92%;--awb-width-small:100%;--awb-order-small:15;--awb-margin-top-small:37px;--awb-spacing-right-small:1.92%;--awb-spacing-left-small:1.92%;\"><div class=\"fusion-column-wrapper fusion-column-has-shadow fusion-flex-justify-content-flex-start fusion-content-layout-column\"><div class=\"fusion-text fusion-text-12\"><div>\n<p>Ha ganado varios premios en Concours internacionales en las categor\u00edas de \u00d3pera y Barroco. Act\u00faa regularmente en China y Francia en papeles principales como Carmen (Bizet), Cherubino en Las bodas de F\u00edgaro (Mozart), Angelina en La Cenerentola y Rosina en El barbero de Sevilla (Rossini), Dorabella en Cos\u00ec fan tutte (Mozart), Suzuki en Madame Butterfly (Puccini) y la madre en H\u00e4nsel und Gretel (Humperdinck), entre otros. <\/p>\n<div>\n<p>Desde 2014, lleva una carrera franco-china y es invitada regularmente a China para galas dirigidas por el gran director sino-europeo Muhai Tang en prestigiosos escenarios: la Orquesta Filarm\u00f3nica de Shanghai, la \u00d3pera de Tianjin, el Gran Teatro de Zhengzhou y el Gran Teatro de Nanning, con programas de Vivaldi, Haendel, Mozart, Rossini, Bizet y Saint-Sa\u00ebns.<\/p>\n<p>Desde 2015, colabora con el Ensemble Matheus en \u00f3pera barroca y rom\u00e1ntica, al tiempo que prosigue su actividad como m\u00fasico de c\u00e1mara en los repertorios franc\u00e9s, espa\u00f1ol y barroco.<\/p>\n<p>En noviembre de 2018, realiz\u00f3 una gira de conciertos y clases magistrales en China sobre el repertorio impresionista franc\u00e9s. En diciembre, fue solista en el concierto de celebraci\u00f3n del 60 aniversario de la regi\u00f3n de Guangxi con la Orquesta Filarm\u00f3nica de Guangxi, dirigida por Muhai Tang. <\/p>\n<p>En enero de 2019, la Orquesta Filarm\u00f3nica de Shanghai la invit\u00f3 a la Gala de A\u00f1o Nuevo (programa Vivaldi, Saint-Sa\u00ebns, Mozart). Desde entonces, ha actuado en Par\u00eds (Grand Palais, Salle Wagram), M\u00f3naco, Rep\u00fablica Checa y China, en formaciones que van desde la m\u00fasica de c\u00e1mara hasta la orquesta filarm\u00f3nica. <\/p>\n<p>Comprometida con la promoci\u00f3n de las artes, en 2018 cre\u00f3 el primer Festival Franco-Chino de L&#8217;Isle-Adam, que combina m\u00fasica y pintura. En 2023, se encargar\u00e1 de organizar el 26\u00ba Concours International de Piano de Brest. <\/p>\n<p>Al mismo tiempo, ense\u00f1a canto l\u00edrico y direcci\u00f3n coral en el Conservatorio de Brest, donde dirige dos coros mixtos en diversos programas.<\/p>\n<p>Ahora, apasionada embajadora de la cultura francesa en China, el repertorio de Ai Wu abarca desde la m\u00fasica barroca hasta Richard Strauss, Mozart y Rossini.<\/p>\n<\/div>\n<\/div>\n<div class=\"wpb_text_column wpb_content_element \">\n<div class=\"wpb_wrapper\">&nbsp;<\/div>\n<\/div>\n<\/div><\/div><\/div><div class=\"fusion-layout-column fusion_builder_column fusion-builder-column-16 fusion_builder_column_1_2 1_2 fusion-flex-column\" style=\"--awb-bg-size:cover;--awb-width-large:50%;--awb-margin-top-large:0px;--awb-spacing-right-large:8.64%;--awb-margin-bottom-large:7%;--awb-spacing-left-large:3.84%;--awb-width-medium:100%;--awb-spacing-right-medium:1.92%;--awb-spacing-left-medium:1.92%;--awb-width-small:100%;--awb-order-small:16;--awb-spacing-right-small:1.92%;--awb-spacing-left-small:1.92%;\"><div class=\"fusion-column-wrapper fusion-column-has-shadow fusion-flex-justify-content-flex-start fusion-content-layout-column\"><div class=\"fusion-image-element \" style=\"--awb-liftup-border-radius:10px;--awb-aspect-ratio: 100 \/ 90;--awb-object-position:51% 0%;--awb-caption-title-font-family:var(--h2_typography-font-family);--awb-caption-title-font-weight:var(--h2_typography-font-weight);--awb-caption-title-font-style:var(--h2_typography-font-style);--awb-caption-title-size:var(--h2_typography-font-size);--awb-caption-title-transform:var(--h2_typography-text-transform);--awb-caption-title-line-height:var(--h2_typography-line-height);--awb-caption-title-letter-spacing:var(--h2_typography-letter-spacing);\"><div class=\"awb-image-frame awb-image-frame-5 imageframe-liftup imageframe-5 fusion-animated\" data-animationType=\"fadeIn\" data-animationDuration=\"1.0\" data-animationOffset=\"top-into-view\"><span class=\" fusion-imageframe imageframe-none imageframe-5 has-aspect-ratio\" style=\"border-radius:10px;\"><img decoding=\"async\" width=\"700\" height=\"841\" alt=\"Dominic Scott\" title=\"Renombrado concertista coral en Francia.\" src=\"https:\/\/www.choral-events.com\/wp-content\/uploads\/2026\/01\/Luc-Coadou-700x841-1.png\" class=\"img-responsive wp-image-47540 img-with-aspect-ratio\" data-parent-fit=\"cover\" data-parent-container=\".fusion-image-element\" srcset=\"https:\/\/www.choral-events.com\/wp-content\/uploads\/2026\/01\/Luc-Coadou-700x841-1-200x240.png 200w, https:\/\/www.choral-events.com\/wp-content\/uploads\/2026\/01\/Luc-Coadou-700x841-1-400x481.png 400w, https:\/\/www.choral-events.com\/wp-content\/uploads\/2026\/01\/Luc-Coadou-700x841-1-600x721.png 600w, https:\/\/www.choral-events.com\/wp-content\/uploads\/2026\/01\/Luc-Coadou-700x841-1.png 700w\" sizes=\"(max-width: 1024px) 100vw, (max-width: 640px) 100vw, 600px\" \/><\/span><\/div><\/div><\/div><\/div><div class=\"fusion-layout-column fusion_builder_column fusion-builder-column-17 fusion_builder_column_1_2 1_2 fusion-flex-column fusion-animated\" style=\"--awb-padding-top:8%;--awb-padding-right:8%;--awb-padding-bottom:0%;--awb-padding-top-medium:0px;--awb-padding-bottom-medium:0px;--awb-bg-size:cover;--awb-width-large:50%;--awb-margin-top-large:0px;--awb-spacing-right-large:3.84%;--awb-margin-bottom-large:0%;--awb-spacing-left-large:8.64%;--awb-width-medium:100%;--awb-spacing-right-medium:1.92%;--awb-margin-bottom-medium:70px;--awb-spacing-left-medium:1.92%;--awb-width-small:100%;--awb-order-small:17;--awb-spacing-right-small:1.92%;--awb-margin-bottom-small:0px;--awb-spacing-left-small:1.92%;\" data-animationType=\"fadeInUp\" data-animationDuration=\"1.0\" data-animationOffset=\"top-into-view\"><div class=\"fusion-column-wrapper fusion-column-has-shadow fusion-flex-justify-content-flex-start fusion-content-layout-column\"><div class=\"fusion-title title fusion-title-5 fusion-sep-none fusion-title-text fusion-title-size-two\" style=\"--awb-margin-top-small:0px;--awb-margin-right-small:0px;--awb-margin-bottom-small:20px;--awb-margin-left-small:0px;--awb-font-size:40px;\"><h2 class=\"fusion-title-heading title-heading-left fusion-responsive-typography-calculated\" style=\"margin:0;font-size:1em;--fontSize:40;line-height:1.2;\">Luc Coadou<\/h2><\/div><div class=\"fusion-separator\" style=\"align-self: flex-start;margin-right:auto;margin-bottom:8%;width:100%;max-width:70px;\"><div class=\"fusion-separator-border sep-single sep-solid\" style=\"--awb-height:20px;--awb-amount:20px;border-color:var(--awb-color2);border-top-width:1px;\"><\/div><\/div><div class=\"fusion-text fusion-text-13\" style=\"--awb-font-size:19px;\"><p>Luc Coadou es un cantante solista franc\u00e9s especializado en el repertorio barroco para voces graves de los siglos <abbr title=\"Siglo XVII\">XVII<\/abbr> y <abbr title=\"Siglo XVIII\">XVIII<\/abbr>. Tambi\u00e9n trabaja como director coral y orquestal, dirigiendo el Ensemble Instrumental de Toulon et du Var y el conjunto vocal profesional Les Voix Anim\u00e9es.   <\/p>\n<\/div><div class=\"fusion-separator\" style=\"align-self: flex-start;margin-right:auto;margin-bottom:8%;width:100%;max-width:70px;\"><div class=\"fusion-separator-border sep-single sep-solid\" style=\"--awb-height:20px;--awb-amount:20px;border-color:var(--awb-color2);border-top-width:1px;\"><\/div><\/div><\/div><\/div><div class=\"fusion-layout-column fusion_builder_column fusion-builder-column-18 fusion_builder_column_1_1 1_1 fusion-flex-column fusion-no-small-visibility\" style=\"--awb-bg-size:cover;--awb-width-large:100%;--awb-margin-top-large:0px;--awb-spacing-right-large:1.92%;--awb-margin-bottom-large:8%;--awb-spacing-left-large:1.92%;--awb-width-medium:100%;--awb-order-medium:0;--awb-spacing-right-medium:1.92%;--awb-spacing-left-medium:1.92%;--awb-width-small:100%;--awb-order-small:18;--awb-spacing-right-small:1.92%;--awb-spacing-left-small:1.92%;\"><div class=\"fusion-column-wrapper fusion-column-has-shadow fusion-flex-justify-content-flex-start fusion-content-layout-column\"><div class=\"fusion-text fusion-text-14 awb-text-cols fusion-text-columns-2\" style=\"--awb-columns:2;--awb-column-spacing:3em;--awb-rule-style:1px solid var(--awb-color2);\"><div id=\"Luc\" class=\"vc_row wpb_row section vc_row-fluid vc_custom_1637348509794 grid_section\">\n<div class=\" section_inner clearfix\">\n<div class=\"section_inner_margin clearfix\">\n<div class=\"wpb_column vc_column_container vc_col-sm-8\">\n<div class=\"vc_column-inner \">\n<div class=\"wpb_wrapper\">\n<div class=\"wpb_text_column wpb_content_element \">\n<div class=\"wpb_wrapper\">\n<p>Nacido bajo las brumas del Norte, al igual que los maestros franco-flamencos del Renacimiento, Luc Coadou pasa alegremente del estatus de cantante al de director de coro y de conjunto con una constante preocupaci\u00f3n por la pedagog\u00eda y la investigaci\u00f3n musicol\u00f3gica. Una cierta predilecci\u00f3n por los repertorios antiguos se encuentra en su trabajo universitario; es autor de investigaciones sobre el teatro l\u00edrico en la \u00e9poca de la Revoluci\u00f3n Francesa. <\/p>\n<\/div>\n<\/div>\n<div class=\"separator transparent \">El bar\u00edtono Luc Coadou comienza su carrera como ni\u00f1o cantante en la Man\u00e9canterie de Dunkerque Les Rossignolets. Realiza sus estudios de canto en Lille y se perfecciona con Rachel Yakar y Ren\u00e9 Jacobs en el Studio Versailles-Op\u00e9ra. <\/div>\n<div class=\"wpb_text_column wpb_content_element \">\n<div class=\"wpb_wrapper\">\n<p>Canta con numerosos conjuntos como La Chapelle Royale, Les Arts Florissants, Les Musiciens du Louvre, Les Talens Lyriques, Le Parlement de Musique, La Grande \u00c9curie et la Chambre du Roy y Le Concert Spirituel. Desde la m\u00fasica medieval hasta la creaci\u00f3n contempor\u00e1nea, su repertorio combina investigaci\u00f3n musical y eclecticismo. Act\u00faa en prestigiosos festivales y numerosas casas de \u00f3pera como cantante.  <\/p>\n<\/div>\n<\/div>\n<div class=\"separator transparent \">Como director, Luc Coadou dirige, entre otras obras, el Requiem y la Misa en Do de Mozart, las Vespro della Beata Vergine de Monteverdi, Didon et \u00c9n\u00e9e de Purcell, El Mes\u00edas de Georg Friedrich Haendel, y numerosas obras l\u00edricas del siglo XIX, incluyendo \u00f3peras poco conocidas de Boieldieu, Weber, Chabrier, Viardot, Bizet, Gounod, Pergol\u00e8se, Gr\u00e9try, Delibes, Terrasse y Offenbach.<\/div>\n<\/div>\n<\/div>\n<\/div>\n<\/div>\n<\/div>\n<\/div>\n<div class=\"vc_row wpb_row section vc_row-fluid vc_custom_1637348525210 grid_section\">\n<div class=\" section_inner clearfix\">\n<div class=\"section_inner_margin clearfix\">\n<div class=\"wpb_column vc_column_container vc_col-sm-8\">\n<div class=\"vc_column-inner \">\n<div class=\"wpb_wrapper\">\n<div><\/div>\n<div class=\"separator transparent \">Profesor de canto, es invitado por el Conservatorio Nacional Superior de M\u00fasica y Danza de Lyon para masterclasses dedicadas a la polifon\u00eda del Renacimiento y ense\u00f1a desde 2000 en el Conservatorio Nacional de Radiaci\u00f3n Regional de Toulon Provence M\u00e9diterran\u00e9e, despu\u00e9s de haber ense\u00f1ado diez a\u00f1os en el Conservatorio de Caen.<\/div>\n<\/p>\n<div class=\"separator transparent \">Con Les Voix Anim\u00e9es, explora el vasto repertorio de la m\u00fasica vocal <em>a capella<\/em>, especialmente la polifon\u00eda renacentista. Al fundar el conjunto en 2009, Luc Coadou cre\u00f3 una verdadera \u00abcaja de herramientas\u00bb sonora que le permite dar vida y voz a m\u00fasica poco conocida o incluso olvidada de los siglos XV y XVI. En el transcurso de la programaci\u00f3n del conjunto, los \u00abrenacientes\u00bb Josquin, Lassus, Palestrina, Victoria y Byrd dan nueva vida a nuestros o\u00eddos del siglo XXI, mezcl\u00e1ndose con obras de los \u00abcontempor\u00e1neos\u00bb Karol Beffa, Dimitri Tchesnokov, Tomas Bordalejo, L\u00e9o Collin, Rapha\u00ebl Languillat, Christophe Demarthe y Romain Bastard, compuestas especialmente para Les Voix Anim\u00e9es.  <\/div>\n<div><\/div>\n<div class=\"wpb_text_column wpb_content_element \">\n<div class=\"wpb_wrapper\">\n<\/div>\n<\/div>\n<\/div>\n<\/div>\n<\/div>\n<\/div>\n<\/div>\n<\/div>\n<\/div><\/div><\/div><div class=\"fusion-layout-column fusion_builder_column fusion-builder-column-19 fusion_builder_column_1_1 1_1 fusion-flex-column fusion-no-medium-visibility fusion-no-large-visibility\" style=\"--awb-bg-size:cover;--awb-width-large:100%;--awb-margin-top-large:0px;--awb-spacing-right-large:1.92%;--awb-margin-bottom-large:8%;--awb-spacing-left-large:1.92%;--awb-width-medium:100%;--awb-order-medium:0;--awb-spacing-right-medium:1.92%;--awb-spacing-left-medium:1.92%;--awb-width-small:100%;--awb-order-small:19;--awb-spacing-right-small:1.92%;--awb-spacing-left-small:1.92%;\"><div class=\"fusion-column-wrapper fusion-column-has-shadow fusion-flex-justify-content-flex-start fusion-content-layout-column\"><div class=\"fusion-text fusion-text-15\"><div id=\"Luc\" class=\"vc_row wpb_row section vc_row-fluid vc_custom_1637348509794 grid_section\">\n<div class=\" section_inner clearfix\">\n<div class=\"section_inner_margin clearfix\">\n<div class=\"wpb_column vc_column_container vc_col-sm-8\">\n<div class=\"vc_column-inner \">\n<div class=\"wpb_wrapper\">\n<div class=\"wpb_text_column wpb_content_element \">\n<div class=\"wpb_wrapper\">\n<p>Nacido bajo las brumas del Norte, al igual que los maestros franco-flamencos del Renacimiento, Luc Coadou pasa alegremente del estatus de cantante al de director de coro y de conjunto con una constante preocupaci\u00f3n por la pedagog\u00eda y la investigaci\u00f3n musicol\u00f3gica. Una cierta predilecci\u00f3n por los repertorios antiguos se encuentra en su trabajo universitario; es autor de investigaciones sobre el teatro l\u00edrico en la \u00e9poca de la Revoluci\u00f3n Francesa. <\/p>\n<\/div>\n<\/div>\n<div class=\"separator transparent \">El bar\u00edtono Luc Coadou comienza su carrera como ni\u00f1o cantante en la Man\u00e9canterie de Dunkerque Les Rossignolets. Realiza sus estudios de canto en Lille y se perfecciona con Rachel Yakar y Ren\u00e9 Jacobs en el Studio Versailles-Op\u00e9ra. <\/div>\n<div class=\"wpb_text_column wpb_content_element \">\n<div class=\"wpb_wrapper\">\n<p>Canta con numerosos conjuntos como La Chapelle Royale, Les Arts Florissants, Les Musiciens du Louvre, Les Talens Lyriques, Le Parlement de Musique, La Grande \u00c9curie et la Chambre du Roy y Le Concert Spirituel. Desde la m\u00fasica medieval hasta la creaci\u00f3n contempor\u00e1nea, su repertorio combina investigaci\u00f3n musical y eclecticismo. Act\u00faa en prestigiosos festivales y numerosas casas de \u00f3pera como cantante.  <\/p>\n<\/div>\n<\/div>\n<div class=\"separator transparent \">Como director, Luc Coadou dirige, entre otras obras, el Requiem y la Misa en Do de Mozart, las Vespro della Beata Vergine de Monteverdi, Didon et \u00c9n\u00e9e de Purcell, El Mes\u00edas de Georg Friedrich Haendel, y numerosas obras l\u00edricas del siglo XIX, incluyendo \u00f3peras poco conocidas de Boieldieu, Weber, Chabrier, Viardot, Bizet, Gounod, Pergol\u00e8se, Gr\u00e9try, Delibes, Terrasse y Offenbach.<\/div>\n<\/div>\n<\/div>\n<\/div>\n<\/div>\n<\/div>\n<\/div>\n<div class=\"vc_row wpb_row section vc_row-fluid vc_custom_1637348525210 grid_section\">\n<div class=\" section_inner clearfix\">\n<div class=\"section_inner_margin clearfix\">\n<div class=\"wpb_column vc_column_container vc_col-sm-8\">\n<div class=\"vc_column-inner \">\n<div class=\"wpb_wrapper\">\n<div><\/div>\n<div class=\"separator transparent \">Profesor de canto, es invitado por el Conservatorio Nacional Superior de M\u00fasica y Danza de Lyon para masterclasses dedicadas a la polifon\u00eda del Renacimiento y ense\u00f1a desde 2000 en el Conservatorio Nacional de Radiaci\u00f3n Regional de Toulon Provence M\u00e9diterran\u00e9e, despu\u00e9s de haber ense\u00f1ado diez a\u00f1os en el Conservatorio de Caen.<\/div>\n<div class=\"separator transparent \">Con Les Voix Anim\u00e9es, explora el vasto repertorio de la m\u00fasica vocal <em>a capella<\/em>, especialmente la polifon\u00eda renacentista. Al fundar el conjunto en 2009, Luc Coadou cre\u00f3 una verdadera \u00abcaja de herramientas\u00bb sonora que le permite dar vida y voz a m\u00fasica poco conocida o incluso olvidada de los siglos XV y XVI. En el transcurso de la programaci\u00f3n del conjunto, los \u00abrenacientes\u00bb Josquin, Lassus, Palestrina, Victoria y Byrd dan nueva vida a nuestros o\u00eddos del siglo XXI, mezcl\u00e1ndose con obras de los \u00abcontempor\u00e1neos\u00bb Karol Beffa, Dimitri Tchesnokov, Tomas Bordalejo, L\u00e9o Collin, Rapha\u00ebl Languillat, Christophe Demarthe y Romain Bastard, compuestas especialmente para Les Voix Anim\u00e9es.  <\/div>\n<div><\/div>\n<div class=\"wpb_text_column wpb_content_element \">\n<div class=\"wpb_wrapper\">\n<p><strong>En 2025, Luc presidir\u00e1 el Jurado por cuarta vez en el Concours Coral Internacional en Provenza.<\/strong><\/p>\n<\/div>\n<\/div>\n<\/div>\n<\/div>\n<\/div>\n<\/div>\n<\/div>\n<\/div>\n<\/div><\/div><\/div><div class=\"fusion-layout-column fusion_builder_column fusion-builder-column-20 fusion_builder_column_1_2 1_2 fusion-flex-column fusion-animated\" style=\"--awb-padding-top:8%;--awb-padding-right:8%;--awb-padding-bottom:0%;--awb-padding-top-medium:0px;--awb-padding-bottom-medium:0px;--awb-bg-size:cover;--awb-width-large:50%;--awb-margin-top-large:0px;--awb-spacing-right-large:3.84%;--awb-margin-bottom-large:0%;--awb-spacing-left-large:8.64%;--awb-width-medium:100%;--awb-spacing-right-medium:1.92%;--awb-margin-bottom-medium:70px;--awb-spacing-left-medium:1.92%;--awb-width-small:100%;--awb-order-small:20;--awb-spacing-right-small:1.92%;--awb-margin-bottom-small:0px;--awb-spacing-left-small:1.92%;\" data-animationType=\"fadeInUp\" data-animationDuration=\"1.0\" data-animationOffset=\"top-into-view\"><div class=\"fusion-column-wrapper fusion-column-has-shadow fusion-flex-justify-content-flex-start fusion-content-layout-column\"><div class=\"fusion-title title fusion-title-6 fusion-sep-none fusion-title-text fusion-title-size-two\" style=\"--awb-margin-top-small:0px;--awb-margin-right-small:0px;--awb-margin-bottom-small:10px;--awb-margin-left-small:0px;--awb-font-size:40px;\"><h2 class=\"fusion-title-heading title-heading-left fusion-responsive-typography-calculated\" style=\"margin:0;font-size:1em;--fontSize:40;line-height:1.2;\"><h2>STEVE DE VEIRMAN<\/h2><\/h2><\/div><div class=\"fusion-separator\" style=\"align-self: flex-start;margin-right:auto;margin-bottom:8%;width:100%;max-width:70px;\"><div class=\"fusion-separator-border sep-single sep-solid\" style=\"--awb-height:20px;--awb-amount:20px;border-color:var(--awb-color2);border-top-width:1px;\"><\/div><\/div><div class=\"fusion-text fusion-text-16\" style=\"--awb-font-size:19px;\"><p>El director de coro belga Steve De Veirman comenz\u00f3 su formaci\u00f3n musical en 1982 en la Muziekacademie Emiel Hullebroeck de Gentbrugge. Despu\u00e9s estudi\u00f3 en el Lemmensinstituut de Lovaina, donde combin\u00f3 la formaci\u00f3n instrumental (piano, violonchelo, flautas barrocas y canto) con conocimientos te\u00f3ricos y pedag\u00f3gicos. <\/p>\n<\/div><div class=\"fusion-separator\" style=\"align-self: flex-start;margin-right:auto;margin-bottom:8%;width:100%;max-width:70px;\"><div class=\"fusion-separator-border sep-single sep-solid\" style=\"--awb-height:20px;--awb-amount:20px;border-color:var(--awb-color2);border-top-width:1px;\"><\/div><\/div><\/div><\/div><div class=\"fusion-layout-column fusion_builder_column fusion-builder-column-21 fusion_builder_column_1_2 1_2 fusion-flex-column\" style=\"--awb-bg-size:cover;--awb-width-large:50%;--awb-margin-top-large:0px;--awb-spacing-right-large:8.64%;--awb-margin-bottom-large:3.5%;--awb-spacing-left-large:3.84%;--awb-width-medium:100%;--awb-spacing-right-medium:1.92%;--awb-spacing-left-medium:1.92%;--awb-width-small:100%;--awb-order-small:21;--awb-spacing-right-small:1.92%;--awb-spacing-left-small:1.92%;\"><div class=\"fusion-column-wrapper fusion-column-has-shadow fusion-flex-justify-content-flex-start fusion-content-layout-column\"><div class=\"fusion-image-element \" style=\"--awb-liftup-border-radius:10px;--awb-aspect-ratio: 100 \/ 94;--awb-object-position:60% 24%;--awb-caption-title-font-family:var(--h2_typography-font-family);--awb-caption-title-font-weight:var(--h2_typography-font-weight);--awb-caption-title-font-style:var(--h2_typography-font-style);--awb-caption-title-size:var(--h2_typography-font-size);--awb-caption-title-transform:var(--h2_typography-text-transform);--awb-caption-title-line-height:var(--h2_typography-line-height);--awb-caption-title-letter-spacing:var(--h2_typography-letter-spacing);\"><div class=\"awb-image-frame awb-image-frame-6 imageframe-liftup imageframe-6 fusion-animated\" data-animationType=\"fadeIn\" data-animationDuration=\"1.0\" data-animationOffset=\"top-into-view\"><span class=\" fusion-imageframe imageframe-none imageframe-6 has-aspect-ratio\" style=\"border-radius:10px;\"><img decoding=\"async\" width=\"250\" height=\"300\" alt=\"Dominic Scott\" title=\"Sin t\u00edtulo (705 x 847 px)\" src=\"https:\/\/www.choral-events.com\/wp-content\/uploads\/2026\/03\/Sans-titre-705-x-847-px-250x300.jpg\" class=\"img-responsive wp-image-52081 img-with-aspect-ratio\" data-parent-fit=\"cover\" data-parent-container=\".fusion-image-element\" srcset=\"https:\/\/www.choral-events.com\/wp-content\/uploads\/2026\/03\/Sans-titre-705-x-847-px-200x240.jpg 200w, https:\/\/www.choral-events.com\/wp-content\/uploads\/2026\/03\/Sans-titre-705-x-847-px-400x481.jpg 400w, https:\/\/www.choral-events.com\/wp-content\/uploads\/2026\/03\/Sans-titre-705-x-847-px-600x721.jpg 600w, https:\/\/www.choral-events.com\/wp-content\/uploads\/2026\/03\/Sans-titre-705-x-847-px.jpg 705w\" sizes=\"(max-width: 1024px) 100vw, (max-width: 640px) 100vw, 600px\" \/><\/span><\/div><\/div><\/div><\/div><div class=\"fusion-layout-column fusion_builder_column fusion-builder-column-22 fusion_builder_column_1_1 1_1 fusion-flex-column fusion-no-small-visibility\" style=\"--awb-bg-size:cover;--awb-width-large:100%;--awb-margin-top-large:0px;--awb-spacing-right-large:1.92%;--awb-margin-bottom-large:8%;--awb-spacing-left-large:1.92%;--awb-width-medium:100%;--awb-order-medium:0;--awb-spacing-right-medium:1.92%;--awb-spacing-left-medium:1.92%;--awb-width-small:100%;--awb-order-small:22;--awb-spacing-right-small:1.92%;--awb-spacing-left-small:1.92%;\"><div class=\"fusion-column-wrapper fusion-column-has-shadow fusion-flex-justify-content-flex-start fusion-content-layout-column\"><div class=\"fusion-text fusion-text-17 awb-text-cols fusion-text-columns-2\" style=\"--awb-columns:2;--awb-column-spacing:3em;--awb-rule-style:1px solid var(--awb-color2);\"><div class=\"wpb_text_column wpb_content_element \">\n<p>Para perfeccionar sus dotes de direcci\u00f3n coral, estudi\u00f3 con Florian Heyerick, Rudy Tas, Johan Van Bouwelen y Erik Van Nevel, antes de especializarse con el director y compositor Kurt Bikkembergs. Su experiencia coral y vocal se ha visto enriquecida por su participaci\u00f3n en proyectos con diversos conjuntos profesionales, como Ex Tempore, Collegium Brugense, Capella di Voce, Goeyvaerts Consort, Musa Horti y Psallentes. <\/p>\n<div class=\"wpb_wrapper\">\n<p>Steve De Veirman ha dirigido el coro infantil Papageno y el St. Camilluskoor, antes de pasar tres a\u00f1os como director musical del Arenberg Kamerorkest de Lovaina y de la Gentse Schola Cantorum de Gante. Tambi\u00e9n dirigi\u00f3 durante cinco a\u00f1os la Volwassenenkoor Vokamando. Tambi\u00e9n fue director principal del renombrado coro Cantabile-Gent desde septiembre de 2011 hasta su \u00faltimo concierto en abril de 2017.<\/p>\n<p>Hoy sigue siendo director de Jeugdorkest Forza Muzica, Kamerkoor Furiant, Jongerenkoor Furiakanti, Dameskoor Furiosa y Jeugdkoor Furiale.<\/p>\n<\/div>\n<\/div>\n<div class=\"wpb_text_column wpb_content_element \">\n<div class=\"wpb_wrapper\">&nbsp;<\/div>\n<\/div>\n<\/div><\/div><\/div><div class=\"fusion-layout-column fusion_builder_column fusion-builder-column-23 fusion_builder_column_1_1 1_1 fusion-flex-column fusion-no-medium-visibility fusion-no-large-visibility\" style=\"--awb-bg-size:cover;--awb-width-large:100%;--awb-margin-top-large:0px;--awb-spacing-right-large:1.92%;--awb-margin-bottom-large:8%;--awb-spacing-left-large:1.92%;--awb-width-medium:100%;--awb-order-medium:0;--awb-spacing-right-medium:1.92%;--awb-spacing-left-medium:1.92%;--awb-width-small:100%;--awb-order-small:23;--awb-spacing-right-small:1.92%;--awb-spacing-left-small:1.92%;\"><div class=\"fusion-column-wrapper fusion-column-has-shadow fusion-flex-justify-content-flex-start fusion-content-layout-column\"><div class=\"fusion-text fusion-text-18 fusion-no-medium-visibility fusion-no-large-visibility\"><div class=\"wpb_text_column wpb_content_element \">\n<p>Para perfeccionar sus dotes de direcci\u00f3n coral, estudi\u00f3 con Florian Heyerick, Rudy Tas, Johan Van Bouwelen y Erik Van Nevel, antes de especializarse con el director y compositor Kurt Bikkembergs. Su experiencia coral y vocal se ha visto enriquecida por su participaci\u00f3n en proyectos con diversos conjuntos profesionales, como Ex Tempore, Collegium Brugense, Capella di Voce, Goeyvaerts Consort, Musa Horti y Psallentes. <\/p>\n<div class=\"wpb_wrapper\">\n<p>Steve De Veirman ha dirigido el coro infantil Papageno y el St. Camilluskoor, antes de pasar tres a\u00f1os como director musical del Arenberg Kamerorkest de Lovaina y de la Gentse Schola Cantorum de Gante. Tambi\u00e9n dirigi\u00f3 durante cinco a\u00f1os la Volwassenenkoor Vokamando. Tambi\u00e9n fue director principal del renombrado coro Cantabile-Gent desde septiembre de 2011 hasta su \u00faltimo concierto en abril de 2017.<\/p>\n<p>Hoy sigue siendo director de Jeugdorkest Forza Muzica, Kamerkoor Furiant, Jongerenkoor Furiakanti, Dameskoor Furiosa y Jeugdkoor Furiale.<\/p>\n<\/div>\n<\/div>\n<div class=\"wpb_text_column wpb_content_element \">\n<div class=\"wpb_wrapper\">&nbsp;<\/div>\n<\/div>\n<\/div><\/div><\/div><div class=\"fusion-layout-column fusion_builder_column fusion-builder-column-24 fusion_builder_column_1_2 1_2 fusion-flex-column\" style=\"--awb-bg-size:cover;--awb-width-large:50%;--awb-margin-top-large:0px;--awb-spacing-right-large:8.64%;--awb-margin-bottom-large:7%;--awb-spacing-left-large:3.84%;--awb-width-medium:100%;--awb-spacing-right-medium:1.92%;--awb-spacing-left-medium:1.92%;--awb-width-small:100%;--awb-order-small:24;--awb-spacing-right-small:1.92%;--awb-spacing-left-small:1.92%;\"><div class=\"fusion-column-wrapper fusion-column-has-shadow fusion-flex-justify-content-flex-start fusion-content-layout-column\"><div class=\"fusion-image-element \" style=\"--awb-liftup-border-radius:10px;--awb-aspect-ratio: 100 \/ 90;--awb-object-position:47% 67%;--awb-caption-title-font-family:var(--h2_typography-font-family);--awb-caption-title-font-weight:var(--h2_typography-font-weight);--awb-caption-title-font-style:var(--h2_typography-font-style);--awb-caption-title-size:var(--h2_typography-font-size);--awb-caption-title-transform:var(--h2_typography-text-transform);--awb-caption-title-line-height:var(--h2_typography-line-height);--awb-caption-title-letter-spacing:var(--h2_typography-letter-spacing);\"><div class=\"awb-image-frame awb-image-frame-7 imageframe-liftup imageframe-7 fusion-animated\" data-animationType=\"fadeIn\" data-animationDuration=\"1.0\" data-animationOffset=\"top-into-view\"><span class=\" fusion-imageframe imageframe-none imageframe-7 has-aspect-ratio\" style=\"border-radius:10px;\"><img decoding=\"async\" width=\"200\" height=\"300\" alt=\"Dominic Scott\" title=\"DSC9189\" src=\"https:\/\/www.choral-events.com\/wp-content\/uploads\/2026\/03\/DSC9189-200x300.jpg\" class=\"img-responsive wp-image-52184 img-with-aspect-ratio\" data-parent-fit=\"cover\" data-parent-container=\".fusion-image-element\" srcset=\"https:\/\/www.choral-events.com\/wp-content\/uploads\/2026\/03\/DSC9189-200x300.jpg 200w, https:\/\/www.choral-events.com\/wp-content\/uploads\/2026\/03\/DSC9189-400x600.jpg 400w, https:\/\/www.choral-events.com\/wp-content\/uploads\/2026\/03\/DSC9189-600x900.jpg 600w, https:\/\/www.choral-events.com\/wp-content\/uploads\/2026\/03\/DSC9189-800x1200.jpg 800w, https:\/\/www.choral-events.com\/wp-content\/uploads\/2026\/03\/DSC9189-1200x1800.jpg 1200w, https:\/\/www.choral-events.com\/wp-content\/uploads\/2026\/03\/DSC9189-scaled.jpg 1707w\" sizes=\"(max-width: 1024px) 100vw, (max-width: 640px) 100vw, 600px\" \/><\/span><\/div><\/div><\/div><\/div><div class=\"fusion-layout-column fusion_builder_column fusion-builder-column-25 fusion_builder_column_1_2 1_2 fusion-flex-column fusion-animated\" style=\"--awb-padding-top:8%;--awb-padding-right:8%;--awb-padding-bottom:0%;--awb-padding-top-medium:0px;--awb-padding-bottom-medium:0px;--awb-bg-size:cover;--awb-width-large:50%;--awb-margin-top-large:0px;--awb-spacing-right-large:3.84%;--awb-margin-bottom-large:0%;--awb-spacing-left-large:8.64%;--awb-width-medium:100%;--awb-spacing-right-medium:1.92%;--awb-margin-bottom-medium:70px;--awb-spacing-left-medium:1.92%;--awb-width-small:100%;--awb-order-small:25;--awb-spacing-right-small:1.92%;--awb-margin-bottom-small:0px;--awb-spacing-left-small:1.92%;\" data-animationType=\"fadeInUp\" data-animationDuration=\"1.0\" data-animationOffset=\"top-into-view\"><div class=\"fusion-column-wrapper fusion-column-has-shadow fusion-flex-justify-content-flex-start fusion-content-layout-column\"><div class=\"fusion-title title fusion-title-7 fusion-sep-none fusion-title-text fusion-title-size-two\" style=\"--awb-margin-top-small:0px;--awb-margin-right-small:0px;--awb-margin-bottom-small:20px;--awb-margin-left-small:0px;--awb-font-size:40px;\"><h2 class=\"fusion-title-heading title-heading-left fusion-responsive-typography-calculated\" style=\"margin:0;font-size:1em;--fontSize:40;line-height:1.2;\">\u017dIGA KERT<\/h2><\/div><div class=\"fusion-separator\" style=\"align-self: flex-start;margin-right:auto;margin-bottom:8%;width:100%;max-width:70px;\"><div class=\"fusion-separator-border sep-single sep-solid\" style=\"--awb-height:20px;--awb-amount:20px;border-color:var(--awb-color2);border-top-width:1px;\"><\/div><\/div><div class=\"fusion-text fusion-text-19\" style=\"--awb-font-size:19px;\"><p>\u017diga Kert estudi\u00f3 pedagog\u00eda musical en la Academia de M\u00fasica de Liubliana, donde complet\u00f3 sus estudios con el prof. Marko Vatovec. Estudi\u00f3 direcci\u00f3n de orquesta en el Conservatorio Estatal de Carintia, en Klagenfurt (Austria), con el prof. Aleksej Kornienko, y m\u00e1s tarde con el prof. Martin A. Fuchsberger.    <\/p>\n<\/div><div class=\"fusion-separator\" style=\"align-self: flex-start;margin-right:auto;margin-bottom:8%;width:100%;max-width:70px;\"><div class=\"fusion-separator-border sep-single sep-solid\" style=\"--awb-height:20px;--awb-amount:20px;border-color:var(--awb-color2);border-top-width:1px;\"><\/div><\/div><\/div><\/div><div class=\"fusion-layout-column fusion_builder_column fusion-builder-column-26 fusion_builder_column_1_1 1_1 fusion-flex-column fusion-no-small-visibility\" style=\"--awb-bg-size:cover;--awb-width-large:100%;--awb-margin-top-large:0px;--awb-spacing-right-large:1.92%;--awb-margin-bottom-large:8%;--awb-spacing-left-large:1.92%;--awb-width-medium:100%;--awb-order-medium:0;--awb-spacing-right-medium:1.92%;--awb-spacing-left-medium:1.92%;--awb-width-small:100%;--awb-order-small:26;--awb-spacing-right-small:1.92%;--awb-spacing-left-small:1.92%;\"><div class=\"fusion-column-wrapper fusion-column-has-shadow fusion-flex-justify-content-flex-start fusion-content-layout-column\"><div class=\"fusion-text fusion-text-20 awb-text-cols fusion-text-columns-2\" style=\"--awb-columns:2;--awb-column-spacing:3em;--awb-rule-style:1px solid var(--awb-color2);\"><div class=\"wpb_text_column wpb_content_element \">\n<p>Estudi\u00f3 canto cl\u00e1sico con el mag. prof. Francka Senk. \u017diga empez\u00f3 a tocar el piano a los seis a\u00f1os en la escuela de m\u00fasica Piano Forte. Al crecer, cant\u00f3 en innumerables Coros infantiles y juveniles. Poco despu\u00e9s de ingresar en la Academia en 2011, \u017diga fund\u00f3 la Orquesta Sinf\u00f3nica Crescendo, que ofrece dos conciertos tem\u00e1ticos al a\u00f1o.     <\/p>\n<p>En 2015, fund\u00f3 el Coro Mixto Crescendo, que eligi\u00f3 para actuar en su concierto de m\u00e1ster en la academia en 2016; el coro se centra principalmente en la interpretaci\u00f3n de composiciones corales desafiantes. \u017diga participa regularmente en seminarios de direcci\u00f3n (Georg Gr\u00fcn, Toma\u017e Faganel, Gary Graden, Stojan Kuret, etc.), concursos corales (Eslovaquia \u2013 Bratislava, Rep\u00fablica Checa \u2013 Praga, Letonia \u2013 concurso Grand Prix, Grecia \u2013 Preveza, Eslovenia) y festivales\/simposios (Francia \u2013 Coros, Espa\u00f1a \u2013 Simposio Mundial de M\u00fasica Coral 2017, EE.UU. \u2013 ACDA).   <\/p>\n<p>Tambi\u00e9n ha participado en dos ocasiones en un taller de direcci\u00f3n con el mundialmente conocido compositor Brady Allred, PhD, en Salt Lake City, UT, EE.UU.  <\/p>\n<p>Actualmente, \u017diga ense\u00f1a m\u00fasica en la escuela primaria Predoslje de Kranj, donde tambi\u00e9n dirige dos Coros infantiles y un coro juvenil. Adem\u00e1s, dirige el coro juvenil mixto del instituto \u0160kofja Loka (Gimnazija \u0160kofja Loka), el coro mixto Crescendo, la orquesta sinf\u00f3nica Crescendo, el coro de la iglesia Upanje de Stra\u017ei\u0161\u010de, en Kranj, y el coro femenino Ro\u017e de St.  <\/p>\n<\/div>\n<div class=\"wpb_text_column wpb_content_element \">\n<div class=\"wpb_wrapper\">\n<\/div>\n<\/div>\n<\/div><\/div><\/div><div class=\"fusion-layout-column fusion_builder_column fusion-builder-column-27 fusion_builder_column_1_1 1_1 fusion-flex-column fusion-no-medium-visibility fusion-no-large-visibility\" style=\"--awb-bg-size:cover;--awb-width-large:100%;--awb-margin-top-large:0px;--awb-spacing-right-large:1.92%;--awb-margin-bottom-large:8%;--awb-spacing-left-large:1.92%;--awb-width-medium:100%;--awb-order-medium:0;--awb-spacing-right-medium:1.92%;--awb-spacing-left-medium:1.92%;--awb-width-small:100%;--awb-order-small:27;--awb-spacing-right-small:1.92%;--awb-spacing-left-small:1.92%;\"><div class=\"fusion-column-wrapper fusion-column-has-shadow fusion-flex-justify-content-flex-start fusion-content-layout-column\"><div class=\"fusion-text fusion-text-21 fusion-no-medium-visibility fusion-no-large-visibility\"><div class=\"wpb_text_column wpb_content_element \">\n<p>Camilo Santostefano es licenciado en direcci\u00f3n coral por la Universidad Nacional de las Artes de Buenos Aires. Tambi\u00e9n es profesor de m\u00fasica y de guitarra en el Conservatorio de Mor\u00f3n (Argentina). En la Universidad UNCUYO de Argentina, realiz\u00f3 estudios de postgrado en \u00abInterpretaci\u00f3n de la m\u00fasica latinoamericana del siglo XX\u00bb.  <\/p>\n<div class=\"wpb_wrapper\">\n<p>Recibi\u00f3 el Premio Konex al M\u00e9rito en Direcci\u00f3n Coral 2019, como uno de los 100 m\u00fasicos argentinos m\u00e1s influyentes del per\u00edodo 2009-2018.<br \/>Actualmente dirige el Coro Polif\u00f3nico de C\u00f3rdoba, el coro profesional del Teatro del Libertador San Mart\u00edn de C\u00f3rdoba, Argentina.<\/p>\n<p>Camilo es el fundador y director del MusicaQuantica Voces de C\u00e1mara, galardonado con numerosos premios en todo el mundo: Gran Premio Ave Verum (Austria 2012), Gran Premio Floril\u00e8ge Vocal de Tours (Francia 2012), Finalista del Gran Premio Europeo (Italia 2013), Embajador de la IFCM (Corea del Sur 2014), as\u00ed como numerosos premios en su pa\u00eds de origen, Argentina. Tambi\u00e9n recibi\u00f3 el Primer Premio de Direcci\u00f3n de Orquesta en 2014 en el Concours de la Universidad Maim\u00f3nides, as\u00ed como el Premio FNA al Mejor Director de Orquesta en Ansilta 2010, San Juan, Argentina. <\/p>\n<\/div>\n<\/div>\n<div class=\"separator transparent \">Fund\u00f3 y dirigi\u00f3 entre 2009 y 2018 la compa\u00f1\u00eda de \u00f3pera L\u00edrica Lado B (que gan\u00f3 el premio de est\u00edmulo de la ACMA en 2015), y con la que cre\u00f3 numerosas \u00f3peras en Am\u00e9rica del Sur.<\/div>\n<div class=\"wpb_text_column wpb_content_element \">\n<div class=\"wpb_wrapper\">\n<p>Fund\u00f3 y dirigi\u00f3 el Coro Carlos L\u00f3pez Buchardo de la Universidad Nacional de las Artes (Premio FAUNA 2017) entre 2013 y 2022.<br \/>Adem\u00e1s, Camilo fue director del Coro de la Escuela Nacional de Buenos Aires, as\u00ed como de su Coro de C\u00e1mara Amadeo Jacques.<\/p>\n<p>Vivi\u00f3 en Austria entre 2019 y 2022, donde fue director de orquesta del Gumpoldskirchner Spatzen, del Cantilena Kammer Frauenchor, del Ensemble KammerAT, del Melange Vocal Wien y director invitado del Wiener Tonkunstvereinigung Chor und Orchester.<\/p>\n<p>Camilo es tambi\u00e9n director invitado del National Youth Choir of Wales (Reino Unido), del Red Coral de Medell\u00edn (Colombia), del Fullerton College de Los \u00c1ngeles (Estados Unidos) y del Coro Polif\u00f3nico Nacional (Argentina).<\/p>\n<p>Ha ense\u00f1ado direcci\u00f3n de orquesta en el Conservatorio Astor Piazzolla de Buenos Aires. Franc\u00e9s. <\/p>\n<p>Tambi\u00e9n ha impartido masterclasses y conferencias en Argentina, Uruguay, Colombia, Paraguay, Estados Unidos y Gales.<br \/>Como compositor, gan\u00f3 el primer premio del 80\u00ba aniversario del Conservatorio Nacional de Buenos Aires y el 2\u00ba premio del Concours de composici\u00f3n de \u00f3pera de c\u00e1mara \u00abOperaVista\u00bb en Houston, Estados Unidos.<\/p>\n<p>Como miembro del jurado, particip\u00f3 en 2022 en el Concours internacional de coros con Choral Events, Provenza, Francia, as\u00ed como en el Concours internacional de coros Victoria Adriatic Choral Competition y en el We Are Singing, Opatija, Croacia;<\/p>\n<p>En 2016: Consejo art\u00edstico del VIII Festival Am\u00e9rica Cantat, Am\u00e9rica Cantat, Nassau, Bahamas;<\/p>\n<p>En 2015: VIII Concours de interpretaci\u00f3n de m\u00fasica coral sudamericana, AAMCANT, La Plata, Argentina;<\/p>\n<p>En 2013: Concours de arreglos corales, AAMCANT, La Plata, Argentina.<\/p>\n<\/div>\n<\/div>\n<\/div><\/div><\/div><div class=\"fusion-layout-column fusion_builder_column fusion-builder-column-28 fusion_builder_column_1_1 1_1 fusion-flex-column\" style=\"--awb-bg-size:cover;--awb-width-large:100%;--awb-margin-top-large:0px;--awb-spacing-right-large:1.92%;--awb-margin-bottom-large:8%;--awb-spacing-left-large:1.92%;--awb-width-medium:100%;--awb-order-medium:0;--awb-spacing-right-medium:1.92%;--awb-spacing-left-medium:1.92%;--awb-width-small:100%;--awb-order-small:28;--awb-spacing-right-small:1.92%;--awb-spacing-left-small:1.92%;\"><div class=\"fusion-column-wrapper fusion-column-has-shadow fusion-flex-justify-content-flex-start fusion-content-layout-column\"><div style=\"text-align:center;\"><a class=\"fusion-button button-flat fusion-button-default-size button-default fusion-button-default button-1 fusion-button-default-span fusion-button-default-type\" target=\"_blank\" rel=\"noopener noreferrer\" href=\"https:\/\/www.choral-events.com\/es\/festival\/concours-coral-internacional-en-provenza-2026\/\"><span class=\"fusion-button-text awb-button__text awb-button__text--default\">Encuentre toda la informaci\u00f3n sobre el Concours<\/span><\/a><\/div><\/div><\/div><\/div><\/div>\n","protected":false},"excerpt":{"rendered":"","protected":false},"author":3,"featured_media":0,"parent":0,"menu_order":0,"comment_status":"closed","ping_status":"closed","template":"100-width.php","meta":{"_acf_changed":false,"content-type":"","footnotes":""},"class_list":["post-51907","page","type-page","status-publish","hentry"],"acf":[],"yoast_head":"<!-- This site is optimized with the Yoast SEO plugin v27.5 - https:\/\/yoast.com\/product\/yoast-seo-wordpress\/ -->\n<title>El Jurado 2026 | Choral Events<\/title>\n<meta name=\"robots\" content=\"index, follow, max-snippet:-1, max-image-preview:large, max-video-preview:-1\" \/>\n<link rel=\"canonical\" href=\"https:\/\/www.choral-events.com\/es\/el-jurado-2025-2\/\" \/>\n<meta property=\"og:locale\" content=\"es_ES\" \/>\n<meta property=\"og:type\" content=\"article\" \/>\n<meta property=\"og:title\" content=\"El Jurado 2026 | Choral Events\" \/>\n<meta property=\"og:url\" content=\"https:\/\/www.choral-events.com\/es\/el-jurado-2025-2\/\" \/>\n<meta property=\"og:site_name\" content=\"Choral Events\" \/>\n<meta property=\"article:publisher\" content=\"https:\/\/www.facebook.com\/festival.concours.chorales\" \/>\n<meta property=\"article:modified_time\" content=\"2026-03-16T10:56:44+00:00\" \/>\n<meta property=\"og:image\" content=\"https:\/\/www.choral-events.com\/wp-content\/uploads\/2026\/03\/Choral-Events-Yoast.jpg\" \/>\n\t<meta property=\"og:image:width\" content=\"1200\" \/>\n\t<meta property=\"og:image:height\" content=\"675\" \/>\n\t<meta property=\"og:image:type\" content=\"image\/jpeg\" \/>\n<meta name=\"twitter:card\" content=\"summary_large_image\" \/>\n<script type=\"application\/ld+json\" class=\"yoast-schema-graph\">{\"@context\":\"https:\\\/\\\/schema.org\",\"@graph\":[{\"@type\":\"WebPage\",\"@id\":\"https:\\\/\\\/www.choral-events.com\\\/es\\\/el-jurado-2025-2\\\/\",\"url\":\"https:\\\/\\\/www.choral-events.com\\\/es\\\/el-jurado-2025-2\\\/\",\"name\":\"El Jurado 2026 | Choral Events\",\"isPartOf\":{\"@id\":\"https:\\\/\\\/www.choral-events.com\\\/es\\\/#website\"},\"datePublished\":\"2026-03-12T09:29:09+00:00\",\"dateModified\":\"2026-03-16T10:56:44+00:00\",\"breadcrumb\":{\"@id\":\"https:\\\/\\\/www.choral-events.com\\\/es\\\/el-jurado-2025-2\\\/#breadcrumb\"},\"inLanguage\":\"es\",\"potentialAction\":[{\"@type\":\"ReadAction\",\"target\":[\"https:\\\/\\\/www.choral-events.com\\\/es\\\/el-jurado-2025-2\\\/\"]}]},{\"@type\":\"BreadcrumbList\",\"@id\":\"https:\\\/\\\/www.choral-events.com\\\/es\\\/el-jurado-2025-2\\\/#breadcrumb\",\"itemListElement\":[{\"@type\":\"ListItem\",\"position\":1,\"name\":\"Accueil\",\"item\":\"https:\\\/\\\/www.choral-events.com\\\/es\\\/inicio\\\/\"},{\"@type\":\"ListItem\",\"position\":2,\"name\":\"El Jurado 2026\"}]},{\"@type\":\"WebSite\",\"@id\":\"https:\\\/\\\/www.choral-events.com\\\/es\\\/#website\",\"url\":\"https:\\\/\\\/www.choral-events.com\\\/es\\\/\",\"name\":\"Choral Events\",\"description\":\"Cr\u00e9ateur d&#039;\u00e9motions musicales\",\"publisher\":{\"@id\":\"https:\\\/\\\/www.choral-events.com\\\/es\\\/#organization\"},\"potentialAction\":[{\"@type\":\"SearchAction\",\"target\":{\"@type\":\"EntryPoint\",\"urlTemplate\":\"https:\\\/\\\/www.choral-events.com\\\/es\\\/?s={search_term_string}\"},\"query-input\":{\"@type\":\"PropertyValueSpecification\",\"valueRequired\":true,\"valueName\":\"search_term_string\"}}],\"inLanguage\":\"es\"},{\"@type\":\"Organization\",\"@id\":\"https:\\\/\\\/www.choral-events.com\\\/es\\\/#organization\",\"name\":\"Choral Events\",\"url\":\"https:\\\/\\\/www.choral-events.com\\\/es\\\/\",\"logo\":{\"@type\":\"ImageObject\",\"inLanguage\":\"es\",\"@id\":\"https:\\\/\\\/www.choral-events.com\\\/es\\\/#\\\/schema\\\/logo\\\/image\\\/\",\"url\":\"https:\\\/\\\/www.choral-events.com\\\/wp-content\\\/uploads\\\/2025\\\/11\\\/logo-choral-events-fond-blanc.png\",\"contentUrl\":\"https:\\\/\\\/www.choral-events.com\\\/wp-content\\\/uploads\\\/2025\\\/11\\\/logo-choral-events-fond-blanc.png\",\"width\":1361,\"height\":399,\"caption\":\"Choral Events\"},\"image\":{\"@id\":\"https:\\\/\\\/www.choral-events.com\\\/es\\\/#\\\/schema\\\/logo\\\/image\\\/\"},\"sameAs\":[\"https:\\\/\\\/www.facebook.com\\\/festival.concours.chorales\",\"https:\\\/\\\/www.instagram.com\\\/choralevents\\\/\",\"https:\\\/\\\/www.youtube.com\\\/channel\\\/UCFeTEnm9LTKGSQrfHyLRksw\"]}]}<\/script>\n<!-- \/ Yoast SEO plugin. -->","yoast_head_json":{"title":"El Jurado 2026 | Choral Events","robots":{"index":"index","follow":"follow","max-snippet":"max-snippet:-1","max-image-preview":"max-image-preview:large","max-video-preview":"max-video-preview:-1"},"canonical":"https:\/\/www.choral-events.com\/es\/el-jurado-2025-2\/","og_locale":"es_ES","og_type":"article","og_title":"El Jurado 2026 | Choral Events","og_url":"https:\/\/www.choral-events.com\/es\/el-jurado-2025-2\/","og_site_name":"Choral Events","article_publisher":"https:\/\/www.facebook.com\/festival.concours.chorales","article_modified_time":"2026-03-16T10:56:44+00:00","og_image":[{"width":1200,"height":675,"url":"https:\/\/www.choral-events.com\/wp-content\/uploads\/2026\/03\/Choral-Events-Yoast.jpg","type":"image\/jpeg"}],"twitter_card":"summary_large_image","schema":{"@context":"https:\/\/schema.org","@graph":[{"@type":"WebPage","@id":"https:\/\/www.choral-events.com\/es\/el-jurado-2025-2\/","url":"https:\/\/www.choral-events.com\/es\/el-jurado-2025-2\/","name":"El Jurado 2026 | Choral Events","isPartOf":{"@id":"https:\/\/www.choral-events.com\/es\/#website"},"datePublished":"2026-03-12T09:29:09+00:00","dateModified":"2026-03-16T10:56:44+00:00","breadcrumb":{"@id":"https:\/\/www.choral-events.com\/es\/el-jurado-2025-2\/#breadcrumb"},"inLanguage":"es","potentialAction":[{"@type":"ReadAction","target":["https:\/\/www.choral-events.com\/es\/el-jurado-2025-2\/"]}]},{"@type":"BreadcrumbList","@id":"https:\/\/www.choral-events.com\/es\/el-jurado-2025-2\/#breadcrumb","itemListElement":[{"@type":"ListItem","position":1,"name":"Accueil","item":"https:\/\/www.choral-events.com\/es\/inicio\/"},{"@type":"ListItem","position":2,"name":"El Jurado 2026"}]},{"@type":"WebSite","@id":"https:\/\/www.choral-events.com\/es\/#website","url":"https:\/\/www.choral-events.com\/es\/","name":"Choral Events","description":"Cr\u00e9ateur d&#039;\u00e9motions musicales","publisher":{"@id":"https:\/\/www.choral-events.com\/es\/#organization"},"potentialAction":[{"@type":"SearchAction","target":{"@type":"EntryPoint","urlTemplate":"https:\/\/www.choral-events.com\/es\/?s={search_term_string}"},"query-input":{"@type":"PropertyValueSpecification","valueRequired":true,"valueName":"search_term_string"}}],"inLanguage":"es"},{"@type":"Organization","@id":"https:\/\/www.choral-events.com\/es\/#organization","name":"Choral Events","url":"https:\/\/www.choral-events.com\/es\/","logo":{"@type":"ImageObject","inLanguage":"es","@id":"https:\/\/www.choral-events.com\/es\/#\/schema\/logo\/image\/","url":"https:\/\/www.choral-events.com\/wp-content\/uploads\/2025\/11\/logo-choral-events-fond-blanc.png","contentUrl":"https:\/\/www.choral-events.com\/wp-content\/uploads\/2025\/11\/logo-choral-events-fond-blanc.png","width":1361,"height":399,"caption":"Choral Events"},"image":{"@id":"https:\/\/www.choral-events.com\/es\/#\/schema\/logo\/image\/"},"sameAs":["https:\/\/www.facebook.com\/festival.concours.chorales","https:\/\/www.instagram.com\/choralevents\/","https:\/\/www.youtube.com\/channel\/UCFeTEnm9LTKGSQrfHyLRksw"]}]}},"_links":{"self":[{"href":"https:\/\/www.choral-events.com\/es\/wp-json\/wp\/v2\/pages\/51907","targetHints":{"allow":["GET"]}}],"collection":[{"href":"https:\/\/www.choral-events.com\/es\/wp-json\/wp\/v2\/pages"}],"about":[{"href":"https:\/\/www.choral-events.com\/es\/wp-json\/wp\/v2\/types\/page"}],"author":[{"embeddable":true,"href":"https:\/\/www.choral-events.com\/es\/wp-json\/wp\/v2\/users\/3"}],"replies":[{"embeddable":true,"href":"https:\/\/www.choral-events.com\/es\/wp-json\/wp\/v2\/comments?post=51907"}],"version-history":[{"count":17,"href":"https:\/\/www.choral-events.com\/es\/wp-json\/wp\/v2\/pages\/51907\/revisions"}],"predecessor-version":[{"id":52187,"href":"https:\/\/www.choral-events.com\/es\/wp-json\/wp\/v2\/pages\/51907\/revisions\/52187"}],"wp:attachment":[{"href":"https:\/\/www.choral-events.com\/es\/wp-json\/wp\/v2\/media?parent=51907"}],"curies":[{"name":"wp","href":"https:\/\/api.w.org\/{rel}","templated":true}]}}