{"id":50835,"date":"2026-03-06T08:39:20","date_gmt":"2026-03-06T07:39:20","guid":{"rendered":"https:\/\/www.choral-events.com\/archives-chorales-2025-test\/"},"modified":"2026-03-06T09:26:37","modified_gmt":"2026-03-06T08:26:37","slug":"archives-chorales-2025-test","status":"publish","type":"page","link":"https:\/\/www.choral-events.com\/es\/archives-chorales-2025-test\/","title":{"rendered":"Archivos Coros 2025 (Test)"},"content":{"rendered":"<p><div class=\"fusion-fullwidth fullwidth-box fusion-builder-row-1 fusion-flex-container has-pattern-background has-mask-background nonhundred-percent-fullwidth non-hundred-percent-height-scrolling\" style=\"--awb-border-radius-top-left:0px;--awb-border-radius-top-right:0px;--awb-border-radius-bottom-right:0px;--awb-border-radius-bottom-left:0px;--awb-padding-top:0%;--awb-padding-bottom:0%;--awb-flex-wrap:wrap;\" ><div class=\"fusion-builder-row fusion-row fusion-flex-align-items-flex-start fusion-flex-content-wrap\" style=\"max-width:1289.6px;margin-left: calc(-4% \/ 2 );margin-right: calc(-4% \/ 2 );\"><div class=\"fusion-layout-column fusion_builder_column fusion-builder-column-0 fusion_builder_column_1_1 1_1 fusion-flex-column fusion-flex-align-self-flex-start fusion-column-no-min-height fusion-animated\" style=\"--awb-padding-top:40px;--awb-padding-right:40px;--awb-padding-bottom:40px;--awb-padding-left:40px;--awb-overflow:hidden;--awb-bg-color:var(--awb-color5);--awb-bg-color-hover:var(--awb-color5);--awb-bg-size:cover;--awb-border-radius:8px 8px 8px 8px;--awb-width-large:100%;--awb-margin-top-large:0px;--awb-spacing-right-large:1.92%;--awb-margin-bottom-large:5%;--awb-spacing-left-large:1.92%;--awb-width-medium:100%;--awb-spacing-right-medium:1.92%;--awb-spacing-left-medium:1.92%;--awb-width-small:100%;--awb-spacing-right-small:1.92%;--awb-spacing-left-small:1.92%;\" data-animationType=\"fadeIn\" data-animationDuration=\"1.0\" data-animationOffset=\"top-into-view\"><div class=\"fusion-column-wrapper fusion-column-has-shadow fusion-flex-justify-content-flex-start fusion-content-layout-column\"><div class=\"fusion-separator fusion-no-large-visibility\" style=\"align-self: center;margin-left: auto;margin-right: auto;margin-top:5%;width:100%;max-width:70px;\"><\/div><div class=\"fusion-title title fusion-title-1 fusion-sep-none fusion-title-center fusion-title-text fusion-title-size-two fusion-animated\" style=\"--awb-margin-bottom:0px;--awb-margin-top-small:0px;--awb-margin-right-small:0px;--awb-margin-bottom-small:20px;--awb-margin-left-small:0px;--awb-font-size:40px;\" data-animationType=\"fadeInDown\" data-animationOffset=\"top-into-view\"><h2 class=\"fusion-title-heading title-heading-center fusion-responsive-typography-calculated\" style=\"margin:0;letter-spacing:var(--awb-custom_typography_1-letter-spacing);text-transform:var(--awb-custom_typography_1-text-transform);font-size:1em;--fontSize:40;line-height:var(--awb-custom_typography_1-line-height);\">Los coros internacionales<\/h2><\/div><div class=\"fusion-title title fusion-title-2 fusion-sep-none fusion-title-center fusion-title-text fusion-title-size-three\" style=\"--awb-text-color:var(--awb-color7);--awb-margin-top-small:0px;--awb-margin-right-small:0px;--awb-margin-bottom-small:20px;--awb-margin-left-small:0px;--awb-font-size:30px;\"><h3 class=\"fusion-title-heading title-heading-center fusion-responsive-typography-calculated\" style=\"font-family:&quot;Cinzel&quot;;font-style:normal;font-weight:500;margin:0;text-transform:uppercase;font-size:1em;--fontSize:30;line-height:var(--awb-typography1-line-height);\">Archivos Coros 2025 (Test)<\/h3><\/div><div class=\"fusion-separator\" style=\"align-self: center;margin-left: auto;margin-right: auto;width:100%;max-width:70px;\"><div class=\"fusion-separator-border sep-single sep-solid\" style=\"--awb-height:20px;--awb-amount:20px;--awb-sep-color:var(--awb-color4);border-color:var(--awb-color4);border-top-width:1px;\"><\/div><\/div><div class=\"fusion-text fusion-text-1 fusion-animated\" style=\"--awb-content-alignment:center;--awb-font-size:18px;--awb-text-color:var(--awb-color8);--awb-margin-top:20px;\" data-animationType=\"fadeIn\" data-animationDuration=\"0.3\" data-animationOffset=\"top-into-view\"><p>Han participado en festivales internacionales de canto coral en Francia y en el extranjero con Choral Events.<br \/>\n\u00bfUsted tambi\u00e9n desea participar en un festival? Descubra nuestras agendas interactivas:<\/p>\n<\/div><div class=\"fusion-builder-row fusion-builder-row-inner fusion-row fusion-flex-align-items-flex-start fusion-flex-content-wrap\" style=\"--awb-min-height:no;--awb-min-height-medium:no;--awb-min-height-small:no;--awb-flex-grow:0;--awb-flex-grow-medium:0;--awb-flex-grow-small:0;--awb-flex-shrink:0;--awb-flex-shrink-medium:0;--awb-flex-shrink-small:0;width:104% !important;max-width:104% !important;margin-left: calc(-4% \/ 2 );margin-right: calc(-4% \/ 2 );\"><div class=\"fusion-layout-column fusion_builder_column_inner fusion-builder-nested-column-0 fusion_builder_column_inner_1_2 1_2 fusion-flex-column\" style=\"--awb-bg-size:cover;--awb-width-large:50%;--awb-margin-top-large:0px;--awb-spacing-right-large:3.84%;--awb-margin-bottom-large:1%;--awb-spacing-left-large:3.84%;--awb-width-medium:100%;--awb-order-medium:0;--awb-spacing-right-medium:1.92%;--awb-spacing-left-medium:1.92%;--awb-width-small:100%;--awb-order-small:0;--awb-spacing-right-small:1.92%;--awb-spacing-left-small:1.92%;\"><div class=\"fusion-column-wrapper fusion-column-has-shadow fusion-flex-justify-content-flex-start fusion-content-layout-column\"><div style=\"text-align:center;\"><a class=\"fusion-button button-flat fusion-button-default-size button-custom fusion-button-default button-1 fusion-button-default-span \" style=\"--button_accent_color:var(--awb-color7);--button_border_color:var(--awb-color4);--button_accent_hover_color:var(--awb-color4);--button_border_hover_color:var(--awb-color4);--button_gradient_top_color:var(--awb-color1);--button_gradient_bottom_color:var(--awb-color1);--button_gradient_top_color_hover:var(--awb-color1);--button_gradient_bottom_color_hover:var(--awb-color1);\" target=\"_self\" href=\"https:\/\/programme-festival-choral2024.my.canva.site\/fr-agenda-site-2026\"><span class=\"fusion-button-text awb-button__text awb-button__text--default\">Agenda interactiva de festivales 2026<\/span><i class=\"fa-download fas awb-button__icon awb-button__icon--default button-icon-right\" aria-hidden=\"true\"><\/i><\/a><\/div><\/div><\/div><div class=\"fusion-layout-column fusion_builder_column_inner fusion-builder-nested-column-1 fusion_builder_column_inner_1_2 1_2 fusion-flex-column\" style=\"--awb-bg-size:cover;--awb-width-large:50%;--awb-margin-top-large:0px;--awb-spacing-right-large:3.84%;--awb-margin-bottom-large:0%;--awb-spacing-left-large:3.84%;--awb-width-medium:100%;--awb-order-medium:0;--awb-spacing-right-medium:1.92%;--awb-spacing-left-medium:1.92%;--awb-width-small:100%;--awb-order-small:0;--awb-spacing-right-small:1.92%;--awb-spacing-left-small:1.92%;\"><div class=\"fusion-column-wrapper fusion-column-has-shadow fusion-flex-justify-content-flex-start fusion-content-layout-column\"><div style=\"text-align:center;\"><a class=\"fusion-button button-flat fusion-button-default-size button-custom fusion-button-default button-2 fusion-button-default-span \" style=\"--button_accent_color:var(--awb-color7);--button_border_color:var(--awb-color4);--button_accent_hover_color:var(--awb-color4);--button_border_hover_color:var(--awb-color4);--button_gradient_top_color:var(--awb-color1);--button_gradient_bottom_color:var(--awb-color1);--button_gradient_top_color_hover:var(--awb-color1);--button_gradient_bottom_color_hover:var(--awb-color1);\" target=\"_self\" href=\"https:\/\/programme-festival-choral2024.my.canva.site\/esp-agenda-2027\"><span class=\"fusion-button-text awb-button__text awb-button__text--default\">Agenda interactiva de festivales 2027<\/span><i class=\"fa-download fas awb-button__icon awb-button__icon--default button-icon-right\" aria-hidden=\"true\"><\/i><\/a><\/div><\/div><\/div><\/div><\/div><\/div><\/div><\/div><div class=\"fusion-fullwidth fullwidth-box fusion-builder-row-2 fusion-flex-container has-pattern-background has-mask-background hundred-percent-fullwidth non-hundred-percent-height-scrolling fusion-no-small-visibility\" style=\"--awb-border-radius-top-left:0px;--awb-border-radius-top-right:0px;--awb-border-radius-bottom-right:0px;--awb-border-radius-bottom-left:0px;--awb-padding-top:0%;--awb-padding-right:6%;--awb-padding-left:6%;--awb-flex-wrap:wrap;\" ><div class=\"fusion-builder-row fusion-row fusion-flex-align-items-flex-start fusion-flex-content-wrap\" style=\"width:104% !important;max-width:104% !important;margin-left: calc(-4% \/ 2 );margin-right: calc(-4% \/ 2 );\"><div class=\"fusion-layout-column fusion_builder_column fusion-builder-column-1 fusion_builder_column_1_1 1_1 fusion-flex-column fusion-flex-align-self-stretch\" style=\"--awb-bg-size:cover;--awb-width-large:100%;--awb-margin-top-large:0px;--awb-spacing-right-large:1.92%;--awb-margin-bottom-large:8%;--awb-spacing-left-large:1.92%;--awb-width-medium:100%;--awb-order-medium:0;--awb-spacing-right-medium:1.92%;--awb-spacing-left-medium:1.92%;--awb-width-small:100%;--awb-order-small:0;--awb-spacing-right-small:1.92%;--awb-spacing-left-small:1.92%;\"><div class=\"fusion-column-wrapper fusion-column-has-shadow fusion-flex-justify-content-flex-start fusion-content-layout-column\"><div class=\"fusion-post-cards fusion-post-cards-1 fusion-grid-archive fusion-grid-columns-4\" style=\"--awb-column-spacing:61px;--awb-dots-align:center;--awb-filters-hover-color:var(--awb-color7);--awb-active-filter-border-size:3px;--awb-filters-height:36px;--awb-filters-alignment-medium:flex-start;--awb-filters-alignment-small:center;\" data-post-type-label=\"chorales\"><div><ul class=\"fusion-filters\" role=\"menu\" aria-label=\"Post Filters\"><li role=\"presentation\" class=\"fusion-filter fusion-hidden fusion-active\"><a href=\"#\" data-filter=\".2019\" role=\"menuitem\">2019<\/a><\/li><li role=\"presentation\" class=\"fusion-filter fusion-hidden\"><a href=\"#\" data-filter=\".2022\" role=\"menuitem\">2022<\/a><\/li><li role=\"presentation\" class=\"fusion-filter fusion-hidden\"><a href=\"#\" data-filter=\".2023\" role=\"menuitem\">2023<\/a><\/li><li role=\"presentation\" class=\"fusion-filter fusion-hidden\"><a href=\"#\" data-filter=\".2024\" role=\"menuitem\">2024<\/a><\/li><li role=\"presentation\" class=\"fusion-filter fusion-hidden\"><a href=\"#\" data-filter=\".2025\" role=\"menuitem\">2025<\/a><\/li><li role=\"presentation\" class=\"fusion-filter fusion-hidden\"><a href=\"#\" data-filter=\".2026\" role=\"menuitem\">2026<\/a><\/li><li role=\"presentation\" class=\"fusion-filter fusion-hidden\"><a href=\"#\" data-filter=\".alemania\" role=\"menuitem\">Alemania<\/a><\/li><li role=\"presentation\" class=\"fusion-filter fusion-hidden\"><a href=\"#\" data-filter=\".argentina\" role=\"menuitem\">Argentina<\/a><\/li><li role=\"presentation\" class=\"fusion-filter fusion-hidden\"><a href=\"#\" data-filter=\".australia\" role=\"menuitem\">Australia<\/a><\/li><li role=\"presentation\" class=\"fusion-filter fusion-hidden\"><a href=\"#\" data-filter=\".belgica\" role=\"menuitem\">B\u00e9lgica<\/a><\/li><li role=\"presentation\" class=\"fusion-filter fusion-hidden\"><a href=\"#\" data-filter=\".bulgaria\" role=\"menuitem\">Bulgaria<\/a><\/li><li role=\"presentation\" class=\"fusion-filter fusion-hidden\"><a href=\"#\" data-filter=\".canada\" role=\"menuitem\">Canad\u00e1<\/a><\/li><li role=\"presentation\" class=\"fusion-filter fusion-hidden\"><a href=\"#\" data-filter=\".china\" role=\"menuitem\">China<\/a><\/li><li role=\"presentation\" class=\"fusion-filter fusion-hidden\"><a href=\"#\" data-filter=\".chipre\" role=\"menuitem\">Chipre<\/a><\/li><li role=\"presentation\" class=\"fusion-filter fusion-hidden\"><a href=\"#\" data-filter=\".croacia\" role=\"menuitem\">Croacia<\/a><\/li><li role=\"presentation\" class=\"fusion-filter fusion-hidden\"><a href=\"#\" data-filter=\".dinamarca\" role=\"menuitem\">Dinamarca<\/a><\/li><li role=\"presentation\" class=\"fusion-filter fusion-hidden\"><a href=\"#\" data-filter=\".emiratos-arabes-unidos\" role=\"menuitem\">Emiratos \u00c1rabes Unidos<\/a><\/li><li role=\"presentation\" class=\"fusion-filter fusion-hidden\"><a href=\"#\" data-filter=\".eslovaquia\" role=\"menuitem\">Eslovaquia<\/a><\/li><li role=\"presentation\" class=\"fusion-filter fusion-hidden\"><a href=\"#\" data-filter=\".eslovenia\" role=\"menuitem\">Eslovenia<\/a><\/li><li role=\"presentation\" class=\"fusion-filter fusion-hidden\"><a href=\"#\" data-filter=\".espana\" role=\"menuitem\">Espa\u00f1a<\/a><\/li><li role=\"presentation\" class=\"fusion-filter fusion-hidden\"><a href=\"#\" data-filter=\".estonia\" role=\"menuitem\">Estonia<\/a><\/li><li role=\"presentation\" class=\"fusion-filter fusion-hidden\"><a href=\"#\" data-filter=\".francia\" role=\"menuitem\">Francia<\/a><\/li><li role=\"presentation\" class=\"fusion-filter fusion-hidden\"><a href=\"#\" data-filter=\".ghana\" role=\"menuitem\">Ghana<\/a><\/li><li role=\"presentation\" class=\"fusion-filter fusion-hidden\"><a href=\"#\" data-filter=\".hungria\" role=\"menuitem\">Hungr\u00eda<\/a><\/li><li role=\"presentation\" class=\"fusion-filter fusion-hidden\"><a href=\"#\" data-filter=\".indonesia\" role=\"menuitem\">Indonesia<\/a><\/li><li role=\"presentation\" class=\"fusion-filter fusion-hidden\"><a href=\"#\" data-filter=\".inglaterra\" role=\"menuitem\">Inglaterra<\/a><\/li><li role=\"presentation\" class=\"fusion-filter fusion-hidden\"><a href=\"#\" data-filter=\".irlanda\" role=\"menuitem\">Irlanda<\/a><\/li><li role=\"presentation\" class=\"fusion-filter fusion-hidden\"><a href=\"#\" data-filter=\".islas-feroe\" role=\"menuitem\">Islas Feroe<\/a><\/li><li role=\"presentation\" class=\"fusion-filter fusion-hidden\"><a href=\"#\" data-filter=\".israel\" role=\"menuitem\">Israel<\/a><\/li><li role=\"presentation\" class=\"fusion-filter fusion-hidden\"><a href=\"#\" data-filter=\".italia\" role=\"menuitem\">Italia<\/a><\/li><li role=\"presentation\" class=\"fusion-filter fusion-hidden\"><a href=\"#\" data-filter=\".letonia\" role=\"menuitem\">Letonia<\/a><\/li><li role=\"presentation\" class=\"fusion-filter fusion-hidden\"><a href=\"#\" data-filter=\".lituania\" role=\"menuitem\">Lituania<\/a><\/li><li role=\"presentation\" class=\"fusion-filter fusion-hidden\"><a href=\"#\" data-filter=\".luxemburgo\" role=\"menuitem\">Luxemburgo<\/a><\/li><li role=\"presentation\" class=\"fusion-filter fusion-hidden\"><a href=\"#\" data-filter=\".mexico\" role=\"menuitem\">M\u00e9xico<\/a><\/li><li role=\"presentation\" class=\"fusion-filter fusion-hidden\"><a href=\"#\" data-filter=\".noruega\" role=\"menuitem\">Noruega<\/a><\/li><li role=\"presentation\" class=\"fusion-filter fusion-hidden\"><a href=\"#\" data-filter=\".paises-bajos\" role=\"menuitem\">Pa\u00edses Bajos<\/a><\/li><li role=\"presentation\" class=\"fusion-filter fusion-hidden\"><a href=\"#\" data-filter=\".polonia\" role=\"menuitem\">Polonia<\/a><\/li><li role=\"presentation\" class=\"fusion-filter fusion-hidden\"><a href=\"#\" data-filter=\".portugal\" role=\"menuitem\">Portugal<\/a><\/li><li role=\"presentation\" class=\"fusion-filter fusion-hidden\"><a href=\"#\" data-filter=\".reino-unido\" role=\"menuitem\">Reino Unido<\/a><\/li><li role=\"presentation\" class=\"fusion-filter fusion-hidden\"><a href=\"#\" data-filter=\".republica-checa\" role=\"menuitem\">Rep\u00fablica Checa<\/a><\/li><li role=\"presentation\" class=\"fusion-filter fusion-hidden\"><a href=\"#\" data-filter=\".rumania\" role=\"menuitem\">Ruman\u00eda<\/a><\/li><li role=\"presentation\" class=\"fusion-filter fusion-hidden\"><a href=\"#\" data-filter=\".serbia\" role=\"menuitem\">Serbia<\/a><\/li><li role=\"presentation\" class=\"fusion-filter fusion-hidden\"><a href=\"#\" data-filter=\".sudafrica\" role=\"menuitem\">Sud\u00e1frica<\/a><\/li><li role=\"presentation\" class=\"fusion-filter fusion-hidden\"><a href=\"#\" data-filter=\".suecia\" role=\"menuitem\">Suecia<\/a><\/li><li role=\"presentation\" class=\"fusion-filter fusion-hidden\"><a href=\"#\" data-filter=\".suiza\" role=\"menuitem\">Suiza<\/a><\/li><li role=\"presentation\" class=\"fusion-filter fusion-hidden\"><a href=\"#\" data-filter=\".taiwan\" role=\"menuitem\">Taiw\u00e1n<\/a><\/li><li role=\"presentation\" class=\"fusion-filter fusion-hidden\"><a href=\"#\" data-filter=\".ucrania\" role=\"menuitem\">Ucrania<\/a><\/li><li role=\"presentation\" class=\"fusion-filter fusion-hidden\"><a href=\"#\" data-filter=\".uruguay\" role=\"menuitem\">Uruguay<\/a><\/li><li role=\"presentation\" class=\"fusion-filter fusion-hidden\"><a href=\"#\" data-filter=\".usa\" role=\"menuitem\">USA<\/a><\/li><\/ul><\/div><ul class=\"fusion-grid fusion-grid-4 fusion-flex-align-items-stretch fusion-grid-posts-cards\"><li class=\"fusion-layout-column fusion_builder_column fusion-builder-column-2 fusion-flex-column fusion-animated post-card fusion-grid-column fusion-post-cards-grid-column 2018 bulgarie fusion-animated\" style=\"--awb-padding-bottom:5px;--awb-overflow:hidden;--awb-bg-color:var(--awb-color1);--awb-bg-color-hover:var(--awb-custom_color_2);--awb-bg-size:cover;--awb-box-shadow:0px 0px 24px hsla(var(--awb-color7-h),var(--awb-color7-s),var(--awb-color7-l),calc(var(--awb-color7-a) - 40%));;--awb-border-color:var(--awb-color4);--awb-border-color-hover:var(--awb-color7);--awb-border-top:1px;--awb-border-right:1px;--awb-border-bottom:1px;--awb-border-left:1px;--awb-border-style:solid;--awb-border-radius:6px 6px 6px 6px;--awb-flex-grow:0;--awb-flex-shrink:0;--awb-flex-grow-medium:0;--awb-flex-shrink-medium:0;--awb-flex-grow-small:0;--awb-flex-shrink-small:0;\" data-animationType=\"fadeIn\" data-animationDuration=\"1.3\" data-animationOffset=\"top-into-view\"><div class=\"fusion-column-wrapper fusion-column-has-shadow fusion-flex-justify-content-flex-start fusion-content-layout-column\"><div class=\"fusion-image-element \" style=\"--awb-aspect-ratio:16 \/ 9;--awb-margin-bottom:10px;--awb-caption-title-font-family:var(--h2_typography-font-family);--awb-caption-title-font-weight:var(--h2_typography-font-weight);--awb-caption-title-font-style:var(--h2_typography-font-style);--awb-caption-title-size:var(--h2_typography-font-size);--awb-caption-title-transform:var(--h2_typography-text-transform);--awb-caption-title-line-height:var(--h2_typography-line-height);--awb-caption-title-letter-spacing:var(--h2_typography-letter-spacing);\"><span class=\" fusion-imageframe imageframe-none imageframe-1 hover-type-none has-aspect-ratio\"><a class=\"fusion-no-lightbox\" href=\"https:\/\/www.choral-events.com\/es\/chorales\/alabrea-choir\/\" target=\"_self\" aria-label=\"B\u00falgaro 1\"><img decoding=\"async\" width=\"1501\" height=\"1080\" src=\"https:\/\/www.choral-events.com\/wp-content\/uploads\/2026\/03\/Bulgares-1.jpg\" class=\"img-responsive wp-image-51293 img-with-aspect-ratio\" data-parent-fit=\"cover\" data-parent-container=\".fusion-image-element\" alt srcset=\"https:\/\/www.choral-events.com\/wp-content\/uploads\/2026\/03\/Bulgares-1-200x144.jpg 200w, https:\/\/www.choral-events.com\/wp-content\/uploads\/2026\/03\/Bulgares-1-400x288.jpg 400w, https:\/\/www.choral-events.com\/wp-content\/uploads\/2026\/03\/Bulgares-1-600x432.jpg 600w, https:\/\/www.choral-events.com\/wp-content\/uploads\/2026\/03\/Bulgares-1-800x576.jpg 800w, https:\/\/www.choral-events.com\/wp-content\/uploads\/2026\/03\/Bulgares-1-1200x863.jpg 1200w, https:\/\/www.choral-events.com\/wp-content\/uploads\/2026\/03\/Bulgares-1.jpg 1501w\" sizes=\"(max-width: 1024px) 100vw, (max-width: 640px) 100vw, 1501px\" \/><\/a><\/span><\/div><div class=\"fusion-title title fusion-title-3 fusion-sep-none fusion-title-center fusion-title-text fusion-title-size-paragraph\" style=\"--awb-text-color:var(--awb-color7);--awb-margin-top:10px;--awb-margin-right:5px;--awb-margin-bottom:10px;--awb-margin-left:5px;--awb-margin-top-small:16px;--awb-margin-right-small:0px;--awb-margin-bottom-small:10px;--awb-margin-left-small:0px;--awb-link-color:var(--awb-color7);--awb-font-size:16px;\"><p class=\"fusion-title-heading title-heading-center title-heading-tag fusion-responsive-typography-calculated\" style=\"margin:0;font-size:1em;--fontSize:16;--minFontSize:16;line-height:1.6;\"><a href=\"https:\/\/www.choral-events.com\/es\/chorales\/alabrea-choir\/\" class=\"awb-custom-text-color awb-custom-text-hover-color\" target=\"_self\">Alabrea Choir<\/a><\/p><\/div><div class=\"fusion-separator\" style=\"align-self: center;margin-left: auto;margin-right: auto;flex-grow:10;margin-top:5px;margin-bottom:10px;width:100%;max-width:70px;\"><div class=\"fusion-separator-border sep-single sep-solid\" style=\"--awb-height:20px;--awb-amount:20px;border-color:var(--awb-color2);border-top-width:1px;\"><\/div><\/div><div class=\"fusion-text fusion-text-2\" style=\"--awb-content-alignment:center;--awb-text-transform:capitalize;--awb-text-color:var(--awb-color4);\"><p>Bulgarie<\/p>\n<\/div><\/div><\/li>\n<li class=\"fusion-layout-column fusion_builder_column fusion-builder-column-3 fusion-flex-column fusion-animated post-card fusion-grid-column fusion-post-cards-grid-column 2024 fusion-animated\" style=\"--awb-padding-bottom:5px;--awb-overflow:hidden;--awb-bg-color:var(--awb-color1);--awb-bg-color-hover:var(--awb-custom_color_2);--awb-bg-size:cover;--awb-box-shadow:0px 0px 24px hsla(var(--awb-color7-h),var(--awb-color7-s),var(--awb-color7-l),calc(var(--awb-color7-a) - 40%));;--awb-border-color:var(--awb-color4);--awb-border-color-hover:var(--awb-color7);--awb-border-top:1px;--awb-border-right:1px;--awb-border-bottom:1px;--awb-border-left:1px;--awb-border-style:solid;--awb-border-radius:6px 6px 6px 6px;--awb-flex-grow:0;--awb-flex-shrink:0;--awb-flex-grow-medium:0;--awb-flex-shrink-medium:0;--awb-flex-grow-small:0;--awb-flex-shrink-small:0;\" data-animationType=\"fadeIn\" data-animationDuration=\"1.3\" data-animationOffset=\"top-into-view\"><div class=\"fusion-column-wrapper fusion-column-has-shadow fusion-flex-justify-content-flex-start fusion-content-layout-column\"><div class=\"fusion-image-element \" style=\"--awb-aspect-ratio:16 \/ 9;--awb-margin-bottom:10px;--awb-caption-title-font-family:var(--h2_typography-font-family);--awb-caption-title-font-weight:var(--h2_typography-font-weight);--awb-caption-title-font-style:var(--h2_typography-font-style);--awb-caption-title-size:var(--h2_typography-font-size);--awb-caption-title-transform:var(--h2_typography-text-transform);--awb-caption-title-line-height:var(--h2_typography-line-height);--awb-caption-title-letter-spacing:var(--h2_typography-letter-spacing);\"><span class=\" fusion-imageframe imageframe-none imageframe-2 hover-type-none has-aspect-ratio\"><a class=\"fusion-no-lightbox\" href=\"https:\/\/www.choral-events.com\/es\/chorales\/asparagusmelon-voices-2\/\" target=\"_self\" aria-label=\"Maitrise-6\"><img decoding=\"async\" width=\"550\" height=\"350\" src=\"https:\/\/www.choral-events.com\/wp-content\/uploads\/2026\/03\/Maitrise-6.jpg\" class=\"img-responsive wp-image-51884 img-with-aspect-ratio\" data-parent-fit=\"cover\" data-parent-container=\".fusion-image-element\" alt srcset=\"https:\/\/www.choral-events.com\/wp-content\/uploads\/2026\/03\/Maitrise-6-200x127.jpg 200w, https:\/\/www.choral-events.com\/wp-content\/uploads\/2026\/03\/Maitrise-6-400x255.jpg 400w, https:\/\/www.choral-events.com\/wp-content\/uploads\/2026\/03\/Maitrise-6.jpg 550w\" sizes=\"(max-width: 1024px) 100vw, (max-width: 640px) 100vw, 550px\" \/><\/a><\/span><\/div><div class=\"fusion-title title fusion-title-4 fusion-sep-none fusion-title-center fusion-title-text fusion-title-size-paragraph\" style=\"--awb-text-color:var(--awb-color7);--awb-margin-top:10px;--awb-margin-right:5px;--awb-margin-bottom:10px;--awb-margin-left:5px;--awb-margin-top-small:16px;--awb-margin-right-small:0px;--awb-margin-bottom-small:10px;--awb-margin-left-small:0px;--awb-link-color:var(--awb-color7);--awb-font-size:16px;\"><p class=\"fusion-title-heading title-heading-center title-heading-tag fusion-responsive-typography-calculated\" style=\"margin:0;font-size:1em;--fontSize:16;--minFontSize:16;line-height:1.6;\"><a href=\"https:\/\/www.choral-events.com\/es\/chorales\/asparagusmelon-voices-2\/\" class=\"awb-custom-text-color awb-custom-text-hover-color\" target=\"_self\">Asparagus&amp;Melon Voices<\/a><\/p><\/div><div class=\"fusion-separator\" style=\"align-self: center;margin-left: auto;margin-right: auto;flex-grow:10;margin-top:5px;margin-bottom:10px;width:100%;max-width:70px;\"><div class=\"fusion-separator-border sep-single sep-solid\" style=\"--awb-height:20px;--awb-amount:20px;border-color:var(--awb-color2);border-top-width:1px;\"><\/div><\/div><div class=\"fusion-text fusion-text-3\" style=\"--awb-content-alignment:center;--awb-text-transform:capitalize;--awb-text-color:var(--awb-color4);\"><p>Suiza<\/p>\n<\/div><\/div><\/li>\n<li class=\"fusion-layout-column fusion_builder_column fusion-builder-column-4 fusion-flex-column fusion-animated post-card fusion-grid-column fusion-post-cards-grid-column 2018 bielorussie fusion-animated\" style=\"--awb-padding-bottom:5px;--awb-overflow:hidden;--awb-bg-color:var(--awb-color1);--awb-bg-color-hover:var(--awb-custom_color_2);--awb-bg-size:cover;--awb-box-shadow:0px 0px 24px hsla(var(--awb-color7-h),var(--awb-color7-s),var(--awb-color7-l),calc(var(--awb-color7-a) - 40%));;--awb-border-color:var(--awb-color4);--awb-border-color-hover:var(--awb-color7);--awb-border-top:1px;--awb-border-right:1px;--awb-border-bottom:1px;--awb-border-left:1px;--awb-border-style:solid;--awb-border-radius:6px 6px 6px 6px;--awb-flex-grow:0;--awb-flex-shrink:0;--awb-flex-grow-medium:0;--awb-flex-shrink-medium:0;--awb-flex-grow-small:0;--awb-flex-shrink-small:0;\" data-animationType=\"fadeIn\" data-animationDuration=\"1.3\" data-animationOffset=\"top-into-view\"><div class=\"fusion-column-wrapper fusion-column-has-shadow fusion-flex-justify-content-flex-start fusion-content-layout-column\"><div class=\"fusion-image-element \" style=\"--awb-aspect-ratio:16 \/ 9;--awb-margin-bottom:10px;--awb-caption-title-font-family:var(--h2_typography-font-family);--awb-caption-title-font-weight:var(--h2_typography-font-weight);--awb-caption-title-font-style:var(--h2_typography-font-style);--awb-caption-title-size:var(--h2_typography-font-size);--awb-caption-title-transform:var(--h2_typography-text-transform);--awb-caption-title-line-height:var(--h2_typography-line-height);--awb-caption-title-letter-spacing:var(--h2_typography-letter-spacing);\"><span class=\" fusion-imageframe imageframe-none imageframe-3 hover-type-none has-aspect-ratio\"><a class=\"fusion-no-lightbox\" href=\"https:\/\/www.choral-events.com\/es\/chorales\/belaya-vezha\/\" target=\"_self\" aria-label=\"belayavezha_3\"><img decoding=\"async\" width=\"1300\" height=\"841\" src=\"https:\/\/www.choral-events.com\/wp-content\/uploads\/2026\/03\/belayavezha_3.jpg\" class=\"img-responsive wp-image-51301 img-with-aspect-ratio\" data-parent-fit=\"cover\" data-parent-container=\".fusion-image-element\" alt srcset=\"https:\/\/www.choral-events.com\/wp-content\/uploads\/2026\/03\/belayavezha_3-200x129.jpg 200w, https:\/\/www.choral-events.com\/wp-content\/uploads\/2026\/03\/belayavezha_3-400x259.jpg 400w, https:\/\/www.choral-events.com\/wp-content\/uploads\/2026\/03\/belayavezha_3-600x388.jpg 600w, https:\/\/www.choral-events.com\/wp-content\/uploads\/2026\/03\/belayavezha_3-800x518.jpg 800w, https:\/\/www.choral-events.com\/wp-content\/uploads\/2026\/03\/belayavezha_3-1200x776.jpg 1200w, https:\/\/www.choral-events.com\/wp-content\/uploads\/2026\/03\/belayavezha_3.jpg 1300w\" sizes=\"(max-width: 1024px) 100vw, (max-width: 640px) 100vw, 1300px\" \/><\/a><\/span><\/div><div class=\"fusion-title title fusion-title-5 fusion-sep-none fusion-title-center fusion-title-text fusion-title-size-paragraph\" style=\"--awb-text-color:var(--awb-color7);--awb-margin-top:10px;--awb-margin-right:5px;--awb-margin-bottom:10px;--awb-margin-left:5px;--awb-margin-top-small:16px;--awb-margin-right-small:0px;--awb-margin-bottom-small:10px;--awb-margin-left-small:0px;--awb-link-color:var(--awb-color7);--awb-font-size:16px;\"><p class=\"fusion-title-heading title-heading-center title-heading-tag fusion-responsive-typography-calculated\" style=\"margin:0;font-size:1em;--fontSize:16;--minFontSize:16;line-height:1.6;\"><a href=\"https:\/\/www.choral-events.com\/es\/chorales\/belaya-vezha\/\" class=\"awb-custom-text-color awb-custom-text-hover-color\" target=\"_self\">Belaya Vezha<\/a><\/p><\/div><div class=\"fusion-separator\" style=\"align-self: center;margin-left: auto;margin-right: auto;flex-grow:10;margin-top:5px;margin-bottom:10px;width:100%;max-width:70px;\"><div class=\"fusion-separator-border sep-single sep-solid\" style=\"--awb-height:20px;--awb-amount:20px;border-color:var(--awb-color2);border-top-width:1px;\"><\/div><\/div><div class=\"fusion-text fusion-text-4\" style=\"--awb-content-alignment:center;--awb-text-transform:capitalize;--awb-text-color:var(--awb-color4);\"><p>Bi\u00e9lorussie<\/p>\n<\/div><\/div><\/li>\n<li class=\"fusion-layout-column fusion_builder_column fusion-builder-column-5 fusion-flex-column fusion-animated post-card fusion-grid-column fusion-post-cards-grid-column 2018 bulgarie fusion-animated\" style=\"--awb-padding-bottom:5px;--awb-overflow:hidden;--awb-bg-color:var(--awb-color1);--awb-bg-color-hover:var(--awb-custom_color_2);--awb-bg-size:cover;--awb-box-shadow:0px 0px 24px hsla(var(--awb-color7-h),var(--awb-color7-s),var(--awb-color7-l),calc(var(--awb-color7-a) - 40%));;--awb-border-color:var(--awb-color4);--awb-border-color-hover:var(--awb-color7);--awb-border-top:1px;--awb-border-right:1px;--awb-border-bottom:1px;--awb-border-left:1px;--awb-border-style:solid;--awb-border-radius:6px 6px 6px 6px;--awb-flex-grow:0;--awb-flex-shrink:0;--awb-flex-grow-medium:0;--awb-flex-shrink-medium:0;--awb-flex-grow-small:0;--awb-flex-shrink-small:0;\" data-animationType=\"fadeIn\" data-animationDuration=\"1.3\" data-animationOffset=\"top-into-view\"><div class=\"fusion-column-wrapper fusion-column-has-shadow fusion-flex-justify-content-flex-start fusion-content-layout-column\"><div class=\"fusion-image-element \" style=\"--awb-aspect-ratio:16 \/ 9;--awb-margin-bottom:10px;--awb-caption-title-font-family:var(--h2_typography-font-family);--awb-caption-title-font-weight:var(--h2_typography-font-weight);--awb-caption-title-font-style:var(--h2_typography-font-style);--awb-caption-title-size:var(--h2_typography-font-size);--awb-caption-title-transform:var(--h2_typography-text-transform);--awb-caption-title-line-height:var(--h2_typography-line-height);--awb-caption-title-letter-spacing:var(--h2_typography-letter-spacing);\"><span class=\" fusion-imageframe imageframe-none imageframe-4 hover-type-none has-aspect-ratio\"><a class=\"fusion-no-lightbox\" href=\"https:\/\/www.choral-events.com\/es\/chorales\/bulgarian-academy-of-sciences\/\" target=\"_self\" aria-label=\"Coro de BAS-6\"><img decoding=\"async\" width=\"1440\" height=\"1080\" src=\"https:\/\/www.choral-events.com\/wp-content\/uploads\/2026\/03\/Choir-of-BAS-6.jpg\" class=\"img-responsive wp-image-51313 img-with-aspect-ratio\" data-parent-fit=\"cover\" data-parent-container=\".fusion-image-element\" alt srcset=\"https:\/\/www.choral-events.com\/wp-content\/uploads\/2026\/03\/Choir-of-BAS-6-200x150.jpg 200w, https:\/\/www.choral-events.com\/wp-content\/uploads\/2026\/03\/Choir-of-BAS-6-400x300.jpg 400w, https:\/\/www.choral-events.com\/wp-content\/uploads\/2026\/03\/Choir-of-BAS-6-600x450.jpg 600w, https:\/\/www.choral-events.com\/wp-content\/uploads\/2026\/03\/Choir-of-BAS-6-800x600.jpg 800w, https:\/\/www.choral-events.com\/wp-content\/uploads\/2026\/03\/Choir-of-BAS-6-1200x900.jpg 1200w, https:\/\/www.choral-events.com\/wp-content\/uploads\/2026\/03\/Choir-of-BAS-6.jpg 1440w\" sizes=\"(max-width: 1024px) 100vw, (max-width: 640px) 100vw, 1440px\" \/><\/a><\/span><\/div><div class=\"fusion-title title fusion-title-6 fusion-sep-none fusion-title-center fusion-title-text fusion-title-size-paragraph\" style=\"--awb-text-color:var(--awb-color7);--awb-margin-top:10px;--awb-margin-right:5px;--awb-margin-bottom:10px;--awb-margin-left:5px;--awb-margin-top-small:16px;--awb-margin-right-small:0px;--awb-margin-bottom-small:10px;--awb-margin-left-small:0px;--awb-link-color:var(--awb-color7);--awb-font-size:16px;\"><p class=\"fusion-title-heading title-heading-center title-heading-tag fusion-responsive-typography-calculated\" style=\"margin:0;font-size:1em;--fontSize:16;--minFontSize:16;line-height:1.6;\"><a href=\"https:\/\/www.choral-events.com\/es\/chorales\/bulgarian-academy-of-sciences\/\" class=\"awb-custom-text-color awb-custom-text-hover-color\" target=\"_self\">Bulgarian Academy of Sciences<\/a><\/p><\/div><div class=\"fusion-separator\" style=\"align-self: center;margin-left: auto;margin-right: auto;flex-grow:10;margin-top:5px;margin-bottom:10px;width:100%;max-width:70px;\"><div class=\"fusion-separator-border sep-single sep-solid\" style=\"--awb-height:20px;--awb-amount:20px;border-color:var(--awb-color2);border-top-width:1px;\"><\/div><\/div><div class=\"fusion-text fusion-text-5\" style=\"--awb-content-alignment:center;--awb-text-transform:capitalize;--awb-text-color:var(--awb-color4);\"><p>Bulgarie<\/p>\n<\/div><\/div><\/li>\n<li class=\"fusion-layout-column fusion_builder_column fusion-builder-column-6 fusion-flex-column fusion-animated post-card fusion-grid-column fusion-post-cards-grid-column 2020 suisse fusion-animated\" style=\"--awb-padding-bottom:5px;--awb-overflow:hidden;--awb-bg-color:var(--awb-color1);--awb-bg-color-hover:var(--awb-custom_color_2);--awb-bg-size:cover;--awb-box-shadow:0px 0px 24px hsla(var(--awb-color7-h),var(--awb-color7-s),var(--awb-color7-l),calc(var(--awb-color7-a) - 40%));;--awb-border-color:var(--awb-color4);--awb-border-color-hover:var(--awb-color7);--awb-border-top:1px;--awb-border-right:1px;--awb-border-bottom:1px;--awb-border-left:1px;--awb-border-style:solid;--awb-border-radius:6px 6px 6px 6px;--awb-flex-grow:0;--awb-flex-shrink:0;--awb-flex-grow-medium:0;--awb-flex-shrink-medium:0;--awb-flex-grow-small:0;--awb-flex-shrink-small:0;\" data-animationType=\"fadeIn\" data-animationDuration=\"1.3\" data-animationOffset=\"top-into-view\"><div class=\"fusion-column-wrapper fusion-column-has-shadow fusion-flex-justify-content-flex-start fusion-content-layout-column\"><div class=\"fusion-image-element \" style=\"--awb-aspect-ratio:16 \/ 9;--awb-margin-bottom:10px;--awb-caption-title-font-family:var(--h2_typography-font-family);--awb-caption-title-font-weight:var(--h2_typography-font-weight);--awb-caption-title-font-style:var(--h2_typography-font-style);--awb-caption-title-size:var(--h2_typography-font-size);--awb-caption-title-transform:var(--h2_typography-text-transform);--awb-caption-title-line-height:var(--h2_typography-line-height);--awb-caption-title-letter-spacing:var(--h2_typography-letter-spacing);\"><span class=\" fusion-imageframe imageframe-none imageframe-5 hover-type-none has-aspect-ratio\"><a class=\"fusion-no-lightbox\" href=\"https:\/\/www.choral-events.com\/es\/chorales\/cake-ophonie\/\" target=\"_self\" aria-label=\"Cake-Ophonie-foto-sitio-web-1\"><img decoding=\"async\" width=\"550\" height=\"350\" src=\"https:\/\/www.choral-events.com\/wp-content\/uploads\/2026\/03\/Cake-Ophonie-photo-site-web-1.png\" class=\"img-responsive wp-image-51807 img-with-aspect-ratio\" data-parent-fit=\"cover\" data-parent-container=\".fusion-image-element\" alt srcset=\"https:\/\/www.choral-events.com\/wp-content\/uploads\/2026\/03\/Cake-Ophonie-photo-site-web-1-200x127.png 200w, https:\/\/www.choral-events.com\/wp-content\/uploads\/2026\/03\/Cake-Ophonie-photo-site-web-1-400x255.png 400w, https:\/\/www.choral-events.com\/wp-content\/uploads\/2026\/03\/Cake-Ophonie-photo-site-web-1.png 550w\" sizes=\"(max-width: 1024px) 100vw, (max-width: 640px) 100vw, 550px\" \/><\/a><\/span><\/div><div class=\"fusion-title title fusion-title-7 fusion-sep-none fusion-title-center fusion-title-text fusion-title-size-paragraph\" style=\"--awb-text-color:var(--awb-color7);--awb-margin-top:10px;--awb-margin-right:5px;--awb-margin-bottom:10px;--awb-margin-left:5px;--awb-margin-top-small:16px;--awb-margin-right-small:0px;--awb-margin-bottom-small:10px;--awb-margin-left-small:0px;--awb-link-color:var(--awb-color7);--awb-font-size:16px;\"><p class=\"fusion-title-heading title-heading-center title-heading-tag fusion-responsive-typography-calculated\" style=\"margin:0;font-size:1em;--fontSize:16;--minFontSize:16;line-height:1.6;\"><a href=\"https:\/\/www.choral-events.com\/es\/chorales\/cake-ophonie\/\" class=\"awb-custom-text-color awb-custom-text-hover-color\" target=\"_self\">Cake O\u2019Phonie<\/a><\/p><\/div><div class=\"fusion-separator\" style=\"align-self: center;margin-left: auto;margin-right: auto;flex-grow:10;margin-top:5px;margin-bottom:10px;width:100%;max-width:70px;\"><div class=\"fusion-separator-border sep-single sep-solid\" style=\"--awb-height:20px;--awb-amount:20px;border-color:var(--awb-color2);border-top-width:1px;\"><\/div><\/div><div class=\"fusion-text fusion-text-6\" style=\"--awb-content-alignment:center;--awb-text-transform:capitalize;--awb-text-color:var(--awb-color4);\"><p>Suisse<\/p>\n<\/div><\/div><\/li>\n<li class=\"fusion-layout-column fusion_builder_column fusion-builder-column-7 fusion-flex-column fusion-animated post-card fusion-grid-column fusion-post-cards-grid-column 2018 canada fusion-animated\" style=\"--awb-padding-bottom:5px;--awb-overflow:hidden;--awb-bg-color:var(--awb-color1);--awb-bg-color-hover:var(--awb-custom_color_2);--awb-bg-size:cover;--awb-box-shadow:0px 0px 24px hsla(var(--awb-color7-h),var(--awb-color7-s),var(--awb-color7-l),calc(var(--awb-color7-a) - 40%));;--awb-border-color:var(--awb-color4);--awb-border-color-hover:var(--awb-color7);--awb-border-top:1px;--awb-border-right:1px;--awb-border-bottom:1px;--awb-border-left:1px;--awb-border-style:solid;--awb-border-radius:6px 6px 6px 6px;--awb-flex-grow:0;--awb-flex-shrink:0;--awb-flex-grow-medium:0;--awb-flex-shrink-medium:0;--awb-flex-grow-small:0;--awb-flex-shrink-small:0;\" data-animationType=\"fadeIn\" data-animationDuration=\"1.3\" data-animationOffset=\"top-into-view\"><div class=\"fusion-column-wrapper fusion-column-has-shadow fusion-flex-justify-content-flex-start fusion-content-layout-column\"><div class=\"fusion-image-element \" style=\"--awb-aspect-ratio:16 \/ 9;--awb-margin-bottom:10px;--awb-caption-title-font-family:var(--h2_typography-font-family);--awb-caption-title-font-weight:var(--h2_typography-font-weight);--awb-caption-title-font-style:var(--h2_typography-font-style);--awb-caption-title-size:var(--h2_typography-font-size);--awb-caption-title-transform:var(--h2_typography-text-transform);--awb-caption-title-line-height:var(--h2_typography-line-height);--awb-caption-title-letter-spacing:var(--h2_typography-letter-spacing);\"><span class=\" fusion-imageframe imageframe-none imageframe-6 hover-type-none has-aspect-ratio\"><a class=\"fusion-no-lightbox\" href=\"https:\/\/www.choral-events.com\/es\/chorales\/calgary-boys-choir\/\" target=\"_self\" aria-label=\"Festival de Fotograf\u00eda Katie Partridge\"><img decoding=\"async\" width=\"1586\" height=\"1080\" src=\"https:\/\/www.choral-events.com\/wp-content\/uploads\/2026\/03\/Festival-photo-Katie-Partridge.jpg\" class=\"img-responsive wp-image-51321 img-with-aspect-ratio\" data-parent-fit=\"cover\" data-parent-container=\".fusion-image-element\" alt srcset=\"https:\/\/www.choral-events.com\/wp-content\/uploads\/2026\/03\/Festival-photo-Katie-Partridge-200x136.jpg 200w, https:\/\/www.choral-events.com\/wp-content\/uploads\/2026\/03\/Festival-photo-Katie-Partridge-400x272.jpg 400w, https:\/\/www.choral-events.com\/wp-content\/uploads\/2026\/03\/Festival-photo-Katie-Partridge-600x409.jpg 600w, https:\/\/www.choral-events.com\/wp-content\/uploads\/2026\/03\/Festival-photo-Katie-Partridge-800x545.jpg 800w, https:\/\/www.choral-events.com\/wp-content\/uploads\/2026\/03\/Festival-photo-Katie-Partridge-1200x817.jpg 1200w, https:\/\/www.choral-events.com\/wp-content\/uploads\/2026\/03\/Festival-photo-Katie-Partridge.jpg 1586w\" sizes=\"(max-width: 1024px) 100vw, (max-width: 640px) 100vw, 1586px\" \/><\/a><\/span><\/div><div class=\"fusion-title title fusion-title-8 fusion-sep-none fusion-title-center fusion-title-text fusion-title-size-paragraph\" style=\"--awb-text-color:var(--awb-color7);--awb-margin-top:10px;--awb-margin-right:5px;--awb-margin-bottom:10px;--awb-margin-left:5px;--awb-margin-top-small:16px;--awb-margin-right-small:0px;--awb-margin-bottom-small:10px;--awb-margin-left-small:0px;--awb-link-color:var(--awb-color7);--awb-font-size:16px;\"><p class=\"fusion-title-heading title-heading-center title-heading-tag fusion-responsive-typography-calculated\" style=\"margin:0;font-size:1em;--fontSize:16;--minFontSize:16;line-height:1.6;\"><a href=\"https:\/\/www.choral-events.com\/es\/chorales\/calgary-boys-choir\/\" class=\"awb-custom-text-color awb-custom-text-hover-color\" target=\"_self\">Calgary Boys Choir<\/a><\/p><\/div><div class=\"fusion-separator\" style=\"align-self: center;margin-left: auto;margin-right: auto;flex-grow:10;margin-top:5px;margin-bottom:10px;width:100%;max-width:70px;\"><div class=\"fusion-separator-border sep-single sep-solid\" style=\"--awb-height:20px;--awb-amount:20px;border-color:var(--awb-color2);border-top-width:1px;\"><\/div><\/div><div class=\"fusion-text fusion-text-7\" style=\"--awb-content-alignment:center;--awb-text-transform:capitalize;--awb-text-color:var(--awb-color4);\"><p>Canada<\/p>\n<\/div><\/div><\/li>\n<li class=\"fusion-layout-column fusion_builder_column fusion-builder-column-8 fusion-flex-column fusion-animated post-card fusion-grid-column fusion-post-cards-grid-column 2020 angleterre fusion-animated\" style=\"--awb-padding-bottom:5px;--awb-overflow:hidden;--awb-bg-color:var(--awb-color1);--awb-bg-color-hover:var(--awb-custom_color_2);--awb-bg-size:cover;--awb-box-shadow:0px 0px 24px hsla(var(--awb-color7-h),var(--awb-color7-s),var(--awb-color7-l),calc(var(--awb-color7-a) - 40%));;--awb-border-color:var(--awb-color4);--awb-border-color-hover:var(--awb-color7);--awb-border-top:1px;--awb-border-right:1px;--awb-border-bottom:1px;--awb-border-left:1px;--awb-border-style:solid;--awb-border-radius:6px 6px 6px 6px;--awb-flex-grow:0;--awb-flex-shrink:0;--awb-flex-grow-medium:0;--awb-flex-shrink-medium:0;--awb-flex-grow-small:0;--awb-flex-shrink-small:0;\" data-animationType=\"fadeIn\" data-animationDuration=\"1.3\" data-animationOffset=\"top-into-view\"><div class=\"fusion-column-wrapper fusion-column-has-shadow fusion-flex-justify-content-flex-start fusion-content-layout-column\"><div class=\"fusion-image-element \" style=\"--awb-aspect-ratio:16 \/ 9;--awb-margin-bottom:10px;--awb-caption-title-font-family:var(--h2_typography-font-family);--awb-caption-title-font-weight:var(--h2_typography-font-weight);--awb-caption-title-font-style:var(--h2_typography-font-style);--awb-caption-title-size:var(--h2_typography-font-size);--awb-caption-title-transform:var(--h2_typography-text-transform);--awb-caption-title-line-height:var(--h2_typography-line-height);--awb-caption-title-letter-spacing:var(--h2_typography-letter-spacing);\"><span class=\" fusion-imageframe imageframe-none imageframe-7 hover-type-none has-aspect-ratio\"><a class=\"fusion-no-lightbox\" href=\"https:\/\/www.choral-events.com\/es\/chorales\/cantamus-girlss-choir\/\" target=\"_self\" aria-label=\"Cantamus-girls-choir-photo-page-web-1\"><img decoding=\"async\" width=\"550\" height=\"350\" src=\"https:\/\/www.choral-events.com\/wp-content\/uploads\/2026\/03\/Cantamus-girls-choir-photo-page-web-1.png\" class=\"img-responsive wp-image-51811 img-with-aspect-ratio\" data-parent-fit=\"cover\" data-parent-container=\".fusion-image-element\" alt srcset=\"https:\/\/www.choral-events.com\/wp-content\/uploads\/2026\/03\/Cantamus-girls-choir-photo-page-web-1-200x127.png 200w, https:\/\/www.choral-events.com\/wp-content\/uploads\/2026\/03\/Cantamus-girls-choir-photo-page-web-1-400x255.png 400w, https:\/\/www.choral-events.com\/wp-content\/uploads\/2026\/03\/Cantamus-girls-choir-photo-page-web-1.png 550w\" sizes=\"(max-width: 1024px) 100vw, (max-width: 640px) 100vw, 550px\" \/><\/a><\/span><\/div><div class=\"fusion-title title fusion-title-9 fusion-sep-none fusion-title-center fusion-title-text fusion-title-size-paragraph\" style=\"--awb-text-color:var(--awb-color7);--awb-margin-top:10px;--awb-margin-right:5px;--awb-margin-bottom:10px;--awb-margin-left:5px;--awb-margin-top-small:16px;--awb-margin-right-small:0px;--awb-margin-bottom-small:10px;--awb-margin-left-small:0px;--awb-link-color:var(--awb-color7);--awb-font-size:16px;\"><p class=\"fusion-title-heading title-heading-center title-heading-tag fusion-responsive-typography-calculated\" style=\"margin:0;font-size:1em;--fontSize:16;--minFontSize:16;line-height:1.6;\"><a href=\"https:\/\/www.choral-events.com\/es\/chorales\/cantamus-girlss-choir\/\" class=\"awb-custom-text-color awb-custom-text-hover-color\" target=\"_self\">Cantamus Girls\u2019s Choir<\/a><\/p><\/div><div class=\"fusion-separator\" style=\"align-self: center;margin-left: auto;margin-right: auto;flex-grow:10;margin-top:5px;margin-bottom:10px;width:100%;max-width:70px;\"><div class=\"fusion-separator-border sep-single sep-solid\" style=\"--awb-height:20px;--awb-amount:20px;border-color:var(--awb-color2);border-top-width:1px;\"><\/div><\/div><div class=\"fusion-text fusion-text-8\" style=\"--awb-content-alignment:center;--awb-text-transform:capitalize;--awb-text-color:var(--awb-color4);\"><p>Angleterre<\/p>\n<\/div><\/div><\/li>\n<li class=\"fusion-layout-column fusion_builder_column fusion-builder-column-9 fusion-flex-column fusion-animated post-card fusion-grid-column fusion-post-cards-grid-column 2019 ukraine fusion-animated\" style=\"--awb-padding-bottom:5px;--awb-overflow:hidden;--awb-bg-color:var(--awb-color1);--awb-bg-color-hover:var(--awb-custom_color_2);--awb-bg-size:cover;--awb-box-shadow:0px 0px 24px hsla(var(--awb-color7-h),var(--awb-color7-s),var(--awb-color7-l),calc(var(--awb-color7-a) - 40%));;--awb-border-color:var(--awb-color4);--awb-border-color-hover:var(--awb-color7);--awb-border-top:1px;--awb-border-right:1px;--awb-border-bottom:1px;--awb-border-left:1px;--awb-border-style:solid;--awb-border-radius:6px 6px 6px 6px;--awb-flex-grow:0;--awb-flex-shrink:0;--awb-flex-grow-medium:0;--awb-flex-shrink-medium:0;--awb-flex-grow-small:0;--awb-flex-shrink-small:0;\" data-animationType=\"fadeIn\" data-animationDuration=\"1.3\" data-animationOffset=\"top-into-view\"><div class=\"fusion-column-wrapper fusion-column-has-shadow fusion-flex-justify-content-flex-start fusion-content-layout-column\"><div class=\"fusion-image-element \" style=\"--awb-aspect-ratio:16 \/ 9;--awb-margin-bottom:10px;--awb-caption-title-font-family:var(--h2_typography-font-family);--awb-caption-title-font-weight:var(--h2_typography-font-weight);--awb-caption-title-font-style:var(--h2_typography-font-style);--awb-caption-title-size:var(--h2_typography-font-size);--awb-caption-title-transform:var(--h2_typography-text-transform);--awb-caption-title-line-height:var(--h2_typography-line-height);--awb-caption-title-letter-spacing:var(--h2_typography-letter-spacing);\"><span class=\" fusion-imageframe imageframe-none imageframe-8 hover-type-none has-aspect-ratio\"><a class=\"fusion-no-lightbox\" href=\"https:\/\/www.choral-events.com\/es\/chorales\/chamber-choir-sophia\/\" target=\"_self\" aria-label=\"sophia3-1-550&#215;350\"><img decoding=\"async\" width=\"550\" height=\"350\" src=\"https:\/\/www.choral-events.com\/wp-content\/uploads\/2026\/03\/sophia3-1-550x350-1.jpeg\" class=\"img-responsive wp-image-51440 img-with-aspect-ratio\" data-parent-fit=\"cover\" data-parent-container=\".fusion-image-element\" alt srcset=\"https:\/\/www.choral-events.com\/wp-content\/uploads\/2026\/03\/sophia3-1-550x350-1-200x127.jpeg 200w, https:\/\/www.choral-events.com\/wp-content\/uploads\/2026\/03\/sophia3-1-550x350-1-400x255.jpeg 400w, https:\/\/www.choral-events.com\/wp-content\/uploads\/2026\/03\/sophia3-1-550x350-1.jpeg 550w\" sizes=\"(max-width: 1024px) 100vw, (max-width: 640px) 100vw, 550px\" \/><\/a><\/span><\/div><div class=\"fusion-title title fusion-title-10 fusion-sep-none fusion-title-center fusion-title-text fusion-title-size-paragraph\" style=\"--awb-text-color:var(--awb-color7);--awb-margin-top:10px;--awb-margin-right:5px;--awb-margin-bottom:10px;--awb-margin-left:5px;--awb-margin-top-small:16px;--awb-margin-right-small:0px;--awb-margin-bottom-small:10px;--awb-margin-left-small:0px;--awb-link-color:var(--awb-color7);--awb-font-size:16px;\"><p class=\"fusion-title-heading title-heading-center title-heading-tag fusion-responsive-typography-calculated\" style=\"margin:0;font-size:1em;--fontSize:16;--minFontSize:16;line-height:1.6;\"><a href=\"https:\/\/www.choral-events.com\/es\/chorales\/chamber-choir-sophia\/\" class=\"awb-custom-text-color awb-custom-text-hover-color\" target=\"_self\">Chamber Choir Sophia<\/a><\/p><\/div><div class=\"fusion-separator\" style=\"align-self: center;margin-left: auto;margin-right: auto;flex-grow:10;margin-top:5px;margin-bottom:10px;width:100%;max-width:70px;\"><div class=\"fusion-separator-border sep-single sep-solid\" style=\"--awb-height:20px;--awb-amount:20px;border-color:var(--awb-color2);border-top-width:1px;\"><\/div><\/div><div class=\"fusion-text fusion-text-9\" style=\"--awb-content-alignment:center;--awb-text-transform:capitalize;--awb-text-color:var(--awb-color4);\"><p>Ukraine<\/p>\n<\/div><\/div><\/li>\n<li class=\"fusion-layout-column fusion_builder_column fusion-builder-column-10 fusion-flex-column fusion-animated post-card fusion-grid-column fusion-post-cards-grid-column 2020 suisse fusion-animated\" style=\"--awb-padding-bottom:5px;--awb-overflow:hidden;--awb-bg-color:var(--awb-color1);--awb-bg-color-hover:var(--awb-custom_color_2);--awb-bg-size:cover;--awb-box-shadow:0px 0px 24px hsla(var(--awb-color7-h),var(--awb-color7-s),var(--awb-color7-l),calc(var(--awb-color7-a) - 40%));;--awb-border-color:var(--awb-color4);--awb-border-color-hover:var(--awb-color7);--awb-border-top:1px;--awb-border-right:1px;--awb-border-bottom:1px;--awb-border-left:1px;--awb-border-style:solid;--awb-border-radius:6px 6px 6px 6px;--awb-flex-grow:0;--awb-flex-shrink:0;--awb-flex-grow-medium:0;--awb-flex-shrink-medium:0;--awb-flex-grow-small:0;--awb-flex-shrink-small:0;\" data-animationType=\"fadeIn\" data-animationDuration=\"1.3\" data-animationOffset=\"top-into-view\"><div class=\"fusion-column-wrapper fusion-column-has-shadow fusion-flex-justify-content-flex-start fusion-content-layout-column\"><div class=\"fusion-image-element \" style=\"--awb-aspect-ratio:16 \/ 9;--awb-margin-bottom:10px;--awb-caption-title-font-family:var(--h2_typography-font-family);--awb-caption-title-font-weight:var(--h2_typography-font-weight);--awb-caption-title-font-style:var(--h2_typography-font-style);--awb-caption-title-size:var(--h2_typography-font-size);--awb-caption-title-transform:var(--h2_typography-text-transform);--awb-caption-title-line-height:var(--h2_typography-line-height);--awb-caption-title-letter-spacing:var(--h2_typography-letter-spacing);\"><span class=\" fusion-imageframe imageframe-none imageframe-9 hover-type-none has-aspect-ratio\"><a class=\"fusion-no-lightbox\" href=\"https:\/\/www.choral-events.com\/es\/chorales\/choeur-a-coeur\/\" target=\"_self\" aria-label=\"Choeur-\u00e0-Coeur-photo-Suisse-2-550&#215;350\"><img decoding=\"async\" width=\"550\" height=\"350\" src=\"https:\/\/www.choral-events.com\/wp-content\/uploads\/2026\/03\/Choeur-a-Coeur-photo-Suisse-2-550x350-1.jpg\" class=\"img-responsive wp-image-51815 img-with-aspect-ratio\" data-parent-fit=\"cover\" data-parent-container=\".fusion-image-element\" alt srcset=\"https:\/\/www.choral-events.com\/wp-content\/uploads\/2026\/03\/Choeur-a-Coeur-photo-Suisse-2-550x350-1-200x127.jpg 200w, https:\/\/www.choral-events.com\/wp-content\/uploads\/2026\/03\/Choeur-a-Coeur-photo-Suisse-2-550x350-1-400x255.jpg 400w, https:\/\/www.choral-events.com\/wp-content\/uploads\/2026\/03\/Choeur-a-Coeur-photo-Suisse-2-550x350-1.jpg 550w\" sizes=\"(max-width: 1024px) 100vw, (max-width: 640px) 100vw, 550px\" \/><\/a><\/span><\/div><div class=\"fusion-title title fusion-title-11 fusion-sep-none fusion-title-center fusion-title-text fusion-title-size-paragraph\" style=\"--awb-text-color:var(--awb-color7);--awb-margin-top:10px;--awb-margin-right:5px;--awb-margin-bottom:10px;--awb-margin-left:5px;--awb-margin-top-small:16px;--awb-margin-right-small:0px;--awb-margin-bottom-small:10px;--awb-margin-left-small:0px;--awb-link-color:var(--awb-color7);--awb-font-size:16px;\"><p class=\"fusion-title-heading title-heading-center title-heading-tag fusion-responsive-typography-calculated\" style=\"margin:0;font-size:1em;--fontSize:16;--minFontSize:16;line-height:1.6;\"><a href=\"https:\/\/www.choral-events.com\/es\/chorales\/choeur-a-coeur\/\" class=\"awb-custom-text-color awb-custom-text-hover-color\" target=\"_self\">Ch\u0153ur \u00e0 C\u0153ur<\/a><\/p><\/div><div class=\"fusion-separator\" style=\"align-self: center;margin-left: auto;margin-right: auto;flex-grow:10;margin-top:5px;margin-bottom:10px;width:100%;max-width:70px;\"><div class=\"fusion-separator-border sep-single sep-solid\" style=\"--awb-height:20px;--awb-amount:20px;border-color:var(--awb-color2);border-top-width:1px;\"><\/div><\/div><div class=\"fusion-text fusion-text-10\" style=\"--awb-content-alignment:center;--awb-text-transform:capitalize;--awb-text-color:var(--awb-color4);\"><p>Suisse<\/p>\n<\/div><\/div><\/li>\n<li class=\"fusion-layout-column fusion_builder_column fusion-builder-column-11 fusion-flex-column fusion-animated post-card fusion-grid-column fusion-post-cards-grid-column 2019 portugal fusion-animated\" style=\"--awb-padding-bottom:5px;--awb-overflow:hidden;--awb-bg-color:var(--awb-color1);--awb-bg-color-hover:var(--awb-custom_color_2);--awb-bg-size:cover;--awb-box-shadow:0px 0px 24px hsla(var(--awb-color7-h),var(--awb-color7-s),var(--awb-color7-l),calc(var(--awb-color7-a) - 40%));;--awb-border-color:var(--awb-color4);--awb-border-color-hover:var(--awb-color7);--awb-border-top:1px;--awb-border-right:1px;--awb-border-bottom:1px;--awb-border-left:1px;--awb-border-style:solid;--awb-border-radius:6px 6px 6px 6px;--awb-flex-grow:0;--awb-flex-shrink:0;--awb-flex-grow-medium:0;--awb-flex-shrink-medium:0;--awb-flex-grow-small:0;--awb-flex-shrink-small:0;\" data-animationType=\"fadeIn\" data-animationDuration=\"1.3\" data-animationOffset=\"top-into-view\"><div class=\"fusion-column-wrapper fusion-column-has-shadow fusion-flex-justify-content-flex-start fusion-content-layout-column\"><div class=\"fusion-image-element \" style=\"--awb-aspect-ratio:16 \/ 9;--awb-margin-bottom:10px;--awb-caption-title-font-family:var(--h2_typography-font-family);--awb-caption-title-font-weight:var(--h2_typography-font-weight);--awb-caption-title-font-style:var(--h2_typography-font-style);--awb-caption-title-size:var(--h2_typography-font-size);--awb-caption-title-transform:var(--h2_typography-text-transform);--awb-caption-title-line-height:var(--h2_typography-line-height);--awb-caption-title-letter-spacing:var(--h2_typography-letter-spacing);\"><span class=\" fusion-imageframe imageframe-none imageframe-10 hover-type-none has-aspect-ratio\"><a class=\"fusion-no-lightbox\" href=\"https:\/\/www.choral-events.com\/es\/chorales\/choeur-academique-de-luniversite-de-minho\/\" target=\"_self\" aria-label=\"portugal-1\"><img decoding=\"async\" width=\"550\" height=\"350\" src=\"https:\/\/www.choral-events.com\/wp-content\/uploads\/2026\/03\/portugal-1.jpg\" class=\"img-responsive wp-image-51448 img-with-aspect-ratio\" data-parent-fit=\"cover\" data-parent-container=\".fusion-image-element\" alt srcset=\"https:\/\/www.choral-events.com\/wp-content\/uploads\/2026\/03\/portugal-1-200x127.jpg 200w, https:\/\/www.choral-events.com\/wp-content\/uploads\/2026\/03\/portugal-1-400x255.jpg 400w, https:\/\/www.choral-events.com\/wp-content\/uploads\/2026\/03\/portugal-1.jpg 550w\" sizes=\"(max-width: 1024px) 100vw, (max-width: 640px) 100vw, 550px\" \/><\/a><\/span><\/div><div class=\"fusion-title title fusion-title-12 fusion-sep-none fusion-title-center fusion-title-text fusion-title-size-paragraph\" style=\"--awb-text-color:var(--awb-color7);--awb-margin-top:10px;--awb-margin-right:5px;--awb-margin-bottom:10px;--awb-margin-left:5px;--awb-margin-top-small:16px;--awb-margin-right-small:0px;--awb-margin-bottom-small:10px;--awb-margin-left-small:0px;--awb-link-color:var(--awb-color7);--awb-font-size:16px;\"><p class=\"fusion-title-heading title-heading-center title-heading-tag fusion-responsive-typography-calculated\" style=\"margin:0;font-size:1em;--fontSize:16;--minFontSize:16;line-height:1.6;\"><a href=\"https:\/\/www.choral-events.com\/es\/chorales\/choeur-academique-de-luniversite-de-minho\/\" class=\"awb-custom-text-color awb-custom-text-hover-color\" target=\"_self\">Ch\u0153ur Acad\u00e9mique de l\u2019Universit\u00e9 de Minho<\/a><\/p><\/div><div class=\"fusion-separator\" style=\"align-self: center;margin-left: auto;margin-right: auto;flex-grow:10;margin-top:5px;margin-bottom:10px;width:100%;max-width:70px;\"><div class=\"fusion-separator-border sep-single sep-solid\" style=\"--awb-height:20px;--awb-amount:20px;border-color:var(--awb-color2);border-top-width:1px;\"><\/div><\/div><div class=\"fusion-text fusion-text-11\" style=\"--awb-content-alignment:center;--awb-text-transform:capitalize;--awb-text-color:var(--awb-color4);\"><p>Portugal<\/p>\n<\/div><\/div><\/li>\n<li class=\"fusion-layout-column fusion_builder_column fusion-builder-column-12 fusion-flex-column fusion-animated post-card fusion-grid-column fusion-post-cards-grid-column 2019 france fusion-animated\" style=\"--awb-padding-bottom:5px;--awb-overflow:hidden;--awb-bg-color:var(--awb-color1);--awb-bg-color-hover:var(--awb-custom_color_2);--awb-bg-size:cover;--awb-box-shadow:0px 0px 24px hsla(var(--awb-color7-h),var(--awb-color7-s),var(--awb-color7-l),calc(var(--awb-color7-a) - 40%));;--awb-border-color:var(--awb-color4);--awb-border-color-hover:var(--awb-color7);--awb-border-top:1px;--awb-border-right:1px;--awb-border-bottom:1px;--awb-border-left:1px;--awb-border-style:solid;--awb-border-radius:6px 6px 6px 6px;--awb-flex-grow:0;--awb-flex-shrink:0;--awb-flex-grow-medium:0;--awb-flex-shrink-medium:0;--awb-flex-grow-small:0;--awb-flex-shrink-small:0;\" data-animationType=\"fadeIn\" data-animationDuration=\"1.3\" data-animationOffset=\"top-into-view\"><div class=\"fusion-column-wrapper fusion-column-has-shadow fusion-flex-justify-content-flex-start fusion-content-layout-column\"><div class=\"fusion-image-element \" style=\"--awb-aspect-ratio:16 \/ 9;--awb-margin-bottom:10px;--awb-caption-title-font-family:var(--h2_typography-font-family);--awb-caption-title-font-weight:var(--h2_typography-font-weight);--awb-caption-title-font-style:var(--h2_typography-font-style);--awb-caption-title-size:var(--h2_typography-font-size);--awb-caption-title-transform:var(--h2_typography-text-transform);--awb-caption-title-line-height:var(--h2_typography-line-height);--awb-caption-title-letter-spacing:var(--h2_typography-letter-spacing);\"><span class=\" fusion-imageframe imageframe-none imageframe-11 hover-type-none has-aspect-ratio\"><a class=\"fusion-no-lightbox\" href=\"https:\/\/www.choral-events.com\/es\/chorales\/choeur-ad-pacem\/\" target=\"_self\"><img decoding=\"async\" src=\"https:\/\/www.choral-events.eskale.fr\/wp-content\/uploads\/2026\/02\/Chorales-2022.jpg\" class=\"img-responsive img-with-aspect-ratio\" data-parent-fit=\"cover\" data-parent-container=\".fusion-image-element\" alt \/><\/a><\/span><\/div><div class=\"fusion-title title fusion-title-13 fusion-sep-none fusion-title-center fusion-title-text fusion-title-size-paragraph\" style=\"--awb-text-color:var(--awb-color7);--awb-margin-top:10px;--awb-margin-right:5px;--awb-margin-bottom:10px;--awb-margin-left:5px;--awb-margin-top-small:16px;--awb-margin-right-small:0px;--awb-margin-bottom-small:10px;--awb-margin-left-small:0px;--awb-link-color:var(--awb-color7);--awb-font-size:16px;\"><p class=\"fusion-title-heading title-heading-center title-heading-tag fusion-responsive-typography-calculated\" style=\"margin:0;font-size:1em;--fontSize:16;--minFontSize:16;line-height:1.6;\"><a href=\"https:\/\/www.choral-events.com\/es\/chorales\/choeur-ad-pacem\/\" class=\"awb-custom-text-color awb-custom-text-hover-color\" target=\"_self\">Ch\u0153ur Ad Pacem<\/a><\/p><\/div><div class=\"fusion-separator\" style=\"align-self: center;margin-left: auto;margin-right: auto;flex-grow:10;margin-top:5px;margin-bottom:10px;width:100%;max-width:70px;\"><div class=\"fusion-separator-border sep-single sep-solid\" style=\"--awb-height:20px;--awb-amount:20px;border-color:var(--awb-color2);border-top-width:1px;\"><\/div><\/div><div class=\"fusion-text fusion-text-12\" style=\"--awb-content-alignment:center;--awb-text-transform:capitalize;--awb-text-color:var(--awb-color4);\"><p>France<\/p>\n<\/div><\/div><\/li>\n<li class=\"fusion-layout-column fusion_builder_column fusion-builder-column-13 fusion-flex-column fusion-animated post-card fusion-grid-column fusion-post-cards-grid-column 2020 suisse fusion-animated\" style=\"--awb-padding-bottom:5px;--awb-overflow:hidden;--awb-bg-color:var(--awb-color1);--awb-bg-color-hover:var(--awb-custom_color_2);--awb-bg-size:cover;--awb-box-shadow:0px 0px 24px hsla(var(--awb-color7-h),var(--awb-color7-s),var(--awb-color7-l),calc(var(--awb-color7-a) - 40%));;--awb-border-color:var(--awb-color4);--awb-border-color-hover:var(--awb-color7);--awb-border-top:1px;--awb-border-right:1px;--awb-border-bottom:1px;--awb-border-left:1px;--awb-border-style:solid;--awb-border-radius:6px 6px 6px 6px;--awb-flex-grow:0;--awb-flex-shrink:0;--awb-flex-grow-medium:0;--awb-flex-shrink-medium:0;--awb-flex-grow-small:0;--awb-flex-shrink-small:0;\" data-animationType=\"fadeIn\" data-animationDuration=\"1.3\" data-animationOffset=\"top-into-view\"><div class=\"fusion-column-wrapper fusion-column-has-shadow fusion-flex-justify-content-flex-start fusion-content-layout-column\"><div class=\"fusion-image-element \" style=\"--awb-aspect-ratio:16 \/ 9;--awb-margin-bottom:10px;--awb-caption-title-font-family:var(--h2_typography-font-family);--awb-caption-title-font-weight:var(--h2_typography-font-weight);--awb-caption-title-font-style:var(--h2_typography-font-style);--awb-caption-title-size:var(--h2_typography-font-size);--awb-caption-title-transform:var(--h2_typography-text-transform);--awb-caption-title-line-height:var(--h2_typography-line-height);--awb-caption-title-letter-spacing:var(--h2_typography-letter-spacing);\"><span class=\" fusion-imageframe imageframe-none imageframe-12 hover-type-none has-aspect-ratio\"><a class=\"fusion-no-lightbox\" href=\"https:\/\/www.choral-events.com\/es\/chorales\/choeur-anonymos\/\" target=\"_self\" aria-label=\"Anonymos-foto-p\u00e1gina-web-\"><img decoding=\"async\" width=\"550\" height=\"350\" src=\"https:\/\/www.choral-events.com\/wp-content\/uploads\/2026\/03\/Anonymos-photo-page-web-.png\" class=\"img-responsive wp-image-51819 img-with-aspect-ratio\" data-parent-fit=\"cover\" data-parent-container=\".fusion-image-element\" alt srcset=\"https:\/\/www.choral-events.com\/wp-content\/uploads\/2026\/03\/Anonymos-photo-page-web--200x127.png 200w, https:\/\/www.choral-events.com\/wp-content\/uploads\/2026\/03\/Anonymos-photo-page-web--400x255.png 400w, https:\/\/www.choral-events.com\/wp-content\/uploads\/2026\/03\/Anonymos-photo-page-web-.png 550w\" sizes=\"(max-width: 1024px) 100vw, (max-width: 640px) 100vw, 550px\" \/><\/a><\/span><\/div><div class=\"fusion-title title fusion-title-14 fusion-sep-none fusion-title-center fusion-title-text fusion-title-size-paragraph\" style=\"--awb-text-color:var(--awb-color7);--awb-margin-top:10px;--awb-margin-right:5px;--awb-margin-bottom:10px;--awb-margin-left:5px;--awb-margin-top-small:16px;--awb-margin-right-small:0px;--awb-margin-bottom-small:10px;--awb-margin-left-small:0px;--awb-link-color:var(--awb-color7);--awb-font-size:16px;\"><p class=\"fusion-title-heading title-heading-center title-heading-tag fusion-responsive-typography-calculated\" style=\"margin:0;font-size:1em;--fontSize:16;--minFontSize:16;line-height:1.6;\"><a href=\"https:\/\/www.choral-events.com\/es\/chorales\/choeur-anonymos\/\" class=\"awb-custom-text-color awb-custom-text-hover-color\" target=\"_self\">Choeur Anonymos<\/a><\/p><\/div><div class=\"fusion-separator\" style=\"align-self: center;margin-left: auto;margin-right: auto;flex-grow:10;margin-top:5px;margin-bottom:10px;width:100%;max-width:70px;\"><div class=\"fusion-separator-border sep-single sep-solid\" style=\"--awb-height:20px;--awb-amount:20px;border-color:var(--awb-color2);border-top-width:1px;\"><\/div><\/div><div class=\"fusion-text fusion-text-13\" style=\"--awb-content-alignment:center;--awb-text-transform:capitalize;--awb-text-color:var(--awb-color4);\"><p>Suisse<\/p>\n<\/div><\/div><\/li>\n<li class=\"fusion-layout-column fusion_builder_column fusion-builder-column-14 fusion-flex-column fusion-animated post-card fusion-grid-column fusion-post-cards-grid-column 2019 france fusion-animated\" style=\"--awb-padding-bottom:5px;--awb-overflow:hidden;--awb-bg-color:var(--awb-color1);--awb-bg-color-hover:var(--awb-custom_color_2);--awb-bg-size:cover;--awb-box-shadow:0px 0px 24px hsla(var(--awb-color7-h),var(--awb-color7-s),var(--awb-color7-l),calc(var(--awb-color7-a) - 40%));;--awb-border-color:var(--awb-color4);--awb-border-color-hover:var(--awb-color7);--awb-border-top:1px;--awb-border-right:1px;--awb-border-bottom:1px;--awb-border-left:1px;--awb-border-style:solid;--awb-border-radius:6px 6px 6px 6px;--awb-flex-grow:0;--awb-flex-shrink:0;--awb-flex-grow-medium:0;--awb-flex-shrink-medium:0;--awb-flex-grow-small:0;--awb-flex-shrink-small:0;\" data-animationType=\"fadeIn\" data-animationDuration=\"1.3\" data-animationOffset=\"top-into-view\"><div class=\"fusion-column-wrapper fusion-column-has-shadow fusion-flex-justify-content-flex-start fusion-content-layout-column\"><div class=\"fusion-image-element \" style=\"--awb-aspect-ratio:16 \/ 9;--awb-margin-bottom:10px;--awb-caption-title-font-family:var(--h2_typography-font-family);--awb-caption-title-font-weight:var(--h2_typography-font-weight);--awb-caption-title-font-style:var(--h2_typography-font-style);--awb-caption-title-size:var(--h2_typography-font-size);--awb-caption-title-transform:var(--h2_typography-text-transform);--awb-caption-title-line-height:var(--h2_typography-line-height);--awb-caption-title-letter-spacing:var(--h2_typography-letter-spacing);\"><span class=\" fusion-imageframe imageframe-none imageframe-13 hover-type-none has-aspect-ratio\"><a class=\"fusion-no-lightbox\" href=\"https:\/\/www.choral-events.com\/es\/chorales\/choeur-au-fil-de-larve\/\" target=\"_self\" aria-label=\"foto-pour-site\"><img decoding=\"async\" width=\"550\" height=\"350\" src=\"https:\/\/www.choral-events.com\/wp-content\/uploads\/2026\/03\/photo-pour-site.jpg\" class=\"img-responsive wp-image-51460 img-with-aspect-ratio\" data-parent-fit=\"cover\" data-parent-container=\".fusion-image-element\" alt srcset=\"https:\/\/www.choral-events.com\/wp-content\/uploads\/2026\/03\/photo-pour-site-200x127.jpg 200w, https:\/\/www.choral-events.com\/wp-content\/uploads\/2026\/03\/photo-pour-site-400x255.jpg 400w, https:\/\/www.choral-events.com\/wp-content\/uploads\/2026\/03\/photo-pour-site.jpg 550w\" sizes=\"(max-width: 1024px) 100vw, (max-width: 640px) 100vw, 550px\" \/><\/a><\/span><\/div><div class=\"fusion-title title fusion-title-15 fusion-sep-none fusion-title-center fusion-title-text fusion-title-size-paragraph\" style=\"--awb-text-color:var(--awb-color7);--awb-margin-top:10px;--awb-margin-right:5px;--awb-margin-bottom:10px;--awb-margin-left:5px;--awb-margin-top-small:16px;--awb-margin-right-small:0px;--awb-margin-bottom-small:10px;--awb-margin-left-small:0px;--awb-link-color:var(--awb-color7);--awb-font-size:16px;\"><p class=\"fusion-title-heading title-heading-center title-heading-tag fusion-responsive-typography-calculated\" style=\"margin:0;font-size:1em;--fontSize:16;--minFontSize:16;line-height:1.6;\"><a href=\"https:\/\/www.choral-events.com\/es\/chorales\/choeur-au-fil-de-larve\/\" class=\"awb-custom-text-color awb-custom-text-hover-color\" target=\"_self\">Ch\u0153ur Au fil de l\u2019Arve<\/a><\/p><\/div><div class=\"fusion-separator\" style=\"align-self: center;margin-left: auto;margin-right: auto;flex-grow:10;margin-top:5px;margin-bottom:10px;width:100%;max-width:70px;\"><div class=\"fusion-separator-border sep-single sep-solid\" style=\"--awb-height:20px;--awb-amount:20px;border-color:var(--awb-color2);border-top-width:1px;\"><\/div><\/div><div class=\"fusion-text fusion-text-14\" style=\"--awb-content-alignment:center;--awb-text-transform:capitalize;--awb-text-color:var(--awb-color4);\"><p>France<\/p>\n<\/div><\/div><\/li>\n<li class=\"fusion-layout-column fusion_builder_column fusion-builder-column-15 fusion-flex-column fusion-animated post-card fusion-grid-column fusion-post-cards-grid-column 2019 france fusion-animated\" style=\"--awb-padding-bottom:5px;--awb-overflow:hidden;--awb-bg-color:var(--awb-color1);--awb-bg-color-hover:var(--awb-custom_color_2);--awb-bg-size:cover;--awb-box-shadow:0px 0px 24px hsla(var(--awb-color7-h),var(--awb-color7-s),var(--awb-color7-l),calc(var(--awb-color7-a) - 40%));;--awb-border-color:var(--awb-color4);--awb-border-color-hover:var(--awb-color7);--awb-border-top:1px;--awb-border-right:1px;--awb-border-bottom:1px;--awb-border-left:1px;--awb-border-style:solid;--awb-border-radius:6px 6px 6px 6px;--awb-flex-grow:0;--awb-flex-shrink:0;--awb-flex-grow-medium:0;--awb-flex-shrink-medium:0;--awb-flex-grow-small:0;--awb-flex-shrink-small:0;\" data-animationType=\"fadeIn\" data-animationDuration=\"1.3\" data-animationOffset=\"top-into-view\"><div class=\"fusion-column-wrapper fusion-column-has-shadow fusion-flex-justify-content-flex-start fusion-content-layout-column\"><div class=\"fusion-image-element \" style=\"--awb-aspect-ratio:16 \/ 9;--awb-margin-bottom:10px;--awb-caption-title-font-family:var(--h2_typography-font-family);--awb-caption-title-font-weight:var(--h2_typography-font-weight);--awb-caption-title-font-style:var(--h2_typography-font-style);--awb-caption-title-size:var(--h2_typography-font-size);--awb-caption-title-transform:var(--h2_typography-text-transform);--awb-caption-title-line-height:var(--h2_typography-line-height);--awb-caption-title-letter-spacing:var(--h2_typography-letter-spacing);\"><span class=\" fusion-imageframe imageframe-none imageframe-14 hover-type-none has-aspect-ratio\"><a class=\"fusion-no-lightbox\" href=\"https:\/\/www.choral-events.com\/es\/chorales\/choeur-cantilena\/\" target=\"_self\" aria-label=\"Cantilena-foto-sitio\"><img decoding=\"async\" width=\"550\" height=\"350\" src=\"https:\/\/www.choral-events.com\/wp-content\/uploads\/2026\/03\/Cantilena-photo-site.jpg\" class=\"img-responsive wp-image-51472 img-with-aspect-ratio\" data-parent-fit=\"cover\" data-parent-container=\".fusion-image-element\" alt srcset=\"https:\/\/www.choral-events.com\/wp-content\/uploads\/2026\/03\/Cantilena-photo-site-200x127.jpg 200w, https:\/\/www.choral-events.com\/wp-content\/uploads\/2026\/03\/Cantilena-photo-site-400x255.jpg 400w, https:\/\/www.choral-events.com\/wp-content\/uploads\/2026\/03\/Cantilena-photo-site.jpg 550w\" sizes=\"(max-width: 1024px) 100vw, (max-width: 640px) 100vw, 550px\" \/><\/a><\/span><\/div><div class=\"fusion-title title fusion-title-16 fusion-sep-none fusion-title-center fusion-title-text fusion-title-size-paragraph\" style=\"--awb-text-color:var(--awb-color7);--awb-margin-top:10px;--awb-margin-right:5px;--awb-margin-bottom:10px;--awb-margin-left:5px;--awb-margin-top-small:16px;--awb-margin-right-small:0px;--awb-margin-bottom-small:10px;--awb-margin-left-small:0px;--awb-link-color:var(--awb-color7);--awb-font-size:16px;\"><p class=\"fusion-title-heading title-heading-center title-heading-tag fusion-responsive-typography-calculated\" style=\"margin:0;font-size:1em;--fontSize:16;--minFontSize:16;line-height:1.6;\"><a href=\"https:\/\/www.choral-events.com\/es\/chorales\/choeur-cantilena\/\" class=\"awb-custom-text-color awb-custom-text-hover-color\" target=\"_self\">Ch\u0153ur Cantilena<\/a><\/p><\/div><div class=\"fusion-separator\" style=\"align-self: center;margin-left: auto;margin-right: auto;flex-grow:10;margin-top:5px;margin-bottom:10px;width:100%;max-width:70px;\"><div class=\"fusion-separator-border sep-single sep-solid\" style=\"--awb-height:20px;--awb-amount:20px;border-color:var(--awb-color2);border-top-width:1px;\"><\/div><\/div><div class=\"fusion-text fusion-text-15\" style=\"--awb-content-alignment:center;--awb-text-transform:capitalize;--awb-text-color:var(--awb-color4);\"><p>France<\/p>\n<\/div><\/div><\/li>\n<li class=\"fusion-layout-column fusion_builder_column fusion-builder-column-16 fusion-flex-column fusion-animated post-card fusion-grid-column fusion-post-cards-grid-column 2019 russie fusion-animated\" style=\"--awb-padding-bottom:5px;--awb-overflow:hidden;--awb-bg-color:var(--awb-color1);--awb-bg-color-hover:var(--awb-custom_color_2);--awb-bg-size:cover;--awb-box-shadow:0px 0px 24px hsla(var(--awb-color7-h),var(--awb-color7-s),var(--awb-color7-l),calc(var(--awb-color7-a) - 40%));;--awb-border-color:var(--awb-color4);--awb-border-color-hover:var(--awb-color7);--awb-border-top:1px;--awb-border-right:1px;--awb-border-bottom:1px;--awb-border-left:1px;--awb-border-style:solid;--awb-border-radius:6px 6px 6px 6px;--awb-flex-grow:0;--awb-flex-shrink:0;--awb-flex-grow-medium:0;--awb-flex-shrink-medium:0;--awb-flex-grow-small:0;--awb-flex-shrink-small:0;\" data-animationType=\"fadeIn\" data-animationDuration=\"1.3\" data-animationOffset=\"top-into-view\"><div class=\"fusion-column-wrapper fusion-column-has-shadow fusion-flex-justify-content-flex-start fusion-content-layout-column\"><div class=\"fusion-image-element \" style=\"--awb-aspect-ratio:16 \/ 9;--awb-margin-bottom:10px;--awb-caption-title-font-family:var(--h2_typography-font-family);--awb-caption-title-font-weight:var(--h2_typography-font-weight);--awb-caption-title-font-style:var(--h2_typography-font-style);--awb-caption-title-size:var(--h2_typography-font-size);--awb-caption-title-transform:var(--h2_typography-text-transform);--awb-caption-title-line-height:var(--h2_typography-line-height);--awb-caption-title-letter-spacing:var(--h2_typography-letter-spacing);\"><span class=\" fusion-imageframe imageframe-none imageframe-15 hover-type-none has-aspect-ratio\"><a class=\"fusion-no-lightbox\" href=\"https:\/\/www.choral-events.com\/es\/chorales\/choeur-denfants-poliot\/\" target=\"_self\" aria-label=\"mini_esp-40-550&#215;350\"><img decoding=\"async\" width=\"550\" height=\"350\" src=\"https:\/\/www.choral-events.com\/wp-content\/uploads\/2026\/03\/mini_fra-40-550x350-1.jpg\" class=\"img-responsive wp-image-51480 img-with-aspect-ratio\" data-parent-fit=\"cover\" data-parent-container=\".fusion-image-element\" alt srcset=\"https:\/\/www.choral-events.com\/wp-content\/uploads\/2026\/03\/mini_fra-40-550x350-1-200x127.jpg 200w, https:\/\/www.choral-events.com\/wp-content\/uploads\/2026\/03\/mini_fra-40-550x350-1-400x255.jpg 400w, https:\/\/www.choral-events.com\/wp-content\/uploads\/2026\/03\/mini_fra-40-550x350-1.jpg 550w\" sizes=\"(max-width: 1024px) 100vw, (max-width: 640px) 100vw, 550px\" \/><\/a><\/span><\/div><div class=\"fusion-title title fusion-title-17 fusion-sep-none fusion-title-center fusion-title-text fusion-title-size-paragraph\" style=\"--awb-text-color:var(--awb-color7);--awb-margin-top:10px;--awb-margin-right:5px;--awb-margin-bottom:10px;--awb-margin-left:5px;--awb-margin-top-small:16px;--awb-margin-right-small:0px;--awb-margin-bottom-small:10px;--awb-margin-left-small:0px;--awb-link-color:var(--awb-color7);--awb-font-size:16px;\"><p class=\"fusion-title-heading title-heading-center title-heading-tag fusion-responsive-typography-calculated\" style=\"margin:0;font-size:1em;--fontSize:16;--minFontSize:16;line-height:1.6;\"><a href=\"https:\/\/www.choral-events.com\/es\/chorales\/choeur-denfants-poliot\/\" class=\"awb-custom-text-color awb-custom-text-hover-color\" target=\"_self\">Ch\u0153ur d\u2019Enfants POLIOT<\/a><\/p><\/div><div class=\"fusion-separator\" style=\"align-self: center;margin-left: auto;margin-right: auto;flex-grow:10;margin-top:5px;margin-bottom:10px;width:100%;max-width:70px;\"><div class=\"fusion-separator-border sep-single sep-solid\" style=\"--awb-height:20px;--awb-amount:20px;border-color:var(--awb-color2);border-top-width:1px;\"><\/div><\/div><div class=\"fusion-text fusion-text-16\" style=\"--awb-content-alignment:center;--awb-text-transform:capitalize;--awb-text-color:var(--awb-color4);\"><p>Russie<\/p>\n<\/div><\/div><\/li>\n<li class=\"fusion-layout-column fusion_builder_column fusion-builder-column-17 fusion-flex-column fusion-animated post-card fusion-grid-column fusion-post-cards-grid-column 2019 italie fusion-animated\" style=\"--awb-padding-bottom:5px;--awb-overflow:hidden;--awb-bg-color:var(--awb-color1);--awb-bg-color-hover:var(--awb-custom_color_2);--awb-bg-size:cover;--awb-box-shadow:0px 0px 24px hsla(var(--awb-color7-h),var(--awb-color7-s),var(--awb-color7-l),calc(var(--awb-color7-a) - 40%));;--awb-border-color:var(--awb-color4);--awb-border-color-hover:var(--awb-color7);--awb-border-top:1px;--awb-border-right:1px;--awb-border-bottom:1px;--awb-border-left:1px;--awb-border-style:solid;--awb-border-radius:6px 6px 6px 6px;--awb-flex-grow:0;--awb-flex-shrink:0;--awb-flex-grow-medium:0;--awb-flex-shrink-medium:0;--awb-flex-grow-small:0;--awb-flex-shrink-small:0;\" data-animationType=\"fadeIn\" data-animationDuration=\"1.3\" data-animationOffset=\"top-into-view\"><div class=\"fusion-column-wrapper fusion-column-has-shadow fusion-flex-justify-content-flex-start fusion-content-layout-column\"><div class=\"fusion-image-element \" style=\"--awb-aspect-ratio:16 \/ 9;--awb-margin-bottom:10px;--awb-caption-title-font-family:var(--h2_typography-font-family);--awb-caption-title-font-weight:var(--h2_typography-font-weight);--awb-caption-title-font-style:var(--h2_typography-font-style);--awb-caption-title-size:var(--h2_typography-font-size);--awb-caption-title-transform:var(--h2_typography-text-transform);--awb-caption-title-line-height:var(--h2_typography-line-height);--awb-caption-title-letter-spacing:var(--h2_typography-letter-spacing);\"><span class=\" fusion-imageframe imageframe-none imageframe-16 hover-type-none has-aspect-ratio\"><a class=\"fusion-no-lightbox\" href=\"https:\/\/www.choral-events.com\/es\/chorales\/choeur-denfants-voixla\/\" target=\"_self\" aria-label=\"mini_choeur-VOIXl\u00e0-550&#215;350\"><img decoding=\"async\" width=\"550\" height=\"350\" src=\"https:\/\/www.choral-events.com\/wp-content\/uploads\/2026\/03\/mini_choeur-VOIXla-550x350-1.jpg\" class=\"img-responsive wp-image-51492 img-with-aspect-ratio\" data-parent-fit=\"cover\" data-parent-container=\".fusion-image-element\" alt srcset=\"https:\/\/www.choral-events.com\/wp-content\/uploads\/2026\/03\/mini_choeur-VOIXla-550x350-1-200x127.jpg 200w, https:\/\/www.choral-events.com\/wp-content\/uploads\/2026\/03\/mini_choeur-VOIXla-550x350-1-400x255.jpg 400w, https:\/\/www.choral-events.com\/wp-content\/uploads\/2026\/03\/mini_choeur-VOIXla-550x350-1.jpg 550w\" sizes=\"(max-width: 1024px) 100vw, (max-width: 640px) 100vw, 550px\" \/><\/a><\/span><\/div><div class=\"fusion-title title fusion-title-18 fusion-sep-none fusion-title-center fusion-title-text fusion-title-size-paragraph\" style=\"--awb-text-color:var(--awb-color7);--awb-margin-top:10px;--awb-margin-right:5px;--awb-margin-bottom:10px;--awb-margin-left:5px;--awb-margin-top-small:16px;--awb-margin-right-small:0px;--awb-margin-bottom-small:10px;--awb-margin-left-small:0px;--awb-link-color:var(--awb-color7);--awb-font-size:16px;\"><p class=\"fusion-title-heading title-heading-center title-heading-tag fusion-responsive-typography-calculated\" style=\"margin:0;font-size:1em;--fontSize:16;--minFontSize:16;line-height:1.6;\"><a href=\"https:\/\/www.choral-events.com\/es\/chorales\/choeur-denfants-voixla\/\" class=\"awb-custom-text-color awb-custom-text-hover-color\" target=\"_self\">Choeur d\u2019enfants VOIXl\u00e0<\/a><\/p><\/div><div class=\"fusion-separator\" style=\"align-self: center;margin-left: auto;margin-right: auto;flex-grow:10;margin-top:5px;margin-bottom:10px;width:100%;max-width:70px;\"><div class=\"fusion-separator-border sep-single sep-solid\" style=\"--awb-height:20px;--awb-amount:20px;border-color:var(--awb-color2);border-top-width:1px;\"><\/div><\/div><div class=\"fusion-text fusion-text-17\" style=\"--awb-content-alignment:center;--awb-text-transform:capitalize;--awb-text-color:var(--awb-color4);\"><p>Portugal<\/p>\n<\/div><\/div><\/li>\n<li class=\"fusion-layout-column fusion_builder_column fusion-builder-column-18 fusion-flex-column fusion-animated post-card fusion-grid-column fusion-post-cards-grid-column 2020 estonie fusion-animated\" style=\"--awb-padding-bottom:5px;--awb-overflow:hidden;--awb-bg-color:var(--awb-color1);--awb-bg-color-hover:var(--awb-custom_color_2);--awb-bg-size:cover;--awb-box-shadow:0px 0px 24px hsla(var(--awb-color7-h),var(--awb-color7-s),var(--awb-color7-l),calc(var(--awb-color7-a) - 40%));;--awb-border-color:var(--awb-color4);--awb-border-color-hover:var(--awb-color7);--awb-border-top:1px;--awb-border-right:1px;--awb-border-bottom:1px;--awb-border-left:1px;--awb-border-style:solid;--awb-border-radius:6px 6px 6px 6px;--awb-flex-grow:0;--awb-flex-shrink:0;--awb-flex-grow-medium:0;--awb-flex-shrink-medium:0;--awb-flex-grow-small:0;--awb-flex-shrink-small:0;\" data-animationType=\"fadeIn\" data-animationDuration=\"1.3\" data-animationOffset=\"top-into-view\"><div class=\"fusion-column-wrapper fusion-column-has-shadow fusion-flex-justify-content-flex-start fusion-content-layout-column\"><div class=\"fusion-image-element \" style=\"--awb-aspect-ratio:16 \/ 9;--awb-margin-bottom:10px;--awb-caption-title-font-family:var(--h2_typography-font-family);--awb-caption-title-font-weight:var(--h2_typography-font-weight);--awb-caption-title-font-style:var(--h2_typography-font-style);--awb-caption-title-size:var(--h2_typography-font-size);--awb-caption-title-transform:var(--h2_typography-text-transform);--awb-caption-title-line-height:var(--h2_typography-line-height);--awb-caption-title-letter-spacing:var(--h2_typography-letter-spacing);\"><span class=\" fusion-imageframe imageframe-none imageframe-17 hover-type-none has-aspect-ratio\"><a class=\"fusion-no-lightbox\" href=\"https:\/\/www.choral-events.com\/es\/chorales\/choeur-de-chambre-du-lycee-de-musique-de-tallinn\/\" target=\"_self\"><img decoding=\"async\" src=\"https:\/\/www.choral-events.eskale.fr\/wp-content\/uploads\/2026\/02\/Chorales-2022.jpg\" class=\"img-responsive img-with-aspect-ratio\" data-parent-fit=\"cover\" data-parent-container=\".fusion-image-element\" alt \/><\/a><\/span><\/div><div class=\"fusion-title title fusion-title-19 fusion-sep-none fusion-title-center fusion-title-text fusion-title-size-paragraph\" style=\"--awb-text-color:var(--awb-color7);--awb-margin-top:10px;--awb-margin-right:5px;--awb-margin-bottom:10px;--awb-margin-left:5px;--awb-margin-top-small:16px;--awb-margin-right-small:0px;--awb-margin-bottom-small:10px;--awb-margin-left-small:0px;--awb-link-color:var(--awb-color7);--awb-font-size:16px;\"><p class=\"fusion-title-heading title-heading-center title-heading-tag fusion-responsive-typography-calculated\" style=\"margin:0;font-size:1em;--fontSize:16;--minFontSize:16;line-height:1.6;\"><a href=\"https:\/\/www.choral-events.com\/es\/chorales\/choeur-de-chambre-du-lycee-de-musique-de-tallinn\/\" class=\"awb-custom-text-color awb-custom-text-hover-color\" target=\"_self\">Ch\u0153ur de chambre du lyc\u00e9e de musique de Tallinn<\/a><\/p><\/div><div class=\"fusion-separator\" style=\"align-self: center;margin-left: auto;margin-right: auto;flex-grow:10;margin-top:5px;margin-bottom:10px;width:100%;max-width:70px;\"><div class=\"fusion-separator-border sep-single sep-solid\" style=\"--awb-height:20px;--awb-amount:20px;border-color:var(--awb-color2);border-top-width:1px;\"><\/div><\/div><div class=\"fusion-text fusion-text-18\" style=\"--awb-content-alignment:center;--awb-text-transform:capitalize;--awb-text-color:var(--awb-color4);\"><p>Estonie<\/p>\n<\/div><\/div><\/li>\n<li class=\"fusion-layout-column fusion_builder_column fusion-builder-column-19 fusion-flex-column fusion-animated post-card fusion-grid-column fusion-post-cards-grid-column 2019 lituanie fusion-animated\" style=\"--awb-padding-bottom:5px;--awb-overflow:hidden;--awb-bg-color:var(--awb-color1);--awb-bg-color-hover:var(--awb-custom_color_2);--awb-bg-size:cover;--awb-box-shadow:0px 0px 24px hsla(var(--awb-color7-h),var(--awb-color7-s),var(--awb-color7-l),calc(var(--awb-color7-a) - 40%));;--awb-border-color:var(--awb-color4);--awb-border-color-hover:var(--awb-color7);--awb-border-top:1px;--awb-border-right:1px;--awb-border-bottom:1px;--awb-border-left:1px;--awb-border-style:solid;--awb-border-radius:6px 6px 6px 6px;--awb-flex-grow:0;--awb-flex-shrink:0;--awb-flex-grow-medium:0;--awb-flex-shrink-medium:0;--awb-flex-grow-small:0;--awb-flex-shrink-small:0;\" data-animationType=\"fadeIn\" data-animationDuration=\"1.3\" data-animationOffset=\"top-into-view\"><div class=\"fusion-column-wrapper fusion-column-has-shadow fusion-flex-justify-content-flex-start fusion-content-layout-column\"><div class=\"fusion-image-element \" style=\"--awb-aspect-ratio:16 \/ 9;--awb-margin-bottom:10px;--awb-caption-title-font-family:var(--h2_typography-font-family);--awb-caption-title-font-weight:var(--h2_typography-font-weight);--awb-caption-title-font-style:var(--h2_typography-font-style);--awb-caption-title-size:var(--h2_typography-font-size);--awb-caption-title-transform:var(--h2_typography-text-transform);--awb-caption-title-line-height:var(--h2_typography-line-height);--awb-caption-title-letter-spacing:var(--h2_typography-letter-spacing);\"><span class=\" fusion-imageframe imageframe-none imageframe-18 hover-type-none has-aspect-ratio\"><a class=\"fusion-no-lightbox\" href=\"https:\/\/www.choral-events.com\/es\/chorales\/choeur-kamertonas\/\" target=\"_self\"><img decoding=\"async\" src=\"https:\/\/www.choral-events.eskale.fr\/wp-content\/uploads\/2026\/02\/Chorales-2022.jpg\" class=\"img-responsive img-with-aspect-ratio\" data-parent-fit=\"cover\" data-parent-container=\".fusion-image-element\" alt \/><\/a><\/span><\/div><div class=\"fusion-title title fusion-title-20 fusion-sep-none fusion-title-center fusion-title-text fusion-title-size-paragraph\" style=\"--awb-text-color:var(--awb-color7);--awb-margin-top:10px;--awb-margin-right:5px;--awb-margin-bottom:10px;--awb-margin-left:5px;--awb-margin-top-small:16px;--awb-margin-right-small:0px;--awb-margin-bottom-small:10px;--awb-margin-left-small:0px;--awb-link-color:var(--awb-color7);--awb-font-size:16px;\"><p class=\"fusion-title-heading title-heading-center title-heading-tag fusion-responsive-typography-calculated\" style=\"margin:0;font-size:1em;--fontSize:16;--minFontSize:16;line-height:1.6;\"><a href=\"https:\/\/www.choral-events.com\/es\/chorales\/choeur-kamertonas\/\" class=\"awb-custom-text-color awb-custom-text-hover-color\" target=\"_self\">Ch\u0153ur Kamertonas<\/a><\/p><\/div><div class=\"fusion-separator\" style=\"align-self: center;margin-left: auto;margin-right: auto;flex-grow:10;margin-top:5px;margin-bottom:10px;width:100%;max-width:70px;\"><div class=\"fusion-separator-border sep-single sep-solid\" style=\"--awb-height:20px;--awb-amount:20px;border-color:var(--awb-color2);border-top-width:1px;\"><\/div><\/div><div class=\"fusion-text fusion-text-19\" style=\"--awb-content-alignment:center;--awb-text-transform:capitalize;--awb-text-color:var(--awb-color4);\"><p>Lituanie<\/p>\n<\/div><\/div><\/li>\n<li class=\"fusion-layout-column fusion_builder_column fusion-builder-column-20 fusion-flex-column fusion-animated post-card fusion-grid-column fusion-post-cards-grid-column 2019 france fusion-animated\" style=\"--awb-padding-bottom:5px;--awb-overflow:hidden;--awb-bg-color:var(--awb-color1);--awb-bg-color-hover:var(--awb-custom_color_2);--awb-bg-size:cover;--awb-box-shadow:0px 0px 24px hsla(var(--awb-color7-h),var(--awb-color7-s),var(--awb-color7-l),calc(var(--awb-color7-a) - 40%));;--awb-border-color:var(--awb-color4);--awb-border-color-hover:var(--awb-color7);--awb-border-top:1px;--awb-border-right:1px;--awb-border-bottom:1px;--awb-border-left:1px;--awb-border-style:solid;--awb-border-radius:6px 6px 6px 6px;--awb-flex-grow:0;--awb-flex-shrink:0;--awb-flex-grow-medium:0;--awb-flex-shrink-medium:0;--awb-flex-grow-small:0;--awb-flex-shrink-small:0;\" data-animationType=\"fadeIn\" data-animationDuration=\"1.3\" data-animationOffset=\"top-into-view\"><div class=\"fusion-column-wrapper fusion-column-has-shadow fusion-flex-justify-content-flex-start fusion-content-layout-column\"><div class=\"fusion-image-element \" style=\"--awb-aspect-ratio:16 \/ 9;--awb-margin-bottom:10px;--awb-caption-title-font-family:var(--h2_typography-font-family);--awb-caption-title-font-weight:var(--h2_typography-font-weight);--awb-caption-title-font-style:var(--h2_typography-font-style);--awb-caption-title-size:var(--h2_typography-font-size);--awb-caption-title-transform:var(--h2_typography-text-transform);--awb-caption-title-line-height:var(--h2_typography-line-height);--awb-caption-title-letter-spacing:var(--h2_typography-letter-spacing);\"><span class=\" fusion-imageframe imageframe-none imageframe-19 hover-type-none has-aspect-ratio\"><a class=\"fusion-no-lightbox\" href=\"https:\/\/www.choral-events.com\/es\/chorales\/choeur-la-chanson-de-gaillard\/\" target=\"_self\" aria-label=\"Coro La Chanson de Gaillard\"><img decoding=\"async\" width=\"550\" height=\"350\" alt=\"Coro La Chanson de Gaillard\" src=\"https:\/\/www.choral-events.com\/wp-content\/uploads\/2026\/03\/photo-pour-site-1.jpg\" class=\"img-responsive wp-image-51509 img-with-aspect-ratio\" data-parent-fit=\"cover\" data-parent-container=\".fusion-image-element\" srcset=\"https:\/\/www.choral-events.com\/wp-content\/uploads\/2026\/03\/photo-pour-site-1-200x127.jpg 200w, https:\/\/www.choral-events.com\/wp-content\/uploads\/2026\/03\/photo-pour-site-1-400x255.jpg 400w, https:\/\/www.choral-events.com\/wp-content\/uploads\/2026\/03\/photo-pour-site-1.jpg 550w\" sizes=\"(max-width: 1024px) 100vw, (max-width: 640px) 100vw, 550px\" \/><\/a><\/span><\/div><div class=\"fusion-title title fusion-title-21 fusion-sep-none fusion-title-center fusion-title-text fusion-title-size-paragraph\" style=\"--awb-text-color:var(--awb-color7);--awb-margin-top:10px;--awb-margin-right:5px;--awb-margin-bottom:10px;--awb-margin-left:5px;--awb-margin-top-small:16px;--awb-margin-right-small:0px;--awb-margin-bottom-small:10px;--awb-margin-left-small:0px;--awb-link-color:var(--awb-color7);--awb-font-size:16px;\"><p class=\"fusion-title-heading title-heading-center title-heading-tag fusion-responsive-typography-calculated\" style=\"margin:0;font-size:1em;--fontSize:16;--minFontSize:16;line-height:1.6;\"><a href=\"https:\/\/www.choral-events.com\/es\/chorales\/choeur-la-chanson-de-gaillard\/\" class=\"awb-custom-text-color awb-custom-text-hover-color\" target=\"_self\">Ch\u0153ur La Chanson de Gaillard<\/a><\/p><\/div><div class=\"fusion-separator\" style=\"align-self: center;margin-left: auto;margin-right: auto;flex-grow:10;margin-top:5px;margin-bottom:10px;width:100%;max-width:70px;\"><div class=\"fusion-separator-border sep-single sep-solid\" style=\"--awb-height:20px;--awb-amount:20px;border-color:var(--awb-color2);border-top-width:1px;\"><\/div><\/div><div class=\"fusion-text fusion-text-20\" style=\"--awb-content-alignment:center;--awb-text-transform:capitalize;--awb-text-color:var(--awb-color4);\"><p>France<\/p>\n<\/div><\/div><\/li>\n<li class=\"fusion-layout-column fusion_builder_column fusion-builder-column-21 fusion-flex-column fusion-animated post-card fusion-grid-column fusion-post-cards-grid-column 2019 france fusion-animated\" style=\"--awb-padding-bottom:5px;--awb-overflow:hidden;--awb-bg-color:var(--awb-color1);--awb-bg-color-hover:var(--awb-custom_color_2);--awb-bg-size:cover;--awb-box-shadow:0px 0px 24px hsla(var(--awb-color7-h),var(--awb-color7-s),var(--awb-color7-l),calc(var(--awb-color7-a) - 40%));;--awb-border-color:var(--awb-color4);--awb-border-color-hover:var(--awb-color7);--awb-border-top:1px;--awb-border-right:1px;--awb-border-bottom:1px;--awb-border-left:1px;--awb-border-style:solid;--awb-border-radius:6px 6px 6px 6px;--awb-flex-grow:0;--awb-flex-shrink:0;--awb-flex-grow-medium:0;--awb-flex-shrink-medium:0;--awb-flex-grow-small:0;--awb-flex-shrink-small:0;\" data-animationType=\"fadeIn\" data-animationDuration=\"1.3\" data-animationOffset=\"top-into-view\"><div class=\"fusion-column-wrapper fusion-column-has-shadow fusion-flex-justify-content-flex-start fusion-content-layout-column\"><div class=\"fusion-image-element \" style=\"--awb-aspect-ratio:16 \/ 9;--awb-margin-bottom:10px;--awb-caption-title-font-family:var(--h2_typography-font-family);--awb-caption-title-font-weight:var(--h2_typography-font-weight);--awb-caption-title-font-style:var(--h2_typography-font-style);--awb-caption-title-size:var(--h2_typography-font-size);--awb-caption-title-transform:var(--h2_typography-text-transform);--awb-caption-title-line-height:var(--h2_typography-line-height);--awb-caption-title-letter-spacing:var(--h2_typography-letter-spacing);\"><span class=\" fusion-imageframe imageframe-none imageframe-20 hover-type-none has-aspect-ratio\"><a class=\"fusion-no-lightbox\" href=\"https:\/\/www.choral-events.com\/es\/chorales\/choeur-la-cle-des-chants\/\" target=\"_self\" aria-label=\"cl\u00e9-des-chants-site-2\"><img decoding=\"async\" width=\"550\" height=\"350\" src=\"https:\/\/www.choral-events.com\/wp-content\/uploads\/2026\/03\/cle-des-chants-site-2.jpg\" class=\"img-responsive wp-image-51513 img-with-aspect-ratio\" data-parent-fit=\"cover\" data-parent-container=\".fusion-image-element\" alt srcset=\"https:\/\/www.choral-events.com\/wp-content\/uploads\/2026\/03\/cle-des-chants-site-2-200x127.jpg 200w, https:\/\/www.choral-events.com\/wp-content\/uploads\/2026\/03\/cle-des-chants-site-2-400x255.jpg 400w, https:\/\/www.choral-events.com\/wp-content\/uploads\/2026\/03\/cle-des-chants-site-2.jpg 550w\" sizes=\"(max-width: 1024px) 100vw, (max-width: 640px) 100vw, 550px\" \/><\/a><\/span><\/div><div class=\"fusion-title title fusion-title-22 fusion-sep-none fusion-title-center fusion-title-text fusion-title-size-paragraph\" style=\"--awb-text-color:var(--awb-color7);--awb-margin-top:10px;--awb-margin-right:5px;--awb-margin-bottom:10px;--awb-margin-left:5px;--awb-margin-top-small:16px;--awb-margin-right-small:0px;--awb-margin-bottom-small:10px;--awb-margin-left-small:0px;--awb-link-color:var(--awb-color7);--awb-font-size:16px;\"><p class=\"fusion-title-heading title-heading-center title-heading-tag fusion-responsive-typography-calculated\" style=\"margin:0;font-size:1em;--fontSize:16;--minFontSize:16;line-height:1.6;\"><a href=\"https:\/\/www.choral-events.com\/es\/chorales\/choeur-la-cle-des-chants\/\" class=\"awb-custom-text-color awb-custom-text-hover-color\" target=\"_self\">Ch\u0153ur La Cl\u00e9 des Chants<\/a><\/p><\/div><div class=\"fusion-separator\" style=\"align-self: center;margin-left: auto;margin-right: auto;flex-grow:10;margin-top:5px;margin-bottom:10px;width:100%;max-width:70px;\"><div class=\"fusion-separator-border sep-single sep-solid\" style=\"--awb-height:20px;--awb-amount:20px;border-color:var(--awb-color2);border-top-width:1px;\"><\/div><\/div><div class=\"fusion-text fusion-text-21\" style=\"--awb-content-alignment:center;--awb-text-transform:capitalize;--awb-text-color:var(--awb-color4);\"><p>Ukraine<\/p>\n<\/div><\/div><\/li>\n<li class=\"fusion-layout-column fusion_builder_column fusion-builder-column-22 fusion-flex-column fusion-animated post-card fusion-grid-column fusion-post-cards-grid-column 2019 france fusion-animated\" style=\"--awb-padding-bottom:5px;--awb-overflow:hidden;--awb-bg-color:var(--awb-color1);--awb-bg-color-hover:var(--awb-custom_color_2);--awb-bg-size:cover;--awb-box-shadow:0px 0px 24px hsla(var(--awb-color7-h),var(--awb-color7-s),var(--awb-color7-l),calc(var(--awb-color7-a) - 40%));;--awb-border-color:var(--awb-color4);--awb-border-color-hover:var(--awb-color7);--awb-border-top:1px;--awb-border-right:1px;--awb-border-bottom:1px;--awb-border-left:1px;--awb-border-style:solid;--awb-border-radius:6px 6px 6px 6px;--awb-flex-grow:0;--awb-flex-shrink:0;--awb-flex-grow-medium:0;--awb-flex-shrink-medium:0;--awb-flex-grow-small:0;--awb-flex-shrink-small:0;\" data-animationType=\"fadeIn\" data-animationDuration=\"1.3\" data-animationOffset=\"top-into-view\"><div class=\"fusion-column-wrapper fusion-column-has-shadow fusion-flex-justify-content-flex-start fusion-content-layout-column\"><div class=\"fusion-image-element \" style=\"--awb-aspect-ratio:16 \/ 9;--awb-margin-bottom:10px;--awb-caption-title-font-family:var(--h2_typography-font-family);--awb-caption-title-font-weight:var(--h2_typography-font-weight);--awb-caption-title-font-style:var(--h2_typography-font-style);--awb-caption-title-size:var(--h2_typography-font-size);--awb-caption-title-transform:var(--h2_typography-text-transform);--awb-caption-title-line-height:var(--h2_typography-line-height);--awb-caption-title-letter-spacing:var(--h2_typography-letter-spacing);\"><span class=\" fusion-imageframe imageframe-none imageframe-21 hover-type-none has-aspect-ratio\"><a class=\"fusion-no-lightbox\" href=\"https:\/\/www.choral-events.com\/es\/chorales\/choeur-lyrique-des-enfants-de-lestaque-2\/\" target=\"_self\" aria-label=\"armon\u00eda-Estaque2\"><img decoding=\"async\" width=\"550\" height=\"350\" src=\"https:\/\/www.choral-events.com\/wp-content\/uploads\/2026\/03\/harmonie-Estaque2.jpg\" class=\"img-responsive wp-image-51603 img-with-aspect-ratio\" data-parent-fit=\"cover\" data-parent-container=\".fusion-image-element\" alt srcset=\"https:\/\/www.choral-events.com\/wp-content\/uploads\/2026\/03\/harmonie-Estaque2-200x127.jpg 200w, https:\/\/www.choral-events.com\/wp-content\/uploads\/2026\/03\/harmonie-Estaque2-400x255.jpg 400w, https:\/\/www.choral-events.com\/wp-content\/uploads\/2026\/03\/harmonie-Estaque2.jpg 550w\" sizes=\"(max-width: 1024px) 100vw, (max-width: 640px) 100vw, 550px\" \/><\/a><\/span><\/div><div class=\"fusion-title title fusion-title-23 fusion-sep-none fusion-title-center fusion-title-text fusion-title-size-paragraph\" style=\"--awb-text-color:var(--awb-color7);--awb-margin-top:10px;--awb-margin-right:5px;--awb-margin-bottom:10px;--awb-margin-left:5px;--awb-margin-top-small:16px;--awb-margin-right-small:0px;--awb-margin-bottom-small:10px;--awb-margin-left-small:0px;--awb-link-color:var(--awb-color7);--awb-font-size:16px;\"><p class=\"fusion-title-heading title-heading-center title-heading-tag fusion-responsive-typography-calculated\" style=\"margin:0;font-size:1em;--fontSize:16;--minFontSize:16;line-height:1.6;\"><a href=\"https:\/\/www.choral-events.com\/es\/chorales\/choeur-lyrique-des-enfants-de-lestaque-2\/\" class=\"awb-custom-text-color awb-custom-text-hover-color\" target=\"_self\">Ch\u0153ur Lyrique des enfants de l\u2019Estaque<\/a><\/p><\/div><div class=\"fusion-separator\" style=\"align-self: center;margin-left: auto;margin-right: auto;flex-grow:10;margin-top:5px;margin-bottom:10px;width:100%;max-width:70px;\"><div class=\"fusion-separator-border sep-single sep-solid\" style=\"--awb-height:20px;--awb-amount:20px;border-color:var(--awb-color2);border-top-width:1px;\"><\/div><\/div><div class=\"fusion-text fusion-text-22\" style=\"--awb-content-alignment:center;--awb-text-transform:capitalize;--awb-text-color:var(--awb-color4);\"><p>France<\/p>\n<\/div><\/div><\/li>\n<li class=\"fusion-layout-column fusion_builder_column fusion-builder-column-23 fusion-flex-column fusion-animated post-card fusion-grid-column fusion-post-cards-grid-column 2020 republique-tcheque fusion-animated\" style=\"--awb-padding-bottom:5px;--awb-overflow:hidden;--awb-bg-color:var(--awb-color1);--awb-bg-color-hover:var(--awb-custom_color_2);--awb-bg-size:cover;--awb-box-shadow:0px 0px 24px hsla(var(--awb-color7-h),var(--awb-color7-s),var(--awb-color7-l),calc(var(--awb-color7-a) - 40%));;--awb-border-color:var(--awb-color4);--awb-border-color-hover:var(--awb-color7);--awb-border-top:1px;--awb-border-right:1px;--awb-border-bottom:1px;--awb-border-left:1px;--awb-border-style:solid;--awb-border-radius:6px 6px 6px 6px;--awb-flex-grow:0;--awb-flex-shrink:0;--awb-flex-grow-medium:0;--awb-flex-shrink-medium:0;--awb-flex-grow-small:0;--awb-flex-shrink-small:0;\" data-animationType=\"fadeIn\" data-animationDuration=\"1.3\" data-animationOffset=\"top-into-view\"><div class=\"fusion-column-wrapper fusion-column-has-shadow fusion-flex-justify-content-flex-start fusion-content-layout-column\"><div class=\"fusion-image-element \" style=\"--awb-aspect-ratio:16 \/ 9;--awb-margin-bottom:10px;--awb-caption-title-font-family:var(--h2_typography-font-family);--awb-caption-title-font-weight:var(--h2_typography-font-weight);--awb-caption-title-font-style:var(--h2_typography-font-style);--awb-caption-title-size:var(--h2_typography-font-size);--awb-caption-title-transform:var(--h2_typography-text-transform);--awb-caption-title-line-height:var(--h2_typography-line-height);--awb-caption-title-letter-spacing:var(--h2_typography-letter-spacing);\"><span class=\" fusion-imageframe imageframe-none imageframe-22 hover-type-none has-aspect-ratio\"><a class=\"fusion-no-lightbox\" href=\"https:\/\/www.choral-events.com\/es\/chorales\/choeur-mixte-dvorak\/\" target=\"_self\" aria-label=\"Choeur-Dvorak-foto-p\u00e1gina-web\"><img decoding=\"async\" width=\"550\" height=\"350\" src=\"https:\/\/www.choral-events.com\/wp-content\/uploads\/2026\/03\/Choeur-Dvorak-photo-page-web.png\" class=\"img-responsive wp-image-51824 img-with-aspect-ratio\" data-parent-fit=\"cover\" data-parent-container=\".fusion-image-element\" alt srcset=\"https:\/\/www.choral-events.com\/wp-content\/uploads\/2026\/03\/Choeur-Dvorak-photo-page-web-200x127.png 200w, https:\/\/www.choral-events.com\/wp-content\/uploads\/2026\/03\/Choeur-Dvorak-photo-page-web-400x255.png 400w, https:\/\/www.choral-events.com\/wp-content\/uploads\/2026\/03\/Choeur-Dvorak-photo-page-web.png 550w\" sizes=\"(max-width: 1024px) 100vw, (max-width: 640px) 100vw, 550px\" \/><\/a><\/span><\/div><div class=\"fusion-title title fusion-title-24 fusion-sep-none fusion-title-center fusion-title-text fusion-title-size-paragraph\" style=\"--awb-text-color:var(--awb-color7);--awb-margin-top:10px;--awb-margin-right:5px;--awb-margin-bottom:10px;--awb-margin-left:5px;--awb-margin-top-small:16px;--awb-margin-right-small:0px;--awb-margin-bottom-small:10px;--awb-margin-left-small:0px;--awb-link-color:var(--awb-color7);--awb-font-size:16px;\"><p class=\"fusion-title-heading title-heading-center title-heading-tag fusion-responsive-typography-calculated\" style=\"margin:0;font-size:1em;--fontSize:16;--minFontSize:16;line-height:1.6;\"><a href=\"https:\/\/www.choral-events.com\/es\/chorales\/choeur-mixte-dvorak\/\" class=\"awb-custom-text-color awb-custom-text-hover-color\" target=\"_self\">Ch\u0153ur Mixte Dvo\u0159\u00e1k<\/a><\/p><\/div><div class=\"fusion-separator\" style=\"align-self: center;margin-left: auto;margin-right: auto;flex-grow:10;margin-top:5px;margin-bottom:10px;width:100%;max-width:70px;\"><div class=\"fusion-separator-border sep-single sep-solid\" style=\"--awb-height:20px;--awb-amount:20px;border-color:var(--awb-color2);border-top-width:1px;\"><\/div><\/div><div class=\"fusion-text fusion-text-23\" style=\"--awb-content-alignment:center;--awb-text-transform:capitalize;--awb-text-color:var(--awb-color4);\"><p>R\u00e9publique Tch\u00e8que<\/p>\n<\/div><\/div><\/li>\n<li class=\"fusion-layout-column fusion_builder_column fusion-builder-column-24 fusion-flex-column fusion-animated post-card fusion-grid-column fusion-post-cards-grid-column 2019 slovaquie fusion-animated\" style=\"--awb-padding-bottom:5px;--awb-overflow:hidden;--awb-bg-color:var(--awb-color1);--awb-bg-color-hover:var(--awb-custom_color_2);--awb-bg-size:cover;--awb-box-shadow:0px 0px 24px hsla(var(--awb-color7-h),var(--awb-color7-s),var(--awb-color7-l),calc(var(--awb-color7-a) - 40%));;--awb-border-color:var(--awb-color4);--awb-border-color-hover:var(--awb-color7);--awb-border-top:1px;--awb-border-right:1px;--awb-border-bottom:1px;--awb-border-left:1px;--awb-border-style:solid;--awb-border-radius:6px 6px 6px 6px;--awb-flex-grow:0;--awb-flex-shrink:0;--awb-flex-grow-medium:0;--awb-flex-shrink-medium:0;--awb-flex-grow-small:0;--awb-flex-shrink-small:0;\" data-animationType=\"fadeIn\" data-animationDuration=\"1.3\" data-animationOffset=\"top-into-view\"><div class=\"fusion-column-wrapper fusion-column-has-shadow fusion-flex-justify-content-flex-start fusion-content-layout-column\"><div class=\"fusion-image-element \" style=\"--awb-aspect-ratio:16 \/ 9;--awb-margin-bottom:10px;--awb-caption-title-font-family:var(--h2_typography-font-family);--awb-caption-title-font-weight:var(--h2_typography-font-weight);--awb-caption-title-font-style:var(--h2_typography-font-style);--awb-caption-title-size:var(--h2_typography-font-size);--awb-caption-title-transform:var(--h2_typography-text-transform);--awb-caption-title-line-height:var(--h2_typography-line-height);--awb-caption-title-letter-spacing:var(--h2_typography-letter-spacing);\"><span class=\" fusion-imageframe imageframe-none imageframe-23 hover-type-none has-aspect-ratio\"><a class=\"fusion-no-lightbox\" href=\"https:\/\/www.choral-events.com\/es\/chorales\/choeur-omnia\/\" target=\"_self\"><img decoding=\"async\" src=\"https:\/\/www.choral-events.eskale.fr\/wp-content\/uploads\/2026\/02\/Chorales-2022.jpg\" class=\"img-responsive img-with-aspect-ratio\" data-parent-fit=\"cover\" data-parent-container=\".fusion-image-element\" alt \/><\/a><\/span><\/div><div class=\"fusion-title title fusion-title-25 fusion-sep-none fusion-title-center fusion-title-text fusion-title-size-paragraph\" style=\"--awb-text-color:var(--awb-color7);--awb-margin-top:10px;--awb-margin-right:5px;--awb-margin-bottom:10px;--awb-margin-left:5px;--awb-margin-top-small:16px;--awb-margin-right-small:0px;--awb-margin-bottom-small:10px;--awb-margin-left-small:0px;--awb-link-color:var(--awb-color7);--awb-font-size:16px;\"><p class=\"fusion-title-heading title-heading-center title-heading-tag fusion-responsive-typography-calculated\" style=\"margin:0;font-size:1em;--fontSize:16;--minFontSize:16;line-height:1.6;\"><a href=\"https:\/\/www.choral-events.com\/es\/chorales\/choeur-omnia\/\" class=\"awb-custom-text-color awb-custom-text-hover-color\" target=\"_self\">Ch\u0153ur Omnia<\/a><\/p><\/div><div class=\"fusion-separator\" style=\"align-self: center;margin-left: auto;margin-right: auto;flex-grow:10;margin-top:5px;margin-bottom:10px;width:100%;max-width:70px;\"><div class=\"fusion-separator-border sep-single sep-solid\" style=\"--awb-height:20px;--awb-amount:20px;border-color:var(--awb-color2);border-top-width:1px;\"><\/div><\/div><div class=\"fusion-text fusion-text-24\" style=\"--awb-content-alignment:center;--awb-text-transform:capitalize;--awb-text-color:var(--awb-color4);\"><p>Slovaquie<\/p>\n<\/div><\/div><\/li>\n<li class=\"fusion-layout-column fusion_builder_column fusion-builder-column-25 fusion-flex-column fusion-animated post-card fusion-grid-column fusion-post-cards-grid-column 2020 ukraine fusion-animated\" style=\"--awb-padding-bottom:5px;--awb-overflow:hidden;--awb-bg-color:var(--awb-color1);--awb-bg-color-hover:var(--awb-custom_color_2);--awb-bg-size:cover;--awb-box-shadow:0px 0px 24px hsla(var(--awb-color7-h),var(--awb-color7-s),var(--awb-color7-l),calc(var(--awb-color7-a) - 40%));;--awb-border-color:var(--awb-color4);--awb-border-color-hover:var(--awb-color7);--awb-border-top:1px;--awb-border-right:1px;--awb-border-bottom:1px;--awb-border-left:1px;--awb-border-style:solid;--awb-border-radius:6px 6px 6px 6px;--awb-flex-grow:0;--awb-flex-shrink:0;--awb-flex-grow-medium:0;--awb-flex-shrink-medium:0;--awb-flex-grow-small:0;--awb-flex-shrink-small:0;\" data-animationType=\"fadeIn\" data-animationDuration=\"1.3\" data-animationOffset=\"top-into-view\"><div class=\"fusion-column-wrapper fusion-column-has-shadow fusion-flex-justify-content-flex-start fusion-content-layout-column\"><div class=\"fusion-image-element \" style=\"--awb-aspect-ratio:16 \/ 9;--awb-margin-bottom:10px;--awb-caption-title-font-family:var(--h2_typography-font-family);--awb-caption-title-font-weight:var(--h2_typography-font-weight);--awb-caption-title-font-style:var(--h2_typography-font-style);--awb-caption-title-size:var(--h2_typography-font-size);--awb-caption-title-transform:var(--h2_typography-text-transform);--awb-caption-title-line-height:var(--h2_typography-line-height);--awb-caption-title-letter-spacing:var(--h2_typography-letter-spacing);\"><span class=\" fusion-imageframe imageframe-none imageframe-24 hover-type-none has-aspect-ratio\"><a class=\"fusion-no-lightbox\" href=\"https:\/\/www.choral-events.com\/es\/chorales\/choeur-philharmonique-de-cherkasy\/\" target=\"_self\" aria-label=\"Cherkasy-Ucrania-foto-sitio-web-1\"><img decoding=\"async\" width=\"550\" height=\"350\" src=\"https:\/\/www.choral-events.com\/wp-content\/uploads\/2026\/03\/Cherkasy-Ukraine-photo-site-web-1.png\" class=\"img-responsive wp-image-51828 img-with-aspect-ratio\" data-parent-fit=\"cover\" data-parent-container=\".fusion-image-element\" alt srcset=\"https:\/\/www.choral-events.com\/wp-content\/uploads\/2026\/03\/Cherkasy-Ukraine-photo-site-web-1-200x127.png 200w, https:\/\/www.choral-events.com\/wp-content\/uploads\/2026\/03\/Cherkasy-Ukraine-photo-site-web-1-400x255.png 400w, https:\/\/www.choral-events.com\/wp-content\/uploads\/2026\/03\/Cherkasy-Ukraine-photo-site-web-1.png 550w\" sizes=\"(max-width: 1024px) 100vw, (max-width: 640px) 100vw, 550px\" \/><\/a><\/span><\/div><div class=\"fusion-title title fusion-title-26 fusion-sep-none fusion-title-center fusion-title-text fusion-title-size-paragraph\" style=\"--awb-text-color:var(--awb-color7);--awb-margin-top:10px;--awb-margin-right:5px;--awb-margin-bottom:10px;--awb-margin-left:5px;--awb-margin-top-small:16px;--awb-margin-right-small:0px;--awb-margin-bottom-small:10px;--awb-margin-left-small:0px;--awb-link-color:var(--awb-color7);--awb-font-size:16px;\"><p class=\"fusion-title-heading title-heading-center title-heading-tag fusion-responsive-typography-calculated\" style=\"margin:0;font-size:1em;--fontSize:16;--minFontSize:16;line-height:1.6;\"><a href=\"https:\/\/www.choral-events.com\/es\/chorales\/choeur-philharmonique-de-cherkasy\/\" class=\"awb-custom-text-color awb-custom-text-hover-color\" target=\"_self\">Ch\u0153ur Philharmonique de Cherkasy<\/a><\/p><\/div><div class=\"fusion-separator\" style=\"align-self: center;margin-left: auto;margin-right: auto;flex-grow:10;margin-top:5px;margin-bottom:10px;width:100%;max-width:70px;\"><div class=\"fusion-separator-border sep-single sep-solid\" style=\"--awb-height:20px;--awb-amount:20px;border-color:var(--awb-color2);border-top-width:1px;\"><\/div><\/div><div class=\"fusion-text fusion-text-25\" style=\"--awb-content-alignment:center;--awb-text-transform:capitalize;--awb-text-color:var(--awb-color4);\"><p>Ukraine<\/p>\n<\/div><\/div><\/li>\n<li class=\"fusion-layout-column fusion_builder_column fusion-builder-column-26 fusion-flex-column fusion-animated post-card fusion-grid-column fusion-post-cards-grid-column 2020 indonesie fusion-animated\" style=\"--awb-padding-bottom:5px;--awb-overflow:hidden;--awb-bg-color:var(--awb-color1);--awb-bg-color-hover:var(--awb-custom_color_2);--awb-bg-size:cover;--awb-box-shadow:0px 0px 24px hsla(var(--awb-color7-h),var(--awb-color7-s),var(--awb-color7-l),calc(var(--awb-color7-a) - 40%));;--awb-border-color:var(--awb-color4);--awb-border-color-hover:var(--awb-color7);--awb-border-top:1px;--awb-border-right:1px;--awb-border-bottom:1px;--awb-border-left:1px;--awb-border-style:solid;--awb-border-radius:6px 6px 6px 6px;--awb-flex-grow:0;--awb-flex-shrink:0;--awb-flex-grow-medium:0;--awb-flex-shrink-medium:0;--awb-flex-grow-small:0;--awb-flex-shrink-small:0;\" data-animationType=\"fadeIn\" data-animationDuration=\"1.3\" data-animationOffset=\"top-into-view\"><div class=\"fusion-column-wrapper fusion-column-has-shadow fusion-flex-justify-content-flex-start fusion-content-layout-column\"><div class=\"fusion-image-element \" style=\"--awb-aspect-ratio:16 \/ 9;--awb-margin-bottom:10px;--awb-caption-title-font-family:var(--h2_typography-font-family);--awb-caption-title-font-weight:var(--h2_typography-font-weight);--awb-caption-title-font-style:var(--h2_typography-font-style);--awb-caption-title-size:var(--h2_typography-font-size);--awb-caption-title-transform:var(--h2_typography-text-transform);--awb-caption-title-line-height:var(--h2_typography-line-height);--awb-caption-title-letter-spacing:var(--h2_typography-letter-spacing);\"><span class=\" fusion-imageframe imageframe-none imageframe-25 hover-type-none has-aspect-ratio\"><a class=\"fusion-no-lightbox\" href=\"https:\/\/www.choral-events.com\/es\/chorales\/choeur-psm-ui-paragita\/\" target=\"_self\" aria-label=\"Paragita-Indonesia-Francia-foto-p\u00e1gina-web-\"><img decoding=\"async\" width=\"550\" height=\"350\" src=\"https:\/\/www.choral-events.com\/wp-content\/uploads\/2026\/03\/Paragita-Indonesie-France-photo-page-web-.png\" class=\"img-responsive wp-image-51832 img-with-aspect-ratio\" data-parent-fit=\"cover\" data-parent-container=\".fusion-image-element\" alt srcset=\"https:\/\/www.choral-events.com\/wp-content\/uploads\/2026\/03\/Paragita-Indonesie-France-photo-page-web--200x127.png 200w, https:\/\/www.choral-events.com\/wp-content\/uploads\/2026\/03\/Paragita-Indonesie-France-photo-page-web--400x255.png 400w, https:\/\/www.choral-events.com\/wp-content\/uploads\/2026\/03\/Paragita-Indonesie-France-photo-page-web-.png 550w\" sizes=\"(max-width: 1024px) 100vw, (max-width: 640px) 100vw, 550px\" \/><\/a><\/span><\/div><div class=\"fusion-title title fusion-title-27 fusion-sep-none fusion-title-center fusion-title-text fusion-title-size-paragraph\" style=\"--awb-text-color:var(--awb-color7);--awb-margin-top:10px;--awb-margin-right:5px;--awb-margin-bottom:10px;--awb-margin-left:5px;--awb-margin-top-small:16px;--awb-margin-right-small:0px;--awb-margin-bottom-small:10px;--awb-margin-left-small:0px;--awb-link-color:var(--awb-color7);--awb-font-size:16px;\"><p class=\"fusion-title-heading title-heading-center title-heading-tag fusion-responsive-typography-calculated\" style=\"margin:0;font-size:1em;--fontSize:16;--minFontSize:16;line-height:1.6;\"><a href=\"https:\/\/www.choral-events.com\/es\/chorales\/choeur-psm-ui-paragita\/\" class=\"awb-custom-text-color awb-custom-text-hover-color\" target=\"_self\">Choeur PSM UI Paragita<\/a><\/p><\/div><div class=\"fusion-separator\" style=\"align-self: center;margin-left: auto;margin-right: auto;flex-grow:10;margin-top:5px;margin-bottom:10px;width:100%;max-width:70px;\"><div class=\"fusion-separator-border sep-single sep-solid\" style=\"--awb-height:20px;--awb-amount:20px;border-color:var(--awb-color2);border-top-width:1px;\"><\/div><\/div><div class=\"fusion-text fusion-text-26\" style=\"--awb-content-alignment:center;--awb-text-transform:capitalize;--awb-text-color:var(--awb-color4);\"><p>Indon\u00e9sie<\/p>\n<\/div><\/div><\/li>\n<li class=\"fusion-layout-column fusion_builder_column fusion-builder-column-27 fusion-flex-column fusion-animated post-card fusion-grid-column fusion-post-cards-grid-column 2019 pologne fusion-animated\" style=\"--awb-padding-bottom:5px;--awb-overflow:hidden;--awb-bg-color:var(--awb-color1);--awb-bg-color-hover:var(--awb-custom_color_2);--awb-bg-size:cover;--awb-box-shadow:0px 0px 24px hsla(var(--awb-color7-h),var(--awb-color7-s),var(--awb-color7-l),calc(var(--awb-color7-a) - 40%));;--awb-border-color:var(--awb-color4);--awb-border-color-hover:var(--awb-color7);--awb-border-top:1px;--awb-border-right:1px;--awb-border-bottom:1px;--awb-border-left:1px;--awb-border-style:solid;--awb-border-radius:6px 6px 6px 6px;--awb-flex-grow:0;--awb-flex-shrink:0;--awb-flex-grow-medium:0;--awb-flex-shrink-medium:0;--awb-flex-grow-small:0;--awb-flex-shrink-small:0;\" data-animationType=\"fadeIn\" data-animationDuration=\"1.3\" data-animationOffset=\"top-into-view\"><div class=\"fusion-column-wrapper fusion-column-has-shadow fusion-flex-justify-content-flex-start fusion-content-layout-column\"><div class=\"fusion-image-element \" style=\"--awb-aspect-ratio:16 \/ 9;--awb-margin-bottom:10px;--awb-caption-title-font-family:var(--h2_typography-font-family);--awb-caption-title-font-weight:var(--h2_typography-font-weight);--awb-caption-title-font-style:var(--h2_typography-font-style);--awb-caption-title-size:var(--h2_typography-font-size);--awb-caption-title-transform:var(--h2_typography-text-transform);--awb-caption-title-line-height:var(--h2_typography-line-height);--awb-caption-title-letter-spacing:var(--h2_typography-letter-spacing);\"><span class=\" fusion-imageframe imageframe-none imageframe-26 hover-type-none has-aspect-ratio\"><a class=\"fusion-no-lightbox\" href=\"https:\/\/www.choral-events.com\/es\/chorales\/choeur-resonans-con-tutti\/\" target=\"_self\"><img decoding=\"async\" src=\"https:\/\/www.choral-events.eskale.fr\/wp-content\/uploads\/2026\/02\/Chorales-2022.jpg\" class=\"img-responsive img-with-aspect-ratio\" data-parent-fit=\"cover\" data-parent-container=\".fusion-image-element\" alt \/><\/a><\/span><\/div><div class=\"fusion-title title fusion-title-28 fusion-sep-none fusion-title-center fusion-title-text fusion-title-size-paragraph\" style=\"--awb-text-color:var(--awb-color7);--awb-margin-top:10px;--awb-margin-right:5px;--awb-margin-bottom:10px;--awb-margin-left:5px;--awb-margin-top-small:16px;--awb-margin-right-small:0px;--awb-margin-bottom-small:10px;--awb-margin-left-small:0px;--awb-link-color:var(--awb-color7);--awb-font-size:16px;\"><p class=\"fusion-title-heading title-heading-center title-heading-tag fusion-responsive-typography-calculated\" style=\"margin:0;font-size:1em;--fontSize:16;--minFontSize:16;line-height:1.6;\"><a href=\"https:\/\/www.choral-events.com\/es\/chorales\/choeur-resonans-con-tutti\/\" class=\"awb-custom-text-color awb-custom-text-hover-color\" target=\"_self\">Choeur Resonans Con Tutti<\/a><\/p><\/div><div class=\"fusion-separator\" style=\"align-self: center;margin-left: auto;margin-right: auto;flex-grow:10;margin-top:5px;margin-bottom:10px;width:100%;max-width:70px;\"><div class=\"fusion-separator-border sep-single sep-solid\" style=\"--awb-height:20px;--awb-amount:20px;border-color:var(--awb-color2);border-top-width:1px;\"><\/div><\/div><div class=\"fusion-text fusion-text-27\" style=\"--awb-content-alignment:center;--awb-text-transform:capitalize;--awb-text-color:var(--awb-color4);\"><p>Pologne<\/p>\n<\/div><\/div><\/li>\n<li class=\"fusion-layout-column fusion_builder_column fusion-builder-column-28 fusion-flex-column fusion-animated post-card fusion-grid-column fusion-post-cards-grid-column 2019 italie fusion-animated\" style=\"--awb-padding-bottom:5px;--awb-overflow:hidden;--awb-bg-color:var(--awb-color1);--awb-bg-color-hover:var(--awb-custom_color_2);--awb-bg-size:cover;--awb-box-shadow:0px 0px 24px hsla(var(--awb-color7-h),var(--awb-color7-s),var(--awb-color7-l),calc(var(--awb-color7-a) - 40%));;--awb-border-color:var(--awb-color4);--awb-border-color-hover:var(--awb-color7);--awb-border-top:1px;--awb-border-right:1px;--awb-border-bottom:1px;--awb-border-left:1px;--awb-border-style:solid;--awb-border-radius:6px 6px 6px 6px;--awb-flex-grow:0;--awb-flex-shrink:0;--awb-flex-grow-medium:0;--awb-flex-shrink-medium:0;--awb-flex-grow-small:0;--awb-flex-shrink-small:0;\" data-animationType=\"fadeIn\" data-animationDuration=\"1.3\" data-animationOffset=\"top-into-view\"><div class=\"fusion-column-wrapper fusion-column-has-shadow fusion-flex-justify-content-flex-start fusion-content-layout-column\"><div class=\"fusion-image-element \" style=\"--awb-aspect-ratio:16 \/ 9;--awb-margin-bottom:10px;--awb-caption-title-font-family:var(--h2_typography-font-family);--awb-caption-title-font-weight:var(--h2_typography-font-weight);--awb-caption-title-font-style:var(--h2_typography-font-style);--awb-caption-title-size:var(--h2_typography-font-size);--awb-caption-title-transform:var(--h2_typography-text-transform);--awb-caption-title-line-height:var(--h2_typography-line-height);--awb-caption-title-letter-spacing:var(--h2_typography-letter-spacing);\"><span class=\" fusion-imageframe imageframe-none imageframe-27 hover-type-none has-aspect-ratio\"><a class=\"fusion-no-lightbox\" href=\"https:\/\/www.choral-events.com\/es\/chorales\/choeur-san-leandro\/\" target=\"_self\"><img decoding=\"async\" src=\"https:\/\/www.choral-events.eskale.fr\/wp-content\/uploads\/2026\/02\/Chorales-2022.jpg\" class=\"img-responsive img-with-aspect-ratio\" data-parent-fit=\"cover\" data-parent-container=\".fusion-image-element\" alt \/><\/a><\/span><\/div><div class=\"fusion-title title fusion-title-29 fusion-sep-none fusion-title-center fusion-title-text fusion-title-size-paragraph\" style=\"--awb-text-color:var(--awb-color7);--awb-margin-top:10px;--awb-margin-right:5px;--awb-margin-bottom:10px;--awb-margin-left:5px;--awb-margin-top-small:16px;--awb-margin-right-small:0px;--awb-margin-bottom-small:10px;--awb-margin-left-small:0px;--awb-link-color:var(--awb-color7);--awb-font-size:16px;\"><p class=\"fusion-title-heading title-heading-center title-heading-tag fusion-responsive-typography-calculated\" style=\"margin:0;font-size:1em;--fontSize:16;--minFontSize:16;line-height:1.6;\"><a href=\"https:\/\/www.choral-events.com\/es\/chorales\/choeur-san-leandro\/\" class=\"awb-custom-text-color awb-custom-text-hover-color\" target=\"_self\">Choeur San Leandro<\/a><\/p><\/div><div class=\"fusion-separator\" style=\"align-self: center;margin-left: auto;margin-right: auto;flex-grow:10;margin-top:5px;margin-bottom:10px;width:100%;max-width:70px;\"><div class=\"fusion-separator-border sep-single sep-solid\" style=\"--awb-height:20px;--awb-amount:20px;border-color:var(--awb-color2);border-top-width:1px;\"><\/div><\/div><div class=\"fusion-text fusion-text-28\" style=\"--awb-content-alignment:center;--awb-text-transform:capitalize;--awb-text-color:var(--awb-color4);\"><p>Italie<\/p>\n<\/div><\/div><\/li>\n<li class=\"fusion-layout-column fusion_builder_column fusion-builder-column-29 fusion-flex-column fusion-animated post-card fusion-grid-column fusion-post-cards-grid-column 2019 france fusion-animated\" style=\"--awb-padding-bottom:5px;--awb-overflow:hidden;--awb-bg-color:var(--awb-color1);--awb-bg-color-hover:var(--awb-custom_color_2);--awb-bg-size:cover;--awb-box-shadow:0px 0px 24px hsla(var(--awb-color7-h),var(--awb-color7-s),var(--awb-color7-l),calc(var(--awb-color7-a) - 40%));;--awb-border-color:var(--awb-color4);--awb-border-color-hover:var(--awb-color7);--awb-border-top:1px;--awb-border-right:1px;--awb-border-bottom:1px;--awb-border-left:1px;--awb-border-style:solid;--awb-border-radius:6px 6px 6px 6px;--awb-flex-grow:0;--awb-flex-shrink:0;--awb-flex-grow-medium:0;--awb-flex-shrink-medium:0;--awb-flex-grow-small:0;--awb-flex-shrink-small:0;\" data-animationType=\"fadeIn\" data-animationDuration=\"1.3\" data-animationOffset=\"top-into-view\"><div class=\"fusion-column-wrapper fusion-column-has-shadow fusion-flex-justify-content-flex-start fusion-content-layout-column\"><div class=\"fusion-image-element \" style=\"--awb-aspect-ratio:16 \/ 9;--awb-margin-bottom:10px;--awb-caption-title-font-family:var(--h2_typography-font-family);--awb-caption-title-font-weight:var(--h2_typography-font-weight);--awb-caption-title-font-style:var(--h2_typography-font-style);--awb-caption-title-size:var(--h2_typography-font-size);--awb-caption-title-transform:var(--h2_typography-text-transform);--awb-caption-title-line-height:var(--h2_typography-line-height);--awb-caption-title-letter-spacing:var(--h2_typography-letter-spacing);\"><span class=\" fusion-imageframe imageframe-none imageframe-28 hover-type-none has-aspect-ratio\"><a class=\"fusion-no-lightbox\" href=\"https:\/\/www.choral-events.com\/es\/chorales\/choeur-tutti-canti\/\" target=\"_self\" aria-label=\"foto-para-sitio-3\"><img decoding=\"async\" width=\"550\" height=\"350\" src=\"https:\/\/www.choral-events.com\/wp-content\/uploads\/2026\/03\/photo-pour-site-3.jpg\" class=\"img-responsive wp-image-51622 img-with-aspect-ratio\" data-parent-fit=\"cover\" data-parent-container=\".fusion-image-element\" alt srcset=\"https:\/\/www.choral-events.com\/wp-content\/uploads\/2026\/03\/photo-pour-site-3-200x127.jpg 200w, https:\/\/www.choral-events.com\/wp-content\/uploads\/2026\/03\/photo-pour-site-3-400x255.jpg 400w, https:\/\/www.choral-events.com\/wp-content\/uploads\/2026\/03\/photo-pour-site-3.jpg 550w\" sizes=\"(max-width: 1024px) 100vw, (max-width: 640px) 100vw, 550px\" \/><\/a><\/span><\/div><div class=\"fusion-title title fusion-title-30 fusion-sep-none fusion-title-center fusion-title-text fusion-title-size-paragraph\" style=\"--awb-text-color:var(--awb-color7);--awb-margin-top:10px;--awb-margin-right:5px;--awb-margin-bottom:10px;--awb-margin-left:5px;--awb-margin-top-small:16px;--awb-margin-right-small:0px;--awb-margin-bottom-small:10px;--awb-margin-left-small:0px;--awb-link-color:var(--awb-color7);--awb-font-size:16px;\"><p class=\"fusion-title-heading title-heading-center title-heading-tag fusion-responsive-typography-calculated\" style=\"margin:0;font-size:1em;--fontSize:16;--minFontSize:16;line-height:1.6;\"><a href=\"https:\/\/www.choral-events.com\/es\/chorales\/choeur-tutti-canti\/\" class=\"awb-custom-text-color awb-custom-text-hover-color\" target=\"_self\">Ch\u0153ur Tutti Canti<\/a><\/p><\/div><div class=\"fusion-separator\" style=\"align-self: center;margin-left: auto;margin-right: auto;flex-grow:10;margin-top:5px;margin-bottom:10px;width:100%;max-width:70px;\"><div class=\"fusion-separator-border sep-single sep-solid\" style=\"--awb-height:20px;--awb-amount:20px;border-color:var(--awb-color2);border-top-width:1px;\"><\/div><\/div><div class=\"fusion-text fusion-text-29\" style=\"--awb-content-alignment:center;--awb-text-transform:capitalize;--awb-text-color:var(--awb-color4);\"><p>France<\/p>\n<\/div><\/div><\/li>\n<li class=\"fusion-layout-column fusion_builder_column fusion-builder-column-30 fusion-flex-column fusion-animated post-card fusion-grid-column fusion-post-cards-grid-column 2019 republique-tcheque fusion-animated\" style=\"--awb-padding-bottom:5px;--awb-overflow:hidden;--awb-bg-color:var(--awb-color1);--awb-bg-color-hover:var(--awb-custom_color_2);--awb-bg-size:cover;--awb-box-shadow:0px 0px 24px hsla(var(--awb-color7-h),var(--awb-color7-s),var(--awb-color7-l),calc(var(--awb-color7-a) - 40%));;--awb-border-color:var(--awb-color4);--awb-border-color-hover:var(--awb-color7);--awb-border-top:1px;--awb-border-right:1px;--awb-border-bottom:1px;--awb-border-left:1px;--awb-border-style:solid;--awb-border-radius:6px 6px 6px 6px;--awb-flex-grow:0;--awb-flex-shrink:0;--awb-flex-grow-medium:0;--awb-flex-shrink-medium:0;--awb-flex-grow-small:0;--awb-flex-shrink-small:0;\" data-animationType=\"fadeIn\" data-animationDuration=\"1.3\" data-animationOffset=\"top-into-view\"><div class=\"fusion-column-wrapper fusion-column-has-shadow fusion-flex-justify-content-flex-start fusion-content-layout-column\"><div class=\"fusion-image-element \" style=\"--awb-aspect-ratio:16 \/ 9;--awb-margin-bottom:10px;--awb-caption-title-font-family:var(--h2_typography-font-family);--awb-caption-title-font-weight:var(--h2_typography-font-weight);--awb-caption-title-font-style:var(--h2_typography-font-style);--awb-caption-title-size:var(--h2_typography-font-size);--awb-caption-title-transform:var(--h2_typography-text-transform);--awb-caption-title-line-height:var(--h2_typography-line-height);--awb-caption-title-letter-spacing:var(--h2_typography-letter-spacing);\"><span class=\" fusion-imageframe imageframe-none imageframe-29 hover-type-none has-aspect-ratio\"><a class=\"fusion-no-lightbox\" href=\"https:\/\/www.choral-events.com\/es\/chorales\/choeur-vox-novus\/\" target=\"_self\"><img decoding=\"async\" src=\"https:\/\/www.choral-events.eskale.fr\/wp-content\/uploads\/2026\/02\/Chorales-2022.jpg\" class=\"img-responsive img-with-aspect-ratio\" data-parent-fit=\"cover\" data-parent-container=\".fusion-image-element\" alt \/><\/a><\/span><\/div><div class=\"fusion-title title fusion-title-31 fusion-sep-none fusion-title-center fusion-title-text fusion-title-size-paragraph\" style=\"--awb-text-color:var(--awb-color7);--awb-margin-top:10px;--awb-margin-right:5px;--awb-margin-bottom:10px;--awb-margin-left:5px;--awb-margin-top-small:16px;--awb-margin-right-small:0px;--awb-margin-bottom-small:10px;--awb-margin-left-small:0px;--awb-link-color:var(--awb-color7);--awb-font-size:16px;\"><p class=\"fusion-title-heading title-heading-center title-heading-tag fusion-responsive-typography-calculated\" style=\"margin:0;font-size:1em;--fontSize:16;--minFontSize:16;line-height:1.6;\"><a href=\"https:\/\/www.choral-events.com\/es\/chorales\/choeur-vox-novus\/\" class=\"awb-custom-text-color awb-custom-text-hover-color\" target=\"_self\">Ch\u0153ur Vox Novus<\/a><\/p><\/div><div class=\"fusion-separator\" style=\"align-self: center;margin-left: auto;margin-right: auto;flex-grow:10;margin-top:5px;margin-bottom:10px;width:100%;max-width:70px;\"><div class=\"fusion-separator-border sep-single sep-solid\" style=\"--awb-height:20px;--awb-amount:20px;border-color:var(--awb-color2);border-top-width:1px;\"><\/div><\/div><div class=\"fusion-text fusion-text-30\" style=\"--awb-content-alignment:center;--awb-text-transform:capitalize;--awb-text-color:var(--awb-color4);\"><p>R\u00e9publique Tch\u00e8que<\/p>\n<\/div><\/div><\/li>\n<li class=\"fusion-layout-column fusion_builder_column fusion-builder-column-31 fusion-flex-column fusion-animated post-card fusion-grid-column fusion-post-cards-grid-column 2019 ukraine fusion-animated\" style=\"--awb-padding-bottom:5px;--awb-overflow:hidden;--awb-bg-color:var(--awb-color1);--awb-bg-color-hover:var(--awb-custom_color_2);--awb-bg-size:cover;--awb-box-shadow:0px 0px 24px hsla(var(--awb-color7-h),var(--awb-color7-s),var(--awb-color7-l),calc(var(--awb-color7-a) - 40%));;--awb-border-color:var(--awb-color4);--awb-border-color-hover:var(--awb-color7);--awb-border-top:1px;--awb-border-right:1px;--awb-border-bottom:1px;--awb-border-left:1px;--awb-border-style:solid;--awb-border-radius:6px 6px 6px 6px;--awb-flex-grow:0;--awb-flex-shrink:0;--awb-flex-grow-medium:0;--awb-flex-shrink-medium:0;--awb-flex-grow-small:0;--awb-flex-shrink-small:0;\" data-animationType=\"fadeIn\" data-animationDuration=\"1.3\" data-animationOffset=\"top-into-view\"><div class=\"fusion-column-wrapper fusion-column-has-shadow fusion-flex-justify-content-flex-start fusion-content-layout-column\"><div class=\"fusion-image-element \" style=\"--awb-aspect-ratio:16 \/ 9;--awb-margin-bottom:10px;--awb-caption-title-font-family:var(--h2_typography-font-family);--awb-caption-title-font-weight:var(--h2_typography-font-weight);--awb-caption-title-font-style:var(--h2_typography-font-style);--awb-caption-title-size:var(--h2_typography-font-size);--awb-caption-title-transform:var(--h2_typography-text-transform);--awb-caption-title-line-height:var(--h2_typography-line-height);--awb-caption-title-letter-spacing:var(--h2_typography-letter-spacing);\"><span class=\" fusion-imageframe imageframe-none imageframe-30 hover-type-none has-aspect-ratio\"><a class=\"fusion-no-lightbox\" href=\"https:\/\/www.choral-events.com\/es\/chorales\/choir-artos\/\" target=\"_self\" aria-label=\"teaserbox_50340629-550&#215;350\"><img decoding=\"async\" width=\"550\" height=\"350\" src=\"https:\/\/www.choral-events.com\/wp-content\/uploads\/2026\/03\/teaserbox_50340629-550x350-1.jpg\" class=\"img-responsive wp-image-51627 img-with-aspect-ratio\" data-parent-fit=\"cover\" data-parent-container=\".fusion-image-element\" alt srcset=\"https:\/\/www.choral-events.com\/wp-content\/uploads\/2026\/03\/teaserbox_50340629-550x350-1-200x127.jpg 200w, https:\/\/www.choral-events.com\/wp-content\/uploads\/2026\/03\/teaserbox_50340629-550x350-1-400x255.jpg 400w, https:\/\/www.choral-events.com\/wp-content\/uploads\/2026\/03\/teaserbox_50340629-550x350-1.jpg 550w\" sizes=\"(max-width: 1024px) 100vw, (max-width: 640px) 100vw, 550px\" \/><\/a><\/span><\/div><div class=\"fusion-title title fusion-title-32 fusion-sep-none fusion-title-center fusion-title-text fusion-title-size-paragraph\" style=\"--awb-text-color:var(--awb-color7);--awb-margin-top:10px;--awb-margin-right:5px;--awb-margin-bottom:10px;--awb-margin-left:5px;--awb-margin-top-small:16px;--awb-margin-right-small:0px;--awb-margin-bottom-small:10px;--awb-margin-left-small:0px;--awb-link-color:var(--awb-color7);--awb-font-size:16px;\"><p class=\"fusion-title-heading title-heading-center title-heading-tag fusion-responsive-typography-calculated\" style=\"margin:0;font-size:1em;--fontSize:16;--minFontSize:16;line-height:1.6;\"><a href=\"https:\/\/www.choral-events.com\/es\/chorales\/choir-artos\/\" class=\"awb-custom-text-color awb-custom-text-hover-color\" target=\"_self\">Choir Artos<\/a><\/p><\/div><div class=\"fusion-separator\" style=\"align-self: center;margin-left: auto;margin-right: auto;flex-grow:10;margin-top:5px;margin-bottom:10px;width:100%;max-width:70px;\"><div class=\"fusion-separator-border sep-single sep-solid\" style=\"--awb-height:20px;--awb-amount:20px;border-color:var(--awb-color2);border-top-width:1px;\"><\/div><\/div><div class=\"fusion-text fusion-text-31\" style=\"--awb-content-alignment:center;--awb-text-transform:capitalize;--awb-text-color:var(--awb-color4);\"><p>Ukraine<\/p>\n<\/div><\/div><\/li>\n<li class=\"fusion-layout-column fusion_builder_column fusion-builder-column-32 fusion-flex-column fusion-animated post-card fusion-grid-column fusion-post-cards-grid-column 2019 republique-tcheque fusion-animated\" style=\"--awb-padding-bottom:5px;--awb-overflow:hidden;--awb-bg-color:var(--awb-color1);--awb-bg-color-hover:var(--awb-custom_color_2);--awb-bg-size:cover;--awb-box-shadow:0px 0px 24px hsla(var(--awb-color7-h),var(--awb-color7-s),var(--awb-color7-l),calc(var(--awb-color7-a) - 40%));;--awb-border-color:var(--awb-color4);--awb-border-color-hover:var(--awb-color7);--awb-border-top:1px;--awb-border-right:1px;--awb-border-bottom:1px;--awb-border-left:1px;--awb-border-style:solid;--awb-border-radius:6px 6px 6px 6px;--awb-flex-grow:0;--awb-flex-shrink:0;--awb-flex-grow-medium:0;--awb-flex-shrink-medium:0;--awb-flex-grow-small:0;--awb-flex-shrink-small:0;\" data-animationType=\"fadeIn\" data-animationDuration=\"1.3\" data-animationOffset=\"top-into-view\"><div class=\"fusion-column-wrapper fusion-column-has-shadow fusion-flex-justify-content-flex-start fusion-content-layout-column\"><div class=\"fusion-image-element \" style=\"--awb-aspect-ratio:16 \/ 9;--awb-margin-bottom:10px;--awb-caption-title-font-family:var(--h2_typography-font-family);--awb-caption-title-font-weight:var(--h2_typography-font-weight);--awb-caption-title-font-style:var(--h2_typography-font-style);--awb-caption-title-size:var(--h2_typography-font-size);--awb-caption-title-transform:var(--h2_typography-text-transform);--awb-caption-title-line-height:var(--h2_typography-line-height);--awb-caption-title-letter-spacing:var(--h2_typography-letter-spacing);\"><span class=\" fusion-imageframe imageframe-none imageframe-31 hover-type-none has-aspect-ratio\"><a class=\"fusion-no-lightbox\" href=\"https:\/\/www.choral-events.com\/es\/chorales\/choir-van-goh\/\" target=\"_self\" aria-label=\"foto-3\"><img decoding=\"async\" width=\"550\" height=\"350\" src=\"https:\/\/www.choral-events.com\/wp-content\/uploads\/2026\/03\/photo-3.jpg\" class=\"img-responsive wp-image-51631 img-with-aspect-ratio\" data-parent-fit=\"cover\" data-parent-container=\".fusion-image-element\" alt srcset=\"https:\/\/www.choral-events.com\/wp-content\/uploads\/2026\/03\/photo-3-200x127.jpg 200w, https:\/\/www.choral-events.com\/wp-content\/uploads\/2026\/03\/photo-3-400x255.jpg 400w, https:\/\/www.choral-events.com\/wp-content\/uploads\/2026\/03\/photo-3.jpg 550w\" sizes=\"(max-width: 1024px) 100vw, (max-width: 640px) 100vw, 550px\" \/><\/a><\/span><\/div><div class=\"fusion-title title fusion-title-33 fusion-sep-none fusion-title-center fusion-title-text fusion-title-size-paragraph\" style=\"--awb-text-color:var(--awb-color7);--awb-margin-top:10px;--awb-margin-right:5px;--awb-margin-bottom:10px;--awb-margin-left:5px;--awb-margin-top-small:16px;--awb-margin-right-small:0px;--awb-margin-bottom-small:10px;--awb-margin-left-small:0px;--awb-link-color:var(--awb-color7);--awb-font-size:16px;\"><p class=\"fusion-title-heading title-heading-center title-heading-tag fusion-responsive-typography-calculated\" style=\"margin:0;font-size:1em;--fontSize:16;--minFontSize:16;line-height:1.6;\"><a href=\"https:\/\/www.choral-events.com\/es\/chorales\/choir-van-goh\/\" class=\"awb-custom-text-color awb-custom-text-hover-color\" target=\"_self\">Choir Van Goh<\/a><\/p><\/div><div class=\"fusion-separator\" style=\"align-self: center;margin-left: auto;margin-right: auto;flex-grow:10;margin-top:5px;margin-bottom:10px;width:100%;max-width:70px;\"><div class=\"fusion-separator-border sep-single sep-solid\" style=\"--awb-height:20px;--awb-amount:20px;border-color:var(--awb-color2);border-top-width:1px;\"><\/div><\/div><div class=\"fusion-text fusion-text-32\" style=\"--awb-content-alignment:center;--awb-text-transform:capitalize;--awb-text-color:var(--awb-color4);\"><p>R\u00e9publique Tch\u00e8que<\/p>\n<\/div><\/div><\/li>\n<li class=\"fusion-layout-column fusion_builder_column fusion-builder-column-33 fusion-flex-column fusion-animated post-card fusion-grid-column fusion-post-cards-grid-column 2020 france fusion-animated\" style=\"--awb-padding-bottom:5px;--awb-overflow:hidden;--awb-bg-color:var(--awb-color1);--awb-bg-color-hover:var(--awb-custom_color_2);--awb-bg-size:cover;--awb-box-shadow:0px 0px 24px hsla(var(--awb-color7-h),var(--awb-color7-s),var(--awb-color7-l),calc(var(--awb-color7-a) - 40%));;--awb-border-color:var(--awb-color4);--awb-border-color-hover:var(--awb-color7);--awb-border-top:1px;--awb-border-right:1px;--awb-border-bottom:1px;--awb-border-left:1px;--awb-border-style:solid;--awb-border-radius:6px 6px 6px 6px;--awb-flex-grow:0;--awb-flex-shrink:0;--awb-flex-grow-medium:0;--awb-flex-shrink-medium:0;--awb-flex-grow-small:0;--awb-flex-shrink-small:0;\" data-animationType=\"fadeIn\" data-animationDuration=\"1.3\" data-animationOffset=\"top-into-view\"><div class=\"fusion-column-wrapper fusion-column-has-shadow fusion-flex-justify-content-flex-start fusion-content-layout-column\"><div class=\"fusion-image-element \" style=\"--awb-aspect-ratio:16 \/ 9;--awb-margin-bottom:10px;--awb-caption-title-font-family:var(--h2_typography-font-family);--awb-caption-title-font-weight:var(--h2_typography-font-weight);--awb-caption-title-font-style:var(--h2_typography-font-style);--awb-caption-title-size:var(--h2_typography-font-size);--awb-caption-title-transform:var(--h2_typography-text-transform);--awb-caption-title-line-height:var(--h2_typography-line-height);--awb-caption-title-letter-spacing:var(--h2_typography-letter-spacing);\"><span class=\" fusion-imageframe imageframe-none imageframe-32 hover-type-none has-aspect-ratio\"><a class=\"fusion-no-lightbox\" href=\"https:\/\/www.choral-events.com\/es\/chorales\/chorale-chanlibre\/\" target=\"_self\" aria-label=\"Chant-libre-foto-p\u00e1gina-web-\"><img decoding=\"async\" width=\"550\" height=\"350\" src=\"https:\/\/www.choral-events.com\/wp-content\/uploads\/2026\/03\/Chant-libre-photo-page-web-.png\" class=\"img-responsive wp-image-51836 img-with-aspect-ratio\" data-parent-fit=\"cover\" data-parent-container=\".fusion-image-element\" alt srcset=\"https:\/\/www.choral-events.com\/wp-content\/uploads\/2026\/03\/Chant-libre-photo-page-web--200x127.png 200w, https:\/\/www.choral-events.com\/wp-content\/uploads\/2026\/03\/Chant-libre-photo-page-web--400x255.png 400w, https:\/\/www.choral-events.com\/wp-content\/uploads\/2026\/03\/Chant-libre-photo-page-web-.png 550w\" sizes=\"(max-width: 1024px) 100vw, (max-width: 640px) 100vw, 550px\" \/><\/a><\/span><\/div><div class=\"fusion-title title fusion-title-34 fusion-sep-none fusion-title-center fusion-title-text fusion-title-size-paragraph\" style=\"--awb-text-color:var(--awb-color7);--awb-margin-top:10px;--awb-margin-right:5px;--awb-margin-bottom:10px;--awb-margin-left:5px;--awb-margin-top-small:16px;--awb-margin-right-small:0px;--awb-margin-bottom-small:10px;--awb-margin-left-small:0px;--awb-link-color:var(--awb-color7);--awb-font-size:16px;\"><p class=\"fusion-title-heading title-heading-center title-heading-tag fusion-responsive-typography-calculated\" style=\"margin:0;font-size:1em;--fontSize:16;--minFontSize:16;line-height:1.6;\"><a href=\"https:\/\/www.choral-events.com\/es\/chorales\/chorale-chanlibre\/\" class=\"awb-custom-text-color awb-custom-text-hover-color\" target=\"_self\">Chorale Chanlibre<\/a><\/p><\/div><div class=\"fusion-separator\" style=\"align-self: center;margin-left: auto;margin-right: auto;flex-grow:10;margin-top:5px;margin-bottom:10px;width:100%;max-width:70px;\"><div class=\"fusion-separator-border sep-single sep-solid\" style=\"--awb-height:20px;--awb-amount:20px;border-color:var(--awb-color2);border-top-width:1px;\"><\/div><\/div><div class=\"fusion-text fusion-text-33\" style=\"--awb-content-alignment:center;--awb-text-transform:capitalize;--awb-text-color:var(--awb-color4);\"><p>France<\/p>\n<\/div><\/div><\/li>\n<li class=\"fusion-layout-column fusion_builder_column fusion-builder-column-34 fusion-flex-column fusion-animated post-card fusion-grid-column fusion-post-cards-grid-column 2019 quebec fusion-animated\" style=\"--awb-padding-bottom:5px;--awb-overflow:hidden;--awb-bg-color:var(--awb-color1);--awb-bg-color-hover:var(--awb-custom_color_2);--awb-bg-size:cover;--awb-box-shadow:0px 0px 24px hsla(var(--awb-color7-h),var(--awb-color7-s),var(--awb-color7-l),calc(var(--awb-color7-a) - 40%));;--awb-border-color:var(--awb-color4);--awb-border-color-hover:var(--awb-color7);--awb-border-top:1px;--awb-border-right:1px;--awb-border-bottom:1px;--awb-border-left:1px;--awb-border-style:solid;--awb-border-radius:6px 6px 6px 6px;--awb-flex-grow:0;--awb-flex-shrink:0;--awb-flex-grow-medium:0;--awb-flex-shrink-medium:0;--awb-flex-grow-small:0;--awb-flex-shrink-small:0;\" data-animationType=\"fadeIn\" data-animationDuration=\"1.3\" data-animationOffset=\"top-into-view\"><div class=\"fusion-column-wrapper fusion-column-has-shadow fusion-flex-justify-content-flex-start fusion-content-layout-column\"><div class=\"fusion-image-element \" style=\"--awb-aspect-ratio:16 \/ 9;--awb-margin-bottom:10px;--awb-caption-title-font-family:var(--h2_typography-font-family);--awb-caption-title-font-weight:var(--h2_typography-font-weight);--awb-caption-title-font-style:var(--h2_typography-font-style);--awb-caption-title-size:var(--h2_typography-font-size);--awb-caption-title-transform:var(--h2_typography-text-transform);--awb-caption-title-line-height:var(--h2_typography-line-height);--awb-caption-title-letter-spacing:var(--h2_typography-letter-spacing);\"><span class=\" fusion-imageframe imageframe-none imageframe-33 hover-type-none has-aspect-ratio\"><a class=\"fusion-no-lightbox\" href=\"https:\/\/www.choral-events.com\/es\/chorales\/chorale-chantarelle-du-college-laval\/\" target=\"_self\"><img decoding=\"async\" src=\"https:\/\/www.choral-events.eskale.fr\/wp-content\/uploads\/2026\/02\/Chorales-2022.jpg\" class=\"img-responsive img-with-aspect-ratio\" data-parent-fit=\"cover\" data-parent-container=\".fusion-image-element\" alt \/><\/a><\/span><\/div><div class=\"fusion-title title fusion-title-35 fusion-sep-none fusion-title-center fusion-title-text fusion-title-size-paragraph\" style=\"--awb-text-color:var(--awb-color7);--awb-margin-top:10px;--awb-margin-right:5px;--awb-margin-bottom:10px;--awb-margin-left:5px;--awb-margin-top-small:16px;--awb-margin-right-small:0px;--awb-margin-bottom-small:10px;--awb-margin-left-small:0px;--awb-link-color:var(--awb-color7);--awb-font-size:16px;\"><p class=\"fusion-title-heading title-heading-center title-heading-tag fusion-responsive-typography-calculated\" style=\"margin:0;font-size:1em;--fontSize:16;--minFontSize:16;line-height:1.6;\"><a href=\"https:\/\/www.choral-events.com\/es\/chorales\/chorale-chantarelle-du-college-laval\/\" class=\"awb-custom-text-color awb-custom-text-hover-color\" target=\"_self\">Chorale Chantarelle du Coll\u00e8ge Laval<\/a><\/p><\/div><div class=\"fusion-separator\" style=\"align-self: center;margin-left: auto;margin-right: auto;flex-grow:10;margin-top:5px;margin-bottom:10px;width:100%;max-width:70px;\"><div class=\"fusion-separator-border sep-single sep-solid\" style=\"--awb-height:20px;--awb-amount:20px;border-color:var(--awb-color2);border-top-width:1px;\"><\/div><\/div><div class=\"fusion-text fusion-text-34\" style=\"--awb-content-alignment:center;--awb-text-transform:capitalize;--awb-text-color:var(--awb-color4);\"><p>Qu\u00e9bec<\/p>\n<\/div><\/div><\/li>\n<li class=\"fusion-layout-column fusion_builder_column fusion-builder-column-35 fusion-flex-column fusion-animated post-card fusion-grid-column fusion-post-cards-grid-column 2020 france fusion-animated\" style=\"--awb-padding-bottom:5px;--awb-overflow:hidden;--awb-bg-color:var(--awb-color1);--awb-bg-color-hover:var(--awb-custom_color_2);--awb-bg-size:cover;--awb-box-shadow:0px 0px 24px hsla(var(--awb-color7-h),var(--awb-color7-s),var(--awb-color7-l),calc(var(--awb-color7-a) - 40%));;--awb-border-color:var(--awb-color4);--awb-border-color-hover:var(--awb-color7);--awb-border-top:1px;--awb-border-right:1px;--awb-border-bottom:1px;--awb-border-left:1px;--awb-border-style:solid;--awb-border-radius:6px 6px 6px 6px;--awb-flex-grow:0;--awb-flex-shrink:0;--awb-flex-grow-medium:0;--awb-flex-shrink-medium:0;--awb-flex-grow-small:0;--awb-flex-shrink-small:0;\" data-animationType=\"fadeIn\" data-animationDuration=\"1.3\" data-animationOffset=\"top-into-view\"><div class=\"fusion-column-wrapper fusion-column-has-shadow fusion-flex-justify-content-flex-start fusion-content-layout-column\"><div class=\"fusion-image-element \" style=\"--awb-aspect-ratio:16 \/ 9;--awb-margin-bottom:10px;--awb-caption-title-font-family:var(--h2_typography-font-family);--awb-caption-title-font-weight:var(--h2_typography-font-weight);--awb-caption-title-font-style:var(--h2_typography-font-style);--awb-caption-title-size:var(--h2_typography-font-size);--awb-caption-title-transform:var(--h2_typography-text-transform);--awb-caption-title-line-height:var(--h2_typography-line-height);--awb-caption-title-letter-spacing:var(--h2_typography-letter-spacing);\"><span class=\" fusion-imageframe imageframe-none imageframe-34 hover-type-none has-aspect-ratio\"><a class=\"fusion-no-lightbox\" href=\"https:\/\/www.choral-events.com\/es\/chorales\/chorale-dauphinelle\/\" target=\"_self\" aria-label=\"Dauphinelle-foto-sitio-web-2\"><img decoding=\"async\" width=\"550\" height=\"350\" src=\"https:\/\/www.choral-events.com\/wp-content\/uploads\/2026\/03\/Dauphinelle-photo-site-web-2.png\" class=\"img-responsive wp-image-51840 img-with-aspect-ratio\" data-parent-fit=\"cover\" data-parent-container=\".fusion-image-element\" alt srcset=\"https:\/\/www.choral-events.com\/wp-content\/uploads\/2026\/03\/Dauphinelle-photo-site-web-2-200x127.png 200w, https:\/\/www.choral-events.com\/wp-content\/uploads\/2026\/03\/Dauphinelle-photo-site-web-2-400x255.png 400w, https:\/\/www.choral-events.com\/wp-content\/uploads\/2026\/03\/Dauphinelle-photo-site-web-2.png 550w\" sizes=\"(max-width: 1024px) 100vw, (max-width: 640px) 100vw, 550px\" \/><\/a><\/span><\/div><div class=\"fusion-title title fusion-title-36 fusion-sep-none fusion-title-center fusion-title-text fusion-title-size-paragraph\" style=\"--awb-text-color:var(--awb-color7);--awb-margin-top:10px;--awb-margin-right:5px;--awb-margin-bottom:10px;--awb-margin-left:5px;--awb-margin-top-small:16px;--awb-margin-right-small:0px;--awb-margin-bottom-small:10px;--awb-margin-left-small:0px;--awb-link-color:var(--awb-color7);--awb-font-size:16px;\"><p class=\"fusion-title-heading title-heading-center title-heading-tag fusion-responsive-typography-calculated\" style=\"margin:0;font-size:1em;--fontSize:16;--minFontSize:16;line-height:1.6;\"><a href=\"https:\/\/www.choral-events.com\/es\/chorales\/chorale-dauphinelle\/\" class=\"awb-custom-text-color awb-custom-text-hover-color\" target=\"_self\">Chorale Dauphinelle<\/a><\/p><\/div><div class=\"fusion-separator\" style=\"align-self: center;margin-left: auto;margin-right: auto;flex-grow:10;margin-top:5px;margin-bottom:10px;width:100%;max-width:70px;\"><div class=\"fusion-separator-border sep-single sep-solid\" style=\"--awb-height:20px;--awb-amount:20px;border-color:var(--awb-color2);border-top-width:1px;\"><\/div><\/div><div class=\"fusion-text fusion-text-35\" style=\"--awb-content-alignment:center;--awb-text-transform:capitalize;--awb-text-color:var(--awb-color4);\"><p>France<\/p>\n<\/div><\/div><\/li>\n<li class=\"fusion-layout-column fusion_builder_column fusion-builder-column-36 fusion-flex-column fusion-animated post-card fusion-grid-column fusion-post-cards-grid-column 2018 suisse fusion-animated\" style=\"--awb-padding-bottom:5px;--awb-overflow:hidden;--awb-bg-color:var(--awb-color1);--awb-bg-color-hover:var(--awb-custom_color_2);--awb-bg-size:cover;--awb-box-shadow:0px 0px 24px hsla(var(--awb-color7-h),var(--awb-color7-s),var(--awb-color7-l),calc(var(--awb-color7-a) - 40%));;--awb-border-color:var(--awb-color4);--awb-border-color-hover:var(--awb-color7);--awb-border-top:1px;--awb-border-right:1px;--awb-border-bottom:1px;--awb-border-left:1px;--awb-border-style:solid;--awb-border-radius:6px 6px 6px 6px;--awb-flex-grow:0;--awb-flex-shrink:0;--awb-flex-grow-medium:0;--awb-flex-shrink-medium:0;--awb-flex-grow-small:0;--awb-flex-shrink-small:0;\" data-animationType=\"fadeIn\" data-animationDuration=\"1.3\" data-animationOffset=\"top-into-view\"><div class=\"fusion-column-wrapper fusion-column-has-shadow fusion-flex-justify-content-flex-start fusion-content-layout-column\"><div class=\"fusion-image-element \" style=\"--awb-aspect-ratio:16 \/ 9;--awb-margin-bottom:10px;--awb-caption-title-font-family:var(--h2_typography-font-family);--awb-caption-title-font-weight:var(--h2_typography-font-weight);--awb-caption-title-font-style:var(--h2_typography-font-style);--awb-caption-title-size:var(--h2_typography-font-size);--awb-caption-title-transform:var(--h2_typography-text-transform);--awb-caption-title-line-height:var(--h2_typography-line-height);--awb-caption-title-letter-spacing:var(--h2_typography-letter-spacing);\"><span class=\" fusion-imageframe imageframe-none imageframe-35 hover-type-none has-aspect-ratio\"><a class=\"fusion-no-lightbox\" href=\"https:\/\/www.choral-events.com\/es\/chorales\/chorale-des-4-saisons\/\" target=\"_self\" aria-label=\"photo-4-saisons-550&#215;350\"><img decoding=\"async\" width=\"550\" height=\"350\" src=\"https:\/\/www.choral-events.com\/wp-content\/uploads\/2026\/03\/photo-4-saisons-550x350-1.jpg\" class=\"img-responsive wp-image-51330 img-with-aspect-ratio\" data-parent-fit=\"cover\" data-parent-container=\".fusion-image-element\" alt srcset=\"https:\/\/www.choral-events.com\/wp-content\/uploads\/2026\/03\/photo-4-saisons-550x350-1-200x127.jpg 200w, https:\/\/www.choral-events.com\/wp-content\/uploads\/2026\/03\/photo-4-saisons-550x350-1-400x255.jpg 400w, https:\/\/www.choral-events.com\/wp-content\/uploads\/2026\/03\/photo-4-saisons-550x350-1.jpg 550w\" sizes=\"(max-width: 1024px) 100vw, (max-width: 640px) 100vw, 550px\" \/><\/a><\/span><\/div><div class=\"fusion-title title fusion-title-37 fusion-sep-none fusion-title-center fusion-title-text fusion-title-size-paragraph\" style=\"--awb-text-color:var(--awb-color7);--awb-margin-top:10px;--awb-margin-right:5px;--awb-margin-bottom:10px;--awb-margin-left:5px;--awb-margin-top-small:16px;--awb-margin-right-small:0px;--awb-margin-bottom-small:10px;--awb-margin-left-small:0px;--awb-link-color:var(--awb-color7);--awb-font-size:16px;\"><p class=\"fusion-title-heading title-heading-center title-heading-tag fusion-responsive-typography-calculated\" style=\"margin:0;font-size:1em;--fontSize:16;--minFontSize:16;line-height:1.6;\"><a href=\"https:\/\/www.choral-events.com\/es\/chorales\/chorale-des-4-saisons\/\" class=\"awb-custom-text-color awb-custom-text-hover-color\" target=\"_self\">Chorale des 4 Saisons<\/a><\/p><\/div><div class=\"fusion-separator\" style=\"align-self: center;margin-left: auto;margin-right: auto;flex-grow:10;margin-top:5px;margin-bottom:10px;width:100%;max-width:70px;\"><div class=\"fusion-separator-border sep-single sep-solid\" style=\"--awb-height:20px;--awb-amount:20px;border-color:var(--awb-color2);border-top-width:1px;\"><\/div><\/div><div class=\"fusion-text fusion-text-36\" style=\"--awb-content-alignment:center;--awb-text-transform:capitalize;--awb-text-color:var(--awb-color4);\"><p>Suisse<\/p>\n<\/div><\/div><\/li>\n<li class=\"fusion-layout-column fusion_builder_column fusion-builder-column-37 fusion-flex-column fusion-animated post-card fusion-grid-column fusion-post-cards-grid-column 2018 italie fusion-animated\" style=\"--awb-padding-bottom:5px;--awb-overflow:hidden;--awb-bg-color:var(--awb-color1);--awb-bg-color-hover:var(--awb-custom_color_2);--awb-bg-size:cover;--awb-box-shadow:0px 0px 24px hsla(var(--awb-color7-h),var(--awb-color7-s),var(--awb-color7-l),calc(var(--awb-color7-a) - 40%));;--awb-border-color:var(--awb-color4);--awb-border-color-hover:var(--awb-color7);--awb-border-top:1px;--awb-border-right:1px;--awb-border-bottom:1px;--awb-border-left:1px;--awb-border-style:solid;--awb-border-radius:6px 6px 6px 6px;--awb-flex-grow:0;--awb-flex-shrink:0;--awb-flex-grow-medium:0;--awb-flex-shrink-medium:0;--awb-flex-grow-small:0;--awb-flex-shrink-small:0;\" data-animationType=\"fadeIn\" data-animationDuration=\"1.3\" data-animationOffset=\"top-into-view\"><div class=\"fusion-column-wrapper fusion-column-has-shadow fusion-flex-justify-content-flex-start fusion-content-layout-column\"><div class=\"fusion-image-element \" style=\"--awb-aspect-ratio:16 \/ 9;--awb-margin-bottom:10px;--awb-caption-title-font-family:var(--h2_typography-font-family);--awb-caption-title-font-weight:var(--h2_typography-font-weight);--awb-caption-title-font-style:var(--h2_typography-font-style);--awb-caption-title-size:var(--h2_typography-font-size);--awb-caption-title-transform:var(--h2_typography-text-transform);--awb-caption-title-line-height:var(--h2_typography-line-height);--awb-caption-title-letter-spacing:var(--h2_typography-letter-spacing);\"><span class=\" fusion-imageframe imageframe-none imageframe-36 hover-type-none has-aspect-ratio\"><a class=\"fusion-no-lightbox\" href=\"https:\/\/www.choral-events.com\/es\/chorales\/compania-corale-di-imperia\/\" target=\"_self\" aria-label=\"Compagnia-Corale-in-concerto-2-1024&#215;373\"><img decoding=\"async\" width=\"1024\" height=\"373\" src=\"https:\/\/www.choral-events.com\/wp-content\/uploads\/2026\/03\/Compagnia-Corale-in-concerto-2-1024x373-1.jpg\" class=\"img-responsive wp-image-51342 img-with-aspect-ratio\" data-parent-fit=\"cover\" data-parent-container=\".fusion-image-element\" alt srcset=\"https:\/\/www.choral-events.com\/wp-content\/uploads\/2026\/03\/Compagnia-Corale-in-concerto-2-1024x373-1-200x73.jpg 200w, https:\/\/www.choral-events.com\/wp-content\/uploads\/2026\/03\/Compagnia-Corale-in-concerto-2-1024x373-1-400x146.jpg 400w, https:\/\/www.choral-events.com\/wp-content\/uploads\/2026\/03\/Compagnia-Corale-in-concerto-2-1024x373-1-600x219.jpg 600w, https:\/\/www.choral-events.com\/wp-content\/uploads\/2026\/03\/Compagnia-Corale-in-concerto-2-1024x373-1-800x291.jpg 800w, https:\/\/www.choral-events.com\/wp-content\/uploads\/2026\/03\/Compagnia-Corale-in-concerto-2-1024x373-1.jpg 1024w\" sizes=\"(max-width: 1024px) 100vw, (max-width: 640px) 100vw, 1024px\" \/><\/a><\/span><\/div><div class=\"fusion-title title fusion-title-38 fusion-sep-none fusion-title-center fusion-title-text fusion-title-size-paragraph\" style=\"--awb-text-color:var(--awb-color7);--awb-margin-top:10px;--awb-margin-right:5px;--awb-margin-bottom:10px;--awb-margin-left:5px;--awb-margin-top-small:16px;--awb-margin-right-small:0px;--awb-margin-bottom-small:10px;--awb-margin-left-small:0px;--awb-link-color:var(--awb-color7);--awb-font-size:16px;\"><p class=\"fusion-title-heading title-heading-center title-heading-tag fusion-responsive-typography-calculated\" style=\"margin:0;font-size:1em;--fontSize:16;--minFontSize:16;line-height:1.6;\"><a href=\"https:\/\/www.choral-events.com\/es\/chorales\/compania-corale-di-imperia\/\" class=\"awb-custom-text-color awb-custom-text-hover-color\" target=\"_self\">Compania Corale di Imperia<\/a><\/p><\/div><div class=\"fusion-separator\" style=\"align-self: center;margin-left: auto;margin-right: auto;flex-grow:10;margin-top:5px;margin-bottom:10px;width:100%;max-width:70px;\"><div class=\"fusion-separator-border sep-single sep-solid\" style=\"--awb-height:20px;--awb-amount:20px;border-color:var(--awb-color2);border-top-width:1px;\"><\/div><\/div><div class=\"fusion-text fusion-text-37\" style=\"--awb-content-alignment:center;--awb-text-transform:capitalize;--awb-text-color:var(--awb-color4);\"><p>Italie<\/p>\n<\/div><\/div><\/li>\n<li class=\"fusion-layout-column fusion_builder_column fusion-builder-column-38 fusion-flex-column fusion-animated post-card fusion-grid-column fusion-post-cards-grid-column 2025 francia fusion-animated\" style=\"--awb-padding-bottom:5px;--awb-overflow:hidden;--awb-bg-color:var(--awb-color1);--awb-bg-color-hover:var(--awb-custom_color_2);--awb-bg-size:cover;--awb-box-shadow:0px 0px 24px hsla(var(--awb-color7-h),var(--awb-color7-s),var(--awb-color7-l),calc(var(--awb-color7-a) - 40%));;--awb-border-color:var(--awb-color4);--awb-border-color-hover:var(--awb-color7);--awb-border-top:1px;--awb-border-right:1px;--awb-border-bottom:1px;--awb-border-left:1px;--awb-border-style:solid;--awb-border-radius:6px 6px 6px 6px;--awb-flex-grow:0;--awb-flex-shrink:0;--awb-flex-grow-medium:0;--awb-flex-shrink-medium:0;--awb-flex-grow-small:0;--awb-flex-shrink-small:0;\" data-animationType=\"fadeIn\" data-animationDuration=\"1.3\" data-animationOffset=\"top-into-view\"><div class=\"fusion-column-wrapper fusion-column-has-shadow fusion-flex-justify-content-flex-start fusion-content-layout-column\"><div class=\"fusion-image-element \" style=\"--awb-aspect-ratio:16 \/ 9;--awb-margin-bottom:10px;--awb-caption-title-font-family:var(--h2_typography-font-family);--awb-caption-title-font-weight:var(--h2_typography-font-weight);--awb-caption-title-font-style:var(--h2_typography-font-style);--awb-caption-title-size:var(--h2_typography-font-size);--awb-caption-title-transform:var(--h2_typography-text-transform);--awb-caption-title-line-height:var(--h2_typography-line-height);--awb-caption-title-letter-spacing:var(--h2_typography-letter-spacing);\"><span class=\" fusion-imageframe imageframe-none imageframe-37 hover-type-none has-aspect-ratio\"><a class=\"fusion-no-lightbox\" href=\"https:\/\/www.choral-events.com\/es\/chorales\/conjunto-vocal-de-meounes\/\" target=\"_self\" aria-label=\"Conjunto Vocal de M\u00e9ounes \u2013 Francia\"><img decoding=\"async\" width=\"2560\" height=\"1561\" alt=\"Conjunto Vocal de M\u00e9ounes \u2013 Francia\" src=\"https:\/\/www.choral-events.com\/wp-content\/uploads\/2025\/02\/concert-scaled-1.jpg\" class=\"img-responsive wp-image-49294 img-with-aspect-ratio\" data-parent-fit=\"cover\" data-parent-container=\".fusion-image-element\" srcset=\"https:\/\/www.choral-events.com\/wp-content\/uploads\/2025\/02\/concert-scaled-1-200x122.jpg 200w, https:\/\/www.choral-events.com\/wp-content\/uploads\/2025\/02\/concert-scaled-1-400x244.jpg 400w, https:\/\/www.choral-events.com\/wp-content\/uploads\/2025\/02\/concert-scaled-1-600x366.jpg 600w, https:\/\/www.choral-events.com\/wp-content\/uploads\/2025\/02\/concert-scaled-1-800x488.jpg 800w, https:\/\/www.choral-events.com\/wp-content\/uploads\/2025\/02\/concert-scaled-1-1200x732.jpg 1200w, https:\/\/www.choral-events.com\/wp-content\/uploads\/2025\/02\/concert-scaled-1.jpg 2560w\" sizes=\"(max-width: 1024px) 100vw, (max-width: 640px) 100vw, 2560px\" \/><\/a><\/span><\/div><div class=\"fusion-title title fusion-title-39 fusion-sep-none fusion-title-center fusion-title-text fusion-title-size-paragraph\" style=\"--awb-text-color:var(--awb-color7);--awb-margin-top:10px;--awb-margin-right:5px;--awb-margin-bottom:10px;--awb-margin-left:5px;--awb-margin-top-small:16px;--awb-margin-right-small:0px;--awb-margin-bottom-small:10px;--awb-margin-left-small:0px;--awb-link-color:var(--awb-color7);--awb-font-size:16px;\"><p class=\"fusion-title-heading title-heading-center title-heading-tag fusion-responsive-typography-calculated\" style=\"margin:0;font-size:1em;--fontSize:16;--minFontSize:16;line-height:1.6;\"><a href=\"https:\/\/www.choral-events.com\/es\/chorales\/conjunto-vocal-de-meounes\/\" class=\"awb-custom-text-color awb-custom-text-hover-color\" target=\"_self\">Conjunto Vocal de M\u00e9ounes<\/a><\/p><\/div><div class=\"fusion-separator\" style=\"align-self: center;margin-left: auto;margin-right: auto;flex-grow:10;margin-top:5px;margin-bottom:10px;width:100%;max-width:70px;\"><div class=\"fusion-separator-border sep-single sep-solid\" style=\"--awb-height:20px;--awb-amount:20px;border-color:var(--awb-color2);border-top-width:1px;\"><\/div><\/div><div class=\"fusion-text fusion-text-38\" style=\"--awb-content-alignment:center;--awb-text-transform:capitalize;--awb-text-color:var(--awb-color4);\"><p>Francia<\/p>\n<\/div><\/div><\/li>\n<li class=\"fusion-layout-column fusion_builder_column fusion-builder-column-39 fusion-flex-column fusion-animated post-card fusion-grid-column fusion-post-cards-grid-column 2025 rumania fusion-animated\" style=\"--awb-padding-bottom:5px;--awb-overflow:hidden;--awb-bg-color:var(--awb-color1);--awb-bg-color-hover:var(--awb-custom_color_2);--awb-bg-size:cover;--awb-box-shadow:0px 0px 24px hsla(var(--awb-color7-h),var(--awb-color7-s),var(--awb-color7-l),calc(var(--awb-color7-a) - 40%));;--awb-border-color:var(--awb-color4);--awb-border-color-hover:var(--awb-color7);--awb-border-top:1px;--awb-border-right:1px;--awb-border-bottom:1px;--awb-border-left:1px;--awb-border-style:solid;--awb-border-radius:6px 6px 6px 6px;--awb-flex-grow:0;--awb-flex-shrink:0;--awb-flex-grow-medium:0;--awb-flex-shrink-medium:0;--awb-flex-grow-small:0;--awb-flex-shrink-small:0;\" data-animationType=\"fadeIn\" data-animationDuration=\"1.3\" data-animationOffset=\"top-into-view\"><div class=\"fusion-column-wrapper fusion-column-has-shadow fusion-flex-justify-content-flex-start fusion-content-layout-column\"><div class=\"fusion-image-element \" style=\"--awb-aspect-ratio:16 \/ 9;--awb-margin-bottom:10px;--awb-caption-title-font-family:var(--h2_typography-font-family);--awb-caption-title-font-weight:var(--h2_typography-font-weight);--awb-caption-title-font-style:var(--h2_typography-font-style);--awb-caption-title-size:var(--h2_typography-font-size);--awb-caption-title-transform:var(--h2_typography-text-transform);--awb-caption-title-line-height:var(--h2_typography-line-height);--awb-caption-title-letter-spacing:var(--h2_typography-letter-spacing);\"><span class=\" fusion-imageframe imageframe-none imageframe-38 hover-type-none has-aspect-ratio\"><a class=\"fusion-no-lightbox\" href=\"https:\/\/www.choral-events.com\/es\/chorales\/coro-bizantino-san-juan-damasceno\/\" target=\"_self\" aria-label=\"Italia \u2013 Coro Santa Croce_foto p\u00e1gina web (2)\"><img decoding=\"async\" width=\"550\" height=\"350\" src=\"https:\/\/www.choral-events.com\/wp-content\/uploads\/2023\/11\/Italie-Coro-Santa-Croce_photo-page-web-2.png\" class=\"img-responsive wp-image-49378 img-with-aspect-ratio\" data-parent-fit=\"cover\" data-parent-container=\".fusion-image-element\" alt srcset=\"https:\/\/www.choral-events.com\/wp-content\/uploads\/2023\/11\/Italie-Coro-Santa-Croce_photo-page-web-2-200x127.png 200w, https:\/\/www.choral-events.com\/wp-content\/uploads\/2023\/11\/Italie-Coro-Santa-Croce_photo-page-web-2-400x255.png 400w, https:\/\/www.choral-events.com\/wp-content\/uploads\/2023\/11\/Italie-Coro-Santa-Croce_photo-page-web-2.png 550w\" sizes=\"(max-width: 1024px) 100vw, (max-width: 640px) 100vw, 550px\" \/><\/a><\/span><\/div><div class=\"fusion-title title fusion-title-40 fusion-sep-none fusion-title-center fusion-title-text fusion-title-size-paragraph\" style=\"--awb-text-color:var(--awb-color7);--awb-margin-top:10px;--awb-margin-right:5px;--awb-margin-bottom:10px;--awb-margin-left:5px;--awb-margin-top-small:16px;--awb-margin-right-small:0px;--awb-margin-bottom-small:10px;--awb-margin-left-small:0px;--awb-link-color:var(--awb-color7);--awb-font-size:16px;\"><p class=\"fusion-title-heading title-heading-center title-heading-tag fusion-responsive-typography-calculated\" style=\"margin:0;font-size:1em;--fontSize:16;--minFontSize:16;line-height:1.6;\"><a href=\"https:\/\/www.choral-events.com\/es\/chorales\/coro-bizantino-san-juan-damasceno\/\" class=\"awb-custom-text-color awb-custom-text-hover-color\" target=\"_self\">Coro Bizantino San Juan Damasceno<\/a><\/p><\/div><div class=\"fusion-separator\" style=\"align-self: center;margin-left: auto;margin-right: auto;flex-grow:10;margin-top:5px;margin-bottom:10px;width:100%;max-width:70px;\"><div class=\"fusion-separator-border sep-single sep-solid\" style=\"--awb-height:20px;--awb-amount:20px;border-color:var(--awb-color2);border-top-width:1px;\"><\/div><\/div><div class=\"fusion-text fusion-text-39\" style=\"--awb-content-alignment:center;--awb-text-transform:capitalize;--awb-text-color:var(--awb-color4);\"><p>Ruman\u00eda<\/p>\n<\/div><\/div><\/li>\n<li class=\"fusion-layout-column fusion_builder_column fusion-builder-column-40 fusion-flex-column fusion-animated post-card fusion-grid-column fusion-post-cards-grid-column 2025 polonia fusion-animated\" style=\"--awb-padding-bottom:5px;--awb-overflow:hidden;--awb-bg-color:var(--awb-color1);--awb-bg-color-hover:var(--awb-custom_color_2);--awb-bg-size:cover;--awb-box-shadow:0px 0px 24px hsla(var(--awb-color7-h),var(--awb-color7-s),var(--awb-color7-l),calc(var(--awb-color7-a) - 40%));;--awb-border-color:var(--awb-color4);--awb-border-color-hover:var(--awb-color7);--awb-border-top:1px;--awb-border-right:1px;--awb-border-bottom:1px;--awb-border-left:1px;--awb-border-style:solid;--awb-border-radius:6px 6px 6px 6px;--awb-flex-grow:0;--awb-flex-shrink:0;--awb-flex-grow-medium:0;--awb-flex-shrink-medium:0;--awb-flex-grow-small:0;--awb-flex-shrink-small:0;\" data-animationType=\"fadeIn\" data-animationDuration=\"1.3\" data-animationOffset=\"top-into-view\"><div class=\"fusion-column-wrapper fusion-column-has-shadow fusion-flex-justify-content-flex-start fusion-content-layout-column\"><div class=\"fusion-image-element \" style=\"--awb-aspect-ratio:16 \/ 9;--awb-margin-bottom:10px;--awb-caption-title-font-family:var(--h2_typography-font-family);--awb-caption-title-font-weight:var(--h2_typography-font-weight);--awb-caption-title-font-style:var(--h2_typography-font-style);--awb-caption-title-size:var(--h2_typography-font-size);--awb-caption-title-transform:var(--h2_typography-text-transform);--awb-caption-title-line-height:var(--h2_typography-line-height);--awb-caption-title-letter-spacing:var(--h2_typography-letter-spacing);\"><span class=\" fusion-imageframe imageframe-none imageframe-39 hover-type-none has-aspect-ratio\"><a class=\"fusion-no-lightbox\" href=\"https:\/\/www.choral-events.com\/es\/chorales\/coro-cantate-deo\/\" target=\"_self\" aria-label=\"Coro Cantate Deo \u2013 Polonia\"><img decoding=\"async\" width=\"600\" height=\"600\" src=\"https:\/\/www.choral-events.com\/wp-content\/uploads\/2025\/03\/Chor-Cantate-Deo-Pologne.jpg\" class=\"img-responsive wp-image-49395 img-with-aspect-ratio\" data-parent-fit=\"cover\" data-parent-container=\".fusion-image-element\" alt srcset=\"https:\/\/www.choral-events.com\/wp-content\/uploads\/2025\/03\/Chor-Cantate-Deo-Pologne-200x200.jpg 200w, https:\/\/www.choral-events.com\/wp-content\/uploads\/2025\/03\/Chor-Cantate-Deo-Pologne-400x400.jpg 400w, https:\/\/www.choral-events.com\/wp-content\/uploads\/2025\/03\/Chor-Cantate-Deo-Pologne.jpg 600w\" sizes=\"(max-width: 1024px) 100vw, (max-width: 640px) 100vw, 600px\" \/><\/a><\/span><\/div><div class=\"fusion-title title fusion-title-41 fusion-sep-none fusion-title-center fusion-title-text fusion-title-size-paragraph\" style=\"--awb-text-color:var(--awb-color7);--awb-margin-top:10px;--awb-margin-right:5px;--awb-margin-bottom:10px;--awb-margin-left:5px;--awb-margin-top-small:16px;--awb-margin-right-small:0px;--awb-margin-bottom-small:10px;--awb-margin-left-small:0px;--awb-link-color:var(--awb-color7);--awb-font-size:16px;\"><p class=\"fusion-title-heading title-heading-center title-heading-tag fusion-responsive-typography-calculated\" style=\"margin:0;font-size:1em;--fontSize:16;--minFontSize:16;line-height:1.6;\"><a href=\"https:\/\/www.choral-events.com\/es\/chorales\/coro-cantate-deo\/\" class=\"awb-custom-text-color awb-custom-text-hover-color\" target=\"_self\">Coro Cantate Deo<\/a><\/p><\/div><div class=\"fusion-separator\" style=\"align-self: center;margin-left: auto;margin-right: auto;flex-grow:10;margin-top:5px;margin-bottom:10px;width:100%;max-width:70px;\"><div class=\"fusion-separator-border sep-single sep-solid\" style=\"--awb-height:20px;--awb-amount:20px;border-color:var(--awb-color2);border-top-width:1px;\"><\/div><\/div><div class=\"fusion-text fusion-text-40\" style=\"--awb-content-alignment:center;--awb-text-transform:capitalize;--awb-text-color:var(--awb-color4);\"><p>Polonia<\/p>\n<\/div><\/div><\/li>\n<li class=\"fusion-layout-column fusion_builder_column fusion-builder-column-41 fusion-flex-column fusion-animated post-card fusion-grid-column fusion-post-cards-grid-column 2018 italie fusion-animated\" style=\"--awb-padding-bottom:5px;--awb-overflow:hidden;--awb-bg-color:var(--awb-color1);--awb-bg-color-hover:var(--awb-custom_color_2);--awb-bg-size:cover;--awb-box-shadow:0px 0px 24px hsla(var(--awb-color7-h),var(--awb-color7-s),var(--awb-color7-l),calc(var(--awb-color7-a) - 40%));;--awb-border-color:var(--awb-color4);--awb-border-color-hover:var(--awb-color7);--awb-border-top:1px;--awb-border-right:1px;--awb-border-bottom:1px;--awb-border-left:1px;--awb-border-style:solid;--awb-border-radius:6px 6px 6px 6px;--awb-flex-grow:0;--awb-flex-shrink:0;--awb-flex-grow-medium:0;--awb-flex-shrink-medium:0;--awb-flex-grow-small:0;--awb-flex-shrink-small:0;\" data-animationType=\"fadeIn\" data-animationDuration=\"1.3\" data-animationOffset=\"top-into-view\"><div class=\"fusion-column-wrapper fusion-column-has-shadow fusion-flex-justify-content-flex-start fusion-content-layout-column\"><div class=\"fusion-image-element \" style=\"--awb-aspect-ratio:16 \/ 9;--awb-margin-bottom:10px;--awb-caption-title-font-family:var(--h2_typography-font-family);--awb-caption-title-font-weight:var(--h2_typography-font-weight);--awb-caption-title-font-style:var(--h2_typography-font-style);--awb-caption-title-size:var(--h2_typography-font-size);--awb-caption-title-transform:var(--h2_typography-text-transform);--awb-caption-title-line-height:var(--h2_typography-line-height);--awb-caption-title-letter-spacing:var(--h2_typography-letter-spacing);\"><span class=\" fusion-imageframe imageframe-none imageframe-40 hover-type-none has-aspect-ratio\"><a class=\"fusion-no-lightbox\" href=\"https:\/\/www.choral-events.com\/es\/chorales\/coro-caos-armonico\/\" target=\"_self\" aria-label=\"8-550&#215;350\"><img decoding=\"async\" width=\"550\" height=\"350\" src=\"https:\/\/www.choral-events.com\/wp-content\/uploads\/2026\/03\/8-550x350-1.jpg\" class=\"img-responsive wp-image-51354 img-with-aspect-ratio\" data-parent-fit=\"cover\" data-parent-container=\".fusion-image-element\" alt srcset=\"https:\/\/www.choral-events.com\/wp-content\/uploads\/2026\/03\/8-550x350-1-200x127.jpg 200w, https:\/\/www.choral-events.com\/wp-content\/uploads\/2026\/03\/8-550x350-1-400x255.jpg 400w, https:\/\/www.choral-events.com\/wp-content\/uploads\/2026\/03\/8-550x350-1.jpg 550w\" sizes=\"(max-width: 1024px) 100vw, (max-width: 640px) 100vw, 550px\" \/><\/a><\/span><\/div><div class=\"fusion-title title fusion-title-42 fusion-sep-none fusion-title-center fusion-title-text fusion-title-size-paragraph\" style=\"--awb-text-color:var(--awb-color7);--awb-margin-top:10px;--awb-margin-right:5px;--awb-margin-bottom:10px;--awb-margin-left:5px;--awb-margin-top-small:16px;--awb-margin-right-small:0px;--awb-margin-bottom-small:10px;--awb-margin-left-small:0px;--awb-link-color:var(--awb-color7);--awb-font-size:16px;\"><p class=\"fusion-title-heading title-heading-center title-heading-tag fusion-responsive-typography-calculated\" style=\"margin:0;font-size:1em;--fontSize:16;--minFontSize:16;line-height:1.6;\"><a href=\"https:\/\/www.choral-events.com\/es\/chorales\/coro-caos-armonico\/\" class=\"awb-custom-text-color awb-custom-text-hover-color\" target=\"_self\">Coro Caos Armonico<\/a><\/p><\/div><div class=\"fusion-separator\" style=\"align-self: center;margin-left: auto;margin-right: auto;flex-grow:10;margin-top:5px;margin-bottom:10px;width:100%;max-width:70px;\"><div class=\"fusion-separator-border sep-single sep-solid\" style=\"--awb-height:20px;--awb-amount:20px;border-color:var(--awb-color2);border-top-width:1px;\"><\/div><\/div><div class=\"fusion-text fusion-text-41\" style=\"--awb-content-alignment:center;--awb-text-transform:capitalize;--awb-text-color:var(--awb-color4);\"><p>Italie<\/p>\n<\/div><\/div><\/li>\n<li class=\"fusion-layout-column fusion_builder_column fusion-builder-column-42 fusion-flex-column fusion-animated post-card fusion-grid-column fusion-post-cards-grid-column 2025 francia fusion-animated\" style=\"--awb-padding-bottom:5px;--awb-overflow:hidden;--awb-bg-color:var(--awb-color1);--awb-bg-color-hover:var(--awb-custom_color_2);--awb-bg-size:cover;--awb-box-shadow:0px 0px 24px hsla(var(--awb-color7-h),var(--awb-color7-s),var(--awb-color7-l),calc(var(--awb-color7-a) - 40%));;--awb-border-color:var(--awb-color4);--awb-border-color-hover:var(--awb-color7);--awb-border-top:1px;--awb-border-right:1px;--awb-border-bottom:1px;--awb-border-left:1px;--awb-border-style:solid;--awb-border-radius:6px 6px 6px 6px;--awb-flex-grow:0;--awb-flex-shrink:0;--awb-flex-grow-medium:0;--awb-flex-shrink-medium:0;--awb-flex-grow-small:0;--awb-flex-shrink-small:0;\" data-animationType=\"fadeIn\" data-animationDuration=\"1.3\" data-animationOffset=\"top-into-view\"><div class=\"fusion-column-wrapper fusion-column-has-shadow fusion-flex-justify-content-flex-start fusion-content-layout-column\"><div class=\"fusion-image-element \" style=\"--awb-aspect-ratio:16 \/ 9;--awb-margin-bottom:10px;--awb-caption-title-font-family:var(--h2_typography-font-family);--awb-caption-title-font-weight:var(--h2_typography-font-weight);--awb-caption-title-font-style:var(--h2_typography-font-style);--awb-caption-title-size:var(--h2_typography-font-size);--awb-caption-title-transform:var(--h2_typography-text-transform);--awb-caption-title-line-height:var(--h2_typography-line-height);--awb-caption-title-letter-spacing:var(--h2_typography-letter-spacing);\"><span class=\" fusion-imageframe imageframe-none imageframe-41 hover-type-none has-aspect-ratio\"><a class=\"fusion-no-lightbox\" href=\"https:\/\/www.choral-events.com\/es\/chorales\/coro-cerebellia\/\" target=\"_self\" aria-label=\"Festival de Coros.\"><img decoding=\"async\" width=\"550\" height=\"350\" alt=\"Grupo de coralistas durante un festival internacional.\" src=\"https:\/\/www.choral-events.com\/wp-content\/uploads\/2026\/01\/Cerebellia-France-photo-page-web-.jpg\" class=\"img-responsive wp-image-49350 img-with-aspect-ratio\" data-parent-fit=\"cover\" data-parent-container=\".fusion-image-element\" srcset=\"https:\/\/www.choral-events.com\/wp-content\/uploads\/2026\/01\/Cerebellia-France-photo-page-web--200x127.jpg 200w, https:\/\/www.choral-events.com\/wp-content\/uploads\/2026\/01\/Cerebellia-France-photo-page-web--400x255.jpg 400w, https:\/\/www.choral-events.com\/wp-content\/uploads\/2026\/01\/Cerebellia-France-photo-page-web-.jpg 550w\" sizes=\"(max-width: 1024px) 100vw, (max-width: 640px) 100vw, 550px\" \/><\/a><\/span><\/div><div class=\"fusion-title title fusion-title-43 fusion-sep-none fusion-title-center fusion-title-text fusion-title-size-paragraph\" style=\"--awb-text-color:var(--awb-color7);--awb-margin-top:10px;--awb-margin-right:5px;--awb-margin-bottom:10px;--awb-margin-left:5px;--awb-margin-top-small:16px;--awb-margin-right-small:0px;--awb-margin-bottom-small:10px;--awb-margin-left-small:0px;--awb-link-color:var(--awb-color7);--awb-font-size:16px;\"><p class=\"fusion-title-heading title-heading-center title-heading-tag fusion-responsive-typography-calculated\" style=\"margin:0;font-size:1em;--fontSize:16;--minFontSize:16;line-height:1.6;\"><a href=\"https:\/\/www.choral-events.com\/es\/chorales\/coro-cerebellia\/\" class=\"awb-custom-text-color awb-custom-text-hover-color\" target=\"_self\">Coro Cerebellia<\/a><\/p><\/div><div class=\"fusion-separator\" style=\"align-self: center;margin-left: auto;margin-right: auto;flex-grow:10;margin-top:5px;margin-bottom:10px;width:100%;max-width:70px;\"><div class=\"fusion-separator-border sep-single sep-solid\" style=\"--awb-height:20px;--awb-amount:20px;border-color:var(--awb-color2);border-top-width:1px;\"><\/div><\/div><div class=\"fusion-text fusion-text-42\" style=\"--awb-content-alignment:center;--awb-text-transform:capitalize;--awb-text-color:var(--awb-color4);\"><p>Francia<\/p>\n<\/div><\/div><\/li>\n<li class=\"fusion-layout-column fusion_builder_column fusion-builder-column-43 fusion-flex-column fusion-animated post-card fusion-grid-column fusion-post-cards-grid-column 2025 francia fusion-animated\" style=\"--awb-padding-bottom:5px;--awb-overflow:hidden;--awb-bg-color:var(--awb-color1);--awb-bg-color-hover:var(--awb-custom_color_2);--awb-bg-size:cover;--awb-box-shadow:0px 0px 24px hsla(var(--awb-color7-h),var(--awb-color7-s),var(--awb-color7-l),calc(var(--awb-color7-a) - 40%));;--awb-border-color:var(--awb-color4);--awb-border-color-hover:var(--awb-color7);--awb-border-top:1px;--awb-border-right:1px;--awb-border-bottom:1px;--awb-border-left:1px;--awb-border-style:solid;--awb-border-radius:6px 6px 6px 6px;--awb-flex-grow:0;--awb-flex-shrink:0;--awb-flex-grow-medium:0;--awb-flex-shrink-medium:0;--awb-flex-grow-small:0;--awb-flex-shrink-small:0;\" data-animationType=\"fadeIn\" data-animationDuration=\"1.3\" data-animationOffset=\"top-into-view\"><div class=\"fusion-column-wrapper fusion-column-has-shadow fusion-flex-justify-content-flex-start fusion-content-layout-column\"><div class=\"fusion-image-element \" style=\"--awb-aspect-ratio:16 \/ 9;--awb-margin-bottom:10px;--awb-caption-title-font-family:var(--h2_typography-font-family);--awb-caption-title-font-weight:var(--h2_typography-font-weight);--awb-caption-title-font-style:var(--h2_typography-font-style);--awb-caption-title-size:var(--h2_typography-font-size);--awb-caption-title-transform:var(--h2_typography-text-transform);--awb-caption-title-line-height:var(--h2_typography-line-height);--awb-caption-title-letter-spacing:var(--h2_typography-letter-spacing);\"><span class=\" fusion-imageframe imageframe-none imageframe-42 hover-type-none has-aspect-ratio\"><a class=\"fusion-no-lightbox\" href=\"https:\/\/www.choral-events.com\/es\/chorales\/coro-clair-matin\/\" target=\"_self\" aria-label=\"CORO CLAIR MATIN \u2013 FRANCIA\"><img decoding=\"async\" width=\"989\" height=\"644\" alt=\"CORO CLAIR MATIN \u2013 FRANCIA\" src=\"https:\/\/www.choral-events.com\/wp-content\/uploads\/2025\/02\/3-1.webp\" class=\"img-responsive wp-image-49264 img-with-aspect-ratio\" data-parent-fit=\"cover\" data-parent-container=\".fusion-image-element\" srcset=\"https:\/\/www.choral-events.com\/wp-content\/uploads\/2025\/02\/3-1-200x130.webp 200w, https:\/\/www.choral-events.com\/wp-content\/uploads\/2025\/02\/3-1-400x260.webp 400w, https:\/\/www.choral-events.com\/wp-content\/uploads\/2025\/02\/3-1-600x391.webp 600w, https:\/\/www.choral-events.com\/wp-content\/uploads\/2025\/02\/3-1-800x521.webp 800w, https:\/\/www.choral-events.com\/wp-content\/uploads\/2025\/02\/3-1.webp 989w\" sizes=\"(max-width: 1024px) 100vw, (max-width: 640px) 100vw, 989px\" \/><\/a><\/span><\/div><div class=\"fusion-title title fusion-title-44 fusion-sep-none fusion-title-center fusion-title-text fusion-title-size-paragraph\" style=\"--awb-text-color:var(--awb-color7);--awb-margin-top:10px;--awb-margin-right:5px;--awb-margin-bottom:10px;--awb-margin-left:5px;--awb-margin-top-small:16px;--awb-margin-right-small:0px;--awb-margin-bottom-small:10px;--awb-margin-left-small:0px;--awb-link-color:var(--awb-color7);--awb-font-size:16px;\"><p class=\"fusion-title-heading title-heading-center title-heading-tag fusion-responsive-typography-calculated\" style=\"margin:0;font-size:1em;--fontSize:16;--minFontSize:16;line-height:1.6;\"><a href=\"https:\/\/www.choral-events.com\/es\/chorales\/coro-clair-matin\/\" class=\"awb-custom-text-color awb-custom-text-hover-color\" target=\"_self\">Coro Clair Matin<\/a><\/p><\/div><div class=\"fusion-separator\" style=\"align-self: center;margin-left: auto;margin-right: auto;flex-grow:10;margin-top:5px;margin-bottom:10px;width:100%;max-width:70px;\"><div class=\"fusion-separator-border sep-single sep-solid\" style=\"--awb-height:20px;--awb-amount:20px;border-color:var(--awb-color2);border-top-width:1px;\"><\/div><\/div><div class=\"fusion-text fusion-text-43\" style=\"--awb-content-alignment:center;--awb-text-transform:capitalize;--awb-text-color:var(--awb-color4);\"><p>Francia<\/p>\n<\/div><\/div><\/li>\n<li class=\"fusion-layout-column fusion_builder_column fusion-builder-column-44 fusion-flex-column fusion-animated post-card fusion-grid-column fusion-post-cards-grid-column 2025 islas-feroe fusion-animated\" style=\"--awb-padding-bottom:5px;--awb-overflow:hidden;--awb-bg-color:var(--awb-color1);--awb-bg-color-hover:var(--awb-custom_color_2);--awb-bg-size:cover;--awb-box-shadow:0px 0px 24px hsla(var(--awb-color7-h),var(--awb-color7-s),var(--awb-color7-l),calc(var(--awb-color7-a) - 40%));;--awb-border-color:var(--awb-color4);--awb-border-color-hover:var(--awb-color7);--awb-border-top:1px;--awb-border-right:1px;--awb-border-bottom:1px;--awb-border-left:1px;--awb-border-style:solid;--awb-border-radius:6px 6px 6px 6px;--awb-flex-grow:0;--awb-flex-shrink:0;--awb-flex-grow-medium:0;--awb-flex-shrink-medium:0;--awb-flex-grow-small:0;--awb-flex-shrink-small:0;\" data-animationType=\"fadeIn\" data-animationDuration=\"1.3\" data-animationOffset=\"top-into-view\"><div class=\"fusion-column-wrapper fusion-column-has-shadow fusion-flex-justify-content-flex-start fusion-content-layout-column\"><div class=\"fusion-image-element \" style=\"--awb-aspect-ratio:16 \/ 9;--awb-margin-bottom:10px;--awb-caption-title-font-family:var(--h2_typography-font-family);--awb-caption-title-font-weight:var(--h2_typography-font-weight);--awb-caption-title-font-style:var(--h2_typography-font-style);--awb-caption-title-size:var(--h2_typography-font-size);--awb-caption-title-transform:var(--h2_typography-text-transform);--awb-caption-title-line-height:var(--h2_typography-line-height);--awb-caption-title-letter-spacing:var(--h2_typography-letter-spacing);\"><span class=\" fusion-imageframe imageframe-none imageframe-43 hover-type-none has-aspect-ratio\"><a class=\"fusion-no-lightbox\" href=\"https:\/\/www.choral-events.com\/es\/chorales\/coro-de-camara-de-torshavn\/\" target=\"_self\" aria-label=\"Coro de c\u00e1mara de T\u00f3rshavn\"><img decoding=\"async\" width=\"2048\" height=\"1536\" alt=\"Grupo de coristas vestidos de negro con toques de rojo frente a un espectacular paisaje costero en Escocia.\" src=\"https:\/\/www.choral-events.com\/wp-content\/uploads\/2025\/01\/462424954_8792029227527060_4892252014103665649_n.jpg\" class=\"img-responsive wp-image-49340 img-with-aspect-ratio\" data-parent-fit=\"cover\" data-parent-container=\".fusion-image-element\" srcset=\"https:\/\/www.choral-events.com\/wp-content\/uploads\/2025\/01\/462424954_8792029227527060_4892252014103665649_n-200x150.jpg 200w, https:\/\/www.choral-events.com\/wp-content\/uploads\/2025\/01\/462424954_8792029227527060_4892252014103665649_n-400x300.jpg 400w, https:\/\/www.choral-events.com\/wp-content\/uploads\/2025\/01\/462424954_8792029227527060_4892252014103665649_n-600x450.jpg 600w, https:\/\/www.choral-events.com\/wp-content\/uploads\/2025\/01\/462424954_8792029227527060_4892252014103665649_n-800x600.jpg 800w, https:\/\/www.choral-events.com\/wp-content\/uploads\/2025\/01\/462424954_8792029227527060_4892252014103665649_n-1200x900.jpg 1200w, https:\/\/www.choral-events.com\/wp-content\/uploads\/2025\/01\/462424954_8792029227527060_4892252014103665649_n.jpg 2048w\" sizes=\"(max-width: 1024px) 100vw, (max-width: 640px) 100vw, 2048px\" \/><\/a><\/span><\/div><div class=\"fusion-title title fusion-title-45 fusion-sep-none fusion-title-center fusion-title-text fusion-title-size-paragraph\" style=\"--awb-text-color:var(--awb-color7);--awb-margin-top:10px;--awb-margin-right:5px;--awb-margin-bottom:10px;--awb-margin-left:5px;--awb-margin-top-small:16px;--awb-margin-right-small:0px;--awb-margin-bottom-small:10px;--awb-margin-left-small:0px;--awb-link-color:var(--awb-color7);--awb-font-size:16px;\"><p class=\"fusion-title-heading title-heading-center title-heading-tag fusion-responsive-typography-calculated\" style=\"margin:0;font-size:1em;--fontSize:16;--minFontSize:16;line-height:1.6;\"><a href=\"https:\/\/www.choral-events.com\/es\/chorales\/coro-de-camara-de-torshavn\/\" class=\"awb-custom-text-color awb-custom-text-hover-color\" target=\"_self\">Coro de c\u00e1mara de T\u00f3rshavn<\/a><\/p><\/div><div class=\"fusion-separator\" style=\"align-self: center;margin-left: auto;margin-right: auto;flex-grow:10;margin-top:5px;margin-bottom:10px;width:100%;max-width:70px;\"><div class=\"fusion-separator-border sep-single sep-solid\" style=\"--awb-height:20px;--awb-amount:20px;border-color:var(--awb-color2);border-top-width:1px;\"><\/div><\/div><div class=\"fusion-text fusion-text-44\" style=\"--awb-content-alignment:center;--awb-text-transform:capitalize;--awb-text-color:var(--awb-color4);\"><p>Islas Feroe<\/p>\n<\/div><\/div><\/li>\n<li class=\"fusion-layout-column fusion_builder_column fusion-builder-column-45 fusion-flex-column fusion-animated post-card fusion-grid-column fusion-post-cards-grid-column 2025 belgica fusion-animated\" style=\"--awb-padding-bottom:5px;--awb-overflow:hidden;--awb-bg-color:var(--awb-color1);--awb-bg-color-hover:var(--awb-custom_color_2);--awb-bg-size:cover;--awb-box-shadow:0px 0px 24px hsla(var(--awb-color7-h),var(--awb-color7-s),var(--awb-color7-l),calc(var(--awb-color7-a) - 40%));;--awb-border-color:var(--awb-color4);--awb-border-color-hover:var(--awb-color7);--awb-border-top:1px;--awb-border-right:1px;--awb-border-bottom:1px;--awb-border-left:1px;--awb-border-style:solid;--awb-border-radius:6px 6px 6px 6px;--awb-flex-grow:0;--awb-flex-shrink:0;--awb-flex-grow-medium:0;--awb-flex-shrink-medium:0;--awb-flex-grow-small:0;--awb-flex-shrink-small:0;\" data-animationType=\"fadeIn\" data-animationDuration=\"1.3\" data-animationOffset=\"top-into-view\"><div class=\"fusion-column-wrapper fusion-column-has-shadow fusion-flex-justify-content-flex-start fusion-content-layout-column\"><div class=\"fusion-image-element \" style=\"--awb-aspect-ratio:16 \/ 9;--awb-margin-bottom:10px;--awb-caption-title-font-family:var(--h2_typography-font-family);--awb-caption-title-font-weight:var(--h2_typography-font-weight);--awb-caption-title-font-style:var(--h2_typography-font-style);--awb-caption-title-size:var(--h2_typography-font-size);--awb-caption-title-transform:var(--h2_typography-text-transform);--awb-caption-title-line-height:var(--h2_typography-line-height);--awb-caption-title-letter-spacing:var(--h2_typography-letter-spacing);\"><span class=\" fusion-imageframe imageframe-none imageframe-44 hover-type-none has-aspect-ratio\"><a class=\"fusion-no-lightbox\" href=\"https:\/\/www.choral-events.com\/es\/chorales\/coro-de-camara-furiant\/\" target=\"_self\" aria-label=\"Coros Europa. Furioso\"><img decoding=\"async\" width=\"2560\" height=\"1707\" alt=\"Cantar en grupo en un entorno grandioso con un coro durante un festival internacional.\" src=\"https:\/\/www.choral-events.com\/wp-content\/uploads\/2025\/01\/Furiant-2024-1-scaled-1.jpg\" class=\"img-responsive wp-image-49330 img-with-aspect-ratio\" data-parent-fit=\"cover\" data-parent-container=\".fusion-image-element\" srcset=\"https:\/\/www.choral-events.com\/wp-content\/uploads\/2025\/01\/Furiant-2024-1-scaled-1-200x133.jpg 200w, https:\/\/www.choral-events.com\/wp-content\/uploads\/2025\/01\/Furiant-2024-1-scaled-1-400x267.jpg 400w, https:\/\/www.choral-events.com\/wp-content\/uploads\/2025\/01\/Furiant-2024-1-scaled-1-600x400.jpg 600w, https:\/\/www.choral-events.com\/wp-content\/uploads\/2025\/01\/Furiant-2024-1-scaled-1-800x533.jpg 800w, https:\/\/www.choral-events.com\/wp-content\/uploads\/2025\/01\/Furiant-2024-1-scaled-1-1200x800.jpg 1200w, https:\/\/www.choral-events.com\/wp-content\/uploads\/2025\/01\/Furiant-2024-1-scaled-1.jpg 2560w\" sizes=\"(max-width: 1024px) 100vw, (max-width: 640px) 100vw, 2560px\" \/><\/a><\/span><\/div><div class=\"fusion-title title fusion-title-46 fusion-sep-none fusion-title-center fusion-title-text fusion-title-size-paragraph\" style=\"--awb-text-color:var(--awb-color7);--awb-margin-top:10px;--awb-margin-right:5px;--awb-margin-bottom:10px;--awb-margin-left:5px;--awb-margin-top-small:16px;--awb-margin-right-small:0px;--awb-margin-bottom-small:10px;--awb-margin-left-small:0px;--awb-link-color:var(--awb-color7);--awb-font-size:16px;\"><p class=\"fusion-title-heading title-heading-center title-heading-tag fusion-responsive-typography-calculated\" style=\"margin:0;font-size:1em;--fontSize:16;--minFontSize:16;line-height:1.6;\"><a href=\"https:\/\/www.choral-events.com\/es\/chorales\/coro-de-camara-furiant\/\" class=\"awb-custom-text-color awb-custom-text-hover-color\" target=\"_self\">Coro de C\u00e1mara Furiant<\/a><\/p><\/div><div class=\"fusion-separator\" style=\"align-self: center;margin-left: auto;margin-right: auto;flex-grow:10;margin-top:5px;margin-bottom:10px;width:100%;max-width:70px;\"><div class=\"fusion-separator-border sep-single sep-solid\" style=\"--awb-height:20px;--awb-amount:20px;border-color:var(--awb-color2);border-top-width:1px;\"><\/div><\/div><div class=\"fusion-text fusion-text-45\" style=\"--awb-content-alignment:center;--awb-text-transform:capitalize;--awb-text-color:var(--awb-color4);\"><p>B\u00e9lgica<\/p>\n<\/div><\/div><\/li>\n<li class=\"fusion-layout-column fusion_builder_column fusion-builder-column-46 fusion-flex-column fusion-animated post-card fusion-grid-column fusion-post-cards-grid-column 2025 republica-checa fusion-animated\" style=\"--awb-padding-bottom:5px;--awb-overflow:hidden;--awb-bg-color:var(--awb-color1);--awb-bg-color-hover:var(--awb-custom_color_2);--awb-bg-size:cover;--awb-box-shadow:0px 0px 24px hsla(var(--awb-color7-h),var(--awb-color7-s),var(--awb-color7-l),calc(var(--awb-color7-a) - 40%));;--awb-border-color:var(--awb-color4);--awb-border-color-hover:var(--awb-color7);--awb-border-top:1px;--awb-border-right:1px;--awb-border-bottom:1px;--awb-border-left:1px;--awb-border-style:solid;--awb-border-radius:6px 6px 6px 6px;--awb-flex-grow:0;--awb-flex-shrink:0;--awb-flex-grow-medium:0;--awb-flex-shrink-medium:0;--awb-flex-grow-small:0;--awb-flex-shrink-small:0;\" data-animationType=\"fadeIn\" data-animationDuration=\"1.3\" data-animationOffset=\"top-into-view\"><div class=\"fusion-column-wrapper fusion-column-has-shadow fusion-flex-justify-content-flex-start fusion-content-layout-column\"><div class=\"fusion-image-element \" style=\"--awb-aspect-ratio:16 \/ 9;--awb-margin-bottom:10px;--awb-caption-title-font-family:var(--h2_typography-font-family);--awb-caption-title-font-weight:var(--h2_typography-font-weight);--awb-caption-title-font-style:var(--h2_typography-font-style);--awb-caption-title-size:var(--h2_typography-font-size);--awb-caption-title-transform:var(--h2_typography-text-transform);--awb-caption-title-line-height:var(--h2_typography-line-height);--awb-caption-title-letter-spacing:var(--h2_typography-letter-spacing);\"><span class=\" fusion-imageframe imageframe-none imageframe-45 hover-type-none has-aspect-ratio\"><a class=\"fusion-no-lightbox\" href=\"https:\/\/www.choral-events.com\/es\/chorales\/coro-de-camara-masculino-permonik-karvina\/\" target=\"_self\" aria-label=\"Coro de c\u00e1mara masculino Permon\u00edk Karvin\u00e1\"><img decoding=\"async\" width=\"945\" height=\"630\" src=\"https:\/\/www.choral-events.com\/wp-content\/uploads\/2025\/05\/Mens.png\" class=\"img-responsive wp-image-49389 img-with-aspect-ratio\" data-parent-fit=\"cover\" data-parent-container=\".fusion-image-element\" alt srcset=\"https:\/\/www.choral-events.com\/wp-content\/uploads\/2025\/05\/Mens-200x133.png 200w, https:\/\/www.choral-events.com\/wp-content\/uploads\/2025\/05\/Mens-400x267.png 400w, https:\/\/www.choral-events.com\/wp-content\/uploads\/2025\/05\/Mens-600x400.png 600w, https:\/\/www.choral-events.com\/wp-content\/uploads\/2025\/05\/Mens-800x533.png 800w, https:\/\/www.choral-events.com\/wp-content\/uploads\/2025\/05\/Mens.png 945w\" sizes=\"(max-width: 1024px) 100vw, (max-width: 640px) 100vw, 945px\" \/><\/a><\/span><\/div><div class=\"fusion-title title fusion-title-47 fusion-sep-none fusion-title-center fusion-title-text fusion-title-size-paragraph\" style=\"--awb-text-color:var(--awb-color7);--awb-margin-top:10px;--awb-margin-right:5px;--awb-margin-bottom:10px;--awb-margin-left:5px;--awb-margin-top-small:16px;--awb-margin-right-small:0px;--awb-margin-bottom-small:10px;--awb-margin-left-small:0px;--awb-link-color:var(--awb-color7);--awb-font-size:16px;\"><p class=\"fusion-title-heading title-heading-center title-heading-tag fusion-responsive-typography-calculated\" style=\"margin:0;font-size:1em;--fontSize:16;--minFontSize:16;line-height:1.6;\"><a href=\"https:\/\/www.choral-events.com\/es\/chorales\/coro-de-camara-masculino-permonik-karvina\/\" class=\"awb-custom-text-color awb-custom-text-hover-color\" target=\"_self\">Coro de c\u00e1mara masculino Permon\u00edk Karvin\u00e1<\/a><\/p><\/div><div class=\"fusion-separator\" style=\"align-self: center;margin-left: auto;margin-right: auto;flex-grow:10;margin-top:5px;margin-bottom:10px;width:100%;max-width:70px;\"><div class=\"fusion-separator-border sep-single sep-solid\" style=\"--awb-height:20px;--awb-amount:20px;border-color:var(--awb-color2);border-top-width:1px;\"><\/div><\/div><div class=\"fusion-text fusion-text-46\" style=\"--awb-content-alignment:center;--awb-text-transform:capitalize;--awb-text-color:var(--awb-color4);\"><p>Rep\u00fablica Checa<\/p>\n<\/div><\/div><\/li>\n<li class=\"fusion-layout-column fusion_builder_column fusion-builder-column-47 fusion-flex-column fusion-animated post-card fusion-grid-column fusion-post-cards-grid-column 2025 lituania fusion-animated\" style=\"--awb-padding-bottom:5px;--awb-overflow:hidden;--awb-bg-color:var(--awb-color1);--awb-bg-color-hover:var(--awb-custom_color_2);--awb-bg-size:cover;--awb-box-shadow:0px 0px 24px hsla(var(--awb-color7-h),var(--awb-color7-s),var(--awb-color7-l),calc(var(--awb-color7-a) - 40%));;--awb-border-color:var(--awb-color4);--awb-border-color-hover:var(--awb-color7);--awb-border-top:1px;--awb-border-right:1px;--awb-border-bottom:1px;--awb-border-left:1px;--awb-border-style:solid;--awb-border-radius:6px 6px 6px 6px;--awb-flex-grow:0;--awb-flex-shrink:0;--awb-flex-grow-medium:0;--awb-flex-shrink-medium:0;--awb-flex-grow-small:0;--awb-flex-shrink-small:0;\" data-animationType=\"fadeIn\" data-animationDuration=\"1.3\" data-animationOffset=\"top-into-view\"><div class=\"fusion-column-wrapper fusion-column-has-shadow fusion-flex-justify-content-flex-start fusion-content-layout-column\"><div class=\"fusion-image-element \" style=\"--awb-aspect-ratio:16 \/ 9;--awb-margin-bottom:10px;--awb-caption-title-font-family:var(--h2_typography-font-family);--awb-caption-title-font-weight:var(--h2_typography-font-weight);--awb-caption-title-font-style:var(--h2_typography-font-style);--awb-caption-title-size:var(--h2_typography-font-size);--awb-caption-title-transform:var(--h2_typography-text-transform);--awb-caption-title-line-height:var(--h2_typography-line-height);--awb-caption-title-letter-spacing:var(--h2_typography-letter-spacing);\"><span class=\" fusion-imageframe imageframe-none imageframe-46 hover-type-none has-aspect-ratio\"><a class=\"fusion-no-lightbox\" href=\"https:\/\/www.choral-events.com\/es\/chorales\/coro-de-camara-mixto-del-hospital-universitario-de-vilnius-santara\/\" target=\"_self\" aria-label=\"Foto del coro Santara (002)\"><img decoding=\"async\" width=\"2560\" height=\"2560\" src=\"https:\/\/www.choral-events.com\/wp-content\/uploads\/2025\/05\/Santara-choir-photo-002-scaled-1.jpg\" class=\"img-responsive wp-image-49385 img-with-aspect-ratio\" data-parent-fit=\"cover\" data-parent-container=\".fusion-image-element\" alt srcset=\"https:\/\/www.choral-events.com\/wp-content\/uploads\/2025\/05\/Santara-choir-photo-002-scaled-1-200x200.jpg 200w, https:\/\/www.choral-events.com\/wp-content\/uploads\/2025\/05\/Santara-choir-photo-002-scaled-1-400x400.jpg 400w, https:\/\/www.choral-events.com\/wp-content\/uploads\/2025\/05\/Santara-choir-photo-002-scaled-1-600x600.jpg 600w, https:\/\/www.choral-events.com\/wp-content\/uploads\/2025\/05\/Santara-choir-photo-002-scaled-1-800x800.jpg 800w, https:\/\/www.choral-events.com\/wp-content\/uploads\/2025\/05\/Santara-choir-photo-002-scaled-1-1200x1200.jpg 1200w, https:\/\/www.choral-events.com\/wp-content\/uploads\/2025\/05\/Santara-choir-photo-002-scaled-1.jpg 2560w\" sizes=\"(max-width: 1024px) 100vw, (max-width: 640px) 100vw, 2560px\" \/><\/a><\/span><\/div><div class=\"fusion-title title fusion-title-48 fusion-sep-none fusion-title-center fusion-title-text fusion-title-size-paragraph\" style=\"--awb-text-color:var(--awb-color7);--awb-margin-top:10px;--awb-margin-right:5px;--awb-margin-bottom:10px;--awb-margin-left:5px;--awb-margin-top-small:16px;--awb-margin-right-small:0px;--awb-margin-bottom-small:10px;--awb-margin-left-small:0px;--awb-link-color:var(--awb-color7);--awb-font-size:16px;\"><p class=\"fusion-title-heading title-heading-center title-heading-tag fusion-responsive-typography-calculated\" style=\"margin:0;font-size:1em;--fontSize:16;--minFontSize:16;line-height:1.6;\"><a href=\"https:\/\/www.choral-events.com\/es\/chorales\/coro-de-camara-mixto-del-hospital-universitario-de-vilnius-santara\/\" class=\"awb-custom-text-color awb-custom-text-hover-color\" target=\"_self\">Coro de c\u00e1mara mixto del Hospital Universitario de Vilnius Santara<\/a><\/p><\/div><div class=\"fusion-separator\" style=\"align-self: center;margin-left: auto;margin-right: auto;flex-grow:10;margin-top:5px;margin-bottom:10px;width:100%;max-width:70px;\"><div class=\"fusion-separator-border sep-single sep-solid\" style=\"--awb-height:20px;--awb-amount:20px;border-color:var(--awb-color2);border-top-width:1px;\"><\/div><\/div><div class=\"fusion-text fusion-text-47\" style=\"--awb-content-alignment:center;--awb-text-transform:capitalize;--awb-text-color:var(--awb-color4);\"><p>Lituania<\/p>\n<\/div><\/div><\/li>\n<li class=\"fusion-layout-column fusion_builder_column fusion-builder-column-48 fusion-flex-column fusion-animated post-card fusion-grid-column fusion-post-cards-grid-column 2025 israel fusion-animated\" style=\"--awb-padding-bottom:5px;--awb-overflow:hidden;--awb-bg-color:var(--awb-color1);--awb-bg-color-hover:var(--awb-custom_color_2);--awb-bg-size:cover;--awb-box-shadow:0px 0px 24px hsla(var(--awb-color7-h),var(--awb-color7-s),var(--awb-color7-l),calc(var(--awb-color7-a) - 40%));;--awb-border-color:var(--awb-color4);--awb-border-color-hover:var(--awb-color7);--awb-border-top:1px;--awb-border-right:1px;--awb-border-bottom:1px;--awb-border-left:1px;--awb-border-style:solid;--awb-border-radius:6px 6px 6px 6px;--awb-flex-grow:0;--awb-flex-shrink:0;--awb-flex-grow-medium:0;--awb-flex-shrink-medium:0;--awb-flex-grow-small:0;--awb-flex-shrink-small:0;\" data-animationType=\"fadeIn\" data-animationDuration=\"1.3\" data-animationOffset=\"top-into-view\"><div class=\"fusion-column-wrapper fusion-column-has-shadow fusion-flex-justify-content-flex-start fusion-content-layout-column\"><div class=\"fusion-image-element \" style=\"--awb-aspect-ratio:16 \/ 9;--awb-margin-bottom:10px;--awb-caption-title-font-family:var(--h2_typography-font-family);--awb-caption-title-font-weight:var(--h2_typography-font-weight);--awb-caption-title-font-style:var(--h2_typography-font-style);--awb-caption-title-size:var(--h2_typography-font-size);--awb-caption-title-transform:var(--h2_typography-text-transform);--awb-caption-title-line-height:var(--h2_typography-line-height);--awb-caption-title-letter-spacing:var(--h2_typography-letter-spacing);\"><span class=\" fusion-imageframe imageframe-none imageframe-47 hover-type-none has-aspect-ratio\"><a class=\"fusion-no-lightbox\" href=\"https:\/\/www.choral-events.com\/es\/chorales\/coro-de-jean\/\" target=\"_self\" aria-label=\"Coro Jean\u2019s \u2013 Israel\"><img decoding=\"async\" width=\"2560\" height=\"1440\" alt=\"Coro Jean\u2019s \u2013 Israel\" src=\"https:\/\/www.choral-events.com\/wp-content\/uploads\/2025\/01\/Jeans-official-pic-1-scaled-1.jpg\" class=\"img-responsive wp-image-49266 img-with-aspect-ratio\" data-parent-fit=\"cover\" data-parent-container=\".fusion-image-element\" srcset=\"https:\/\/www.choral-events.com\/wp-content\/uploads\/2025\/01\/Jeans-official-pic-1-scaled-1-200x113.jpg 200w, https:\/\/www.choral-events.com\/wp-content\/uploads\/2025\/01\/Jeans-official-pic-1-scaled-1-400x225.jpg 400w, https:\/\/www.choral-events.com\/wp-content\/uploads\/2025\/01\/Jeans-official-pic-1-scaled-1-600x338.jpg 600w, https:\/\/www.choral-events.com\/wp-content\/uploads\/2025\/01\/Jeans-official-pic-1-scaled-1-800x450.jpg 800w, https:\/\/www.choral-events.com\/wp-content\/uploads\/2025\/01\/Jeans-official-pic-1-scaled-1-1200x675.jpg 1200w, https:\/\/www.choral-events.com\/wp-content\/uploads\/2025\/01\/Jeans-official-pic-1-scaled-1.jpg 2560w\" sizes=\"(max-width: 1024px) 100vw, (max-width: 640px) 100vw, 2560px\" \/><\/a><\/span><\/div><div class=\"fusion-title title fusion-title-49 fusion-sep-none fusion-title-center fusion-title-text fusion-title-size-paragraph\" style=\"--awb-text-color:var(--awb-color7);--awb-margin-top:10px;--awb-margin-right:5px;--awb-margin-bottom:10px;--awb-margin-left:5px;--awb-margin-top-small:16px;--awb-margin-right-small:0px;--awb-margin-bottom-small:10px;--awb-margin-left-small:0px;--awb-link-color:var(--awb-color7);--awb-font-size:16px;\"><p class=\"fusion-title-heading title-heading-center title-heading-tag fusion-responsive-typography-calculated\" style=\"margin:0;font-size:1em;--fontSize:16;--minFontSize:16;line-height:1.6;\"><a href=\"https:\/\/www.choral-events.com\/es\/chorales\/coro-de-jean\/\" class=\"awb-custom-text-color awb-custom-text-hover-color\" target=\"_self\">Coro de Jean<\/a><\/p><\/div><div class=\"fusion-separator\" style=\"align-self: center;margin-left: auto;margin-right: auto;flex-grow:10;margin-top:5px;margin-bottom:10px;width:100%;max-width:70px;\"><div class=\"fusion-separator-border sep-single sep-solid\" style=\"--awb-height:20px;--awb-amount:20px;border-color:var(--awb-color2);border-top-width:1px;\"><\/div><\/div><div class=\"fusion-text fusion-text-48\" style=\"--awb-content-alignment:center;--awb-text-transform:capitalize;--awb-text-color:var(--awb-color4);\"><p>Israel<\/p>\n<\/div><\/div><\/li>\n<li class=\"fusion-layout-column fusion_builder_column fusion-builder-column-49 fusion-flex-column fusion-animated post-card fusion-grid-column fusion-post-cards-grid-column 2025 belgica fusion-animated\" style=\"--awb-padding-bottom:5px;--awb-overflow:hidden;--awb-bg-color:var(--awb-color1);--awb-bg-color-hover:var(--awb-custom_color_2);--awb-bg-size:cover;--awb-box-shadow:0px 0px 24px hsla(var(--awb-color7-h),var(--awb-color7-s),var(--awb-color7-l),calc(var(--awb-color7-a) - 40%));;--awb-border-color:var(--awb-color4);--awb-border-color-hover:var(--awb-color7);--awb-border-top:1px;--awb-border-right:1px;--awb-border-bottom:1px;--awb-border-left:1px;--awb-border-style:solid;--awb-border-radius:6px 6px 6px 6px;--awb-flex-grow:0;--awb-flex-shrink:0;--awb-flex-grow-medium:0;--awb-flex-shrink-medium:0;--awb-flex-grow-small:0;--awb-flex-shrink-small:0;\" data-animationType=\"fadeIn\" data-animationDuration=\"1.3\" data-animationOffset=\"top-into-view\"><div class=\"fusion-column-wrapper fusion-column-has-shadow fusion-flex-justify-content-flex-start fusion-content-layout-column\"><div class=\"fusion-image-element \" style=\"--awb-aspect-ratio:16 \/ 9;--awb-margin-bottom:10px;--awb-caption-title-font-family:var(--h2_typography-font-family);--awb-caption-title-font-weight:var(--h2_typography-font-weight);--awb-caption-title-font-style:var(--h2_typography-font-style);--awb-caption-title-size:var(--h2_typography-font-size);--awb-caption-title-transform:var(--h2_typography-text-transform);--awb-caption-title-line-height:var(--h2_typography-line-height);--awb-caption-title-letter-spacing:var(--h2_typography-letter-spacing);\"><span class=\" fusion-imageframe imageframe-none imageframe-48 hover-type-none has-aspect-ratio\"><a class=\"fusion-no-lightbox\" href=\"https:\/\/www.choral-events.com\/es\/chorales\/coro-de-jovenes-furiale\/\" target=\"_self\" aria-label=\"Coro Juvenil Furiale \u2013 B\u00e9lgica\"><img decoding=\"async\" width=\"2560\" height=\"1031\" alt=\"Coro, festival, amateurs, Francia, Europa, 25 a\u00f1os.\" src=\"https:\/\/www.choral-events.com\/wp-content\/uploads\/2025\/01\/Furiale-2024-2-scaled-1.jpg\" class=\"img-responsive wp-image-49338 img-with-aspect-ratio\" data-parent-fit=\"cover\" data-parent-container=\".fusion-image-element\" srcset=\"https:\/\/www.choral-events.com\/wp-content\/uploads\/2025\/01\/Furiale-2024-2-scaled-1-200x81.jpg 200w, https:\/\/www.choral-events.com\/wp-content\/uploads\/2025\/01\/Furiale-2024-2-scaled-1-400x161.jpg 400w, https:\/\/www.choral-events.com\/wp-content\/uploads\/2025\/01\/Furiale-2024-2-scaled-1-600x242.jpg 600w, https:\/\/www.choral-events.com\/wp-content\/uploads\/2025\/01\/Furiale-2024-2-scaled-1-800x322.jpg 800w, https:\/\/www.choral-events.com\/wp-content\/uploads\/2025\/01\/Furiale-2024-2-scaled-1-1200x483.jpg 1200w, https:\/\/www.choral-events.com\/wp-content\/uploads\/2025\/01\/Furiale-2024-2-scaled-1.jpg 2560w\" sizes=\"(max-width: 1024px) 100vw, (max-width: 640px) 100vw, 2560px\" \/><\/a><\/span><\/div><div class=\"fusion-title title fusion-title-50 fusion-sep-none fusion-title-center fusion-title-text fusion-title-size-paragraph\" style=\"--awb-text-color:var(--awb-color7);--awb-margin-top:10px;--awb-margin-right:5px;--awb-margin-bottom:10px;--awb-margin-left:5px;--awb-margin-top-small:16px;--awb-margin-right-small:0px;--awb-margin-bottom-small:10px;--awb-margin-left-small:0px;--awb-link-color:var(--awb-color7);--awb-font-size:16px;\"><p class=\"fusion-title-heading title-heading-center title-heading-tag fusion-responsive-typography-calculated\" style=\"margin:0;font-size:1em;--fontSize:16;--minFontSize:16;line-height:1.6;\"><a href=\"https:\/\/www.choral-events.com\/es\/chorales\/coro-de-jovenes-furiale\/\" class=\"awb-custom-text-color awb-custom-text-hover-color\" target=\"_self\">Coro de J\u00f3venes Furiale<\/a><\/p><\/div><div class=\"fusion-separator\" style=\"align-self: center;margin-left: auto;margin-right: auto;flex-grow:10;margin-top:5px;margin-bottom:10px;width:100%;max-width:70px;\"><div class=\"fusion-separator-border sep-single sep-solid\" style=\"--awb-height:20px;--awb-amount:20px;border-color:var(--awb-color2);border-top-width:1px;\"><\/div><\/div><div class=\"fusion-text fusion-text-49\" style=\"--awb-content-alignment:center;--awb-text-transform:capitalize;--awb-text-color:var(--awb-color4);\"><p>B\u00e9lgica<\/p>\n<\/div><\/div><\/li>\n<li class=\"fusion-layout-column fusion_builder_column fusion-builder-column-50 fusion-flex-column fusion-animated post-card fusion-grid-column fusion-post-cards-grid-column 2025 polonia fusion-animated\" style=\"--awb-padding-bottom:5px;--awb-overflow:hidden;--awb-bg-color:var(--awb-color1);--awb-bg-color-hover:var(--awb-custom_color_2);--awb-bg-size:cover;--awb-box-shadow:0px 0px 24px hsla(var(--awb-color7-h),var(--awb-color7-s),var(--awb-color7-l),calc(var(--awb-color7-a) - 40%));;--awb-border-color:var(--awb-color4);--awb-border-color-hover:var(--awb-color7);--awb-border-top:1px;--awb-border-right:1px;--awb-border-bottom:1px;--awb-border-left:1px;--awb-border-style:solid;--awb-border-radius:6px 6px 6px 6px;--awb-flex-grow:0;--awb-flex-shrink:0;--awb-flex-grow-medium:0;--awb-flex-shrink-medium:0;--awb-flex-grow-small:0;--awb-flex-shrink-small:0;\" data-animationType=\"fadeIn\" data-animationDuration=\"1.3\" data-animationOffset=\"top-into-view\"><div class=\"fusion-column-wrapper fusion-column-has-shadow fusion-flex-justify-content-flex-start fusion-content-layout-column\"><div class=\"fusion-image-element \" style=\"--awb-aspect-ratio:16 \/ 9;--awb-margin-bottom:10px;--awb-caption-title-font-family:var(--h2_typography-font-family);--awb-caption-title-font-weight:var(--h2_typography-font-weight);--awb-caption-title-font-style:var(--h2_typography-font-style);--awb-caption-title-size:var(--h2_typography-font-size);--awb-caption-title-transform:var(--h2_typography-text-transform);--awb-caption-title-line-height:var(--h2_typography-line-height);--awb-caption-title-letter-spacing:var(--h2_typography-letter-spacing);\"><span class=\" fusion-imageframe imageframe-none imageframe-49 hover-type-none has-aspect-ratio\"><a class=\"fusion-no-lightbox\" href=\"https:\/\/www.choral-events.com\/es\/chorales\/coro-de-la-universidad-medica-de-lodz\/\" target=\"_self\" aria-label=\"Choir of Medical University of Lodz 2 (2)\"><img decoding=\"async\" width=\"1821\" height=\"1416\" alt=\"Choir of Medical University of Lodz\" src=\"https:\/\/www.choral-events.com\/wp-content\/uploads\/2025\/04\/Choir-of-Medical-University-of-Lodz-2-2.png\" class=\"img-responsive wp-image-49353 img-with-aspect-ratio\" data-parent-fit=\"cover\" data-parent-container=\".fusion-image-element\" srcset=\"https:\/\/www.choral-events.com\/wp-content\/uploads\/2025\/04\/Choir-of-Medical-University-of-Lodz-2-2-200x156.png 200w, https:\/\/www.choral-events.com\/wp-content\/uploads\/2025\/04\/Choir-of-Medical-University-of-Lodz-2-2-400x311.png 400w, https:\/\/www.choral-events.com\/wp-content\/uploads\/2025\/04\/Choir-of-Medical-University-of-Lodz-2-2-600x467.png 600w, https:\/\/www.choral-events.com\/wp-content\/uploads\/2025\/04\/Choir-of-Medical-University-of-Lodz-2-2-800x622.png 800w, https:\/\/www.choral-events.com\/wp-content\/uploads\/2025\/04\/Choir-of-Medical-University-of-Lodz-2-2-1200x933.png 1200w, https:\/\/www.choral-events.com\/wp-content\/uploads\/2025\/04\/Choir-of-Medical-University-of-Lodz-2-2.png 1821w\" sizes=\"(max-width: 1024px) 100vw, (max-width: 640px) 100vw, 1821px\" \/><\/a><\/span><\/div><div class=\"fusion-title title fusion-title-51 fusion-sep-none fusion-title-center fusion-title-text fusion-title-size-paragraph\" style=\"--awb-text-color:var(--awb-color7);--awb-margin-top:10px;--awb-margin-right:5px;--awb-margin-bottom:10px;--awb-margin-left:5px;--awb-margin-top-small:16px;--awb-margin-right-small:0px;--awb-margin-bottom-small:10px;--awb-margin-left-small:0px;--awb-link-color:var(--awb-color7);--awb-font-size:16px;\"><p class=\"fusion-title-heading title-heading-center title-heading-tag fusion-responsive-typography-calculated\" style=\"margin:0;font-size:1em;--fontSize:16;--minFontSize:16;line-height:1.6;\"><a href=\"https:\/\/www.choral-events.com\/es\/chorales\/coro-de-la-universidad-medica-de-lodz\/\" class=\"awb-custom-text-color awb-custom-text-hover-color\" target=\"_self\">Coro de la Universidad M\u00e9dica de Lodz<\/a><\/p><\/div><div class=\"fusion-separator\" style=\"align-self: center;margin-left: auto;margin-right: auto;flex-grow:10;margin-top:5px;margin-bottom:10px;width:100%;max-width:70px;\"><div class=\"fusion-separator-border sep-single sep-solid\" style=\"--awb-height:20px;--awb-amount:20px;border-color:var(--awb-color2);border-top-width:1px;\"><\/div><\/div><div class=\"fusion-text fusion-text-50\" style=\"--awb-content-alignment:center;--awb-text-transform:capitalize;--awb-text-color:var(--awb-color4);\"><p>Polonia<\/p>\n<\/div><\/div><\/li>\n<li class=\"fusion-layout-column fusion_builder_column fusion-builder-column-51 fusion-flex-column fusion-animated post-card fusion-grid-column fusion-post-cards-grid-column 2025 canada fusion-animated\" style=\"--awb-padding-bottom:5px;--awb-overflow:hidden;--awb-bg-color:var(--awb-color1);--awb-bg-color-hover:var(--awb-custom_color_2);--awb-bg-size:cover;--awb-box-shadow:0px 0px 24px hsla(var(--awb-color7-h),var(--awb-color7-s),var(--awb-color7-l),calc(var(--awb-color7-a) - 40%));;--awb-border-color:var(--awb-color4);--awb-border-color-hover:var(--awb-color7);--awb-border-top:1px;--awb-border-right:1px;--awb-border-bottom:1px;--awb-border-left:1px;--awb-border-style:solid;--awb-border-radius:6px 6px 6px 6px;--awb-flex-grow:0;--awb-flex-shrink:0;--awb-flex-grow-medium:0;--awb-flex-shrink-medium:0;--awb-flex-grow-small:0;--awb-flex-shrink-small:0;\" data-animationType=\"fadeIn\" data-animationDuration=\"1.3\" data-animationOffset=\"top-into-view\"><div class=\"fusion-column-wrapper fusion-column-has-shadow fusion-flex-justify-content-flex-start fusion-content-layout-column\"><div class=\"fusion-image-element \" style=\"--awb-aspect-ratio:16 \/ 9;--awb-margin-bottom:10px;--awb-caption-title-font-family:var(--h2_typography-font-family);--awb-caption-title-font-weight:var(--h2_typography-font-weight);--awb-caption-title-font-style:var(--h2_typography-font-style);--awb-caption-title-size:var(--h2_typography-font-size);--awb-caption-title-transform:var(--h2_typography-text-transform);--awb-caption-title-line-height:var(--h2_typography-line-height);--awb-caption-title-letter-spacing:var(--h2_typography-letter-spacing);\"><span class=\" fusion-imageframe imageframe-none imageframe-50 hover-type-none has-aspect-ratio\"><a class=\"fusion-no-lightbox\" href=\"https:\/\/www.choral-events.com\/es\/chorales\/coro-de-mujeres-belle-canto\/\" target=\"_self\" aria-label=\"Saludos navide\u00f1os interculturales.\"><img decoding=\"async\" width=\"2100\" height=\"1400\" alt=\"Saludos interculturales de Navidad en grupo.\" src=\"https:\/\/www.choral-events.com\/wp-content\/uploads\/2025\/01\/BelleCanto_med-1030.jpg\" class=\"img-responsive wp-image-49332 img-with-aspect-ratio\" data-parent-fit=\"cover\" data-parent-container=\".fusion-image-element\" srcset=\"https:\/\/www.choral-events.com\/wp-content\/uploads\/2025\/01\/BelleCanto_med-1030-200x133.jpg 200w, https:\/\/www.choral-events.com\/wp-content\/uploads\/2025\/01\/BelleCanto_med-1030-400x267.jpg 400w, https:\/\/www.choral-events.com\/wp-content\/uploads\/2025\/01\/BelleCanto_med-1030-600x400.jpg 600w, https:\/\/www.choral-events.com\/wp-content\/uploads\/2025\/01\/BelleCanto_med-1030-800x533.jpg 800w, https:\/\/www.choral-events.com\/wp-content\/uploads\/2025\/01\/BelleCanto_med-1030-1200x800.jpg 1200w, https:\/\/www.choral-events.com\/wp-content\/uploads\/2025\/01\/BelleCanto_med-1030.jpg 2100w\" sizes=\"(max-width: 1024px) 100vw, (max-width: 640px) 100vw, 2100px\" \/><\/a><\/span><\/div><div class=\"fusion-title title fusion-title-52 fusion-sep-none fusion-title-center fusion-title-text fusion-title-size-paragraph\" style=\"--awb-text-color:var(--awb-color7);--awb-margin-top:10px;--awb-margin-right:5px;--awb-margin-bottom:10px;--awb-margin-left:5px;--awb-margin-top-small:16px;--awb-margin-right-small:0px;--awb-margin-bottom-small:10px;--awb-margin-left-small:0px;--awb-link-color:var(--awb-color7);--awb-font-size:16px;\"><p class=\"fusion-title-heading title-heading-center title-heading-tag fusion-responsive-typography-calculated\" style=\"margin:0;font-size:1em;--fontSize:16;--minFontSize:16;line-height:1.6;\"><a href=\"https:\/\/www.choral-events.com\/es\/chorales\/coro-de-mujeres-belle-canto\/\" class=\"awb-custom-text-color awb-custom-text-hover-color\" target=\"_self\">Coro de Mujeres Belle Canto<\/a><\/p><\/div><div class=\"fusion-separator\" style=\"align-self: center;margin-left: auto;margin-right: auto;flex-grow:10;margin-top:5px;margin-bottom:10px;width:100%;max-width:70px;\"><div class=\"fusion-separator-border sep-single sep-solid\" style=\"--awb-height:20px;--awb-amount:20px;border-color:var(--awb-color2);border-top-width:1px;\"><\/div><\/div><div class=\"fusion-text fusion-text-51\" style=\"--awb-content-alignment:center;--awb-text-transform:capitalize;--awb-text-color:var(--awb-color4);\"><p>Canad\u00e1<\/p>\n<\/div><\/div><\/li>\n<li class=\"fusion-layout-column fusion_builder_column fusion-builder-column-52 fusion-flex-column fusion-animated post-card fusion-grid-column fusion-post-cards-grid-column 2025 belgica fusion-animated\" style=\"--awb-padding-bottom:5px;--awb-overflow:hidden;--awb-bg-color:var(--awb-color1);--awb-bg-color-hover:var(--awb-custom_color_2);--awb-bg-size:cover;--awb-box-shadow:0px 0px 24px hsla(var(--awb-color7-h),var(--awb-color7-s),var(--awb-color7-l),calc(var(--awb-color7-a) - 40%));;--awb-border-color:var(--awb-color4);--awb-border-color-hover:var(--awb-color7);--awb-border-top:1px;--awb-border-right:1px;--awb-border-bottom:1px;--awb-border-left:1px;--awb-border-style:solid;--awb-border-radius:6px 6px 6px 6px;--awb-flex-grow:0;--awb-flex-shrink:0;--awb-flex-grow-medium:0;--awb-flex-shrink-medium:0;--awb-flex-grow-small:0;--awb-flex-shrink-small:0;\" data-animationType=\"fadeIn\" data-animationDuration=\"1.3\" data-animationOffset=\"top-into-view\"><div class=\"fusion-column-wrapper fusion-column-has-shadow fusion-flex-justify-content-flex-start fusion-content-layout-column\"><div class=\"fusion-image-element \" style=\"--awb-aspect-ratio:16 \/ 9;--awb-margin-bottom:10px;--awb-caption-title-font-family:var(--h2_typography-font-family);--awb-caption-title-font-weight:var(--h2_typography-font-weight);--awb-caption-title-font-style:var(--h2_typography-font-style);--awb-caption-title-size:var(--h2_typography-font-size);--awb-caption-title-transform:var(--h2_typography-text-transform);--awb-caption-title-line-height:var(--h2_typography-line-height);--awb-caption-title-letter-spacing:var(--h2_typography-letter-spacing);\"><span class=\" fusion-imageframe imageframe-none imageframe-51 hover-type-none has-aspect-ratio\"><a class=\"fusion-no-lightbox\" href=\"https:\/\/www.choral-events.com\/es\/chorales\/coro-de-mujeres-furiosa\/\" target=\"_self\" aria-label=\"FuriosaFestival de coros. Furiosa\"><img decoding=\"async\" width=\"2560\" height=\"1707\" alt=\"Festival coral popular europeo.\" src=\"https:\/\/www.choral-events.com\/wp-content\/uploads\/2025\/01\/Furiosa-2024-1-scaled-1.jpg\" class=\"img-responsive wp-image-49320 img-with-aspect-ratio\" data-parent-fit=\"cover\" data-parent-container=\".fusion-image-element\" srcset=\"https:\/\/www.choral-events.com\/wp-content\/uploads\/2025\/01\/Furiosa-2024-1-scaled-1-200x133.jpg 200w, https:\/\/www.choral-events.com\/wp-content\/uploads\/2025\/01\/Furiosa-2024-1-scaled-1-400x267.jpg 400w, https:\/\/www.choral-events.com\/wp-content\/uploads\/2025\/01\/Furiosa-2024-1-scaled-1-600x400.jpg 600w, https:\/\/www.choral-events.com\/wp-content\/uploads\/2025\/01\/Furiosa-2024-1-scaled-1-800x533.jpg 800w, https:\/\/www.choral-events.com\/wp-content\/uploads\/2025\/01\/Furiosa-2024-1-scaled-1-1200x800.jpg 1200w, https:\/\/www.choral-events.com\/wp-content\/uploads\/2025\/01\/Furiosa-2024-1-scaled-1.jpg 2560w\" sizes=\"(max-width: 1024px) 100vw, (max-width: 640px) 100vw, 2560px\" \/><\/a><\/span><\/div><div class=\"fusion-title title fusion-title-53 fusion-sep-none fusion-title-center fusion-title-text fusion-title-size-paragraph\" style=\"--awb-text-color:var(--awb-color7);--awb-margin-top:10px;--awb-margin-right:5px;--awb-margin-bottom:10px;--awb-margin-left:5px;--awb-margin-top-small:16px;--awb-margin-right-small:0px;--awb-margin-bottom-small:10px;--awb-margin-left-small:0px;--awb-link-color:var(--awb-color7);--awb-font-size:16px;\"><p class=\"fusion-title-heading title-heading-center title-heading-tag fusion-responsive-typography-calculated\" style=\"margin:0;font-size:1em;--fontSize:16;--minFontSize:16;line-height:1.6;\"><a href=\"https:\/\/www.choral-events.com\/es\/chorales\/coro-de-mujeres-furiosa\/\" class=\"awb-custom-text-color awb-custom-text-hover-color\" target=\"_self\">Coro de Mujeres Furiosa<\/a><\/p><\/div><div class=\"fusion-separator\" style=\"align-self: center;margin-left: auto;margin-right: auto;flex-grow:10;margin-top:5px;margin-bottom:10px;width:100%;max-width:70px;\"><div class=\"fusion-separator-border sep-single sep-solid\" style=\"--awb-height:20px;--awb-amount:20px;border-color:var(--awb-color2);border-top-width:1px;\"><\/div><\/div><div class=\"fusion-text fusion-text-52\" style=\"--awb-content-alignment:center;--awb-text-transform:capitalize;--awb-text-color:var(--awb-color4);\"><p>B\u00e9lgica<\/p>\n<\/div><\/div><\/li>\n<li class=\"fusion-layout-column fusion_builder_column fusion-builder-column-53 fusion-flex-column fusion-animated post-card fusion-grid-column fusion-post-cards-grid-column 2025 italia fusion-animated\" style=\"--awb-padding-bottom:5px;--awb-overflow:hidden;--awb-bg-color:var(--awb-color1);--awb-bg-color-hover:var(--awb-custom_color_2);--awb-bg-size:cover;--awb-box-shadow:0px 0px 24px hsla(var(--awb-color7-h),var(--awb-color7-s),var(--awb-color7-l),calc(var(--awb-color7-a) - 40%));;--awb-border-color:var(--awb-color4);--awb-border-color-hover:var(--awb-color7);--awb-border-top:1px;--awb-border-right:1px;--awb-border-bottom:1px;--awb-border-left:1px;--awb-border-style:solid;--awb-border-radius:6px 6px 6px 6px;--awb-flex-grow:0;--awb-flex-shrink:0;--awb-flex-grow-medium:0;--awb-flex-shrink-medium:0;--awb-flex-grow-small:0;--awb-flex-shrink-small:0;\" data-animationType=\"fadeIn\" data-animationDuration=\"1.3\" data-animationOffset=\"top-into-view\"><div class=\"fusion-column-wrapper fusion-column-has-shadow fusion-flex-justify-content-flex-start fusion-content-layout-column\"><div class=\"fusion-image-element \" style=\"--awb-aspect-ratio:16 \/ 9;--awb-margin-bottom:10px;--awb-caption-title-font-family:var(--h2_typography-font-family);--awb-caption-title-font-weight:var(--h2_typography-font-weight);--awb-caption-title-font-style:var(--h2_typography-font-style);--awb-caption-title-size:var(--h2_typography-font-size);--awb-caption-title-transform:var(--h2_typography-text-transform);--awb-caption-title-line-height:var(--h2_typography-line-height);--awb-caption-title-letter-spacing:var(--h2_typography-letter-spacing);\"><span class=\" fusion-imageframe imageframe-none imageframe-52 hover-type-none has-aspect-ratio\"><a class=\"fusion-no-lightbox\" href=\"https:\/\/www.choral-events.com\/es\/chorales\/coro-de-mujeres-ladinia\/\" target=\"_self\" aria-label=\"Festival Coral. Ladinia\"><img decoding=\"async\" width=\"2048\" height=\"1366\" alt=\"Festival coral europeo con varios coros con trajes morados.\" src=\"https:\/\/www.choral-events.com\/wp-content\/uploads\/2025\/01\/364790239_802717364938750_3029879943413306579_n.jpg\" class=\"img-responsive wp-image-49326 img-with-aspect-ratio\" data-parent-fit=\"cover\" data-parent-container=\".fusion-image-element\" srcset=\"https:\/\/www.choral-events.com\/wp-content\/uploads\/2025\/01\/364790239_802717364938750_3029879943413306579_n-200x133.jpg 200w, https:\/\/www.choral-events.com\/wp-content\/uploads\/2025\/01\/364790239_802717364938750_3029879943413306579_n-400x267.jpg 400w, https:\/\/www.choral-events.com\/wp-content\/uploads\/2025\/01\/364790239_802717364938750_3029879943413306579_n-600x400.jpg 600w, https:\/\/www.choral-events.com\/wp-content\/uploads\/2025\/01\/364790239_802717364938750_3029879943413306579_n-800x534.jpg 800w, https:\/\/www.choral-events.com\/wp-content\/uploads\/2025\/01\/364790239_802717364938750_3029879943413306579_n-1200x800.jpg 1200w, https:\/\/www.choral-events.com\/wp-content\/uploads\/2025\/01\/364790239_802717364938750_3029879943413306579_n.jpg 2048w\" sizes=\"(max-width: 1024px) 100vw, (max-width: 640px) 100vw, 2048px\" \/><\/a><\/span><\/div><div class=\"fusion-title title fusion-title-54 fusion-sep-none fusion-title-center fusion-title-text fusion-title-size-paragraph\" style=\"--awb-text-color:var(--awb-color7);--awb-margin-top:10px;--awb-margin-right:5px;--awb-margin-bottom:10px;--awb-margin-left:5px;--awb-margin-top-small:16px;--awb-margin-right-small:0px;--awb-margin-bottom-small:10px;--awb-margin-left-small:0px;--awb-link-color:var(--awb-color7);--awb-font-size:16px;\"><p class=\"fusion-title-heading title-heading-center title-heading-tag fusion-responsive-typography-calculated\" style=\"margin:0;font-size:1em;--fontSize:16;--minFontSize:16;line-height:1.6;\"><a href=\"https:\/\/www.choral-events.com\/es\/chorales\/coro-de-mujeres-ladinia\/\" class=\"awb-custom-text-color awb-custom-text-hover-color\" target=\"_self\">Coro de Mujeres Ladinia<\/a><\/p><\/div><div class=\"fusion-separator\" style=\"align-self: center;margin-left: auto;margin-right: auto;flex-grow:10;margin-top:5px;margin-bottom:10px;width:100%;max-width:70px;\"><div class=\"fusion-separator-border sep-single sep-solid\" style=\"--awb-height:20px;--awb-amount:20px;border-color:var(--awb-color2);border-top-width:1px;\"><\/div><\/div><div class=\"fusion-text fusion-text-53\" style=\"--awb-content-alignment:center;--awb-text-transform:capitalize;--awb-text-color:var(--awb-color4);\"><p>Italia<\/p>\n<\/div><\/div><\/li>\n<li class=\"fusion-layout-column fusion_builder_column fusion-builder-column-54 fusion-flex-column fusion-animated post-card fusion-grid-column fusion-post-cards-grid-column 2025 taiwan fusion-animated\" style=\"--awb-padding-bottom:5px;--awb-overflow:hidden;--awb-bg-color:var(--awb-color1);--awb-bg-color-hover:var(--awb-custom_color_2);--awb-bg-size:cover;--awb-box-shadow:0px 0px 24px hsla(var(--awb-color7-h),var(--awb-color7-s),var(--awb-color7-l),calc(var(--awb-color7-a) - 40%));;--awb-border-color:var(--awb-color4);--awb-border-color-hover:var(--awb-color7);--awb-border-top:1px;--awb-border-right:1px;--awb-border-bottom:1px;--awb-border-left:1px;--awb-border-style:solid;--awb-border-radius:6px 6px 6px 6px;--awb-flex-grow:0;--awb-flex-shrink:0;--awb-flex-grow-medium:0;--awb-flex-shrink-medium:0;--awb-flex-grow-small:0;--awb-flex-shrink-small:0;\" data-animationType=\"fadeIn\" data-animationDuration=\"1.3\" data-animationOffset=\"top-into-view\"><div class=\"fusion-column-wrapper fusion-column-has-shadow fusion-flex-justify-content-flex-start fusion-content-layout-column\"><div class=\"fusion-image-element \" style=\"--awb-aspect-ratio:16 \/ 9;--awb-margin-bottom:10px;--awb-caption-title-font-family:var(--h2_typography-font-family);--awb-caption-title-font-weight:var(--h2_typography-font-weight);--awb-caption-title-font-style:var(--h2_typography-font-style);--awb-caption-title-size:var(--h2_typography-font-size);--awb-caption-title-transform:var(--h2_typography-text-transform);--awb-caption-title-line-height:var(--h2_typography-line-height);--awb-caption-title-letter-spacing:var(--h2_typography-letter-spacing);\"><span class=\" fusion-imageframe imageframe-none imageframe-53 hover-type-none has-aspect-ratio\"><a class=\"fusion-no-lightbox\" href=\"https:\/\/www.choral-events.com\/es\/chorales\/coro-glee-de-la-universidad-shu-te\/\" target=\"_self\" aria-label=\"Coro Glee de la Universidad Shu-Te\"><img decoding=\"async\" width=\"2560\" height=\"1767\" alt=\"Coro Glee de la Universidad Shu-Te\" src=\"https:\/\/www.choral-events.com\/wp-content\/uploads\/2025\/04\/5-scaled-1.jpg\" class=\"img-responsive wp-image-49725 img-with-aspect-ratio\" data-parent-fit=\"cover\" data-parent-container=\".fusion-image-element\" srcset=\"https:\/\/www.choral-events.com\/wp-content\/uploads\/2025\/04\/5-scaled-1-200x138.jpg 200w, https:\/\/www.choral-events.com\/wp-content\/uploads\/2025\/04\/5-scaled-1-400x276.jpg 400w, https:\/\/www.choral-events.com\/wp-content\/uploads\/2025\/04\/5-scaled-1-600x414.jpg 600w, https:\/\/www.choral-events.com\/wp-content\/uploads\/2025\/04\/5-scaled-1-800x552.jpg 800w, https:\/\/www.choral-events.com\/wp-content\/uploads\/2025\/04\/5-scaled-1-1200x828.jpg 1200w, https:\/\/www.choral-events.com\/wp-content\/uploads\/2025\/04\/5-scaled-1.jpg 2560w\" sizes=\"(max-width: 1024px) 100vw, (max-width: 640px) 100vw, 2560px\" \/><\/a><\/span><\/div><div class=\"fusion-title title fusion-title-55 fusion-sep-none fusion-title-center fusion-title-text fusion-title-size-paragraph\" style=\"--awb-text-color:var(--awb-color7);--awb-margin-top:10px;--awb-margin-right:5px;--awb-margin-bottom:10px;--awb-margin-left:5px;--awb-margin-top-small:16px;--awb-margin-right-small:0px;--awb-margin-bottom-small:10px;--awb-margin-left-small:0px;--awb-link-color:var(--awb-color7);--awb-font-size:16px;\"><p class=\"fusion-title-heading title-heading-center title-heading-tag fusion-responsive-typography-calculated\" style=\"margin:0;font-size:1em;--fontSize:16;--minFontSize:16;line-height:1.6;\"><a href=\"https:\/\/www.choral-events.com\/es\/chorales\/coro-glee-de-la-universidad-shu-te\/\" class=\"awb-custom-text-color awb-custom-text-hover-color\" target=\"_self\">Coro Glee de la Universidad Shu-Te<\/a><\/p><\/div><div class=\"fusion-separator\" style=\"align-self: center;margin-left: auto;margin-right: auto;flex-grow:10;margin-top:5px;margin-bottom:10px;width:100%;max-width:70px;\"><div class=\"fusion-separator-border sep-single sep-solid\" style=\"--awb-height:20px;--awb-amount:20px;border-color:var(--awb-color2);border-top-width:1px;\"><\/div><\/div><div class=\"fusion-text fusion-text-54\" style=\"--awb-content-alignment:center;--awb-text-transform:capitalize;--awb-text-color:var(--awb-color4);\"><p>Taiw\u00e1n<\/p>\n<\/div><\/div><\/li>\n<li class=\"fusion-layout-column fusion_builder_column fusion-builder-column-55 fusion-flex-column fusion-animated post-card fusion-grid-column fusion-post-cards-grid-column 2025 canada fusion-animated\" style=\"--awb-padding-bottom:5px;--awb-overflow:hidden;--awb-bg-color:var(--awb-color1);--awb-bg-color-hover:var(--awb-custom_color_2);--awb-bg-size:cover;--awb-box-shadow:0px 0px 24px hsla(var(--awb-color7-h),var(--awb-color7-s),var(--awb-color7-l),calc(var(--awb-color7-a) - 40%));;--awb-border-color:var(--awb-color4);--awb-border-color-hover:var(--awb-color7);--awb-border-top:1px;--awb-border-right:1px;--awb-border-bottom:1px;--awb-border-left:1px;--awb-border-style:solid;--awb-border-radius:6px 6px 6px 6px;--awb-flex-grow:0;--awb-flex-shrink:0;--awb-flex-grow-medium:0;--awb-flex-shrink-medium:0;--awb-flex-grow-small:0;--awb-flex-shrink-small:0;\" data-animationType=\"fadeIn\" data-animationDuration=\"1.3\" data-animationOffset=\"top-into-view\"><div class=\"fusion-column-wrapper fusion-column-has-shadow fusion-flex-justify-content-flex-start fusion-content-layout-column\"><div class=\"fusion-image-element \" style=\"--awb-aspect-ratio:16 \/ 9;--awb-margin-bottom:10px;--awb-caption-title-font-family:var(--h2_typography-font-family);--awb-caption-title-font-weight:var(--h2_typography-font-weight);--awb-caption-title-font-style:var(--h2_typography-font-style);--awb-caption-title-size:var(--h2_typography-font-size);--awb-caption-title-transform:var(--h2_typography-text-transform);--awb-caption-title-line-height:var(--h2_typography-line-height);--awb-caption-title-letter-spacing:var(--h2_typography-letter-spacing);\"><span class=\" fusion-imageframe imageframe-none imageframe-54 hover-type-none has-aspect-ratio\"><a class=\"fusion-no-lightbox\" href=\"https:\/\/www.choral-events.com\/es\/chorales\/coro-infantil-canadiense-chino-de-canada\/\" target=\"_self\" aria-label=\"Coro chino compacto.\"><img decoding=\"async\" width=\"600\" height=\"600\" alt=\"Conjunto de j\u00f3venes coralistas chinos durante un concierto internacional en Francia, bajo la direcci\u00f3n de un director de coro.\" src=\"https:\/\/www.choral-events.com\/wp-content\/uploads\/2025\/01\/Canada-C5-Choir.jpg\" class=\"img-responsive wp-image-49358 img-with-aspect-ratio\" data-parent-fit=\"cover\" data-parent-container=\".fusion-image-element\" srcset=\"https:\/\/www.choral-events.com\/wp-content\/uploads\/2025\/01\/Canada-C5-Choir-200x200.jpg 200w, https:\/\/www.choral-events.com\/wp-content\/uploads\/2025\/01\/Canada-C5-Choir-400x400.jpg 400w, https:\/\/www.choral-events.com\/wp-content\/uploads\/2025\/01\/Canada-C5-Choir.jpg 600w\" sizes=\"(max-width: 1024px) 100vw, (max-width: 640px) 100vw, 600px\" \/><\/a><\/span><\/div><div class=\"fusion-title title fusion-title-56 fusion-sep-none fusion-title-center fusion-title-text fusion-title-size-paragraph\" style=\"--awb-text-color:var(--awb-color7);--awb-margin-top:10px;--awb-margin-right:5px;--awb-margin-bottom:10px;--awb-margin-left:5px;--awb-margin-top-small:16px;--awb-margin-right-small:0px;--awb-margin-bottom-small:10px;--awb-margin-left-small:0px;--awb-link-color:var(--awb-color7);--awb-font-size:16px;\"><p class=\"fusion-title-heading title-heading-center title-heading-tag fusion-responsive-typography-calculated\" style=\"margin:0;font-size:1em;--fontSize:16;--minFontSize:16;line-height:1.6;\"><a href=\"https:\/\/www.choral-events.com\/es\/chorales\/coro-infantil-canadiense-chino-de-canada\/\" class=\"awb-custom-text-color awb-custom-text-hover-color\" target=\"_self\">Coro Infantil Canadiense Chino de Canad\u00e1<\/a><\/p><\/div><div class=\"fusion-separator\" style=\"align-self: center;margin-left: auto;margin-right: auto;flex-grow:10;margin-top:5px;margin-bottom:10px;width:100%;max-width:70px;\"><div class=\"fusion-separator-border sep-single sep-solid\" style=\"--awb-height:20px;--awb-amount:20px;border-color:var(--awb-color2);border-top-width:1px;\"><\/div><\/div><div class=\"fusion-text fusion-text-55\" style=\"--awb-content-alignment:center;--awb-text-transform:capitalize;--awb-text-color:var(--awb-color4);\"><p>Canad\u00e1<\/p>\n<\/div><\/div><\/li>\n<li class=\"fusion-layout-column fusion_builder_column fusion-builder-column-56 fusion-flex-column fusion-animated post-card fusion-grid-column fusion-post-cards-grid-column 2025 italia fusion-animated\" style=\"--awb-padding-bottom:5px;--awb-overflow:hidden;--awb-bg-color:var(--awb-color1);--awb-bg-color-hover:var(--awb-custom_color_2);--awb-bg-size:cover;--awb-box-shadow:0px 0px 24px hsla(var(--awb-color7-h),var(--awb-color7-s),var(--awb-color7-l),calc(var(--awb-color7-a) - 40%));;--awb-border-color:var(--awb-color4);--awb-border-color-hover:var(--awb-color7);--awb-border-top:1px;--awb-border-right:1px;--awb-border-bottom:1px;--awb-border-left:1px;--awb-border-style:solid;--awb-border-radius:6px 6px 6px 6px;--awb-flex-grow:0;--awb-flex-shrink:0;--awb-flex-grow-medium:0;--awb-flex-shrink-medium:0;--awb-flex-grow-small:0;--awb-flex-shrink-small:0;\" data-animationType=\"fadeIn\" data-animationDuration=\"1.3\" data-animationOffset=\"top-into-view\"><div class=\"fusion-column-wrapper fusion-column-has-shadow fusion-flex-justify-content-flex-start fusion-content-layout-column\"><div class=\"fusion-image-element \" style=\"--awb-aspect-ratio:16 \/ 9;--awb-margin-bottom:10px;--awb-caption-title-font-family:var(--h2_typography-font-family);--awb-caption-title-font-weight:var(--h2_typography-font-weight);--awb-caption-title-font-style:var(--h2_typography-font-style);--awb-caption-title-size:var(--h2_typography-font-size);--awb-caption-title-transform:var(--h2_typography-text-transform);--awb-caption-title-line-height:var(--h2_typography-line-height);--awb-caption-title-letter-spacing:var(--h2_typography-letter-spacing);\"><span class=\" fusion-imageframe imageframe-none imageframe-55 hover-type-none has-aspect-ratio\"><a class=\"fusion-no-lightbox\" href=\"https:\/\/www.choral-events.com\/es\/chorales\/coro-laudamus\/\" target=\"_self\"><img decoding=\"async\" width=\"2560\" height=\"1708\" alt=\"Coro Laudamus\" src=\"https:\/\/www.choral-events.com\/wp-content\/uploads\/2025\/02\/EXwQPKPL-scaled-1.jpeg\" class=\"img-responsive wp-image-49312 img-with-aspect-ratio\" data-parent-fit=\"cover\" data-parent-container=\".fusion-image-element\" srcset=\"https:\/\/www.choral-events.com\/wp-content\/uploads\/2025\/02\/EXwQPKPL-scaled-1-200x133.jpeg 200w, https:\/\/www.choral-events.com\/wp-content\/uploads\/2025\/02\/EXwQPKPL-scaled-1-400x267.jpeg 400w, https:\/\/www.choral-events.com\/wp-content\/uploads\/2025\/02\/EXwQPKPL-scaled-1-600x400.jpeg 600w, https:\/\/www.choral-events.com\/wp-content\/uploads\/2025\/02\/EXwQPKPL-scaled-1-800x534.jpeg 800w, https:\/\/www.choral-events.com\/wp-content\/uploads\/2025\/02\/EXwQPKPL-scaled-1-1200x801.jpeg 1200w, https:\/\/www.choral-events.com\/wp-content\/uploads\/2025\/02\/EXwQPKPL-scaled-1.jpeg 2560w\" sizes=\"(max-width: 1024px) 100vw, (max-width: 640px) 100vw, 2560px\" \/><\/a><\/span><\/div><div class=\"fusion-title title fusion-title-57 fusion-sep-none fusion-title-center fusion-title-text fusion-title-size-paragraph\" style=\"--awb-text-color:var(--awb-color7);--awb-margin-top:10px;--awb-margin-right:5px;--awb-margin-bottom:10px;--awb-margin-left:5px;--awb-margin-top-small:16px;--awb-margin-right-small:0px;--awb-margin-bottom-small:10px;--awb-margin-left-small:0px;--awb-link-color:var(--awb-color7);--awb-font-size:16px;\"><p class=\"fusion-title-heading title-heading-center title-heading-tag fusion-responsive-typography-calculated\" style=\"margin:0;font-size:1em;--fontSize:16;--minFontSize:16;line-height:1.6;\"><a href=\"https:\/\/www.choral-events.com\/es\/chorales\/coro-laudamus\/\" class=\"awb-custom-text-color awb-custom-text-hover-color\" target=\"_self\">Coro Laudamus<\/a><\/p><\/div><div class=\"fusion-separator\" style=\"align-self: center;margin-left: auto;margin-right: auto;flex-grow:10;margin-top:5px;margin-bottom:10px;width:100%;max-width:70px;\"><div class=\"fusion-separator-border sep-single sep-solid\" style=\"--awb-height:20px;--awb-amount:20px;border-color:var(--awb-color2);border-top-width:1px;\"><\/div><\/div><div class=\"fusion-text fusion-text-56\" style=\"--awb-content-alignment:center;--awb-text-transform:capitalize;--awb-text-color:var(--awb-color4);\"><p>Italia<\/p>\n<\/div><\/div><\/li>\n<li class=\"fusion-layout-column fusion_builder_column fusion-builder-column-57 fusion-flex-column fusion-animated post-card fusion-grid-column fusion-post-cards-grid-column 2025 francia fusion-animated\" style=\"--awb-padding-bottom:5px;--awb-overflow:hidden;--awb-bg-color:var(--awb-color1);--awb-bg-color-hover:var(--awb-custom_color_2);--awb-bg-size:cover;--awb-box-shadow:0px 0px 24px hsla(var(--awb-color7-h),var(--awb-color7-s),var(--awb-color7-l),calc(var(--awb-color7-a) - 40%));;--awb-border-color:var(--awb-color4);--awb-border-color-hover:var(--awb-color7);--awb-border-top:1px;--awb-border-right:1px;--awb-border-bottom:1px;--awb-border-left:1px;--awb-border-style:solid;--awb-border-radius:6px 6px 6px 6px;--awb-flex-grow:0;--awb-flex-shrink:0;--awb-flex-grow-medium:0;--awb-flex-shrink-medium:0;--awb-flex-grow-small:0;--awb-flex-shrink-small:0;\" data-animationType=\"fadeIn\" data-animationDuration=\"1.3\" data-animationOffset=\"top-into-view\"><div class=\"fusion-column-wrapper fusion-column-has-shadow fusion-flex-justify-content-flex-start fusion-content-layout-column\"><div class=\"fusion-image-element \" style=\"--awb-aspect-ratio:16 \/ 9;--awb-margin-bottom:10px;--awb-caption-title-font-family:var(--h2_typography-font-family);--awb-caption-title-font-weight:var(--h2_typography-font-weight);--awb-caption-title-font-style:var(--h2_typography-font-style);--awb-caption-title-size:var(--h2_typography-font-size);--awb-caption-title-transform:var(--h2_typography-text-transform);--awb-caption-title-line-height:var(--h2_typography-line-height);--awb-caption-title-letter-spacing:var(--h2_typography-letter-spacing);\"><span class=\" fusion-imageframe imageframe-none imageframe-56 hover-type-none has-aspect-ratio\"><a class=\"fusion-no-lightbox\" href=\"https:\/\/www.choral-events.com\/es\/chorales\/coro-masculino-de-vannes\/\" target=\"_self\" aria-label=\"ChoraleFestival.\"><img decoding=\"async\" width=\"630\" height=\"354\" alt=\"Grupo de coralistas durante un festival internacional en Francia. Coro masculino de Vannes\" src=\"https:\/\/www.choral-events.com\/wp-content\/uploads\/2025\/01\/1.jpg\" class=\"img-responsive wp-image-49371 img-with-aspect-ratio\" data-parent-fit=\"cover\" data-parent-container=\".fusion-image-element\" srcset=\"https:\/\/www.choral-events.com\/wp-content\/uploads\/2025\/01\/1-200x112.jpg 200w, https:\/\/www.choral-events.com\/wp-content\/uploads\/2025\/01\/1-400x225.jpg 400w, https:\/\/www.choral-events.com\/wp-content\/uploads\/2025\/01\/1-600x337.jpg 600w, https:\/\/www.choral-events.com\/wp-content\/uploads\/2025\/01\/1.jpg 630w\" sizes=\"(max-width: 1024px) 100vw, (max-width: 640px) 100vw, 630px\" \/><\/a><\/span><\/div><div class=\"fusion-title title fusion-title-58 fusion-sep-none fusion-title-center fusion-title-text fusion-title-size-paragraph\" style=\"--awb-text-color:var(--awb-color7);--awb-margin-top:10px;--awb-margin-right:5px;--awb-margin-bottom:10px;--awb-margin-left:5px;--awb-margin-top-small:16px;--awb-margin-right-small:0px;--awb-margin-bottom-small:10px;--awb-margin-left-small:0px;--awb-link-color:var(--awb-color7);--awb-font-size:16px;\"><p class=\"fusion-title-heading title-heading-center title-heading-tag fusion-responsive-typography-calculated\" style=\"margin:0;font-size:1em;--fontSize:16;--minFontSize:16;line-height:1.6;\"><a href=\"https:\/\/www.choral-events.com\/es\/chorales\/coro-masculino-de-vannes\/\" class=\"awb-custom-text-color awb-custom-text-hover-color\" target=\"_self\">Coro masculino de Vannes<\/a><\/p><\/div><div class=\"fusion-separator\" style=\"align-self: center;margin-left: auto;margin-right: auto;flex-grow:10;margin-top:5px;margin-bottom:10px;width:100%;max-width:70px;\"><div class=\"fusion-separator-border sep-single sep-solid\" style=\"--awb-height:20px;--awb-amount:20px;border-color:var(--awb-color2);border-top-width:1px;\"><\/div><\/div><div class=\"fusion-text fusion-text-57\" style=\"--awb-content-alignment:center;--awb-text-transform:capitalize;--awb-text-color:var(--awb-color4);\"><p>Francia<\/p>\n<\/div><\/div><\/li>\n<li class=\"fusion-layout-column fusion_builder_column fusion-builder-column-58 fusion-flex-column fusion-animated post-card fusion-grid-column fusion-post-cards-grid-column 2025 suiza fusion-animated\" style=\"--awb-padding-bottom:5px;--awb-overflow:hidden;--awb-bg-color:var(--awb-color1);--awb-bg-color-hover:var(--awb-custom_color_2);--awb-bg-size:cover;--awb-box-shadow:0px 0px 24px hsla(var(--awb-color7-h),var(--awb-color7-s),var(--awb-color7-l),calc(var(--awb-color7-a) - 40%));;--awb-border-color:var(--awb-color4);--awb-border-color-hover:var(--awb-color7);--awb-border-top:1px;--awb-border-right:1px;--awb-border-bottom:1px;--awb-border-left:1px;--awb-border-style:solid;--awb-border-radius:6px 6px 6px 6px;--awb-flex-grow:0;--awb-flex-shrink:0;--awb-flex-grow-medium:0;--awb-flex-shrink-medium:0;--awb-flex-grow-small:0;--awb-flex-shrink-small:0;\" data-animationType=\"fadeIn\" data-animationDuration=\"1.3\" data-animationOffset=\"top-into-view\"><div class=\"fusion-column-wrapper fusion-column-has-shadow fusion-flex-justify-content-flex-start fusion-content-layout-column\"><div class=\"fusion-image-element \" style=\"--awb-aspect-ratio:16 \/ 9;--awb-margin-bottom:10px;--awb-caption-title-font-family:var(--h2_typography-font-family);--awb-caption-title-font-weight:var(--h2_typography-font-weight);--awb-caption-title-font-style:var(--h2_typography-font-style);--awb-caption-title-size:var(--h2_typography-font-size);--awb-caption-title-transform:var(--h2_typography-text-transform);--awb-caption-title-line-height:var(--h2_typography-line-height);--awb-caption-title-letter-spacing:var(--h2_typography-letter-spacing);\"><span class=\" fusion-imageframe imageframe-none imageframe-57 hover-type-none has-aspect-ratio\"><a class=\"fusion-no-lightbox\" href=\"https:\/\/www.choral-events.com\/es\/chorales\/coro-mixto-les-alouettes\/\" target=\"_self\" aria-label=\"Coro Mixto Les Alouettes\"><img decoding=\"async\" width=\"605\" height=\"307\" alt=\"Coro Mixto Les Alouettes\" src=\"https:\/\/www.choral-events.com\/wp-content\/uploads\/2025\/03\/4.png\" class=\"img-responsive wp-image-49306 img-with-aspect-ratio\" data-parent-fit=\"cover\" data-parent-container=\".fusion-image-element\" srcset=\"https:\/\/www.choral-events.com\/wp-content\/uploads\/2025\/03\/4-200x101.png 200w, https:\/\/www.choral-events.com\/wp-content\/uploads\/2025\/03\/4-400x203.png 400w, https:\/\/www.choral-events.com\/wp-content\/uploads\/2025\/03\/4-600x304.png 600w, https:\/\/www.choral-events.com\/wp-content\/uploads\/2025\/03\/4.png 605w\" sizes=\"(max-width: 1024px) 100vw, (max-width: 640px) 100vw, 605px\" \/><\/a><\/span><\/div><div class=\"fusion-title title fusion-title-59 fusion-sep-none fusion-title-center fusion-title-text fusion-title-size-paragraph\" style=\"--awb-text-color:var(--awb-color7);--awb-margin-top:10px;--awb-margin-right:5px;--awb-margin-bottom:10px;--awb-margin-left:5px;--awb-margin-top-small:16px;--awb-margin-right-small:0px;--awb-margin-bottom-small:10px;--awb-margin-left-small:0px;--awb-link-color:var(--awb-color7);--awb-font-size:16px;\"><p class=\"fusion-title-heading title-heading-center title-heading-tag fusion-responsive-typography-calculated\" style=\"margin:0;font-size:1em;--fontSize:16;--minFontSize:16;line-height:1.6;\"><a href=\"https:\/\/www.choral-events.com\/es\/chorales\/coro-mixto-les-alouettes\/\" class=\"awb-custom-text-color awb-custom-text-hover-color\" target=\"_self\">Coro Mixto Les Alouettes<\/a><\/p><\/div><div class=\"fusion-separator\" style=\"align-self: center;margin-left: auto;margin-right: auto;flex-grow:10;margin-top:5px;margin-bottom:10px;width:100%;max-width:70px;\"><div class=\"fusion-separator-border sep-single sep-solid\" style=\"--awb-height:20px;--awb-amount:20px;border-color:var(--awb-color2);border-top-width:1px;\"><\/div><\/div><div class=\"fusion-text fusion-text-58\" style=\"--awb-content-alignment:center;--awb-text-transform:capitalize;--awb-text-color:var(--awb-color4);\"><p>Suiza<\/p>\n<\/div><\/div><\/li>\n<li class=\"fusion-layout-column fusion_builder_column fusion-builder-column-59 fusion-flex-column fusion-animated post-card fusion-grid-column fusion-post-cards-grid-column 2020 italie fusion-animated\" style=\"--awb-padding-bottom:5px;--awb-overflow:hidden;--awb-bg-color:var(--awb-color1);--awb-bg-color-hover:var(--awb-custom_color_2);--awb-bg-size:cover;--awb-box-shadow:0px 0px 24px hsla(var(--awb-color7-h),var(--awb-color7-s),var(--awb-color7-l),calc(var(--awb-color7-a) - 40%));;--awb-border-color:var(--awb-color4);--awb-border-color-hover:var(--awb-color7);--awb-border-top:1px;--awb-border-right:1px;--awb-border-bottom:1px;--awb-border-left:1px;--awb-border-style:solid;--awb-border-radius:6px 6px 6px 6px;--awb-flex-grow:0;--awb-flex-shrink:0;--awb-flex-grow-medium:0;--awb-flex-shrink-medium:0;--awb-flex-grow-small:0;--awb-flex-shrink-small:0;\" data-animationType=\"fadeIn\" data-animationDuration=\"1.3\" data-animationOffset=\"top-into-view\"><div class=\"fusion-column-wrapper fusion-column-has-shadow fusion-flex-justify-content-flex-start fusion-content-layout-column\"><div class=\"fusion-image-element \" style=\"--awb-aspect-ratio:16 \/ 9;--awb-margin-bottom:10px;--awb-caption-title-font-family:var(--h2_typography-font-family);--awb-caption-title-font-weight:var(--h2_typography-font-weight);--awb-caption-title-font-style:var(--h2_typography-font-style);--awb-caption-title-size:var(--h2_typography-font-size);--awb-caption-title-transform:var(--h2_typography-text-transform);--awb-caption-title-line-height:var(--h2_typography-line-height);--awb-caption-title-letter-spacing:var(--h2_typography-letter-spacing);\"><span class=\" fusion-imageframe imageframe-none imageframe-58 hover-type-none has-aspect-ratio\"><a class=\"fusion-no-lightbox\" href=\"https:\/\/www.choral-events.com\/es\/chorales\/coro-nuova-armonia\/\" target=\"_self\" aria-label=\"Nuova-Armonia-foto-p\u00e1gina-sitio-1\"><img decoding=\"async\" width=\"550\" height=\"350\" src=\"https:\/\/www.choral-events.com\/wp-content\/uploads\/2026\/03\/Nuova-Armonia-photo-page-site-1.png\" class=\"img-responsive wp-image-51844 img-with-aspect-ratio\" data-parent-fit=\"cover\" data-parent-container=\".fusion-image-element\" alt srcset=\"https:\/\/www.choral-events.com\/wp-content\/uploads\/2026\/03\/Nuova-Armonia-photo-page-site-1-200x127.png 200w, https:\/\/www.choral-events.com\/wp-content\/uploads\/2026\/03\/Nuova-Armonia-photo-page-site-1-400x255.png 400w, https:\/\/www.choral-events.com\/wp-content\/uploads\/2026\/03\/Nuova-Armonia-photo-page-site-1.png 550w\" sizes=\"(max-width: 1024px) 100vw, (max-width: 640px) 100vw, 550px\" \/><\/a><\/span><\/div><div class=\"fusion-title title fusion-title-60 fusion-sep-none fusion-title-center fusion-title-text fusion-title-size-paragraph\" style=\"--awb-text-color:var(--awb-color7);--awb-margin-top:10px;--awb-margin-right:5px;--awb-margin-bottom:10px;--awb-margin-left:5px;--awb-margin-top-small:16px;--awb-margin-right-small:0px;--awb-margin-bottom-small:10px;--awb-margin-left-small:0px;--awb-link-color:var(--awb-color7);--awb-font-size:16px;\"><p class=\"fusion-title-heading title-heading-center title-heading-tag fusion-responsive-typography-calculated\" style=\"margin:0;font-size:1em;--fontSize:16;--minFontSize:16;line-height:1.6;\"><a href=\"https:\/\/www.choral-events.com\/es\/chorales\/coro-nuova-armonia\/\" class=\"awb-custom-text-color awb-custom-text-hover-color\" target=\"_self\">Coro Nuova Armonia<\/a><\/p><\/div><div class=\"fusion-separator\" style=\"align-self: center;margin-left: auto;margin-right: auto;flex-grow:10;margin-top:5px;margin-bottom:10px;width:100%;max-width:70px;\"><div class=\"fusion-separator-border sep-single sep-solid\" style=\"--awb-height:20px;--awb-amount:20px;border-color:var(--awb-color2);border-top-width:1px;\"><\/div><\/div><div class=\"fusion-text fusion-text-59\" style=\"--awb-content-alignment:center;--awb-text-transform:capitalize;--awb-text-color:var(--awb-color4);\"><p>Italie<\/p>\n<\/div><\/div><\/li>\n<li class=\"fusion-layout-column fusion_builder_column fusion-builder-column-60 fusion-flex-column fusion-animated post-card fusion-grid-column fusion-post-cards-grid-column 2020 japon fusion-animated\" style=\"--awb-padding-bottom:5px;--awb-overflow:hidden;--awb-bg-color:var(--awb-color1);--awb-bg-color-hover:var(--awb-custom_color_2);--awb-bg-size:cover;--awb-box-shadow:0px 0px 24px hsla(var(--awb-color7-h),var(--awb-color7-s),var(--awb-color7-l),calc(var(--awb-color7-a) - 40%));;--awb-border-color:var(--awb-color4);--awb-border-color-hover:var(--awb-color7);--awb-border-top:1px;--awb-border-right:1px;--awb-border-bottom:1px;--awb-border-left:1px;--awb-border-style:solid;--awb-border-radius:6px 6px 6px 6px;--awb-flex-grow:0;--awb-flex-shrink:0;--awb-flex-grow-medium:0;--awb-flex-shrink-medium:0;--awb-flex-grow-small:0;--awb-flex-shrink-small:0;\" data-animationType=\"fadeIn\" data-animationDuration=\"1.3\" data-animationOffset=\"top-into-view\"><div class=\"fusion-column-wrapper fusion-column-has-shadow fusion-flex-justify-content-flex-start fusion-content-layout-column\"><div class=\"fusion-image-element \" style=\"--awb-aspect-ratio:16 \/ 9;--awb-margin-bottom:10px;--awb-caption-title-font-family:var(--h2_typography-font-family);--awb-caption-title-font-weight:var(--h2_typography-font-weight);--awb-caption-title-font-style:var(--h2_typography-font-style);--awb-caption-title-size:var(--h2_typography-font-size);--awb-caption-title-transform:var(--h2_typography-text-transform);--awb-caption-title-line-height:var(--h2_typography-line-height);--awb-caption-title-letter-spacing:var(--h2_typography-letter-spacing);\"><span class=\" fusion-imageframe imageframe-none imageframe-59 hover-type-none has-aspect-ratio\"><a class=\"fusion-no-lightbox\" href=\"https:\/\/www.choral-events.com\/es\/chorales\/coro-platano\/\" target=\"_self\" aria-label=\"coro-platano-2008-550&#215;350\"><img decoding=\"async\" width=\"550\" height=\"350\" src=\"https:\/\/www.choral-events.com\/wp-content\/uploads\/2026\/03\/coro-platano-2008-550x350-1.png\" class=\"img-responsive wp-image-51848 img-with-aspect-ratio\" data-parent-fit=\"cover\" data-parent-container=\".fusion-image-element\" alt srcset=\"https:\/\/www.choral-events.com\/wp-content\/uploads\/2026\/03\/coro-platano-2008-550x350-1-200x127.png 200w, https:\/\/www.choral-events.com\/wp-content\/uploads\/2026\/03\/coro-platano-2008-550x350-1-400x255.png 400w, https:\/\/www.choral-events.com\/wp-content\/uploads\/2026\/03\/coro-platano-2008-550x350-1.png 550w\" sizes=\"(max-width: 1024px) 100vw, (max-width: 640px) 100vw, 550px\" \/><\/a><\/span><\/div><div class=\"fusion-title title fusion-title-61 fusion-sep-none fusion-title-center fusion-title-text fusion-title-size-paragraph\" style=\"--awb-text-color:var(--awb-color7);--awb-margin-top:10px;--awb-margin-right:5px;--awb-margin-bottom:10px;--awb-margin-left:5px;--awb-margin-top-small:16px;--awb-margin-right-small:0px;--awb-margin-bottom-small:10px;--awb-margin-left-small:0px;--awb-link-color:var(--awb-color7);--awb-font-size:16px;\"><p class=\"fusion-title-heading title-heading-center title-heading-tag fusion-responsive-typography-calculated\" style=\"margin:0;font-size:1em;--fontSize:16;--minFontSize:16;line-height:1.6;\"><a href=\"https:\/\/www.choral-events.com\/es\/chorales\/coro-platano\/\" class=\"awb-custom-text-color awb-custom-text-hover-color\" target=\"_self\">Coro Platano<\/a><\/p><\/div><div class=\"fusion-separator\" style=\"align-self: center;margin-left: auto;margin-right: auto;flex-grow:10;margin-top:5px;margin-bottom:10px;width:100%;max-width:70px;\"><div class=\"fusion-separator-border sep-single sep-solid\" style=\"--awb-height:20px;--awb-amount:20px;border-color:var(--awb-color2);border-top-width:1px;\"><\/div><\/div><div class=\"fusion-text fusion-text-60\" style=\"--awb-content-alignment:center;--awb-text-transform:capitalize;--awb-text-color:var(--awb-color4);\"><p>Japon<\/p>\n<\/div><\/div><\/li>\n<li class=\"fusion-layout-column fusion_builder_column fusion-builder-column-61 fusion-flex-column fusion-animated post-card fusion-grid-column fusion-post-cards-grid-column 2019 belgique fusion-animated\" style=\"--awb-padding-bottom:5px;--awb-overflow:hidden;--awb-bg-color:var(--awb-color1);--awb-bg-color-hover:var(--awb-custom_color_2);--awb-bg-size:cover;--awb-box-shadow:0px 0px 24px hsla(var(--awb-color7-h),var(--awb-color7-s),var(--awb-color7-l),calc(var(--awb-color7-a) - 40%));;--awb-border-color:var(--awb-color4);--awb-border-color-hover:var(--awb-color7);--awb-border-top:1px;--awb-border-right:1px;--awb-border-bottom:1px;--awb-border-left:1px;--awb-border-style:solid;--awb-border-radius:6px 6px 6px 6px;--awb-flex-grow:0;--awb-flex-shrink:0;--awb-flex-grow-medium:0;--awb-flex-shrink-medium:0;--awb-flex-grow-small:0;--awb-flex-shrink-small:0;\" data-animationType=\"fadeIn\" data-animationDuration=\"1.3\" data-animationOffset=\"top-into-view\"><div class=\"fusion-column-wrapper fusion-column-has-shadow fusion-flex-justify-content-flex-start fusion-content-layout-column\"><div class=\"fusion-image-element \" style=\"--awb-aspect-ratio:16 \/ 9;--awb-margin-bottom:10px;--awb-caption-title-font-family:var(--h2_typography-font-family);--awb-caption-title-font-weight:var(--h2_typography-font-weight);--awb-caption-title-font-style:var(--h2_typography-font-style);--awb-caption-title-size:var(--h2_typography-font-size);--awb-caption-title-transform:var(--h2_typography-text-transform);--awb-caption-title-line-height:var(--h2_typography-line-height);--awb-caption-title-letter-spacing:var(--h2_typography-letter-spacing);\"><span class=\" fusion-imageframe imageframe-none imageframe-60 hover-type-none has-aspect-ratio\"><a class=\"fusion-no-lightbox\" href=\"https:\/\/www.choral-events.com\/es\/chorales\/ensemble-alize\/\" target=\"_self\" aria-label=\"VISUEL-CHORAL-Final-550&#215;350\"><img decoding=\"async\" width=\"550\" height=\"350\" src=\"https:\/\/www.choral-events.com\/wp-content\/uploads\/2026\/03\/VISUEL-CHORAL-Final-550x350-1.jpg\" class=\"img-responsive wp-image-51636 img-with-aspect-ratio\" data-parent-fit=\"cover\" data-parent-container=\".fusion-image-element\" alt srcset=\"https:\/\/www.choral-events.com\/wp-content\/uploads\/2026\/03\/VISUEL-CHORAL-Final-550x350-1-200x127.jpg 200w, https:\/\/www.choral-events.com\/wp-content\/uploads\/2026\/03\/VISUEL-CHORAL-Final-550x350-1-400x255.jpg 400w, https:\/\/www.choral-events.com\/wp-content\/uploads\/2026\/03\/VISUEL-CHORAL-Final-550x350-1.jpg 550w\" sizes=\"(max-width: 1024px) 100vw, (max-width: 640px) 100vw, 550px\" \/><\/a><\/span><\/div><div class=\"fusion-title title fusion-title-62 fusion-sep-none fusion-title-center fusion-title-text fusion-title-size-paragraph\" style=\"--awb-text-color:var(--awb-color7);--awb-margin-top:10px;--awb-margin-right:5px;--awb-margin-bottom:10px;--awb-margin-left:5px;--awb-margin-top-small:16px;--awb-margin-right-small:0px;--awb-margin-bottom-small:10px;--awb-margin-left-small:0px;--awb-link-color:var(--awb-color7);--awb-font-size:16px;\"><p class=\"fusion-title-heading title-heading-center title-heading-tag fusion-responsive-typography-calculated\" style=\"margin:0;font-size:1em;--fontSize:16;--minFontSize:16;line-height:1.6;\"><a href=\"https:\/\/www.choral-events.com\/es\/chorales\/ensemble-alize\/\" class=\"awb-custom-text-color awb-custom-text-hover-color\" target=\"_self\">Ensemble Aliz\u00e9<\/a><\/p><\/div><div class=\"fusion-separator\" style=\"align-self: center;margin-left: auto;margin-right: auto;flex-grow:10;margin-top:5px;margin-bottom:10px;width:100%;max-width:70px;\"><div class=\"fusion-separator-border sep-single sep-solid\" style=\"--awb-height:20px;--awb-amount:20px;border-color:var(--awb-color2);border-top-width:1px;\"><\/div><\/div><div class=\"fusion-text fusion-text-61\" style=\"--awb-content-alignment:center;--awb-text-transform:capitalize;--awb-text-color:var(--awb-color4);\"><p>Belgique<\/p>\n<\/div><\/div><\/li>\n<li class=\"fusion-layout-column fusion_builder_column fusion-builder-column-62 fusion-flex-column fusion-animated post-card fusion-grid-column fusion-post-cards-grid-column 2019 france fusion-animated\" style=\"--awb-padding-bottom:5px;--awb-overflow:hidden;--awb-bg-color:var(--awb-color1);--awb-bg-color-hover:var(--awb-custom_color_2);--awb-bg-size:cover;--awb-box-shadow:0px 0px 24px hsla(var(--awb-color7-h),var(--awb-color7-s),var(--awb-color7-l),calc(var(--awb-color7-a) - 40%));;--awb-border-color:var(--awb-color4);--awb-border-color-hover:var(--awb-color7);--awb-border-top:1px;--awb-border-right:1px;--awb-border-bottom:1px;--awb-border-left:1px;--awb-border-style:solid;--awb-border-radius:6px 6px 6px 6px;--awb-flex-grow:0;--awb-flex-shrink:0;--awb-flex-grow-medium:0;--awb-flex-shrink-medium:0;--awb-flex-grow-small:0;--awb-flex-shrink-small:0;\" data-animationType=\"fadeIn\" data-animationDuration=\"1.3\" data-animationOffset=\"top-into-view\"><div class=\"fusion-column-wrapper fusion-column-has-shadow fusion-flex-justify-content-flex-start fusion-content-layout-column\"><div class=\"fusion-image-element \" style=\"--awb-aspect-ratio:16 \/ 9;--awb-margin-bottom:10px;--awb-caption-title-font-family:var(--h2_typography-font-family);--awb-caption-title-font-weight:var(--h2_typography-font-weight);--awb-caption-title-font-style:var(--h2_typography-font-style);--awb-caption-title-size:var(--h2_typography-font-size);--awb-caption-title-transform:var(--h2_typography-text-transform);--awb-caption-title-line-height:var(--h2_typography-line-height);--awb-caption-title-letter-spacing:var(--h2_typography-letter-spacing);\"><span class=\" fusion-imageframe imageframe-none imageframe-61 hover-type-none has-aspect-ratio\"><a class=\"fusion-no-lightbox\" href=\"https:\/\/www.choral-events.com\/es\/chorales\/ensemble-amabile\/\" target=\"_self\" aria-label=\"amabile-1\"><img decoding=\"async\" width=\"550\" height=\"350\" src=\"https:\/\/www.choral-events.com\/wp-content\/uploads\/2026\/03\/amabile-1.jpg\" class=\"img-responsive wp-image-51640 img-with-aspect-ratio\" data-parent-fit=\"cover\" data-parent-container=\".fusion-image-element\" alt srcset=\"https:\/\/www.choral-events.com\/wp-content\/uploads\/2026\/03\/amabile-1-200x127.jpg 200w, https:\/\/www.choral-events.com\/wp-content\/uploads\/2026\/03\/amabile-1-400x255.jpg 400w, https:\/\/www.choral-events.com\/wp-content\/uploads\/2026\/03\/amabile-1.jpg 550w\" sizes=\"(max-width: 1024px) 100vw, (max-width: 640px) 100vw, 550px\" \/><\/a><\/span><\/div><div class=\"fusion-title title fusion-title-63 fusion-sep-none fusion-title-center fusion-title-text fusion-title-size-paragraph\" style=\"--awb-text-color:var(--awb-color7);--awb-margin-top:10px;--awb-margin-right:5px;--awb-margin-bottom:10px;--awb-margin-left:5px;--awb-margin-top-small:16px;--awb-margin-right-small:0px;--awb-margin-bottom-small:10px;--awb-margin-left-small:0px;--awb-link-color:var(--awb-color7);--awb-font-size:16px;\"><p class=\"fusion-title-heading title-heading-center title-heading-tag fusion-responsive-typography-calculated\" style=\"margin:0;font-size:1em;--fontSize:16;--minFontSize:16;line-height:1.6;\"><a href=\"https:\/\/www.choral-events.com\/es\/chorales\/ensemble-amabile\/\" class=\"awb-custom-text-color awb-custom-text-hover-color\" target=\"_self\">Ensemble Amabile<\/a><\/p><\/div><div class=\"fusion-separator\" style=\"align-self: center;margin-left: auto;margin-right: auto;flex-grow:10;margin-top:5px;margin-bottom:10px;width:100%;max-width:70px;\"><div class=\"fusion-separator-border sep-single sep-solid\" style=\"--awb-height:20px;--awb-amount:20px;border-color:var(--awb-color2);border-top-width:1px;\"><\/div><\/div><div class=\"fusion-text fusion-text-62\" style=\"--awb-content-alignment:center;--awb-text-transform:capitalize;--awb-text-color:var(--awb-color4);\"><p>France<\/p>\n<\/div><\/div><\/li>\n<li class=\"fusion-layout-column fusion_builder_column fusion-builder-column-63 fusion-flex-column fusion-animated post-card fusion-grid-column fusion-post-cards-grid-column 2025 suiza fusion-animated\" style=\"--awb-padding-bottom:5px;--awb-overflow:hidden;--awb-bg-color:var(--awb-color1);--awb-bg-color-hover:var(--awb-custom_color_2);--awb-bg-size:cover;--awb-box-shadow:0px 0px 24px hsla(var(--awb-color7-h),var(--awb-color7-s),var(--awb-color7-l),calc(var(--awb-color7-a) - 40%));;--awb-border-color:var(--awb-color4);--awb-border-color-hover:var(--awb-color7);--awb-border-top:1px;--awb-border-right:1px;--awb-border-bottom:1px;--awb-border-left:1px;--awb-border-style:solid;--awb-border-radius:6px 6px 6px 6px;--awb-flex-grow:0;--awb-flex-shrink:0;--awb-flex-grow-medium:0;--awb-flex-shrink-medium:0;--awb-flex-grow-small:0;--awb-flex-shrink-small:0;\" data-animationType=\"fadeIn\" data-animationDuration=\"1.3\" data-animationOffset=\"top-into-view\"><div class=\"fusion-column-wrapper fusion-column-has-shadow fusion-flex-justify-content-flex-start fusion-content-layout-column\"><div class=\"fusion-image-element \" style=\"--awb-aspect-ratio:16 \/ 9;--awb-margin-bottom:10px;--awb-caption-title-font-family:var(--h2_typography-font-family);--awb-caption-title-font-weight:var(--h2_typography-font-weight);--awb-caption-title-font-style:var(--h2_typography-font-style);--awb-caption-title-size:var(--h2_typography-font-size);--awb-caption-title-transform:var(--h2_typography-text-transform);--awb-caption-title-line-height:var(--h2_typography-line-height);--awb-caption-title-letter-spacing:var(--h2_typography-letter-spacing);\"><span class=\" fusion-imageframe imageframe-none imageframe-62 hover-type-none has-aspect-ratio\"><a class=\"fusion-no-lightbox\" href=\"https:\/\/www.choral-events.com\/es\/chorales\/ensemble-noctuor\/\" target=\"_self\" aria-label=\"Ensemble Noctuor\"><img decoding=\"async\" width=\"2560\" height=\"1441\" src=\"https:\/\/www.choral-events.com\/wp-content\/uploads\/2025\/03\/EXC01939-scaled-1.jpg\" class=\"img-responsive wp-image-49401 img-with-aspect-ratio\" data-parent-fit=\"cover\" data-parent-container=\".fusion-image-element\" alt srcset=\"https:\/\/www.choral-events.com\/wp-content\/uploads\/2025\/03\/EXC01939-scaled-1-200x113.jpg 200w, https:\/\/www.choral-events.com\/wp-content\/uploads\/2025\/03\/EXC01939-scaled-1-400x225.jpg 400w, https:\/\/www.choral-events.com\/wp-content\/uploads\/2025\/03\/EXC01939-scaled-1-600x338.jpg 600w, https:\/\/www.choral-events.com\/wp-content\/uploads\/2025\/03\/EXC01939-scaled-1-800x450.jpg 800w, https:\/\/www.choral-events.com\/wp-content\/uploads\/2025\/03\/EXC01939-scaled-1-1200x675.jpg 1200w, https:\/\/www.choral-events.com\/wp-content\/uploads\/2025\/03\/EXC01939-scaled-1.jpg 2560w\" sizes=\"(max-width: 1024px) 100vw, (max-width: 640px) 100vw, 2560px\" \/><\/a><\/span><\/div><div class=\"fusion-title title fusion-title-64 fusion-sep-none fusion-title-center fusion-title-text fusion-title-size-paragraph\" style=\"--awb-text-color:var(--awb-color7);--awb-margin-top:10px;--awb-margin-right:5px;--awb-margin-bottom:10px;--awb-margin-left:5px;--awb-margin-top-small:16px;--awb-margin-right-small:0px;--awb-margin-bottom-small:10px;--awb-margin-left-small:0px;--awb-link-color:var(--awb-color7);--awb-font-size:16px;\"><p class=\"fusion-title-heading title-heading-center title-heading-tag fusion-responsive-typography-calculated\" style=\"margin:0;font-size:1em;--fontSize:16;--minFontSize:16;line-height:1.6;\"><a href=\"https:\/\/www.choral-events.com\/es\/chorales\/ensemble-noctuor\/\" class=\"awb-custom-text-color awb-custom-text-hover-color\" target=\"_self\">Ensemble Noctuor<\/a><\/p><\/div><div class=\"fusion-separator\" style=\"align-self: center;margin-left: auto;margin-right: auto;flex-grow:10;margin-top:5px;margin-bottom:10px;width:100%;max-width:70px;\"><div class=\"fusion-separator-border sep-single sep-solid\" style=\"--awb-height:20px;--awb-amount:20px;border-color:var(--awb-color2);border-top-width:1px;\"><\/div><\/div><div class=\"fusion-text fusion-text-63\" style=\"--awb-content-alignment:center;--awb-text-transform:capitalize;--awb-text-color:var(--awb-color4);\"><p>Suiza<\/p>\n<\/div><\/div><\/li>\n<li class=\"fusion-layout-column fusion_builder_column fusion-builder-column-64 fusion-flex-column fusion-animated post-card fusion-grid-column fusion-post-cards-grid-column 2025 francia fusion-animated\" style=\"--awb-padding-bottom:5px;--awb-overflow:hidden;--awb-bg-color:var(--awb-color1);--awb-bg-color-hover:var(--awb-custom_color_2);--awb-bg-size:cover;--awb-box-shadow:0px 0px 24px hsla(var(--awb-color7-h),var(--awb-color7-s),var(--awb-color7-l),calc(var(--awb-color7-a) - 40%));;--awb-border-color:var(--awb-color4);--awb-border-color-hover:var(--awb-color7);--awb-border-top:1px;--awb-border-right:1px;--awb-border-bottom:1px;--awb-border-left:1px;--awb-border-style:solid;--awb-border-radius:6px 6px 6px 6px;--awb-flex-grow:0;--awb-flex-shrink:0;--awb-flex-grow-medium:0;--awb-flex-shrink-medium:0;--awb-flex-grow-small:0;--awb-flex-shrink-small:0;\" data-animationType=\"fadeIn\" data-animationDuration=\"1.3\" data-animationOffset=\"top-into-view\"><div class=\"fusion-column-wrapper fusion-column-has-shadow fusion-flex-justify-content-flex-start fusion-content-layout-column\"><div class=\"fusion-image-element \" style=\"--awb-aspect-ratio:16 \/ 9;--awb-margin-bottom:10px;--awb-caption-title-font-family:var(--h2_typography-font-family);--awb-caption-title-font-weight:var(--h2_typography-font-weight);--awb-caption-title-font-style:var(--h2_typography-font-style);--awb-caption-title-size:var(--h2_typography-font-size);--awb-caption-title-transform:var(--h2_typography-text-transform);--awb-caption-title-line-height:var(--h2_typography-line-height);--awb-caption-title-letter-spacing:var(--h2_typography-letter-spacing);\"><span class=\" fusion-imageframe imageframe-none imageframe-63 hover-type-none has-aspect-ratio\"><a class=\"fusion-no-lightbox\" href=\"https:\/\/www.choral-events.com\/es\/chorales\/ensemble-vocal-cantabile\/\" target=\"_self\" aria-label=\"Ensemble Vocal Cantabile\"><img decoding=\"async\" width=\"1280\" height=\"597\" alt=\"Ensemble Vocal Cantabile\" src=\"https:\/\/www.choral-events.com\/wp-content\/uploads\/2025\/02\/2-1.jpeg\" class=\"img-responsive wp-image-49274 img-with-aspect-ratio\" data-parent-fit=\"cover\" data-parent-container=\".fusion-image-element\" srcset=\"https:\/\/www.choral-events.com\/wp-content\/uploads\/2025\/02\/2-1-200x93.jpeg 200w, https:\/\/www.choral-events.com\/wp-content\/uploads\/2025\/02\/2-1-400x187.jpeg 400w, https:\/\/www.choral-events.com\/wp-content\/uploads\/2025\/02\/2-1-600x280.jpeg 600w, https:\/\/www.choral-events.com\/wp-content\/uploads\/2025\/02\/2-1-800x373.jpeg 800w, https:\/\/www.choral-events.com\/wp-content\/uploads\/2025\/02\/2-1-1200x560.jpeg 1200w, https:\/\/www.choral-events.com\/wp-content\/uploads\/2025\/02\/2-1.jpeg 1280w\" sizes=\"(max-width: 1024px) 100vw, (max-width: 640px) 100vw, 1280px\" \/><\/a><\/span><\/div><div class=\"fusion-title title fusion-title-65 fusion-sep-none fusion-title-center fusion-title-text fusion-title-size-paragraph\" style=\"--awb-text-color:var(--awb-color7);--awb-margin-top:10px;--awb-margin-right:5px;--awb-margin-bottom:10px;--awb-margin-left:5px;--awb-margin-top-small:16px;--awb-margin-right-small:0px;--awb-margin-bottom-small:10px;--awb-margin-left-small:0px;--awb-link-color:var(--awb-color7);--awb-font-size:16px;\"><p class=\"fusion-title-heading title-heading-center title-heading-tag fusion-responsive-typography-calculated\" style=\"margin:0;font-size:1em;--fontSize:16;--minFontSize:16;line-height:1.6;\"><a href=\"https:\/\/www.choral-events.com\/es\/chorales\/ensemble-vocal-cantabile\/\" class=\"awb-custom-text-color awb-custom-text-hover-color\" target=\"_self\">Ensemble Vocal Cantabile<\/a><\/p><\/div><div class=\"fusion-separator\" style=\"align-self: center;margin-left: auto;margin-right: auto;flex-grow:10;margin-top:5px;margin-bottom:10px;width:100%;max-width:70px;\"><div class=\"fusion-separator-border sep-single sep-solid\" style=\"--awb-height:20px;--awb-amount:20px;border-color:var(--awb-color2);border-top-width:1px;\"><\/div><\/div><div class=\"fusion-text fusion-text-64\" style=\"--awb-content-alignment:center;--awb-text-transform:capitalize;--awb-text-color:var(--awb-color4);\"><p>Francia<\/p>\n<\/div><\/div><\/li>\n<li class=\"fusion-layout-column fusion_builder_column fusion-builder-column-65 fusion-flex-column fusion-animated post-card fusion-grid-column fusion-post-cards-grid-column 2020 france fusion-animated\" style=\"--awb-padding-bottom:5px;--awb-overflow:hidden;--awb-bg-color:var(--awb-color1);--awb-bg-color-hover:var(--awb-custom_color_2);--awb-bg-size:cover;--awb-box-shadow:0px 0px 24px hsla(var(--awb-color7-h),var(--awb-color7-s),var(--awb-color7-l),calc(var(--awb-color7-a) - 40%));;--awb-border-color:var(--awb-color4);--awb-border-color-hover:var(--awb-color7);--awb-border-top:1px;--awb-border-right:1px;--awb-border-bottom:1px;--awb-border-left:1px;--awb-border-style:solid;--awb-border-radius:6px 6px 6px 6px;--awb-flex-grow:0;--awb-flex-shrink:0;--awb-flex-grow-medium:0;--awb-flex-shrink-medium:0;--awb-flex-grow-small:0;--awb-flex-shrink-small:0;\" data-animationType=\"fadeIn\" data-animationDuration=\"1.3\" data-animationOffset=\"top-into-view\"><div class=\"fusion-column-wrapper fusion-column-has-shadow fusion-flex-justify-content-flex-start fusion-content-layout-column\"><div class=\"fusion-image-element \" style=\"--awb-aspect-ratio:16 \/ 9;--awb-margin-bottom:10px;--awb-caption-title-font-family:var(--h2_typography-font-family);--awb-caption-title-font-weight:var(--h2_typography-font-weight);--awb-caption-title-font-style:var(--h2_typography-font-style);--awb-caption-title-size:var(--h2_typography-font-size);--awb-caption-title-transform:var(--h2_typography-text-transform);--awb-caption-title-line-height:var(--h2_typography-line-height);--awb-caption-title-letter-spacing:var(--h2_typography-letter-spacing);\"><span class=\" fusion-imageframe imageframe-none imageframe-64 hover-type-none has-aspect-ratio\"><a class=\"fusion-no-lightbox\" href=\"https:\/\/www.choral-events.com\/es\/chorales\/ensemble-vocal-de-boischaut\/\" target=\"_self\" aria-label=\"Ens-Voc-Boischaut-foto-p\u00e1gina-web-2-1\"><img decoding=\"async\" width=\"550\" height=\"350\" src=\"https:\/\/www.choral-events.com\/wp-content\/uploads\/2026\/03\/Ens-Voc-Boischaut-photo-page-web-2-1.png\" class=\"img-responsive wp-image-51852 img-with-aspect-ratio\" data-parent-fit=\"cover\" data-parent-container=\".fusion-image-element\" alt srcset=\"https:\/\/www.choral-events.com\/wp-content\/uploads\/2026\/03\/Ens-Voc-Boischaut-photo-page-web-2-1-200x127.png 200w, https:\/\/www.choral-events.com\/wp-content\/uploads\/2026\/03\/Ens-Voc-Boischaut-photo-page-web-2-1-400x255.png 400w, https:\/\/www.choral-events.com\/wp-content\/uploads\/2026\/03\/Ens-Voc-Boischaut-photo-page-web-2-1.png 550w\" sizes=\"(max-width: 1024px) 100vw, (max-width: 640px) 100vw, 550px\" \/><\/a><\/span><\/div><div class=\"fusion-title title fusion-title-66 fusion-sep-none fusion-title-center fusion-title-text fusion-title-size-paragraph\" style=\"--awb-text-color:var(--awb-color7);--awb-margin-top:10px;--awb-margin-right:5px;--awb-margin-bottom:10px;--awb-margin-left:5px;--awb-margin-top-small:16px;--awb-margin-right-small:0px;--awb-margin-bottom-small:10px;--awb-margin-left-small:0px;--awb-link-color:var(--awb-color7);--awb-font-size:16px;\"><p class=\"fusion-title-heading title-heading-center title-heading-tag fusion-responsive-typography-calculated\" style=\"margin:0;font-size:1em;--fontSize:16;--minFontSize:16;line-height:1.6;\"><a href=\"https:\/\/www.choral-events.com\/es\/chorales\/ensemble-vocal-de-boischaut\/\" class=\"awb-custom-text-color awb-custom-text-hover-color\" target=\"_self\">Ensemble vocal de Boischaut<\/a><\/p><\/div><div class=\"fusion-separator\" style=\"align-self: center;margin-left: auto;margin-right: auto;flex-grow:10;margin-top:5px;margin-bottom:10px;width:100%;max-width:70px;\"><div class=\"fusion-separator-border sep-single sep-solid\" style=\"--awb-height:20px;--awb-amount:20px;border-color:var(--awb-color2);border-top-width:1px;\"><\/div><\/div><div class=\"fusion-text fusion-text-65\" style=\"--awb-content-alignment:center;--awb-text-transform:capitalize;--awb-text-color:var(--awb-color4);\"><p>France<\/p>\n<\/div><\/div><\/li>\n<li class=\"fusion-layout-column fusion_builder_column fusion-builder-column-66 fusion-flex-column fusion-animated post-card fusion-grid-column fusion-post-cards-grid-column 2020 france fusion-animated\" style=\"--awb-padding-bottom:5px;--awb-overflow:hidden;--awb-bg-color:var(--awb-color1);--awb-bg-color-hover:var(--awb-custom_color_2);--awb-bg-size:cover;--awb-box-shadow:0px 0px 24px hsla(var(--awb-color7-h),var(--awb-color7-s),var(--awb-color7-l),calc(var(--awb-color7-a) - 40%));;--awb-border-color:var(--awb-color4);--awb-border-color-hover:var(--awb-color7);--awb-border-top:1px;--awb-border-right:1px;--awb-border-bottom:1px;--awb-border-left:1px;--awb-border-style:solid;--awb-border-radius:6px 6px 6px 6px;--awb-flex-grow:0;--awb-flex-shrink:0;--awb-flex-grow-medium:0;--awb-flex-shrink-medium:0;--awb-flex-grow-small:0;--awb-flex-shrink-small:0;\" data-animationType=\"fadeIn\" data-animationDuration=\"1.3\" data-animationOffset=\"top-into-view\"><div class=\"fusion-column-wrapper fusion-column-has-shadow fusion-flex-justify-content-flex-start fusion-content-layout-column\"><div class=\"fusion-image-element \" style=\"--awb-aspect-ratio:16 \/ 9;--awb-margin-bottom:10px;--awb-caption-title-font-family:var(--h2_typography-font-family);--awb-caption-title-font-weight:var(--h2_typography-font-weight);--awb-caption-title-font-style:var(--h2_typography-font-style);--awb-caption-title-size:var(--h2_typography-font-size);--awb-caption-title-transform:var(--h2_typography-text-transform);--awb-caption-title-line-height:var(--h2_typography-line-height);--awb-caption-title-letter-spacing:var(--h2_typography-letter-spacing);\"><span class=\" fusion-imageframe imageframe-none imageframe-65 hover-type-none has-aspect-ratio\"><a class=\"fusion-no-lightbox\" href=\"https:\/\/www.choral-events.com\/es\/chorales\/ensemble-vocal-ephemere\/\" target=\"_self\" aria-label=\"Ef\u00edmera-foto-p\u00e1gina-web-3\"><img decoding=\"async\" width=\"550\" height=\"350\" src=\"https:\/\/www.choral-events.com\/wp-content\/uploads\/2026\/03\/Ephemere-photo-page-web-3.png\" class=\"img-responsive wp-image-51856 img-with-aspect-ratio\" data-parent-fit=\"cover\" data-parent-container=\".fusion-image-element\" alt srcset=\"https:\/\/www.choral-events.com\/wp-content\/uploads\/2026\/03\/Ephemere-photo-page-web-3-200x127.png 200w, https:\/\/www.choral-events.com\/wp-content\/uploads\/2026\/03\/Ephemere-photo-page-web-3-400x255.png 400w, https:\/\/www.choral-events.com\/wp-content\/uploads\/2026\/03\/Ephemere-photo-page-web-3.png 550w\" sizes=\"(max-width: 1024px) 100vw, (max-width: 640px) 100vw, 550px\" \/><\/a><\/span><\/div><div class=\"fusion-title title fusion-title-67 fusion-sep-none fusion-title-center fusion-title-text fusion-title-size-paragraph\" style=\"--awb-text-color:var(--awb-color7);--awb-margin-top:10px;--awb-margin-right:5px;--awb-margin-bottom:10px;--awb-margin-left:5px;--awb-margin-top-small:16px;--awb-margin-right-small:0px;--awb-margin-bottom-small:10px;--awb-margin-left-small:0px;--awb-link-color:var(--awb-color7);--awb-font-size:16px;\"><p class=\"fusion-title-heading title-heading-center title-heading-tag fusion-responsive-typography-calculated\" style=\"margin:0;font-size:1em;--fontSize:16;--minFontSize:16;line-height:1.6;\"><a href=\"https:\/\/www.choral-events.com\/es\/chorales\/ensemble-vocal-ephemere\/\" class=\"awb-custom-text-color awb-custom-text-hover-color\" target=\"_self\">Ensemble vocal Eph\u00e9m\u00e8re<\/a><\/p><\/div><div class=\"fusion-separator\" style=\"align-self: center;margin-left: auto;margin-right: auto;flex-grow:10;margin-top:5px;margin-bottom:10px;width:100%;max-width:70px;\"><div class=\"fusion-separator-border sep-single sep-solid\" style=\"--awb-height:20px;--awb-amount:20px;border-color:var(--awb-color2);border-top-width:1px;\"><\/div><\/div><div class=\"fusion-text fusion-text-66\" style=\"--awb-content-alignment:center;--awb-text-transform:capitalize;--awb-text-color:var(--awb-color4);\"><p>France<\/p>\n<\/div><\/div><\/li>\n<li class=\"fusion-layout-column fusion_builder_column fusion-builder-column-67 fusion-flex-column fusion-animated post-card fusion-grid-column fusion-post-cards-grid-column 2019 quebec fusion-animated\" style=\"--awb-padding-bottom:5px;--awb-overflow:hidden;--awb-bg-color:var(--awb-color1);--awb-bg-color-hover:var(--awb-custom_color_2);--awb-bg-size:cover;--awb-box-shadow:0px 0px 24px hsla(var(--awb-color7-h),var(--awb-color7-s),var(--awb-color7-l),calc(var(--awb-color7-a) - 40%));;--awb-border-color:var(--awb-color4);--awb-border-color-hover:var(--awb-color7);--awb-border-top:1px;--awb-border-right:1px;--awb-border-bottom:1px;--awb-border-left:1px;--awb-border-style:solid;--awb-border-radius:6px 6px 6px 6px;--awb-flex-grow:0;--awb-flex-shrink:0;--awb-flex-grow-medium:0;--awb-flex-shrink-medium:0;--awb-flex-grow-small:0;--awb-flex-shrink-small:0;\" data-animationType=\"fadeIn\" data-animationDuration=\"1.3\" data-animationOffset=\"top-into-view\"><div class=\"fusion-column-wrapper fusion-column-has-shadow fusion-flex-justify-content-flex-start fusion-content-layout-column\"><div class=\"fusion-image-element \" style=\"--awb-aspect-ratio:16 \/ 9;--awb-margin-bottom:10px;--awb-caption-title-font-family:var(--h2_typography-font-family);--awb-caption-title-font-weight:var(--h2_typography-font-weight);--awb-caption-title-font-style:var(--h2_typography-font-style);--awb-caption-title-size:var(--h2_typography-font-size);--awb-caption-title-transform:var(--h2_typography-text-transform);--awb-caption-title-line-height:var(--h2_typography-line-height);--awb-caption-title-letter-spacing:var(--h2_typography-letter-spacing);\"><span class=\" fusion-imageframe imageframe-none imageframe-66 hover-type-none has-aspect-ratio\"><a class=\"fusion-no-lightbox\" href=\"https:\/\/www.choral-events.com\/es\/chorales\/ensemble-vocal-via-voce\/\" target=\"_self\"><img decoding=\"async\" src=\"https:\/\/www.choral-events.eskale.fr\/wp-content\/uploads\/2026\/02\/Chorales-2022.jpg\" class=\"img-responsive img-with-aspect-ratio\" data-parent-fit=\"cover\" data-parent-container=\".fusion-image-element\" alt \/><\/a><\/span><\/div><div class=\"fusion-title title fusion-title-68 fusion-sep-none fusion-title-center fusion-title-text fusion-title-size-paragraph\" style=\"--awb-text-color:var(--awb-color7);--awb-margin-top:10px;--awb-margin-right:5px;--awb-margin-bottom:10px;--awb-margin-left:5px;--awb-margin-top-small:16px;--awb-margin-right-small:0px;--awb-margin-bottom-small:10px;--awb-margin-left-small:0px;--awb-link-color:var(--awb-color7);--awb-font-size:16px;\"><p class=\"fusion-title-heading title-heading-center title-heading-tag fusion-responsive-typography-calculated\" style=\"margin:0;font-size:1em;--fontSize:16;--minFontSize:16;line-height:1.6;\"><a href=\"https:\/\/www.choral-events.com\/es\/chorales\/ensemble-vocal-via-voce\/\" class=\"awb-custom-text-color awb-custom-text-hover-color\" target=\"_self\">Ensemble Vocal Via Voce<\/a><\/p><\/div><div class=\"fusion-separator\" style=\"align-self: center;margin-left: auto;margin-right: auto;flex-grow:10;margin-top:5px;margin-bottom:10px;width:100%;max-width:70px;\"><div class=\"fusion-separator-border sep-single sep-solid\" style=\"--awb-height:20px;--awb-amount:20px;border-color:var(--awb-color2);border-top-width:1px;\"><\/div><\/div><div class=\"fusion-text fusion-text-67\" style=\"--awb-content-alignment:center;--awb-text-transform:capitalize;--awb-text-color:var(--awb-color4);\"><p>Qu\u00e9bec<\/p>\n<\/div><\/div><\/li>\n<li class=\"fusion-layout-column fusion_builder_column fusion-builder-column-68 fusion-flex-column fusion-animated post-card fusion-grid-column fusion-post-cards-grid-column 2019 france fusion-animated\" style=\"--awb-padding-bottom:5px;--awb-overflow:hidden;--awb-bg-color:var(--awb-color1);--awb-bg-color-hover:var(--awb-custom_color_2);--awb-bg-size:cover;--awb-box-shadow:0px 0px 24px hsla(var(--awb-color7-h),var(--awb-color7-s),var(--awb-color7-l),calc(var(--awb-color7-a) - 40%));;--awb-border-color:var(--awb-color4);--awb-border-color-hover:var(--awb-color7);--awb-border-top:1px;--awb-border-right:1px;--awb-border-bottom:1px;--awb-border-left:1px;--awb-border-style:solid;--awb-border-radius:6px 6px 6px 6px;--awb-flex-grow:0;--awb-flex-shrink:0;--awb-flex-grow-medium:0;--awb-flex-shrink-medium:0;--awb-flex-grow-small:0;--awb-flex-shrink-small:0;\" data-animationType=\"fadeIn\" data-animationDuration=\"1.3\" data-animationOffset=\"top-into-view\"><div class=\"fusion-column-wrapper fusion-column-has-shadow fusion-flex-justify-content-flex-start fusion-content-layout-column\"><div class=\"fusion-image-element \" style=\"--awb-aspect-ratio:16 \/ 9;--awb-margin-bottom:10px;--awb-caption-title-font-family:var(--h2_typography-font-family);--awb-caption-title-font-weight:var(--h2_typography-font-weight);--awb-caption-title-font-style:var(--h2_typography-font-style);--awb-caption-title-size:var(--h2_typography-font-size);--awb-caption-title-transform:var(--h2_typography-text-transform);--awb-caption-title-line-height:var(--h2_typography-line-height);--awb-caption-title-letter-spacing:var(--h2_typography-letter-spacing);\"><span class=\" fusion-imageframe imageframe-none imageframe-67 hover-type-none has-aspect-ratio\"><a class=\"fusion-no-lightbox\" href=\"https:\/\/www.choral-events.com\/es\/chorales\/groupe-vocal-oxygene\/\" target=\"_self\"><img decoding=\"async\" src=\"https:\/\/www.choral-events.eskale.fr\/wp-content\/uploads\/2026\/02\/Chorales-2022.jpg\" class=\"img-responsive img-with-aspect-ratio\" data-parent-fit=\"cover\" data-parent-container=\".fusion-image-element\" alt \/><\/a><\/span><\/div><div class=\"fusion-title title fusion-title-69 fusion-sep-none fusion-title-center fusion-title-text fusion-title-size-paragraph\" style=\"--awb-text-color:var(--awb-color7);--awb-margin-top:10px;--awb-margin-right:5px;--awb-margin-bottom:10px;--awb-margin-left:5px;--awb-margin-top-small:16px;--awb-margin-right-small:0px;--awb-margin-bottom-small:10px;--awb-margin-left-small:0px;--awb-link-color:var(--awb-color7);--awb-font-size:16px;\"><p class=\"fusion-title-heading title-heading-center title-heading-tag fusion-responsive-typography-calculated\" style=\"margin:0;font-size:1em;--fontSize:16;--minFontSize:16;line-height:1.6;\"><a href=\"https:\/\/www.choral-events.com\/es\/chorales\/groupe-vocal-oxygene\/\" class=\"awb-custom-text-color awb-custom-text-hover-color\" target=\"_self\">Groupe Vocal Oxyg\u00e8ne<\/a><\/p><\/div><div class=\"fusion-separator\" style=\"align-self: center;margin-left: auto;margin-right: auto;flex-grow:10;margin-top:5px;margin-bottom:10px;width:100%;max-width:70px;\"><div class=\"fusion-separator-border sep-single sep-solid\" style=\"--awb-height:20px;--awb-amount:20px;border-color:var(--awb-color2);border-top-width:1px;\"><\/div><\/div><div class=\"fusion-text fusion-text-68\" style=\"--awb-content-alignment:center;--awb-text-transform:capitalize;--awb-text-color:var(--awb-color4);\"><p>France<\/p>\n<\/div><\/div><\/li>\n<li class=\"fusion-layout-column fusion_builder_column fusion-builder-column-69 fusion-flex-column fusion-animated post-card fusion-grid-column fusion-post-cards-grid-column 2020 france fusion-animated\" style=\"--awb-padding-bottom:5px;--awb-overflow:hidden;--awb-bg-color:var(--awb-color1);--awb-bg-color-hover:var(--awb-custom_color_2);--awb-bg-size:cover;--awb-box-shadow:0px 0px 24px hsla(var(--awb-color7-h),var(--awb-color7-s),var(--awb-color7-l),calc(var(--awb-color7-a) - 40%));;--awb-border-color:var(--awb-color4);--awb-border-color-hover:var(--awb-color7);--awb-border-top:1px;--awb-border-right:1px;--awb-border-bottom:1px;--awb-border-left:1px;--awb-border-style:solid;--awb-border-radius:6px 6px 6px 6px;--awb-flex-grow:0;--awb-flex-shrink:0;--awb-flex-grow-medium:0;--awb-flex-shrink-medium:0;--awb-flex-grow-small:0;--awb-flex-shrink-small:0;\" data-animationType=\"fadeIn\" data-animationDuration=\"1.3\" data-animationOffset=\"top-into-view\"><div class=\"fusion-column-wrapper fusion-column-has-shadow fusion-flex-justify-content-flex-start fusion-content-layout-column\"><div class=\"fusion-image-element \" style=\"--awb-aspect-ratio:16 \/ 9;--awb-margin-bottom:10px;--awb-caption-title-font-family:var(--h2_typography-font-family);--awb-caption-title-font-weight:var(--h2_typography-font-weight);--awb-caption-title-font-style:var(--h2_typography-font-style);--awb-caption-title-size:var(--h2_typography-font-size);--awb-caption-title-transform:var(--h2_typography-text-transform);--awb-caption-title-line-height:var(--h2_typography-line-height);--awb-caption-title-letter-spacing:var(--h2_typography-letter-spacing);\"><span class=\" fusion-imageframe imageframe-none imageframe-68 hover-type-none has-aspect-ratio\"><a class=\"fusion-no-lightbox\" href=\"https:\/\/www.choral-events.com\/es\/chorales\/happy-vibes\/\" target=\"_self\" aria-label=\"Happy-Vibes-Foto-sitio-web-1\"><img decoding=\"async\" width=\"550\" height=\"350\" src=\"https:\/\/www.choral-events.com\/wp-content\/uploads\/2026\/03\/Happy-Vibes-Photo-site-web-1.png\" class=\"img-responsive wp-image-51860 img-with-aspect-ratio\" data-parent-fit=\"cover\" data-parent-container=\".fusion-image-element\" alt srcset=\"https:\/\/www.choral-events.com\/wp-content\/uploads\/2026\/03\/Happy-Vibes-Photo-site-web-1-200x127.png 200w, https:\/\/www.choral-events.com\/wp-content\/uploads\/2026\/03\/Happy-Vibes-Photo-site-web-1-400x255.png 400w, https:\/\/www.choral-events.com\/wp-content\/uploads\/2026\/03\/Happy-Vibes-Photo-site-web-1.png 550w\" sizes=\"(max-width: 1024px) 100vw, (max-width: 640px) 100vw, 550px\" \/><\/a><\/span><\/div><div class=\"fusion-title title fusion-title-70 fusion-sep-none fusion-title-center fusion-title-text fusion-title-size-paragraph\" style=\"--awb-text-color:var(--awb-color7);--awb-margin-top:10px;--awb-margin-right:5px;--awb-margin-bottom:10px;--awb-margin-left:5px;--awb-margin-top-small:16px;--awb-margin-right-small:0px;--awb-margin-bottom-small:10px;--awb-margin-left-small:0px;--awb-link-color:var(--awb-color7);--awb-font-size:16px;\"><p class=\"fusion-title-heading title-heading-center title-heading-tag fusion-responsive-typography-calculated\" style=\"margin:0;font-size:1em;--fontSize:16;--minFontSize:16;line-height:1.6;\"><a href=\"https:\/\/www.choral-events.com\/es\/chorales\/happy-vibes\/\" class=\"awb-custom-text-color awb-custom-text-hover-color\" target=\"_self\">Happy Vibes<\/a><\/p><\/div><div class=\"fusion-separator\" style=\"align-self: center;margin-left: auto;margin-right: auto;flex-grow:10;margin-top:5px;margin-bottom:10px;width:100%;max-width:70px;\"><div class=\"fusion-separator-border sep-single sep-solid\" style=\"--awb-height:20px;--awb-amount:20px;border-color:var(--awb-color2);border-top-width:1px;\"><\/div><\/div><div class=\"fusion-text fusion-text-69\" style=\"--awb-content-alignment:center;--awb-text-transform:capitalize;--awb-text-color:var(--awb-color4);\"><p>France<\/p>\n<\/div><\/div><\/li>\n<li class=\"fusion-layout-column fusion_builder_column fusion-builder-column-70 fusion-flex-column fusion-animated post-card fusion-grid-column fusion-post-cards-grid-column 2025 italia fusion-animated\" style=\"--awb-padding-bottom:5px;--awb-overflow:hidden;--awb-bg-color:var(--awb-color1);--awb-bg-color-hover:var(--awb-custom_color_2);--awb-bg-size:cover;--awb-box-shadow:0px 0px 24px hsla(var(--awb-color7-h),var(--awb-color7-s),var(--awb-color7-l),calc(var(--awb-color7-a) - 40%));;--awb-border-color:var(--awb-color4);--awb-border-color-hover:var(--awb-color7);--awb-border-top:1px;--awb-border-right:1px;--awb-border-bottom:1px;--awb-border-left:1px;--awb-border-style:solid;--awb-border-radius:6px 6px 6px 6px;--awb-flex-grow:0;--awb-flex-shrink:0;--awb-flex-grow-medium:0;--awb-flex-shrink-medium:0;--awb-flex-grow-small:0;--awb-flex-shrink-small:0;\" data-animationType=\"fadeIn\" data-animationDuration=\"1.3\" data-animationOffset=\"top-into-view\"><div class=\"fusion-column-wrapper fusion-column-has-shadow fusion-flex-justify-content-flex-start fusion-content-layout-column\"><div class=\"fusion-image-element \" style=\"--awb-aspect-ratio:16 \/ 9;--awb-margin-bottom:10px;--awb-caption-title-font-family:var(--h2_typography-font-family);--awb-caption-title-font-weight:var(--h2_typography-font-weight);--awb-caption-title-font-style:var(--h2_typography-font-style);--awb-caption-title-size:var(--h2_typography-font-size);--awb-caption-title-transform:var(--h2_typography-text-transform);--awb-caption-title-line-height:var(--h2_typography-line-height);--awb-caption-title-letter-spacing:var(--h2_typography-letter-spacing);\"><span class=\" fusion-imageframe imageframe-none imageframe-69 hover-type-none has-aspect-ratio\"><a class=\"fusion-no-lightbox\" href=\"https:\/\/www.choral-events.com\/es\/chorales\/il-calicanto\/\" target=\"_self\" aria-label=\"Il Calicanto\"><img decoding=\"async\" width=\"2000\" height=\"1334\" alt=\"Il Calicanto\" src=\"https:\/\/www.choral-events.com\/wp-content\/uploads\/2025\/04\/Il-Calicanto3.jpg\" class=\"img-responsive wp-image-49278 img-with-aspect-ratio\" data-parent-fit=\"cover\" data-parent-container=\".fusion-image-element\" srcset=\"https:\/\/www.choral-events.com\/wp-content\/uploads\/2025\/04\/Il-Calicanto3-200x133.jpg 200w, https:\/\/www.choral-events.com\/wp-content\/uploads\/2025\/04\/Il-Calicanto3-400x267.jpg 400w, https:\/\/www.choral-events.com\/wp-content\/uploads\/2025\/04\/Il-Calicanto3-600x400.jpg 600w, https:\/\/www.choral-events.com\/wp-content\/uploads\/2025\/04\/Il-Calicanto3-800x534.jpg 800w, https:\/\/www.choral-events.com\/wp-content\/uploads\/2025\/04\/Il-Calicanto3-1200x800.jpg 1200w, https:\/\/www.choral-events.com\/wp-content\/uploads\/2025\/04\/Il-Calicanto3.jpg 2000w\" sizes=\"(max-width: 1024px) 100vw, (max-width: 640px) 100vw, 2000px\" \/><\/a><\/span><\/div><div class=\"fusion-title title fusion-title-71 fusion-sep-none fusion-title-center fusion-title-text fusion-title-size-paragraph\" style=\"--awb-text-color:var(--awb-color7);--awb-margin-top:10px;--awb-margin-right:5px;--awb-margin-bottom:10px;--awb-margin-left:5px;--awb-margin-top-small:16px;--awb-margin-right-small:0px;--awb-margin-bottom-small:10px;--awb-margin-left-small:0px;--awb-link-color:var(--awb-color7);--awb-font-size:16px;\"><p class=\"fusion-title-heading title-heading-center title-heading-tag fusion-responsive-typography-calculated\" style=\"margin:0;font-size:1em;--fontSize:16;--minFontSize:16;line-height:1.6;\"><a href=\"https:\/\/www.choral-events.com\/es\/chorales\/il-calicanto\/\" class=\"awb-custom-text-color awb-custom-text-hover-color\" target=\"_self\">Il Calicanto<\/a><\/p><\/div><div class=\"fusion-separator\" style=\"align-self: center;margin-left: auto;margin-right: auto;flex-grow:10;margin-top:5px;margin-bottom:10px;width:100%;max-width:70px;\"><div class=\"fusion-separator-border sep-single sep-solid\" style=\"--awb-height:20px;--awb-amount:20px;border-color:var(--awb-color2);border-top-width:1px;\"><\/div><\/div><div class=\"fusion-text fusion-text-70\" style=\"--awb-content-alignment:center;--awb-text-transform:capitalize;--awb-text-color:var(--awb-color4);\"><p>Italia<\/p>\n<\/div><\/div><\/li>\n<li class=\"fusion-layout-column fusion_builder_column fusion-builder-column-71 fusion-flex-column fusion-animated post-card fusion-grid-column fusion-post-cards-grid-column 2025 luxemburgo fusion-animated\" style=\"--awb-padding-bottom:5px;--awb-overflow:hidden;--awb-bg-color:var(--awb-color1);--awb-bg-color-hover:var(--awb-custom_color_2);--awb-bg-size:cover;--awb-box-shadow:0px 0px 24px hsla(var(--awb-color7-h),var(--awb-color7-s),var(--awb-color7-l),calc(var(--awb-color7-a) - 40%));;--awb-border-color:var(--awb-color4);--awb-border-color-hover:var(--awb-color7);--awb-border-top:1px;--awb-border-right:1px;--awb-border-bottom:1px;--awb-border-left:1px;--awb-border-style:solid;--awb-border-radius:6px 6px 6px 6px;--awb-flex-grow:0;--awb-flex-shrink:0;--awb-flex-grow-medium:0;--awb-flex-shrink-medium:0;--awb-flex-grow-small:0;--awb-flex-shrink-small:0;\" data-animationType=\"fadeIn\" data-animationDuration=\"1.3\" data-animationOffset=\"top-into-view\"><div class=\"fusion-column-wrapper fusion-column-has-shadow fusion-flex-justify-content-flex-start fusion-content-layout-column\"><div class=\"fusion-image-element \" style=\"--awb-aspect-ratio:16 \/ 9;--awb-margin-bottom:10px;--awb-caption-title-font-family:var(--h2_typography-font-family);--awb-caption-title-font-weight:var(--h2_typography-font-weight);--awb-caption-title-font-style:var(--h2_typography-font-style);--awb-caption-title-size:var(--h2_typography-font-size);--awb-caption-title-transform:var(--h2_typography-text-transform);--awb-caption-title-line-height:var(--h2_typography-line-height);--awb-caption-title-letter-spacing:var(--h2_typography-letter-spacing);\"><span class=\" fusion-imageframe imageframe-none imageframe-70 hover-type-none has-aspect-ratio\"><a class=\"fusion-no-lightbox\" href=\"https:\/\/www.choral-events.com\/es\/chorales\/les-amis-du-chant\/\" target=\"_self\" aria-label=\"Les Amis du Chant \u2013 Luxemburgo\"><img decoding=\"async\" width=\"1920\" height=\"1281\" alt=\"Les Amis du Chant \u2013 Luxemburgo\" src=\"https:\/\/www.choral-events.com\/wp-content\/uploads\/2025\/02\/2.webp\" class=\"img-responsive wp-image-49256 img-with-aspect-ratio\" data-parent-fit=\"cover\" data-parent-container=\".fusion-image-element\" srcset=\"https:\/\/www.choral-events.com\/wp-content\/uploads\/2025\/02\/2-200x133.webp 200w, https:\/\/www.choral-events.com\/wp-content\/uploads\/2025\/02\/2-400x267.webp 400w, https:\/\/www.choral-events.com\/wp-content\/uploads\/2025\/02\/2-600x400.webp 600w, https:\/\/www.choral-events.com\/wp-content\/uploads\/2025\/02\/2-800x534.webp 800w, https:\/\/www.choral-events.com\/wp-content\/uploads\/2025\/02\/2-1200x801.webp 1200w, https:\/\/www.choral-events.com\/wp-content\/uploads\/2025\/02\/2.webp 1920w\" sizes=\"(max-width: 1024px) 100vw, (max-width: 640px) 100vw, 1920px\" \/><\/a><\/span><\/div><div class=\"fusion-title title fusion-title-72 fusion-sep-none fusion-title-center fusion-title-text fusion-title-size-paragraph\" style=\"--awb-text-color:var(--awb-color7);--awb-margin-top:10px;--awb-margin-right:5px;--awb-margin-bottom:10px;--awb-margin-left:5px;--awb-margin-top-small:16px;--awb-margin-right-small:0px;--awb-margin-bottom-small:10px;--awb-margin-left-small:0px;--awb-link-color:var(--awb-color7);--awb-font-size:16px;\"><p class=\"fusion-title-heading title-heading-center title-heading-tag fusion-responsive-typography-calculated\" style=\"margin:0;font-size:1em;--fontSize:16;--minFontSize:16;line-height:1.6;\"><a href=\"https:\/\/www.choral-events.com\/es\/chorales\/les-amis-du-chant\/\" class=\"awb-custom-text-color awb-custom-text-hover-color\" target=\"_self\">Les Amis du Chant<\/a><\/p><\/div><div class=\"fusion-separator\" style=\"align-self: center;margin-left: auto;margin-right: auto;flex-grow:10;margin-top:5px;margin-bottom:10px;width:100%;max-width:70px;\"><div class=\"fusion-separator-border sep-single sep-solid\" style=\"--awb-height:20px;--awb-amount:20px;border-color:var(--awb-color2);border-top-width:1px;\"><\/div><\/div><div class=\"fusion-text fusion-text-71\" style=\"--awb-content-alignment:center;--awb-text-transform:capitalize;--awb-text-color:var(--awb-color4);\"><p>Luxemburgo<\/p>\n<\/div><\/div><\/li>\n<li class=\"fusion-layout-column fusion_builder_column fusion-builder-column-72 fusion-flex-column fusion-animated post-card fusion-grid-column fusion-post-cards-grid-column 2019 france fusion-animated\" style=\"--awb-padding-bottom:5px;--awb-overflow:hidden;--awb-bg-color:var(--awb-color1);--awb-bg-color-hover:var(--awb-custom_color_2);--awb-bg-size:cover;--awb-box-shadow:0px 0px 24px hsla(var(--awb-color7-h),var(--awb-color7-s),var(--awb-color7-l),calc(var(--awb-color7-a) - 40%));;--awb-border-color:var(--awb-color4);--awb-border-color-hover:var(--awb-color7);--awb-border-top:1px;--awb-border-right:1px;--awb-border-bottom:1px;--awb-border-left:1px;--awb-border-style:solid;--awb-border-radius:6px 6px 6px 6px;--awb-flex-grow:0;--awb-flex-shrink:0;--awb-flex-grow-medium:0;--awb-flex-shrink-medium:0;--awb-flex-grow-small:0;--awb-flex-shrink-small:0;\" data-animationType=\"fadeIn\" data-animationDuration=\"1.3\" data-animationOffset=\"top-into-view\"><div class=\"fusion-column-wrapper fusion-column-has-shadow fusion-flex-justify-content-flex-start fusion-content-layout-column\"><div class=\"fusion-image-element \" style=\"--awb-aspect-ratio:16 \/ 9;--awb-margin-bottom:10px;--awb-caption-title-font-family:var(--h2_typography-font-family);--awb-caption-title-font-weight:var(--h2_typography-font-weight);--awb-caption-title-font-style:var(--h2_typography-font-style);--awb-caption-title-size:var(--h2_typography-font-size);--awb-caption-title-transform:var(--h2_typography-text-transform);--awb-caption-title-line-height:var(--h2_typography-line-height);--awb-caption-title-letter-spacing:var(--h2_typography-letter-spacing);\"><span class=\" fusion-imageframe imageframe-none imageframe-71 hover-type-none has-aspect-ratio\"><a class=\"fusion-no-lightbox\" href=\"https:\/\/www.choral-events.com\/es\/chorales\/les-feles-du-vocal\/\" target=\"_self\"><img decoding=\"async\" src=\"https:\/\/www.choral-events.eskale.fr\/wp-content\/uploads\/2026\/02\/Chorales-2022.jpg\" class=\"img-responsive img-with-aspect-ratio\" data-parent-fit=\"cover\" data-parent-container=\".fusion-image-element\" alt \/><\/a><\/span><\/div><div class=\"fusion-title title fusion-title-73 fusion-sep-none fusion-title-center fusion-title-text fusion-title-size-paragraph\" style=\"--awb-text-color:var(--awb-color7);--awb-margin-top:10px;--awb-margin-right:5px;--awb-margin-bottom:10px;--awb-margin-left:5px;--awb-margin-top-small:16px;--awb-margin-right-small:0px;--awb-margin-bottom-small:10px;--awb-margin-left-small:0px;--awb-link-color:var(--awb-color7);--awb-font-size:16px;\"><p class=\"fusion-title-heading title-heading-center title-heading-tag fusion-responsive-typography-calculated\" style=\"margin:0;font-size:1em;--fontSize:16;--minFontSize:16;line-height:1.6;\"><a href=\"https:\/\/www.choral-events.com\/es\/chorales\/les-feles-du-vocal\/\" class=\"awb-custom-text-color awb-custom-text-hover-color\" target=\"_self\">Les fel\u00e9s du Vocal<\/a><\/p><\/div><div class=\"fusion-separator\" style=\"align-self: center;margin-left: auto;margin-right: auto;flex-grow:10;margin-top:5px;margin-bottom:10px;width:100%;max-width:70px;\"><div class=\"fusion-separator-border sep-single sep-solid\" style=\"--awb-height:20px;--awb-amount:20px;border-color:var(--awb-color2);border-top-width:1px;\"><\/div><\/div><div class=\"fusion-text fusion-text-72\" style=\"--awb-content-alignment:center;--awb-text-transform:capitalize;--awb-text-color:var(--awb-color4);\"><p>France<\/p>\n<\/div><\/div><\/li>\n<li class=\"fusion-layout-column fusion_builder_column fusion-builder-column-73 fusion-flex-column fusion-animated post-card fusion-grid-column fusion-post-cards-grid-column 2019 quebec fusion-animated\" style=\"--awb-padding-bottom:5px;--awb-overflow:hidden;--awb-bg-color:var(--awb-color1);--awb-bg-color-hover:var(--awb-custom_color_2);--awb-bg-size:cover;--awb-box-shadow:0px 0px 24px hsla(var(--awb-color7-h),var(--awb-color7-s),var(--awb-color7-l),calc(var(--awb-color7-a) - 40%));;--awb-border-color:var(--awb-color4);--awb-border-color-hover:var(--awb-color7);--awb-border-top:1px;--awb-border-right:1px;--awb-border-bottom:1px;--awb-border-left:1px;--awb-border-style:solid;--awb-border-radius:6px 6px 6px 6px;--awb-flex-grow:0;--awb-flex-shrink:0;--awb-flex-grow-medium:0;--awb-flex-shrink-medium:0;--awb-flex-grow-small:0;--awb-flex-shrink-small:0;\" data-animationType=\"fadeIn\" data-animationDuration=\"1.3\" data-animationOffset=\"top-into-view\"><div class=\"fusion-column-wrapper fusion-column-has-shadow fusion-flex-justify-content-flex-start fusion-content-layout-column\"><div class=\"fusion-image-element \" style=\"--awb-aspect-ratio:16 \/ 9;--awb-margin-bottom:10px;--awb-caption-title-font-family:var(--h2_typography-font-family);--awb-caption-title-font-weight:var(--h2_typography-font-weight);--awb-caption-title-font-style:var(--h2_typography-font-style);--awb-caption-title-size:var(--h2_typography-font-size);--awb-caption-title-transform:var(--h2_typography-text-transform);--awb-caption-title-line-height:var(--h2_typography-line-height);--awb-caption-title-letter-spacing:var(--h2_typography-letter-spacing);\"><span class=\" fusion-imageframe imageframe-none imageframe-72 hover-type-none has-aspect-ratio\"><a class=\"fusion-no-lightbox\" href=\"https:\/\/www.choral-events.com\/es\/chorales\/les-melodistes\/\" target=\"_self\" aria-label=\"mini_LesMelodistes_Juin2018_3-550&#215;350\"><img decoding=\"async\" width=\"550\" height=\"350\" src=\"https:\/\/www.choral-events.com\/wp-content\/uploads\/2026\/03\/mini_LesMelodistes_Juin2018_3-550x350-1.jpg\" class=\"img-responsive wp-image-51647 img-with-aspect-ratio\" data-parent-fit=\"cover\" data-parent-container=\".fusion-image-element\" alt srcset=\"https:\/\/www.choral-events.com\/wp-content\/uploads\/2026\/03\/mini_LesMelodistes_Juin2018_3-550x350-1-200x127.jpg 200w, https:\/\/www.choral-events.com\/wp-content\/uploads\/2026\/03\/mini_LesMelodistes_Juin2018_3-550x350-1-400x255.jpg 400w, https:\/\/www.choral-events.com\/wp-content\/uploads\/2026\/03\/mini_LesMelodistes_Juin2018_3-550x350-1.jpg 550w\" sizes=\"(max-width: 1024px) 100vw, (max-width: 640px) 100vw, 550px\" \/><\/a><\/span><\/div><div class=\"fusion-title title fusion-title-74 fusion-sep-none fusion-title-center fusion-title-text fusion-title-size-paragraph\" style=\"--awb-text-color:var(--awb-color7);--awb-margin-top:10px;--awb-margin-right:5px;--awb-margin-bottom:10px;--awb-margin-left:5px;--awb-margin-top-small:16px;--awb-margin-right-small:0px;--awb-margin-bottom-small:10px;--awb-margin-left-small:0px;--awb-link-color:var(--awb-color7);--awb-font-size:16px;\"><p class=\"fusion-title-heading title-heading-center title-heading-tag fusion-responsive-typography-calculated\" style=\"margin:0;font-size:1em;--fontSize:16;--minFontSize:16;line-height:1.6;\"><a href=\"https:\/\/www.choral-events.com\/es\/chorales\/les-melodistes\/\" class=\"awb-custom-text-color awb-custom-text-hover-color\" target=\"_self\">Les m\u00e9lodistes<\/a><\/p><\/div><div class=\"fusion-separator\" style=\"align-self: center;margin-left: auto;margin-right: auto;flex-grow:10;margin-top:5px;margin-bottom:10px;width:100%;max-width:70px;\"><div class=\"fusion-separator-border sep-single sep-solid\" style=\"--awb-height:20px;--awb-amount:20px;border-color:var(--awb-color2);border-top-width:1px;\"><\/div><\/div><div class=\"fusion-text fusion-text-73\" style=\"--awb-content-alignment:center;--awb-text-transform:capitalize;--awb-text-color:var(--awb-color4);\"><p>Qu\u00e9bec<\/p>\n<\/div><\/div><\/li>\n<li class=\"fusion-layout-column fusion_builder_column fusion-builder-column-74 fusion-flex-column fusion-animated post-card fusion-grid-column fusion-post-cards-grid-column 2020 quebec fusion-animated\" style=\"--awb-padding-bottom:5px;--awb-overflow:hidden;--awb-bg-color:var(--awb-color1);--awb-bg-color-hover:var(--awb-custom_color_2);--awb-bg-size:cover;--awb-box-shadow:0px 0px 24px hsla(var(--awb-color7-h),var(--awb-color7-s),var(--awb-color7-l),calc(var(--awb-color7-a) - 40%));;--awb-border-color:var(--awb-color4);--awb-border-color-hover:var(--awb-color7);--awb-border-top:1px;--awb-border-right:1px;--awb-border-bottom:1px;--awb-border-left:1px;--awb-border-style:solid;--awb-border-radius:6px 6px 6px 6px;--awb-flex-grow:0;--awb-flex-shrink:0;--awb-flex-grow-medium:0;--awb-flex-shrink-medium:0;--awb-flex-grow-small:0;--awb-flex-shrink-small:0;\" data-animationType=\"fadeIn\" data-animationDuration=\"1.3\" data-animationOffset=\"top-into-view\"><div class=\"fusion-column-wrapper fusion-column-has-shadow fusion-flex-justify-content-flex-start fusion-content-layout-column\"><div class=\"fusion-image-element \" style=\"--awb-aspect-ratio:16 \/ 9;--awb-margin-bottom:10px;--awb-caption-title-font-family:var(--h2_typography-font-family);--awb-caption-title-font-weight:var(--h2_typography-font-weight);--awb-caption-title-font-style:var(--h2_typography-font-style);--awb-caption-title-size:var(--h2_typography-font-size);--awb-caption-title-transform:var(--h2_typography-text-transform);--awb-caption-title-line-height:var(--h2_typography-line-height);--awb-caption-title-letter-spacing:var(--h2_typography-letter-spacing);\"><span class=\" fusion-imageframe imageframe-none imageframe-73 hover-type-none has-aspect-ratio\"><a class=\"fusion-no-lightbox\" href=\"https:\/\/www.choral-events.com\/es\/chorales\/les-vagabonds-de-boisbriand\/\" target=\"_self\" aria-label=\"Vagabundos-foto-sitio-web-1\"><img decoding=\"async\" width=\"550\" height=\"350\" src=\"https:\/\/www.choral-events.com\/wp-content\/uploads\/2026\/03\/Vagabonds-photo-site-web-1.png\" class=\"img-responsive wp-image-51864 img-with-aspect-ratio\" data-parent-fit=\"cover\" data-parent-container=\".fusion-image-element\" alt srcset=\"https:\/\/www.choral-events.com\/wp-content\/uploads\/2026\/03\/Vagabonds-photo-site-web-1-200x127.png 200w, https:\/\/www.choral-events.com\/wp-content\/uploads\/2026\/03\/Vagabonds-photo-site-web-1-400x255.png 400w, https:\/\/www.choral-events.com\/wp-content\/uploads\/2026\/03\/Vagabonds-photo-site-web-1.png 550w\" sizes=\"(max-width: 1024px) 100vw, (max-width: 640px) 100vw, 550px\" \/><\/a><\/span><\/div><div class=\"fusion-title title fusion-title-75 fusion-sep-none fusion-title-center fusion-title-text fusion-title-size-paragraph\" style=\"--awb-text-color:var(--awb-color7);--awb-margin-top:10px;--awb-margin-right:5px;--awb-margin-bottom:10px;--awb-margin-left:5px;--awb-margin-top-small:16px;--awb-margin-right-small:0px;--awb-margin-bottom-small:10px;--awb-margin-left-small:0px;--awb-link-color:var(--awb-color7);--awb-font-size:16px;\"><p class=\"fusion-title-heading title-heading-center title-heading-tag fusion-responsive-typography-calculated\" style=\"margin:0;font-size:1em;--fontSize:16;--minFontSize:16;line-height:1.6;\"><a href=\"https:\/\/www.choral-events.com\/es\/chorales\/les-vagabonds-de-boisbriand\/\" class=\"awb-custom-text-color awb-custom-text-hover-color\" target=\"_self\">Les Vagabonds de Boisbriand<\/a><\/p><\/div><div class=\"fusion-separator\" style=\"align-self: center;margin-left: auto;margin-right: auto;flex-grow:10;margin-top:5px;margin-bottom:10px;width:100%;max-width:70px;\"><div class=\"fusion-separator-border sep-single sep-solid\" style=\"--awb-height:20px;--awb-amount:20px;border-color:var(--awb-color2);border-top-width:1px;\"><\/div><\/div><div class=\"fusion-text fusion-text-74\" style=\"--awb-content-alignment:center;--awb-text-transform:capitalize;--awb-text-color:var(--awb-color4);\"><p>Qu\u00e9bec<\/p>\n<\/div><\/div><\/li>\n<li class=\"fusion-layout-column fusion_builder_column fusion-builder-column-75 fusion-flex-column fusion-animated post-card fusion-grid-column fusion-post-cards-grid-column 2019 2020 chine fusion-animated\" style=\"--awb-padding-bottom:5px;--awb-overflow:hidden;--awb-bg-color:var(--awb-color1);--awb-bg-color-hover:var(--awb-custom_color_2);--awb-bg-size:cover;--awb-box-shadow:0px 0px 24px hsla(var(--awb-color7-h),var(--awb-color7-s),var(--awb-color7-l),calc(var(--awb-color7-a) - 40%));;--awb-border-color:var(--awb-color4);--awb-border-color-hover:var(--awb-color7);--awb-border-top:1px;--awb-border-right:1px;--awb-border-bottom:1px;--awb-border-left:1px;--awb-border-style:solid;--awb-border-radius:6px 6px 6px 6px;--awb-flex-grow:0;--awb-flex-shrink:0;--awb-flex-grow-medium:0;--awb-flex-shrink-medium:0;--awb-flex-grow-small:0;--awb-flex-shrink-small:0;\" data-animationType=\"fadeIn\" data-animationDuration=\"1.3\" data-animationOffset=\"top-into-view\"><div class=\"fusion-column-wrapper fusion-column-has-shadow fusion-flex-justify-content-flex-start fusion-content-layout-column\"><div class=\"fusion-image-element \" style=\"--awb-aspect-ratio:16 \/ 9;--awb-margin-bottom:10px;--awb-caption-title-font-family:var(--h2_typography-font-family);--awb-caption-title-font-weight:var(--h2_typography-font-weight);--awb-caption-title-font-style:var(--h2_typography-font-style);--awb-caption-title-size:var(--h2_typography-font-size);--awb-caption-title-transform:var(--h2_typography-text-transform);--awb-caption-title-line-height:var(--h2_typography-line-height);--awb-caption-title-letter-spacing:var(--h2_typography-letter-spacing);\"><span class=\" fusion-imageframe imageframe-none imageframe-74 hover-type-none has-aspect-ratio\"><a class=\"fusion-no-lightbox\" href=\"https:\/\/www.choral-events.com\/es\/chorales\/little-dolphin-childrens-choir\/\" target=\"_self\" aria-label=\"china-8-web-550&#215;350\"><img decoding=\"async\" width=\"550\" height=\"350\" src=\"https:\/\/www.choral-events.com\/wp-content\/uploads\/2026\/03\/chine-8-web-550x350-1.jpg\" class=\"img-responsive wp-image-51868 img-with-aspect-ratio\" data-parent-fit=\"cover\" data-parent-container=\".fusion-image-element\" alt srcset=\"https:\/\/www.choral-events.com\/wp-content\/uploads\/2026\/03\/chine-8-web-550x350-1-200x127.jpg 200w, https:\/\/www.choral-events.com\/wp-content\/uploads\/2026\/03\/chine-8-web-550x350-1-400x255.jpg 400w, https:\/\/www.choral-events.com\/wp-content\/uploads\/2026\/03\/chine-8-web-550x350-1.jpg 550w\" sizes=\"(max-width: 1024px) 100vw, (max-width: 640px) 100vw, 550px\" \/><\/a><\/span><\/div><div class=\"fusion-title title fusion-title-76 fusion-sep-none fusion-title-center fusion-title-text fusion-title-size-paragraph\" style=\"--awb-text-color:var(--awb-color7);--awb-margin-top:10px;--awb-margin-right:5px;--awb-margin-bottom:10px;--awb-margin-left:5px;--awb-margin-top-small:16px;--awb-margin-right-small:0px;--awb-margin-bottom-small:10px;--awb-margin-left-small:0px;--awb-link-color:var(--awb-color7);--awb-font-size:16px;\"><p class=\"fusion-title-heading title-heading-center title-heading-tag fusion-responsive-typography-calculated\" style=\"margin:0;font-size:1em;--fontSize:16;--minFontSize:16;line-height:1.6;\"><a href=\"https:\/\/www.choral-events.com\/es\/chorales\/little-dolphin-childrens-choir\/\" class=\"awb-custom-text-color awb-custom-text-hover-color\" target=\"_self\">Little Dolphin children&#8217;s Choir<\/a><\/p><\/div><div class=\"fusion-separator\" style=\"align-self: center;margin-left: auto;margin-right: auto;flex-grow:10;margin-top:5px;margin-bottom:10px;width:100%;max-width:70px;\"><div class=\"fusion-separator-border sep-single sep-solid\" style=\"--awb-height:20px;--awb-amount:20px;border-color:var(--awb-color2);border-top-width:1px;\"><\/div><\/div><div class=\"fusion-text fusion-text-75\" style=\"--awb-content-alignment:center;--awb-text-transform:capitalize;--awb-text-color:var(--awb-color4);\"><p>Chine<\/p>\n<\/div><\/div><\/li>\n<li class=\"fusion-layout-column fusion_builder_column fusion-builder-column-76 fusion-flex-column fusion-animated post-card fusion-grid-column fusion-post-cards-grid-column 2018 quebec fusion-animated\" style=\"--awb-padding-bottom:5px;--awb-overflow:hidden;--awb-bg-color:var(--awb-color1);--awb-bg-color-hover:var(--awb-custom_color_2);--awb-bg-size:cover;--awb-box-shadow:0px 0px 24px hsla(var(--awb-color7-h),var(--awb-color7-s),var(--awb-color7-l),calc(var(--awb-color7-a) - 40%));;--awb-border-color:var(--awb-color4);--awb-border-color-hover:var(--awb-color7);--awb-border-top:1px;--awb-border-right:1px;--awb-border-bottom:1px;--awb-border-left:1px;--awb-border-style:solid;--awb-border-radius:6px 6px 6px 6px;--awb-flex-grow:0;--awb-flex-shrink:0;--awb-flex-grow-medium:0;--awb-flex-shrink-medium:0;--awb-flex-grow-small:0;--awb-flex-shrink-small:0;\" data-animationType=\"fadeIn\" data-animationDuration=\"1.3\" data-animationOffset=\"top-into-view\"><div class=\"fusion-column-wrapper fusion-column-has-shadow fusion-flex-justify-content-flex-start fusion-content-layout-column\"><div class=\"fusion-image-element \" style=\"--awb-aspect-ratio:16 \/ 9;--awb-margin-bottom:10px;--awb-caption-title-font-family:var(--h2_typography-font-family);--awb-caption-title-font-weight:var(--h2_typography-font-weight);--awb-caption-title-font-style:var(--h2_typography-font-style);--awb-caption-title-size:var(--h2_typography-font-size);--awb-caption-title-transform:var(--h2_typography-text-transform);--awb-caption-title-line-height:var(--h2_typography-line-height);--awb-caption-title-letter-spacing:var(--h2_typography-letter-spacing);\"><span class=\" fusion-imageframe imageframe-none imageframe-75 hover-type-none has-aspect-ratio\"><a class=\"fusion-no-lightbox\" href=\"https:\/\/www.choral-events.com\/es\/chorales\/maitrise-des-petits-chanteurs-du-quebec\/\" target=\"_self\" aria-label=\"2-550&#215;350\"><img decoding=\"async\" width=\"550\" height=\"350\" src=\"https:\/\/www.choral-events.com\/wp-content\/uploads\/2026\/03\/2-550x350-1.jpg\" class=\"img-responsive wp-image-51370 img-with-aspect-ratio\" data-parent-fit=\"cover\" data-parent-container=\".fusion-image-element\" alt srcset=\"https:\/\/www.choral-events.com\/wp-content\/uploads\/2026\/03\/2-550x350-1-200x127.jpg 200w, https:\/\/www.choral-events.com\/wp-content\/uploads\/2026\/03\/2-550x350-1-400x255.jpg 400w, https:\/\/www.choral-events.com\/wp-content\/uploads\/2026\/03\/2-550x350-1.jpg 550w\" sizes=\"(max-width: 1024px) 100vw, (max-width: 640px) 100vw, 550px\" \/><\/a><\/span><\/div><div class=\"fusion-title title fusion-title-77 fusion-sep-none fusion-title-center fusion-title-text fusion-title-size-paragraph\" style=\"--awb-text-color:var(--awb-color7);--awb-margin-top:10px;--awb-margin-right:5px;--awb-margin-bottom:10px;--awb-margin-left:5px;--awb-margin-top-small:16px;--awb-margin-right-small:0px;--awb-margin-bottom-small:10px;--awb-margin-left-small:0px;--awb-link-color:var(--awb-color7);--awb-font-size:16px;\"><p class=\"fusion-title-heading title-heading-center title-heading-tag fusion-responsive-typography-calculated\" style=\"margin:0;font-size:1em;--fontSize:16;--minFontSize:16;line-height:1.6;\"><a href=\"https:\/\/www.choral-events.com\/es\/chorales\/maitrise-des-petits-chanteurs-du-quebec\/\" class=\"awb-custom-text-color awb-custom-text-hover-color\" target=\"_self\">Maitrise des Petits Chanteurs du Qu\u00e9bec<\/a><\/p><\/div><div class=\"fusion-separator\" style=\"align-self: center;margin-left: auto;margin-right: auto;flex-grow:10;margin-top:5px;margin-bottom:10px;width:100%;max-width:70px;\"><div class=\"fusion-separator-border sep-single sep-solid\" style=\"--awb-height:20px;--awb-amount:20px;border-color:var(--awb-color2);border-top-width:1px;\"><\/div><\/div><div class=\"fusion-text fusion-text-76\" style=\"--awb-content-alignment:center;--awb-text-transform:capitalize;--awb-text-color:var(--awb-color4);\"><p>Canada<\/p>\n<\/div><\/div><\/li>\n<li class=\"fusion-layout-column fusion_builder_column fusion-builder-column-77 fusion-flex-column fusion-animated post-card fusion-grid-column fusion-post-cards-grid-column 2019 france fusion-animated\" style=\"--awb-padding-bottom:5px;--awb-overflow:hidden;--awb-bg-color:var(--awb-color1);--awb-bg-color-hover:var(--awb-custom_color_2);--awb-bg-size:cover;--awb-box-shadow:0px 0px 24px hsla(var(--awb-color7-h),var(--awb-color7-s),var(--awb-color7-l),calc(var(--awb-color7-a) - 40%));;--awb-border-color:var(--awb-color4);--awb-border-color-hover:var(--awb-color7);--awb-border-top:1px;--awb-border-right:1px;--awb-border-bottom:1px;--awb-border-left:1px;--awb-border-style:solid;--awb-border-radius:6px 6px 6px 6px;--awb-flex-grow:0;--awb-flex-shrink:0;--awb-flex-grow-medium:0;--awb-flex-shrink-medium:0;--awb-flex-grow-small:0;--awb-flex-shrink-small:0;\" data-animationType=\"fadeIn\" data-animationDuration=\"1.3\" data-animationOffset=\"top-into-view\"><div class=\"fusion-column-wrapper fusion-column-has-shadow fusion-flex-justify-content-flex-start fusion-content-layout-column\"><div class=\"fusion-image-element \" style=\"--awb-aspect-ratio:16 \/ 9;--awb-margin-bottom:10px;--awb-caption-title-font-family:var(--h2_typography-font-family);--awb-caption-title-font-weight:var(--h2_typography-font-weight);--awb-caption-title-font-style:var(--h2_typography-font-style);--awb-caption-title-size:var(--h2_typography-font-size);--awb-caption-title-transform:var(--h2_typography-text-transform);--awb-caption-title-line-height:var(--h2_typography-line-height);--awb-caption-title-letter-spacing:var(--h2_typography-letter-spacing);\"><span class=\" fusion-imageframe imageframe-none imageframe-76 hover-type-none has-aspect-ratio\"><a class=\"fusion-no-lightbox\" href=\"https:\/\/www.choral-events.com\/es\/chorales\/maitrise-sainte-philomene-de-haguenau\/\" target=\"_self\" aria-label=\"Maitrise-6\"><img decoding=\"async\" width=\"550\" height=\"350\" src=\"https:\/\/www.choral-events.com\/wp-content\/uploads\/2026\/03\/Maitrise-6.jpg\" class=\"img-responsive wp-image-51884 img-with-aspect-ratio\" data-parent-fit=\"cover\" data-parent-container=\".fusion-image-element\" alt srcset=\"https:\/\/www.choral-events.com\/wp-content\/uploads\/2026\/03\/Maitrise-6-200x127.jpg 200w, https:\/\/www.choral-events.com\/wp-content\/uploads\/2026\/03\/Maitrise-6-400x255.jpg 400w, https:\/\/www.choral-events.com\/wp-content\/uploads\/2026\/03\/Maitrise-6.jpg 550w\" sizes=\"(max-width: 1024px) 100vw, (max-width: 640px) 100vw, 550px\" \/><\/a><\/span><\/div><div class=\"fusion-title title fusion-title-78 fusion-sep-none fusion-title-center fusion-title-text fusion-title-size-paragraph\" style=\"--awb-text-color:var(--awb-color7);--awb-margin-top:10px;--awb-margin-right:5px;--awb-margin-bottom:10px;--awb-margin-left:5px;--awb-margin-top-small:16px;--awb-margin-right-small:0px;--awb-margin-bottom-small:10px;--awb-margin-left-small:0px;--awb-link-color:var(--awb-color7);--awb-font-size:16px;\"><p class=\"fusion-title-heading title-heading-center title-heading-tag fusion-responsive-typography-calculated\" style=\"margin:0;font-size:1em;--fontSize:16;--minFontSize:16;line-height:1.6;\"><a href=\"https:\/\/www.choral-events.com\/es\/chorales\/maitrise-sainte-philomene-de-haguenau\/\" class=\"awb-custom-text-color awb-custom-text-hover-color\" target=\"_self\">Ma\u00eetrise Sainte Philom\u00e8ne de Haguenau<\/a><\/p><\/div><div class=\"fusion-separator\" style=\"align-self: center;margin-left: auto;margin-right: auto;flex-grow:10;margin-top:5px;margin-bottom:10px;width:100%;max-width:70px;\"><div class=\"fusion-separator-border sep-single sep-solid\" style=\"--awb-height:20px;--awb-amount:20px;border-color:var(--awb-color2);border-top-width:1px;\"><\/div><\/div><div class=\"fusion-text fusion-text-77\" style=\"--awb-content-alignment:center;--awb-text-transform:capitalize;--awb-text-color:var(--awb-color4);\"><p>France<\/p>\n<\/div><\/div><\/li>\n<li class=\"fusion-layout-column fusion_builder_column fusion-builder-column-78 fusion-flex-column fusion-animated post-card fusion-grid-column fusion-post-cards-grid-column 2025 espana fusion-animated\" style=\"--awb-padding-bottom:5px;--awb-overflow:hidden;--awb-bg-color:var(--awb-color1);--awb-bg-color-hover:var(--awb-custom_color_2);--awb-bg-size:cover;--awb-box-shadow:0px 0px 24px hsla(var(--awb-color7-h),var(--awb-color7-s),var(--awb-color7-l),calc(var(--awb-color7-a) - 40%));;--awb-border-color:var(--awb-color4);--awb-border-color-hover:var(--awb-color7);--awb-border-top:1px;--awb-border-right:1px;--awb-border-bottom:1px;--awb-border-left:1px;--awb-border-style:solid;--awb-border-radius:6px 6px 6px 6px;--awb-flex-grow:0;--awb-flex-shrink:0;--awb-flex-grow-medium:0;--awb-flex-shrink-medium:0;--awb-flex-grow-small:0;--awb-flex-shrink-small:0;\" data-animationType=\"fadeIn\" data-animationDuration=\"1.3\" data-animationOffset=\"top-into-view\"><div class=\"fusion-column-wrapper fusion-column-has-shadow fusion-flex-justify-content-flex-start fusion-content-layout-column\"><div class=\"fusion-image-element \" style=\"--awb-aspect-ratio:16 \/ 9;--awb-margin-bottom:10px;--awb-caption-title-font-family:var(--h2_typography-font-family);--awb-caption-title-font-weight:var(--h2_typography-font-weight);--awb-caption-title-font-style:var(--h2_typography-font-style);--awb-caption-title-size:var(--h2_typography-font-size);--awb-caption-title-transform:var(--h2_typography-text-transform);--awb-caption-title-line-height:var(--h2_typography-line-height);--awb-caption-title-letter-spacing:var(--h2_typography-letter-spacing);\"><span class=\" fusion-imageframe imageframe-none imageframe-77 hover-type-none has-aspect-ratio\"><a class=\"fusion-no-lightbox\" href=\"https:\/\/www.choral-events.com\/es\/chorales\/orfeo-veus-juntes\/\" target=\"_self\" aria-label=\"Imagen ORFE\u00d3 VEUS JUNTE\"><img decoding=\"async\" width=\"600\" height=\"600\" alt=\"ORFE\u00d3 VEUS JUNTES\" src=\"https:\/\/www.choral-events.com\/wp-content\/uploads\/2025\/05\/Vignette-ORFEO-VEUS-JUNTE.png\" class=\"img-responsive wp-image-49733 img-with-aspect-ratio\" data-parent-fit=\"cover\" data-parent-container=\".fusion-image-element\" srcset=\"https:\/\/www.choral-events.com\/wp-content\/uploads\/2025\/05\/Vignette-ORFEO-VEUS-JUNTE-200x200.png 200w, https:\/\/www.choral-events.com\/wp-content\/uploads\/2025\/05\/Vignette-ORFEO-VEUS-JUNTE-400x400.png 400w, https:\/\/www.choral-events.com\/wp-content\/uploads\/2025\/05\/Vignette-ORFEO-VEUS-JUNTE.png 600w\" sizes=\"(max-width: 1024px) 100vw, (max-width: 640px) 100vw, 600px\" \/><\/a><\/span><\/div><div class=\"fusion-title title fusion-title-79 fusion-sep-none fusion-title-center fusion-title-text fusion-title-size-paragraph\" style=\"--awb-text-color:var(--awb-color7);--awb-margin-top:10px;--awb-margin-right:5px;--awb-margin-bottom:10px;--awb-margin-left:5px;--awb-margin-top-small:16px;--awb-margin-right-small:0px;--awb-margin-bottom-small:10px;--awb-margin-left-small:0px;--awb-link-color:var(--awb-color7);--awb-font-size:16px;\"><p class=\"fusion-title-heading title-heading-center title-heading-tag fusion-responsive-typography-calculated\" style=\"margin:0;font-size:1em;--fontSize:16;--minFontSize:16;line-height:1.6;\"><a href=\"https:\/\/www.choral-events.com\/es\/chorales\/orfeo-veus-juntes\/\" class=\"awb-custom-text-color awb-custom-text-hover-color\" target=\"_self\">Orfe\u00f3 Veus Juntes<\/a><\/p><\/div><div class=\"fusion-separator\" style=\"align-self: center;margin-left: auto;margin-right: auto;flex-grow:10;margin-top:5px;margin-bottom:10px;width:100%;max-width:70px;\"><div class=\"fusion-separator-border sep-single sep-solid\" style=\"--awb-height:20px;--awb-amount:20px;border-color:var(--awb-color2);border-top-width:1px;\"><\/div><\/div><div class=\"fusion-text fusion-text-78\" style=\"--awb-content-alignment:center;--awb-text-transform:capitalize;--awb-text-color:var(--awb-color4);\"><p>Espa\u00f1a<\/p>\n<\/div><\/div><\/li>\n<li class=\"fusion-layout-column fusion_builder_column fusion-builder-column-79 fusion-flex-column fusion-animated post-card fusion-grid-column fusion-post-cards-grid-column 2025 usa fusion-animated\" style=\"--awb-padding-bottom:5px;--awb-overflow:hidden;--awb-bg-color:var(--awb-color1);--awb-bg-color-hover:var(--awb-custom_color_2);--awb-bg-size:cover;--awb-box-shadow:0px 0px 24px hsla(var(--awb-color7-h),var(--awb-color7-s),var(--awb-color7-l),calc(var(--awb-color7-a) - 40%));;--awb-border-color:var(--awb-color4);--awb-border-color-hover:var(--awb-color7);--awb-border-top:1px;--awb-border-right:1px;--awb-border-bottom:1px;--awb-border-left:1px;--awb-border-style:solid;--awb-border-radius:6px 6px 6px 6px;--awb-flex-grow:0;--awb-flex-shrink:0;--awb-flex-grow-medium:0;--awb-flex-shrink-medium:0;--awb-flex-grow-small:0;--awb-flex-shrink-small:0;\" data-animationType=\"fadeIn\" data-animationDuration=\"1.3\" data-animationOffset=\"top-into-view\"><div class=\"fusion-column-wrapper fusion-column-has-shadow fusion-flex-justify-content-flex-start fusion-content-layout-column\"><div class=\"fusion-image-element \" style=\"--awb-aspect-ratio:16 \/ 9;--awb-margin-bottom:10px;--awb-caption-title-font-family:var(--h2_typography-font-family);--awb-caption-title-font-weight:var(--h2_typography-font-weight);--awb-caption-title-font-style:var(--h2_typography-font-style);--awb-caption-title-size:var(--h2_typography-font-size);--awb-caption-title-transform:var(--h2_typography-text-transform);--awb-caption-title-line-height:var(--h2_typography-line-height);--awb-caption-title-letter-spacing:var(--h2_typography-letter-spacing);\"><span class=\" fusion-imageframe imageframe-none imageframe-78 hover-type-none has-aspect-ratio\"><a class=\"fusion-no-lightbox\" href=\"https:\/\/www.choral-events.com\/es\/chorales\/orquesta-sinfonica-new-albany\/\" target=\"_self\" aria-label=\"Orquesta Sinf\u00f3nica New Albany \u2013 EE. UU.\"><img decoding=\"async\" width=\"1920\" height=\"1080\" alt=\"Orquesta Sinf\u00f3nica New Albany \u2013 EE. UU.\" src=\"https:\/\/www.choral-events.com\/wp-content\/uploads\/2025\/01\/466902065_974856944678877_912431275000409748_.jpg\" class=\"img-responsive wp-image-49728 img-with-aspect-ratio\" data-parent-fit=\"cover\" data-parent-container=\".fusion-image-element\" srcset=\"https:\/\/www.choral-events.com\/wp-content\/uploads\/2025\/01\/466902065_974856944678877_912431275000409748_-200x113.jpg 200w, https:\/\/www.choral-events.com\/wp-content\/uploads\/2025\/01\/466902065_974856944678877_912431275000409748_-400x225.jpg 400w, https:\/\/www.choral-events.com\/wp-content\/uploads\/2025\/01\/466902065_974856944678877_912431275000409748_-600x338.jpg 600w, https:\/\/www.choral-events.com\/wp-content\/uploads\/2025\/01\/466902065_974856944678877_912431275000409748_-800x450.jpg 800w, https:\/\/www.choral-events.com\/wp-content\/uploads\/2025\/01\/466902065_974856944678877_912431275000409748_-1200x675.jpg 1200w, https:\/\/www.choral-events.com\/wp-content\/uploads\/2025\/01\/466902065_974856944678877_912431275000409748_.jpg 1920w\" sizes=\"(max-width: 1024px) 100vw, (max-width: 640px) 100vw, 1920px\" \/><\/a><\/span><\/div><div class=\"fusion-title title fusion-title-80 fusion-sep-none fusion-title-center fusion-title-text fusion-title-size-paragraph\" style=\"--awb-text-color:var(--awb-color7);--awb-margin-top:10px;--awb-margin-right:5px;--awb-margin-bottom:10px;--awb-margin-left:5px;--awb-margin-top-small:16px;--awb-margin-right-small:0px;--awb-margin-bottom-small:10px;--awb-margin-left-small:0px;--awb-link-color:var(--awb-color7);--awb-font-size:16px;\"><p class=\"fusion-title-heading title-heading-center title-heading-tag fusion-responsive-typography-calculated\" style=\"margin:0;font-size:1em;--fontSize:16;--minFontSize:16;line-height:1.6;\"><a href=\"https:\/\/www.choral-events.com\/es\/chorales\/orquesta-sinfonica-new-albany\/\" class=\"awb-custom-text-color awb-custom-text-hover-color\" target=\"_self\">Orquesta Sinf\u00f3nica New Albany<\/a><\/p><\/div><div class=\"fusion-separator\" style=\"align-self: center;margin-left: auto;margin-right: auto;flex-grow:10;margin-top:5px;margin-bottom:10px;width:100%;max-width:70px;\"><div class=\"fusion-separator-border sep-single sep-solid\" style=\"--awb-height:20px;--awb-amount:20px;border-color:var(--awb-color2);border-top-width:1px;\"><\/div><\/div><div class=\"fusion-text fusion-text-79\" style=\"--awb-content-alignment:center;--awb-text-transform:capitalize;--awb-text-color:var(--awb-color4);\"><p>USA<\/p>\n<\/div><\/div><\/li>\n<li class=\"fusion-layout-column fusion_builder_column fusion-builder-column-80 fusion-flex-column fusion-animated post-card fusion-grid-column fusion-post-cards-grid-column 2025 ucrania fusion-animated\" style=\"--awb-padding-bottom:5px;--awb-overflow:hidden;--awb-bg-color:var(--awb-color1);--awb-bg-color-hover:var(--awb-custom_color_2);--awb-bg-size:cover;--awb-box-shadow:0px 0px 24px hsla(var(--awb-color7-h),var(--awb-color7-s),var(--awb-color7-l),calc(var(--awb-color7-a) - 40%));;--awb-border-color:var(--awb-color4);--awb-border-color-hover:var(--awb-color7);--awb-border-top:1px;--awb-border-right:1px;--awb-border-bottom:1px;--awb-border-left:1px;--awb-border-style:solid;--awb-border-radius:6px 6px 6px 6px;--awb-flex-grow:0;--awb-flex-shrink:0;--awb-flex-grow-medium:0;--awb-flex-shrink-medium:0;--awb-flex-grow-small:0;--awb-flex-shrink-small:0;\" data-animationType=\"fadeIn\" data-animationDuration=\"1.3\" data-animationOffset=\"top-into-view\"><div class=\"fusion-column-wrapper fusion-column-has-shadow fusion-flex-justify-content-flex-start fusion-content-layout-column\"><div class=\"fusion-image-element \" style=\"--awb-aspect-ratio:16 \/ 9;--awb-margin-bottom:10px;--awb-caption-title-font-family:var(--h2_typography-font-family);--awb-caption-title-font-weight:var(--h2_typography-font-weight);--awb-caption-title-font-style:var(--h2_typography-font-style);--awb-caption-title-size:var(--h2_typography-font-size);--awb-caption-title-transform:var(--h2_typography-text-transform);--awb-caption-title-line-height:var(--h2_typography-line-height);--awb-caption-title-letter-spacing:var(--h2_typography-letter-spacing);\"><span class=\" fusion-imageframe imageframe-none imageframe-79 hover-type-none has-aspect-ratio\"><a class=\"fusion-no-lightbox\" href=\"https:\/\/www.choral-events.com\/es\/chorales\/ruta-myata-quartet\/\" target=\"_self\" aria-label=\"Ruta Myata Quartet \u2013 Ucrania\"><img decoding=\"async\" width=\"2560\" height=\"1927\" alt=\"Ruta Myata Quartet \u2013 Ucrania\" src=\"https:\/\/www.choral-events.com\/wp-content\/uploads\/2025\/03\/2G2A9843-scaled-1.jpg\" class=\"img-responsive wp-image-49721 img-with-aspect-ratio\" data-parent-fit=\"cover\" data-parent-container=\".fusion-image-element\" srcset=\"https:\/\/www.choral-events.com\/wp-content\/uploads\/2025\/03\/2G2A9843-scaled-1-200x151.jpg 200w, https:\/\/www.choral-events.com\/wp-content\/uploads\/2025\/03\/2G2A9843-scaled-1-400x301.jpg 400w, https:\/\/www.choral-events.com\/wp-content\/uploads\/2025\/03\/2G2A9843-scaled-1-600x452.jpg 600w, https:\/\/www.choral-events.com\/wp-content\/uploads\/2025\/03\/2G2A9843-scaled-1-800x602.jpg 800w, https:\/\/www.choral-events.com\/wp-content\/uploads\/2025\/03\/2G2A9843-scaled-1-1200x903.jpg 1200w, https:\/\/www.choral-events.com\/wp-content\/uploads\/2025\/03\/2G2A9843-scaled-1.jpg 2560w\" sizes=\"(max-width: 1024px) 100vw, (max-width: 640px) 100vw, 2560px\" \/><\/a><\/span><\/div><div class=\"fusion-title title fusion-title-81 fusion-sep-none fusion-title-center fusion-title-text fusion-title-size-paragraph\" style=\"--awb-text-color:var(--awb-color7);--awb-margin-top:10px;--awb-margin-right:5px;--awb-margin-bottom:10px;--awb-margin-left:5px;--awb-margin-top-small:16px;--awb-margin-right-small:0px;--awb-margin-bottom-small:10px;--awb-margin-left-small:0px;--awb-link-color:var(--awb-color7);--awb-font-size:16px;\"><p class=\"fusion-title-heading title-heading-center title-heading-tag fusion-responsive-typography-calculated\" style=\"margin:0;font-size:1em;--fontSize:16;--minFontSize:16;line-height:1.6;\"><a href=\"https:\/\/www.choral-events.com\/es\/chorales\/ruta-myata-quartet\/\" class=\"awb-custom-text-color awb-custom-text-hover-color\" target=\"_self\">Ruta Myata Quartet<\/a><\/p><\/div><div class=\"fusion-separator\" style=\"align-self: center;margin-left: auto;margin-right: auto;flex-grow:10;margin-top:5px;margin-bottom:10px;width:100%;max-width:70px;\"><div class=\"fusion-separator-border sep-single sep-solid\" style=\"--awb-height:20px;--awb-amount:20px;border-color:var(--awb-color2);border-top-width:1px;\"><\/div><\/div><div class=\"fusion-text fusion-text-80\" style=\"--awb-content-alignment:center;--awb-text-transform:capitalize;--awb-text-color:var(--awb-color4);\"><p>Ucrania<\/p>\n<\/div><\/div><\/li>\n<li class=\"fusion-layout-column fusion_builder_column fusion-builder-column-81 fusion-flex-column fusion-animated post-card fusion-grid-column fusion-post-cards-grid-column 2025 republica-checa fusion-animated\" style=\"--awb-padding-bottom:5px;--awb-overflow:hidden;--awb-bg-color:var(--awb-color1);--awb-bg-color-hover:var(--awb-custom_color_2);--awb-bg-size:cover;--awb-box-shadow:0px 0px 24px hsla(var(--awb-color7-h),var(--awb-color7-s),var(--awb-color7-l),calc(var(--awb-color7-a) - 40%));;--awb-border-color:var(--awb-color4);--awb-border-color-hover:var(--awb-color7);--awb-border-top:1px;--awb-border-right:1px;--awb-border-bottom:1px;--awb-border-left:1px;--awb-border-style:solid;--awb-border-radius:6px 6px 6px 6px;--awb-flex-grow:0;--awb-flex-shrink:0;--awb-flex-grow-medium:0;--awb-flex-shrink-medium:0;--awb-flex-grow-small:0;--awb-flex-shrink-small:0;\" data-animationType=\"fadeIn\" data-animationDuration=\"1.3\" data-animationOffset=\"top-into-view\"><div class=\"fusion-column-wrapper fusion-column-has-shadow fusion-flex-justify-content-flex-start fusion-content-layout-column\"><div class=\"fusion-image-element \" style=\"--awb-aspect-ratio:16 \/ 9;--awb-margin-bottom:10px;--awb-caption-title-font-family:var(--h2_typography-font-family);--awb-caption-title-font-weight:var(--h2_typography-font-weight);--awb-caption-title-font-style:var(--h2_typography-font-style);--awb-caption-title-size:var(--h2_typography-font-size);--awb-caption-title-transform:var(--h2_typography-text-transform);--awb-caption-title-line-height:var(--h2_typography-line-height);--awb-caption-title-letter-spacing:var(--h2_typography-letter-spacing);\"><span class=\" fusion-imageframe imageframe-none imageframe-80 hover-type-none has-aspect-ratio\"><a class=\"fusion-no-lightbox\" href=\"https:\/\/www.choral-events.com\/es\/chorales\/sexteto-vocal-mixto-permonik\/\" target=\"_self\" aria-label=\"Sexteto vocal mixto Permon\u00edk\"><img decoding=\"async\" width=\"605\" height=\"481\" alt=\"Sexteto vocal mixto Permon\u00edk\" src=\"https:\/\/www.choral-events.com\/wp-content\/uploads\/2025\/05\/sextuor.jpg\" class=\"img-responsive wp-image-49648 img-with-aspect-ratio\" data-parent-fit=\"cover\" data-parent-container=\".fusion-image-element\" srcset=\"https:\/\/www.choral-events.com\/wp-content\/uploads\/2025\/05\/sextuor-200x159.jpg 200w, https:\/\/www.choral-events.com\/wp-content\/uploads\/2025\/05\/sextuor-400x318.jpg 400w, https:\/\/www.choral-events.com\/wp-content\/uploads\/2025\/05\/sextuor-600x477.jpg 600w, https:\/\/www.choral-events.com\/wp-content\/uploads\/2025\/05\/sextuor.jpg 605w\" sizes=\"(max-width: 1024px) 100vw, (max-width: 640px) 100vw, 605px\" \/><\/a><\/span><\/div><div class=\"fusion-title title fusion-title-82 fusion-sep-none fusion-title-center fusion-title-text fusion-title-size-paragraph\" style=\"--awb-text-color:var(--awb-color7);--awb-margin-top:10px;--awb-margin-right:5px;--awb-margin-bottom:10px;--awb-margin-left:5px;--awb-margin-top-small:16px;--awb-margin-right-small:0px;--awb-margin-bottom-small:10px;--awb-margin-left-small:0px;--awb-link-color:var(--awb-color7);--awb-font-size:16px;\"><p class=\"fusion-title-heading title-heading-center title-heading-tag fusion-responsive-typography-calculated\" style=\"margin:0;font-size:1em;--fontSize:16;--minFontSize:16;line-height:1.6;\"><a href=\"https:\/\/www.choral-events.com\/es\/chorales\/sexteto-vocal-mixto-permonik\/\" class=\"awb-custom-text-color awb-custom-text-hover-color\" target=\"_self\">Sexteto vocal mixto Permon\u00edk<\/a><\/p><\/div><div class=\"fusion-separator\" style=\"align-self: center;margin-left: auto;margin-right: auto;flex-grow:10;margin-top:5px;margin-bottom:10px;width:100%;max-width:70px;\"><div class=\"fusion-separator-border sep-single sep-solid\" style=\"--awb-height:20px;--awb-amount:20px;border-color:var(--awb-color2);border-top-width:1px;\"><\/div><\/div><div class=\"fusion-text fusion-text-81\" style=\"--awb-content-alignment:center;--awb-text-transform:capitalize;--awb-text-color:var(--awb-color4);\"><p>Rep\u00fablica Checa<\/p>\n<\/div><\/div><\/li>\n<li class=\"fusion-layout-column fusion_builder_column fusion-builder-column-82 fusion-flex-column fusion-animated post-card fusion-grid-column fusion-post-cards-grid-column 2020 taiwan fusion-animated\" style=\"--awb-padding-bottom:5px;--awb-overflow:hidden;--awb-bg-color:var(--awb-color1);--awb-bg-color-hover:var(--awb-custom_color_2);--awb-bg-size:cover;--awb-box-shadow:0px 0px 24px hsla(var(--awb-color7-h),var(--awb-color7-s),var(--awb-color7-l),calc(var(--awb-color7-a) - 40%));;--awb-border-color:var(--awb-color4);--awb-border-color-hover:var(--awb-color7);--awb-border-top:1px;--awb-border-right:1px;--awb-border-bottom:1px;--awb-border-left:1px;--awb-border-style:solid;--awb-border-radius:6px 6px 6px 6px;--awb-flex-grow:0;--awb-flex-shrink:0;--awb-flex-grow-medium:0;--awb-flex-shrink-medium:0;--awb-flex-grow-small:0;--awb-flex-shrink-small:0;\" data-animationType=\"fadeIn\" data-animationDuration=\"1.3\" data-animationOffset=\"top-into-view\"><div class=\"fusion-column-wrapper fusion-column-has-shadow fusion-flex-justify-content-flex-start fusion-content-layout-column\"><div class=\"fusion-image-element \" style=\"--awb-aspect-ratio:16 \/ 9;--awb-margin-bottom:10px;--awb-caption-title-font-family:var(--h2_typography-font-family);--awb-caption-title-font-weight:var(--h2_typography-font-weight);--awb-caption-title-font-style:var(--h2_typography-font-style);--awb-caption-title-size:var(--h2_typography-font-size);--awb-caption-title-transform:var(--h2_typography-text-transform);--awb-caption-title-line-height:var(--h2_typography-line-height);--awb-caption-title-letter-spacing:var(--h2_typography-letter-spacing);\"><span class=\" fusion-imageframe imageframe-none imageframe-81 hover-type-none has-aspect-ratio\"><a class=\"fusion-no-lightbox\" href=\"https:\/\/www.choral-events.com\/es\/chorales\/shu-te-glee-club-choir\/\" target=\"_self\" aria-label=\"foto-sitio-web-Shu-Te-Taiwan-2\"><img decoding=\"async\" width=\"550\" height=\"350\" src=\"https:\/\/www.choral-events.com\/wp-content\/uploads\/2026\/03\/photo-site-web-Shu-Te-Taiwan-2.png\" class=\"img-responsive wp-image-51872 img-with-aspect-ratio\" data-parent-fit=\"cover\" data-parent-container=\".fusion-image-element\" alt srcset=\"https:\/\/www.choral-events.com\/wp-content\/uploads\/2026\/03\/photo-site-web-Shu-Te-Taiwan-2-200x127.png 200w, https:\/\/www.choral-events.com\/wp-content\/uploads\/2026\/03\/photo-site-web-Shu-Te-Taiwan-2-400x255.png 400w, https:\/\/www.choral-events.com\/wp-content\/uploads\/2026\/03\/photo-site-web-Shu-Te-Taiwan-2.png 550w\" sizes=\"(max-width: 1024px) 100vw, (max-width: 640px) 100vw, 550px\" \/><\/a><\/span><\/div><div class=\"fusion-title title fusion-title-83 fusion-sep-none fusion-title-center fusion-title-text fusion-title-size-paragraph\" style=\"--awb-text-color:var(--awb-color7);--awb-margin-top:10px;--awb-margin-right:5px;--awb-margin-bottom:10px;--awb-margin-left:5px;--awb-margin-top-small:16px;--awb-margin-right-small:0px;--awb-margin-bottom-small:10px;--awb-margin-left-small:0px;--awb-link-color:var(--awb-color7);--awb-font-size:16px;\"><p class=\"fusion-title-heading title-heading-center title-heading-tag fusion-responsive-typography-calculated\" style=\"margin:0;font-size:1em;--fontSize:16;--minFontSize:16;line-height:1.6;\"><a href=\"https:\/\/www.choral-events.com\/es\/chorales\/shu-te-glee-club-choir\/\" class=\"awb-custom-text-color awb-custom-text-hover-color\" target=\"_self\">Shu-Te Glee Club Choir<\/a><\/p><\/div><div class=\"fusion-separator\" style=\"align-self: center;margin-left: auto;margin-right: auto;flex-grow:10;margin-top:5px;margin-bottom:10px;width:100%;max-width:70px;\"><div class=\"fusion-separator-border sep-single sep-solid\" style=\"--awb-height:20px;--awb-amount:20px;border-color:var(--awb-color2);border-top-width:1px;\"><\/div><\/div><div class=\"fusion-text fusion-text-82\" style=\"--awb-content-alignment:center;--awb-text-transform:capitalize;--awb-text-color:var(--awb-color4);\"><p>Taiwan<\/p>\n<\/div><\/div><\/li>\n<li class=\"fusion-layout-column fusion_builder_column fusion-builder-column-83 fusion-flex-column fusion-animated post-card fusion-grid-column fusion-post-cards-grid-column 2018 suede fusion-animated\" style=\"--awb-padding-bottom:5px;--awb-overflow:hidden;--awb-bg-color:var(--awb-color1);--awb-bg-color-hover:var(--awb-custom_color_2);--awb-bg-size:cover;--awb-box-shadow:0px 0px 24px hsla(var(--awb-color7-h),var(--awb-color7-s),var(--awb-color7-l),calc(var(--awb-color7-a) - 40%));;--awb-border-color:var(--awb-color4);--awb-border-color-hover:var(--awb-color7);--awb-border-top:1px;--awb-border-right:1px;--awb-border-bottom:1px;--awb-border-left:1px;--awb-border-style:solid;--awb-border-radius:6px 6px 6px 6px;--awb-flex-grow:0;--awb-flex-shrink:0;--awb-flex-grow-medium:0;--awb-flex-shrink-medium:0;--awb-flex-grow-small:0;--awb-flex-shrink-small:0;\" data-animationType=\"fadeIn\" data-animationDuration=\"1.3\" data-animationOffset=\"top-into-view\"><div class=\"fusion-column-wrapper fusion-column-has-shadow fusion-flex-justify-content-flex-start fusion-content-layout-column\"><div class=\"fusion-image-element \" style=\"--awb-aspect-ratio:16 \/ 9;--awb-margin-bottom:10px;--awb-caption-title-font-family:var(--h2_typography-font-family);--awb-caption-title-font-weight:var(--h2_typography-font-weight);--awb-caption-title-font-style:var(--h2_typography-font-style);--awb-caption-title-size:var(--h2_typography-font-size);--awb-caption-title-transform:var(--h2_typography-text-transform);--awb-caption-title-line-height:var(--h2_typography-line-height);--awb-caption-title-letter-spacing:var(--h2_typography-letter-spacing);\"><span class=\" fusion-imageframe imageframe-none imageframe-82 hover-type-none has-aspect-ratio\"><a class=\"fusion-no-lightbox\" href=\"https:\/\/www.choral-events.com\/es\/chorales\/soderkoping-gospel\/\" target=\"_self\" aria-label=\"foto gospel ante 1\"><img decoding=\"async\" width=\"960\" height=\"508\" src=\"https:\/\/www.choral-events.com\/wp-content\/uploads\/2026\/03\/photo-gospel-suede-1.jpg\" class=\"img-responsive wp-image-51375 img-with-aspect-ratio\" data-parent-fit=\"cover\" data-parent-container=\".fusion-image-element\" alt srcset=\"https:\/\/www.choral-events.com\/wp-content\/uploads\/2026\/03\/photo-gospel-suede-1-200x106.jpg 200w, https:\/\/www.choral-events.com\/wp-content\/uploads\/2026\/03\/photo-gospel-suede-1-400x212.jpg 400w, https:\/\/www.choral-events.com\/wp-content\/uploads\/2026\/03\/photo-gospel-suede-1-600x318.jpg 600w, https:\/\/www.choral-events.com\/wp-content\/uploads\/2026\/03\/photo-gospel-suede-1-800x423.jpg 800w, https:\/\/www.choral-events.com\/wp-content\/uploads\/2026\/03\/photo-gospel-suede-1.jpg 960w\" sizes=\"(max-width: 1024px) 100vw, (max-width: 640px) 100vw, 960px\" \/><\/a><\/span><\/div><div class=\"fusion-title title fusion-title-84 fusion-sep-none fusion-title-center fusion-title-text fusion-title-size-paragraph\" style=\"--awb-text-color:var(--awb-color7);--awb-margin-top:10px;--awb-margin-right:5px;--awb-margin-bottom:10px;--awb-margin-left:5px;--awb-margin-top-small:16px;--awb-margin-right-small:0px;--awb-margin-bottom-small:10px;--awb-margin-left-small:0px;--awb-link-color:var(--awb-color7);--awb-font-size:16px;\"><p class=\"fusion-title-heading title-heading-center title-heading-tag fusion-responsive-typography-calculated\" style=\"margin:0;font-size:1em;--fontSize:16;--minFontSize:16;line-height:1.6;\"><a href=\"https:\/\/www.choral-events.com\/es\/chorales\/soderkoping-gospel\/\" class=\"awb-custom-text-color awb-custom-text-hover-color\" target=\"_self\">S\u00f6derk\u00f6ping Gospel<\/a><\/p><\/div><div class=\"fusion-separator\" style=\"align-self: center;margin-left: auto;margin-right: auto;flex-grow:10;margin-top:5px;margin-bottom:10px;width:100%;max-width:70px;\"><div class=\"fusion-separator-border sep-single sep-solid\" style=\"--awb-height:20px;--awb-amount:20px;border-color:var(--awb-color2);border-top-width:1px;\"><\/div><\/div><div class=\"fusion-text fusion-text-83\" style=\"--awb-content-alignment:center;--awb-text-transform:capitalize;--awb-text-color:var(--awb-color4);\"><p>Su\u00e8de<\/p>\n<\/div><\/div><\/li>\n<li class=\"fusion-layout-column fusion_builder_column fusion-builder-column-84 fusion-flex-column fusion-animated post-card fusion-grid-column fusion-post-cards-grid-column 2020 canada fusion-animated\" style=\"--awb-padding-bottom:5px;--awb-overflow:hidden;--awb-bg-color:var(--awb-color1);--awb-bg-color-hover:var(--awb-custom_color_2);--awb-bg-size:cover;--awb-box-shadow:0px 0px 24px hsla(var(--awb-color7-h),var(--awb-color7-s),var(--awb-color7-l),calc(var(--awb-color7-a) - 40%));;--awb-border-color:var(--awb-color4);--awb-border-color-hover:var(--awb-color7);--awb-border-top:1px;--awb-border-right:1px;--awb-border-bottom:1px;--awb-border-left:1px;--awb-border-style:solid;--awb-border-radius:6px 6px 6px 6px;--awb-flex-grow:0;--awb-flex-shrink:0;--awb-flex-grow-medium:0;--awb-flex-shrink-medium:0;--awb-flex-grow-small:0;--awb-flex-shrink-small:0;\" data-animationType=\"fadeIn\" data-animationDuration=\"1.3\" data-animationOffset=\"top-into-view\"><div class=\"fusion-column-wrapper fusion-column-has-shadow fusion-flex-justify-content-flex-start fusion-content-layout-column\"><div class=\"fusion-image-element \" style=\"--awb-aspect-ratio:16 \/ 9;--awb-margin-bottom:10px;--awb-caption-title-font-family:var(--h2_typography-font-family);--awb-caption-title-font-weight:var(--h2_typography-font-weight);--awb-caption-title-font-style:var(--h2_typography-font-style);--awb-caption-title-size:var(--h2_typography-font-size);--awb-caption-title-transform:var(--h2_typography-text-transform);--awb-caption-title-line-height:var(--h2_typography-line-height);--awb-caption-title-letter-spacing:var(--h2_typography-letter-spacing);\"><span class=\" fusion-imageframe imageframe-none imageframe-83 hover-type-none has-aspect-ratio\"><a class=\"fusion-no-lightbox\" href=\"https:\/\/www.choral-events.com\/es\/chorales\/spurrell-studio-choir\/\" target=\"_self\" aria-label=\"Spurrell-Studio-foto-p\u00e1gina-web-1\"><img decoding=\"async\" width=\"550\" height=\"350\" src=\"https:\/\/www.choral-events.com\/wp-content\/uploads\/2026\/03\/Spurrell-Studio-photo-page-web-1.png\" class=\"img-responsive wp-image-51876 img-with-aspect-ratio\" data-parent-fit=\"cover\" data-parent-container=\".fusion-image-element\" alt srcset=\"https:\/\/www.choral-events.com\/wp-content\/uploads\/2026\/03\/Spurrell-Studio-photo-page-web-1-200x127.png 200w, https:\/\/www.choral-events.com\/wp-content\/uploads\/2026\/03\/Spurrell-Studio-photo-page-web-1-400x255.png 400w, https:\/\/www.choral-events.com\/wp-content\/uploads\/2026\/03\/Spurrell-Studio-photo-page-web-1.png 550w\" sizes=\"(max-width: 1024px) 100vw, (max-width: 640px) 100vw, 550px\" \/><\/a><\/span><\/div><div class=\"fusion-title title fusion-title-85 fusion-sep-none fusion-title-center fusion-title-text fusion-title-size-paragraph\" style=\"--awb-text-color:var(--awb-color7);--awb-margin-top:10px;--awb-margin-right:5px;--awb-margin-bottom:10px;--awb-margin-left:5px;--awb-margin-top-small:16px;--awb-margin-right-small:0px;--awb-margin-bottom-small:10px;--awb-margin-left-small:0px;--awb-link-color:var(--awb-color7);--awb-font-size:16px;\"><p class=\"fusion-title-heading title-heading-center title-heading-tag fusion-responsive-typography-calculated\" style=\"margin:0;font-size:1em;--fontSize:16;--minFontSize:16;line-height:1.6;\"><a href=\"https:\/\/www.choral-events.com\/es\/chorales\/spurrell-studio-choir\/\" class=\"awb-custom-text-color awb-custom-text-hover-color\" target=\"_self\">Spurrell Studio Choir<\/a><\/p><\/div><div class=\"fusion-separator\" style=\"align-self: center;margin-left: auto;margin-right: auto;flex-grow:10;margin-top:5px;margin-bottom:10px;width:100%;max-width:70px;\"><div class=\"fusion-separator-border sep-single sep-solid\" style=\"--awb-height:20px;--awb-amount:20px;border-color:var(--awb-color2);border-top-width:1px;\"><\/div><\/div><div class=\"fusion-text fusion-text-84\" style=\"--awb-content-alignment:center;--awb-text-transform:capitalize;--awb-text-color:var(--awb-color4);\"><p>Canada<\/p>\n<\/div><\/div><\/li>\n<li class=\"fusion-layout-column fusion_builder_column fusion-builder-column-85 fusion-flex-column fusion-animated post-card fusion-grid-column fusion-post-cards-grid-column 2025 sudafrica fusion-animated\" style=\"--awb-padding-bottom:5px;--awb-overflow:hidden;--awb-bg-color:var(--awb-color1);--awb-bg-color-hover:var(--awb-custom_color_2);--awb-bg-size:cover;--awb-box-shadow:0px 0px 24px hsla(var(--awb-color7-h),var(--awb-color7-s),var(--awb-color7-l),calc(var(--awb-color7-a) - 40%));;--awb-border-color:var(--awb-color4);--awb-border-color-hover:var(--awb-color7);--awb-border-top:1px;--awb-border-right:1px;--awb-border-bottom:1px;--awb-border-left:1px;--awb-border-style:solid;--awb-border-radius:6px 6px 6px 6px;--awb-flex-grow:0;--awb-flex-shrink:0;--awb-flex-grow-medium:0;--awb-flex-shrink-medium:0;--awb-flex-grow-small:0;--awb-flex-shrink-small:0;\" data-animationType=\"fadeIn\" data-animationDuration=\"1.3\" data-animationOffset=\"top-into-view\"><div class=\"fusion-column-wrapper fusion-column-has-shadow fusion-flex-justify-content-flex-start fusion-content-layout-column\"><div class=\"fusion-image-element \" style=\"--awb-aspect-ratio:16 \/ 9;--awb-margin-bottom:10px;--awb-caption-title-font-family:var(--h2_typography-font-family);--awb-caption-title-font-weight:var(--h2_typography-font-weight);--awb-caption-title-font-style:var(--h2_typography-font-style);--awb-caption-title-size:var(--h2_typography-font-size);--awb-caption-title-transform:var(--h2_typography-text-transform);--awb-caption-title-line-height:var(--h2_typography-line-height);--awb-caption-title-letter-spacing:var(--h2_typography-letter-spacing);\"><span class=\" fusion-imageframe imageframe-none imageframe-84 hover-type-none has-aspect-ratio\"><a class=\"fusion-no-lightbox\" href=\"https:\/\/www.choral-events.com\/es\/chorales\/st-marys-singers\/\" target=\"_self\" aria-label=\"St Mary\u2019s Singers \u2013 Sud\u00e1frica\"><img decoding=\"async\" width=\"9000\" height=\"6000\" alt=\"St Mary\u2019s Singers \u2013 Sud\u00e1frica\" src=\"https:\/\/www.choral-events.com\/wp-content\/uploads\/2025\/01\/HighSchoolStMarys1-146.jpg\" class=\"img-responsive wp-image-49673 img-with-aspect-ratio\" data-parent-fit=\"cover\" data-parent-container=\".fusion-image-element\" srcset=\"https:\/\/www.choral-events.com\/wp-content\/uploads\/2025\/01\/HighSchoolStMarys1-146-200x133.jpg 200w, https:\/\/www.choral-events.com\/wp-content\/uploads\/2025\/01\/HighSchoolStMarys1-146-400x267.jpg 400w, https:\/\/www.choral-events.com\/wp-content\/uploads\/2025\/01\/HighSchoolStMarys1-146-600x400.jpg 600w, https:\/\/www.choral-events.com\/wp-content\/uploads\/2025\/01\/HighSchoolStMarys1-146-800x533.jpg 800w, https:\/\/www.choral-events.com\/wp-content\/uploads\/2025\/01\/HighSchoolStMarys1-146-1200x800.jpg 1200w, https:\/\/www.choral-events.com\/wp-content\/uploads\/2025\/01\/HighSchoolStMarys1-146.jpg 9000w\" sizes=\"(max-width: 1024px) 100vw, (max-width: 640px) 100vw, 9000px\" \/><\/a><\/span><\/div><div class=\"fusion-title title fusion-title-86 fusion-sep-none fusion-title-center fusion-title-text fusion-title-size-paragraph\" style=\"--awb-text-color:var(--awb-color7);--awb-margin-top:10px;--awb-margin-right:5px;--awb-margin-bottom:10px;--awb-margin-left:5px;--awb-margin-top-small:16px;--awb-margin-right-small:0px;--awb-margin-bottom-small:10px;--awb-margin-left-small:0px;--awb-link-color:var(--awb-color7);--awb-font-size:16px;\"><p class=\"fusion-title-heading title-heading-center title-heading-tag fusion-responsive-typography-calculated\" style=\"margin:0;font-size:1em;--fontSize:16;--minFontSize:16;line-height:1.6;\"><a href=\"https:\/\/www.choral-events.com\/es\/chorales\/st-marys-singers\/\" class=\"awb-custom-text-color awb-custom-text-hover-color\" target=\"_self\">St Mary\u2019s Singers<\/a><\/p><\/div><div class=\"fusion-separator\" style=\"align-self: center;margin-left: auto;margin-right: auto;flex-grow:10;margin-top:5px;margin-bottom:10px;width:100%;max-width:70px;\"><div class=\"fusion-separator-border sep-single sep-solid\" style=\"--awb-height:20px;--awb-amount:20px;border-color:var(--awb-color2);border-top-width:1px;\"><\/div><\/div><div class=\"fusion-text fusion-text-85\" style=\"--awb-content-alignment:center;--awb-text-transform:capitalize;--awb-text-color:var(--awb-color4);\"><p>Sud\u00e1frica<\/p>\n<\/div><\/div><\/li>\n<li class=\"fusion-layout-column fusion_builder_column fusion-builder-column-86 fusion-flex-column fusion-animated post-card fusion-grid-column fusion-post-cards-grid-column 2020 bulgarie fusion-animated\" style=\"--awb-padding-bottom:5px;--awb-overflow:hidden;--awb-bg-color:var(--awb-color1);--awb-bg-color-hover:var(--awb-custom_color_2);--awb-bg-size:cover;--awb-box-shadow:0px 0px 24px hsla(var(--awb-color7-h),var(--awb-color7-s),var(--awb-color7-l),calc(var(--awb-color7-a) - 40%));;--awb-border-color:var(--awb-color4);--awb-border-color-hover:var(--awb-color7);--awb-border-top:1px;--awb-border-right:1px;--awb-border-bottom:1px;--awb-border-left:1px;--awb-border-style:solid;--awb-border-radius:6px 6px 6px 6px;--awb-flex-grow:0;--awb-flex-shrink:0;--awb-flex-grow-medium:0;--awb-flex-shrink-medium:0;--awb-flex-grow-small:0;--awb-flex-shrink-small:0;\" data-animationType=\"fadeIn\" data-animationDuration=\"1.3\" data-animationOffset=\"top-into-view\"><div class=\"fusion-column-wrapper fusion-column-has-shadow fusion-flex-justify-content-flex-start fusion-content-layout-column\"><div class=\"fusion-image-element \" style=\"--awb-aspect-ratio:16 \/ 9;--awb-margin-bottom:10px;--awb-caption-title-font-family:var(--h2_typography-font-family);--awb-caption-title-font-weight:var(--h2_typography-font-weight);--awb-caption-title-font-style:var(--h2_typography-font-style);--awb-caption-title-size:var(--h2_typography-font-size);--awb-caption-title-transform:var(--h2_typography-text-transform);--awb-caption-title-line-height:var(--h2_typography-line-height);--awb-caption-title-letter-spacing:var(--h2_typography-letter-spacing);\"><span class=\" fusion-imageframe imageframe-none imageframe-85 hover-type-none has-aspect-ratio\"><a class=\"fusion-no-lightbox\" href=\"https:\/\/www.choral-events.com\/es\/chorales\/talasumche-childrens-choir\/\" target=\"_self\" aria-label=\"Talamunshe-foto-p\u00e1gina-web-1\"><img decoding=\"async\" width=\"550\" height=\"350\" src=\"https:\/\/www.choral-events.com\/wp-content\/uploads\/2026\/03\/Talamunshe-photo-page-web-1.png\" class=\"img-responsive wp-image-51880 img-with-aspect-ratio\" data-parent-fit=\"cover\" data-parent-container=\".fusion-image-element\" alt srcset=\"https:\/\/www.choral-events.com\/wp-content\/uploads\/2026\/03\/Talamunshe-photo-page-web-1-200x127.png 200w, https:\/\/www.choral-events.com\/wp-content\/uploads\/2026\/03\/Talamunshe-photo-page-web-1-400x255.png 400w, https:\/\/www.choral-events.com\/wp-content\/uploads\/2026\/03\/Talamunshe-photo-page-web-1.png 550w\" sizes=\"(max-width: 1024px) 100vw, (max-width: 640px) 100vw, 550px\" \/><\/a><\/span><\/div><div class=\"fusion-title title fusion-title-87 fusion-sep-none fusion-title-center fusion-title-text fusion-title-size-paragraph\" style=\"--awb-text-color:var(--awb-color7);--awb-margin-top:10px;--awb-margin-right:5px;--awb-margin-bottom:10px;--awb-margin-left:5px;--awb-margin-top-small:16px;--awb-margin-right-small:0px;--awb-margin-bottom-small:10px;--awb-margin-left-small:0px;--awb-link-color:var(--awb-color7);--awb-font-size:16px;\"><p class=\"fusion-title-heading title-heading-center title-heading-tag fusion-responsive-typography-calculated\" style=\"margin:0;font-size:1em;--fontSize:16;--minFontSize:16;line-height:1.6;\"><a href=\"https:\/\/www.choral-events.com\/es\/chorales\/talasumche-childrens-choir\/\" class=\"awb-custom-text-color awb-custom-text-hover-color\" target=\"_self\">Talasumche Children&#8217;s Choir<\/a><\/p><\/div><div class=\"fusion-separator\" style=\"align-self: center;margin-left: auto;margin-right: auto;flex-grow:10;margin-top:5px;margin-bottom:10px;width:100%;max-width:70px;\"><div class=\"fusion-separator-border sep-single sep-solid\" style=\"--awb-height:20px;--awb-amount:20px;border-color:var(--awb-color2);border-top-width:1px;\"><\/div><\/div><div class=\"fusion-text fusion-text-86\" style=\"--awb-content-alignment:center;--awb-text-transform:capitalize;--awb-text-color:var(--awb-color4);\"><p>Bulgarie<\/p>\n<\/div><\/div><\/li>\n<li class=\"fusion-layout-column fusion_builder_column fusion-builder-column-87 fusion-flex-column fusion-animated post-card fusion-grid-column fusion-post-cards-grid-column 2025 inglaterra fusion-animated\" style=\"--awb-padding-bottom:5px;--awb-overflow:hidden;--awb-bg-color:var(--awb-color1);--awb-bg-color-hover:var(--awb-custom_color_2);--awb-bg-size:cover;--awb-box-shadow:0px 0px 24px hsla(var(--awb-color7-h),var(--awb-color7-s),var(--awb-color7-l),calc(var(--awb-color7-a) - 40%));;--awb-border-color:var(--awb-color4);--awb-border-color-hover:var(--awb-color7);--awb-border-top:1px;--awb-border-right:1px;--awb-border-bottom:1px;--awb-border-left:1px;--awb-border-style:solid;--awb-border-radius:6px 6px 6px 6px;--awb-flex-grow:0;--awb-flex-shrink:0;--awb-flex-grow-medium:0;--awb-flex-shrink-medium:0;--awb-flex-grow-small:0;--awb-flex-shrink-small:0;\" data-animationType=\"fadeIn\" data-animationDuration=\"1.3\" data-animationOffset=\"top-into-view\"><div class=\"fusion-column-wrapper fusion-column-has-shadow fusion-flex-justify-content-flex-start fusion-content-layout-column\"><div class=\"fusion-image-element \" style=\"--awb-aspect-ratio:16 \/ 9;--awb-margin-bottom:10px;--awb-caption-title-font-family:var(--h2_typography-font-family);--awb-caption-title-font-weight:var(--h2_typography-font-weight);--awb-caption-title-font-style:var(--h2_typography-font-style);--awb-caption-title-size:var(--h2_typography-font-size);--awb-caption-title-transform:var(--h2_typography-text-transform);--awb-caption-title-line-height:var(--h2_typography-line-height);--awb-caption-title-letter-spacing:var(--h2_typography-letter-spacing);\"><span class=\" fusion-imageframe imageframe-none imageframe-86 hover-type-none has-aspect-ratio\"><a class=\"fusion-no-lightbox\" href=\"https:\/\/www.choral-events.com\/es\/chorales\/the-barberettes\/\" target=\"_self\" aria-label=\"The Barberettes Reading Choir \u2013 Inglaterra\"><img decoding=\"async\" width=\"1080\" height=\"720\" alt=\"The Barberettes Reading Choir \u2013 Inglaterra\" src=\"https:\/\/www.choral-events.com\/wp-content\/uploads\/2025\/01\/410591651_932578805095744_8476990544104536018_n.jpg\" class=\"img-responsive wp-image-49713 img-with-aspect-ratio\" data-parent-fit=\"cover\" data-parent-container=\".fusion-image-element\" srcset=\"https:\/\/www.choral-events.com\/wp-content\/uploads\/2025\/01\/410591651_932578805095744_8476990544104536018_n-200x133.jpg 200w, https:\/\/www.choral-events.com\/wp-content\/uploads\/2025\/01\/410591651_932578805095744_8476990544104536018_n-400x267.jpg 400w, https:\/\/www.choral-events.com\/wp-content\/uploads\/2025\/01\/410591651_932578805095744_8476990544104536018_n-600x400.jpg 600w, https:\/\/www.choral-events.com\/wp-content\/uploads\/2025\/01\/410591651_932578805095744_8476990544104536018_n-800x533.jpg 800w, https:\/\/www.choral-events.com\/wp-content\/uploads\/2025\/01\/410591651_932578805095744_8476990544104536018_n.jpg 1080w\" sizes=\"(max-width: 1024px) 100vw, (max-width: 640px) 100vw, 1080px\" \/><\/a><\/span><\/div><div class=\"fusion-title title fusion-title-88 fusion-sep-none fusion-title-center fusion-title-text fusion-title-size-paragraph\" style=\"--awb-text-color:var(--awb-color7);--awb-margin-top:10px;--awb-margin-right:5px;--awb-margin-bottom:10px;--awb-margin-left:5px;--awb-margin-top-small:16px;--awb-margin-right-small:0px;--awb-margin-bottom-small:10px;--awb-margin-left-small:0px;--awb-link-color:var(--awb-color7);--awb-font-size:16px;\"><p class=\"fusion-title-heading title-heading-center title-heading-tag fusion-responsive-typography-calculated\" style=\"margin:0;font-size:1em;--fontSize:16;--minFontSize:16;line-height:1.6;\"><a href=\"https:\/\/www.choral-events.com\/es\/chorales\/the-barberettes\/\" class=\"awb-custom-text-color awb-custom-text-hover-color\" target=\"_self\">The Barberettes<\/a><\/p><\/div><div class=\"fusion-separator\" style=\"align-self: center;margin-left: auto;margin-right: auto;flex-grow:10;margin-top:5px;margin-bottom:10px;width:100%;max-width:70px;\"><div class=\"fusion-separator-border sep-single sep-solid\" style=\"--awb-height:20px;--awb-amount:20px;border-color:var(--awb-color2);border-top-width:1px;\"><\/div><\/div><div class=\"fusion-text fusion-text-87\" style=\"--awb-content-alignment:center;--awb-text-transform:capitalize;--awb-text-color:var(--awb-color4);\"><p>Inglaterra<\/p>\n<\/div><\/div><\/li>\n<li class=\"fusion-layout-column fusion_builder_column fusion-builder-column-88 fusion-flex-column fusion-animated post-card fusion-grid-column fusion-post-cards-grid-column 2018 republique-tcheque fusion-animated\" style=\"--awb-padding-bottom:5px;--awb-overflow:hidden;--awb-bg-color:var(--awb-color1);--awb-bg-color-hover:var(--awb-custom_color_2);--awb-bg-size:cover;--awb-box-shadow:0px 0px 24px hsla(var(--awb-color7-h),var(--awb-color7-s),var(--awb-color7-l),calc(var(--awb-color7-a) - 40%));;--awb-border-color:var(--awb-color4);--awb-border-color-hover:var(--awb-color7);--awb-border-top:1px;--awb-border-right:1px;--awb-border-bottom:1px;--awb-border-left:1px;--awb-border-style:solid;--awb-border-radius:6px 6px 6px 6px;--awb-flex-grow:0;--awb-flex-shrink:0;--awb-flex-grow-medium:0;--awb-flex-shrink-medium:0;--awb-flex-grow-small:0;--awb-flex-shrink-small:0;\" data-animationType=\"fadeIn\" data-animationDuration=\"1.3\" data-animationOffset=\"top-into-view\"><div class=\"fusion-column-wrapper fusion-column-has-shadow fusion-flex-justify-content-flex-start fusion-content-layout-column\"><div class=\"fusion-image-element \" style=\"--awb-aspect-ratio:16 \/ 9;--awb-margin-bottom:10px;--awb-caption-title-font-family:var(--h2_typography-font-family);--awb-caption-title-font-weight:var(--h2_typography-font-weight);--awb-caption-title-font-style:var(--h2_typography-font-style);--awb-caption-title-size:var(--h2_typography-font-size);--awb-caption-title-transform:var(--h2_typography-text-transform);--awb-caption-title-line-height:var(--h2_typography-line-height);--awb-caption-title-letter-spacing:var(--h2_typography-letter-spacing);\"><span class=\" fusion-imageframe imageframe-none imageframe-87 hover-type-none has-aspect-ratio\"><a class=\"fusion-no-lightbox\" href=\"https:\/\/www.choral-events.com\/es\/chorales\/ustecky-detsky-sbor\/\" target=\"_self\" aria-label=\"teaserbox_50812166\"><img decoding=\"async\" width=\"900\" height=\"675\" src=\"https:\/\/www.choral-events.com\/wp-content\/uploads\/2026\/03\/teaserbox_50812166.jpg\" class=\"img-responsive wp-image-51383 img-with-aspect-ratio\" data-parent-fit=\"cover\" data-parent-container=\".fusion-image-element\" alt srcset=\"https:\/\/www.choral-events.com\/wp-content\/uploads\/2026\/03\/teaserbox_50812166-200x150.jpg 200w, https:\/\/www.choral-events.com\/wp-content\/uploads\/2026\/03\/teaserbox_50812166-400x300.jpg 400w, https:\/\/www.choral-events.com\/wp-content\/uploads\/2026\/03\/teaserbox_50812166-600x450.jpg 600w, https:\/\/www.choral-events.com\/wp-content\/uploads\/2026\/03\/teaserbox_50812166-800x600.jpg 800w, https:\/\/www.choral-events.com\/wp-content\/uploads\/2026\/03\/teaserbox_50812166.jpg 900w\" sizes=\"(max-width: 1024px) 100vw, (max-width: 640px) 100vw, 900px\" \/><\/a><\/span><\/div><div class=\"fusion-title title fusion-title-89 fusion-sep-none fusion-title-center fusion-title-text fusion-title-size-paragraph\" style=\"--awb-text-color:var(--awb-color7);--awb-margin-top:10px;--awb-margin-right:5px;--awb-margin-bottom:10px;--awb-margin-left:5px;--awb-margin-top-small:16px;--awb-margin-right-small:0px;--awb-margin-bottom-small:10px;--awb-margin-left-small:0px;--awb-link-color:var(--awb-color7);--awb-font-size:16px;\"><p class=\"fusion-title-heading title-heading-center title-heading-tag fusion-responsive-typography-calculated\" style=\"margin:0;font-size:1em;--fontSize:16;--minFontSize:16;line-height:1.6;\"><a href=\"https:\/\/www.choral-events.com\/es\/chorales\/ustecky-detsky-sbor\/\" class=\"awb-custom-text-color awb-custom-text-hover-color\" target=\"_self\">\u00daSTECK\u00dd D\u011aTSK\u00dd SBOR<\/a><\/p><\/div><div class=\"fusion-separator\" style=\"align-self: center;margin-left: auto;margin-right: auto;flex-grow:10;margin-top:5px;margin-bottom:10px;width:100%;max-width:70px;\"><div class=\"fusion-separator-border sep-single sep-solid\" style=\"--awb-height:20px;--awb-amount:20px;border-color:var(--awb-color2);border-top-width:1px;\"><\/div><\/div><div class=\"fusion-text fusion-text-88\" style=\"--awb-content-alignment:center;--awb-text-transform:capitalize;--awb-text-color:var(--awb-color4);\"><p>R\u00e9publique Tch\u00e8que<\/p>\n<\/div><\/div><\/li>\n<li class=\"fusion-layout-column fusion_builder_column fusion-builder-column-89 fusion-flex-column fusion-animated post-card fusion-grid-column fusion-post-cards-grid-column 2018 canada fusion-animated\" style=\"--awb-padding-bottom:5px;--awb-overflow:hidden;--awb-bg-color:var(--awb-color1);--awb-bg-color-hover:var(--awb-custom_color_2);--awb-bg-size:cover;--awb-box-shadow:0px 0px 24px hsla(var(--awb-color7-h),var(--awb-color7-s),var(--awb-color7-l),calc(var(--awb-color7-a) - 40%));;--awb-border-color:var(--awb-color4);--awb-border-color-hover:var(--awb-color7);--awb-border-top:1px;--awb-border-right:1px;--awb-border-bottom:1px;--awb-border-left:1px;--awb-border-style:solid;--awb-border-radius:6px 6px 6px 6px;--awb-flex-grow:0;--awb-flex-shrink:0;--awb-flex-grow-medium:0;--awb-flex-shrink-medium:0;--awb-flex-grow-small:0;--awb-flex-shrink-small:0;\" data-animationType=\"fadeIn\" data-animationDuration=\"1.3\" data-animationOffset=\"top-into-view\"><div class=\"fusion-column-wrapper fusion-column-has-shadow fusion-flex-justify-content-flex-start fusion-content-layout-column\"><div class=\"fusion-image-element \" style=\"--awb-aspect-ratio:16 \/ 9;--awb-margin-bottom:10px;--awb-caption-title-font-family:var(--h2_typography-font-family);--awb-caption-title-font-weight:var(--h2_typography-font-weight);--awb-caption-title-font-style:var(--h2_typography-font-style);--awb-caption-title-size:var(--h2_typography-font-size);--awb-caption-title-transform:var(--h2_typography-text-transform);--awb-caption-title-line-height:var(--h2_typography-line-height);--awb-caption-title-letter-spacing:var(--h2_typography-letter-spacing);\"><span class=\" fusion-imageframe imageframe-none imageframe-88 hover-type-none has-aspect-ratio\"><a class=\"fusion-no-lightbox\" href=\"https:\/\/www.choral-events.com\/es\/chorales\/vancouver-youth-choir\/\" target=\"_self\" aria-label=\"foto vancouver\"><img decoding=\"async\" width=\"1000\" height=\"333\" src=\"https:\/\/www.choral-events.com\/wp-content\/uploads\/2026\/03\/photo-vancouver.jpg\" class=\"img-responsive wp-image-51395 img-with-aspect-ratio\" data-parent-fit=\"cover\" data-parent-container=\".fusion-image-element\" alt srcset=\"https:\/\/www.choral-events.com\/wp-content\/uploads\/2026\/03\/photo-vancouver-200x67.jpg 200w, https:\/\/www.choral-events.com\/wp-content\/uploads\/2026\/03\/photo-vancouver-400x133.jpg 400w, https:\/\/www.choral-events.com\/wp-content\/uploads\/2026\/03\/photo-vancouver-600x200.jpg 600w, https:\/\/www.choral-events.com\/wp-content\/uploads\/2026\/03\/photo-vancouver-800x266.jpg 800w, https:\/\/www.choral-events.com\/wp-content\/uploads\/2026\/03\/photo-vancouver.jpg 1000w\" sizes=\"(max-width: 1024px) 100vw, (max-width: 640px) 100vw, 1000px\" \/><\/a><\/span><\/div><div class=\"fusion-title title fusion-title-90 fusion-sep-none fusion-title-center fusion-title-text fusion-title-size-paragraph\" style=\"--awb-text-color:var(--awb-color7);--awb-margin-top:10px;--awb-margin-right:5px;--awb-margin-bottom:10px;--awb-margin-left:5px;--awb-margin-top-small:16px;--awb-margin-right-small:0px;--awb-margin-bottom-small:10px;--awb-margin-left-small:0px;--awb-link-color:var(--awb-color7);--awb-font-size:16px;\"><p class=\"fusion-title-heading title-heading-center title-heading-tag fusion-responsive-typography-calculated\" style=\"margin:0;font-size:1em;--fontSize:16;--minFontSize:16;line-height:1.6;\"><a href=\"https:\/\/www.choral-events.com\/es\/chorales\/vancouver-youth-choir\/\" class=\"awb-custom-text-color awb-custom-text-hover-color\" target=\"_self\">Vancouver Youth Choir<\/a><\/p><\/div><div class=\"fusion-separator\" style=\"align-self: center;margin-left: auto;margin-right: auto;flex-grow:10;margin-top:5px;margin-bottom:10px;width:100%;max-width:70px;\"><div class=\"fusion-separator-border sep-single sep-solid\" style=\"--awb-height:20px;--awb-amount:20px;border-color:var(--awb-color2);border-top-width:1px;\"><\/div><\/div><div class=\"fusion-text fusion-text-89\" style=\"--awb-content-alignment:center;--awb-text-transform:capitalize;--awb-text-color:var(--awb-color4);\"><p>Canada<\/p>\n<\/div><\/div><\/li>\n<li class=\"fusion-layout-column fusion_builder_column fusion-builder-column-90 fusion-flex-column fusion-animated post-card fusion-grid-column fusion-post-cards-grid-column 2018 quebec fusion-animated\" style=\"--awb-padding-bottom:5px;--awb-overflow:hidden;--awb-bg-color:var(--awb-color1);--awb-bg-color-hover:var(--awb-custom_color_2);--awb-bg-size:cover;--awb-box-shadow:0px 0px 24px hsla(var(--awb-color7-h),var(--awb-color7-s),var(--awb-color7-l),calc(var(--awb-color7-a) - 40%));;--awb-border-color:var(--awb-color4);--awb-border-color-hover:var(--awb-color7);--awb-border-top:1px;--awb-border-right:1px;--awb-border-bottom:1px;--awb-border-left:1px;--awb-border-style:solid;--awb-border-radius:6px 6px 6px 6px;--awb-flex-grow:0;--awb-flex-shrink:0;--awb-flex-grow-medium:0;--awb-flex-shrink-medium:0;--awb-flex-grow-small:0;--awb-flex-shrink-small:0;\" data-animationType=\"fadeIn\" data-animationDuration=\"1.3\" data-animationOffset=\"top-into-view\"><div class=\"fusion-column-wrapper fusion-column-has-shadow fusion-flex-justify-content-flex-start fusion-content-layout-column\"><div class=\"fusion-image-element \" style=\"--awb-aspect-ratio:16 \/ 9;--awb-margin-bottom:10px;--awb-caption-title-font-family:var(--h2_typography-font-family);--awb-caption-title-font-weight:var(--h2_typography-font-weight);--awb-caption-title-font-style:var(--h2_typography-font-style);--awb-caption-title-size:var(--h2_typography-font-size);--awb-caption-title-transform:var(--h2_typography-text-transform);--awb-caption-title-line-height:var(--h2_typography-line-height);--awb-caption-title-letter-spacing:var(--h2_typography-letter-spacing);\"><span class=\" fusion-imageframe imageframe-none imageframe-89 hover-type-none has-aspect-ratio\"><a class=\"fusion-no-lightbox\" href=\"https:\/\/www.choral-events.com\/es\/chorales\/vocadiva\/\" target=\"_self\" aria-label=\"Voca Diva 1\"><img decoding=\"async\" width=\"1620\" height=\"1080\" src=\"https:\/\/www.choral-events.com\/wp-content\/uploads\/2026\/03\/Voca-Diva-1.jpg\" class=\"img-responsive wp-image-51403 img-with-aspect-ratio\" data-parent-fit=\"cover\" data-parent-container=\".fusion-image-element\" alt srcset=\"https:\/\/www.choral-events.com\/wp-content\/uploads\/2026\/03\/Voca-Diva-1-200x133.jpg 200w, https:\/\/www.choral-events.com\/wp-content\/uploads\/2026\/03\/Voca-Diva-1-400x267.jpg 400w, https:\/\/www.choral-events.com\/wp-content\/uploads\/2026\/03\/Voca-Diva-1-600x400.jpg 600w, https:\/\/www.choral-events.com\/wp-content\/uploads\/2026\/03\/Voca-Diva-1-800x533.jpg 800w, https:\/\/www.choral-events.com\/wp-content\/uploads\/2026\/03\/Voca-Diva-1-1200x800.jpg 1200w, https:\/\/www.choral-events.com\/wp-content\/uploads\/2026\/03\/Voca-Diva-1.jpg 1620w\" sizes=\"(max-width: 1024px) 100vw, (max-width: 640px) 100vw, 1620px\" \/><\/a><\/span><\/div><div class=\"fusion-title title fusion-title-91 fusion-sep-none fusion-title-center fusion-title-text fusion-title-size-paragraph\" style=\"--awb-text-color:var(--awb-color7);--awb-margin-top:10px;--awb-margin-right:5px;--awb-margin-bottom:10px;--awb-margin-left:5px;--awb-margin-top-small:16px;--awb-margin-right-small:0px;--awb-margin-bottom-small:10px;--awb-margin-left-small:0px;--awb-link-color:var(--awb-color7);--awb-font-size:16px;\"><p class=\"fusion-title-heading title-heading-center title-heading-tag fusion-responsive-typography-calculated\" style=\"margin:0;font-size:1em;--fontSize:16;--minFontSize:16;line-height:1.6;\"><a href=\"https:\/\/www.choral-events.com\/es\/chorales\/vocadiva\/\" class=\"awb-custom-text-color awb-custom-text-hover-color\" target=\"_self\">Vocadiva<\/a><\/p><\/div><div class=\"fusion-separator\" style=\"align-self: center;margin-left: auto;margin-right: auto;flex-grow:10;margin-top:5px;margin-bottom:10px;width:100%;max-width:70px;\"><div class=\"fusion-separator-border sep-single sep-solid\" style=\"--awb-height:20px;--awb-amount:20px;border-color:var(--awb-color2);border-top-width:1px;\"><\/div><\/div><div class=\"fusion-text fusion-text-90\" style=\"--awb-content-alignment:center;--awb-text-transform:capitalize;--awb-text-color:var(--awb-color4);\"><p>Qu\u00e9bec<\/p>\n<\/div><\/div><\/li>\n<li class=\"fusion-layout-column fusion_builder_column fusion-builder-column-91 fusion-flex-column fusion-animated post-card fusion-grid-column fusion-post-cards-grid-column 2018 pays-bas fusion-animated\" style=\"--awb-padding-bottom:5px;--awb-overflow:hidden;--awb-bg-color:var(--awb-color1);--awb-bg-color-hover:var(--awb-custom_color_2);--awb-bg-size:cover;--awb-box-shadow:0px 0px 24px hsla(var(--awb-color7-h),var(--awb-color7-s),var(--awb-color7-l),calc(var(--awb-color7-a) - 40%));;--awb-border-color:var(--awb-color4);--awb-border-color-hover:var(--awb-color7);--awb-border-top:1px;--awb-border-right:1px;--awb-border-bottom:1px;--awb-border-left:1px;--awb-border-style:solid;--awb-border-radius:6px 6px 6px 6px;--awb-flex-grow:0;--awb-flex-shrink:0;--awb-flex-grow-medium:0;--awb-flex-shrink-medium:0;--awb-flex-grow-small:0;--awb-flex-shrink-small:0;\" data-animationType=\"fadeIn\" data-animationDuration=\"1.3\" data-animationOffset=\"top-into-view\"><div class=\"fusion-column-wrapper fusion-column-has-shadow fusion-flex-justify-content-flex-start fusion-content-layout-column\"><div class=\"fusion-image-element \" style=\"--awb-aspect-ratio:16 \/ 9;--awb-margin-bottom:10px;--awb-caption-title-font-family:var(--h2_typography-font-family);--awb-caption-title-font-weight:var(--h2_typography-font-weight);--awb-caption-title-font-style:var(--h2_typography-font-style);--awb-caption-title-size:var(--h2_typography-font-size);--awb-caption-title-transform:var(--h2_typography-text-transform);--awb-caption-title-line-height:var(--h2_typography-line-height);--awb-caption-title-letter-spacing:var(--h2_typography-letter-spacing);\"><span class=\" fusion-imageframe imageframe-none imageframe-90 hover-type-none has-aspect-ratio\"><a class=\"fusion-no-lightbox\" href=\"https:\/\/www.choral-events.com\/es\/chorales\/vrije-universiteit-kamerkoor\/\" target=\"_self\" aria-label=\"vu-kamerkoor-krista-audere-2-550&#215;350\"><img decoding=\"async\" width=\"550\" height=\"350\" src=\"https:\/\/www.choral-events.com\/wp-content\/uploads\/2026\/03\/vu-kamerkoor-krista-audere-2-550x350-1.jpeg\" class=\"img-responsive wp-image-51411 img-with-aspect-ratio\" data-parent-fit=\"cover\" data-parent-container=\".fusion-image-element\" alt srcset=\"https:\/\/www.choral-events.com\/wp-content\/uploads\/2026\/03\/vu-kamerkoor-krista-audere-2-550x350-1-200x127.jpeg 200w, https:\/\/www.choral-events.com\/wp-content\/uploads\/2026\/03\/vu-kamerkoor-krista-audere-2-550x350-1-400x255.jpeg 400w, https:\/\/www.choral-events.com\/wp-content\/uploads\/2026\/03\/vu-kamerkoor-krista-audere-2-550x350-1.jpeg 550w\" sizes=\"(max-width: 1024px) 100vw, (max-width: 640px) 100vw, 550px\" \/><\/a><\/span><\/div><div class=\"fusion-title title fusion-title-92 fusion-sep-none fusion-title-center fusion-title-text fusion-title-size-paragraph\" style=\"--awb-text-color:var(--awb-color7);--awb-margin-top:10px;--awb-margin-right:5px;--awb-margin-bottom:10px;--awb-margin-left:5px;--awb-margin-top-small:16px;--awb-margin-right-small:0px;--awb-margin-bottom-small:10px;--awb-margin-left-small:0px;--awb-link-color:var(--awb-color7);--awb-font-size:16px;\"><p class=\"fusion-title-heading title-heading-center title-heading-tag fusion-responsive-typography-calculated\" style=\"margin:0;font-size:1em;--fontSize:16;--minFontSize:16;line-height:1.6;\"><a href=\"https:\/\/www.choral-events.com\/es\/chorales\/vrije-universiteit-kamerkoor\/\" class=\"awb-custom-text-color awb-custom-text-hover-color\" target=\"_self\">Vrije Universiteit Kamerkoor<\/a><\/p><\/div><div class=\"fusion-separator\" style=\"align-self: center;margin-left: auto;margin-right: auto;flex-grow:10;margin-top:5px;margin-bottom:10px;width:100%;max-width:70px;\"><div class=\"fusion-separator-border sep-single sep-solid\" style=\"--awb-height:20px;--awb-amount:20px;border-color:var(--awb-color2);border-top-width:1px;\"><\/div><\/div><div class=\"fusion-text fusion-text-91\" style=\"--awb-content-alignment:center;--awb-text-transform:capitalize;--awb-text-color:var(--awb-color4);\"><p>Pays-Bas<\/p>\n<\/div><\/div><\/li>\n<li class=\"fusion-layout-column fusion_builder_column fusion-builder-column-92 fusion-flex-column fusion-animated post-card fusion-grid-column fusion-post-cards-grid-column 2018 republique-tcheque fusion-animated\" style=\"--awb-padding-bottom:5px;--awb-overflow:hidden;--awb-bg-color:var(--awb-color1);--awb-bg-color-hover:var(--awb-custom_color_2);--awb-bg-size:cover;--awb-box-shadow:0px 0px 24px hsla(var(--awb-color7-h),var(--awb-color7-s),var(--awb-color7-l),calc(var(--awb-color7-a) - 40%));;--awb-border-color:var(--awb-color4);--awb-border-color-hover:var(--awb-color7);--awb-border-top:1px;--awb-border-right:1px;--awb-border-bottom:1px;--awb-border-left:1px;--awb-border-style:solid;--awb-border-radius:6px 6px 6px 6px;--awb-flex-grow:0;--awb-flex-shrink:0;--awb-flex-grow-medium:0;--awb-flex-shrink-medium:0;--awb-flex-grow-small:0;--awb-flex-shrink-small:0;\" data-animationType=\"fadeIn\" data-animationDuration=\"1.3\" data-animationOffset=\"top-into-view\"><div class=\"fusion-column-wrapper fusion-column-has-shadow fusion-flex-justify-content-flex-start fusion-content-layout-column\"><div class=\"fusion-image-element \" style=\"--awb-aspect-ratio:16 \/ 9;--awb-margin-bottom:10px;--awb-caption-title-font-family:var(--h2_typography-font-family);--awb-caption-title-font-weight:var(--h2_typography-font-weight);--awb-caption-title-font-style:var(--h2_typography-font-style);--awb-caption-title-size:var(--h2_typography-font-size);--awb-caption-title-transform:var(--h2_typography-text-transform);--awb-caption-title-line-height:var(--h2_typography-line-height);--awb-caption-title-letter-spacing:var(--h2_typography-letter-spacing);\"><span class=\" fusion-imageframe imageframe-none imageframe-91 hover-type-none has-aspect-ratio\"><a class=\"fusion-no-lightbox\" href=\"https:\/\/www.choral-events.com\/es\/chorales\/zihelsky-pevecky-smiseny-sbor\/\" target=\"_self\" aria-label=\"phoca_thumb_l__mex2452\"><img decoding=\"async\" width=\"1024\" height=\"683\" src=\"https:\/\/www.choral-events.com\/wp-content\/uploads\/2026\/03\/phoca_thumb_l__mex2452.jpg\" class=\"img-responsive wp-image-51419 img-with-aspect-ratio\" data-parent-fit=\"cover\" data-parent-container=\".fusion-image-element\" alt srcset=\"https:\/\/www.choral-events.com\/wp-content\/uploads\/2026\/03\/phoca_thumb_l__mex2452-200x133.jpg 200w, https:\/\/www.choral-events.com\/wp-content\/uploads\/2026\/03\/phoca_thumb_l__mex2452-400x267.jpg 400w, https:\/\/www.choral-events.com\/wp-content\/uploads\/2026\/03\/phoca_thumb_l__mex2452-600x400.jpg 600w, https:\/\/www.choral-events.com\/wp-content\/uploads\/2026\/03\/phoca_thumb_l__mex2452-800x534.jpg 800w, https:\/\/www.choral-events.com\/wp-content\/uploads\/2026\/03\/phoca_thumb_l__mex2452.jpg 1024w\" sizes=\"(max-width: 1024px) 100vw, (max-width: 640px) 100vw, 1024px\" \/><\/a><\/span><\/div><div class=\"fusion-title title fusion-title-93 fusion-sep-none fusion-title-center fusion-title-text fusion-title-size-paragraph\" style=\"--awb-text-color:var(--awb-color7);--awb-margin-top:10px;--awb-margin-right:5px;--awb-margin-bottom:10px;--awb-margin-left:5px;--awb-margin-top-small:16px;--awb-margin-right-small:0px;--awb-margin-bottom-small:10px;--awb-margin-left-small:0px;--awb-link-color:var(--awb-color7);--awb-font-size:16px;\"><p class=\"fusion-title-heading title-heading-center title-heading-tag fusion-responsive-typography-calculated\" style=\"margin:0;font-size:1em;--fontSize:16;--minFontSize:16;line-height:1.6;\"><a href=\"https:\/\/www.choral-events.com\/es\/chorales\/zihelsky-pevecky-smiseny-sbor\/\" class=\"awb-custom-text-color awb-custom-text-hover-color\" target=\"_self\">Zihelsky Pevecky Smiseny Sbor<\/a><\/p><\/div><div class=\"fusion-separator\" style=\"align-self: center;margin-left: auto;margin-right: auto;flex-grow:10;margin-top:5px;margin-bottom:10px;width:100%;max-width:70px;\"><div class=\"fusion-separator-border sep-single sep-solid\" style=\"--awb-height:20px;--awb-amount:20px;border-color:var(--awb-color2);border-top-width:1px;\"><\/div><\/div><div class=\"fusion-text fusion-text-92\" style=\"--awb-content-alignment:center;--awb-text-transform:capitalize;--awb-text-color:var(--awb-color4);\"><p>R\u00e9publique Tch\u00e8que<\/p>\n<\/div><\/div><\/li>\n<\/ul><\/div><\/div><\/div><\/div><\/div><div class=\"fusion-fullwidth fullwidth-box fusion-builder-row-3 fusion-flex-container has-pattern-background has-mask-background hundred-percent-fullwidth non-hundred-percent-height-scrolling fusion-no-medium-visibility fusion-no-large-visibility\" style=\"--awb-border-radius-top-left:0px;--awb-border-radius-top-right:0px;--awb-border-radius-bottom-right:0px;--awb-border-radius-bottom-left:0px;--awb-padding-top:0%;--awb-padding-right:6%;--awb-padding-left:6%;--awb-flex-wrap:wrap;\" ><div class=\"fusion-builder-row fusion-row fusion-flex-align-items-flex-start fusion-flex-content-wrap\" style=\"width:104% !important;max-width:104% !important;margin-left: calc(-4% \/ 2 );margin-right: calc(-4% \/ 2 );\"><div class=\"fusion-layout-column fusion_builder_column fusion-builder-column-93 fusion_builder_column_1_1 1_1 fusion-flex-column fusion-flex-align-self-stretch\" style=\"--awb-bg-size:cover;--awb-width-large:100%;--awb-flex-grow:0;--awb-flex-shrink:0;--awb-margin-top-large:0px;--awb-spacing-right-large:1.92%;--awb-margin-bottom-large:8%;--awb-spacing-left-large:1.92%;--awb-width-medium:100%;--awb-order-medium:0;--awb-flex-grow-medium:0;--awb-flex-shrink-medium:0;--awb-spacing-right-medium:1.92%;--awb-spacing-left-medium:1.92%;--awb-width-small:100%;--awb-order-small:0;--awb-flex-grow-small:0;--awb-flex-shrink-small:0;--awb-spacing-right-small:1.92%;--awb-spacing-left-small:1.92%;\"><div class=\"fusion-column-wrapper fusion-column-has-shadow fusion-flex-justify-content-flex-start fusion-content-layout-column\"><div class=\"fusion-post-cards fusion-post-cards-2 fusion-grid-archive fusion-grid-columns-4\" style=\"--awb-column-spacing:61px;--awb-dots-align:center;--awb-filters-hover-color:var(--awb-color7);--awb-active-filter-border-size:3px;--awb-filters-height:36px;\" data-post-type-label=\"chorales\"><ul class=\"fusion-grid fusion-grid-4 fusion-flex-align-items-stretch fusion-grid-posts-cards\"><li class=\"fusion-layout-column fusion_builder_column fusion-builder-column-94 fusion-flex-column fusion-animated post-card fusion-grid-column fusion-post-cards-grid-column fusion-animated\" style=\"--awb-padding-bottom:5px;--awb-overflow:hidden;--awb-bg-color:var(--awb-color1);--awb-bg-color-hover:var(--awb-custom_color_2);--awb-bg-size:cover;--awb-box-shadow:0px 0px 24px hsla(var(--awb-color7-h),var(--awb-color7-s),var(--awb-color7-l),calc(var(--awb-color7-a) - 40%));;--awb-border-color:var(--awb-color4);--awb-border-color-hover:var(--awb-color7);--awb-border-top:1px;--awb-border-right:1px;--awb-border-bottom:1px;--awb-border-left:1px;--awb-border-style:solid;--awb-border-radius:6px 6px 6px 6px;--awb-flex-grow:0;--awb-flex-shrink:0;--awb-flex-grow-medium:0;--awb-flex-shrink-medium:0;--awb-flex-grow-small:0;--awb-flex-shrink-small:0;\" data-animationType=\"fadeIn\" data-animationDuration=\"1.3\" data-animationOffset=\"top-into-view\"><div class=\"fusion-column-wrapper fusion-column-has-shadow fusion-flex-justify-content-flex-start fusion-content-layout-column\"><div class=\"fusion-image-element \" style=\"--awb-aspect-ratio:16 \/ 9;--awb-margin-bottom:10px;--awb-caption-title-font-family:var(--h2_typography-font-family);--awb-caption-title-font-weight:var(--h2_typography-font-weight);--awb-caption-title-font-style:var(--h2_typography-font-style);--awb-caption-title-size:var(--h2_typography-font-size);--awb-caption-title-transform:var(--h2_typography-text-transform);--awb-caption-title-line-height:var(--h2_typography-line-height);--awb-caption-title-letter-spacing:var(--h2_typography-letter-spacing);\"><span class=\" fusion-imageframe imageframe-none imageframe-92 hover-type-none has-aspect-ratio\"><a class=\"fusion-no-lightbox\" href=\"https:\/\/www.choral-events.com\/es\/chorales\/alabrea-choir\/\" target=\"_self\" aria-label=\"B\u00falgaro 1\"><img decoding=\"async\" width=\"1501\" height=\"1080\" src=\"https:\/\/www.choral-events.com\/wp-content\/uploads\/2026\/03\/Bulgares-1.jpg\" class=\"img-responsive wp-image-51293 img-with-aspect-ratio\" data-parent-fit=\"cover\" data-parent-container=\".fusion-image-element\" alt srcset=\"https:\/\/www.choral-events.com\/wp-content\/uploads\/2026\/03\/Bulgares-1-200x144.jpg 200w, https:\/\/www.choral-events.com\/wp-content\/uploads\/2026\/03\/Bulgares-1-400x288.jpg 400w, https:\/\/www.choral-events.com\/wp-content\/uploads\/2026\/03\/Bulgares-1-600x432.jpg 600w, https:\/\/www.choral-events.com\/wp-content\/uploads\/2026\/03\/Bulgares-1-800x576.jpg 800w, https:\/\/www.choral-events.com\/wp-content\/uploads\/2026\/03\/Bulgares-1-1200x863.jpg 1200w, https:\/\/www.choral-events.com\/wp-content\/uploads\/2026\/03\/Bulgares-1.jpg 1501w\" sizes=\"(max-width: 1024px) 100vw, (max-width: 640px) 100vw, 1501px\" \/><\/a><\/span><\/div><div class=\"fusion-title title fusion-title-94 fusion-sep-none fusion-title-center fusion-title-text fusion-title-size-paragraph\" style=\"--awb-text-color:var(--awb-color7);--awb-margin-top:10px;--awb-margin-right:5px;--awb-margin-bottom:10px;--awb-margin-left:5px;--awb-margin-top-small:16px;--awb-margin-right-small:0px;--awb-margin-bottom-small:10px;--awb-margin-left-small:0px;--awb-link-color:var(--awb-color7);--awb-font-size:16px;\"><p class=\"fusion-title-heading title-heading-center title-heading-tag fusion-responsive-typography-calculated\" style=\"margin:0;font-size:1em;--fontSize:16;--minFontSize:16;line-height:1.6;\"><a href=\"https:\/\/www.choral-events.com\/es\/chorales\/alabrea-choir\/\" class=\"awb-custom-text-color awb-custom-text-hover-color\" target=\"_self\">Alabrea Choir<\/a><\/p><\/div><div class=\"fusion-separator\" style=\"align-self: center;margin-left: auto;margin-right: auto;flex-grow:10;margin-top:5px;margin-bottom:10px;width:100%;max-width:70px;\"><div class=\"fusion-separator-border sep-single sep-solid\" style=\"--awb-height:20px;--awb-amount:20px;border-color:var(--awb-color2);border-top-width:1px;\"><\/div><\/div><div class=\"fusion-text fusion-text-93\" style=\"--awb-content-alignment:center;--awb-text-transform:capitalize;--awb-text-color:var(--awb-color4);\"><p>Bulgarie<\/p>\n<\/div><\/div><\/li>\n<li class=\"fusion-layout-column fusion_builder_column fusion-builder-column-95 fusion-flex-column fusion-animated post-card fusion-grid-column fusion-post-cards-grid-column fusion-animated\" style=\"--awb-padding-bottom:5px;--awb-overflow:hidden;--awb-bg-color:var(--awb-color1);--awb-bg-color-hover:var(--awb-custom_color_2);--awb-bg-size:cover;--awb-box-shadow:0px 0px 24px hsla(var(--awb-color7-h),var(--awb-color7-s),var(--awb-color7-l),calc(var(--awb-color7-a) - 40%));;--awb-border-color:var(--awb-color4);--awb-border-color-hover:var(--awb-color7);--awb-border-top:1px;--awb-border-right:1px;--awb-border-bottom:1px;--awb-border-left:1px;--awb-border-style:solid;--awb-border-radius:6px 6px 6px 6px;--awb-flex-grow:0;--awb-flex-shrink:0;--awb-flex-grow-medium:0;--awb-flex-shrink-medium:0;--awb-flex-grow-small:0;--awb-flex-shrink-small:0;\" data-animationType=\"fadeIn\" data-animationDuration=\"1.3\" data-animationOffset=\"top-into-view\"><div class=\"fusion-column-wrapper fusion-column-has-shadow fusion-flex-justify-content-flex-start fusion-content-layout-column\"><div class=\"fusion-image-element \" style=\"--awb-aspect-ratio:16 \/ 9;--awb-margin-bottom:10px;--awb-caption-title-font-family:var(--h2_typography-font-family);--awb-caption-title-font-weight:var(--h2_typography-font-weight);--awb-caption-title-font-style:var(--h2_typography-font-style);--awb-caption-title-size:var(--h2_typography-font-size);--awb-caption-title-transform:var(--h2_typography-text-transform);--awb-caption-title-line-height:var(--h2_typography-line-height);--awb-caption-title-letter-spacing:var(--h2_typography-letter-spacing);\"><span class=\" fusion-imageframe imageframe-none imageframe-93 hover-type-none has-aspect-ratio\"><a class=\"fusion-no-lightbox\" href=\"https:\/\/www.choral-events.com\/es\/chorales\/asparagusmelon-voices-2\/\" target=\"_self\" aria-label=\"Maitrise-6\"><img decoding=\"async\" width=\"550\" height=\"350\" src=\"https:\/\/www.choral-events.com\/wp-content\/uploads\/2026\/03\/Maitrise-6.jpg\" class=\"img-responsive wp-image-51884 img-with-aspect-ratio\" data-parent-fit=\"cover\" data-parent-container=\".fusion-image-element\" alt srcset=\"https:\/\/www.choral-events.com\/wp-content\/uploads\/2026\/03\/Maitrise-6-200x127.jpg 200w, https:\/\/www.choral-events.com\/wp-content\/uploads\/2026\/03\/Maitrise-6-400x255.jpg 400w, https:\/\/www.choral-events.com\/wp-content\/uploads\/2026\/03\/Maitrise-6.jpg 550w\" sizes=\"(max-width: 1024px) 100vw, (max-width: 640px) 100vw, 550px\" \/><\/a><\/span><\/div><div class=\"fusion-title title fusion-title-95 fusion-sep-none fusion-title-center fusion-title-text fusion-title-size-paragraph\" style=\"--awb-text-color:var(--awb-color7);--awb-margin-top:10px;--awb-margin-right:5px;--awb-margin-bottom:10px;--awb-margin-left:5px;--awb-margin-top-small:16px;--awb-margin-right-small:0px;--awb-margin-bottom-small:10px;--awb-margin-left-small:0px;--awb-link-color:var(--awb-color7);--awb-font-size:16px;\"><p class=\"fusion-title-heading title-heading-center title-heading-tag fusion-responsive-typography-calculated\" style=\"margin:0;font-size:1em;--fontSize:16;--minFontSize:16;line-height:1.6;\"><a href=\"https:\/\/www.choral-events.com\/es\/chorales\/asparagusmelon-voices-2\/\" class=\"awb-custom-text-color awb-custom-text-hover-color\" target=\"_self\">Asparagus&amp;Melon Voices<\/a><\/p><\/div><div class=\"fusion-separator\" style=\"align-self: center;margin-left: auto;margin-right: auto;flex-grow:10;margin-top:5px;margin-bottom:10px;width:100%;max-width:70px;\"><div class=\"fusion-separator-border sep-single sep-solid\" style=\"--awb-height:20px;--awb-amount:20px;border-color:var(--awb-color2);border-top-width:1px;\"><\/div><\/div><div class=\"fusion-text fusion-text-94\" style=\"--awb-content-alignment:center;--awb-text-transform:capitalize;--awb-text-color:var(--awb-color4);\"><p>Suiza<\/p>\n<\/div><\/div><\/li>\n<li class=\"fusion-layout-column fusion_builder_column fusion-builder-column-96 fusion-flex-column fusion-animated post-card fusion-grid-column fusion-post-cards-grid-column fusion-animated\" style=\"--awb-padding-bottom:5px;--awb-overflow:hidden;--awb-bg-color:var(--awb-color1);--awb-bg-color-hover:var(--awb-custom_color_2);--awb-bg-size:cover;--awb-box-shadow:0px 0px 24px hsla(var(--awb-color7-h),var(--awb-color7-s),var(--awb-color7-l),calc(var(--awb-color7-a) - 40%));;--awb-border-color:var(--awb-color4);--awb-border-color-hover:var(--awb-color7);--awb-border-top:1px;--awb-border-right:1px;--awb-border-bottom:1px;--awb-border-left:1px;--awb-border-style:solid;--awb-border-radius:6px 6px 6px 6px;--awb-flex-grow:0;--awb-flex-shrink:0;--awb-flex-grow-medium:0;--awb-flex-shrink-medium:0;--awb-flex-grow-small:0;--awb-flex-shrink-small:0;\" data-animationType=\"fadeIn\" data-animationDuration=\"1.3\" data-animationOffset=\"top-into-view\"><div class=\"fusion-column-wrapper fusion-column-has-shadow fusion-flex-justify-content-flex-start fusion-content-layout-column\"><div class=\"fusion-image-element \" style=\"--awb-aspect-ratio:16 \/ 9;--awb-margin-bottom:10px;--awb-caption-title-font-family:var(--h2_typography-font-family);--awb-caption-title-font-weight:var(--h2_typography-font-weight);--awb-caption-title-font-style:var(--h2_typography-font-style);--awb-caption-title-size:var(--h2_typography-font-size);--awb-caption-title-transform:var(--h2_typography-text-transform);--awb-caption-title-line-height:var(--h2_typography-line-height);--awb-caption-title-letter-spacing:var(--h2_typography-letter-spacing);\"><span class=\" fusion-imageframe imageframe-none imageframe-94 hover-type-none has-aspect-ratio\"><a class=\"fusion-no-lightbox\" href=\"https:\/\/www.choral-events.com\/es\/chorales\/belaya-vezha\/\" target=\"_self\" aria-label=\"belayavezha_3\"><img decoding=\"async\" width=\"1300\" height=\"841\" src=\"https:\/\/www.choral-events.com\/wp-content\/uploads\/2026\/03\/belayavezha_3.jpg\" class=\"img-responsive wp-image-51301 img-with-aspect-ratio\" data-parent-fit=\"cover\" data-parent-container=\".fusion-image-element\" alt srcset=\"https:\/\/www.choral-events.com\/wp-content\/uploads\/2026\/03\/belayavezha_3-200x129.jpg 200w, https:\/\/www.choral-events.com\/wp-content\/uploads\/2026\/03\/belayavezha_3-400x259.jpg 400w, https:\/\/www.choral-events.com\/wp-content\/uploads\/2026\/03\/belayavezha_3-600x388.jpg 600w, https:\/\/www.choral-events.com\/wp-content\/uploads\/2026\/03\/belayavezha_3-800x518.jpg 800w, https:\/\/www.choral-events.com\/wp-content\/uploads\/2026\/03\/belayavezha_3-1200x776.jpg 1200w, https:\/\/www.choral-events.com\/wp-content\/uploads\/2026\/03\/belayavezha_3.jpg 1300w\" sizes=\"(max-width: 1024px) 100vw, (max-width: 640px) 100vw, 1300px\" \/><\/a><\/span><\/div><div class=\"fusion-title title fusion-title-96 fusion-sep-none fusion-title-center fusion-title-text fusion-title-size-paragraph\" style=\"--awb-text-color:var(--awb-color7);--awb-margin-top:10px;--awb-margin-right:5px;--awb-margin-bottom:10px;--awb-margin-left:5px;--awb-margin-top-small:16px;--awb-margin-right-small:0px;--awb-margin-bottom-small:10px;--awb-margin-left-small:0px;--awb-link-color:var(--awb-color7);--awb-font-size:16px;\"><p class=\"fusion-title-heading title-heading-center title-heading-tag fusion-responsive-typography-calculated\" style=\"margin:0;font-size:1em;--fontSize:16;--minFontSize:16;line-height:1.6;\"><a href=\"https:\/\/www.choral-events.com\/es\/chorales\/belaya-vezha\/\" class=\"awb-custom-text-color awb-custom-text-hover-color\" target=\"_self\">Belaya Vezha<\/a><\/p><\/div><div class=\"fusion-separator\" style=\"align-self: center;margin-left: auto;margin-right: auto;flex-grow:10;margin-top:5px;margin-bottom:10px;width:100%;max-width:70px;\"><div class=\"fusion-separator-border sep-single sep-solid\" style=\"--awb-height:20px;--awb-amount:20px;border-color:var(--awb-color2);border-top-width:1px;\"><\/div><\/div><div class=\"fusion-text fusion-text-95\" style=\"--awb-content-alignment:center;--awb-text-transform:capitalize;--awb-text-color:var(--awb-color4);\"><p>Bi\u00e9lorussie<\/p>\n<\/div><\/div><\/li>\n<li class=\"fusion-layout-column fusion_builder_column fusion-builder-column-97 fusion-flex-column fusion-animated post-card fusion-grid-column fusion-post-cards-grid-column fusion-animated\" style=\"--awb-padding-bottom:5px;--awb-overflow:hidden;--awb-bg-color:var(--awb-color1);--awb-bg-color-hover:var(--awb-custom_color_2);--awb-bg-size:cover;--awb-box-shadow:0px 0px 24px hsla(var(--awb-color7-h),var(--awb-color7-s),var(--awb-color7-l),calc(var(--awb-color7-a) - 40%));;--awb-border-color:var(--awb-color4);--awb-border-color-hover:var(--awb-color7);--awb-border-top:1px;--awb-border-right:1px;--awb-border-bottom:1px;--awb-border-left:1px;--awb-border-style:solid;--awb-border-radius:6px 6px 6px 6px;--awb-flex-grow:0;--awb-flex-shrink:0;--awb-flex-grow-medium:0;--awb-flex-shrink-medium:0;--awb-flex-grow-small:0;--awb-flex-shrink-small:0;\" data-animationType=\"fadeIn\" data-animationDuration=\"1.3\" data-animationOffset=\"top-into-view\"><div class=\"fusion-column-wrapper fusion-column-has-shadow fusion-flex-justify-content-flex-start fusion-content-layout-column\"><div class=\"fusion-image-element \" style=\"--awb-aspect-ratio:16 \/ 9;--awb-margin-bottom:10px;--awb-caption-title-font-family:var(--h2_typography-font-family);--awb-caption-title-font-weight:var(--h2_typography-font-weight);--awb-caption-title-font-style:var(--h2_typography-font-style);--awb-caption-title-size:var(--h2_typography-font-size);--awb-caption-title-transform:var(--h2_typography-text-transform);--awb-caption-title-line-height:var(--h2_typography-line-height);--awb-caption-title-letter-spacing:var(--h2_typography-letter-spacing);\"><span class=\" fusion-imageframe imageframe-none imageframe-95 hover-type-none has-aspect-ratio\"><a class=\"fusion-no-lightbox\" href=\"https:\/\/www.choral-events.com\/es\/chorales\/bulgarian-academy-of-sciences\/\" target=\"_self\" aria-label=\"Coro de BAS-6\"><img decoding=\"async\" width=\"1440\" height=\"1080\" src=\"https:\/\/www.choral-events.com\/wp-content\/uploads\/2026\/03\/Choir-of-BAS-6.jpg\" class=\"img-responsive wp-image-51313 img-with-aspect-ratio\" data-parent-fit=\"cover\" data-parent-container=\".fusion-image-element\" alt srcset=\"https:\/\/www.choral-events.com\/wp-content\/uploads\/2026\/03\/Choir-of-BAS-6-200x150.jpg 200w, https:\/\/www.choral-events.com\/wp-content\/uploads\/2026\/03\/Choir-of-BAS-6-400x300.jpg 400w, https:\/\/www.choral-events.com\/wp-content\/uploads\/2026\/03\/Choir-of-BAS-6-600x450.jpg 600w, https:\/\/www.choral-events.com\/wp-content\/uploads\/2026\/03\/Choir-of-BAS-6-800x600.jpg 800w, https:\/\/www.choral-events.com\/wp-content\/uploads\/2026\/03\/Choir-of-BAS-6-1200x900.jpg 1200w, https:\/\/www.choral-events.com\/wp-content\/uploads\/2026\/03\/Choir-of-BAS-6.jpg 1440w\" sizes=\"(max-width: 1024px) 100vw, (max-width: 640px) 100vw, 1440px\" \/><\/a><\/span><\/div><div class=\"fusion-title title fusion-title-97 fusion-sep-none fusion-title-center fusion-title-text fusion-title-size-paragraph\" style=\"--awb-text-color:var(--awb-color7);--awb-margin-top:10px;--awb-margin-right:5px;--awb-margin-bottom:10px;--awb-margin-left:5px;--awb-margin-top-small:16px;--awb-margin-right-small:0px;--awb-margin-bottom-small:10px;--awb-margin-left-small:0px;--awb-link-color:var(--awb-color7);--awb-font-size:16px;\"><p class=\"fusion-title-heading title-heading-center title-heading-tag fusion-responsive-typography-calculated\" style=\"margin:0;font-size:1em;--fontSize:16;--minFontSize:16;line-height:1.6;\"><a href=\"https:\/\/www.choral-events.com\/es\/chorales\/bulgarian-academy-of-sciences\/\" class=\"awb-custom-text-color awb-custom-text-hover-color\" target=\"_self\">Bulgarian Academy of Sciences<\/a><\/p><\/div><div class=\"fusion-separator\" style=\"align-self: center;margin-left: auto;margin-right: auto;flex-grow:10;margin-top:5px;margin-bottom:10px;width:100%;max-width:70px;\"><div class=\"fusion-separator-border sep-single sep-solid\" style=\"--awb-height:20px;--awb-amount:20px;border-color:var(--awb-color2);border-top-width:1px;\"><\/div><\/div><div class=\"fusion-text fusion-text-96\" style=\"--awb-content-alignment:center;--awb-text-transform:capitalize;--awb-text-color:var(--awb-color4);\"><p>Bulgarie<\/p>\n<\/div><\/div><\/li>\n<li class=\"fusion-layout-column fusion_builder_column fusion-builder-column-98 fusion-flex-column fusion-animated post-card fusion-grid-column fusion-post-cards-grid-column fusion-animated\" style=\"--awb-padding-bottom:5px;--awb-overflow:hidden;--awb-bg-color:var(--awb-color1);--awb-bg-color-hover:var(--awb-custom_color_2);--awb-bg-size:cover;--awb-box-shadow:0px 0px 24px hsla(var(--awb-color7-h),var(--awb-color7-s),var(--awb-color7-l),calc(var(--awb-color7-a) - 40%));;--awb-border-color:var(--awb-color4);--awb-border-color-hover:var(--awb-color7);--awb-border-top:1px;--awb-border-right:1px;--awb-border-bottom:1px;--awb-border-left:1px;--awb-border-style:solid;--awb-border-radius:6px 6px 6px 6px;--awb-flex-grow:0;--awb-flex-shrink:0;--awb-flex-grow-medium:0;--awb-flex-shrink-medium:0;--awb-flex-grow-small:0;--awb-flex-shrink-small:0;\" data-animationType=\"fadeIn\" data-animationDuration=\"1.3\" data-animationOffset=\"top-into-view\"><div class=\"fusion-column-wrapper fusion-column-has-shadow fusion-flex-justify-content-flex-start fusion-content-layout-column\"><div class=\"fusion-image-element \" style=\"--awb-aspect-ratio:16 \/ 9;--awb-margin-bottom:10px;--awb-caption-title-font-family:var(--h2_typography-font-family);--awb-caption-title-font-weight:var(--h2_typography-font-weight);--awb-caption-title-font-style:var(--h2_typography-font-style);--awb-caption-title-size:var(--h2_typography-font-size);--awb-caption-title-transform:var(--h2_typography-text-transform);--awb-caption-title-line-height:var(--h2_typography-line-height);--awb-caption-title-letter-spacing:var(--h2_typography-letter-spacing);\"><span class=\" fusion-imageframe imageframe-none imageframe-96 hover-type-none has-aspect-ratio\"><a class=\"fusion-no-lightbox\" href=\"https:\/\/www.choral-events.com\/es\/chorales\/cake-ophonie\/\" target=\"_self\" aria-label=\"Cake-Ophonie-foto-sitio-web-1\"><img decoding=\"async\" width=\"550\" height=\"350\" src=\"https:\/\/www.choral-events.com\/wp-content\/uploads\/2026\/03\/Cake-Ophonie-photo-site-web-1.png\" class=\"img-responsive wp-image-51807 img-with-aspect-ratio\" data-parent-fit=\"cover\" data-parent-container=\".fusion-image-element\" alt srcset=\"https:\/\/www.choral-events.com\/wp-content\/uploads\/2026\/03\/Cake-Ophonie-photo-site-web-1-200x127.png 200w, https:\/\/www.choral-events.com\/wp-content\/uploads\/2026\/03\/Cake-Ophonie-photo-site-web-1-400x255.png 400w, https:\/\/www.choral-events.com\/wp-content\/uploads\/2026\/03\/Cake-Ophonie-photo-site-web-1.png 550w\" sizes=\"(max-width: 1024px) 100vw, (max-width: 640px) 100vw, 550px\" \/><\/a><\/span><\/div><div class=\"fusion-title title fusion-title-98 fusion-sep-none fusion-title-center fusion-title-text fusion-title-size-paragraph\" style=\"--awb-text-color:var(--awb-color7);--awb-margin-top:10px;--awb-margin-right:5px;--awb-margin-bottom:10px;--awb-margin-left:5px;--awb-margin-top-small:16px;--awb-margin-right-small:0px;--awb-margin-bottom-small:10px;--awb-margin-left-small:0px;--awb-link-color:var(--awb-color7);--awb-font-size:16px;\"><p class=\"fusion-title-heading title-heading-center title-heading-tag fusion-responsive-typography-calculated\" style=\"margin:0;font-size:1em;--fontSize:16;--minFontSize:16;line-height:1.6;\"><a href=\"https:\/\/www.choral-events.com\/es\/chorales\/cake-ophonie\/\" class=\"awb-custom-text-color awb-custom-text-hover-color\" target=\"_self\">Cake O\u2019Phonie<\/a><\/p><\/div><div class=\"fusion-separator\" style=\"align-self: center;margin-left: auto;margin-right: auto;flex-grow:10;margin-top:5px;margin-bottom:10px;width:100%;max-width:70px;\"><div class=\"fusion-separator-border sep-single sep-solid\" style=\"--awb-height:20px;--awb-amount:20px;border-color:var(--awb-color2);border-top-width:1px;\"><\/div><\/div><div class=\"fusion-text fusion-text-97\" style=\"--awb-content-alignment:center;--awb-text-transform:capitalize;--awb-text-color:var(--awb-color4);\"><p>Suisse<\/p>\n<\/div><\/div><\/li>\n<li class=\"fusion-layout-column fusion_builder_column fusion-builder-column-99 fusion-flex-column fusion-animated post-card fusion-grid-column fusion-post-cards-grid-column fusion-animated\" style=\"--awb-padding-bottom:5px;--awb-overflow:hidden;--awb-bg-color:var(--awb-color1);--awb-bg-color-hover:var(--awb-custom_color_2);--awb-bg-size:cover;--awb-box-shadow:0px 0px 24px hsla(var(--awb-color7-h),var(--awb-color7-s),var(--awb-color7-l),calc(var(--awb-color7-a) - 40%));;--awb-border-color:var(--awb-color4);--awb-border-color-hover:var(--awb-color7);--awb-border-top:1px;--awb-border-right:1px;--awb-border-bottom:1px;--awb-border-left:1px;--awb-border-style:solid;--awb-border-radius:6px 6px 6px 6px;--awb-flex-grow:0;--awb-flex-shrink:0;--awb-flex-grow-medium:0;--awb-flex-shrink-medium:0;--awb-flex-grow-small:0;--awb-flex-shrink-small:0;\" data-animationType=\"fadeIn\" data-animationDuration=\"1.3\" data-animationOffset=\"top-into-view\"><div class=\"fusion-column-wrapper fusion-column-has-shadow fusion-flex-justify-content-flex-start fusion-content-layout-column\"><div class=\"fusion-image-element \" style=\"--awb-aspect-ratio:16 \/ 9;--awb-margin-bottom:10px;--awb-caption-title-font-family:var(--h2_typography-font-family);--awb-caption-title-font-weight:var(--h2_typography-font-weight);--awb-caption-title-font-style:var(--h2_typography-font-style);--awb-caption-title-size:var(--h2_typography-font-size);--awb-caption-title-transform:var(--h2_typography-text-transform);--awb-caption-title-line-height:var(--h2_typography-line-height);--awb-caption-title-letter-spacing:var(--h2_typography-letter-spacing);\"><span class=\" fusion-imageframe imageframe-none imageframe-97 hover-type-none has-aspect-ratio\"><a class=\"fusion-no-lightbox\" href=\"https:\/\/www.choral-events.com\/es\/chorales\/calgary-boys-choir\/\" target=\"_self\" aria-label=\"Festival de Fotograf\u00eda Katie Partridge\"><img decoding=\"async\" width=\"1586\" height=\"1080\" src=\"https:\/\/www.choral-events.com\/wp-content\/uploads\/2026\/03\/Festival-photo-Katie-Partridge.jpg\" class=\"img-responsive wp-image-51321 img-with-aspect-ratio\" data-parent-fit=\"cover\" data-parent-container=\".fusion-image-element\" alt srcset=\"https:\/\/www.choral-events.com\/wp-content\/uploads\/2026\/03\/Festival-photo-Katie-Partridge-200x136.jpg 200w, https:\/\/www.choral-events.com\/wp-content\/uploads\/2026\/03\/Festival-photo-Katie-Partridge-400x272.jpg 400w, https:\/\/www.choral-events.com\/wp-content\/uploads\/2026\/03\/Festival-photo-Katie-Partridge-600x409.jpg 600w, https:\/\/www.choral-events.com\/wp-content\/uploads\/2026\/03\/Festival-photo-Katie-Partridge-800x545.jpg 800w, https:\/\/www.choral-events.com\/wp-content\/uploads\/2026\/03\/Festival-photo-Katie-Partridge-1200x817.jpg 1200w, https:\/\/www.choral-events.com\/wp-content\/uploads\/2026\/03\/Festival-photo-Katie-Partridge.jpg 1586w\" sizes=\"(max-width: 1024px) 100vw, (max-width: 640px) 100vw, 1586px\" \/><\/a><\/span><\/div><div class=\"fusion-title title fusion-title-99 fusion-sep-none fusion-title-center fusion-title-text fusion-title-size-paragraph\" style=\"--awb-text-color:var(--awb-color7);--awb-margin-top:10px;--awb-margin-right:5px;--awb-margin-bottom:10px;--awb-margin-left:5px;--awb-margin-top-small:16px;--awb-margin-right-small:0px;--awb-margin-bottom-small:10px;--awb-margin-left-small:0px;--awb-link-color:var(--awb-color7);--awb-font-size:16px;\"><p class=\"fusion-title-heading title-heading-center title-heading-tag fusion-responsive-typography-calculated\" style=\"margin:0;font-size:1em;--fontSize:16;--minFontSize:16;line-height:1.6;\"><a href=\"https:\/\/www.choral-events.com\/es\/chorales\/calgary-boys-choir\/\" class=\"awb-custom-text-color awb-custom-text-hover-color\" target=\"_self\">Calgary Boys Choir<\/a><\/p><\/div><div class=\"fusion-separator\" style=\"align-self: center;margin-left: auto;margin-right: auto;flex-grow:10;margin-top:5px;margin-bottom:10px;width:100%;max-width:70px;\"><div class=\"fusion-separator-border sep-single sep-solid\" style=\"--awb-height:20px;--awb-amount:20px;border-color:var(--awb-color2);border-top-width:1px;\"><\/div><\/div><div class=\"fusion-text fusion-text-98\" style=\"--awb-content-alignment:center;--awb-text-transform:capitalize;--awb-text-color:var(--awb-color4);\"><p>Canada<\/p>\n<\/div><\/div><\/li>\n<li class=\"fusion-layout-column fusion_builder_column fusion-builder-column-100 fusion-flex-column fusion-animated post-card fusion-grid-column fusion-post-cards-grid-column fusion-animated\" style=\"--awb-padding-bottom:5px;--awb-overflow:hidden;--awb-bg-color:var(--awb-color1);--awb-bg-color-hover:var(--awb-custom_color_2);--awb-bg-size:cover;--awb-box-shadow:0px 0px 24px hsla(var(--awb-color7-h),var(--awb-color7-s),var(--awb-color7-l),calc(var(--awb-color7-a) - 40%));;--awb-border-color:var(--awb-color4);--awb-border-color-hover:var(--awb-color7);--awb-border-top:1px;--awb-border-right:1px;--awb-border-bottom:1px;--awb-border-left:1px;--awb-border-style:solid;--awb-border-radius:6px 6px 6px 6px;--awb-flex-grow:0;--awb-flex-shrink:0;--awb-flex-grow-medium:0;--awb-flex-shrink-medium:0;--awb-flex-grow-small:0;--awb-flex-shrink-small:0;\" data-animationType=\"fadeIn\" data-animationDuration=\"1.3\" data-animationOffset=\"top-into-view\"><div class=\"fusion-column-wrapper fusion-column-has-shadow fusion-flex-justify-content-flex-start fusion-content-layout-column\"><div class=\"fusion-image-element \" style=\"--awb-aspect-ratio:16 \/ 9;--awb-margin-bottom:10px;--awb-caption-title-font-family:var(--h2_typography-font-family);--awb-caption-title-font-weight:var(--h2_typography-font-weight);--awb-caption-title-font-style:var(--h2_typography-font-style);--awb-caption-title-size:var(--h2_typography-font-size);--awb-caption-title-transform:var(--h2_typography-text-transform);--awb-caption-title-line-height:var(--h2_typography-line-height);--awb-caption-title-letter-spacing:var(--h2_typography-letter-spacing);\"><span class=\" fusion-imageframe imageframe-none imageframe-98 hover-type-none has-aspect-ratio\"><a class=\"fusion-no-lightbox\" href=\"https:\/\/www.choral-events.com\/es\/chorales\/cantamus-girlss-choir\/\" target=\"_self\" aria-label=\"Cantamus-girls-choir-photo-page-web-1\"><img decoding=\"async\" width=\"550\" height=\"350\" src=\"https:\/\/www.choral-events.com\/wp-content\/uploads\/2026\/03\/Cantamus-girls-choir-photo-page-web-1.png\" class=\"img-responsive wp-image-51811 img-with-aspect-ratio\" data-parent-fit=\"cover\" data-parent-container=\".fusion-image-element\" alt srcset=\"https:\/\/www.choral-events.com\/wp-content\/uploads\/2026\/03\/Cantamus-girls-choir-photo-page-web-1-200x127.png 200w, https:\/\/www.choral-events.com\/wp-content\/uploads\/2026\/03\/Cantamus-girls-choir-photo-page-web-1-400x255.png 400w, https:\/\/www.choral-events.com\/wp-content\/uploads\/2026\/03\/Cantamus-girls-choir-photo-page-web-1.png 550w\" sizes=\"(max-width: 1024px) 100vw, (max-width: 640px) 100vw, 550px\" \/><\/a><\/span><\/div><div class=\"fusion-title title fusion-title-100 fusion-sep-none fusion-title-center fusion-title-text fusion-title-size-paragraph\" style=\"--awb-text-color:var(--awb-color7);--awb-margin-top:10px;--awb-margin-right:5px;--awb-margin-bottom:10px;--awb-margin-left:5px;--awb-margin-top-small:16px;--awb-margin-right-small:0px;--awb-margin-bottom-small:10px;--awb-margin-left-small:0px;--awb-link-color:var(--awb-color7);--awb-font-size:16px;\"><p class=\"fusion-title-heading title-heading-center title-heading-tag fusion-responsive-typography-calculated\" style=\"margin:0;font-size:1em;--fontSize:16;--minFontSize:16;line-height:1.6;\"><a href=\"https:\/\/www.choral-events.com\/es\/chorales\/cantamus-girlss-choir\/\" class=\"awb-custom-text-color awb-custom-text-hover-color\" target=\"_self\">Cantamus Girls\u2019s Choir<\/a><\/p><\/div><div class=\"fusion-separator\" style=\"align-self: center;margin-left: auto;margin-right: auto;flex-grow:10;margin-top:5px;margin-bottom:10px;width:100%;max-width:70px;\"><div class=\"fusion-separator-border sep-single sep-solid\" style=\"--awb-height:20px;--awb-amount:20px;border-color:var(--awb-color2);border-top-width:1px;\"><\/div><\/div><div class=\"fusion-text fusion-text-99\" style=\"--awb-content-alignment:center;--awb-text-transform:capitalize;--awb-text-color:var(--awb-color4);\"><p>Angleterre<\/p>\n<\/div><\/div><\/li>\n<li class=\"fusion-layout-column fusion_builder_column fusion-builder-column-101 fusion-flex-column fusion-animated post-card fusion-grid-column fusion-post-cards-grid-column fusion-animated\" style=\"--awb-padding-bottom:5px;--awb-overflow:hidden;--awb-bg-color:var(--awb-color1);--awb-bg-color-hover:var(--awb-custom_color_2);--awb-bg-size:cover;--awb-box-shadow:0px 0px 24px hsla(var(--awb-color7-h),var(--awb-color7-s),var(--awb-color7-l),calc(var(--awb-color7-a) - 40%));;--awb-border-color:var(--awb-color4);--awb-border-color-hover:var(--awb-color7);--awb-border-top:1px;--awb-border-right:1px;--awb-border-bottom:1px;--awb-border-left:1px;--awb-border-style:solid;--awb-border-radius:6px 6px 6px 6px;--awb-flex-grow:0;--awb-flex-shrink:0;--awb-flex-grow-medium:0;--awb-flex-shrink-medium:0;--awb-flex-grow-small:0;--awb-flex-shrink-small:0;\" data-animationType=\"fadeIn\" data-animationDuration=\"1.3\" data-animationOffset=\"top-into-view\"><div class=\"fusion-column-wrapper fusion-column-has-shadow fusion-flex-justify-content-flex-start fusion-content-layout-column\"><div class=\"fusion-image-element \" style=\"--awb-aspect-ratio:16 \/ 9;--awb-margin-bottom:10px;--awb-caption-title-font-family:var(--h2_typography-font-family);--awb-caption-title-font-weight:var(--h2_typography-font-weight);--awb-caption-title-font-style:var(--h2_typography-font-style);--awb-caption-title-size:var(--h2_typography-font-size);--awb-caption-title-transform:var(--h2_typography-text-transform);--awb-caption-title-line-height:var(--h2_typography-line-height);--awb-caption-title-letter-spacing:var(--h2_typography-letter-spacing);\"><span class=\" fusion-imageframe imageframe-none imageframe-99 hover-type-none has-aspect-ratio\"><a class=\"fusion-no-lightbox\" href=\"https:\/\/www.choral-events.com\/es\/chorales\/chamber-choir-sophia\/\" target=\"_self\" aria-label=\"sophia3-1-550&#215;350\"><img decoding=\"async\" width=\"550\" height=\"350\" src=\"https:\/\/www.choral-events.com\/wp-content\/uploads\/2026\/03\/sophia3-1-550x350-1.jpeg\" class=\"img-responsive wp-image-51440 img-with-aspect-ratio\" data-parent-fit=\"cover\" data-parent-container=\".fusion-image-element\" alt srcset=\"https:\/\/www.choral-events.com\/wp-content\/uploads\/2026\/03\/sophia3-1-550x350-1-200x127.jpeg 200w, https:\/\/www.choral-events.com\/wp-content\/uploads\/2026\/03\/sophia3-1-550x350-1-400x255.jpeg 400w, https:\/\/www.choral-events.com\/wp-content\/uploads\/2026\/03\/sophia3-1-550x350-1.jpeg 550w\" sizes=\"(max-width: 1024px) 100vw, (max-width: 640px) 100vw, 550px\" \/><\/a><\/span><\/div><div class=\"fusion-title title fusion-title-101 fusion-sep-none fusion-title-center fusion-title-text fusion-title-size-paragraph\" style=\"--awb-text-color:var(--awb-color7);--awb-margin-top:10px;--awb-margin-right:5px;--awb-margin-bottom:10px;--awb-margin-left:5px;--awb-margin-top-small:16px;--awb-margin-right-small:0px;--awb-margin-bottom-small:10px;--awb-margin-left-small:0px;--awb-link-color:var(--awb-color7);--awb-font-size:16px;\"><p class=\"fusion-title-heading title-heading-center title-heading-tag fusion-responsive-typography-calculated\" style=\"margin:0;font-size:1em;--fontSize:16;--minFontSize:16;line-height:1.6;\"><a href=\"https:\/\/www.choral-events.com\/es\/chorales\/chamber-choir-sophia\/\" class=\"awb-custom-text-color awb-custom-text-hover-color\" target=\"_self\">Chamber Choir Sophia<\/a><\/p><\/div><div class=\"fusion-separator\" style=\"align-self: center;margin-left: auto;margin-right: auto;flex-grow:10;margin-top:5px;margin-bottom:10px;width:100%;max-width:70px;\"><div class=\"fusion-separator-border sep-single sep-solid\" style=\"--awb-height:20px;--awb-amount:20px;border-color:var(--awb-color2);border-top-width:1px;\"><\/div><\/div><div class=\"fusion-text fusion-text-100\" style=\"--awb-content-alignment:center;--awb-text-transform:capitalize;--awb-text-color:var(--awb-color4);\"><p>Ukraine<\/p>\n<\/div><\/div><\/li>\n<li class=\"fusion-layout-column fusion_builder_column fusion-builder-column-102 fusion-flex-column fusion-animated post-card fusion-grid-column fusion-post-cards-grid-column fusion-animated\" style=\"--awb-padding-bottom:5px;--awb-overflow:hidden;--awb-bg-color:var(--awb-color1);--awb-bg-color-hover:var(--awb-custom_color_2);--awb-bg-size:cover;--awb-box-shadow:0px 0px 24px hsla(var(--awb-color7-h),var(--awb-color7-s),var(--awb-color7-l),calc(var(--awb-color7-a) - 40%));;--awb-border-color:var(--awb-color4);--awb-border-color-hover:var(--awb-color7);--awb-border-top:1px;--awb-border-right:1px;--awb-border-bottom:1px;--awb-border-left:1px;--awb-border-style:solid;--awb-border-radius:6px 6px 6px 6px;--awb-flex-grow:0;--awb-flex-shrink:0;--awb-flex-grow-medium:0;--awb-flex-shrink-medium:0;--awb-flex-grow-small:0;--awb-flex-shrink-small:0;\" data-animationType=\"fadeIn\" data-animationDuration=\"1.3\" data-animationOffset=\"top-into-view\"><div class=\"fusion-column-wrapper fusion-column-has-shadow fusion-flex-justify-content-flex-start fusion-content-layout-column\"><div class=\"fusion-image-element \" style=\"--awb-aspect-ratio:16 \/ 9;--awb-margin-bottom:10px;--awb-caption-title-font-family:var(--h2_typography-font-family);--awb-caption-title-font-weight:var(--h2_typography-font-weight);--awb-caption-title-font-style:var(--h2_typography-font-style);--awb-caption-title-size:var(--h2_typography-font-size);--awb-caption-title-transform:var(--h2_typography-text-transform);--awb-caption-title-line-height:var(--h2_typography-line-height);--awb-caption-title-letter-spacing:var(--h2_typography-letter-spacing);\"><span class=\" fusion-imageframe imageframe-none imageframe-100 hover-type-none has-aspect-ratio\"><a class=\"fusion-no-lightbox\" href=\"https:\/\/www.choral-events.com\/es\/chorales\/choeur-a-coeur\/\" target=\"_self\" aria-label=\"Choeur-\u00e0-Coeur-photo-Suisse-2-550&#215;350\"><img decoding=\"async\" width=\"550\" height=\"350\" src=\"https:\/\/www.choral-events.com\/wp-content\/uploads\/2026\/03\/Choeur-a-Coeur-photo-Suisse-2-550x350-1.jpg\" class=\"img-responsive wp-image-51815 img-with-aspect-ratio\" data-parent-fit=\"cover\" data-parent-container=\".fusion-image-element\" alt srcset=\"https:\/\/www.choral-events.com\/wp-content\/uploads\/2026\/03\/Choeur-a-Coeur-photo-Suisse-2-550x350-1-200x127.jpg 200w, https:\/\/www.choral-events.com\/wp-content\/uploads\/2026\/03\/Choeur-a-Coeur-photo-Suisse-2-550x350-1-400x255.jpg 400w, https:\/\/www.choral-events.com\/wp-content\/uploads\/2026\/03\/Choeur-a-Coeur-photo-Suisse-2-550x350-1.jpg 550w\" sizes=\"(max-width: 1024px) 100vw, (max-width: 640px) 100vw, 550px\" \/><\/a><\/span><\/div><div class=\"fusion-title title fusion-title-102 fusion-sep-none fusion-title-center fusion-title-text fusion-title-size-paragraph\" style=\"--awb-text-color:var(--awb-color7);--awb-margin-top:10px;--awb-margin-right:5px;--awb-margin-bottom:10px;--awb-margin-left:5px;--awb-margin-top-small:16px;--awb-margin-right-small:0px;--awb-margin-bottom-small:10px;--awb-margin-left-small:0px;--awb-link-color:var(--awb-color7);--awb-font-size:16px;\"><p class=\"fusion-title-heading title-heading-center title-heading-tag fusion-responsive-typography-calculated\" style=\"margin:0;font-size:1em;--fontSize:16;--minFontSize:16;line-height:1.6;\"><a href=\"https:\/\/www.choral-events.com\/es\/chorales\/choeur-a-coeur\/\" class=\"awb-custom-text-color awb-custom-text-hover-color\" target=\"_self\">Ch\u0153ur \u00e0 C\u0153ur<\/a><\/p><\/div><div class=\"fusion-separator\" style=\"align-self: center;margin-left: auto;margin-right: auto;flex-grow:10;margin-top:5px;margin-bottom:10px;width:100%;max-width:70px;\"><div class=\"fusion-separator-border sep-single sep-solid\" style=\"--awb-height:20px;--awb-amount:20px;border-color:var(--awb-color2);border-top-width:1px;\"><\/div><\/div><div class=\"fusion-text fusion-text-101\" style=\"--awb-content-alignment:center;--awb-text-transform:capitalize;--awb-text-color:var(--awb-color4);\"><p>Suisse<\/p>\n<\/div><\/div><\/li>\n<li class=\"fusion-layout-column fusion_builder_column fusion-builder-column-103 fusion-flex-column fusion-animated post-card fusion-grid-column fusion-post-cards-grid-column fusion-animated\" style=\"--awb-padding-bottom:5px;--awb-overflow:hidden;--awb-bg-color:var(--awb-color1);--awb-bg-color-hover:var(--awb-custom_color_2);--awb-bg-size:cover;--awb-box-shadow:0px 0px 24px hsla(var(--awb-color7-h),var(--awb-color7-s),var(--awb-color7-l),calc(var(--awb-color7-a) - 40%));;--awb-border-color:var(--awb-color4);--awb-border-color-hover:var(--awb-color7);--awb-border-top:1px;--awb-border-right:1px;--awb-border-bottom:1px;--awb-border-left:1px;--awb-border-style:solid;--awb-border-radius:6px 6px 6px 6px;--awb-flex-grow:0;--awb-flex-shrink:0;--awb-flex-grow-medium:0;--awb-flex-shrink-medium:0;--awb-flex-grow-small:0;--awb-flex-shrink-small:0;\" data-animationType=\"fadeIn\" data-animationDuration=\"1.3\" data-animationOffset=\"top-into-view\"><div class=\"fusion-column-wrapper fusion-column-has-shadow fusion-flex-justify-content-flex-start fusion-content-layout-column\"><div class=\"fusion-image-element \" style=\"--awb-aspect-ratio:16 \/ 9;--awb-margin-bottom:10px;--awb-caption-title-font-family:var(--h2_typography-font-family);--awb-caption-title-font-weight:var(--h2_typography-font-weight);--awb-caption-title-font-style:var(--h2_typography-font-style);--awb-caption-title-size:var(--h2_typography-font-size);--awb-caption-title-transform:var(--h2_typography-text-transform);--awb-caption-title-line-height:var(--h2_typography-line-height);--awb-caption-title-letter-spacing:var(--h2_typography-letter-spacing);\"><span class=\" fusion-imageframe imageframe-none imageframe-101 hover-type-none has-aspect-ratio\"><a class=\"fusion-no-lightbox\" href=\"https:\/\/www.choral-events.com\/es\/chorales\/choeur-academique-de-luniversite-de-minho\/\" target=\"_self\" aria-label=\"portugal-1\"><img decoding=\"async\" width=\"550\" height=\"350\" src=\"https:\/\/www.choral-events.com\/wp-content\/uploads\/2026\/03\/portugal-1.jpg\" class=\"img-responsive wp-image-51448 img-with-aspect-ratio\" data-parent-fit=\"cover\" data-parent-container=\".fusion-image-element\" alt srcset=\"https:\/\/www.choral-events.com\/wp-content\/uploads\/2026\/03\/portugal-1-200x127.jpg 200w, https:\/\/www.choral-events.com\/wp-content\/uploads\/2026\/03\/portugal-1-400x255.jpg 400w, https:\/\/www.choral-events.com\/wp-content\/uploads\/2026\/03\/portugal-1.jpg 550w\" sizes=\"(max-width: 1024px) 100vw, (max-width: 640px) 100vw, 550px\" \/><\/a><\/span><\/div><div class=\"fusion-title title fusion-title-103 fusion-sep-none fusion-title-center fusion-title-text fusion-title-size-paragraph\" style=\"--awb-text-color:var(--awb-color7);--awb-margin-top:10px;--awb-margin-right:5px;--awb-margin-bottom:10px;--awb-margin-left:5px;--awb-margin-top-small:16px;--awb-margin-right-small:0px;--awb-margin-bottom-small:10px;--awb-margin-left-small:0px;--awb-link-color:var(--awb-color7);--awb-font-size:16px;\"><p class=\"fusion-title-heading title-heading-center title-heading-tag fusion-responsive-typography-calculated\" style=\"margin:0;font-size:1em;--fontSize:16;--minFontSize:16;line-height:1.6;\"><a href=\"https:\/\/www.choral-events.com\/es\/chorales\/choeur-academique-de-luniversite-de-minho\/\" class=\"awb-custom-text-color awb-custom-text-hover-color\" target=\"_self\">Ch\u0153ur Acad\u00e9mique de l\u2019Universit\u00e9 de Minho<\/a><\/p><\/div><div class=\"fusion-separator\" style=\"align-self: center;margin-left: auto;margin-right: auto;flex-grow:10;margin-top:5px;margin-bottom:10px;width:100%;max-width:70px;\"><div class=\"fusion-separator-border sep-single sep-solid\" style=\"--awb-height:20px;--awb-amount:20px;border-color:var(--awb-color2);border-top-width:1px;\"><\/div><\/div><div class=\"fusion-text fusion-text-102\" style=\"--awb-content-alignment:center;--awb-text-transform:capitalize;--awb-text-color:var(--awb-color4);\"><p>Portugal<\/p>\n<\/div><\/div><\/li>\n<li class=\"fusion-layout-column fusion_builder_column fusion-builder-column-104 fusion-flex-column fusion-animated post-card fusion-grid-column fusion-post-cards-grid-column fusion-animated\" style=\"--awb-padding-bottom:5px;--awb-overflow:hidden;--awb-bg-color:var(--awb-color1);--awb-bg-color-hover:var(--awb-custom_color_2);--awb-bg-size:cover;--awb-box-shadow:0px 0px 24px hsla(var(--awb-color7-h),var(--awb-color7-s),var(--awb-color7-l),calc(var(--awb-color7-a) - 40%));;--awb-border-color:var(--awb-color4);--awb-border-color-hover:var(--awb-color7);--awb-border-top:1px;--awb-border-right:1px;--awb-border-bottom:1px;--awb-border-left:1px;--awb-border-style:solid;--awb-border-radius:6px 6px 6px 6px;--awb-flex-grow:0;--awb-flex-shrink:0;--awb-flex-grow-medium:0;--awb-flex-shrink-medium:0;--awb-flex-grow-small:0;--awb-flex-shrink-small:0;\" data-animationType=\"fadeIn\" data-animationDuration=\"1.3\" data-animationOffset=\"top-into-view\"><div class=\"fusion-column-wrapper fusion-column-has-shadow fusion-flex-justify-content-flex-start fusion-content-layout-column\"><div class=\"fusion-image-element \" style=\"--awb-aspect-ratio:16 \/ 9;--awb-margin-bottom:10px;--awb-caption-title-font-family:var(--h2_typography-font-family);--awb-caption-title-font-weight:var(--h2_typography-font-weight);--awb-caption-title-font-style:var(--h2_typography-font-style);--awb-caption-title-size:var(--h2_typography-font-size);--awb-caption-title-transform:var(--h2_typography-text-transform);--awb-caption-title-line-height:var(--h2_typography-line-height);--awb-caption-title-letter-spacing:var(--h2_typography-letter-spacing);\"><span class=\" fusion-imageframe imageframe-none imageframe-102 hover-type-none has-aspect-ratio\"><a class=\"fusion-no-lightbox\" href=\"https:\/\/www.choral-events.com\/es\/chorales\/choeur-ad-pacem\/\" target=\"_self\"><img decoding=\"async\" src=\"https:\/\/www.choral-events.eskale.fr\/wp-content\/uploads\/2026\/02\/Chorales-2022.jpg\" class=\"img-responsive img-with-aspect-ratio\" data-parent-fit=\"cover\" data-parent-container=\".fusion-image-element\" alt \/><\/a><\/span><\/div><div class=\"fusion-title title fusion-title-104 fusion-sep-none fusion-title-center fusion-title-text fusion-title-size-paragraph\" style=\"--awb-text-color:var(--awb-color7);--awb-margin-top:10px;--awb-margin-right:5px;--awb-margin-bottom:10px;--awb-margin-left:5px;--awb-margin-top-small:16px;--awb-margin-right-small:0px;--awb-margin-bottom-small:10px;--awb-margin-left-small:0px;--awb-link-color:var(--awb-color7);--awb-font-size:16px;\"><p class=\"fusion-title-heading title-heading-center title-heading-tag fusion-responsive-typography-calculated\" style=\"margin:0;font-size:1em;--fontSize:16;--minFontSize:16;line-height:1.6;\"><a href=\"https:\/\/www.choral-events.com\/es\/chorales\/choeur-ad-pacem\/\" class=\"awb-custom-text-color awb-custom-text-hover-color\" target=\"_self\">Ch\u0153ur Ad Pacem<\/a><\/p><\/div><div class=\"fusion-separator\" style=\"align-self: center;margin-left: auto;margin-right: auto;flex-grow:10;margin-top:5px;margin-bottom:10px;width:100%;max-width:70px;\"><div class=\"fusion-separator-border sep-single sep-solid\" style=\"--awb-height:20px;--awb-amount:20px;border-color:var(--awb-color2);border-top-width:1px;\"><\/div><\/div><div class=\"fusion-text fusion-text-103\" style=\"--awb-content-alignment:center;--awb-text-transform:capitalize;--awb-text-color:var(--awb-color4);\"><p>France<\/p>\n<\/div><\/div><\/li>\n<li class=\"fusion-layout-column fusion_builder_column fusion-builder-column-105 fusion-flex-column fusion-animated post-card fusion-grid-column fusion-post-cards-grid-column fusion-animated\" style=\"--awb-padding-bottom:5px;--awb-overflow:hidden;--awb-bg-color:var(--awb-color1);--awb-bg-color-hover:var(--awb-custom_color_2);--awb-bg-size:cover;--awb-box-shadow:0px 0px 24px hsla(var(--awb-color7-h),var(--awb-color7-s),var(--awb-color7-l),calc(var(--awb-color7-a) - 40%));;--awb-border-color:var(--awb-color4);--awb-border-color-hover:var(--awb-color7);--awb-border-top:1px;--awb-border-right:1px;--awb-border-bottom:1px;--awb-border-left:1px;--awb-border-style:solid;--awb-border-radius:6px 6px 6px 6px;--awb-flex-grow:0;--awb-flex-shrink:0;--awb-flex-grow-medium:0;--awb-flex-shrink-medium:0;--awb-flex-grow-small:0;--awb-flex-shrink-small:0;\" data-animationType=\"fadeIn\" data-animationDuration=\"1.3\" data-animationOffset=\"top-into-view\"><div class=\"fusion-column-wrapper fusion-column-has-shadow fusion-flex-justify-content-flex-start fusion-content-layout-column\"><div class=\"fusion-image-element \" style=\"--awb-aspect-ratio:16 \/ 9;--awb-margin-bottom:10px;--awb-caption-title-font-family:var(--h2_typography-font-family);--awb-caption-title-font-weight:var(--h2_typography-font-weight);--awb-caption-title-font-style:var(--h2_typography-font-style);--awb-caption-title-size:var(--h2_typography-font-size);--awb-caption-title-transform:var(--h2_typography-text-transform);--awb-caption-title-line-height:var(--h2_typography-line-height);--awb-caption-title-letter-spacing:var(--h2_typography-letter-spacing);\"><span class=\" fusion-imageframe imageframe-none imageframe-103 hover-type-none has-aspect-ratio\"><a class=\"fusion-no-lightbox\" href=\"https:\/\/www.choral-events.com\/es\/chorales\/choeur-anonymos\/\" target=\"_self\" aria-label=\"Anonymos-foto-p\u00e1gina-web-\"><img decoding=\"async\" width=\"550\" height=\"350\" src=\"https:\/\/www.choral-events.com\/wp-content\/uploads\/2026\/03\/Anonymos-photo-page-web-.png\" class=\"img-responsive wp-image-51819 img-with-aspect-ratio\" data-parent-fit=\"cover\" data-parent-container=\".fusion-image-element\" alt srcset=\"https:\/\/www.choral-events.com\/wp-content\/uploads\/2026\/03\/Anonymos-photo-page-web--200x127.png 200w, https:\/\/www.choral-events.com\/wp-content\/uploads\/2026\/03\/Anonymos-photo-page-web--400x255.png 400w, https:\/\/www.choral-events.com\/wp-content\/uploads\/2026\/03\/Anonymos-photo-page-web-.png 550w\" sizes=\"(max-width: 1024px) 100vw, (max-width: 640px) 100vw, 550px\" \/><\/a><\/span><\/div><div class=\"fusion-title title fusion-title-105 fusion-sep-none fusion-title-center fusion-title-text fusion-title-size-paragraph\" style=\"--awb-text-color:var(--awb-color7);--awb-margin-top:10px;--awb-margin-right:5px;--awb-margin-bottom:10px;--awb-margin-left:5px;--awb-margin-top-small:16px;--awb-margin-right-small:0px;--awb-margin-bottom-small:10px;--awb-margin-left-small:0px;--awb-link-color:var(--awb-color7);--awb-font-size:16px;\"><p class=\"fusion-title-heading title-heading-center title-heading-tag fusion-responsive-typography-calculated\" style=\"margin:0;font-size:1em;--fontSize:16;--minFontSize:16;line-height:1.6;\"><a href=\"https:\/\/www.choral-events.com\/es\/chorales\/choeur-anonymos\/\" class=\"awb-custom-text-color awb-custom-text-hover-color\" target=\"_self\">Choeur Anonymos<\/a><\/p><\/div><div class=\"fusion-separator\" style=\"align-self: center;margin-left: auto;margin-right: auto;flex-grow:10;margin-top:5px;margin-bottom:10px;width:100%;max-width:70px;\"><div class=\"fusion-separator-border sep-single sep-solid\" style=\"--awb-height:20px;--awb-amount:20px;border-color:var(--awb-color2);border-top-width:1px;\"><\/div><\/div><div class=\"fusion-text fusion-text-104\" style=\"--awb-content-alignment:center;--awb-text-transform:capitalize;--awb-text-color:var(--awb-color4);\"><p>Suisse<\/p>\n<\/div><\/div><\/li>\n<li class=\"fusion-layout-column fusion_builder_column fusion-builder-column-106 fusion-flex-column fusion-animated post-card fusion-grid-column fusion-post-cards-grid-column fusion-animated\" style=\"--awb-padding-bottom:5px;--awb-overflow:hidden;--awb-bg-color:var(--awb-color1);--awb-bg-color-hover:var(--awb-custom_color_2);--awb-bg-size:cover;--awb-box-shadow:0px 0px 24px hsla(var(--awb-color7-h),var(--awb-color7-s),var(--awb-color7-l),calc(var(--awb-color7-a) - 40%));;--awb-border-color:var(--awb-color4);--awb-border-color-hover:var(--awb-color7);--awb-border-top:1px;--awb-border-right:1px;--awb-border-bottom:1px;--awb-border-left:1px;--awb-border-style:solid;--awb-border-radius:6px 6px 6px 6px;--awb-flex-grow:0;--awb-flex-shrink:0;--awb-flex-grow-medium:0;--awb-flex-shrink-medium:0;--awb-flex-grow-small:0;--awb-flex-shrink-small:0;\" data-animationType=\"fadeIn\" data-animationDuration=\"1.3\" data-animationOffset=\"top-into-view\"><div class=\"fusion-column-wrapper fusion-column-has-shadow fusion-flex-justify-content-flex-start fusion-content-layout-column\"><div class=\"fusion-image-element \" style=\"--awb-aspect-ratio:16 \/ 9;--awb-margin-bottom:10px;--awb-caption-title-font-family:var(--h2_typography-font-family);--awb-caption-title-font-weight:var(--h2_typography-font-weight);--awb-caption-title-font-style:var(--h2_typography-font-style);--awb-caption-title-size:var(--h2_typography-font-size);--awb-caption-title-transform:var(--h2_typography-text-transform);--awb-caption-title-line-height:var(--h2_typography-line-height);--awb-caption-title-letter-spacing:var(--h2_typography-letter-spacing);\"><span class=\" fusion-imageframe imageframe-none imageframe-104 hover-type-none has-aspect-ratio\"><a class=\"fusion-no-lightbox\" href=\"https:\/\/www.choral-events.com\/es\/chorales\/choeur-au-fil-de-larve\/\" target=\"_self\" aria-label=\"foto-pour-site\"><img decoding=\"async\" width=\"550\" height=\"350\" src=\"https:\/\/www.choral-events.com\/wp-content\/uploads\/2026\/03\/photo-pour-site.jpg\" class=\"img-responsive wp-image-51460 img-with-aspect-ratio\" data-parent-fit=\"cover\" data-parent-container=\".fusion-image-element\" alt srcset=\"https:\/\/www.choral-events.com\/wp-content\/uploads\/2026\/03\/photo-pour-site-200x127.jpg 200w, https:\/\/www.choral-events.com\/wp-content\/uploads\/2026\/03\/photo-pour-site-400x255.jpg 400w, https:\/\/www.choral-events.com\/wp-content\/uploads\/2026\/03\/photo-pour-site.jpg 550w\" sizes=\"(max-width: 1024px) 100vw, (max-width: 640px) 100vw, 550px\" \/><\/a><\/span><\/div><div class=\"fusion-title title fusion-title-106 fusion-sep-none fusion-title-center fusion-title-text fusion-title-size-paragraph\" style=\"--awb-text-color:var(--awb-color7);--awb-margin-top:10px;--awb-margin-right:5px;--awb-margin-bottom:10px;--awb-margin-left:5px;--awb-margin-top-small:16px;--awb-margin-right-small:0px;--awb-margin-bottom-small:10px;--awb-margin-left-small:0px;--awb-link-color:var(--awb-color7);--awb-font-size:16px;\"><p class=\"fusion-title-heading title-heading-center title-heading-tag fusion-responsive-typography-calculated\" style=\"margin:0;font-size:1em;--fontSize:16;--minFontSize:16;line-height:1.6;\"><a href=\"https:\/\/www.choral-events.com\/es\/chorales\/choeur-au-fil-de-larve\/\" class=\"awb-custom-text-color awb-custom-text-hover-color\" target=\"_self\">Ch\u0153ur Au fil de l\u2019Arve<\/a><\/p><\/div><div class=\"fusion-separator\" style=\"align-self: center;margin-left: auto;margin-right: auto;flex-grow:10;margin-top:5px;margin-bottom:10px;width:100%;max-width:70px;\"><div class=\"fusion-separator-border sep-single sep-solid\" style=\"--awb-height:20px;--awb-amount:20px;border-color:var(--awb-color2);border-top-width:1px;\"><\/div><\/div><div class=\"fusion-text fusion-text-105\" style=\"--awb-content-alignment:center;--awb-text-transform:capitalize;--awb-text-color:var(--awb-color4);\"><p>France<\/p>\n<\/div><\/div><\/li>\n<li class=\"fusion-layout-column fusion_builder_column fusion-builder-column-107 fusion-flex-column fusion-animated post-card fusion-grid-column fusion-post-cards-grid-column fusion-animated\" style=\"--awb-padding-bottom:5px;--awb-overflow:hidden;--awb-bg-color:var(--awb-color1);--awb-bg-color-hover:var(--awb-custom_color_2);--awb-bg-size:cover;--awb-box-shadow:0px 0px 24px hsla(var(--awb-color7-h),var(--awb-color7-s),var(--awb-color7-l),calc(var(--awb-color7-a) - 40%));;--awb-border-color:var(--awb-color4);--awb-border-color-hover:var(--awb-color7);--awb-border-top:1px;--awb-border-right:1px;--awb-border-bottom:1px;--awb-border-left:1px;--awb-border-style:solid;--awb-border-radius:6px 6px 6px 6px;--awb-flex-grow:0;--awb-flex-shrink:0;--awb-flex-grow-medium:0;--awb-flex-shrink-medium:0;--awb-flex-grow-small:0;--awb-flex-shrink-small:0;\" data-animationType=\"fadeIn\" data-animationDuration=\"1.3\" data-animationOffset=\"top-into-view\"><div class=\"fusion-column-wrapper fusion-column-has-shadow fusion-flex-justify-content-flex-start fusion-content-layout-column\"><div class=\"fusion-image-element \" style=\"--awb-aspect-ratio:16 \/ 9;--awb-margin-bottom:10px;--awb-caption-title-font-family:var(--h2_typography-font-family);--awb-caption-title-font-weight:var(--h2_typography-font-weight);--awb-caption-title-font-style:var(--h2_typography-font-style);--awb-caption-title-size:var(--h2_typography-font-size);--awb-caption-title-transform:var(--h2_typography-text-transform);--awb-caption-title-line-height:var(--h2_typography-line-height);--awb-caption-title-letter-spacing:var(--h2_typography-letter-spacing);\"><span class=\" fusion-imageframe imageframe-none imageframe-105 hover-type-none has-aspect-ratio\"><a class=\"fusion-no-lightbox\" href=\"https:\/\/www.choral-events.com\/es\/chorales\/choeur-cantilena\/\" target=\"_self\" aria-label=\"Cantilena-foto-sitio\"><img decoding=\"async\" width=\"550\" height=\"350\" src=\"https:\/\/www.choral-events.com\/wp-content\/uploads\/2026\/03\/Cantilena-photo-site.jpg\" class=\"img-responsive wp-image-51472 img-with-aspect-ratio\" data-parent-fit=\"cover\" data-parent-container=\".fusion-image-element\" alt srcset=\"https:\/\/www.choral-events.com\/wp-content\/uploads\/2026\/03\/Cantilena-photo-site-200x127.jpg 200w, https:\/\/www.choral-events.com\/wp-content\/uploads\/2026\/03\/Cantilena-photo-site-400x255.jpg 400w, https:\/\/www.choral-events.com\/wp-content\/uploads\/2026\/03\/Cantilena-photo-site.jpg 550w\" sizes=\"(max-width: 1024px) 100vw, (max-width: 640px) 100vw, 550px\" \/><\/a><\/span><\/div><div class=\"fusion-title title fusion-title-107 fusion-sep-none fusion-title-center fusion-title-text fusion-title-size-paragraph\" style=\"--awb-text-color:var(--awb-color7);--awb-margin-top:10px;--awb-margin-right:5px;--awb-margin-bottom:10px;--awb-margin-left:5px;--awb-margin-top-small:16px;--awb-margin-right-small:0px;--awb-margin-bottom-small:10px;--awb-margin-left-small:0px;--awb-link-color:var(--awb-color7);--awb-font-size:16px;\"><p class=\"fusion-title-heading title-heading-center title-heading-tag fusion-responsive-typography-calculated\" style=\"margin:0;font-size:1em;--fontSize:16;--minFontSize:16;line-height:1.6;\"><a href=\"https:\/\/www.choral-events.com\/es\/chorales\/choeur-cantilena\/\" class=\"awb-custom-text-color awb-custom-text-hover-color\" target=\"_self\">Ch\u0153ur Cantilena<\/a><\/p><\/div><div class=\"fusion-separator\" style=\"align-self: center;margin-left: auto;margin-right: auto;flex-grow:10;margin-top:5px;margin-bottom:10px;width:100%;max-width:70px;\"><div class=\"fusion-separator-border sep-single sep-solid\" style=\"--awb-height:20px;--awb-amount:20px;border-color:var(--awb-color2);border-top-width:1px;\"><\/div><\/div><div class=\"fusion-text fusion-text-106\" style=\"--awb-content-alignment:center;--awb-text-transform:capitalize;--awb-text-color:var(--awb-color4);\"><p>France<\/p>\n<\/div><\/div><\/li>\n<li class=\"fusion-layout-column fusion_builder_column fusion-builder-column-108 fusion-flex-column fusion-animated post-card fusion-grid-column fusion-post-cards-grid-column fusion-animated\" style=\"--awb-padding-bottom:5px;--awb-overflow:hidden;--awb-bg-color:var(--awb-color1);--awb-bg-color-hover:var(--awb-custom_color_2);--awb-bg-size:cover;--awb-box-shadow:0px 0px 24px hsla(var(--awb-color7-h),var(--awb-color7-s),var(--awb-color7-l),calc(var(--awb-color7-a) - 40%));;--awb-border-color:var(--awb-color4);--awb-border-color-hover:var(--awb-color7);--awb-border-top:1px;--awb-border-right:1px;--awb-border-bottom:1px;--awb-border-left:1px;--awb-border-style:solid;--awb-border-radius:6px 6px 6px 6px;--awb-flex-grow:0;--awb-flex-shrink:0;--awb-flex-grow-medium:0;--awb-flex-shrink-medium:0;--awb-flex-grow-small:0;--awb-flex-shrink-small:0;\" data-animationType=\"fadeIn\" data-animationDuration=\"1.3\" data-animationOffset=\"top-into-view\"><div class=\"fusion-column-wrapper fusion-column-has-shadow fusion-flex-justify-content-flex-start fusion-content-layout-column\"><div class=\"fusion-image-element \" style=\"--awb-aspect-ratio:16 \/ 9;--awb-margin-bottom:10px;--awb-caption-title-font-family:var(--h2_typography-font-family);--awb-caption-title-font-weight:var(--h2_typography-font-weight);--awb-caption-title-font-style:var(--h2_typography-font-style);--awb-caption-title-size:var(--h2_typography-font-size);--awb-caption-title-transform:var(--h2_typography-text-transform);--awb-caption-title-line-height:var(--h2_typography-line-height);--awb-caption-title-letter-spacing:var(--h2_typography-letter-spacing);\"><span class=\" fusion-imageframe imageframe-none imageframe-106 hover-type-none has-aspect-ratio\"><a class=\"fusion-no-lightbox\" href=\"https:\/\/www.choral-events.com\/es\/chorales\/choeur-denfants-poliot\/\" target=\"_self\" aria-label=\"mini_esp-40-550&#215;350\"><img decoding=\"async\" width=\"550\" height=\"350\" src=\"https:\/\/www.choral-events.com\/wp-content\/uploads\/2026\/03\/mini_fra-40-550x350-1.jpg\" class=\"img-responsive wp-image-51480 img-with-aspect-ratio\" data-parent-fit=\"cover\" data-parent-container=\".fusion-image-element\" alt srcset=\"https:\/\/www.choral-events.com\/wp-content\/uploads\/2026\/03\/mini_fra-40-550x350-1-200x127.jpg 200w, https:\/\/www.choral-events.com\/wp-content\/uploads\/2026\/03\/mini_fra-40-550x350-1-400x255.jpg 400w, https:\/\/www.choral-events.com\/wp-content\/uploads\/2026\/03\/mini_fra-40-550x350-1.jpg 550w\" sizes=\"(max-width: 1024px) 100vw, (max-width: 640px) 100vw, 550px\" \/><\/a><\/span><\/div><div class=\"fusion-title title fusion-title-108 fusion-sep-none fusion-title-center fusion-title-text fusion-title-size-paragraph\" style=\"--awb-text-color:var(--awb-color7);--awb-margin-top:10px;--awb-margin-right:5px;--awb-margin-bottom:10px;--awb-margin-left:5px;--awb-margin-top-small:16px;--awb-margin-right-small:0px;--awb-margin-bottom-small:10px;--awb-margin-left-small:0px;--awb-link-color:var(--awb-color7);--awb-font-size:16px;\"><p class=\"fusion-title-heading title-heading-center title-heading-tag fusion-responsive-typography-calculated\" style=\"margin:0;font-size:1em;--fontSize:16;--minFontSize:16;line-height:1.6;\"><a href=\"https:\/\/www.choral-events.com\/es\/chorales\/choeur-denfants-poliot\/\" class=\"awb-custom-text-color awb-custom-text-hover-color\" target=\"_self\">Ch\u0153ur d\u2019Enfants POLIOT<\/a><\/p><\/div><div class=\"fusion-separator\" style=\"align-self: center;margin-left: auto;margin-right: auto;flex-grow:10;margin-top:5px;margin-bottom:10px;width:100%;max-width:70px;\"><div class=\"fusion-separator-border sep-single sep-solid\" style=\"--awb-height:20px;--awb-amount:20px;border-color:var(--awb-color2);border-top-width:1px;\"><\/div><\/div><div class=\"fusion-text fusion-text-107\" style=\"--awb-content-alignment:center;--awb-text-transform:capitalize;--awb-text-color:var(--awb-color4);\"><p>Russie<\/p>\n<\/div><\/div><\/li>\n<li class=\"fusion-layout-column fusion_builder_column fusion-builder-column-109 fusion-flex-column fusion-animated post-card fusion-grid-column fusion-post-cards-grid-column fusion-animated\" style=\"--awb-padding-bottom:5px;--awb-overflow:hidden;--awb-bg-color:var(--awb-color1);--awb-bg-color-hover:var(--awb-custom_color_2);--awb-bg-size:cover;--awb-box-shadow:0px 0px 24px hsla(var(--awb-color7-h),var(--awb-color7-s),var(--awb-color7-l),calc(var(--awb-color7-a) - 40%));;--awb-border-color:var(--awb-color4);--awb-border-color-hover:var(--awb-color7);--awb-border-top:1px;--awb-border-right:1px;--awb-border-bottom:1px;--awb-border-left:1px;--awb-border-style:solid;--awb-border-radius:6px 6px 6px 6px;--awb-flex-grow:0;--awb-flex-shrink:0;--awb-flex-grow-medium:0;--awb-flex-shrink-medium:0;--awb-flex-grow-small:0;--awb-flex-shrink-small:0;\" data-animationType=\"fadeIn\" data-animationDuration=\"1.3\" data-animationOffset=\"top-into-view\"><div class=\"fusion-column-wrapper fusion-column-has-shadow fusion-flex-justify-content-flex-start fusion-content-layout-column\"><div class=\"fusion-image-element \" style=\"--awb-aspect-ratio:16 \/ 9;--awb-margin-bottom:10px;--awb-caption-title-font-family:var(--h2_typography-font-family);--awb-caption-title-font-weight:var(--h2_typography-font-weight);--awb-caption-title-font-style:var(--h2_typography-font-style);--awb-caption-title-size:var(--h2_typography-font-size);--awb-caption-title-transform:var(--h2_typography-text-transform);--awb-caption-title-line-height:var(--h2_typography-line-height);--awb-caption-title-letter-spacing:var(--h2_typography-letter-spacing);\"><span class=\" fusion-imageframe imageframe-none imageframe-107 hover-type-none has-aspect-ratio\"><a class=\"fusion-no-lightbox\" href=\"https:\/\/www.choral-events.com\/es\/chorales\/choeur-denfants-voixla\/\" target=\"_self\" aria-label=\"mini_choeur-VOIXl\u00e0-550&#215;350\"><img decoding=\"async\" width=\"550\" height=\"350\" src=\"https:\/\/www.choral-events.com\/wp-content\/uploads\/2026\/03\/mini_choeur-VOIXla-550x350-1.jpg\" class=\"img-responsive wp-image-51492 img-with-aspect-ratio\" data-parent-fit=\"cover\" data-parent-container=\".fusion-image-element\" alt srcset=\"https:\/\/www.choral-events.com\/wp-content\/uploads\/2026\/03\/mini_choeur-VOIXla-550x350-1-200x127.jpg 200w, https:\/\/www.choral-events.com\/wp-content\/uploads\/2026\/03\/mini_choeur-VOIXla-550x350-1-400x255.jpg 400w, https:\/\/www.choral-events.com\/wp-content\/uploads\/2026\/03\/mini_choeur-VOIXla-550x350-1.jpg 550w\" sizes=\"(max-width: 1024px) 100vw, (max-width: 640px) 100vw, 550px\" \/><\/a><\/span><\/div><div class=\"fusion-title title fusion-title-109 fusion-sep-none fusion-title-center fusion-title-text fusion-title-size-paragraph\" style=\"--awb-text-color:var(--awb-color7);--awb-margin-top:10px;--awb-margin-right:5px;--awb-margin-bottom:10px;--awb-margin-left:5px;--awb-margin-top-small:16px;--awb-margin-right-small:0px;--awb-margin-bottom-small:10px;--awb-margin-left-small:0px;--awb-link-color:var(--awb-color7);--awb-font-size:16px;\"><p class=\"fusion-title-heading title-heading-center title-heading-tag fusion-responsive-typography-calculated\" style=\"margin:0;font-size:1em;--fontSize:16;--minFontSize:16;line-height:1.6;\"><a href=\"https:\/\/www.choral-events.com\/es\/chorales\/choeur-denfants-voixla\/\" class=\"awb-custom-text-color awb-custom-text-hover-color\" target=\"_self\">Choeur d\u2019enfants VOIXl\u00e0<\/a><\/p><\/div><div class=\"fusion-separator\" style=\"align-self: center;margin-left: auto;margin-right: auto;flex-grow:10;margin-top:5px;margin-bottom:10px;width:100%;max-width:70px;\"><div class=\"fusion-separator-border sep-single sep-solid\" style=\"--awb-height:20px;--awb-amount:20px;border-color:var(--awb-color2);border-top-width:1px;\"><\/div><\/div><div class=\"fusion-text fusion-text-108\" style=\"--awb-content-alignment:center;--awb-text-transform:capitalize;--awb-text-color:var(--awb-color4);\"><p>Portugal<\/p>\n<\/div><\/div><\/li>\n<li class=\"fusion-layout-column fusion_builder_column fusion-builder-column-110 fusion-flex-column fusion-animated post-card fusion-grid-column fusion-post-cards-grid-column fusion-animated\" style=\"--awb-padding-bottom:5px;--awb-overflow:hidden;--awb-bg-color:var(--awb-color1);--awb-bg-color-hover:var(--awb-custom_color_2);--awb-bg-size:cover;--awb-box-shadow:0px 0px 24px hsla(var(--awb-color7-h),var(--awb-color7-s),var(--awb-color7-l),calc(var(--awb-color7-a) - 40%));;--awb-border-color:var(--awb-color4);--awb-border-color-hover:var(--awb-color7);--awb-border-top:1px;--awb-border-right:1px;--awb-border-bottom:1px;--awb-border-left:1px;--awb-border-style:solid;--awb-border-radius:6px 6px 6px 6px;--awb-flex-grow:0;--awb-flex-shrink:0;--awb-flex-grow-medium:0;--awb-flex-shrink-medium:0;--awb-flex-grow-small:0;--awb-flex-shrink-small:0;\" data-animationType=\"fadeIn\" data-animationDuration=\"1.3\" data-animationOffset=\"top-into-view\"><div class=\"fusion-column-wrapper fusion-column-has-shadow fusion-flex-justify-content-flex-start fusion-content-layout-column\"><div class=\"fusion-image-element \" style=\"--awb-aspect-ratio:16 \/ 9;--awb-margin-bottom:10px;--awb-caption-title-font-family:var(--h2_typography-font-family);--awb-caption-title-font-weight:var(--h2_typography-font-weight);--awb-caption-title-font-style:var(--h2_typography-font-style);--awb-caption-title-size:var(--h2_typography-font-size);--awb-caption-title-transform:var(--h2_typography-text-transform);--awb-caption-title-line-height:var(--h2_typography-line-height);--awb-caption-title-letter-spacing:var(--h2_typography-letter-spacing);\"><span class=\" fusion-imageframe imageframe-none imageframe-108 hover-type-none has-aspect-ratio\"><a class=\"fusion-no-lightbox\" href=\"https:\/\/www.choral-events.com\/es\/chorales\/choeur-de-chambre-du-lycee-de-musique-de-tallinn\/\" target=\"_self\"><img decoding=\"async\" src=\"https:\/\/www.choral-events.eskale.fr\/wp-content\/uploads\/2026\/02\/Chorales-2022.jpg\" class=\"img-responsive img-with-aspect-ratio\" data-parent-fit=\"cover\" data-parent-container=\".fusion-image-element\" alt \/><\/a><\/span><\/div><div class=\"fusion-title title fusion-title-110 fusion-sep-none fusion-title-center fusion-title-text fusion-title-size-paragraph\" style=\"--awb-text-color:var(--awb-color7);--awb-margin-top:10px;--awb-margin-right:5px;--awb-margin-bottom:10px;--awb-margin-left:5px;--awb-margin-top-small:16px;--awb-margin-right-small:0px;--awb-margin-bottom-small:10px;--awb-margin-left-small:0px;--awb-link-color:var(--awb-color7);--awb-font-size:16px;\"><p class=\"fusion-title-heading title-heading-center title-heading-tag fusion-responsive-typography-calculated\" style=\"margin:0;font-size:1em;--fontSize:16;--minFontSize:16;line-height:1.6;\"><a href=\"https:\/\/www.choral-events.com\/es\/chorales\/choeur-de-chambre-du-lycee-de-musique-de-tallinn\/\" class=\"awb-custom-text-color awb-custom-text-hover-color\" target=\"_self\">Ch\u0153ur de chambre du lyc\u00e9e de musique de Tallinn<\/a><\/p><\/div><div class=\"fusion-separator\" style=\"align-self: center;margin-left: auto;margin-right: auto;flex-grow:10;margin-top:5px;margin-bottom:10px;width:100%;max-width:70px;\"><div class=\"fusion-separator-border sep-single sep-solid\" style=\"--awb-height:20px;--awb-amount:20px;border-color:var(--awb-color2);border-top-width:1px;\"><\/div><\/div><div class=\"fusion-text fusion-text-109\" style=\"--awb-content-alignment:center;--awb-text-transform:capitalize;--awb-text-color:var(--awb-color4);\"><p>Estonie<\/p>\n<\/div><\/div><\/li>\n<li class=\"fusion-layout-column fusion_builder_column fusion-builder-column-111 fusion-flex-column fusion-animated post-card fusion-grid-column fusion-post-cards-grid-column fusion-animated\" style=\"--awb-padding-bottom:5px;--awb-overflow:hidden;--awb-bg-color:var(--awb-color1);--awb-bg-color-hover:var(--awb-custom_color_2);--awb-bg-size:cover;--awb-box-shadow:0px 0px 24px hsla(var(--awb-color7-h),var(--awb-color7-s),var(--awb-color7-l),calc(var(--awb-color7-a) - 40%));;--awb-border-color:var(--awb-color4);--awb-border-color-hover:var(--awb-color7);--awb-border-top:1px;--awb-border-right:1px;--awb-border-bottom:1px;--awb-border-left:1px;--awb-border-style:solid;--awb-border-radius:6px 6px 6px 6px;--awb-flex-grow:0;--awb-flex-shrink:0;--awb-flex-grow-medium:0;--awb-flex-shrink-medium:0;--awb-flex-grow-small:0;--awb-flex-shrink-small:0;\" data-animationType=\"fadeIn\" data-animationDuration=\"1.3\" data-animationOffset=\"top-into-view\"><div class=\"fusion-column-wrapper fusion-column-has-shadow fusion-flex-justify-content-flex-start fusion-content-layout-column\"><div class=\"fusion-image-element \" style=\"--awb-aspect-ratio:16 \/ 9;--awb-margin-bottom:10px;--awb-caption-title-font-family:var(--h2_typography-font-family);--awb-caption-title-font-weight:var(--h2_typography-font-weight);--awb-caption-title-font-style:var(--h2_typography-font-style);--awb-caption-title-size:var(--h2_typography-font-size);--awb-caption-title-transform:var(--h2_typography-text-transform);--awb-caption-title-line-height:var(--h2_typography-line-height);--awb-caption-title-letter-spacing:var(--h2_typography-letter-spacing);\"><span class=\" fusion-imageframe imageframe-none imageframe-109 hover-type-none has-aspect-ratio\"><a class=\"fusion-no-lightbox\" href=\"https:\/\/www.choral-events.com\/es\/chorales\/choeur-kamertonas\/\" target=\"_self\"><img decoding=\"async\" src=\"https:\/\/www.choral-events.eskale.fr\/wp-content\/uploads\/2026\/02\/Chorales-2022.jpg\" class=\"img-responsive img-with-aspect-ratio\" data-parent-fit=\"cover\" data-parent-container=\".fusion-image-element\" alt \/><\/a><\/span><\/div><div class=\"fusion-title title fusion-title-111 fusion-sep-none fusion-title-center fusion-title-text fusion-title-size-paragraph\" style=\"--awb-text-color:var(--awb-color7);--awb-margin-top:10px;--awb-margin-right:5px;--awb-margin-bottom:10px;--awb-margin-left:5px;--awb-margin-top-small:16px;--awb-margin-right-small:0px;--awb-margin-bottom-small:10px;--awb-margin-left-small:0px;--awb-link-color:var(--awb-color7);--awb-font-size:16px;\"><p class=\"fusion-title-heading title-heading-center title-heading-tag fusion-responsive-typography-calculated\" style=\"margin:0;font-size:1em;--fontSize:16;--minFontSize:16;line-height:1.6;\"><a href=\"https:\/\/www.choral-events.com\/es\/chorales\/choeur-kamertonas\/\" class=\"awb-custom-text-color awb-custom-text-hover-color\" target=\"_self\">Ch\u0153ur Kamertonas<\/a><\/p><\/div><div class=\"fusion-separator\" style=\"align-self: center;margin-left: auto;margin-right: auto;flex-grow:10;margin-top:5px;margin-bottom:10px;width:100%;max-width:70px;\"><div class=\"fusion-separator-border sep-single sep-solid\" style=\"--awb-height:20px;--awb-amount:20px;border-color:var(--awb-color2);border-top-width:1px;\"><\/div><\/div><div class=\"fusion-text fusion-text-110\" style=\"--awb-content-alignment:center;--awb-text-transform:capitalize;--awb-text-color:var(--awb-color4);\"><p>Lituanie<\/p>\n<\/div><\/div><\/li>\n<li class=\"fusion-layout-column fusion_builder_column fusion-builder-column-112 fusion-flex-column fusion-animated post-card fusion-grid-column fusion-post-cards-grid-column fusion-animated\" style=\"--awb-padding-bottom:5px;--awb-overflow:hidden;--awb-bg-color:var(--awb-color1);--awb-bg-color-hover:var(--awb-custom_color_2);--awb-bg-size:cover;--awb-box-shadow:0px 0px 24px hsla(var(--awb-color7-h),var(--awb-color7-s),var(--awb-color7-l),calc(var(--awb-color7-a) - 40%));;--awb-border-color:var(--awb-color4);--awb-border-color-hover:var(--awb-color7);--awb-border-top:1px;--awb-border-right:1px;--awb-border-bottom:1px;--awb-border-left:1px;--awb-border-style:solid;--awb-border-radius:6px 6px 6px 6px;--awb-flex-grow:0;--awb-flex-shrink:0;--awb-flex-grow-medium:0;--awb-flex-shrink-medium:0;--awb-flex-grow-small:0;--awb-flex-shrink-small:0;\" data-animationType=\"fadeIn\" data-animationDuration=\"1.3\" data-animationOffset=\"top-into-view\"><div class=\"fusion-column-wrapper fusion-column-has-shadow fusion-flex-justify-content-flex-start fusion-content-layout-column\"><div class=\"fusion-image-element \" style=\"--awb-aspect-ratio:16 \/ 9;--awb-margin-bottom:10px;--awb-caption-title-font-family:var(--h2_typography-font-family);--awb-caption-title-font-weight:var(--h2_typography-font-weight);--awb-caption-title-font-style:var(--h2_typography-font-style);--awb-caption-title-size:var(--h2_typography-font-size);--awb-caption-title-transform:var(--h2_typography-text-transform);--awb-caption-title-line-height:var(--h2_typography-line-height);--awb-caption-title-letter-spacing:var(--h2_typography-letter-spacing);\"><span class=\" fusion-imageframe imageframe-none imageframe-110 hover-type-none has-aspect-ratio\"><a class=\"fusion-no-lightbox\" href=\"https:\/\/www.choral-events.com\/es\/chorales\/choeur-la-chanson-de-gaillard\/\" target=\"_self\" aria-label=\"Coro La Chanson de Gaillard\"><img decoding=\"async\" width=\"550\" height=\"350\" alt=\"Coro La Chanson de Gaillard\" src=\"https:\/\/www.choral-events.com\/wp-content\/uploads\/2026\/03\/photo-pour-site-1.jpg\" class=\"img-responsive wp-image-51509 img-with-aspect-ratio\" data-parent-fit=\"cover\" data-parent-container=\".fusion-image-element\" srcset=\"https:\/\/www.choral-events.com\/wp-content\/uploads\/2026\/03\/photo-pour-site-1-200x127.jpg 200w, https:\/\/www.choral-events.com\/wp-content\/uploads\/2026\/03\/photo-pour-site-1-400x255.jpg 400w, https:\/\/www.choral-events.com\/wp-content\/uploads\/2026\/03\/photo-pour-site-1.jpg 550w\" sizes=\"(max-width: 1024px) 100vw, (max-width: 640px) 100vw, 550px\" \/><\/a><\/span><\/div><div class=\"fusion-title title fusion-title-112 fusion-sep-none fusion-title-center fusion-title-text fusion-title-size-paragraph\" style=\"--awb-text-color:var(--awb-color7);--awb-margin-top:10px;--awb-margin-right:5px;--awb-margin-bottom:10px;--awb-margin-left:5px;--awb-margin-top-small:16px;--awb-margin-right-small:0px;--awb-margin-bottom-small:10px;--awb-margin-left-small:0px;--awb-link-color:var(--awb-color7);--awb-font-size:16px;\"><p class=\"fusion-title-heading title-heading-center title-heading-tag fusion-responsive-typography-calculated\" style=\"margin:0;font-size:1em;--fontSize:16;--minFontSize:16;line-height:1.6;\"><a href=\"https:\/\/www.choral-events.com\/es\/chorales\/choeur-la-chanson-de-gaillard\/\" class=\"awb-custom-text-color awb-custom-text-hover-color\" target=\"_self\">Ch\u0153ur La Chanson de Gaillard<\/a><\/p><\/div><div class=\"fusion-separator\" style=\"align-self: center;margin-left: auto;margin-right: auto;flex-grow:10;margin-top:5px;margin-bottom:10px;width:100%;max-width:70px;\"><div class=\"fusion-separator-border sep-single sep-solid\" style=\"--awb-height:20px;--awb-amount:20px;border-color:var(--awb-color2);border-top-width:1px;\"><\/div><\/div><div class=\"fusion-text fusion-text-111\" style=\"--awb-content-alignment:center;--awb-text-transform:capitalize;--awb-text-color:var(--awb-color4);\"><p>France<\/p>\n<\/div><\/div><\/li>\n<li class=\"fusion-layout-column fusion_builder_column fusion-builder-column-113 fusion-flex-column fusion-animated post-card fusion-grid-column fusion-post-cards-grid-column fusion-animated\" style=\"--awb-padding-bottom:5px;--awb-overflow:hidden;--awb-bg-color:var(--awb-color1);--awb-bg-color-hover:var(--awb-custom_color_2);--awb-bg-size:cover;--awb-box-shadow:0px 0px 24px hsla(var(--awb-color7-h),var(--awb-color7-s),var(--awb-color7-l),calc(var(--awb-color7-a) - 40%));;--awb-border-color:var(--awb-color4);--awb-border-color-hover:var(--awb-color7);--awb-border-top:1px;--awb-border-right:1px;--awb-border-bottom:1px;--awb-border-left:1px;--awb-border-style:solid;--awb-border-radius:6px 6px 6px 6px;--awb-flex-grow:0;--awb-flex-shrink:0;--awb-flex-grow-medium:0;--awb-flex-shrink-medium:0;--awb-flex-grow-small:0;--awb-flex-shrink-small:0;\" data-animationType=\"fadeIn\" data-animationDuration=\"1.3\" data-animationOffset=\"top-into-view\"><div class=\"fusion-column-wrapper fusion-column-has-shadow fusion-flex-justify-content-flex-start fusion-content-layout-column\"><div class=\"fusion-image-element \" style=\"--awb-aspect-ratio:16 \/ 9;--awb-margin-bottom:10px;--awb-caption-title-font-family:var(--h2_typography-font-family);--awb-caption-title-font-weight:var(--h2_typography-font-weight);--awb-caption-title-font-style:var(--h2_typography-font-style);--awb-caption-title-size:var(--h2_typography-font-size);--awb-caption-title-transform:var(--h2_typography-text-transform);--awb-caption-title-line-height:var(--h2_typography-line-height);--awb-caption-title-letter-spacing:var(--h2_typography-letter-spacing);\"><span class=\" fusion-imageframe imageframe-none imageframe-111 hover-type-none has-aspect-ratio\"><a class=\"fusion-no-lightbox\" href=\"https:\/\/www.choral-events.com\/es\/chorales\/choeur-la-cle-des-chants\/\" target=\"_self\" aria-label=\"cl\u00e9-des-chants-site-2\"><img decoding=\"async\" width=\"550\" height=\"350\" src=\"https:\/\/www.choral-events.com\/wp-content\/uploads\/2026\/03\/cle-des-chants-site-2.jpg\" class=\"img-responsive wp-image-51513 img-with-aspect-ratio\" data-parent-fit=\"cover\" data-parent-container=\".fusion-image-element\" alt srcset=\"https:\/\/www.choral-events.com\/wp-content\/uploads\/2026\/03\/cle-des-chants-site-2-200x127.jpg 200w, https:\/\/www.choral-events.com\/wp-content\/uploads\/2026\/03\/cle-des-chants-site-2-400x255.jpg 400w, https:\/\/www.choral-events.com\/wp-content\/uploads\/2026\/03\/cle-des-chants-site-2.jpg 550w\" sizes=\"(max-width: 1024px) 100vw, (max-width: 640px) 100vw, 550px\" \/><\/a><\/span><\/div><div class=\"fusion-title title fusion-title-113 fusion-sep-none fusion-title-center fusion-title-text fusion-title-size-paragraph\" style=\"--awb-text-color:var(--awb-color7);--awb-margin-top:10px;--awb-margin-right:5px;--awb-margin-bottom:10px;--awb-margin-left:5px;--awb-margin-top-small:16px;--awb-margin-right-small:0px;--awb-margin-bottom-small:10px;--awb-margin-left-small:0px;--awb-link-color:var(--awb-color7);--awb-font-size:16px;\"><p class=\"fusion-title-heading title-heading-center title-heading-tag fusion-responsive-typography-calculated\" style=\"margin:0;font-size:1em;--fontSize:16;--minFontSize:16;line-height:1.6;\"><a href=\"https:\/\/www.choral-events.com\/es\/chorales\/choeur-la-cle-des-chants\/\" class=\"awb-custom-text-color awb-custom-text-hover-color\" target=\"_self\">Ch\u0153ur La Cl\u00e9 des Chants<\/a><\/p><\/div><div class=\"fusion-separator\" style=\"align-self: center;margin-left: auto;margin-right: auto;flex-grow:10;margin-top:5px;margin-bottom:10px;width:100%;max-width:70px;\"><div class=\"fusion-separator-border sep-single sep-solid\" style=\"--awb-height:20px;--awb-amount:20px;border-color:var(--awb-color2);border-top-width:1px;\"><\/div><\/div><div class=\"fusion-text fusion-text-112\" style=\"--awb-content-alignment:center;--awb-text-transform:capitalize;--awb-text-color:var(--awb-color4);\"><p>Ukraine<\/p>\n<\/div><\/div><\/li>\n<li class=\"fusion-layout-column fusion_builder_column fusion-builder-column-114 fusion-flex-column fusion-animated post-card fusion-grid-column fusion-post-cards-grid-column fusion-animated\" style=\"--awb-padding-bottom:5px;--awb-overflow:hidden;--awb-bg-color:var(--awb-color1);--awb-bg-color-hover:var(--awb-custom_color_2);--awb-bg-size:cover;--awb-box-shadow:0px 0px 24px hsla(var(--awb-color7-h),var(--awb-color7-s),var(--awb-color7-l),calc(var(--awb-color7-a) - 40%));;--awb-border-color:var(--awb-color4);--awb-border-color-hover:var(--awb-color7);--awb-border-top:1px;--awb-border-right:1px;--awb-border-bottom:1px;--awb-border-left:1px;--awb-border-style:solid;--awb-border-radius:6px 6px 6px 6px;--awb-flex-grow:0;--awb-flex-shrink:0;--awb-flex-grow-medium:0;--awb-flex-shrink-medium:0;--awb-flex-grow-small:0;--awb-flex-shrink-small:0;\" data-animationType=\"fadeIn\" data-animationDuration=\"1.3\" data-animationOffset=\"top-into-view\"><div class=\"fusion-column-wrapper fusion-column-has-shadow fusion-flex-justify-content-flex-start fusion-content-layout-column\"><div class=\"fusion-image-element \" style=\"--awb-aspect-ratio:16 \/ 9;--awb-margin-bottom:10px;--awb-caption-title-font-family:var(--h2_typography-font-family);--awb-caption-title-font-weight:var(--h2_typography-font-weight);--awb-caption-title-font-style:var(--h2_typography-font-style);--awb-caption-title-size:var(--h2_typography-font-size);--awb-caption-title-transform:var(--h2_typography-text-transform);--awb-caption-title-line-height:var(--h2_typography-line-height);--awb-caption-title-letter-spacing:var(--h2_typography-letter-spacing);\"><span class=\" fusion-imageframe imageframe-none imageframe-112 hover-type-none has-aspect-ratio\"><a class=\"fusion-no-lightbox\" href=\"https:\/\/www.choral-events.com\/es\/chorales\/choeur-lyrique-des-enfants-de-lestaque-2\/\" target=\"_self\" aria-label=\"armon\u00eda-Estaque2\"><img decoding=\"async\" width=\"550\" height=\"350\" src=\"https:\/\/www.choral-events.com\/wp-content\/uploads\/2026\/03\/harmonie-Estaque2.jpg\" class=\"img-responsive wp-image-51603 img-with-aspect-ratio\" data-parent-fit=\"cover\" data-parent-container=\".fusion-image-element\" alt srcset=\"https:\/\/www.choral-events.com\/wp-content\/uploads\/2026\/03\/harmonie-Estaque2-200x127.jpg 200w, https:\/\/www.choral-events.com\/wp-content\/uploads\/2026\/03\/harmonie-Estaque2-400x255.jpg 400w, https:\/\/www.choral-events.com\/wp-content\/uploads\/2026\/03\/harmonie-Estaque2.jpg 550w\" sizes=\"(max-width: 1024px) 100vw, (max-width: 640px) 100vw, 550px\" \/><\/a><\/span><\/div><div class=\"fusion-title title fusion-title-114 fusion-sep-none fusion-title-center fusion-title-text fusion-title-size-paragraph\" style=\"--awb-text-color:var(--awb-color7);--awb-margin-top:10px;--awb-margin-right:5px;--awb-margin-bottom:10px;--awb-margin-left:5px;--awb-margin-top-small:16px;--awb-margin-right-small:0px;--awb-margin-bottom-small:10px;--awb-margin-left-small:0px;--awb-link-color:var(--awb-color7);--awb-font-size:16px;\"><p class=\"fusion-title-heading title-heading-center title-heading-tag fusion-responsive-typography-calculated\" style=\"margin:0;font-size:1em;--fontSize:16;--minFontSize:16;line-height:1.6;\"><a href=\"https:\/\/www.choral-events.com\/es\/chorales\/choeur-lyrique-des-enfants-de-lestaque-2\/\" class=\"awb-custom-text-color awb-custom-text-hover-color\" target=\"_self\">Ch\u0153ur Lyrique des enfants de l\u2019Estaque<\/a><\/p><\/div><div class=\"fusion-separator\" style=\"align-self: center;margin-left: auto;margin-right: auto;flex-grow:10;margin-top:5px;margin-bottom:10px;width:100%;max-width:70px;\"><div class=\"fusion-separator-border sep-single sep-solid\" style=\"--awb-height:20px;--awb-amount:20px;border-color:var(--awb-color2);border-top-width:1px;\"><\/div><\/div><div class=\"fusion-text fusion-text-113\" style=\"--awb-content-alignment:center;--awb-text-transform:capitalize;--awb-text-color:var(--awb-color4);\"><p>France<\/p>\n<\/div><\/div><\/li>\n<li class=\"fusion-layout-column fusion_builder_column fusion-builder-column-115 fusion-flex-column fusion-animated post-card fusion-grid-column fusion-post-cards-grid-column fusion-animated\" style=\"--awb-padding-bottom:5px;--awb-overflow:hidden;--awb-bg-color:var(--awb-color1);--awb-bg-color-hover:var(--awb-custom_color_2);--awb-bg-size:cover;--awb-box-shadow:0px 0px 24px hsla(var(--awb-color7-h),var(--awb-color7-s),var(--awb-color7-l),calc(var(--awb-color7-a) - 40%));;--awb-border-color:var(--awb-color4);--awb-border-color-hover:var(--awb-color7);--awb-border-top:1px;--awb-border-right:1px;--awb-border-bottom:1px;--awb-border-left:1px;--awb-border-style:solid;--awb-border-radius:6px 6px 6px 6px;--awb-flex-grow:0;--awb-flex-shrink:0;--awb-flex-grow-medium:0;--awb-flex-shrink-medium:0;--awb-flex-grow-small:0;--awb-flex-shrink-small:0;\" data-animationType=\"fadeIn\" data-animationDuration=\"1.3\" data-animationOffset=\"top-into-view\"><div class=\"fusion-column-wrapper fusion-column-has-shadow fusion-flex-justify-content-flex-start fusion-content-layout-column\"><div class=\"fusion-image-element \" style=\"--awb-aspect-ratio:16 \/ 9;--awb-margin-bottom:10px;--awb-caption-title-font-family:var(--h2_typography-font-family);--awb-caption-title-font-weight:var(--h2_typography-font-weight);--awb-caption-title-font-style:var(--h2_typography-font-style);--awb-caption-title-size:var(--h2_typography-font-size);--awb-caption-title-transform:var(--h2_typography-text-transform);--awb-caption-title-line-height:var(--h2_typography-line-height);--awb-caption-title-letter-spacing:var(--h2_typography-letter-spacing);\"><span class=\" fusion-imageframe imageframe-none imageframe-113 hover-type-none has-aspect-ratio\"><a class=\"fusion-no-lightbox\" href=\"https:\/\/www.choral-events.com\/es\/chorales\/choeur-mixte-dvorak\/\" target=\"_self\" aria-label=\"Choeur-Dvorak-foto-p\u00e1gina-web\"><img decoding=\"async\" width=\"550\" height=\"350\" src=\"https:\/\/www.choral-events.com\/wp-content\/uploads\/2026\/03\/Choeur-Dvorak-photo-page-web.png\" class=\"img-responsive wp-image-51824 img-with-aspect-ratio\" data-parent-fit=\"cover\" data-parent-container=\".fusion-image-element\" alt srcset=\"https:\/\/www.choral-events.com\/wp-content\/uploads\/2026\/03\/Choeur-Dvorak-photo-page-web-200x127.png 200w, https:\/\/www.choral-events.com\/wp-content\/uploads\/2026\/03\/Choeur-Dvorak-photo-page-web-400x255.png 400w, https:\/\/www.choral-events.com\/wp-content\/uploads\/2026\/03\/Choeur-Dvorak-photo-page-web.png 550w\" sizes=\"(max-width: 1024px) 100vw, (max-width: 640px) 100vw, 550px\" \/><\/a><\/span><\/div><div class=\"fusion-title title fusion-title-115 fusion-sep-none fusion-title-center fusion-title-text fusion-title-size-paragraph\" style=\"--awb-text-color:var(--awb-color7);--awb-margin-top:10px;--awb-margin-right:5px;--awb-margin-bottom:10px;--awb-margin-left:5px;--awb-margin-top-small:16px;--awb-margin-right-small:0px;--awb-margin-bottom-small:10px;--awb-margin-left-small:0px;--awb-link-color:var(--awb-color7);--awb-font-size:16px;\"><p class=\"fusion-title-heading title-heading-center title-heading-tag fusion-responsive-typography-calculated\" style=\"margin:0;font-size:1em;--fontSize:16;--minFontSize:16;line-height:1.6;\"><a href=\"https:\/\/www.choral-events.com\/es\/chorales\/choeur-mixte-dvorak\/\" class=\"awb-custom-text-color awb-custom-text-hover-color\" target=\"_self\">Ch\u0153ur Mixte Dvo\u0159\u00e1k<\/a><\/p><\/div><div class=\"fusion-separator\" style=\"align-self: center;margin-left: auto;margin-right: auto;flex-grow:10;margin-top:5px;margin-bottom:10px;width:100%;max-width:70px;\"><div class=\"fusion-separator-border sep-single sep-solid\" style=\"--awb-height:20px;--awb-amount:20px;border-color:var(--awb-color2);border-top-width:1px;\"><\/div><\/div><div class=\"fusion-text fusion-text-114\" style=\"--awb-content-alignment:center;--awb-text-transform:capitalize;--awb-text-color:var(--awb-color4);\"><p>R\u00e9publique Tch\u00e8que<\/p>\n<\/div><\/div><\/li>\n<li class=\"fusion-layout-column fusion_builder_column fusion-builder-column-116 fusion-flex-column fusion-animated post-card fusion-grid-column fusion-post-cards-grid-column fusion-animated\" style=\"--awb-padding-bottom:5px;--awb-overflow:hidden;--awb-bg-color:var(--awb-color1);--awb-bg-color-hover:var(--awb-custom_color_2);--awb-bg-size:cover;--awb-box-shadow:0px 0px 24px hsla(var(--awb-color7-h),var(--awb-color7-s),var(--awb-color7-l),calc(var(--awb-color7-a) - 40%));;--awb-border-color:var(--awb-color4);--awb-border-color-hover:var(--awb-color7);--awb-border-top:1px;--awb-border-right:1px;--awb-border-bottom:1px;--awb-border-left:1px;--awb-border-style:solid;--awb-border-radius:6px 6px 6px 6px;--awb-flex-grow:0;--awb-flex-shrink:0;--awb-flex-grow-medium:0;--awb-flex-shrink-medium:0;--awb-flex-grow-small:0;--awb-flex-shrink-small:0;\" data-animationType=\"fadeIn\" data-animationDuration=\"1.3\" data-animationOffset=\"top-into-view\"><div class=\"fusion-column-wrapper fusion-column-has-shadow fusion-flex-justify-content-flex-start fusion-content-layout-column\"><div class=\"fusion-image-element \" style=\"--awb-aspect-ratio:16 \/ 9;--awb-margin-bottom:10px;--awb-caption-title-font-family:var(--h2_typography-font-family);--awb-caption-title-font-weight:var(--h2_typography-font-weight);--awb-caption-title-font-style:var(--h2_typography-font-style);--awb-caption-title-size:var(--h2_typography-font-size);--awb-caption-title-transform:var(--h2_typography-text-transform);--awb-caption-title-line-height:var(--h2_typography-line-height);--awb-caption-title-letter-spacing:var(--h2_typography-letter-spacing);\"><span class=\" fusion-imageframe imageframe-none imageframe-114 hover-type-none has-aspect-ratio\"><a class=\"fusion-no-lightbox\" href=\"https:\/\/www.choral-events.com\/es\/chorales\/choeur-omnia\/\" target=\"_self\"><img decoding=\"async\" src=\"https:\/\/www.choral-events.eskale.fr\/wp-content\/uploads\/2026\/02\/Chorales-2022.jpg\" class=\"img-responsive img-with-aspect-ratio\" data-parent-fit=\"cover\" data-parent-container=\".fusion-image-element\" alt \/><\/a><\/span><\/div><div class=\"fusion-title title fusion-title-116 fusion-sep-none fusion-title-center fusion-title-text fusion-title-size-paragraph\" style=\"--awb-text-color:var(--awb-color7);--awb-margin-top:10px;--awb-margin-right:5px;--awb-margin-bottom:10px;--awb-margin-left:5px;--awb-margin-top-small:16px;--awb-margin-right-small:0px;--awb-margin-bottom-small:10px;--awb-margin-left-small:0px;--awb-link-color:var(--awb-color7);--awb-font-size:16px;\"><p class=\"fusion-title-heading title-heading-center title-heading-tag fusion-responsive-typography-calculated\" style=\"margin:0;font-size:1em;--fontSize:16;--minFontSize:16;line-height:1.6;\"><a href=\"https:\/\/www.choral-events.com\/es\/chorales\/choeur-omnia\/\" class=\"awb-custom-text-color awb-custom-text-hover-color\" target=\"_self\">Ch\u0153ur Omnia<\/a><\/p><\/div><div class=\"fusion-separator\" style=\"align-self: center;margin-left: auto;margin-right: auto;flex-grow:10;margin-top:5px;margin-bottom:10px;width:100%;max-width:70px;\"><div class=\"fusion-separator-border sep-single sep-solid\" style=\"--awb-height:20px;--awb-amount:20px;border-color:var(--awb-color2);border-top-width:1px;\"><\/div><\/div><div class=\"fusion-text fusion-text-115\" style=\"--awb-content-alignment:center;--awb-text-transform:capitalize;--awb-text-color:var(--awb-color4);\"><p>Slovaquie<\/p>\n<\/div><\/div><\/li>\n<li class=\"fusion-layout-column fusion_builder_column fusion-builder-column-117 fusion-flex-column fusion-animated post-card fusion-grid-column fusion-post-cards-grid-column fusion-animated\" style=\"--awb-padding-bottom:5px;--awb-overflow:hidden;--awb-bg-color:var(--awb-color1);--awb-bg-color-hover:var(--awb-custom_color_2);--awb-bg-size:cover;--awb-box-shadow:0px 0px 24px hsla(var(--awb-color7-h),var(--awb-color7-s),var(--awb-color7-l),calc(var(--awb-color7-a) - 40%));;--awb-border-color:var(--awb-color4);--awb-border-color-hover:var(--awb-color7);--awb-border-top:1px;--awb-border-right:1px;--awb-border-bottom:1px;--awb-border-left:1px;--awb-border-style:solid;--awb-border-radius:6px 6px 6px 6px;--awb-flex-grow:0;--awb-flex-shrink:0;--awb-flex-grow-medium:0;--awb-flex-shrink-medium:0;--awb-flex-grow-small:0;--awb-flex-shrink-small:0;\" data-animationType=\"fadeIn\" data-animationDuration=\"1.3\" data-animationOffset=\"top-into-view\"><div class=\"fusion-column-wrapper fusion-column-has-shadow fusion-flex-justify-content-flex-start fusion-content-layout-column\"><div class=\"fusion-image-element \" style=\"--awb-aspect-ratio:16 \/ 9;--awb-margin-bottom:10px;--awb-caption-title-font-family:var(--h2_typography-font-family);--awb-caption-title-font-weight:var(--h2_typography-font-weight);--awb-caption-title-font-style:var(--h2_typography-font-style);--awb-caption-title-size:var(--h2_typography-font-size);--awb-caption-title-transform:var(--h2_typography-text-transform);--awb-caption-title-line-height:var(--h2_typography-line-height);--awb-caption-title-letter-spacing:var(--h2_typography-letter-spacing);\"><span class=\" fusion-imageframe imageframe-none imageframe-115 hover-type-none has-aspect-ratio\"><a class=\"fusion-no-lightbox\" href=\"https:\/\/www.choral-events.com\/es\/chorales\/choeur-philharmonique-de-cherkasy\/\" target=\"_self\" aria-label=\"Cherkasy-Ucrania-foto-sitio-web-1\"><img decoding=\"async\" width=\"550\" height=\"350\" src=\"https:\/\/www.choral-events.com\/wp-content\/uploads\/2026\/03\/Cherkasy-Ukraine-photo-site-web-1.png\" class=\"img-responsive wp-image-51828 img-with-aspect-ratio\" data-parent-fit=\"cover\" data-parent-container=\".fusion-image-element\" alt srcset=\"https:\/\/www.choral-events.com\/wp-content\/uploads\/2026\/03\/Cherkasy-Ukraine-photo-site-web-1-200x127.png 200w, https:\/\/www.choral-events.com\/wp-content\/uploads\/2026\/03\/Cherkasy-Ukraine-photo-site-web-1-400x255.png 400w, https:\/\/www.choral-events.com\/wp-content\/uploads\/2026\/03\/Cherkasy-Ukraine-photo-site-web-1.png 550w\" sizes=\"(max-width: 1024px) 100vw, (max-width: 640px) 100vw, 550px\" \/><\/a><\/span><\/div><div class=\"fusion-title title fusion-title-117 fusion-sep-none fusion-title-center fusion-title-text fusion-title-size-paragraph\" style=\"--awb-text-color:var(--awb-color7);--awb-margin-top:10px;--awb-margin-right:5px;--awb-margin-bottom:10px;--awb-margin-left:5px;--awb-margin-top-small:16px;--awb-margin-right-small:0px;--awb-margin-bottom-small:10px;--awb-margin-left-small:0px;--awb-link-color:var(--awb-color7);--awb-font-size:16px;\"><p class=\"fusion-title-heading title-heading-center title-heading-tag fusion-responsive-typography-calculated\" style=\"margin:0;font-size:1em;--fontSize:16;--minFontSize:16;line-height:1.6;\"><a href=\"https:\/\/www.choral-events.com\/es\/chorales\/choeur-philharmonique-de-cherkasy\/\" class=\"awb-custom-text-color awb-custom-text-hover-color\" target=\"_self\">Ch\u0153ur Philharmonique de Cherkasy<\/a><\/p><\/div><div class=\"fusion-separator\" style=\"align-self: center;margin-left: auto;margin-right: auto;flex-grow:10;margin-top:5px;margin-bottom:10px;width:100%;max-width:70px;\"><div class=\"fusion-separator-border sep-single sep-solid\" style=\"--awb-height:20px;--awb-amount:20px;border-color:var(--awb-color2);border-top-width:1px;\"><\/div><\/div><div class=\"fusion-text fusion-text-116\" style=\"--awb-content-alignment:center;--awb-text-transform:capitalize;--awb-text-color:var(--awb-color4);\"><p>Ukraine<\/p>\n<\/div><\/div><\/li>\n<li class=\"fusion-layout-column fusion_builder_column fusion-builder-column-118 fusion-flex-column fusion-animated post-card fusion-grid-column fusion-post-cards-grid-column fusion-animated\" style=\"--awb-padding-bottom:5px;--awb-overflow:hidden;--awb-bg-color:var(--awb-color1);--awb-bg-color-hover:var(--awb-custom_color_2);--awb-bg-size:cover;--awb-box-shadow:0px 0px 24px hsla(var(--awb-color7-h),var(--awb-color7-s),var(--awb-color7-l),calc(var(--awb-color7-a) - 40%));;--awb-border-color:var(--awb-color4);--awb-border-color-hover:var(--awb-color7);--awb-border-top:1px;--awb-border-right:1px;--awb-border-bottom:1px;--awb-border-left:1px;--awb-border-style:solid;--awb-border-radius:6px 6px 6px 6px;--awb-flex-grow:0;--awb-flex-shrink:0;--awb-flex-grow-medium:0;--awb-flex-shrink-medium:0;--awb-flex-grow-small:0;--awb-flex-shrink-small:0;\" data-animationType=\"fadeIn\" data-animationDuration=\"1.3\" data-animationOffset=\"top-into-view\"><div class=\"fusion-column-wrapper fusion-column-has-shadow fusion-flex-justify-content-flex-start fusion-content-layout-column\"><div class=\"fusion-image-element \" style=\"--awb-aspect-ratio:16 \/ 9;--awb-margin-bottom:10px;--awb-caption-title-font-family:var(--h2_typography-font-family);--awb-caption-title-font-weight:var(--h2_typography-font-weight);--awb-caption-title-font-style:var(--h2_typography-font-style);--awb-caption-title-size:var(--h2_typography-font-size);--awb-caption-title-transform:var(--h2_typography-text-transform);--awb-caption-title-line-height:var(--h2_typography-line-height);--awb-caption-title-letter-spacing:var(--h2_typography-letter-spacing);\"><span class=\" fusion-imageframe imageframe-none imageframe-116 hover-type-none has-aspect-ratio\"><a class=\"fusion-no-lightbox\" href=\"https:\/\/www.choral-events.com\/es\/chorales\/choeur-psm-ui-paragita\/\" target=\"_self\" aria-label=\"Paragita-Indonesia-Francia-foto-p\u00e1gina-web-\"><img decoding=\"async\" width=\"550\" height=\"350\" src=\"https:\/\/www.choral-events.com\/wp-content\/uploads\/2026\/03\/Paragita-Indonesie-France-photo-page-web-.png\" class=\"img-responsive wp-image-51832 img-with-aspect-ratio\" data-parent-fit=\"cover\" data-parent-container=\".fusion-image-element\" alt srcset=\"https:\/\/www.choral-events.com\/wp-content\/uploads\/2026\/03\/Paragita-Indonesie-France-photo-page-web--200x127.png 200w, https:\/\/www.choral-events.com\/wp-content\/uploads\/2026\/03\/Paragita-Indonesie-France-photo-page-web--400x255.png 400w, https:\/\/www.choral-events.com\/wp-content\/uploads\/2026\/03\/Paragita-Indonesie-France-photo-page-web-.png 550w\" sizes=\"(max-width: 1024px) 100vw, (max-width: 640px) 100vw, 550px\" \/><\/a><\/span><\/div><div class=\"fusion-title title fusion-title-118 fusion-sep-none fusion-title-center fusion-title-text fusion-title-size-paragraph\" style=\"--awb-text-color:var(--awb-color7);--awb-margin-top:10px;--awb-margin-right:5px;--awb-margin-bottom:10px;--awb-margin-left:5px;--awb-margin-top-small:16px;--awb-margin-right-small:0px;--awb-margin-bottom-small:10px;--awb-margin-left-small:0px;--awb-link-color:var(--awb-color7);--awb-font-size:16px;\"><p class=\"fusion-title-heading title-heading-center title-heading-tag fusion-responsive-typography-calculated\" style=\"margin:0;font-size:1em;--fontSize:16;--minFontSize:16;line-height:1.6;\"><a href=\"https:\/\/www.choral-events.com\/es\/chorales\/choeur-psm-ui-paragita\/\" class=\"awb-custom-text-color awb-custom-text-hover-color\" target=\"_self\">Choeur PSM UI Paragita<\/a><\/p><\/div><div class=\"fusion-separator\" style=\"align-self: center;margin-left: auto;margin-right: auto;flex-grow:10;margin-top:5px;margin-bottom:10px;width:100%;max-width:70px;\"><div class=\"fusion-separator-border sep-single sep-solid\" style=\"--awb-height:20px;--awb-amount:20px;border-color:var(--awb-color2);border-top-width:1px;\"><\/div><\/div><div class=\"fusion-text fusion-text-117\" style=\"--awb-content-alignment:center;--awb-text-transform:capitalize;--awb-text-color:var(--awb-color4);\"><p>Indon\u00e9sie<\/p>\n<\/div><\/div><\/li>\n<li class=\"fusion-layout-column fusion_builder_column fusion-builder-column-119 fusion-flex-column fusion-animated post-card fusion-grid-column fusion-post-cards-grid-column fusion-animated\" style=\"--awb-padding-bottom:5px;--awb-overflow:hidden;--awb-bg-color:var(--awb-color1);--awb-bg-color-hover:var(--awb-custom_color_2);--awb-bg-size:cover;--awb-box-shadow:0px 0px 24px hsla(var(--awb-color7-h),var(--awb-color7-s),var(--awb-color7-l),calc(var(--awb-color7-a) - 40%));;--awb-border-color:var(--awb-color4);--awb-border-color-hover:var(--awb-color7);--awb-border-top:1px;--awb-border-right:1px;--awb-border-bottom:1px;--awb-border-left:1px;--awb-border-style:solid;--awb-border-radius:6px 6px 6px 6px;--awb-flex-grow:0;--awb-flex-shrink:0;--awb-flex-grow-medium:0;--awb-flex-shrink-medium:0;--awb-flex-grow-small:0;--awb-flex-shrink-small:0;\" data-animationType=\"fadeIn\" data-animationDuration=\"1.3\" data-animationOffset=\"top-into-view\"><div class=\"fusion-column-wrapper fusion-column-has-shadow fusion-flex-justify-content-flex-start fusion-content-layout-column\"><div class=\"fusion-image-element \" style=\"--awb-aspect-ratio:16 \/ 9;--awb-margin-bottom:10px;--awb-caption-title-font-family:var(--h2_typography-font-family);--awb-caption-title-font-weight:var(--h2_typography-font-weight);--awb-caption-title-font-style:var(--h2_typography-font-style);--awb-caption-title-size:var(--h2_typography-font-size);--awb-caption-title-transform:var(--h2_typography-text-transform);--awb-caption-title-line-height:var(--h2_typography-line-height);--awb-caption-title-letter-spacing:var(--h2_typography-letter-spacing);\"><span class=\" fusion-imageframe imageframe-none imageframe-117 hover-type-none has-aspect-ratio\"><a class=\"fusion-no-lightbox\" href=\"https:\/\/www.choral-events.com\/es\/chorales\/choeur-resonans-con-tutti\/\" target=\"_self\"><img decoding=\"async\" src=\"https:\/\/www.choral-events.eskale.fr\/wp-content\/uploads\/2026\/02\/Chorales-2022.jpg\" class=\"img-responsive img-with-aspect-ratio\" data-parent-fit=\"cover\" data-parent-container=\".fusion-image-element\" alt \/><\/a><\/span><\/div><div class=\"fusion-title title fusion-title-119 fusion-sep-none fusion-title-center fusion-title-text fusion-title-size-paragraph\" style=\"--awb-text-color:var(--awb-color7);--awb-margin-top:10px;--awb-margin-right:5px;--awb-margin-bottom:10px;--awb-margin-left:5px;--awb-margin-top-small:16px;--awb-margin-right-small:0px;--awb-margin-bottom-small:10px;--awb-margin-left-small:0px;--awb-link-color:var(--awb-color7);--awb-font-size:16px;\"><p class=\"fusion-title-heading title-heading-center title-heading-tag fusion-responsive-typography-calculated\" style=\"margin:0;font-size:1em;--fontSize:16;--minFontSize:16;line-height:1.6;\"><a href=\"https:\/\/www.choral-events.com\/es\/chorales\/choeur-resonans-con-tutti\/\" class=\"awb-custom-text-color awb-custom-text-hover-color\" target=\"_self\">Choeur Resonans Con Tutti<\/a><\/p><\/div><div class=\"fusion-separator\" style=\"align-self: center;margin-left: auto;margin-right: auto;flex-grow:10;margin-top:5px;margin-bottom:10px;width:100%;max-width:70px;\"><div class=\"fusion-separator-border sep-single sep-solid\" style=\"--awb-height:20px;--awb-amount:20px;border-color:var(--awb-color2);border-top-width:1px;\"><\/div><\/div><div class=\"fusion-text fusion-text-118\" style=\"--awb-content-alignment:center;--awb-text-transform:capitalize;--awb-text-color:var(--awb-color4);\"><p>Pologne<\/p>\n<\/div><\/div><\/li>\n<li class=\"fusion-layout-column fusion_builder_column fusion-builder-column-120 fusion-flex-column fusion-animated post-card fusion-grid-column fusion-post-cards-grid-column fusion-animated\" style=\"--awb-padding-bottom:5px;--awb-overflow:hidden;--awb-bg-color:var(--awb-color1);--awb-bg-color-hover:var(--awb-custom_color_2);--awb-bg-size:cover;--awb-box-shadow:0px 0px 24px hsla(var(--awb-color7-h),var(--awb-color7-s),var(--awb-color7-l),calc(var(--awb-color7-a) - 40%));;--awb-border-color:var(--awb-color4);--awb-border-color-hover:var(--awb-color7);--awb-border-top:1px;--awb-border-right:1px;--awb-border-bottom:1px;--awb-border-left:1px;--awb-border-style:solid;--awb-border-radius:6px 6px 6px 6px;--awb-flex-grow:0;--awb-flex-shrink:0;--awb-flex-grow-medium:0;--awb-flex-shrink-medium:0;--awb-flex-grow-small:0;--awb-flex-shrink-small:0;\" data-animationType=\"fadeIn\" data-animationDuration=\"1.3\" data-animationOffset=\"top-into-view\"><div class=\"fusion-column-wrapper fusion-column-has-shadow fusion-flex-justify-content-flex-start fusion-content-layout-column\"><div class=\"fusion-image-element \" style=\"--awb-aspect-ratio:16 \/ 9;--awb-margin-bottom:10px;--awb-caption-title-font-family:var(--h2_typography-font-family);--awb-caption-title-font-weight:var(--h2_typography-font-weight);--awb-caption-title-font-style:var(--h2_typography-font-style);--awb-caption-title-size:var(--h2_typography-font-size);--awb-caption-title-transform:var(--h2_typography-text-transform);--awb-caption-title-line-height:var(--h2_typography-line-height);--awb-caption-title-letter-spacing:var(--h2_typography-letter-spacing);\"><span class=\" fusion-imageframe imageframe-none imageframe-118 hover-type-none has-aspect-ratio\"><a class=\"fusion-no-lightbox\" href=\"https:\/\/www.choral-events.com\/es\/chorales\/choeur-san-leandro\/\" target=\"_self\"><img decoding=\"async\" src=\"https:\/\/www.choral-events.eskale.fr\/wp-content\/uploads\/2026\/02\/Chorales-2022.jpg\" class=\"img-responsive img-with-aspect-ratio\" data-parent-fit=\"cover\" data-parent-container=\".fusion-image-element\" alt \/><\/a><\/span><\/div><div class=\"fusion-title title fusion-title-120 fusion-sep-none fusion-title-center fusion-title-text fusion-title-size-paragraph\" style=\"--awb-text-color:var(--awb-color7);--awb-margin-top:10px;--awb-margin-right:5px;--awb-margin-bottom:10px;--awb-margin-left:5px;--awb-margin-top-small:16px;--awb-margin-right-small:0px;--awb-margin-bottom-small:10px;--awb-margin-left-small:0px;--awb-link-color:var(--awb-color7);--awb-font-size:16px;\"><p class=\"fusion-title-heading title-heading-center title-heading-tag fusion-responsive-typography-calculated\" style=\"margin:0;font-size:1em;--fontSize:16;--minFontSize:16;line-height:1.6;\"><a href=\"https:\/\/www.choral-events.com\/es\/chorales\/choeur-san-leandro\/\" class=\"awb-custom-text-color awb-custom-text-hover-color\" target=\"_self\">Choeur San Leandro<\/a><\/p><\/div><div class=\"fusion-separator\" style=\"align-self: center;margin-left: auto;margin-right: auto;flex-grow:10;margin-top:5px;margin-bottom:10px;width:100%;max-width:70px;\"><div class=\"fusion-separator-border sep-single sep-solid\" style=\"--awb-height:20px;--awb-amount:20px;border-color:var(--awb-color2);border-top-width:1px;\"><\/div><\/div><div class=\"fusion-text fusion-text-119\" style=\"--awb-content-alignment:center;--awb-text-transform:capitalize;--awb-text-color:var(--awb-color4);\"><p>Italie<\/p>\n<\/div><\/div><\/li>\n<li class=\"fusion-layout-column fusion_builder_column fusion-builder-column-121 fusion-flex-column fusion-animated post-card fusion-grid-column fusion-post-cards-grid-column fusion-animated\" style=\"--awb-padding-bottom:5px;--awb-overflow:hidden;--awb-bg-color:var(--awb-color1);--awb-bg-color-hover:var(--awb-custom_color_2);--awb-bg-size:cover;--awb-box-shadow:0px 0px 24px hsla(var(--awb-color7-h),var(--awb-color7-s),var(--awb-color7-l),calc(var(--awb-color7-a) - 40%));;--awb-border-color:var(--awb-color4);--awb-border-color-hover:var(--awb-color7);--awb-border-top:1px;--awb-border-right:1px;--awb-border-bottom:1px;--awb-border-left:1px;--awb-border-style:solid;--awb-border-radius:6px 6px 6px 6px;--awb-flex-grow:0;--awb-flex-shrink:0;--awb-flex-grow-medium:0;--awb-flex-shrink-medium:0;--awb-flex-grow-small:0;--awb-flex-shrink-small:0;\" data-animationType=\"fadeIn\" data-animationDuration=\"1.3\" data-animationOffset=\"top-into-view\"><div class=\"fusion-column-wrapper fusion-column-has-shadow fusion-flex-justify-content-flex-start fusion-content-layout-column\"><div class=\"fusion-image-element \" style=\"--awb-aspect-ratio:16 \/ 9;--awb-margin-bottom:10px;--awb-caption-title-font-family:var(--h2_typography-font-family);--awb-caption-title-font-weight:var(--h2_typography-font-weight);--awb-caption-title-font-style:var(--h2_typography-font-style);--awb-caption-title-size:var(--h2_typography-font-size);--awb-caption-title-transform:var(--h2_typography-text-transform);--awb-caption-title-line-height:var(--h2_typography-line-height);--awb-caption-title-letter-spacing:var(--h2_typography-letter-spacing);\"><span class=\" fusion-imageframe imageframe-none imageframe-119 hover-type-none has-aspect-ratio\"><a class=\"fusion-no-lightbox\" href=\"https:\/\/www.choral-events.com\/es\/chorales\/choeur-tutti-canti\/\" target=\"_self\" aria-label=\"foto-para-sitio-3\"><img decoding=\"async\" width=\"550\" height=\"350\" src=\"https:\/\/www.choral-events.com\/wp-content\/uploads\/2026\/03\/photo-pour-site-3.jpg\" class=\"img-responsive wp-image-51622 img-with-aspect-ratio\" data-parent-fit=\"cover\" data-parent-container=\".fusion-image-element\" alt srcset=\"https:\/\/www.choral-events.com\/wp-content\/uploads\/2026\/03\/photo-pour-site-3-200x127.jpg 200w, https:\/\/www.choral-events.com\/wp-content\/uploads\/2026\/03\/photo-pour-site-3-400x255.jpg 400w, https:\/\/www.choral-events.com\/wp-content\/uploads\/2026\/03\/photo-pour-site-3.jpg 550w\" sizes=\"(max-width: 1024px) 100vw, (max-width: 640px) 100vw, 550px\" \/><\/a><\/span><\/div><div class=\"fusion-title title fusion-title-121 fusion-sep-none fusion-title-center fusion-title-text fusion-title-size-paragraph\" style=\"--awb-text-color:var(--awb-color7);--awb-margin-top:10px;--awb-margin-right:5px;--awb-margin-bottom:10px;--awb-margin-left:5px;--awb-margin-top-small:16px;--awb-margin-right-small:0px;--awb-margin-bottom-small:10px;--awb-margin-left-small:0px;--awb-link-color:var(--awb-color7);--awb-font-size:16px;\"><p class=\"fusion-title-heading title-heading-center title-heading-tag fusion-responsive-typography-calculated\" style=\"margin:0;font-size:1em;--fontSize:16;--minFontSize:16;line-height:1.6;\"><a href=\"https:\/\/www.choral-events.com\/es\/chorales\/choeur-tutti-canti\/\" class=\"awb-custom-text-color awb-custom-text-hover-color\" target=\"_self\">Ch\u0153ur Tutti Canti<\/a><\/p><\/div><div class=\"fusion-separator\" style=\"align-self: center;margin-left: auto;margin-right: auto;flex-grow:10;margin-top:5px;margin-bottom:10px;width:100%;max-width:70px;\"><div class=\"fusion-separator-border sep-single sep-solid\" style=\"--awb-height:20px;--awb-amount:20px;border-color:var(--awb-color2);border-top-width:1px;\"><\/div><\/div><div class=\"fusion-text fusion-text-120\" style=\"--awb-content-alignment:center;--awb-text-transform:capitalize;--awb-text-color:var(--awb-color4);\"><p>France<\/p>\n<\/div><\/div><\/li>\n<li class=\"fusion-layout-column fusion_builder_column fusion-builder-column-122 fusion-flex-column fusion-animated post-card fusion-grid-column fusion-post-cards-grid-column fusion-animated\" style=\"--awb-padding-bottom:5px;--awb-overflow:hidden;--awb-bg-color:var(--awb-color1);--awb-bg-color-hover:var(--awb-custom_color_2);--awb-bg-size:cover;--awb-box-shadow:0px 0px 24px hsla(var(--awb-color7-h),var(--awb-color7-s),var(--awb-color7-l),calc(var(--awb-color7-a) - 40%));;--awb-border-color:var(--awb-color4);--awb-border-color-hover:var(--awb-color7);--awb-border-top:1px;--awb-border-right:1px;--awb-border-bottom:1px;--awb-border-left:1px;--awb-border-style:solid;--awb-border-radius:6px 6px 6px 6px;--awb-flex-grow:0;--awb-flex-shrink:0;--awb-flex-grow-medium:0;--awb-flex-shrink-medium:0;--awb-flex-grow-small:0;--awb-flex-shrink-small:0;\" data-animationType=\"fadeIn\" data-animationDuration=\"1.3\" data-animationOffset=\"top-into-view\"><div class=\"fusion-column-wrapper fusion-column-has-shadow fusion-flex-justify-content-flex-start fusion-content-layout-column\"><div class=\"fusion-image-element \" style=\"--awb-aspect-ratio:16 \/ 9;--awb-margin-bottom:10px;--awb-caption-title-font-family:var(--h2_typography-font-family);--awb-caption-title-font-weight:var(--h2_typography-font-weight);--awb-caption-title-font-style:var(--h2_typography-font-style);--awb-caption-title-size:var(--h2_typography-font-size);--awb-caption-title-transform:var(--h2_typography-text-transform);--awb-caption-title-line-height:var(--h2_typography-line-height);--awb-caption-title-letter-spacing:var(--h2_typography-letter-spacing);\"><span class=\" fusion-imageframe imageframe-none imageframe-120 hover-type-none has-aspect-ratio\"><a class=\"fusion-no-lightbox\" href=\"https:\/\/www.choral-events.com\/es\/chorales\/choeur-vox-novus\/\" target=\"_self\"><img decoding=\"async\" src=\"https:\/\/www.choral-events.eskale.fr\/wp-content\/uploads\/2026\/02\/Chorales-2022.jpg\" class=\"img-responsive img-with-aspect-ratio\" data-parent-fit=\"cover\" data-parent-container=\".fusion-image-element\" alt \/><\/a><\/span><\/div><div class=\"fusion-title title fusion-title-122 fusion-sep-none fusion-title-center fusion-title-text fusion-title-size-paragraph\" style=\"--awb-text-color:var(--awb-color7);--awb-margin-top:10px;--awb-margin-right:5px;--awb-margin-bottom:10px;--awb-margin-left:5px;--awb-margin-top-small:16px;--awb-margin-right-small:0px;--awb-margin-bottom-small:10px;--awb-margin-left-small:0px;--awb-link-color:var(--awb-color7);--awb-font-size:16px;\"><p class=\"fusion-title-heading title-heading-center title-heading-tag fusion-responsive-typography-calculated\" style=\"margin:0;font-size:1em;--fontSize:16;--minFontSize:16;line-height:1.6;\"><a href=\"https:\/\/www.choral-events.com\/es\/chorales\/choeur-vox-novus\/\" class=\"awb-custom-text-color awb-custom-text-hover-color\" target=\"_self\">Ch\u0153ur Vox Novus<\/a><\/p><\/div><div class=\"fusion-separator\" style=\"align-self: center;margin-left: auto;margin-right: auto;flex-grow:10;margin-top:5px;margin-bottom:10px;width:100%;max-width:70px;\"><div class=\"fusion-separator-border sep-single sep-solid\" style=\"--awb-height:20px;--awb-amount:20px;border-color:var(--awb-color2);border-top-width:1px;\"><\/div><\/div><div class=\"fusion-text fusion-text-121\" style=\"--awb-content-alignment:center;--awb-text-transform:capitalize;--awb-text-color:var(--awb-color4);\"><p>R\u00e9publique Tch\u00e8que<\/p>\n<\/div><\/div><\/li>\n<li class=\"fusion-layout-column fusion_builder_column fusion-builder-column-123 fusion-flex-column fusion-animated post-card fusion-grid-column fusion-post-cards-grid-column fusion-animated\" style=\"--awb-padding-bottom:5px;--awb-overflow:hidden;--awb-bg-color:var(--awb-color1);--awb-bg-color-hover:var(--awb-custom_color_2);--awb-bg-size:cover;--awb-box-shadow:0px 0px 24px hsla(var(--awb-color7-h),var(--awb-color7-s),var(--awb-color7-l),calc(var(--awb-color7-a) - 40%));;--awb-border-color:var(--awb-color4);--awb-border-color-hover:var(--awb-color7);--awb-border-top:1px;--awb-border-right:1px;--awb-border-bottom:1px;--awb-border-left:1px;--awb-border-style:solid;--awb-border-radius:6px 6px 6px 6px;--awb-flex-grow:0;--awb-flex-shrink:0;--awb-flex-grow-medium:0;--awb-flex-shrink-medium:0;--awb-flex-grow-small:0;--awb-flex-shrink-small:0;\" data-animationType=\"fadeIn\" data-animationDuration=\"1.3\" data-animationOffset=\"top-into-view\"><div class=\"fusion-column-wrapper fusion-column-has-shadow fusion-flex-justify-content-flex-start fusion-content-layout-column\"><div class=\"fusion-image-element \" style=\"--awb-aspect-ratio:16 \/ 9;--awb-margin-bottom:10px;--awb-caption-title-font-family:var(--h2_typography-font-family);--awb-caption-title-font-weight:var(--h2_typography-font-weight);--awb-caption-title-font-style:var(--h2_typography-font-style);--awb-caption-title-size:var(--h2_typography-font-size);--awb-caption-title-transform:var(--h2_typography-text-transform);--awb-caption-title-line-height:var(--h2_typography-line-height);--awb-caption-title-letter-spacing:var(--h2_typography-letter-spacing);\"><span class=\" fusion-imageframe imageframe-none imageframe-121 hover-type-none has-aspect-ratio\"><a class=\"fusion-no-lightbox\" href=\"https:\/\/www.choral-events.com\/es\/chorales\/choir-artos\/\" target=\"_self\" aria-label=\"teaserbox_50340629-550&#215;350\"><img decoding=\"async\" width=\"550\" height=\"350\" src=\"https:\/\/www.choral-events.com\/wp-content\/uploads\/2026\/03\/teaserbox_50340629-550x350-1.jpg\" class=\"img-responsive wp-image-51627 img-with-aspect-ratio\" data-parent-fit=\"cover\" data-parent-container=\".fusion-image-element\" alt srcset=\"https:\/\/www.choral-events.com\/wp-content\/uploads\/2026\/03\/teaserbox_50340629-550x350-1-200x127.jpg 200w, https:\/\/www.choral-events.com\/wp-content\/uploads\/2026\/03\/teaserbox_50340629-550x350-1-400x255.jpg 400w, https:\/\/www.choral-events.com\/wp-content\/uploads\/2026\/03\/teaserbox_50340629-550x350-1.jpg 550w\" sizes=\"(max-width: 1024px) 100vw, (max-width: 640px) 100vw, 550px\" \/><\/a><\/span><\/div><div class=\"fusion-title title fusion-title-123 fusion-sep-none fusion-title-center fusion-title-text fusion-title-size-paragraph\" style=\"--awb-text-color:var(--awb-color7);--awb-margin-top:10px;--awb-margin-right:5px;--awb-margin-bottom:10px;--awb-margin-left:5px;--awb-margin-top-small:16px;--awb-margin-right-small:0px;--awb-margin-bottom-small:10px;--awb-margin-left-small:0px;--awb-link-color:var(--awb-color7);--awb-font-size:16px;\"><p class=\"fusion-title-heading title-heading-center title-heading-tag fusion-responsive-typography-calculated\" style=\"margin:0;font-size:1em;--fontSize:16;--minFontSize:16;line-height:1.6;\"><a href=\"https:\/\/www.choral-events.com\/es\/chorales\/choir-artos\/\" class=\"awb-custom-text-color awb-custom-text-hover-color\" target=\"_self\">Choir Artos<\/a><\/p><\/div><div class=\"fusion-separator\" style=\"align-self: center;margin-left: auto;margin-right: auto;flex-grow:10;margin-top:5px;margin-bottom:10px;width:100%;max-width:70px;\"><div class=\"fusion-separator-border sep-single sep-solid\" style=\"--awb-height:20px;--awb-amount:20px;border-color:var(--awb-color2);border-top-width:1px;\"><\/div><\/div><div class=\"fusion-text fusion-text-122\" style=\"--awb-content-alignment:center;--awb-text-transform:capitalize;--awb-text-color:var(--awb-color4);\"><p>Ukraine<\/p>\n<\/div><\/div><\/li>\n<li class=\"fusion-layout-column fusion_builder_column fusion-builder-column-124 fusion-flex-column fusion-animated post-card fusion-grid-column fusion-post-cards-grid-column fusion-animated\" style=\"--awb-padding-bottom:5px;--awb-overflow:hidden;--awb-bg-color:var(--awb-color1);--awb-bg-color-hover:var(--awb-custom_color_2);--awb-bg-size:cover;--awb-box-shadow:0px 0px 24px hsla(var(--awb-color7-h),var(--awb-color7-s),var(--awb-color7-l),calc(var(--awb-color7-a) - 40%));;--awb-border-color:var(--awb-color4);--awb-border-color-hover:var(--awb-color7);--awb-border-top:1px;--awb-border-right:1px;--awb-border-bottom:1px;--awb-border-left:1px;--awb-border-style:solid;--awb-border-radius:6px 6px 6px 6px;--awb-flex-grow:0;--awb-flex-shrink:0;--awb-flex-grow-medium:0;--awb-flex-shrink-medium:0;--awb-flex-grow-small:0;--awb-flex-shrink-small:0;\" data-animationType=\"fadeIn\" data-animationDuration=\"1.3\" data-animationOffset=\"top-into-view\"><div class=\"fusion-column-wrapper fusion-column-has-shadow fusion-flex-justify-content-flex-start fusion-content-layout-column\"><div class=\"fusion-image-element \" style=\"--awb-aspect-ratio:16 \/ 9;--awb-margin-bottom:10px;--awb-caption-title-font-family:var(--h2_typography-font-family);--awb-caption-title-font-weight:var(--h2_typography-font-weight);--awb-caption-title-font-style:var(--h2_typography-font-style);--awb-caption-title-size:var(--h2_typography-font-size);--awb-caption-title-transform:var(--h2_typography-text-transform);--awb-caption-title-line-height:var(--h2_typography-line-height);--awb-caption-title-letter-spacing:var(--h2_typography-letter-spacing);\"><span class=\" fusion-imageframe imageframe-none imageframe-122 hover-type-none has-aspect-ratio\"><a class=\"fusion-no-lightbox\" href=\"https:\/\/www.choral-events.com\/es\/chorales\/choir-van-goh\/\" target=\"_self\" aria-label=\"foto-3\"><img decoding=\"async\" width=\"550\" height=\"350\" src=\"https:\/\/www.choral-events.com\/wp-content\/uploads\/2026\/03\/photo-3.jpg\" class=\"img-responsive wp-image-51631 img-with-aspect-ratio\" data-parent-fit=\"cover\" data-parent-container=\".fusion-image-element\" alt srcset=\"https:\/\/www.choral-events.com\/wp-content\/uploads\/2026\/03\/photo-3-200x127.jpg 200w, https:\/\/www.choral-events.com\/wp-content\/uploads\/2026\/03\/photo-3-400x255.jpg 400w, https:\/\/www.choral-events.com\/wp-content\/uploads\/2026\/03\/photo-3.jpg 550w\" sizes=\"(max-width: 1024px) 100vw, (max-width: 640px) 100vw, 550px\" \/><\/a><\/span><\/div><div class=\"fusion-title title fusion-title-124 fusion-sep-none fusion-title-center fusion-title-text fusion-title-size-paragraph\" style=\"--awb-text-color:var(--awb-color7);--awb-margin-top:10px;--awb-margin-right:5px;--awb-margin-bottom:10px;--awb-margin-left:5px;--awb-margin-top-small:16px;--awb-margin-right-small:0px;--awb-margin-bottom-small:10px;--awb-margin-left-small:0px;--awb-link-color:var(--awb-color7);--awb-font-size:16px;\"><p class=\"fusion-title-heading title-heading-center title-heading-tag fusion-responsive-typography-calculated\" style=\"margin:0;font-size:1em;--fontSize:16;--minFontSize:16;line-height:1.6;\"><a href=\"https:\/\/www.choral-events.com\/es\/chorales\/choir-van-goh\/\" class=\"awb-custom-text-color awb-custom-text-hover-color\" target=\"_self\">Choir Van Goh<\/a><\/p><\/div><div class=\"fusion-separator\" style=\"align-self: center;margin-left: auto;margin-right: auto;flex-grow:10;margin-top:5px;margin-bottom:10px;width:100%;max-width:70px;\"><div class=\"fusion-separator-border sep-single sep-solid\" style=\"--awb-height:20px;--awb-amount:20px;border-color:var(--awb-color2);border-top-width:1px;\"><\/div><\/div><div class=\"fusion-text fusion-text-123\" style=\"--awb-content-alignment:center;--awb-text-transform:capitalize;--awb-text-color:var(--awb-color4);\"><p>R\u00e9publique Tch\u00e8que<\/p>\n<\/div><\/div><\/li>\n<li class=\"fusion-layout-column fusion_builder_column fusion-builder-column-125 fusion-flex-column fusion-animated post-card fusion-grid-column fusion-post-cards-grid-column fusion-animated\" style=\"--awb-padding-bottom:5px;--awb-overflow:hidden;--awb-bg-color:var(--awb-color1);--awb-bg-color-hover:var(--awb-custom_color_2);--awb-bg-size:cover;--awb-box-shadow:0px 0px 24px hsla(var(--awb-color7-h),var(--awb-color7-s),var(--awb-color7-l),calc(var(--awb-color7-a) - 40%));;--awb-border-color:var(--awb-color4);--awb-border-color-hover:var(--awb-color7);--awb-border-top:1px;--awb-border-right:1px;--awb-border-bottom:1px;--awb-border-left:1px;--awb-border-style:solid;--awb-border-radius:6px 6px 6px 6px;--awb-flex-grow:0;--awb-flex-shrink:0;--awb-flex-grow-medium:0;--awb-flex-shrink-medium:0;--awb-flex-grow-small:0;--awb-flex-shrink-small:0;\" data-animationType=\"fadeIn\" data-animationDuration=\"1.3\" data-animationOffset=\"top-into-view\"><div class=\"fusion-column-wrapper fusion-column-has-shadow fusion-flex-justify-content-flex-start fusion-content-layout-column\"><div class=\"fusion-image-element \" style=\"--awb-aspect-ratio:16 \/ 9;--awb-margin-bottom:10px;--awb-caption-title-font-family:var(--h2_typography-font-family);--awb-caption-title-font-weight:var(--h2_typography-font-weight);--awb-caption-title-font-style:var(--h2_typography-font-style);--awb-caption-title-size:var(--h2_typography-font-size);--awb-caption-title-transform:var(--h2_typography-text-transform);--awb-caption-title-line-height:var(--h2_typography-line-height);--awb-caption-title-letter-spacing:var(--h2_typography-letter-spacing);\"><span class=\" fusion-imageframe imageframe-none imageframe-123 hover-type-none has-aspect-ratio\"><a class=\"fusion-no-lightbox\" href=\"https:\/\/www.choral-events.com\/es\/chorales\/chorale-chanlibre\/\" target=\"_self\" aria-label=\"Chant-libre-foto-p\u00e1gina-web-\"><img decoding=\"async\" width=\"550\" height=\"350\" src=\"https:\/\/www.choral-events.com\/wp-content\/uploads\/2026\/03\/Chant-libre-photo-page-web-.png\" class=\"img-responsive wp-image-51836 img-with-aspect-ratio\" data-parent-fit=\"cover\" data-parent-container=\".fusion-image-element\" alt srcset=\"https:\/\/www.choral-events.com\/wp-content\/uploads\/2026\/03\/Chant-libre-photo-page-web--200x127.png 200w, https:\/\/www.choral-events.com\/wp-content\/uploads\/2026\/03\/Chant-libre-photo-page-web--400x255.png 400w, https:\/\/www.choral-events.com\/wp-content\/uploads\/2026\/03\/Chant-libre-photo-page-web-.png 550w\" sizes=\"(max-width: 1024px) 100vw, (max-width: 640px) 100vw, 550px\" \/><\/a><\/span><\/div><div class=\"fusion-title title fusion-title-125 fusion-sep-none fusion-title-center fusion-title-text fusion-title-size-paragraph\" style=\"--awb-text-color:var(--awb-color7);--awb-margin-top:10px;--awb-margin-right:5px;--awb-margin-bottom:10px;--awb-margin-left:5px;--awb-margin-top-small:16px;--awb-margin-right-small:0px;--awb-margin-bottom-small:10px;--awb-margin-left-small:0px;--awb-link-color:var(--awb-color7);--awb-font-size:16px;\"><p class=\"fusion-title-heading title-heading-center title-heading-tag fusion-responsive-typography-calculated\" style=\"margin:0;font-size:1em;--fontSize:16;--minFontSize:16;line-height:1.6;\"><a href=\"https:\/\/www.choral-events.com\/es\/chorales\/chorale-chanlibre\/\" class=\"awb-custom-text-color awb-custom-text-hover-color\" target=\"_self\">Chorale Chanlibre<\/a><\/p><\/div><div class=\"fusion-separator\" style=\"align-self: center;margin-left: auto;margin-right: auto;flex-grow:10;margin-top:5px;margin-bottom:10px;width:100%;max-width:70px;\"><div class=\"fusion-separator-border sep-single sep-solid\" style=\"--awb-height:20px;--awb-amount:20px;border-color:var(--awb-color2);border-top-width:1px;\"><\/div><\/div><div class=\"fusion-text fusion-text-124\" style=\"--awb-content-alignment:center;--awb-text-transform:capitalize;--awb-text-color:var(--awb-color4);\"><p>France<\/p>\n<\/div><\/div><\/li>\n<li class=\"fusion-layout-column fusion_builder_column fusion-builder-column-126 fusion-flex-column fusion-animated post-card fusion-grid-column fusion-post-cards-grid-column fusion-animated\" style=\"--awb-padding-bottom:5px;--awb-overflow:hidden;--awb-bg-color:var(--awb-color1);--awb-bg-color-hover:var(--awb-custom_color_2);--awb-bg-size:cover;--awb-box-shadow:0px 0px 24px hsla(var(--awb-color7-h),var(--awb-color7-s),var(--awb-color7-l),calc(var(--awb-color7-a) - 40%));;--awb-border-color:var(--awb-color4);--awb-border-color-hover:var(--awb-color7);--awb-border-top:1px;--awb-border-right:1px;--awb-border-bottom:1px;--awb-border-left:1px;--awb-border-style:solid;--awb-border-radius:6px 6px 6px 6px;--awb-flex-grow:0;--awb-flex-shrink:0;--awb-flex-grow-medium:0;--awb-flex-shrink-medium:0;--awb-flex-grow-small:0;--awb-flex-shrink-small:0;\" data-animationType=\"fadeIn\" data-animationDuration=\"1.3\" data-animationOffset=\"top-into-view\"><div class=\"fusion-column-wrapper fusion-column-has-shadow fusion-flex-justify-content-flex-start fusion-content-layout-column\"><div class=\"fusion-image-element \" style=\"--awb-aspect-ratio:16 \/ 9;--awb-margin-bottom:10px;--awb-caption-title-font-family:var(--h2_typography-font-family);--awb-caption-title-font-weight:var(--h2_typography-font-weight);--awb-caption-title-font-style:var(--h2_typography-font-style);--awb-caption-title-size:var(--h2_typography-font-size);--awb-caption-title-transform:var(--h2_typography-text-transform);--awb-caption-title-line-height:var(--h2_typography-line-height);--awb-caption-title-letter-spacing:var(--h2_typography-letter-spacing);\"><span class=\" fusion-imageframe imageframe-none imageframe-124 hover-type-none has-aspect-ratio\"><a class=\"fusion-no-lightbox\" href=\"https:\/\/www.choral-events.com\/es\/chorales\/chorale-chantarelle-du-college-laval\/\" target=\"_self\"><img decoding=\"async\" src=\"https:\/\/www.choral-events.eskale.fr\/wp-content\/uploads\/2026\/02\/Chorales-2022.jpg\" class=\"img-responsive img-with-aspect-ratio\" data-parent-fit=\"cover\" data-parent-container=\".fusion-image-element\" alt \/><\/a><\/span><\/div><div class=\"fusion-title title fusion-title-126 fusion-sep-none fusion-title-center fusion-title-text fusion-title-size-paragraph\" style=\"--awb-text-color:var(--awb-color7);--awb-margin-top:10px;--awb-margin-right:5px;--awb-margin-bottom:10px;--awb-margin-left:5px;--awb-margin-top-small:16px;--awb-margin-right-small:0px;--awb-margin-bottom-small:10px;--awb-margin-left-small:0px;--awb-link-color:var(--awb-color7);--awb-font-size:16px;\"><p class=\"fusion-title-heading title-heading-center title-heading-tag fusion-responsive-typography-calculated\" style=\"margin:0;font-size:1em;--fontSize:16;--minFontSize:16;line-height:1.6;\"><a href=\"https:\/\/www.choral-events.com\/es\/chorales\/chorale-chantarelle-du-college-laval\/\" class=\"awb-custom-text-color awb-custom-text-hover-color\" target=\"_self\">Chorale Chantarelle du Coll\u00e8ge Laval<\/a><\/p><\/div><div class=\"fusion-separator\" style=\"align-self: center;margin-left: auto;margin-right: auto;flex-grow:10;margin-top:5px;margin-bottom:10px;width:100%;max-width:70px;\"><div class=\"fusion-separator-border sep-single sep-solid\" style=\"--awb-height:20px;--awb-amount:20px;border-color:var(--awb-color2);border-top-width:1px;\"><\/div><\/div><div class=\"fusion-text fusion-text-125\" style=\"--awb-content-alignment:center;--awb-text-transform:capitalize;--awb-text-color:var(--awb-color4);\"><p>Qu\u00e9bec<\/p>\n<\/div><\/div><\/li>\n<li class=\"fusion-layout-column fusion_builder_column fusion-builder-column-127 fusion-flex-column fusion-animated post-card fusion-grid-column fusion-post-cards-grid-column fusion-animated\" style=\"--awb-padding-bottom:5px;--awb-overflow:hidden;--awb-bg-color:var(--awb-color1);--awb-bg-color-hover:var(--awb-custom_color_2);--awb-bg-size:cover;--awb-box-shadow:0px 0px 24px hsla(var(--awb-color7-h),var(--awb-color7-s),var(--awb-color7-l),calc(var(--awb-color7-a) - 40%));;--awb-border-color:var(--awb-color4);--awb-border-color-hover:var(--awb-color7);--awb-border-top:1px;--awb-border-right:1px;--awb-border-bottom:1px;--awb-border-left:1px;--awb-border-style:solid;--awb-border-radius:6px 6px 6px 6px;--awb-flex-grow:0;--awb-flex-shrink:0;--awb-flex-grow-medium:0;--awb-flex-shrink-medium:0;--awb-flex-grow-small:0;--awb-flex-shrink-small:0;\" data-animationType=\"fadeIn\" data-animationDuration=\"1.3\" data-animationOffset=\"top-into-view\"><div class=\"fusion-column-wrapper fusion-column-has-shadow fusion-flex-justify-content-flex-start fusion-content-layout-column\"><div class=\"fusion-image-element \" style=\"--awb-aspect-ratio:16 \/ 9;--awb-margin-bottom:10px;--awb-caption-title-font-family:var(--h2_typography-font-family);--awb-caption-title-font-weight:var(--h2_typography-font-weight);--awb-caption-title-font-style:var(--h2_typography-font-style);--awb-caption-title-size:var(--h2_typography-font-size);--awb-caption-title-transform:var(--h2_typography-text-transform);--awb-caption-title-line-height:var(--h2_typography-line-height);--awb-caption-title-letter-spacing:var(--h2_typography-letter-spacing);\"><span class=\" fusion-imageframe imageframe-none imageframe-125 hover-type-none has-aspect-ratio\"><a class=\"fusion-no-lightbox\" href=\"https:\/\/www.choral-events.com\/es\/chorales\/chorale-dauphinelle\/\" target=\"_self\" aria-label=\"Dauphinelle-foto-sitio-web-2\"><img decoding=\"async\" width=\"550\" height=\"350\" src=\"https:\/\/www.choral-events.com\/wp-content\/uploads\/2026\/03\/Dauphinelle-photo-site-web-2.png\" class=\"img-responsive wp-image-51840 img-with-aspect-ratio\" data-parent-fit=\"cover\" data-parent-container=\".fusion-image-element\" alt srcset=\"https:\/\/www.choral-events.com\/wp-content\/uploads\/2026\/03\/Dauphinelle-photo-site-web-2-200x127.png 200w, https:\/\/www.choral-events.com\/wp-content\/uploads\/2026\/03\/Dauphinelle-photo-site-web-2-400x255.png 400w, https:\/\/www.choral-events.com\/wp-content\/uploads\/2026\/03\/Dauphinelle-photo-site-web-2.png 550w\" sizes=\"(max-width: 1024px) 100vw, (max-width: 640px) 100vw, 550px\" \/><\/a><\/span><\/div><div class=\"fusion-title title fusion-title-127 fusion-sep-none fusion-title-center fusion-title-text fusion-title-size-paragraph\" style=\"--awb-text-color:var(--awb-color7);--awb-margin-top:10px;--awb-margin-right:5px;--awb-margin-bottom:10px;--awb-margin-left:5px;--awb-margin-top-small:16px;--awb-margin-right-small:0px;--awb-margin-bottom-small:10px;--awb-margin-left-small:0px;--awb-link-color:var(--awb-color7);--awb-font-size:16px;\"><p class=\"fusion-title-heading title-heading-center title-heading-tag fusion-responsive-typography-calculated\" style=\"margin:0;font-size:1em;--fontSize:16;--minFontSize:16;line-height:1.6;\"><a href=\"https:\/\/www.choral-events.com\/es\/chorales\/chorale-dauphinelle\/\" class=\"awb-custom-text-color awb-custom-text-hover-color\" target=\"_self\">Chorale Dauphinelle<\/a><\/p><\/div><div class=\"fusion-separator\" style=\"align-self: center;margin-left: auto;margin-right: auto;flex-grow:10;margin-top:5px;margin-bottom:10px;width:100%;max-width:70px;\"><div class=\"fusion-separator-border sep-single sep-solid\" style=\"--awb-height:20px;--awb-amount:20px;border-color:var(--awb-color2);border-top-width:1px;\"><\/div><\/div><div class=\"fusion-text fusion-text-126\" style=\"--awb-content-alignment:center;--awb-text-transform:capitalize;--awb-text-color:var(--awb-color4);\"><p>France<\/p>\n<\/div><\/div><\/li>\n<li class=\"fusion-layout-column fusion_builder_column fusion-builder-column-128 fusion-flex-column fusion-animated post-card fusion-grid-column fusion-post-cards-grid-column fusion-animated\" style=\"--awb-padding-bottom:5px;--awb-overflow:hidden;--awb-bg-color:var(--awb-color1);--awb-bg-color-hover:var(--awb-custom_color_2);--awb-bg-size:cover;--awb-box-shadow:0px 0px 24px hsla(var(--awb-color7-h),var(--awb-color7-s),var(--awb-color7-l),calc(var(--awb-color7-a) - 40%));;--awb-border-color:var(--awb-color4);--awb-border-color-hover:var(--awb-color7);--awb-border-top:1px;--awb-border-right:1px;--awb-border-bottom:1px;--awb-border-left:1px;--awb-border-style:solid;--awb-border-radius:6px 6px 6px 6px;--awb-flex-grow:0;--awb-flex-shrink:0;--awb-flex-grow-medium:0;--awb-flex-shrink-medium:0;--awb-flex-grow-small:0;--awb-flex-shrink-small:0;\" data-animationType=\"fadeIn\" data-animationDuration=\"1.3\" data-animationOffset=\"top-into-view\"><div class=\"fusion-column-wrapper fusion-column-has-shadow fusion-flex-justify-content-flex-start fusion-content-layout-column\"><div class=\"fusion-image-element \" style=\"--awb-aspect-ratio:16 \/ 9;--awb-margin-bottom:10px;--awb-caption-title-font-family:var(--h2_typography-font-family);--awb-caption-title-font-weight:var(--h2_typography-font-weight);--awb-caption-title-font-style:var(--h2_typography-font-style);--awb-caption-title-size:var(--h2_typography-font-size);--awb-caption-title-transform:var(--h2_typography-text-transform);--awb-caption-title-line-height:var(--h2_typography-line-height);--awb-caption-title-letter-spacing:var(--h2_typography-letter-spacing);\"><span class=\" fusion-imageframe imageframe-none imageframe-126 hover-type-none has-aspect-ratio\"><a class=\"fusion-no-lightbox\" href=\"https:\/\/www.choral-events.com\/es\/chorales\/chorale-des-4-saisons\/\" target=\"_self\" aria-label=\"photo-4-saisons-550&#215;350\"><img decoding=\"async\" width=\"550\" height=\"350\" src=\"https:\/\/www.choral-events.com\/wp-content\/uploads\/2026\/03\/photo-4-saisons-550x350-1.jpg\" class=\"img-responsive wp-image-51330 img-with-aspect-ratio\" data-parent-fit=\"cover\" data-parent-container=\".fusion-image-element\" alt srcset=\"https:\/\/www.choral-events.com\/wp-content\/uploads\/2026\/03\/photo-4-saisons-550x350-1-200x127.jpg 200w, https:\/\/www.choral-events.com\/wp-content\/uploads\/2026\/03\/photo-4-saisons-550x350-1-400x255.jpg 400w, https:\/\/www.choral-events.com\/wp-content\/uploads\/2026\/03\/photo-4-saisons-550x350-1.jpg 550w\" sizes=\"(max-width: 1024px) 100vw, (max-width: 640px) 100vw, 550px\" \/><\/a><\/span><\/div><div class=\"fusion-title title fusion-title-128 fusion-sep-none fusion-title-center fusion-title-text fusion-title-size-paragraph\" style=\"--awb-text-color:var(--awb-color7);--awb-margin-top:10px;--awb-margin-right:5px;--awb-margin-bottom:10px;--awb-margin-left:5px;--awb-margin-top-small:16px;--awb-margin-right-small:0px;--awb-margin-bottom-small:10px;--awb-margin-left-small:0px;--awb-link-color:var(--awb-color7);--awb-font-size:16px;\"><p class=\"fusion-title-heading title-heading-center title-heading-tag fusion-responsive-typography-calculated\" style=\"margin:0;font-size:1em;--fontSize:16;--minFontSize:16;line-height:1.6;\"><a href=\"https:\/\/www.choral-events.com\/es\/chorales\/chorale-des-4-saisons\/\" class=\"awb-custom-text-color awb-custom-text-hover-color\" target=\"_self\">Chorale des 4 Saisons<\/a><\/p><\/div><div class=\"fusion-separator\" style=\"align-self: center;margin-left: auto;margin-right: auto;flex-grow:10;margin-top:5px;margin-bottom:10px;width:100%;max-width:70px;\"><div class=\"fusion-separator-border sep-single sep-solid\" style=\"--awb-height:20px;--awb-amount:20px;border-color:var(--awb-color2);border-top-width:1px;\"><\/div><\/div><div class=\"fusion-text fusion-text-127\" style=\"--awb-content-alignment:center;--awb-text-transform:capitalize;--awb-text-color:var(--awb-color4);\"><p>Suisse<\/p>\n<\/div><\/div><\/li>\n<li class=\"fusion-layout-column fusion_builder_column fusion-builder-column-129 fusion-flex-column fusion-animated post-card fusion-grid-column fusion-post-cards-grid-column fusion-animated\" style=\"--awb-padding-bottom:5px;--awb-overflow:hidden;--awb-bg-color:var(--awb-color1);--awb-bg-color-hover:var(--awb-custom_color_2);--awb-bg-size:cover;--awb-box-shadow:0px 0px 24px hsla(var(--awb-color7-h),var(--awb-color7-s),var(--awb-color7-l),calc(var(--awb-color7-a) - 40%));;--awb-border-color:var(--awb-color4);--awb-border-color-hover:var(--awb-color7);--awb-border-top:1px;--awb-border-right:1px;--awb-border-bottom:1px;--awb-border-left:1px;--awb-border-style:solid;--awb-border-radius:6px 6px 6px 6px;--awb-flex-grow:0;--awb-flex-shrink:0;--awb-flex-grow-medium:0;--awb-flex-shrink-medium:0;--awb-flex-grow-small:0;--awb-flex-shrink-small:0;\" data-animationType=\"fadeIn\" data-animationDuration=\"1.3\" data-animationOffset=\"top-into-view\"><div class=\"fusion-column-wrapper fusion-column-has-shadow fusion-flex-justify-content-flex-start fusion-content-layout-column\"><div class=\"fusion-image-element \" style=\"--awb-aspect-ratio:16 \/ 9;--awb-margin-bottom:10px;--awb-caption-title-font-family:var(--h2_typography-font-family);--awb-caption-title-font-weight:var(--h2_typography-font-weight);--awb-caption-title-font-style:var(--h2_typography-font-style);--awb-caption-title-size:var(--h2_typography-font-size);--awb-caption-title-transform:var(--h2_typography-text-transform);--awb-caption-title-line-height:var(--h2_typography-line-height);--awb-caption-title-letter-spacing:var(--h2_typography-letter-spacing);\"><span class=\" fusion-imageframe imageframe-none imageframe-127 hover-type-none has-aspect-ratio\"><a class=\"fusion-no-lightbox\" href=\"https:\/\/www.choral-events.com\/es\/chorales\/compania-corale-di-imperia\/\" target=\"_self\" aria-label=\"Compagnia-Corale-in-concerto-2-1024&#215;373\"><img decoding=\"async\" width=\"1024\" height=\"373\" src=\"https:\/\/www.choral-events.com\/wp-content\/uploads\/2026\/03\/Compagnia-Corale-in-concerto-2-1024x373-1.jpg\" class=\"img-responsive wp-image-51342 img-with-aspect-ratio\" data-parent-fit=\"cover\" data-parent-container=\".fusion-image-element\" alt srcset=\"https:\/\/www.choral-events.com\/wp-content\/uploads\/2026\/03\/Compagnia-Corale-in-concerto-2-1024x373-1-200x73.jpg 200w, https:\/\/www.choral-events.com\/wp-content\/uploads\/2026\/03\/Compagnia-Corale-in-concerto-2-1024x373-1-400x146.jpg 400w, https:\/\/www.choral-events.com\/wp-content\/uploads\/2026\/03\/Compagnia-Corale-in-concerto-2-1024x373-1-600x219.jpg 600w, https:\/\/www.choral-events.com\/wp-content\/uploads\/2026\/03\/Compagnia-Corale-in-concerto-2-1024x373-1-800x291.jpg 800w, https:\/\/www.choral-events.com\/wp-content\/uploads\/2026\/03\/Compagnia-Corale-in-concerto-2-1024x373-1.jpg 1024w\" sizes=\"(max-width: 1024px) 100vw, (max-width: 640px) 100vw, 1024px\" \/><\/a><\/span><\/div><div class=\"fusion-title title fusion-title-129 fusion-sep-none fusion-title-center fusion-title-text fusion-title-size-paragraph\" style=\"--awb-text-color:var(--awb-color7);--awb-margin-top:10px;--awb-margin-right:5px;--awb-margin-bottom:10px;--awb-margin-left:5px;--awb-margin-top-small:16px;--awb-margin-right-small:0px;--awb-margin-bottom-small:10px;--awb-margin-left-small:0px;--awb-link-color:var(--awb-color7);--awb-font-size:16px;\"><p class=\"fusion-title-heading title-heading-center title-heading-tag fusion-responsive-typography-calculated\" style=\"margin:0;font-size:1em;--fontSize:16;--minFontSize:16;line-height:1.6;\"><a href=\"https:\/\/www.choral-events.com\/es\/chorales\/compania-corale-di-imperia\/\" class=\"awb-custom-text-color awb-custom-text-hover-color\" target=\"_self\">Compania Corale di Imperia<\/a><\/p><\/div><div class=\"fusion-separator\" style=\"align-self: center;margin-left: auto;margin-right: auto;flex-grow:10;margin-top:5px;margin-bottom:10px;width:100%;max-width:70px;\"><div class=\"fusion-separator-border sep-single sep-solid\" style=\"--awb-height:20px;--awb-amount:20px;border-color:var(--awb-color2);border-top-width:1px;\"><\/div><\/div><div class=\"fusion-text fusion-text-128\" style=\"--awb-content-alignment:center;--awb-text-transform:capitalize;--awb-text-color:var(--awb-color4);\"><p>Italie<\/p>\n<\/div><\/div><\/li>\n<li class=\"fusion-layout-column fusion_builder_column fusion-builder-column-130 fusion-flex-column fusion-animated post-card fusion-grid-column fusion-post-cards-grid-column fusion-animated\" style=\"--awb-padding-bottom:5px;--awb-overflow:hidden;--awb-bg-color:var(--awb-color1);--awb-bg-color-hover:var(--awb-custom_color_2);--awb-bg-size:cover;--awb-box-shadow:0px 0px 24px hsla(var(--awb-color7-h),var(--awb-color7-s),var(--awb-color7-l),calc(var(--awb-color7-a) - 40%));;--awb-border-color:var(--awb-color4);--awb-border-color-hover:var(--awb-color7);--awb-border-top:1px;--awb-border-right:1px;--awb-border-bottom:1px;--awb-border-left:1px;--awb-border-style:solid;--awb-border-radius:6px 6px 6px 6px;--awb-flex-grow:0;--awb-flex-shrink:0;--awb-flex-grow-medium:0;--awb-flex-shrink-medium:0;--awb-flex-grow-small:0;--awb-flex-shrink-small:0;\" data-animationType=\"fadeIn\" data-animationDuration=\"1.3\" data-animationOffset=\"top-into-view\"><div class=\"fusion-column-wrapper fusion-column-has-shadow fusion-flex-justify-content-flex-start fusion-content-layout-column\"><div class=\"fusion-image-element \" style=\"--awb-aspect-ratio:16 \/ 9;--awb-margin-bottom:10px;--awb-caption-title-font-family:var(--h2_typography-font-family);--awb-caption-title-font-weight:var(--h2_typography-font-weight);--awb-caption-title-font-style:var(--h2_typography-font-style);--awb-caption-title-size:var(--h2_typography-font-size);--awb-caption-title-transform:var(--h2_typography-text-transform);--awb-caption-title-line-height:var(--h2_typography-line-height);--awb-caption-title-letter-spacing:var(--h2_typography-letter-spacing);\"><span class=\" fusion-imageframe imageframe-none imageframe-128 hover-type-none has-aspect-ratio\"><a class=\"fusion-no-lightbox\" href=\"https:\/\/www.choral-events.com\/es\/chorales\/conjunto-vocal-de-meounes\/\" target=\"_self\" aria-label=\"Conjunto Vocal de M\u00e9ounes \u2013 Francia\"><img decoding=\"async\" width=\"2560\" height=\"1561\" alt=\"Conjunto Vocal de M\u00e9ounes \u2013 Francia\" src=\"https:\/\/www.choral-events.com\/wp-content\/uploads\/2025\/02\/concert-scaled-1.jpg\" class=\"img-responsive wp-image-49294 img-with-aspect-ratio\" data-parent-fit=\"cover\" data-parent-container=\".fusion-image-element\" srcset=\"https:\/\/www.choral-events.com\/wp-content\/uploads\/2025\/02\/concert-scaled-1-200x122.jpg 200w, https:\/\/www.choral-events.com\/wp-content\/uploads\/2025\/02\/concert-scaled-1-400x244.jpg 400w, https:\/\/www.choral-events.com\/wp-content\/uploads\/2025\/02\/concert-scaled-1-600x366.jpg 600w, https:\/\/www.choral-events.com\/wp-content\/uploads\/2025\/02\/concert-scaled-1-800x488.jpg 800w, https:\/\/www.choral-events.com\/wp-content\/uploads\/2025\/02\/concert-scaled-1-1200x732.jpg 1200w, https:\/\/www.choral-events.com\/wp-content\/uploads\/2025\/02\/concert-scaled-1.jpg 2560w\" sizes=\"(max-width: 1024px) 100vw, (max-width: 640px) 100vw, 2560px\" \/><\/a><\/span><\/div><div class=\"fusion-title title fusion-title-130 fusion-sep-none fusion-title-center fusion-title-text fusion-title-size-paragraph\" style=\"--awb-text-color:var(--awb-color7);--awb-margin-top:10px;--awb-margin-right:5px;--awb-margin-bottom:10px;--awb-margin-left:5px;--awb-margin-top-small:16px;--awb-margin-right-small:0px;--awb-margin-bottom-small:10px;--awb-margin-left-small:0px;--awb-link-color:var(--awb-color7);--awb-font-size:16px;\"><p class=\"fusion-title-heading title-heading-center title-heading-tag fusion-responsive-typography-calculated\" style=\"margin:0;font-size:1em;--fontSize:16;--minFontSize:16;line-height:1.6;\"><a href=\"https:\/\/www.choral-events.com\/es\/chorales\/conjunto-vocal-de-meounes\/\" class=\"awb-custom-text-color awb-custom-text-hover-color\" target=\"_self\">Conjunto Vocal de M\u00e9ounes<\/a><\/p><\/div><div class=\"fusion-separator\" style=\"align-self: center;margin-left: auto;margin-right: auto;flex-grow:10;margin-top:5px;margin-bottom:10px;width:100%;max-width:70px;\"><div class=\"fusion-separator-border sep-single sep-solid\" style=\"--awb-height:20px;--awb-amount:20px;border-color:var(--awb-color2);border-top-width:1px;\"><\/div><\/div><div class=\"fusion-text fusion-text-129\" style=\"--awb-content-alignment:center;--awb-text-transform:capitalize;--awb-text-color:var(--awb-color4);\"><p>Francia<\/p>\n<\/div><\/div><\/li>\n<li class=\"fusion-layout-column fusion_builder_column fusion-builder-column-131 fusion-flex-column fusion-animated post-card fusion-grid-column fusion-post-cards-grid-column fusion-animated\" style=\"--awb-padding-bottom:5px;--awb-overflow:hidden;--awb-bg-color:var(--awb-color1);--awb-bg-color-hover:var(--awb-custom_color_2);--awb-bg-size:cover;--awb-box-shadow:0px 0px 24px hsla(var(--awb-color7-h),var(--awb-color7-s),var(--awb-color7-l),calc(var(--awb-color7-a) - 40%));;--awb-border-color:var(--awb-color4);--awb-border-color-hover:var(--awb-color7);--awb-border-top:1px;--awb-border-right:1px;--awb-border-bottom:1px;--awb-border-left:1px;--awb-border-style:solid;--awb-border-radius:6px 6px 6px 6px;--awb-flex-grow:0;--awb-flex-shrink:0;--awb-flex-grow-medium:0;--awb-flex-shrink-medium:0;--awb-flex-grow-small:0;--awb-flex-shrink-small:0;\" data-animationType=\"fadeIn\" data-animationDuration=\"1.3\" data-animationOffset=\"top-into-view\"><div class=\"fusion-column-wrapper fusion-column-has-shadow fusion-flex-justify-content-flex-start fusion-content-layout-column\"><div class=\"fusion-image-element \" style=\"--awb-aspect-ratio:16 \/ 9;--awb-margin-bottom:10px;--awb-caption-title-font-family:var(--h2_typography-font-family);--awb-caption-title-font-weight:var(--h2_typography-font-weight);--awb-caption-title-font-style:var(--h2_typography-font-style);--awb-caption-title-size:var(--h2_typography-font-size);--awb-caption-title-transform:var(--h2_typography-text-transform);--awb-caption-title-line-height:var(--h2_typography-line-height);--awb-caption-title-letter-spacing:var(--h2_typography-letter-spacing);\"><span class=\" fusion-imageframe imageframe-none imageframe-129 hover-type-none has-aspect-ratio\"><a class=\"fusion-no-lightbox\" href=\"https:\/\/www.choral-events.com\/es\/chorales\/coro-bizantino-san-juan-damasceno\/\" target=\"_self\" aria-label=\"Italia \u2013 Coro Santa Croce_foto p\u00e1gina web (2)\"><img decoding=\"async\" width=\"550\" height=\"350\" src=\"https:\/\/www.choral-events.com\/wp-content\/uploads\/2023\/11\/Italie-Coro-Santa-Croce_photo-page-web-2.png\" class=\"img-responsive wp-image-49378 img-with-aspect-ratio\" data-parent-fit=\"cover\" data-parent-container=\".fusion-image-element\" alt srcset=\"https:\/\/www.choral-events.com\/wp-content\/uploads\/2023\/11\/Italie-Coro-Santa-Croce_photo-page-web-2-200x127.png 200w, https:\/\/www.choral-events.com\/wp-content\/uploads\/2023\/11\/Italie-Coro-Santa-Croce_photo-page-web-2-400x255.png 400w, https:\/\/www.choral-events.com\/wp-content\/uploads\/2023\/11\/Italie-Coro-Santa-Croce_photo-page-web-2.png 550w\" sizes=\"(max-width: 1024px) 100vw, (max-width: 640px) 100vw, 550px\" \/><\/a><\/span><\/div><div class=\"fusion-title title fusion-title-131 fusion-sep-none fusion-title-center fusion-title-text fusion-title-size-paragraph\" style=\"--awb-text-color:var(--awb-color7);--awb-margin-top:10px;--awb-margin-right:5px;--awb-margin-bottom:10px;--awb-margin-left:5px;--awb-margin-top-small:16px;--awb-margin-right-small:0px;--awb-margin-bottom-small:10px;--awb-margin-left-small:0px;--awb-link-color:var(--awb-color7);--awb-font-size:16px;\"><p class=\"fusion-title-heading title-heading-center title-heading-tag fusion-responsive-typography-calculated\" style=\"margin:0;font-size:1em;--fontSize:16;--minFontSize:16;line-height:1.6;\"><a href=\"https:\/\/www.choral-events.com\/es\/chorales\/coro-bizantino-san-juan-damasceno\/\" class=\"awb-custom-text-color awb-custom-text-hover-color\" target=\"_self\">Coro Bizantino San Juan Damasceno<\/a><\/p><\/div><div class=\"fusion-separator\" style=\"align-self: center;margin-left: auto;margin-right: auto;flex-grow:10;margin-top:5px;margin-bottom:10px;width:100%;max-width:70px;\"><div class=\"fusion-separator-border sep-single sep-solid\" style=\"--awb-height:20px;--awb-amount:20px;border-color:var(--awb-color2);border-top-width:1px;\"><\/div><\/div><div class=\"fusion-text fusion-text-130\" style=\"--awb-content-alignment:center;--awb-text-transform:capitalize;--awb-text-color:var(--awb-color4);\"><p>Ruman\u00eda<\/p>\n<\/div><\/div><\/li>\n<li class=\"fusion-layout-column fusion_builder_column fusion-builder-column-132 fusion-flex-column fusion-animated post-card fusion-grid-column fusion-post-cards-grid-column fusion-animated\" style=\"--awb-padding-bottom:5px;--awb-overflow:hidden;--awb-bg-color:var(--awb-color1);--awb-bg-color-hover:var(--awb-custom_color_2);--awb-bg-size:cover;--awb-box-shadow:0px 0px 24px hsla(var(--awb-color7-h),var(--awb-color7-s),var(--awb-color7-l),calc(var(--awb-color7-a) - 40%));;--awb-border-color:var(--awb-color4);--awb-border-color-hover:var(--awb-color7);--awb-border-top:1px;--awb-border-right:1px;--awb-border-bottom:1px;--awb-border-left:1px;--awb-border-style:solid;--awb-border-radius:6px 6px 6px 6px;--awb-flex-grow:0;--awb-flex-shrink:0;--awb-flex-grow-medium:0;--awb-flex-shrink-medium:0;--awb-flex-grow-small:0;--awb-flex-shrink-small:0;\" data-animationType=\"fadeIn\" data-animationDuration=\"1.3\" data-animationOffset=\"top-into-view\"><div class=\"fusion-column-wrapper fusion-column-has-shadow fusion-flex-justify-content-flex-start fusion-content-layout-column\"><div class=\"fusion-image-element \" style=\"--awb-aspect-ratio:16 \/ 9;--awb-margin-bottom:10px;--awb-caption-title-font-family:var(--h2_typography-font-family);--awb-caption-title-font-weight:var(--h2_typography-font-weight);--awb-caption-title-font-style:var(--h2_typography-font-style);--awb-caption-title-size:var(--h2_typography-font-size);--awb-caption-title-transform:var(--h2_typography-text-transform);--awb-caption-title-line-height:var(--h2_typography-line-height);--awb-caption-title-letter-spacing:var(--h2_typography-letter-spacing);\"><span class=\" fusion-imageframe imageframe-none imageframe-130 hover-type-none has-aspect-ratio\"><a class=\"fusion-no-lightbox\" href=\"https:\/\/www.choral-events.com\/es\/chorales\/coro-cantate-deo\/\" target=\"_self\" aria-label=\"Coro Cantate Deo \u2013 Polonia\"><img decoding=\"async\" width=\"600\" height=\"600\" src=\"https:\/\/www.choral-events.com\/wp-content\/uploads\/2025\/03\/Chor-Cantate-Deo-Pologne.jpg\" class=\"img-responsive wp-image-49395 img-with-aspect-ratio\" data-parent-fit=\"cover\" data-parent-container=\".fusion-image-element\" alt srcset=\"https:\/\/www.choral-events.com\/wp-content\/uploads\/2025\/03\/Chor-Cantate-Deo-Pologne-200x200.jpg 200w, https:\/\/www.choral-events.com\/wp-content\/uploads\/2025\/03\/Chor-Cantate-Deo-Pologne-400x400.jpg 400w, https:\/\/www.choral-events.com\/wp-content\/uploads\/2025\/03\/Chor-Cantate-Deo-Pologne.jpg 600w\" sizes=\"(max-width: 1024px) 100vw, (max-width: 640px) 100vw, 600px\" \/><\/a><\/span><\/div><div class=\"fusion-title title fusion-title-132 fusion-sep-none fusion-title-center fusion-title-text fusion-title-size-paragraph\" style=\"--awb-text-color:var(--awb-color7);--awb-margin-top:10px;--awb-margin-right:5px;--awb-margin-bottom:10px;--awb-margin-left:5px;--awb-margin-top-small:16px;--awb-margin-right-small:0px;--awb-margin-bottom-small:10px;--awb-margin-left-small:0px;--awb-link-color:var(--awb-color7);--awb-font-size:16px;\"><p class=\"fusion-title-heading title-heading-center title-heading-tag fusion-responsive-typography-calculated\" style=\"margin:0;font-size:1em;--fontSize:16;--minFontSize:16;line-height:1.6;\"><a href=\"https:\/\/www.choral-events.com\/es\/chorales\/coro-cantate-deo\/\" class=\"awb-custom-text-color awb-custom-text-hover-color\" target=\"_self\">Coro Cantate Deo<\/a><\/p><\/div><div class=\"fusion-separator\" style=\"align-self: center;margin-left: auto;margin-right: auto;flex-grow:10;margin-top:5px;margin-bottom:10px;width:100%;max-width:70px;\"><div class=\"fusion-separator-border sep-single sep-solid\" style=\"--awb-height:20px;--awb-amount:20px;border-color:var(--awb-color2);border-top-width:1px;\"><\/div><\/div><div class=\"fusion-text fusion-text-131\" style=\"--awb-content-alignment:center;--awb-text-transform:capitalize;--awb-text-color:var(--awb-color4);\"><p>Polonia<\/p>\n<\/div><\/div><\/li>\n<li class=\"fusion-layout-column fusion_builder_column fusion-builder-column-133 fusion-flex-column fusion-animated post-card fusion-grid-column fusion-post-cards-grid-column fusion-animated\" style=\"--awb-padding-bottom:5px;--awb-overflow:hidden;--awb-bg-color:var(--awb-color1);--awb-bg-color-hover:var(--awb-custom_color_2);--awb-bg-size:cover;--awb-box-shadow:0px 0px 24px hsla(var(--awb-color7-h),var(--awb-color7-s),var(--awb-color7-l),calc(var(--awb-color7-a) - 40%));;--awb-border-color:var(--awb-color4);--awb-border-color-hover:var(--awb-color7);--awb-border-top:1px;--awb-border-right:1px;--awb-border-bottom:1px;--awb-border-left:1px;--awb-border-style:solid;--awb-border-radius:6px 6px 6px 6px;--awb-flex-grow:0;--awb-flex-shrink:0;--awb-flex-grow-medium:0;--awb-flex-shrink-medium:0;--awb-flex-grow-small:0;--awb-flex-shrink-small:0;\" data-animationType=\"fadeIn\" data-animationDuration=\"1.3\" data-animationOffset=\"top-into-view\"><div class=\"fusion-column-wrapper fusion-column-has-shadow fusion-flex-justify-content-flex-start fusion-content-layout-column\"><div class=\"fusion-image-element \" style=\"--awb-aspect-ratio:16 \/ 9;--awb-margin-bottom:10px;--awb-caption-title-font-family:var(--h2_typography-font-family);--awb-caption-title-font-weight:var(--h2_typography-font-weight);--awb-caption-title-font-style:var(--h2_typography-font-style);--awb-caption-title-size:var(--h2_typography-font-size);--awb-caption-title-transform:var(--h2_typography-text-transform);--awb-caption-title-line-height:var(--h2_typography-line-height);--awb-caption-title-letter-spacing:var(--h2_typography-letter-spacing);\"><span class=\" fusion-imageframe imageframe-none imageframe-131 hover-type-none has-aspect-ratio\"><a class=\"fusion-no-lightbox\" href=\"https:\/\/www.choral-events.com\/es\/chorales\/coro-caos-armonico\/\" target=\"_self\" aria-label=\"8-550&#215;350\"><img decoding=\"async\" width=\"550\" height=\"350\" src=\"https:\/\/www.choral-events.com\/wp-content\/uploads\/2026\/03\/8-550x350-1.jpg\" class=\"img-responsive wp-image-51354 img-with-aspect-ratio\" data-parent-fit=\"cover\" data-parent-container=\".fusion-image-element\" alt srcset=\"https:\/\/www.choral-events.com\/wp-content\/uploads\/2026\/03\/8-550x350-1-200x127.jpg 200w, https:\/\/www.choral-events.com\/wp-content\/uploads\/2026\/03\/8-550x350-1-400x255.jpg 400w, https:\/\/www.choral-events.com\/wp-content\/uploads\/2026\/03\/8-550x350-1.jpg 550w\" sizes=\"(max-width: 1024px) 100vw, (max-width: 640px) 100vw, 550px\" \/><\/a><\/span><\/div><div class=\"fusion-title title fusion-title-133 fusion-sep-none fusion-title-center fusion-title-text fusion-title-size-paragraph\" style=\"--awb-text-color:var(--awb-color7);--awb-margin-top:10px;--awb-margin-right:5px;--awb-margin-bottom:10px;--awb-margin-left:5px;--awb-margin-top-small:16px;--awb-margin-right-small:0px;--awb-margin-bottom-small:10px;--awb-margin-left-small:0px;--awb-link-color:var(--awb-color7);--awb-font-size:16px;\"><p class=\"fusion-title-heading title-heading-center title-heading-tag fusion-responsive-typography-calculated\" style=\"margin:0;font-size:1em;--fontSize:16;--minFontSize:16;line-height:1.6;\"><a href=\"https:\/\/www.choral-events.com\/es\/chorales\/coro-caos-armonico\/\" class=\"awb-custom-text-color awb-custom-text-hover-color\" target=\"_self\">Coro Caos Armonico<\/a><\/p><\/div><div class=\"fusion-separator\" style=\"align-self: center;margin-left: auto;margin-right: auto;flex-grow:10;margin-top:5px;margin-bottom:10px;width:100%;max-width:70px;\"><div class=\"fusion-separator-border sep-single sep-solid\" style=\"--awb-height:20px;--awb-amount:20px;border-color:var(--awb-color2);border-top-width:1px;\"><\/div><\/div><div class=\"fusion-text fusion-text-132\" style=\"--awb-content-alignment:center;--awb-text-transform:capitalize;--awb-text-color:var(--awb-color4);\"><p>Italie<\/p>\n<\/div><\/div><\/li>\n<li class=\"fusion-layout-column fusion_builder_column fusion-builder-column-134 fusion-flex-column fusion-animated post-card fusion-grid-column fusion-post-cards-grid-column fusion-animated\" style=\"--awb-padding-bottom:5px;--awb-overflow:hidden;--awb-bg-color:var(--awb-color1);--awb-bg-color-hover:var(--awb-custom_color_2);--awb-bg-size:cover;--awb-box-shadow:0px 0px 24px hsla(var(--awb-color7-h),var(--awb-color7-s),var(--awb-color7-l),calc(var(--awb-color7-a) - 40%));;--awb-border-color:var(--awb-color4);--awb-border-color-hover:var(--awb-color7);--awb-border-top:1px;--awb-border-right:1px;--awb-border-bottom:1px;--awb-border-left:1px;--awb-border-style:solid;--awb-border-radius:6px 6px 6px 6px;--awb-flex-grow:0;--awb-flex-shrink:0;--awb-flex-grow-medium:0;--awb-flex-shrink-medium:0;--awb-flex-grow-small:0;--awb-flex-shrink-small:0;\" data-animationType=\"fadeIn\" data-animationDuration=\"1.3\" data-animationOffset=\"top-into-view\"><div class=\"fusion-column-wrapper fusion-column-has-shadow fusion-flex-justify-content-flex-start fusion-content-layout-column\"><div class=\"fusion-image-element \" style=\"--awb-aspect-ratio:16 \/ 9;--awb-margin-bottom:10px;--awb-caption-title-font-family:var(--h2_typography-font-family);--awb-caption-title-font-weight:var(--h2_typography-font-weight);--awb-caption-title-font-style:var(--h2_typography-font-style);--awb-caption-title-size:var(--h2_typography-font-size);--awb-caption-title-transform:var(--h2_typography-text-transform);--awb-caption-title-line-height:var(--h2_typography-line-height);--awb-caption-title-letter-spacing:var(--h2_typography-letter-spacing);\"><span class=\" fusion-imageframe imageframe-none imageframe-132 hover-type-none has-aspect-ratio\"><a class=\"fusion-no-lightbox\" href=\"https:\/\/www.choral-events.com\/es\/chorales\/coro-cerebellia\/\" target=\"_self\" aria-label=\"Festival de Coros.\"><img decoding=\"async\" width=\"550\" height=\"350\" alt=\"Grupo de coralistas durante un festival internacional.\" src=\"https:\/\/www.choral-events.com\/wp-content\/uploads\/2026\/01\/Cerebellia-France-photo-page-web-.jpg\" class=\"img-responsive wp-image-49350 img-with-aspect-ratio\" data-parent-fit=\"cover\" data-parent-container=\".fusion-image-element\" srcset=\"https:\/\/www.choral-events.com\/wp-content\/uploads\/2026\/01\/Cerebellia-France-photo-page-web--200x127.jpg 200w, https:\/\/www.choral-events.com\/wp-content\/uploads\/2026\/01\/Cerebellia-France-photo-page-web--400x255.jpg 400w, https:\/\/www.choral-events.com\/wp-content\/uploads\/2026\/01\/Cerebellia-France-photo-page-web-.jpg 550w\" sizes=\"(max-width: 1024px) 100vw, (max-width: 640px) 100vw, 550px\" \/><\/a><\/span><\/div><div class=\"fusion-title title fusion-title-134 fusion-sep-none fusion-title-center fusion-title-text fusion-title-size-paragraph\" style=\"--awb-text-color:var(--awb-color7);--awb-margin-top:10px;--awb-margin-right:5px;--awb-margin-bottom:10px;--awb-margin-left:5px;--awb-margin-top-small:16px;--awb-margin-right-small:0px;--awb-margin-bottom-small:10px;--awb-margin-left-small:0px;--awb-link-color:var(--awb-color7);--awb-font-size:16px;\"><p class=\"fusion-title-heading title-heading-center title-heading-tag fusion-responsive-typography-calculated\" style=\"margin:0;font-size:1em;--fontSize:16;--minFontSize:16;line-height:1.6;\"><a href=\"https:\/\/www.choral-events.com\/es\/chorales\/coro-cerebellia\/\" class=\"awb-custom-text-color awb-custom-text-hover-color\" target=\"_self\">Coro Cerebellia<\/a><\/p><\/div><div class=\"fusion-separator\" style=\"align-self: center;margin-left: auto;margin-right: auto;flex-grow:10;margin-top:5px;margin-bottom:10px;width:100%;max-width:70px;\"><div class=\"fusion-separator-border sep-single sep-solid\" style=\"--awb-height:20px;--awb-amount:20px;border-color:var(--awb-color2);border-top-width:1px;\"><\/div><\/div><div class=\"fusion-text fusion-text-133\" style=\"--awb-content-alignment:center;--awb-text-transform:capitalize;--awb-text-color:var(--awb-color4);\"><p>Francia<\/p>\n<\/div><\/div><\/li>\n<li class=\"fusion-layout-column fusion_builder_column fusion-builder-column-135 fusion-flex-column fusion-animated post-card fusion-grid-column fusion-post-cards-grid-column fusion-animated\" style=\"--awb-padding-bottom:5px;--awb-overflow:hidden;--awb-bg-color:var(--awb-color1);--awb-bg-color-hover:var(--awb-custom_color_2);--awb-bg-size:cover;--awb-box-shadow:0px 0px 24px hsla(var(--awb-color7-h),var(--awb-color7-s),var(--awb-color7-l),calc(var(--awb-color7-a) - 40%));;--awb-border-color:var(--awb-color4);--awb-border-color-hover:var(--awb-color7);--awb-border-top:1px;--awb-border-right:1px;--awb-border-bottom:1px;--awb-border-left:1px;--awb-border-style:solid;--awb-border-radius:6px 6px 6px 6px;--awb-flex-grow:0;--awb-flex-shrink:0;--awb-flex-grow-medium:0;--awb-flex-shrink-medium:0;--awb-flex-grow-small:0;--awb-flex-shrink-small:0;\" data-animationType=\"fadeIn\" data-animationDuration=\"1.3\" data-animationOffset=\"top-into-view\"><div class=\"fusion-column-wrapper fusion-column-has-shadow fusion-flex-justify-content-flex-start fusion-content-layout-column\"><div class=\"fusion-image-element \" style=\"--awb-aspect-ratio:16 \/ 9;--awb-margin-bottom:10px;--awb-caption-title-font-family:var(--h2_typography-font-family);--awb-caption-title-font-weight:var(--h2_typography-font-weight);--awb-caption-title-font-style:var(--h2_typography-font-style);--awb-caption-title-size:var(--h2_typography-font-size);--awb-caption-title-transform:var(--h2_typography-text-transform);--awb-caption-title-line-height:var(--h2_typography-line-height);--awb-caption-title-letter-spacing:var(--h2_typography-letter-spacing);\"><span class=\" fusion-imageframe imageframe-none imageframe-133 hover-type-none has-aspect-ratio\"><a class=\"fusion-no-lightbox\" href=\"https:\/\/www.choral-events.com\/es\/chorales\/coro-clair-matin\/\" target=\"_self\" aria-label=\"CORO CLAIR MATIN \u2013 FRANCIA\"><img decoding=\"async\" width=\"989\" height=\"644\" alt=\"CORO CLAIR MATIN \u2013 FRANCIA\" src=\"https:\/\/www.choral-events.com\/wp-content\/uploads\/2025\/02\/3-1.webp\" class=\"img-responsive wp-image-49264 img-with-aspect-ratio\" data-parent-fit=\"cover\" data-parent-container=\".fusion-image-element\" srcset=\"https:\/\/www.choral-events.com\/wp-content\/uploads\/2025\/02\/3-1-200x130.webp 200w, https:\/\/www.choral-events.com\/wp-content\/uploads\/2025\/02\/3-1-400x260.webp 400w, https:\/\/www.choral-events.com\/wp-content\/uploads\/2025\/02\/3-1-600x391.webp 600w, https:\/\/www.choral-events.com\/wp-content\/uploads\/2025\/02\/3-1-800x521.webp 800w, https:\/\/www.choral-events.com\/wp-content\/uploads\/2025\/02\/3-1.webp 989w\" sizes=\"(max-width: 1024px) 100vw, (max-width: 640px) 100vw, 989px\" \/><\/a><\/span><\/div><div class=\"fusion-title title fusion-title-135 fusion-sep-none fusion-title-center fusion-title-text fusion-title-size-paragraph\" style=\"--awb-text-color:var(--awb-color7);--awb-margin-top:10px;--awb-margin-right:5px;--awb-margin-bottom:10px;--awb-margin-left:5px;--awb-margin-top-small:16px;--awb-margin-right-small:0px;--awb-margin-bottom-small:10px;--awb-margin-left-small:0px;--awb-link-color:var(--awb-color7);--awb-font-size:16px;\"><p class=\"fusion-title-heading title-heading-center title-heading-tag fusion-responsive-typography-calculated\" style=\"margin:0;font-size:1em;--fontSize:16;--minFontSize:16;line-height:1.6;\"><a href=\"https:\/\/www.choral-events.com\/es\/chorales\/coro-clair-matin\/\" class=\"awb-custom-text-color awb-custom-text-hover-color\" target=\"_self\">Coro Clair Matin<\/a><\/p><\/div><div class=\"fusion-separator\" style=\"align-self: center;margin-left: auto;margin-right: auto;flex-grow:10;margin-top:5px;margin-bottom:10px;width:100%;max-width:70px;\"><div class=\"fusion-separator-border sep-single sep-solid\" style=\"--awb-height:20px;--awb-amount:20px;border-color:var(--awb-color2);border-top-width:1px;\"><\/div><\/div><div class=\"fusion-text fusion-text-134\" style=\"--awb-content-alignment:center;--awb-text-transform:capitalize;--awb-text-color:var(--awb-color4);\"><p>Francia<\/p>\n<\/div><\/div><\/li>\n<li class=\"fusion-layout-column fusion_builder_column fusion-builder-column-136 fusion-flex-column fusion-animated post-card fusion-grid-column fusion-post-cards-grid-column fusion-animated\" style=\"--awb-padding-bottom:5px;--awb-overflow:hidden;--awb-bg-color:var(--awb-color1);--awb-bg-color-hover:var(--awb-custom_color_2);--awb-bg-size:cover;--awb-box-shadow:0px 0px 24px hsla(var(--awb-color7-h),var(--awb-color7-s),var(--awb-color7-l),calc(var(--awb-color7-a) - 40%));;--awb-border-color:var(--awb-color4);--awb-border-color-hover:var(--awb-color7);--awb-border-top:1px;--awb-border-right:1px;--awb-border-bottom:1px;--awb-border-left:1px;--awb-border-style:solid;--awb-border-radius:6px 6px 6px 6px;--awb-flex-grow:0;--awb-flex-shrink:0;--awb-flex-grow-medium:0;--awb-flex-shrink-medium:0;--awb-flex-grow-small:0;--awb-flex-shrink-small:0;\" data-animationType=\"fadeIn\" data-animationDuration=\"1.3\" data-animationOffset=\"top-into-view\"><div class=\"fusion-column-wrapper fusion-column-has-shadow fusion-flex-justify-content-flex-start fusion-content-layout-column\"><div class=\"fusion-image-element \" style=\"--awb-aspect-ratio:16 \/ 9;--awb-margin-bottom:10px;--awb-caption-title-font-family:var(--h2_typography-font-family);--awb-caption-title-font-weight:var(--h2_typography-font-weight);--awb-caption-title-font-style:var(--h2_typography-font-style);--awb-caption-title-size:var(--h2_typography-font-size);--awb-caption-title-transform:var(--h2_typography-text-transform);--awb-caption-title-line-height:var(--h2_typography-line-height);--awb-caption-title-letter-spacing:var(--h2_typography-letter-spacing);\"><span class=\" fusion-imageframe imageframe-none imageframe-134 hover-type-none has-aspect-ratio\"><a class=\"fusion-no-lightbox\" href=\"https:\/\/www.choral-events.com\/es\/chorales\/coro-de-camara-de-torshavn\/\" target=\"_self\" aria-label=\"Coro de c\u00e1mara de T\u00f3rshavn\"><img decoding=\"async\" width=\"2048\" height=\"1536\" alt=\"Grupo de coristas vestidos de negro con toques de rojo frente a un espectacular paisaje costero en Escocia.\" src=\"https:\/\/www.choral-events.com\/wp-content\/uploads\/2025\/01\/462424954_8792029227527060_4892252014103665649_n.jpg\" class=\"img-responsive wp-image-49340 img-with-aspect-ratio\" data-parent-fit=\"cover\" data-parent-container=\".fusion-image-element\" srcset=\"https:\/\/www.choral-events.com\/wp-content\/uploads\/2025\/01\/462424954_8792029227527060_4892252014103665649_n-200x150.jpg 200w, https:\/\/www.choral-events.com\/wp-content\/uploads\/2025\/01\/462424954_8792029227527060_4892252014103665649_n-400x300.jpg 400w, https:\/\/www.choral-events.com\/wp-content\/uploads\/2025\/01\/462424954_8792029227527060_4892252014103665649_n-600x450.jpg 600w, https:\/\/www.choral-events.com\/wp-content\/uploads\/2025\/01\/462424954_8792029227527060_4892252014103665649_n-800x600.jpg 800w, https:\/\/www.choral-events.com\/wp-content\/uploads\/2025\/01\/462424954_8792029227527060_4892252014103665649_n-1200x900.jpg 1200w, https:\/\/www.choral-events.com\/wp-content\/uploads\/2025\/01\/462424954_8792029227527060_4892252014103665649_n.jpg 2048w\" sizes=\"(max-width: 1024px) 100vw, (max-width: 640px) 100vw, 2048px\" \/><\/a><\/span><\/div><div class=\"fusion-title title fusion-title-136 fusion-sep-none fusion-title-center fusion-title-text fusion-title-size-paragraph\" style=\"--awb-text-color:var(--awb-color7);--awb-margin-top:10px;--awb-margin-right:5px;--awb-margin-bottom:10px;--awb-margin-left:5px;--awb-margin-top-small:16px;--awb-margin-right-small:0px;--awb-margin-bottom-small:10px;--awb-margin-left-small:0px;--awb-link-color:var(--awb-color7);--awb-font-size:16px;\"><p class=\"fusion-title-heading title-heading-center title-heading-tag fusion-responsive-typography-calculated\" style=\"margin:0;font-size:1em;--fontSize:16;--minFontSize:16;line-height:1.6;\"><a href=\"https:\/\/www.choral-events.com\/es\/chorales\/coro-de-camara-de-torshavn\/\" class=\"awb-custom-text-color awb-custom-text-hover-color\" target=\"_self\">Coro de c\u00e1mara de T\u00f3rshavn<\/a><\/p><\/div><div class=\"fusion-separator\" style=\"align-self: center;margin-left: auto;margin-right: auto;flex-grow:10;margin-top:5px;margin-bottom:10px;width:100%;max-width:70px;\"><div class=\"fusion-separator-border sep-single sep-solid\" style=\"--awb-height:20px;--awb-amount:20px;border-color:var(--awb-color2);border-top-width:1px;\"><\/div><\/div><div class=\"fusion-text fusion-text-135\" style=\"--awb-content-alignment:center;--awb-text-transform:capitalize;--awb-text-color:var(--awb-color4);\"><p>Islas Feroe<\/p>\n<\/div><\/div><\/li>\n<li class=\"fusion-layout-column fusion_builder_column fusion-builder-column-137 fusion-flex-column fusion-animated post-card fusion-grid-column fusion-post-cards-grid-column fusion-animated\" style=\"--awb-padding-bottom:5px;--awb-overflow:hidden;--awb-bg-color:var(--awb-color1);--awb-bg-color-hover:var(--awb-custom_color_2);--awb-bg-size:cover;--awb-box-shadow:0px 0px 24px hsla(var(--awb-color7-h),var(--awb-color7-s),var(--awb-color7-l),calc(var(--awb-color7-a) - 40%));;--awb-border-color:var(--awb-color4);--awb-border-color-hover:var(--awb-color7);--awb-border-top:1px;--awb-border-right:1px;--awb-border-bottom:1px;--awb-border-left:1px;--awb-border-style:solid;--awb-border-radius:6px 6px 6px 6px;--awb-flex-grow:0;--awb-flex-shrink:0;--awb-flex-grow-medium:0;--awb-flex-shrink-medium:0;--awb-flex-grow-small:0;--awb-flex-shrink-small:0;\" data-animationType=\"fadeIn\" data-animationDuration=\"1.3\" data-animationOffset=\"top-into-view\"><div class=\"fusion-column-wrapper fusion-column-has-shadow fusion-flex-justify-content-flex-start fusion-content-layout-column\"><div class=\"fusion-image-element \" style=\"--awb-aspect-ratio:16 \/ 9;--awb-margin-bottom:10px;--awb-caption-title-font-family:var(--h2_typography-font-family);--awb-caption-title-font-weight:var(--h2_typography-font-weight);--awb-caption-title-font-style:var(--h2_typography-font-style);--awb-caption-title-size:var(--h2_typography-font-size);--awb-caption-title-transform:var(--h2_typography-text-transform);--awb-caption-title-line-height:var(--h2_typography-line-height);--awb-caption-title-letter-spacing:var(--h2_typography-letter-spacing);\"><span class=\" fusion-imageframe imageframe-none imageframe-135 hover-type-none has-aspect-ratio\"><a class=\"fusion-no-lightbox\" href=\"https:\/\/www.choral-events.com\/es\/chorales\/coro-de-camara-furiant\/\" target=\"_self\" aria-label=\"Coros Europa. Furioso\"><img decoding=\"async\" width=\"2560\" height=\"1707\" alt=\"Cantar en grupo en un entorno grandioso con un coro durante un festival internacional.\" src=\"https:\/\/www.choral-events.com\/wp-content\/uploads\/2025\/01\/Furiant-2024-1-scaled-1.jpg\" class=\"img-responsive wp-image-49330 img-with-aspect-ratio\" data-parent-fit=\"cover\" data-parent-container=\".fusion-image-element\" srcset=\"https:\/\/www.choral-events.com\/wp-content\/uploads\/2025\/01\/Furiant-2024-1-scaled-1-200x133.jpg 200w, https:\/\/www.choral-events.com\/wp-content\/uploads\/2025\/01\/Furiant-2024-1-scaled-1-400x267.jpg 400w, https:\/\/www.choral-events.com\/wp-content\/uploads\/2025\/01\/Furiant-2024-1-scaled-1-600x400.jpg 600w, https:\/\/www.choral-events.com\/wp-content\/uploads\/2025\/01\/Furiant-2024-1-scaled-1-800x533.jpg 800w, https:\/\/www.choral-events.com\/wp-content\/uploads\/2025\/01\/Furiant-2024-1-scaled-1-1200x800.jpg 1200w, https:\/\/www.choral-events.com\/wp-content\/uploads\/2025\/01\/Furiant-2024-1-scaled-1.jpg 2560w\" sizes=\"(max-width: 1024px) 100vw, (max-width: 640px) 100vw, 2560px\" \/><\/a><\/span><\/div><div class=\"fusion-title title fusion-title-137 fusion-sep-none fusion-title-center fusion-title-text fusion-title-size-paragraph\" style=\"--awb-text-color:var(--awb-color7);--awb-margin-top:10px;--awb-margin-right:5px;--awb-margin-bottom:10px;--awb-margin-left:5px;--awb-margin-top-small:16px;--awb-margin-right-small:0px;--awb-margin-bottom-small:10px;--awb-margin-left-small:0px;--awb-link-color:var(--awb-color7);--awb-font-size:16px;\"><p class=\"fusion-title-heading title-heading-center title-heading-tag fusion-responsive-typography-calculated\" style=\"margin:0;font-size:1em;--fontSize:16;--minFontSize:16;line-height:1.6;\"><a href=\"https:\/\/www.choral-events.com\/es\/chorales\/coro-de-camara-furiant\/\" class=\"awb-custom-text-color awb-custom-text-hover-color\" target=\"_self\">Coro de C\u00e1mara Furiant<\/a><\/p><\/div><div class=\"fusion-separator\" style=\"align-self: center;margin-left: auto;margin-right: auto;flex-grow:10;margin-top:5px;margin-bottom:10px;width:100%;max-width:70px;\"><div class=\"fusion-separator-border sep-single sep-solid\" style=\"--awb-height:20px;--awb-amount:20px;border-color:var(--awb-color2);border-top-width:1px;\"><\/div><\/div><div class=\"fusion-text fusion-text-136\" style=\"--awb-content-alignment:center;--awb-text-transform:capitalize;--awb-text-color:var(--awb-color4);\"><p>B\u00e9lgica<\/p>\n<\/div><\/div><\/li>\n<li class=\"fusion-layout-column fusion_builder_column fusion-builder-column-138 fusion-flex-column fusion-animated post-card fusion-grid-column fusion-post-cards-grid-column fusion-animated\" style=\"--awb-padding-bottom:5px;--awb-overflow:hidden;--awb-bg-color:var(--awb-color1);--awb-bg-color-hover:var(--awb-custom_color_2);--awb-bg-size:cover;--awb-box-shadow:0px 0px 24px hsla(var(--awb-color7-h),var(--awb-color7-s),var(--awb-color7-l),calc(var(--awb-color7-a) - 40%));;--awb-border-color:var(--awb-color4);--awb-border-color-hover:var(--awb-color7);--awb-border-top:1px;--awb-border-right:1px;--awb-border-bottom:1px;--awb-border-left:1px;--awb-border-style:solid;--awb-border-radius:6px 6px 6px 6px;--awb-flex-grow:0;--awb-flex-shrink:0;--awb-flex-grow-medium:0;--awb-flex-shrink-medium:0;--awb-flex-grow-small:0;--awb-flex-shrink-small:0;\" data-animationType=\"fadeIn\" data-animationDuration=\"1.3\" data-animationOffset=\"top-into-view\"><div class=\"fusion-column-wrapper fusion-column-has-shadow fusion-flex-justify-content-flex-start fusion-content-layout-column\"><div class=\"fusion-image-element \" style=\"--awb-aspect-ratio:16 \/ 9;--awb-margin-bottom:10px;--awb-caption-title-font-family:var(--h2_typography-font-family);--awb-caption-title-font-weight:var(--h2_typography-font-weight);--awb-caption-title-font-style:var(--h2_typography-font-style);--awb-caption-title-size:var(--h2_typography-font-size);--awb-caption-title-transform:var(--h2_typography-text-transform);--awb-caption-title-line-height:var(--h2_typography-line-height);--awb-caption-title-letter-spacing:var(--h2_typography-letter-spacing);\"><span class=\" fusion-imageframe imageframe-none imageframe-136 hover-type-none has-aspect-ratio\"><a class=\"fusion-no-lightbox\" href=\"https:\/\/www.choral-events.com\/es\/chorales\/coro-de-camara-masculino-permonik-karvina\/\" target=\"_self\" aria-label=\"Coro de c\u00e1mara masculino Permon\u00edk Karvin\u00e1\"><img decoding=\"async\" width=\"945\" height=\"630\" src=\"https:\/\/www.choral-events.com\/wp-content\/uploads\/2025\/05\/Mens.png\" class=\"img-responsive wp-image-49389 img-with-aspect-ratio\" data-parent-fit=\"cover\" data-parent-container=\".fusion-image-element\" alt srcset=\"https:\/\/www.choral-events.com\/wp-content\/uploads\/2025\/05\/Mens-200x133.png 200w, https:\/\/www.choral-events.com\/wp-content\/uploads\/2025\/05\/Mens-400x267.png 400w, https:\/\/www.choral-events.com\/wp-content\/uploads\/2025\/05\/Mens-600x400.png 600w, https:\/\/www.choral-events.com\/wp-content\/uploads\/2025\/05\/Mens-800x533.png 800w, https:\/\/www.choral-events.com\/wp-content\/uploads\/2025\/05\/Mens.png 945w\" sizes=\"(max-width: 1024px) 100vw, (max-width: 640px) 100vw, 945px\" \/><\/a><\/span><\/div><div class=\"fusion-title title fusion-title-138 fusion-sep-none fusion-title-center fusion-title-text fusion-title-size-paragraph\" style=\"--awb-text-color:var(--awb-color7);--awb-margin-top:10px;--awb-margin-right:5px;--awb-margin-bottom:10px;--awb-margin-left:5px;--awb-margin-top-small:16px;--awb-margin-right-small:0px;--awb-margin-bottom-small:10px;--awb-margin-left-small:0px;--awb-link-color:var(--awb-color7);--awb-font-size:16px;\"><p class=\"fusion-title-heading title-heading-center title-heading-tag fusion-responsive-typography-calculated\" style=\"margin:0;font-size:1em;--fontSize:16;--minFontSize:16;line-height:1.6;\"><a href=\"https:\/\/www.choral-events.com\/es\/chorales\/coro-de-camara-masculino-permonik-karvina\/\" class=\"awb-custom-text-color awb-custom-text-hover-color\" target=\"_self\">Coro de c\u00e1mara masculino Permon\u00edk Karvin\u00e1<\/a><\/p><\/div><div class=\"fusion-separator\" style=\"align-self: center;margin-left: auto;margin-right: auto;flex-grow:10;margin-top:5px;margin-bottom:10px;width:100%;max-width:70px;\"><div class=\"fusion-separator-border sep-single sep-solid\" style=\"--awb-height:20px;--awb-amount:20px;border-color:var(--awb-color2);border-top-width:1px;\"><\/div><\/div><div class=\"fusion-text fusion-text-137\" style=\"--awb-content-alignment:center;--awb-text-transform:capitalize;--awb-text-color:var(--awb-color4);\"><p>Rep\u00fablica Checa<\/p>\n<\/div><\/div><\/li>\n<li class=\"fusion-layout-column fusion_builder_column fusion-builder-column-139 fusion-flex-column fusion-animated post-card fusion-grid-column fusion-post-cards-grid-column fusion-animated\" style=\"--awb-padding-bottom:5px;--awb-overflow:hidden;--awb-bg-color:var(--awb-color1);--awb-bg-color-hover:var(--awb-custom_color_2);--awb-bg-size:cover;--awb-box-shadow:0px 0px 24px hsla(var(--awb-color7-h),var(--awb-color7-s),var(--awb-color7-l),calc(var(--awb-color7-a) - 40%));;--awb-border-color:var(--awb-color4);--awb-border-color-hover:var(--awb-color7);--awb-border-top:1px;--awb-border-right:1px;--awb-border-bottom:1px;--awb-border-left:1px;--awb-border-style:solid;--awb-border-radius:6px 6px 6px 6px;--awb-flex-grow:0;--awb-flex-shrink:0;--awb-flex-grow-medium:0;--awb-flex-shrink-medium:0;--awb-flex-grow-small:0;--awb-flex-shrink-small:0;\" data-animationType=\"fadeIn\" data-animationDuration=\"1.3\" data-animationOffset=\"top-into-view\"><div class=\"fusion-column-wrapper fusion-column-has-shadow fusion-flex-justify-content-flex-start fusion-content-layout-column\"><div class=\"fusion-image-element \" style=\"--awb-aspect-ratio:16 \/ 9;--awb-margin-bottom:10px;--awb-caption-title-font-family:var(--h2_typography-font-family);--awb-caption-title-font-weight:var(--h2_typography-font-weight);--awb-caption-title-font-style:var(--h2_typography-font-style);--awb-caption-title-size:var(--h2_typography-font-size);--awb-caption-title-transform:var(--h2_typography-text-transform);--awb-caption-title-line-height:var(--h2_typography-line-height);--awb-caption-title-letter-spacing:var(--h2_typography-letter-spacing);\"><span class=\" fusion-imageframe imageframe-none imageframe-137 hover-type-none has-aspect-ratio\"><a class=\"fusion-no-lightbox\" href=\"https:\/\/www.choral-events.com\/es\/chorales\/coro-de-camara-mixto-del-hospital-universitario-de-vilnius-santara\/\" target=\"_self\" aria-label=\"Foto del coro Santara (002)\"><img decoding=\"async\" width=\"2560\" height=\"2560\" src=\"https:\/\/www.choral-events.com\/wp-content\/uploads\/2025\/05\/Santara-choir-photo-002-scaled-1.jpg\" class=\"img-responsive wp-image-49385 img-with-aspect-ratio\" data-parent-fit=\"cover\" data-parent-container=\".fusion-image-element\" alt srcset=\"https:\/\/www.choral-events.com\/wp-content\/uploads\/2025\/05\/Santara-choir-photo-002-scaled-1-200x200.jpg 200w, https:\/\/www.choral-events.com\/wp-content\/uploads\/2025\/05\/Santara-choir-photo-002-scaled-1-400x400.jpg 400w, https:\/\/www.choral-events.com\/wp-content\/uploads\/2025\/05\/Santara-choir-photo-002-scaled-1-600x600.jpg 600w, https:\/\/www.choral-events.com\/wp-content\/uploads\/2025\/05\/Santara-choir-photo-002-scaled-1-800x800.jpg 800w, https:\/\/www.choral-events.com\/wp-content\/uploads\/2025\/05\/Santara-choir-photo-002-scaled-1-1200x1200.jpg 1200w, https:\/\/www.choral-events.com\/wp-content\/uploads\/2025\/05\/Santara-choir-photo-002-scaled-1.jpg 2560w\" sizes=\"(max-width: 1024px) 100vw, (max-width: 640px) 100vw, 2560px\" \/><\/a><\/span><\/div><div class=\"fusion-title title fusion-title-139 fusion-sep-none fusion-title-center fusion-title-text fusion-title-size-paragraph\" style=\"--awb-text-color:var(--awb-color7);--awb-margin-top:10px;--awb-margin-right:5px;--awb-margin-bottom:10px;--awb-margin-left:5px;--awb-margin-top-small:16px;--awb-margin-right-small:0px;--awb-margin-bottom-small:10px;--awb-margin-left-small:0px;--awb-link-color:var(--awb-color7);--awb-font-size:16px;\"><p class=\"fusion-title-heading title-heading-center title-heading-tag fusion-responsive-typography-calculated\" style=\"margin:0;font-size:1em;--fontSize:16;--minFontSize:16;line-height:1.6;\"><a href=\"https:\/\/www.choral-events.com\/es\/chorales\/coro-de-camara-mixto-del-hospital-universitario-de-vilnius-santara\/\" class=\"awb-custom-text-color awb-custom-text-hover-color\" target=\"_self\">Coro de c\u00e1mara mixto del Hospital Universitario de Vilnius Santara<\/a><\/p><\/div><div class=\"fusion-separator\" style=\"align-self: center;margin-left: auto;margin-right: auto;flex-grow:10;margin-top:5px;margin-bottom:10px;width:100%;max-width:70px;\"><div class=\"fusion-separator-border sep-single sep-solid\" style=\"--awb-height:20px;--awb-amount:20px;border-color:var(--awb-color2);border-top-width:1px;\"><\/div><\/div><div class=\"fusion-text fusion-text-138\" style=\"--awb-content-alignment:center;--awb-text-transform:capitalize;--awb-text-color:var(--awb-color4);\"><p>Lituania<\/p>\n<\/div><\/div><\/li>\n<li class=\"fusion-layout-column fusion_builder_column fusion-builder-column-140 fusion-flex-column fusion-animated post-card fusion-grid-column fusion-post-cards-grid-column fusion-animated\" style=\"--awb-padding-bottom:5px;--awb-overflow:hidden;--awb-bg-color:var(--awb-color1);--awb-bg-color-hover:var(--awb-custom_color_2);--awb-bg-size:cover;--awb-box-shadow:0px 0px 24px hsla(var(--awb-color7-h),var(--awb-color7-s),var(--awb-color7-l),calc(var(--awb-color7-a) - 40%));;--awb-border-color:var(--awb-color4);--awb-border-color-hover:var(--awb-color7);--awb-border-top:1px;--awb-border-right:1px;--awb-border-bottom:1px;--awb-border-left:1px;--awb-border-style:solid;--awb-border-radius:6px 6px 6px 6px;--awb-flex-grow:0;--awb-flex-shrink:0;--awb-flex-grow-medium:0;--awb-flex-shrink-medium:0;--awb-flex-grow-small:0;--awb-flex-shrink-small:0;\" data-animationType=\"fadeIn\" data-animationDuration=\"1.3\" data-animationOffset=\"top-into-view\"><div class=\"fusion-column-wrapper fusion-column-has-shadow fusion-flex-justify-content-flex-start fusion-content-layout-column\"><div class=\"fusion-image-element \" style=\"--awb-aspect-ratio:16 \/ 9;--awb-margin-bottom:10px;--awb-caption-title-font-family:var(--h2_typography-font-family);--awb-caption-title-font-weight:var(--h2_typography-font-weight);--awb-caption-title-font-style:var(--h2_typography-font-style);--awb-caption-title-size:var(--h2_typography-font-size);--awb-caption-title-transform:var(--h2_typography-text-transform);--awb-caption-title-line-height:var(--h2_typography-line-height);--awb-caption-title-letter-spacing:var(--h2_typography-letter-spacing);\"><span class=\" fusion-imageframe imageframe-none imageframe-138 hover-type-none has-aspect-ratio\"><a class=\"fusion-no-lightbox\" href=\"https:\/\/www.choral-events.com\/es\/chorales\/coro-de-jean\/\" target=\"_self\" aria-label=\"Coro Jean\u2019s \u2013 Israel\"><img decoding=\"async\" width=\"2560\" height=\"1440\" alt=\"Coro Jean\u2019s \u2013 Israel\" src=\"https:\/\/www.choral-events.com\/wp-content\/uploads\/2025\/01\/Jeans-official-pic-1-scaled-1.jpg\" class=\"img-responsive wp-image-49266 img-with-aspect-ratio\" data-parent-fit=\"cover\" data-parent-container=\".fusion-image-element\" srcset=\"https:\/\/www.choral-events.com\/wp-content\/uploads\/2025\/01\/Jeans-official-pic-1-scaled-1-200x113.jpg 200w, https:\/\/www.choral-events.com\/wp-content\/uploads\/2025\/01\/Jeans-official-pic-1-scaled-1-400x225.jpg 400w, https:\/\/www.choral-events.com\/wp-content\/uploads\/2025\/01\/Jeans-official-pic-1-scaled-1-600x338.jpg 600w, https:\/\/www.choral-events.com\/wp-content\/uploads\/2025\/01\/Jeans-official-pic-1-scaled-1-800x450.jpg 800w, https:\/\/www.choral-events.com\/wp-content\/uploads\/2025\/01\/Jeans-official-pic-1-scaled-1-1200x675.jpg 1200w, https:\/\/www.choral-events.com\/wp-content\/uploads\/2025\/01\/Jeans-official-pic-1-scaled-1.jpg 2560w\" sizes=\"(max-width: 1024px) 100vw, (max-width: 640px) 100vw, 2560px\" \/><\/a><\/span><\/div><div class=\"fusion-title title fusion-title-140 fusion-sep-none fusion-title-center fusion-title-text fusion-title-size-paragraph\" style=\"--awb-text-color:var(--awb-color7);--awb-margin-top:10px;--awb-margin-right:5px;--awb-margin-bottom:10px;--awb-margin-left:5px;--awb-margin-top-small:16px;--awb-margin-right-small:0px;--awb-margin-bottom-small:10px;--awb-margin-left-small:0px;--awb-link-color:var(--awb-color7);--awb-font-size:16px;\"><p class=\"fusion-title-heading title-heading-center title-heading-tag fusion-responsive-typography-calculated\" style=\"margin:0;font-size:1em;--fontSize:16;--minFontSize:16;line-height:1.6;\"><a href=\"https:\/\/www.choral-events.com\/es\/chorales\/coro-de-jean\/\" class=\"awb-custom-text-color awb-custom-text-hover-color\" target=\"_self\">Coro de Jean<\/a><\/p><\/div><div class=\"fusion-separator\" style=\"align-self: center;margin-left: auto;margin-right: auto;flex-grow:10;margin-top:5px;margin-bottom:10px;width:100%;max-width:70px;\"><div class=\"fusion-separator-border sep-single sep-solid\" style=\"--awb-height:20px;--awb-amount:20px;border-color:var(--awb-color2);border-top-width:1px;\"><\/div><\/div><div class=\"fusion-text fusion-text-139\" style=\"--awb-content-alignment:center;--awb-text-transform:capitalize;--awb-text-color:var(--awb-color4);\"><p>Israel<\/p>\n<\/div><\/div><\/li>\n<li class=\"fusion-layout-column fusion_builder_column fusion-builder-column-141 fusion-flex-column fusion-animated post-card fusion-grid-column fusion-post-cards-grid-column fusion-animated\" style=\"--awb-padding-bottom:5px;--awb-overflow:hidden;--awb-bg-color:var(--awb-color1);--awb-bg-color-hover:var(--awb-custom_color_2);--awb-bg-size:cover;--awb-box-shadow:0px 0px 24px hsla(var(--awb-color7-h),var(--awb-color7-s),var(--awb-color7-l),calc(var(--awb-color7-a) - 40%));;--awb-border-color:var(--awb-color4);--awb-border-color-hover:var(--awb-color7);--awb-border-top:1px;--awb-border-right:1px;--awb-border-bottom:1px;--awb-border-left:1px;--awb-border-style:solid;--awb-border-radius:6px 6px 6px 6px;--awb-flex-grow:0;--awb-flex-shrink:0;--awb-flex-grow-medium:0;--awb-flex-shrink-medium:0;--awb-flex-grow-small:0;--awb-flex-shrink-small:0;\" data-animationType=\"fadeIn\" data-animationDuration=\"1.3\" data-animationOffset=\"top-into-view\"><div class=\"fusion-column-wrapper fusion-column-has-shadow fusion-flex-justify-content-flex-start fusion-content-layout-column\"><div class=\"fusion-image-element \" style=\"--awb-aspect-ratio:16 \/ 9;--awb-margin-bottom:10px;--awb-caption-title-font-family:var(--h2_typography-font-family);--awb-caption-title-font-weight:var(--h2_typography-font-weight);--awb-caption-title-font-style:var(--h2_typography-font-style);--awb-caption-title-size:var(--h2_typography-font-size);--awb-caption-title-transform:var(--h2_typography-text-transform);--awb-caption-title-line-height:var(--h2_typography-line-height);--awb-caption-title-letter-spacing:var(--h2_typography-letter-spacing);\"><span class=\" fusion-imageframe imageframe-none imageframe-139 hover-type-none has-aspect-ratio\"><a class=\"fusion-no-lightbox\" href=\"https:\/\/www.choral-events.com\/es\/chorales\/coro-de-jovenes-furiale\/\" target=\"_self\" aria-label=\"Coro Juvenil Furiale \u2013 B\u00e9lgica\"><img decoding=\"async\" width=\"2560\" height=\"1031\" alt=\"Coro, festival, amateurs, Francia, Europa, 25 a\u00f1os.\" src=\"https:\/\/www.choral-events.com\/wp-content\/uploads\/2025\/01\/Furiale-2024-2-scaled-1.jpg\" class=\"img-responsive wp-image-49338 img-with-aspect-ratio\" data-parent-fit=\"cover\" data-parent-container=\".fusion-image-element\" srcset=\"https:\/\/www.choral-events.com\/wp-content\/uploads\/2025\/01\/Furiale-2024-2-scaled-1-200x81.jpg 200w, https:\/\/www.choral-events.com\/wp-content\/uploads\/2025\/01\/Furiale-2024-2-scaled-1-400x161.jpg 400w, https:\/\/www.choral-events.com\/wp-content\/uploads\/2025\/01\/Furiale-2024-2-scaled-1-600x242.jpg 600w, https:\/\/www.choral-events.com\/wp-content\/uploads\/2025\/01\/Furiale-2024-2-scaled-1-800x322.jpg 800w, https:\/\/www.choral-events.com\/wp-content\/uploads\/2025\/01\/Furiale-2024-2-scaled-1-1200x483.jpg 1200w, https:\/\/www.choral-events.com\/wp-content\/uploads\/2025\/01\/Furiale-2024-2-scaled-1.jpg 2560w\" sizes=\"(max-width: 1024px) 100vw, (max-width: 640px) 100vw, 2560px\" \/><\/a><\/span><\/div><div class=\"fusion-title title fusion-title-141 fusion-sep-none fusion-title-center fusion-title-text fusion-title-size-paragraph\" style=\"--awb-text-color:var(--awb-color7);--awb-margin-top:10px;--awb-margin-right:5px;--awb-margin-bottom:10px;--awb-margin-left:5px;--awb-margin-top-small:16px;--awb-margin-right-small:0px;--awb-margin-bottom-small:10px;--awb-margin-left-small:0px;--awb-link-color:var(--awb-color7);--awb-font-size:16px;\"><p class=\"fusion-title-heading title-heading-center title-heading-tag fusion-responsive-typography-calculated\" style=\"margin:0;font-size:1em;--fontSize:16;--minFontSize:16;line-height:1.6;\"><a href=\"https:\/\/www.choral-events.com\/es\/chorales\/coro-de-jovenes-furiale\/\" class=\"awb-custom-text-color awb-custom-text-hover-color\" target=\"_self\">Coro de J\u00f3venes Furiale<\/a><\/p><\/div><div class=\"fusion-separator\" style=\"align-self: center;margin-left: auto;margin-right: auto;flex-grow:10;margin-top:5px;margin-bottom:10px;width:100%;max-width:70px;\"><div class=\"fusion-separator-border sep-single sep-solid\" style=\"--awb-height:20px;--awb-amount:20px;border-color:var(--awb-color2);border-top-width:1px;\"><\/div><\/div><div class=\"fusion-text fusion-text-140\" style=\"--awb-content-alignment:center;--awb-text-transform:capitalize;--awb-text-color:var(--awb-color4);\"><p>B\u00e9lgica<\/p>\n<\/div><\/div><\/li>\n<li class=\"fusion-layout-column fusion_builder_column fusion-builder-column-142 fusion-flex-column fusion-animated post-card fusion-grid-column fusion-post-cards-grid-column fusion-animated\" style=\"--awb-padding-bottom:5px;--awb-overflow:hidden;--awb-bg-color:var(--awb-color1);--awb-bg-color-hover:var(--awb-custom_color_2);--awb-bg-size:cover;--awb-box-shadow:0px 0px 24px hsla(var(--awb-color7-h),var(--awb-color7-s),var(--awb-color7-l),calc(var(--awb-color7-a) - 40%));;--awb-border-color:var(--awb-color4);--awb-border-color-hover:var(--awb-color7);--awb-border-top:1px;--awb-border-right:1px;--awb-border-bottom:1px;--awb-border-left:1px;--awb-border-style:solid;--awb-border-radius:6px 6px 6px 6px;--awb-flex-grow:0;--awb-flex-shrink:0;--awb-flex-grow-medium:0;--awb-flex-shrink-medium:0;--awb-flex-grow-small:0;--awb-flex-shrink-small:0;\" data-animationType=\"fadeIn\" data-animationDuration=\"1.3\" data-animationOffset=\"top-into-view\"><div class=\"fusion-column-wrapper fusion-column-has-shadow fusion-flex-justify-content-flex-start fusion-content-layout-column\"><div class=\"fusion-image-element \" style=\"--awb-aspect-ratio:16 \/ 9;--awb-margin-bottom:10px;--awb-caption-title-font-family:var(--h2_typography-font-family);--awb-caption-title-font-weight:var(--h2_typography-font-weight);--awb-caption-title-font-style:var(--h2_typography-font-style);--awb-caption-title-size:var(--h2_typography-font-size);--awb-caption-title-transform:var(--h2_typography-text-transform);--awb-caption-title-line-height:var(--h2_typography-line-height);--awb-caption-title-letter-spacing:var(--h2_typography-letter-spacing);\"><span class=\" fusion-imageframe imageframe-none imageframe-140 hover-type-none has-aspect-ratio\"><a class=\"fusion-no-lightbox\" href=\"https:\/\/www.choral-events.com\/es\/chorales\/coro-de-la-universidad-medica-de-lodz\/\" target=\"_self\" aria-label=\"Choir of Medical University of Lodz 2 (2)\"><img decoding=\"async\" width=\"1821\" height=\"1416\" alt=\"Choir of Medical University of Lodz\" src=\"https:\/\/www.choral-events.com\/wp-content\/uploads\/2025\/04\/Choir-of-Medical-University-of-Lodz-2-2.png\" class=\"img-responsive wp-image-49353 img-with-aspect-ratio\" data-parent-fit=\"cover\" data-parent-container=\".fusion-image-element\" srcset=\"https:\/\/www.choral-events.com\/wp-content\/uploads\/2025\/04\/Choir-of-Medical-University-of-Lodz-2-2-200x156.png 200w, https:\/\/www.choral-events.com\/wp-content\/uploads\/2025\/04\/Choir-of-Medical-University-of-Lodz-2-2-400x311.png 400w, https:\/\/www.choral-events.com\/wp-content\/uploads\/2025\/04\/Choir-of-Medical-University-of-Lodz-2-2-600x467.png 600w, https:\/\/www.choral-events.com\/wp-content\/uploads\/2025\/04\/Choir-of-Medical-University-of-Lodz-2-2-800x622.png 800w, https:\/\/www.choral-events.com\/wp-content\/uploads\/2025\/04\/Choir-of-Medical-University-of-Lodz-2-2-1200x933.png 1200w, https:\/\/www.choral-events.com\/wp-content\/uploads\/2025\/04\/Choir-of-Medical-University-of-Lodz-2-2.png 1821w\" sizes=\"(max-width: 1024px) 100vw, (max-width: 640px) 100vw, 1821px\" \/><\/a><\/span><\/div><div class=\"fusion-title title fusion-title-142 fusion-sep-none fusion-title-center fusion-title-text fusion-title-size-paragraph\" style=\"--awb-text-color:var(--awb-color7);--awb-margin-top:10px;--awb-margin-right:5px;--awb-margin-bottom:10px;--awb-margin-left:5px;--awb-margin-top-small:16px;--awb-margin-right-small:0px;--awb-margin-bottom-small:10px;--awb-margin-left-small:0px;--awb-link-color:var(--awb-color7);--awb-font-size:16px;\"><p class=\"fusion-title-heading title-heading-center title-heading-tag fusion-responsive-typography-calculated\" style=\"margin:0;font-size:1em;--fontSize:16;--minFontSize:16;line-height:1.6;\"><a href=\"https:\/\/www.choral-events.com\/es\/chorales\/coro-de-la-universidad-medica-de-lodz\/\" class=\"awb-custom-text-color awb-custom-text-hover-color\" target=\"_self\">Coro de la Universidad M\u00e9dica de Lodz<\/a><\/p><\/div><div class=\"fusion-separator\" style=\"align-self: center;margin-left: auto;margin-right: auto;flex-grow:10;margin-top:5px;margin-bottom:10px;width:100%;max-width:70px;\"><div class=\"fusion-separator-border sep-single sep-solid\" style=\"--awb-height:20px;--awb-amount:20px;border-color:var(--awb-color2);border-top-width:1px;\"><\/div><\/div><div class=\"fusion-text fusion-text-141\" style=\"--awb-content-alignment:center;--awb-text-transform:capitalize;--awb-text-color:var(--awb-color4);\"><p>Polonia<\/p>\n<\/div><\/div><\/li>\n<li class=\"fusion-layout-column fusion_builder_column fusion-builder-column-143 fusion-flex-column fusion-animated post-card fusion-grid-column fusion-post-cards-grid-column fusion-animated\" style=\"--awb-padding-bottom:5px;--awb-overflow:hidden;--awb-bg-color:var(--awb-color1);--awb-bg-color-hover:var(--awb-custom_color_2);--awb-bg-size:cover;--awb-box-shadow:0px 0px 24px hsla(var(--awb-color7-h),var(--awb-color7-s),var(--awb-color7-l),calc(var(--awb-color7-a) - 40%));;--awb-border-color:var(--awb-color4);--awb-border-color-hover:var(--awb-color7);--awb-border-top:1px;--awb-border-right:1px;--awb-border-bottom:1px;--awb-border-left:1px;--awb-border-style:solid;--awb-border-radius:6px 6px 6px 6px;--awb-flex-grow:0;--awb-flex-shrink:0;--awb-flex-grow-medium:0;--awb-flex-shrink-medium:0;--awb-flex-grow-small:0;--awb-flex-shrink-small:0;\" data-animationType=\"fadeIn\" data-animationDuration=\"1.3\" data-animationOffset=\"top-into-view\"><div class=\"fusion-column-wrapper fusion-column-has-shadow fusion-flex-justify-content-flex-start fusion-content-layout-column\"><div class=\"fusion-image-element \" style=\"--awb-aspect-ratio:16 \/ 9;--awb-margin-bottom:10px;--awb-caption-title-font-family:var(--h2_typography-font-family);--awb-caption-title-font-weight:var(--h2_typography-font-weight);--awb-caption-title-font-style:var(--h2_typography-font-style);--awb-caption-title-size:var(--h2_typography-font-size);--awb-caption-title-transform:var(--h2_typography-text-transform);--awb-caption-title-line-height:var(--h2_typography-line-height);--awb-caption-title-letter-spacing:var(--h2_typography-letter-spacing);\"><span class=\" fusion-imageframe imageframe-none imageframe-141 hover-type-none has-aspect-ratio\"><a class=\"fusion-no-lightbox\" href=\"https:\/\/www.choral-events.com\/es\/chorales\/coro-de-mujeres-belle-canto\/\" target=\"_self\" aria-label=\"Saludos navide\u00f1os interculturales.\"><img decoding=\"async\" width=\"2100\" height=\"1400\" alt=\"Saludos interculturales de Navidad en grupo.\" src=\"https:\/\/www.choral-events.com\/wp-content\/uploads\/2025\/01\/BelleCanto_med-1030.jpg\" class=\"img-responsive wp-image-49332 img-with-aspect-ratio\" data-parent-fit=\"cover\" data-parent-container=\".fusion-image-element\" srcset=\"https:\/\/www.choral-events.com\/wp-content\/uploads\/2025\/01\/BelleCanto_med-1030-200x133.jpg 200w, https:\/\/www.choral-events.com\/wp-content\/uploads\/2025\/01\/BelleCanto_med-1030-400x267.jpg 400w, https:\/\/www.choral-events.com\/wp-content\/uploads\/2025\/01\/BelleCanto_med-1030-600x400.jpg 600w, https:\/\/www.choral-events.com\/wp-content\/uploads\/2025\/01\/BelleCanto_med-1030-800x533.jpg 800w, https:\/\/www.choral-events.com\/wp-content\/uploads\/2025\/01\/BelleCanto_med-1030-1200x800.jpg 1200w, https:\/\/www.choral-events.com\/wp-content\/uploads\/2025\/01\/BelleCanto_med-1030.jpg 2100w\" sizes=\"(max-width: 1024px) 100vw, (max-width: 640px) 100vw, 2100px\" \/><\/a><\/span><\/div><div class=\"fusion-title title fusion-title-143 fusion-sep-none fusion-title-center fusion-title-text fusion-title-size-paragraph\" style=\"--awb-text-color:var(--awb-color7);--awb-margin-top:10px;--awb-margin-right:5px;--awb-margin-bottom:10px;--awb-margin-left:5px;--awb-margin-top-small:16px;--awb-margin-right-small:0px;--awb-margin-bottom-small:10px;--awb-margin-left-small:0px;--awb-link-color:var(--awb-color7);--awb-font-size:16px;\"><p class=\"fusion-title-heading title-heading-center title-heading-tag fusion-responsive-typography-calculated\" style=\"margin:0;font-size:1em;--fontSize:16;--minFontSize:16;line-height:1.6;\"><a href=\"https:\/\/www.choral-events.com\/es\/chorales\/coro-de-mujeres-belle-canto\/\" class=\"awb-custom-text-color awb-custom-text-hover-color\" target=\"_self\">Coro de Mujeres Belle Canto<\/a><\/p><\/div><div class=\"fusion-separator\" style=\"align-self: center;margin-left: auto;margin-right: auto;flex-grow:10;margin-top:5px;margin-bottom:10px;width:100%;max-width:70px;\"><div class=\"fusion-separator-border sep-single sep-solid\" style=\"--awb-height:20px;--awb-amount:20px;border-color:var(--awb-color2);border-top-width:1px;\"><\/div><\/div><div class=\"fusion-text fusion-text-142\" style=\"--awb-content-alignment:center;--awb-text-transform:capitalize;--awb-text-color:var(--awb-color4);\"><p>Canad\u00e1<\/p>\n<\/div><\/div><\/li>\n<li class=\"fusion-layout-column fusion_builder_column fusion-builder-column-144 fusion-flex-column fusion-animated post-card fusion-grid-column fusion-post-cards-grid-column fusion-animated\" style=\"--awb-padding-bottom:5px;--awb-overflow:hidden;--awb-bg-color:var(--awb-color1);--awb-bg-color-hover:var(--awb-custom_color_2);--awb-bg-size:cover;--awb-box-shadow:0px 0px 24px hsla(var(--awb-color7-h),var(--awb-color7-s),var(--awb-color7-l),calc(var(--awb-color7-a) - 40%));;--awb-border-color:var(--awb-color4);--awb-border-color-hover:var(--awb-color7);--awb-border-top:1px;--awb-border-right:1px;--awb-border-bottom:1px;--awb-border-left:1px;--awb-border-style:solid;--awb-border-radius:6px 6px 6px 6px;--awb-flex-grow:0;--awb-flex-shrink:0;--awb-flex-grow-medium:0;--awb-flex-shrink-medium:0;--awb-flex-grow-small:0;--awb-flex-shrink-small:0;\" data-animationType=\"fadeIn\" data-animationDuration=\"1.3\" data-animationOffset=\"top-into-view\"><div class=\"fusion-column-wrapper fusion-column-has-shadow fusion-flex-justify-content-flex-start fusion-content-layout-column\"><div class=\"fusion-image-element \" style=\"--awb-aspect-ratio:16 \/ 9;--awb-margin-bottom:10px;--awb-caption-title-font-family:var(--h2_typography-font-family);--awb-caption-title-font-weight:var(--h2_typography-font-weight);--awb-caption-title-font-style:var(--h2_typography-font-style);--awb-caption-title-size:var(--h2_typography-font-size);--awb-caption-title-transform:var(--h2_typography-text-transform);--awb-caption-title-line-height:var(--h2_typography-line-height);--awb-caption-title-letter-spacing:var(--h2_typography-letter-spacing);\"><span class=\" fusion-imageframe imageframe-none imageframe-142 hover-type-none has-aspect-ratio\"><a class=\"fusion-no-lightbox\" href=\"https:\/\/www.choral-events.com\/es\/chorales\/coro-de-mujeres-furiosa\/\" target=\"_self\" aria-label=\"FuriosaFestival de coros. Furiosa\"><img decoding=\"async\" width=\"2560\" height=\"1707\" alt=\"Festival coral popular europeo.\" src=\"https:\/\/www.choral-events.com\/wp-content\/uploads\/2025\/01\/Furiosa-2024-1-scaled-1.jpg\" class=\"img-responsive wp-image-49320 img-with-aspect-ratio\" data-parent-fit=\"cover\" data-parent-container=\".fusion-image-element\" srcset=\"https:\/\/www.choral-events.com\/wp-content\/uploads\/2025\/01\/Furiosa-2024-1-scaled-1-200x133.jpg 200w, https:\/\/www.choral-events.com\/wp-content\/uploads\/2025\/01\/Furiosa-2024-1-scaled-1-400x267.jpg 400w, https:\/\/www.choral-events.com\/wp-content\/uploads\/2025\/01\/Furiosa-2024-1-scaled-1-600x400.jpg 600w, https:\/\/www.choral-events.com\/wp-content\/uploads\/2025\/01\/Furiosa-2024-1-scaled-1-800x533.jpg 800w, https:\/\/www.choral-events.com\/wp-content\/uploads\/2025\/01\/Furiosa-2024-1-scaled-1-1200x800.jpg 1200w, https:\/\/www.choral-events.com\/wp-content\/uploads\/2025\/01\/Furiosa-2024-1-scaled-1.jpg 2560w\" sizes=\"(max-width: 1024px) 100vw, (max-width: 640px) 100vw, 2560px\" \/><\/a><\/span><\/div><div class=\"fusion-title title fusion-title-144 fusion-sep-none fusion-title-center fusion-title-text fusion-title-size-paragraph\" style=\"--awb-text-color:var(--awb-color7);--awb-margin-top:10px;--awb-margin-right:5px;--awb-margin-bottom:10px;--awb-margin-left:5px;--awb-margin-top-small:16px;--awb-margin-right-small:0px;--awb-margin-bottom-small:10px;--awb-margin-left-small:0px;--awb-link-color:var(--awb-color7);--awb-font-size:16px;\"><p class=\"fusion-title-heading title-heading-center title-heading-tag fusion-responsive-typography-calculated\" style=\"margin:0;font-size:1em;--fontSize:16;--minFontSize:16;line-height:1.6;\"><a href=\"https:\/\/www.choral-events.com\/es\/chorales\/coro-de-mujeres-furiosa\/\" class=\"awb-custom-text-color awb-custom-text-hover-color\" target=\"_self\">Coro de Mujeres Furiosa<\/a><\/p><\/div><div class=\"fusion-separator\" style=\"align-self: center;margin-left: auto;margin-right: auto;flex-grow:10;margin-top:5px;margin-bottom:10px;width:100%;max-width:70px;\"><div class=\"fusion-separator-border sep-single sep-solid\" style=\"--awb-height:20px;--awb-amount:20px;border-color:var(--awb-color2);border-top-width:1px;\"><\/div><\/div><div class=\"fusion-text fusion-text-143\" style=\"--awb-content-alignment:center;--awb-text-transform:capitalize;--awb-text-color:var(--awb-color4);\"><p>B\u00e9lgica<\/p>\n<\/div><\/div><\/li>\n<li class=\"fusion-layout-column fusion_builder_column fusion-builder-column-145 fusion-flex-column fusion-animated post-card fusion-grid-column fusion-post-cards-grid-column fusion-animated\" style=\"--awb-padding-bottom:5px;--awb-overflow:hidden;--awb-bg-color:var(--awb-color1);--awb-bg-color-hover:var(--awb-custom_color_2);--awb-bg-size:cover;--awb-box-shadow:0px 0px 24px hsla(var(--awb-color7-h),var(--awb-color7-s),var(--awb-color7-l),calc(var(--awb-color7-a) - 40%));;--awb-border-color:var(--awb-color4);--awb-border-color-hover:var(--awb-color7);--awb-border-top:1px;--awb-border-right:1px;--awb-border-bottom:1px;--awb-border-left:1px;--awb-border-style:solid;--awb-border-radius:6px 6px 6px 6px;--awb-flex-grow:0;--awb-flex-shrink:0;--awb-flex-grow-medium:0;--awb-flex-shrink-medium:0;--awb-flex-grow-small:0;--awb-flex-shrink-small:0;\" data-animationType=\"fadeIn\" data-animationDuration=\"1.3\" data-animationOffset=\"top-into-view\"><div class=\"fusion-column-wrapper fusion-column-has-shadow fusion-flex-justify-content-flex-start fusion-content-layout-column\"><div class=\"fusion-image-element \" style=\"--awb-aspect-ratio:16 \/ 9;--awb-margin-bottom:10px;--awb-caption-title-font-family:var(--h2_typography-font-family);--awb-caption-title-font-weight:var(--h2_typography-font-weight);--awb-caption-title-font-style:var(--h2_typography-font-style);--awb-caption-title-size:var(--h2_typography-font-size);--awb-caption-title-transform:var(--h2_typography-text-transform);--awb-caption-title-line-height:var(--h2_typography-line-height);--awb-caption-title-letter-spacing:var(--h2_typography-letter-spacing);\"><span class=\" fusion-imageframe imageframe-none imageframe-143 hover-type-none has-aspect-ratio\"><a class=\"fusion-no-lightbox\" href=\"https:\/\/www.choral-events.com\/es\/chorales\/coro-de-mujeres-ladinia\/\" target=\"_self\" aria-label=\"Festival Coral. Ladinia\"><img decoding=\"async\" width=\"2048\" height=\"1366\" alt=\"Festival coral europeo con varios coros con trajes morados.\" src=\"https:\/\/www.choral-events.com\/wp-content\/uploads\/2025\/01\/364790239_802717364938750_3029879943413306579_n.jpg\" class=\"img-responsive wp-image-49326 img-with-aspect-ratio\" data-parent-fit=\"cover\" data-parent-container=\".fusion-image-element\" srcset=\"https:\/\/www.choral-events.com\/wp-content\/uploads\/2025\/01\/364790239_802717364938750_3029879943413306579_n-200x133.jpg 200w, https:\/\/www.choral-events.com\/wp-content\/uploads\/2025\/01\/364790239_802717364938750_3029879943413306579_n-400x267.jpg 400w, https:\/\/www.choral-events.com\/wp-content\/uploads\/2025\/01\/364790239_802717364938750_3029879943413306579_n-600x400.jpg 600w, https:\/\/www.choral-events.com\/wp-content\/uploads\/2025\/01\/364790239_802717364938750_3029879943413306579_n-800x534.jpg 800w, https:\/\/www.choral-events.com\/wp-content\/uploads\/2025\/01\/364790239_802717364938750_3029879943413306579_n-1200x800.jpg 1200w, https:\/\/www.choral-events.com\/wp-content\/uploads\/2025\/01\/364790239_802717364938750_3029879943413306579_n.jpg 2048w\" sizes=\"(max-width: 1024px) 100vw, (max-width: 640px) 100vw, 2048px\" \/><\/a><\/span><\/div><div class=\"fusion-title title fusion-title-145 fusion-sep-none fusion-title-center fusion-title-text fusion-title-size-paragraph\" style=\"--awb-text-color:var(--awb-color7);--awb-margin-top:10px;--awb-margin-right:5px;--awb-margin-bottom:10px;--awb-margin-left:5px;--awb-margin-top-small:16px;--awb-margin-right-small:0px;--awb-margin-bottom-small:10px;--awb-margin-left-small:0px;--awb-link-color:var(--awb-color7);--awb-font-size:16px;\"><p class=\"fusion-title-heading title-heading-center title-heading-tag fusion-responsive-typography-calculated\" style=\"margin:0;font-size:1em;--fontSize:16;--minFontSize:16;line-height:1.6;\"><a href=\"https:\/\/www.choral-events.com\/es\/chorales\/coro-de-mujeres-ladinia\/\" class=\"awb-custom-text-color awb-custom-text-hover-color\" target=\"_self\">Coro de Mujeres Ladinia<\/a><\/p><\/div><div class=\"fusion-separator\" style=\"align-self: center;margin-left: auto;margin-right: auto;flex-grow:10;margin-top:5px;margin-bottom:10px;width:100%;max-width:70px;\"><div class=\"fusion-separator-border sep-single sep-solid\" style=\"--awb-height:20px;--awb-amount:20px;border-color:var(--awb-color2);border-top-width:1px;\"><\/div><\/div><div class=\"fusion-text fusion-text-144\" style=\"--awb-content-alignment:center;--awb-text-transform:capitalize;--awb-text-color:var(--awb-color4);\"><p>Italia<\/p>\n<\/div><\/div><\/li>\n<li class=\"fusion-layout-column fusion_builder_column fusion-builder-column-146 fusion-flex-column fusion-animated post-card fusion-grid-column fusion-post-cards-grid-column fusion-animated\" style=\"--awb-padding-bottom:5px;--awb-overflow:hidden;--awb-bg-color:var(--awb-color1);--awb-bg-color-hover:var(--awb-custom_color_2);--awb-bg-size:cover;--awb-box-shadow:0px 0px 24px hsla(var(--awb-color7-h),var(--awb-color7-s),var(--awb-color7-l),calc(var(--awb-color7-a) - 40%));;--awb-border-color:var(--awb-color4);--awb-border-color-hover:var(--awb-color7);--awb-border-top:1px;--awb-border-right:1px;--awb-border-bottom:1px;--awb-border-left:1px;--awb-border-style:solid;--awb-border-radius:6px 6px 6px 6px;--awb-flex-grow:0;--awb-flex-shrink:0;--awb-flex-grow-medium:0;--awb-flex-shrink-medium:0;--awb-flex-grow-small:0;--awb-flex-shrink-small:0;\" data-animationType=\"fadeIn\" data-animationDuration=\"1.3\" data-animationOffset=\"top-into-view\"><div class=\"fusion-column-wrapper fusion-column-has-shadow fusion-flex-justify-content-flex-start fusion-content-layout-column\"><div class=\"fusion-image-element \" style=\"--awb-aspect-ratio:16 \/ 9;--awb-margin-bottom:10px;--awb-caption-title-font-family:var(--h2_typography-font-family);--awb-caption-title-font-weight:var(--h2_typography-font-weight);--awb-caption-title-font-style:var(--h2_typography-font-style);--awb-caption-title-size:var(--h2_typography-font-size);--awb-caption-title-transform:var(--h2_typography-text-transform);--awb-caption-title-line-height:var(--h2_typography-line-height);--awb-caption-title-letter-spacing:var(--h2_typography-letter-spacing);\"><span class=\" fusion-imageframe imageframe-none imageframe-144 hover-type-none has-aspect-ratio\"><a class=\"fusion-no-lightbox\" href=\"https:\/\/www.choral-events.com\/es\/chorales\/coro-glee-de-la-universidad-shu-te\/\" target=\"_self\" aria-label=\"Coro Glee de la Universidad Shu-Te\"><img decoding=\"async\" width=\"2560\" height=\"1767\" alt=\"Coro Glee de la Universidad Shu-Te\" src=\"https:\/\/www.choral-events.com\/wp-content\/uploads\/2025\/04\/5-scaled-1.jpg\" class=\"img-responsive wp-image-49725 img-with-aspect-ratio\" data-parent-fit=\"cover\" data-parent-container=\".fusion-image-element\" srcset=\"https:\/\/www.choral-events.com\/wp-content\/uploads\/2025\/04\/5-scaled-1-200x138.jpg 200w, https:\/\/www.choral-events.com\/wp-content\/uploads\/2025\/04\/5-scaled-1-400x276.jpg 400w, https:\/\/www.choral-events.com\/wp-content\/uploads\/2025\/04\/5-scaled-1-600x414.jpg 600w, https:\/\/www.choral-events.com\/wp-content\/uploads\/2025\/04\/5-scaled-1-800x552.jpg 800w, https:\/\/www.choral-events.com\/wp-content\/uploads\/2025\/04\/5-scaled-1-1200x828.jpg 1200w, https:\/\/www.choral-events.com\/wp-content\/uploads\/2025\/04\/5-scaled-1.jpg 2560w\" sizes=\"(max-width: 1024px) 100vw, (max-width: 640px) 100vw, 2560px\" \/><\/a><\/span><\/div><div class=\"fusion-title title fusion-title-146 fusion-sep-none fusion-title-center fusion-title-text fusion-title-size-paragraph\" style=\"--awb-text-color:var(--awb-color7);--awb-margin-top:10px;--awb-margin-right:5px;--awb-margin-bottom:10px;--awb-margin-left:5px;--awb-margin-top-small:16px;--awb-margin-right-small:0px;--awb-margin-bottom-small:10px;--awb-margin-left-small:0px;--awb-link-color:var(--awb-color7);--awb-font-size:16px;\"><p class=\"fusion-title-heading title-heading-center title-heading-tag fusion-responsive-typography-calculated\" style=\"margin:0;font-size:1em;--fontSize:16;--minFontSize:16;line-height:1.6;\"><a href=\"https:\/\/www.choral-events.com\/es\/chorales\/coro-glee-de-la-universidad-shu-te\/\" class=\"awb-custom-text-color awb-custom-text-hover-color\" target=\"_self\">Coro Glee de la Universidad Shu-Te<\/a><\/p><\/div><div class=\"fusion-separator\" style=\"align-self: center;margin-left: auto;margin-right: auto;flex-grow:10;margin-top:5px;margin-bottom:10px;width:100%;max-width:70px;\"><div class=\"fusion-separator-border sep-single sep-solid\" style=\"--awb-height:20px;--awb-amount:20px;border-color:var(--awb-color2);border-top-width:1px;\"><\/div><\/div><div class=\"fusion-text fusion-text-145\" style=\"--awb-content-alignment:center;--awb-text-transform:capitalize;--awb-text-color:var(--awb-color4);\"><p>Taiw\u00e1n<\/p>\n<\/div><\/div><\/li>\n<li class=\"fusion-layout-column fusion_builder_column fusion-builder-column-147 fusion-flex-column fusion-animated post-card fusion-grid-column fusion-post-cards-grid-column fusion-animated\" style=\"--awb-padding-bottom:5px;--awb-overflow:hidden;--awb-bg-color:var(--awb-color1);--awb-bg-color-hover:var(--awb-custom_color_2);--awb-bg-size:cover;--awb-box-shadow:0px 0px 24px hsla(var(--awb-color7-h),var(--awb-color7-s),var(--awb-color7-l),calc(var(--awb-color7-a) - 40%));;--awb-border-color:var(--awb-color4);--awb-border-color-hover:var(--awb-color7);--awb-border-top:1px;--awb-border-right:1px;--awb-border-bottom:1px;--awb-border-left:1px;--awb-border-style:solid;--awb-border-radius:6px 6px 6px 6px;--awb-flex-grow:0;--awb-flex-shrink:0;--awb-flex-grow-medium:0;--awb-flex-shrink-medium:0;--awb-flex-grow-small:0;--awb-flex-shrink-small:0;\" data-animationType=\"fadeIn\" data-animationDuration=\"1.3\" data-animationOffset=\"top-into-view\"><div class=\"fusion-column-wrapper fusion-column-has-shadow fusion-flex-justify-content-flex-start fusion-content-layout-column\"><div class=\"fusion-image-element \" style=\"--awb-aspect-ratio:16 \/ 9;--awb-margin-bottom:10px;--awb-caption-title-font-family:var(--h2_typography-font-family);--awb-caption-title-font-weight:var(--h2_typography-font-weight);--awb-caption-title-font-style:var(--h2_typography-font-style);--awb-caption-title-size:var(--h2_typography-font-size);--awb-caption-title-transform:var(--h2_typography-text-transform);--awb-caption-title-line-height:var(--h2_typography-line-height);--awb-caption-title-letter-spacing:var(--h2_typography-letter-spacing);\"><span class=\" fusion-imageframe imageframe-none imageframe-145 hover-type-none has-aspect-ratio\"><a class=\"fusion-no-lightbox\" href=\"https:\/\/www.choral-events.com\/es\/chorales\/coro-infantil-canadiense-chino-de-canada\/\" target=\"_self\" aria-label=\"Coro chino compacto.\"><img decoding=\"async\" width=\"600\" height=\"600\" alt=\"Conjunto de j\u00f3venes coralistas chinos durante un concierto internacional en Francia, bajo la direcci\u00f3n de un director de coro.\" src=\"https:\/\/www.choral-events.com\/wp-content\/uploads\/2025\/01\/Canada-C5-Choir.jpg\" class=\"img-responsive wp-image-49358 img-with-aspect-ratio\" data-parent-fit=\"cover\" data-parent-container=\".fusion-image-element\" srcset=\"https:\/\/www.choral-events.com\/wp-content\/uploads\/2025\/01\/Canada-C5-Choir-200x200.jpg 200w, https:\/\/www.choral-events.com\/wp-content\/uploads\/2025\/01\/Canada-C5-Choir-400x400.jpg 400w, https:\/\/www.choral-events.com\/wp-content\/uploads\/2025\/01\/Canada-C5-Choir.jpg 600w\" sizes=\"(max-width: 1024px) 100vw, (max-width: 640px) 100vw, 600px\" \/><\/a><\/span><\/div><div class=\"fusion-title title fusion-title-147 fusion-sep-none fusion-title-center fusion-title-text fusion-title-size-paragraph\" style=\"--awb-text-color:var(--awb-color7);--awb-margin-top:10px;--awb-margin-right:5px;--awb-margin-bottom:10px;--awb-margin-left:5px;--awb-margin-top-small:16px;--awb-margin-right-small:0px;--awb-margin-bottom-small:10px;--awb-margin-left-small:0px;--awb-link-color:var(--awb-color7);--awb-font-size:16px;\"><p class=\"fusion-title-heading title-heading-center title-heading-tag fusion-responsive-typography-calculated\" style=\"margin:0;font-size:1em;--fontSize:16;--minFontSize:16;line-height:1.6;\"><a href=\"https:\/\/www.choral-events.com\/es\/chorales\/coro-infantil-canadiense-chino-de-canada\/\" class=\"awb-custom-text-color awb-custom-text-hover-color\" target=\"_self\">Coro Infantil Canadiense Chino de Canad\u00e1<\/a><\/p><\/div><div class=\"fusion-separator\" style=\"align-self: center;margin-left: auto;margin-right: auto;flex-grow:10;margin-top:5px;margin-bottom:10px;width:100%;max-width:70px;\"><div class=\"fusion-separator-border sep-single sep-solid\" style=\"--awb-height:20px;--awb-amount:20px;border-color:var(--awb-color2);border-top-width:1px;\"><\/div><\/div><div class=\"fusion-text fusion-text-146\" style=\"--awb-content-alignment:center;--awb-text-transform:capitalize;--awb-text-color:var(--awb-color4);\"><p>Canad\u00e1<\/p>\n<\/div><\/div><\/li>\n<li class=\"fusion-layout-column fusion_builder_column fusion-builder-column-148 fusion-flex-column fusion-animated post-card fusion-grid-column fusion-post-cards-grid-column fusion-animated\" style=\"--awb-padding-bottom:5px;--awb-overflow:hidden;--awb-bg-color:var(--awb-color1);--awb-bg-color-hover:var(--awb-custom_color_2);--awb-bg-size:cover;--awb-box-shadow:0px 0px 24px hsla(var(--awb-color7-h),var(--awb-color7-s),var(--awb-color7-l),calc(var(--awb-color7-a) - 40%));;--awb-border-color:var(--awb-color4);--awb-border-color-hover:var(--awb-color7);--awb-border-top:1px;--awb-border-right:1px;--awb-border-bottom:1px;--awb-border-left:1px;--awb-border-style:solid;--awb-border-radius:6px 6px 6px 6px;--awb-flex-grow:0;--awb-flex-shrink:0;--awb-flex-grow-medium:0;--awb-flex-shrink-medium:0;--awb-flex-grow-small:0;--awb-flex-shrink-small:0;\" data-animationType=\"fadeIn\" data-animationDuration=\"1.3\" data-animationOffset=\"top-into-view\"><div class=\"fusion-column-wrapper fusion-column-has-shadow fusion-flex-justify-content-flex-start fusion-content-layout-column\"><div class=\"fusion-image-element \" style=\"--awb-aspect-ratio:16 \/ 9;--awb-margin-bottom:10px;--awb-caption-title-font-family:var(--h2_typography-font-family);--awb-caption-title-font-weight:var(--h2_typography-font-weight);--awb-caption-title-font-style:var(--h2_typography-font-style);--awb-caption-title-size:var(--h2_typography-font-size);--awb-caption-title-transform:var(--h2_typography-text-transform);--awb-caption-title-line-height:var(--h2_typography-line-height);--awb-caption-title-letter-spacing:var(--h2_typography-letter-spacing);\"><span class=\" fusion-imageframe imageframe-none imageframe-146 hover-type-none has-aspect-ratio\"><a class=\"fusion-no-lightbox\" href=\"https:\/\/www.choral-events.com\/es\/chorales\/coro-laudamus\/\" target=\"_self\"><img decoding=\"async\" width=\"2560\" height=\"1708\" alt=\"Coro Laudamus\" src=\"https:\/\/www.choral-events.com\/wp-content\/uploads\/2025\/02\/EXwQPKPL-scaled-1.jpeg\" class=\"img-responsive wp-image-49312 img-with-aspect-ratio\" data-parent-fit=\"cover\" data-parent-container=\".fusion-image-element\" srcset=\"https:\/\/www.choral-events.com\/wp-content\/uploads\/2025\/02\/EXwQPKPL-scaled-1-200x133.jpeg 200w, https:\/\/www.choral-events.com\/wp-content\/uploads\/2025\/02\/EXwQPKPL-scaled-1-400x267.jpeg 400w, https:\/\/www.choral-events.com\/wp-content\/uploads\/2025\/02\/EXwQPKPL-scaled-1-600x400.jpeg 600w, https:\/\/www.choral-events.com\/wp-content\/uploads\/2025\/02\/EXwQPKPL-scaled-1-800x534.jpeg 800w, https:\/\/www.choral-events.com\/wp-content\/uploads\/2025\/02\/EXwQPKPL-scaled-1-1200x801.jpeg 1200w, https:\/\/www.choral-events.com\/wp-content\/uploads\/2025\/02\/EXwQPKPL-scaled-1.jpeg 2560w\" sizes=\"(max-width: 1024px) 100vw, (max-width: 640px) 100vw, 2560px\" \/><\/a><\/span><\/div><div class=\"fusion-title title fusion-title-148 fusion-sep-none fusion-title-center fusion-title-text fusion-title-size-paragraph\" style=\"--awb-text-color:var(--awb-color7);--awb-margin-top:10px;--awb-margin-right:5px;--awb-margin-bottom:10px;--awb-margin-left:5px;--awb-margin-top-small:16px;--awb-margin-right-small:0px;--awb-margin-bottom-small:10px;--awb-margin-left-small:0px;--awb-link-color:var(--awb-color7);--awb-font-size:16px;\"><p class=\"fusion-title-heading title-heading-center title-heading-tag fusion-responsive-typography-calculated\" style=\"margin:0;font-size:1em;--fontSize:16;--minFontSize:16;line-height:1.6;\"><a href=\"https:\/\/www.choral-events.com\/es\/chorales\/coro-laudamus\/\" class=\"awb-custom-text-color awb-custom-text-hover-color\" target=\"_self\">Coro Laudamus<\/a><\/p><\/div><div class=\"fusion-separator\" style=\"align-self: center;margin-left: auto;margin-right: auto;flex-grow:10;margin-top:5px;margin-bottom:10px;width:100%;max-width:70px;\"><div class=\"fusion-separator-border sep-single sep-solid\" style=\"--awb-height:20px;--awb-amount:20px;border-color:var(--awb-color2);border-top-width:1px;\"><\/div><\/div><div class=\"fusion-text fusion-text-147\" style=\"--awb-content-alignment:center;--awb-text-transform:capitalize;--awb-text-color:var(--awb-color4);\"><p>Italia<\/p>\n<\/div><\/div><\/li>\n<li class=\"fusion-layout-column fusion_builder_column fusion-builder-column-149 fusion-flex-column fusion-animated post-card fusion-grid-column fusion-post-cards-grid-column fusion-animated\" style=\"--awb-padding-bottom:5px;--awb-overflow:hidden;--awb-bg-color:var(--awb-color1);--awb-bg-color-hover:var(--awb-custom_color_2);--awb-bg-size:cover;--awb-box-shadow:0px 0px 24px hsla(var(--awb-color7-h),var(--awb-color7-s),var(--awb-color7-l),calc(var(--awb-color7-a) - 40%));;--awb-border-color:var(--awb-color4);--awb-border-color-hover:var(--awb-color7);--awb-border-top:1px;--awb-border-right:1px;--awb-border-bottom:1px;--awb-border-left:1px;--awb-border-style:solid;--awb-border-radius:6px 6px 6px 6px;--awb-flex-grow:0;--awb-flex-shrink:0;--awb-flex-grow-medium:0;--awb-flex-shrink-medium:0;--awb-flex-grow-small:0;--awb-flex-shrink-small:0;\" data-animationType=\"fadeIn\" data-animationDuration=\"1.3\" data-animationOffset=\"top-into-view\"><div class=\"fusion-column-wrapper fusion-column-has-shadow fusion-flex-justify-content-flex-start fusion-content-layout-column\"><div class=\"fusion-image-element \" style=\"--awb-aspect-ratio:16 \/ 9;--awb-margin-bottom:10px;--awb-caption-title-font-family:var(--h2_typography-font-family);--awb-caption-title-font-weight:var(--h2_typography-font-weight);--awb-caption-title-font-style:var(--h2_typography-font-style);--awb-caption-title-size:var(--h2_typography-font-size);--awb-caption-title-transform:var(--h2_typography-text-transform);--awb-caption-title-line-height:var(--h2_typography-line-height);--awb-caption-title-letter-spacing:var(--h2_typography-letter-spacing);\"><span class=\" fusion-imageframe imageframe-none imageframe-147 hover-type-none has-aspect-ratio\"><a class=\"fusion-no-lightbox\" href=\"https:\/\/www.choral-events.com\/es\/chorales\/coro-masculino-de-vannes\/\" target=\"_self\" aria-label=\"ChoraleFestival.\"><img decoding=\"async\" width=\"630\" height=\"354\" alt=\"Grupo de coralistas durante un festival internacional en Francia. Coro masculino de Vannes\" src=\"https:\/\/www.choral-events.com\/wp-content\/uploads\/2025\/01\/1.jpg\" class=\"img-responsive wp-image-49371 img-with-aspect-ratio\" data-parent-fit=\"cover\" data-parent-container=\".fusion-image-element\" srcset=\"https:\/\/www.choral-events.com\/wp-content\/uploads\/2025\/01\/1-200x112.jpg 200w, https:\/\/www.choral-events.com\/wp-content\/uploads\/2025\/01\/1-400x225.jpg 400w, https:\/\/www.choral-events.com\/wp-content\/uploads\/2025\/01\/1-600x337.jpg 600w, https:\/\/www.choral-events.com\/wp-content\/uploads\/2025\/01\/1.jpg 630w\" sizes=\"(max-width: 1024px) 100vw, (max-width: 640px) 100vw, 630px\" \/><\/a><\/span><\/div><div class=\"fusion-title title fusion-title-149 fusion-sep-none fusion-title-center fusion-title-text fusion-title-size-paragraph\" style=\"--awb-text-color:var(--awb-color7);--awb-margin-top:10px;--awb-margin-right:5px;--awb-margin-bottom:10px;--awb-margin-left:5px;--awb-margin-top-small:16px;--awb-margin-right-small:0px;--awb-margin-bottom-small:10px;--awb-margin-left-small:0px;--awb-link-color:var(--awb-color7);--awb-font-size:16px;\"><p class=\"fusion-title-heading title-heading-center title-heading-tag fusion-responsive-typography-calculated\" style=\"margin:0;font-size:1em;--fontSize:16;--minFontSize:16;line-height:1.6;\"><a href=\"https:\/\/www.choral-events.com\/es\/chorales\/coro-masculino-de-vannes\/\" class=\"awb-custom-text-color awb-custom-text-hover-color\" target=\"_self\">Coro masculino de Vannes<\/a><\/p><\/div><div class=\"fusion-separator\" style=\"align-self: center;margin-left: auto;margin-right: auto;flex-grow:10;margin-top:5px;margin-bottom:10px;width:100%;max-width:70px;\"><div class=\"fusion-separator-border sep-single sep-solid\" style=\"--awb-height:20px;--awb-amount:20px;border-color:var(--awb-color2);border-top-width:1px;\"><\/div><\/div><div class=\"fusion-text fusion-text-148\" style=\"--awb-content-alignment:center;--awb-text-transform:capitalize;--awb-text-color:var(--awb-color4);\"><p>Francia<\/p>\n<\/div><\/div><\/li>\n<li class=\"fusion-layout-column fusion_builder_column fusion-builder-column-150 fusion-flex-column fusion-animated post-card fusion-grid-column fusion-post-cards-grid-column fusion-animated\" style=\"--awb-padding-bottom:5px;--awb-overflow:hidden;--awb-bg-color:var(--awb-color1);--awb-bg-color-hover:var(--awb-custom_color_2);--awb-bg-size:cover;--awb-box-shadow:0px 0px 24px hsla(var(--awb-color7-h),var(--awb-color7-s),var(--awb-color7-l),calc(var(--awb-color7-a) - 40%));;--awb-border-color:var(--awb-color4);--awb-border-color-hover:var(--awb-color7);--awb-border-top:1px;--awb-border-right:1px;--awb-border-bottom:1px;--awb-border-left:1px;--awb-border-style:solid;--awb-border-radius:6px 6px 6px 6px;--awb-flex-grow:0;--awb-flex-shrink:0;--awb-flex-grow-medium:0;--awb-flex-shrink-medium:0;--awb-flex-grow-small:0;--awb-flex-shrink-small:0;\" data-animationType=\"fadeIn\" data-animationDuration=\"1.3\" data-animationOffset=\"top-into-view\"><div class=\"fusion-column-wrapper fusion-column-has-shadow fusion-flex-justify-content-flex-start fusion-content-layout-column\"><div class=\"fusion-image-element \" style=\"--awb-aspect-ratio:16 \/ 9;--awb-margin-bottom:10px;--awb-caption-title-font-family:var(--h2_typography-font-family);--awb-caption-title-font-weight:var(--h2_typography-font-weight);--awb-caption-title-font-style:var(--h2_typography-font-style);--awb-caption-title-size:var(--h2_typography-font-size);--awb-caption-title-transform:var(--h2_typography-text-transform);--awb-caption-title-line-height:var(--h2_typography-line-height);--awb-caption-title-letter-spacing:var(--h2_typography-letter-spacing);\"><span class=\" fusion-imageframe imageframe-none imageframe-148 hover-type-none has-aspect-ratio\"><a class=\"fusion-no-lightbox\" href=\"https:\/\/www.choral-events.com\/es\/chorales\/coro-mixto-les-alouettes\/\" target=\"_self\" aria-label=\"Coro Mixto Les Alouettes\"><img decoding=\"async\" width=\"605\" height=\"307\" alt=\"Coro Mixto Les Alouettes\" src=\"https:\/\/www.choral-events.com\/wp-content\/uploads\/2025\/03\/4.png\" class=\"img-responsive wp-image-49306 img-with-aspect-ratio\" data-parent-fit=\"cover\" data-parent-container=\".fusion-image-element\" srcset=\"https:\/\/www.choral-events.com\/wp-content\/uploads\/2025\/03\/4-200x101.png 200w, https:\/\/www.choral-events.com\/wp-content\/uploads\/2025\/03\/4-400x203.png 400w, https:\/\/www.choral-events.com\/wp-content\/uploads\/2025\/03\/4-600x304.png 600w, https:\/\/www.choral-events.com\/wp-content\/uploads\/2025\/03\/4.png 605w\" sizes=\"(max-width: 1024px) 100vw, (max-width: 640px) 100vw, 605px\" \/><\/a><\/span><\/div><div class=\"fusion-title title fusion-title-150 fusion-sep-none fusion-title-center fusion-title-text fusion-title-size-paragraph\" style=\"--awb-text-color:var(--awb-color7);--awb-margin-top:10px;--awb-margin-right:5px;--awb-margin-bottom:10px;--awb-margin-left:5px;--awb-margin-top-small:16px;--awb-margin-right-small:0px;--awb-margin-bottom-small:10px;--awb-margin-left-small:0px;--awb-link-color:var(--awb-color7);--awb-font-size:16px;\"><p class=\"fusion-title-heading title-heading-center title-heading-tag fusion-responsive-typography-calculated\" style=\"margin:0;font-size:1em;--fontSize:16;--minFontSize:16;line-height:1.6;\"><a href=\"https:\/\/www.choral-events.com\/es\/chorales\/coro-mixto-les-alouettes\/\" class=\"awb-custom-text-color awb-custom-text-hover-color\" target=\"_self\">Coro Mixto Les Alouettes<\/a><\/p><\/div><div class=\"fusion-separator\" style=\"align-self: center;margin-left: auto;margin-right: auto;flex-grow:10;margin-top:5px;margin-bottom:10px;width:100%;max-width:70px;\"><div class=\"fusion-separator-border sep-single sep-solid\" style=\"--awb-height:20px;--awb-amount:20px;border-color:var(--awb-color2);border-top-width:1px;\"><\/div><\/div><div class=\"fusion-text fusion-text-149\" style=\"--awb-content-alignment:center;--awb-text-transform:capitalize;--awb-text-color:var(--awb-color4);\"><p>Suiza<\/p>\n<\/div><\/div><\/li>\n<li class=\"fusion-layout-column fusion_builder_column fusion-builder-column-151 fusion-flex-column fusion-animated post-card fusion-grid-column fusion-post-cards-grid-column fusion-animated\" style=\"--awb-padding-bottom:5px;--awb-overflow:hidden;--awb-bg-color:var(--awb-color1);--awb-bg-color-hover:var(--awb-custom_color_2);--awb-bg-size:cover;--awb-box-shadow:0px 0px 24px hsla(var(--awb-color7-h),var(--awb-color7-s),var(--awb-color7-l),calc(var(--awb-color7-a) - 40%));;--awb-border-color:var(--awb-color4);--awb-border-color-hover:var(--awb-color7);--awb-border-top:1px;--awb-border-right:1px;--awb-border-bottom:1px;--awb-border-left:1px;--awb-border-style:solid;--awb-border-radius:6px 6px 6px 6px;--awb-flex-grow:0;--awb-flex-shrink:0;--awb-flex-grow-medium:0;--awb-flex-shrink-medium:0;--awb-flex-grow-small:0;--awb-flex-shrink-small:0;\" data-animationType=\"fadeIn\" data-animationDuration=\"1.3\" data-animationOffset=\"top-into-view\"><div class=\"fusion-column-wrapper fusion-column-has-shadow fusion-flex-justify-content-flex-start fusion-content-layout-column\"><div class=\"fusion-image-element \" style=\"--awb-aspect-ratio:16 \/ 9;--awb-margin-bottom:10px;--awb-caption-title-font-family:var(--h2_typography-font-family);--awb-caption-title-font-weight:var(--h2_typography-font-weight);--awb-caption-title-font-style:var(--h2_typography-font-style);--awb-caption-title-size:var(--h2_typography-font-size);--awb-caption-title-transform:var(--h2_typography-text-transform);--awb-caption-title-line-height:var(--h2_typography-line-height);--awb-caption-title-letter-spacing:var(--h2_typography-letter-spacing);\"><span class=\" fusion-imageframe imageframe-none imageframe-149 hover-type-none has-aspect-ratio\"><a class=\"fusion-no-lightbox\" href=\"https:\/\/www.choral-events.com\/es\/chorales\/coro-nuova-armonia\/\" target=\"_self\" aria-label=\"Nuova-Armonia-foto-p\u00e1gina-sitio-1\"><img decoding=\"async\" width=\"550\" height=\"350\" src=\"https:\/\/www.choral-events.com\/wp-content\/uploads\/2026\/03\/Nuova-Armonia-photo-page-site-1.png\" class=\"img-responsive wp-image-51844 img-with-aspect-ratio\" data-parent-fit=\"cover\" data-parent-container=\".fusion-image-element\" alt srcset=\"https:\/\/www.choral-events.com\/wp-content\/uploads\/2026\/03\/Nuova-Armonia-photo-page-site-1-200x127.png 200w, https:\/\/www.choral-events.com\/wp-content\/uploads\/2026\/03\/Nuova-Armonia-photo-page-site-1-400x255.png 400w, https:\/\/www.choral-events.com\/wp-content\/uploads\/2026\/03\/Nuova-Armonia-photo-page-site-1.png 550w\" sizes=\"(max-width: 1024px) 100vw, (max-width: 640px) 100vw, 550px\" \/><\/a><\/span><\/div><div class=\"fusion-title title fusion-title-151 fusion-sep-none fusion-title-center fusion-title-text fusion-title-size-paragraph\" style=\"--awb-text-color:var(--awb-color7);--awb-margin-top:10px;--awb-margin-right:5px;--awb-margin-bottom:10px;--awb-margin-left:5px;--awb-margin-top-small:16px;--awb-margin-right-small:0px;--awb-margin-bottom-small:10px;--awb-margin-left-small:0px;--awb-link-color:var(--awb-color7);--awb-font-size:16px;\"><p class=\"fusion-title-heading title-heading-center title-heading-tag fusion-responsive-typography-calculated\" style=\"margin:0;font-size:1em;--fontSize:16;--minFontSize:16;line-height:1.6;\"><a href=\"https:\/\/www.choral-events.com\/es\/chorales\/coro-nuova-armonia\/\" class=\"awb-custom-text-color awb-custom-text-hover-color\" target=\"_self\">Coro Nuova Armonia<\/a><\/p><\/div><div class=\"fusion-separator\" style=\"align-self: center;margin-left: auto;margin-right: auto;flex-grow:10;margin-top:5px;margin-bottom:10px;width:100%;max-width:70px;\"><div class=\"fusion-separator-border sep-single sep-solid\" style=\"--awb-height:20px;--awb-amount:20px;border-color:var(--awb-color2);border-top-width:1px;\"><\/div><\/div><div class=\"fusion-text fusion-text-150\" style=\"--awb-content-alignment:center;--awb-text-transform:capitalize;--awb-text-color:var(--awb-color4);\"><p>Italie<\/p>\n<\/div><\/div><\/li>\n<li class=\"fusion-layout-column fusion_builder_column fusion-builder-column-152 fusion-flex-column fusion-animated post-card fusion-grid-column fusion-post-cards-grid-column fusion-animated\" style=\"--awb-padding-bottom:5px;--awb-overflow:hidden;--awb-bg-color:var(--awb-color1);--awb-bg-color-hover:var(--awb-custom_color_2);--awb-bg-size:cover;--awb-box-shadow:0px 0px 24px hsla(var(--awb-color7-h),var(--awb-color7-s),var(--awb-color7-l),calc(var(--awb-color7-a) - 40%));;--awb-border-color:var(--awb-color4);--awb-border-color-hover:var(--awb-color7);--awb-border-top:1px;--awb-border-right:1px;--awb-border-bottom:1px;--awb-border-left:1px;--awb-border-style:solid;--awb-border-radius:6px 6px 6px 6px;--awb-flex-grow:0;--awb-flex-shrink:0;--awb-flex-grow-medium:0;--awb-flex-shrink-medium:0;--awb-flex-grow-small:0;--awb-flex-shrink-small:0;\" data-animationType=\"fadeIn\" data-animationDuration=\"1.3\" data-animationOffset=\"top-into-view\"><div class=\"fusion-column-wrapper fusion-column-has-shadow fusion-flex-justify-content-flex-start fusion-content-layout-column\"><div class=\"fusion-image-element \" style=\"--awb-aspect-ratio:16 \/ 9;--awb-margin-bottom:10px;--awb-caption-title-font-family:var(--h2_typography-font-family);--awb-caption-title-font-weight:var(--h2_typography-font-weight);--awb-caption-title-font-style:var(--h2_typography-font-style);--awb-caption-title-size:var(--h2_typography-font-size);--awb-caption-title-transform:var(--h2_typography-text-transform);--awb-caption-title-line-height:var(--h2_typography-line-height);--awb-caption-title-letter-spacing:var(--h2_typography-letter-spacing);\"><span class=\" fusion-imageframe imageframe-none imageframe-150 hover-type-none has-aspect-ratio\"><a class=\"fusion-no-lightbox\" href=\"https:\/\/www.choral-events.com\/es\/chorales\/coro-platano\/\" target=\"_self\" aria-label=\"coro-platano-2008-550&#215;350\"><img decoding=\"async\" width=\"550\" height=\"350\" src=\"https:\/\/www.choral-events.com\/wp-content\/uploads\/2026\/03\/coro-platano-2008-550x350-1.png\" class=\"img-responsive wp-image-51848 img-with-aspect-ratio\" data-parent-fit=\"cover\" data-parent-container=\".fusion-image-element\" alt srcset=\"https:\/\/www.choral-events.com\/wp-content\/uploads\/2026\/03\/coro-platano-2008-550x350-1-200x127.png 200w, https:\/\/www.choral-events.com\/wp-content\/uploads\/2026\/03\/coro-platano-2008-550x350-1-400x255.png 400w, https:\/\/www.choral-events.com\/wp-content\/uploads\/2026\/03\/coro-platano-2008-550x350-1.png 550w\" sizes=\"(max-width: 1024px) 100vw, (max-width: 640px) 100vw, 550px\" \/><\/a><\/span><\/div><div class=\"fusion-title title fusion-title-152 fusion-sep-none fusion-title-center fusion-title-text fusion-title-size-paragraph\" style=\"--awb-text-color:var(--awb-color7);--awb-margin-top:10px;--awb-margin-right:5px;--awb-margin-bottom:10px;--awb-margin-left:5px;--awb-margin-top-small:16px;--awb-margin-right-small:0px;--awb-margin-bottom-small:10px;--awb-margin-left-small:0px;--awb-link-color:var(--awb-color7);--awb-font-size:16px;\"><p class=\"fusion-title-heading title-heading-center title-heading-tag fusion-responsive-typography-calculated\" style=\"margin:0;font-size:1em;--fontSize:16;--minFontSize:16;line-height:1.6;\"><a href=\"https:\/\/www.choral-events.com\/es\/chorales\/coro-platano\/\" class=\"awb-custom-text-color awb-custom-text-hover-color\" target=\"_self\">Coro Platano<\/a><\/p><\/div><div class=\"fusion-separator\" style=\"align-self: center;margin-left: auto;margin-right: auto;flex-grow:10;margin-top:5px;margin-bottom:10px;width:100%;max-width:70px;\"><div class=\"fusion-separator-border sep-single sep-solid\" style=\"--awb-height:20px;--awb-amount:20px;border-color:var(--awb-color2);border-top-width:1px;\"><\/div><\/div><div class=\"fusion-text fusion-text-151\" style=\"--awb-content-alignment:center;--awb-text-transform:capitalize;--awb-text-color:var(--awb-color4);\"><p>Japon<\/p>\n<\/div><\/div><\/li>\n<li class=\"fusion-layout-column fusion_builder_column fusion-builder-column-153 fusion-flex-column fusion-animated post-card fusion-grid-column fusion-post-cards-grid-column fusion-animated\" style=\"--awb-padding-bottom:5px;--awb-overflow:hidden;--awb-bg-color:var(--awb-color1);--awb-bg-color-hover:var(--awb-custom_color_2);--awb-bg-size:cover;--awb-box-shadow:0px 0px 24px hsla(var(--awb-color7-h),var(--awb-color7-s),var(--awb-color7-l),calc(var(--awb-color7-a) - 40%));;--awb-border-color:var(--awb-color4);--awb-border-color-hover:var(--awb-color7);--awb-border-top:1px;--awb-border-right:1px;--awb-border-bottom:1px;--awb-border-left:1px;--awb-border-style:solid;--awb-border-radius:6px 6px 6px 6px;--awb-flex-grow:0;--awb-flex-shrink:0;--awb-flex-grow-medium:0;--awb-flex-shrink-medium:0;--awb-flex-grow-small:0;--awb-flex-shrink-small:0;\" data-animationType=\"fadeIn\" data-animationDuration=\"1.3\" data-animationOffset=\"top-into-view\"><div class=\"fusion-column-wrapper fusion-column-has-shadow fusion-flex-justify-content-flex-start fusion-content-layout-column\"><div class=\"fusion-image-element \" style=\"--awb-aspect-ratio:16 \/ 9;--awb-margin-bottom:10px;--awb-caption-title-font-family:var(--h2_typography-font-family);--awb-caption-title-font-weight:var(--h2_typography-font-weight);--awb-caption-title-font-style:var(--h2_typography-font-style);--awb-caption-title-size:var(--h2_typography-font-size);--awb-caption-title-transform:var(--h2_typography-text-transform);--awb-caption-title-line-height:var(--h2_typography-line-height);--awb-caption-title-letter-spacing:var(--h2_typography-letter-spacing);\"><span class=\" fusion-imageframe imageframe-none imageframe-151 hover-type-none has-aspect-ratio\"><a class=\"fusion-no-lightbox\" href=\"https:\/\/www.choral-events.com\/es\/chorales\/ensemble-alize\/\" target=\"_self\" aria-label=\"VISUEL-CHORAL-Final-550&#215;350\"><img decoding=\"async\" width=\"550\" height=\"350\" src=\"https:\/\/www.choral-events.com\/wp-content\/uploads\/2026\/03\/VISUEL-CHORAL-Final-550x350-1.jpg\" class=\"img-responsive wp-image-51636 img-with-aspect-ratio\" data-parent-fit=\"cover\" data-parent-container=\".fusion-image-element\" alt srcset=\"https:\/\/www.choral-events.com\/wp-content\/uploads\/2026\/03\/VISUEL-CHORAL-Final-550x350-1-200x127.jpg 200w, https:\/\/www.choral-events.com\/wp-content\/uploads\/2026\/03\/VISUEL-CHORAL-Final-550x350-1-400x255.jpg 400w, https:\/\/www.choral-events.com\/wp-content\/uploads\/2026\/03\/VISUEL-CHORAL-Final-550x350-1.jpg 550w\" sizes=\"(max-width: 1024px) 100vw, (max-width: 640px) 100vw, 550px\" \/><\/a><\/span><\/div><div class=\"fusion-title title fusion-title-153 fusion-sep-none fusion-title-center fusion-title-text fusion-title-size-paragraph\" style=\"--awb-text-color:var(--awb-color7);--awb-margin-top:10px;--awb-margin-right:5px;--awb-margin-bottom:10px;--awb-margin-left:5px;--awb-margin-top-small:16px;--awb-margin-right-small:0px;--awb-margin-bottom-small:10px;--awb-margin-left-small:0px;--awb-link-color:var(--awb-color7);--awb-font-size:16px;\"><p class=\"fusion-title-heading title-heading-center title-heading-tag fusion-responsive-typography-calculated\" style=\"margin:0;font-size:1em;--fontSize:16;--minFontSize:16;line-height:1.6;\"><a href=\"https:\/\/www.choral-events.com\/es\/chorales\/ensemble-alize\/\" class=\"awb-custom-text-color awb-custom-text-hover-color\" target=\"_self\">Ensemble Aliz\u00e9<\/a><\/p><\/div><div class=\"fusion-separator\" style=\"align-self: center;margin-left: auto;margin-right: auto;flex-grow:10;margin-top:5px;margin-bottom:10px;width:100%;max-width:70px;\"><div class=\"fusion-separator-border sep-single sep-solid\" style=\"--awb-height:20px;--awb-amount:20px;border-color:var(--awb-color2);border-top-width:1px;\"><\/div><\/div><div class=\"fusion-text fusion-text-152\" style=\"--awb-content-alignment:center;--awb-text-transform:capitalize;--awb-text-color:var(--awb-color4);\"><p>Belgique<\/p>\n<\/div><\/div><\/li>\n<li class=\"fusion-layout-column fusion_builder_column fusion-builder-column-154 fusion-flex-column fusion-animated post-card fusion-grid-column fusion-post-cards-grid-column fusion-animated\" style=\"--awb-padding-bottom:5px;--awb-overflow:hidden;--awb-bg-color:var(--awb-color1);--awb-bg-color-hover:var(--awb-custom_color_2);--awb-bg-size:cover;--awb-box-shadow:0px 0px 24px hsla(var(--awb-color7-h),var(--awb-color7-s),var(--awb-color7-l),calc(var(--awb-color7-a) - 40%));;--awb-border-color:var(--awb-color4);--awb-border-color-hover:var(--awb-color7);--awb-border-top:1px;--awb-border-right:1px;--awb-border-bottom:1px;--awb-border-left:1px;--awb-border-style:solid;--awb-border-radius:6px 6px 6px 6px;--awb-flex-grow:0;--awb-flex-shrink:0;--awb-flex-grow-medium:0;--awb-flex-shrink-medium:0;--awb-flex-grow-small:0;--awb-flex-shrink-small:0;\" data-animationType=\"fadeIn\" data-animationDuration=\"1.3\" data-animationOffset=\"top-into-view\"><div class=\"fusion-column-wrapper fusion-column-has-shadow fusion-flex-justify-content-flex-start fusion-content-layout-column\"><div class=\"fusion-image-element \" style=\"--awb-aspect-ratio:16 \/ 9;--awb-margin-bottom:10px;--awb-caption-title-font-family:var(--h2_typography-font-family);--awb-caption-title-font-weight:var(--h2_typography-font-weight);--awb-caption-title-font-style:var(--h2_typography-font-style);--awb-caption-title-size:var(--h2_typography-font-size);--awb-caption-title-transform:var(--h2_typography-text-transform);--awb-caption-title-line-height:var(--h2_typography-line-height);--awb-caption-title-letter-spacing:var(--h2_typography-letter-spacing);\"><span class=\" fusion-imageframe imageframe-none imageframe-152 hover-type-none has-aspect-ratio\"><a class=\"fusion-no-lightbox\" href=\"https:\/\/www.choral-events.com\/es\/chorales\/ensemble-amabile\/\" target=\"_self\" aria-label=\"amabile-1\"><img decoding=\"async\" width=\"550\" height=\"350\" src=\"https:\/\/www.choral-events.com\/wp-content\/uploads\/2026\/03\/amabile-1.jpg\" class=\"img-responsive wp-image-51640 img-with-aspect-ratio\" data-parent-fit=\"cover\" data-parent-container=\".fusion-image-element\" alt srcset=\"https:\/\/www.choral-events.com\/wp-content\/uploads\/2026\/03\/amabile-1-200x127.jpg 200w, https:\/\/www.choral-events.com\/wp-content\/uploads\/2026\/03\/amabile-1-400x255.jpg 400w, https:\/\/www.choral-events.com\/wp-content\/uploads\/2026\/03\/amabile-1.jpg 550w\" sizes=\"(max-width: 1024px) 100vw, (max-width: 640px) 100vw, 550px\" \/><\/a><\/span><\/div><div class=\"fusion-title title fusion-title-154 fusion-sep-none fusion-title-center fusion-title-text fusion-title-size-paragraph\" style=\"--awb-text-color:var(--awb-color7);--awb-margin-top:10px;--awb-margin-right:5px;--awb-margin-bottom:10px;--awb-margin-left:5px;--awb-margin-top-small:16px;--awb-margin-right-small:0px;--awb-margin-bottom-small:10px;--awb-margin-left-small:0px;--awb-link-color:var(--awb-color7);--awb-font-size:16px;\"><p class=\"fusion-title-heading title-heading-center title-heading-tag fusion-responsive-typography-calculated\" style=\"margin:0;font-size:1em;--fontSize:16;--minFontSize:16;line-height:1.6;\"><a href=\"https:\/\/www.choral-events.com\/es\/chorales\/ensemble-amabile\/\" class=\"awb-custom-text-color awb-custom-text-hover-color\" target=\"_self\">Ensemble Amabile<\/a><\/p><\/div><div class=\"fusion-separator\" style=\"align-self: center;margin-left: auto;margin-right: auto;flex-grow:10;margin-top:5px;margin-bottom:10px;width:100%;max-width:70px;\"><div class=\"fusion-separator-border sep-single sep-solid\" style=\"--awb-height:20px;--awb-amount:20px;border-color:var(--awb-color2);border-top-width:1px;\"><\/div><\/div><div class=\"fusion-text fusion-text-153\" style=\"--awb-content-alignment:center;--awb-text-transform:capitalize;--awb-text-color:var(--awb-color4);\"><p>France<\/p>\n<\/div><\/div><\/li>\n<li class=\"fusion-layout-column fusion_builder_column fusion-builder-column-155 fusion-flex-column fusion-animated post-card fusion-grid-column fusion-post-cards-grid-column fusion-animated\" style=\"--awb-padding-bottom:5px;--awb-overflow:hidden;--awb-bg-color:var(--awb-color1);--awb-bg-color-hover:var(--awb-custom_color_2);--awb-bg-size:cover;--awb-box-shadow:0px 0px 24px hsla(var(--awb-color7-h),var(--awb-color7-s),var(--awb-color7-l),calc(var(--awb-color7-a) - 40%));;--awb-border-color:var(--awb-color4);--awb-border-color-hover:var(--awb-color7);--awb-border-top:1px;--awb-border-right:1px;--awb-border-bottom:1px;--awb-border-left:1px;--awb-border-style:solid;--awb-border-radius:6px 6px 6px 6px;--awb-flex-grow:0;--awb-flex-shrink:0;--awb-flex-grow-medium:0;--awb-flex-shrink-medium:0;--awb-flex-grow-small:0;--awb-flex-shrink-small:0;\" data-animationType=\"fadeIn\" data-animationDuration=\"1.3\" data-animationOffset=\"top-into-view\"><div class=\"fusion-column-wrapper fusion-column-has-shadow fusion-flex-justify-content-flex-start fusion-content-layout-column\"><div class=\"fusion-image-element \" style=\"--awb-aspect-ratio:16 \/ 9;--awb-margin-bottom:10px;--awb-caption-title-font-family:var(--h2_typography-font-family);--awb-caption-title-font-weight:var(--h2_typography-font-weight);--awb-caption-title-font-style:var(--h2_typography-font-style);--awb-caption-title-size:var(--h2_typography-font-size);--awb-caption-title-transform:var(--h2_typography-text-transform);--awb-caption-title-line-height:var(--h2_typography-line-height);--awb-caption-title-letter-spacing:var(--h2_typography-letter-spacing);\"><span class=\" fusion-imageframe imageframe-none imageframe-153 hover-type-none has-aspect-ratio\"><a class=\"fusion-no-lightbox\" href=\"https:\/\/www.choral-events.com\/es\/chorales\/ensemble-noctuor\/\" target=\"_self\" aria-label=\"Ensemble Noctuor\"><img decoding=\"async\" width=\"2560\" height=\"1441\" src=\"https:\/\/www.choral-events.com\/wp-content\/uploads\/2025\/03\/EXC01939-scaled-1.jpg\" class=\"img-responsive wp-image-49401 img-with-aspect-ratio\" data-parent-fit=\"cover\" data-parent-container=\".fusion-image-element\" alt srcset=\"https:\/\/www.choral-events.com\/wp-content\/uploads\/2025\/03\/EXC01939-scaled-1-200x113.jpg 200w, https:\/\/www.choral-events.com\/wp-content\/uploads\/2025\/03\/EXC01939-scaled-1-400x225.jpg 400w, https:\/\/www.choral-events.com\/wp-content\/uploads\/2025\/03\/EXC01939-scaled-1-600x338.jpg 600w, https:\/\/www.choral-events.com\/wp-content\/uploads\/2025\/03\/EXC01939-scaled-1-800x450.jpg 800w, https:\/\/www.choral-events.com\/wp-content\/uploads\/2025\/03\/EXC01939-scaled-1-1200x675.jpg 1200w, https:\/\/www.choral-events.com\/wp-content\/uploads\/2025\/03\/EXC01939-scaled-1.jpg 2560w\" sizes=\"(max-width: 1024px) 100vw, (max-width: 640px) 100vw, 2560px\" \/><\/a><\/span><\/div><div class=\"fusion-title title fusion-title-155 fusion-sep-none fusion-title-center fusion-title-text fusion-title-size-paragraph\" style=\"--awb-text-color:var(--awb-color7);--awb-margin-top:10px;--awb-margin-right:5px;--awb-margin-bottom:10px;--awb-margin-left:5px;--awb-margin-top-small:16px;--awb-margin-right-small:0px;--awb-margin-bottom-small:10px;--awb-margin-left-small:0px;--awb-link-color:var(--awb-color7);--awb-font-size:16px;\"><p class=\"fusion-title-heading title-heading-center title-heading-tag fusion-responsive-typography-calculated\" style=\"margin:0;font-size:1em;--fontSize:16;--minFontSize:16;line-height:1.6;\"><a href=\"https:\/\/www.choral-events.com\/es\/chorales\/ensemble-noctuor\/\" class=\"awb-custom-text-color awb-custom-text-hover-color\" target=\"_self\">Ensemble Noctuor<\/a><\/p><\/div><div class=\"fusion-separator\" style=\"align-self: center;margin-left: auto;margin-right: auto;flex-grow:10;margin-top:5px;margin-bottom:10px;width:100%;max-width:70px;\"><div class=\"fusion-separator-border sep-single sep-solid\" style=\"--awb-height:20px;--awb-amount:20px;border-color:var(--awb-color2);border-top-width:1px;\"><\/div><\/div><div class=\"fusion-text fusion-text-154\" style=\"--awb-content-alignment:center;--awb-text-transform:capitalize;--awb-text-color:var(--awb-color4);\"><p>Suiza<\/p>\n<\/div><\/div><\/li>\n<li class=\"fusion-layout-column fusion_builder_column fusion-builder-column-156 fusion-flex-column fusion-animated post-card fusion-grid-column fusion-post-cards-grid-column fusion-animated\" style=\"--awb-padding-bottom:5px;--awb-overflow:hidden;--awb-bg-color:var(--awb-color1);--awb-bg-color-hover:var(--awb-custom_color_2);--awb-bg-size:cover;--awb-box-shadow:0px 0px 24px hsla(var(--awb-color7-h),var(--awb-color7-s),var(--awb-color7-l),calc(var(--awb-color7-a) - 40%));;--awb-border-color:var(--awb-color4);--awb-border-color-hover:var(--awb-color7);--awb-border-top:1px;--awb-border-right:1px;--awb-border-bottom:1px;--awb-border-left:1px;--awb-border-style:solid;--awb-border-radius:6px 6px 6px 6px;--awb-flex-grow:0;--awb-flex-shrink:0;--awb-flex-grow-medium:0;--awb-flex-shrink-medium:0;--awb-flex-grow-small:0;--awb-flex-shrink-small:0;\" data-animationType=\"fadeIn\" data-animationDuration=\"1.3\" data-animationOffset=\"top-into-view\"><div class=\"fusion-column-wrapper fusion-column-has-shadow fusion-flex-justify-content-flex-start fusion-content-layout-column\"><div class=\"fusion-image-element \" style=\"--awb-aspect-ratio:16 \/ 9;--awb-margin-bottom:10px;--awb-caption-title-font-family:var(--h2_typography-font-family);--awb-caption-title-font-weight:var(--h2_typography-font-weight);--awb-caption-title-font-style:var(--h2_typography-font-style);--awb-caption-title-size:var(--h2_typography-font-size);--awb-caption-title-transform:var(--h2_typography-text-transform);--awb-caption-title-line-height:var(--h2_typography-line-height);--awb-caption-title-letter-spacing:var(--h2_typography-letter-spacing);\"><span class=\" fusion-imageframe imageframe-none imageframe-154 hover-type-none has-aspect-ratio\"><a class=\"fusion-no-lightbox\" href=\"https:\/\/www.choral-events.com\/es\/chorales\/ensemble-vocal-cantabile\/\" target=\"_self\" aria-label=\"Ensemble Vocal Cantabile\"><img decoding=\"async\" width=\"1280\" height=\"597\" alt=\"Ensemble Vocal Cantabile\" src=\"https:\/\/www.choral-events.com\/wp-content\/uploads\/2025\/02\/2-1.jpeg\" class=\"img-responsive wp-image-49274 img-with-aspect-ratio\" data-parent-fit=\"cover\" data-parent-container=\".fusion-image-element\" srcset=\"https:\/\/www.choral-events.com\/wp-content\/uploads\/2025\/02\/2-1-200x93.jpeg 200w, https:\/\/www.choral-events.com\/wp-content\/uploads\/2025\/02\/2-1-400x187.jpeg 400w, https:\/\/www.choral-events.com\/wp-content\/uploads\/2025\/02\/2-1-600x280.jpeg 600w, https:\/\/www.choral-events.com\/wp-content\/uploads\/2025\/02\/2-1-800x373.jpeg 800w, https:\/\/www.choral-events.com\/wp-content\/uploads\/2025\/02\/2-1-1200x560.jpeg 1200w, https:\/\/www.choral-events.com\/wp-content\/uploads\/2025\/02\/2-1.jpeg 1280w\" sizes=\"(max-width: 1024px) 100vw, (max-width: 640px) 100vw, 1280px\" \/><\/a><\/span><\/div><div class=\"fusion-title title fusion-title-156 fusion-sep-none fusion-title-center fusion-title-text fusion-title-size-paragraph\" style=\"--awb-text-color:var(--awb-color7);--awb-margin-top:10px;--awb-margin-right:5px;--awb-margin-bottom:10px;--awb-margin-left:5px;--awb-margin-top-small:16px;--awb-margin-right-small:0px;--awb-margin-bottom-small:10px;--awb-margin-left-small:0px;--awb-link-color:var(--awb-color7);--awb-font-size:16px;\"><p class=\"fusion-title-heading title-heading-center title-heading-tag fusion-responsive-typography-calculated\" style=\"margin:0;font-size:1em;--fontSize:16;--minFontSize:16;line-height:1.6;\"><a href=\"https:\/\/www.choral-events.com\/es\/chorales\/ensemble-vocal-cantabile\/\" class=\"awb-custom-text-color awb-custom-text-hover-color\" target=\"_self\">Ensemble Vocal Cantabile<\/a><\/p><\/div><div class=\"fusion-separator\" style=\"align-self: center;margin-left: auto;margin-right: auto;flex-grow:10;margin-top:5px;margin-bottom:10px;width:100%;max-width:70px;\"><div class=\"fusion-separator-border sep-single sep-solid\" style=\"--awb-height:20px;--awb-amount:20px;border-color:var(--awb-color2);border-top-width:1px;\"><\/div><\/div><div class=\"fusion-text fusion-text-155\" style=\"--awb-content-alignment:center;--awb-text-transform:capitalize;--awb-text-color:var(--awb-color4);\"><p>Francia<\/p>\n<\/div><\/div><\/li>\n<li class=\"fusion-layout-column fusion_builder_column fusion-builder-column-157 fusion-flex-column fusion-animated post-card fusion-grid-column fusion-post-cards-grid-column fusion-animated\" style=\"--awb-padding-bottom:5px;--awb-overflow:hidden;--awb-bg-color:var(--awb-color1);--awb-bg-color-hover:var(--awb-custom_color_2);--awb-bg-size:cover;--awb-box-shadow:0px 0px 24px hsla(var(--awb-color7-h),var(--awb-color7-s),var(--awb-color7-l),calc(var(--awb-color7-a) - 40%));;--awb-border-color:var(--awb-color4);--awb-border-color-hover:var(--awb-color7);--awb-border-top:1px;--awb-border-right:1px;--awb-border-bottom:1px;--awb-border-left:1px;--awb-border-style:solid;--awb-border-radius:6px 6px 6px 6px;--awb-flex-grow:0;--awb-flex-shrink:0;--awb-flex-grow-medium:0;--awb-flex-shrink-medium:0;--awb-flex-grow-small:0;--awb-flex-shrink-small:0;\" data-animationType=\"fadeIn\" data-animationDuration=\"1.3\" data-animationOffset=\"top-into-view\"><div class=\"fusion-column-wrapper fusion-column-has-shadow fusion-flex-justify-content-flex-start fusion-content-layout-column\"><div class=\"fusion-image-element \" style=\"--awb-aspect-ratio:16 \/ 9;--awb-margin-bottom:10px;--awb-caption-title-font-family:var(--h2_typography-font-family);--awb-caption-title-font-weight:var(--h2_typography-font-weight);--awb-caption-title-font-style:var(--h2_typography-font-style);--awb-caption-title-size:var(--h2_typography-font-size);--awb-caption-title-transform:var(--h2_typography-text-transform);--awb-caption-title-line-height:var(--h2_typography-line-height);--awb-caption-title-letter-spacing:var(--h2_typography-letter-spacing);\"><span class=\" fusion-imageframe imageframe-none imageframe-155 hover-type-none has-aspect-ratio\"><a class=\"fusion-no-lightbox\" href=\"https:\/\/www.choral-events.com\/es\/chorales\/ensemble-vocal-de-boischaut\/\" target=\"_self\" aria-label=\"Ens-Voc-Boischaut-foto-p\u00e1gina-web-2-1\"><img decoding=\"async\" width=\"550\" height=\"350\" src=\"https:\/\/www.choral-events.com\/wp-content\/uploads\/2026\/03\/Ens-Voc-Boischaut-photo-page-web-2-1.png\" class=\"img-responsive wp-image-51852 img-with-aspect-ratio\" data-parent-fit=\"cover\" data-parent-container=\".fusion-image-element\" alt srcset=\"https:\/\/www.choral-events.com\/wp-content\/uploads\/2026\/03\/Ens-Voc-Boischaut-photo-page-web-2-1-200x127.png 200w, https:\/\/www.choral-events.com\/wp-content\/uploads\/2026\/03\/Ens-Voc-Boischaut-photo-page-web-2-1-400x255.png 400w, https:\/\/www.choral-events.com\/wp-content\/uploads\/2026\/03\/Ens-Voc-Boischaut-photo-page-web-2-1.png 550w\" sizes=\"(max-width: 1024px) 100vw, (max-width: 640px) 100vw, 550px\" \/><\/a><\/span><\/div><div class=\"fusion-title title fusion-title-157 fusion-sep-none fusion-title-center fusion-title-text fusion-title-size-paragraph\" style=\"--awb-text-color:var(--awb-color7);--awb-margin-top:10px;--awb-margin-right:5px;--awb-margin-bottom:10px;--awb-margin-left:5px;--awb-margin-top-small:16px;--awb-margin-right-small:0px;--awb-margin-bottom-small:10px;--awb-margin-left-small:0px;--awb-link-color:var(--awb-color7);--awb-font-size:16px;\"><p class=\"fusion-title-heading title-heading-center title-heading-tag fusion-responsive-typography-calculated\" style=\"margin:0;font-size:1em;--fontSize:16;--minFontSize:16;line-height:1.6;\"><a href=\"https:\/\/www.choral-events.com\/es\/chorales\/ensemble-vocal-de-boischaut\/\" class=\"awb-custom-text-color awb-custom-text-hover-color\" target=\"_self\">Ensemble vocal de Boischaut<\/a><\/p><\/div><div class=\"fusion-separator\" style=\"align-self: center;margin-left: auto;margin-right: auto;flex-grow:10;margin-top:5px;margin-bottom:10px;width:100%;max-width:70px;\"><div class=\"fusion-separator-border sep-single sep-solid\" style=\"--awb-height:20px;--awb-amount:20px;border-color:var(--awb-color2);border-top-width:1px;\"><\/div><\/div><div class=\"fusion-text fusion-text-156\" style=\"--awb-content-alignment:center;--awb-text-transform:capitalize;--awb-text-color:var(--awb-color4);\"><p>France<\/p>\n<\/div><\/div><\/li>\n<li class=\"fusion-layout-column fusion_builder_column fusion-builder-column-158 fusion-flex-column fusion-animated post-card fusion-grid-column fusion-post-cards-grid-column fusion-animated\" style=\"--awb-padding-bottom:5px;--awb-overflow:hidden;--awb-bg-color:var(--awb-color1);--awb-bg-color-hover:var(--awb-custom_color_2);--awb-bg-size:cover;--awb-box-shadow:0px 0px 24px hsla(var(--awb-color7-h),var(--awb-color7-s),var(--awb-color7-l),calc(var(--awb-color7-a) - 40%));;--awb-border-color:var(--awb-color4);--awb-border-color-hover:var(--awb-color7);--awb-border-top:1px;--awb-border-right:1px;--awb-border-bottom:1px;--awb-border-left:1px;--awb-border-style:solid;--awb-border-radius:6px 6px 6px 6px;--awb-flex-grow:0;--awb-flex-shrink:0;--awb-flex-grow-medium:0;--awb-flex-shrink-medium:0;--awb-flex-grow-small:0;--awb-flex-shrink-small:0;\" data-animationType=\"fadeIn\" data-animationDuration=\"1.3\" data-animationOffset=\"top-into-view\"><div class=\"fusion-column-wrapper fusion-column-has-shadow fusion-flex-justify-content-flex-start fusion-content-layout-column\"><div class=\"fusion-image-element \" style=\"--awb-aspect-ratio:16 \/ 9;--awb-margin-bottom:10px;--awb-caption-title-font-family:var(--h2_typography-font-family);--awb-caption-title-font-weight:var(--h2_typography-font-weight);--awb-caption-title-font-style:var(--h2_typography-font-style);--awb-caption-title-size:var(--h2_typography-font-size);--awb-caption-title-transform:var(--h2_typography-text-transform);--awb-caption-title-line-height:var(--h2_typography-line-height);--awb-caption-title-letter-spacing:var(--h2_typography-letter-spacing);\"><span class=\" fusion-imageframe imageframe-none imageframe-156 hover-type-none has-aspect-ratio\"><a class=\"fusion-no-lightbox\" href=\"https:\/\/www.choral-events.com\/es\/chorales\/ensemble-vocal-ephemere\/\" target=\"_self\" aria-label=\"Ef\u00edmera-foto-p\u00e1gina-web-3\"><img decoding=\"async\" width=\"550\" height=\"350\" src=\"https:\/\/www.choral-events.com\/wp-content\/uploads\/2026\/03\/Ephemere-photo-page-web-3.png\" class=\"img-responsive wp-image-51856 img-with-aspect-ratio\" data-parent-fit=\"cover\" data-parent-container=\".fusion-image-element\" alt srcset=\"https:\/\/www.choral-events.com\/wp-content\/uploads\/2026\/03\/Ephemere-photo-page-web-3-200x127.png 200w, https:\/\/www.choral-events.com\/wp-content\/uploads\/2026\/03\/Ephemere-photo-page-web-3-400x255.png 400w, https:\/\/www.choral-events.com\/wp-content\/uploads\/2026\/03\/Ephemere-photo-page-web-3.png 550w\" sizes=\"(max-width: 1024px) 100vw, (max-width: 640px) 100vw, 550px\" \/><\/a><\/span><\/div><div class=\"fusion-title title fusion-title-158 fusion-sep-none fusion-title-center fusion-title-text fusion-title-size-paragraph\" style=\"--awb-text-color:var(--awb-color7);--awb-margin-top:10px;--awb-margin-right:5px;--awb-margin-bottom:10px;--awb-margin-left:5px;--awb-margin-top-small:16px;--awb-margin-right-small:0px;--awb-margin-bottom-small:10px;--awb-margin-left-small:0px;--awb-link-color:var(--awb-color7);--awb-font-size:16px;\"><p class=\"fusion-title-heading title-heading-center title-heading-tag fusion-responsive-typography-calculated\" style=\"margin:0;font-size:1em;--fontSize:16;--minFontSize:16;line-height:1.6;\"><a href=\"https:\/\/www.choral-events.com\/es\/chorales\/ensemble-vocal-ephemere\/\" class=\"awb-custom-text-color awb-custom-text-hover-color\" target=\"_self\">Ensemble vocal Eph\u00e9m\u00e8re<\/a><\/p><\/div><div class=\"fusion-separator\" style=\"align-self: center;margin-left: auto;margin-right: auto;flex-grow:10;margin-top:5px;margin-bottom:10px;width:100%;max-width:70px;\"><div class=\"fusion-separator-border sep-single sep-solid\" style=\"--awb-height:20px;--awb-amount:20px;border-color:var(--awb-color2);border-top-width:1px;\"><\/div><\/div><div class=\"fusion-text fusion-text-157\" style=\"--awb-content-alignment:center;--awb-text-transform:capitalize;--awb-text-color:var(--awb-color4);\"><p>France<\/p>\n<\/div><\/div><\/li>\n<li class=\"fusion-layout-column fusion_builder_column fusion-builder-column-159 fusion-flex-column fusion-animated post-card fusion-grid-column fusion-post-cards-grid-column fusion-animated\" style=\"--awb-padding-bottom:5px;--awb-overflow:hidden;--awb-bg-color:var(--awb-color1);--awb-bg-color-hover:var(--awb-custom_color_2);--awb-bg-size:cover;--awb-box-shadow:0px 0px 24px hsla(var(--awb-color7-h),var(--awb-color7-s),var(--awb-color7-l),calc(var(--awb-color7-a) - 40%));;--awb-border-color:var(--awb-color4);--awb-border-color-hover:var(--awb-color7);--awb-border-top:1px;--awb-border-right:1px;--awb-border-bottom:1px;--awb-border-left:1px;--awb-border-style:solid;--awb-border-radius:6px 6px 6px 6px;--awb-flex-grow:0;--awb-flex-shrink:0;--awb-flex-grow-medium:0;--awb-flex-shrink-medium:0;--awb-flex-grow-small:0;--awb-flex-shrink-small:0;\" data-animationType=\"fadeIn\" data-animationDuration=\"1.3\" data-animationOffset=\"top-into-view\"><div class=\"fusion-column-wrapper fusion-column-has-shadow fusion-flex-justify-content-flex-start fusion-content-layout-column\"><div class=\"fusion-image-element \" style=\"--awb-aspect-ratio:16 \/ 9;--awb-margin-bottom:10px;--awb-caption-title-font-family:var(--h2_typography-font-family);--awb-caption-title-font-weight:var(--h2_typography-font-weight);--awb-caption-title-font-style:var(--h2_typography-font-style);--awb-caption-title-size:var(--h2_typography-font-size);--awb-caption-title-transform:var(--h2_typography-text-transform);--awb-caption-title-line-height:var(--h2_typography-line-height);--awb-caption-title-letter-spacing:var(--h2_typography-letter-spacing);\"><span class=\" fusion-imageframe imageframe-none imageframe-157 hover-type-none has-aspect-ratio\"><a class=\"fusion-no-lightbox\" href=\"https:\/\/www.choral-events.com\/es\/chorales\/ensemble-vocal-via-voce\/\" target=\"_self\"><img decoding=\"async\" src=\"https:\/\/www.choral-events.eskale.fr\/wp-content\/uploads\/2026\/02\/Chorales-2022.jpg\" class=\"img-responsive img-with-aspect-ratio\" data-parent-fit=\"cover\" data-parent-container=\".fusion-image-element\" alt \/><\/a><\/span><\/div><div class=\"fusion-title title fusion-title-159 fusion-sep-none fusion-title-center fusion-title-text fusion-title-size-paragraph\" style=\"--awb-text-color:var(--awb-color7);--awb-margin-top:10px;--awb-margin-right:5px;--awb-margin-bottom:10px;--awb-margin-left:5px;--awb-margin-top-small:16px;--awb-margin-right-small:0px;--awb-margin-bottom-small:10px;--awb-margin-left-small:0px;--awb-link-color:var(--awb-color7);--awb-font-size:16px;\"><p class=\"fusion-title-heading title-heading-center title-heading-tag fusion-responsive-typography-calculated\" style=\"margin:0;font-size:1em;--fontSize:16;--minFontSize:16;line-height:1.6;\"><a href=\"https:\/\/www.choral-events.com\/es\/chorales\/ensemble-vocal-via-voce\/\" class=\"awb-custom-text-color awb-custom-text-hover-color\" target=\"_self\">Ensemble Vocal Via Voce<\/a><\/p><\/div><div class=\"fusion-separator\" style=\"align-self: center;margin-left: auto;margin-right: auto;flex-grow:10;margin-top:5px;margin-bottom:10px;width:100%;max-width:70px;\"><div class=\"fusion-separator-border sep-single sep-solid\" style=\"--awb-height:20px;--awb-amount:20px;border-color:var(--awb-color2);border-top-width:1px;\"><\/div><\/div><div class=\"fusion-text fusion-text-158\" style=\"--awb-content-alignment:center;--awb-text-transform:capitalize;--awb-text-color:var(--awb-color4);\"><p>Qu\u00e9bec<\/p>\n<\/div><\/div><\/li>\n<li class=\"fusion-layout-column fusion_builder_column fusion-builder-column-160 fusion-flex-column fusion-animated post-card fusion-grid-column fusion-post-cards-grid-column fusion-animated\" style=\"--awb-padding-bottom:5px;--awb-overflow:hidden;--awb-bg-color:var(--awb-color1);--awb-bg-color-hover:var(--awb-custom_color_2);--awb-bg-size:cover;--awb-box-shadow:0px 0px 24px hsla(var(--awb-color7-h),var(--awb-color7-s),var(--awb-color7-l),calc(var(--awb-color7-a) - 40%));;--awb-border-color:var(--awb-color4);--awb-border-color-hover:var(--awb-color7);--awb-border-top:1px;--awb-border-right:1px;--awb-border-bottom:1px;--awb-border-left:1px;--awb-border-style:solid;--awb-border-radius:6px 6px 6px 6px;--awb-flex-grow:0;--awb-flex-shrink:0;--awb-flex-grow-medium:0;--awb-flex-shrink-medium:0;--awb-flex-grow-small:0;--awb-flex-shrink-small:0;\" data-animationType=\"fadeIn\" data-animationDuration=\"1.3\" data-animationOffset=\"top-into-view\"><div class=\"fusion-column-wrapper fusion-column-has-shadow fusion-flex-justify-content-flex-start fusion-content-layout-column\"><div class=\"fusion-image-element \" style=\"--awb-aspect-ratio:16 \/ 9;--awb-margin-bottom:10px;--awb-caption-title-font-family:var(--h2_typography-font-family);--awb-caption-title-font-weight:var(--h2_typography-font-weight);--awb-caption-title-font-style:var(--h2_typography-font-style);--awb-caption-title-size:var(--h2_typography-font-size);--awb-caption-title-transform:var(--h2_typography-text-transform);--awb-caption-title-line-height:var(--h2_typography-line-height);--awb-caption-title-letter-spacing:var(--h2_typography-letter-spacing);\"><span class=\" fusion-imageframe imageframe-none imageframe-158 hover-type-none has-aspect-ratio\"><a class=\"fusion-no-lightbox\" href=\"https:\/\/www.choral-events.com\/es\/chorales\/groupe-vocal-oxygene\/\" target=\"_self\"><img decoding=\"async\" src=\"https:\/\/www.choral-events.eskale.fr\/wp-content\/uploads\/2026\/02\/Chorales-2022.jpg\" class=\"img-responsive img-with-aspect-ratio\" data-parent-fit=\"cover\" data-parent-container=\".fusion-image-element\" alt \/><\/a><\/span><\/div><div class=\"fusion-title title fusion-title-160 fusion-sep-none fusion-title-center fusion-title-text fusion-title-size-paragraph\" style=\"--awb-text-color:var(--awb-color7);--awb-margin-top:10px;--awb-margin-right:5px;--awb-margin-bottom:10px;--awb-margin-left:5px;--awb-margin-top-small:16px;--awb-margin-right-small:0px;--awb-margin-bottom-small:10px;--awb-margin-left-small:0px;--awb-link-color:var(--awb-color7);--awb-font-size:16px;\"><p class=\"fusion-title-heading title-heading-center title-heading-tag fusion-responsive-typography-calculated\" style=\"margin:0;font-size:1em;--fontSize:16;--minFontSize:16;line-height:1.6;\"><a href=\"https:\/\/www.choral-events.com\/es\/chorales\/groupe-vocal-oxygene\/\" class=\"awb-custom-text-color awb-custom-text-hover-color\" target=\"_self\">Groupe Vocal Oxyg\u00e8ne<\/a><\/p><\/div><div class=\"fusion-separator\" style=\"align-self: center;margin-left: auto;margin-right: auto;flex-grow:10;margin-top:5px;margin-bottom:10px;width:100%;max-width:70px;\"><div class=\"fusion-separator-border sep-single sep-solid\" style=\"--awb-height:20px;--awb-amount:20px;border-color:var(--awb-color2);border-top-width:1px;\"><\/div><\/div><div class=\"fusion-text fusion-text-159\" style=\"--awb-content-alignment:center;--awb-text-transform:capitalize;--awb-text-color:var(--awb-color4);\"><p>France<\/p>\n<\/div><\/div><\/li>\n<li class=\"fusion-layout-column fusion_builder_column fusion-builder-column-161 fusion-flex-column fusion-animated post-card fusion-grid-column fusion-post-cards-grid-column fusion-animated\" style=\"--awb-padding-bottom:5px;--awb-overflow:hidden;--awb-bg-color:var(--awb-color1);--awb-bg-color-hover:var(--awb-custom_color_2);--awb-bg-size:cover;--awb-box-shadow:0px 0px 24px hsla(var(--awb-color7-h),var(--awb-color7-s),var(--awb-color7-l),calc(var(--awb-color7-a) - 40%));;--awb-border-color:var(--awb-color4);--awb-border-color-hover:var(--awb-color7);--awb-border-top:1px;--awb-border-right:1px;--awb-border-bottom:1px;--awb-border-left:1px;--awb-border-style:solid;--awb-border-radius:6px 6px 6px 6px;--awb-flex-grow:0;--awb-flex-shrink:0;--awb-flex-grow-medium:0;--awb-flex-shrink-medium:0;--awb-flex-grow-small:0;--awb-flex-shrink-small:0;\" data-animationType=\"fadeIn\" data-animationDuration=\"1.3\" data-animationOffset=\"top-into-view\"><div class=\"fusion-column-wrapper fusion-column-has-shadow fusion-flex-justify-content-flex-start fusion-content-layout-column\"><div class=\"fusion-image-element \" style=\"--awb-aspect-ratio:16 \/ 9;--awb-margin-bottom:10px;--awb-caption-title-font-family:var(--h2_typography-font-family);--awb-caption-title-font-weight:var(--h2_typography-font-weight);--awb-caption-title-font-style:var(--h2_typography-font-style);--awb-caption-title-size:var(--h2_typography-font-size);--awb-caption-title-transform:var(--h2_typography-text-transform);--awb-caption-title-line-height:var(--h2_typography-line-height);--awb-caption-title-letter-spacing:var(--h2_typography-letter-spacing);\"><span class=\" fusion-imageframe imageframe-none imageframe-159 hover-type-none has-aspect-ratio\"><a class=\"fusion-no-lightbox\" href=\"https:\/\/www.choral-events.com\/es\/chorales\/happy-vibes\/\" target=\"_self\" aria-label=\"Happy-Vibes-Foto-sitio-web-1\"><img decoding=\"async\" width=\"550\" height=\"350\" src=\"https:\/\/www.choral-events.com\/wp-content\/uploads\/2026\/03\/Happy-Vibes-Photo-site-web-1.png\" class=\"img-responsive wp-image-51860 img-with-aspect-ratio\" data-parent-fit=\"cover\" data-parent-container=\".fusion-image-element\" alt srcset=\"https:\/\/www.choral-events.com\/wp-content\/uploads\/2026\/03\/Happy-Vibes-Photo-site-web-1-200x127.png 200w, https:\/\/www.choral-events.com\/wp-content\/uploads\/2026\/03\/Happy-Vibes-Photo-site-web-1-400x255.png 400w, https:\/\/www.choral-events.com\/wp-content\/uploads\/2026\/03\/Happy-Vibes-Photo-site-web-1.png 550w\" sizes=\"(max-width: 1024px) 100vw, (max-width: 640px) 100vw, 550px\" \/><\/a><\/span><\/div><div class=\"fusion-title title fusion-title-161 fusion-sep-none fusion-title-center fusion-title-text fusion-title-size-paragraph\" style=\"--awb-text-color:var(--awb-color7);--awb-margin-top:10px;--awb-margin-right:5px;--awb-margin-bottom:10px;--awb-margin-left:5px;--awb-margin-top-small:16px;--awb-margin-right-small:0px;--awb-margin-bottom-small:10px;--awb-margin-left-small:0px;--awb-link-color:var(--awb-color7);--awb-font-size:16px;\"><p class=\"fusion-title-heading title-heading-center title-heading-tag fusion-responsive-typography-calculated\" style=\"margin:0;font-size:1em;--fontSize:16;--minFontSize:16;line-height:1.6;\"><a href=\"https:\/\/www.choral-events.com\/es\/chorales\/happy-vibes\/\" class=\"awb-custom-text-color awb-custom-text-hover-color\" target=\"_self\">Happy Vibes<\/a><\/p><\/div><div class=\"fusion-separator\" style=\"align-self: center;margin-left: auto;margin-right: auto;flex-grow:10;margin-top:5px;margin-bottom:10px;width:100%;max-width:70px;\"><div class=\"fusion-separator-border sep-single sep-solid\" style=\"--awb-height:20px;--awb-amount:20px;border-color:var(--awb-color2);border-top-width:1px;\"><\/div><\/div><div class=\"fusion-text fusion-text-160\" style=\"--awb-content-alignment:center;--awb-text-transform:capitalize;--awb-text-color:var(--awb-color4);\"><p>France<\/p>\n<\/div><\/div><\/li>\n<li class=\"fusion-layout-column fusion_builder_column fusion-builder-column-162 fusion-flex-column fusion-animated post-card fusion-grid-column fusion-post-cards-grid-column fusion-animated\" style=\"--awb-padding-bottom:5px;--awb-overflow:hidden;--awb-bg-color:var(--awb-color1);--awb-bg-color-hover:var(--awb-custom_color_2);--awb-bg-size:cover;--awb-box-shadow:0px 0px 24px hsla(var(--awb-color7-h),var(--awb-color7-s),var(--awb-color7-l),calc(var(--awb-color7-a) - 40%));;--awb-border-color:var(--awb-color4);--awb-border-color-hover:var(--awb-color7);--awb-border-top:1px;--awb-border-right:1px;--awb-border-bottom:1px;--awb-border-left:1px;--awb-border-style:solid;--awb-border-radius:6px 6px 6px 6px;--awb-flex-grow:0;--awb-flex-shrink:0;--awb-flex-grow-medium:0;--awb-flex-shrink-medium:0;--awb-flex-grow-small:0;--awb-flex-shrink-small:0;\" data-animationType=\"fadeIn\" data-animationDuration=\"1.3\" data-animationOffset=\"top-into-view\"><div class=\"fusion-column-wrapper fusion-column-has-shadow fusion-flex-justify-content-flex-start fusion-content-layout-column\"><div class=\"fusion-image-element \" style=\"--awb-aspect-ratio:16 \/ 9;--awb-margin-bottom:10px;--awb-caption-title-font-family:var(--h2_typography-font-family);--awb-caption-title-font-weight:var(--h2_typography-font-weight);--awb-caption-title-font-style:var(--h2_typography-font-style);--awb-caption-title-size:var(--h2_typography-font-size);--awb-caption-title-transform:var(--h2_typography-text-transform);--awb-caption-title-line-height:var(--h2_typography-line-height);--awb-caption-title-letter-spacing:var(--h2_typography-letter-spacing);\"><span class=\" fusion-imageframe imageframe-none imageframe-160 hover-type-none has-aspect-ratio\"><a class=\"fusion-no-lightbox\" href=\"https:\/\/www.choral-events.com\/es\/chorales\/il-calicanto\/\" target=\"_self\" aria-label=\"Il Calicanto\"><img decoding=\"async\" width=\"2000\" height=\"1334\" alt=\"Il Calicanto\" src=\"https:\/\/www.choral-events.com\/wp-content\/uploads\/2025\/04\/Il-Calicanto3.jpg\" class=\"img-responsive wp-image-49278 img-with-aspect-ratio\" data-parent-fit=\"cover\" data-parent-container=\".fusion-image-element\" srcset=\"https:\/\/www.choral-events.com\/wp-content\/uploads\/2025\/04\/Il-Calicanto3-200x133.jpg 200w, https:\/\/www.choral-events.com\/wp-content\/uploads\/2025\/04\/Il-Calicanto3-400x267.jpg 400w, https:\/\/www.choral-events.com\/wp-content\/uploads\/2025\/04\/Il-Calicanto3-600x400.jpg 600w, https:\/\/www.choral-events.com\/wp-content\/uploads\/2025\/04\/Il-Calicanto3-800x534.jpg 800w, https:\/\/www.choral-events.com\/wp-content\/uploads\/2025\/04\/Il-Calicanto3-1200x800.jpg 1200w, https:\/\/www.choral-events.com\/wp-content\/uploads\/2025\/04\/Il-Calicanto3.jpg 2000w\" sizes=\"(max-width: 1024px) 100vw, (max-width: 640px) 100vw, 2000px\" \/><\/a><\/span><\/div><div class=\"fusion-title title fusion-title-162 fusion-sep-none fusion-title-center fusion-title-text fusion-title-size-paragraph\" style=\"--awb-text-color:var(--awb-color7);--awb-margin-top:10px;--awb-margin-right:5px;--awb-margin-bottom:10px;--awb-margin-left:5px;--awb-margin-top-small:16px;--awb-margin-right-small:0px;--awb-margin-bottom-small:10px;--awb-margin-left-small:0px;--awb-link-color:var(--awb-color7);--awb-font-size:16px;\"><p class=\"fusion-title-heading title-heading-center title-heading-tag fusion-responsive-typography-calculated\" style=\"margin:0;font-size:1em;--fontSize:16;--minFontSize:16;line-height:1.6;\"><a href=\"https:\/\/www.choral-events.com\/es\/chorales\/il-calicanto\/\" class=\"awb-custom-text-color awb-custom-text-hover-color\" target=\"_self\">Il Calicanto<\/a><\/p><\/div><div class=\"fusion-separator\" style=\"align-self: center;margin-left: auto;margin-right: auto;flex-grow:10;margin-top:5px;margin-bottom:10px;width:100%;max-width:70px;\"><div class=\"fusion-separator-border sep-single sep-solid\" style=\"--awb-height:20px;--awb-amount:20px;border-color:var(--awb-color2);border-top-width:1px;\"><\/div><\/div><div class=\"fusion-text fusion-text-161\" style=\"--awb-content-alignment:center;--awb-text-transform:capitalize;--awb-text-color:var(--awb-color4);\"><p>Italia<\/p>\n<\/div><\/div><\/li>\n<li class=\"fusion-layout-column fusion_builder_column fusion-builder-column-163 fusion-flex-column fusion-animated post-card fusion-grid-column fusion-post-cards-grid-column fusion-animated\" style=\"--awb-padding-bottom:5px;--awb-overflow:hidden;--awb-bg-color:var(--awb-color1);--awb-bg-color-hover:var(--awb-custom_color_2);--awb-bg-size:cover;--awb-box-shadow:0px 0px 24px hsla(var(--awb-color7-h),var(--awb-color7-s),var(--awb-color7-l),calc(var(--awb-color7-a) - 40%));;--awb-border-color:var(--awb-color4);--awb-border-color-hover:var(--awb-color7);--awb-border-top:1px;--awb-border-right:1px;--awb-border-bottom:1px;--awb-border-left:1px;--awb-border-style:solid;--awb-border-radius:6px 6px 6px 6px;--awb-flex-grow:0;--awb-flex-shrink:0;--awb-flex-grow-medium:0;--awb-flex-shrink-medium:0;--awb-flex-grow-small:0;--awb-flex-shrink-small:0;\" data-animationType=\"fadeIn\" data-animationDuration=\"1.3\" data-animationOffset=\"top-into-view\"><div class=\"fusion-column-wrapper fusion-column-has-shadow fusion-flex-justify-content-flex-start fusion-content-layout-column\"><div class=\"fusion-image-element \" style=\"--awb-aspect-ratio:16 \/ 9;--awb-margin-bottom:10px;--awb-caption-title-font-family:var(--h2_typography-font-family);--awb-caption-title-font-weight:var(--h2_typography-font-weight);--awb-caption-title-font-style:var(--h2_typography-font-style);--awb-caption-title-size:var(--h2_typography-font-size);--awb-caption-title-transform:var(--h2_typography-text-transform);--awb-caption-title-line-height:var(--h2_typography-line-height);--awb-caption-title-letter-spacing:var(--h2_typography-letter-spacing);\"><span class=\" fusion-imageframe imageframe-none imageframe-161 hover-type-none has-aspect-ratio\"><a class=\"fusion-no-lightbox\" href=\"https:\/\/www.choral-events.com\/es\/chorales\/les-amis-du-chant\/\" target=\"_self\" aria-label=\"Les Amis du Chant \u2013 Luxemburgo\"><img decoding=\"async\" width=\"1920\" height=\"1281\" alt=\"Les Amis du Chant \u2013 Luxemburgo\" src=\"https:\/\/www.choral-events.com\/wp-content\/uploads\/2025\/02\/2.webp\" class=\"img-responsive wp-image-49256 img-with-aspect-ratio\" data-parent-fit=\"cover\" data-parent-container=\".fusion-image-element\" srcset=\"https:\/\/www.choral-events.com\/wp-content\/uploads\/2025\/02\/2-200x133.webp 200w, https:\/\/www.choral-events.com\/wp-content\/uploads\/2025\/02\/2-400x267.webp 400w, https:\/\/www.choral-events.com\/wp-content\/uploads\/2025\/02\/2-600x400.webp 600w, https:\/\/www.choral-events.com\/wp-content\/uploads\/2025\/02\/2-800x534.webp 800w, https:\/\/www.choral-events.com\/wp-content\/uploads\/2025\/02\/2-1200x801.webp 1200w, https:\/\/www.choral-events.com\/wp-content\/uploads\/2025\/02\/2.webp 1920w\" sizes=\"(max-width: 1024px) 100vw, (max-width: 640px) 100vw, 1920px\" \/><\/a><\/span><\/div><div class=\"fusion-title title fusion-title-163 fusion-sep-none fusion-title-center fusion-title-text fusion-title-size-paragraph\" style=\"--awb-text-color:var(--awb-color7);--awb-margin-top:10px;--awb-margin-right:5px;--awb-margin-bottom:10px;--awb-margin-left:5px;--awb-margin-top-small:16px;--awb-margin-right-small:0px;--awb-margin-bottom-small:10px;--awb-margin-left-small:0px;--awb-link-color:var(--awb-color7);--awb-font-size:16px;\"><p class=\"fusion-title-heading title-heading-center title-heading-tag fusion-responsive-typography-calculated\" style=\"margin:0;font-size:1em;--fontSize:16;--minFontSize:16;line-height:1.6;\"><a href=\"https:\/\/www.choral-events.com\/es\/chorales\/les-amis-du-chant\/\" class=\"awb-custom-text-color awb-custom-text-hover-color\" target=\"_self\">Les Amis du Chant<\/a><\/p><\/div><div class=\"fusion-separator\" style=\"align-self: center;margin-left: auto;margin-right: auto;flex-grow:10;margin-top:5px;margin-bottom:10px;width:100%;max-width:70px;\"><div class=\"fusion-separator-border sep-single sep-solid\" style=\"--awb-height:20px;--awb-amount:20px;border-color:var(--awb-color2);border-top-width:1px;\"><\/div><\/div><div class=\"fusion-text fusion-text-162\" style=\"--awb-content-alignment:center;--awb-text-transform:capitalize;--awb-text-color:var(--awb-color4);\"><p>Luxemburgo<\/p>\n<\/div><\/div><\/li>\n<li class=\"fusion-layout-column fusion_builder_column fusion-builder-column-164 fusion-flex-column fusion-animated post-card fusion-grid-column fusion-post-cards-grid-column fusion-animated\" style=\"--awb-padding-bottom:5px;--awb-overflow:hidden;--awb-bg-color:var(--awb-color1);--awb-bg-color-hover:var(--awb-custom_color_2);--awb-bg-size:cover;--awb-box-shadow:0px 0px 24px hsla(var(--awb-color7-h),var(--awb-color7-s),var(--awb-color7-l),calc(var(--awb-color7-a) - 40%));;--awb-border-color:var(--awb-color4);--awb-border-color-hover:var(--awb-color7);--awb-border-top:1px;--awb-border-right:1px;--awb-border-bottom:1px;--awb-border-left:1px;--awb-border-style:solid;--awb-border-radius:6px 6px 6px 6px;--awb-flex-grow:0;--awb-flex-shrink:0;--awb-flex-grow-medium:0;--awb-flex-shrink-medium:0;--awb-flex-grow-small:0;--awb-flex-shrink-small:0;\" data-animationType=\"fadeIn\" data-animationDuration=\"1.3\" data-animationOffset=\"top-into-view\"><div class=\"fusion-column-wrapper fusion-column-has-shadow fusion-flex-justify-content-flex-start fusion-content-layout-column\"><div class=\"fusion-image-element \" style=\"--awb-aspect-ratio:16 \/ 9;--awb-margin-bottom:10px;--awb-caption-title-font-family:var(--h2_typography-font-family);--awb-caption-title-font-weight:var(--h2_typography-font-weight);--awb-caption-title-font-style:var(--h2_typography-font-style);--awb-caption-title-size:var(--h2_typography-font-size);--awb-caption-title-transform:var(--h2_typography-text-transform);--awb-caption-title-line-height:var(--h2_typography-line-height);--awb-caption-title-letter-spacing:var(--h2_typography-letter-spacing);\"><span class=\" fusion-imageframe imageframe-none imageframe-162 hover-type-none has-aspect-ratio\"><a class=\"fusion-no-lightbox\" href=\"https:\/\/www.choral-events.com\/es\/chorales\/les-feles-du-vocal\/\" target=\"_self\"><img decoding=\"async\" src=\"https:\/\/www.choral-events.eskale.fr\/wp-content\/uploads\/2026\/02\/Chorales-2022.jpg\" class=\"img-responsive img-with-aspect-ratio\" data-parent-fit=\"cover\" data-parent-container=\".fusion-image-element\" alt \/><\/a><\/span><\/div><div class=\"fusion-title title fusion-title-164 fusion-sep-none fusion-title-center fusion-title-text fusion-title-size-paragraph\" style=\"--awb-text-color:var(--awb-color7);--awb-margin-top:10px;--awb-margin-right:5px;--awb-margin-bottom:10px;--awb-margin-left:5px;--awb-margin-top-small:16px;--awb-margin-right-small:0px;--awb-margin-bottom-small:10px;--awb-margin-left-small:0px;--awb-link-color:var(--awb-color7);--awb-font-size:16px;\"><p class=\"fusion-title-heading title-heading-center title-heading-tag fusion-responsive-typography-calculated\" style=\"margin:0;font-size:1em;--fontSize:16;--minFontSize:16;line-height:1.6;\"><a href=\"https:\/\/www.choral-events.com\/es\/chorales\/les-feles-du-vocal\/\" class=\"awb-custom-text-color awb-custom-text-hover-color\" target=\"_self\">Les fel\u00e9s du Vocal<\/a><\/p><\/div><div class=\"fusion-separator\" style=\"align-self: center;margin-left: auto;margin-right: auto;flex-grow:10;margin-top:5px;margin-bottom:10px;width:100%;max-width:70px;\"><div class=\"fusion-separator-border sep-single sep-solid\" style=\"--awb-height:20px;--awb-amount:20px;border-color:var(--awb-color2);border-top-width:1px;\"><\/div><\/div><div class=\"fusion-text fusion-text-163\" style=\"--awb-content-alignment:center;--awb-text-transform:capitalize;--awb-text-color:var(--awb-color4);\"><p>France<\/p>\n<\/div><\/div><\/li>\n<li class=\"fusion-layout-column fusion_builder_column fusion-builder-column-165 fusion-flex-column fusion-animated post-card fusion-grid-column fusion-post-cards-grid-column fusion-animated\" style=\"--awb-padding-bottom:5px;--awb-overflow:hidden;--awb-bg-color:var(--awb-color1);--awb-bg-color-hover:var(--awb-custom_color_2);--awb-bg-size:cover;--awb-box-shadow:0px 0px 24px hsla(var(--awb-color7-h),var(--awb-color7-s),var(--awb-color7-l),calc(var(--awb-color7-a) - 40%));;--awb-border-color:var(--awb-color4);--awb-border-color-hover:var(--awb-color7);--awb-border-top:1px;--awb-border-right:1px;--awb-border-bottom:1px;--awb-border-left:1px;--awb-border-style:solid;--awb-border-radius:6px 6px 6px 6px;--awb-flex-grow:0;--awb-flex-shrink:0;--awb-flex-grow-medium:0;--awb-flex-shrink-medium:0;--awb-flex-grow-small:0;--awb-flex-shrink-small:0;\" data-animationType=\"fadeIn\" data-animationDuration=\"1.3\" data-animationOffset=\"top-into-view\"><div class=\"fusion-column-wrapper fusion-column-has-shadow fusion-flex-justify-content-flex-start fusion-content-layout-column\"><div class=\"fusion-image-element \" style=\"--awb-aspect-ratio:16 \/ 9;--awb-margin-bottom:10px;--awb-caption-title-font-family:var(--h2_typography-font-family);--awb-caption-title-font-weight:var(--h2_typography-font-weight);--awb-caption-title-font-style:var(--h2_typography-font-style);--awb-caption-title-size:var(--h2_typography-font-size);--awb-caption-title-transform:var(--h2_typography-text-transform);--awb-caption-title-line-height:var(--h2_typography-line-height);--awb-caption-title-letter-spacing:var(--h2_typography-letter-spacing);\"><span class=\" fusion-imageframe imageframe-none imageframe-163 hover-type-none has-aspect-ratio\"><a class=\"fusion-no-lightbox\" href=\"https:\/\/www.choral-events.com\/es\/chorales\/les-melodistes\/\" target=\"_self\" aria-label=\"mini_LesMelodistes_Juin2018_3-550&#215;350\"><img decoding=\"async\" width=\"550\" height=\"350\" src=\"https:\/\/www.choral-events.com\/wp-content\/uploads\/2026\/03\/mini_LesMelodistes_Juin2018_3-550x350-1.jpg\" class=\"img-responsive wp-image-51647 img-with-aspect-ratio\" data-parent-fit=\"cover\" data-parent-container=\".fusion-image-element\" alt srcset=\"https:\/\/www.choral-events.com\/wp-content\/uploads\/2026\/03\/mini_LesMelodistes_Juin2018_3-550x350-1-200x127.jpg 200w, https:\/\/www.choral-events.com\/wp-content\/uploads\/2026\/03\/mini_LesMelodistes_Juin2018_3-550x350-1-400x255.jpg 400w, https:\/\/www.choral-events.com\/wp-content\/uploads\/2026\/03\/mini_LesMelodistes_Juin2018_3-550x350-1.jpg 550w\" sizes=\"(max-width: 1024px) 100vw, (max-width: 640px) 100vw, 550px\" \/><\/a><\/span><\/div><div class=\"fusion-title title fusion-title-165 fusion-sep-none fusion-title-center fusion-title-text fusion-title-size-paragraph\" style=\"--awb-text-color:var(--awb-color7);--awb-margin-top:10px;--awb-margin-right:5px;--awb-margin-bottom:10px;--awb-margin-left:5px;--awb-margin-top-small:16px;--awb-margin-right-small:0px;--awb-margin-bottom-small:10px;--awb-margin-left-small:0px;--awb-link-color:var(--awb-color7);--awb-font-size:16px;\"><p class=\"fusion-title-heading title-heading-center title-heading-tag fusion-responsive-typography-calculated\" style=\"margin:0;font-size:1em;--fontSize:16;--minFontSize:16;line-height:1.6;\"><a href=\"https:\/\/www.choral-events.com\/es\/chorales\/les-melodistes\/\" class=\"awb-custom-text-color awb-custom-text-hover-color\" target=\"_self\">Les m\u00e9lodistes<\/a><\/p><\/div><div class=\"fusion-separator\" style=\"align-self: center;margin-left: auto;margin-right: auto;flex-grow:10;margin-top:5px;margin-bottom:10px;width:100%;max-width:70px;\"><div class=\"fusion-separator-border sep-single sep-solid\" style=\"--awb-height:20px;--awb-amount:20px;border-color:var(--awb-color2);border-top-width:1px;\"><\/div><\/div><div class=\"fusion-text fusion-text-164\" style=\"--awb-content-alignment:center;--awb-text-transform:capitalize;--awb-text-color:var(--awb-color4);\"><p>Qu\u00e9bec<\/p>\n<\/div><\/div><\/li>\n<li class=\"fusion-layout-column fusion_builder_column fusion-builder-column-166 fusion-flex-column fusion-animated post-card fusion-grid-column fusion-post-cards-grid-column fusion-animated\" style=\"--awb-padding-bottom:5px;--awb-overflow:hidden;--awb-bg-color:var(--awb-color1);--awb-bg-color-hover:var(--awb-custom_color_2);--awb-bg-size:cover;--awb-box-shadow:0px 0px 24px hsla(var(--awb-color7-h),var(--awb-color7-s),var(--awb-color7-l),calc(var(--awb-color7-a) - 40%));;--awb-border-color:var(--awb-color4);--awb-border-color-hover:var(--awb-color7);--awb-border-top:1px;--awb-border-right:1px;--awb-border-bottom:1px;--awb-border-left:1px;--awb-border-style:solid;--awb-border-radius:6px 6px 6px 6px;--awb-flex-grow:0;--awb-flex-shrink:0;--awb-flex-grow-medium:0;--awb-flex-shrink-medium:0;--awb-flex-grow-small:0;--awb-flex-shrink-small:0;\" data-animationType=\"fadeIn\" data-animationDuration=\"1.3\" data-animationOffset=\"top-into-view\"><div class=\"fusion-column-wrapper fusion-column-has-shadow fusion-flex-justify-content-flex-start fusion-content-layout-column\"><div class=\"fusion-image-element \" style=\"--awb-aspect-ratio:16 \/ 9;--awb-margin-bottom:10px;--awb-caption-title-font-family:var(--h2_typography-font-family);--awb-caption-title-font-weight:var(--h2_typography-font-weight);--awb-caption-title-font-style:var(--h2_typography-font-style);--awb-caption-title-size:var(--h2_typography-font-size);--awb-caption-title-transform:var(--h2_typography-text-transform);--awb-caption-title-line-height:var(--h2_typography-line-height);--awb-caption-title-letter-spacing:var(--h2_typography-letter-spacing);\"><span class=\" fusion-imageframe imageframe-none imageframe-164 hover-type-none has-aspect-ratio\"><a class=\"fusion-no-lightbox\" href=\"https:\/\/www.choral-events.com\/es\/chorales\/les-vagabonds-de-boisbriand\/\" target=\"_self\" aria-label=\"Vagabundos-foto-sitio-web-1\"><img decoding=\"async\" width=\"550\" height=\"350\" src=\"https:\/\/www.choral-events.com\/wp-content\/uploads\/2026\/03\/Vagabonds-photo-site-web-1.png\" class=\"img-responsive wp-image-51864 img-with-aspect-ratio\" data-parent-fit=\"cover\" data-parent-container=\".fusion-image-element\" alt srcset=\"https:\/\/www.choral-events.com\/wp-content\/uploads\/2026\/03\/Vagabonds-photo-site-web-1-200x127.png 200w, https:\/\/www.choral-events.com\/wp-content\/uploads\/2026\/03\/Vagabonds-photo-site-web-1-400x255.png 400w, https:\/\/www.choral-events.com\/wp-content\/uploads\/2026\/03\/Vagabonds-photo-site-web-1.png 550w\" sizes=\"(max-width: 1024px) 100vw, (max-width: 640px) 100vw, 550px\" \/><\/a><\/span><\/div><div class=\"fusion-title title fusion-title-166 fusion-sep-none fusion-title-center fusion-title-text fusion-title-size-paragraph\" style=\"--awb-text-color:var(--awb-color7);--awb-margin-top:10px;--awb-margin-right:5px;--awb-margin-bottom:10px;--awb-margin-left:5px;--awb-margin-top-small:16px;--awb-margin-right-small:0px;--awb-margin-bottom-small:10px;--awb-margin-left-small:0px;--awb-link-color:var(--awb-color7);--awb-font-size:16px;\"><p class=\"fusion-title-heading title-heading-center title-heading-tag fusion-responsive-typography-calculated\" style=\"margin:0;font-size:1em;--fontSize:16;--minFontSize:16;line-height:1.6;\"><a href=\"https:\/\/www.choral-events.com\/es\/chorales\/les-vagabonds-de-boisbriand\/\" class=\"awb-custom-text-color awb-custom-text-hover-color\" target=\"_self\">Les Vagabonds de Boisbriand<\/a><\/p><\/div><div class=\"fusion-separator\" style=\"align-self: center;margin-left: auto;margin-right: auto;flex-grow:10;margin-top:5px;margin-bottom:10px;width:100%;max-width:70px;\"><div class=\"fusion-separator-border sep-single sep-solid\" style=\"--awb-height:20px;--awb-amount:20px;border-color:var(--awb-color2);border-top-width:1px;\"><\/div><\/div><div class=\"fusion-text fusion-text-165\" style=\"--awb-content-alignment:center;--awb-text-transform:capitalize;--awb-text-color:var(--awb-color4);\"><p>Qu\u00e9bec<\/p>\n<\/div><\/div><\/li>\n<li class=\"fusion-layout-column fusion_builder_column fusion-builder-column-167 fusion-flex-column fusion-animated post-card fusion-grid-column fusion-post-cards-grid-column fusion-animated\" style=\"--awb-padding-bottom:5px;--awb-overflow:hidden;--awb-bg-color:var(--awb-color1);--awb-bg-color-hover:var(--awb-custom_color_2);--awb-bg-size:cover;--awb-box-shadow:0px 0px 24px hsla(var(--awb-color7-h),var(--awb-color7-s),var(--awb-color7-l),calc(var(--awb-color7-a) - 40%));;--awb-border-color:var(--awb-color4);--awb-border-color-hover:var(--awb-color7);--awb-border-top:1px;--awb-border-right:1px;--awb-border-bottom:1px;--awb-border-left:1px;--awb-border-style:solid;--awb-border-radius:6px 6px 6px 6px;--awb-flex-grow:0;--awb-flex-shrink:0;--awb-flex-grow-medium:0;--awb-flex-shrink-medium:0;--awb-flex-grow-small:0;--awb-flex-shrink-small:0;\" data-animationType=\"fadeIn\" data-animationDuration=\"1.3\" data-animationOffset=\"top-into-view\"><div class=\"fusion-column-wrapper fusion-column-has-shadow fusion-flex-justify-content-flex-start fusion-content-layout-column\"><div class=\"fusion-image-element \" style=\"--awb-aspect-ratio:16 \/ 9;--awb-margin-bottom:10px;--awb-caption-title-font-family:var(--h2_typography-font-family);--awb-caption-title-font-weight:var(--h2_typography-font-weight);--awb-caption-title-font-style:var(--h2_typography-font-style);--awb-caption-title-size:var(--h2_typography-font-size);--awb-caption-title-transform:var(--h2_typography-text-transform);--awb-caption-title-line-height:var(--h2_typography-line-height);--awb-caption-title-letter-spacing:var(--h2_typography-letter-spacing);\"><span class=\" fusion-imageframe imageframe-none imageframe-165 hover-type-none has-aspect-ratio\"><a class=\"fusion-no-lightbox\" href=\"https:\/\/www.choral-events.com\/es\/chorales\/little-dolphin-childrens-choir\/\" target=\"_self\" aria-label=\"china-8-web-550&#215;350\"><img decoding=\"async\" width=\"550\" height=\"350\" src=\"https:\/\/www.choral-events.com\/wp-content\/uploads\/2026\/03\/chine-8-web-550x350-1.jpg\" class=\"img-responsive wp-image-51868 img-with-aspect-ratio\" data-parent-fit=\"cover\" data-parent-container=\".fusion-image-element\" alt srcset=\"https:\/\/www.choral-events.com\/wp-content\/uploads\/2026\/03\/chine-8-web-550x350-1-200x127.jpg 200w, https:\/\/www.choral-events.com\/wp-content\/uploads\/2026\/03\/chine-8-web-550x350-1-400x255.jpg 400w, https:\/\/www.choral-events.com\/wp-content\/uploads\/2026\/03\/chine-8-web-550x350-1.jpg 550w\" sizes=\"(max-width: 1024px) 100vw, (max-width: 640px) 100vw, 550px\" \/><\/a><\/span><\/div><div class=\"fusion-title title fusion-title-167 fusion-sep-none fusion-title-center fusion-title-text fusion-title-size-paragraph\" style=\"--awb-text-color:var(--awb-color7);--awb-margin-top:10px;--awb-margin-right:5px;--awb-margin-bottom:10px;--awb-margin-left:5px;--awb-margin-top-small:16px;--awb-margin-right-small:0px;--awb-margin-bottom-small:10px;--awb-margin-left-small:0px;--awb-link-color:var(--awb-color7);--awb-font-size:16px;\"><p class=\"fusion-title-heading title-heading-center title-heading-tag fusion-responsive-typography-calculated\" style=\"margin:0;font-size:1em;--fontSize:16;--minFontSize:16;line-height:1.6;\"><a href=\"https:\/\/www.choral-events.com\/es\/chorales\/little-dolphin-childrens-choir\/\" class=\"awb-custom-text-color awb-custom-text-hover-color\" target=\"_self\">Little Dolphin children&#8217;s Choir<\/a><\/p><\/div><div class=\"fusion-separator\" style=\"align-self: center;margin-left: auto;margin-right: auto;flex-grow:10;margin-top:5px;margin-bottom:10px;width:100%;max-width:70px;\"><div class=\"fusion-separator-border sep-single sep-solid\" style=\"--awb-height:20px;--awb-amount:20px;border-color:var(--awb-color2);border-top-width:1px;\"><\/div><\/div><div class=\"fusion-text fusion-text-166\" style=\"--awb-content-alignment:center;--awb-text-transform:capitalize;--awb-text-color:var(--awb-color4);\"><p>Chine<\/p>\n<\/div><\/div><\/li>\n<li class=\"fusion-layout-column fusion_builder_column fusion-builder-column-168 fusion-flex-column fusion-animated post-card fusion-grid-column fusion-post-cards-grid-column fusion-animated\" style=\"--awb-padding-bottom:5px;--awb-overflow:hidden;--awb-bg-color:var(--awb-color1);--awb-bg-color-hover:var(--awb-custom_color_2);--awb-bg-size:cover;--awb-box-shadow:0px 0px 24px hsla(var(--awb-color7-h),var(--awb-color7-s),var(--awb-color7-l),calc(var(--awb-color7-a) - 40%));;--awb-border-color:var(--awb-color4);--awb-border-color-hover:var(--awb-color7);--awb-border-top:1px;--awb-border-right:1px;--awb-border-bottom:1px;--awb-border-left:1px;--awb-border-style:solid;--awb-border-radius:6px 6px 6px 6px;--awb-flex-grow:0;--awb-flex-shrink:0;--awb-flex-grow-medium:0;--awb-flex-shrink-medium:0;--awb-flex-grow-small:0;--awb-flex-shrink-small:0;\" data-animationType=\"fadeIn\" data-animationDuration=\"1.3\" data-animationOffset=\"top-into-view\"><div class=\"fusion-column-wrapper fusion-column-has-shadow fusion-flex-justify-content-flex-start fusion-content-layout-column\"><div class=\"fusion-image-element \" style=\"--awb-aspect-ratio:16 \/ 9;--awb-margin-bottom:10px;--awb-caption-title-font-family:var(--h2_typography-font-family);--awb-caption-title-font-weight:var(--h2_typography-font-weight);--awb-caption-title-font-style:var(--h2_typography-font-style);--awb-caption-title-size:var(--h2_typography-font-size);--awb-caption-title-transform:var(--h2_typography-text-transform);--awb-caption-title-line-height:var(--h2_typography-line-height);--awb-caption-title-letter-spacing:var(--h2_typography-letter-spacing);\"><span class=\" fusion-imageframe imageframe-none imageframe-166 hover-type-none has-aspect-ratio\"><a class=\"fusion-no-lightbox\" href=\"https:\/\/www.choral-events.com\/es\/chorales\/maitrise-des-petits-chanteurs-du-quebec\/\" target=\"_self\" aria-label=\"2-550&#215;350\"><img decoding=\"async\" width=\"550\" height=\"350\" src=\"https:\/\/www.choral-events.com\/wp-content\/uploads\/2026\/03\/2-550x350-1.jpg\" class=\"img-responsive wp-image-51370 img-with-aspect-ratio\" data-parent-fit=\"cover\" data-parent-container=\".fusion-image-element\" alt srcset=\"https:\/\/www.choral-events.com\/wp-content\/uploads\/2026\/03\/2-550x350-1-200x127.jpg 200w, https:\/\/www.choral-events.com\/wp-content\/uploads\/2026\/03\/2-550x350-1-400x255.jpg 400w, https:\/\/www.choral-events.com\/wp-content\/uploads\/2026\/03\/2-550x350-1.jpg 550w\" sizes=\"(max-width: 1024px) 100vw, (max-width: 640px) 100vw, 550px\" \/><\/a><\/span><\/div><div class=\"fusion-title title fusion-title-168 fusion-sep-none fusion-title-center fusion-title-text fusion-title-size-paragraph\" style=\"--awb-text-color:var(--awb-color7);--awb-margin-top:10px;--awb-margin-right:5px;--awb-margin-bottom:10px;--awb-margin-left:5px;--awb-margin-top-small:16px;--awb-margin-right-small:0px;--awb-margin-bottom-small:10px;--awb-margin-left-small:0px;--awb-link-color:var(--awb-color7);--awb-font-size:16px;\"><p class=\"fusion-title-heading title-heading-center title-heading-tag fusion-responsive-typography-calculated\" style=\"margin:0;font-size:1em;--fontSize:16;--minFontSize:16;line-height:1.6;\"><a href=\"https:\/\/www.choral-events.com\/es\/chorales\/maitrise-des-petits-chanteurs-du-quebec\/\" class=\"awb-custom-text-color awb-custom-text-hover-color\" target=\"_self\">Maitrise des Petits Chanteurs du Qu\u00e9bec<\/a><\/p><\/div><div class=\"fusion-separator\" style=\"align-self: center;margin-left: auto;margin-right: auto;flex-grow:10;margin-top:5px;margin-bottom:10px;width:100%;max-width:70px;\"><div class=\"fusion-separator-border sep-single sep-solid\" style=\"--awb-height:20px;--awb-amount:20px;border-color:var(--awb-color2);border-top-width:1px;\"><\/div><\/div><div class=\"fusion-text fusion-text-167\" style=\"--awb-content-alignment:center;--awb-text-transform:capitalize;--awb-text-color:var(--awb-color4);\"><p>Canada<\/p>\n<\/div><\/div><\/li>\n<li class=\"fusion-layout-column fusion_builder_column fusion-builder-column-169 fusion-flex-column fusion-animated post-card fusion-grid-column fusion-post-cards-grid-column fusion-animated\" style=\"--awb-padding-bottom:5px;--awb-overflow:hidden;--awb-bg-color:var(--awb-color1);--awb-bg-color-hover:var(--awb-custom_color_2);--awb-bg-size:cover;--awb-box-shadow:0px 0px 24px hsla(var(--awb-color7-h),var(--awb-color7-s),var(--awb-color7-l),calc(var(--awb-color7-a) - 40%));;--awb-border-color:var(--awb-color4);--awb-border-color-hover:var(--awb-color7);--awb-border-top:1px;--awb-border-right:1px;--awb-border-bottom:1px;--awb-border-left:1px;--awb-border-style:solid;--awb-border-radius:6px 6px 6px 6px;--awb-flex-grow:0;--awb-flex-shrink:0;--awb-flex-grow-medium:0;--awb-flex-shrink-medium:0;--awb-flex-grow-small:0;--awb-flex-shrink-small:0;\" data-animationType=\"fadeIn\" data-animationDuration=\"1.3\" data-animationOffset=\"top-into-view\"><div class=\"fusion-column-wrapper fusion-column-has-shadow fusion-flex-justify-content-flex-start fusion-content-layout-column\"><div class=\"fusion-image-element \" style=\"--awb-aspect-ratio:16 \/ 9;--awb-margin-bottom:10px;--awb-caption-title-font-family:var(--h2_typography-font-family);--awb-caption-title-font-weight:var(--h2_typography-font-weight);--awb-caption-title-font-style:var(--h2_typography-font-style);--awb-caption-title-size:var(--h2_typography-font-size);--awb-caption-title-transform:var(--h2_typography-text-transform);--awb-caption-title-line-height:var(--h2_typography-line-height);--awb-caption-title-letter-spacing:var(--h2_typography-letter-spacing);\"><span class=\" fusion-imageframe imageframe-none imageframe-167 hover-type-none has-aspect-ratio\"><a class=\"fusion-no-lightbox\" href=\"https:\/\/www.choral-events.com\/es\/chorales\/maitrise-sainte-philomene-de-haguenau\/\" target=\"_self\" aria-label=\"Maitrise-6\"><img decoding=\"async\" width=\"550\" height=\"350\" src=\"https:\/\/www.choral-events.com\/wp-content\/uploads\/2026\/03\/Maitrise-6.jpg\" class=\"img-responsive wp-image-51884 img-with-aspect-ratio\" data-parent-fit=\"cover\" data-parent-container=\".fusion-image-element\" alt srcset=\"https:\/\/www.choral-events.com\/wp-content\/uploads\/2026\/03\/Maitrise-6-200x127.jpg 200w, https:\/\/www.choral-events.com\/wp-content\/uploads\/2026\/03\/Maitrise-6-400x255.jpg 400w, https:\/\/www.choral-events.com\/wp-content\/uploads\/2026\/03\/Maitrise-6.jpg 550w\" sizes=\"(max-width: 1024px) 100vw, (max-width: 640px) 100vw, 550px\" \/><\/a><\/span><\/div><div class=\"fusion-title title fusion-title-169 fusion-sep-none fusion-title-center fusion-title-text fusion-title-size-paragraph\" style=\"--awb-text-color:var(--awb-color7);--awb-margin-top:10px;--awb-margin-right:5px;--awb-margin-bottom:10px;--awb-margin-left:5px;--awb-margin-top-small:16px;--awb-margin-right-small:0px;--awb-margin-bottom-small:10px;--awb-margin-left-small:0px;--awb-link-color:var(--awb-color7);--awb-font-size:16px;\"><p class=\"fusion-title-heading title-heading-center title-heading-tag fusion-responsive-typography-calculated\" style=\"margin:0;font-size:1em;--fontSize:16;--minFontSize:16;line-height:1.6;\"><a href=\"https:\/\/www.choral-events.com\/es\/chorales\/maitrise-sainte-philomene-de-haguenau\/\" class=\"awb-custom-text-color awb-custom-text-hover-color\" target=\"_self\">Ma\u00eetrise Sainte Philom\u00e8ne de Haguenau<\/a><\/p><\/div><div class=\"fusion-separator\" style=\"align-self: center;margin-left: auto;margin-right: auto;flex-grow:10;margin-top:5px;margin-bottom:10px;width:100%;max-width:70px;\"><div class=\"fusion-separator-border sep-single sep-solid\" style=\"--awb-height:20px;--awb-amount:20px;border-color:var(--awb-color2);border-top-width:1px;\"><\/div><\/div><div class=\"fusion-text fusion-text-168\" style=\"--awb-content-alignment:center;--awb-text-transform:capitalize;--awb-text-color:var(--awb-color4);\"><p>France<\/p>\n<\/div><\/div><\/li>\n<li class=\"fusion-layout-column fusion_builder_column fusion-builder-column-170 fusion-flex-column fusion-animated post-card fusion-grid-column fusion-post-cards-grid-column fusion-animated\" style=\"--awb-padding-bottom:5px;--awb-overflow:hidden;--awb-bg-color:var(--awb-color1);--awb-bg-color-hover:var(--awb-custom_color_2);--awb-bg-size:cover;--awb-box-shadow:0px 0px 24px hsla(var(--awb-color7-h),var(--awb-color7-s),var(--awb-color7-l),calc(var(--awb-color7-a) - 40%));;--awb-border-color:var(--awb-color4);--awb-border-color-hover:var(--awb-color7);--awb-border-top:1px;--awb-border-right:1px;--awb-border-bottom:1px;--awb-border-left:1px;--awb-border-style:solid;--awb-border-radius:6px 6px 6px 6px;--awb-flex-grow:0;--awb-flex-shrink:0;--awb-flex-grow-medium:0;--awb-flex-shrink-medium:0;--awb-flex-grow-small:0;--awb-flex-shrink-small:0;\" data-animationType=\"fadeIn\" data-animationDuration=\"1.3\" data-animationOffset=\"top-into-view\"><div class=\"fusion-column-wrapper fusion-column-has-shadow fusion-flex-justify-content-flex-start fusion-content-layout-column\"><div class=\"fusion-image-element \" style=\"--awb-aspect-ratio:16 \/ 9;--awb-margin-bottom:10px;--awb-caption-title-font-family:var(--h2_typography-font-family);--awb-caption-title-font-weight:var(--h2_typography-font-weight);--awb-caption-title-font-style:var(--h2_typography-font-style);--awb-caption-title-size:var(--h2_typography-font-size);--awb-caption-title-transform:var(--h2_typography-text-transform);--awb-caption-title-line-height:var(--h2_typography-line-height);--awb-caption-title-letter-spacing:var(--h2_typography-letter-spacing);\"><span class=\" fusion-imageframe imageframe-none imageframe-168 hover-type-none has-aspect-ratio\"><a class=\"fusion-no-lightbox\" href=\"https:\/\/www.choral-events.com\/es\/chorales\/orfeo-veus-juntes\/\" target=\"_self\" aria-label=\"Imagen ORFE\u00d3 VEUS JUNTE\"><img decoding=\"async\" width=\"600\" height=\"600\" alt=\"ORFE\u00d3 VEUS JUNTES\" src=\"https:\/\/www.choral-events.com\/wp-content\/uploads\/2025\/05\/Vignette-ORFEO-VEUS-JUNTE.png\" class=\"img-responsive wp-image-49733 img-with-aspect-ratio\" data-parent-fit=\"cover\" data-parent-container=\".fusion-image-element\" srcset=\"https:\/\/www.choral-events.com\/wp-content\/uploads\/2025\/05\/Vignette-ORFEO-VEUS-JUNTE-200x200.png 200w, https:\/\/www.choral-events.com\/wp-content\/uploads\/2025\/05\/Vignette-ORFEO-VEUS-JUNTE-400x400.png 400w, https:\/\/www.choral-events.com\/wp-content\/uploads\/2025\/05\/Vignette-ORFEO-VEUS-JUNTE.png 600w\" sizes=\"(max-width: 1024px) 100vw, (max-width: 640px) 100vw, 600px\" \/><\/a><\/span><\/div><div class=\"fusion-title title fusion-title-170 fusion-sep-none fusion-title-center fusion-title-text fusion-title-size-paragraph\" style=\"--awb-text-color:var(--awb-color7);--awb-margin-top:10px;--awb-margin-right:5px;--awb-margin-bottom:10px;--awb-margin-left:5px;--awb-margin-top-small:16px;--awb-margin-right-small:0px;--awb-margin-bottom-small:10px;--awb-margin-left-small:0px;--awb-link-color:var(--awb-color7);--awb-font-size:16px;\"><p class=\"fusion-title-heading title-heading-center title-heading-tag fusion-responsive-typography-calculated\" style=\"margin:0;font-size:1em;--fontSize:16;--minFontSize:16;line-height:1.6;\"><a href=\"https:\/\/www.choral-events.com\/es\/chorales\/orfeo-veus-juntes\/\" class=\"awb-custom-text-color awb-custom-text-hover-color\" target=\"_self\">Orfe\u00f3 Veus Juntes<\/a><\/p><\/div><div class=\"fusion-separator\" style=\"align-self: center;margin-left: auto;margin-right: auto;flex-grow:10;margin-top:5px;margin-bottom:10px;width:100%;max-width:70px;\"><div class=\"fusion-separator-border sep-single sep-solid\" style=\"--awb-height:20px;--awb-amount:20px;border-color:var(--awb-color2);border-top-width:1px;\"><\/div><\/div><div class=\"fusion-text fusion-text-169\" style=\"--awb-content-alignment:center;--awb-text-transform:capitalize;--awb-text-color:var(--awb-color4);\"><p>Espa\u00f1a<\/p>\n<\/div><\/div><\/li>\n<li class=\"fusion-layout-column fusion_builder_column fusion-builder-column-171 fusion-flex-column fusion-animated post-card fusion-grid-column fusion-post-cards-grid-column fusion-animated\" style=\"--awb-padding-bottom:5px;--awb-overflow:hidden;--awb-bg-color:var(--awb-color1);--awb-bg-color-hover:var(--awb-custom_color_2);--awb-bg-size:cover;--awb-box-shadow:0px 0px 24px hsla(var(--awb-color7-h),var(--awb-color7-s),var(--awb-color7-l),calc(var(--awb-color7-a) - 40%));;--awb-border-color:var(--awb-color4);--awb-border-color-hover:var(--awb-color7);--awb-border-top:1px;--awb-border-right:1px;--awb-border-bottom:1px;--awb-border-left:1px;--awb-border-style:solid;--awb-border-radius:6px 6px 6px 6px;--awb-flex-grow:0;--awb-flex-shrink:0;--awb-flex-grow-medium:0;--awb-flex-shrink-medium:0;--awb-flex-grow-small:0;--awb-flex-shrink-small:0;\" data-animationType=\"fadeIn\" data-animationDuration=\"1.3\" data-animationOffset=\"top-into-view\"><div class=\"fusion-column-wrapper fusion-column-has-shadow fusion-flex-justify-content-flex-start fusion-content-layout-column\"><div class=\"fusion-image-element \" style=\"--awb-aspect-ratio:16 \/ 9;--awb-margin-bottom:10px;--awb-caption-title-font-family:var(--h2_typography-font-family);--awb-caption-title-font-weight:var(--h2_typography-font-weight);--awb-caption-title-font-style:var(--h2_typography-font-style);--awb-caption-title-size:var(--h2_typography-font-size);--awb-caption-title-transform:var(--h2_typography-text-transform);--awb-caption-title-line-height:var(--h2_typography-line-height);--awb-caption-title-letter-spacing:var(--h2_typography-letter-spacing);\"><span class=\" fusion-imageframe imageframe-none imageframe-169 hover-type-none has-aspect-ratio\"><a class=\"fusion-no-lightbox\" href=\"https:\/\/www.choral-events.com\/es\/chorales\/orquesta-sinfonica-new-albany\/\" target=\"_self\" aria-label=\"Orquesta Sinf\u00f3nica New Albany \u2013 EE. UU.\"><img decoding=\"async\" width=\"1920\" height=\"1080\" alt=\"Orquesta Sinf\u00f3nica New Albany \u2013 EE. UU.\" src=\"https:\/\/www.choral-events.com\/wp-content\/uploads\/2025\/01\/466902065_974856944678877_912431275000409748_.jpg\" class=\"img-responsive wp-image-49728 img-with-aspect-ratio\" data-parent-fit=\"cover\" data-parent-container=\".fusion-image-element\" srcset=\"https:\/\/www.choral-events.com\/wp-content\/uploads\/2025\/01\/466902065_974856944678877_912431275000409748_-200x113.jpg 200w, https:\/\/www.choral-events.com\/wp-content\/uploads\/2025\/01\/466902065_974856944678877_912431275000409748_-400x225.jpg 400w, https:\/\/www.choral-events.com\/wp-content\/uploads\/2025\/01\/466902065_974856944678877_912431275000409748_-600x338.jpg 600w, https:\/\/www.choral-events.com\/wp-content\/uploads\/2025\/01\/466902065_974856944678877_912431275000409748_-800x450.jpg 800w, https:\/\/www.choral-events.com\/wp-content\/uploads\/2025\/01\/466902065_974856944678877_912431275000409748_-1200x675.jpg 1200w, https:\/\/www.choral-events.com\/wp-content\/uploads\/2025\/01\/466902065_974856944678877_912431275000409748_.jpg 1920w\" sizes=\"(max-width: 1024px) 100vw, (max-width: 640px) 100vw, 1920px\" \/><\/a><\/span><\/div><div class=\"fusion-title title fusion-title-171 fusion-sep-none fusion-title-center fusion-title-text fusion-title-size-paragraph\" style=\"--awb-text-color:var(--awb-color7);--awb-margin-top:10px;--awb-margin-right:5px;--awb-margin-bottom:10px;--awb-margin-left:5px;--awb-margin-top-small:16px;--awb-margin-right-small:0px;--awb-margin-bottom-small:10px;--awb-margin-left-small:0px;--awb-link-color:var(--awb-color7);--awb-font-size:16px;\"><p class=\"fusion-title-heading title-heading-center title-heading-tag fusion-responsive-typography-calculated\" style=\"margin:0;font-size:1em;--fontSize:16;--minFontSize:16;line-height:1.6;\"><a href=\"https:\/\/www.choral-events.com\/es\/chorales\/orquesta-sinfonica-new-albany\/\" class=\"awb-custom-text-color awb-custom-text-hover-color\" target=\"_self\">Orquesta Sinf\u00f3nica New Albany<\/a><\/p><\/div><div class=\"fusion-separator\" style=\"align-self: center;margin-left: auto;margin-right: auto;flex-grow:10;margin-top:5px;margin-bottom:10px;width:100%;max-width:70px;\"><div class=\"fusion-separator-border sep-single sep-solid\" style=\"--awb-height:20px;--awb-amount:20px;border-color:var(--awb-color2);border-top-width:1px;\"><\/div><\/div><div class=\"fusion-text fusion-text-170\" style=\"--awb-content-alignment:center;--awb-text-transform:capitalize;--awb-text-color:var(--awb-color4);\"><p>USA<\/p>\n<\/div><\/div><\/li>\n<li class=\"fusion-layout-column fusion_builder_column fusion-builder-column-172 fusion-flex-column fusion-animated post-card fusion-grid-column fusion-post-cards-grid-column fusion-animated\" style=\"--awb-padding-bottom:5px;--awb-overflow:hidden;--awb-bg-color:var(--awb-color1);--awb-bg-color-hover:var(--awb-custom_color_2);--awb-bg-size:cover;--awb-box-shadow:0px 0px 24px hsla(var(--awb-color7-h),var(--awb-color7-s),var(--awb-color7-l),calc(var(--awb-color7-a) - 40%));;--awb-border-color:var(--awb-color4);--awb-border-color-hover:var(--awb-color7);--awb-border-top:1px;--awb-border-right:1px;--awb-border-bottom:1px;--awb-border-left:1px;--awb-border-style:solid;--awb-border-radius:6px 6px 6px 6px;--awb-flex-grow:0;--awb-flex-shrink:0;--awb-flex-grow-medium:0;--awb-flex-shrink-medium:0;--awb-flex-grow-small:0;--awb-flex-shrink-small:0;\" data-animationType=\"fadeIn\" data-animationDuration=\"1.3\" data-animationOffset=\"top-into-view\"><div class=\"fusion-column-wrapper fusion-column-has-shadow fusion-flex-justify-content-flex-start fusion-content-layout-column\"><div class=\"fusion-image-element \" style=\"--awb-aspect-ratio:16 \/ 9;--awb-margin-bottom:10px;--awb-caption-title-font-family:var(--h2_typography-font-family);--awb-caption-title-font-weight:var(--h2_typography-font-weight);--awb-caption-title-font-style:var(--h2_typography-font-style);--awb-caption-title-size:var(--h2_typography-font-size);--awb-caption-title-transform:var(--h2_typography-text-transform);--awb-caption-title-line-height:var(--h2_typography-line-height);--awb-caption-title-letter-spacing:var(--h2_typography-letter-spacing);\"><span class=\" fusion-imageframe imageframe-none imageframe-170 hover-type-none has-aspect-ratio\"><a class=\"fusion-no-lightbox\" href=\"https:\/\/www.choral-events.com\/es\/chorales\/ruta-myata-quartet\/\" target=\"_self\" aria-label=\"Ruta Myata Quartet \u2013 Ucrania\"><img decoding=\"async\" width=\"2560\" height=\"1927\" alt=\"Ruta Myata Quartet \u2013 Ucrania\" src=\"https:\/\/www.choral-events.com\/wp-content\/uploads\/2025\/03\/2G2A9843-scaled-1.jpg\" class=\"img-responsive wp-image-49721 img-with-aspect-ratio\" data-parent-fit=\"cover\" data-parent-container=\".fusion-image-element\" srcset=\"https:\/\/www.choral-events.com\/wp-content\/uploads\/2025\/03\/2G2A9843-scaled-1-200x151.jpg 200w, https:\/\/www.choral-events.com\/wp-content\/uploads\/2025\/03\/2G2A9843-scaled-1-400x301.jpg 400w, https:\/\/www.choral-events.com\/wp-content\/uploads\/2025\/03\/2G2A9843-scaled-1-600x452.jpg 600w, https:\/\/www.choral-events.com\/wp-content\/uploads\/2025\/03\/2G2A9843-scaled-1-800x602.jpg 800w, https:\/\/www.choral-events.com\/wp-content\/uploads\/2025\/03\/2G2A9843-scaled-1-1200x903.jpg 1200w, https:\/\/www.choral-events.com\/wp-content\/uploads\/2025\/03\/2G2A9843-scaled-1.jpg 2560w\" sizes=\"(max-width: 1024px) 100vw, (max-width: 640px) 100vw, 2560px\" \/><\/a><\/span><\/div><div class=\"fusion-title title fusion-title-172 fusion-sep-none fusion-title-center fusion-title-text fusion-title-size-paragraph\" style=\"--awb-text-color:var(--awb-color7);--awb-margin-top:10px;--awb-margin-right:5px;--awb-margin-bottom:10px;--awb-margin-left:5px;--awb-margin-top-small:16px;--awb-margin-right-small:0px;--awb-margin-bottom-small:10px;--awb-margin-left-small:0px;--awb-link-color:var(--awb-color7);--awb-font-size:16px;\"><p class=\"fusion-title-heading title-heading-center title-heading-tag fusion-responsive-typography-calculated\" style=\"margin:0;font-size:1em;--fontSize:16;--minFontSize:16;line-height:1.6;\"><a href=\"https:\/\/www.choral-events.com\/es\/chorales\/ruta-myata-quartet\/\" class=\"awb-custom-text-color awb-custom-text-hover-color\" target=\"_self\">Ruta Myata Quartet<\/a><\/p><\/div><div class=\"fusion-separator\" style=\"align-self: center;margin-left: auto;margin-right: auto;flex-grow:10;margin-top:5px;margin-bottom:10px;width:100%;max-width:70px;\"><div class=\"fusion-separator-border sep-single sep-solid\" style=\"--awb-height:20px;--awb-amount:20px;border-color:var(--awb-color2);border-top-width:1px;\"><\/div><\/div><div class=\"fusion-text fusion-text-171\" style=\"--awb-content-alignment:center;--awb-text-transform:capitalize;--awb-text-color:var(--awb-color4);\"><p>Ucrania<\/p>\n<\/div><\/div><\/li>\n<li class=\"fusion-layout-column fusion_builder_column fusion-builder-column-173 fusion-flex-column fusion-animated post-card fusion-grid-column fusion-post-cards-grid-column fusion-animated\" style=\"--awb-padding-bottom:5px;--awb-overflow:hidden;--awb-bg-color:var(--awb-color1);--awb-bg-color-hover:var(--awb-custom_color_2);--awb-bg-size:cover;--awb-box-shadow:0px 0px 24px hsla(var(--awb-color7-h),var(--awb-color7-s),var(--awb-color7-l),calc(var(--awb-color7-a) - 40%));;--awb-border-color:var(--awb-color4);--awb-border-color-hover:var(--awb-color7);--awb-border-top:1px;--awb-border-right:1px;--awb-border-bottom:1px;--awb-border-left:1px;--awb-border-style:solid;--awb-border-radius:6px 6px 6px 6px;--awb-flex-grow:0;--awb-flex-shrink:0;--awb-flex-grow-medium:0;--awb-flex-shrink-medium:0;--awb-flex-grow-small:0;--awb-flex-shrink-small:0;\" data-animationType=\"fadeIn\" data-animationDuration=\"1.3\" data-animationOffset=\"top-into-view\"><div class=\"fusion-column-wrapper fusion-column-has-shadow fusion-flex-justify-content-flex-start fusion-content-layout-column\"><div class=\"fusion-image-element \" style=\"--awb-aspect-ratio:16 \/ 9;--awb-margin-bottom:10px;--awb-caption-title-font-family:var(--h2_typography-font-family);--awb-caption-title-font-weight:var(--h2_typography-font-weight);--awb-caption-title-font-style:var(--h2_typography-font-style);--awb-caption-title-size:var(--h2_typography-font-size);--awb-caption-title-transform:var(--h2_typography-text-transform);--awb-caption-title-line-height:var(--h2_typography-line-height);--awb-caption-title-letter-spacing:var(--h2_typography-letter-spacing);\"><span class=\" fusion-imageframe imageframe-none imageframe-171 hover-type-none has-aspect-ratio\"><a class=\"fusion-no-lightbox\" href=\"https:\/\/www.choral-events.com\/es\/chorales\/sexteto-vocal-mixto-permonik\/\" target=\"_self\" aria-label=\"Sexteto vocal mixto Permon\u00edk\"><img decoding=\"async\" width=\"605\" height=\"481\" alt=\"Sexteto vocal mixto Permon\u00edk\" src=\"https:\/\/www.choral-events.com\/wp-content\/uploads\/2025\/05\/sextuor.jpg\" class=\"img-responsive wp-image-49648 img-with-aspect-ratio\" data-parent-fit=\"cover\" data-parent-container=\".fusion-image-element\" srcset=\"https:\/\/www.choral-events.com\/wp-content\/uploads\/2025\/05\/sextuor-200x159.jpg 200w, https:\/\/www.choral-events.com\/wp-content\/uploads\/2025\/05\/sextuor-400x318.jpg 400w, https:\/\/www.choral-events.com\/wp-content\/uploads\/2025\/05\/sextuor-600x477.jpg 600w, https:\/\/www.choral-events.com\/wp-content\/uploads\/2025\/05\/sextuor.jpg 605w\" sizes=\"(max-width: 1024px) 100vw, (max-width: 640px) 100vw, 605px\" \/><\/a><\/span><\/div><div class=\"fusion-title title fusion-title-173 fusion-sep-none fusion-title-center fusion-title-text fusion-title-size-paragraph\" style=\"--awb-text-color:var(--awb-color7);--awb-margin-top:10px;--awb-margin-right:5px;--awb-margin-bottom:10px;--awb-margin-left:5px;--awb-margin-top-small:16px;--awb-margin-right-small:0px;--awb-margin-bottom-small:10px;--awb-margin-left-small:0px;--awb-link-color:var(--awb-color7);--awb-font-size:16px;\"><p class=\"fusion-title-heading title-heading-center title-heading-tag fusion-responsive-typography-calculated\" style=\"margin:0;font-size:1em;--fontSize:16;--minFontSize:16;line-height:1.6;\"><a href=\"https:\/\/www.choral-events.com\/es\/chorales\/sexteto-vocal-mixto-permonik\/\" class=\"awb-custom-text-color awb-custom-text-hover-color\" target=\"_self\">Sexteto vocal mixto Permon\u00edk<\/a><\/p><\/div><div class=\"fusion-separator\" style=\"align-self: center;margin-left: auto;margin-right: auto;flex-grow:10;margin-top:5px;margin-bottom:10px;width:100%;max-width:70px;\"><div class=\"fusion-separator-border sep-single sep-solid\" style=\"--awb-height:20px;--awb-amount:20px;border-color:var(--awb-color2);border-top-width:1px;\"><\/div><\/div><div class=\"fusion-text fusion-text-172\" style=\"--awb-content-alignment:center;--awb-text-transform:capitalize;--awb-text-color:var(--awb-color4);\"><p>Rep\u00fablica Checa<\/p>\n<\/div><\/div><\/li>\n<li class=\"fusion-layout-column fusion_builder_column fusion-builder-column-174 fusion-flex-column fusion-animated post-card fusion-grid-column fusion-post-cards-grid-column fusion-animated\" style=\"--awb-padding-bottom:5px;--awb-overflow:hidden;--awb-bg-color:var(--awb-color1);--awb-bg-color-hover:var(--awb-custom_color_2);--awb-bg-size:cover;--awb-box-shadow:0px 0px 24px hsla(var(--awb-color7-h),var(--awb-color7-s),var(--awb-color7-l),calc(var(--awb-color7-a) - 40%));;--awb-border-color:var(--awb-color4);--awb-border-color-hover:var(--awb-color7);--awb-border-top:1px;--awb-border-right:1px;--awb-border-bottom:1px;--awb-border-left:1px;--awb-border-style:solid;--awb-border-radius:6px 6px 6px 6px;--awb-flex-grow:0;--awb-flex-shrink:0;--awb-flex-grow-medium:0;--awb-flex-shrink-medium:0;--awb-flex-grow-small:0;--awb-flex-shrink-small:0;\" data-animationType=\"fadeIn\" data-animationDuration=\"1.3\" data-animationOffset=\"top-into-view\"><div class=\"fusion-column-wrapper fusion-column-has-shadow fusion-flex-justify-content-flex-start fusion-content-layout-column\"><div class=\"fusion-image-element \" style=\"--awb-aspect-ratio:16 \/ 9;--awb-margin-bottom:10px;--awb-caption-title-font-family:var(--h2_typography-font-family);--awb-caption-title-font-weight:var(--h2_typography-font-weight);--awb-caption-title-font-style:var(--h2_typography-font-style);--awb-caption-title-size:var(--h2_typography-font-size);--awb-caption-title-transform:var(--h2_typography-text-transform);--awb-caption-title-line-height:var(--h2_typography-line-height);--awb-caption-title-letter-spacing:var(--h2_typography-letter-spacing);\"><span class=\" fusion-imageframe imageframe-none imageframe-172 hover-type-none has-aspect-ratio\"><a class=\"fusion-no-lightbox\" href=\"https:\/\/www.choral-events.com\/es\/chorales\/shu-te-glee-club-choir\/\" target=\"_self\" aria-label=\"foto-sitio-web-Shu-Te-Taiwan-2\"><img decoding=\"async\" width=\"550\" height=\"350\" src=\"https:\/\/www.choral-events.com\/wp-content\/uploads\/2026\/03\/photo-site-web-Shu-Te-Taiwan-2.png\" class=\"img-responsive wp-image-51872 img-with-aspect-ratio\" data-parent-fit=\"cover\" data-parent-container=\".fusion-image-element\" alt srcset=\"https:\/\/www.choral-events.com\/wp-content\/uploads\/2026\/03\/photo-site-web-Shu-Te-Taiwan-2-200x127.png 200w, https:\/\/www.choral-events.com\/wp-content\/uploads\/2026\/03\/photo-site-web-Shu-Te-Taiwan-2-400x255.png 400w, https:\/\/www.choral-events.com\/wp-content\/uploads\/2026\/03\/photo-site-web-Shu-Te-Taiwan-2.png 550w\" sizes=\"(max-width: 1024px) 100vw, (max-width: 640px) 100vw, 550px\" \/><\/a><\/span><\/div><div class=\"fusion-title title fusion-title-174 fusion-sep-none fusion-title-center fusion-title-text fusion-title-size-paragraph\" style=\"--awb-text-color:var(--awb-color7);--awb-margin-top:10px;--awb-margin-right:5px;--awb-margin-bottom:10px;--awb-margin-left:5px;--awb-margin-top-small:16px;--awb-margin-right-small:0px;--awb-margin-bottom-small:10px;--awb-margin-left-small:0px;--awb-link-color:var(--awb-color7);--awb-font-size:16px;\"><p class=\"fusion-title-heading title-heading-center title-heading-tag fusion-responsive-typography-calculated\" style=\"margin:0;font-size:1em;--fontSize:16;--minFontSize:16;line-height:1.6;\"><a href=\"https:\/\/www.choral-events.com\/es\/chorales\/shu-te-glee-club-choir\/\" class=\"awb-custom-text-color awb-custom-text-hover-color\" target=\"_self\">Shu-Te Glee Club Choir<\/a><\/p><\/div><div class=\"fusion-separator\" style=\"align-self: center;margin-left: auto;margin-right: auto;flex-grow:10;margin-top:5px;margin-bottom:10px;width:100%;max-width:70px;\"><div class=\"fusion-separator-border sep-single sep-solid\" style=\"--awb-height:20px;--awb-amount:20px;border-color:var(--awb-color2);border-top-width:1px;\"><\/div><\/div><div class=\"fusion-text fusion-text-173\" style=\"--awb-content-alignment:center;--awb-text-transform:capitalize;--awb-text-color:var(--awb-color4);\"><p>Taiwan<\/p>\n<\/div><\/div><\/li>\n<li class=\"fusion-layout-column fusion_builder_column fusion-builder-column-175 fusion-flex-column fusion-animated post-card fusion-grid-column fusion-post-cards-grid-column fusion-animated\" style=\"--awb-padding-bottom:5px;--awb-overflow:hidden;--awb-bg-color:var(--awb-color1);--awb-bg-color-hover:var(--awb-custom_color_2);--awb-bg-size:cover;--awb-box-shadow:0px 0px 24px hsla(var(--awb-color7-h),var(--awb-color7-s),var(--awb-color7-l),calc(var(--awb-color7-a) - 40%));;--awb-border-color:var(--awb-color4);--awb-border-color-hover:var(--awb-color7);--awb-border-top:1px;--awb-border-right:1px;--awb-border-bottom:1px;--awb-border-left:1px;--awb-border-style:solid;--awb-border-radius:6px 6px 6px 6px;--awb-flex-grow:0;--awb-flex-shrink:0;--awb-flex-grow-medium:0;--awb-flex-shrink-medium:0;--awb-flex-grow-small:0;--awb-flex-shrink-small:0;\" data-animationType=\"fadeIn\" data-animationDuration=\"1.3\" data-animationOffset=\"top-into-view\"><div class=\"fusion-column-wrapper fusion-column-has-shadow fusion-flex-justify-content-flex-start fusion-content-layout-column\"><div class=\"fusion-image-element \" style=\"--awb-aspect-ratio:16 \/ 9;--awb-margin-bottom:10px;--awb-caption-title-font-family:var(--h2_typography-font-family);--awb-caption-title-font-weight:var(--h2_typography-font-weight);--awb-caption-title-font-style:var(--h2_typography-font-style);--awb-caption-title-size:var(--h2_typography-font-size);--awb-caption-title-transform:var(--h2_typography-text-transform);--awb-caption-title-line-height:var(--h2_typography-line-height);--awb-caption-title-letter-spacing:var(--h2_typography-letter-spacing);\"><span class=\" fusion-imageframe imageframe-none imageframe-173 hover-type-none has-aspect-ratio\"><a class=\"fusion-no-lightbox\" href=\"https:\/\/www.choral-events.com\/es\/chorales\/soderkoping-gospel\/\" target=\"_self\" aria-label=\"foto gospel ante 1\"><img decoding=\"async\" width=\"960\" height=\"508\" src=\"https:\/\/www.choral-events.com\/wp-content\/uploads\/2026\/03\/photo-gospel-suede-1.jpg\" class=\"img-responsive wp-image-51375 img-with-aspect-ratio\" data-parent-fit=\"cover\" data-parent-container=\".fusion-image-element\" alt srcset=\"https:\/\/www.choral-events.com\/wp-content\/uploads\/2026\/03\/photo-gospel-suede-1-200x106.jpg 200w, https:\/\/www.choral-events.com\/wp-content\/uploads\/2026\/03\/photo-gospel-suede-1-400x212.jpg 400w, https:\/\/www.choral-events.com\/wp-content\/uploads\/2026\/03\/photo-gospel-suede-1-600x318.jpg 600w, https:\/\/www.choral-events.com\/wp-content\/uploads\/2026\/03\/photo-gospel-suede-1-800x423.jpg 800w, https:\/\/www.choral-events.com\/wp-content\/uploads\/2026\/03\/photo-gospel-suede-1.jpg 960w\" sizes=\"(max-width: 1024px) 100vw, (max-width: 640px) 100vw, 960px\" \/><\/a><\/span><\/div><div class=\"fusion-title title fusion-title-175 fusion-sep-none fusion-title-center fusion-title-text fusion-title-size-paragraph\" style=\"--awb-text-color:var(--awb-color7);--awb-margin-top:10px;--awb-margin-right:5px;--awb-margin-bottom:10px;--awb-margin-left:5px;--awb-margin-top-small:16px;--awb-margin-right-small:0px;--awb-margin-bottom-small:10px;--awb-margin-left-small:0px;--awb-link-color:var(--awb-color7);--awb-font-size:16px;\"><p class=\"fusion-title-heading title-heading-center title-heading-tag fusion-responsive-typography-calculated\" style=\"margin:0;font-size:1em;--fontSize:16;--minFontSize:16;line-height:1.6;\"><a href=\"https:\/\/www.choral-events.com\/es\/chorales\/soderkoping-gospel\/\" class=\"awb-custom-text-color awb-custom-text-hover-color\" target=\"_self\">S\u00f6derk\u00f6ping Gospel<\/a><\/p><\/div><div class=\"fusion-separator\" style=\"align-self: center;margin-left: auto;margin-right: auto;flex-grow:10;margin-top:5px;margin-bottom:10px;width:100%;max-width:70px;\"><div class=\"fusion-separator-border sep-single sep-solid\" style=\"--awb-height:20px;--awb-amount:20px;border-color:var(--awb-color2);border-top-width:1px;\"><\/div><\/div><div class=\"fusion-text fusion-text-174\" style=\"--awb-content-alignment:center;--awb-text-transform:capitalize;--awb-text-color:var(--awb-color4);\"><p>Su\u00e8de<\/p>\n<\/div><\/div><\/li>\n<li class=\"fusion-layout-column fusion_builder_column fusion-builder-column-176 fusion-flex-column fusion-animated post-card fusion-grid-column fusion-post-cards-grid-column fusion-animated\" style=\"--awb-padding-bottom:5px;--awb-overflow:hidden;--awb-bg-color:var(--awb-color1);--awb-bg-color-hover:var(--awb-custom_color_2);--awb-bg-size:cover;--awb-box-shadow:0px 0px 24px hsla(var(--awb-color7-h),var(--awb-color7-s),var(--awb-color7-l),calc(var(--awb-color7-a) - 40%));;--awb-border-color:var(--awb-color4);--awb-border-color-hover:var(--awb-color7);--awb-border-top:1px;--awb-border-right:1px;--awb-border-bottom:1px;--awb-border-left:1px;--awb-border-style:solid;--awb-border-radius:6px 6px 6px 6px;--awb-flex-grow:0;--awb-flex-shrink:0;--awb-flex-grow-medium:0;--awb-flex-shrink-medium:0;--awb-flex-grow-small:0;--awb-flex-shrink-small:0;\" data-animationType=\"fadeIn\" data-animationDuration=\"1.3\" data-animationOffset=\"top-into-view\"><div class=\"fusion-column-wrapper fusion-column-has-shadow fusion-flex-justify-content-flex-start fusion-content-layout-column\"><div class=\"fusion-image-element \" style=\"--awb-aspect-ratio:16 \/ 9;--awb-margin-bottom:10px;--awb-caption-title-font-family:var(--h2_typography-font-family);--awb-caption-title-font-weight:var(--h2_typography-font-weight);--awb-caption-title-font-style:var(--h2_typography-font-style);--awb-caption-title-size:var(--h2_typography-font-size);--awb-caption-title-transform:var(--h2_typography-text-transform);--awb-caption-title-line-height:var(--h2_typography-line-height);--awb-caption-title-letter-spacing:var(--h2_typography-letter-spacing);\"><span class=\" fusion-imageframe imageframe-none imageframe-174 hover-type-none has-aspect-ratio\"><a class=\"fusion-no-lightbox\" href=\"https:\/\/www.choral-events.com\/es\/chorales\/spurrell-studio-choir\/\" target=\"_self\" aria-label=\"Spurrell-Studio-foto-p\u00e1gina-web-1\"><img decoding=\"async\" width=\"550\" height=\"350\" src=\"https:\/\/www.choral-events.com\/wp-content\/uploads\/2026\/03\/Spurrell-Studio-photo-page-web-1.png\" class=\"img-responsive wp-image-51876 img-with-aspect-ratio\" data-parent-fit=\"cover\" data-parent-container=\".fusion-image-element\" alt srcset=\"https:\/\/www.choral-events.com\/wp-content\/uploads\/2026\/03\/Spurrell-Studio-photo-page-web-1-200x127.png 200w, https:\/\/www.choral-events.com\/wp-content\/uploads\/2026\/03\/Spurrell-Studio-photo-page-web-1-400x255.png 400w, https:\/\/www.choral-events.com\/wp-content\/uploads\/2026\/03\/Spurrell-Studio-photo-page-web-1.png 550w\" sizes=\"(max-width: 1024px) 100vw, (max-width: 640px) 100vw, 550px\" \/><\/a><\/span><\/div><div class=\"fusion-title title fusion-title-176 fusion-sep-none fusion-title-center fusion-title-text fusion-title-size-paragraph\" style=\"--awb-text-color:var(--awb-color7);--awb-margin-top:10px;--awb-margin-right:5px;--awb-margin-bottom:10px;--awb-margin-left:5px;--awb-margin-top-small:16px;--awb-margin-right-small:0px;--awb-margin-bottom-small:10px;--awb-margin-left-small:0px;--awb-link-color:var(--awb-color7);--awb-font-size:16px;\"><p class=\"fusion-title-heading title-heading-center title-heading-tag fusion-responsive-typography-calculated\" style=\"margin:0;font-size:1em;--fontSize:16;--minFontSize:16;line-height:1.6;\"><a href=\"https:\/\/www.choral-events.com\/es\/chorales\/spurrell-studio-choir\/\" class=\"awb-custom-text-color awb-custom-text-hover-color\" target=\"_self\">Spurrell Studio Choir<\/a><\/p><\/div><div class=\"fusion-separator\" style=\"align-self: center;margin-left: auto;margin-right: auto;flex-grow:10;margin-top:5px;margin-bottom:10px;width:100%;max-width:70px;\"><div class=\"fusion-separator-border sep-single sep-solid\" style=\"--awb-height:20px;--awb-amount:20px;border-color:var(--awb-color2);border-top-width:1px;\"><\/div><\/div><div class=\"fusion-text fusion-text-175\" style=\"--awb-content-alignment:center;--awb-text-transform:capitalize;--awb-text-color:var(--awb-color4);\"><p>Canada<\/p>\n<\/div><\/div><\/li>\n<li class=\"fusion-layout-column fusion_builder_column fusion-builder-column-177 fusion-flex-column fusion-animated post-card fusion-grid-column fusion-post-cards-grid-column fusion-animated\" style=\"--awb-padding-bottom:5px;--awb-overflow:hidden;--awb-bg-color:var(--awb-color1);--awb-bg-color-hover:var(--awb-custom_color_2);--awb-bg-size:cover;--awb-box-shadow:0px 0px 24px hsla(var(--awb-color7-h),var(--awb-color7-s),var(--awb-color7-l),calc(var(--awb-color7-a) - 40%));;--awb-border-color:var(--awb-color4);--awb-border-color-hover:var(--awb-color7);--awb-border-top:1px;--awb-border-right:1px;--awb-border-bottom:1px;--awb-border-left:1px;--awb-border-style:solid;--awb-border-radius:6px 6px 6px 6px;--awb-flex-grow:0;--awb-flex-shrink:0;--awb-flex-grow-medium:0;--awb-flex-shrink-medium:0;--awb-flex-grow-small:0;--awb-flex-shrink-small:0;\" data-animationType=\"fadeIn\" data-animationDuration=\"1.3\" data-animationOffset=\"top-into-view\"><div class=\"fusion-column-wrapper fusion-column-has-shadow fusion-flex-justify-content-flex-start fusion-content-layout-column\"><div class=\"fusion-image-element \" style=\"--awb-aspect-ratio:16 \/ 9;--awb-margin-bottom:10px;--awb-caption-title-font-family:var(--h2_typography-font-family);--awb-caption-title-font-weight:var(--h2_typography-font-weight);--awb-caption-title-font-style:var(--h2_typography-font-style);--awb-caption-title-size:var(--h2_typography-font-size);--awb-caption-title-transform:var(--h2_typography-text-transform);--awb-caption-title-line-height:var(--h2_typography-line-height);--awb-caption-title-letter-spacing:var(--h2_typography-letter-spacing);\"><span class=\" fusion-imageframe imageframe-none imageframe-175 hover-type-none has-aspect-ratio\"><a class=\"fusion-no-lightbox\" href=\"https:\/\/www.choral-events.com\/es\/chorales\/st-marys-singers\/\" target=\"_self\" aria-label=\"St Mary\u2019s Singers \u2013 Sud\u00e1frica\"><img decoding=\"async\" width=\"9000\" height=\"6000\" alt=\"St Mary\u2019s Singers \u2013 Sud\u00e1frica\" src=\"https:\/\/www.choral-events.com\/wp-content\/uploads\/2025\/01\/HighSchoolStMarys1-146.jpg\" class=\"img-responsive wp-image-49673 img-with-aspect-ratio\" data-parent-fit=\"cover\" data-parent-container=\".fusion-image-element\" srcset=\"https:\/\/www.choral-events.com\/wp-content\/uploads\/2025\/01\/HighSchoolStMarys1-146-200x133.jpg 200w, https:\/\/www.choral-events.com\/wp-content\/uploads\/2025\/01\/HighSchoolStMarys1-146-400x267.jpg 400w, https:\/\/www.choral-events.com\/wp-content\/uploads\/2025\/01\/HighSchoolStMarys1-146-600x400.jpg 600w, https:\/\/www.choral-events.com\/wp-content\/uploads\/2025\/01\/HighSchoolStMarys1-146-800x533.jpg 800w, https:\/\/www.choral-events.com\/wp-content\/uploads\/2025\/01\/HighSchoolStMarys1-146-1200x800.jpg 1200w, https:\/\/www.choral-events.com\/wp-content\/uploads\/2025\/01\/HighSchoolStMarys1-146.jpg 9000w\" sizes=\"(max-width: 1024px) 100vw, (max-width: 640px) 100vw, 9000px\" \/><\/a><\/span><\/div><div class=\"fusion-title title fusion-title-177 fusion-sep-none fusion-title-center fusion-title-text fusion-title-size-paragraph\" style=\"--awb-text-color:var(--awb-color7);--awb-margin-top:10px;--awb-margin-right:5px;--awb-margin-bottom:10px;--awb-margin-left:5px;--awb-margin-top-small:16px;--awb-margin-right-small:0px;--awb-margin-bottom-small:10px;--awb-margin-left-small:0px;--awb-link-color:var(--awb-color7);--awb-font-size:16px;\"><p class=\"fusion-title-heading title-heading-center title-heading-tag fusion-responsive-typography-calculated\" style=\"margin:0;font-size:1em;--fontSize:16;--minFontSize:16;line-height:1.6;\"><a href=\"https:\/\/www.choral-events.com\/es\/chorales\/st-marys-singers\/\" class=\"awb-custom-text-color awb-custom-text-hover-color\" target=\"_self\">St Mary\u2019s Singers<\/a><\/p><\/div><div class=\"fusion-separator\" style=\"align-self: center;margin-left: auto;margin-right: auto;flex-grow:10;margin-top:5px;margin-bottom:10px;width:100%;max-width:70px;\"><div class=\"fusion-separator-border sep-single sep-solid\" style=\"--awb-height:20px;--awb-amount:20px;border-color:var(--awb-color2);border-top-width:1px;\"><\/div><\/div><div class=\"fusion-text fusion-text-176\" style=\"--awb-content-alignment:center;--awb-text-transform:capitalize;--awb-text-color:var(--awb-color4);\"><p>Sud\u00e1frica<\/p>\n<\/div><\/div><\/li>\n<li class=\"fusion-layout-column fusion_builder_column fusion-builder-column-178 fusion-flex-column fusion-animated post-card fusion-grid-column fusion-post-cards-grid-column fusion-animated\" style=\"--awb-padding-bottom:5px;--awb-overflow:hidden;--awb-bg-color:var(--awb-color1);--awb-bg-color-hover:var(--awb-custom_color_2);--awb-bg-size:cover;--awb-box-shadow:0px 0px 24px hsla(var(--awb-color7-h),var(--awb-color7-s),var(--awb-color7-l),calc(var(--awb-color7-a) - 40%));;--awb-border-color:var(--awb-color4);--awb-border-color-hover:var(--awb-color7);--awb-border-top:1px;--awb-border-right:1px;--awb-border-bottom:1px;--awb-border-left:1px;--awb-border-style:solid;--awb-border-radius:6px 6px 6px 6px;--awb-flex-grow:0;--awb-flex-shrink:0;--awb-flex-grow-medium:0;--awb-flex-shrink-medium:0;--awb-flex-grow-small:0;--awb-flex-shrink-small:0;\" data-animationType=\"fadeIn\" data-animationDuration=\"1.3\" data-animationOffset=\"top-into-view\"><div class=\"fusion-column-wrapper fusion-column-has-shadow fusion-flex-justify-content-flex-start fusion-content-layout-column\"><div class=\"fusion-image-element \" style=\"--awb-aspect-ratio:16 \/ 9;--awb-margin-bottom:10px;--awb-caption-title-font-family:var(--h2_typography-font-family);--awb-caption-title-font-weight:var(--h2_typography-font-weight);--awb-caption-title-font-style:var(--h2_typography-font-style);--awb-caption-title-size:var(--h2_typography-font-size);--awb-caption-title-transform:var(--h2_typography-text-transform);--awb-caption-title-line-height:var(--h2_typography-line-height);--awb-caption-title-letter-spacing:var(--h2_typography-letter-spacing);\"><span class=\" fusion-imageframe imageframe-none imageframe-176 hover-type-none has-aspect-ratio\"><a class=\"fusion-no-lightbox\" href=\"https:\/\/www.choral-events.com\/es\/chorales\/talasumche-childrens-choir\/\" target=\"_self\" aria-label=\"Talamunshe-foto-p\u00e1gina-web-1\"><img decoding=\"async\" width=\"550\" height=\"350\" src=\"https:\/\/www.choral-events.com\/wp-content\/uploads\/2026\/03\/Talamunshe-photo-page-web-1.png\" class=\"img-responsive wp-image-51880 img-with-aspect-ratio\" data-parent-fit=\"cover\" data-parent-container=\".fusion-image-element\" alt srcset=\"https:\/\/www.choral-events.com\/wp-content\/uploads\/2026\/03\/Talamunshe-photo-page-web-1-200x127.png 200w, https:\/\/www.choral-events.com\/wp-content\/uploads\/2026\/03\/Talamunshe-photo-page-web-1-400x255.png 400w, https:\/\/www.choral-events.com\/wp-content\/uploads\/2026\/03\/Talamunshe-photo-page-web-1.png 550w\" sizes=\"(max-width: 1024px) 100vw, (max-width: 640px) 100vw, 550px\" \/><\/a><\/span><\/div><div class=\"fusion-title title fusion-title-178 fusion-sep-none fusion-title-center fusion-title-text fusion-title-size-paragraph\" style=\"--awb-text-color:var(--awb-color7);--awb-margin-top:10px;--awb-margin-right:5px;--awb-margin-bottom:10px;--awb-margin-left:5px;--awb-margin-top-small:16px;--awb-margin-right-small:0px;--awb-margin-bottom-small:10px;--awb-margin-left-small:0px;--awb-link-color:var(--awb-color7);--awb-font-size:16px;\"><p class=\"fusion-title-heading title-heading-center title-heading-tag fusion-responsive-typography-calculated\" style=\"margin:0;font-size:1em;--fontSize:16;--minFontSize:16;line-height:1.6;\"><a href=\"https:\/\/www.choral-events.com\/es\/chorales\/talasumche-childrens-choir\/\" class=\"awb-custom-text-color awb-custom-text-hover-color\" target=\"_self\">Talasumche Children&#8217;s Choir<\/a><\/p><\/div><div class=\"fusion-separator\" style=\"align-self: center;margin-left: auto;margin-right: auto;flex-grow:10;margin-top:5px;margin-bottom:10px;width:100%;max-width:70px;\"><div class=\"fusion-separator-border sep-single sep-solid\" style=\"--awb-height:20px;--awb-amount:20px;border-color:var(--awb-color2);border-top-width:1px;\"><\/div><\/div><div class=\"fusion-text fusion-text-177\" style=\"--awb-content-alignment:center;--awb-text-transform:capitalize;--awb-text-color:var(--awb-color4);\"><p>Bulgarie<\/p>\n<\/div><\/div><\/li>\n<li class=\"fusion-layout-column fusion_builder_column fusion-builder-column-179 fusion-flex-column fusion-animated post-card fusion-grid-column fusion-post-cards-grid-column fusion-animated\" style=\"--awb-padding-bottom:5px;--awb-overflow:hidden;--awb-bg-color:var(--awb-color1);--awb-bg-color-hover:var(--awb-custom_color_2);--awb-bg-size:cover;--awb-box-shadow:0px 0px 24px hsla(var(--awb-color7-h),var(--awb-color7-s),var(--awb-color7-l),calc(var(--awb-color7-a) - 40%));;--awb-border-color:var(--awb-color4);--awb-border-color-hover:var(--awb-color7);--awb-border-top:1px;--awb-border-right:1px;--awb-border-bottom:1px;--awb-border-left:1px;--awb-border-style:solid;--awb-border-radius:6px 6px 6px 6px;--awb-flex-grow:0;--awb-flex-shrink:0;--awb-flex-grow-medium:0;--awb-flex-shrink-medium:0;--awb-flex-grow-small:0;--awb-flex-shrink-small:0;\" data-animationType=\"fadeIn\" data-animationDuration=\"1.3\" data-animationOffset=\"top-into-view\"><div class=\"fusion-column-wrapper fusion-column-has-shadow fusion-flex-justify-content-flex-start fusion-content-layout-column\"><div class=\"fusion-image-element \" style=\"--awb-aspect-ratio:16 \/ 9;--awb-margin-bottom:10px;--awb-caption-title-font-family:var(--h2_typography-font-family);--awb-caption-title-font-weight:var(--h2_typography-font-weight);--awb-caption-title-font-style:var(--h2_typography-font-style);--awb-caption-title-size:var(--h2_typography-font-size);--awb-caption-title-transform:var(--h2_typography-text-transform);--awb-caption-title-line-height:var(--h2_typography-line-height);--awb-caption-title-letter-spacing:var(--h2_typography-letter-spacing);\"><span class=\" fusion-imageframe imageframe-none imageframe-177 hover-type-none has-aspect-ratio\"><a class=\"fusion-no-lightbox\" href=\"https:\/\/www.choral-events.com\/es\/chorales\/the-barberettes\/\" target=\"_self\" aria-label=\"The Barberettes Reading Choir \u2013 Inglaterra\"><img decoding=\"async\" width=\"1080\" height=\"720\" alt=\"The Barberettes Reading Choir \u2013 Inglaterra\" src=\"https:\/\/www.choral-events.com\/wp-content\/uploads\/2025\/01\/410591651_932578805095744_8476990544104536018_n.jpg\" class=\"img-responsive wp-image-49713 img-with-aspect-ratio\" data-parent-fit=\"cover\" data-parent-container=\".fusion-image-element\" srcset=\"https:\/\/www.choral-events.com\/wp-content\/uploads\/2025\/01\/410591651_932578805095744_8476990544104536018_n-200x133.jpg 200w, https:\/\/www.choral-events.com\/wp-content\/uploads\/2025\/01\/410591651_932578805095744_8476990544104536018_n-400x267.jpg 400w, https:\/\/www.choral-events.com\/wp-content\/uploads\/2025\/01\/410591651_932578805095744_8476990544104536018_n-600x400.jpg 600w, https:\/\/www.choral-events.com\/wp-content\/uploads\/2025\/01\/410591651_932578805095744_8476990544104536018_n-800x533.jpg 800w, https:\/\/www.choral-events.com\/wp-content\/uploads\/2025\/01\/410591651_932578805095744_8476990544104536018_n.jpg 1080w\" sizes=\"(max-width: 1024px) 100vw, (max-width: 640px) 100vw, 1080px\" \/><\/a><\/span><\/div><div class=\"fusion-title title fusion-title-179 fusion-sep-none fusion-title-center fusion-title-text fusion-title-size-paragraph\" style=\"--awb-text-color:var(--awb-color7);--awb-margin-top:10px;--awb-margin-right:5px;--awb-margin-bottom:10px;--awb-margin-left:5px;--awb-margin-top-small:16px;--awb-margin-right-small:0px;--awb-margin-bottom-small:10px;--awb-margin-left-small:0px;--awb-link-color:var(--awb-color7);--awb-font-size:16px;\"><p class=\"fusion-title-heading title-heading-center title-heading-tag fusion-responsive-typography-calculated\" style=\"margin:0;font-size:1em;--fontSize:16;--minFontSize:16;line-height:1.6;\"><a href=\"https:\/\/www.choral-events.com\/es\/chorales\/the-barberettes\/\" class=\"awb-custom-text-color awb-custom-text-hover-color\" target=\"_self\">The Barberettes<\/a><\/p><\/div><div class=\"fusion-separator\" style=\"align-self: center;margin-left: auto;margin-right: auto;flex-grow:10;margin-top:5px;margin-bottom:10px;width:100%;max-width:70px;\"><div class=\"fusion-separator-border sep-single sep-solid\" style=\"--awb-height:20px;--awb-amount:20px;border-color:var(--awb-color2);border-top-width:1px;\"><\/div><\/div><div class=\"fusion-text fusion-text-178\" style=\"--awb-content-alignment:center;--awb-text-transform:capitalize;--awb-text-color:var(--awb-color4);\"><p>Inglaterra<\/p>\n<\/div><\/div><\/li>\n<li class=\"fusion-layout-column fusion_builder_column fusion-builder-column-180 fusion-flex-column fusion-animated post-card fusion-grid-column fusion-post-cards-grid-column fusion-animated\" style=\"--awb-padding-bottom:5px;--awb-overflow:hidden;--awb-bg-color:var(--awb-color1);--awb-bg-color-hover:var(--awb-custom_color_2);--awb-bg-size:cover;--awb-box-shadow:0px 0px 24px hsla(var(--awb-color7-h),var(--awb-color7-s),var(--awb-color7-l),calc(var(--awb-color7-a) - 40%));;--awb-border-color:var(--awb-color4);--awb-border-color-hover:var(--awb-color7);--awb-border-top:1px;--awb-border-right:1px;--awb-border-bottom:1px;--awb-border-left:1px;--awb-border-style:solid;--awb-border-radius:6px 6px 6px 6px;--awb-flex-grow:0;--awb-flex-shrink:0;--awb-flex-grow-medium:0;--awb-flex-shrink-medium:0;--awb-flex-grow-small:0;--awb-flex-shrink-small:0;\" data-animationType=\"fadeIn\" data-animationDuration=\"1.3\" data-animationOffset=\"top-into-view\"><div class=\"fusion-column-wrapper fusion-column-has-shadow fusion-flex-justify-content-flex-start fusion-content-layout-column\"><div class=\"fusion-image-element \" style=\"--awb-aspect-ratio:16 \/ 9;--awb-margin-bottom:10px;--awb-caption-title-font-family:var(--h2_typography-font-family);--awb-caption-title-font-weight:var(--h2_typography-font-weight);--awb-caption-title-font-style:var(--h2_typography-font-style);--awb-caption-title-size:var(--h2_typography-font-size);--awb-caption-title-transform:var(--h2_typography-text-transform);--awb-caption-title-line-height:var(--h2_typography-line-height);--awb-caption-title-letter-spacing:var(--h2_typography-letter-spacing);\"><span class=\" fusion-imageframe imageframe-none imageframe-178 hover-type-none has-aspect-ratio\"><a class=\"fusion-no-lightbox\" href=\"https:\/\/www.choral-events.com\/es\/chorales\/ustecky-detsky-sbor\/\" target=\"_self\" aria-label=\"teaserbox_50812166\"><img decoding=\"async\" width=\"900\" height=\"675\" src=\"https:\/\/www.choral-events.com\/wp-content\/uploads\/2026\/03\/teaserbox_50812166.jpg\" class=\"img-responsive wp-image-51383 img-with-aspect-ratio\" data-parent-fit=\"cover\" data-parent-container=\".fusion-image-element\" alt srcset=\"https:\/\/www.choral-events.com\/wp-content\/uploads\/2026\/03\/teaserbox_50812166-200x150.jpg 200w, https:\/\/www.choral-events.com\/wp-content\/uploads\/2026\/03\/teaserbox_50812166-400x300.jpg 400w, https:\/\/www.choral-events.com\/wp-content\/uploads\/2026\/03\/teaserbox_50812166-600x450.jpg 600w, https:\/\/www.choral-events.com\/wp-content\/uploads\/2026\/03\/teaserbox_50812166-800x600.jpg 800w, https:\/\/www.choral-events.com\/wp-content\/uploads\/2026\/03\/teaserbox_50812166.jpg 900w\" sizes=\"(max-width: 1024px) 100vw, (max-width: 640px) 100vw, 900px\" \/><\/a><\/span><\/div><div class=\"fusion-title title fusion-title-180 fusion-sep-none fusion-title-center fusion-title-text fusion-title-size-paragraph\" style=\"--awb-text-color:var(--awb-color7);--awb-margin-top:10px;--awb-margin-right:5px;--awb-margin-bottom:10px;--awb-margin-left:5px;--awb-margin-top-small:16px;--awb-margin-right-small:0px;--awb-margin-bottom-small:10px;--awb-margin-left-small:0px;--awb-link-color:var(--awb-color7);--awb-font-size:16px;\"><p class=\"fusion-title-heading title-heading-center title-heading-tag fusion-responsive-typography-calculated\" style=\"margin:0;font-size:1em;--fontSize:16;--minFontSize:16;line-height:1.6;\"><a href=\"https:\/\/www.choral-events.com\/es\/chorales\/ustecky-detsky-sbor\/\" class=\"awb-custom-text-color awb-custom-text-hover-color\" target=\"_self\">\u00daSTECK\u00dd D\u011aTSK\u00dd SBOR<\/a><\/p><\/div><div class=\"fusion-separator\" style=\"align-self: center;margin-left: auto;margin-right: auto;flex-grow:10;margin-top:5px;margin-bottom:10px;width:100%;max-width:70px;\"><div class=\"fusion-separator-border sep-single sep-solid\" style=\"--awb-height:20px;--awb-amount:20px;border-color:var(--awb-color2);border-top-width:1px;\"><\/div><\/div><div class=\"fusion-text fusion-text-179\" style=\"--awb-content-alignment:center;--awb-text-transform:capitalize;--awb-text-color:var(--awb-color4);\"><p>R\u00e9publique Tch\u00e8que<\/p>\n<\/div><\/div><\/li>\n<li class=\"fusion-layout-column fusion_builder_column fusion-builder-column-181 fusion-flex-column fusion-animated post-card fusion-grid-column fusion-post-cards-grid-column fusion-animated\" style=\"--awb-padding-bottom:5px;--awb-overflow:hidden;--awb-bg-color:var(--awb-color1);--awb-bg-color-hover:var(--awb-custom_color_2);--awb-bg-size:cover;--awb-box-shadow:0px 0px 24px hsla(var(--awb-color7-h),var(--awb-color7-s),var(--awb-color7-l),calc(var(--awb-color7-a) - 40%));;--awb-border-color:var(--awb-color4);--awb-border-color-hover:var(--awb-color7);--awb-border-top:1px;--awb-border-right:1px;--awb-border-bottom:1px;--awb-border-left:1px;--awb-border-style:solid;--awb-border-radius:6px 6px 6px 6px;--awb-flex-grow:0;--awb-flex-shrink:0;--awb-flex-grow-medium:0;--awb-flex-shrink-medium:0;--awb-flex-grow-small:0;--awb-flex-shrink-small:0;\" data-animationType=\"fadeIn\" data-animationDuration=\"1.3\" data-animationOffset=\"top-into-view\"><div class=\"fusion-column-wrapper fusion-column-has-shadow fusion-flex-justify-content-flex-start fusion-content-layout-column\"><div class=\"fusion-image-element \" style=\"--awb-aspect-ratio:16 \/ 9;--awb-margin-bottom:10px;--awb-caption-title-font-family:var(--h2_typography-font-family);--awb-caption-title-font-weight:var(--h2_typography-font-weight);--awb-caption-title-font-style:var(--h2_typography-font-style);--awb-caption-title-size:var(--h2_typography-font-size);--awb-caption-title-transform:var(--h2_typography-text-transform);--awb-caption-title-line-height:var(--h2_typography-line-height);--awb-caption-title-letter-spacing:var(--h2_typography-letter-spacing);\"><span class=\" fusion-imageframe imageframe-none imageframe-179 hover-type-none has-aspect-ratio\"><a class=\"fusion-no-lightbox\" href=\"https:\/\/www.choral-events.com\/es\/chorales\/vancouver-youth-choir\/\" target=\"_self\" aria-label=\"foto vancouver\"><img decoding=\"async\" width=\"1000\" height=\"333\" src=\"https:\/\/www.choral-events.com\/wp-content\/uploads\/2026\/03\/photo-vancouver.jpg\" class=\"img-responsive wp-image-51395 img-with-aspect-ratio\" data-parent-fit=\"cover\" data-parent-container=\".fusion-image-element\" alt srcset=\"https:\/\/www.choral-events.com\/wp-content\/uploads\/2026\/03\/photo-vancouver-200x67.jpg 200w, https:\/\/www.choral-events.com\/wp-content\/uploads\/2026\/03\/photo-vancouver-400x133.jpg 400w, https:\/\/www.choral-events.com\/wp-content\/uploads\/2026\/03\/photo-vancouver-600x200.jpg 600w, https:\/\/www.choral-events.com\/wp-content\/uploads\/2026\/03\/photo-vancouver-800x266.jpg 800w, https:\/\/www.choral-events.com\/wp-content\/uploads\/2026\/03\/photo-vancouver.jpg 1000w\" sizes=\"(max-width: 1024px) 100vw, (max-width: 640px) 100vw, 1000px\" \/><\/a><\/span><\/div><div class=\"fusion-title title fusion-title-181 fusion-sep-none fusion-title-center fusion-title-text fusion-title-size-paragraph\" style=\"--awb-text-color:var(--awb-color7);--awb-margin-top:10px;--awb-margin-right:5px;--awb-margin-bottom:10px;--awb-margin-left:5px;--awb-margin-top-small:16px;--awb-margin-right-small:0px;--awb-margin-bottom-small:10px;--awb-margin-left-small:0px;--awb-link-color:var(--awb-color7);--awb-font-size:16px;\"><p class=\"fusion-title-heading title-heading-center title-heading-tag fusion-responsive-typography-calculated\" style=\"margin:0;font-size:1em;--fontSize:16;--minFontSize:16;line-height:1.6;\"><a href=\"https:\/\/www.choral-events.com\/es\/chorales\/vancouver-youth-choir\/\" class=\"awb-custom-text-color awb-custom-text-hover-color\" target=\"_self\">Vancouver Youth Choir<\/a><\/p><\/div><div class=\"fusion-separator\" style=\"align-self: center;margin-left: auto;margin-right: auto;flex-grow:10;margin-top:5px;margin-bottom:10px;width:100%;max-width:70px;\"><div class=\"fusion-separator-border sep-single sep-solid\" style=\"--awb-height:20px;--awb-amount:20px;border-color:var(--awb-color2);border-top-width:1px;\"><\/div><\/div><div class=\"fusion-text fusion-text-180\" style=\"--awb-content-alignment:center;--awb-text-transform:capitalize;--awb-text-color:var(--awb-color4);\"><p>Canada<\/p>\n<\/div><\/div><\/li>\n<li class=\"fusion-layout-column fusion_builder_column fusion-builder-column-182 fusion-flex-column fusion-animated post-card fusion-grid-column fusion-post-cards-grid-column fusion-animated\" style=\"--awb-padding-bottom:5px;--awb-overflow:hidden;--awb-bg-color:var(--awb-color1);--awb-bg-color-hover:var(--awb-custom_color_2);--awb-bg-size:cover;--awb-box-shadow:0px 0px 24px hsla(var(--awb-color7-h),var(--awb-color7-s),var(--awb-color7-l),calc(var(--awb-color7-a) - 40%));;--awb-border-color:var(--awb-color4);--awb-border-color-hover:var(--awb-color7);--awb-border-top:1px;--awb-border-right:1px;--awb-border-bottom:1px;--awb-border-left:1px;--awb-border-style:solid;--awb-border-radius:6px 6px 6px 6px;--awb-flex-grow:0;--awb-flex-shrink:0;--awb-flex-grow-medium:0;--awb-flex-shrink-medium:0;--awb-flex-grow-small:0;--awb-flex-shrink-small:0;\" data-animationType=\"fadeIn\" data-animationDuration=\"1.3\" data-animationOffset=\"top-into-view\"><div class=\"fusion-column-wrapper fusion-column-has-shadow fusion-flex-justify-content-flex-start fusion-content-layout-column\"><div class=\"fusion-image-element \" style=\"--awb-aspect-ratio:16 \/ 9;--awb-margin-bottom:10px;--awb-caption-title-font-family:var(--h2_typography-font-family);--awb-caption-title-font-weight:var(--h2_typography-font-weight);--awb-caption-title-font-style:var(--h2_typography-font-style);--awb-caption-title-size:var(--h2_typography-font-size);--awb-caption-title-transform:var(--h2_typography-text-transform);--awb-caption-title-line-height:var(--h2_typography-line-height);--awb-caption-title-letter-spacing:var(--h2_typography-letter-spacing);\"><span class=\" fusion-imageframe imageframe-none imageframe-180 hover-type-none has-aspect-ratio\"><a class=\"fusion-no-lightbox\" href=\"https:\/\/www.choral-events.com\/es\/chorales\/vocadiva\/\" target=\"_self\" aria-label=\"Voca Diva 1\"><img decoding=\"async\" width=\"1620\" height=\"1080\" src=\"https:\/\/www.choral-events.com\/wp-content\/uploads\/2026\/03\/Voca-Diva-1.jpg\" class=\"img-responsive wp-image-51403 img-with-aspect-ratio\" data-parent-fit=\"cover\" data-parent-container=\".fusion-image-element\" alt srcset=\"https:\/\/www.choral-events.com\/wp-content\/uploads\/2026\/03\/Voca-Diva-1-200x133.jpg 200w, https:\/\/www.choral-events.com\/wp-content\/uploads\/2026\/03\/Voca-Diva-1-400x267.jpg 400w, https:\/\/www.choral-events.com\/wp-content\/uploads\/2026\/03\/Voca-Diva-1-600x400.jpg 600w, https:\/\/www.choral-events.com\/wp-content\/uploads\/2026\/03\/Voca-Diva-1-800x533.jpg 800w, https:\/\/www.choral-events.com\/wp-content\/uploads\/2026\/03\/Voca-Diva-1-1200x800.jpg 1200w, https:\/\/www.choral-events.com\/wp-content\/uploads\/2026\/03\/Voca-Diva-1.jpg 1620w\" sizes=\"(max-width: 1024px) 100vw, (max-width: 640px) 100vw, 1620px\" \/><\/a><\/span><\/div><div class=\"fusion-title title fusion-title-182 fusion-sep-none fusion-title-center fusion-title-text fusion-title-size-paragraph\" style=\"--awb-text-color:var(--awb-color7);--awb-margin-top:10px;--awb-margin-right:5px;--awb-margin-bottom:10px;--awb-margin-left:5px;--awb-margin-top-small:16px;--awb-margin-right-small:0px;--awb-margin-bottom-small:10px;--awb-margin-left-small:0px;--awb-link-color:var(--awb-color7);--awb-font-size:16px;\"><p class=\"fusion-title-heading title-heading-center title-heading-tag fusion-responsive-typography-calculated\" style=\"margin:0;font-size:1em;--fontSize:16;--minFontSize:16;line-height:1.6;\"><a href=\"https:\/\/www.choral-events.com\/es\/chorales\/vocadiva\/\" class=\"awb-custom-text-color awb-custom-text-hover-color\" target=\"_self\">Vocadiva<\/a><\/p><\/div><div class=\"fusion-separator\" style=\"align-self: center;margin-left: auto;margin-right: auto;flex-grow:10;margin-top:5px;margin-bottom:10px;width:100%;max-width:70px;\"><div class=\"fusion-separator-border sep-single sep-solid\" style=\"--awb-height:20px;--awb-amount:20px;border-color:var(--awb-color2);border-top-width:1px;\"><\/div><\/div><div class=\"fusion-text fusion-text-181\" style=\"--awb-content-alignment:center;--awb-text-transform:capitalize;--awb-text-color:var(--awb-color4);\"><p>Qu\u00e9bec<\/p>\n<\/div><\/div><\/li>\n<li class=\"fusion-layout-column fusion_builder_column fusion-builder-column-183 fusion-flex-column fusion-animated post-card fusion-grid-column fusion-post-cards-grid-column fusion-animated\" style=\"--awb-padding-bottom:5px;--awb-overflow:hidden;--awb-bg-color:var(--awb-color1);--awb-bg-color-hover:var(--awb-custom_color_2);--awb-bg-size:cover;--awb-box-shadow:0px 0px 24px hsla(var(--awb-color7-h),var(--awb-color7-s),var(--awb-color7-l),calc(var(--awb-color7-a) - 40%));;--awb-border-color:var(--awb-color4);--awb-border-color-hover:var(--awb-color7);--awb-border-top:1px;--awb-border-right:1px;--awb-border-bottom:1px;--awb-border-left:1px;--awb-border-style:solid;--awb-border-radius:6px 6px 6px 6px;--awb-flex-grow:0;--awb-flex-shrink:0;--awb-flex-grow-medium:0;--awb-flex-shrink-medium:0;--awb-flex-grow-small:0;--awb-flex-shrink-small:0;\" data-animationType=\"fadeIn\" data-animationDuration=\"1.3\" data-animationOffset=\"top-into-view\"><div class=\"fusion-column-wrapper fusion-column-has-shadow fusion-flex-justify-content-flex-start fusion-content-layout-column\"><div class=\"fusion-image-element \" style=\"--awb-aspect-ratio:16 \/ 9;--awb-margin-bottom:10px;--awb-caption-title-font-family:var(--h2_typography-font-family);--awb-caption-title-font-weight:var(--h2_typography-font-weight);--awb-caption-title-font-style:var(--h2_typography-font-style);--awb-caption-title-size:var(--h2_typography-font-size);--awb-caption-title-transform:var(--h2_typography-text-transform);--awb-caption-title-line-height:var(--h2_typography-line-height);--awb-caption-title-letter-spacing:var(--h2_typography-letter-spacing);\"><span class=\" fusion-imageframe imageframe-none imageframe-181 hover-type-none has-aspect-ratio\"><a class=\"fusion-no-lightbox\" href=\"https:\/\/www.choral-events.com\/es\/chorales\/vrije-universiteit-kamerkoor\/\" target=\"_self\" aria-label=\"vu-kamerkoor-krista-audere-2-550&#215;350\"><img decoding=\"async\" width=\"550\" height=\"350\" src=\"https:\/\/www.choral-events.com\/wp-content\/uploads\/2026\/03\/vu-kamerkoor-krista-audere-2-550x350-1.jpeg\" class=\"img-responsive wp-image-51411 img-with-aspect-ratio\" data-parent-fit=\"cover\" data-parent-container=\".fusion-image-element\" alt srcset=\"https:\/\/www.choral-events.com\/wp-content\/uploads\/2026\/03\/vu-kamerkoor-krista-audere-2-550x350-1-200x127.jpeg 200w, https:\/\/www.choral-events.com\/wp-content\/uploads\/2026\/03\/vu-kamerkoor-krista-audere-2-550x350-1-400x255.jpeg 400w, https:\/\/www.choral-events.com\/wp-content\/uploads\/2026\/03\/vu-kamerkoor-krista-audere-2-550x350-1.jpeg 550w\" sizes=\"(max-width: 1024px) 100vw, (max-width: 640px) 100vw, 550px\" \/><\/a><\/span><\/div><div class=\"fusion-title title fusion-title-183 fusion-sep-none fusion-title-center fusion-title-text fusion-title-size-paragraph\" style=\"--awb-text-color:var(--awb-color7);--awb-margin-top:10px;--awb-margin-right:5px;--awb-margin-bottom:10px;--awb-margin-left:5px;--awb-margin-top-small:16px;--awb-margin-right-small:0px;--awb-margin-bottom-small:10px;--awb-margin-left-small:0px;--awb-link-color:var(--awb-color7);--awb-font-size:16px;\"><p class=\"fusion-title-heading title-heading-center title-heading-tag fusion-responsive-typography-calculated\" style=\"margin:0;font-size:1em;--fontSize:16;--minFontSize:16;line-height:1.6;\"><a href=\"https:\/\/www.choral-events.com\/es\/chorales\/vrije-universiteit-kamerkoor\/\" class=\"awb-custom-text-color awb-custom-text-hover-color\" target=\"_self\">Vrije Universiteit Kamerkoor<\/a><\/p><\/div><div class=\"fusion-separator\" style=\"align-self: center;margin-left: auto;margin-right: auto;flex-grow:10;margin-top:5px;margin-bottom:10px;width:100%;max-width:70px;\"><div class=\"fusion-separator-border sep-single sep-solid\" style=\"--awb-height:20px;--awb-amount:20px;border-color:var(--awb-color2);border-top-width:1px;\"><\/div><\/div><div class=\"fusion-text fusion-text-182\" style=\"--awb-content-alignment:center;--awb-text-transform:capitalize;--awb-text-color:var(--awb-color4);\"><p>Pays-Bas<\/p>\n<\/div><\/div><\/li>\n<li class=\"fusion-layout-column fusion_builder_column fusion-builder-column-184 fusion-flex-column fusion-animated post-card fusion-grid-column fusion-post-cards-grid-column fusion-animated\" style=\"--awb-padding-bottom:5px;--awb-overflow:hidden;--awb-bg-color:var(--awb-color1);--awb-bg-color-hover:var(--awb-custom_color_2);--awb-bg-size:cover;--awb-box-shadow:0px 0px 24px hsla(var(--awb-color7-h),var(--awb-color7-s),var(--awb-color7-l),calc(var(--awb-color7-a) - 40%));;--awb-border-color:var(--awb-color4);--awb-border-color-hover:var(--awb-color7);--awb-border-top:1px;--awb-border-right:1px;--awb-border-bottom:1px;--awb-border-left:1px;--awb-border-style:solid;--awb-border-radius:6px 6px 6px 6px;--awb-flex-grow:0;--awb-flex-shrink:0;--awb-flex-grow-medium:0;--awb-flex-shrink-medium:0;--awb-flex-grow-small:0;--awb-flex-shrink-small:0;\" data-animationType=\"fadeIn\" data-animationDuration=\"1.3\" data-animationOffset=\"top-into-view\"><div class=\"fusion-column-wrapper fusion-column-has-shadow fusion-flex-justify-content-flex-start fusion-content-layout-column\"><div class=\"fusion-image-element \" style=\"--awb-aspect-ratio:16 \/ 9;--awb-margin-bottom:10px;--awb-caption-title-font-family:var(--h2_typography-font-family);--awb-caption-title-font-weight:var(--h2_typography-font-weight);--awb-caption-title-font-style:var(--h2_typography-font-style);--awb-caption-title-size:var(--h2_typography-font-size);--awb-caption-title-transform:var(--h2_typography-text-transform);--awb-caption-title-line-height:var(--h2_typography-line-height);--awb-caption-title-letter-spacing:var(--h2_typography-letter-spacing);\"><span class=\" fusion-imageframe imageframe-none imageframe-182 hover-type-none has-aspect-ratio\"><a class=\"fusion-no-lightbox\" href=\"https:\/\/www.choral-events.com\/es\/chorales\/zihelsky-pevecky-smiseny-sbor\/\" target=\"_self\" aria-label=\"phoca_thumb_l__mex2452\"><img decoding=\"async\" width=\"1024\" height=\"683\" src=\"https:\/\/www.choral-events.com\/wp-content\/uploads\/2026\/03\/phoca_thumb_l__mex2452.jpg\" class=\"img-responsive wp-image-51419 img-with-aspect-ratio\" data-parent-fit=\"cover\" data-parent-container=\".fusion-image-element\" alt srcset=\"https:\/\/www.choral-events.com\/wp-content\/uploads\/2026\/03\/phoca_thumb_l__mex2452-200x133.jpg 200w, https:\/\/www.choral-events.com\/wp-content\/uploads\/2026\/03\/phoca_thumb_l__mex2452-400x267.jpg 400w, https:\/\/www.choral-events.com\/wp-content\/uploads\/2026\/03\/phoca_thumb_l__mex2452-600x400.jpg 600w, https:\/\/www.choral-events.com\/wp-content\/uploads\/2026\/03\/phoca_thumb_l__mex2452-800x534.jpg 800w, https:\/\/www.choral-events.com\/wp-content\/uploads\/2026\/03\/phoca_thumb_l__mex2452.jpg 1024w\" sizes=\"(max-width: 1024px) 100vw, (max-width: 640px) 100vw, 1024px\" \/><\/a><\/span><\/div><div class=\"fusion-title title fusion-title-184 fusion-sep-none fusion-title-center fusion-title-text fusion-title-size-paragraph\" style=\"--awb-text-color:var(--awb-color7);--awb-margin-top:10px;--awb-margin-right:5px;--awb-margin-bottom:10px;--awb-margin-left:5px;--awb-margin-top-small:16px;--awb-margin-right-small:0px;--awb-margin-bottom-small:10px;--awb-margin-left-small:0px;--awb-link-color:var(--awb-color7);--awb-font-size:16px;\"><p class=\"fusion-title-heading title-heading-center title-heading-tag fusion-responsive-typography-calculated\" style=\"margin:0;font-size:1em;--fontSize:16;--minFontSize:16;line-height:1.6;\"><a href=\"https:\/\/www.choral-events.com\/es\/chorales\/zihelsky-pevecky-smiseny-sbor\/\" class=\"awb-custom-text-color awb-custom-text-hover-color\" target=\"_self\">Zihelsky Pevecky Smiseny Sbor<\/a><\/p><\/div><div class=\"fusion-separator\" style=\"align-self: center;margin-left: auto;margin-right: auto;flex-grow:10;margin-top:5px;margin-bottom:10px;width:100%;max-width:70px;\"><div class=\"fusion-separator-border sep-single sep-solid\" style=\"--awb-height:20px;--awb-amount:20px;border-color:var(--awb-color2);border-top-width:1px;\"><\/div><\/div><div class=\"fusion-text fusion-text-183\" style=\"--awb-content-alignment:center;--awb-text-transform:capitalize;--awb-text-color:var(--awb-color4);\"><p>R\u00e9publique Tch\u00e8que<\/p>\n<\/div><\/div><\/li>\n<\/ul><\/div><\/div><\/div><\/div><\/div><div class=\"fusion-fullwidth fullwidth-box fusion-builder-row-4 fusion-flex-container has-pattern-background has-mask-background nonhundred-percent-fullwidth non-hundred-percent-height-scrolling\" style=\"--awb-border-radius-top-left:0px;--awb-border-radius-top-right:0px;--awb-border-radius-bottom-right:0px;--awb-border-radius-bottom-left:0px;--awb-flex-wrap:wrap;\" ><div class=\"fusion-builder-row fusion-row fusion-flex-align-items-flex-start fusion-flex-content-wrap\" style=\"max-width:1289.6px;margin-left: calc(-4% \/ 2 );margin-right: calc(-4% \/ 2 );\"><div class=\"fusion-layout-column fusion_builder_column fusion-builder-column-185 fusion_builder_column_1_1 1_1 fusion-flex-column\" style=\"--awb-bg-size:cover;--awb-width-large:100%;--awb-flex-grow:0;--awb-flex-shrink:0;--awb-margin-top-large:0px;--awb-spacing-right-large:1.92%;--awb-margin-bottom-large:8%;--awb-spacing-left-large:1.92%;--awb-width-medium:100%;--awb-order-medium:0;--awb-flex-grow-medium:0;--awb-flex-shrink-medium:0;--awb-spacing-right-medium:1.92%;--awb-spacing-left-medium:1.92%;--awb-width-small:100%;--awb-order-small:0;--awb-flex-grow-small:0;--awb-flex-shrink-small:0;--awb-spacing-right-small:1.92%;--awb-spacing-left-small:1.92%;\"><div class=\"fusion-column-wrapper fusion-column-has-shadow fusion-flex-justify-content-flex-start fusion-content-layout-column\"><script>jQuery(window).on('load', function() {   \n    setTimeout(function() {        \n       var firstVisibleTab = jQuery('li.fusion-filter:not(.fusion-hidden) a:not([data-filter=\"*\"])').first();\n        \n        if(firstVisibleTab.length > 0) {\n            firstVisibleTab.click();\n        }\n        \n    }, 2000);\n});\n<\/script><\/div><\/div><\/div><\/div><\/p>\n","protected":false},"excerpt":{"rendered":"","protected":false},"author":4,"featured_media":0,"parent":0,"menu_order":0,"comment_status":"closed","ping_status":"closed","template":"100-width.php","meta":{"_acf_changed":false,"content-type":"","footnotes":""},"class_list":["post-50835","page","type-page","status-publish","hentry"],"acf":[],"yoast_head":"<!-- This site is optimized with the Yoast SEO plugin v27.5 - https:\/\/yoast.com\/product\/yoast-seo-wordpress\/ -->\n<title>Archivos Coros 2025 (Test) | Choral Events<\/title>\n<meta name=\"robots\" content=\"index, follow, max-snippet:-1, max-image-preview:large, max-video-preview:-1\" \/>\n<link rel=\"canonical\" href=\"https:\/\/www.choral-events.com\/es\/archives-chorales-2025-test\/\" \/>\n<meta property=\"og:locale\" content=\"es_ES\" \/>\n<meta property=\"og:type\" content=\"article\" \/>\n<meta property=\"og:title\" content=\"Archivos Coros 2025 (Test) | Choral Events\" \/>\n<meta property=\"og:url\" content=\"https:\/\/www.choral-events.com\/es\/archives-chorales-2025-test\/\" \/>\n<meta property=\"og:site_name\" content=\"Choral Events\" \/>\n<meta property=\"article:publisher\" content=\"https:\/\/www.facebook.com\/festival.concours.chorales\" \/>\n<meta property=\"article:modified_time\" content=\"2026-03-06T08:26:37+00:00\" \/>\n<meta property=\"og:image\" content=\"https:\/\/www.choral-events.com\/wp-content\/uploads\/2026\/03\/Choral-Events-Yoast.jpg\" \/>\n\t<meta property=\"og:image:width\" content=\"1200\" \/>\n\t<meta property=\"og:image:height\" content=\"675\" \/>\n\t<meta property=\"og:image:type\" content=\"image\/jpeg\" \/>\n<meta name=\"twitter:card\" content=\"summary_large_image\" \/>\n<script type=\"application\/ld+json\" class=\"yoast-schema-graph\">{\"@context\":\"https:\\\/\\\/schema.org\",\"@graph\":[{\"@type\":\"WebPage\",\"@id\":\"https:\\\/\\\/www.choral-events.com\\\/es\\\/archives-chorales-2025-test\\\/\",\"url\":\"https:\\\/\\\/www.choral-events.com\\\/es\\\/archives-chorales-2025-test\\\/\",\"name\":\"Archivos Coros 2025 (Test) | Choral Events\",\"isPartOf\":{\"@id\":\"https:\\\/\\\/www.choral-events.com\\\/es\\\/#website\"},\"datePublished\":\"2026-03-06T07:39:20+00:00\",\"dateModified\":\"2026-03-06T08:26:37+00:00\",\"breadcrumb\":{\"@id\":\"https:\\\/\\\/www.choral-events.com\\\/es\\\/archives-chorales-2025-test\\\/#breadcrumb\"},\"inLanguage\":\"es\",\"potentialAction\":[{\"@type\":\"ReadAction\",\"target\":[\"https:\\\/\\\/www.choral-events.com\\\/es\\\/archives-chorales-2025-test\\\/\"]}]},{\"@type\":\"BreadcrumbList\",\"@id\":\"https:\\\/\\\/www.choral-events.com\\\/es\\\/archives-chorales-2025-test\\\/#breadcrumb\",\"itemListElement\":[{\"@type\":\"ListItem\",\"position\":1,\"name\":\"Accueil\",\"item\":\"https:\\\/\\\/www.choral-events.com\\\/es\\\/inicio\\\/\"},{\"@type\":\"ListItem\",\"position\":2,\"name\":\"Archivos Coros 2025 (Test)\"}]},{\"@type\":\"WebSite\",\"@id\":\"https:\\\/\\\/www.choral-events.com\\\/es\\\/#website\",\"url\":\"https:\\\/\\\/www.choral-events.com\\\/es\\\/\",\"name\":\"Choral Events\",\"description\":\"Cr\u00e9ateur d&#039;\u00e9motions musicales\",\"publisher\":{\"@id\":\"https:\\\/\\\/www.choral-events.com\\\/es\\\/#organization\"},\"potentialAction\":[{\"@type\":\"SearchAction\",\"target\":{\"@type\":\"EntryPoint\",\"urlTemplate\":\"https:\\\/\\\/www.choral-events.com\\\/es\\\/?s={search_term_string}\"},\"query-input\":{\"@type\":\"PropertyValueSpecification\",\"valueRequired\":true,\"valueName\":\"search_term_string\"}}],\"inLanguage\":\"es\"},{\"@type\":\"Organization\",\"@id\":\"https:\\\/\\\/www.choral-events.com\\\/es\\\/#organization\",\"name\":\"Choral Events\",\"url\":\"https:\\\/\\\/www.choral-events.com\\\/es\\\/\",\"logo\":{\"@type\":\"ImageObject\",\"inLanguage\":\"es\",\"@id\":\"https:\\\/\\\/www.choral-events.com\\\/es\\\/#\\\/schema\\\/logo\\\/image\\\/\",\"url\":\"https:\\\/\\\/www.choral-events.com\\\/wp-content\\\/uploads\\\/2025\\\/11\\\/logo-choral-events-fond-blanc.png\",\"contentUrl\":\"https:\\\/\\\/www.choral-events.com\\\/wp-content\\\/uploads\\\/2025\\\/11\\\/logo-choral-events-fond-blanc.png\",\"width\":1361,\"height\":399,\"caption\":\"Choral Events\"},\"image\":{\"@id\":\"https:\\\/\\\/www.choral-events.com\\\/es\\\/#\\\/schema\\\/logo\\\/image\\\/\"},\"sameAs\":[\"https:\\\/\\\/www.facebook.com\\\/festival.concours.chorales\",\"https:\\\/\\\/www.instagram.com\\\/choralevents\\\/\",\"https:\\\/\\\/www.youtube.com\\\/channel\\\/UCFeTEnm9LTKGSQrfHyLRksw\"]}]}<\/script>\n<!-- \/ Yoast SEO plugin. -->","yoast_head_json":{"title":"Archivos Coros 2025 (Test) | Choral Events","robots":{"index":"index","follow":"follow","max-snippet":"max-snippet:-1","max-image-preview":"max-image-preview:large","max-video-preview":"max-video-preview:-1"},"canonical":"https:\/\/www.choral-events.com\/es\/archives-chorales-2025-test\/","og_locale":"es_ES","og_type":"article","og_title":"Archivos Coros 2025 (Test) | Choral Events","og_url":"https:\/\/www.choral-events.com\/es\/archives-chorales-2025-test\/","og_site_name":"Choral Events","article_publisher":"https:\/\/www.facebook.com\/festival.concours.chorales","article_modified_time":"2026-03-06T08:26:37+00:00","og_image":[{"width":1200,"height":675,"url":"https:\/\/www.choral-events.com\/wp-content\/uploads\/2026\/03\/Choral-Events-Yoast.jpg","type":"image\/jpeg"}],"twitter_card":"summary_large_image","schema":{"@context":"https:\/\/schema.org","@graph":[{"@type":"WebPage","@id":"https:\/\/www.choral-events.com\/es\/archives-chorales-2025-test\/","url":"https:\/\/www.choral-events.com\/es\/archives-chorales-2025-test\/","name":"Archivos Coros 2025 (Test) | Choral Events","isPartOf":{"@id":"https:\/\/www.choral-events.com\/es\/#website"},"datePublished":"2026-03-06T07:39:20+00:00","dateModified":"2026-03-06T08:26:37+00:00","breadcrumb":{"@id":"https:\/\/www.choral-events.com\/es\/archives-chorales-2025-test\/#breadcrumb"},"inLanguage":"es","potentialAction":[{"@type":"ReadAction","target":["https:\/\/www.choral-events.com\/es\/archives-chorales-2025-test\/"]}]},{"@type":"BreadcrumbList","@id":"https:\/\/www.choral-events.com\/es\/archives-chorales-2025-test\/#breadcrumb","itemListElement":[{"@type":"ListItem","position":1,"name":"Accueil","item":"https:\/\/www.choral-events.com\/es\/inicio\/"},{"@type":"ListItem","position":2,"name":"Archivos Coros 2025 (Test)"}]},{"@type":"WebSite","@id":"https:\/\/www.choral-events.com\/es\/#website","url":"https:\/\/www.choral-events.com\/es\/","name":"Choral Events","description":"Cr\u00e9ateur d&#039;\u00e9motions musicales","publisher":{"@id":"https:\/\/www.choral-events.com\/es\/#organization"},"potentialAction":[{"@type":"SearchAction","target":{"@type":"EntryPoint","urlTemplate":"https:\/\/www.choral-events.com\/es\/?s={search_term_string}"},"query-input":{"@type":"PropertyValueSpecification","valueRequired":true,"valueName":"search_term_string"}}],"inLanguage":"es"},{"@type":"Organization","@id":"https:\/\/www.choral-events.com\/es\/#organization","name":"Choral Events","url":"https:\/\/www.choral-events.com\/es\/","logo":{"@type":"ImageObject","inLanguage":"es","@id":"https:\/\/www.choral-events.com\/es\/#\/schema\/logo\/image\/","url":"https:\/\/www.choral-events.com\/wp-content\/uploads\/2025\/11\/logo-choral-events-fond-blanc.png","contentUrl":"https:\/\/www.choral-events.com\/wp-content\/uploads\/2025\/11\/logo-choral-events-fond-blanc.png","width":1361,"height":399,"caption":"Choral Events"},"image":{"@id":"https:\/\/www.choral-events.com\/es\/#\/schema\/logo\/image\/"},"sameAs":["https:\/\/www.facebook.com\/festival.concours.chorales","https:\/\/www.instagram.com\/choralevents\/","https:\/\/www.youtube.com\/channel\/UCFeTEnm9LTKGSQrfHyLRksw"]}]}},"_links":{"self":[{"href":"https:\/\/www.choral-events.com\/es\/wp-json\/wp\/v2\/pages\/50835","targetHints":{"allow":["GET"]}}],"collection":[{"href":"https:\/\/www.choral-events.com\/es\/wp-json\/wp\/v2\/pages"}],"about":[{"href":"https:\/\/www.choral-events.com\/es\/wp-json\/wp\/v2\/types\/page"}],"author":[{"embeddable":true,"href":"https:\/\/www.choral-events.com\/es\/wp-json\/wp\/v2\/users\/4"}],"replies":[{"embeddable":true,"href":"https:\/\/www.choral-events.com\/es\/wp-json\/wp\/v2\/comments?post=50835"}],"version-history":[{"count":9,"href":"https:\/\/www.choral-events.com\/es\/wp-json\/wp\/v2\/pages\/50835\/revisions"}],"predecessor-version":[{"id":50862,"href":"https:\/\/www.choral-events.com\/es\/wp-json\/wp\/v2\/pages\/50835\/revisions\/50862"}],"wp:attachment":[{"href":"https:\/\/www.choral-events.com\/es\/wp-json\/wp\/v2\/media?parent=50835"}],"curies":[{"name":"wp","href":"https:\/\/api.w.org\/{rel}","templated":true}]}}