{"id":51018,"date":"2026-03-06T11:40:04","date_gmt":"2026-03-06T10:40:04","guid":{"rendered":"https:\/\/www.choral-events.com\/?page_id=51018"},"modified":"2026-03-13T18:21:08","modified_gmt":"2026-03-13T17:21:08","slug":"choirs-archives-2025-test","status":"publish","type":"page","link":"https:\/\/www.choral-events.com\/en\/choirs-archives-2025-test\/","title":{"rendered":"Archives Choirs TEST"},"content":{"rendered":"<p><div class=\"fusion-fullwidth fullwidth-box fusion-builder-row-1 fusion-flex-container has-pattern-background has-mask-background nonhundred-percent-fullwidth non-hundred-percent-height-scrolling\" style=\"--awb-border-radius-top-left:0px;--awb-border-radius-top-right:0px;--awb-border-radius-bottom-right:0px;--awb-border-radius-bottom-left:0px;--awb-padding-top:0%;--awb-padding-bottom:0%;--awb-flex-wrap:wrap;\" ><div class=\"fusion-builder-row fusion-row fusion-flex-align-items-flex-start fusion-flex-content-wrap\" style=\"max-width:1289.6px;margin-left: calc(-4% \/ 2 );margin-right: calc(-4% \/ 2 );\"><div class=\"fusion-layout-column fusion_builder_column fusion-builder-column-0 fusion_builder_column_1_1 1_1 fusion-flex-column fusion-flex-align-self-flex-start fusion-column-no-min-height fusion-animated\" style=\"--awb-padding-top:40px;--awb-padding-right:40px;--awb-padding-bottom:40px;--awb-padding-left:40px;--awb-overflow:hidden;--awb-bg-color:var(--awb-color5);--awb-bg-color-hover:var(--awb-color5);--awb-bg-size:cover;--awb-border-radius:8px 8px 8px 8px;--awb-width-large:100%;--awb-margin-top-large:0px;--awb-spacing-right-large:1.92%;--awb-margin-bottom-large:5%;--awb-spacing-left-large:1.92%;--awb-width-medium:100%;--awb-spacing-right-medium:1.92%;--awb-spacing-left-medium:1.92%;--awb-width-small:100%;--awb-spacing-right-small:1.92%;--awb-spacing-left-small:1.92%;\" data-animationType=\"fadeIn\" data-animationDuration=\"1.0\" data-animationOffset=\"top-into-view\"><div class=\"fusion-column-wrapper fusion-column-has-shadow fusion-flex-justify-content-flex-start fusion-content-layout-column\"><div class=\"fusion-separator fusion-no-large-visibility\" style=\"align-self: center;margin-left: auto;margin-right: auto;margin-top:5%;width:100%;max-width:70px;\"><\/div><div class=\"fusion-title title fusion-title-1 fusion-sep-none fusion-title-center fusion-title-text fusion-title-size-two fusion-animated\" style=\"--awb-margin-bottom:0px;--awb-margin-top-small:0px;--awb-margin-right-small:0px;--awb-margin-bottom-small:20px;--awb-margin-left-small:0px;--awb-font-size:40px;\" data-animationType=\"fadeInDown\" data-animationOffset=\"top-into-view\"><h2 class=\"fusion-title-heading title-heading-center fusion-responsive-typography-calculated\" style=\"margin:0;letter-spacing:var(--awb-custom_typography_1-letter-spacing);text-transform:var(--awb-custom_typography_1-text-transform);font-size:1em;--fontSize:40;line-height:var(--awb-custom_typography_1-line-height);\">International Choirs<\/h2><\/div><div class=\"fusion-title title fusion-title-2 fusion-sep-none fusion-title-center fusion-title-text fusion-title-size-three\" style=\"--awb-text-color:var(--awb-color7);--awb-margin-top-small:0px;--awb-margin-right-small:0px;--awb-margin-bottom-small:20px;--awb-margin-left-small:0px;--awb-font-size:30px;\"><h3 class=\"fusion-title-heading title-heading-center fusion-responsive-typography-calculated\" style=\"font-family:&quot;Cinzel&quot;;font-style:normal;font-weight:500;margin:0;text-transform:uppercase;font-size:1em;--fontSize:30;line-height:var(--awb-typography1-line-height);\">Archives Choirs TEST<\/h3><\/div><div class=\"fusion-separator\" style=\"align-self: center;margin-left: auto;margin-right: auto;width:100%;max-width:70px;\"><div class=\"fusion-separator-border sep-single sep-solid\" style=\"--awb-height:20px;--awb-amount:20px;--awb-sep-color:var(--awb-color4);border-color:var(--awb-color4);border-top-width:1px;\"><\/div><\/div><div class=\"fusion-text fusion-text-1 fusion-animated\" style=\"--awb-content-alignment:center;--awb-font-size:18px;--awb-text-color:var(--awb-color8);--awb-margin-top:20px;\" data-animationType=\"fadeIn\" data-animationDuration=\"0.3\" data-animationOffset=\"top-into-view\"><p>They have participated in international choral festivals in France and abroad with Choral Events.<br \/>\nWould you also like to participate in a festival? Discover our interactive calendars:<\/p>\n<\/div><div class=\"fusion-builder-row fusion-builder-row-inner fusion-row fusion-flex-align-items-flex-start fusion-flex-content-wrap\" style=\"--awb-min-height:no;--awb-min-height-medium:no;--awb-min-height-small:no;--awb-flex-grow:0;--awb-flex-grow-medium:0;--awb-flex-grow-small:0;--awb-flex-shrink:0;--awb-flex-shrink-medium:0;--awb-flex-shrink-small:0;width:104% !important;max-width:104% !important;margin-left: calc(-4% \/ 2 );margin-right: calc(-4% \/ 2 );\"><div class=\"fusion-layout-column fusion_builder_column_inner fusion-builder-nested-column-0 fusion_builder_column_inner_1_2 1_2 fusion-flex-column\" style=\"--awb-bg-size:cover;--awb-width-large:50%;--awb-margin-top-large:0px;--awb-spacing-right-large:3.84%;--awb-margin-bottom-large:1%;--awb-spacing-left-large:3.84%;--awb-width-medium:100%;--awb-order-medium:0;--awb-spacing-right-medium:1.92%;--awb-spacing-left-medium:1.92%;--awb-width-small:100%;--awb-order-small:0;--awb-spacing-right-small:1.92%;--awb-spacing-left-small:1.92%;\"><div class=\"fusion-column-wrapper fusion-column-has-shadow fusion-flex-justify-content-flex-start fusion-content-layout-column\"><div style=\"text-align:center;\"><a class=\"fusion-button button-flat fusion-button-default-size button-custom fusion-button-default button-1 fusion-button-default-span \" style=\"--button_accent_color:var(--awb-color7);--button_border_color:var(--awb-color4);--button_accent_hover_color:var(--awb-color4);--button_border_hover_color:var(--awb-color4);--button_gradient_top_color:var(--awb-color1);--button_gradient_bottom_color:var(--awb-color1);--button_gradient_top_color_hover:var(--awb-color1);--button_gradient_bottom_color_hover:var(--awb-color1);\" target=\"_self\" href=\"https:\/\/programme-festival-choral2024.my.canva.site\/eng-agenda-site-2026\"><span class=\"fusion-button-text awb-button__text awb-button__text--default\">2026 Interactive Festival Calendar<\/span><i class=\"fa-download fas awb-button__icon awb-button__icon--default button-icon-right\" aria-hidden=\"true\"><\/i><\/a><\/div><\/div><\/div><div class=\"fusion-layout-column fusion_builder_column_inner fusion-builder-nested-column-1 fusion_builder_column_inner_1_2 1_2 fusion-flex-column\" style=\"--awb-bg-size:cover;--awb-width-large:50%;--awb-margin-top-large:0px;--awb-spacing-right-large:3.84%;--awb-margin-bottom-large:0%;--awb-spacing-left-large:3.84%;--awb-width-medium:100%;--awb-order-medium:0;--awb-spacing-right-medium:1.92%;--awb-spacing-left-medium:1.92%;--awb-width-small:100%;--awb-order-small:0;--awb-spacing-right-small:1.92%;--awb-spacing-left-small:1.92%;\"><div class=\"fusion-column-wrapper fusion-column-has-shadow fusion-flex-justify-content-flex-start fusion-content-layout-column\"><div style=\"text-align:center;\"><a class=\"fusion-button button-flat fusion-button-default-size button-custom fusion-button-default button-2 fusion-button-default-span \" style=\"--button_accent_color:var(--awb-color7);--button_border_color:var(--awb-color4);--button_accent_hover_color:var(--awb-color4);--button_border_hover_color:var(--awb-color4);--button_gradient_top_color:var(--awb-color1);--button_gradient_bottom_color:var(--awb-color1);--button_gradient_top_color_hover:var(--awb-color1);--button_gradient_bottom_color_hover:var(--awb-color1);\" target=\"_self\" href=\"https:\/\/programme-festival-choral2024.my.canva.site\/eng-agenda-2027\"><span class=\"fusion-button-text awb-button__text awb-button__text--default\">2027 Interactive Festival Calendar<\/span><i class=\"fa-download fas awb-button__icon awb-button__icon--default button-icon-right\" aria-hidden=\"true\"><\/i><\/a><\/div><\/div><\/div><\/div><\/div><\/div><\/div><\/div><div class=\"fusion-fullwidth fullwidth-box fusion-builder-row-2 fusion-flex-container has-pattern-background has-mask-background hundred-percent-fullwidth non-hundred-percent-height-scrolling fusion-no-small-visibility\" style=\"--awb-border-radius-top-left:0px;--awb-border-radius-top-right:0px;--awb-border-radius-bottom-right:0px;--awb-border-radius-bottom-left:0px;--awb-padding-top:0%;--awb-padding-right:6%;--awb-padding-left:6%;--awb-flex-wrap:wrap;\" ><div class=\"fusion-builder-row fusion-row fusion-flex-align-items-flex-start fusion-flex-content-wrap\" style=\"width:104% !important;max-width:104% !important;margin-left: calc(-4% \/ 2 );margin-right: calc(-4% \/ 2 );\"><div class=\"fusion-layout-column fusion_builder_column fusion-builder-column-1 fusion_builder_column_1_1 1_1 fusion-flex-column fusion-flex-align-self-stretch\" style=\"--awb-bg-size:cover;--awb-width-large:100%;--awb-margin-top-large:0px;--awb-spacing-right-large:1.92%;--awb-margin-bottom-large:8%;--awb-spacing-left-large:1.92%;--awb-width-medium:100%;--awb-order-medium:0;--awb-spacing-right-medium:1.92%;--awb-spacing-left-medium:1.92%;--awb-width-small:100%;--awb-order-small:0;--awb-spacing-right-small:1.92%;--awb-spacing-left-small:1.92%;\"><div class=\"fusion-column-wrapper fusion-column-has-shadow fusion-flex-justify-content-flex-start fusion-content-layout-column\"><div class=\"fusion-post-cards fusion-post-cards-1 fusion-grid-archive fusion-grid-columns-4\" style=\"--awb-column-spacing:61px;--awb-dots-align:center;--awb-filters-hover-color:var(--awb-color7);--awb-active-filter-border-size:3px;--awb-filters-height:36px;--awb-filters-alignment-medium:flex-start;--awb-filters-alignment-small:center;\" data-post-type-label=\"chorales\"><div><ul class=\"fusion-filters\" role=\"menu\" aria-label=\"Post Filters\"><li role=\"presentation\" class=\"fusion-filter fusion-hidden fusion-active\"><a href=\"#\" data-filter=\".2019\" role=\"menuitem\">2019<\/a><\/li><li role=\"presentation\" class=\"fusion-filter fusion-hidden\"><a href=\"#\" data-filter=\".2022\" role=\"menuitem\">2022<\/a><\/li><li role=\"presentation\" class=\"fusion-filter fusion-hidden\"><a href=\"#\" data-filter=\".2023\" role=\"menuitem\">2023<\/a><\/li><li role=\"presentation\" class=\"fusion-filter fusion-hidden\"><a href=\"#\" data-filter=\".2024\" role=\"menuitem\">2024<\/a><\/li><li role=\"presentation\" class=\"fusion-filter fusion-hidden\"><a href=\"#\" data-filter=\".2025\" role=\"menuitem\">2025<\/a><\/li><li role=\"presentation\" class=\"fusion-filter fusion-hidden\"><a href=\"#\" data-filter=\".2026\" role=\"menuitem\">2026<\/a><\/li><li role=\"presentation\" class=\"fusion-filter fusion-hidden\"><a href=\"#\" data-filter=\".argentina\" role=\"menuitem\">Argentina<\/a><\/li><li role=\"presentation\" class=\"fusion-filter fusion-hidden\"><a href=\"#\" data-filter=\".australia\" role=\"menuitem\">Australia<\/a><\/li><li role=\"presentation\" class=\"fusion-filter fusion-hidden\"><a href=\"#\" data-filter=\".belgium\" role=\"menuitem\">Belgium<\/a><\/li><li role=\"presentation\" class=\"fusion-filter fusion-hidden\"><a href=\"#\" data-filter=\".bulgaria\" role=\"menuitem\">Bulgaria<\/a><\/li><li role=\"presentation\" class=\"fusion-filter fusion-hidden\"><a href=\"#\" data-filter=\".canada\" role=\"menuitem\">Canada<\/a><\/li><li role=\"presentation\" class=\"fusion-filter fusion-hidden\"><a href=\"#\" data-filter=\".china\" role=\"menuitem\">China<\/a><\/li><li role=\"presentation\" class=\"fusion-filter fusion-hidden\"><a href=\"#\" data-filter=\".croatia\" role=\"menuitem\">Croatia<\/a><\/li><li role=\"presentation\" class=\"fusion-filter fusion-hidden\"><a href=\"#\" data-filter=\".cyprus\" role=\"menuitem\">Cyprus<\/a><\/li><li role=\"presentation\" class=\"fusion-filter fusion-hidden\"><a href=\"#\" data-filter=\".czech-republic\" role=\"menuitem\">Czech Republic<\/a><\/li><li role=\"presentation\" class=\"fusion-filter fusion-hidden\"><a href=\"#\" data-filter=\".denmark\" role=\"menuitem\">Denmark<\/a><\/li><li role=\"presentation\" class=\"fusion-filter fusion-hidden\"><a href=\"#\" data-filter=\".england\" role=\"menuitem\">England<\/a><\/li><li role=\"presentation\" class=\"fusion-filter fusion-hidden\"><a href=\"#\" data-filter=\".estonia\" role=\"menuitem\">Estonia<\/a><\/li><li role=\"presentation\" class=\"fusion-filter fusion-hidden\"><a href=\"#\" data-filter=\".faroe-islands\" role=\"menuitem\">Faroe Islands<\/a><\/li><li role=\"presentation\" class=\"fusion-filter fusion-hidden\"><a href=\"#\" data-filter=\".france\" role=\"menuitem\">France<\/a><\/li><li role=\"presentation\" class=\"fusion-filter fusion-hidden\"><a href=\"#\" data-filter=\".germany\" role=\"menuitem\">Germany<\/a><\/li><li role=\"presentation\" class=\"fusion-filter fusion-hidden\"><a href=\"#\" data-filter=\".ghana\" role=\"menuitem\">Ghana<\/a><\/li><li role=\"presentation\" class=\"fusion-filter fusion-hidden\"><a href=\"#\" data-filter=\".hungary\" role=\"menuitem\">Hungary<\/a><\/li><li role=\"presentation\" class=\"fusion-filter fusion-hidden\"><a href=\"#\" data-filter=\".indonesia\" role=\"menuitem\">Indonesia<\/a><\/li><li role=\"presentation\" class=\"fusion-filter fusion-hidden\"><a href=\"#\" data-filter=\".ireland\" role=\"menuitem\">Ireland<\/a><\/li><li role=\"presentation\" class=\"fusion-filter fusion-hidden\"><a href=\"#\" data-filter=\".israel\" role=\"menuitem\">Israel<\/a><\/li><li role=\"presentation\" class=\"fusion-filter fusion-hidden\"><a href=\"#\" data-filter=\".italy\" role=\"menuitem\">Italy<\/a><\/li><li role=\"presentation\" class=\"fusion-filter fusion-hidden\"><a href=\"#\" data-filter=\".latvia\" role=\"menuitem\">Latvia<\/a><\/li><li role=\"presentation\" class=\"fusion-filter fusion-hidden\"><a href=\"#\" data-filter=\".lithuania\" role=\"menuitem\">Lithuania<\/a><\/li><li role=\"presentation\" class=\"fusion-filter fusion-hidden\"><a href=\"#\" data-filter=\".luxembourg\" role=\"menuitem\">Luxembourg<\/a><\/li><li role=\"presentation\" class=\"fusion-filter fusion-hidden\"><a href=\"#\" data-filter=\".mexico\" role=\"menuitem\">Mexico<\/a><\/li><li role=\"presentation\" class=\"fusion-filter fusion-hidden\"><a href=\"#\" data-filter=\".netherlands\" role=\"menuitem\">Netherlands<\/a><\/li><li role=\"presentation\" class=\"fusion-filter fusion-hidden\"><a href=\"#\" data-filter=\".norway\" role=\"menuitem\">Norway<\/a><\/li><li role=\"presentation\" class=\"fusion-filter fusion-hidden\"><a href=\"#\" data-filter=\".poland\" role=\"menuitem\">Poland<\/a><\/li><li role=\"presentation\" class=\"fusion-filter fusion-hidden\"><a href=\"#\" data-filter=\".portugal\" role=\"menuitem\">Portugal<\/a><\/li><li role=\"presentation\" class=\"fusion-filter fusion-hidden\"><a href=\"#\" data-filter=\".romania\" role=\"menuitem\">Romania<\/a><\/li><li role=\"presentation\" class=\"fusion-filter fusion-hidden\"><a href=\"#\" data-filter=\".serbia\" role=\"menuitem\">Serbia<\/a><\/li><li role=\"presentation\" class=\"fusion-filter fusion-hidden\"><a href=\"#\" data-filter=\".slovakia\" role=\"menuitem\">Slovakia<\/a><\/li><li role=\"presentation\" class=\"fusion-filter fusion-hidden\"><a href=\"#\" data-filter=\".slovenia\" role=\"menuitem\">Slovenia<\/a><\/li><li role=\"presentation\" class=\"fusion-filter fusion-hidden\"><a href=\"#\" data-filter=\".south-africa\" role=\"menuitem\">South Africa<\/a><\/li><li role=\"presentation\" class=\"fusion-filter fusion-hidden\"><a href=\"#\" data-filter=\".spain\" role=\"menuitem\">Spain<\/a><\/li><li role=\"presentation\" class=\"fusion-filter fusion-hidden\"><a href=\"#\" data-filter=\".sweden\" role=\"menuitem\">Sweden<\/a><\/li><li role=\"presentation\" class=\"fusion-filter fusion-hidden\"><a href=\"#\" data-filter=\".switzerland\" role=\"menuitem\">Switzerland<\/a><\/li><li role=\"presentation\" class=\"fusion-filter fusion-hidden\"><a href=\"#\" data-filter=\".taiwan\" role=\"menuitem\">Taiwan<\/a><\/li><li role=\"presentation\" class=\"fusion-filter fusion-hidden\"><a href=\"#\" data-filter=\".ukraine\" role=\"menuitem\">Ukraine<\/a><\/li><li role=\"presentation\" class=\"fusion-filter fusion-hidden\"><a href=\"#\" data-filter=\".united-arab-emirates\" role=\"menuitem\">United Arab Emirates<\/a><\/li><li role=\"presentation\" class=\"fusion-filter fusion-hidden\"><a href=\"#\" data-filter=\".united-kingdom\" role=\"menuitem\">United Kingdom<\/a><\/li><li role=\"presentation\" class=\"fusion-filter fusion-hidden\"><a href=\"#\" data-filter=\".uruguay\" role=\"menuitem\">Uruguay<\/a><\/li><li role=\"presentation\" class=\"fusion-filter fusion-hidden\"><a href=\"#\" data-filter=\".usa\" role=\"menuitem\">USA<\/a><\/li><\/ul><\/div><ul class=\"fusion-grid fusion-grid-4 fusion-flex-align-items-stretch fusion-grid-posts-cards\"><li class=\"fusion-layout-column fusion_builder_column fusion-builder-column-2 fusion-flex-column fusion-animated post-card fusion-grid-column fusion-post-cards-grid-column 2026 spain fusion-animated\" style=\"--awb-padding-bottom:5px;--awb-overflow:hidden;--awb-bg-color:var(--awb-color1);--awb-bg-color-hover:var(--awb-custom_color_2);--awb-bg-size:cover;--awb-box-shadow:0px 0px 24px hsla(var(--awb-color7-h),var(--awb-color7-s),var(--awb-color7-l),calc(var(--awb-color7-a) - 40%));;--awb-border-color:var(--awb-color4);--awb-border-color-hover:var(--awb-color7);--awb-border-top:1px;--awb-border-right:1px;--awb-border-bottom:1px;--awb-border-left:1px;--awb-border-style:solid;--awb-border-radius:6px 6px 6px 6px;--awb-flex-grow:0;--awb-flex-shrink:0;--awb-flex-grow-medium:0;--awb-flex-shrink-medium:0;--awb-flex-grow-small:0;--awb-flex-shrink-small:0;\" data-animationType=\"fadeIn\" data-animationDuration=\"1.3\" data-animationOffset=\"top-into-view\"><div class=\"fusion-column-wrapper fusion-column-has-shadow fusion-flex-justify-content-flex-start fusion-content-layout-column\"><div class=\"fusion-image-element \" style=\"--awb-aspect-ratio:16 \/ 9;--awb-margin-bottom:10px;--awb-caption-title-font-family:var(--h2_typography-font-family);--awb-caption-title-font-weight:var(--h2_typography-font-weight);--awb-caption-title-font-style:var(--h2_typography-font-style);--awb-caption-title-size:var(--h2_typography-font-size);--awb-caption-title-transform:var(--h2_typography-text-transform);--awb-caption-title-line-height:var(--h2_typography-line-height);--awb-caption-title-letter-spacing:var(--h2_typography-letter-spacing);\"><span class=\" fusion-imageframe imageframe-none imageframe-1 hover-type-none has-aspect-ratio\"><a class=\"fusion-no-lightbox\" href=\"https:\/\/www.choral-events.com\/en\/chorales\/agrupacion-coral-la-flor\/\" target=\"_self\" aria-label=\"foto coro\"><img decoding=\"async\" width=\"1920\" height=\"1440\" src=\"https:\/\/www.choral-events.com\/wp-content\/uploads\/2026\/03\/foto-coro.jpg\" class=\"img-responsive wp-image-52063 img-with-aspect-ratio\" data-parent-fit=\"cover\" data-parent-container=\".fusion-image-element\" alt srcset=\"https:\/\/www.choral-events.com\/wp-content\/uploads\/2026\/03\/foto-coro-200x150.jpg 200w, https:\/\/www.choral-events.com\/wp-content\/uploads\/2026\/03\/foto-coro-400x300.jpg 400w, https:\/\/www.choral-events.com\/wp-content\/uploads\/2026\/03\/foto-coro-600x450.jpg 600w, https:\/\/www.choral-events.com\/wp-content\/uploads\/2026\/03\/foto-coro-800x600.jpg 800w, https:\/\/www.choral-events.com\/wp-content\/uploads\/2026\/03\/foto-coro-1200x900.jpg 1200w, https:\/\/www.choral-events.com\/wp-content\/uploads\/2026\/03\/foto-coro.jpg 1920w\" sizes=\"(max-width: 1024px) 100vw, (max-width: 640px) 100vw, 1920px\" \/><\/a><\/span><\/div><div class=\"fusion-title title fusion-title-3 fusion-sep-none fusion-title-center fusion-title-text fusion-title-size-paragraph\" style=\"--awb-text-color:var(--awb-color7);--awb-margin-top:10px;--awb-margin-right:5px;--awb-margin-bottom:10px;--awb-margin-left:5px;--awb-margin-top-small:16px;--awb-margin-right-small:0px;--awb-margin-bottom-small:10px;--awb-margin-left-small:0px;--awb-link-color:var(--awb-color7);--awb-font-size:16px;\"><p class=\"fusion-title-heading title-heading-center title-heading-tag fusion-responsive-typography-calculated\" style=\"margin:0;font-size:1em;--fontSize:16;--minFontSize:16;line-height:1.6;\"><a href=\"https:\/\/www.choral-events.com\/en\/chorales\/agrupacion-coral-la-flor\/\" class=\"awb-custom-text-color awb-custom-text-hover-color\" target=\"_self\">Agrupacion Coral La Flor<\/a><\/p><\/div><div class=\"fusion-separator\" style=\"align-self: center;margin-left: auto;margin-right: auto;flex-grow:10;margin-top:5px;margin-bottom:10px;width:100%;max-width:70px;\"><div class=\"fusion-separator-border sep-single sep-solid\" style=\"--awb-height:20px;--awb-amount:20px;border-color:var(--awb-color2);border-top-width:1px;\"><\/div><\/div><div class=\"fusion-text fusion-text-2\" style=\"--awb-content-alignment:center;--awb-text-transform:capitalize;--awb-text-color:var(--awb-color4);\"><p>Spain<\/p>\n<\/div><\/div><\/li>\n<li class=\"fusion-layout-column fusion_builder_column fusion-builder-column-3 fusion-flex-column fusion-animated post-card fusion-grid-column fusion-post-cards-grid-column 2018 bulgarie fusion-animated\" style=\"--awb-padding-bottom:5px;--awb-overflow:hidden;--awb-bg-color:var(--awb-color1);--awb-bg-color-hover:var(--awb-custom_color_2);--awb-bg-size:cover;--awb-box-shadow:0px 0px 24px hsla(var(--awb-color7-h),var(--awb-color7-s),var(--awb-color7-l),calc(var(--awb-color7-a) - 40%));;--awb-border-color:var(--awb-color4);--awb-border-color-hover:var(--awb-color7);--awb-border-top:1px;--awb-border-right:1px;--awb-border-bottom:1px;--awb-border-left:1px;--awb-border-style:solid;--awb-border-radius:6px 6px 6px 6px;--awb-flex-grow:0;--awb-flex-shrink:0;--awb-flex-grow-medium:0;--awb-flex-shrink-medium:0;--awb-flex-grow-small:0;--awb-flex-shrink-small:0;\" data-animationType=\"fadeIn\" data-animationDuration=\"1.3\" data-animationOffset=\"top-into-view\"><div class=\"fusion-column-wrapper fusion-column-has-shadow fusion-flex-justify-content-flex-start fusion-content-layout-column\"><div class=\"fusion-image-element \" style=\"--awb-aspect-ratio:16 \/ 9;--awb-margin-bottom:10px;--awb-caption-title-font-family:var(--h2_typography-font-family);--awb-caption-title-font-weight:var(--h2_typography-font-weight);--awb-caption-title-font-style:var(--h2_typography-font-style);--awb-caption-title-size:var(--h2_typography-font-size);--awb-caption-title-transform:var(--h2_typography-text-transform);--awb-caption-title-line-height:var(--h2_typography-line-height);--awb-caption-title-letter-spacing:var(--h2_typography-letter-spacing);\"><span class=\" fusion-imageframe imageframe-none imageframe-2 hover-type-none has-aspect-ratio\"><a class=\"fusion-no-lightbox\" href=\"https:\/\/www.choral-events.com\/en\/chorales\/alabrea-choir\/\" target=\"_self\" aria-label=\"Bulgarians 1\"><img decoding=\"async\" width=\"1501\" height=\"1080\" src=\"https:\/\/www.choral-events.com\/wp-content\/uploads\/2026\/03\/Bulgares-1.jpg\" class=\"img-responsive wp-image-51291 img-with-aspect-ratio\" data-parent-fit=\"cover\" data-parent-container=\".fusion-image-element\" alt srcset=\"https:\/\/www.choral-events.com\/wp-content\/uploads\/2026\/03\/Bulgares-1-200x144.jpg 200w, https:\/\/www.choral-events.com\/wp-content\/uploads\/2026\/03\/Bulgares-1-400x288.jpg 400w, https:\/\/www.choral-events.com\/wp-content\/uploads\/2026\/03\/Bulgares-1-600x432.jpg 600w, https:\/\/www.choral-events.com\/wp-content\/uploads\/2026\/03\/Bulgares-1-800x576.jpg 800w, https:\/\/www.choral-events.com\/wp-content\/uploads\/2026\/03\/Bulgares-1-1200x863.jpg 1200w, https:\/\/www.choral-events.com\/wp-content\/uploads\/2026\/03\/Bulgares-1.jpg 1501w\" sizes=\"(max-width: 1024px) 100vw, (max-width: 640px) 100vw, 1501px\" \/><\/a><\/span><\/div><div class=\"fusion-title title fusion-title-4 fusion-sep-none fusion-title-center fusion-title-text fusion-title-size-paragraph\" style=\"--awb-text-color:var(--awb-color7);--awb-margin-top:10px;--awb-margin-right:5px;--awb-margin-bottom:10px;--awb-margin-left:5px;--awb-margin-top-small:16px;--awb-margin-right-small:0px;--awb-margin-bottom-small:10px;--awb-margin-left-small:0px;--awb-link-color:var(--awb-color7);--awb-font-size:16px;\"><p class=\"fusion-title-heading title-heading-center title-heading-tag fusion-responsive-typography-calculated\" style=\"margin:0;font-size:1em;--fontSize:16;--minFontSize:16;line-height:1.6;\"><a href=\"https:\/\/www.choral-events.com\/en\/chorales\/alabrea-choir\/\" class=\"awb-custom-text-color awb-custom-text-hover-color\" target=\"_self\">Alabrea Choir<\/a><\/p><\/div><div class=\"fusion-separator\" style=\"align-self: center;margin-left: auto;margin-right: auto;flex-grow:10;margin-top:5px;margin-bottom:10px;width:100%;max-width:70px;\"><div class=\"fusion-separator-border sep-single sep-solid\" style=\"--awb-height:20px;--awb-amount:20px;border-color:var(--awb-color2);border-top-width:1px;\"><\/div><\/div><div class=\"fusion-text fusion-text-3\" style=\"--awb-content-alignment:center;--awb-text-transform:capitalize;--awb-text-color:var(--awb-color4);\"><p>Bulgarie<\/p>\n<\/div><\/div><\/li>\n<li class=\"fusion-layout-column fusion_builder_column fusion-builder-column-4 fusion-flex-column fusion-animated post-card fusion-grid-column fusion-post-cards-grid-column 2024 italy fusion-animated\" style=\"--awb-padding-bottom:5px;--awb-overflow:hidden;--awb-bg-color:var(--awb-color1);--awb-bg-color-hover:var(--awb-custom_color_2);--awb-bg-size:cover;--awb-box-shadow:0px 0px 24px hsla(var(--awb-color7-h),var(--awb-color7-s),var(--awb-color7-l),calc(var(--awb-color7-a) - 40%));;--awb-border-color:var(--awb-color4);--awb-border-color-hover:var(--awb-color7);--awb-border-top:1px;--awb-border-right:1px;--awb-border-bottom:1px;--awb-border-left:1px;--awb-border-style:solid;--awb-border-radius:6px 6px 6px 6px;--awb-flex-grow:0;--awb-flex-shrink:0;--awb-flex-grow-medium:0;--awb-flex-shrink-medium:0;--awb-flex-grow-small:0;--awb-flex-shrink-small:0;\" data-animationType=\"fadeIn\" data-animationDuration=\"1.3\" data-animationOffset=\"top-into-view\"><div class=\"fusion-column-wrapper fusion-column-has-shadow fusion-flex-justify-content-flex-start fusion-content-layout-column\"><div class=\"fusion-image-element \" style=\"--awb-aspect-ratio:16 \/ 9;--awb-margin-bottom:10px;--awb-caption-title-font-family:var(--h2_typography-font-family);--awb-caption-title-font-weight:var(--h2_typography-font-weight);--awb-caption-title-font-style:var(--h2_typography-font-style);--awb-caption-title-size:var(--h2_typography-font-size);--awb-caption-title-transform:var(--h2_typography-text-transform);--awb-caption-title-line-height:var(--h2_typography-line-height);--awb-caption-title-letter-spacing:var(--h2_typography-letter-spacing);\"><span class=\" fusion-imageframe imageframe-none imageframe-3 hover-type-none has-aspect-ratio\"><a class=\"fusion-no-lightbox\" href=\"https:\/\/www.choral-events.com\/en\/chorales\/altrenote-choir\/\" target=\"_self\" aria-label=\"Italy_Altrenote_web page photo\"><img decoding=\"async\" width=\"550\" height=\"350\" alt=\"Altrenote Choir\" src=\"https:\/\/www.choral-events.com\/wp-content\/uploads\/2024\/01\/Italie_Altrenote_photo-page-web.png\" class=\"img-responsive wp-image-49236 img-with-aspect-ratio\" data-parent-fit=\"cover\" data-parent-container=\".fusion-image-element\" srcset=\"https:\/\/www.choral-events.com\/wp-content\/uploads\/2024\/01\/Italie_Altrenote_photo-page-web-200x127.png 200w, https:\/\/www.choral-events.com\/wp-content\/uploads\/2024\/01\/Italie_Altrenote_photo-page-web-400x255.png 400w, https:\/\/www.choral-events.com\/wp-content\/uploads\/2024\/01\/Italie_Altrenote_photo-page-web.png 550w\" sizes=\"(max-width: 1024px) 100vw, (max-width: 640px) 100vw, 550px\" \/><\/a><\/span><\/div><div class=\"fusion-title title fusion-title-5 fusion-sep-none fusion-title-center fusion-title-text fusion-title-size-paragraph\" style=\"--awb-text-color:var(--awb-color7);--awb-margin-top:10px;--awb-margin-right:5px;--awb-margin-bottom:10px;--awb-margin-left:5px;--awb-margin-top-small:16px;--awb-margin-right-small:0px;--awb-margin-bottom-small:10px;--awb-margin-left-small:0px;--awb-link-color:var(--awb-color7);--awb-font-size:16px;\"><p class=\"fusion-title-heading title-heading-center title-heading-tag fusion-responsive-typography-calculated\" style=\"margin:0;font-size:1em;--fontSize:16;--minFontSize:16;line-height:1.6;\"><a href=\"https:\/\/www.choral-events.com\/en\/chorales\/altrenote-choir\/\" class=\"awb-custom-text-color awb-custom-text-hover-color\" target=\"_self\">Altrenote Choir<\/a><\/p><\/div><div class=\"fusion-separator\" style=\"align-self: center;margin-left: auto;margin-right: auto;flex-grow:10;margin-top:5px;margin-bottom:10px;width:100%;max-width:70px;\"><div class=\"fusion-separator-border sep-single sep-solid\" style=\"--awb-height:20px;--awb-amount:20px;border-color:var(--awb-color2);border-top-width:1px;\"><\/div><\/div><div class=\"fusion-text fusion-text-4\" style=\"--awb-content-alignment:center;--awb-text-transform:capitalize;--awb-text-color:var(--awb-color4);\"><p>Italy<\/p>\n<\/div><\/div><\/li>\n<li class=\"fusion-layout-column fusion_builder_column fusion-builder-column-5 fusion-flex-column fusion-animated post-card fusion-grid-column fusion-post-cards-grid-column 2024 switzerland fusion-animated\" style=\"--awb-padding-bottom:5px;--awb-overflow:hidden;--awb-bg-color:var(--awb-color1);--awb-bg-color-hover:var(--awb-custom_color_2);--awb-bg-size:cover;--awb-box-shadow:0px 0px 24px hsla(var(--awb-color7-h),var(--awb-color7-s),var(--awb-color7-l),calc(var(--awb-color7-a) - 40%));;--awb-border-color:var(--awb-color4);--awb-border-color-hover:var(--awb-color7);--awb-border-top:1px;--awb-border-right:1px;--awb-border-bottom:1px;--awb-border-left:1px;--awb-border-style:solid;--awb-border-radius:6px 6px 6px 6px;--awb-flex-grow:0;--awb-flex-shrink:0;--awb-flex-grow-medium:0;--awb-flex-shrink-medium:0;--awb-flex-grow-small:0;--awb-flex-shrink-small:0;\" data-animationType=\"fadeIn\" data-animationDuration=\"1.3\" data-animationOffset=\"top-into-view\"><div class=\"fusion-column-wrapper fusion-column-has-shadow fusion-flex-justify-content-flex-start fusion-content-layout-column\"><div class=\"fusion-image-element \" style=\"--awb-aspect-ratio:16 \/ 9;--awb-margin-bottom:10px;--awb-caption-title-font-family:var(--h2_typography-font-family);--awb-caption-title-font-weight:var(--h2_typography-font-weight);--awb-caption-title-font-style:var(--h2_typography-font-style);--awb-caption-title-size:var(--h2_typography-font-size);--awb-caption-title-transform:var(--h2_typography-text-transform);--awb-caption-title-line-height:var(--h2_typography-line-height);--awb-caption-title-letter-spacing:var(--h2_typography-letter-spacing);\"><span class=\" fusion-imageframe imageframe-none imageframe-4 hover-type-none has-aspect-ratio\"><a class=\"fusion-no-lightbox\" href=\"https:\/\/www.choral-events.com\/en\/chorales\/asparagus-melon-voices\/\" target=\"_self\" aria-label=\"Asparagus&amp;Melon Voices Choir\"><img decoding=\"async\" width=\"2560\" height=\"1707\" alt=\"Asparagus&amp;Melon Voices Choir\" src=\"https:\/\/www.choral-events.com\/wp-content\/uploads\/2024\/02\/Shooting_Chor_AM_RK_17-scaled-1.jpg\" class=\"img-responsive wp-image-49665 img-with-aspect-ratio\" data-parent-fit=\"cover\" data-parent-container=\".fusion-image-element\" srcset=\"https:\/\/www.choral-events.com\/wp-content\/uploads\/2024\/02\/Shooting_Chor_AM_RK_17-scaled-1-200x133.jpg 200w, https:\/\/www.choral-events.com\/wp-content\/uploads\/2024\/02\/Shooting_Chor_AM_RK_17-scaled-1-400x267.jpg 400w, https:\/\/www.choral-events.com\/wp-content\/uploads\/2024\/02\/Shooting_Chor_AM_RK_17-scaled-1-600x400.jpg 600w, https:\/\/www.choral-events.com\/wp-content\/uploads\/2024\/02\/Shooting_Chor_AM_RK_17-scaled-1-800x533.jpg 800w, https:\/\/www.choral-events.com\/wp-content\/uploads\/2024\/02\/Shooting_Chor_AM_RK_17-scaled-1-1200x800.jpg 1200w, https:\/\/www.choral-events.com\/wp-content\/uploads\/2024\/02\/Shooting_Chor_AM_RK_17-scaled-1.jpg 2560w\" sizes=\"(max-width: 1024px) 100vw, (max-width: 640px) 100vw, 2560px\" \/><\/a><\/span><\/div><div class=\"fusion-title title fusion-title-6 fusion-sep-none fusion-title-center fusion-title-text fusion-title-size-paragraph\" style=\"--awb-text-color:var(--awb-color7);--awb-margin-top:10px;--awb-margin-right:5px;--awb-margin-bottom:10px;--awb-margin-left:5px;--awb-margin-top-small:16px;--awb-margin-right-small:0px;--awb-margin-bottom-small:10px;--awb-margin-left-small:0px;--awb-link-color:var(--awb-color7);--awb-font-size:16px;\"><p class=\"fusion-title-heading title-heading-center title-heading-tag fusion-responsive-typography-calculated\" style=\"margin:0;font-size:1em;--fontSize:16;--minFontSize:16;line-height:1.6;\"><a href=\"https:\/\/www.choral-events.com\/en\/chorales\/asparagus-melon-voices\/\" class=\"awb-custom-text-color awb-custom-text-hover-color\" target=\"_self\">Asparagus &amp; Melon Voices<\/a><\/p><\/div><div class=\"fusion-separator\" style=\"align-self: center;margin-left: auto;margin-right: auto;flex-grow:10;margin-top:5px;margin-bottom:10px;width:100%;max-width:70px;\"><div class=\"fusion-separator-border sep-single sep-solid\" style=\"--awb-height:20px;--awb-amount:20px;border-color:var(--awb-color2);border-top-width:1px;\"><\/div><\/div><div class=\"fusion-text fusion-text-5\" style=\"--awb-content-alignment:center;--awb-text-transform:capitalize;--awb-text-color:var(--awb-color4);\"><p>Switzerland<\/p>\n<\/div><\/div><\/li>\n<li class=\"fusion-layout-column fusion_builder_column fusion-builder-column-6 fusion-flex-column fusion-animated post-card fusion-grid-column fusion-post-cards-grid-column 2024 fusion-animated\" style=\"--awb-padding-bottom:5px;--awb-overflow:hidden;--awb-bg-color:var(--awb-color1);--awb-bg-color-hover:var(--awb-custom_color_2);--awb-bg-size:cover;--awb-box-shadow:0px 0px 24px hsla(var(--awb-color7-h),var(--awb-color7-s),var(--awb-color7-l),calc(var(--awb-color7-a) - 40%));;--awb-border-color:var(--awb-color4);--awb-border-color-hover:var(--awb-color7);--awb-border-top:1px;--awb-border-right:1px;--awb-border-bottom:1px;--awb-border-left:1px;--awb-border-style:solid;--awb-border-radius:6px 6px 6px 6px;--awb-flex-grow:0;--awb-flex-shrink:0;--awb-flex-grow-medium:0;--awb-flex-shrink-medium:0;--awb-flex-grow-small:0;--awb-flex-shrink-small:0;\" data-animationType=\"fadeIn\" data-animationDuration=\"1.3\" data-animationOffset=\"top-into-view\"><div class=\"fusion-column-wrapper fusion-column-has-shadow fusion-flex-justify-content-flex-start fusion-content-layout-column\"><div class=\"fusion-image-element \" style=\"--awb-aspect-ratio:16 \/ 9;--awb-margin-bottom:10px;--awb-caption-title-font-family:var(--h2_typography-font-family);--awb-caption-title-font-weight:var(--h2_typography-font-weight);--awb-caption-title-font-style:var(--h2_typography-font-style);--awb-caption-title-size:var(--h2_typography-font-size);--awb-caption-title-transform:var(--h2_typography-text-transform);--awb-caption-title-line-height:var(--h2_typography-line-height);--awb-caption-title-letter-spacing:var(--h2_typography-letter-spacing);\"><span class=\" fusion-imageframe imageframe-none imageframe-5 hover-type-none has-aspect-ratio\"><a class=\"fusion-no-lightbox\" href=\"https:\/\/www.choral-events.com\/en\/chorales\/asparagus-melon-voices-2\/\" target=\"_self\" aria-label=\"Maitrise-6\"><img decoding=\"async\" width=\"550\" height=\"350\" src=\"https:\/\/www.choral-events.com\/wp-content\/uploads\/2026\/03\/Maitrise-6.jpg\" class=\"img-responsive wp-image-51882 img-with-aspect-ratio\" data-parent-fit=\"cover\" data-parent-container=\".fusion-image-element\" alt srcset=\"https:\/\/www.choral-events.com\/wp-content\/uploads\/2026\/03\/Maitrise-6-200x127.jpg 200w, https:\/\/www.choral-events.com\/wp-content\/uploads\/2026\/03\/Maitrise-6-400x255.jpg 400w, https:\/\/www.choral-events.com\/wp-content\/uploads\/2026\/03\/Maitrise-6.jpg 550w\" sizes=\"(max-width: 1024px) 100vw, (max-width: 640px) 100vw, 550px\" \/><\/a><\/span><\/div><div class=\"fusion-title title fusion-title-7 fusion-sep-none fusion-title-center fusion-title-text fusion-title-size-paragraph\" style=\"--awb-text-color:var(--awb-color7);--awb-margin-top:10px;--awb-margin-right:5px;--awb-margin-bottom:10px;--awb-margin-left:5px;--awb-margin-top-small:16px;--awb-margin-right-small:0px;--awb-margin-bottom-small:10px;--awb-margin-left-small:0px;--awb-link-color:var(--awb-color7);--awb-font-size:16px;\"><p class=\"fusion-title-heading title-heading-center title-heading-tag fusion-responsive-typography-calculated\" style=\"margin:0;font-size:1em;--fontSize:16;--minFontSize:16;line-height:1.6;\"><a href=\"https:\/\/www.choral-events.com\/en\/chorales\/asparagus-melon-voices-2\/\" class=\"awb-custom-text-color awb-custom-text-hover-color\" target=\"_self\">Asparagus &amp; Melon Voices<\/a><\/p><\/div><div class=\"fusion-separator\" style=\"align-self: center;margin-left: auto;margin-right: auto;flex-grow:10;margin-top:5px;margin-bottom:10px;width:100%;max-width:70px;\"><div class=\"fusion-separator-border sep-single sep-solid\" style=\"--awb-height:20px;--awb-amount:20px;border-color:var(--awb-color2);border-top-width:1px;\"><\/div><\/div><div class=\"fusion-text fusion-text-6\" style=\"--awb-content-alignment:center;--awb-text-transform:capitalize;--awb-text-color:var(--awb-color4);\"><p>Switzerland<\/p>\n<\/div><\/div><\/li>\n<li class=\"fusion-layout-column fusion_builder_column fusion-builder-column-7 fusion-flex-column fusion-animated post-card fusion-grid-column fusion-post-cards-grid-column 2022 norway fusion-animated\" style=\"--awb-padding-bottom:5px;--awb-overflow:hidden;--awb-bg-color:var(--awb-color1);--awb-bg-color-hover:var(--awb-custom_color_2);--awb-bg-size:cover;--awb-box-shadow:0px 0px 24px hsla(var(--awb-color7-h),var(--awb-color7-s),var(--awb-color7-l),calc(var(--awb-color7-a) - 40%));;--awb-border-color:var(--awb-color4);--awb-border-color-hover:var(--awb-color7);--awb-border-top:1px;--awb-border-right:1px;--awb-border-bottom:1px;--awb-border-left:1px;--awb-border-style:solid;--awb-border-radius:6px 6px 6px 6px;--awb-flex-grow:0;--awb-flex-shrink:0;--awb-flex-grow-medium:0;--awb-flex-shrink-medium:0;--awb-flex-grow-small:0;--awb-flex-shrink-small:0;\" data-animationType=\"fadeIn\" data-animationDuration=\"1.3\" data-animationOffset=\"top-into-view\"><div class=\"fusion-column-wrapper fusion-column-has-shadow fusion-flex-justify-content-flex-start fusion-content-layout-column\"><div class=\"fusion-image-element \" style=\"--awb-aspect-ratio:16 \/ 9;--awb-margin-bottom:10px;--awb-caption-title-font-family:var(--h2_typography-font-family);--awb-caption-title-font-weight:var(--h2_typography-font-weight);--awb-caption-title-font-style:var(--h2_typography-font-style);--awb-caption-title-size:var(--h2_typography-font-size);--awb-caption-title-transform:var(--h2_typography-text-transform);--awb-caption-title-line-height:var(--h2_typography-line-height);--awb-caption-title-letter-spacing:var(--h2_typography-letter-spacing);\"><span class=\" fusion-imageframe imageframe-none imageframe-6 hover-type-none has-aspect-ratio\"><a class=\"fusion-no-lightbox\" href=\"https:\/\/www.choral-events.com\/en\/chorales\/baerum-girls-choir\/\" target=\"_self\"><img decoding=\"async\" src=\"https:\/\/www.choral-events.eskale.fr\/wp-content\/uploads\/2026\/02\/Chorales-2022.jpg\" class=\"img-responsive img-with-aspect-ratio\" data-parent-fit=\"cover\" data-parent-container=\".fusion-image-element\" alt \/><\/a><\/span><\/div><div class=\"fusion-title title fusion-title-8 fusion-sep-none fusion-title-center fusion-title-text fusion-title-size-paragraph\" style=\"--awb-text-color:var(--awb-color7);--awb-margin-top:10px;--awb-margin-right:5px;--awb-margin-bottom:10px;--awb-margin-left:5px;--awb-margin-top-small:16px;--awb-margin-right-small:0px;--awb-margin-bottom-small:10px;--awb-margin-left-small:0px;--awb-link-color:var(--awb-color7);--awb-font-size:16px;\"><p class=\"fusion-title-heading title-heading-center title-heading-tag fusion-responsive-typography-calculated\" style=\"margin:0;font-size:1em;--fontSize:16;--minFontSize:16;line-height:1.6;\"><a href=\"https:\/\/www.choral-events.com\/en\/chorales\/baerum-girls-choir\/\" class=\"awb-custom-text-color awb-custom-text-hover-color\" target=\"_self\">B\u00e6rum Girls\u2019 Choir<\/a><\/p><\/div><div class=\"fusion-separator\" style=\"align-self: center;margin-left: auto;margin-right: auto;flex-grow:10;margin-top:5px;margin-bottom:10px;width:100%;max-width:70px;\"><div class=\"fusion-separator-border sep-single sep-solid\" style=\"--awb-height:20px;--awb-amount:20px;border-color:var(--awb-color2);border-top-width:1px;\"><\/div><\/div><div class=\"fusion-text fusion-text-7\" style=\"--awb-content-alignment:center;--awb-text-transform:capitalize;--awb-text-color:var(--awb-color4);\"><p>Norway<\/p>\n<\/div><\/div><\/li>\n<li class=\"fusion-layout-column fusion_builder_column fusion-builder-column-8 fusion-flex-column fusion-animated post-card fusion-grid-column fusion-post-cards-grid-column 2018 bielorussie fusion-animated\" style=\"--awb-padding-bottom:5px;--awb-overflow:hidden;--awb-bg-color:var(--awb-color1);--awb-bg-color-hover:var(--awb-custom_color_2);--awb-bg-size:cover;--awb-box-shadow:0px 0px 24px hsla(var(--awb-color7-h),var(--awb-color7-s),var(--awb-color7-l),calc(var(--awb-color7-a) - 40%));;--awb-border-color:var(--awb-color4);--awb-border-color-hover:var(--awb-color7);--awb-border-top:1px;--awb-border-right:1px;--awb-border-bottom:1px;--awb-border-left:1px;--awb-border-style:solid;--awb-border-radius:6px 6px 6px 6px;--awb-flex-grow:0;--awb-flex-shrink:0;--awb-flex-grow-medium:0;--awb-flex-shrink-medium:0;--awb-flex-grow-small:0;--awb-flex-shrink-small:0;\" data-animationType=\"fadeIn\" data-animationDuration=\"1.3\" data-animationOffset=\"top-into-view\"><div class=\"fusion-column-wrapper fusion-column-has-shadow fusion-flex-justify-content-flex-start fusion-content-layout-column\"><div class=\"fusion-image-element \" style=\"--awb-aspect-ratio:16 \/ 9;--awb-margin-bottom:10px;--awb-caption-title-font-family:var(--h2_typography-font-family);--awb-caption-title-font-weight:var(--h2_typography-font-weight);--awb-caption-title-font-style:var(--h2_typography-font-style);--awb-caption-title-size:var(--h2_typography-font-size);--awb-caption-title-transform:var(--h2_typography-text-transform);--awb-caption-title-line-height:var(--h2_typography-line-height);--awb-caption-title-letter-spacing:var(--h2_typography-letter-spacing);\"><span class=\" fusion-imageframe imageframe-none imageframe-7 hover-type-none has-aspect-ratio\"><a class=\"fusion-no-lightbox\" href=\"https:\/\/www.choral-events.com\/en\/chorales\/belaya-vezha\/\" target=\"_self\" aria-label=\"belayavezha_3\"><img decoding=\"async\" width=\"1300\" height=\"841\" src=\"https:\/\/www.choral-events.com\/wp-content\/uploads\/2026\/03\/belayavezha_3.jpg\" class=\"img-responsive wp-image-51299 img-with-aspect-ratio\" data-parent-fit=\"cover\" data-parent-container=\".fusion-image-element\" alt srcset=\"https:\/\/www.choral-events.com\/wp-content\/uploads\/2026\/03\/belayavezha_3-200x129.jpg 200w, https:\/\/www.choral-events.com\/wp-content\/uploads\/2026\/03\/belayavezha_3-400x259.jpg 400w, https:\/\/www.choral-events.com\/wp-content\/uploads\/2026\/03\/belayavezha_3-600x388.jpg 600w, https:\/\/www.choral-events.com\/wp-content\/uploads\/2026\/03\/belayavezha_3-800x518.jpg 800w, https:\/\/www.choral-events.com\/wp-content\/uploads\/2026\/03\/belayavezha_3-1200x776.jpg 1200w, https:\/\/www.choral-events.com\/wp-content\/uploads\/2026\/03\/belayavezha_3.jpg 1300w\" sizes=\"(max-width: 1024px) 100vw, (max-width: 640px) 100vw, 1300px\" \/><\/a><\/span><\/div><div class=\"fusion-title title fusion-title-9 fusion-sep-none fusion-title-center fusion-title-text fusion-title-size-paragraph\" style=\"--awb-text-color:var(--awb-color7);--awb-margin-top:10px;--awb-margin-right:5px;--awb-margin-bottom:10px;--awb-margin-left:5px;--awb-margin-top-small:16px;--awb-margin-right-small:0px;--awb-margin-bottom-small:10px;--awb-margin-left-small:0px;--awb-link-color:var(--awb-color7);--awb-font-size:16px;\"><p class=\"fusion-title-heading title-heading-center title-heading-tag fusion-responsive-typography-calculated\" style=\"margin:0;font-size:1em;--fontSize:16;--minFontSize:16;line-height:1.6;\"><a href=\"https:\/\/www.choral-events.com\/en\/chorales\/belaya-vezha\/\" class=\"awb-custom-text-color awb-custom-text-hover-color\" target=\"_self\">Belaya Vezha<\/a><\/p><\/div><div class=\"fusion-separator\" style=\"align-self: center;margin-left: auto;margin-right: auto;flex-grow:10;margin-top:5px;margin-bottom:10px;width:100%;max-width:70px;\"><div class=\"fusion-separator-border sep-single sep-solid\" style=\"--awb-height:20px;--awb-amount:20px;border-color:var(--awb-color2);border-top-width:1px;\"><\/div><\/div><div class=\"fusion-text fusion-text-8\" style=\"--awb-content-alignment:center;--awb-text-transform:capitalize;--awb-text-color:var(--awb-color4);\"><p>Bi\u00e9lorussie<\/p>\n<\/div><\/div><\/li>\n<li class=\"fusion-layout-column fusion_builder_column fusion-builder-column-9 fusion-flex-column fusion-animated post-card fusion-grid-column fusion-post-cards-grid-column 2025 canada fusion-animated\" style=\"--awb-padding-bottom:5px;--awb-overflow:hidden;--awb-bg-color:var(--awb-color1);--awb-bg-color-hover:var(--awb-custom_color_2);--awb-bg-size:cover;--awb-box-shadow:0px 0px 24px hsla(var(--awb-color7-h),var(--awb-color7-s),var(--awb-color7-l),calc(var(--awb-color7-a) - 40%));;--awb-border-color:var(--awb-color4);--awb-border-color-hover:var(--awb-color7);--awb-border-top:1px;--awb-border-right:1px;--awb-border-bottom:1px;--awb-border-left:1px;--awb-border-style:solid;--awb-border-radius:6px 6px 6px 6px;--awb-flex-grow:0;--awb-flex-shrink:0;--awb-flex-grow-medium:0;--awb-flex-shrink-medium:0;--awb-flex-grow-small:0;--awb-flex-shrink-small:0;\" data-animationType=\"fadeIn\" data-animationDuration=\"1.3\" data-animationOffset=\"top-into-view\"><div class=\"fusion-column-wrapper fusion-column-has-shadow fusion-flex-justify-content-flex-start fusion-content-layout-column\"><div class=\"fusion-image-element \" style=\"--awb-aspect-ratio:16 \/ 9;--awb-margin-bottom:10px;--awb-caption-title-font-family:var(--h2_typography-font-family);--awb-caption-title-font-weight:var(--h2_typography-font-weight);--awb-caption-title-font-style:var(--h2_typography-font-style);--awb-caption-title-size:var(--h2_typography-font-size);--awb-caption-title-transform:var(--h2_typography-text-transform);--awb-caption-title-line-height:var(--h2_typography-line-height);--awb-caption-title-letter-spacing:var(--h2_typography-letter-spacing);\"><span class=\" fusion-imageframe imageframe-none imageframe-8 hover-type-none has-aspect-ratio\"><a class=\"fusion-no-lightbox\" href=\"https:\/\/www.choral-events.com\/en\/chorales\/belle-canto-womens-choir\/\" target=\"_self\" aria-label=\"Intercultural Christmas Greetings.\"><img decoding=\"async\" width=\"2100\" height=\"1400\" alt=\"Intercultural group greetings for Christmas.\" src=\"https:\/\/www.choral-events.com\/wp-content\/uploads\/2025\/01\/BelleCanto_med-1030.jpg\" class=\"img-responsive wp-image-49336 img-with-aspect-ratio\" data-parent-fit=\"cover\" data-parent-container=\".fusion-image-element\" srcset=\"https:\/\/www.choral-events.com\/wp-content\/uploads\/2025\/01\/BelleCanto_med-1030-200x133.jpg 200w, https:\/\/www.choral-events.com\/wp-content\/uploads\/2025\/01\/BelleCanto_med-1030-400x267.jpg 400w, https:\/\/www.choral-events.com\/wp-content\/uploads\/2025\/01\/BelleCanto_med-1030-600x400.jpg 600w, https:\/\/www.choral-events.com\/wp-content\/uploads\/2025\/01\/BelleCanto_med-1030-800x533.jpg 800w, https:\/\/www.choral-events.com\/wp-content\/uploads\/2025\/01\/BelleCanto_med-1030-1200x800.jpg 1200w, https:\/\/www.choral-events.com\/wp-content\/uploads\/2025\/01\/BelleCanto_med-1030.jpg 2100w\" sizes=\"(max-width: 1024px) 100vw, (max-width: 640px) 100vw, 2100px\" \/><\/a><\/span><\/div><div class=\"fusion-title title fusion-title-10 fusion-sep-none fusion-title-center fusion-title-text fusion-title-size-paragraph\" style=\"--awb-text-color:var(--awb-color7);--awb-margin-top:10px;--awb-margin-right:5px;--awb-margin-bottom:10px;--awb-margin-left:5px;--awb-margin-top-small:16px;--awb-margin-right-small:0px;--awb-margin-bottom-small:10px;--awb-margin-left-small:0px;--awb-link-color:var(--awb-color7);--awb-font-size:16px;\"><p class=\"fusion-title-heading title-heading-center title-heading-tag fusion-responsive-typography-calculated\" style=\"margin:0;font-size:1em;--fontSize:16;--minFontSize:16;line-height:1.6;\"><a href=\"https:\/\/www.choral-events.com\/en\/chorales\/belle-canto-womens-choir\/\" class=\"awb-custom-text-color awb-custom-text-hover-color\" target=\"_self\">Belle Canto Women&#8217;s Choir<\/a><\/p><\/div><div class=\"fusion-separator\" style=\"align-self: center;margin-left: auto;margin-right: auto;flex-grow:10;margin-top:5px;margin-bottom:10px;width:100%;max-width:70px;\"><div class=\"fusion-separator-border sep-single sep-solid\" style=\"--awb-height:20px;--awb-amount:20px;border-color:var(--awb-color2);border-top-width:1px;\"><\/div><\/div><div class=\"fusion-text fusion-text-9\" style=\"--awb-content-alignment:center;--awb-text-transform:capitalize;--awb-text-color:var(--awb-color4);\"><p>Canada<\/p>\n<\/div><\/div><\/li>\n<li class=\"fusion-layout-column fusion_builder_column fusion-builder-column-10 fusion-flex-column fusion-animated post-card fusion-grid-column fusion-post-cards-grid-column 2023 ireland fusion-animated\" style=\"--awb-padding-bottom:5px;--awb-overflow:hidden;--awb-bg-color:var(--awb-color1);--awb-bg-color-hover:var(--awb-custom_color_2);--awb-bg-size:cover;--awb-box-shadow:0px 0px 24px hsla(var(--awb-color7-h),var(--awb-color7-s),var(--awb-color7-l),calc(var(--awb-color7-a) - 40%));;--awb-border-color:var(--awb-color4);--awb-border-color-hover:var(--awb-color7);--awb-border-top:1px;--awb-border-right:1px;--awb-border-bottom:1px;--awb-border-left:1px;--awb-border-style:solid;--awb-border-radius:6px 6px 6px 6px;--awb-flex-grow:0;--awb-flex-shrink:0;--awb-flex-grow-medium:0;--awb-flex-shrink-medium:0;--awb-flex-grow-small:0;--awb-flex-shrink-small:0;\" data-animationType=\"fadeIn\" data-animationDuration=\"1.3\" data-animationOffset=\"top-into-view\"><div class=\"fusion-column-wrapper fusion-column-has-shadow fusion-flex-justify-content-flex-start fusion-content-layout-column\"><div class=\"fusion-image-element \" style=\"--awb-aspect-ratio:16 \/ 9;--awb-margin-bottom:10px;--awb-caption-title-font-family:var(--h2_typography-font-family);--awb-caption-title-font-weight:var(--h2_typography-font-weight);--awb-caption-title-font-style:var(--h2_typography-font-style);--awb-caption-title-size:var(--h2_typography-font-size);--awb-caption-title-transform:var(--h2_typography-text-transform);--awb-caption-title-line-height:var(--h2_typography-line-height);--awb-caption-title-letter-spacing:var(--h2_typography-letter-spacing);\"><span class=\" fusion-imageframe imageframe-none imageframe-9 hover-type-none has-aspect-ratio\"><a class=\"fusion-no-lightbox\" href=\"https:\/\/www.choral-events.com\/en\/chorales\/belle-voci\/\" target=\"_self\" aria-label=\"Ireland-Belle-Voci-photo-web-page\"><img decoding=\"async\" width=\"550\" height=\"350\" src=\"https:\/\/www.choral-events.com\/wp-content\/uploads\/2026\/02\/Irlande-Belle-Voci-photo-page-web.png\" class=\"img-responsive wp-image-49543 img-with-aspect-ratio\" data-parent-fit=\"cover\" data-parent-container=\".fusion-image-element\" alt srcset=\"https:\/\/www.choral-events.com\/wp-content\/uploads\/2026\/02\/Irlande-Belle-Voci-photo-page-web-200x127.png 200w, https:\/\/www.choral-events.com\/wp-content\/uploads\/2026\/02\/Irlande-Belle-Voci-photo-page-web-400x255.png 400w, https:\/\/www.choral-events.com\/wp-content\/uploads\/2026\/02\/Irlande-Belle-Voci-photo-page-web.png 550w\" sizes=\"(max-width: 1024px) 100vw, (max-width: 640px) 100vw, 550px\" \/><\/a><\/span><\/div><div class=\"fusion-title title fusion-title-11 fusion-sep-none fusion-title-center fusion-title-text fusion-title-size-paragraph\" style=\"--awb-text-color:var(--awb-color7);--awb-margin-top:10px;--awb-margin-right:5px;--awb-margin-bottom:10px;--awb-margin-left:5px;--awb-margin-top-small:16px;--awb-margin-right-small:0px;--awb-margin-bottom-small:10px;--awb-margin-left-small:0px;--awb-link-color:var(--awb-color7);--awb-font-size:16px;\"><p class=\"fusion-title-heading title-heading-center title-heading-tag fusion-responsive-typography-calculated\" style=\"margin:0;font-size:1em;--fontSize:16;--minFontSize:16;line-height:1.6;\"><a href=\"https:\/\/www.choral-events.com\/en\/chorales\/belle-voci\/\" class=\"awb-custom-text-color awb-custom-text-hover-color\" target=\"_self\">Belle Voci<\/a><\/p><\/div><div class=\"fusion-separator\" style=\"align-self: center;margin-left: auto;margin-right: auto;flex-grow:10;margin-top:5px;margin-bottom:10px;width:100%;max-width:70px;\"><div class=\"fusion-separator-border sep-single sep-solid\" style=\"--awb-height:20px;--awb-amount:20px;border-color:var(--awb-color2);border-top-width:1px;\"><\/div><\/div><div class=\"fusion-text fusion-text-10\" style=\"--awb-content-alignment:center;--awb-text-transform:capitalize;--awb-text-color:var(--awb-color4);\"><p>Ireland<\/p>\n<\/div><\/div><\/li>\n<li class=\"fusion-layout-column fusion_builder_column fusion-builder-column-11 fusion-flex-column fusion-animated post-card fusion-grid-column fusion-post-cards-grid-column 2023 indonesia fusion-animated\" style=\"--awb-padding-bottom:5px;--awb-overflow:hidden;--awb-bg-color:var(--awb-color1);--awb-bg-color-hover:var(--awb-custom_color_2);--awb-bg-size:cover;--awb-box-shadow:0px 0px 24px hsla(var(--awb-color7-h),var(--awb-color7-s),var(--awb-color7-l),calc(var(--awb-color7-a) - 40%));;--awb-border-color:var(--awb-color4);--awb-border-color-hover:var(--awb-color7);--awb-border-top:1px;--awb-border-right:1px;--awb-border-bottom:1px;--awb-border-left:1px;--awb-border-style:solid;--awb-border-radius:6px 6px 6px 6px;--awb-flex-grow:0;--awb-flex-shrink:0;--awb-flex-grow-medium:0;--awb-flex-shrink-medium:0;--awb-flex-grow-small:0;--awb-flex-shrink-small:0;\" data-animationType=\"fadeIn\" data-animationDuration=\"1.3\" data-animationOffset=\"top-into-view\"><div class=\"fusion-column-wrapper fusion-column-has-shadow fusion-flex-justify-content-flex-start fusion-content-layout-column\"><div class=\"fusion-image-element \" style=\"--awb-aspect-ratio:16 \/ 9;--awb-margin-bottom:10px;--awb-caption-title-font-family:var(--h2_typography-font-family);--awb-caption-title-font-weight:var(--h2_typography-font-weight);--awb-caption-title-font-style:var(--h2_typography-font-style);--awb-caption-title-size:var(--h2_typography-font-size);--awb-caption-title-transform:var(--h2_typography-text-transform);--awb-caption-title-line-height:var(--h2_typography-line-height);--awb-caption-title-letter-spacing:var(--h2_typography-letter-spacing);\"><span class=\" fusion-imageframe imageframe-none imageframe-10 hover-type-none has-aspect-ratio\"><a class=\"fusion-no-lightbox\" href=\"https:\/\/www.choral-events.com\/en\/chorales\/bitung-city-chorale\/\" target=\"_self\" aria-label=\"BITUNG CITY CHORALE\"><img decoding=\"async\" width=\"550\" height=\"350\" alt=\"BITUNG CITY CHORALE\" src=\"https:\/\/www.choral-events.com\/wp-content\/uploads\/2026\/02\/344458803_3413584312227285_4695635525196163770_n-550x350-1.jpg\" class=\"img-responsive wp-image-49547 img-with-aspect-ratio\" data-parent-fit=\"cover\" data-parent-container=\".fusion-image-element\" srcset=\"https:\/\/www.choral-events.com\/wp-content\/uploads\/2026\/02\/344458803_3413584312227285_4695635525196163770_n-550x350-1-200x127.jpg 200w, https:\/\/www.choral-events.com\/wp-content\/uploads\/2026\/02\/344458803_3413584312227285_4695635525196163770_n-550x350-1-400x255.jpg 400w, https:\/\/www.choral-events.com\/wp-content\/uploads\/2026\/02\/344458803_3413584312227285_4695635525196163770_n-550x350-1.jpg 550w\" sizes=\"(max-width: 1024px) 100vw, (max-width: 640px) 100vw, 550px\" \/><\/a><\/span><\/div><div class=\"fusion-title title fusion-title-12 fusion-sep-none fusion-title-center fusion-title-text fusion-title-size-paragraph\" style=\"--awb-text-color:var(--awb-color7);--awb-margin-top:10px;--awb-margin-right:5px;--awb-margin-bottom:10px;--awb-margin-left:5px;--awb-margin-top-small:16px;--awb-margin-right-small:0px;--awb-margin-bottom-small:10px;--awb-margin-left-small:0px;--awb-link-color:var(--awb-color7);--awb-font-size:16px;\"><p class=\"fusion-title-heading title-heading-center title-heading-tag fusion-responsive-typography-calculated\" style=\"margin:0;font-size:1em;--fontSize:16;--minFontSize:16;line-height:1.6;\"><a href=\"https:\/\/www.choral-events.com\/en\/chorales\/bitung-city-chorale\/\" class=\"awb-custom-text-color awb-custom-text-hover-color\" target=\"_self\">Bitung City Chorale<\/a><\/p><\/div><div class=\"fusion-separator\" style=\"align-self: center;margin-left: auto;margin-right: auto;flex-grow:10;margin-top:5px;margin-bottom:10px;width:100%;max-width:70px;\"><div class=\"fusion-separator-border sep-single sep-solid\" style=\"--awb-height:20px;--awb-amount:20px;border-color:var(--awb-color2);border-top-width:1px;\"><\/div><\/div><div class=\"fusion-text fusion-text-11\" style=\"--awb-content-alignment:center;--awb-text-transform:capitalize;--awb-text-color:var(--awb-color4);\"><p>Indonesia<\/p>\n<\/div><\/div><\/li>\n<li class=\"fusion-layout-column fusion_builder_column fusion-builder-column-12 fusion-flex-column fusion-animated post-card fusion-grid-column fusion-post-cards-grid-column 2024 2026 usa fusion-animated\" style=\"--awb-padding-bottom:5px;--awb-overflow:hidden;--awb-bg-color:var(--awb-color1);--awb-bg-color-hover:var(--awb-custom_color_2);--awb-bg-size:cover;--awb-box-shadow:0px 0px 24px hsla(var(--awb-color7-h),var(--awb-color7-s),var(--awb-color7-l),calc(var(--awb-color7-a) - 40%));;--awb-border-color:var(--awb-color4);--awb-border-color-hover:var(--awb-color7);--awb-border-top:1px;--awb-border-right:1px;--awb-border-bottom:1px;--awb-border-left:1px;--awb-border-style:solid;--awb-border-radius:6px 6px 6px 6px;--awb-flex-grow:0;--awb-flex-shrink:0;--awb-flex-grow-medium:0;--awb-flex-shrink-medium:0;--awb-flex-grow-small:0;--awb-flex-shrink-small:0;\" data-animationType=\"fadeIn\" data-animationDuration=\"1.3\" data-animationOffset=\"top-into-view\"><div class=\"fusion-column-wrapper fusion-column-has-shadow fusion-flex-justify-content-flex-start fusion-content-layout-column\"><div class=\"fusion-image-element \" style=\"--awb-aspect-ratio:16 \/ 9;--awb-margin-bottom:10px;--awb-caption-title-font-family:var(--h2_typography-font-family);--awb-caption-title-font-weight:var(--h2_typography-font-weight);--awb-caption-title-font-style:var(--h2_typography-font-style);--awb-caption-title-size:var(--h2_typography-font-size);--awb-caption-title-transform:var(--h2_typography-text-transform);--awb-caption-title-line-height:var(--h2_typography-line-height);--awb-caption-title-letter-spacing:var(--h2_typography-letter-spacing);\"><span class=\" fusion-imageframe imageframe-none imageframe-11 hover-type-none has-aspect-ratio\"><a class=\"fusion-no-lightbox\" href=\"https:\/\/www.choral-events.com\/en\/chorales\/boston-eastern-heritage-chorus\/\" target=\"_self\" aria-label=\"USA_Boston Heritage_web page photos\"><img decoding=\"async\" width=\"550\" height=\"350\" alt=\"Boston Eastern Heritage Chorus\" src=\"https:\/\/www.choral-events.com\/wp-content\/uploads\/2024\/03\/USA_Boston-Heritage_photos-page-web.png\" class=\"img-responsive wp-image-49653 img-with-aspect-ratio\" data-parent-fit=\"cover\" data-parent-container=\".fusion-image-element\" srcset=\"https:\/\/www.choral-events.com\/wp-content\/uploads\/2024\/03\/USA_Boston-Heritage_photos-page-web-200x127.png 200w, https:\/\/www.choral-events.com\/wp-content\/uploads\/2024\/03\/USA_Boston-Heritage_photos-page-web-400x255.png 400w, https:\/\/www.choral-events.com\/wp-content\/uploads\/2024\/03\/USA_Boston-Heritage_photos-page-web.png 550w\" sizes=\"(max-width: 1024px) 100vw, (max-width: 640px) 100vw, 550px\" \/><\/a><\/span><\/div><div class=\"fusion-title title fusion-title-13 fusion-sep-none fusion-title-center fusion-title-text fusion-title-size-paragraph\" style=\"--awb-text-color:var(--awb-color7);--awb-margin-top:10px;--awb-margin-right:5px;--awb-margin-bottom:10px;--awb-margin-left:5px;--awb-margin-top-small:16px;--awb-margin-right-small:0px;--awb-margin-bottom-small:10px;--awb-margin-left-small:0px;--awb-link-color:var(--awb-color7);--awb-font-size:16px;\"><p class=\"fusion-title-heading title-heading-center title-heading-tag fusion-responsive-typography-calculated\" style=\"margin:0;font-size:1em;--fontSize:16;--minFontSize:16;line-height:1.6;\"><a href=\"https:\/\/www.choral-events.com\/en\/chorales\/boston-eastern-heritage-chorus\/\" class=\"awb-custom-text-color awb-custom-text-hover-color\" target=\"_self\">Boston Eastern Heritage Chorus<\/a><\/p><\/div><div class=\"fusion-separator\" style=\"align-self: center;margin-left: auto;margin-right: auto;flex-grow:10;margin-top:5px;margin-bottom:10px;width:100%;max-width:70px;\"><div class=\"fusion-separator-border sep-single sep-solid\" style=\"--awb-height:20px;--awb-amount:20px;border-color:var(--awb-color2);border-top-width:1px;\"><\/div><\/div><div class=\"fusion-text fusion-text-12\" style=\"--awb-content-alignment:center;--awb-text-transform:capitalize;--awb-text-color:var(--awb-color4);\"><p>United States<\/p>\n<\/div><\/div><\/li>\n<li class=\"fusion-layout-column fusion_builder_column fusion-builder-column-13 fusion-flex-column fusion-animated post-card fusion-grid-column fusion-post-cards-grid-column 2023 switzerland fusion-animated\" style=\"--awb-padding-bottom:5px;--awb-overflow:hidden;--awb-bg-color:var(--awb-color1);--awb-bg-color-hover:var(--awb-custom_color_2);--awb-bg-size:cover;--awb-box-shadow:0px 0px 24px hsla(var(--awb-color7-h),var(--awb-color7-s),var(--awb-color7-l),calc(var(--awb-color7-a) - 40%));;--awb-border-color:var(--awb-color4);--awb-border-color-hover:var(--awb-color7);--awb-border-top:1px;--awb-border-right:1px;--awb-border-bottom:1px;--awb-border-left:1px;--awb-border-style:solid;--awb-border-radius:6px 6px 6px 6px;--awb-flex-grow:0;--awb-flex-shrink:0;--awb-flex-grow-medium:0;--awb-flex-shrink-medium:0;--awb-flex-grow-small:0;--awb-flex-shrink-small:0;\" data-animationType=\"fadeIn\" data-animationDuration=\"1.3\" data-animationOffset=\"top-into-view\"><div class=\"fusion-column-wrapper fusion-column-has-shadow fusion-flex-justify-content-flex-start fusion-content-layout-column\"><div class=\"fusion-image-element \" style=\"--awb-aspect-ratio:16 \/ 9;--awb-margin-bottom:10px;--awb-caption-title-font-family:var(--h2_typography-font-family);--awb-caption-title-font-weight:var(--h2_typography-font-weight);--awb-caption-title-font-style:var(--h2_typography-font-style);--awb-caption-title-size:var(--h2_typography-font-size);--awb-caption-title-transform:var(--h2_typography-text-transform);--awb-caption-title-line-height:var(--h2_typography-line-height);--awb-caption-title-letter-spacing:var(--h2_typography-letter-spacing);\"><span class=\" fusion-imageframe imageframe-none imageframe-12 hover-type-none has-aspect-ratio\"><a class=\"fusion-no-lightbox\" href=\"https:\/\/www.choral-events.com\/en\/chorales\/boys-choir-lucerne\/\" target=\"_self\" aria-label=\"1_Boys-choir-of-Lucerne-photo-webpage\"><img decoding=\"async\" width=\"550\" height=\"350\" alt=\"Boys Choir Lucerne\" src=\"https:\/\/www.choral-events.com\/wp-content\/uploads\/2026\/02\/1_Boys-choir-of-Lucerne-photo-page-web.jpg\" class=\"img-responsive wp-image-49571 img-with-aspect-ratio\" data-parent-fit=\"cover\" data-parent-container=\".fusion-image-element\" srcset=\"https:\/\/www.choral-events.com\/wp-content\/uploads\/2026\/02\/1_Boys-choir-of-Lucerne-photo-page-web-200x127.jpg 200w, https:\/\/www.choral-events.com\/wp-content\/uploads\/2026\/02\/1_Boys-choir-of-Lucerne-photo-page-web-400x255.jpg 400w, https:\/\/www.choral-events.com\/wp-content\/uploads\/2026\/02\/1_Boys-choir-of-Lucerne-photo-page-web.jpg 550w\" sizes=\"(max-width: 1024px) 100vw, (max-width: 640px) 100vw, 550px\" \/><\/a><\/span><\/div><div class=\"fusion-title title fusion-title-14 fusion-sep-none fusion-title-center fusion-title-text fusion-title-size-paragraph\" style=\"--awb-text-color:var(--awb-color7);--awb-margin-top:10px;--awb-margin-right:5px;--awb-margin-bottom:10px;--awb-margin-left:5px;--awb-margin-top-small:16px;--awb-margin-right-small:0px;--awb-margin-bottom-small:10px;--awb-margin-left-small:0px;--awb-link-color:var(--awb-color7);--awb-font-size:16px;\"><p class=\"fusion-title-heading title-heading-center title-heading-tag fusion-responsive-typography-calculated\" style=\"margin:0;font-size:1em;--fontSize:16;--minFontSize:16;line-height:1.6;\"><a href=\"https:\/\/www.choral-events.com\/en\/chorales\/boys-choir-lucerne\/\" class=\"awb-custom-text-color awb-custom-text-hover-color\" target=\"_self\">Boys Choir Lucerne<\/a><\/p><\/div><div class=\"fusion-separator\" style=\"align-self: center;margin-left: auto;margin-right: auto;flex-grow:10;margin-top:5px;margin-bottom:10px;width:100%;max-width:70px;\"><div class=\"fusion-separator-border sep-single sep-solid\" style=\"--awb-height:20px;--awb-amount:20px;border-color:var(--awb-color2);border-top-width:1px;\"><\/div><\/div><div class=\"fusion-text fusion-text-13\" style=\"--awb-content-alignment:center;--awb-text-transform:capitalize;--awb-text-color:var(--awb-color4);\"><p>Switzerland<\/p>\n<\/div><\/div><\/li>\n<li class=\"fusion-layout-column fusion_builder_column fusion-builder-column-14 fusion-flex-column fusion-animated post-card fusion-grid-column fusion-post-cards-grid-column 2024 sweden fusion-animated\" style=\"--awb-padding-bottom:5px;--awb-overflow:hidden;--awb-bg-color:var(--awb-color1);--awb-bg-color-hover:var(--awb-custom_color_2);--awb-bg-size:cover;--awb-box-shadow:0px 0px 24px hsla(var(--awb-color7-h),var(--awb-color7-s),var(--awb-color7-l),calc(var(--awb-color7-a) - 40%));;--awb-border-color:var(--awb-color4);--awb-border-color-hover:var(--awb-color7);--awb-border-top:1px;--awb-border-right:1px;--awb-border-bottom:1px;--awb-border-left:1px;--awb-border-style:solid;--awb-border-radius:6px 6px 6px 6px;--awb-flex-grow:0;--awb-flex-shrink:0;--awb-flex-grow-medium:0;--awb-flex-shrink-medium:0;--awb-flex-grow-small:0;--awb-flex-shrink-small:0;\" data-animationType=\"fadeIn\" data-animationDuration=\"1.3\" data-animationOffset=\"top-into-view\"><div class=\"fusion-column-wrapper fusion-column-has-shadow fusion-flex-justify-content-flex-start fusion-content-layout-column\"><div class=\"fusion-image-element \" style=\"--awb-aspect-ratio:16 \/ 9;--awb-margin-bottom:10px;--awb-caption-title-font-family:var(--h2_typography-font-family);--awb-caption-title-font-weight:var(--h2_typography-font-weight);--awb-caption-title-font-style:var(--h2_typography-font-style);--awb-caption-title-size:var(--h2_typography-font-size);--awb-caption-title-transform:var(--h2_typography-text-transform);--awb-caption-title-line-height:var(--h2_typography-line-height);--awb-caption-title-letter-spacing:var(--h2_typography-letter-spacing);\"><span class=\" fusion-imageframe imageframe-none imageframe-13 hover-type-none has-aspect-ratio\"><a class=\"fusion-no-lightbox\" href=\"https:\/\/www.choral-events.com\/en\/chorales\/brunnsbo-musikklasser\/\" target=\"_self\" aria-label=\"Sweden_Brunnsbo Musikklasser__web page photo\"><img decoding=\"async\" width=\"550\" height=\"350\" alt=\"Brunnsbo Musikklasser\" src=\"https:\/\/www.choral-events.com\/wp-content\/uploads\/2024\/02\/Suede_Brunssbo-Musikklasser-__photo-page-web.png\" class=\"img-responsive wp-image-49224 img-with-aspect-ratio\" data-parent-fit=\"cover\" data-parent-container=\".fusion-image-element\" srcset=\"https:\/\/www.choral-events.com\/wp-content\/uploads\/2024\/02\/Suede_Brunssbo-Musikklasser-__photo-page-web-200x127.png 200w, https:\/\/www.choral-events.com\/wp-content\/uploads\/2024\/02\/Suede_Brunssbo-Musikklasser-__photo-page-web-400x255.png 400w, https:\/\/www.choral-events.com\/wp-content\/uploads\/2024\/02\/Suede_Brunssbo-Musikklasser-__photo-page-web.png 550w\" sizes=\"(max-width: 1024px) 100vw, (max-width: 640px) 100vw, 550px\" \/><\/a><\/span><\/div><div class=\"fusion-title title fusion-title-15 fusion-sep-none fusion-title-center fusion-title-text fusion-title-size-paragraph\" style=\"--awb-text-color:var(--awb-color7);--awb-margin-top:10px;--awb-margin-right:5px;--awb-margin-bottom:10px;--awb-margin-left:5px;--awb-margin-top-small:16px;--awb-margin-right-small:0px;--awb-margin-bottom-small:10px;--awb-margin-left-small:0px;--awb-link-color:var(--awb-color7);--awb-font-size:16px;\"><p class=\"fusion-title-heading title-heading-center title-heading-tag fusion-responsive-typography-calculated\" style=\"margin:0;font-size:1em;--fontSize:16;--minFontSize:16;line-height:1.6;\"><a href=\"https:\/\/www.choral-events.com\/en\/chorales\/brunnsbo-musikklasser\/\" class=\"awb-custom-text-color awb-custom-text-hover-color\" target=\"_self\">Brunnsbo Musikklasser<\/a><\/p><\/div><div class=\"fusion-separator\" style=\"align-self: center;margin-left: auto;margin-right: auto;flex-grow:10;margin-top:5px;margin-bottom:10px;width:100%;max-width:70px;\"><div class=\"fusion-separator-border sep-single sep-solid\" style=\"--awb-height:20px;--awb-amount:20px;border-color:var(--awb-color2);border-top-width:1px;\"><\/div><\/div><div class=\"fusion-text fusion-text-14\" style=\"--awb-content-alignment:center;--awb-text-transform:capitalize;--awb-text-color:var(--awb-color4);\"><p>Sweden<\/p>\n<\/div><\/div><\/li>\n<li class=\"fusion-layout-column fusion_builder_column fusion-builder-column-15 fusion-flex-column fusion-animated post-card fusion-grid-column fusion-post-cards-grid-column 2026 bulgaria fusion-animated\" style=\"--awb-padding-bottom:5px;--awb-overflow:hidden;--awb-bg-color:var(--awb-color1);--awb-bg-color-hover:var(--awb-custom_color_2);--awb-bg-size:cover;--awb-box-shadow:0px 0px 24px hsla(var(--awb-color7-h),var(--awb-color7-s),var(--awb-color7-l),calc(var(--awb-color7-a) - 40%));;--awb-border-color:var(--awb-color4);--awb-border-color-hover:var(--awb-color7);--awb-border-top:1px;--awb-border-right:1px;--awb-border-bottom:1px;--awb-border-left:1px;--awb-border-style:solid;--awb-border-radius:6px 6px 6px 6px;--awb-flex-grow:0;--awb-flex-shrink:0;--awb-flex-grow-medium:0;--awb-flex-shrink-medium:0;--awb-flex-grow-small:0;--awb-flex-shrink-small:0;\" data-animationType=\"fadeIn\" data-animationDuration=\"1.3\" data-animationOffset=\"top-into-view\"><div class=\"fusion-column-wrapper fusion-column-has-shadow fusion-flex-justify-content-flex-start fusion-content-layout-column\"><div class=\"fusion-image-element \" style=\"--awb-aspect-ratio:16 \/ 9;--awb-margin-bottom:10px;--awb-caption-title-font-family:var(--h2_typography-font-family);--awb-caption-title-font-weight:var(--h2_typography-font-weight);--awb-caption-title-font-style:var(--h2_typography-font-style);--awb-caption-title-size:var(--h2_typography-font-size);--awb-caption-title-transform:var(--h2_typography-text-transform);--awb-caption-title-line-height:var(--h2_typography-line-height);--awb-caption-title-letter-spacing:var(--h2_typography-letter-spacing);\"><span class=\" fusion-imageframe imageframe-none imageframe-14 hover-type-none has-aspect-ratio\"><a class=\"fusion-no-lightbox\" href=\"https:\/\/www.choral-events.com\/en\/chorales\/bulgapeya\/\" target=\"_self\" aria-label=\"Bulgaepya_2025\"><img decoding=\"async\" width=\"2560\" height=\"1680\" src=\"https:\/\/www.choral-events.com\/wp-content\/uploads\/2026\/03\/Bulgaepya_2025-scaled.jpg\" class=\"img-responsive wp-image-52228 img-with-aspect-ratio\" data-parent-fit=\"cover\" data-parent-container=\".fusion-image-element\" alt srcset=\"https:\/\/www.choral-events.com\/wp-content\/uploads\/2026\/03\/Bulgaepya_2025-200x131.jpg 200w, https:\/\/www.choral-events.com\/wp-content\/uploads\/2026\/03\/Bulgaepya_2025-400x262.jpg 400w, https:\/\/www.choral-events.com\/wp-content\/uploads\/2026\/03\/Bulgaepya_2025-600x394.jpg 600w, https:\/\/www.choral-events.com\/wp-content\/uploads\/2026\/03\/Bulgaepya_2025-800x525.jpg 800w, https:\/\/www.choral-events.com\/wp-content\/uploads\/2026\/03\/Bulgaepya_2025-1200x787.jpg 1200w, https:\/\/www.choral-events.com\/wp-content\/uploads\/2026\/03\/Bulgaepya_2025-scaled.jpg 2560w\" sizes=\"(max-width: 1024px) 100vw, (max-width: 640px) 100vw, 2560px\" \/><\/a><\/span><\/div><div class=\"fusion-title title fusion-title-16 fusion-sep-none fusion-title-center fusion-title-text fusion-title-size-paragraph\" style=\"--awb-text-color:var(--awb-color7);--awb-margin-top:10px;--awb-margin-right:5px;--awb-margin-bottom:10px;--awb-margin-left:5px;--awb-margin-top-small:16px;--awb-margin-right-small:0px;--awb-margin-bottom-small:10px;--awb-margin-left-small:0px;--awb-link-color:var(--awb-color7);--awb-font-size:16px;\"><p class=\"fusion-title-heading title-heading-center title-heading-tag fusion-responsive-typography-calculated\" style=\"margin:0;font-size:1em;--fontSize:16;--minFontSize:16;line-height:1.6;\"><a href=\"https:\/\/www.choral-events.com\/en\/chorales\/bulgapeya\/\" class=\"awb-custom-text-color awb-custom-text-hover-color\" target=\"_self\">Bulgapeya<\/a><\/p><\/div><div class=\"fusion-separator\" style=\"align-self: center;margin-left: auto;margin-right: auto;flex-grow:10;margin-top:5px;margin-bottom:10px;width:100%;max-width:70px;\"><div class=\"fusion-separator-border sep-single sep-solid\" style=\"--awb-height:20px;--awb-amount:20px;border-color:var(--awb-color2);border-top-width:1px;\"><\/div><\/div><div class=\"fusion-text fusion-text-15\" style=\"--awb-content-alignment:center;--awb-text-transform:capitalize;--awb-text-color:var(--awb-color4);\"><p>Bulgaria<\/p>\n<\/div><\/div><\/li>\n<li class=\"fusion-layout-column fusion_builder_column fusion-builder-column-16 fusion-flex-column fusion-animated post-card fusion-grid-column fusion-post-cards-grid-column 2018 bulgarie fusion-animated\" style=\"--awb-padding-bottom:5px;--awb-overflow:hidden;--awb-bg-color:var(--awb-color1);--awb-bg-color-hover:var(--awb-custom_color_2);--awb-bg-size:cover;--awb-box-shadow:0px 0px 24px hsla(var(--awb-color7-h),var(--awb-color7-s),var(--awb-color7-l),calc(var(--awb-color7-a) - 40%));;--awb-border-color:var(--awb-color4);--awb-border-color-hover:var(--awb-color7);--awb-border-top:1px;--awb-border-right:1px;--awb-border-bottom:1px;--awb-border-left:1px;--awb-border-style:solid;--awb-border-radius:6px 6px 6px 6px;--awb-flex-grow:0;--awb-flex-shrink:0;--awb-flex-grow-medium:0;--awb-flex-shrink-medium:0;--awb-flex-grow-small:0;--awb-flex-shrink-small:0;\" data-animationType=\"fadeIn\" data-animationDuration=\"1.3\" data-animationOffset=\"top-into-view\"><div class=\"fusion-column-wrapper fusion-column-has-shadow fusion-flex-justify-content-flex-start fusion-content-layout-column\"><div class=\"fusion-image-element \" style=\"--awb-aspect-ratio:16 \/ 9;--awb-margin-bottom:10px;--awb-caption-title-font-family:var(--h2_typography-font-family);--awb-caption-title-font-weight:var(--h2_typography-font-weight);--awb-caption-title-font-style:var(--h2_typography-font-style);--awb-caption-title-size:var(--h2_typography-font-size);--awb-caption-title-transform:var(--h2_typography-text-transform);--awb-caption-title-line-height:var(--h2_typography-line-height);--awb-caption-title-letter-spacing:var(--h2_typography-letter-spacing);\"><span class=\" fusion-imageframe imageframe-none imageframe-15 hover-type-none has-aspect-ratio\"><a class=\"fusion-no-lightbox\" href=\"https:\/\/www.choral-events.com\/en\/chorales\/bulgarian-academy-of-sciences\/\" target=\"_self\" aria-label=\"Choir of BAS-6\"><img decoding=\"async\" width=\"1440\" height=\"1080\" src=\"https:\/\/www.choral-events.com\/wp-content\/uploads\/2026\/03\/Choir-of-BAS-6.jpg\" class=\"img-responsive wp-image-51311 img-with-aspect-ratio\" data-parent-fit=\"cover\" data-parent-container=\".fusion-image-element\" alt srcset=\"https:\/\/www.choral-events.com\/wp-content\/uploads\/2026\/03\/Choir-of-BAS-6-200x150.jpg 200w, https:\/\/www.choral-events.com\/wp-content\/uploads\/2026\/03\/Choir-of-BAS-6-400x300.jpg 400w, https:\/\/www.choral-events.com\/wp-content\/uploads\/2026\/03\/Choir-of-BAS-6-600x450.jpg 600w, https:\/\/www.choral-events.com\/wp-content\/uploads\/2026\/03\/Choir-of-BAS-6-800x600.jpg 800w, https:\/\/www.choral-events.com\/wp-content\/uploads\/2026\/03\/Choir-of-BAS-6-1200x900.jpg 1200w, https:\/\/www.choral-events.com\/wp-content\/uploads\/2026\/03\/Choir-of-BAS-6.jpg 1440w\" sizes=\"(max-width: 1024px) 100vw, (max-width: 640px) 100vw, 1440px\" \/><\/a><\/span><\/div><div class=\"fusion-title title fusion-title-17 fusion-sep-none fusion-title-center fusion-title-text fusion-title-size-paragraph\" style=\"--awb-text-color:var(--awb-color7);--awb-margin-top:10px;--awb-margin-right:5px;--awb-margin-bottom:10px;--awb-margin-left:5px;--awb-margin-top-small:16px;--awb-margin-right-small:0px;--awb-margin-bottom-small:10px;--awb-margin-left-small:0px;--awb-link-color:var(--awb-color7);--awb-font-size:16px;\"><p class=\"fusion-title-heading title-heading-center title-heading-tag fusion-responsive-typography-calculated\" style=\"margin:0;font-size:1em;--fontSize:16;--minFontSize:16;line-height:1.6;\"><a href=\"https:\/\/www.choral-events.com\/en\/chorales\/bulgarian-academy-of-sciences\/\" class=\"awb-custom-text-color awb-custom-text-hover-color\" target=\"_self\">Bulgarian Academy of Sciences<\/a><\/p><\/div><div class=\"fusion-separator\" style=\"align-self: center;margin-left: auto;margin-right: auto;flex-grow:10;margin-top:5px;margin-bottom:10px;width:100%;max-width:70px;\"><div class=\"fusion-separator-border sep-single sep-solid\" style=\"--awb-height:20px;--awb-amount:20px;border-color:var(--awb-color2);border-top-width:1px;\"><\/div><\/div><div class=\"fusion-text fusion-text-16\" style=\"--awb-content-alignment:center;--awb-text-transform:capitalize;--awb-text-color:var(--awb-color4);\"><p>Bulgarie<\/p>\n<\/div><\/div><\/li>\n<li class=\"fusion-layout-column fusion_builder_column fusion-builder-column-17 fusion-flex-column fusion-animated post-card fusion-grid-column fusion-post-cards-grid-column 2020 suisse fusion-animated\" style=\"--awb-padding-bottom:5px;--awb-overflow:hidden;--awb-bg-color:var(--awb-color1);--awb-bg-color-hover:var(--awb-custom_color_2);--awb-bg-size:cover;--awb-box-shadow:0px 0px 24px hsla(var(--awb-color7-h),var(--awb-color7-s),var(--awb-color7-l),calc(var(--awb-color7-a) - 40%));;--awb-border-color:var(--awb-color4);--awb-border-color-hover:var(--awb-color7);--awb-border-top:1px;--awb-border-right:1px;--awb-border-bottom:1px;--awb-border-left:1px;--awb-border-style:solid;--awb-border-radius:6px 6px 6px 6px;--awb-flex-grow:0;--awb-flex-shrink:0;--awb-flex-grow-medium:0;--awb-flex-shrink-medium:0;--awb-flex-grow-small:0;--awb-flex-shrink-small:0;\" data-animationType=\"fadeIn\" data-animationDuration=\"1.3\" data-animationOffset=\"top-into-view\"><div class=\"fusion-column-wrapper fusion-column-has-shadow fusion-flex-justify-content-flex-start fusion-content-layout-column\"><div class=\"fusion-image-element \" style=\"--awb-aspect-ratio:16 \/ 9;--awb-margin-bottom:10px;--awb-caption-title-font-family:var(--h2_typography-font-family);--awb-caption-title-font-weight:var(--h2_typography-font-weight);--awb-caption-title-font-style:var(--h2_typography-font-style);--awb-caption-title-size:var(--h2_typography-font-size);--awb-caption-title-transform:var(--h2_typography-text-transform);--awb-caption-title-line-height:var(--h2_typography-line-height);--awb-caption-title-letter-spacing:var(--h2_typography-letter-spacing);\"><span class=\" fusion-imageframe imageframe-none imageframe-16 hover-type-none has-aspect-ratio\"><a class=\"fusion-no-lightbox\" href=\"https:\/\/www.choral-events.com\/en\/chorales\/cake-ophonie\/\" target=\"_self\" aria-label=\"Cake-Ophonie-photo-site-web-1\"><img decoding=\"async\" width=\"550\" height=\"350\" src=\"https:\/\/www.choral-events.com\/wp-content\/uploads\/2026\/03\/Cake-Ophonie-photo-site-web-1.png\" class=\"img-responsive wp-image-51805 img-with-aspect-ratio\" data-parent-fit=\"cover\" data-parent-container=\".fusion-image-element\" alt srcset=\"https:\/\/www.choral-events.com\/wp-content\/uploads\/2026\/03\/Cake-Ophonie-photo-site-web-1-200x127.png 200w, https:\/\/www.choral-events.com\/wp-content\/uploads\/2026\/03\/Cake-Ophonie-photo-site-web-1-400x255.png 400w, https:\/\/www.choral-events.com\/wp-content\/uploads\/2026\/03\/Cake-Ophonie-photo-site-web-1.png 550w\" sizes=\"(max-width: 1024px) 100vw, (max-width: 640px) 100vw, 550px\" \/><\/a><\/span><\/div><div class=\"fusion-title title fusion-title-18 fusion-sep-none fusion-title-center fusion-title-text fusion-title-size-paragraph\" style=\"--awb-text-color:var(--awb-color7);--awb-margin-top:10px;--awb-margin-right:5px;--awb-margin-bottom:10px;--awb-margin-left:5px;--awb-margin-top-small:16px;--awb-margin-right-small:0px;--awb-margin-bottom-small:10px;--awb-margin-left-small:0px;--awb-link-color:var(--awb-color7);--awb-font-size:16px;\"><p class=\"fusion-title-heading title-heading-center title-heading-tag fusion-responsive-typography-calculated\" style=\"margin:0;font-size:1em;--fontSize:16;--minFontSize:16;line-height:1.6;\"><a href=\"https:\/\/www.choral-events.com\/en\/chorales\/cake-ophonie\/\" class=\"awb-custom-text-color awb-custom-text-hover-color\" target=\"_self\">Cake O\u2019Phonie<\/a><\/p><\/div><div class=\"fusion-separator\" style=\"align-self: center;margin-left: auto;margin-right: auto;flex-grow:10;margin-top:5px;margin-bottom:10px;width:100%;max-width:70px;\"><div class=\"fusion-separator-border sep-single sep-solid\" style=\"--awb-height:20px;--awb-amount:20px;border-color:var(--awb-color2);border-top-width:1px;\"><\/div><\/div><div class=\"fusion-text fusion-text-17\" style=\"--awb-content-alignment:center;--awb-text-transform:capitalize;--awb-text-color:var(--awb-color4);\"><p>Suisse<\/p>\n<\/div><\/div><\/li>\n<li class=\"fusion-layout-column fusion_builder_column fusion-builder-column-18 fusion-flex-column fusion-animated post-card fusion-grid-column fusion-post-cards-grid-column 2018 canada fusion-animated\" style=\"--awb-padding-bottom:5px;--awb-overflow:hidden;--awb-bg-color:var(--awb-color1);--awb-bg-color-hover:var(--awb-custom_color_2);--awb-bg-size:cover;--awb-box-shadow:0px 0px 24px hsla(var(--awb-color7-h),var(--awb-color7-s),var(--awb-color7-l),calc(var(--awb-color7-a) - 40%));;--awb-border-color:var(--awb-color4);--awb-border-color-hover:var(--awb-color7);--awb-border-top:1px;--awb-border-right:1px;--awb-border-bottom:1px;--awb-border-left:1px;--awb-border-style:solid;--awb-border-radius:6px 6px 6px 6px;--awb-flex-grow:0;--awb-flex-shrink:0;--awb-flex-grow-medium:0;--awb-flex-shrink-medium:0;--awb-flex-grow-small:0;--awb-flex-shrink-small:0;\" data-animationType=\"fadeIn\" data-animationDuration=\"1.3\" data-animationOffset=\"top-into-view\"><div class=\"fusion-column-wrapper fusion-column-has-shadow fusion-flex-justify-content-flex-start fusion-content-layout-column\"><div class=\"fusion-image-element \" style=\"--awb-aspect-ratio:16 \/ 9;--awb-margin-bottom:10px;--awb-caption-title-font-family:var(--h2_typography-font-family);--awb-caption-title-font-weight:var(--h2_typography-font-weight);--awb-caption-title-font-style:var(--h2_typography-font-style);--awb-caption-title-size:var(--h2_typography-font-size);--awb-caption-title-transform:var(--h2_typography-text-transform);--awb-caption-title-line-height:var(--h2_typography-line-height);--awb-caption-title-letter-spacing:var(--h2_typography-letter-spacing);\"><span class=\" fusion-imageframe imageframe-none imageframe-17 hover-type-none has-aspect-ratio\"><a class=\"fusion-no-lightbox\" href=\"https:\/\/www.choral-events.com\/en\/chorales\/calgary-boys-choir\/\" target=\"_self\" aria-label=\"Katie Partridge Photo Festival\"><img decoding=\"async\" width=\"1586\" height=\"1080\" src=\"https:\/\/www.choral-events.com\/wp-content\/uploads\/2026\/03\/Festival-photo-Katie-Partridge.jpg\" class=\"img-responsive wp-image-51319 img-with-aspect-ratio\" data-parent-fit=\"cover\" data-parent-container=\".fusion-image-element\" alt srcset=\"https:\/\/www.choral-events.com\/wp-content\/uploads\/2026\/03\/Festival-photo-Katie-Partridge-200x136.jpg 200w, https:\/\/www.choral-events.com\/wp-content\/uploads\/2026\/03\/Festival-photo-Katie-Partridge-400x272.jpg 400w, https:\/\/www.choral-events.com\/wp-content\/uploads\/2026\/03\/Festival-photo-Katie-Partridge-600x409.jpg 600w, https:\/\/www.choral-events.com\/wp-content\/uploads\/2026\/03\/Festival-photo-Katie-Partridge-800x545.jpg 800w, https:\/\/www.choral-events.com\/wp-content\/uploads\/2026\/03\/Festival-photo-Katie-Partridge-1200x817.jpg 1200w, https:\/\/www.choral-events.com\/wp-content\/uploads\/2026\/03\/Festival-photo-Katie-Partridge.jpg 1586w\" sizes=\"(max-width: 1024px) 100vw, (max-width: 640px) 100vw, 1586px\" \/><\/a><\/span><\/div><div class=\"fusion-title title fusion-title-19 fusion-sep-none fusion-title-center fusion-title-text fusion-title-size-paragraph\" style=\"--awb-text-color:var(--awb-color7);--awb-margin-top:10px;--awb-margin-right:5px;--awb-margin-bottom:10px;--awb-margin-left:5px;--awb-margin-top-small:16px;--awb-margin-right-small:0px;--awb-margin-bottom-small:10px;--awb-margin-left-small:0px;--awb-link-color:var(--awb-color7);--awb-font-size:16px;\"><p class=\"fusion-title-heading title-heading-center title-heading-tag fusion-responsive-typography-calculated\" style=\"margin:0;font-size:1em;--fontSize:16;--minFontSize:16;line-height:1.6;\"><a href=\"https:\/\/www.choral-events.com\/en\/chorales\/calgary-boys-choir\/\" class=\"awb-custom-text-color awb-custom-text-hover-color\" target=\"_self\">Calgary Boys Choir<\/a><\/p><\/div><div class=\"fusion-separator\" style=\"align-self: center;margin-left: auto;margin-right: auto;flex-grow:10;margin-top:5px;margin-bottom:10px;width:100%;max-width:70px;\"><div class=\"fusion-separator-border sep-single sep-solid\" style=\"--awb-height:20px;--awb-amount:20px;border-color:var(--awb-color2);border-top-width:1px;\"><\/div><\/div><div class=\"fusion-text fusion-text-18\" style=\"--awb-content-alignment:center;--awb-text-transform:capitalize;--awb-text-color:var(--awb-color4);\"><p>Canada<\/p>\n<\/div><\/div><\/li>\n<li class=\"fusion-layout-column fusion_builder_column fusion-builder-column-19 fusion-flex-column fusion-animated post-card fusion-grid-column fusion-post-cards-grid-column 2024 switzerland fusion-animated\" style=\"--awb-padding-bottom:5px;--awb-overflow:hidden;--awb-bg-color:var(--awb-color1);--awb-bg-color-hover:var(--awb-custom_color_2);--awb-bg-size:cover;--awb-box-shadow:0px 0px 24px hsla(var(--awb-color7-h),var(--awb-color7-s),var(--awb-color7-l),calc(var(--awb-color7-a) - 40%));;--awb-border-color:var(--awb-color4);--awb-border-color-hover:var(--awb-color7);--awb-border-top:1px;--awb-border-right:1px;--awb-border-bottom:1px;--awb-border-left:1px;--awb-border-style:solid;--awb-border-radius:6px 6px 6px 6px;--awb-flex-grow:0;--awb-flex-shrink:0;--awb-flex-grow-medium:0;--awb-flex-shrink-medium:0;--awb-flex-grow-small:0;--awb-flex-shrink-small:0;\" data-animationType=\"fadeIn\" data-animationDuration=\"1.3\" data-animationOffset=\"top-into-view\"><div class=\"fusion-column-wrapper fusion-column-has-shadow fusion-flex-justify-content-flex-start fusion-content-layout-column\"><div class=\"fusion-image-element \" style=\"--awb-aspect-ratio:16 \/ 9;--awb-margin-bottom:10px;--awb-caption-title-font-family:var(--h2_typography-font-family);--awb-caption-title-font-weight:var(--h2_typography-font-weight);--awb-caption-title-font-style:var(--h2_typography-font-style);--awb-caption-title-size:var(--h2_typography-font-size);--awb-caption-title-transform:var(--h2_typography-text-transform);--awb-caption-title-line-height:var(--h2_typography-line-height);--awb-caption-title-letter-spacing:var(--h2_typography-letter-spacing);\"><span class=\" fusion-imageframe imageframe-none imageframe-18 hover-type-none has-aspect-ratio\"><a class=\"fusion-no-lightbox\" href=\"https:\/\/www.choral-events.com\/en\/chorales\/calicantus-choir\/\" target=\"_self\" aria-label=\"Suisse_Calicantus __photo page web\"><img decoding=\"async\" width=\"550\" height=\"350\" alt=\"Calicantus Choir\" src=\"https:\/\/www.choral-events.com\/wp-content\/uploads\/2024\/03\/Suisse_Calicantus-__photo-page-web.jpg\" class=\"img-responsive wp-image-49367 img-with-aspect-ratio\" data-parent-fit=\"cover\" data-parent-container=\".fusion-image-element\" srcset=\"https:\/\/www.choral-events.com\/wp-content\/uploads\/2024\/03\/Suisse_Calicantus-__photo-page-web-200x127.jpg 200w, https:\/\/www.choral-events.com\/wp-content\/uploads\/2024\/03\/Suisse_Calicantus-__photo-page-web-400x255.jpg 400w, https:\/\/www.choral-events.com\/wp-content\/uploads\/2024\/03\/Suisse_Calicantus-__photo-page-web.jpg 550w\" sizes=\"(max-width: 1024px) 100vw, (max-width: 640px) 100vw, 550px\" \/><\/a><\/span><\/div><div class=\"fusion-title title fusion-title-20 fusion-sep-none fusion-title-center fusion-title-text fusion-title-size-paragraph\" style=\"--awb-text-color:var(--awb-color7);--awb-margin-top:10px;--awb-margin-right:5px;--awb-margin-bottom:10px;--awb-margin-left:5px;--awb-margin-top-small:16px;--awb-margin-right-small:0px;--awb-margin-bottom-small:10px;--awb-margin-left-small:0px;--awb-link-color:var(--awb-color7);--awb-font-size:16px;\"><p class=\"fusion-title-heading title-heading-center title-heading-tag fusion-responsive-typography-calculated\" style=\"margin:0;font-size:1em;--fontSize:16;--minFontSize:16;line-height:1.6;\"><a href=\"https:\/\/www.choral-events.com\/en\/chorales\/calicantus-choir\/\" class=\"awb-custom-text-color awb-custom-text-hover-color\" target=\"_self\">Calicantus Choir<\/a><\/p><\/div><div class=\"fusion-separator\" style=\"align-self: center;margin-left: auto;margin-right: auto;flex-grow:10;margin-top:5px;margin-bottom:10px;width:100%;max-width:70px;\"><div class=\"fusion-separator-border sep-single sep-solid\" style=\"--awb-height:20px;--awb-amount:20px;border-color:var(--awb-color2);border-top-width:1px;\"><\/div><\/div><div class=\"fusion-text fusion-text-19\" style=\"--awb-content-alignment:center;--awb-text-transform:capitalize;--awb-text-color:var(--awb-color4);\"><p>Switzerland<\/p>\n<\/div><\/div><\/li>\n<li class=\"fusion-layout-column fusion_builder_column fusion-builder-column-20 fusion-flex-column fusion-animated post-card fusion-grid-column fusion-post-cards-grid-column 2019 2023 switzerland fusion-animated\" style=\"--awb-padding-bottom:5px;--awb-overflow:hidden;--awb-bg-color:var(--awb-color1);--awb-bg-color-hover:var(--awb-custom_color_2);--awb-bg-size:cover;--awb-box-shadow:0px 0px 24px hsla(var(--awb-color7-h),var(--awb-color7-s),var(--awb-color7-l),calc(var(--awb-color7-a) - 40%));;--awb-border-color:var(--awb-color4);--awb-border-color-hover:var(--awb-color7);--awb-border-top:1px;--awb-border-right:1px;--awb-border-bottom:1px;--awb-border-left:1px;--awb-border-style:solid;--awb-border-radius:6px 6px 6px 6px;--awb-flex-grow:0;--awb-flex-shrink:0;--awb-flex-grow-medium:0;--awb-flex-shrink-medium:0;--awb-flex-grow-small:0;--awb-flex-shrink-small:0;\" data-animationType=\"fadeIn\" data-animationDuration=\"1.3\" data-animationOffset=\"top-into-view\"><div class=\"fusion-column-wrapper fusion-column-has-shadow fusion-flex-justify-content-flex-start fusion-content-layout-column\"><div class=\"fusion-image-element \" style=\"--awb-aspect-ratio:16 \/ 9;--awb-margin-bottom:10px;--awb-caption-title-font-family:var(--h2_typography-font-family);--awb-caption-title-font-weight:var(--h2_typography-font-weight);--awb-caption-title-font-style:var(--h2_typography-font-style);--awb-caption-title-size:var(--h2_typography-font-size);--awb-caption-title-transform:var(--h2_typography-text-transform);--awb-caption-title-line-height:var(--h2_typography-line-height);--awb-caption-title-letter-spacing:var(--h2_typography-letter-spacing);\"><span class=\" fusion-imageframe imageframe-none imageframe-19 hover-type-none has-aspect-ratio\"><a class=\"fusion-no-lightbox\" href=\"https:\/\/www.choral-events.com\/en\/chorales\/califrenzies-choir\/\" target=\"_self\" aria-label=\"The Califrenzies Choir\"><img decoding=\"async\" width=\"550\" height=\"350\" src=\"https:\/\/www.choral-events.com\/wp-content\/uploads\/2026\/02\/Capture-550x350-1.png\" class=\"img-responsive wp-image-49953 img-with-aspect-ratio\" data-parent-fit=\"cover\" data-parent-container=\".fusion-image-element\" alt srcset=\"https:\/\/www.choral-events.com\/wp-content\/uploads\/2026\/02\/Capture-550x350-1-200x127.png 200w, https:\/\/www.choral-events.com\/wp-content\/uploads\/2026\/02\/Capture-550x350-1-400x255.png 400w, https:\/\/www.choral-events.com\/wp-content\/uploads\/2026\/02\/Capture-550x350-1.png 550w\" sizes=\"(max-width: 1024px) 100vw, (max-width: 640px) 100vw, 550px\" \/><\/a><\/span><\/div><div class=\"fusion-title title fusion-title-21 fusion-sep-none fusion-title-center fusion-title-text fusion-title-size-paragraph\" style=\"--awb-text-color:var(--awb-color7);--awb-margin-top:10px;--awb-margin-right:5px;--awb-margin-bottom:10px;--awb-margin-left:5px;--awb-margin-top-small:16px;--awb-margin-right-small:0px;--awb-margin-bottom-small:10px;--awb-margin-left-small:0px;--awb-link-color:var(--awb-color7);--awb-font-size:16px;\"><p class=\"fusion-title-heading title-heading-center title-heading-tag fusion-responsive-typography-calculated\" style=\"margin:0;font-size:1em;--fontSize:16;--minFontSize:16;line-height:1.6;\"><a href=\"https:\/\/www.choral-events.com\/en\/chorales\/califrenzies-choir\/\" class=\"awb-custom-text-color awb-custom-text-hover-color\" target=\"_self\">Califrenzies Choir<\/a><\/p><\/div><div class=\"fusion-separator\" style=\"align-self: center;margin-left: auto;margin-right: auto;flex-grow:10;margin-top:5px;margin-bottom:10px;width:100%;max-width:70px;\"><div class=\"fusion-separator-border sep-single sep-solid\" style=\"--awb-height:20px;--awb-amount:20px;border-color:var(--awb-color2);border-top-width:1px;\"><\/div><\/div><div class=\"fusion-text fusion-text-20\" style=\"--awb-content-alignment:center;--awb-text-transform:capitalize;--awb-text-color:var(--awb-color4);\"><p>Switzerland<\/p>\n<\/div><\/div><\/li>\n<li class=\"fusion-layout-column fusion_builder_column fusion-builder-column-21 fusion-flex-column fusion-animated post-card fusion-grid-column fusion-post-cards-grid-column 2025 canada fusion-animated\" style=\"--awb-padding-bottom:5px;--awb-overflow:hidden;--awb-bg-color:var(--awb-color1);--awb-bg-color-hover:var(--awb-custom_color_2);--awb-bg-size:cover;--awb-box-shadow:0px 0px 24px hsla(var(--awb-color7-h),var(--awb-color7-s),var(--awb-color7-l),calc(var(--awb-color7-a) - 40%));;--awb-border-color:var(--awb-color4);--awb-border-color-hover:var(--awb-color7);--awb-border-top:1px;--awb-border-right:1px;--awb-border-bottom:1px;--awb-border-left:1px;--awb-border-style:solid;--awb-border-radius:6px 6px 6px 6px;--awb-flex-grow:0;--awb-flex-shrink:0;--awb-flex-grow-medium:0;--awb-flex-shrink-medium:0;--awb-flex-grow-small:0;--awb-flex-shrink-small:0;\" data-animationType=\"fadeIn\" data-animationDuration=\"1.3\" data-animationOffset=\"top-into-view\"><div class=\"fusion-column-wrapper fusion-column-has-shadow fusion-flex-justify-content-flex-start fusion-content-layout-column\"><div class=\"fusion-image-element \" style=\"--awb-aspect-ratio:16 \/ 9;--awb-margin-bottom:10px;--awb-caption-title-font-family:var(--h2_typography-font-family);--awb-caption-title-font-weight:var(--h2_typography-font-weight);--awb-caption-title-font-style:var(--h2_typography-font-style);--awb-caption-title-size:var(--h2_typography-font-size);--awb-caption-title-transform:var(--h2_typography-text-transform);--awb-caption-title-line-height:var(--h2_typography-line-height);--awb-caption-title-letter-spacing:var(--h2_typography-letter-spacing);\"><span class=\" fusion-imageframe imageframe-none imageframe-20 hover-type-none has-aspect-ratio\"><a class=\"fusion-no-lightbox\" href=\"https:\/\/www.choral-events.com\/en\/chorales\/canadian-chinese-childrens-choir-of-canada\/\" target=\"_self\" aria-label=\"Compact Chinese Choir.\"><img decoding=\"async\" width=\"600\" height=\"600\" alt=\"Ensemble of young Chinese choristers during an international concert in France, under the direction of a conductor.\" src=\"https:\/\/www.choral-events.com\/wp-content\/uploads\/2025\/01\/Canada-C5-Choir.jpg\" class=\"img-responsive wp-image-49349 img-with-aspect-ratio\" data-parent-fit=\"cover\" data-parent-container=\".fusion-image-element\" srcset=\"https:\/\/www.choral-events.com\/wp-content\/uploads\/2025\/01\/Canada-C5-Choir-200x200.jpg 200w, https:\/\/www.choral-events.com\/wp-content\/uploads\/2025\/01\/Canada-C5-Choir-400x400.jpg 400w, https:\/\/www.choral-events.com\/wp-content\/uploads\/2025\/01\/Canada-C5-Choir.jpg 600w\" sizes=\"(max-width: 1024px) 100vw, (max-width: 640px) 100vw, 600px\" \/><\/a><\/span><\/div><div class=\"fusion-title title fusion-title-22 fusion-sep-none fusion-title-center fusion-title-text fusion-title-size-paragraph\" style=\"--awb-text-color:var(--awb-color7);--awb-margin-top:10px;--awb-margin-right:5px;--awb-margin-bottom:10px;--awb-margin-left:5px;--awb-margin-top-small:16px;--awb-margin-right-small:0px;--awb-margin-bottom-small:10px;--awb-margin-left-small:0px;--awb-link-color:var(--awb-color7);--awb-font-size:16px;\"><p class=\"fusion-title-heading title-heading-center title-heading-tag fusion-responsive-typography-calculated\" style=\"margin:0;font-size:1em;--fontSize:16;--minFontSize:16;line-height:1.6;\"><a href=\"https:\/\/www.choral-events.com\/en\/chorales\/canadian-chinese-childrens-choir-of-canada\/\" class=\"awb-custom-text-color awb-custom-text-hover-color\" target=\"_self\">Canadian Chinese Children&#8217;s Choir of Canada<\/a><\/p><\/div><div class=\"fusion-separator\" style=\"align-self: center;margin-left: auto;margin-right: auto;flex-grow:10;margin-top:5px;margin-bottom:10px;width:100%;max-width:70px;\"><div class=\"fusion-separator-border sep-single sep-solid\" style=\"--awb-height:20px;--awb-amount:20px;border-color:var(--awb-color2);border-top-width:1px;\"><\/div><\/div><div class=\"fusion-text fusion-text-21\" style=\"--awb-content-alignment:center;--awb-text-transform:capitalize;--awb-text-color:var(--awb-color4);\"><p>Canada<\/p>\n<\/div><\/div><\/li>\n<li class=\"fusion-layout-column fusion_builder_column fusion-builder-column-22 fusion-flex-column fusion-animated post-card fusion-grid-column fusion-post-cards-grid-column 2025 france fusion-animated\" style=\"--awb-padding-bottom:5px;--awb-overflow:hidden;--awb-bg-color:var(--awb-color1);--awb-bg-color-hover:var(--awb-custom_color_2);--awb-bg-size:cover;--awb-box-shadow:0px 0px 24px hsla(var(--awb-color7-h),var(--awb-color7-s),var(--awb-color7-l),calc(var(--awb-color7-a) - 40%));;--awb-border-color:var(--awb-color4);--awb-border-color-hover:var(--awb-color7);--awb-border-top:1px;--awb-border-right:1px;--awb-border-bottom:1px;--awb-border-left:1px;--awb-border-style:solid;--awb-border-radius:6px 6px 6px 6px;--awb-flex-grow:0;--awb-flex-shrink:0;--awb-flex-grow-medium:0;--awb-flex-shrink-medium:0;--awb-flex-grow-small:0;--awb-flex-shrink-small:0;\" data-animationType=\"fadeIn\" data-animationDuration=\"1.3\" data-animationOffset=\"top-into-view\"><div class=\"fusion-column-wrapper fusion-column-has-shadow fusion-flex-justify-content-flex-start fusion-content-layout-column\"><div class=\"fusion-image-element \" style=\"--awb-aspect-ratio:16 \/ 9;--awb-margin-bottom:10px;--awb-caption-title-font-family:var(--h2_typography-font-family);--awb-caption-title-font-weight:var(--h2_typography-font-weight);--awb-caption-title-font-style:var(--h2_typography-font-style);--awb-caption-title-size:var(--h2_typography-font-size);--awb-caption-title-transform:var(--h2_typography-text-transform);--awb-caption-title-line-height:var(--h2_typography-line-height);--awb-caption-title-letter-spacing:var(--h2_typography-letter-spacing);\"><span class=\" fusion-imageframe imageframe-none imageframe-21 hover-type-none has-aspect-ratio\"><a class=\"fusion-no-lightbox\" href=\"https:\/\/www.choral-events.com\/en\/chorales\/cantabile-vocal-ensemble\/\" target=\"_self\" aria-label=\"Cantabile Vocal Ensemble\"><img decoding=\"async\" width=\"1280\" height=\"597\" alt=\"Cantabile Vocal Ensemble\" src=\"https:\/\/www.choral-events.com\/wp-content\/uploads\/2025\/02\/2-1.jpeg\" class=\"img-responsive wp-image-49292 img-with-aspect-ratio\" data-parent-fit=\"cover\" data-parent-container=\".fusion-image-element\" srcset=\"https:\/\/www.choral-events.com\/wp-content\/uploads\/2025\/02\/2-1-200x93.jpeg 200w, https:\/\/www.choral-events.com\/wp-content\/uploads\/2025\/02\/2-1-400x187.jpeg 400w, https:\/\/www.choral-events.com\/wp-content\/uploads\/2025\/02\/2-1-600x280.jpeg 600w, https:\/\/www.choral-events.com\/wp-content\/uploads\/2025\/02\/2-1-800x373.jpeg 800w, https:\/\/www.choral-events.com\/wp-content\/uploads\/2025\/02\/2-1-1200x560.jpeg 1200w, https:\/\/www.choral-events.com\/wp-content\/uploads\/2025\/02\/2-1.jpeg 1280w\" sizes=\"(max-width: 1024px) 100vw, (max-width: 640px) 100vw, 1280px\" \/><\/a><\/span><\/div><div class=\"fusion-title title fusion-title-23 fusion-sep-none fusion-title-center fusion-title-text fusion-title-size-paragraph\" style=\"--awb-text-color:var(--awb-color7);--awb-margin-top:10px;--awb-margin-right:5px;--awb-margin-bottom:10px;--awb-margin-left:5px;--awb-margin-top-small:16px;--awb-margin-right-small:0px;--awb-margin-bottom-small:10px;--awb-margin-left-small:0px;--awb-link-color:var(--awb-color7);--awb-font-size:16px;\"><p class=\"fusion-title-heading title-heading-center title-heading-tag fusion-responsive-typography-calculated\" style=\"margin:0;font-size:1em;--fontSize:16;--minFontSize:16;line-height:1.6;\"><a href=\"https:\/\/www.choral-events.com\/en\/chorales\/cantabile-vocal-ensemble\/\" class=\"awb-custom-text-color awb-custom-text-hover-color\" target=\"_self\">Cantabile Vocal Ensemble<\/a><\/p><\/div><div class=\"fusion-separator\" style=\"align-self: center;margin-left: auto;margin-right: auto;flex-grow:10;margin-top:5px;margin-bottom:10px;width:100%;max-width:70px;\"><div class=\"fusion-separator-border sep-single sep-solid\" style=\"--awb-height:20px;--awb-amount:20px;border-color:var(--awb-color2);border-top-width:1px;\"><\/div><\/div><div class=\"fusion-text fusion-text-22\" style=\"--awb-content-alignment:center;--awb-text-transform:capitalize;--awb-text-color:var(--awb-color4);\"><p>France<\/p>\n<\/div><\/div><\/li>\n<li class=\"fusion-layout-column fusion_builder_column fusion-builder-column-23 fusion-flex-column fusion-animated post-card fusion-grid-column fusion-post-cards-grid-column 2020 angleterre fusion-animated\" style=\"--awb-padding-bottom:5px;--awb-overflow:hidden;--awb-bg-color:var(--awb-color1);--awb-bg-color-hover:var(--awb-custom_color_2);--awb-bg-size:cover;--awb-box-shadow:0px 0px 24px hsla(var(--awb-color7-h),var(--awb-color7-s),var(--awb-color7-l),calc(var(--awb-color7-a) - 40%));;--awb-border-color:var(--awb-color4);--awb-border-color-hover:var(--awb-color7);--awb-border-top:1px;--awb-border-right:1px;--awb-border-bottom:1px;--awb-border-left:1px;--awb-border-style:solid;--awb-border-radius:6px 6px 6px 6px;--awb-flex-grow:0;--awb-flex-shrink:0;--awb-flex-grow-medium:0;--awb-flex-shrink-medium:0;--awb-flex-grow-small:0;--awb-flex-shrink-small:0;\" data-animationType=\"fadeIn\" data-animationDuration=\"1.3\" data-animationOffset=\"top-into-view\"><div class=\"fusion-column-wrapper fusion-column-has-shadow fusion-flex-justify-content-flex-start fusion-content-layout-column\"><div class=\"fusion-image-element \" style=\"--awb-aspect-ratio:16 \/ 9;--awb-margin-bottom:10px;--awb-caption-title-font-family:var(--h2_typography-font-family);--awb-caption-title-font-weight:var(--h2_typography-font-weight);--awb-caption-title-font-style:var(--h2_typography-font-style);--awb-caption-title-size:var(--h2_typography-font-size);--awb-caption-title-transform:var(--h2_typography-text-transform);--awb-caption-title-line-height:var(--h2_typography-line-height);--awb-caption-title-letter-spacing:var(--h2_typography-letter-spacing);\"><span class=\" fusion-imageframe imageframe-none imageframe-22 hover-type-none has-aspect-ratio\"><a class=\"fusion-no-lightbox\" href=\"https:\/\/www.choral-events.com\/en\/chorales\/cantamus-girlss-choir\/\" target=\"_self\" aria-label=\"Cantamus-girls-choir-photo-page-web-1\"><img decoding=\"async\" width=\"550\" height=\"350\" src=\"https:\/\/www.choral-events.com\/wp-content\/uploads\/2026\/03\/Cantamus-girls-choir-photo-page-web-1.png\" class=\"img-responsive wp-image-51809 img-with-aspect-ratio\" data-parent-fit=\"cover\" data-parent-container=\".fusion-image-element\" alt srcset=\"https:\/\/www.choral-events.com\/wp-content\/uploads\/2026\/03\/Cantamus-girls-choir-photo-page-web-1-200x127.png 200w, https:\/\/www.choral-events.com\/wp-content\/uploads\/2026\/03\/Cantamus-girls-choir-photo-page-web-1-400x255.png 400w, https:\/\/www.choral-events.com\/wp-content\/uploads\/2026\/03\/Cantamus-girls-choir-photo-page-web-1.png 550w\" sizes=\"(max-width: 1024px) 100vw, (max-width: 640px) 100vw, 550px\" \/><\/a><\/span><\/div><div class=\"fusion-title title fusion-title-24 fusion-sep-none fusion-title-center fusion-title-text fusion-title-size-paragraph\" style=\"--awb-text-color:var(--awb-color7);--awb-margin-top:10px;--awb-margin-right:5px;--awb-margin-bottom:10px;--awb-margin-left:5px;--awb-margin-top-small:16px;--awb-margin-right-small:0px;--awb-margin-bottom-small:10px;--awb-margin-left-small:0px;--awb-link-color:var(--awb-color7);--awb-font-size:16px;\"><p class=\"fusion-title-heading title-heading-center title-heading-tag fusion-responsive-typography-calculated\" style=\"margin:0;font-size:1em;--fontSize:16;--minFontSize:16;line-height:1.6;\"><a href=\"https:\/\/www.choral-events.com\/en\/chorales\/cantamus-girlss-choir\/\" class=\"awb-custom-text-color awb-custom-text-hover-color\" target=\"_self\">Cantamus Girls\u2019s Choir<\/a><\/p><\/div><div class=\"fusion-separator\" style=\"align-self: center;margin-left: auto;margin-right: auto;flex-grow:10;margin-top:5px;margin-bottom:10px;width:100%;max-width:70px;\"><div class=\"fusion-separator-border sep-single sep-solid\" style=\"--awb-height:20px;--awb-amount:20px;border-color:var(--awb-color2);border-top-width:1px;\"><\/div><\/div><div class=\"fusion-text fusion-text-23\" style=\"--awb-content-alignment:center;--awb-text-transform:capitalize;--awb-text-color:var(--awb-color4);\"><p>Angleterre<\/p>\n<\/div><\/div><\/li>\n<li class=\"fusion-layout-column fusion_builder_column fusion-builder-column-24 fusion-flex-column fusion-animated post-card fusion-grid-column fusion-post-cards-grid-column 2025 poland fusion-animated\" style=\"--awb-padding-bottom:5px;--awb-overflow:hidden;--awb-bg-color:var(--awb-color1);--awb-bg-color-hover:var(--awb-custom_color_2);--awb-bg-size:cover;--awb-box-shadow:0px 0px 24px hsla(var(--awb-color7-h),var(--awb-color7-s),var(--awb-color7-l),calc(var(--awb-color7-a) - 40%));;--awb-border-color:var(--awb-color4);--awb-border-color-hover:var(--awb-color7);--awb-border-top:1px;--awb-border-right:1px;--awb-border-bottom:1px;--awb-border-left:1px;--awb-border-style:solid;--awb-border-radius:6px 6px 6px 6px;--awb-flex-grow:0;--awb-flex-shrink:0;--awb-flex-grow-medium:0;--awb-flex-shrink-medium:0;--awb-flex-grow-small:0;--awb-flex-shrink-small:0;\" data-animationType=\"fadeIn\" data-animationDuration=\"1.3\" data-animationOffset=\"top-into-view\"><div class=\"fusion-column-wrapper fusion-column-has-shadow fusion-flex-justify-content-flex-start fusion-content-layout-column\"><div class=\"fusion-image-element \" style=\"--awb-aspect-ratio:16 \/ 9;--awb-margin-bottom:10px;--awb-caption-title-font-family:var(--h2_typography-font-family);--awb-caption-title-font-weight:var(--h2_typography-font-weight);--awb-caption-title-font-style:var(--h2_typography-font-style);--awb-caption-title-size:var(--h2_typography-font-size);--awb-caption-title-transform:var(--h2_typography-text-transform);--awb-caption-title-line-height:var(--h2_typography-line-height);--awb-caption-title-letter-spacing:var(--h2_typography-letter-spacing);\"><span class=\" fusion-imageframe imageframe-none imageframe-23 hover-type-none has-aspect-ratio\"><a class=\"fusion-no-lightbox\" href=\"https:\/\/www.choral-events.com\/en\/chorales\/cantate-deo-choir\/\" target=\"_self\" aria-label=\"Cantate Deo Choir &#8211; Poland\"><img decoding=\"async\" width=\"600\" height=\"600\" src=\"https:\/\/www.choral-events.com\/wp-content\/uploads\/2025\/03\/Chor-Cantate-Deo-Pologne.jpg\" class=\"img-responsive wp-image-49403 img-with-aspect-ratio\" data-parent-fit=\"cover\" data-parent-container=\".fusion-image-element\" alt srcset=\"https:\/\/www.choral-events.com\/wp-content\/uploads\/2025\/03\/Chor-Cantate-Deo-Pologne-200x200.jpg 200w, https:\/\/www.choral-events.com\/wp-content\/uploads\/2025\/03\/Chor-Cantate-Deo-Pologne-400x400.jpg 400w, https:\/\/www.choral-events.com\/wp-content\/uploads\/2025\/03\/Chor-Cantate-Deo-Pologne.jpg 600w\" sizes=\"(max-width: 1024px) 100vw, (max-width: 640px) 100vw, 600px\" \/><\/a><\/span><\/div><div class=\"fusion-title title fusion-title-25 fusion-sep-none fusion-title-center fusion-title-text fusion-title-size-paragraph\" style=\"--awb-text-color:var(--awb-color7);--awb-margin-top:10px;--awb-margin-right:5px;--awb-margin-bottom:10px;--awb-margin-left:5px;--awb-margin-top-small:16px;--awb-margin-right-small:0px;--awb-margin-bottom-small:10px;--awb-margin-left-small:0px;--awb-link-color:var(--awb-color7);--awb-font-size:16px;\"><p class=\"fusion-title-heading title-heading-center title-heading-tag fusion-responsive-typography-calculated\" style=\"margin:0;font-size:1em;--fontSize:16;--minFontSize:16;line-height:1.6;\"><a href=\"https:\/\/www.choral-events.com\/en\/chorales\/cantate-deo-choir\/\" class=\"awb-custom-text-color awb-custom-text-hover-color\" target=\"_self\">Cantate Deo Choir<\/a><\/p><\/div><div class=\"fusion-separator\" style=\"align-self: center;margin-left: auto;margin-right: auto;flex-grow:10;margin-top:5px;margin-bottom:10px;width:100%;max-width:70px;\"><div class=\"fusion-separator-border sep-single sep-solid\" style=\"--awb-height:20px;--awb-amount:20px;border-color:var(--awb-color2);border-top-width:1px;\"><\/div><\/div><div class=\"fusion-text fusion-text-24\" style=\"--awb-content-alignment:center;--awb-text-transform:capitalize;--awb-text-color:var(--awb-color4);\"><p>Poland<\/p>\n<\/div><\/div><\/li>\n<li class=\"fusion-layout-column fusion_builder_column fusion-builder-column-25 fusion-flex-column fusion-animated post-card fusion-grid-column fusion-post-cards-grid-column 2022 belgium fusion-animated\" style=\"--awb-padding-bottom:5px;--awb-overflow:hidden;--awb-bg-color:var(--awb-color1);--awb-bg-color-hover:var(--awb-custom_color_2);--awb-bg-size:cover;--awb-box-shadow:0px 0px 24px hsla(var(--awb-color7-h),var(--awb-color7-s),var(--awb-color7-l),calc(var(--awb-color7-a) - 40%));;--awb-border-color:var(--awb-color4);--awb-border-color-hover:var(--awb-color7);--awb-border-top:1px;--awb-border-right:1px;--awb-border-bottom:1px;--awb-border-left:1px;--awb-border-style:solid;--awb-border-radius:6px 6px 6px 6px;--awb-flex-grow:0;--awb-flex-shrink:0;--awb-flex-grow-medium:0;--awb-flex-shrink-medium:0;--awb-flex-grow-small:0;--awb-flex-shrink-small:0;\" data-animationType=\"fadeIn\" data-animationDuration=\"1.3\" data-animationOffset=\"top-into-view\"><div class=\"fusion-column-wrapper fusion-column-has-shadow fusion-flex-justify-content-flex-start fusion-content-layout-column\"><div class=\"fusion-image-element \" style=\"--awb-aspect-ratio:16 \/ 9;--awb-margin-bottom:10px;--awb-caption-title-font-family:var(--h2_typography-font-family);--awb-caption-title-font-weight:var(--h2_typography-font-weight);--awb-caption-title-font-style:var(--h2_typography-font-style);--awb-caption-title-size:var(--h2_typography-font-size);--awb-caption-title-transform:var(--h2_typography-text-transform);--awb-caption-title-line-height:var(--h2_typography-line-height);--awb-caption-title-letter-spacing:var(--h2_typography-letter-spacing);\"><span class=\" fusion-imageframe imageframe-none imageframe-24 hover-type-none has-aspect-ratio\"><a class=\"fusion-no-lightbox\" href=\"https:\/\/www.choral-events.com\/en\/chorales\/cantate-domino\/\" target=\"_self\"><img decoding=\"async\" src=\"https:\/\/www.choral-events.eskale.fr\/wp-content\/uploads\/2026\/02\/Chorales-2022.jpg\" class=\"img-responsive img-with-aspect-ratio\" data-parent-fit=\"cover\" data-parent-container=\".fusion-image-element\" alt \/><\/a><\/span><\/div><div class=\"fusion-title title fusion-title-26 fusion-sep-none fusion-title-center fusion-title-text fusion-title-size-paragraph\" style=\"--awb-text-color:var(--awb-color7);--awb-margin-top:10px;--awb-margin-right:5px;--awb-margin-bottom:10px;--awb-margin-left:5px;--awb-margin-top-small:16px;--awb-margin-right-small:0px;--awb-margin-bottom-small:10px;--awb-margin-left-small:0px;--awb-link-color:var(--awb-color7);--awb-font-size:16px;\"><p class=\"fusion-title-heading title-heading-center title-heading-tag fusion-responsive-typography-calculated\" style=\"margin:0;font-size:1em;--fontSize:16;--minFontSize:16;line-height:1.6;\"><a href=\"https:\/\/www.choral-events.com\/en\/chorales\/cantate-domino\/\" class=\"awb-custom-text-color awb-custom-text-hover-color\" target=\"_self\">Cantate Domino<\/a><\/p><\/div><div class=\"fusion-separator\" style=\"align-self: center;margin-left: auto;margin-right: auto;flex-grow:10;margin-top:5px;margin-bottom:10px;width:100%;max-width:70px;\"><div class=\"fusion-separator-border sep-single sep-solid\" style=\"--awb-height:20px;--awb-amount:20px;border-color:var(--awb-color2);border-top-width:1px;\"><\/div><\/div><div class=\"fusion-text fusion-text-25\" style=\"--awb-content-alignment:center;--awb-text-transform:capitalize;--awb-text-color:var(--awb-color4);\"><p>Belgium<\/p>\n<\/div><\/div><\/li>\n<li class=\"fusion-layout-column fusion_builder_column fusion-builder-column-26 fusion-flex-column fusion-animated post-card fusion-grid-column fusion-post-cards-grid-column 2022 portugal fusion-animated\" style=\"--awb-padding-bottom:5px;--awb-overflow:hidden;--awb-bg-color:var(--awb-color1);--awb-bg-color-hover:var(--awb-custom_color_2);--awb-bg-size:cover;--awb-box-shadow:0px 0px 24px hsla(var(--awb-color7-h),var(--awb-color7-s),var(--awb-color7-l),calc(var(--awb-color7-a) - 40%));;--awb-border-color:var(--awb-color4);--awb-border-color-hover:var(--awb-color7);--awb-border-top:1px;--awb-border-right:1px;--awb-border-bottom:1px;--awb-border-left:1px;--awb-border-style:solid;--awb-border-radius:6px 6px 6px 6px;--awb-flex-grow:0;--awb-flex-shrink:0;--awb-flex-grow-medium:0;--awb-flex-shrink-medium:0;--awb-flex-grow-small:0;--awb-flex-shrink-small:0;\" data-animationType=\"fadeIn\" data-animationDuration=\"1.3\" data-animationOffset=\"top-into-view\"><div class=\"fusion-column-wrapper fusion-column-has-shadow fusion-flex-justify-content-flex-start fusion-content-layout-column\"><div class=\"fusion-image-element \" style=\"--awb-aspect-ratio:16 \/ 9;--awb-margin-bottom:10px;--awb-caption-title-font-family:var(--h2_typography-font-family);--awb-caption-title-font-weight:var(--h2_typography-font-weight);--awb-caption-title-font-style:var(--h2_typography-font-style);--awb-caption-title-size:var(--h2_typography-font-size);--awb-caption-title-transform:var(--h2_typography-text-transform);--awb-caption-title-line-height:var(--h2_typography-line-height);--awb-caption-title-letter-spacing:var(--h2_typography-letter-spacing);\"><span class=\" fusion-imageframe imageframe-none imageframe-25 hover-type-none has-aspect-ratio\"><a class=\"fusion-no-lightbox\" href=\"https:\/\/www.choral-events.com\/en\/chorales\/carmo-youth-choir\/\" target=\"_self\" aria-label=\"1_Coro-Juvenil-do-Carmo-Portugal-photo-page-web-\"><img decoding=\"async\" width=\"550\" height=\"350\" src=\"https:\/\/www.choral-events.com\/wp-content\/uploads\/2026\/02\/1_Coro-Juvenil-do-Carmo-Portugal-photo-page-web-.jpg\" class=\"img-responsive wp-image-51687 img-with-aspect-ratio\" data-parent-fit=\"cover\" data-parent-container=\".fusion-image-element\" alt srcset=\"https:\/\/www.choral-events.com\/wp-content\/uploads\/2026\/02\/1_Coro-Juvenil-do-Carmo-Portugal-photo-page-web--200x127.jpg 200w, https:\/\/www.choral-events.com\/wp-content\/uploads\/2026\/02\/1_Coro-Juvenil-do-Carmo-Portugal-photo-page-web--400x255.jpg 400w, https:\/\/www.choral-events.com\/wp-content\/uploads\/2026\/02\/1_Coro-Juvenil-do-Carmo-Portugal-photo-page-web-.jpg 550w\" sizes=\"(max-width: 1024px) 100vw, (max-width: 640px) 100vw, 550px\" \/><\/a><\/span><\/div><div class=\"fusion-title title fusion-title-27 fusion-sep-none fusion-title-center fusion-title-text fusion-title-size-paragraph\" style=\"--awb-text-color:var(--awb-color7);--awb-margin-top:10px;--awb-margin-right:5px;--awb-margin-bottom:10px;--awb-margin-left:5px;--awb-margin-top-small:16px;--awb-margin-right-small:0px;--awb-margin-bottom-small:10px;--awb-margin-left-small:0px;--awb-link-color:var(--awb-color7);--awb-font-size:16px;\"><p class=\"fusion-title-heading title-heading-center title-heading-tag fusion-responsive-typography-calculated\" style=\"margin:0;font-size:1em;--fontSize:16;--minFontSize:16;line-height:1.6;\"><a href=\"https:\/\/www.choral-events.com\/en\/chorales\/carmo-youth-choir\/\" class=\"awb-custom-text-color awb-custom-text-hover-color\" target=\"_self\">Carmo Youth Choir<\/a><\/p><\/div><div class=\"fusion-separator\" style=\"align-self: center;margin-left: auto;margin-right: auto;flex-grow:10;margin-top:5px;margin-bottom:10px;width:100%;max-width:70px;\"><div class=\"fusion-separator-border sep-single sep-solid\" style=\"--awb-height:20px;--awb-amount:20px;border-color:var(--awb-color2);border-top-width:1px;\"><\/div><\/div><div class=\"fusion-text fusion-text-26\" style=\"--awb-content-alignment:center;--awb-text-transform:capitalize;--awb-text-color:var(--awb-color4);\"><p>Portugal<\/p>\n<\/div><\/div><\/li>\n<li class=\"fusion-layout-column fusion_builder_column fusion-builder-column-27 fusion-flex-column fusion-animated post-card fusion-grid-column fusion-post-cards-grid-column 2025 france fusion-animated\" style=\"--awb-padding-bottom:5px;--awb-overflow:hidden;--awb-bg-color:var(--awb-color1);--awb-bg-color-hover:var(--awb-custom_color_2);--awb-bg-size:cover;--awb-box-shadow:0px 0px 24px hsla(var(--awb-color7-h),var(--awb-color7-s),var(--awb-color7-l),calc(var(--awb-color7-a) - 40%));;--awb-border-color:var(--awb-color4);--awb-border-color-hover:var(--awb-color7);--awb-border-top:1px;--awb-border-right:1px;--awb-border-bottom:1px;--awb-border-left:1px;--awb-border-style:solid;--awb-border-radius:6px 6px 6px 6px;--awb-flex-grow:0;--awb-flex-shrink:0;--awb-flex-grow-medium:0;--awb-flex-shrink-medium:0;--awb-flex-grow-small:0;--awb-flex-shrink-small:0;\" data-animationType=\"fadeIn\" data-animationDuration=\"1.3\" data-animationOffset=\"top-into-view\"><div class=\"fusion-column-wrapper fusion-column-has-shadow fusion-flex-justify-content-flex-start fusion-content-layout-column\"><div class=\"fusion-image-element \" style=\"--awb-aspect-ratio:16 \/ 9;--awb-margin-bottom:10px;--awb-caption-title-font-family:var(--h2_typography-font-family);--awb-caption-title-font-weight:var(--h2_typography-font-weight);--awb-caption-title-font-style:var(--h2_typography-font-style);--awb-caption-title-size:var(--h2_typography-font-size);--awb-caption-title-transform:var(--h2_typography-text-transform);--awb-caption-title-line-height:var(--h2_typography-line-height);--awb-caption-title-letter-spacing:var(--h2_typography-letter-spacing);\"><span class=\" fusion-imageframe imageframe-none imageframe-26 hover-type-none has-aspect-ratio\"><a class=\"fusion-no-lightbox\" href=\"https:\/\/www.choral-events.com\/en\/chorales\/cerebellia-choir\/\" target=\"_self\" aria-label=\"Choir Festival.\"><img decoding=\"async\" width=\"550\" height=\"350\" alt=\"A group of choristers during an international festival.\" src=\"https:\/\/www.choral-events.com\/wp-content\/uploads\/2026\/01\/Cerebellia-France-photo-page-web-.jpg\" class=\"img-responsive wp-image-49356 img-with-aspect-ratio\" data-parent-fit=\"cover\" data-parent-container=\".fusion-image-element\" srcset=\"https:\/\/www.choral-events.com\/wp-content\/uploads\/2026\/01\/Cerebellia-France-photo-page-web--200x127.jpg 200w, https:\/\/www.choral-events.com\/wp-content\/uploads\/2026\/01\/Cerebellia-France-photo-page-web--400x255.jpg 400w, https:\/\/www.choral-events.com\/wp-content\/uploads\/2026\/01\/Cerebellia-France-photo-page-web-.jpg 550w\" sizes=\"(max-width: 1024px) 100vw, (max-width: 640px) 100vw, 550px\" \/><\/a><\/span><\/div><div class=\"fusion-title title fusion-title-28 fusion-sep-none fusion-title-center fusion-title-text fusion-title-size-paragraph\" style=\"--awb-text-color:var(--awb-color7);--awb-margin-top:10px;--awb-margin-right:5px;--awb-margin-bottom:10px;--awb-margin-left:5px;--awb-margin-top-small:16px;--awb-margin-right-small:0px;--awb-margin-bottom-small:10px;--awb-margin-left-small:0px;--awb-link-color:var(--awb-color7);--awb-font-size:16px;\"><p class=\"fusion-title-heading title-heading-center title-heading-tag fusion-responsive-typography-calculated\" style=\"margin:0;font-size:1em;--fontSize:16;--minFontSize:16;line-height:1.6;\"><a href=\"https:\/\/www.choral-events.com\/en\/chorales\/cerebellia-choir\/\" class=\"awb-custom-text-color awb-custom-text-hover-color\" target=\"_self\">Cerebellia Choir<\/a><\/p><\/div><div class=\"fusion-separator\" style=\"align-self: center;margin-left: auto;margin-right: auto;flex-grow:10;margin-top:5px;margin-bottom:10px;width:100%;max-width:70px;\"><div class=\"fusion-separator-border sep-single sep-solid\" style=\"--awb-height:20px;--awb-amount:20px;border-color:var(--awb-color2);border-top-width:1px;\"><\/div><\/div><div class=\"fusion-text fusion-text-27\" style=\"--awb-content-alignment:center;--awb-text-transform:capitalize;--awb-text-color:var(--awb-color4);\"><p>France<\/p>\n<\/div><\/div><\/li>\n<li class=\"fusion-layout-column fusion_builder_column fusion-builder-column-28 fusion-flex-column fusion-animated post-card fusion-grid-column fusion-post-cards-grid-column 2024 spain fusion-animated\" style=\"--awb-padding-bottom:5px;--awb-overflow:hidden;--awb-bg-color:var(--awb-color1);--awb-bg-color-hover:var(--awb-custom_color_2);--awb-bg-size:cover;--awb-box-shadow:0px 0px 24px hsla(var(--awb-color7-h),var(--awb-color7-s),var(--awb-color7-l),calc(var(--awb-color7-a) - 40%));;--awb-border-color:var(--awb-color4);--awb-border-color-hover:var(--awb-color7);--awb-border-top:1px;--awb-border-right:1px;--awb-border-bottom:1px;--awb-border-left:1px;--awb-border-style:solid;--awb-border-radius:6px 6px 6px 6px;--awb-flex-grow:0;--awb-flex-shrink:0;--awb-flex-grow-medium:0;--awb-flex-shrink-medium:0;--awb-flex-grow-small:0;--awb-flex-shrink-small:0;\" data-animationType=\"fadeIn\" data-animationDuration=\"1.3\" data-animationOffset=\"top-into-view\"><div class=\"fusion-column-wrapper fusion-column-has-shadow fusion-flex-justify-content-flex-start fusion-content-layout-column\"><div class=\"fusion-image-element \" style=\"--awb-aspect-ratio:16 \/ 9;--awb-margin-bottom:10px;--awb-caption-title-font-family:var(--h2_typography-font-family);--awb-caption-title-font-weight:var(--h2_typography-font-weight);--awb-caption-title-font-style:var(--h2_typography-font-style);--awb-caption-title-size:var(--h2_typography-font-size);--awb-caption-title-transform:var(--h2_typography-text-transform);--awb-caption-title-line-height:var(--h2_typography-line-height);--awb-caption-title-letter-spacing:var(--h2_typography-letter-spacing);\"><span class=\" fusion-imageframe imageframe-none imageframe-27 hover-type-none has-aspect-ratio\"><a class=\"fusion-no-lightbox\" href=\"https:\/\/www.choral-events.com\/en\/chorales\/chamber-choir\/\" target=\"_self\" aria-label=\"Spain_Cambra Choir_website photos (2)\"><img decoding=\"async\" width=\"550\" height=\"350\" src=\"https:\/\/www.choral-events.com\/wp-content\/uploads\/2024\/05\/Espagne_Choeur-de-Cambra_photos-page-web-2.jpg\" class=\"img-responsive wp-image-49871 img-with-aspect-ratio\" data-parent-fit=\"cover\" data-parent-container=\".fusion-image-element\" alt srcset=\"https:\/\/www.choral-events.com\/wp-content\/uploads\/2024\/05\/Espagne_Choeur-de-Cambra_photos-page-web-2-200x127.jpg 200w, https:\/\/www.choral-events.com\/wp-content\/uploads\/2024\/05\/Espagne_Choeur-de-Cambra_photos-page-web-2-400x255.jpg 400w, https:\/\/www.choral-events.com\/wp-content\/uploads\/2024\/05\/Espagne_Choeur-de-Cambra_photos-page-web-2.jpg 550w\" sizes=\"(max-width: 1024px) 100vw, (max-width: 640px) 100vw, 550px\" \/><\/a><\/span><\/div><div class=\"fusion-title title fusion-title-29 fusion-sep-none fusion-title-center fusion-title-text fusion-title-size-paragraph\" style=\"--awb-text-color:var(--awb-color7);--awb-margin-top:10px;--awb-margin-right:5px;--awb-margin-bottom:10px;--awb-margin-left:5px;--awb-margin-top-small:16px;--awb-margin-right-small:0px;--awb-margin-bottom-small:10px;--awb-margin-left-small:0px;--awb-link-color:var(--awb-color7);--awb-font-size:16px;\"><p class=\"fusion-title-heading title-heading-center title-heading-tag fusion-responsive-typography-calculated\" style=\"margin:0;font-size:1em;--fontSize:16;--minFontSize:16;line-height:1.6;\"><a href=\"https:\/\/www.choral-events.com\/en\/chorales\/chamber-choir\/\" class=\"awb-custom-text-color awb-custom-text-hover-color\" target=\"_self\">Chamber Choir<\/a><\/p><\/div><div class=\"fusion-separator\" style=\"align-self: center;margin-left: auto;margin-right: auto;flex-grow:10;margin-top:5px;margin-bottom:10px;width:100%;max-width:70px;\"><div class=\"fusion-separator-border sep-single sep-solid\" style=\"--awb-height:20px;--awb-amount:20px;border-color:var(--awb-color2);border-top-width:1px;\"><\/div><\/div><div class=\"fusion-text fusion-text-28\" style=\"--awb-content-alignment:center;--awb-text-transform:capitalize;--awb-text-color:var(--awb-color4);\"><p>Spain<\/p>\n<\/div><\/div><\/li>\n<li class=\"fusion-layout-column fusion_builder_column fusion-builder-column-29 fusion-flex-column fusion-animated post-card fusion-grid-column fusion-post-cards-grid-column 2019 ukraine fusion-animated\" style=\"--awb-padding-bottom:5px;--awb-overflow:hidden;--awb-bg-color:var(--awb-color1);--awb-bg-color-hover:var(--awb-custom_color_2);--awb-bg-size:cover;--awb-box-shadow:0px 0px 24px hsla(var(--awb-color7-h),var(--awb-color7-s),var(--awb-color7-l),calc(var(--awb-color7-a) - 40%));;--awb-border-color:var(--awb-color4);--awb-border-color-hover:var(--awb-color7);--awb-border-top:1px;--awb-border-right:1px;--awb-border-bottom:1px;--awb-border-left:1px;--awb-border-style:solid;--awb-border-radius:6px 6px 6px 6px;--awb-flex-grow:0;--awb-flex-shrink:0;--awb-flex-grow-medium:0;--awb-flex-shrink-medium:0;--awb-flex-grow-small:0;--awb-flex-shrink-small:0;\" data-animationType=\"fadeIn\" data-animationDuration=\"1.3\" data-animationOffset=\"top-into-view\"><div class=\"fusion-column-wrapper fusion-column-has-shadow fusion-flex-justify-content-flex-start fusion-content-layout-column\"><div class=\"fusion-image-element \" style=\"--awb-aspect-ratio:16 \/ 9;--awb-margin-bottom:10px;--awb-caption-title-font-family:var(--h2_typography-font-family);--awb-caption-title-font-weight:var(--h2_typography-font-weight);--awb-caption-title-font-style:var(--h2_typography-font-style);--awb-caption-title-size:var(--h2_typography-font-size);--awb-caption-title-transform:var(--h2_typography-text-transform);--awb-caption-title-line-height:var(--h2_typography-line-height);--awb-caption-title-letter-spacing:var(--h2_typography-letter-spacing);\"><span class=\" fusion-imageframe imageframe-none imageframe-28 hover-type-none has-aspect-ratio\"><a class=\"fusion-no-lightbox\" href=\"https:\/\/www.choral-events.com\/en\/chorales\/chamber-choir-sophia\/\" target=\"_self\" aria-label=\"sophia3-1-550&#215;350\"><img decoding=\"async\" width=\"550\" height=\"350\" src=\"https:\/\/www.choral-events.com\/wp-content\/uploads\/2026\/03\/sophia3-1-550x350-1.jpeg\" class=\"img-responsive wp-image-51438 img-with-aspect-ratio\" data-parent-fit=\"cover\" data-parent-container=\".fusion-image-element\" alt srcset=\"https:\/\/www.choral-events.com\/wp-content\/uploads\/2026\/03\/sophia3-1-550x350-1-200x127.jpeg 200w, https:\/\/www.choral-events.com\/wp-content\/uploads\/2026\/03\/sophia3-1-550x350-1-400x255.jpeg 400w, https:\/\/www.choral-events.com\/wp-content\/uploads\/2026\/03\/sophia3-1-550x350-1.jpeg 550w\" sizes=\"(max-width: 1024px) 100vw, (max-width: 640px) 100vw, 550px\" \/><\/a><\/span><\/div><div class=\"fusion-title title fusion-title-30 fusion-sep-none fusion-title-center fusion-title-text fusion-title-size-paragraph\" style=\"--awb-text-color:var(--awb-color7);--awb-margin-top:10px;--awb-margin-right:5px;--awb-margin-bottom:10px;--awb-margin-left:5px;--awb-margin-top-small:16px;--awb-margin-right-small:0px;--awb-margin-bottom-small:10px;--awb-margin-left-small:0px;--awb-link-color:var(--awb-color7);--awb-font-size:16px;\"><p class=\"fusion-title-heading title-heading-center title-heading-tag fusion-responsive-typography-calculated\" style=\"margin:0;font-size:1em;--fontSize:16;--minFontSize:16;line-height:1.6;\"><a href=\"https:\/\/www.choral-events.com\/en\/chorales\/chamber-choir-sophia\/\" class=\"awb-custom-text-color awb-custom-text-hover-color\" target=\"_self\">Chamber Choir Sophia<\/a><\/p><\/div><div class=\"fusion-separator\" style=\"align-self: center;margin-left: auto;margin-right: auto;flex-grow:10;margin-top:5px;margin-bottom:10px;width:100%;max-width:70px;\"><div class=\"fusion-separator-border sep-single sep-solid\" style=\"--awb-height:20px;--awb-amount:20px;border-color:var(--awb-color2);border-top-width:1px;\"><\/div><\/div><div class=\"fusion-text fusion-text-29\" style=\"--awb-content-alignment:center;--awb-text-transform:capitalize;--awb-text-color:var(--awb-color4);\"><p>Ukraine<\/p>\n<\/div><\/div><\/li>\n<li class=\"fusion-layout-column fusion_builder_column fusion-builder-column-30 fusion-flex-column fusion-animated post-card fusion-grid-column fusion-post-cards-grid-column 2025 lithuania fusion-animated\" style=\"--awb-padding-bottom:5px;--awb-overflow:hidden;--awb-bg-color:var(--awb-color1);--awb-bg-color-hover:var(--awb-custom_color_2);--awb-bg-size:cover;--awb-box-shadow:0px 0px 24px hsla(var(--awb-color7-h),var(--awb-color7-s),var(--awb-color7-l),calc(var(--awb-color7-a) - 40%));;--awb-border-color:var(--awb-color4);--awb-border-color-hover:var(--awb-color7);--awb-border-top:1px;--awb-border-right:1px;--awb-border-bottom:1px;--awb-border-left:1px;--awb-border-style:solid;--awb-border-radius:6px 6px 6px 6px;--awb-flex-grow:0;--awb-flex-shrink:0;--awb-flex-grow-medium:0;--awb-flex-shrink-medium:0;--awb-flex-grow-small:0;--awb-flex-shrink-small:0;\" data-animationType=\"fadeIn\" data-animationDuration=\"1.3\" data-animationOffset=\"top-into-view\"><div class=\"fusion-column-wrapper fusion-column-has-shadow fusion-flex-justify-content-flex-start fusion-content-layout-column\"><div class=\"fusion-image-element \" style=\"--awb-aspect-ratio:16 \/ 9;--awb-margin-bottom:10px;--awb-caption-title-font-family:var(--h2_typography-font-family);--awb-caption-title-font-weight:var(--h2_typography-font-weight);--awb-caption-title-font-style:var(--h2_typography-font-style);--awb-caption-title-size:var(--h2_typography-font-size);--awb-caption-title-transform:var(--h2_typography-text-transform);--awb-caption-title-line-height:var(--h2_typography-line-height);--awb-caption-title-letter-spacing:var(--h2_typography-letter-spacing);\"><span class=\" fusion-imageframe imageframe-none imageframe-29 hover-type-none has-aspect-ratio\"><a class=\"fusion-no-lightbox\" href=\"https:\/\/www.choral-events.com\/en\/chorales\/chamber-mixed-choir-of-vilnius-university-hospital-santara\/\" target=\"_self\" aria-label=\"Santara choir photo (002)\"><img decoding=\"async\" width=\"2560\" height=\"2560\" src=\"https:\/\/www.choral-events.com\/wp-content\/uploads\/2025\/05\/Santara-choir-photo-002-scaled-1.jpg\" class=\"img-responsive wp-image-49373 img-with-aspect-ratio\" data-parent-fit=\"cover\" data-parent-container=\".fusion-image-element\" alt srcset=\"https:\/\/www.choral-events.com\/wp-content\/uploads\/2025\/05\/Santara-choir-photo-002-scaled-1-200x200.jpg 200w, https:\/\/www.choral-events.com\/wp-content\/uploads\/2025\/05\/Santara-choir-photo-002-scaled-1-400x400.jpg 400w, https:\/\/www.choral-events.com\/wp-content\/uploads\/2025\/05\/Santara-choir-photo-002-scaled-1-600x600.jpg 600w, https:\/\/www.choral-events.com\/wp-content\/uploads\/2025\/05\/Santara-choir-photo-002-scaled-1-800x800.jpg 800w, https:\/\/www.choral-events.com\/wp-content\/uploads\/2025\/05\/Santara-choir-photo-002-scaled-1-1200x1200.jpg 1200w, https:\/\/www.choral-events.com\/wp-content\/uploads\/2025\/05\/Santara-choir-photo-002-scaled-1.jpg 2560w\" sizes=\"(max-width: 1024px) 100vw, (max-width: 640px) 100vw, 2560px\" \/><\/a><\/span><\/div><div class=\"fusion-title title fusion-title-31 fusion-sep-none fusion-title-center fusion-title-text fusion-title-size-paragraph\" style=\"--awb-text-color:var(--awb-color7);--awb-margin-top:10px;--awb-margin-right:5px;--awb-margin-bottom:10px;--awb-margin-left:5px;--awb-margin-top-small:16px;--awb-margin-right-small:0px;--awb-margin-bottom-small:10px;--awb-margin-left-small:0px;--awb-link-color:var(--awb-color7);--awb-font-size:16px;\"><p class=\"fusion-title-heading title-heading-center title-heading-tag fusion-responsive-typography-calculated\" style=\"margin:0;font-size:1em;--fontSize:16;--minFontSize:16;line-height:1.6;\"><a href=\"https:\/\/www.choral-events.com\/en\/chorales\/chamber-mixed-choir-of-vilnius-university-hospital-santara\/\" class=\"awb-custom-text-color awb-custom-text-hover-color\" target=\"_self\">Chamber Mixed Choir of Vilnius University Hospital Santara<\/a><\/p><\/div><div class=\"fusion-separator\" style=\"align-self: center;margin-left: auto;margin-right: auto;flex-grow:10;margin-top:5px;margin-bottom:10px;width:100%;max-width:70px;\"><div class=\"fusion-separator-border sep-single sep-solid\" style=\"--awb-height:20px;--awb-amount:20px;border-color:var(--awb-color2);border-top-width:1px;\"><\/div><\/div><div class=\"fusion-text fusion-text-30\" style=\"--awb-content-alignment:center;--awb-text-transform:capitalize;--awb-text-color:var(--awb-color4);\"><p>Lithuania<\/p>\n<\/div><\/div><\/li>\n<li class=\"fusion-layout-column fusion_builder_column fusion-builder-column-31 fusion-flex-column fusion-animated post-card fusion-grid-column fusion-post-cards-grid-column 2026 china fusion-animated\" style=\"--awb-padding-bottom:5px;--awb-overflow:hidden;--awb-bg-color:var(--awb-color1);--awb-bg-color-hover:var(--awb-custom_color_2);--awb-bg-size:cover;--awb-box-shadow:0px 0px 24px hsla(var(--awb-color7-h),var(--awb-color7-s),var(--awb-color7-l),calc(var(--awb-color7-a) - 40%));;--awb-border-color:var(--awb-color4);--awb-border-color-hover:var(--awb-color7);--awb-border-top:1px;--awb-border-right:1px;--awb-border-bottom:1px;--awb-border-left:1px;--awb-border-style:solid;--awb-border-radius:6px 6px 6px 6px;--awb-flex-grow:0;--awb-flex-shrink:0;--awb-flex-grow-medium:0;--awb-flex-shrink-medium:0;--awb-flex-grow-small:0;--awb-flex-shrink-small:0;\" data-animationType=\"fadeIn\" data-animationDuration=\"1.3\" data-animationOffset=\"top-into-view\"><div class=\"fusion-column-wrapper fusion-column-has-shadow fusion-flex-justify-content-flex-start fusion-content-layout-column\"><div class=\"fusion-image-element \" style=\"--awb-aspect-ratio:16 \/ 9;--awb-margin-bottom:10px;--awb-caption-title-font-family:var(--h2_typography-font-family);--awb-caption-title-font-weight:var(--h2_typography-font-weight);--awb-caption-title-font-style:var(--h2_typography-font-style);--awb-caption-title-size:var(--h2_typography-font-size);--awb-caption-title-transform:var(--h2_typography-text-transform);--awb-caption-title-line-height:var(--h2_typography-line-height);--awb-caption-title-letter-spacing:var(--h2_typography-letter-spacing);\"><span class=\" fusion-imageframe imageframe-none imageframe-30 hover-type-none has-aspect-ratio\"><a class=\"fusion-no-lightbox\" href=\"https:\/\/www.choral-events.com\/en\/chorales\/taipei-philharmonic-youth-childrens-choir\/\" target=\"_self\" aria-label=\"foto \u5152\u5718\"><img decoding=\"async\" width=\"2560\" height=\"1707\" src=\"https:\/\/www.choral-events.com\/wp-content\/uploads\/2026\/03\/foto-\u5152\u5718-scaled.jpg\" class=\"img-responsive wp-image-52505 img-with-aspect-ratio\" data-parent-fit=\"cover\" data-parent-container=\".fusion-image-element\" alt srcset=\"https:\/\/www.choral-events.com\/wp-content\/uploads\/2026\/03\/foto-\u5152\u5718-200x133.jpg 200w, https:\/\/www.choral-events.com\/wp-content\/uploads\/2026\/03\/foto-\u5152\u5718-400x267.jpg 400w, https:\/\/www.choral-events.com\/wp-content\/uploads\/2026\/03\/foto-\u5152\u5718-600x400.jpg 600w, https:\/\/www.choral-events.com\/wp-content\/uploads\/2026\/03\/foto-\u5152\u5718-800x533.jpg 800w, https:\/\/www.choral-events.com\/wp-content\/uploads\/2026\/03\/foto-\u5152\u5718-1200x800.jpg 1200w, https:\/\/www.choral-events.com\/wp-content\/uploads\/2026\/03\/foto-\u5152\u5718-scaled.jpg 2560w\" sizes=\"(max-width: 1024px) 100vw, (max-width: 640px) 100vw, 2560px\" \/><\/a><\/span><\/div><div class=\"fusion-title title fusion-title-32 fusion-sep-none fusion-title-center fusion-title-text fusion-title-size-paragraph\" style=\"--awb-text-color:var(--awb-color7);--awb-margin-top:10px;--awb-margin-right:5px;--awb-margin-bottom:10px;--awb-margin-left:5px;--awb-margin-top-small:16px;--awb-margin-right-small:0px;--awb-margin-bottom-small:10px;--awb-margin-left-small:0px;--awb-link-color:var(--awb-color7);--awb-font-size:16px;\"><p class=\"fusion-title-heading title-heading-center title-heading-tag fusion-responsive-typography-calculated\" style=\"margin:0;font-size:1em;--fontSize:16;--minFontSize:16;line-height:1.6;\"><a href=\"https:\/\/www.choral-events.com\/en\/chorales\/taipei-philharmonic-youth-childrens-choir\/\" class=\"awb-custom-text-color awb-custom-text-hover-color\" target=\"_self\">Chinese Taipei Philharmonic Youth &amp; Children&#8217;s Choir<\/a><\/p><\/div><div class=\"fusion-separator\" style=\"align-self: center;margin-left: auto;margin-right: auto;flex-grow:10;margin-top:5px;margin-bottom:10px;width:100%;max-width:70px;\"><div class=\"fusion-separator-border sep-single sep-solid\" style=\"--awb-height:20px;--awb-amount:20px;border-color:var(--awb-color2);border-top-width:1px;\"><\/div><\/div><div class=\"fusion-text fusion-text-31\" style=\"--awb-content-alignment:center;--awb-text-transform:capitalize;--awb-text-color:var(--awb-color4);\"><p>China<\/p>\n<\/div><\/div><\/li>\n<li class=\"fusion-layout-column fusion_builder_column fusion-builder-column-32 fusion-flex-column fusion-animated post-card fusion-grid-column fusion-post-cards-grid-column 2020 suisse fusion-animated\" style=\"--awb-padding-bottom:5px;--awb-overflow:hidden;--awb-bg-color:var(--awb-color1);--awb-bg-color-hover:var(--awb-custom_color_2);--awb-bg-size:cover;--awb-box-shadow:0px 0px 24px hsla(var(--awb-color7-h),var(--awb-color7-s),var(--awb-color7-l),calc(var(--awb-color7-a) - 40%));;--awb-border-color:var(--awb-color4);--awb-border-color-hover:var(--awb-color7);--awb-border-top:1px;--awb-border-right:1px;--awb-border-bottom:1px;--awb-border-left:1px;--awb-border-style:solid;--awb-border-radius:6px 6px 6px 6px;--awb-flex-grow:0;--awb-flex-shrink:0;--awb-flex-grow-medium:0;--awb-flex-shrink-medium:0;--awb-flex-grow-small:0;--awb-flex-shrink-small:0;\" data-animationType=\"fadeIn\" data-animationDuration=\"1.3\" data-animationOffset=\"top-into-view\"><div class=\"fusion-column-wrapper fusion-column-has-shadow fusion-flex-justify-content-flex-start fusion-content-layout-column\"><div class=\"fusion-image-element \" style=\"--awb-aspect-ratio:16 \/ 9;--awb-margin-bottom:10px;--awb-caption-title-font-family:var(--h2_typography-font-family);--awb-caption-title-font-weight:var(--h2_typography-font-weight);--awb-caption-title-font-style:var(--h2_typography-font-style);--awb-caption-title-size:var(--h2_typography-font-size);--awb-caption-title-transform:var(--h2_typography-text-transform);--awb-caption-title-line-height:var(--h2_typography-line-height);--awb-caption-title-letter-spacing:var(--h2_typography-letter-spacing);\"><span class=\" fusion-imageframe imageframe-none imageframe-31 hover-type-none has-aspect-ratio\"><a class=\"fusion-no-lightbox\" href=\"https:\/\/www.choral-events.com\/en\/chorales\/choeur-a-coeur\/\" target=\"_self\" aria-label=\"Choeur-\u00e0-Coeur-photo-Suisse-2-550&#215;350\"><img decoding=\"async\" width=\"550\" height=\"350\" src=\"https:\/\/www.choral-events.com\/wp-content\/uploads\/2026\/03\/Choeur-a-Coeur-photo-Suisse-2-550x350-1.jpg\" class=\"img-responsive wp-image-51813 img-with-aspect-ratio\" data-parent-fit=\"cover\" data-parent-container=\".fusion-image-element\" alt srcset=\"https:\/\/www.choral-events.com\/wp-content\/uploads\/2026\/03\/Choeur-a-Coeur-photo-Suisse-2-550x350-1-200x127.jpg 200w, https:\/\/www.choral-events.com\/wp-content\/uploads\/2026\/03\/Choeur-a-Coeur-photo-Suisse-2-550x350-1-400x255.jpg 400w, https:\/\/www.choral-events.com\/wp-content\/uploads\/2026\/03\/Choeur-a-Coeur-photo-Suisse-2-550x350-1.jpg 550w\" sizes=\"(max-width: 1024px) 100vw, (max-width: 640px) 100vw, 550px\" \/><\/a><\/span><\/div><div class=\"fusion-title title fusion-title-33 fusion-sep-none fusion-title-center fusion-title-text fusion-title-size-paragraph\" style=\"--awb-text-color:var(--awb-color7);--awb-margin-top:10px;--awb-margin-right:5px;--awb-margin-bottom:10px;--awb-margin-left:5px;--awb-margin-top-small:16px;--awb-margin-right-small:0px;--awb-margin-bottom-small:10px;--awb-margin-left-small:0px;--awb-link-color:var(--awb-color7);--awb-font-size:16px;\"><p class=\"fusion-title-heading title-heading-center title-heading-tag fusion-responsive-typography-calculated\" style=\"margin:0;font-size:1em;--fontSize:16;--minFontSize:16;line-height:1.6;\"><a href=\"https:\/\/www.choral-events.com\/en\/chorales\/choeur-a-coeur\/\" class=\"awb-custom-text-color awb-custom-text-hover-color\" target=\"_self\">Ch\u0153ur \u00e0 C\u0153ur<\/a><\/p><\/div><div class=\"fusion-separator\" style=\"align-self: center;margin-left: auto;margin-right: auto;flex-grow:10;margin-top:5px;margin-bottom:10px;width:100%;max-width:70px;\"><div class=\"fusion-separator-border sep-single sep-solid\" style=\"--awb-height:20px;--awb-amount:20px;border-color:var(--awb-color2);border-top-width:1px;\"><\/div><\/div><div class=\"fusion-text fusion-text-32\" style=\"--awb-content-alignment:center;--awb-text-transform:capitalize;--awb-text-color:var(--awb-color4);\"><p>Suisse<\/p>\n<\/div><\/div><\/li>\n<li class=\"fusion-layout-column fusion_builder_column fusion-builder-column-33 fusion-flex-column fusion-animated post-card fusion-grid-column fusion-post-cards-grid-column 2019 portugal fusion-animated\" style=\"--awb-padding-bottom:5px;--awb-overflow:hidden;--awb-bg-color:var(--awb-color1);--awb-bg-color-hover:var(--awb-custom_color_2);--awb-bg-size:cover;--awb-box-shadow:0px 0px 24px hsla(var(--awb-color7-h),var(--awb-color7-s),var(--awb-color7-l),calc(var(--awb-color7-a) - 40%));;--awb-border-color:var(--awb-color4);--awb-border-color-hover:var(--awb-color7);--awb-border-top:1px;--awb-border-right:1px;--awb-border-bottom:1px;--awb-border-left:1px;--awb-border-style:solid;--awb-border-radius:6px 6px 6px 6px;--awb-flex-grow:0;--awb-flex-shrink:0;--awb-flex-grow-medium:0;--awb-flex-shrink-medium:0;--awb-flex-grow-small:0;--awb-flex-shrink-small:0;\" data-animationType=\"fadeIn\" data-animationDuration=\"1.3\" data-animationOffset=\"top-into-view\"><div class=\"fusion-column-wrapper fusion-column-has-shadow fusion-flex-justify-content-flex-start fusion-content-layout-column\"><div class=\"fusion-image-element \" style=\"--awb-aspect-ratio:16 \/ 9;--awb-margin-bottom:10px;--awb-caption-title-font-family:var(--h2_typography-font-family);--awb-caption-title-font-weight:var(--h2_typography-font-weight);--awb-caption-title-font-style:var(--h2_typography-font-style);--awb-caption-title-size:var(--h2_typography-font-size);--awb-caption-title-transform:var(--h2_typography-text-transform);--awb-caption-title-line-height:var(--h2_typography-line-height);--awb-caption-title-letter-spacing:var(--h2_typography-letter-spacing);\"><span class=\" fusion-imageframe imageframe-none imageframe-32 hover-type-none has-aspect-ratio\"><a class=\"fusion-no-lightbox\" href=\"https:\/\/www.choral-events.com\/en\/chorales\/choeur-academique-de-luniversite-de-minho\/\" target=\"_self\" aria-label=\"portugal-1\"><img decoding=\"async\" width=\"550\" height=\"350\" src=\"https:\/\/www.choral-events.com\/wp-content\/uploads\/2026\/03\/portugal-1.jpg\" class=\"img-responsive wp-image-51446 img-with-aspect-ratio\" data-parent-fit=\"cover\" data-parent-container=\".fusion-image-element\" alt srcset=\"https:\/\/www.choral-events.com\/wp-content\/uploads\/2026\/03\/portugal-1-200x127.jpg 200w, https:\/\/www.choral-events.com\/wp-content\/uploads\/2026\/03\/portugal-1-400x255.jpg 400w, https:\/\/www.choral-events.com\/wp-content\/uploads\/2026\/03\/portugal-1.jpg 550w\" sizes=\"(max-width: 1024px) 100vw, (max-width: 640px) 100vw, 550px\" \/><\/a><\/span><\/div><div class=\"fusion-title title fusion-title-34 fusion-sep-none fusion-title-center fusion-title-text fusion-title-size-paragraph\" style=\"--awb-text-color:var(--awb-color7);--awb-margin-top:10px;--awb-margin-right:5px;--awb-margin-bottom:10px;--awb-margin-left:5px;--awb-margin-top-small:16px;--awb-margin-right-small:0px;--awb-margin-bottom-small:10px;--awb-margin-left-small:0px;--awb-link-color:var(--awb-color7);--awb-font-size:16px;\"><p class=\"fusion-title-heading title-heading-center title-heading-tag fusion-responsive-typography-calculated\" style=\"margin:0;font-size:1em;--fontSize:16;--minFontSize:16;line-height:1.6;\"><a href=\"https:\/\/www.choral-events.com\/en\/chorales\/choeur-academique-de-luniversite-de-minho\/\" class=\"awb-custom-text-color awb-custom-text-hover-color\" target=\"_self\">Ch\u0153ur Acad\u00e9mique de l\u2019Universit\u00e9 de Minho<\/a><\/p><\/div><div class=\"fusion-separator\" style=\"align-self: center;margin-left: auto;margin-right: auto;flex-grow:10;margin-top:5px;margin-bottom:10px;width:100%;max-width:70px;\"><div class=\"fusion-separator-border sep-single sep-solid\" style=\"--awb-height:20px;--awb-amount:20px;border-color:var(--awb-color2);border-top-width:1px;\"><\/div><\/div><div class=\"fusion-text fusion-text-33\" style=\"--awb-content-alignment:center;--awb-text-transform:capitalize;--awb-text-color:var(--awb-color4);\"><p>Portugal<\/p>\n<\/div><\/div><\/li>\n<li class=\"fusion-layout-column fusion_builder_column fusion-builder-column-34 fusion-flex-column fusion-animated post-card fusion-grid-column fusion-post-cards-grid-column 2019 france fusion-animated\" style=\"--awb-padding-bottom:5px;--awb-overflow:hidden;--awb-bg-color:var(--awb-color1);--awb-bg-color-hover:var(--awb-custom_color_2);--awb-bg-size:cover;--awb-box-shadow:0px 0px 24px hsla(var(--awb-color7-h),var(--awb-color7-s),var(--awb-color7-l),calc(var(--awb-color7-a) - 40%));;--awb-border-color:var(--awb-color4);--awb-border-color-hover:var(--awb-color7);--awb-border-top:1px;--awb-border-right:1px;--awb-border-bottom:1px;--awb-border-left:1px;--awb-border-style:solid;--awb-border-radius:6px 6px 6px 6px;--awb-flex-grow:0;--awb-flex-shrink:0;--awb-flex-grow-medium:0;--awb-flex-shrink-medium:0;--awb-flex-grow-small:0;--awb-flex-shrink-small:0;\" data-animationType=\"fadeIn\" data-animationDuration=\"1.3\" data-animationOffset=\"top-into-view\"><div class=\"fusion-column-wrapper fusion-column-has-shadow fusion-flex-justify-content-flex-start fusion-content-layout-column\"><div class=\"fusion-image-element \" style=\"--awb-aspect-ratio:16 \/ 9;--awb-margin-bottom:10px;--awb-caption-title-font-family:var(--h2_typography-font-family);--awb-caption-title-font-weight:var(--h2_typography-font-weight);--awb-caption-title-font-style:var(--h2_typography-font-style);--awb-caption-title-size:var(--h2_typography-font-size);--awb-caption-title-transform:var(--h2_typography-text-transform);--awb-caption-title-line-height:var(--h2_typography-line-height);--awb-caption-title-letter-spacing:var(--h2_typography-letter-spacing);\"><span class=\" fusion-imageframe imageframe-none imageframe-33 hover-type-none has-aspect-ratio\"><a class=\"fusion-no-lightbox\" href=\"https:\/\/www.choral-events.com\/en\/chorales\/choeur-ad-pacem\/\" target=\"_self\"><img decoding=\"async\" src=\"https:\/\/www.choral-events.eskale.fr\/wp-content\/uploads\/2026\/02\/Chorales-2022.jpg\" class=\"img-responsive img-with-aspect-ratio\" data-parent-fit=\"cover\" data-parent-container=\".fusion-image-element\" alt \/><\/a><\/span><\/div><div class=\"fusion-title title fusion-title-35 fusion-sep-none fusion-title-center fusion-title-text fusion-title-size-paragraph\" style=\"--awb-text-color:var(--awb-color7);--awb-margin-top:10px;--awb-margin-right:5px;--awb-margin-bottom:10px;--awb-margin-left:5px;--awb-margin-top-small:16px;--awb-margin-right-small:0px;--awb-margin-bottom-small:10px;--awb-margin-left-small:0px;--awb-link-color:var(--awb-color7);--awb-font-size:16px;\"><p class=\"fusion-title-heading title-heading-center title-heading-tag fusion-responsive-typography-calculated\" style=\"margin:0;font-size:1em;--fontSize:16;--minFontSize:16;line-height:1.6;\"><a href=\"https:\/\/www.choral-events.com\/en\/chorales\/choeur-ad-pacem\/\" class=\"awb-custom-text-color awb-custom-text-hover-color\" target=\"_self\">Ch\u0153ur Ad Pacem<\/a><\/p><\/div><div class=\"fusion-separator\" style=\"align-self: center;margin-left: auto;margin-right: auto;flex-grow:10;margin-top:5px;margin-bottom:10px;width:100%;max-width:70px;\"><div class=\"fusion-separator-border sep-single sep-solid\" style=\"--awb-height:20px;--awb-amount:20px;border-color:var(--awb-color2);border-top-width:1px;\"><\/div><\/div><div class=\"fusion-text fusion-text-34\" style=\"--awb-content-alignment:center;--awb-text-transform:capitalize;--awb-text-color:var(--awb-color4);\"><p>France<\/p>\n<\/div><\/div><\/li>\n<li class=\"fusion-layout-column fusion_builder_column fusion-builder-column-35 fusion-flex-column fusion-animated post-card fusion-grid-column fusion-post-cards-grid-column 2020 suisse fusion-animated\" style=\"--awb-padding-bottom:5px;--awb-overflow:hidden;--awb-bg-color:var(--awb-color1);--awb-bg-color-hover:var(--awb-custom_color_2);--awb-bg-size:cover;--awb-box-shadow:0px 0px 24px hsla(var(--awb-color7-h),var(--awb-color7-s),var(--awb-color7-l),calc(var(--awb-color7-a) - 40%));;--awb-border-color:var(--awb-color4);--awb-border-color-hover:var(--awb-color7);--awb-border-top:1px;--awb-border-right:1px;--awb-border-bottom:1px;--awb-border-left:1px;--awb-border-style:solid;--awb-border-radius:6px 6px 6px 6px;--awb-flex-grow:0;--awb-flex-shrink:0;--awb-flex-grow-medium:0;--awb-flex-shrink-medium:0;--awb-flex-grow-small:0;--awb-flex-shrink-small:0;\" data-animationType=\"fadeIn\" data-animationDuration=\"1.3\" data-animationOffset=\"top-into-view\"><div class=\"fusion-column-wrapper fusion-column-has-shadow fusion-flex-justify-content-flex-start fusion-content-layout-column\"><div class=\"fusion-image-element \" style=\"--awb-aspect-ratio:16 \/ 9;--awb-margin-bottom:10px;--awb-caption-title-font-family:var(--h2_typography-font-family);--awb-caption-title-font-weight:var(--h2_typography-font-weight);--awb-caption-title-font-style:var(--h2_typography-font-style);--awb-caption-title-size:var(--h2_typography-font-size);--awb-caption-title-transform:var(--h2_typography-text-transform);--awb-caption-title-line-height:var(--h2_typography-line-height);--awb-caption-title-letter-spacing:var(--h2_typography-letter-spacing);\"><span class=\" fusion-imageframe imageframe-none imageframe-34 hover-type-none has-aspect-ratio\"><a class=\"fusion-no-lightbox\" href=\"https:\/\/www.choral-events.com\/en\/chorales\/choeur-anonymos\/\" target=\"_self\" aria-label=\"Anonymos-photo-page-web-\"><img decoding=\"async\" width=\"550\" height=\"350\" src=\"https:\/\/www.choral-events.com\/wp-content\/uploads\/2026\/03\/Anonymos-photo-page-web-.png\" class=\"img-responsive wp-image-51817 img-with-aspect-ratio\" data-parent-fit=\"cover\" data-parent-container=\".fusion-image-element\" alt srcset=\"https:\/\/www.choral-events.com\/wp-content\/uploads\/2026\/03\/Anonymos-photo-page-web--200x127.png 200w, https:\/\/www.choral-events.com\/wp-content\/uploads\/2026\/03\/Anonymos-photo-page-web--400x255.png 400w, https:\/\/www.choral-events.com\/wp-content\/uploads\/2026\/03\/Anonymos-photo-page-web-.png 550w\" sizes=\"(max-width: 1024px) 100vw, (max-width: 640px) 100vw, 550px\" \/><\/a><\/span><\/div><div class=\"fusion-title title fusion-title-36 fusion-sep-none fusion-title-center fusion-title-text fusion-title-size-paragraph\" style=\"--awb-text-color:var(--awb-color7);--awb-margin-top:10px;--awb-margin-right:5px;--awb-margin-bottom:10px;--awb-margin-left:5px;--awb-margin-top-small:16px;--awb-margin-right-small:0px;--awb-margin-bottom-small:10px;--awb-margin-left-small:0px;--awb-link-color:var(--awb-color7);--awb-font-size:16px;\"><p class=\"fusion-title-heading title-heading-center title-heading-tag fusion-responsive-typography-calculated\" style=\"margin:0;font-size:1em;--fontSize:16;--minFontSize:16;line-height:1.6;\"><a href=\"https:\/\/www.choral-events.com\/en\/chorales\/choeur-anonymos\/\" class=\"awb-custom-text-color awb-custom-text-hover-color\" target=\"_self\">Choeur Anonymos<\/a><\/p><\/div><div class=\"fusion-separator\" style=\"align-self: center;margin-left: auto;margin-right: auto;flex-grow:10;margin-top:5px;margin-bottom:10px;width:100%;max-width:70px;\"><div class=\"fusion-separator-border sep-single sep-solid\" style=\"--awb-height:20px;--awb-amount:20px;border-color:var(--awb-color2);border-top-width:1px;\"><\/div><\/div><div class=\"fusion-text fusion-text-35\" style=\"--awb-content-alignment:center;--awb-text-transform:capitalize;--awb-text-color:var(--awb-color4);\"><p>Suisse<\/p>\n<\/div><\/div><\/li>\n<li class=\"fusion-layout-column fusion_builder_column fusion-builder-column-36 fusion-flex-column fusion-animated post-card fusion-grid-column fusion-post-cards-grid-column 2019 france fusion-animated\" style=\"--awb-padding-bottom:5px;--awb-overflow:hidden;--awb-bg-color:var(--awb-color1);--awb-bg-color-hover:var(--awb-custom_color_2);--awb-bg-size:cover;--awb-box-shadow:0px 0px 24px hsla(var(--awb-color7-h),var(--awb-color7-s),var(--awb-color7-l),calc(var(--awb-color7-a) - 40%));;--awb-border-color:var(--awb-color4);--awb-border-color-hover:var(--awb-color7);--awb-border-top:1px;--awb-border-right:1px;--awb-border-bottom:1px;--awb-border-left:1px;--awb-border-style:solid;--awb-border-radius:6px 6px 6px 6px;--awb-flex-grow:0;--awb-flex-shrink:0;--awb-flex-grow-medium:0;--awb-flex-shrink-medium:0;--awb-flex-grow-small:0;--awb-flex-shrink-small:0;\" data-animationType=\"fadeIn\" data-animationDuration=\"1.3\" data-animationOffset=\"top-into-view\"><div class=\"fusion-column-wrapper fusion-column-has-shadow fusion-flex-justify-content-flex-start fusion-content-layout-column\"><div class=\"fusion-image-element \" style=\"--awb-aspect-ratio:16 \/ 9;--awb-margin-bottom:10px;--awb-caption-title-font-family:var(--h2_typography-font-family);--awb-caption-title-font-weight:var(--h2_typography-font-weight);--awb-caption-title-font-style:var(--h2_typography-font-style);--awb-caption-title-size:var(--h2_typography-font-size);--awb-caption-title-transform:var(--h2_typography-text-transform);--awb-caption-title-line-height:var(--h2_typography-line-height);--awb-caption-title-letter-spacing:var(--h2_typography-letter-spacing);\"><span class=\" fusion-imageframe imageframe-none imageframe-35 hover-type-none has-aspect-ratio\"><a class=\"fusion-no-lightbox\" href=\"https:\/\/www.choral-events.com\/en\/chorales\/choeur-au-fil-de-larve\/\" target=\"_self\" aria-label=\"photo-pour-site\"><img decoding=\"async\" width=\"550\" height=\"350\" src=\"https:\/\/www.choral-events.com\/wp-content\/uploads\/2026\/03\/photo-pour-site.jpg\" class=\"img-responsive wp-image-51458 img-with-aspect-ratio\" data-parent-fit=\"cover\" data-parent-container=\".fusion-image-element\" alt srcset=\"https:\/\/www.choral-events.com\/wp-content\/uploads\/2026\/03\/photo-pour-site-200x127.jpg 200w, https:\/\/www.choral-events.com\/wp-content\/uploads\/2026\/03\/photo-pour-site-400x255.jpg 400w, https:\/\/www.choral-events.com\/wp-content\/uploads\/2026\/03\/photo-pour-site.jpg 550w\" sizes=\"(max-width: 1024px) 100vw, (max-width: 640px) 100vw, 550px\" \/><\/a><\/span><\/div><div class=\"fusion-title title fusion-title-37 fusion-sep-none fusion-title-center fusion-title-text fusion-title-size-paragraph\" style=\"--awb-text-color:var(--awb-color7);--awb-margin-top:10px;--awb-margin-right:5px;--awb-margin-bottom:10px;--awb-margin-left:5px;--awb-margin-top-small:16px;--awb-margin-right-small:0px;--awb-margin-bottom-small:10px;--awb-margin-left-small:0px;--awb-link-color:var(--awb-color7);--awb-font-size:16px;\"><p class=\"fusion-title-heading title-heading-center title-heading-tag fusion-responsive-typography-calculated\" style=\"margin:0;font-size:1em;--fontSize:16;--minFontSize:16;line-height:1.6;\"><a href=\"https:\/\/www.choral-events.com\/en\/chorales\/choeur-au-fil-de-larve\/\" class=\"awb-custom-text-color awb-custom-text-hover-color\" target=\"_self\">Ch\u0153ur Au fil de l\u2019Arve<\/a><\/p><\/div><div class=\"fusion-separator\" style=\"align-self: center;margin-left: auto;margin-right: auto;flex-grow:10;margin-top:5px;margin-bottom:10px;width:100%;max-width:70px;\"><div class=\"fusion-separator-border sep-single sep-solid\" style=\"--awb-height:20px;--awb-amount:20px;border-color:var(--awb-color2);border-top-width:1px;\"><\/div><\/div><div class=\"fusion-text fusion-text-36\" style=\"--awb-content-alignment:center;--awb-text-transform:capitalize;--awb-text-color:var(--awb-color4);\"><p>France<\/p>\n<\/div><\/div><\/li>\n<li class=\"fusion-layout-column fusion_builder_column fusion-builder-column-37 fusion-flex-column fusion-animated post-card fusion-grid-column fusion-post-cards-grid-column 2019 france fusion-animated\" style=\"--awb-padding-bottom:5px;--awb-overflow:hidden;--awb-bg-color:var(--awb-color1);--awb-bg-color-hover:var(--awb-custom_color_2);--awb-bg-size:cover;--awb-box-shadow:0px 0px 24px hsla(var(--awb-color7-h),var(--awb-color7-s),var(--awb-color7-l),calc(var(--awb-color7-a) - 40%));;--awb-border-color:var(--awb-color4);--awb-border-color-hover:var(--awb-color7);--awb-border-top:1px;--awb-border-right:1px;--awb-border-bottom:1px;--awb-border-left:1px;--awb-border-style:solid;--awb-border-radius:6px 6px 6px 6px;--awb-flex-grow:0;--awb-flex-shrink:0;--awb-flex-grow-medium:0;--awb-flex-shrink-medium:0;--awb-flex-grow-small:0;--awb-flex-shrink-small:0;\" data-animationType=\"fadeIn\" data-animationDuration=\"1.3\" data-animationOffset=\"top-into-view\"><div class=\"fusion-column-wrapper fusion-column-has-shadow fusion-flex-justify-content-flex-start fusion-content-layout-column\"><div class=\"fusion-image-element \" style=\"--awb-aspect-ratio:16 \/ 9;--awb-margin-bottom:10px;--awb-caption-title-font-family:var(--h2_typography-font-family);--awb-caption-title-font-weight:var(--h2_typography-font-weight);--awb-caption-title-font-style:var(--h2_typography-font-style);--awb-caption-title-size:var(--h2_typography-font-size);--awb-caption-title-transform:var(--h2_typography-text-transform);--awb-caption-title-line-height:var(--h2_typography-line-height);--awb-caption-title-letter-spacing:var(--h2_typography-letter-spacing);\"><span class=\" fusion-imageframe imageframe-none imageframe-36 hover-type-none has-aspect-ratio\"><a class=\"fusion-no-lightbox\" href=\"https:\/\/www.choral-events.com\/en\/chorales\/choeur-cantilena\/\" target=\"_self\" aria-label=\"Cantilena-photo-site\"><img decoding=\"async\" width=\"550\" height=\"350\" src=\"https:\/\/www.choral-events.com\/wp-content\/uploads\/2026\/03\/Cantilena-photo-site.jpg\" class=\"img-responsive wp-image-51470 img-with-aspect-ratio\" data-parent-fit=\"cover\" data-parent-container=\".fusion-image-element\" alt srcset=\"https:\/\/www.choral-events.com\/wp-content\/uploads\/2026\/03\/Cantilena-photo-site-200x127.jpg 200w, https:\/\/www.choral-events.com\/wp-content\/uploads\/2026\/03\/Cantilena-photo-site-400x255.jpg 400w, https:\/\/www.choral-events.com\/wp-content\/uploads\/2026\/03\/Cantilena-photo-site.jpg 550w\" sizes=\"(max-width: 1024px) 100vw, (max-width: 640px) 100vw, 550px\" \/><\/a><\/span><\/div><div class=\"fusion-title title fusion-title-38 fusion-sep-none fusion-title-center fusion-title-text fusion-title-size-paragraph\" style=\"--awb-text-color:var(--awb-color7);--awb-margin-top:10px;--awb-margin-right:5px;--awb-margin-bottom:10px;--awb-margin-left:5px;--awb-margin-top-small:16px;--awb-margin-right-small:0px;--awb-margin-bottom-small:10px;--awb-margin-left-small:0px;--awb-link-color:var(--awb-color7);--awb-font-size:16px;\"><p class=\"fusion-title-heading title-heading-center title-heading-tag fusion-responsive-typography-calculated\" style=\"margin:0;font-size:1em;--fontSize:16;--minFontSize:16;line-height:1.6;\"><a href=\"https:\/\/www.choral-events.com\/en\/chorales\/choeur-cantilena\/\" class=\"awb-custom-text-color awb-custom-text-hover-color\" target=\"_self\">Ch\u0153ur Cantilena<\/a><\/p><\/div><div class=\"fusion-separator\" style=\"align-self: center;margin-left: auto;margin-right: auto;flex-grow:10;margin-top:5px;margin-bottom:10px;width:100%;max-width:70px;\"><div class=\"fusion-separator-border sep-single sep-solid\" style=\"--awb-height:20px;--awb-amount:20px;border-color:var(--awb-color2);border-top-width:1px;\"><\/div><\/div><div class=\"fusion-text fusion-text-37\" style=\"--awb-content-alignment:center;--awb-text-transform:capitalize;--awb-text-color:var(--awb-color4);\"><p>France<\/p>\n<\/div><\/div><\/li>\n<li class=\"fusion-layout-column fusion_builder_column fusion-builder-column-38 fusion-flex-column fusion-animated post-card fusion-grid-column fusion-post-cards-grid-column 2019 russie fusion-animated\" style=\"--awb-padding-bottom:5px;--awb-overflow:hidden;--awb-bg-color:var(--awb-color1);--awb-bg-color-hover:var(--awb-custom_color_2);--awb-bg-size:cover;--awb-box-shadow:0px 0px 24px hsla(var(--awb-color7-h),var(--awb-color7-s),var(--awb-color7-l),calc(var(--awb-color7-a) - 40%));;--awb-border-color:var(--awb-color4);--awb-border-color-hover:var(--awb-color7);--awb-border-top:1px;--awb-border-right:1px;--awb-border-bottom:1px;--awb-border-left:1px;--awb-border-style:solid;--awb-border-radius:6px 6px 6px 6px;--awb-flex-grow:0;--awb-flex-shrink:0;--awb-flex-grow-medium:0;--awb-flex-shrink-medium:0;--awb-flex-grow-small:0;--awb-flex-shrink-small:0;\" data-animationType=\"fadeIn\" data-animationDuration=\"1.3\" data-animationOffset=\"top-into-view\"><div class=\"fusion-column-wrapper fusion-column-has-shadow fusion-flex-justify-content-flex-start fusion-content-layout-column\"><div class=\"fusion-image-element \" style=\"--awb-aspect-ratio:16 \/ 9;--awb-margin-bottom:10px;--awb-caption-title-font-family:var(--h2_typography-font-family);--awb-caption-title-font-weight:var(--h2_typography-font-weight);--awb-caption-title-font-style:var(--h2_typography-font-style);--awb-caption-title-size:var(--h2_typography-font-size);--awb-caption-title-transform:var(--h2_typography-text-transform);--awb-caption-title-line-height:var(--h2_typography-line-height);--awb-caption-title-letter-spacing:var(--h2_typography-letter-spacing);\"><span class=\" fusion-imageframe imageframe-none imageframe-37 hover-type-none has-aspect-ratio\"><a class=\"fusion-no-lightbox\" href=\"https:\/\/www.choral-events.com\/en\/chorales\/choeur-denfants-poliot\/\" target=\"_self\" aria-label=\"mini_fra-40-550&#215;350\"><img decoding=\"async\" width=\"550\" height=\"350\" src=\"https:\/\/www.choral-events.com\/wp-content\/uploads\/2026\/03\/mini_fra-40-550x350-1.jpg\" class=\"img-responsive wp-image-51478 img-with-aspect-ratio\" data-parent-fit=\"cover\" data-parent-container=\".fusion-image-element\" alt srcset=\"https:\/\/www.choral-events.com\/wp-content\/uploads\/2026\/03\/mini_fra-40-550x350-1-200x127.jpg 200w, https:\/\/www.choral-events.com\/wp-content\/uploads\/2026\/03\/mini_fra-40-550x350-1-400x255.jpg 400w, https:\/\/www.choral-events.com\/wp-content\/uploads\/2026\/03\/mini_fra-40-550x350-1.jpg 550w\" sizes=\"(max-width: 1024px) 100vw, (max-width: 640px) 100vw, 550px\" \/><\/a><\/span><\/div><div class=\"fusion-title title fusion-title-39 fusion-sep-none fusion-title-center fusion-title-text fusion-title-size-paragraph\" style=\"--awb-text-color:var(--awb-color7);--awb-margin-top:10px;--awb-margin-right:5px;--awb-margin-bottom:10px;--awb-margin-left:5px;--awb-margin-top-small:16px;--awb-margin-right-small:0px;--awb-margin-bottom-small:10px;--awb-margin-left-small:0px;--awb-link-color:var(--awb-color7);--awb-font-size:16px;\"><p class=\"fusion-title-heading title-heading-center title-heading-tag fusion-responsive-typography-calculated\" style=\"margin:0;font-size:1em;--fontSize:16;--minFontSize:16;line-height:1.6;\"><a href=\"https:\/\/www.choral-events.com\/en\/chorales\/choeur-denfants-poliot\/\" class=\"awb-custom-text-color awb-custom-text-hover-color\" target=\"_self\">Ch\u0153ur d\u2019Enfants POLIOT<\/a><\/p><\/div><div class=\"fusion-separator\" style=\"align-self: center;margin-left: auto;margin-right: auto;flex-grow:10;margin-top:5px;margin-bottom:10px;width:100%;max-width:70px;\"><div class=\"fusion-separator-border sep-single sep-solid\" style=\"--awb-height:20px;--awb-amount:20px;border-color:var(--awb-color2);border-top-width:1px;\"><\/div><\/div><div class=\"fusion-text fusion-text-38\" style=\"--awb-content-alignment:center;--awb-text-transform:capitalize;--awb-text-color:var(--awb-color4);\"><p>Russie<\/p>\n<\/div><\/div><\/li>\n<li class=\"fusion-layout-column fusion_builder_column fusion-builder-column-39 fusion-flex-column fusion-animated post-card fusion-grid-column fusion-post-cards-grid-column 2019 italie fusion-animated\" style=\"--awb-padding-bottom:5px;--awb-overflow:hidden;--awb-bg-color:var(--awb-color1);--awb-bg-color-hover:var(--awb-custom_color_2);--awb-bg-size:cover;--awb-box-shadow:0px 0px 24px hsla(var(--awb-color7-h),var(--awb-color7-s),var(--awb-color7-l),calc(var(--awb-color7-a) - 40%));;--awb-border-color:var(--awb-color4);--awb-border-color-hover:var(--awb-color7);--awb-border-top:1px;--awb-border-right:1px;--awb-border-bottom:1px;--awb-border-left:1px;--awb-border-style:solid;--awb-border-radius:6px 6px 6px 6px;--awb-flex-grow:0;--awb-flex-shrink:0;--awb-flex-grow-medium:0;--awb-flex-shrink-medium:0;--awb-flex-grow-small:0;--awb-flex-shrink-small:0;\" data-animationType=\"fadeIn\" data-animationDuration=\"1.3\" data-animationOffset=\"top-into-view\"><div class=\"fusion-column-wrapper fusion-column-has-shadow fusion-flex-justify-content-flex-start fusion-content-layout-column\"><div class=\"fusion-image-element \" style=\"--awb-aspect-ratio:16 \/ 9;--awb-margin-bottom:10px;--awb-caption-title-font-family:var(--h2_typography-font-family);--awb-caption-title-font-weight:var(--h2_typography-font-weight);--awb-caption-title-font-style:var(--h2_typography-font-style);--awb-caption-title-size:var(--h2_typography-font-size);--awb-caption-title-transform:var(--h2_typography-text-transform);--awb-caption-title-line-height:var(--h2_typography-line-height);--awb-caption-title-letter-spacing:var(--h2_typography-letter-spacing);\"><span class=\" fusion-imageframe imageframe-none imageframe-38 hover-type-none has-aspect-ratio\"><a class=\"fusion-no-lightbox\" href=\"https:\/\/www.choral-events.com\/en\/chorales\/choeur-denfants-voixla\/\" target=\"_self\" aria-label=\"mini_choeur-VOIXl\u00e0-550&#215;350\"><img decoding=\"async\" width=\"550\" height=\"350\" src=\"https:\/\/www.choral-events.com\/wp-content\/uploads\/2026\/03\/mini_choeur-VOIXla-550x350-1.jpg\" class=\"img-responsive wp-image-51490 img-with-aspect-ratio\" data-parent-fit=\"cover\" data-parent-container=\".fusion-image-element\" alt srcset=\"https:\/\/www.choral-events.com\/wp-content\/uploads\/2026\/03\/mini_choeur-VOIXla-550x350-1-200x127.jpg 200w, https:\/\/www.choral-events.com\/wp-content\/uploads\/2026\/03\/mini_choeur-VOIXla-550x350-1-400x255.jpg 400w, https:\/\/www.choral-events.com\/wp-content\/uploads\/2026\/03\/mini_choeur-VOIXla-550x350-1.jpg 550w\" sizes=\"(max-width: 1024px) 100vw, (max-width: 640px) 100vw, 550px\" \/><\/a><\/span><\/div><div class=\"fusion-title title fusion-title-40 fusion-sep-none fusion-title-center fusion-title-text fusion-title-size-paragraph\" style=\"--awb-text-color:var(--awb-color7);--awb-margin-top:10px;--awb-margin-right:5px;--awb-margin-bottom:10px;--awb-margin-left:5px;--awb-margin-top-small:16px;--awb-margin-right-small:0px;--awb-margin-bottom-small:10px;--awb-margin-left-small:0px;--awb-link-color:var(--awb-color7);--awb-font-size:16px;\"><p class=\"fusion-title-heading title-heading-center title-heading-tag fusion-responsive-typography-calculated\" style=\"margin:0;font-size:1em;--fontSize:16;--minFontSize:16;line-height:1.6;\"><a href=\"https:\/\/www.choral-events.com\/en\/chorales\/choeur-denfants-voixla\/\" class=\"awb-custom-text-color awb-custom-text-hover-color\" target=\"_self\">Choeur d\u2019enfants VOIXl\u00e0<\/a><\/p><\/div><div class=\"fusion-separator\" style=\"align-self: center;margin-left: auto;margin-right: auto;flex-grow:10;margin-top:5px;margin-bottom:10px;width:100%;max-width:70px;\"><div class=\"fusion-separator-border sep-single sep-solid\" style=\"--awb-height:20px;--awb-amount:20px;border-color:var(--awb-color2);border-top-width:1px;\"><\/div><\/div><div class=\"fusion-text fusion-text-39\" style=\"--awb-content-alignment:center;--awb-text-transform:capitalize;--awb-text-color:var(--awb-color4);\"><p>Portugal<\/p>\n<\/div><\/div><\/li>\n<li class=\"fusion-layout-column fusion_builder_column fusion-builder-column-40 fusion-flex-column fusion-animated post-card fusion-grid-column fusion-post-cards-grid-column 2020 estonie fusion-animated\" style=\"--awb-padding-bottom:5px;--awb-overflow:hidden;--awb-bg-color:var(--awb-color1);--awb-bg-color-hover:var(--awb-custom_color_2);--awb-bg-size:cover;--awb-box-shadow:0px 0px 24px hsla(var(--awb-color7-h),var(--awb-color7-s),var(--awb-color7-l),calc(var(--awb-color7-a) - 40%));;--awb-border-color:var(--awb-color4);--awb-border-color-hover:var(--awb-color7);--awb-border-top:1px;--awb-border-right:1px;--awb-border-bottom:1px;--awb-border-left:1px;--awb-border-style:solid;--awb-border-radius:6px 6px 6px 6px;--awb-flex-grow:0;--awb-flex-shrink:0;--awb-flex-grow-medium:0;--awb-flex-shrink-medium:0;--awb-flex-grow-small:0;--awb-flex-shrink-small:0;\" data-animationType=\"fadeIn\" data-animationDuration=\"1.3\" data-animationOffset=\"top-into-view\"><div class=\"fusion-column-wrapper fusion-column-has-shadow fusion-flex-justify-content-flex-start fusion-content-layout-column\"><div class=\"fusion-image-element \" style=\"--awb-aspect-ratio:16 \/ 9;--awb-margin-bottom:10px;--awb-caption-title-font-family:var(--h2_typography-font-family);--awb-caption-title-font-weight:var(--h2_typography-font-weight);--awb-caption-title-font-style:var(--h2_typography-font-style);--awb-caption-title-size:var(--h2_typography-font-size);--awb-caption-title-transform:var(--h2_typography-text-transform);--awb-caption-title-line-height:var(--h2_typography-line-height);--awb-caption-title-letter-spacing:var(--h2_typography-letter-spacing);\"><span class=\" fusion-imageframe imageframe-none imageframe-39 hover-type-none has-aspect-ratio\"><a class=\"fusion-no-lightbox\" href=\"https:\/\/www.choral-events.com\/en\/chorales\/choeur-de-chambre-du-lycee-de-musique-de-tallinn\/\" target=\"_self\"><img decoding=\"async\" src=\"https:\/\/www.choral-events.eskale.fr\/wp-content\/uploads\/2026\/02\/Chorales-2022.jpg\" class=\"img-responsive img-with-aspect-ratio\" data-parent-fit=\"cover\" data-parent-container=\".fusion-image-element\" alt \/><\/a><\/span><\/div><div class=\"fusion-title title fusion-title-41 fusion-sep-none fusion-title-center fusion-title-text fusion-title-size-paragraph\" style=\"--awb-text-color:var(--awb-color7);--awb-margin-top:10px;--awb-margin-right:5px;--awb-margin-bottom:10px;--awb-margin-left:5px;--awb-margin-top-small:16px;--awb-margin-right-small:0px;--awb-margin-bottom-small:10px;--awb-margin-left-small:0px;--awb-link-color:var(--awb-color7);--awb-font-size:16px;\"><p class=\"fusion-title-heading title-heading-center title-heading-tag fusion-responsive-typography-calculated\" style=\"margin:0;font-size:1em;--fontSize:16;--minFontSize:16;line-height:1.6;\"><a href=\"https:\/\/www.choral-events.com\/en\/chorales\/choeur-de-chambre-du-lycee-de-musique-de-tallinn\/\" class=\"awb-custom-text-color awb-custom-text-hover-color\" target=\"_self\">Ch\u0153ur de chambre du lyc\u00e9e de musique de Tallinn<\/a><\/p><\/div><div class=\"fusion-separator\" style=\"align-self: center;margin-left: auto;margin-right: auto;flex-grow:10;margin-top:5px;margin-bottom:10px;width:100%;max-width:70px;\"><div class=\"fusion-separator-border sep-single sep-solid\" style=\"--awb-height:20px;--awb-amount:20px;border-color:var(--awb-color2);border-top-width:1px;\"><\/div><\/div><div class=\"fusion-text fusion-text-40\" style=\"--awb-content-alignment:center;--awb-text-transform:capitalize;--awb-text-color:var(--awb-color4);\"><p>Estonie<\/p>\n<\/div><\/div><\/li>\n<li class=\"fusion-layout-column fusion_builder_column fusion-builder-column-41 fusion-flex-column fusion-animated post-card fusion-grid-column fusion-post-cards-grid-column 2026 canada fusion-animated\" style=\"--awb-padding-bottom:5px;--awb-overflow:hidden;--awb-bg-color:var(--awb-color1);--awb-bg-color-hover:var(--awb-custom_color_2);--awb-bg-size:cover;--awb-box-shadow:0px 0px 24px hsla(var(--awb-color7-h),var(--awb-color7-s),var(--awb-color7-l),calc(var(--awb-color7-a) - 40%));;--awb-border-color:var(--awb-color4);--awb-border-color-hover:var(--awb-color7);--awb-border-top:1px;--awb-border-right:1px;--awb-border-bottom:1px;--awb-border-left:1px;--awb-border-style:solid;--awb-border-radius:6px 6px 6px 6px;--awb-flex-grow:0;--awb-flex-shrink:0;--awb-flex-grow-medium:0;--awb-flex-shrink-medium:0;--awb-flex-grow-small:0;--awb-flex-shrink-small:0;\" data-animationType=\"fadeIn\" data-animationDuration=\"1.3\" data-animationOffset=\"top-into-view\"><div class=\"fusion-column-wrapper fusion-column-has-shadow fusion-flex-justify-content-flex-start fusion-content-layout-column\"><div class=\"fusion-image-element \" style=\"--awb-aspect-ratio:16 \/ 9;--awb-margin-bottom:10px;--awb-caption-title-font-family:var(--h2_typography-font-family);--awb-caption-title-font-weight:var(--h2_typography-font-weight);--awb-caption-title-font-style:var(--h2_typography-font-style);--awb-caption-title-size:var(--h2_typography-font-size);--awb-caption-title-transform:var(--h2_typography-text-transform);--awb-caption-title-line-height:var(--h2_typography-line-height);--awb-caption-title-letter-spacing:var(--h2_typography-letter-spacing);\"><span class=\" fusion-imageframe imageframe-none imageframe-40 hover-type-none has-aspect-ratio\"><a class=\"fusion-no-lightbox\" href=\"https:\/\/www.choral-events.com\/en\/chorales\/choeur-de-lart-neuf\/\" target=\"_self\" aria-label=\"RRCD-2017-XT1-7084-Art Neuf\"><img decoding=\"async\" width=\"2560\" height=\"1251\" src=\"https:\/\/www.choral-events.com\/wp-content\/uploads\/2026\/03\/RRCD-2017-XT1-7084-Art-Neuf-scaled.jpeg\" class=\"img-responsive wp-image-52126 img-with-aspect-ratio\" data-parent-fit=\"cover\" data-parent-container=\".fusion-image-element\" alt srcset=\"https:\/\/www.choral-events.com\/wp-content\/uploads\/2026\/03\/RRCD-2017-XT1-7084-Art-Neuf-200x98.jpeg 200w, https:\/\/www.choral-events.com\/wp-content\/uploads\/2026\/03\/RRCD-2017-XT1-7084-Art-Neuf-400x195.jpeg 400w, https:\/\/www.choral-events.com\/wp-content\/uploads\/2026\/03\/RRCD-2017-XT1-7084-Art-Neuf-600x293.jpeg 600w, https:\/\/www.choral-events.com\/wp-content\/uploads\/2026\/03\/RRCD-2017-XT1-7084-Art-Neuf-800x391.jpeg 800w, https:\/\/www.choral-events.com\/wp-content\/uploads\/2026\/03\/RRCD-2017-XT1-7084-Art-Neuf-1200x586.jpeg 1200w, https:\/\/www.choral-events.com\/wp-content\/uploads\/2026\/03\/RRCD-2017-XT1-7084-Art-Neuf-scaled.jpeg 2560w\" sizes=\"(max-width: 1024px) 100vw, (max-width: 640px) 100vw, 2560px\" \/><\/a><\/span><\/div><div class=\"fusion-title title fusion-title-42 fusion-sep-none fusion-title-center fusion-title-text fusion-title-size-paragraph\" style=\"--awb-text-color:var(--awb-color7);--awb-margin-top:10px;--awb-margin-right:5px;--awb-margin-bottom:10px;--awb-margin-left:5px;--awb-margin-top-small:16px;--awb-margin-right-small:0px;--awb-margin-bottom-small:10px;--awb-margin-left-small:0px;--awb-link-color:var(--awb-color7);--awb-font-size:16px;\"><p class=\"fusion-title-heading title-heading-center title-heading-tag fusion-responsive-typography-calculated\" style=\"margin:0;font-size:1em;--fontSize:16;--minFontSize:16;line-height:1.6;\"><a href=\"https:\/\/www.choral-events.com\/en\/chorales\/choeur-de-lart-neuf\/\" class=\"awb-custom-text-color awb-custom-text-hover-color\" target=\"_self\">Ch\u0153ur de l&#8217;Art Neuf<\/a><\/p><\/div><div class=\"fusion-separator\" style=\"align-self: center;margin-left: auto;margin-right: auto;flex-grow:10;margin-top:5px;margin-bottom:10px;width:100%;max-width:70px;\"><div class=\"fusion-separator-border sep-single sep-solid\" style=\"--awb-height:20px;--awb-amount:20px;border-color:var(--awb-color2);border-top-width:1px;\"><\/div><\/div><div class=\"fusion-text fusion-text-41\" style=\"--awb-content-alignment:center;--awb-text-transform:capitalize;--awb-text-color:var(--awb-color4);\"><\/div><\/div><\/li>\n<li class=\"fusion-layout-column fusion_builder_column fusion-builder-column-42 fusion-flex-column fusion-animated post-card fusion-grid-column fusion-post-cards-grid-column 2026 france fusion-animated\" style=\"--awb-padding-bottom:5px;--awb-overflow:hidden;--awb-bg-color:var(--awb-color1);--awb-bg-color-hover:var(--awb-custom_color_2);--awb-bg-size:cover;--awb-box-shadow:0px 0px 24px hsla(var(--awb-color7-h),var(--awb-color7-s),var(--awb-color7-l),calc(var(--awb-color7-a) - 40%));;--awb-border-color:var(--awb-color4);--awb-border-color-hover:var(--awb-color7);--awb-border-top:1px;--awb-border-right:1px;--awb-border-bottom:1px;--awb-border-left:1px;--awb-border-style:solid;--awb-border-radius:6px 6px 6px 6px;--awb-flex-grow:0;--awb-flex-shrink:0;--awb-flex-grow-medium:0;--awb-flex-shrink-medium:0;--awb-flex-grow-small:0;--awb-flex-shrink-small:0;\" data-animationType=\"fadeIn\" data-animationDuration=\"1.3\" data-animationOffset=\"top-into-view\"><div class=\"fusion-column-wrapper fusion-column-has-shadow fusion-flex-justify-content-flex-start fusion-content-layout-column\"><div class=\"fusion-image-element \" style=\"--awb-aspect-ratio:16 \/ 9;--awb-margin-bottom:10px;--awb-caption-title-font-family:var(--h2_typography-font-family);--awb-caption-title-font-weight:var(--h2_typography-font-weight);--awb-caption-title-font-style:var(--h2_typography-font-style);--awb-caption-title-size:var(--h2_typography-font-size);--awb-caption-title-transform:var(--h2_typography-text-transform);--awb-caption-title-line-height:var(--h2_typography-line-height);--awb-caption-title-letter-spacing:var(--h2_typography-letter-spacing);\"><span class=\" fusion-imageframe imageframe-none imageframe-41 hover-type-none has-aspect-ratio\"><a class=\"fusion-no-lightbox\" href=\"https:\/\/www.choral-events.com\/en\/chorales\/choeur-ephemere\/\" target=\"_self\" aria-label=\"Choeur ephemere\"><img decoding=\"async\" width=\"682\" height=\"505\" src=\"https:\/\/www.choral-events.com\/wp-content\/uploads\/2026\/03\/Choeur-ephemere.png\" class=\"img-responsive wp-image-52158 img-with-aspect-ratio\" data-parent-fit=\"cover\" data-parent-container=\".fusion-image-element\" alt srcset=\"https:\/\/www.choral-events.com\/wp-content\/uploads\/2026\/03\/Choeur-ephemere-200x148.png 200w, https:\/\/www.choral-events.com\/wp-content\/uploads\/2026\/03\/Choeur-ephemere-400x296.png 400w, https:\/\/www.choral-events.com\/wp-content\/uploads\/2026\/03\/Choeur-ephemere-600x444.png 600w, https:\/\/www.choral-events.com\/wp-content\/uploads\/2026\/03\/Choeur-ephemere.png 682w\" sizes=\"(max-width: 1024px) 100vw, (max-width: 640px) 100vw, 682px\" \/><\/a><\/span><\/div><div class=\"fusion-title title fusion-title-43 fusion-sep-none fusion-title-center fusion-title-text fusion-title-size-paragraph\" style=\"--awb-text-color:var(--awb-color7);--awb-margin-top:10px;--awb-margin-right:5px;--awb-margin-bottom:10px;--awb-margin-left:5px;--awb-margin-top-small:16px;--awb-margin-right-small:0px;--awb-margin-bottom-small:10px;--awb-margin-left-small:0px;--awb-link-color:var(--awb-color7);--awb-font-size:16px;\"><p class=\"fusion-title-heading title-heading-center title-heading-tag fusion-responsive-typography-calculated\" style=\"margin:0;font-size:1em;--fontSize:16;--minFontSize:16;line-height:1.6;\"><a href=\"https:\/\/www.choral-events.com\/en\/chorales\/choeur-ephemere\/\" class=\"awb-custom-text-color awb-custom-text-hover-color\" target=\"_self\">Ch\u0153ur Eph\u00e9m\u00e8re<\/a><\/p><\/div><div class=\"fusion-separator\" style=\"align-self: center;margin-left: auto;margin-right: auto;flex-grow:10;margin-top:5px;margin-bottom:10px;width:100%;max-width:70px;\"><div class=\"fusion-separator-border sep-single sep-solid\" style=\"--awb-height:20px;--awb-amount:20px;border-color:var(--awb-color2);border-top-width:1px;\"><\/div><\/div><div class=\"fusion-text fusion-text-42\" style=\"--awb-content-alignment:center;--awb-text-transform:capitalize;--awb-text-color:var(--awb-color4);\"><\/div><\/div><\/li>\n<li class=\"fusion-layout-column fusion_builder_column fusion-builder-column-43 fusion-flex-column fusion-animated post-card fusion-grid-column fusion-post-cards-grid-column 2019 lituanie fusion-animated\" style=\"--awb-padding-bottom:5px;--awb-overflow:hidden;--awb-bg-color:var(--awb-color1);--awb-bg-color-hover:var(--awb-custom_color_2);--awb-bg-size:cover;--awb-box-shadow:0px 0px 24px hsla(var(--awb-color7-h),var(--awb-color7-s),var(--awb-color7-l),calc(var(--awb-color7-a) - 40%));;--awb-border-color:var(--awb-color4);--awb-border-color-hover:var(--awb-color7);--awb-border-top:1px;--awb-border-right:1px;--awb-border-bottom:1px;--awb-border-left:1px;--awb-border-style:solid;--awb-border-radius:6px 6px 6px 6px;--awb-flex-grow:0;--awb-flex-shrink:0;--awb-flex-grow-medium:0;--awb-flex-shrink-medium:0;--awb-flex-grow-small:0;--awb-flex-shrink-small:0;\" data-animationType=\"fadeIn\" data-animationDuration=\"1.3\" data-animationOffset=\"top-into-view\"><div class=\"fusion-column-wrapper fusion-column-has-shadow fusion-flex-justify-content-flex-start fusion-content-layout-column\"><div class=\"fusion-image-element \" style=\"--awb-aspect-ratio:16 \/ 9;--awb-margin-bottom:10px;--awb-caption-title-font-family:var(--h2_typography-font-family);--awb-caption-title-font-weight:var(--h2_typography-font-weight);--awb-caption-title-font-style:var(--h2_typography-font-style);--awb-caption-title-size:var(--h2_typography-font-size);--awb-caption-title-transform:var(--h2_typography-text-transform);--awb-caption-title-line-height:var(--h2_typography-line-height);--awb-caption-title-letter-spacing:var(--h2_typography-letter-spacing);\"><span class=\" fusion-imageframe imageframe-none imageframe-42 hover-type-none has-aspect-ratio\"><a class=\"fusion-no-lightbox\" href=\"https:\/\/www.choral-events.com\/en\/chorales\/choeur-kamertonas\/\" target=\"_self\"><img decoding=\"async\" src=\"https:\/\/www.choral-events.eskale.fr\/wp-content\/uploads\/2026\/02\/Chorales-2022.jpg\" class=\"img-responsive img-with-aspect-ratio\" data-parent-fit=\"cover\" data-parent-container=\".fusion-image-element\" alt \/><\/a><\/span><\/div><div class=\"fusion-title title fusion-title-44 fusion-sep-none fusion-title-center fusion-title-text fusion-title-size-paragraph\" style=\"--awb-text-color:var(--awb-color7);--awb-margin-top:10px;--awb-margin-right:5px;--awb-margin-bottom:10px;--awb-margin-left:5px;--awb-margin-top-small:16px;--awb-margin-right-small:0px;--awb-margin-bottom-small:10px;--awb-margin-left-small:0px;--awb-link-color:var(--awb-color7);--awb-font-size:16px;\"><p class=\"fusion-title-heading title-heading-center title-heading-tag fusion-responsive-typography-calculated\" style=\"margin:0;font-size:1em;--fontSize:16;--minFontSize:16;line-height:1.6;\"><a href=\"https:\/\/www.choral-events.com\/en\/chorales\/choeur-kamertonas\/\" class=\"awb-custom-text-color awb-custom-text-hover-color\" target=\"_self\">Ch\u0153ur Kamertonas<\/a><\/p><\/div><div class=\"fusion-separator\" style=\"align-self: center;margin-left: auto;margin-right: auto;flex-grow:10;margin-top:5px;margin-bottom:10px;width:100%;max-width:70px;\"><div class=\"fusion-separator-border sep-single sep-solid\" style=\"--awb-height:20px;--awb-amount:20px;border-color:var(--awb-color2);border-top-width:1px;\"><\/div><\/div><div class=\"fusion-text fusion-text-43\" style=\"--awb-content-alignment:center;--awb-text-transform:capitalize;--awb-text-color:var(--awb-color4);\"><p>Lituanie<\/p>\n<\/div><\/div><\/li>\n<li class=\"fusion-layout-column fusion_builder_column fusion-builder-column-44 fusion-flex-column fusion-animated post-card fusion-grid-column fusion-post-cards-grid-column 2019 france fusion-animated\" style=\"--awb-padding-bottom:5px;--awb-overflow:hidden;--awb-bg-color:var(--awb-color1);--awb-bg-color-hover:var(--awb-custom_color_2);--awb-bg-size:cover;--awb-box-shadow:0px 0px 24px hsla(var(--awb-color7-h),var(--awb-color7-s),var(--awb-color7-l),calc(var(--awb-color7-a) - 40%));;--awb-border-color:var(--awb-color4);--awb-border-color-hover:var(--awb-color7);--awb-border-top:1px;--awb-border-right:1px;--awb-border-bottom:1px;--awb-border-left:1px;--awb-border-style:solid;--awb-border-radius:6px 6px 6px 6px;--awb-flex-grow:0;--awb-flex-shrink:0;--awb-flex-grow-medium:0;--awb-flex-shrink-medium:0;--awb-flex-grow-small:0;--awb-flex-shrink-small:0;\" data-animationType=\"fadeIn\" data-animationDuration=\"1.3\" data-animationOffset=\"top-into-view\"><div class=\"fusion-column-wrapper fusion-column-has-shadow fusion-flex-justify-content-flex-start fusion-content-layout-column\"><div class=\"fusion-image-element \" style=\"--awb-aspect-ratio:16 \/ 9;--awb-margin-bottom:10px;--awb-caption-title-font-family:var(--h2_typography-font-family);--awb-caption-title-font-weight:var(--h2_typography-font-weight);--awb-caption-title-font-style:var(--h2_typography-font-style);--awb-caption-title-size:var(--h2_typography-font-size);--awb-caption-title-transform:var(--h2_typography-text-transform);--awb-caption-title-line-height:var(--h2_typography-line-height);--awb-caption-title-letter-spacing:var(--h2_typography-letter-spacing);\"><span class=\" fusion-imageframe imageframe-none imageframe-43 hover-type-none has-aspect-ratio\"><a class=\"fusion-no-lightbox\" href=\"https:\/\/www.choral-events.com\/en\/chorales\/choeur-la-chanson-de-gaillard\/\" target=\"_self\" aria-label=\"Ch\u0153ur La Chanson de Gaillard\"><img decoding=\"async\" width=\"550\" height=\"350\" alt=\"Ch\u0153ur La Chanson de Gaillard\" src=\"https:\/\/www.choral-events.com\/wp-content\/uploads\/2026\/03\/photo-pour-site-1.jpg\" class=\"img-responsive wp-image-51507 img-with-aspect-ratio\" data-parent-fit=\"cover\" data-parent-container=\".fusion-image-element\" srcset=\"https:\/\/www.choral-events.com\/wp-content\/uploads\/2026\/03\/photo-pour-site-1-200x127.jpg 200w, https:\/\/www.choral-events.com\/wp-content\/uploads\/2026\/03\/photo-pour-site-1-400x255.jpg 400w, https:\/\/www.choral-events.com\/wp-content\/uploads\/2026\/03\/photo-pour-site-1.jpg 550w\" sizes=\"(max-width: 1024px) 100vw, (max-width: 640px) 100vw, 550px\" \/><\/a><\/span><\/div><div class=\"fusion-title title fusion-title-45 fusion-sep-none fusion-title-center fusion-title-text fusion-title-size-paragraph\" style=\"--awb-text-color:var(--awb-color7);--awb-margin-top:10px;--awb-margin-right:5px;--awb-margin-bottom:10px;--awb-margin-left:5px;--awb-margin-top-small:16px;--awb-margin-right-small:0px;--awb-margin-bottom-small:10px;--awb-margin-left-small:0px;--awb-link-color:var(--awb-color7);--awb-font-size:16px;\"><p class=\"fusion-title-heading title-heading-center title-heading-tag fusion-responsive-typography-calculated\" style=\"margin:0;font-size:1em;--fontSize:16;--minFontSize:16;line-height:1.6;\"><a href=\"https:\/\/www.choral-events.com\/en\/chorales\/choeur-la-chanson-de-gaillard\/\" class=\"awb-custom-text-color awb-custom-text-hover-color\" target=\"_self\">Ch\u0153ur La Chanson de Gaillard<\/a><\/p><\/div><div class=\"fusion-separator\" style=\"align-self: center;margin-left: auto;margin-right: auto;flex-grow:10;margin-top:5px;margin-bottom:10px;width:100%;max-width:70px;\"><div class=\"fusion-separator-border sep-single sep-solid\" style=\"--awb-height:20px;--awb-amount:20px;border-color:var(--awb-color2);border-top-width:1px;\"><\/div><\/div><div class=\"fusion-text fusion-text-44\" style=\"--awb-content-alignment:center;--awb-text-transform:capitalize;--awb-text-color:var(--awb-color4);\"><p>France<\/p>\n<\/div><\/div><\/li>\n<li class=\"fusion-layout-column fusion_builder_column fusion-builder-column-45 fusion-flex-column fusion-animated post-card fusion-grid-column fusion-post-cards-grid-column 2019 france fusion-animated\" style=\"--awb-padding-bottom:5px;--awb-overflow:hidden;--awb-bg-color:var(--awb-color1);--awb-bg-color-hover:var(--awb-custom_color_2);--awb-bg-size:cover;--awb-box-shadow:0px 0px 24px hsla(var(--awb-color7-h),var(--awb-color7-s),var(--awb-color7-l),calc(var(--awb-color7-a) - 40%));;--awb-border-color:var(--awb-color4);--awb-border-color-hover:var(--awb-color7);--awb-border-top:1px;--awb-border-right:1px;--awb-border-bottom:1px;--awb-border-left:1px;--awb-border-style:solid;--awb-border-radius:6px 6px 6px 6px;--awb-flex-grow:0;--awb-flex-shrink:0;--awb-flex-grow-medium:0;--awb-flex-shrink-medium:0;--awb-flex-grow-small:0;--awb-flex-shrink-small:0;\" data-animationType=\"fadeIn\" data-animationDuration=\"1.3\" data-animationOffset=\"top-into-view\"><div class=\"fusion-column-wrapper fusion-column-has-shadow fusion-flex-justify-content-flex-start fusion-content-layout-column\"><div class=\"fusion-image-element \" style=\"--awb-aspect-ratio:16 \/ 9;--awb-margin-bottom:10px;--awb-caption-title-font-family:var(--h2_typography-font-family);--awb-caption-title-font-weight:var(--h2_typography-font-weight);--awb-caption-title-font-style:var(--h2_typography-font-style);--awb-caption-title-size:var(--h2_typography-font-size);--awb-caption-title-transform:var(--h2_typography-text-transform);--awb-caption-title-line-height:var(--h2_typography-line-height);--awb-caption-title-letter-spacing:var(--h2_typography-letter-spacing);\"><span class=\" fusion-imageframe imageframe-none imageframe-44 hover-type-none has-aspect-ratio\"><a class=\"fusion-no-lightbox\" href=\"https:\/\/www.choral-events.com\/en\/chorales\/choeur-la-cle-des-chants\/\" target=\"_self\" aria-label=\"cl\u00e9-des-chants-site-2\"><img decoding=\"async\" width=\"550\" height=\"350\" src=\"https:\/\/www.choral-events.com\/wp-content\/uploads\/2026\/03\/cle-des-chants-site-2.jpg\" class=\"img-responsive wp-image-51511 img-with-aspect-ratio\" data-parent-fit=\"cover\" data-parent-container=\".fusion-image-element\" alt srcset=\"https:\/\/www.choral-events.com\/wp-content\/uploads\/2026\/03\/cle-des-chants-site-2-200x127.jpg 200w, https:\/\/www.choral-events.com\/wp-content\/uploads\/2026\/03\/cle-des-chants-site-2-400x255.jpg 400w, https:\/\/www.choral-events.com\/wp-content\/uploads\/2026\/03\/cle-des-chants-site-2.jpg 550w\" sizes=\"(max-width: 1024px) 100vw, (max-width: 640px) 100vw, 550px\" \/><\/a><\/span><\/div><div class=\"fusion-title title fusion-title-46 fusion-sep-none fusion-title-center fusion-title-text fusion-title-size-paragraph\" style=\"--awb-text-color:var(--awb-color7);--awb-margin-top:10px;--awb-margin-right:5px;--awb-margin-bottom:10px;--awb-margin-left:5px;--awb-margin-top-small:16px;--awb-margin-right-small:0px;--awb-margin-bottom-small:10px;--awb-margin-left-small:0px;--awb-link-color:var(--awb-color7);--awb-font-size:16px;\"><p class=\"fusion-title-heading title-heading-center title-heading-tag fusion-responsive-typography-calculated\" style=\"margin:0;font-size:1em;--fontSize:16;--minFontSize:16;line-height:1.6;\"><a href=\"https:\/\/www.choral-events.com\/en\/chorales\/choeur-la-cle-des-chants\/\" class=\"awb-custom-text-color awb-custom-text-hover-color\" target=\"_self\">Ch\u0153ur La Cl\u00e9 des Chants<\/a><\/p><\/div><div class=\"fusion-separator\" style=\"align-self: center;margin-left: auto;margin-right: auto;flex-grow:10;margin-top:5px;margin-bottom:10px;width:100%;max-width:70px;\"><div class=\"fusion-separator-border sep-single sep-solid\" style=\"--awb-height:20px;--awb-amount:20px;border-color:var(--awb-color2);border-top-width:1px;\"><\/div><\/div><div class=\"fusion-text fusion-text-45\" style=\"--awb-content-alignment:center;--awb-text-transform:capitalize;--awb-text-color:var(--awb-color4);\"><p>Ukraine<\/p>\n<\/div><\/div><\/li>\n<li class=\"fusion-layout-column fusion_builder_column fusion-builder-column-46 fusion-flex-column fusion-animated post-card fusion-grid-column fusion-post-cards-grid-column 2019 france fusion-animated\" style=\"--awb-padding-bottom:5px;--awb-overflow:hidden;--awb-bg-color:var(--awb-color1);--awb-bg-color-hover:var(--awb-custom_color_2);--awb-bg-size:cover;--awb-box-shadow:0px 0px 24px hsla(var(--awb-color7-h),var(--awb-color7-s),var(--awb-color7-l),calc(var(--awb-color7-a) - 40%));;--awb-border-color:var(--awb-color4);--awb-border-color-hover:var(--awb-color7);--awb-border-top:1px;--awb-border-right:1px;--awb-border-bottom:1px;--awb-border-left:1px;--awb-border-style:solid;--awb-border-radius:6px 6px 6px 6px;--awb-flex-grow:0;--awb-flex-shrink:0;--awb-flex-grow-medium:0;--awb-flex-shrink-medium:0;--awb-flex-grow-small:0;--awb-flex-shrink-small:0;\" data-animationType=\"fadeIn\" data-animationDuration=\"1.3\" data-animationOffset=\"top-into-view\"><div class=\"fusion-column-wrapper fusion-column-has-shadow fusion-flex-justify-content-flex-start fusion-content-layout-column\"><div class=\"fusion-image-element \" style=\"--awb-aspect-ratio:16 \/ 9;--awb-margin-bottom:10px;--awb-caption-title-font-family:var(--h2_typography-font-family);--awb-caption-title-font-weight:var(--h2_typography-font-weight);--awb-caption-title-font-style:var(--h2_typography-font-style);--awb-caption-title-size:var(--h2_typography-font-size);--awb-caption-title-transform:var(--h2_typography-text-transform);--awb-caption-title-line-height:var(--h2_typography-line-height);--awb-caption-title-letter-spacing:var(--h2_typography-letter-spacing);\"><span class=\" fusion-imageframe imageframe-none imageframe-45 hover-type-none has-aspect-ratio\"><a class=\"fusion-no-lightbox\" href=\"https:\/\/www.choral-events.com\/en\/chorales\/choeur-lyrique-des-enfants-de-lestaque-2\/\" target=\"_self\" aria-label=\"harmony-Estaque2\"><img decoding=\"async\" width=\"550\" height=\"350\" src=\"https:\/\/www.choral-events.com\/wp-content\/uploads\/2026\/03\/harmonie-Estaque2.jpg\" class=\"img-responsive wp-image-51601 img-with-aspect-ratio\" data-parent-fit=\"cover\" data-parent-container=\".fusion-image-element\" alt srcset=\"https:\/\/www.choral-events.com\/wp-content\/uploads\/2026\/03\/harmonie-Estaque2-200x127.jpg 200w, https:\/\/www.choral-events.com\/wp-content\/uploads\/2026\/03\/harmonie-Estaque2-400x255.jpg 400w, https:\/\/www.choral-events.com\/wp-content\/uploads\/2026\/03\/harmonie-Estaque2.jpg 550w\" sizes=\"(max-width: 1024px) 100vw, (max-width: 640px) 100vw, 550px\" \/><\/a><\/span><\/div><div class=\"fusion-title title fusion-title-47 fusion-sep-none fusion-title-center fusion-title-text fusion-title-size-paragraph\" style=\"--awb-text-color:var(--awb-color7);--awb-margin-top:10px;--awb-margin-right:5px;--awb-margin-bottom:10px;--awb-margin-left:5px;--awb-margin-top-small:16px;--awb-margin-right-small:0px;--awb-margin-bottom-small:10px;--awb-margin-left-small:0px;--awb-link-color:var(--awb-color7);--awb-font-size:16px;\"><p class=\"fusion-title-heading title-heading-center title-heading-tag fusion-responsive-typography-calculated\" style=\"margin:0;font-size:1em;--fontSize:16;--minFontSize:16;line-height:1.6;\"><a href=\"https:\/\/www.choral-events.com\/en\/chorales\/choeur-lyrique-des-enfants-de-lestaque-2\/\" class=\"awb-custom-text-color awb-custom-text-hover-color\" target=\"_self\">Ch\u0153ur Lyrique des enfants de l\u2019Estaque<\/a><\/p><\/div><div class=\"fusion-separator\" style=\"align-self: center;margin-left: auto;margin-right: auto;flex-grow:10;margin-top:5px;margin-bottom:10px;width:100%;max-width:70px;\"><div class=\"fusion-separator-border sep-single sep-solid\" style=\"--awb-height:20px;--awb-amount:20px;border-color:var(--awb-color2);border-top-width:1px;\"><\/div><\/div><div class=\"fusion-text fusion-text-46\" style=\"--awb-content-alignment:center;--awb-text-transform:capitalize;--awb-text-color:var(--awb-color4);\"><p>France<\/p>\n<\/div><\/div><\/li>\n<li class=\"fusion-layout-column fusion_builder_column fusion-builder-column-47 fusion-flex-column fusion-animated post-card fusion-grid-column fusion-post-cards-grid-column 2020 republique-tcheque fusion-animated\" style=\"--awb-padding-bottom:5px;--awb-overflow:hidden;--awb-bg-color:var(--awb-color1);--awb-bg-color-hover:var(--awb-custom_color_2);--awb-bg-size:cover;--awb-box-shadow:0px 0px 24px hsla(var(--awb-color7-h),var(--awb-color7-s),var(--awb-color7-l),calc(var(--awb-color7-a) - 40%));;--awb-border-color:var(--awb-color4);--awb-border-color-hover:var(--awb-color7);--awb-border-top:1px;--awb-border-right:1px;--awb-border-bottom:1px;--awb-border-left:1px;--awb-border-style:solid;--awb-border-radius:6px 6px 6px 6px;--awb-flex-grow:0;--awb-flex-shrink:0;--awb-flex-grow-medium:0;--awb-flex-shrink-medium:0;--awb-flex-grow-small:0;--awb-flex-shrink-small:0;\" data-animationType=\"fadeIn\" data-animationDuration=\"1.3\" data-animationOffset=\"top-into-view\"><div class=\"fusion-column-wrapper fusion-column-has-shadow fusion-flex-justify-content-flex-start fusion-content-layout-column\"><div class=\"fusion-image-element \" style=\"--awb-aspect-ratio:16 \/ 9;--awb-margin-bottom:10px;--awb-caption-title-font-family:var(--h2_typography-font-family);--awb-caption-title-font-weight:var(--h2_typography-font-weight);--awb-caption-title-font-style:var(--h2_typography-font-style);--awb-caption-title-size:var(--h2_typography-font-size);--awb-caption-title-transform:var(--h2_typography-text-transform);--awb-caption-title-line-height:var(--h2_typography-line-height);--awb-caption-title-letter-spacing:var(--h2_typography-letter-spacing);\"><span class=\" fusion-imageframe imageframe-none imageframe-46 hover-type-none has-aspect-ratio\"><a class=\"fusion-no-lightbox\" href=\"https:\/\/www.choral-events.com\/en\/chorales\/choeur-mixte-dvorak\/\" target=\"_self\" aria-label=\"Choeur-Dvorak-photo-page-web\"><img decoding=\"async\" width=\"550\" height=\"350\" src=\"https:\/\/www.choral-events.com\/wp-content\/uploads\/2026\/03\/Choeur-Dvorak-photo-page-web.png\" class=\"img-responsive wp-image-51822 img-with-aspect-ratio\" data-parent-fit=\"cover\" data-parent-container=\".fusion-image-element\" alt srcset=\"https:\/\/www.choral-events.com\/wp-content\/uploads\/2026\/03\/Choeur-Dvorak-photo-page-web-200x127.png 200w, https:\/\/www.choral-events.com\/wp-content\/uploads\/2026\/03\/Choeur-Dvorak-photo-page-web-400x255.png 400w, https:\/\/www.choral-events.com\/wp-content\/uploads\/2026\/03\/Choeur-Dvorak-photo-page-web.png 550w\" sizes=\"(max-width: 1024px) 100vw, (max-width: 640px) 100vw, 550px\" \/><\/a><\/span><\/div><div class=\"fusion-title title fusion-title-48 fusion-sep-none fusion-title-center fusion-title-text fusion-title-size-paragraph\" style=\"--awb-text-color:var(--awb-color7);--awb-margin-top:10px;--awb-margin-right:5px;--awb-margin-bottom:10px;--awb-margin-left:5px;--awb-margin-top-small:16px;--awb-margin-right-small:0px;--awb-margin-bottom-small:10px;--awb-margin-left-small:0px;--awb-link-color:var(--awb-color7);--awb-font-size:16px;\"><p class=\"fusion-title-heading title-heading-center title-heading-tag fusion-responsive-typography-calculated\" style=\"margin:0;font-size:1em;--fontSize:16;--minFontSize:16;line-height:1.6;\"><a href=\"https:\/\/www.choral-events.com\/en\/chorales\/choeur-mixte-dvorak\/\" class=\"awb-custom-text-color awb-custom-text-hover-color\" target=\"_self\">Ch\u0153ur Mixte Dvo\u0159\u00e1k<\/a><\/p><\/div><div class=\"fusion-separator\" style=\"align-self: center;margin-left: auto;margin-right: auto;flex-grow:10;margin-top:5px;margin-bottom:10px;width:100%;max-width:70px;\"><div class=\"fusion-separator-border sep-single sep-solid\" style=\"--awb-height:20px;--awb-amount:20px;border-color:var(--awb-color2);border-top-width:1px;\"><\/div><\/div><div class=\"fusion-text fusion-text-47\" style=\"--awb-content-alignment:center;--awb-text-transform:capitalize;--awb-text-color:var(--awb-color4);\"><p>R\u00e9publique Tch\u00e8que<\/p>\n<\/div><\/div><\/li>\n<li class=\"fusion-layout-column fusion_builder_column fusion-builder-column-48 fusion-flex-column fusion-animated post-card fusion-grid-column fusion-post-cards-grid-column 2019 slovaquie fusion-animated\" style=\"--awb-padding-bottom:5px;--awb-overflow:hidden;--awb-bg-color:var(--awb-color1);--awb-bg-color-hover:var(--awb-custom_color_2);--awb-bg-size:cover;--awb-box-shadow:0px 0px 24px hsla(var(--awb-color7-h),var(--awb-color7-s),var(--awb-color7-l),calc(var(--awb-color7-a) - 40%));;--awb-border-color:var(--awb-color4);--awb-border-color-hover:var(--awb-color7);--awb-border-top:1px;--awb-border-right:1px;--awb-border-bottom:1px;--awb-border-left:1px;--awb-border-style:solid;--awb-border-radius:6px 6px 6px 6px;--awb-flex-grow:0;--awb-flex-shrink:0;--awb-flex-grow-medium:0;--awb-flex-shrink-medium:0;--awb-flex-grow-small:0;--awb-flex-shrink-small:0;\" data-animationType=\"fadeIn\" data-animationDuration=\"1.3\" data-animationOffset=\"top-into-view\"><div class=\"fusion-column-wrapper fusion-column-has-shadow fusion-flex-justify-content-flex-start fusion-content-layout-column\"><div class=\"fusion-image-element \" style=\"--awb-aspect-ratio:16 \/ 9;--awb-margin-bottom:10px;--awb-caption-title-font-family:var(--h2_typography-font-family);--awb-caption-title-font-weight:var(--h2_typography-font-weight);--awb-caption-title-font-style:var(--h2_typography-font-style);--awb-caption-title-size:var(--h2_typography-font-size);--awb-caption-title-transform:var(--h2_typography-text-transform);--awb-caption-title-line-height:var(--h2_typography-line-height);--awb-caption-title-letter-spacing:var(--h2_typography-letter-spacing);\"><span class=\" fusion-imageframe imageframe-none imageframe-47 hover-type-none has-aspect-ratio\"><a class=\"fusion-no-lightbox\" href=\"https:\/\/www.choral-events.com\/en\/chorales\/choeur-omnia\/\" target=\"_self\"><img decoding=\"async\" src=\"https:\/\/www.choral-events.eskale.fr\/wp-content\/uploads\/2026\/02\/Chorales-2022.jpg\" class=\"img-responsive img-with-aspect-ratio\" data-parent-fit=\"cover\" data-parent-container=\".fusion-image-element\" alt \/><\/a><\/span><\/div><div class=\"fusion-title title fusion-title-49 fusion-sep-none fusion-title-center fusion-title-text fusion-title-size-paragraph\" style=\"--awb-text-color:var(--awb-color7);--awb-margin-top:10px;--awb-margin-right:5px;--awb-margin-bottom:10px;--awb-margin-left:5px;--awb-margin-top-small:16px;--awb-margin-right-small:0px;--awb-margin-bottom-small:10px;--awb-margin-left-small:0px;--awb-link-color:var(--awb-color7);--awb-font-size:16px;\"><p class=\"fusion-title-heading title-heading-center title-heading-tag fusion-responsive-typography-calculated\" style=\"margin:0;font-size:1em;--fontSize:16;--minFontSize:16;line-height:1.6;\"><a href=\"https:\/\/www.choral-events.com\/en\/chorales\/choeur-omnia\/\" class=\"awb-custom-text-color awb-custom-text-hover-color\" target=\"_self\">Ch\u0153ur Omnia<\/a><\/p><\/div><div class=\"fusion-separator\" style=\"align-self: center;margin-left: auto;margin-right: auto;flex-grow:10;margin-top:5px;margin-bottom:10px;width:100%;max-width:70px;\"><div class=\"fusion-separator-border sep-single sep-solid\" style=\"--awb-height:20px;--awb-amount:20px;border-color:var(--awb-color2);border-top-width:1px;\"><\/div><\/div><div class=\"fusion-text fusion-text-48\" style=\"--awb-content-alignment:center;--awb-text-transform:capitalize;--awb-text-color:var(--awb-color4);\"><p>Slovaquie<\/p>\n<\/div><\/div><\/li>\n<li class=\"fusion-layout-column fusion_builder_column fusion-builder-column-49 fusion-flex-column fusion-animated post-card fusion-grid-column fusion-post-cards-grid-column 2020 ukraine fusion-animated\" style=\"--awb-padding-bottom:5px;--awb-overflow:hidden;--awb-bg-color:var(--awb-color1);--awb-bg-color-hover:var(--awb-custom_color_2);--awb-bg-size:cover;--awb-box-shadow:0px 0px 24px hsla(var(--awb-color7-h),var(--awb-color7-s),var(--awb-color7-l),calc(var(--awb-color7-a) - 40%));;--awb-border-color:var(--awb-color4);--awb-border-color-hover:var(--awb-color7);--awb-border-top:1px;--awb-border-right:1px;--awb-border-bottom:1px;--awb-border-left:1px;--awb-border-style:solid;--awb-border-radius:6px 6px 6px 6px;--awb-flex-grow:0;--awb-flex-shrink:0;--awb-flex-grow-medium:0;--awb-flex-shrink-medium:0;--awb-flex-grow-small:0;--awb-flex-shrink-small:0;\" data-animationType=\"fadeIn\" data-animationDuration=\"1.3\" data-animationOffset=\"top-into-view\"><div class=\"fusion-column-wrapper fusion-column-has-shadow fusion-flex-justify-content-flex-start fusion-content-layout-column\"><div class=\"fusion-image-element \" style=\"--awb-aspect-ratio:16 \/ 9;--awb-margin-bottom:10px;--awb-caption-title-font-family:var(--h2_typography-font-family);--awb-caption-title-font-weight:var(--h2_typography-font-weight);--awb-caption-title-font-style:var(--h2_typography-font-style);--awb-caption-title-size:var(--h2_typography-font-size);--awb-caption-title-transform:var(--h2_typography-text-transform);--awb-caption-title-line-height:var(--h2_typography-line-height);--awb-caption-title-letter-spacing:var(--h2_typography-letter-spacing);\"><span class=\" fusion-imageframe imageframe-none imageframe-48 hover-type-none has-aspect-ratio\"><a class=\"fusion-no-lightbox\" href=\"https:\/\/www.choral-events.com\/en\/chorales\/choeur-philharmonique-de-cherkasy\/\" target=\"_self\" aria-label=\"Cherkasy-Ukraine-photo-site-web-1\"><img decoding=\"async\" width=\"550\" height=\"350\" src=\"https:\/\/www.choral-events.com\/wp-content\/uploads\/2026\/03\/Cherkasy-Ukraine-photo-site-web-1.png\" class=\"img-responsive wp-image-51826 img-with-aspect-ratio\" data-parent-fit=\"cover\" data-parent-container=\".fusion-image-element\" alt srcset=\"https:\/\/www.choral-events.com\/wp-content\/uploads\/2026\/03\/Cherkasy-Ukraine-photo-site-web-1-200x127.png 200w, https:\/\/www.choral-events.com\/wp-content\/uploads\/2026\/03\/Cherkasy-Ukraine-photo-site-web-1-400x255.png 400w, https:\/\/www.choral-events.com\/wp-content\/uploads\/2026\/03\/Cherkasy-Ukraine-photo-site-web-1.png 550w\" sizes=\"(max-width: 1024px) 100vw, (max-width: 640px) 100vw, 550px\" \/><\/a><\/span><\/div><div class=\"fusion-title title fusion-title-50 fusion-sep-none fusion-title-center fusion-title-text fusion-title-size-paragraph\" style=\"--awb-text-color:var(--awb-color7);--awb-margin-top:10px;--awb-margin-right:5px;--awb-margin-bottom:10px;--awb-margin-left:5px;--awb-margin-top-small:16px;--awb-margin-right-small:0px;--awb-margin-bottom-small:10px;--awb-margin-left-small:0px;--awb-link-color:var(--awb-color7);--awb-font-size:16px;\"><p class=\"fusion-title-heading title-heading-center title-heading-tag fusion-responsive-typography-calculated\" style=\"margin:0;font-size:1em;--fontSize:16;--minFontSize:16;line-height:1.6;\"><a href=\"https:\/\/www.choral-events.com\/en\/chorales\/choeur-philharmonique-de-cherkasy\/\" class=\"awb-custom-text-color awb-custom-text-hover-color\" target=\"_self\">Ch\u0153ur Philharmonique de Cherkasy<\/a><\/p><\/div><div class=\"fusion-separator\" style=\"align-self: center;margin-left: auto;margin-right: auto;flex-grow:10;margin-top:5px;margin-bottom:10px;width:100%;max-width:70px;\"><div class=\"fusion-separator-border sep-single sep-solid\" style=\"--awb-height:20px;--awb-amount:20px;border-color:var(--awb-color2);border-top-width:1px;\"><\/div><\/div><div class=\"fusion-text fusion-text-49\" style=\"--awb-content-alignment:center;--awb-text-transform:capitalize;--awb-text-color:var(--awb-color4);\"><p>Ukraine<\/p>\n<\/div><\/div><\/li>\n<li class=\"fusion-layout-column fusion_builder_column fusion-builder-column-50 fusion-flex-column fusion-animated post-card fusion-grid-column fusion-post-cards-grid-column 2020 indonesie fusion-animated\" style=\"--awb-padding-bottom:5px;--awb-overflow:hidden;--awb-bg-color:var(--awb-color1);--awb-bg-color-hover:var(--awb-custom_color_2);--awb-bg-size:cover;--awb-box-shadow:0px 0px 24px hsla(var(--awb-color7-h),var(--awb-color7-s),var(--awb-color7-l),calc(var(--awb-color7-a) - 40%));;--awb-border-color:var(--awb-color4);--awb-border-color-hover:var(--awb-color7);--awb-border-top:1px;--awb-border-right:1px;--awb-border-bottom:1px;--awb-border-left:1px;--awb-border-style:solid;--awb-border-radius:6px 6px 6px 6px;--awb-flex-grow:0;--awb-flex-shrink:0;--awb-flex-grow-medium:0;--awb-flex-shrink-medium:0;--awb-flex-grow-small:0;--awb-flex-shrink-small:0;\" data-animationType=\"fadeIn\" data-animationDuration=\"1.3\" data-animationOffset=\"top-into-view\"><div class=\"fusion-column-wrapper fusion-column-has-shadow fusion-flex-justify-content-flex-start fusion-content-layout-column\"><div class=\"fusion-image-element \" style=\"--awb-aspect-ratio:16 \/ 9;--awb-margin-bottom:10px;--awb-caption-title-font-family:var(--h2_typography-font-family);--awb-caption-title-font-weight:var(--h2_typography-font-weight);--awb-caption-title-font-style:var(--h2_typography-font-style);--awb-caption-title-size:var(--h2_typography-font-size);--awb-caption-title-transform:var(--h2_typography-text-transform);--awb-caption-title-line-height:var(--h2_typography-line-height);--awb-caption-title-letter-spacing:var(--h2_typography-letter-spacing);\"><span class=\" fusion-imageframe imageframe-none imageframe-49 hover-type-none has-aspect-ratio\"><a class=\"fusion-no-lightbox\" href=\"https:\/\/www.choral-events.com\/en\/chorales\/choeur-psm-ui-paragita\/\" target=\"_self\" aria-label=\"Paragita-Indonesia-France-photo-page-web-\"><img decoding=\"async\" width=\"550\" height=\"350\" src=\"https:\/\/www.choral-events.com\/wp-content\/uploads\/2026\/03\/Paragita-Indonesie-France-photo-page-web-.png\" class=\"img-responsive wp-image-51830 img-with-aspect-ratio\" data-parent-fit=\"cover\" data-parent-container=\".fusion-image-element\" alt srcset=\"https:\/\/www.choral-events.com\/wp-content\/uploads\/2026\/03\/Paragita-Indonesie-France-photo-page-web--200x127.png 200w, https:\/\/www.choral-events.com\/wp-content\/uploads\/2026\/03\/Paragita-Indonesie-France-photo-page-web--400x255.png 400w, https:\/\/www.choral-events.com\/wp-content\/uploads\/2026\/03\/Paragita-Indonesie-France-photo-page-web-.png 550w\" sizes=\"(max-width: 1024px) 100vw, (max-width: 640px) 100vw, 550px\" \/><\/a><\/span><\/div><div class=\"fusion-title title fusion-title-51 fusion-sep-none fusion-title-center fusion-title-text fusion-title-size-paragraph\" style=\"--awb-text-color:var(--awb-color7);--awb-margin-top:10px;--awb-margin-right:5px;--awb-margin-bottom:10px;--awb-margin-left:5px;--awb-margin-top-small:16px;--awb-margin-right-small:0px;--awb-margin-bottom-small:10px;--awb-margin-left-small:0px;--awb-link-color:var(--awb-color7);--awb-font-size:16px;\"><p class=\"fusion-title-heading title-heading-center title-heading-tag fusion-responsive-typography-calculated\" style=\"margin:0;font-size:1em;--fontSize:16;--minFontSize:16;line-height:1.6;\"><a href=\"https:\/\/www.choral-events.com\/en\/chorales\/choeur-psm-ui-paragita\/\" class=\"awb-custom-text-color awb-custom-text-hover-color\" target=\"_self\">Choeur PSM UI Paragita<\/a><\/p><\/div><div class=\"fusion-separator\" style=\"align-self: center;margin-left: auto;margin-right: auto;flex-grow:10;margin-top:5px;margin-bottom:10px;width:100%;max-width:70px;\"><div class=\"fusion-separator-border sep-single sep-solid\" style=\"--awb-height:20px;--awb-amount:20px;border-color:var(--awb-color2);border-top-width:1px;\"><\/div><\/div><div class=\"fusion-text fusion-text-50\" style=\"--awb-content-alignment:center;--awb-text-transform:capitalize;--awb-text-color:var(--awb-color4);\"><p>Indon\u00e9sie<\/p>\n<\/div><\/div><\/li>\n<li class=\"fusion-layout-column fusion_builder_column fusion-builder-column-51 fusion-flex-column fusion-animated post-card fusion-grid-column fusion-post-cards-grid-column 2024 hungary fusion-animated\" style=\"--awb-padding-bottom:5px;--awb-overflow:hidden;--awb-bg-color:var(--awb-color1);--awb-bg-color-hover:var(--awb-custom_color_2);--awb-bg-size:cover;--awb-box-shadow:0px 0px 24px hsla(var(--awb-color7-h),var(--awb-color7-s),var(--awb-color7-l),calc(var(--awb-color7-a) - 40%));;--awb-border-color:var(--awb-color4);--awb-border-color-hover:var(--awb-color7);--awb-border-top:1px;--awb-border-right:1px;--awb-border-bottom:1px;--awb-border-left:1px;--awb-border-style:solid;--awb-border-radius:6px 6px 6px 6px;--awb-flex-grow:0;--awb-flex-shrink:0;--awb-flex-grow-medium:0;--awb-flex-shrink-medium:0;--awb-flex-grow-small:0;--awb-flex-shrink-small:0;\" data-animationType=\"fadeIn\" data-animationDuration=\"1.3\" data-animationOffset=\"top-into-view\"><div class=\"fusion-column-wrapper fusion-column-has-shadow fusion-flex-justify-content-flex-start fusion-content-layout-column\"><div class=\"fusion-image-element \" style=\"--awb-aspect-ratio:16 \/ 9;--awb-margin-bottom:10px;--awb-caption-title-font-family:var(--h2_typography-font-family);--awb-caption-title-font-weight:var(--h2_typography-font-weight);--awb-caption-title-font-style:var(--h2_typography-font-style);--awb-caption-title-size:var(--h2_typography-font-size);--awb-caption-title-transform:var(--h2_typography-text-transform);--awb-caption-title-line-height:var(--h2_typography-line-height);--awb-caption-title-letter-spacing:var(--h2_typography-letter-spacing);\"><span class=\" fusion-imageframe imageframe-none imageframe-50 hover-type-none has-aspect-ratio\"><a class=\"fusion-no-lightbox\" href=\"https:\/\/www.choral-events.com\/en\/chorales\/choeur-pueri-castelli\/\" target=\"_self\" aria-label=\"Hungary_Pueri-Castelli_photos-page-web\"><img decoding=\"async\" width=\"550\" height=\"350\" src=\"https:\/\/www.choral-events.com\/wp-content\/uploads\/2026\/02\/Hongrie_Pueri-Castelli_photos-page-web.jpg\" class=\"img-responsive wp-image-49923 img-with-aspect-ratio\" data-parent-fit=\"cover\" data-parent-container=\".fusion-image-element\" alt srcset=\"https:\/\/www.choral-events.com\/wp-content\/uploads\/2026\/02\/Hongrie_Pueri-Castelli_photos-page-web-200x127.jpg 200w, https:\/\/www.choral-events.com\/wp-content\/uploads\/2026\/02\/Hongrie_Pueri-Castelli_photos-page-web-400x255.jpg 400w, https:\/\/www.choral-events.com\/wp-content\/uploads\/2026\/02\/Hongrie_Pueri-Castelli_photos-page-web.jpg 550w\" sizes=\"(max-width: 1024px) 100vw, (max-width: 640px) 100vw, 550px\" \/><\/a><\/span><\/div><div class=\"fusion-title title fusion-title-52 fusion-sep-none fusion-title-center fusion-title-text fusion-title-size-paragraph\" style=\"--awb-text-color:var(--awb-color7);--awb-margin-top:10px;--awb-margin-right:5px;--awb-margin-bottom:10px;--awb-margin-left:5px;--awb-margin-top-small:16px;--awb-margin-right-small:0px;--awb-margin-bottom-small:10px;--awb-margin-left-small:0px;--awb-link-color:var(--awb-color7);--awb-font-size:16px;\"><p class=\"fusion-title-heading title-heading-center title-heading-tag fusion-responsive-typography-calculated\" style=\"margin:0;font-size:1em;--fontSize:16;--minFontSize:16;line-height:1.6;\"><a href=\"https:\/\/www.choral-events.com\/en\/chorales\/choeur-pueri-castelli\/\" class=\"awb-custom-text-color awb-custom-text-hover-color\" target=\"_self\">Choeur Pueri Castelli<\/a><\/p><\/div><div class=\"fusion-separator\" style=\"align-self: center;margin-left: auto;margin-right: auto;flex-grow:10;margin-top:5px;margin-bottom:10px;width:100%;max-width:70px;\"><div class=\"fusion-separator-border sep-single sep-solid\" style=\"--awb-height:20px;--awb-amount:20px;border-color:var(--awb-color2);border-top-width:1px;\"><\/div><\/div><div class=\"fusion-text fusion-text-51\" style=\"--awb-content-alignment:center;--awb-text-transform:capitalize;--awb-text-color:var(--awb-color4);\"><p>Hungary<\/p>\n<\/div><\/div><\/li>\n<li class=\"fusion-layout-column fusion_builder_column fusion-builder-column-52 fusion-flex-column fusion-animated post-card fusion-grid-column fusion-post-cards-grid-column 2019 pologne fusion-animated\" style=\"--awb-padding-bottom:5px;--awb-overflow:hidden;--awb-bg-color:var(--awb-color1);--awb-bg-color-hover:var(--awb-custom_color_2);--awb-bg-size:cover;--awb-box-shadow:0px 0px 24px hsla(var(--awb-color7-h),var(--awb-color7-s),var(--awb-color7-l),calc(var(--awb-color7-a) - 40%));;--awb-border-color:var(--awb-color4);--awb-border-color-hover:var(--awb-color7);--awb-border-top:1px;--awb-border-right:1px;--awb-border-bottom:1px;--awb-border-left:1px;--awb-border-style:solid;--awb-border-radius:6px 6px 6px 6px;--awb-flex-grow:0;--awb-flex-shrink:0;--awb-flex-grow-medium:0;--awb-flex-shrink-medium:0;--awb-flex-grow-small:0;--awb-flex-shrink-small:0;\" data-animationType=\"fadeIn\" data-animationDuration=\"1.3\" data-animationOffset=\"top-into-view\"><div class=\"fusion-column-wrapper fusion-column-has-shadow fusion-flex-justify-content-flex-start fusion-content-layout-column\"><div class=\"fusion-image-element \" style=\"--awb-aspect-ratio:16 \/ 9;--awb-margin-bottom:10px;--awb-caption-title-font-family:var(--h2_typography-font-family);--awb-caption-title-font-weight:var(--h2_typography-font-weight);--awb-caption-title-font-style:var(--h2_typography-font-style);--awb-caption-title-size:var(--h2_typography-font-size);--awb-caption-title-transform:var(--h2_typography-text-transform);--awb-caption-title-line-height:var(--h2_typography-line-height);--awb-caption-title-letter-spacing:var(--h2_typography-letter-spacing);\"><span class=\" fusion-imageframe imageframe-none imageframe-51 hover-type-none has-aspect-ratio\"><a class=\"fusion-no-lightbox\" href=\"https:\/\/www.choral-events.com\/en\/chorales\/choeur-resonans-con-tutti\/\" target=\"_self\"><img decoding=\"async\" src=\"https:\/\/www.choral-events.eskale.fr\/wp-content\/uploads\/2026\/02\/Chorales-2022.jpg\" class=\"img-responsive img-with-aspect-ratio\" data-parent-fit=\"cover\" data-parent-container=\".fusion-image-element\" alt \/><\/a><\/span><\/div><div class=\"fusion-title title fusion-title-53 fusion-sep-none fusion-title-center fusion-title-text fusion-title-size-paragraph\" style=\"--awb-text-color:var(--awb-color7);--awb-margin-top:10px;--awb-margin-right:5px;--awb-margin-bottom:10px;--awb-margin-left:5px;--awb-margin-top-small:16px;--awb-margin-right-small:0px;--awb-margin-bottom-small:10px;--awb-margin-left-small:0px;--awb-link-color:var(--awb-color7);--awb-font-size:16px;\"><p class=\"fusion-title-heading title-heading-center title-heading-tag fusion-responsive-typography-calculated\" style=\"margin:0;font-size:1em;--fontSize:16;--minFontSize:16;line-height:1.6;\"><a href=\"https:\/\/www.choral-events.com\/en\/chorales\/choeur-resonans-con-tutti\/\" class=\"awb-custom-text-color awb-custom-text-hover-color\" target=\"_self\">Choeur Resonans Con Tutti<\/a><\/p><\/div><div class=\"fusion-separator\" style=\"align-self: center;margin-left: auto;margin-right: auto;flex-grow:10;margin-top:5px;margin-bottom:10px;width:100%;max-width:70px;\"><div class=\"fusion-separator-border sep-single sep-solid\" style=\"--awb-height:20px;--awb-amount:20px;border-color:var(--awb-color2);border-top-width:1px;\"><\/div><\/div><div class=\"fusion-text fusion-text-52\" style=\"--awb-content-alignment:center;--awb-text-transform:capitalize;--awb-text-color:var(--awb-color4);\"><p>Pologne<\/p>\n<\/div><\/div><\/li>\n<li class=\"fusion-layout-column fusion_builder_column fusion-builder-column-53 fusion-flex-column fusion-animated post-card fusion-grid-column fusion-post-cards-grid-column 2019 italie fusion-animated\" style=\"--awb-padding-bottom:5px;--awb-overflow:hidden;--awb-bg-color:var(--awb-color1);--awb-bg-color-hover:var(--awb-custom_color_2);--awb-bg-size:cover;--awb-box-shadow:0px 0px 24px hsla(var(--awb-color7-h),var(--awb-color7-s),var(--awb-color7-l),calc(var(--awb-color7-a) - 40%));;--awb-border-color:var(--awb-color4);--awb-border-color-hover:var(--awb-color7);--awb-border-top:1px;--awb-border-right:1px;--awb-border-bottom:1px;--awb-border-left:1px;--awb-border-style:solid;--awb-border-radius:6px 6px 6px 6px;--awb-flex-grow:0;--awb-flex-shrink:0;--awb-flex-grow-medium:0;--awb-flex-shrink-medium:0;--awb-flex-grow-small:0;--awb-flex-shrink-small:0;\" data-animationType=\"fadeIn\" data-animationDuration=\"1.3\" data-animationOffset=\"top-into-view\"><div class=\"fusion-column-wrapper fusion-column-has-shadow fusion-flex-justify-content-flex-start fusion-content-layout-column\"><div class=\"fusion-image-element \" style=\"--awb-aspect-ratio:16 \/ 9;--awb-margin-bottom:10px;--awb-caption-title-font-family:var(--h2_typography-font-family);--awb-caption-title-font-weight:var(--h2_typography-font-weight);--awb-caption-title-font-style:var(--h2_typography-font-style);--awb-caption-title-size:var(--h2_typography-font-size);--awb-caption-title-transform:var(--h2_typography-text-transform);--awb-caption-title-line-height:var(--h2_typography-line-height);--awb-caption-title-letter-spacing:var(--h2_typography-letter-spacing);\"><span class=\" fusion-imageframe imageframe-none imageframe-52 hover-type-none has-aspect-ratio\"><a class=\"fusion-no-lightbox\" href=\"https:\/\/www.choral-events.com\/en\/chorales\/choeur-san-leandro\/\" target=\"_self\"><img decoding=\"async\" src=\"https:\/\/www.choral-events.eskale.fr\/wp-content\/uploads\/2026\/02\/Chorales-2022.jpg\" class=\"img-responsive img-with-aspect-ratio\" data-parent-fit=\"cover\" data-parent-container=\".fusion-image-element\" alt \/><\/a><\/span><\/div><div class=\"fusion-title title fusion-title-54 fusion-sep-none fusion-title-center fusion-title-text fusion-title-size-paragraph\" style=\"--awb-text-color:var(--awb-color7);--awb-margin-top:10px;--awb-margin-right:5px;--awb-margin-bottom:10px;--awb-margin-left:5px;--awb-margin-top-small:16px;--awb-margin-right-small:0px;--awb-margin-bottom-small:10px;--awb-margin-left-small:0px;--awb-link-color:var(--awb-color7);--awb-font-size:16px;\"><p class=\"fusion-title-heading title-heading-center title-heading-tag fusion-responsive-typography-calculated\" style=\"margin:0;font-size:1em;--fontSize:16;--minFontSize:16;line-height:1.6;\"><a href=\"https:\/\/www.choral-events.com\/en\/chorales\/choeur-san-leandro\/\" class=\"awb-custom-text-color awb-custom-text-hover-color\" target=\"_self\">Choeur San Leandro<\/a><\/p><\/div><div class=\"fusion-separator\" style=\"align-self: center;margin-left: auto;margin-right: auto;flex-grow:10;margin-top:5px;margin-bottom:10px;width:100%;max-width:70px;\"><div class=\"fusion-separator-border sep-single sep-solid\" style=\"--awb-height:20px;--awb-amount:20px;border-color:var(--awb-color2);border-top-width:1px;\"><\/div><\/div><div class=\"fusion-text fusion-text-53\" style=\"--awb-content-alignment:center;--awb-text-transform:capitalize;--awb-text-color:var(--awb-color4);\"><p>Italie<\/p>\n<\/div><\/div><\/li>\n<li class=\"fusion-layout-column fusion_builder_column fusion-builder-column-54 fusion-flex-column fusion-animated post-card fusion-grid-column fusion-post-cards-grid-column 2019 france fusion-animated\" style=\"--awb-padding-bottom:5px;--awb-overflow:hidden;--awb-bg-color:var(--awb-color1);--awb-bg-color-hover:var(--awb-custom_color_2);--awb-bg-size:cover;--awb-box-shadow:0px 0px 24px hsla(var(--awb-color7-h),var(--awb-color7-s),var(--awb-color7-l),calc(var(--awb-color7-a) - 40%));;--awb-border-color:var(--awb-color4);--awb-border-color-hover:var(--awb-color7);--awb-border-top:1px;--awb-border-right:1px;--awb-border-bottom:1px;--awb-border-left:1px;--awb-border-style:solid;--awb-border-radius:6px 6px 6px 6px;--awb-flex-grow:0;--awb-flex-shrink:0;--awb-flex-grow-medium:0;--awb-flex-shrink-medium:0;--awb-flex-grow-small:0;--awb-flex-shrink-small:0;\" data-animationType=\"fadeIn\" data-animationDuration=\"1.3\" data-animationOffset=\"top-into-view\"><div class=\"fusion-column-wrapper fusion-column-has-shadow fusion-flex-justify-content-flex-start fusion-content-layout-column\"><div class=\"fusion-image-element \" style=\"--awb-aspect-ratio:16 \/ 9;--awb-margin-bottom:10px;--awb-caption-title-font-family:var(--h2_typography-font-family);--awb-caption-title-font-weight:var(--h2_typography-font-weight);--awb-caption-title-font-style:var(--h2_typography-font-style);--awb-caption-title-size:var(--h2_typography-font-size);--awb-caption-title-transform:var(--h2_typography-text-transform);--awb-caption-title-line-height:var(--h2_typography-line-height);--awb-caption-title-letter-spacing:var(--h2_typography-letter-spacing);\"><span class=\" fusion-imageframe imageframe-none imageframe-53 hover-type-none has-aspect-ratio\"><a class=\"fusion-no-lightbox\" href=\"https:\/\/www.choral-events.com\/en\/chorales\/choeur-tutti-canti\/\" target=\"_self\" aria-label=\"photo-for-site-3\"><img decoding=\"async\" width=\"550\" height=\"350\" src=\"https:\/\/www.choral-events.com\/wp-content\/uploads\/2026\/03\/photo-pour-site-3.jpg\" class=\"img-responsive wp-image-51620 img-with-aspect-ratio\" data-parent-fit=\"cover\" data-parent-container=\".fusion-image-element\" alt srcset=\"https:\/\/www.choral-events.com\/wp-content\/uploads\/2026\/03\/photo-pour-site-3-200x127.jpg 200w, https:\/\/www.choral-events.com\/wp-content\/uploads\/2026\/03\/photo-pour-site-3-400x255.jpg 400w, https:\/\/www.choral-events.com\/wp-content\/uploads\/2026\/03\/photo-pour-site-3.jpg 550w\" sizes=\"(max-width: 1024px) 100vw, (max-width: 640px) 100vw, 550px\" \/><\/a><\/span><\/div><div class=\"fusion-title title fusion-title-55 fusion-sep-none fusion-title-center fusion-title-text fusion-title-size-paragraph\" style=\"--awb-text-color:var(--awb-color7);--awb-margin-top:10px;--awb-margin-right:5px;--awb-margin-bottom:10px;--awb-margin-left:5px;--awb-margin-top-small:16px;--awb-margin-right-small:0px;--awb-margin-bottom-small:10px;--awb-margin-left-small:0px;--awb-link-color:var(--awb-color7);--awb-font-size:16px;\"><p class=\"fusion-title-heading title-heading-center title-heading-tag fusion-responsive-typography-calculated\" style=\"margin:0;font-size:1em;--fontSize:16;--minFontSize:16;line-height:1.6;\"><a href=\"https:\/\/www.choral-events.com\/en\/chorales\/choeur-tutti-canti\/\" class=\"awb-custom-text-color awb-custom-text-hover-color\" target=\"_self\">Ch\u0153ur Tutti Canti<\/a><\/p><\/div><div class=\"fusion-separator\" style=\"align-self: center;margin-left: auto;margin-right: auto;flex-grow:10;margin-top:5px;margin-bottom:10px;width:100%;max-width:70px;\"><div class=\"fusion-separator-border sep-single sep-solid\" style=\"--awb-height:20px;--awb-amount:20px;border-color:var(--awb-color2);border-top-width:1px;\"><\/div><\/div><div class=\"fusion-text fusion-text-54\" style=\"--awb-content-alignment:center;--awb-text-transform:capitalize;--awb-text-color:var(--awb-color4);\"><p>France<\/p>\n<\/div><\/div><\/li>\n<li class=\"fusion-layout-column fusion_builder_column fusion-builder-column-55 fusion-flex-column fusion-animated post-card fusion-grid-column fusion-post-cards-grid-column 2019 republique-tcheque fusion-animated\" style=\"--awb-padding-bottom:5px;--awb-overflow:hidden;--awb-bg-color:var(--awb-color1);--awb-bg-color-hover:var(--awb-custom_color_2);--awb-bg-size:cover;--awb-box-shadow:0px 0px 24px hsla(var(--awb-color7-h),var(--awb-color7-s),var(--awb-color7-l),calc(var(--awb-color7-a) - 40%));;--awb-border-color:var(--awb-color4);--awb-border-color-hover:var(--awb-color7);--awb-border-top:1px;--awb-border-right:1px;--awb-border-bottom:1px;--awb-border-left:1px;--awb-border-style:solid;--awb-border-radius:6px 6px 6px 6px;--awb-flex-grow:0;--awb-flex-shrink:0;--awb-flex-grow-medium:0;--awb-flex-shrink-medium:0;--awb-flex-grow-small:0;--awb-flex-shrink-small:0;\" data-animationType=\"fadeIn\" data-animationDuration=\"1.3\" data-animationOffset=\"top-into-view\"><div class=\"fusion-column-wrapper fusion-column-has-shadow fusion-flex-justify-content-flex-start fusion-content-layout-column\"><div class=\"fusion-image-element \" style=\"--awb-aspect-ratio:16 \/ 9;--awb-margin-bottom:10px;--awb-caption-title-font-family:var(--h2_typography-font-family);--awb-caption-title-font-weight:var(--h2_typography-font-weight);--awb-caption-title-font-style:var(--h2_typography-font-style);--awb-caption-title-size:var(--h2_typography-font-size);--awb-caption-title-transform:var(--h2_typography-text-transform);--awb-caption-title-line-height:var(--h2_typography-line-height);--awb-caption-title-letter-spacing:var(--h2_typography-letter-spacing);\"><span class=\" fusion-imageframe imageframe-none imageframe-54 hover-type-none has-aspect-ratio\"><a class=\"fusion-no-lightbox\" href=\"https:\/\/www.choral-events.com\/en\/chorales\/choeur-vox-novus\/\" target=\"_self\"><img decoding=\"async\" src=\"https:\/\/www.choral-events.eskale.fr\/wp-content\/uploads\/2026\/02\/Chorales-2022.jpg\" class=\"img-responsive img-with-aspect-ratio\" data-parent-fit=\"cover\" data-parent-container=\".fusion-image-element\" alt \/><\/a><\/span><\/div><div class=\"fusion-title title fusion-title-56 fusion-sep-none fusion-title-center fusion-title-text fusion-title-size-paragraph\" style=\"--awb-text-color:var(--awb-color7);--awb-margin-top:10px;--awb-margin-right:5px;--awb-margin-bottom:10px;--awb-margin-left:5px;--awb-margin-top-small:16px;--awb-margin-right-small:0px;--awb-margin-bottom-small:10px;--awb-margin-left-small:0px;--awb-link-color:var(--awb-color7);--awb-font-size:16px;\"><p class=\"fusion-title-heading title-heading-center title-heading-tag fusion-responsive-typography-calculated\" style=\"margin:0;font-size:1em;--fontSize:16;--minFontSize:16;line-height:1.6;\"><a href=\"https:\/\/www.choral-events.com\/en\/chorales\/choeur-vox-novus\/\" class=\"awb-custom-text-color awb-custom-text-hover-color\" target=\"_self\">Ch\u0153ur Vox Novus<\/a><\/p><\/div><div class=\"fusion-separator\" style=\"align-self: center;margin-left: auto;margin-right: auto;flex-grow:10;margin-top:5px;margin-bottom:10px;width:100%;max-width:70px;\"><div class=\"fusion-separator-border sep-single sep-solid\" style=\"--awb-height:20px;--awb-amount:20px;border-color:var(--awb-color2);border-top-width:1px;\"><\/div><\/div><div class=\"fusion-text fusion-text-55\" style=\"--awb-content-alignment:center;--awb-text-transform:capitalize;--awb-text-color:var(--awb-color4);\"><p>R\u00e9publique Tch\u00e8que<\/p>\n<\/div><\/div><\/li>\n<li class=\"fusion-layout-column fusion_builder_column fusion-builder-column-56 fusion-flex-column fusion-animated post-card fusion-grid-column fusion-post-cards-grid-column 2019 ukraine fusion-animated\" style=\"--awb-padding-bottom:5px;--awb-overflow:hidden;--awb-bg-color:var(--awb-color1);--awb-bg-color-hover:var(--awb-custom_color_2);--awb-bg-size:cover;--awb-box-shadow:0px 0px 24px hsla(var(--awb-color7-h),var(--awb-color7-s),var(--awb-color7-l),calc(var(--awb-color7-a) - 40%));;--awb-border-color:var(--awb-color4);--awb-border-color-hover:var(--awb-color7);--awb-border-top:1px;--awb-border-right:1px;--awb-border-bottom:1px;--awb-border-left:1px;--awb-border-style:solid;--awb-border-radius:6px 6px 6px 6px;--awb-flex-grow:0;--awb-flex-shrink:0;--awb-flex-grow-medium:0;--awb-flex-shrink-medium:0;--awb-flex-grow-small:0;--awb-flex-shrink-small:0;\" data-animationType=\"fadeIn\" data-animationDuration=\"1.3\" data-animationOffset=\"top-into-view\"><div class=\"fusion-column-wrapper fusion-column-has-shadow fusion-flex-justify-content-flex-start fusion-content-layout-column\"><div class=\"fusion-image-element \" style=\"--awb-aspect-ratio:16 \/ 9;--awb-margin-bottom:10px;--awb-caption-title-font-family:var(--h2_typography-font-family);--awb-caption-title-font-weight:var(--h2_typography-font-weight);--awb-caption-title-font-style:var(--h2_typography-font-style);--awb-caption-title-size:var(--h2_typography-font-size);--awb-caption-title-transform:var(--h2_typography-text-transform);--awb-caption-title-line-height:var(--h2_typography-line-height);--awb-caption-title-letter-spacing:var(--h2_typography-letter-spacing);\"><span class=\" fusion-imageframe imageframe-none imageframe-55 hover-type-none has-aspect-ratio\"><a class=\"fusion-no-lightbox\" href=\"https:\/\/www.choral-events.com\/en\/chorales\/choir-artos\/\" target=\"_self\" aria-label=\"teaserbox_50340629-550&#215;350\"><img decoding=\"async\" width=\"550\" height=\"350\" src=\"https:\/\/www.choral-events.com\/wp-content\/uploads\/2026\/03\/teaserbox_50340629-550x350-1.jpg\" class=\"img-responsive wp-image-51625 img-with-aspect-ratio\" data-parent-fit=\"cover\" data-parent-container=\".fusion-image-element\" alt srcset=\"https:\/\/www.choral-events.com\/wp-content\/uploads\/2026\/03\/teaserbox_50340629-550x350-1-200x127.jpg 200w, https:\/\/www.choral-events.com\/wp-content\/uploads\/2026\/03\/teaserbox_50340629-550x350-1-400x255.jpg 400w, https:\/\/www.choral-events.com\/wp-content\/uploads\/2026\/03\/teaserbox_50340629-550x350-1.jpg 550w\" sizes=\"(max-width: 1024px) 100vw, (max-width: 640px) 100vw, 550px\" \/><\/a><\/span><\/div><div class=\"fusion-title title fusion-title-57 fusion-sep-none fusion-title-center fusion-title-text fusion-title-size-paragraph\" style=\"--awb-text-color:var(--awb-color7);--awb-margin-top:10px;--awb-margin-right:5px;--awb-margin-bottom:10px;--awb-margin-left:5px;--awb-margin-top-small:16px;--awb-margin-right-small:0px;--awb-margin-bottom-small:10px;--awb-margin-left-small:0px;--awb-link-color:var(--awb-color7);--awb-font-size:16px;\"><p class=\"fusion-title-heading title-heading-center title-heading-tag fusion-responsive-typography-calculated\" style=\"margin:0;font-size:1em;--fontSize:16;--minFontSize:16;line-height:1.6;\"><a href=\"https:\/\/www.choral-events.com\/en\/chorales\/choir-artos\/\" class=\"awb-custom-text-color awb-custom-text-hover-color\" target=\"_self\">Choir Artos<\/a><\/p><\/div><div class=\"fusion-separator\" style=\"align-self: center;margin-left: auto;margin-right: auto;flex-grow:10;margin-top:5px;margin-bottom:10px;width:100%;max-width:70px;\"><div class=\"fusion-separator-border sep-single sep-solid\" style=\"--awb-height:20px;--awb-amount:20px;border-color:var(--awb-color2);border-top-width:1px;\"><\/div><\/div><div class=\"fusion-text fusion-text-56\" style=\"--awb-content-alignment:center;--awb-text-transform:capitalize;--awb-text-color:var(--awb-color4);\"><p>Ukraine<\/p>\n<\/div><\/div><\/li>\n<li class=\"fusion-layout-column fusion_builder_column fusion-builder-column-57 fusion-flex-column fusion-animated post-card fusion-grid-column fusion-post-cards-grid-column 2023 israel fusion-animated\" style=\"--awb-padding-bottom:5px;--awb-overflow:hidden;--awb-bg-color:var(--awb-color1);--awb-bg-color-hover:var(--awb-custom_color_2);--awb-bg-size:cover;--awb-box-shadow:0px 0px 24px hsla(var(--awb-color7-h),var(--awb-color7-s),var(--awb-color7-l),calc(var(--awb-color7-a) - 40%));;--awb-border-color:var(--awb-color4);--awb-border-color-hover:var(--awb-color7);--awb-border-top:1px;--awb-border-right:1px;--awb-border-bottom:1px;--awb-border-left:1px;--awb-border-style:solid;--awb-border-radius:6px 6px 6px 6px;--awb-flex-grow:0;--awb-flex-shrink:0;--awb-flex-grow-medium:0;--awb-flex-shrink-medium:0;--awb-flex-grow-small:0;--awb-flex-shrink-small:0;\" data-animationType=\"fadeIn\" data-animationDuration=\"1.3\" data-animationOffset=\"top-into-view\"><div class=\"fusion-column-wrapper fusion-column-has-shadow fusion-flex-justify-content-flex-start fusion-content-layout-column\"><div class=\"fusion-image-element \" style=\"--awb-aspect-ratio:16 \/ 9;--awb-margin-bottom:10px;--awb-caption-title-font-family:var(--h2_typography-font-family);--awb-caption-title-font-weight:var(--h2_typography-font-weight);--awb-caption-title-font-style:var(--h2_typography-font-style);--awb-caption-title-size:var(--h2_typography-font-size);--awb-caption-title-transform:var(--h2_typography-text-transform);--awb-caption-title-line-height:var(--h2_typography-line-height);--awb-caption-title-letter-spacing:var(--h2_typography-letter-spacing);\"><span class=\" fusion-imageframe imageframe-none imageframe-56 hover-type-none has-aspect-ratio\"><a class=\"fusion-no-lightbox\" href=\"https:\/\/www.choral-events.com\/en\/chorales\/choir-of-mate-asher\/\" target=\"_self\" aria-label=\"Mate Asher choir &#8211; Israel &#8211; photo Web page\"><img decoding=\"async\" width=\"550\" height=\"350\" src=\"https:\/\/www.choral-events.com\/wp-content\/uploads\/2023\/03\/Mate-Asher-choir-Israel-photo-Page-web.jpg\" class=\"img-responsive wp-image-49838 img-with-aspect-ratio\" data-parent-fit=\"cover\" data-parent-container=\".fusion-image-element\" alt srcset=\"https:\/\/www.choral-events.com\/wp-content\/uploads\/2023\/03\/Mate-Asher-choir-Israel-photo-Page-web-200x127.jpg 200w, https:\/\/www.choral-events.com\/wp-content\/uploads\/2023\/03\/Mate-Asher-choir-Israel-photo-Page-web-400x255.jpg 400w, https:\/\/www.choral-events.com\/wp-content\/uploads\/2023\/03\/Mate-Asher-choir-Israel-photo-Page-web.jpg 550w\" sizes=\"(max-width: 1024px) 100vw, (max-width: 640px) 100vw, 550px\" \/><\/a><\/span><\/div><div class=\"fusion-title title fusion-title-58 fusion-sep-none fusion-title-center fusion-title-text fusion-title-size-paragraph\" style=\"--awb-text-color:var(--awb-color7);--awb-margin-top:10px;--awb-margin-right:5px;--awb-margin-bottom:10px;--awb-margin-left:5px;--awb-margin-top-small:16px;--awb-margin-right-small:0px;--awb-margin-bottom-small:10px;--awb-margin-left-small:0px;--awb-link-color:var(--awb-color7);--awb-font-size:16px;\"><p class=\"fusion-title-heading title-heading-center title-heading-tag fusion-responsive-typography-calculated\" style=\"margin:0;font-size:1em;--fontSize:16;--minFontSize:16;line-height:1.6;\"><a href=\"https:\/\/www.choral-events.com\/en\/chorales\/choir-of-mate-asher\/\" class=\"awb-custom-text-color awb-custom-text-hover-color\" target=\"_self\">Choir of Mate Asher<\/a><\/p><\/div><div class=\"fusion-separator\" style=\"align-self: center;margin-left: auto;margin-right: auto;flex-grow:10;margin-top:5px;margin-bottom:10px;width:100%;max-width:70px;\"><div class=\"fusion-separator-border sep-single sep-solid\" style=\"--awb-height:20px;--awb-amount:20px;border-color:var(--awb-color2);border-top-width:1px;\"><\/div><\/div><div class=\"fusion-text fusion-text-57\" style=\"--awb-content-alignment:center;--awb-text-transform:capitalize;--awb-text-color:var(--awb-color4);\"><p>Israel<\/p>\n<\/div><\/div><\/li>\n<li class=\"fusion-layout-column fusion_builder_column fusion-builder-column-58 fusion-flex-column fusion-animated post-card fusion-grid-column fusion-post-cards-grid-column 2025 poland fusion-animated\" style=\"--awb-padding-bottom:5px;--awb-overflow:hidden;--awb-bg-color:var(--awb-color1);--awb-bg-color-hover:var(--awb-custom_color_2);--awb-bg-size:cover;--awb-box-shadow:0px 0px 24px hsla(var(--awb-color7-h),var(--awb-color7-s),var(--awb-color7-l),calc(var(--awb-color7-a) - 40%));;--awb-border-color:var(--awb-color4);--awb-border-color-hover:var(--awb-color7);--awb-border-top:1px;--awb-border-right:1px;--awb-border-bottom:1px;--awb-border-left:1px;--awb-border-style:solid;--awb-border-radius:6px 6px 6px 6px;--awb-flex-grow:0;--awb-flex-shrink:0;--awb-flex-grow-medium:0;--awb-flex-shrink-medium:0;--awb-flex-grow-small:0;--awb-flex-shrink-small:0;\" data-animationType=\"fadeIn\" data-animationDuration=\"1.3\" data-animationOffset=\"top-into-view\"><div class=\"fusion-column-wrapper fusion-column-has-shadow fusion-flex-justify-content-flex-start fusion-content-layout-column\"><div class=\"fusion-image-element \" style=\"--awb-aspect-ratio:16 \/ 9;--awb-margin-bottom:10px;--awb-caption-title-font-family:var(--h2_typography-font-family);--awb-caption-title-font-weight:var(--h2_typography-font-weight);--awb-caption-title-font-style:var(--h2_typography-font-style);--awb-caption-title-size:var(--h2_typography-font-size);--awb-caption-title-transform:var(--h2_typography-text-transform);--awb-caption-title-line-height:var(--h2_typography-line-height);--awb-caption-title-letter-spacing:var(--h2_typography-letter-spacing);\"><span class=\" fusion-imageframe imageframe-none imageframe-57 hover-type-none has-aspect-ratio\"><a class=\"fusion-no-lightbox\" href=\"https:\/\/www.choral-events.com\/en\/chorales\/choir-of-the-medical-university-of-lodz\/\" target=\"_self\" aria-label=\"Choir of Medical University of Lodz 2 (2)\"><img decoding=\"async\" width=\"1821\" height=\"1416\" alt=\"Choir of Medical University of Lodz\" src=\"https:\/\/www.choral-events.com\/wp-content\/uploads\/2025\/04\/Choir-of-Medical-University-of-Lodz-2-2.png\" class=\"img-responsive wp-image-49309 img-with-aspect-ratio\" data-parent-fit=\"cover\" data-parent-container=\".fusion-image-element\" srcset=\"https:\/\/www.choral-events.com\/wp-content\/uploads\/2025\/04\/Choir-of-Medical-University-of-Lodz-2-2-200x156.png 200w, https:\/\/www.choral-events.com\/wp-content\/uploads\/2025\/04\/Choir-of-Medical-University-of-Lodz-2-2-400x311.png 400w, https:\/\/www.choral-events.com\/wp-content\/uploads\/2025\/04\/Choir-of-Medical-University-of-Lodz-2-2-600x467.png 600w, https:\/\/www.choral-events.com\/wp-content\/uploads\/2025\/04\/Choir-of-Medical-University-of-Lodz-2-2-800x622.png 800w, https:\/\/www.choral-events.com\/wp-content\/uploads\/2025\/04\/Choir-of-Medical-University-of-Lodz-2-2-1200x933.png 1200w, https:\/\/www.choral-events.com\/wp-content\/uploads\/2025\/04\/Choir-of-Medical-University-of-Lodz-2-2.png 1821w\" sizes=\"(max-width: 1024px) 100vw, (max-width: 640px) 100vw, 1821px\" \/><\/a><\/span><\/div><div class=\"fusion-title title fusion-title-59 fusion-sep-none fusion-title-center fusion-title-text fusion-title-size-paragraph\" style=\"--awb-text-color:var(--awb-color7);--awb-margin-top:10px;--awb-margin-right:5px;--awb-margin-bottom:10px;--awb-margin-left:5px;--awb-margin-top-small:16px;--awb-margin-right-small:0px;--awb-margin-bottom-small:10px;--awb-margin-left-small:0px;--awb-link-color:var(--awb-color7);--awb-font-size:16px;\"><p class=\"fusion-title-heading title-heading-center title-heading-tag fusion-responsive-typography-calculated\" style=\"margin:0;font-size:1em;--fontSize:16;--minFontSize:16;line-height:1.6;\"><a href=\"https:\/\/www.choral-events.com\/en\/chorales\/choir-of-the-medical-university-of-lodz\/\" class=\"awb-custom-text-color awb-custom-text-hover-color\" target=\"_self\">Choir of the Medical University of Lodz<\/a><\/p><\/div><div class=\"fusion-separator\" style=\"align-self: center;margin-left: auto;margin-right: auto;flex-grow:10;margin-top:5px;margin-bottom:10px;width:100%;max-width:70px;\"><div class=\"fusion-separator-border sep-single sep-solid\" style=\"--awb-height:20px;--awb-amount:20px;border-color:var(--awb-color2);border-top-width:1px;\"><\/div><\/div><div class=\"fusion-text fusion-text-58\" style=\"--awb-content-alignment:center;--awb-text-transform:capitalize;--awb-text-color:var(--awb-color4);\"><p>Poland<\/p>\n<\/div><\/div><\/li>\n<li class=\"fusion-layout-column fusion_builder_column fusion-builder-column-59 fusion-flex-column fusion-animated post-card fusion-grid-column fusion-post-cards-grid-column 2023 poland fusion-animated\" style=\"--awb-padding-bottom:5px;--awb-overflow:hidden;--awb-bg-color:var(--awb-color1);--awb-bg-color-hover:var(--awb-custom_color_2);--awb-bg-size:cover;--awb-box-shadow:0px 0px 24px hsla(var(--awb-color7-h),var(--awb-color7-s),var(--awb-color7-l),calc(var(--awb-color7-a) - 40%));;--awb-border-color:var(--awb-color4);--awb-border-color-hover:var(--awb-color7);--awb-border-top:1px;--awb-border-right:1px;--awb-border-bottom:1px;--awb-border-left:1px;--awb-border-style:solid;--awb-border-radius:6px 6px 6px 6px;--awb-flex-grow:0;--awb-flex-shrink:0;--awb-flex-grow-medium:0;--awb-flex-shrink-medium:0;--awb-flex-grow-small:0;--awb-flex-shrink-small:0;\" data-animationType=\"fadeIn\" data-animationDuration=\"1.3\" data-animationOffset=\"top-into-view\"><div class=\"fusion-column-wrapper fusion-column-has-shadow fusion-flex-justify-content-flex-start fusion-content-layout-column\"><div class=\"fusion-image-element \" style=\"--awb-aspect-ratio:16 \/ 9;--awb-margin-bottom:10px;--awb-caption-title-font-family:var(--h2_typography-font-family);--awb-caption-title-font-weight:var(--h2_typography-font-weight);--awb-caption-title-font-style:var(--h2_typography-font-style);--awb-caption-title-size:var(--h2_typography-font-size);--awb-caption-title-transform:var(--h2_typography-text-transform);--awb-caption-title-line-height:var(--h2_typography-line-height);--awb-caption-title-letter-spacing:var(--h2_typography-letter-spacing);\"><span class=\" fusion-imageframe imageframe-none imageframe-58 hover-type-none has-aspect-ratio\"><a class=\"fusion-no-lightbox\" href=\"https:\/\/www.choral-events.com\/en\/chorales\/choir-of-the-university-of-economics-in-katowice\/\" target=\"_self\" aria-label=\"Photo_The Choir UE in Katowice\"><img decoding=\"async\" width=\"2560\" height=\"1707\" alt=\"The choir of the University of Economics in Katowice\" src=\"https:\/\/www.choral-events.com\/wp-content\/uploads\/2023\/05\/Photo_The-Choir-UE-in-Katowice-1-scaled.jpg\" class=\"img-responsive wp-image-49854 img-with-aspect-ratio\" data-parent-fit=\"cover\" data-parent-container=\".fusion-image-element\" srcset=\"https:\/\/www.choral-events.com\/wp-content\/uploads\/2023\/05\/Photo_The-Choir-UE-in-Katowice-1-200x133.jpg 200w, https:\/\/www.choral-events.com\/wp-content\/uploads\/2023\/05\/Photo_The-Choir-UE-in-Katowice-1-400x267.jpg 400w, https:\/\/www.choral-events.com\/wp-content\/uploads\/2023\/05\/Photo_The-Choir-UE-in-Katowice-1-600x400.jpg 600w, https:\/\/www.choral-events.com\/wp-content\/uploads\/2023\/05\/Photo_The-Choir-UE-in-Katowice-1-800x533.jpg 800w, https:\/\/www.choral-events.com\/wp-content\/uploads\/2023\/05\/Photo_The-Choir-UE-in-Katowice-1-1200x800.jpg 1200w, https:\/\/www.choral-events.com\/wp-content\/uploads\/2023\/05\/Photo_The-Choir-UE-in-Katowice-1-scaled.jpg 2560w\" sizes=\"(max-width: 1024px) 100vw, (max-width: 640px) 100vw, 2560px\" \/><\/a><\/span><\/div><div class=\"fusion-title title fusion-title-60 fusion-sep-none fusion-title-center fusion-title-text fusion-title-size-paragraph\" style=\"--awb-text-color:var(--awb-color7);--awb-margin-top:10px;--awb-margin-right:5px;--awb-margin-bottom:10px;--awb-margin-left:5px;--awb-margin-top-small:16px;--awb-margin-right-small:0px;--awb-margin-bottom-small:10px;--awb-margin-left-small:0px;--awb-link-color:var(--awb-color7);--awb-font-size:16px;\"><p class=\"fusion-title-heading title-heading-center title-heading-tag fusion-responsive-typography-calculated\" style=\"margin:0;font-size:1em;--fontSize:16;--minFontSize:16;line-height:1.6;\"><a href=\"https:\/\/www.choral-events.com\/en\/chorales\/choir-of-the-university-of-economics-in-katowice\/\" class=\"awb-custom-text-color awb-custom-text-hover-color\" target=\"_self\">Choir of the University of Economics in Katowice<\/a><\/p><\/div><div class=\"fusion-separator\" style=\"align-self: center;margin-left: auto;margin-right: auto;flex-grow:10;margin-top:5px;margin-bottom:10px;width:100%;max-width:70px;\"><div class=\"fusion-separator-border sep-single sep-solid\" style=\"--awb-height:20px;--awb-amount:20px;border-color:var(--awb-color2);border-top-width:1px;\"><\/div><\/div><div class=\"fusion-text fusion-text-59\" style=\"--awb-content-alignment:center;--awb-text-transform:capitalize;--awb-text-color:var(--awb-color4);\"><p>Poland<\/p>\n<\/div><\/div><\/li>\n<li class=\"fusion-layout-column fusion_builder_column fusion-builder-column-60 fusion-flex-column fusion-animated post-card fusion-grid-column fusion-post-cards-grid-column 2019 republique-tcheque fusion-animated\" style=\"--awb-padding-bottom:5px;--awb-overflow:hidden;--awb-bg-color:var(--awb-color1);--awb-bg-color-hover:var(--awb-custom_color_2);--awb-bg-size:cover;--awb-box-shadow:0px 0px 24px hsla(var(--awb-color7-h),var(--awb-color7-s),var(--awb-color7-l),calc(var(--awb-color7-a) - 40%));;--awb-border-color:var(--awb-color4);--awb-border-color-hover:var(--awb-color7);--awb-border-top:1px;--awb-border-right:1px;--awb-border-bottom:1px;--awb-border-left:1px;--awb-border-style:solid;--awb-border-radius:6px 6px 6px 6px;--awb-flex-grow:0;--awb-flex-shrink:0;--awb-flex-grow-medium:0;--awb-flex-shrink-medium:0;--awb-flex-grow-small:0;--awb-flex-shrink-small:0;\" data-animationType=\"fadeIn\" data-animationDuration=\"1.3\" data-animationOffset=\"top-into-view\"><div class=\"fusion-column-wrapper fusion-column-has-shadow fusion-flex-justify-content-flex-start fusion-content-layout-column\"><div class=\"fusion-image-element \" style=\"--awb-aspect-ratio:16 \/ 9;--awb-margin-bottom:10px;--awb-caption-title-font-family:var(--h2_typography-font-family);--awb-caption-title-font-weight:var(--h2_typography-font-weight);--awb-caption-title-font-style:var(--h2_typography-font-style);--awb-caption-title-size:var(--h2_typography-font-size);--awb-caption-title-transform:var(--h2_typography-text-transform);--awb-caption-title-line-height:var(--h2_typography-line-height);--awb-caption-title-letter-spacing:var(--h2_typography-letter-spacing);\"><span class=\" fusion-imageframe imageframe-none imageframe-59 hover-type-none has-aspect-ratio\"><a class=\"fusion-no-lightbox\" href=\"https:\/\/www.choral-events.com\/en\/chorales\/choir-van-goh\/\" target=\"_self\" aria-label=\"photo-3\"><img decoding=\"async\" width=\"550\" height=\"350\" src=\"https:\/\/www.choral-events.com\/wp-content\/uploads\/2026\/03\/photo-3.jpg\" class=\"img-responsive wp-image-51629 img-with-aspect-ratio\" data-parent-fit=\"cover\" data-parent-container=\".fusion-image-element\" alt srcset=\"https:\/\/www.choral-events.com\/wp-content\/uploads\/2026\/03\/photo-3-200x127.jpg 200w, https:\/\/www.choral-events.com\/wp-content\/uploads\/2026\/03\/photo-3-400x255.jpg 400w, https:\/\/www.choral-events.com\/wp-content\/uploads\/2026\/03\/photo-3.jpg 550w\" sizes=\"(max-width: 1024px) 100vw, (max-width: 640px) 100vw, 550px\" \/><\/a><\/span><\/div><div class=\"fusion-title title fusion-title-61 fusion-sep-none fusion-title-center fusion-title-text fusion-title-size-paragraph\" style=\"--awb-text-color:var(--awb-color7);--awb-margin-top:10px;--awb-margin-right:5px;--awb-margin-bottom:10px;--awb-margin-left:5px;--awb-margin-top-small:16px;--awb-margin-right-small:0px;--awb-margin-bottom-small:10px;--awb-margin-left-small:0px;--awb-link-color:var(--awb-color7);--awb-font-size:16px;\"><p class=\"fusion-title-heading title-heading-center title-heading-tag fusion-responsive-typography-calculated\" style=\"margin:0;font-size:1em;--fontSize:16;--minFontSize:16;line-height:1.6;\"><a href=\"https:\/\/www.choral-events.com\/en\/chorales\/choir-van-goh\/\" class=\"awb-custom-text-color awb-custom-text-hover-color\" target=\"_self\">Choir Van Goh<\/a><\/p><\/div><div class=\"fusion-separator\" style=\"align-self: center;margin-left: auto;margin-right: auto;flex-grow:10;margin-top:5px;margin-bottom:10px;width:100%;max-width:70px;\"><div class=\"fusion-separator-border sep-single sep-solid\" style=\"--awb-height:20px;--awb-amount:20px;border-color:var(--awb-color2);border-top-width:1px;\"><\/div><\/div><div class=\"fusion-text fusion-text-60\" style=\"--awb-content-alignment:center;--awb-text-transform:capitalize;--awb-text-color:var(--awb-color4);\"><p>R\u00e9publique Tch\u00e8que<\/p>\n<\/div><\/div><\/li>\n<li class=\"fusion-layout-column fusion_builder_column fusion-builder-column-61 fusion-flex-column fusion-animated post-card fusion-grid-column fusion-post-cards-grid-column 2026 france fusion-animated\" style=\"--awb-padding-bottom:5px;--awb-overflow:hidden;--awb-bg-color:var(--awb-color1);--awb-bg-color-hover:var(--awb-custom_color_2);--awb-bg-size:cover;--awb-box-shadow:0px 0px 24px hsla(var(--awb-color7-h),var(--awb-color7-s),var(--awb-color7-l),calc(var(--awb-color7-a) - 40%));;--awb-border-color:var(--awb-color4);--awb-border-color-hover:var(--awb-color7);--awb-border-top:1px;--awb-border-right:1px;--awb-border-bottom:1px;--awb-border-left:1px;--awb-border-style:solid;--awb-border-radius:6px 6px 6px 6px;--awb-flex-grow:0;--awb-flex-shrink:0;--awb-flex-grow-medium:0;--awb-flex-shrink-medium:0;--awb-flex-grow-small:0;--awb-flex-shrink-small:0;\" data-animationType=\"fadeIn\" data-animationDuration=\"1.3\" data-animationOffset=\"top-into-view\"><div class=\"fusion-column-wrapper fusion-column-has-shadow fusion-flex-justify-content-flex-start fusion-content-layout-column\"><div class=\"fusion-image-element \" style=\"--awb-aspect-ratio:16 \/ 9;--awb-margin-bottom:10px;--awb-caption-title-font-family:var(--h2_typography-font-family);--awb-caption-title-font-weight:var(--h2_typography-font-weight);--awb-caption-title-font-style:var(--h2_typography-font-style);--awb-caption-title-size:var(--h2_typography-font-size);--awb-caption-title-transform:var(--h2_typography-text-transform);--awb-caption-title-line-height:var(--h2_typography-line-height);--awb-caption-title-letter-spacing:var(--h2_typography-letter-spacing);\"><span class=\" fusion-imageframe imageframe-none imageframe-60 hover-type-none has-aspect-ratio\"><a class=\"fusion-no-lightbox\" href=\"https:\/\/www.choral-events.com\/en\/chorales\/choirs-anguelos\/\" target=\"_self\" aria-label=\"Angu\u00e9los grand chorus\"><img decoding=\"async\" width=\"2560\" height=\"1931\" src=\"https:\/\/www.choral-events.com\/wp-content\/uploads\/2026\/03\/Anguelos-grand-choeur-scaled.jpg\" class=\"img-responsive wp-image-52522 img-with-aspect-ratio\" data-parent-fit=\"cover\" data-parent-container=\".fusion-image-element\" alt srcset=\"https:\/\/www.choral-events.com\/wp-content\/uploads\/2026\/03\/Anguelos-grand-choeur-200x151.jpg 200w, https:\/\/www.choral-events.com\/wp-content\/uploads\/2026\/03\/Anguelos-grand-choeur-400x302.jpg 400w, https:\/\/www.choral-events.com\/wp-content\/uploads\/2026\/03\/Anguelos-grand-choeur-600x453.jpg 600w, https:\/\/www.choral-events.com\/wp-content\/uploads\/2026\/03\/Anguelos-grand-choeur-800x603.jpg 800w, https:\/\/www.choral-events.com\/wp-content\/uploads\/2026\/03\/Anguelos-grand-choeur-1200x905.jpg 1200w, https:\/\/www.choral-events.com\/wp-content\/uploads\/2026\/03\/Anguelos-grand-choeur-scaled.jpg 2560w\" sizes=\"(max-width: 1024px) 100vw, (max-width: 640px) 100vw, 2560px\" \/><\/a><\/span><\/div><div class=\"fusion-title title fusion-title-62 fusion-sep-none fusion-title-center fusion-title-text fusion-title-size-paragraph\" style=\"--awb-text-color:var(--awb-color7);--awb-margin-top:10px;--awb-margin-right:5px;--awb-margin-bottom:10px;--awb-margin-left:5px;--awb-margin-top-small:16px;--awb-margin-right-small:0px;--awb-margin-bottom-small:10px;--awb-margin-left-small:0px;--awb-link-color:var(--awb-color7);--awb-font-size:16px;\"><p class=\"fusion-title-heading title-heading-center title-heading-tag fusion-responsive-typography-calculated\" style=\"margin:0;font-size:1em;--fontSize:16;--minFontSize:16;line-height:1.6;\"><a href=\"https:\/\/www.choral-events.com\/en\/chorales\/choirs-anguelos\/\" class=\"awb-custom-text-color awb-custom-text-hover-color\" target=\"_self\">Choirs Angu\u00e9los<\/a><\/p><\/div><div class=\"fusion-separator\" style=\"align-self: center;margin-left: auto;margin-right: auto;flex-grow:10;margin-top:5px;margin-bottom:10px;width:100%;max-width:70px;\"><div class=\"fusion-separator-border sep-single sep-solid\" style=\"--awb-height:20px;--awb-amount:20px;border-color:var(--awb-color2);border-top-width:1px;\"><\/div><\/div><div class=\"fusion-text fusion-text-61\" style=\"--awb-content-alignment:center;--awb-text-transform:capitalize;--awb-text-color:var(--awb-color4);\"><p>France  <\/p>\n<\/div><\/div><\/li>\n<li class=\"fusion-layout-column fusion_builder_column fusion-builder-column-62 fusion-flex-column fusion-animated post-card fusion-grid-column fusion-post-cards-grid-column 2023 france fusion-animated\" style=\"--awb-padding-bottom:5px;--awb-overflow:hidden;--awb-bg-color:var(--awb-color1);--awb-bg-color-hover:var(--awb-custom_color_2);--awb-bg-size:cover;--awb-box-shadow:0px 0px 24px hsla(var(--awb-color7-h),var(--awb-color7-s),var(--awb-color7-l),calc(var(--awb-color7-a) - 40%));;--awb-border-color:var(--awb-color4);--awb-border-color-hover:var(--awb-color7);--awb-border-top:1px;--awb-border-right:1px;--awb-border-bottom:1px;--awb-border-left:1px;--awb-border-style:solid;--awb-border-radius:6px 6px 6px 6px;--awb-flex-grow:0;--awb-flex-shrink:0;--awb-flex-grow-medium:0;--awb-flex-shrink-medium:0;--awb-flex-grow-small:0;--awb-flex-shrink-small:0;\" data-animationType=\"fadeIn\" data-animationDuration=\"1.3\" data-animationOffset=\"top-into-view\"><div class=\"fusion-column-wrapper fusion-column-has-shadow fusion-flex-justify-content-flex-start fusion-content-layout-column\"><div class=\"fusion-image-element \" style=\"--awb-aspect-ratio:16 \/ 9;--awb-margin-bottom:10px;--awb-caption-title-font-family:var(--h2_typography-font-family);--awb-caption-title-font-weight:var(--h2_typography-font-weight);--awb-caption-title-font-style:var(--h2_typography-font-style);--awb-caption-title-size:var(--h2_typography-font-size);--awb-caption-title-transform:var(--h2_typography-text-transform);--awb-caption-title-line-height:var(--h2_typography-line-height);--awb-caption-title-letter-spacing:var(--h2_typography-letter-spacing);\"><span class=\" fusion-imageframe imageframe-none imageframe-61 hover-type-none has-aspect-ratio\"><a class=\"fusion-no-lightbox\" href=\"https:\/\/www.choral-events.com\/en\/chorales\/choirs-of-provence\/\" target=\"_self\" aria-label=\"2_FRANCE-Choeurs-de-Provence-photo-page-web\"><img decoding=\"async\" width=\"550\" height=\"350\" src=\"https:\/\/www.choral-events.com\/wp-content\/uploads\/2026\/02\/2_FRANCE-Choeurs-de-Provence-photo-page-web.png\" class=\"img-responsive wp-image-49408 img-with-aspect-ratio\" data-parent-fit=\"cover\" data-parent-container=\".fusion-image-element\" alt srcset=\"https:\/\/www.choral-events.com\/wp-content\/uploads\/2026\/02\/2_FRANCE-Choeurs-de-Provence-photo-page-web-200x127.png 200w, https:\/\/www.choral-events.com\/wp-content\/uploads\/2026\/02\/2_FRANCE-Choeurs-de-Provence-photo-page-web-400x255.png 400w, https:\/\/www.choral-events.com\/wp-content\/uploads\/2026\/02\/2_FRANCE-Choeurs-de-Provence-photo-page-web.png 550w\" sizes=\"(max-width: 1024px) 100vw, (max-width: 640px) 100vw, 550px\" \/><\/a><\/span><\/div><div class=\"fusion-title title fusion-title-63 fusion-sep-none fusion-title-center fusion-title-text fusion-title-size-paragraph\" style=\"--awb-text-color:var(--awb-color7);--awb-margin-top:10px;--awb-margin-right:5px;--awb-margin-bottom:10px;--awb-margin-left:5px;--awb-margin-top-small:16px;--awb-margin-right-small:0px;--awb-margin-bottom-small:10px;--awb-margin-left-small:0px;--awb-link-color:var(--awb-color7);--awb-font-size:16px;\"><p class=\"fusion-title-heading title-heading-center title-heading-tag fusion-responsive-typography-calculated\" style=\"margin:0;font-size:1em;--fontSize:16;--minFontSize:16;line-height:1.6;\"><a href=\"https:\/\/www.choral-events.com\/en\/chorales\/choirs-of-provence\/\" class=\"awb-custom-text-color awb-custom-text-hover-color\" target=\"_self\">Choirs of Provence<\/a><\/p><\/div><div class=\"fusion-separator\" style=\"align-self: center;margin-left: auto;margin-right: auto;flex-grow:10;margin-top:5px;margin-bottom:10px;width:100%;max-width:70px;\"><div class=\"fusion-separator-border sep-single sep-solid\" style=\"--awb-height:20px;--awb-amount:20px;border-color:var(--awb-color2);border-top-width:1px;\"><\/div><\/div><div class=\"fusion-text fusion-text-62\" style=\"--awb-content-alignment:center;--awb-text-transform:capitalize;--awb-text-color:var(--awb-color4);\"><p>France<\/p>\n<\/div><\/div><\/li>\n<li class=\"fusion-layout-column fusion_builder_column fusion-builder-column-63 fusion-flex-column fusion-animated post-card fusion-grid-column fusion-post-cards-grid-column 2020 france fusion-animated\" style=\"--awb-padding-bottom:5px;--awb-overflow:hidden;--awb-bg-color:var(--awb-color1);--awb-bg-color-hover:var(--awb-custom_color_2);--awb-bg-size:cover;--awb-box-shadow:0px 0px 24px hsla(var(--awb-color7-h),var(--awb-color7-s),var(--awb-color7-l),calc(var(--awb-color7-a) - 40%));;--awb-border-color:var(--awb-color4);--awb-border-color-hover:var(--awb-color7);--awb-border-top:1px;--awb-border-right:1px;--awb-border-bottom:1px;--awb-border-left:1px;--awb-border-style:solid;--awb-border-radius:6px 6px 6px 6px;--awb-flex-grow:0;--awb-flex-shrink:0;--awb-flex-grow-medium:0;--awb-flex-shrink-medium:0;--awb-flex-grow-small:0;--awb-flex-shrink-small:0;\" data-animationType=\"fadeIn\" data-animationDuration=\"1.3\" data-animationOffset=\"top-into-view\"><div class=\"fusion-column-wrapper fusion-column-has-shadow fusion-flex-justify-content-flex-start fusion-content-layout-column\"><div class=\"fusion-image-element \" style=\"--awb-aspect-ratio:16 \/ 9;--awb-margin-bottom:10px;--awb-caption-title-font-family:var(--h2_typography-font-family);--awb-caption-title-font-weight:var(--h2_typography-font-weight);--awb-caption-title-font-style:var(--h2_typography-font-style);--awb-caption-title-size:var(--h2_typography-font-size);--awb-caption-title-transform:var(--h2_typography-text-transform);--awb-caption-title-line-height:var(--h2_typography-line-height);--awb-caption-title-letter-spacing:var(--h2_typography-letter-spacing);\"><span class=\" fusion-imageframe imageframe-none imageframe-62 hover-type-none has-aspect-ratio\"><a class=\"fusion-no-lightbox\" href=\"https:\/\/www.choral-events.com\/en\/chorales\/chorale-chanlibre\/\" target=\"_self\" aria-label=\"Chant-libre-photo-page-web-\"><img decoding=\"async\" width=\"550\" height=\"350\" src=\"https:\/\/www.choral-events.com\/wp-content\/uploads\/2026\/03\/Chant-libre-photo-page-web-.png\" class=\"img-responsive wp-image-51834 img-with-aspect-ratio\" data-parent-fit=\"cover\" data-parent-container=\".fusion-image-element\" alt srcset=\"https:\/\/www.choral-events.com\/wp-content\/uploads\/2026\/03\/Chant-libre-photo-page-web--200x127.png 200w, https:\/\/www.choral-events.com\/wp-content\/uploads\/2026\/03\/Chant-libre-photo-page-web--400x255.png 400w, https:\/\/www.choral-events.com\/wp-content\/uploads\/2026\/03\/Chant-libre-photo-page-web-.png 550w\" sizes=\"(max-width: 1024px) 100vw, (max-width: 640px) 100vw, 550px\" \/><\/a><\/span><\/div><div class=\"fusion-title title fusion-title-64 fusion-sep-none fusion-title-center fusion-title-text fusion-title-size-paragraph\" style=\"--awb-text-color:var(--awb-color7);--awb-margin-top:10px;--awb-margin-right:5px;--awb-margin-bottom:10px;--awb-margin-left:5px;--awb-margin-top-small:16px;--awb-margin-right-small:0px;--awb-margin-bottom-small:10px;--awb-margin-left-small:0px;--awb-link-color:var(--awb-color7);--awb-font-size:16px;\"><p class=\"fusion-title-heading title-heading-center title-heading-tag fusion-responsive-typography-calculated\" style=\"margin:0;font-size:1em;--fontSize:16;--minFontSize:16;line-height:1.6;\"><a href=\"https:\/\/www.choral-events.com\/en\/chorales\/chorale-chanlibre\/\" class=\"awb-custom-text-color awb-custom-text-hover-color\" target=\"_self\">Chorale Chanlibre<\/a><\/p><\/div><div class=\"fusion-separator\" style=\"align-self: center;margin-left: auto;margin-right: auto;flex-grow:10;margin-top:5px;margin-bottom:10px;width:100%;max-width:70px;\"><div class=\"fusion-separator-border sep-single sep-solid\" style=\"--awb-height:20px;--awb-amount:20px;border-color:var(--awb-color2);border-top-width:1px;\"><\/div><\/div><div class=\"fusion-text fusion-text-63\" style=\"--awb-content-alignment:center;--awb-text-transform:capitalize;--awb-text-color:var(--awb-color4);\"><p>France<\/p>\n<\/div><\/div><\/li>\n<li class=\"fusion-layout-column fusion_builder_column fusion-builder-column-64 fusion-flex-column fusion-animated post-card fusion-grid-column fusion-post-cards-grid-column 2019 quebec fusion-animated\" style=\"--awb-padding-bottom:5px;--awb-overflow:hidden;--awb-bg-color:var(--awb-color1);--awb-bg-color-hover:var(--awb-custom_color_2);--awb-bg-size:cover;--awb-box-shadow:0px 0px 24px hsla(var(--awb-color7-h),var(--awb-color7-s),var(--awb-color7-l),calc(var(--awb-color7-a) - 40%));;--awb-border-color:var(--awb-color4);--awb-border-color-hover:var(--awb-color7);--awb-border-top:1px;--awb-border-right:1px;--awb-border-bottom:1px;--awb-border-left:1px;--awb-border-style:solid;--awb-border-radius:6px 6px 6px 6px;--awb-flex-grow:0;--awb-flex-shrink:0;--awb-flex-grow-medium:0;--awb-flex-shrink-medium:0;--awb-flex-grow-small:0;--awb-flex-shrink-small:0;\" data-animationType=\"fadeIn\" data-animationDuration=\"1.3\" data-animationOffset=\"top-into-view\"><div class=\"fusion-column-wrapper fusion-column-has-shadow fusion-flex-justify-content-flex-start fusion-content-layout-column\"><div class=\"fusion-image-element \" style=\"--awb-aspect-ratio:16 \/ 9;--awb-margin-bottom:10px;--awb-caption-title-font-family:var(--h2_typography-font-family);--awb-caption-title-font-weight:var(--h2_typography-font-weight);--awb-caption-title-font-style:var(--h2_typography-font-style);--awb-caption-title-size:var(--h2_typography-font-size);--awb-caption-title-transform:var(--h2_typography-text-transform);--awb-caption-title-line-height:var(--h2_typography-line-height);--awb-caption-title-letter-spacing:var(--h2_typography-letter-spacing);\"><span class=\" fusion-imageframe imageframe-none imageframe-63 hover-type-none has-aspect-ratio\"><a class=\"fusion-no-lightbox\" href=\"https:\/\/www.choral-events.com\/en\/chorales\/chorale-chantarelle-du-college-laval\/\" target=\"_self\"><img decoding=\"async\" src=\"https:\/\/www.choral-events.eskale.fr\/wp-content\/uploads\/2026\/02\/Chorales-2022.jpg\" class=\"img-responsive img-with-aspect-ratio\" data-parent-fit=\"cover\" data-parent-container=\".fusion-image-element\" alt \/><\/a><\/span><\/div><div class=\"fusion-title title fusion-title-65 fusion-sep-none fusion-title-center fusion-title-text fusion-title-size-paragraph\" style=\"--awb-text-color:var(--awb-color7);--awb-margin-top:10px;--awb-margin-right:5px;--awb-margin-bottom:10px;--awb-margin-left:5px;--awb-margin-top-small:16px;--awb-margin-right-small:0px;--awb-margin-bottom-small:10px;--awb-margin-left-small:0px;--awb-link-color:var(--awb-color7);--awb-font-size:16px;\"><p class=\"fusion-title-heading title-heading-center title-heading-tag fusion-responsive-typography-calculated\" style=\"margin:0;font-size:1em;--fontSize:16;--minFontSize:16;line-height:1.6;\"><a href=\"https:\/\/www.choral-events.com\/en\/chorales\/chorale-chantarelle-du-college-laval\/\" class=\"awb-custom-text-color awb-custom-text-hover-color\" target=\"_self\">Chorale Chantarelle du Coll\u00e8ge Laval<\/a><\/p><\/div><div class=\"fusion-separator\" style=\"align-self: center;margin-left: auto;margin-right: auto;flex-grow:10;margin-top:5px;margin-bottom:10px;width:100%;max-width:70px;\"><div class=\"fusion-separator-border sep-single sep-solid\" style=\"--awb-height:20px;--awb-amount:20px;border-color:var(--awb-color2);border-top-width:1px;\"><\/div><\/div><div class=\"fusion-text fusion-text-64\" style=\"--awb-content-alignment:center;--awb-text-transform:capitalize;--awb-text-color:var(--awb-color4);\"><p>Qu\u00e9bec<\/p>\n<\/div><\/div><\/li>\n<li class=\"fusion-layout-column fusion_builder_column fusion-builder-column-65 fusion-flex-column fusion-animated post-card fusion-grid-column fusion-post-cards-grid-column 2020 france fusion-animated\" style=\"--awb-padding-bottom:5px;--awb-overflow:hidden;--awb-bg-color:var(--awb-color1);--awb-bg-color-hover:var(--awb-custom_color_2);--awb-bg-size:cover;--awb-box-shadow:0px 0px 24px hsla(var(--awb-color7-h),var(--awb-color7-s),var(--awb-color7-l),calc(var(--awb-color7-a) - 40%));;--awb-border-color:var(--awb-color4);--awb-border-color-hover:var(--awb-color7);--awb-border-top:1px;--awb-border-right:1px;--awb-border-bottom:1px;--awb-border-left:1px;--awb-border-style:solid;--awb-border-radius:6px 6px 6px 6px;--awb-flex-grow:0;--awb-flex-shrink:0;--awb-flex-grow-medium:0;--awb-flex-shrink-medium:0;--awb-flex-grow-small:0;--awb-flex-shrink-small:0;\" data-animationType=\"fadeIn\" data-animationDuration=\"1.3\" data-animationOffset=\"top-into-view\"><div class=\"fusion-column-wrapper fusion-column-has-shadow fusion-flex-justify-content-flex-start fusion-content-layout-column\"><div class=\"fusion-image-element \" style=\"--awb-aspect-ratio:16 \/ 9;--awb-margin-bottom:10px;--awb-caption-title-font-family:var(--h2_typography-font-family);--awb-caption-title-font-weight:var(--h2_typography-font-weight);--awb-caption-title-font-style:var(--h2_typography-font-style);--awb-caption-title-size:var(--h2_typography-font-size);--awb-caption-title-transform:var(--h2_typography-text-transform);--awb-caption-title-line-height:var(--h2_typography-line-height);--awb-caption-title-letter-spacing:var(--h2_typography-letter-spacing);\"><span class=\" fusion-imageframe imageframe-none imageframe-64 hover-type-none has-aspect-ratio\"><a class=\"fusion-no-lightbox\" href=\"https:\/\/www.choral-events.com\/en\/chorales\/chorale-dauphinelle\/\" target=\"_self\" aria-label=\"Dauphinelle-photo-site-web-2\"><img decoding=\"async\" width=\"550\" height=\"350\" src=\"https:\/\/www.choral-events.com\/wp-content\/uploads\/2026\/03\/Dauphinelle-photo-site-web-2.png\" class=\"img-responsive wp-image-51838 img-with-aspect-ratio\" data-parent-fit=\"cover\" data-parent-container=\".fusion-image-element\" alt srcset=\"https:\/\/www.choral-events.com\/wp-content\/uploads\/2026\/03\/Dauphinelle-photo-site-web-2-200x127.png 200w, https:\/\/www.choral-events.com\/wp-content\/uploads\/2026\/03\/Dauphinelle-photo-site-web-2-400x255.png 400w, https:\/\/www.choral-events.com\/wp-content\/uploads\/2026\/03\/Dauphinelle-photo-site-web-2.png 550w\" sizes=\"(max-width: 1024px) 100vw, (max-width: 640px) 100vw, 550px\" \/><\/a><\/span><\/div><div class=\"fusion-title title fusion-title-66 fusion-sep-none fusion-title-center fusion-title-text fusion-title-size-paragraph\" style=\"--awb-text-color:var(--awb-color7);--awb-margin-top:10px;--awb-margin-right:5px;--awb-margin-bottom:10px;--awb-margin-left:5px;--awb-margin-top-small:16px;--awb-margin-right-small:0px;--awb-margin-bottom-small:10px;--awb-margin-left-small:0px;--awb-link-color:var(--awb-color7);--awb-font-size:16px;\"><p class=\"fusion-title-heading title-heading-center title-heading-tag fusion-responsive-typography-calculated\" style=\"margin:0;font-size:1em;--fontSize:16;--minFontSize:16;line-height:1.6;\"><a href=\"https:\/\/www.choral-events.com\/en\/chorales\/chorale-dauphinelle\/\" class=\"awb-custom-text-color awb-custom-text-hover-color\" target=\"_self\">Chorale Dauphinelle<\/a><\/p><\/div><div class=\"fusion-separator\" style=\"align-self: center;margin-left: auto;margin-right: auto;flex-grow:10;margin-top:5px;margin-bottom:10px;width:100%;max-width:70px;\"><div class=\"fusion-separator-border sep-single sep-solid\" style=\"--awb-height:20px;--awb-amount:20px;border-color:var(--awb-color2);border-top-width:1px;\"><\/div><\/div><div class=\"fusion-text fusion-text-65\" style=\"--awb-content-alignment:center;--awb-text-transform:capitalize;--awb-text-color:var(--awb-color4);\"><p>France<\/p>\n<\/div><\/div><\/li>\n<li class=\"fusion-layout-column fusion_builder_column fusion-builder-column-66 fusion-flex-column fusion-animated post-card fusion-grid-column fusion-post-cards-grid-column 2018 suisse fusion-animated\" style=\"--awb-padding-bottom:5px;--awb-overflow:hidden;--awb-bg-color:var(--awb-color1);--awb-bg-color-hover:var(--awb-custom_color_2);--awb-bg-size:cover;--awb-box-shadow:0px 0px 24px hsla(var(--awb-color7-h),var(--awb-color7-s),var(--awb-color7-l),calc(var(--awb-color7-a) - 40%));;--awb-border-color:var(--awb-color4);--awb-border-color-hover:var(--awb-color7);--awb-border-top:1px;--awb-border-right:1px;--awb-border-bottom:1px;--awb-border-left:1px;--awb-border-style:solid;--awb-border-radius:6px 6px 6px 6px;--awb-flex-grow:0;--awb-flex-shrink:0;--awb-flex-grow-medium:0;--awb-flex-shrink-medium:0;--awb-flex-grow-small:0;--awb-flex-shrink-small:0;\" data-animationType=\"fadeIn\" data-animationDuration=\"1.3\" data-animationOffset=\"top-into-view\"><div class=\"fusion-column-wrapper fusion-column-has-shadow fusion-flex-justify-content-flex-start fusion-content-layout-column\"><div class=\"fusion-image-element \" style=\"--awb-aspect-ratio:16 \/ 9;--awb-margin-bottom:10px;--awb-caption-title-font-family:var(--h2_typography-font-family);--awb-caption-title-font-weight:var(--h2_typography-font-weight);--awb-caption-title-font-style:var(--h2_typography-font-style);--awb-caption-title-size:var(--h2_typography-font-size);--awb-caption-title-transform:var(--h2_typography-text-transform);--awb-caption-title-line-height:var(--h2_typography-line-height);--awb-caption-title-letter-spacing:var(--h2_typography-letter-spacing);\"><span class=\" fusion-imageframe imageframe-none imageframe-65 hover-type-none has-aspect-ratio\"><a class=\"fusion-no-lightbox\" href=\"https:\/\/www.choral-events.com\/en\/chorales\/chorale-des-4-saisons\/\" target=\"_self\" aria-label=\"photo-4-saisons-550&#215;350\"><img decoding=\"async\" width=\"550\" height=\"350\" src=\"https:\/\/www.choral-events.com\/wp-content\/uploads\/2026\/03\/photo-4-saisons-550x350-1.jpg\" class=\"img-responsive wp-image-51328 img-with-aspect-ratio\" data-parent-fit=\"cover\" data-parent-container=\".fusion-image-element\" alt srcset=\"https:\/\/www.choral-events.com\/wp-content\/uploads\/2026\/03\/photo-4-saisons-550x350-1-200x127.jpg 200w, https:\/\/www.choral-events.com\/wp-content\/uploads\/2026\/03\/photo-4-saisons-550x350-1-400x255.jpg 400w, https:\/\/www.choral-events.com\/wp-content\/uploads\/2026\/03\/photo-4-saisons-550x350-1.jpg 550w\" sizes=\"(max-width: 1024px) 100vw, (max-width: 640px) 100vw, 550px\" \/><\/a><\/span><\/div><div class=\"fusion-title title fusion-title-67 fusion-sep-none fusion-title-center fusion-title-text fusion-title-size-paragraph\" style=\"--awb-text-color:var(--awb-color7);--awb-margin-top:10px;--awb-margin-right:5px;--awb-margin-bottom:10px;--awb-margin-left:5px;--awb-margin-top-small:16px;--awb-margin-right-small:0px;--awb-margin-bottom-small:10px;--awb-margin-left-small:0px;--awb-link-color:var(--awb-color7);--awb-font-size:16px;\"><p class=\"fusion-title-heading title-heading-center title-heading-tag fusion-responsive-typography-calculated\" style=\"margin:0;font-size:1em;--fontSize:16;--minFontSize:16;line-height:1.6;\"><a href=\"https:\/\/www.choral-events.com\/en\/chorales\/chorale-des-4-saisons\/\" class=\"awb-custom-text-color awb-custom-text-hover-color\" target=\"_self\">Chorale des 4 Saisons<\/a><\/p><\/div><div class=\"fusion-separator\" style=\"align-self: center;margin-left: auto;margin-right: auto;flex-grow:10;margin-top:5px;margin-bottom:10px;width:100%;max-width:70px;\"><div class=\"fusion-separator-border sep-single sep-solid\" style=\"--awb-height:20px;--awb-amount:20px;border-color:var(--awb-color2);border-top-width:1px;\"><\/div><\/div><div class=\"fusion-text fusion-text-66\" style=\"--awb-content-alignment:center;--awb-text-transform:capitalize;--awb-text-color:var(--awb-color4);\"><p>Suisse<\/p>\n<\/div><\/div><\/li>\n<li class=\"fusion-layout-column fusion_builder_column fusion-builder-column-67 fusion-flex-column fusion-animated post-card fusion-grid-column fusion-post-cards-grid-column 2022 france fusion-animated\" style=\"--awb-padding-bottom:5px;--awb-overflow:hidden;--awb-bg-color:var(--awb-color1);--awb-bg-color-hover:var(--awb-custom_color_2);--awb-bg-size:cover;--awb-box-shadow:0px 0px 24px hsla(var(--awb-color7-h),var(--awb-color7-s),var(--awb-color7-l),calc(var(--awb-color7-a) - 40%));;--awb-border-color:var(--awb-color4);--awb-border-color-hover:var(--awb-color7);--awb-border-top:1px;--awb-border-right:1px;--awb-border-bottom:1px;--awb-border-left:1px;--awb-border-style:solid;--awb-border-radius:6px 6px 6px 6px;--awb-flex-grow:0;--awb-flex-shrink:0;--awb-flex-grow-medium:0;--awb-flex-shrink-medium:0;--awb-flex-grow-small:0;--awb-flex-shrink-small:0;\" data-animationType=\"fadeIn\" data-animationDuration=\"1.3\" data-animationOffset=\"top-into-view\"><div class=\"fusion-column-wrapper fusion-column-has-shadow fusion-flex-justify-content-flex-start fusion-content-layout-column\"><div class=\"fusion-image-element \" style=\"--awb-aspect-ratio:16 \/ 9;--awb-margin-bottom:10px;--awb-caption-title-font-family:var(--h2_typography-font-family);--awb-caption-title-font-weight:var(--h2_typography-font-weight);--awb-caption-title-font-style:var(--h2_typography-font-style);--awb-caption-title-size:var(--h2_typography-font-size);--awb-caption-title-transform:var(--h2_typography-text-transform);--awb-caption-title-line-height:var(--h2_typography-line-height);--awb-caption-title-letter-spacing:var(--h2_typography-letter-spacing);\"><span class=\" fusion-imageframe imageframe-none imageframe-66 hover-type-none has-aspect-ratio\"><a class=\"fusion-no-lightbox\" href=\"https:\/\/www.choral-events.com\/en\/chorales\/baerum-girls-choir-4\/\" target=\"_self\" aria-label=\"Choramania-France-photo-page-web-\"><img decoding=\"async\" width=\"550\" height=\"350\" src=\"https:\/\/www.choral-events.com\/wp-content\/uploads\/2026\/03\/Choramania-France-photo-page-web-.jpg\" class=\"img-responsive wp-image-51683 img-with-aspect-ratio\" data-parent-fit=\"cover\" data-parent-container=\".fusion-image-element\" alt srcset=\"https:\/\/www.choral-events.com\/wp-content\/uploads\/2026\/03\/Choramania-France-photo-page-web--200x127.jpg 200w, https:\/\/www.choral-events.com\/wp-content\/uploads\/2026\/03\/Choramania-France-photo-page-web--400x255.jpg 400w, https:\/\/www.choral-events.com\/wp-content\/uploads\/2026\/03\/Choramania-France-photo-page-web-.jpg 550w\" sizes=\"(max-width: 1024px) 100vw, (max-width: 640px) 100vw, 550px\" \/><\/a><\/span><\/div><div class=\"fusion-title title fusion-title-68 fusion-sep-none fusion-title-center fusion-title-text fusion-title-size-paragraph\" style=\"--awb-text-color:var(--awb-color7);--awb-margin-top:10px;--awb-margin-right:5px;--awb-margin-bottom:10px;--awb-margin-left:5px;--awb-margin-top-small:16px;--awb-margin-right-small:0px;--awb-margin-bottom-small:10px;--awb-margin-left-small:0px;--awb-link-color:var(--awb-color7);--awb-font-size:16px;\"><p class=\"fusion-title-heading title-heading-center title-heading-tag fusion-responsive-typography-calculated\" style=\"margin:0;font-size:1em;--fontSize:16;--minFontSize:16;line-height:1.6;\"><a href=\"https:\/\/www.choral-events.com\/en\/chorales\/baerum-girls-choir-4\/\" class=\"awb-custom-text-color awb-custom-text-hover-color\" target=\"_self\">Choramania<\/a><\/p><\/div><div class=\"fusion-separator\" style=\"align-self: center;margin-left: auto;margin-right: auto;flex-grow:10;margin-top:5px;margin-bottom:10px;width:100%;max-width:70px;\"><div class=\"fusion-separator-border sep-single sep-solid\" style=\"--awb-height:20px;--awb-amount:20px;border-color:var(--awb-color2);border-top-width:1px;\"><\/div><\/div><div class=\"fusion-text fusion-text-67\" style=\"--awb-content-alignment:center;--awb-text-transform:capitalize;--awb-text-color:var(--awb-color4);\"><p>Norway<\/p>\n<\/div><\/div><\/li>\n<li class=\"fusion-layout-column fusion_builder_column fusion-builder-column-68 fusion-flex-column fusion-animated post-card fusion-grid-column fusion-post-cards-grid-column 2025 france fusion-animated\" style=\"--awb-padding-bottom:5px;--awb-overflow:hidden;--awb-bg-color:var(--awb-color1);--awb-bg-color-hover:var(--awb-custom_color_2);--awb-bg-size:cover;--awb-box-shadow:0px 0px 24px hsla(var(--awb-color7-h),var(--awb-color7-s),var(--awb-color7-l),calc(var(--awb-color7-a) - 40%));;--awb-border-color:var(--awb-color4);--awb-border-color-hover:var(--awb-color7);--awb-border-top:1px;--awb-border-right:1px;--awb-border-bottom:1px;--awb-border-left:1px;--awb-border-style:solid;--awb-border-radius:6px 6px 6px 6px;--awb-flex-grow:0;--awb-flex-shrink:0;--awb-flex-grow-medium:0;--awb-flex-shrink-medium:0;--awb-flex-grow-small:0;--awb-flex-shrink-small:0;\" data-animationType=\"fadeIn\" data-animationDuration=\"1.3\" data-animationOffset=\"top-into-view\"><div class=\"fusion-column-wrapper fusion-column-has-shadow fusion-flex-justify-content-flex-start fusion-content-layout-column\"><div class=\"fusion-image-element \" style=\"--awb-aspect-ratio:16 \/ 9;--awb-margin-bottom:10px;--awb-caption-title-font-family:var(--h2_typography-font-family);--awb-caption-title-font-weight:var(--h2_typography-font-weight);--awb-caption-title-font-style:var(--h2_typography-font-style);--awb-caption-title-size:var(--h2_typography-font-size);--awb-caption-title-transform:var(--h2_typography-text-transform);--awb-caption-title-line-height:var(--h2_typography-line-height);--awb-caption-title-letter-spacing:var(--h2_typography-letter-spacing);\"><span class=\" fusion-imageframe imageframe-none imageframe-67 hover-type-none has-aspect-ratio\"><a class=\"fusion-no-lightbox\" href=\"https:\/\/www.choral-events.com\/en\/chorales\/clair-matin-choir\/\" target=\"_self\" aria-label=\"CLAIR MATIN CHOIR \u2013 FRANCE\"><img decoding=\"async\" width=\"989\" height=\"644\" alt=\"CLAIR MATIN CHOIR \u2013 FRANCE\" src=\"https:\/\/www.choral-events.com\/wp-content\/uploads\/2025\/02\/3-1.webp\" class=\"img-responsive wp-image-49269 img-with-aspect-ratio\" data-parent-fit=\"cover\" data-parent-container=\".fusion-image-element\" srcset=\"https:\/\/www.choral-events.com\/wp-content\/uploads\/2025\/02\/3-1-200x130.webp 200w, https:\/\/www.choral-events.com\/wp-content\/uploads\/2025\/02\/3-1-400x260.webp 400w, https:\/\/www.choral-events.com\/wp-content\/uploads\/2025\/02\/3-1-600x391.webp 600w, https:\/\/www.choral-events.com\/wp-content\/uploads\/2025\/02\/3-1-800x521.webp 800w, https:\/\/www.choral-events.com\/wp-content\/uploads\/2025\/02\/3-1.webp 989w\" sizes=\"(max-width: 1024px) 100vw, (max-width: 640px) 100vw, 989px\" \/><\/a><\/span><\/div><div class=\"fusion-title title fusion-title-69 fusion-sep-none fusion-title-center fusion-title-text fusion-title-size-paragraph\" style=\"--awb-text-color:var(--awb-color7);--awb-margin-top:10px;--awb-margin-right:5px;--awb-margin-bottom:10px;--awb-margin-left:5px;--awb-margin-top-small:16px;--awb-margin-right-small:0px;--awb-margin-bottom-small:10px;--awb-margin-left-small:0px;--awb-link-color:var(--awb-color7);--awb-font-size:16px;\"><p class=\"fusion-title-heading title-heading-center title-heading-tag fusion-responsive-typography-calculated\" style=\"margin:0;font-size:1em;--fontSize:16;--minFontSize:16;line-height:1.6;\"><a href=\"https:\/\/www.choral-events.com\/en\/chorales\/clair-matin-choir\/\" class=\"awb-custom-text-color awb-custom-text-hover-color\" target=\"_self\">Clair Matin Choir<\/a><\/p><\/div><div class=\"fusion-separator\" style=\"align-self: center;margin-left: auto;margin-right: auto;flex-grow:10;margin-top:5px;margin-bottom:10px;width:100%;max-width:70px;\"><div class=\"fusion-separator-border sep-single sep-solid\" style=\"--awb-height:20px;--awb-amount:20px;border-color:var(--awb-color2);border-top-width:1px;\"><\/div><\/div><div class=\"fusion-text fusion-text-68\" style=\"--awb-content-alignment:center;--awb-text-transform:capitalize;--awb-text-color:var(--awb-color4);\"><p>France<\/p>\n<\/div><\/div><\/li>\n<li class=\"fusion-layout-column fusion_builder_column fusion-builder-column-69 fusion-flex-column fusion-animated post-card fusion-grid-column fusion-post-cards-grid-column 2024 ireland fusion-animated\" style=\"--awb-padding-bottom:5px;--awb-overflow:hidden;--awb-bg-color:var(--awb-color1);--awb-bg-color-hover:var(--awb-custom_color_2);--awb-bg-size:cover;--awb-box-shadow:0px 0px 24px hsla(var(--awb-color7-h),var(--awb-color7-s),var(--awb-color7-l),calc(var(--awb-color7-a) - 40%));;--awb-border-color:var(--awb-color4);--awb-border-color-hover:var(--awb-color7);--awb-border-top:1px;--awb-border-right:1px;--awb-border-bottom:1px;--awb-border-left:1px;--awb-border-style:solid;--awb-border-radius:6px 6px 6px 6px;--awb-flex-grow:0;--awb-flex-shrink:0;--awb-flex-grow-medium:0;--awb-flex-shrink-medium:0;--awb-flex-grow-small:0;--awb-flex-shrink-small:0;\" data-animationType=\"fadeIn\" data-animationDuration=\"1.3\" data-animationOffset=\"top-into-view\"><div class=\"fusion-column-wrapper fusion-column-has-shadow fusion-flex-justify-content-flex-start fusion-content-layout-column\"><div class=\"fusion-image-element \" style=\"--awb-aspect-ratio:16 \/ 9;--awb-margin-bottom:10px;--awb-caption-title-font-family:var(--h2_typography-font-family);--awb-caption-title-font-weight:var(--h2_typography-font-weight);--awb-caption-title-font-style:var(--h2_typography-font-style);--awb-caption-title-size:var(--h2_typography-font-size);--awb-caption-title-transform:var(--h2_typography-text-transform);--awb-caption-title-line-height:var(--h2_typography-line-height);--awb-caption-title-letter-spacing:var(--h2_typography-letter-spacing);\"><span class=\" fusion-imageframe imageframe-none imageframe-68 hover-type-none has-aspect-ratio\"><a class=\"fusion-no-lightbox\" href=\"https:\/\/www.choral-events.com\/en\/chorales\/colmcille-ladies-choir\/\" target=\"_self\" aria-label=\"Ireland_Colmcille Ladies Choir &#8211; Website Thumbnail (1)\"><img decoding=\"async\" width=\"600\" height=\"600\" src=\"https:\/\/www.choral-events.com\/wp-content\/uploads\/2024\/01\/Irlande_Colmcille-Ladies-Choir-Vignette-Site-web-1.png\" class=\"img-responsive wp-image-49917 img-with-aspect-ratio\" data-parent-fit=\"cover\" data-parent-container=\".fusion-image-element\" alt srcset=\"https:\/\/www.choral-events.com\/wp-content\/uploads\/2024\/01\/Irlande_Colmcille-Ladies-Choir-Vignette-Site-web-1-200x200.png 200w, https:\/\/www.choral-events.com\/wp-content\/uploads\/2024\/01\/Irlande_Colmcille-Ladies-Choir-Vignette-Site-web-1-400x400.png 400w, https:\/\/www.choral-events.com\/wp-content\/uploads\/2024\/01\/Irlande_Colmcille-Ladies-Choir-Vignette-Site-web-1.png 600w\" sizes=\"(max-width: 1024px) 100vw, (max-width: 640px) 100vw, 600px\" \/><\/a><\/span><\/div><div class=\"fusion-title title fusion-title-70 fusion-sep-none fusion-title-center fusion-title-text fusion-title-size-paragraph\" style=\"--awb-text-color:var(--awb-color7);--awb-margin-top:10px;--awb-margin-right:5px;--awb-margin-bottom:10px;--awb-margin-left:5px;--awb-margin-top-small:16px;--awb-margin-right-small:0px;--awb-margin-bottom-small:10px;--awb-margin-left-small:0px;--awb-link-color:var(--awb-color7);--awb-font-size:16px;\"><p class=\"fusion-title-heading title-heading-center title-heading-tag fusion-responsive-typography-calculated\" style=\"margin:0;font-size:1em;--fontSize:16;--minFontSize:16;line-height:1.6;\"><a href=\"https:\/\/www.choral-events.com\/en\/chorales\/colmcille-ladies-choir\/\" class=\"awb-custom-text-color awb-custom-text-hover-color\" target=\"_self\">Colmcille Ladies Choir<\/a><\/p><\/div><div class=\"fusion-separator\" style=\"align-self: center;margin-left: auto;margin-right: auto;flex-grow:10;margin-top:5px;margin-bottom:10px;width:100%;max-width:70px;\"><div class=\"fusion-separator-border sep-single sep-solid\" style=\"--awb-height:20px;--awb-amount:20px;border-color:var(--awb-color2);border-top-width:1px;\"><\/div><\/div><div class=\"fusion-text fusion-text-69\" style=\"--awb-content-alignment:center;--awb-text-transform:capitalize;--awb-text-color:var(--awb-color4);\"><p>Ireland<\/p>\n<\/div><\/div><\/li>\n<li class=\"fusion-layout-column fusion_builder_column fusion-builder-column-70 fusion-flex-column fusion-animated post-card fusion-grid-column fusion-post-cards-grid-column 2018 italie fusion-animated\" style=\"--awb-padding-bottom:5px;--awb-overflow:hidden;--awb-bg-color:var(--awb-color1);--awb-bg-color-hover:var(--awb-custom_color_2);--awb-bg-size:cover;--awb-box-shadow:0px 0px 24px hsla(var(--awb-color7-h),var(--awb-color7-s),var(--awb-color7-l),calc(var(--awb-color7-a) - 40%));;--awb-border-color:var(--awb-color4);--awb-border-color-hover:var(--awb-color7);--awb-border-top:1px;--awb-border-right:1px;--awb-border-bottom:1px;--awb-border-left:1px;--awb-border-style:solid;--awb-border-radius:6px 6px 6px 6px;--awb-flex-grow:0;--awb-flex-shrink:0;--awb-flex-grow-medium:0;--awb-flex-shrink-medium:0;--awb-flex-grow-small:0;--awb-flex-shrink-small:0;\" data-animationType=\"fadeIn\" data-animationDuration=\"1.3\" data-animationOffset=\"top-into-view\"><div class=\"fusion-column-wrapper fusion-column-has-shadow fusion-flex-justify-content-flex-start fusion-content-layout-column\"><div class=\"fusion-image-element \" style=\"--awb-aspect-ratio:16 \/ 9;--awb-margin-bottom:10px;--awb-caption-title-font-family:var(--h2_typography-font-family);--awb-caption-title-font-weight:var(--h2_typography-font-weight);--awb-caption-title-font-style:var(--h2_typography-font-style);--awb-caption-title-size:var(--h2_typography-font-size);--awb-caption-title-transform:var(--h2_typography-text-transform);--awb-caption-title-line-height:var(--h2_typography-line-height);--awb-caption-title-letter-spacing:var(--h2_typography-letter-spacing);\"><span class=\" fusion-imageframe imageframe-none imageframe-69 hover-type-none has-aspect-ratio\"><a class=\"fusion-no-lightbox\" href=\"https:\/\/www.choral-events.com\/en\/chorales\/compania-corale-di-imperia\/\" target=\"_self\" aria-label=\"Compagnia-Corale-in-concerto-2-1024&#215;373\"><img decoding=\"async\" width=\"1024\" height=\"373\" src=\"https:\/\/www.choral-events.com\/wp-content\/uploads\/2026\/03\/Compagnia-Corale-in-concerto-2-1024x373-1.jpg\" class=\"img-responsive wp-image-51340 img-with-aspect-ratio\" data-parent-fit=\"cover\" data-parent-container=\".fusion-image-element\" alt srcset=\"https:\/\/www.choral-events.com\/wp-content\/uploads\/2026\/03\/Compagnia-Corale-in-concerto-2-1024x373-1-200x73.jpg 200w, https:\/\/www.choral-events.com\/wp-content\/uploads\/2026\/03\/Compagnia-Corale-in-concerto-2-1024x373-1-400x146.jpg 400w, https:\/\/www.choral-events.com\/wp-content\/uploads\/2026\/03\/Compagnia-Corale-in-concerto-2-1024x373-1-600x219.jpg 600w, https:\/\/www.choral-events.com\/wp-content\/uploads\/2026\/03\/Compagnia-Corale-in-concerto-2-1024x373-1-800x291.jpg 800w, https:\/\/www.choral-events.com\/wp-content\/uploads\/2026\/03\/Compagnia-Corale-in-concerto-2-1024x373-1.jpg 1024w\" sizes=\"(max-width: 1024px) 100vw, (max-width: 640px) 100vw, 1024px\" \/><\/a><\/span><\/div><div class=\"fusion-title title fusion-title-71 fusion-sep-none fusion-title-center fusion-title-text fusion-title-size-paragraph\" style=\"--awb-text-color:var(--awb-color7);--awb-margin-top:10px;--awb-margin-right:5px;--awb-margin-bottom:10px;--awb-margin-left:5px;--awb-margin-top-small:16px;--awb-margin-right-small:0px;--awb-margin-bottom-small:10px;--awb-margin-left-small:0px;--awb-link-color:var(--awb-color7);--awb-font-size:16px;\"><p class=\"fusion-title-heading title-heading-center title-heading-tag fusion-responsive-typography-calculated\" style=\"margin:0;font-size:1em;--fontSize:16;--minFontSize:16;line-height:1.6;\"><a href=\"https:\/\/www.choral-events.com\/en\/chorales\/compania-corale-di-imperia\/\" class=\"awb-custom-text-color awb-custom-text-hover-color\" target=\"_self\">Compania Corale di Imperia<\/a><\/p><\/div><div class=\"fusion-separator\" style=\"align-self: center;margin-left: auto;margin-right: auto;flex-grow:10;margin-top:5px;margin-bottom:10px;width:100%;max-width:70px;\"><div class=\"fusion-separator-border sep-single sep-solid\" style=\"--awb-height:20px;--awb-amount:20px;border-color:var(--awb-color2);border-top-width:1px;\"><\/div><\/div><div class=\"fusion-text fusion-text-70\" style=\"--awb-content-alignment:center;--awb-text-transform:capitalize;--awb-text-color:var(--awb-color4);\"><p>Italie<\/p>\n<\/div><\/div><\/li>\n<li class=\"fusion-layout-column fusion_builder_column fusion-builder-column-71 fusion-flex-column fusion-animated post-card fusion-grid-column fusion-post-cards-grid-column 2023 uruguay fusion-animated\" style=\"--awb-padding-bottom:5px;--awb-overflow:hidden;--awb-bg-color:var(--awb-color1);--awb-bg-color-hover:var(--awb-custom_color_2);--awb-bg-size:cover;--awb-box-shadow:0px 0px 24px hsla(var(--awb-color7-h),var(--awb-color7-s),var(--awb-color7-l),calc(var(--awb-color7-a) - 40%));;--awb-border-color:var(--awb-color4);--awb-border-color-hover:var(--awb-color7);--awb-border-top:1px;--awb-border-right:1px;--awb-border-bottom:1px;--awb-border-left:1px;--awb-border-style:solid;--awb-border-radius:6px 6px 6px 6px;--awb-flex-grow:0;--awb-flex-shrink:0;--awb-flex-grow-medium:0;--awb-flex-shrink-medium:0;--awb-flex-grow-small:0;--awb-flex-shrink-small:0;\" data-animationType=\"fadeIn\" data-animationDuration=\"1.3\" data-animationOffset=\"top-into-view\"><div class=\"fusion-column-wrapper fusion-column-has-shadow fusion-flex-justify-content-flex-start fusion-content-layout-column\"><div class=\"fusion-image-element \" style=\"--awb-aspect-ratio:16 \/ 9;--awb-margin-bottom:10px;--awb-caption-title-font-family:var(--h2_typography-font-family);--awb-caption-title-font-weight:var(--h2_typography-font-weight);--awb-caption-title-font-style:var(--h2_typography-font-style);--awb-caption-title-size:var(--h2_typography-font-size);--awb-caption-title-transform:var(--h2_typography-text-transform);--awb-caption-title-line-height:var(--h2_typography-line-height);--awb-caption-title-letter-spacing:var(--h2_typography-letter-spacing);\"><span class=\" fusion-imageframe imageframe-none imageframe-70 hover-type-none has-aspect-ratio\"><a class=\"fusion-no-lightbox\" href=\"https:\/\/www.choral-events.com\/en\/chorales\/coral-maysupi\/\" target=\"_self\" aria-label=\"2_Uruguay-Maysupi-550&#215;350\"><img decoding=\"async\" width=\"550\" height=\"350\" src=\"https:\/\/www.choral-events.com\/wp-content\/uploads\/2026\/02\/2_Uruguay-Maysupi-550x350-1.png\" class=\"img-responsive wp-image-49164 img-with-aspect-ratio\" data-parent-fit=\"cover\" data-parent-container=\".fusion-image-element\" alt srcset=\"https:\/\/www.choral-events.com\/wp-content\/uploads\/2026\/02\/2_Uruguay-Maysupi-550x350-1-200x127.png 200w, https:\/\/www.choral-events.com\/wp-content\/uploads\/2026\/02\/2_Uruguay-Maysupi-550x350-1-400x255.png 400w, https:\/\/www.choral-events.com\/wp-content\/uploads\/2026\/02\/2_Uruguay-Maysupi-550x350-1.png 550w\" sizes=\"(max-width: 1024px) 100vw, (max-width: 640px) 100vw, 550px\" \/><\/a><\/span><\/div><div class=\"fusion-title title fusion-title-72 fusion-sep-none fusion-title-center fusion-title-text fusion-title-size-paragraph\" style=\"--awb-text-color:var(--awb-color7);--awb-margin-top:10px;--awb-margin-right:5px;--awb-margin-bottom:10px;--awb-margin-left:5px;--awb-margin-top-small:16px;--awb-margin-right-small:0px;--awb-margin-bottom-small:10px;--awb-margin-left-small:0px;--awb-link-color:var(--awb-color7);--awb-font-size:16px;\"><p class=\"fusion-title-heading title-heading-center title-heading-tag fusion-responsive-typography-calculated\" style=\"margin:0;font-size:1em;--fontSize:16;--minFontSize:16;line-height:1.6;\"><a href=\"https:\/\/www.choral-events.com\/en\/chorales\/coral-maysupi\/\" class=\"awb-custom-text-color awb-custom-text-hover-color\" target=\"_self\">Coral Maysup\u00ed<\/a><\/p><\/div><div class=\"fusion-separator\" style=\"align-self: center;margin-left: auto;margin-right: auto;flex-grow:10;margin-top:5px;margin-bottom:10px;width:100%;max-width:70px;\"><div class=\"fusion-separator-border sep-single sep-solid\" style=\"--awb-height:20px;--awb-amount:20px;border-color:var(--awb-color2);border-top-width:1px;\"><\/div><\/div><div class=\"fusion-text fusion-text-71\" style=\"--awb-content-alignment:center;--awb-text-transform:capitalize;--awb-text-color:var(--awb-color4);\"><p>Uruguay<\/p>\n<\/div><\/div><\/li>\n<li class=\"fusion-layout-column fusion_builder_column fusion-builder-column-72 fusion-flex-column fusion-animated post-card fusion-grid-column fusion-post-cards-grid-column 2018 italie fusion-animated\" style=\"--awb-padding-bottom:5px;--awb-overflow:hidden;--awb-bg-color:var(--awb-color1);--awb-bg-color-hover:var(--awb-custom_color_2);--awb-bg-size:cover;--awb-box-shadow:0px 0px 24px hsla(var(--awb-color7-h),var(--awb-color7-s),var(--awb-color7-l),calc(var(--awb-color7-a) - 40%));;--awb-border-color:var(--awb-color4);--awb-border-color-hover:var(--awb-color7);--awb-border-top:1px;--awb-border-right:1px;--awb-border-bottom:1px;--awb-border-left:1px;--awb-border-style:solid;--awb-border-radius:6px 6px 6px 6px;--awb-flex-grow:0;--awb-flex-shrink:0;--awb-flex-grow-medium:0;--awb-flex-shrink-medium:0;--awb-flex-grow-small:0;--awb-flex-shrink-small:0;\" data-animationType=\"fadeIn\" data-animationDuration=\"1.3\" data-animationOffset=\"top-into-view\"><div class=\"fusion-column-wrapper fusion-column-has-shadow fusion-flex-justify-content-flex-start fusion-content-layout-column\"><div class=\"fusion-image-element \" style=\"--awb-aspect-ratio:16 \/ 9;--awb-margin-bottom:10px;--awb-caption-title-font-family:var(--h2_typography-font-family);--awb-caption-title-font-weight:var(--h2_typography-font-weight);--awb-caption-title-font-style:var(--h2_typography-font-style);--awb-caption-title-size:var(--h2_typography-font-size);--awb-caption-title-transform:var(--h2_typography-text-transform);--awb-caption-title-line-height:var(--h2_typography-line-height);--awb-caption-title-letter-spacing:var(--h2_typography-letter-spacing);\"><span class=\" fusion-imageframe imageframe-none imageframe-71 hover-type-none has-aspect-ratio\"><a class=\"fusion-no-lightbox\" href=\"https:\/\/www.choral-events.com\/en\/chorales\/coro-caos-armonico\/\" target=\"_self\" aria-label=\"8-550&#215;350\"><img decoding=\"async\" width=\"550\" height=\"350\" src=\"https:\/\/www.choral-events.com\/wp-content\/uploads\/2026\/03\/8-550x350-1.jpg\" class=\"img-responsive wp-image-51352 img-with-aspect-ratio\" data-parent-fit=\"cover\" data-parent-container=\".fusion-image-element\" alt srcset=\"https:\/\/www.choral-events.com\/wp-content\/uploads\/2026\/03\/8-550x350-1-200x127.jpg 200w, https:\/\/www.choral-events.com\/wp-content\/uploads\/2026\/03\/8-550x350-1-400x255.jpg 400w, https:\/\/www.choral-events.com\/wp-content\/uploads\/2026\/03\/8-550x350-1.jpg 550w\" sizes=\"(max-width: 1024px) 100vw, (max-width: 640px) 100vw, 550px\" \/><\/a><\/span><\/div><div class=\"fusion-title title fusion-title-73 fusion-sep-none fusion-title-center fusion-title-text fusion-title-size-paragraph\" style=\"--awb-text-color:var(--awb-color7);--awb-margin-top:10px;--awb-margin-right:5px;--awb-margin-bottom:10px;--awb-margin-left:5px;--awb-margin-top-small:16px;--awb-margin-right-small:0px;--awb-margin-bottom-small:10px;--awb-margin-left-small:0px;--awb-link-color:var(--awb-color7);--awb-font-size:16px;\"><p class=\"fusion-title-heading title-heading-center title-heading-tag fusion-responsive-typography-calculated\" style=\"margin:0;font-size:1em;--fontSize:16;--minFontSize:16;line-height:1.6;\"><a href=\"https:\/\/www.choral-events.com\/en\/chorales\/coro-caos-armonico\/\" class=\"awb-custom-text-color awb-custom-text-hover-color\" target=\"_self\">Coro Caos Armonico<\/a><\/p><\/div><div class=\"fusion-separator\" style=\"align-self: center;margin-left: auto;margin-right: auto;flex-grow:10;margin-top:5px;margin-bottom:10px;width:100%;max-width:70px;\"><div class=\"fusion-separator-border sep-single sep-solid\" style=\"--awb-height:20px;--awb-amount:20px;border-color:var(--awb-color2);border-top-width:1px;\"><\/div><\/div><div class=\"fusion-text fusion-text-72\" style=\"--awb-content-alignment:center;--awb-text-transform:capitalize;--awb-text-color:var(--awb-color4);\"><p>Italie<\/p>\n<\/div><\/div><\/li>\n<li class=\"fusion-layout-column fusion_builder_column fusion-builder-column-73 fusion-flex-column fusion-animated post-card fusion-grid-column fusion-post-cards-grid-column 2026 argentina fusion-animated\" style=\"--awb-padding-bottom:5px;--awb-overflow:hidden;--awb-bg-color:var(--awb-color1);--awb-bg-color-hover:var(--awb-custom_color_2);--awb-bg-size:cover;--awb-box-shadow:0px 0px 24px hsla(var(--awb-color7-h),var(--awb-color7-s),var(--awb-color7-l),calc(var(--awb-color7-a) - 40%));;--awb-border-color:var(--awb-color4);--awb-border-color-hover:var(--awb-color7);--awb-border-top:1px;--awb-border-right:1px;--awb-border-bottom:1px;--awb-border-left:1px;--awb-border-style:solid;--awb-border-radius:6px 6px 6px 6px;--awb-flex-grow:0;--awb-flex-shrink:0;--awb-flex-grow-medium:0;--awb-flex-shrink-medium:0;--awb-flex-grow-small:0;--awb-flex-shrink-small:0;\" data-animationType=\"fadeIn\" data-animationDuration=\"1.3\" data-animationOffset=\"top-into-view\"><div class=\"fusion-column-wrapper fusion-column-has-shadow fusion-flex-justify-content-flex-start fusion-content-layout-column\"><div class=\"fusion-image-element \" style=\"--awb-aspect-ratio:16 \/ 9;--awb-margin-bottom:10px;--awb-caption-title-font-family:var(--h2_typography-font-family);--awb-caption-title-font-weight:var(--h2_typography-font-weight);--awb-caption-title-font-style:var(--h2_typography-font-style);--awb-caption-title-size:var(--h2_typography-font-size);--awb-caption-title-transform:var(--h2_typography-text-transform);--awb-caption-title-line-height:var(--h2_typography-line-height);--awb-caption-title-letter-spacing:var(--h2_typography-letter-spacing);\"><span class=\" fusion-imageframe imageframe-none imageframe-72 hover-type-none has-aspect-ratio\"><a class=\"fusion-no-lightbox\" href=\"https:\/\/www.choral-events.com\/en\/chorales\/coro-de-ninos-cantores-de-cordoba\/\" target=\"_self\" aria-label=\"826287a5-dcee-4aa7-962f-27c26f03cd1f\"><img decoding=\"async\" width=\"1200\" height=\"801\" src=\"https:\/\/www.choral-events.com\/wp-content\/uploads\/2026\/03\/826287a5-dcee-4aa7-962f-27c26f03cd1f.jpg\" class=\"img-responsive wp-image-52212 img-with-aspect-ratio\" data-parent-fit=\"cover\" data-parent-container=\".fusion-image-element\" alt srcset=\"https:\/\/www.choral-events.com\/wp-content\/uploads\/2026\/03\/826287a5-dcee-4aa7-962f-27c26f03cd1f-200x134.jpg 200w, https:\/\/www.choral-events.com\/wp-content\/uploads\/2026\/03\/826287a5-dcee-4aa7-962f-27c26f03cd1f-400x267.jpg 400w, https:\/\/www.choral-events.com\/wp-content\/uploads\/2026\/03\/826287a5-dcee-4aa7-962f-27c26f03cd1f-600x401.jpg 600w, https:\/\/www.choral-events.com\/wp-content\/uploads\/2026\/03\/826287a5-dcee-4aa7-962f-27c26f03cd1f-800x534.jpg 800w, https:\/\/www.choral-events.com\/wp-content\/uploads\/2026\/03\/826287a5-dcee-4aa7-962f-27c26f03cd1f.jpg 1200w\" sizes=\"(max-width: 1024px) 100vw, (max-width: 640px) 100vw, 1200px\" \/><\/a><\/span><\/div><div class=\"fusion-title title fusion-title-74 fusion-sep-none fusion-title-center fusion-title-text fusion-title-size-paragraph\" style=\"--awb-text-color:var(--awb-color7);--awb-margin-top:10px;--awb-margin-right:5px;--awb-margin-bottom:10px;--awb-margin-left:5px;--awb-margin-top-small:16px;--awb-margin-right-small:0px;--awb-margin-bottom-small:10px;--awb-margin-left-small:0px;--awb-link-color:var(--awb-color7);--awb-font-size:16px;\"><p class=\"fusion-title-heading title-heading-center title-heading-tag fusion-responsive-typography-calculated\" style=\"margin:0;font-size:1em;--fontSize:16;--minFontSize:16;line-height:1.6;\"><a href=\"https:\/\/www.choral-events.com\/en\/chorales\/coro-de-ninos-cantores-de-cordoba\/\" class=\"awb-custom-text-color awb-custom-text-hover-color\" target=\"_self\">Coro de Ni\u00f1os Cantores de C\u00f3rdoba<\/a><\/p><\/div><div class=\"fusion-separator\" style=\"align-self: center;margin-left: auto;margin-right: auto;flex-grow:10;margin-top:5px;margin-bottom:10px;width:100%;max-width:70px;\"><div class=\"fusion-separator-border sep-single sep-solid\" style=\"--awb-height:20px;--awb-amount:20px;border-color:var(--awb-color2);border-top-width:1px;\"><\/div><\/div><div class=\"fusion-text fusion-text-73\" style=\"--awb-content-alignment:center;--awb-text-transform:capitalize;--awb-text-color:var(--awb-color4);\"><p>Argentina<\/p>\n<\/div><\/div><\/li>\n<li class=\"fusion-layout-column fusion_builder_column fusion-builder-column-74 fusion-flex-column fusion-animated post-card fusion-grid-column fusion-post-cards-grid-column 2020 italie fusion-animated\" style=\"--awb-padding-bottom:5px;--awb-overflow:hidden;--awb-bg-color:var(--awb-color1);--awb-bg-color-hover:var(--awb-custom_color_2);--awb-bg-size:cover;--awb-box-shadow:0px 0px 24px hsla(var(--awb-color7-h),var(--awb-color7-s),var(--awb-color7-l),calc(var(--awb-color7-a) - 40%));;--awb-border-color:var(--awb-color4);--awb-border-color-hover:var(--awb-color7);--awb-border-top:1px;--awb-border-right:1px;--awb-border-bottom:1px;--awb-border-left:1px;--awb-border-style:solid;--awb-border-radius:6px 6px 6px 6px;--awb-flex-grow:0;--awb-flex-shrink:0;--awb-flex-grow-medium:0;--awb-flex-shrink-medium:0;--awb-flex-grow-small:0;--awb-flex-shrink-small:0;\" data-animationType=\"fadeIn\" data-animationDuration=\"1.3\" data-animationOffset=\"top-into-view\"><div class=\"fusion-column-wrapper fusion-column-has-shadow fusion-flex-justify-content-flex-start fusion-content-layout-column\"><div class=\"fusion-image-element \" style=\"--awb-aspect-ratio:16 \/ 9;--awb-margin-bottom:10px;--awb-caption-title-font-family:var(--h2_typography-font-family);--awb-caption-title-font-weight:var(--h2_typography-font-weight);--awb-caption-title-font-style:var(--h2_typography-font-style);--awb-caption-title-size:var(--h2_typography-font-size);--awb-caption-title-transform:var(--h2_typography-text-transform);--awb-caption-title-line-height:var(--h2_typography-line-height);--awb-caption-title-letter-spacing:var(--h2_typography-letter-spacing);\"><span class=\" fusion-imageframe imageframe-none imageframe-73 hover-type-none has-aspect-ratio\"><a class=\"fusion-no-lightbox\" href=\"https:\/\/www.choral-events.com\/en\/chorales\/coro-nuova-armonia\/\" target=\"_self\" aria-label=\"Nuova-Armonia-photo-page-site-1\"><img decoding=\"async\" width=\"550\" height=\"350\" src=\"https:\/\/www.choral-events.com\/wp-content\/uploads\/2026\/03\/Nuova-Armonia-photo-page-site-1.png\" class=\"img-responsive wp-image-51842 img-with-aspect-ratio\" data-parent-fit=\"cover\" data-parent-container=\".fusion-image-element\" alt srcset=\"https:\/\/www.choral-events.com\/wp-content\/uploads\/2026\/03\/Nuova-Armonia-photo-page-site-1-200x127.png 200w, https:\/\/www.choral-events.com\/wp-content\/uploads\/2026\/03\/Nuova-Armonia-photo-page-site-1-400x255.png 400w, https:\/\/www.choral-events.com\/wp-content\/uploads\/2026\/03\/Nuova-Armonia-photo-page-site-1.png 550w\" sizes=\"(max-width: 1024px) 100vw, (max-width: 640px) 100vw, 550px\" \/><\/a><\/span><\/div><div class=\"fusion-title title fusion-title-75 fusion-sep-none fusion-title-center fusion-title-text fusion-title-size-paragraph\" style=\"--awb-text-color:var(--awb-color7);--awb-margin-top:10px;--awb-margin-right:5px;--awb-margin-bottom:10px;--awb-margin-left:5px;--awb-margin-top-small:16px;--awb-margin-right-small:0px;--awb-margin-bottom-small:10px;--awb-margin-left-small:0px;--awb-link-color:var(--awb-color7);--awb-font-size:16px;\"><p class=\"fusion-title-heading title-heading-center title-heading-tag fusion-responsive-typography-calculated\" style=\"margin:0;font-size:1em;--fontSize:16;--minFontSize:16;line-height:1.6;\"><a href=\"https:\/\/www.choral-events.com\/en\/chorales\/coro-nuova-armonia\/\" class=\"awb-custom-text-color awb-custom-text-hover-color\" target=\"_self\">Coro Nuova Armonia<\/a><\/p><\/div><div class=\"fusion-separator\" style=\"align-self: center;margin-left: auto;margin-right: auto;flex-grow:10;margin-top:5px;margin-bottom:10px;width:100%;max-width:70px;\"><div class=\"fusion-separator-border sep-single sep-solid\" style=\"--awb-height:20px;--awb-amount:20px;border-color:var(--awb-color2);border-top-width:1px;\"><\/div><\/div><div class=\"fusion-text fusion-text-74\" style=\"--awb-content-alignment:center;--awb-text-transform:capitalize;--awb-text-color:var(--awb-color4);\"><p>Italie<\/p>\n<\/div><\/div><\/li>\n<li class=\"fusion-layout-column fusion_builder_column fusion-builder-column-75 fusion-flex-column fusion-animated post-card fusion-grid-column fusion-post-cards-grid-column 2020 japon fusion-animated\" style=\"--awb-padding-bottom:5px;--awb-overflow:hidden;--awb-bg-color:var(--awb-color1);--awb-bg-color-hover:var(--awb-custom_color_2);--awb-bg-size:cover;--awb-box-shadow:0px 0px 24px hsla(var(--awb-color7-h),var(--awb-color7-s),var(--awb-color7-l),calc(var(--awb-color7-a) - 40%));;--awb-border-color:var(--awb-color4);--awb-border-color-hover:var(--awb-color7);--awb-border-top:1px;--awb-border-right:1px;--awb-border-bottom:1px;--awb-border-left:1px;--awb-border-style:solid;--awb-border-radius:6px 6px 6px 6px;--awb-flex-grow:0;--awb-flex-shrink:0;--awb-flex-grow-medium:0;--awb-flex-shrink-medium:0;--awb-flex-grow-small:0;--awb-flex-shrink-small:0;\" data-animationType=\"fadeIn\" data-animationDuration=\"1.3\" data-animationOffset=\"top-into-view\"><div class=\"fusion-column-wrapper fusion-column-has-shadow fusion-flex-justify-content-flex-start fusion-content-layout-column\"><div class=\"fusion-image-element \" style=\"--awb-aspect-ratio:16 \/ 9;--awb-margin-bottom:10px;--awb-caption-title-font-family:var(--h2_typography-font-family);--awb-caption-title-font-weight:var(--h2_typography-font-weight);--awb-caption-title-font-style:var(--h2_typography-font-style);--awb-caption-title-size:var(--h2_typography-font-size);--awb-caption-title-transform:var(--h2_typography-text-transform);--awb-caption-title-line-height:var(--h2_typography-line-height);--awb-caption-title-letter-spacing:var(--h2_typography-letter-spacing);\"><span class=\" fusion-imageframe imageframe-none imageframe-74 hover-type-none has-aspect-ratio\"><a class=\"fusion-no-lightbox\" href=\"https:\/\/www.choral-events.com\/en\/chorales\/coro-platano\/\" target=\"_self\" aria-label=\"coro-platano-2008-550&#215;350\"><img decoding=\"async\" width=\"550\" height=\"350\" src=\"https:\/\/www.choral-events.com\/wp-content\/uploads\/2026\/03\/coro-platano-2008-550x350-1.png\" class=\"img-responsive wp-image-51846 img-with-aspect-ratio\" data-parent-fit=\"cover\" data-parent-container=\".fusion-image-element\" alt srcset=\"https:\/\/www.choral-events.com\/wp-content\/uploads\/2026\/03\/coro-platano-2008-550x350-1-200x127.png 200w, https:\/\/www.choral-events.com\/wp-content\/uploads\/2026\/03\/coro-platano-2008-550x350-1-400x255.png 400w, https:\/\/www.choral-events.com\/wp-content\/uploads\/2026\/03\/coro-platano-2008-550x350-1.png 550w\" sizes=\"(max-width: 1024px) 100vw, (max-width: 640px) 100vw, 550px\" \/><\/a><\/span><\/div><div class=\"fusion-title title fusion-title-76 fusion-sep-none fusion-title-center fusion-title-text fusion-title-size-paragraph\" style=\"--awb-text-color:var(--awb-color7);--awb-margin-top:10px;--awb-margin-right:5px;--awb-margin-bottom:10px;--awb-margin-left:5px;--awb-margin-top-small:16px;--awb-margin-right-small:0px;--awb-margin-bottom-small:10px;--awb-margin-left-small:0px;--awb-link-color:var(--awb-color7);--awb-font-size:16px;\"><p class=\"fusion-title-heading title-heading-center title-heading-tag fusion-responsive-typography-calculated\" style=\"margin:0;font-size:1em;--fontSize:16;--minFontSize:16;line-height:1.6;\"><a href=\"https:\/\/www.choral-events.com\/en\/chorales\/coro-platano\/\" class=\"awb-custom-text-color awb-custom-text-hover-color\" target=\"_self\">Coro Platano<\/a><\/p><\/div><div class=\"fusion-separator\" style=\"align-self: center;margin-left: auto;margin-right: auto;flex-grow:10;margin-top:5px;margin-bottom:10px;width:100%;max-width:70px;\"><div class=\"fusion-separator-border sep-single sep-solid\" style=\"--awb-height:20px;--awb-amount:20px;border-color:var(--awb-color2);border-top-width:1px;\"><\/div><\/div><div class=\"fusion-text fusion-text-75\" style=\"--awb-content-alignment:center;--awb-text-transform:capitalize;--awb-text-color:var(--awb-color4);\"><p>Japon<\/p>\n<\/div><\/div><\/li>\n<li class=\"fusion-layout-column fusion_builder_column fusion-builder-column-76 fusion-flex-column fusion-animated post-card fusion-grid-column fusion-post-cards-grid-column 2026 mexico fusion-animated\" style=\"--awb-padding-bottom:5px;--awb-overflow:hidden;--awb-bg-color:var(--awb-color1);--awb-bg-color-hover:var(--awb-custom_color_2);--awb-bg-size:cover;--awb-box-shadow:0px 0px 24px hsla(var(--awb-color7-h),var(--awb-color7-s),var(--awb-color7-l),calc(var(--awb-color7-a) - 40%));;--awb-border-color:var(--awb-color4);--awb-border-color-hover:var(--awb-color7);--awb-border-top:1px;--awb-border-right:1px;--awb-border-bottom:1px;--awb-border-left:1px;--awb-border-style:solid;--awb-border-radius:6px 6px 6px 6px;--awb-flex-grow:0;--awb-flex-shrink:0;--awb-flex-grow-medium:0;--awb-flex-shrink-medium:0;--awb-flex-grow-small:0;--awb-flex-shrink-small:0;\" data-animationType=\"fadeIn\" data-animationDuration=\"1.3\" data-animationOffset=\"top-into-view\"><div class=\"fusion-column-wrapper fusion-column-has-shadow fusion-flex-justify-content-flex-start fusion-content-layout-column\"><div class=\"fusion-image-element \" style=\"--awb-aspect-ratio:16 \/ 9;--awb-margin-bottom:10px;--awb-caption-title-font-family:var(--h2_typography-font-family);--awb-caption-title-font-weight:var(--h2_typography-font-weight);--awb-caption-title-font-style:var(--h2_typography-font-style);--awb-caption-title-size:var(--h2_typography-font-size);--awb-caption-title-transform:var(--h2_typography-text-transform);--awb-caption-title-line-height:var(--h2_typography-line-height);--awb-caption-title-letter-spacing:var(--h2_typography-letter-spacing);\"><span class=\" fusion-imageframe imageframe-none imageframe-75 hover-type-none has-aspect-ratio\"><a class=\"fusion-no-lightbox\" href=\"https:\/\/www.choral-events.com\/en\/chorales\/coro-voces-de-la-montana\/\" target=\"_self\" aria-label=\"Coro Voces de la Monta\u00f1a 1 (1)\"><img decoding=\"async\" width=\"1600\" height=\"1066\" src=\"https:\/\/www.choral-events.com\/wp-content\/uploads\/2026\/03\/Coro-Voces-de-la-Montana-1-1.jpeg\" class=\"img-responsive wp-image-52281 img-with-aspect-ratio\" data-parent-fit=\"cover\" data-parent-container=\".fusion-image-element\" alt srcset=\"https:\/\/www.choral-events.com\/wp-content\/uploads\/2026\/03\/Coro-Voces-de-la-Montana-1-1-200x133.jpeg 200w, https:\/\/www.choral-events.com\/wp-content\/uploads\/2026\/03\/Coro-Voces-de-la-Montana-1-1-400x267.jpeg 400w, https:\/\/www.choral-events.com\/wp-content\/uploads\/2026\/03\/Coro-Voces-de-la-Montana-1-1-600x400.jpeg 600w, https:\/\/www.choral-events.com\/wp-content\/uploads\/2026\/03\/Coro-Voces-de-la-Montana-1-1-800x533.jpeg 800w, https:\/\/www.choral-events.com\/wp-content\/uploads\/2026\/03\/Coro-Voces-de-la-Montana-1-1-1200x800.jpeg 1200w, https:\/\/www.choral-events.com\/wp-content\/uploads\/2026\/03\/Coro-Voces-de-la-Montana-1-1.jpeg 1600w\" sizes=\"(max-width: 1024px) 100vw, (max-width: 640px) 100vw, 1600px\" \/><\/a><\/span><\/div><div class=\"fusion-title title fusion-title-77 fusion-sep-none fusion-title-center fusion-title-text fusion-title-size-paragraph\" style=\"--awb-text-color:var(--awb-color7);--awb-margin-top:10px;--awb-margin-right:5px;--awb-margin-bottom:10px;--awb-margin-left:5px;--awb-margin-top-small:16px;--awb-margin-right-small:0px;--awb-margin-bottom-small:10px;--awb-margin-left-small:0px;--awb-link-color:var(--awb-color7);--awb-font-size:16px;\"><p class=\"fusion-title-heading title-heading-center title-heading-tag fusion-responsive-typography-calculated\" style=\"margin:0;font-size:1em;--fontSize:16;--minFontSize:16;line-height:1.6;\"><a href=\"https:\/\/www.choral-events.com\/en\/chorales\/coro-voces-de-la-montana\/\" class=\"awb-custom-text-color awb-custom-text-hover-color\" target=\"_self\">Coro Voces de la Monta\u00f1a<\/a><\/p><\/div><div class=\"fusion-separator\" style=\"align-self: center;margin-left: auto;margin-right: auto;flex-grow:10;margin-top:5px;margin-bottom:10px;width:100%;max-width:70px;\"><div class=\"fusion-separator-border sep-single sep-solid\" style=\"--awb-height:20px;--awb-amount:20px;border-color:var(--awb-color2);border-top-width:1px;\"><\/div><\/div><div class=\"fusion-text fusion-text-76\" style=\"--awb-content-alignment:center;--awb-text-transform:capitalize;--awb-text-color:var(--awb-color4);\"><\/div><\/div><\/li>\n<li class=\"fusion-layout-column fusion_builder_column fusion-builder-column-77 fusion-flex-column fusion-animated post-card fusion-grid-column fusion-post-cards-grid-column 2023 france fusion-animated\" style=\"--awb-padding-bottom:5px;--awb-overflow:hidden;--awb-bg-color:var(--awb-color1);--awb-bg-color-hover:var(--awb-custom_color_2);--awb-bg-size:cover;--awb-box-shadow:0px 0px 24px hsla(var(--awb-color7-h),var(--awb-color7-s),var(--awb-color7-l),calc(var(--awb-color7-a) - 40%));;--awb-border-color:var(--awb-color4);--awb-border-color-hover:var(--awb-color7);--awb-border-top:1px;--awb-border-right:1px;--awb-border-bottom:1px;--awb-border-left:1px;--awb-border-style:solid;--awb-border-radius:6px 6px 6px 6px;--awb-flex-grow:0;--awb-flex-shrink:0;--awb-flex-grow-medium:0;--awb-flex-shrink-medium:0;--awb-flex-grow-small:0;--awb-flex-shrink-small:0;\" data-animationType=\"fadeIn\" data-animationDuration=\"1.3\" data-animationOffset=\"top-into-view\"><div class=\"fusion-column-wrapper fusion-column-has-shadow fusion-flex-justify-content-flex-start fusion-content-layout-column\"><div class=\"fusion-image-element \" style=\"--awb-aspect-ratio:16 \/ 9;--awb-margin-bottom:10px;--awb-caption-title-font-family:var(--h2_typography-font-family);--awb-caption-title-font-weight:var(--h2_typography-font-weight);--awb-caption-title-font-style:var(--h2_typography-font-style);--awb-caption-title-size:var(--h2_typography-font-size);--awb-caption-title-transform:var(--h2_typography-text-transform);--awb-caption-title-line-height:var(--h2_typography-line-height);--awb-caption-title-letter-spacing:var(--h2_typography-letter-spacing);\"><span class=\" fusion-imageframe imageframe-none imageframe-76 hover-type-none has-aspect-ratio\"><a class=\"fusion-no-lightbox\" href=\"https:\/\/www.choral-events.com\/en\/chorales\/crd-mastery\/\" target=\"_self\" aria-label=\"DSC_9315\"><img decoding=\"async\" width=\"2560\" height=\"1709\" src=\"https:\/\/www.choral-events.com\/wp-content\/uploads\/2023\/05\/DSC_9315-scaled.jpg\" class=\"img-responsive wp-image-49669 img-with-aspect-ratio\" data-parent-fit=\"cover\" data-parent-container=\".fusion-image-element\" alt srcset=\"https:\/\/www.choral-events.com\/wp-content\/uploads\/2023\/05\/DSC_9315-200x134.jpg 200w, https:\/\/www.choral-events.com\/wp-content\/uploads\/2023\/05\/DSC_9315-400x267.jpg 400w, https:\/\/www.choral-events.com\/wp-content\/uploads\/2023\/05\/DSC_9315-600x401.jpg 600w, https:\/\/www.choral-events.com\/wp-content\/uploads\/2023\/05\/DSC_9315-800x534.jpg 800w, https:\/\/www.choral-events.com\/wp-content\/uploads\/2023\/05\/DSC_9315-1200x801.jpg 1200w, https:\/\/www.choral-events.com\/wp-content\/uploads\/2023\/05\/DSC_9315-scaled.jpg 2560w\" sizes=\"(max-width: 1024px) 100vw, (max-width: 640px) 100vw, 2560px\" \/><\/a><\/span><\/div><div class=\"fusion-title title fusion-title-78 fusion-sep-none fusion-title-center fusion-title-text fusion-title-size-paragraph\" style=\"--awb-text-color:var(--awb-color7);--awb-margin-top:10px;--awb-margin-right:5px;--awb-margin-bottom:10px;--awb-margin-left:5px;--awb-margin-top-small:16px;--awb-margin-right-small:0px;--awb-margin-bottom-small:10px;--awb-margin-left-small:0px;--awb-link-color:var(--awb-color7);--awb-font-size:16px;\"><p class=\"fusion-title-heading title-heading-center title-heading-tag fusion-responsive-typography-calculated\" style=\"margin:0;font-size:1em;--fontSize:16;--minFontSize:16;line-height:1.6;\"><a href=\"https:\/\/www.choral-events.com\/en\/chorales\/crd-mastery\/\" class=\"awb-custom-text-color awb-custom-text-hover-color\" target=\"_self\">CRD Mastery<\/a><\/p><\/div><div class=\"fusion-separator\" style=\"align-self: center;margin-left: auto;margin-right: auto;flex-grow:10;margin-top:5px;margin-bottom:10px;width:100%;max-width:70px;\"><div class=\"fusion-separator-border sep-single sep-solid\" style=\"--awb-height:20px;--awb-amount:20px;border-color:var(--awb-color2);border-top-width:1px;\"><\/div><\/div><div class=\"fusion-text fusion-text-77\" style=\"--awb-content-alignment:center;--awb-text-transform:capitalize;--awb-text-color:var(--awb-color4);\"><p>France<\/p>\n<\/div><\/div><\/li>\n<li class=\"fusion-layout-column fusion_builder_column fusion-builder-column-78 fusion-flex-column fusion-animated post-card fusion-grid-column fusion-post-cards-grid-column 2024 slovenia fusion-animated\" style=\"--awb-padding-bottom:5px;--awb-overflow:hidden;--awb-bg-color:var(--awb-color1);--awb-bg-color-hover:var(--awb-custom_color_2);--awb-bg-size:cover;--awb-box-shadow:0px 0px 24px hsla(var(--awb-color7-h),var(--awb-color7-s),var(--awb-color7-l),calc(var(--awb-color7-a) - 40%));;--awb-border-color:var(--awb-color4);--awb-border-color-hover:var(--awb-color7);--awb-border-top:1px;--awb-border-right:1px;--awb-border-bottom:1px;--awb-border-left:1px;--awb-border-style:solid;--awb-border-radius:6px 6px 6px 6px;--awb-flex-grow:0;--awb-flex-shrink:0;--awb-flex-grow-medium:0;--awb-flex-shrink-medium:0;--awb-flex-grow-small:0;--awb-flex-shrink-small:0;\" data-animationType=\"fadeIn\" data-animationDuration=\"1.3\" data-animationOffset=\"top-into-view\"><div class=\"fusion-column-wrapper fusion-column-has-shadow fusion-flex-justify-content-flex-start fusion-content-layout-column\"><div class=\"fusion-image-element \" style=\"--awb-aspect-ratio:16 \/ 9;--awb-margin-bottom:10px;--awb-caption-title-font-family:var(--h2_typography-font-family);--awb-caption-title-font-weight:var(--h2_typography-font-weight);--awb-caption-title-font-style:var(--h2_typography-font-style);--awb-caption-title-size:var(--h2_typography-font-size);--awb-caption-title-transform:var(--h2_typography-text-transform);--awb-caption-title-line-height:var(--h2_typography-line-height);--awb-caption-title-letter-spacing:var(--h2_typography-letter-spacing);\"><span class=\" fusion-imageframe imageframe-none imageframe-77 hover-type-none has-aspect-ratio\"><a class=\"fusion-no-lightbox\" href=\"https:\/\/www.choral-events.com\/en\/chorales\/crescendo-mixed-choir\/\" target=\"_self\" aria-label=\"Slovenia_Crescendo Choir_photos web page\"><img decoding=\"async\" width=\"550\" height=\"350\" src=\"https:\/\/www.choral-events.com\/wp-content\/uploads\/2024\/03\/Slovenie_Choeur-Crescendo_photos-page-web.jpg\" class=\"img-responsive wp-image-49441 img-with-aspect-ratio\" data-parent-fit=\"cover\" data-parent-container=\".fusion-image-element\" alt srcset=\"https:\/\/www.choral-events.com\/wp-content\/uploads\/2024\/03\/Slovenie_Choeur-Crescendo_photos-page-web-200x127.jpg 200w, https:\/\/www.choral-events.com\/wp-content\/uploads\/2024\/03\/Slovenie_Choeur-Crescendo_photos-page-web-400x255.jpg 400w, https:\/\/www.choral-events.com\/wp-content\/uploads\/2024\/03\/Slovenie_Choeur-Crescendo_photos-page-web.jpg 550w\" sizes=\"(max-width: 1024px) 100vw, (max-width: 640px) 100vw, 550px\" \/><\/a><\/span><\/div><div class=\"fusion-title title fusion-title-79 fusion-sep-none fusion-title-center fusion-title-text fusion-title-size-paragraph\" style=\"--awb-text-color:var(--awb-color7);--awb-margin-top:10px;--awb-margin-right:5px;--awb-margin-bottom:10px;--awb-margin-left:5px;--awb-margin-top-small:16px;--awb-margin-right-small:0px;--awb-margin-bottom-small:10px;--awb-margin-left-small:0px;--awb-link-color:var(--awb-color7);--awb-font-size:16px;\"><p class=\"fusion-title-heading title-heading-center title-heading-tag fusion-responsive-typography-calculated\" style=\"margin:0;font-size:1em;--fontSize:16;--minFontSize:16;line-height:1.6;\"><a href=\"https:\/\/www.choral-events.com\/en\/chorales\/crescendo-mixed-choir\/\" class=\"awb-custom-text-color awb-custom-text-hover-color\" target=\"_self\">Crescendo Mixed Choir<\/a><\/p><\/div><div class=\"fusion-separator\" style=\"align-self: center;margin-left: auto;margin-right: auto;flex-grow:10;margin-top:5px;margin-bottom:10px;width:100%;max-width:70px;\"><div class=\"fusion-separator-border sep-single sep-solid\" style=\"--awb-height:20px;--awb-amount:20px;border-color:var(--awb-color2);border-top-width:1px;\"><\/div><\/div><div class=\"fusion-text fusion-text-78\" style=\"--awb-content-alignment:center;--awb-text-transform:capitalize;--awb-text-color:var(--awb-color4);\"><p>Slovenia<\/p>\n<\/div><\/div><\/li>\n<li class=\"fusion-layout-column fusion_builder_column fusion-builder-column-79 fusion-flex-column fusion-animated post-card fusion-grid-column fusion-post-cards-grid-column 2023 usa fusion-animated\" style=\"--awb-padding-bottom:5px;--awb-overflow:hidden;--awb-bg-color:var(--awb-color1);--awb-bg-color-hover:var(--awb-custom_color_2);--awb-bg-size:cover;--awb-box-shadow:0px 0px 24px hsla(var(--awb-color7-h),var(--awb-color7-s),var(--awb-color7-l),calc(var(--awb-color7-a) - 40%));;--awb-border-color:var(--awb-color4);--awb-border-color-hover:var(--awb-color7);--awb-border-top:1px;--awb-border-right:1px;--awb-border-bottom:1px;--awb-border-left:1px;--awb-border-style:solid;--awb-border-radius:6px 6px 6px 6px;--awb-flex-grow:0;--awb-flex-shrink:0;--awb-flex-grow-medium:0;--awb-flex-shrink-medium:0;--awb-flex-grow-small:0;--awb-flex-shrink-small:0;\" data-animationType=\"fadeIn\" data-animationDuration=\"1.3\" data-animationOffset=\"top-into-view\"><div class=\"fusion-column-wrapper fusion-column-has-shadow fusion-flex-justify-content-flex-start fusion-content-layout-column\"><div class=\"fusion-image-element \" style=\"--awb-aspect-ratio:16 \/ 9;--awb-margin-bottom:10px;--awb-caption-title-font-family:var(--h2_typography-font-family);--awb-caption-title-font-weight:var(--h2_typography-font-weight);--awb-caption-title-font-style:var(--h2_typography-font-style);--awb-caption-title-size:var(--h2_typography-font-size);--awb-caption-title-transform:var(--h2_typography-text-transform);--awb-caption-title-line-height:var(--h2_typography-line-height);--awb-caption-title-letter-spacing:var(--h2_typography-letter-spacing);\"><span class=\" fusion-imageframe imageframe-none imageframe-78 hover-type-none has-aspect-ratio\"><a class=\"fusion-no-lightbox\" href=\"https:\/\/www.choral-events.com\/en\/chorales\/cuesta-voce\/\" target=\"_self\" aria-label=\"2_USA-Voce-photo-page-web\"><img decoding=\"async\" width=\"550\" height=\"350\" src=\"https:\/\/www.choral-events.com\/wp-content\/uploads\/2026\/02\/2_USA-Voce-photo-page-web.jpg\" class=\"img-responsive wp-image-49156 img-with-aspect-ratio\" data-parent-fit=\"cover\" data-parent-container=\".fusion-image-element\" alt srcset=\"https:\/\/www.choral-events.com\/wp-content\/uploads\/2026\/02\/2_USA-Voce-photo-page-web-200x127.jpg 200w, https:\/\/www.choral-events.com\/wp-content\/uploads\/2026\/02\/2_USA-Voce-photo-page-web-400x255.jpg 400w, https:\/\/www.choral-events.com\/wp-content\/uploads\/2026\/02\/2_USA-Voce-photo-page-web.jpg 550w\" sizes=\"(max-width: 1024px) 100vw, (max-width: 640px) 100vw, 550px\" \/><\/a><\/span><\/div><div class=\"fusion-title title fusion-title-80 fusion-sep-none fusion-title-center fusion-title-text fusion-title-size-paragraph\" style=\"--awb-text-color:var(--awb-color7);--awb-margin-top:10px;--awb-margin-right:5px;--awb-margin-bottom:10px;--awb-margin-left:5px;--awb-margin-top-small:16px;--awb-margin-right-small:0px;--awb-margin-bottom-small:10px;--awb-margin-left-small:0px;--awb-link-color:var(--awb-color7);--awb-font-size:16px;\"><p class=\"fusion-title-heading title-heading-center title-heading-tag fusion-responsive-typography-calculated\" style=\"margin:0;font-size:1em;--fontSize:16;--minFontSize:16;line-height:1.6;\"><a href=\"https:\/\/www.choral-events.com\/en\/chorales\/cuesta-voce\/\" class=\"awb-custom-text-color awb-custom-text-hover-color\" target=\"_self\">Cuesta Voce<\/a><\/p><\/div><div class=\"fusion-separator\" style=\"align-self: center;margin-left: auto;margin-right: auto;flex-grow:10;margin-top:5px;margin-bottom:10px;width:100%;max-width:70px;\"><div class=\"fusion-separator-border sep-single sep-solid\" style=\"--awb-height:20px;--awb-amount:20px;border-color:var(--awb-color2);border-top-width:1px;\"><\/div><\/div><div class=\"fusion-text fusion-text-79\" style=\"--awb-content-alignment:center;--awb-text-transform:capitalize;--awb-text-color:var(--awb-color4);\"><p>USA \u2013 California<\/p>\n<\/div><\/div><\/li>\n<li class=\"fusion-layout-column fusion_builder_column fusion-builder-column-80 fusion-flex-column fusion-animated post-card fusion-grid-column fusion-post-cards-grid-column 2023 italy fusion-animated\" style=\"--awb-padding-bottom:5px;--awb-overflow:hidden;--awb-bg-color:var(--awb-color1);--awb-bg-color-hover:var(--awb-custom_color_2);--awb-bg-size:cover;--awb-box-shadow:0px 0px 24px hsla(var(--awb-color7-h),var(--awb-color7-s),var(--awb-color7-l),calc(var(--awb-color7-a) - 40%));;--awb-border-color:var(--awb-color4);--awb-border-color-hover:var(--awb-color7);--awb-border-top:1px;--awb-border-right:1px;--awb-border-bottom:1px;--awb-border-left:1px;--awb-border-style:solid;--awb-border-radius:6px 6px 6px 6px;--awb-flex-grow:0;--awb-flex-shrink:0;--awb-flex-grow-medium:0;--awb-flex-shrink-medium:0;--awb-flex-grow-small:0;--awb-flex-shrink-small:0;\" data-animationType=\"fadeIn\" data-animationDuration=\"1.3\" data-animationOffset=\"top-into-view\"><div class=\"fusion-column-wrapper fusion-column-has-shadow fusion-flex-justify-content-flex-start fusion-content-layout-column\"><div class=\"fusion-image-element \" style=\"--awb-aspect-ratio:16 \/ 9;--awb-margin-bottom:10px;--awb-caption-title-font-family:var(--h2_typography-font-family);--awb-caption-title-font-weight:var(--h2_typography-font-weight);--awb-caption-title-font-style:var(--h2_typography-font-style);--awb-caption-title-size:var(--h2_typography-font-size);--awb-caption-title-transform:var(--h2_typography-text-transform);--awb-caption-title-line-height:var(--h2_typography-line-height);--awb-caption-title-letter-spacing:var(--h2_typography-letter-spacing);\"><span class=\" fusion-imageframe imageframe-none imageframe-79 hover-type-none has-aspect-ratio\"><a class=\"fusion-no-lightbox\" href=\"https:\/\/www.choral-events.com\/en\/chorales\/daltrocanto-choir\/\" target=\"_self\" aria-label=\"Italy &#8211; Daltrocanto &#8211; web page photo (2)\"><img decoding=\"async\" width=\"550\" height=\"350\" alt=\"The Daltrocanto Choir\" src=\"https:\/\/www.choral-events.com\/wp-content\/uploads\/2023\/04\/Italie-Daltrocanto-photo-page-web-2.jpg\" class=\"img-responsive wp-image-49831 img-with-aspect-ratio\" data-parent-fit=\"cover\" data-parent-container=\".fusion-image-element\" srcset=\"https:\/\/www.choral-events.com\/wp-content\/uploads\/2023\/04\/Italie-Daltrocanto-photo-page-web-2-200x127.jpg 200w, https:\/\/www.choral-events.com\/wp-content\/uploads\/2023\/04\/Italie-Daltrocanto-photo-page-web-2-400x255.jpg 400w, https:\/\/www.choral-events.com\/wp-content\/uploads\/2023\/04\/Italie-Daltrocanto-photo-page-web-2.jpg 550w\" sizes=\"(max-width: 1024px) 100vw, (max-width: 640px) 100vw, 550px\" \/><\/a><\/span><\/div><div class=\"fusion-title title fusion-title-81 fusion-sep-none fusion-title-center fusion-title-text fusion-title-size-paragraph\" style=\"--awb-text-color:var(--awb-color7);--awb-margin-top:10px;--awb-margin-right:5px;--awb-margin-bottom:10px;--awb-margin-left:5px;--awb-margin-top-small:16px;--awb-margin-right-small:0px;--awb-margin-bottom-small:10px;--awb-margin-left-small:0px;--awb-link-color:var(--awb-color7);--awb-font-size:16px;\"><p class=\"fusion-title-heading title-heading-center title-heading-tag fusion-responsive-typography-calculated\" style=\"margin:0;font-size:1em;--fontSize:16;--minFontSize:16;line-height:1.6;\"><a href=\"https:\/\/www.choral-events.com\/en\/chorales\/daltrocanto-choir\/\" class=\"awb-custom-text-color awb-custom-text-hover-color\" target=\"_self\">Daltrocanto Choir<\/a><\/p><\/div><div class=\"fusion-separator\" style=\"align-self: center;margin-left: auto;margin-right: auto;flex-grow:10;margin-top:5px;margin-bottom:10px;width:100%;max-width:70px;\"><div class=\"fusion-separator-border sep-single sep-solid\" style=\"--awb-height:20px;--awb-amount:20px;border-color:var(--awb-color2);border-top-width:1px;\"><\/div><\/div><div class=\"fusion-text fusion-text-80\" style=\"--awb-content-alignment:center;--awb-text-transform:capitalize;--awb-text-color:var(--awb-color4);\"><p>Italy<\/p>\n<\/div><\/div><\/li>\n<li class=\"fusion-layout-column fusion_builder_column fusion-builder-column-81 fusion-flex-column fusion-animated post-card fusion-grid-column fusion-post-cards-grid-column 2022 netherlands fusion-animated\" style=\"--awb-padding-bottom:5px;--awb-overflow:hidden;--awb-bg-color:var(--awb-color1);--awb-bg-color-hover:var(--awb-custom_color_2);--awb-bg-size:cover;--awb-box-shadow:0px 0px 24px hsla(var(--awb-color7-h),var(--awb-color7-s),var(--awb-color7-l),calc(var(--awb-color7-a) - 40%));;--awb-border-color:var(--awb-color4);--awb-border-color-hover:var(--awb-color7);--awb-border-top:1px;--awb-border-right:1px;--awb-border-bottom:1px;--awb-border-left:1px;--awb-border-style:solid;--awb-border-radius:6px 6px 6px 6px;--awb-flex-grow:0;--awb-flex-shrink:0;--awb-flex-grow-medium:0;--awb-flex-shrink-medium:0;--awb-flex-grow-small:0;--awb-flex-shrink-small:0;\" data-animationType=\"fadeIn\" data-animationDuration=\"1.3\" data-animationOffset=\"top-into-view\"><div class=\"fusion-column-wrapper fusion-column-has-shadow fusion-flex-justify-content-flex-start fusion-content-layout-column\"><div class=\"fusion-image-element \" style=\"--awb-aspect-ratio:16 \/ 9;--awb-margin-bottom:10px;--awb-caption-title-font-family:var(--h2_typography-font-family);--awb-caption-title-font-weight:var(--h2_typography-font-weight);--awb-caption-title-font-style:var(--h2_typography-font-style);--awb-caption-title-size:var(--h2_typography-font-size);--awb-caption-title-transform:var(--h2_typography-text-transform);--awb-caption-title-line-height:var(--h2_typography-line-height);--awb-caption-title-letter-spacing:var(--h2_typography-letter-spacing);\"><span class=\" fusion-imageframe imageframe-none imageframe-80 hover-type-none has-aspect-ratio\"><a class=\"fusion-no-lightbox\" href=\"https:\/\/www.choral-events.com\/en\/chorales\/dekoor-close-harmony\/\" target=\"_self\" aria-label=\"8_Dekoor-Close-Harmony-NETHERLANDS-photo-page-web-\"><img decoding=\"async\" width=\"550\" height=\"350\" src=\"https:\/\/www.choral-events.com\/wp-content\/uploads\/2026\/02\/8_Dekoor-Close-Harmony-PAYS-BAS-photo-page-web-.jpg\" class=\"img-responsive wp-image-51691 img-with-aspect-ratio\" data-parent-fit=\"cover\" data-parent-container=\".fusion-image-element\" alt srcset=\"https:\/\/www.choral-events.com\/wp-content\/uploads\/2026\/02\/8_Dekoor-Close-Harmony-PAYS-BAS-photo-page-web--200x127.jpg 200w, https:\/\/www.choral-events.com\/wp-content\/uploads\/2026\/02\/8_Dekoor-Close-Harmony-PAYS-BAS-photo-page-web--400x255.jpg 400w, https:\/\/www.choral-events.com\/wp-content\/uploads\/2026\/02\/8_Dekoor-Close-Harmony-PAYS-BAS-photo-page-web-.jpg 550w\" sizes=\"(max-width: 1024px) 100vw, (max-width: 640px) 100vw, 550px\" \/><\/a><\/span><\/div><div class=\"fusion-title title fusion-title-82 fusion-sep-none fusion-title-center fusion-title-text fusion-title-size-paragraph\" style=\"--awb-text-color:var(--awb-color7);--awb-margin-top:10px;--awb-margin-right:5px;--awb-margin-bottom:10px;--awb-margin-left:5px;--awb-margin-top-small:16px;--awb-margin-right-small:0px;--awb-margin-bottom-small:10px;--awb-margin-left-small:0px;--awb-link-color:var(--awb-color7);--awb-font-size:16px;\"><p class=\"fusion-title-heading title-heading-center title-heading-tag fusion-responsive-typography-calculated\" style=\"margin:0;font-size:1em;--fontSize:16;--minFontSize:16;line-height:1.6;\"><a href=\"https:\/\/www.choral-events.com\/en\/chorales\/dekoor-close-harmony\/\" class=\"awb-custom-text-color awb-custom-text-hover-color\" target=\"_self\">Dekoor Close Harmony<\/a><\/p><\/div><div class=\"fusion-separator\" style=\"align-self: center;margin-left: auto;margin-right: auto;flex-grow:10;margin-top:5px;margin-bottom:10px;width:100%;max-width:70px;\"><div class=\"fusion-separator-border sep-single sep-solid\" style=\"--awb-height:20px;--awb-amount:20px;border-color:var(--awb-color2);border-top-width:1px;\"><\/div><\/div><div class=\"fusion-text fusion-text-81\" style=\"--awb-content-alignment:center;--awb-text-transform:capitalize;--awb-text-color:var(--awb-color4);\"><p>Netherlands<\/p>\n<\/div><\/div><\/li>\n<li class=\"fusion-layout-column fusion_builder_column fusion-builder-column-82 fusion-flex-column fusion-animated post-card fusion-grid-column fusion-post-cards-grid-column 2024 germany fusion-animated\" style=\"--awb-padding-bottom:5px;--awb-overflow:hidden;--awb-bg-color:var(--awb-color1);--awb-bg-color-hover:var(--awb-custom_color_2);--awb-bg-size:cover;--awb-box-shadow:0px 0px 24px hsla(var(--awb-color7-h),var(--awb-color7-s),var(--awb-color7-l),calc(var(--awb-color7-a) - 40%));;--awb-border-color:var(--awb-color4);--awb-border-color-hover:var(--awb-color7);--awb-border-top:1px;--awb-border-right:1px;--awb-border-bottom:1px;--awb-border-left:1px;--awb-border-style:solid;--awb-border-radius:6px 6px 6px 6px;--awb-flex-grow:0;--awb-flex-shrink:0;--awb-flex-grow-medium:0;--awb-flex-shrink-medium:0;--awb-flex-grow-small:0;--awb-flex-shrink-small:0;\" data-animationType=\"fadeIn\" data-animationDuration=\"1.3\" data-animationOffset=\"top-into-view\"><div class=\"fusion-column-wrapper fusion-column-has-shadow fusion-flex-justify-content-flex-start fusion-content-layout-column\"><div class=\"fusion-image-element \" style=\"--awb-aspect-ratio:16 \/ 9;--awb-margin-bottom:10px;--awb-caption-title-font-family:var(--h2_typography-font-family);--awb-caption-title-font-weight:var(--h2_typography-font-weight);--awb-caption-title-font-style:var(--h2_typography-font-style);--awb-caption-title-size:var(--h2_typography-font-size);--awb-caption-title-transform:var(--h2_typography-text-transform);--awb-caption-title-line-height:var(--h2_typography-line-height);--awb-caption-title-letter-spacing:var(--h2_typography-letter-spacing);\"><span class=\" fusion-imageframe imageframe-none imageframe-81 hover-type-none has-aspect-ratio\"><a class=\"fusion-no-lightbox\" href=\"https:\/\/www.choral-events.com\/en\/chorales\/deutsche-welle-choir\/\" target=\"_self\" aria-label=\"Germany_The-International-Deutsche-Welle-Choir-_photo-web-page-2\"><img decoding=\"async\" width=\"550\" height=\"350\" src=\"https:\/\/www.choral-events.com\/wp-content\/uploads\/2026\/02\/Allemagne_The-International-Deutsche-Welle-Choir-_photo-page-web-2.png\" class=\"img-responsive wp-image-50044 img-with-aspect-ratio\" data-parent-fit=\"cover\" data-parent-container=\".fusion-image-element\" alt srcset=\"https:\/\/www.choral-events.com\/wp-content\/uploads\/2026\/02\/Allemagne_The-International-Deutsche-Welle-Choir-_photo-page-web-2-200x127.png 200w, https:\/\/www.choral-events.com\/wp-content\/uploads\/2026\/02\/Allemagne_The-International-Deutsche-Welle-Choir-_photo-page-web-2-400x255.png 400w, https:\/\/www.choral-events.com\/wp-content\/uploads\/2026\/02\/Allemagne_The-International-Deutsche-Welle-Choir-_photo-page-web-2.png 550w\" sizes=\"(max-width: 1024px) 100vw, (max-width: 640px) 100vw, 550px\" \/><\/a><\/span><\/div><div class=\"fusion-title title fusion-title-83 fusion-sep-none fusion-title-center fusion-title-text fusion-title-size-paragraph\" style=\"--awb-text-color:var(--awb-color7);--awb-margin-top:10px;--awb-margin-right:5px;--awb-margin-bottom:10px;--awb-margin-left:5px;--awb-margin-top-small:16px;--awb-margin-right-small:0px;--awb-margin-bottom-small:10px;--awb-margin-left-small:0px;--awb-link-color:var(--awb-color7);--awb-font-size:16px;\"><p class=\"fusion-title-heading title-heading-center title-heading-tag fusion-responsive-typography-calculated\" style=\"margin:0;font-size:1em;--fontSize:16;--minFontSize:16;line-height:1.6;\"><a href=\"https:\/\/www.choral-events.com\/en\/chorales\/deutsche-welle-choir\/\" class=\"awb-custom-text-color awb-custom-text-hover-color\" target=\"_self\">Deutsche Welle Choir<\/a><\/p><\/div><div class=\"fusion-separator\" style=\"align-self: center;margin-left: auto;margin-right: auto;flex-grow:10;margin-top:5px;margin-bottom:10px;width:100%;max-width:70px;\"><div class=\"fusion-separator-border sep-single sep-solid\" style=\"--awb-height:20px;--awb-amount:20px;border-color:var(--awb-color2);border-top-width:1px;\"><\/div><\/div><div class=\"fusion-text fusion-text-82\" style=\"--awb-content-alignment:center;--awb-text-transform:capitalize;--awb-text-color:var(--awb-color4);\"><p>Germany<\/p>\n<\/div><\/div><\/li>\n<li class=\"fusion-layout-column fusion_builder_column fusion-builder-column-83 fusion-flex-column fusion-animated post-card fusion-grid-column fusion-post-cards-grid-column 2022 france fusion-animated\" style=\"--awb-padding-bottom:5px;--awb-overflow:hidden;--awb-bg-color:var(--awb-color1);--awb-bg-color-hover:var(--awb-custom_color_2);--awb-bg-size:cover;--awb-box-shadow:0px 0px 24px hsla(var(--awb-color7-h),var(--awb-color7-s),var(--awb-color7-l),calc(var(--awb-color7-a) - 40%));;--awb-border-color:var(--awb-color4);--awb-border-color-hover:var(--awb-color7);--awb-border-top:1px;--awb-border-right:1px;--awb-border-bottom:1px;--awb-border-left:1px;--awb-border-style:solid;--awb-border-radius:6px 6px 6px 6px;--awb-flex-grow:0;--awb-flex-shrink:0;--awb-flex-grow-medium:0;--awb-flex-shrink-medium:0;--awb-flex-grow-small:0;--awb-flex-shrink-small:0;\" data-animationType=\"fadeIn\" data-animationDuration=\"1.3\" data-animationOffset=\"top-into-view\"><div class=\"fusion-column-wrapper fusion-column-has-shadow fusion-flex-justify-content-flex-start fusion-content-layout-column\"><div class=\"fusion-image-element \" style=\"--awb-aspect-ratio:16 \/ 9;--awb-margin-bottom:10px;--awb-caption-title-font-family:var(--h2_typography-font-family);--awb-caption-title-font-weight:var(--h2_typography-font-weight);--awb-caption-title-font-style:var(--h2_typography-font-style);--awb-caption-title-size:var(--h2_typography-font-size);--awb-caption-title-transform:var(--h2_typography-text-transform);--awb-caption-title-line-height:var(--h2_typography-line-height);--awb-caption-title-letter-spacing:var(--h2_typography-letter-spacing);\"><span class=\" fusion-imageframe imageframe-none imageframe-82 hover-type-none has-aspect-ratio\"><a class=\"fusion-no-lightbox\" href=\"https:\/\/www.choral-events.com\/en\/chorales\/divertimento-vocal-ensemble\/\" target=\"_self\" aria-label=\"Divertimento-France-Paca-2-photo-page-web-\"><img decoding=\"async\" width=\"550\" height=\"350\" src=\"https:\/\/www.choral-events.com\/wp-content\/uploads\/2026\/02\/Divertimento-France-Paca-2-photo-page-web-.jpg\" class=\"img-responsive wp-image-51697 img-with-aspect-ratio\" data-parent-fit=\"cover\" data-parent-container=\".fusion-image-element\" alt srcset=\"https:\/\/www.choral-events.com\/wp-content\/uploads\/2026\/02\/Divertimento-France-Paca-2-photo-page-web--200x127.jpg 200w, https:\/\/www.choral-events.com\/wp-content\/uploads\/2026\/02\/Divertimento-France-Paca-2-photo-page-web--400x255.jpg 400w, https:\/\/www.choral-events.com\/wp-content\/uploads\/2026\/02\/Divertimento-France-Paca-2-photo-page-web-.jpg 550w\" sizes=\"(max-width: 1024px) 100vw, (max-width: 640px) 100vw, 550px\" \/><\/a><\/span><\/div><div class=\"fusion-title title fusion-title-84 fusion-sep-none fusion-title-center fusion-title-text fusion-title-size-paragraph\" style=\"--awb-text-color:var(--awb-color7);--awb-margin-top:10px;--awb-margin-right:5px;--awb-margin-bottom:10px;--awb-margin-left:5px;--awb-margin-top-small:16px;--awb-margin-right-small:0px;--awb-margin-bottom-small:10px;--awb-margin-left-small:0px;--awb-link-color:var(--awb-color7);--awb-font-size:16px;\"><p class=\"fusion-title-heading title-heading-center title-heading-tag fusion-responsive-typography-calculated\" style=\"margin:0;font-size:1em;--fontSize:16;--minFontSize:16;line-height:1.6;\"><a href=\"https:\/\/www.choral-events.com\/en\/chorales\/divertimento-vocal-ensemble\/\" class=\"awb-custom-text-color awb-custom-text-hover-color\" target=\"_self\">Divertimento Vocal Ensemble<\/a><\/p><\/div><div class=\"fusion-separator\" style=\"align-self: center;margin-left: auto;margin-right: auto;flex-grow:10;margin-top:5px;margin-bottom:10px;width:100%;max-width:70px;\"><div class=\"fusion-separator-border sep-single sep-solid\" style=\"--awb-height:20px;--awb-amount:20px;border-color:var(--awb-color2);border-top-width:1px;\"><\/div><\/div><div class=\"fusion-text fusion-text-83\" style=\"--awb-content-alignment:center;--awb-text-transform:capitalize;--awb-text-color:var(--awb-color4);\"><p>France<\/p>\n<\/div><\/div><\/li>\n<li class=\"fusion-layout-column fusion_builder_column fusion-builder-column-84 fusion-flex-column fusion-animated post-card fusion-grid-column fusion-post-cards-grid-column 2022 united-arab-emirates fusion-animated\" style=\"--awb-padding-bottom:5px;--awb-overflow:hidden;--awb-bg-color:var(--awb-color1);--awb-bg-color-hover:var(--awb-custom_color_2);--awb-bg-size:cover;--awb-box-shadow:0px 0px 24px hsla(var(--awb-color7-h),var(--awb-color7-s),var(--awb-color7-l),calc(var(--awb-color7-a) - 40%));;--awb-border-color:var(--awb-color4);--awb-border-color-hover:var(--awb-color7);--awb-border-top:1px;--awb-border-right:1px;--awb-border-bottom:1px;--awb-border-left:1px;--awb-border-style:solid;--awb-border-radius:6px 6px 6px 6px;--awb-flex-grow:0;--awb-flex-shrink:0;--awb-flex-grow-medium:0;--awb-flex-shrink-medium:0;--awb-flex-grow-small:0;--awb-flex-shrink-small:0;\" data-animationType=\"fadeIn\" data-animationDuration=\"1.3\" data-animationOffset=\"top-into-view\"><div class=\"fusion-column-wrapper fusion-column-has-shadow fusion-flex-justify-content-flex-start fusion-content-layout-column\"><div class=\"fusion-image-element \" style=\"--awb-aspect-ratio:16 \/ 9;--awb-margin-bottom:10px;--awb-caption-title-font-family:var(--h2_typography-font-family);--awb-caption-title-font-weight:var(--h2_typography-font-weight);--awb-caption-title-font-style:var(--h2_typography-font-style);--awb-caption-title-size:var(--h2_typography-font-size);--awb-caption-title-transform:var(--h2_typography-text-transform);--awb-caption-title-line-height:var(--h2_typography-line-height);--awb-caption-title-letter-spacing:var(--h2_typography-letter-spacing);\"><span class=\" fusion-imageframe imageframe-none imageframe-83 hover-type-none has-aspect-ratio\"><a class=\"fusion-no-lightbox\" href=\"https:\/\/www.choral-events.com\/en\/chorales\/dubai-camerata-singers\/\" target=\"_self\"><img decoding=\"async\" src=\"https:\/\/www.choral-events.eskale.fr\/wp-content\/uploads\/2026\/02\/Chorales-2022.jpg\" class=\"img-responsive img-with-aspect-ratio\" data-parent-fit=\"cover\" data-parent-container=\".fusion-image-element\" alt \/><\/a><\/span><\/div><div class=\"fusion-title title fusion-title-85 fusion-sep-none fusion-title-center fusion-title-text fusion-title-size-paragraph\" style=\"--awb-text-color:var(--awb-color7);--awb-margin-top:10px;--awb-margin-right:5px;--awb-margin-bottom:10px;--awb-margin-left:5px;--awb-margin-top-small:16px;--awb-margin-right-small:0px;--awb-margin-bottom-small:10px;--awb-margin-left-small:0px;--awb-link-color:var(--awb-color7);--awb-font-size:16px;\"><p class=\"fusion-title-heading title-heading-center title-heading-tag fusion-responsive-typography-calculated\" style=\"margin:0;font-size:1em;--fontSize:16;--minFontSize:16;line-height:1.6;\"><a href=\"https:\/\/www.choral-events.com\/en\/chorales\/dubai-camerata-singers\/\" class=\"awb-custom-text-color awb-custom-text-hover-color\" target=\"_self\">Dubai Camerata Singers<\/a><\/p><\/div><div class=\"fusion-separator\" style=\"align-self: center;margin-left: auto;margin-right: auto;flex-grow:10;margin-top:5px;margin-bottom:10px;width:100%;max-width:70px;\"><div class=\"fusion-separator-border sep-single sep-solid\" style=\"--awb-height:20px;--awb-amount:20px;border-color:var(--awb-color2);border-top-width:1px;\"><\/div><\/div><div class=\"fusion-text fusion-text-84\" style=\"--awb-content-alignment:center;--awb-text-transform:capitalize;--awb-text-color:var(--awb-color4);\"><p>United Arab Emirates<\/p>\n<\/div><\/div><\/li>\n<li class=\"fusion-layout-column fusion_builder_column fusion-builder-column-85 fusion-flex-column fusion-animated post-card fusion-grid-column fusion-post-cards-grid-column 2019 belgique fusion-animated\" style=\"--awb-padding-bottom:5px;--awb-overflow:hidden;--awb-bg-color:var(--awb-color1);--awb-bg-color-hover:var(--awb-custom_color_2);--awb-bg-size:cover;--awb-box-shadow:0px 0px 24px hsla(var(--awb-color7-h),var(--awb-color7-s),var(--awb-color7-l),calc(var(--awb-color7-a) - 40%));;--awb-border-color:var(--awb-color4);--awb-border-color-hover:var(--awb-color7);--awb-border-top:1px;--awb-border-right:1px;--awb-border-bottom:1px;--awb-border-left:1px;--awb-border-style:solid;--awb-border-radius:6px 6px 6px 6px;--awb-flex-grow:0;--awb-flex-shrink:0;--awb-flex-grow-medium:0;--awb-flex-shrink-medium:0;--awb-flex-grow-small:0;--awb-flex-shrink-small:0;\" data-animationType=\"fadeIn\" data-animationDuration=\"1.3\" data-animationOffset=\"top-into-view\"><div class=\"fusion-column-wrapper fusion-column-has-shadow fusion-flex-justify-content-flex-start fusion-content-layout-column\"><div class=\"fusion-image-element \" style=\"--awb-aspect-ratio:16 \/ 9;--awb-margin-bottom:10px;--awb-caption-title-font-family:var(--h2_typography-font-family);--awb-caption-title-font-weight:var(--h2_typography-font-weight);--awb-caption-title-font-style:var(--h2_typography-font-style);--awb-caption-title-size:var(--h2_typography-font-size);--awb-caption-title-transform:var(--h2_typography-text-transform);--awb-caption-title-line-height:var(--h2_typography-line-height);--awb-caption-title-letter-spacing:var(--h2_typography-letter-spacing);\"><span class=\" fusion-imageframe imageframe-none imageframe-84 hover-type-none has-aspect-ratio\"><a class=\"fusion-no-lightbox\" href=\"https:\/\/www.choral-events.com\/en\/chorales\/ensemble-alize\/\" target=\"_self\" aria-label=\"VISUAL-CHORAL-Final-550&#215;350\"><img decoding=\"async\" width=\"550\" height=\"350\" src=\"https:\/\/www.choral-events.com\/wp-content\/uploads\/2026\/03\/VISUEL-CHORAL-Final-550x350-1.jpg\" class=\"img-responsive wp-image-51634 img-with-aspect-ratio\" data-parent-fit=\"cover\" data-parent-container=\".fusion-image-element\" alt srcset=\"https:\/\/www.choral-events.com\/wp-content\/uploads\/2026\/03\/VISUEL-CHORAL-Final-550x350-1-200x127.jpg 200w, https:\/\/www.choral-events.com\/wp-content\/uploads\/2026\/03\/VISUEL-CHORAL-Final-550x350-1-400x255.jpg 400w, https:\/\/www.choral-events.com\/wp-content\/uploads\/2026\/03\/VISUEL-CHORAL-Final-550x350-1.jpg 550w\" sizes=\"(max-width: 1024px) 100vw, (max-width: 640px) 100vw, 550px\" \/><\/a><\/span><\/div><div class=\"fusion-title title fusion-title-86 fusion-sep-none fusion-title-center fusion-title-text fusion-title-size-paragraph\" style=\"--awb-text-color:var(--awb-color7);--awb-margin-top:10px;--awb-margin-right:5px;--awb-margin-bottom:10px;--awb-margin-left:5px;--awb-margin-top-small:16px;--awb-margin-right-small:0px;--awb-margin-bottom-small:10px;--awb-margin-left-small:0px;--awb-link-color:var(--awb-color7);--awb-font-size:16px;\"><p class=\"fusion-title-heading title-heading-center title-heading-tag fusion-responsive-typography-calculated\" style=\"margin:0;font-size:1em;--fontSize:16;--minFontSize:16;line-height:1.6;\"><a href=\"https:\/\/www.choral-events.com\/en\/chorales\/ensemble-alize\/\" class=\"awb-custom-text-color awb-custom-text-hover-color\" target=\"_self\">Ensemble Aliz\u00e9<\/a><\/p><\/div><div class=\"fusion-separator\" style=\"align-self: center;margin-left: auto;margin-right: auto;flex-grow:10;margin-top:5px;margin-bottom:10px;width:100%;max-width:70px;\"><div class=\"fusion-separator-border sep-single sep-solid\" style=\"--awb-height:20px;--awb-amount:20px;border-color:var(--awb-color2);border-top-width:1px;\"><\/div><\/div><div class=\"fusion-text fusion-text-85\" style=\"--awb-content-alignment:center;--awb-text-transform:capitalize;--awb-text-color:var(--awb-color4);\"><p>Belgique<\/p>\n<\/div><\/div><\/li>\n<li class=\"fusion-layout-column fusion_builder_column fusion-builder-column-86 fusion-flex-column fusion-animated post-card fusion-grid-column fusion-post-cards-grid-column 2019 france fusion-animated\" style=\"--awb-padding-bottom:5px;--awb-overflow:hidden;--awb-bg-color:var(--awb-color1);--awb-bg-color-hover:var(--awb-custom_color_2);--awb-bg-size:cover;--awb-box-shadow:0px 0px 24px hsla(var(--awb-color7-h),var(--awb-color7-s),var(--awb-color7-l),calc(var(--awb-color7-a) - 40%));;--awb-border-color:var(--awb-color4);--awb-border-color-hover:var(--awb-color7);--awb-border-top:1px;--awb-border-right:1px;--awb-border-bottom:1px;--awb-border-left:1px;--awb-border-style:solid;--awb-border-radius:6px 6px 6px 6px;--awb-flex-grow:0;--awb-flex-shrink:0;--awb-flex-grow-medium:0;--awb-flex-shrink-medium:0;--awb-flex-grow-small:0;--awb-flex-shrink-small:0;\" data-animationType=\"fadeIn\" data-animationDuration=\"1.3\" data-animationOffset=\"top-into-view\"><div class=\"fusion-column-wrapper fusion-column-has-shadow fusion-flex-justify-content-flex-start fusion-content-layout-column\"><div class=\"fusion-image-element \" style=\"--awb-aspect-ratio:16 \/ 9;--awb-margin-bottom:10px;--awb-caption-title-font-family:var(--h2_typography-font-family);--awb-caption-title-font-weight:var(--h2_typography-font-weight);--awb-caption-title-font-style:var(--h2_typography-font-style);--awb-caption-title-size:var(--h2_typography-font-size);--awb-caption-title-transform:var(--h2_typography-text-transform);--awb-caption-title-line-height:var(--h2_typography-line-height);--awb-caption-title-letter-spacing:var(--h2_typography-letter-spacing);\"><span class=\" fusion-imageframe imageframe-none imageframe-85 hover-type-none has-aspect-ratio\"><a class=\"fusion-no-lightbox\" href=\"https:\/\/www.choral-events.com\/en\/chorales\/ensemble-amabile\/\" target=\"_self\" aria-label=\"amabile-1\"><img decoding=\"async\" width=\"550\" height=\"350\" src=\"https:\/\/www.choral-events.com\/wp-content\/uploads\/2026\/03\/amabile-1.jpg\" class=\"img-responsive wp-image-51638 img-with-aspect-ratio\" data-parent-fit=\"cover\" data-parent-container=\".fusion-image-element\" alt srcset=\"https:\/\/www.choral-events.com\/wp-content\/uploads\/2026\/03\/amabile-1-200x127.jpg 200w, https:\/\/www.choral-events.com\/wp-content\/uploads\/2026\/03\/amabile-1-400x255.jpg 400w, https:\/\/www.choral-events.com\/wp-content\/uploads\/2026\/03\/amabile-1.jpg 550w\" sizes=\"(max-width: 1024px) 100vw, (max-width: 640px) 100vw, 550px\" \/><\/a><\/span><\/div><div class=\"fusion-title title fusion-title-87 fusion-sep-none fusion-title-center fusion-title-text fusion-title-size-paragraph\" style=\"--awb-text-color:var(--awb-color7);--awb-margin-top:10px;--awb-margin-right:5px;--awb-margin-bottom:10px;--awb-margin-left:5px;--awb-margin-top-small:16px;--awb-margin-right-small:0px;--awb-margin-bottom-small:10px;--awb-margin-left-small:0px;--awb-link-color:var(--awb-color7);--awb-font-size:16px;\"><p class=\"fusion-title-heading title-heading-center title-heading-tag fusion-responsive-typography-calculated\" style=\"margin:0;font-size:1em;--fontSize:16;--minFontSize:16;line-height:1.6;\"><a href=\"https:\/\/www.choral-events.com\/en\/chorales\/ensemble-amabile\/\" class=\"awb-custom-text-color awb-custom-text-hover-color\" target=\"_self\">Ensemble Amabile<\/a><\/p><\/div><div class=\"fusion-separator\" style=\"align-self: center;margin-left: auto;margin-right: auto;flex-grow:10;margin-top:5px;margin-bottom:10px;width:100%;max-width:70px;\"><div class=\"fusion-separator-border sep-single sep-solid\" style=\"--awb-height:20px;--awb-amount:20px;border-color:var(--awb-color2);border-top-width:1px;\"><\/div><\/div><div class=\"fusion-text fusion-text-86\" style=\"--awb-content-alignment:center;--awb-text-transform:capitalize;--awb-text-color:var(--awb-color4);\"><p>France<\/p>\n<\/div><\/div><\/li>\n<li class=\"fusion-layout-column fusion_builder_column fusion-builder-column-87 fusion-flex-column fusion-animated post-card fusion-grid-column fusion-post-cards-grid-column 2020 france fusion-animated\" style=\"--awb-padding-bottom:5px;--awb-overflow:hidden;--awb-bg-color:var(--awb-color1);--awb-bg-color-hover:var(--awb-custom_color_2);--awb-bg-size:cover;--awb-box-shadow:0px 0px 24px hsla(var(--awb-color7-h),var(--awb-color7-s),var(--awb-color7-l),calc(var(--awb-color7-a) - 40%));;--awb-border-color:var(--awb-color4);--awb-border-color-hover:var(--awb-color7);--awb-border-top:1px;--awb-border-right:1px;--awb-border-bottom:1px;--awb-border-left:1px;--awb-border-style:solid;--awb-border-radius:6px 6px 6px 6px;--awb-flex-grow:0;--awb-flex-shrink:0;--awb-flex-grow-medium:0;--awb-flex-shrink-medium:0;--awb-flex-grow-small:0;--awb-flex-shrink-small:0;\" data-animationType=\"fadeIn\" data-animationDuration=\"1.3\" data-animationOffset=\"top-into-view\"><div class=\"fusion-column-wrapper fusion-column-has-shadow fusion-flex-justify-content-flex-start fusion-content-layout-column\"><div class=\"fusion-image-element \" style=\"--awb-aspect-ratio:16 \/ 9;--awb-margin-bottom:10px;--awb-caption-title-font-family:var(--h2_typography-font-family);--awb-caption-title-font-weight:var(--h2_typography-font-weight);--awb-caption-title-font-style:var(--h2_typography-font-style);--awb-caption-title-size:var(--h2_typography-font-size);--awb-caption-title-transform:var(--h2_typography-text-transform);--awb-caption-title-line-height:var(--h2_typography-line-height);--awb-caption-title-letter-spacing:var(--h2_typography-letter-spacing);\"><span class=\" fusion-imageframe imageframe-none imageframe-86 hover-type-none has-aspect-ratio\"><a class=\"fusion-no-lightbox\" href=\"https:\/\/www.choral-events.com\/en\/chorales\/ensemble-vocal-de-boischaut\/\" target=\"_self\" aria-label=\"Ens-Voc-Boischaut-photo-page-web-2-1\"><img decoding=\"async\" width=\"550\" height=\"350\" src=\"https:\/\/www.choral-events.com\/wp-content\/uploads\/2026\/03\/Ens-Voc-Boischaut-photo-page-web-2-1.png\" class=\"img-responsive wp-image-51850 img-with-aspect-ratio\" data-parent-fit=\"cover\" data-parent-container=\".fusion-image-element\" alt srcset=\"https:\/\/www.choral-events.com\/wp-content\/uploads\/2026\/03\/Ens-Voc-Boischaut-photo-page-web-2-1-200x127.png 200w, https:\/\/www.choral-events.com\/wp-content\/uploads\/2026\/03\/Ens-Voc-Boischaut-photo-page-web-2-1-400x255.png 400w, https:\/\/www.choral-events.com\/wp-content\/uploads\/2026\/03\/Ens-Voc-Boischaut-photo-page-web-2-1.png 550w\" sizes=\"(max-width: 1024px) 100vw, (max-width: 640px) 100vw, 550px\" \/><\/a><\/span><\/div><div class=\"fusion-title title fusion-title-88 fusion-sep-none fusion-title-center fusion-title-text fusion-title-size-paragraph\" style=\"--awb-text-color:var(--awb-color7);--awb-margin-top:10px;--awb-margin-right:5px;--awb-margin-bottom:10px;--awb-margin-left:5px;--awb-margin-top-small:16px;--awb-margin-right-small:0px;--awb-margin-bottom-small:10px;--awb-margin-left-small:0px;--awb-link-color:var(--awb-color7);--awb-font-size:16px;\"><p class=\"fusion-title-heading title-heading-center title-heading-tag fusion-responsive-typography-calculated\" style=\"margin:0;font-size:1em;--fontSize:16;--minFontSize:16;line-height:1.6;\"><a href=\"https:\/\/www.choral-events.com\/en\/chorales\/ensemble-vocal-de-boischaut\/\" class=\"awb-custom-text-color awb-custom-text-hover-color\" target=\"_self\">Ensemble vocal de Boischaut<\/a><\/p><\/div><div class=\"fusion-separator\" style=\"align-self: center;margin-left: auto;margin-right: auto;flex-grow:10;margin-top:5px;margin-bottom:10px;width:100%;max-width:70px;\"><div class=\"fusion-separator-border sep-single sep-solid\" style=\"--awb-height:20px;--awb-amount:20px;border-color:var(--awb-color2);border-top-width:1px;\"><\/div><\/div><div class=\"fusion-text fusion-text-87\" style=\"--awb-content-alignment:center;--awb-text-transform:capitalize;--awb-text-color:var(--awb-color4);\"><p>France<\/p>\n<\/div><\/div><\/li>\n<li class=\"fusion-layout-column fusion_builder_column fusion-builder-column-88 fusion-flex-column fusion-animated post-card fusion-grid-column fusion-post-cards-grid-column 2020 france fusion-animated\" style=\"--awb-padding-bottom:5px;--awb-overflow:hidden;--awb-bg-color:var(--awb-color1);--awb-bg-color-hover:var(--awb-custom_color_2);--awb-bg-size:cover;--awb-box-shadow:0px 0px 24px hsla(var(--awb-color7-h),var(--awb-color7-s),var(--awb-color7-l),calc(var(--awb-color7-a) - 40%));;--awb-border-color:var(--awb-color4);--awb-border-color-hover:var(--awb-color7);--awb-border-top:1px;--awb-border-right:1px;--awb-border-bottom:1px;--awb-border-left:1px;--awb-border-style:solid;--awb-border-radius:6px 6px 6px 6px;--awb-flex-grow:0;--awb-flex-shrink:0;--awb-flex-grow-medium:0;--awb-flex-shrink-medium:0;--awb-flex-grow-small:0;--awb-flex-shrink-small:0;\" data-animationType=\"fadeIn\" data-animationDuration=\"1.3\" data-animationOffset=\"top-into-view\"><div class=\"fusion-column-wrapper fusion-column-has-shadow fusion-flex-justify-content-flex-start fusion-content-layout-column\"><div class=\"fusion-image-element \" style=\"--awb-aspect-ratio:16 \/ 9;--awb-margin-bottom:10px;--awb-caption-title-font-family:var(--h2_typography-font-family);--awb-caption-title-font-weight:var(--h2_typography-font-weight);--awb-caption-title-font-style:var(--h2_typography-font-style);--awb-caption-title-size:var(--h2_typography-font-size);--awb-caption-title-transform:var(--h2_typography-text-transform);--awb-caption-title-line-height:var(--h2_typography-line-height);--awb-caption-title-letter-spacing:var(--h2_typography-letter-spacing);\"><span class=\" fusion-imageframe imageframe-none imageframe-87 hover-type-none has-aspect-ratio\"><a class=\"fusion-no-lightbox\" href=\"https:\/\/www.choral-events.com\/en\/chorales\/ensemble-vocal-ephemere\/\" target=\"_self\" aria-label=\"Ephemeral-photo-page-web-3\"><img decoding=\"async\" width=\"550\" height=\"350\" src=\"https:\/\/www.choral-events.com\/wp-content\/uploads\/2026\/03\/Ephemere-photo-page-web-3.png\" class=\"img-responsive wp-image-51854 img-with-aspect-ratio\" data-parent-fit=\"cover\" data-parent-container=\".fusion-image-element\" alt srcset=\"https:\/\/www.choral-events.com\/wp-content\/uploads\/2026\/03\/Ephemere-photo-page-web-3-200x127.png 200w, https:\/\/www.choral-events.com\/wp-content\/uploads\/2026\/03\/Ephemere-photo-page-web-3-400x255.png 400w, https:\/\/www.choral-events.com\/wp-content\/uploads\/2026\/03\/Ephemere-photo-page-web-3.png 550w\" sizes=\"(max-width: 1024px) 100vw, (max-width: 640px) 100vw, 550px\" \/><\/a><\/span><\/div><div class=\"fusion-title title fusion-title-89 fusion-sep-none fusion-title-center fusion-title-text fusion-title-size-paragraph\" style=\"--awb-text-color:var(--awb-color7);--awb-margin-top:10px;--awb-margin-right:5px;--awb-margin-bottom:10px;--awb-margin-left:5px;--awb-margin-top-small:16px;--awb-margin-right-small:0px;--awb-margin-bottom-small:10px;--awb-margin-left-small:0px;--awb-link-color:var(--awb-color7);--awb-font-size:16px;\"><p class=\"fusion-title-heading title-heading-center title-heading-tag fusion-responsive-typography-calculated\" style=\"margin:0;font-size:1em;--fontSize:16;--minFontSize:16;line-height:1.6;\"><a href=\"https:\/\/www.choral-events.com\/en\/chorales\/ensemble-vocal-ephemere\/\" class=\"awb-custom-text-color awb-custom-text-hover-color\" target=\"_self\">Ensemble vocal Eph\u00e9m\u00e8re<\/a><\/p><\/div><div class=\"fusion-separator\" style=\"align-self: center;margin-left: auto;margin-right: auto;flex-grow:10;margin-top:5px;margin-bottom:10px;width:100%;max-width:70px;\"><div class=\"fusion-separator-border sep-single sep-solid\" style=\"--awb-height:20px;--awb-amount:20px;border-color:var(--awb-color2);border-top-width:1px;\"><\/div><\/div><div class=\"fusion-text fusion-text-88\" style=\"--awb-content-alignment:center;--awb-text-transform:capitalize;--awb-text-color:var(--awb-color4);\"><p>France<\/p>\n<\/div><\/div><\/li>\n<li class=\"fusion-layout-column fusion_builder_column fusion-builder-column-89 fusion-flex-column fusion-animated post-card fusion-grid-column fusion-post-cards-grid-column 2019 quebec fusion-animated\" style=\"--awb-padding-bottom:5px;--awb-overflow:hidden;--awb-bg-color:var(--awb-color1);--awb-bg-color-hover:var(--awb-custom_color_2);--awb-bg-size:cover;--awb-box-shadow:0px 0px 24px hsla(var(--awb-color7-h),var(--awb-color7-s),var(--awb-color7-l),calc(var(--awb-color7-a) - 40%));;--awb-border-color:var(--awb-color4);--awb-border-color-hover:var(--awb-color7);--awb-border-top:1px;--awb-border-right:1px;--awb-border-bottom:1px;--awb-border-left:1px;--awb-border-style:solid;--awb-border-radius:6px 6px 6px 6px;--awb-flex-grow:0;--awb-flex-shrink:0;--awb-flex-grow-medium:0;--awb-flex-shrink-medium:0;--awb-flex-grow-small:0;--awb-flex-shrink-small:0;\" data-animationType=\"fadeIn\" data-animationDuration=\"1.3\" data-animationOffset=\"top-into-view\"><div class=\"fusion-column-wrapper fusion-column-has-shadow fusion-flex-justify-content-flex-start fusion-content-layout-column\"><div class=\"fusion-image-element \" style=\"--awb-aspect-ratio:16 \/ 9;--awb-margin-bottom:10px;--awb-caption-title-font-family:var(--h2_typography-font-family);--awb-caption-title-font-weight:var(--h2_typography-font-weight);--awb-caption-title-font-style:var(--h2_typography-font-style);--awb-caption-title-size:var(--h2_typography-font-size);--awb-caption-title-transform:var(--h2_typography-text-transform);--awb-caption-title-line-height:var(--h2_typography-line-height);--awb-caption-title-letter-spacing:var(--h2_typography-letter-spacing);\"><span class=\" fusion-imageframe imageframe-none imageframe-88 hover-type-none has-aspect-ratio\"><a class=\"fusion-no-lightbox\" href=\"https:\/\/www.choral-events.com\/en\/chorales\/ensemble-vocal-via-voce\/\" target=\"_self\"><img decoding=\"async\" src=\"https:\/\/www.choral-events.eskale.fr\/wp-content\/uploads\/2026\/02\/Chorales-2022.jpg\" class=\"img-responsive img-with-aspect-ratio\" data-parent-fit=\"cover\" data-parent-container=\".fusion-image-element\" alt \/><\/a><\/span><\/div><div class=\"fusion-title title fusion-title-90 fusion-sep-none fusion-title-center fusion-title-text fusion-title-size-paragraph\" style=\"--awb-text-color:var(--awb-color7);--awb-margin-top:10px;--awb-margin-right:5px;--awb-margin-bottom:10px;--awb-margin-left:5px;--awb-margin-top-small:16px;--awb-margin-right-small:0px;--awb-margin-bottom-small:10px;--awb-margin-left-small:0px;--awb-link-color:var(--awb-color7);--awb-font-size:16px;\"><p class=\"fusion-title-heading title-heading-center title-heading-tag fusion-responsive-typography-calculated\" style=\"margin:0;font-size:1em;--fontSize:16;--minFontSize:16;line-height:1.6;\"><a href=\"https:\/\/www.choral-events.com\/en\/chorales\/ensemble-vocal-via-voce\/\" class=\"awb-custom-text-color awb-custom-text-hover-color\" target=\"_self\">Ensemble Vocal Via Voce<\/a><\/p><\/div><div class=\"fusion-separator\" style=\"align-self: center;margin-left: auto;margin-right: auto;flex-grow:10;margin-top:5px;margin-bottom:10px;width:100%;max-width:70px;\"><div class=\"fusion-separator-border sep-single sep-solid\" style=\"--awb-height:20px;--awb-amount:20px;border-color:var(--awb-color2);border-top-width:1px;\"><\/div><\/div><div class=\"fusion-text fusion-text-89\" style=\"--awb-content-alignment:center;--awb-text-transform:capitalize;--awb-text-color:var(--awb-color4);\"><p>Qu\u00e9bec<\/p>\n<\/div><\/div><\/li>\n<li class=\"fusion-layout-column fusion_builder_column fusion-builder-column-90 fusion-flex-column fusion-animated post-card fusion-grid-column fusion-post-cards-grid-column 2026 romania fusion-animated\" style=\"--awb-padding-bottom:5px;--awb-overflow:hidden;--awb-bg-color:var(--awb-color1);--awb-bg-color-hover:var(--awb-custom_color_2);--awb-bg-size:cover;--awb-box-shadow:0px 0px 24px hsla(var(--awb-color7-h),var(--awb-color7-s),var(--awb-color7-l),calc(var(--awb-color7-a) - 40%));;--awb-border-color:var(--awb-color4);--awb-border-color-hover:var(--awb-color7);--awb-border-top:1px;--awb-border-right:1px;--awb-border-bottom:1px;--awb-border-left:1px;--awb-border-style:solid;--awb-border-radius:6px 6px 6px 6px;--awb-flex-grow:0;--awb-flex-shrink:0;--awb-flex-grow-medium:0;--awb-flex-shrink-medium:0;--awb-flex-grow-small:0;--awb-flex-shrink-small:0;\" data-animationType=\"fadeIn\" data-animationDuration=\"1.3\" data-animationOffset=\"top-into-view\"><div class=\"fusion-column-wrapper fusion-column-has-shadow fusion-flex-justify-content-flex-start fusion-content-layout-column\"><div class=\"fusion-image-element \" style=\"--awb-aspect-ratio:16 \/ 9;--awb-margin-bottom:10px;--awb-caption-title-font-family:var(--h2_typography-font-family);--awb-caption-title-font-weight:var(--h2_typography-font-weight);--awb-caption-title-font-style:var(--h2_typography-font-style);--awb-caption-title-size:var(--h2_typography-font-size);--awb-caption-title-transform:var(--h2_typography-text-transform);--awb-caption-title-line-height:var(--h2_typography-line-height);--awb-caption-title-letter-spacing:var(--h2_typography-letter-spacing);\"><span class=\" fusion-imageframe imageframe-none imageframe-89 hover-type-none has-aspect-ratio\"><a class=\"fusion-no-lightbox\" href=\"https:\/\/www.choral-events.com\/en\/chorales\/eufonia-teachers-choir\/\" target=\"_self\" aria-label=\"Euf\u00f3nia Teacher&#8217;s Choir\"><img decoding=\"async\" width=\"1038\" height=\"1600\" src=\"https:\/\/www.choral-events.com\/wp-content\/uploads\/2026\/03\/Eufonia-Teachers-Choir.jpg\" class=\"img-responsive wp-image-52324 img-with-aspect-ratio\" data-parent-fit=\"cover\" data-parent-container=\".fusion-image-element\" alt srcset=\"https:\/\/www.choral-events.com\/wp-content\/uploads\/2026\/03\/Eufonia-Teachers-Choir-200x308.jpg 200w, https:\/\/www.choral-events.com\/wp-content\/uploads\/2026\/03\/Eufonia-Teachers-Choir-400x617.jpg 400w, https:\/\/www.choral-events.com\/wp-content\/uploads\/2026\/03\/Eufonia-Teachers-Choir-600x925.jpg 600w, https:\/\/www.choral-events.com\/wp-content\/uploads\/2026\/03\/Eufonia-Teachers-Choir-800x1233.jpg 800w, https:\/\/www.choral-events.com\/wp-content\/uploads\/2026\/03\/Eufonia-Teachers-Choir.jpg 1038w\" sizes=\"(max-width: 1024px) 100vw, (max-width: 640px) 100vw, 1038px\" \/><\/a><\/span><\/div><div class=\"fusion-title title fusion-title-91 fusion-sep-none fusion-title-center fusion-title-text fusion-title-size-paragraph\" style=\"--awb-text-color:var(--awb-color7);--awb-margin-top:10px;--awb-margin-right:5px;--awb-margin-bottom:10px;--awb-margin-left:5px;--awb-margin-top-small:16px;--awb-margin-right-small:0px;--awb-margin-bottom-small:10px;--awb-margin-left-small:0px;--awb-link-color:var(--awb-color7);--awb-font-size:16px;\"><p class=\"fusion-title-heading title-heading-center title-heading-tag fusion-responsive-typography-calculated\" style=\"margin:0;font-size:1em;--fontSize:16;--minFontSize:16;line-height:1.6;\"><a href=\"https:\/\/www.choral-events.com\/en\/chorales\/eufonia-teachers-choir\/\" class=\"awb-custom-text-color awb-custom-text-hover-color\" target=\"_self\">Euf\u00f3nia Teacher&#8217;s Choir<\/a><\/p><\/div><div class=\"fusion-separator\" style=\"align-self: center;margin-left: auto;margin-right: auto;flex-grow:10;margin-top:5px;margin-bottom:10px;width:100%;max-width:70px;\"><div class=\"fusion-separator-border sep-single sep-solid\" style=\"--awb-height:20px;--awb-amount:20px;border-color:var(--awb-color2);border-top-width:1px;\"><\/div><\/div><div class=\"fusion-text fusion-text-90\" style=\"--awb-content-alignment:center;--awb-text-transform:capitalize;--awb-text-color:var(--awb-color4);\"><p>Romania<\/p>\n<\/div><\/div><\/li>\n<li class=\"fusion-layout-column fusion_builder_column fusion-builder-column-91 fusion-flex-column fusion-animated post-card fusion-grid-column fusion-post-cards-grid-column 2023 england fusion-animated\" style=\"--awb-padding-bottom:5px;--awb-overflow:hidden;--awb-bg-color:var(--awb-color1);--awb-bg-color-hover:var(--awb-custom_color_2);--awb-bg-size:cover;--awb-box-shadow:0px 0px 24px hsla(var(--awb-color7-h),var(--awb-color7-s),var(--awb-color7-l),calc(var(--awb-color7-a) - 40%));;--awb-border-color:var(--awb-color4);--awb-border-color-hover:var(--awb-color7);--awb-border-top:1px;--awb-border-right:1px;--awb-border-bottom:1px;--awb-border-left:1px;--awb-border-style:solid;--awb-border-radius:6px 6px 6px 6px;--awb-flex-grow:0;--awb-flex-shrink:0;--awb-flex-grow-medium:0;--awb-flex-shrink-medium:0;--awb-flex-grow-small:0;--awb-flex-shrink-small:0;\" data-animationType=\"fadeIn\" data-animationDuration=\"1.3\" data-animationOffset=\"top-into-view\"><div class=\"fusion-column-wrapper fusion-column-has-shadow fusion-flex-justify-content-flex-start fusion-content-layout-column\"><div class=\"fusion-image-element \" style=\"--awb-aspect-ratio:16 \/ 9;--awb-margin-bottom:10px;--awb-caption-title-font-family:var(--h2_typography-font-family);--awb-caption-title-font-weight:var(--h2_typography-font-weight);--awb-caption-title-font-style:var(--h2_typography-font-style);--awb-caption-title-size:var(--h2_typography-font-size);--awb-caption-title-transform:var(--h2_typography-text-transform);--awb-caption-title-line-height:var(--h2_typography-line-height);--awb-caption-title-letter-spacing:var(--h2_typography-letter-spacing);\"><span class=\" fusion-imageframe imageframe-none imageframe-90 hover-type-none has-aspect-ratio\"><a class=\"fusion-no-lightbox\" href=\"https:\/\/www.choral-events.com\/en\/chorales\/farnham-youth-choir\/\" target=\"_self\" aria-label=\"1_England &#8211; Farnham Choir &#8211; web page photo\"><img decoding=\"async\" width=\"550\" height=\"350\" src=\"https:\/\/www.choral-events.com\/wp-content\/uploads\/2023\/03\/1_Angleterre-Farnham-Choir-photo-page-web-.jpg\" class=\"img-responsive wp-image-49490 img-with-aspect-ratio\" data-parent-fit=\"cover\" data-parent-container=\".fusion-image-element\" alt srcset=\"https:\/\/www.choral-events.com\/wp-content\/uploads\/2023\/03\/1_Angleterre-Farnham-Choir-photo-page-web--200x127.jpg 200w, https:\/\/www.choral-events.com\/wp-content\/uploads\/2023\/03\/1_Angleterre-Farnham-Choir-photo-page-web--400x255.jpg 400w, https:\/\/www.choral-events.com\/wp-content\/uploads\/2023\/03\/1_Angleterre-Farnham-Choir-photo-page-web-.jpg 550w\" sizes=\"(max-width: 1024px) 100vw, (max-width: 640px) 100vw, 550px\" \/><\/a><\/span><\/div><div class=\"fusion-title title fusion-title-92 fusion-sep-none fusion-title-center fusion-title-text fusion-title-size-paragraph\" style=\"--awb-text-color:var(--awb-color7);--awb-margin-top:10px;--awb-margin-right:5px;--awb-margin-bottom:10px;--awb-margin-left:5px;--awb-margin-top-small:16px;--awb-margin-right-small:0px;--awb-margin-bottom-small:10px;--awb-margin-left-small:0px;--awb-link-color:var(--awb-color7);--awb-font-size:16px;\"><p class=\"fusion-title-heading title-heading-center title-heading-tag fusion-responsive-typography-calculated\" style=\"margin:0;font-size:1em;--fontSize:16;--minFontSize:16;line-height:1.6;\"><a href=\"https:\/\/www.choral-events.com\/en\/chorales\/farnham-youth-choir\/\" class=\"awb-custom-text-color awb-custom-text-hover-color\" target=\"_self\">Farnham Youth Choir<\/a><\/p><\/div><div class=\"fusion-separator\" style=\"align-self: center;margin-left: auto;margin-right: auto;flex-grow:10;margin-top:5px;margin-bottom:10px;width:100%;max-width:70px;\"><div class=\"fusion-separator-border sep-single sep-solid\" style=\"--awb-height:20px;--awb-amount:20px;border-color:var(--awb-color2);border-top-width:1px;\"><\/div><\/div><div class=\"fusion-text fusion-text-91\" style=\"--awb-content-alignment:center;--awb-text-transform:capitalize;--awb-text-color:var(--awb-color4);\"><p>England<\/p>\n<\/div><\/div><\/li>\n<li class=\"fusion-layout-column fusion_builder_column fusion-builder-column-92 fusion-flex-column fusion-animated post-card fusion-grid-column fusion-post-cards-grid-column 2026 serbia fusion-animated\" style=\"--awb-padding-bottom:5px;--awb-overflow:hidden;--awb-bg-color:var(--awb-color1);--awb-bg-color-hover:var(--awb-custom_color_2);--awb-bg-size:cover;--awb-box-shadow:0px 0px 24px hsla(var(--awb-color7-h),var(--awb-color7-s),var(--awb-color7-l),calc(var(--awb-color7-a) - 40%));;--awb-border-color:var(--awb-color4);--awb-border-color-hover:var(--awb-color7);--awb-border-top:1px;--awb-border-right:1px;--awb-border-bottom:1px;--awb-border-left:1px;--awb-border-style:solid;--awb-border-radius:6px 6px 6px 6px;--awb-flex-grow:0;--awb-flex-shrink:0;--awb-flex-grow-medium:0;--awb-flex-shrink-medium:0;--awb-flex-grow-small:0;--awb-flex-shrink-small:0;\" data-animationType=\"fadeIn\" data-animationDuration=\"1.3\" data-animationOffset=\"top-into-view\"><div class=\"fusion-column-wrapper fusion-column-has-shadow fusion-flex-justify-content-flex-start fusion-content-layout-column\"><div class=\"fusion-image-element \" style=\"--awb-aspect-ratio:16 \/ 9;--awb-margin-bottom:10px;--awb-caption-title-font-family:var(--h2_typography-font-family);--awb-caption-title-font-weight:var(--h2_typography-font-weight);--awb-caption-title-font-style:var(--h2_typography-font-style);--awb-caption-title-size:var(--h2_typography-font-size);--awb-caption-title-transform:var(--h2_typography-text-transform);--awb-caption-title-line-height:var(--h2_typography-line-height);--awb-caption-title-letter-spacing:var(--h2_typography-letter-spacing);\"><span class=\" fusion-imageframe imageframe-none imageframe-91 hover-type-none has-aspect-ratio\"><a class=\"fusion-no-lightbox\" href=\"https:\/\/www.choral-events.com\/en\/chorales\/female-academic-choir-of-students-cultural-center-nis\/\" target=\"_self\"><img decoding=\"async\" src=\"https:\/\/www.choral-events.eskale.fr\/wp-content\/uploads\/2026\/02\/Chorales-2022.jpg\" class=\"img-responsive img-with-aspect-ratio\" data-parent-fit=\"cover\" data-parent-container=\".fusion-image-element\" alt \/><\/a><\/span><\/div><div class=\"fusion-title title fusion-title-93 fusion-sep-none fusion-title-center fusion-title-text fusion-title-size-paragraph\" style=\"--awb-text-color:var(--awb-color7);--awb-margin-top:10px;--awb-margin-right:5px;--awb-margin-bottom:10px;--awb-margin-left:5px;--awb-margin-top-small:16px;--awb-margin-right-small:0px;--awb-margin-bottom-small:10px;--awb-margin-left-small:0px;--awb-link-color:var(--awb-color7);--awb-font-size:16px;\"><p class=\"fusion-title-heading title-heading-center title-heading-tag fusion-responsive-typography-calculated\" style=\"margin:0;font-size:1em;--fontSize:16;--minFontSize:16;line-height:1.6;\"><a href=\"https:\/\/www.choral-events.com\/en\/chorales\/female-academic-choir-of-students-cultural-center-nis\/\" class=\"awb-custom-text-color awb-custom-text-hover-color\" target=\"_self\">Female academic choir of Students cultural center Ni\u0161<\/a><\/p><\/div><div class=\"fusion-separator\" style=\"align-self: center;margin-left: auto;margin-right: auto;flex-grow:10;margin-top:5px;margin-bottom:10px;width:100%;max-width:70px;\"><div class=\"fusion-separator-border sep-single sep-solid\" style=\"--awb-height:20px;--awb-amount:20px;border-color:var(--awb-color2);border-top-width:1px;\"><\/div><\/div><div class=\"fusion-text fusion-text-92\" style=\"--awb-content-alignment:center;--awb-text-transform:capitalize;--awb-text-color:var(--awb-color4);\"><\/div><\/div><\/li>\n<li class=\"fusion-layout-column fusion_builder_column fusion-builder-column-93 fusion-flex-column fusion-animated post-card fusion-grid-column fusion-post-cards-grid-column 2023 taiwan fusion-animated\" style=\"--awb-padding-bottom:5px;--awb-overflow:hidden;--awb-bg-color:var(--awb-color1);--awb-bg-color-hover:var(--awb-custom_color_2);--awb-bg-size:cover;--awb-box-shadow:0px 0px 24px hsla(var(--awb-color7-h),var(--awb-color7-s),var(--awb-color7-l),calc(var(--awb-color7-a) - 40%));;--awb-border-color:var(--awb-color4);--awb-border-color-hover:var(--awb-color7);--awb-border-top:1px;--awb-border-right:1px;--awb-border-bottom:1px;--awb-border-left:1px;--awb-border-style:solid;--awb-border-radius:6px 6px 6px 6px;--awb-flex-grow:0;--awb-flex-shrink:0;--awb-flex-grow-medium:0;--awb-flex-shrink-medium:0;--awb-flex-grow-small:0;--awb-flex-shrink-small:0;\" data-animationType=\"fadeIn\" data-animationDuration=\"1.3\" data-animationOffset=\"top-into-view\"><div class=\"fusion-column-wrapper fusion-column-has-shadow fusion-flex-justify-content-flex-start fusion-content-layout-column\"><div class=\"fusion-image-element \" style=\"--awb-aspect-ratio:16 \/ 9;--awb-margin-bottom:10px;--awb-caption-title-font-family:var(--h2_typography-font-family);--awb-caption-title-font-weight:var(--h2_typography-font-weight);--awb-caption-title-font-style:var(--h2_typography-font-style);--awb-caption-title-size:var(--h2_typography-font-size);--awb-caption-title-transform:var(--h2_typography-text-transform);--awb-caption-title-line-height:var(--h2_typography-line-height);--awb-caption-title-letter-spacing:var(--h2_typography-letter-spacing);\"><span class=\" fusion-imageframe imageframe-none imageframe-92 hover-type-none has-aspect-ratio\"><a class=\"fusion-no-lightbox\" href=\"https:\/\/www.choral-events.com\/en\/chorales\/festival-novo-chorus\/\" target=\"_self\" aria-label=\"1_Taiwan_Festival-Novo-photo-page-web\"><img decoding=\"async\" width=\"550\" height=\"350\" src=\"https:\/\/www.choral-events.com\/wp-content\/uploads\/2026\/02\/1_Taiwan_Festival-Novo-photo-page-web.png\" class=\"img-responsive wp-image-49499 img-with-aspect-ratio\" data-parent-fit=\"cover\" data-parent-container=\".fusion-image-element\" alt srcset=\"https:\/\/www.choral-events.com\/wp-content\/uploads\/2026\/02\/1_Taiwan_Festival-Novo-photo-page-web-200x127.png 200w, https:\/\/www.choral-events.com\/wp-content\/uploads\/2026\/02\/1_Taiwan_Festival-Novo-photo-page-web-400x255.png 400w, https:\/\/www.choral-events.com\/wp-content\/uploads\/2026\/02\/1_Taiwan_Festival-Novo-photo-page-web.png 550w\" sizes=\"(max-width: 1024px) 100vw, (max-width: 640px) 100vw, 550px\" \/><\/a><\/span><\/div><div class=\"fusion-title title fusion-title-94 fusion-sep-none fusion-title-center fusion-title-text fusion-title-size-paragraph\" style=\"--awb-text-color:var(--awb-color7);--awb-margin-top:10px;--awb-margin-right:5px;--awb-margin-bottom:10px;--awb-margin-left:5px;--awb-margin-top-small:16px;--awb-margin-right-small:0px;--awb-margin-bottom-small:10px;--awb-margin-left-small:0px;--awb-link-color:var(--awb-color7);--awb-font-size:16px;\"><p class=\"fusion-title-heading title-heading-center title-heading-tag fusion-responsive-typography-calculated\" style=\"margin:0;font-size:1em;--fontSize:16;--minFontSize:16;line-height:1.6;\"><a href=\"https:\/\/www.choral-events.com\/en\/chorales\/festival-novo-chorus\/\" class=\"awb-custom-text-color awb-custom-text-hover-color\" target=\"_self\">Festival Novo Chorus<\/a><\/p><\/div><div class=\"fusion-separator\" style=\"align-self: center;margin-left: auto;margin-right: auto;flex-grow:10;margin-top:5px;margin-bottom:10px;width:100%;max-width:70px;\"><div class=\"fusion-separator-border sep-single sep-solid\" style=\"--awb-height:20px;--awb-amount:20px;border-color:var(--awb-color2);border-top-width:1px;\"><\/div><\/div><div class=\"fusion-text fusion-text-93\" style=\"--awb-content-alignment:center;--awb-text-transform:capitalize;--awb-text-color:var(--awb-color4);\"><p>Taiwan<\/p>\n<\/div><\/div><\/li>\n<li class=\"fusion-layout-column fusion_builder_column fusion-builder-column-94 fusion-flex-column fusion-animated post-card fusion-grid-column fusion-post-cards-grid-column 2026 france fusion-animated\" style=\"--awb-padding-bottom:5px;--awb-overflow:hidden;--awb-bg-color:var(--awb-color1);--awb-bg-color-hover:var(--awb-custom_color_2);--awb-bg-size:cover;--awb-box-shadow:0px 0px 24px hsla(var(--awb-color7-h),var(--awb-color7-s),var(--awb-color7-l),calc(var(--awb-color7-a) - 40%));;--awb-border-color:var(--awb-color4);--awb-border-color-hover:var(--awb-color7);--awb-border-top:1px;--awb-border-right:1px;--awb-border-bottom:1px;--awb-border-left:1px;--awb-border-style:solid;--awb-border-radius:6px 6px 6px 6px;--awb-flex-grow:0;--awb-flex-shrink:0;--awb-flex-grow-medium:0;--awb-flex-shrink-medium:0;--awb-flex-grow-small:0;--awb-flex-shrink-small:0;\" data-animationType=\"fadeIn\" data-animationDuration=\"1.3\" data-animationOffset=\"top-into-view\"><div class=\"fusion-column-wrapper fusion-column-has-shadow fusion-flex-justify-content-flex-start fusion-content-layout-column\"><div class=\"fusion-image-element \" style=\"--awb-aspect-ratio:16 \/ 9;--awb-margin-bottom:10px;--awb-caption-title-font-family:var(--h2_typography-font-family);--awb-caption-title-font-weight:var(--h2_typography-font-weight);--awb-caption-title-font-style:var(--h2_typography-font-style);--awb-caption-title-size:var(--h2_typography-font-size);--awb-caption-title-transform:var(--h2_typography-text-transform);--awb-caption-title-line-height:var(--h2_typography-line-height);--awb-caption-title-letter-spacing:var(--h2_typography-letter-spacing);\"><span class=\" fusion-imageframe imageframe-none imageframe-93 hover-type-none has-aspect-ratio\"><a class=\"fusion-no-lightbox\" href=\"https:\/\/www.choral-events.com\/en\/chorales\/permonik-karvina-mens-chamber-choir-2\/\" target=\"_self\" aria-label=\"withholding\"><img decoding=\"async\" width=\"1536\" height=\"1024\" src=\"https:\/\/www.choral-events.com\/wp-content\/uploads\/2026\/03\/retenue.png\" class=\"img-responsive wp-image-51929 img-with-aspect-ratio\" data-parent-fit=\"cover\" data-parent-container=\".fusion-image-element\" alt srcset=\"https:\/\/www.choral-events.com\/wp-content\/uploads\/2026\/03\/retenue-200x133.png 200w, https:\/\/www.choral-events.com\/wp-content\/uploads\/2026\/03\/retenue-400x267.png 400w, https:\/\/www.choral-events.com\/wp-content\/uploads\/2026\/03\/retenue-600x400.png 600w, https:\/\/www.choral-events.com\/wp-content\/uploads\/2026\/03\/retenue-800x533.png 800w, https:\/\/www.choral-events.com\/wp-content\/uploads\/2026\/03\/retenue-1200x800.png 1200w, https:\/\/www.choral-events.com\/wp-content\/uploads\/2026\/03\/retenue.png 1536w\" sizes=\"(max-width: 1024px) 100vw, (max-width: 640px) 100vw, 1536px\" \/><\/a><\/span><\/div><div class=\"fusion-title title fusion-title-95 fusion-sep-none fusion-title-center fusion-title-text fusion-title-size-paragraph\" style=\"--awb-text-color:var(--awb-color7);--awb-margin-top:10px;--awb-margin-right:5px;--awb-margin-bottom:10px;--awb-margin-left:5px;--awb-margin-top-small:16px;--awb-margin-right-small:0px;--awb-margin-bottom-small:10px;--awb-margin-left-small:0px;--awb-link-color:var(--awb-color7);--awb-font-size:16px;\"><p class=\"fusion-title-heading title-heading-center title-heading-tag fusion-responsive-typography-calculated\" style=\"margin:0;font-size:1em;--fontSize:16;--minFontSize:16;line-height:1.6;\"><a href=\"https:\/\/www.choral-events.com\/en\/chorales\/permonik-karvina-mens-chamber-choir-2\/\" class=\"awb-custom-text-color awb-custom-text-hover-color\" target=\"_self\">Florentina<\/a><\/p><\/div><div class=\"fusion-separator\" style=\"align-self: center;margin-left: auto;margin-right: auto;flex-grow:10;margin-top:5px;margin-bottom:10px;width:100%;max-width:70px;\"><div class=\"fusion-separator-border sep-single sep-solid\" style=\"--awb-height:20px;--awb-amount:20px;border-color:var(--awb-color2);border-top-width:1px;\"><\/div><\/div><div class=\"fusion-text fusion-text-94\" style=\"--awb-content-alignment:center;--awb-text-transform:capitalize;--awb-text-color:var(--awb-color4);\"><p>Czech Republic<\/p>\n<\/div><\/div><\/li>\n<li class=\"fusion-layout-column fusion_builder_column fusion-builder-column-95 fusion-flex-column fusion-animated post-card fusion-grid-column fusion-post-cards-grid-column 2022 netherlands fusion-animated\" style=\"--awb-padding-bottom:5px;--awb-overflow:hidden;--awb-bg-color:var(--awb-color1);--awb-bg-color-hover:var(--awb-custom_color_2);--awb-bg-size:cover;--awb-box-shadow:0px 0px 24px hsla(var(--awb-color7-h),var(--awb-color7-s),var(--awb-color7-l),calc(var(--awb-color7-a) - 40%));;--awb-border-color:var(--awb-color4);--awb-border-color-hover:var(--awb-color7);--awb-border-top:1px;--awb-border-right:1px;--awb-border-bottom:1px;--awb-border-left:1px;--awb-border-style:solid;--awb-border-radius:6px 6px 6px 6px;--awb-flex-grow:0;--awb-flex-shrink:0;--awb-flex-grow-medium:0;--awb-flex-shrink-medium:0;--awb-flex-grow-small:0;--awb-flex-shrink-small:0;\" data-animationType=\"fadeIn\" data-animationDuration=\"1.3\" data-animationOffset=\"top-into-view\"><div class=\"fusion-column-wrapper fusion-column-has-shadow fusion-flex-justify-content-flex-start fusion-content-layout-column\"><div class=\"fusion-image-element \" style=\"--awb-aspect-ratio:16 \/ 9;--awb-margin-bottom:10px;--awb-caption-title-font-family:var(--h2_typography-font-family);--awb-caption-title-font-weight:var(--h2_typography-font-weight);--awb-caption-title-font-style:var(--h2_typography-font-style);--awb-caption-title-size:var(--h2_typography-font-size);--awb-caption-title-transform:var(--h2_typography-text-transform);--awb-caption-title-line-height:var(--h2_typography-line-height);--awb-caption-title-letter-spacing:var(--h2_typography-letter-spacing);\"><span class=\" fusion-imageframe imageframe-none imageframe-94 hover-type-none has-aspect-ratio\"><a class=\"fusion-no-lightbox\" href=\"https:\/\/www.choral-events.com\/en\/chorales\/fonos\/\" target=\"_self\" aria-label=\"FONOS-Netherlands-photo-page-web-\"><img decoding=\"async\" width=\"550\" height=\"350\" src=\"https:\/\/www.choral-events.com\/wp-content\/uploads\/2026\/02\/FONOS-Pays-Bas-photo-page-web-.jpg\" class=\"img-responsive wp-image-51708 img-with-aspect-ratio\" data-parent-fit=\"cover\" data-parent-container=\".fusion-image-element\" alt srcset=\"https:\/\/www.choral-events.com\/wp-content\/uploads\/2026\/02\/FONOS-Pays-Bas-photo-page-web--200x127.jpg 200w, https:\/\/www.choral-events.com\/wp-content\/uploads\/2026\/02\/FONOS-Pays-Bas-photo-page-web--400x255.jpg 400w, https:\/\/www.choral-events.com\/wp-content\/uploads\/2026\/02\/FONOS-Pays-Bas-photo-page-web-.jpg 550w\" sizes=\"(max-width: 1024px) 100vw, (max-width: 640px) 100vw, 550px\" \/><\/a><\/span><\/div><div class=\"fusion-title title fusion-title-96 fusion-sep-none fusion-title-center fusion-title-text fusion-title-size-paragraph\" style=\"--awb-text-color:var(--awb-color7);--awb-margin-top:10px;--awb-margin-right:5px;--awb-margin-bottom:10px;--awb-margin-left:5px;--awb-margin-top-small:16px;--awb-margin-right-small:0px;--awb-margin-bottom-small:10px;--awb-margin-left-small:0px;--awb-link-color:var(--awb-color7);--awb-font-size:16px;\"><p class=\"fusion-title-heading title-heading-center title-heading-tag fusion-responsive-typography-calculated\" style=\"margin:0;font-size:1em;--fontSize:16;--minFontSize:16;line-height:1.6;\"><a href=\"https:\/\/www.choral-events.com\/en\/chorales\/fonos\/\" class=\"awb-custom-text-color awb-custom-text-hover-color\" target=\"_self\">Fonos<\/a><\/p><\/div><div class=\"fusion-separator\" style=\"align-self: center;margin-left: auto;margin-right: auto;flex-grow:10;margin-top:5px;margin-bottom:10px;width:100%;max-width:70px;\"><div class=\"fusion-separator-border sep-single sep-solid\" style=\"--awb-height:20px;--awb-amount:20px;border-color:var(--awb-color2);border-top-width:1px;\"><\/div><\/div><div class=\"fusion-text fusion-text-95\" style=\"--awb-content-alignment:center;--awb-text-transform:capitalize;--awb-text-color:var(--awb-color4);\"><p>Netherlands<\/p>\n<\/div><\/div><\/li>\n<li class=\"fusion-layout-column fusion_builder_column fusion-builder-column-96 fusion-flex-column fusion-animated post-card fusion-grid-column fusion-post-cards-grid-column 2025 luxembourg fusion-animated\" style=\"--awb-padding-bottom:5px;--awb-overflow:hidden;--awb-bg-color:var(--awb-color1);--awb-bg-color-hover:var(--awb-custom_color_2);--awb-bg-size:cover;--awb-box-shadow:0px 0px 24px hsla(var(--awb-color7-h),var(--awb-color7-s),var(--awb-color7-l),calc(var(--awb-color7-a) - 40%));;--awb-border-color:var(--awb-color4);--awb-border-color-hover:var(--awb-color7);--awb-border-top:1px;--awb-border-right:1px;--awb-border-bottom:1px;--awb-border-left:1px;--awb-border-style:solid;--awb-border-radius:6px 6px 6px 6px;--awb-flex-grow:0;--awb-flex-shrink:0;--awb-flex-grow-medium:0;--awb-flex-shrink-medium:0;--awb-flex-grow-small:0;--awb-flex-shrink-small:0;\" data-animationType=\"fadeIn\" data-animationDuration=\"1.3\" data-animationOffset=\"top-into-view\"><div class=\"fusion-column-wrapper fusion-column-has-shadow fusion-flex-justify-content-flex-start fusion-content-layout-column\"><div class=\"fusion-image-element \" style=\"--awb-aspect-ratio:16 \/ 9;--awb-margin-bottom:10px;--awb-caption-title-font-family:var(--h2_typography-font-family);--awb-caption-title-font-weight:var(--h2_typography-font-weight);--awb-caption-title-font-style:var(--h2_typography-font-style);--awb-caption-title-size:var(--h2_typography-font-size);--awb-caption-title-transform:var(--h2_typography-text-transform);--awb-caption-title-line-height:var(--h2_typography-line-height);--awb-caption-title-letter-spacing:var(--h2_typography-letter-spacing);\"><span class=\" fusion-imageframe imageframe-none imageframe-95 hover-type-none has-aspect-ratio\"><a class=\"fusion-no-lightbox\" href=\"https:\/\/www.choral-events.com\/en\/chorales\/friends-of-song\/\" target=\"_self\" aria-label=\"Les Amis du Chant \u2013 Luxembourg\"><img decoding=\"async\" width=\"1920\" height=\"1281\" alt=\"Les Amis du Chant \u2013 Luxembourg\" src=\"https:\/\/www.choral-events.com\/wp-content\/uploads\/2025\/02\/2.webp\" class=\"img-responsive wp-image-49258 img-with-aspect-ratio\" data-parent-fit=\"cover\" data-parent-container=\".fusion-image-element\" srcset=\"https:\/\/www.choral-events.com\/wp-content\/uploads\/2025\/02\/2-200x133.webp 200w, https:\/\/www.choral-events.com\/wp-content\/uploads\/2025\/02\/2-400x267.webp 400w, https:\/\/www.choral-events.com\/wp-content\/uploads\/2025\/02\/2-600x400.webp 600w, https:\/\/www.choral-events.com\/wp-content\/uploads\/2025\/02\/2-800x534.webp 800w, https:\/\/www.choral-events.com\/wp-content\/uploads\/2025\/02\/2-1200x801.webp 1200w, https:\/\/www.choral-events.com\/wp-content\/uploads\/2025\/02\/2.webp 1920w\" sizes=\"(max-width: 1024px) 100vw, (max-width: 640px) 100vw, 1920px\" \/><\/a><\/span><\/div><div class=\"fusion-title title fusion-title-97 fusion-sep-none fusion-title-center fusion-title-text fusion-title-size-paragraph\" style=\"--awb-text-color:var(--awb-color7);--awb-margin-top:10px;--awb-margin-right:5px;--awb-margin-bottom:10px;--awb-margin-left:5px;--awb-margin-top-small:16px;--awb-margin-right-small:0px;--awb-margin-bottom-small:10px;--awb-margin-left-small:0px;--awb-link-color:var(--awb-color7);--awb-font-size:16px;\"><p class=\"fusion-title-heading title-heading-center title-heading-tag fusion-responsive-typography-calculated\" style=\"margin:0;font-size:1em;--fontSize:16;--minFontSize:16;line-height:1.6;\"><a href=\"https:\/\/www.choral-events.com\/en\/chorales\/friends-of-song\/\" class=\"awb-custom-text-color awb-custom-text-hover-color\" target=\"_self\">Friends of Song<\/a><\/p><\/div><div class=\"fusion-separator\" style=\"align-self: center;margin-left: auto;margin-right: auto;flex-grow:10;margin-top:5px;margin-bottom:10px;width:100%;max-width:70px;\"><div class=\"fusion-separator-border sep-single sep-solid\" style=\"--awb-height:20px;--awb-amount:20px;border-color:var(--awb-color2);border-top-width:1px;\"><\/div><\/div><div class=\"fusion-text fusion-text-96\" style=\"--awb-content-alignment:center;--awb-text-transform:capitalize;--awb-text-color:var(--awb-color4);\"><p>Luxembourg<\/p>\n<\/div><\/div><\/li>\n<li class=\"fusion-layout-column fusion_builder_column fusion-builder-column-97 fusion-flex-column fusion-animated post-card fusion-grid-column fusion-post-cards-grid-column 2025 belgium fusion-animated\" style=\"--awb-padding-bottom:5px;--awb-overflow:hidden;--awb-bg-color:var(--awb-color1);--awb-bg-color-hover:var(--awb-custom_color_2);--awb-bg-size:cover;--awb-box-shadow:0px 0px 24px hsla(var(--awb-color7-h),var(--awb-color7-s),var(--awb-color7-l),calc(var(--awb-color7-a) - 40%));;--awb-border-color:var(--awb-color4);--awb-border-color-hover:var(--awb-color7);--awb-border-top:1px;--awb-border-right:1px;--awb-border-bottom:1px;--awb-border-left:1px;--awb-border-style:solid;--awb-border-radius:6px 6px 6px 6px;--awb-flex-grow:0;--awb-flex-shrink:0;--awb-flex-grow-medium:0;--awb-flex-shrink-medium:0;--awb-flex-grow-small:0;--awb-flex-shrink-small:0;\" data-animationType=\"fadeIn\" data-animationDuration=\"1.3\" data-animationOffset=\"top-into-view\"><div class=\"fusion-column-wrapper fusion-column-has-shadow fusion-flex-justify-content-flex-start fusion-content-layout-column\"><div class=\"fusion-image-element \" style=\"--awb-aspect-ratio:16 \/ 9;--awb-margin-bottom:10px;--awb-caption-title-font-family:var(--h2_typography-font-family);--awb-caption-title-font-weight:var(--h2_typography-font-weight);--awb-caption-title-font-style:var(--h2_typography-font-style);--awb-caption-title-size:var(--h2_typography-font-size);--awb-caption-title-transform:var(--h2_typography-text-transform);--awb-caption-title-line-height:var(--h2_typography-line-height);--awb-caption-title-letter-spacing:var(--h2_typography-letter-spacing);\"><span class=\" fusion-imageframe imageframe-none imageframe-96 hover-type-none has-aspect-ratio\"><a class=\"fusion-no-lightbox\" href=\"https:\/\/www.choral-events.com\/en\/chorales\/furiant-chamber-choir\/\" target=\"_self\" aria-label=\"Choirs Europe. Furiant\"><img decoding=\"async\" width=\"2560\" height=\"1707\" alt=\"Singing in a group in a magnificent setting with a choir at an international festival.\" src=\"https:\/\/www.choral-events.com\/wp-content\/uploads\/2025\/01\/Furiant-2024-1-scaled-1.jpg\" class=\"img-responsive wp-image-49346 img-with-aspect-ratio\" data-parent-fit=\"cover\" data-parent-container=\".fusion-image-element\" srcset=\"https:\/\/www.choral-events.com\/wp-content\/uploads\/2025\/01\/Furiant-2024-1-scaled-1-200x133.jpg 200w, https:\/\/www.choral-events.com\/wp-content\/uploads\/2025\/01\/Furiant-2024-1-scaled-1-400x267.jpg 400w, https:\/\/www.choral-events.com\/wp-content\/uploads\/2025\/01\/Furiant-2024-1-scaled-1-600x400.jpg 600w, https:\/\/www.choral-events.com\/wp-content\/uploads\/2025\/01\/Furiant-2024-1-scaled-1-800x533.jpg 800w, https:\/\/www.choral-events.com\/wp-content\/uploads\/2025\/01\/Furiant-2024-1-scaled-1-1200x800.jpg 1200w, https:\/\/www.choral-events.com\/wp-content\/uploads\/2025\/01\/Furiant-2024-1-scaled-1.jpg 2560w\" sizes=\"(max-width: 1024px) 100vw, (max-width: 640px) 100vw, 2560px\" \/><\/a><\/span><\/div><div class=\"fusion-title title fusion-title-98 fusion-sep-none fusion-title-center fusion-title-text fusion-title-size-paragraph\" style=\"--awb-text-color:var(--awb-color7);--awb-margin-top:10px;--awb-margin-right:5px;--awb-margin-bottom:10px;--awb-margin-left:5px;--awb-margin-top-small:16px;--awb-margin-right-small:0px;--awb-margin-bottom-small:10px;--awb-margin-left-small:0px;--awb-link-color:var(--awb-color7);--awb-font-size:16px;\"><p class=\"fusion-title-heading title-heading-center title-heading-tag fusion-responsive-typography-calculated\" style=\"margin:0;font-size:1em;--fontSize:16;--minFontSize:16;line-height:1.6;\"><a href=\"https:\/\/www.choral-events.com\/en\/chorales\/furiant-chamber-choir\/\" class=\"awb-custom-text-color awb-custom-text-hover-color\" target=\"_self\">Furiant Chamber Choir<\/a><\/p><\/div><div class=\"fusion-separator\" style=\"align-self: center;margin-left: auto;margin-right: auto;flex-grow:10;margin-top:5px;margin-bottom:10px;width:100%;max-width:70px;\"><div class=\"fusion-separator-border sep-single sep-solid\" style=\"--awb-height:20px;--awb-amount:20px;border-color:var(--awb-color2);border-top-width:1px;\"><\/div><\/div><div class=\"fusion-text fusion-text-97\" style=\"--awb-content-alignment:center;--awb-text-transform:capitalize;--awb-text-color:var(--awb-color4);\"><p>Belgium<\/p>\n<\/div><\/div><\/li>\n<li class=\"fusion-layout-column fusion_builder_column fusion-builder-column-98 fusion-flex-column fusion-animated post-card fusion-grid-column fusion-post-cards-grid-column 2025 belgium fusion-animated\" style=\"--awb-padding-bottom:5px;--awb-overflow:hidden;--awb-bg-color:var(--awb-color1);--awb-bg-color-hover:var(--awb-custom_color_2);--awb-bg-size:cover;--awb-box-shadow:0px 0px 24px hsla(var(--awb-color7-h),var(--awb-color7-s),var(--awb-color7-l),calc(var(--awb-color7-a) - 40%));;--awb-border-color:var(--awb-color4);--awb-border-color-hover:var(--awb-color7);--awb-border-top:1px;--awb-border-right:1px;--awb-border-bottom:1px;--awb-border-left:1px;--awb-border-style:solid;--awb-border-radius:6px 6px 6px 6px;--awb-flex-grow:0;--awb-flex-shrink:0;--awb-flex-grow-medium:0;--awb-flex-shrink-medium:0;--awb-flex-grow-small:0;--awb-flex-shrink-small:0;\" data-animationType=\"fadeIn\" data-animationDuration=\"1.3\" data-animationOffset=\"top-into-view\"><div class=\"fusion-column-wrapper fusion-column-has-shadow fusion-flex-justify-content-flex-start fusion-content-layout-column\"><div class=\"fusion-image-element \" style=\"--awb-aspect-ratio:16 \/ 9;--awb-margin-bottom:10px;--awb-caption-title-font-family:var(--h2_typography-font-family);--awb-caption-title-font-weight:var(--h2_typography-font-weight);--awb-caption-title-font-style:var(--h2_typography-font-style);--awb-caption-title-size:var(--h2_typography-font-size);--awb-caption-title-transform:var(--h2_typography-text-transform);--awb-caption-title-line-height:var(--h2_typography-line-height);--awb-caption-title-letter-spacing:var(--h2_typography-letter-spacing);\"><span class=\" fusion-imageframe imageframe-none imageframe-97 hover-type-none has-aspect-ratio\"><a class=\"fusion-no-lightbox\" href=\"https:\/\/www.choral-events.com\/en\/chorales\/furiosa-womens-choir\/\" target=\"_self\" aria-label=\"Furiosa Choral Festival. Furiosa\"><img decoding=\"async\" width=\"2560\" height=\"1707\" alt=\"Popular European choir festival.\" src=\"https:\/\/www.choral-events.com\/wp-content\/uploads\/2025\/01\/Furiosa-2024-1-scaled-1.jpg\" class=\"img-responsive wp-image-49324 img-with-aspect-ratio\" data-parent-fit=\"cover\" data-parent-container=\".fusion-image-element\" srcset=\"https:\/\/www.choral-events.com\/wp-content\/uploads\/2025\/01\/Furiosa-2024-1-scaled-1-200x133.jpg 200w, https:\/\/www.choral-events.com\/wp-content\/uploads\/2025\/01\/Furiosa-2024-1-scaled-1-400x267.jpg 400w, https:\/\/www.choral-events.com\/wp-content\/uploads\/2025\/01\/Furiosa-2024-1-scaled-1-600x400.jpg 600w, https:\/\/www.choral-events.com\/wp-content\/uploads\/2025\/01\/Furiosa-2024-1-scaled-1-800x533.jpg 800w, https:\/\/www.choral-events.com\/wp-content\/uploads\/2025\/01\/Furiosa-2024-1-scaled-1-1200x800.jpg 1200w, https:\/\/www.choral-events.com\/wp-content\/uploads\/2025\/01\/Furiosa-2024-1-scaled-1.jpg 2560w\" sizes=\"(max-width: 1024px) 100vw, (max-width: 640px) 100vw, 2560px\" \/><\/a><\/span><\/div><div class=\"fusion-title title fusion-title-99 fusion-sep-none fusion-title-center fusion-title-text fusion-title-size-paragraph\" style=\"--awb-text-color:var(--awb-color7);--awb-margin-top:10px;--awb-margin-right:5px;--awb-margin-bottom:10px;--awb-margin-left:5px;--awb-margin-top-small:16px;--awb-margin-right-small:0px;--awb-margin-bottom-small:10px;--awb-margin-left-small:0px;--awb-link-color:var(--awb-color7);--awb-font-size:16px;\"><p class=\"fusion-title-heading title-heading-center title-heading-tag fusion-responsive-typography-calculated\" style=\"margin:0;font-size:1em;--fontSize:16;--minFontSize:16;line-height:1.6;\"><a href=\"https:\/\/www.choral-events.com\/en\/chorales\/furiosa-womens-choir\/\" class=\"awb-custom-text-color awb-custom-text-hover-color\" target=\"_self\">Furiosa Women&#8217;s Choir<\/a><\/p><\/div><div class=\"fusion-separator\" style=\"align-self: center;margin-left: auto;margin-right: auto;flex-grow:10;margin-top:5px;margin-bottom:10px;width:100%;max-width:70px;\"><div class=\"fusion-separator-border sep-single sep-solid\" style=\"--awb-height:20px;--awb-amount:20px;border-color:var(--awb-color2);border-top-width:1px;\"><\/div><\/div><div class=\"fusion-text fusion-text-98\" style=\"--awb-content-alignment:center;--awb-text-transform:capitalize;--awb-text-color:var(--awb-color4);\"><p>Belgium<\/p>\n<\/div><\/div><\/li>\n<li class=\"fusion-layout-column fusion_builder_column fusion-builder-column-99 fusion-flex-column fusion-animated post-card fusion-grid-column fusion-post-cards-grid-column 2022 spain fusion-animated\" style=\"--awb-padding-bottom:5px;--awb-overflow:hidden;--awb-bg-color:var(--awb-color1);--awb-bg-color-hover:var(--awb-custom_color_2);--awb-bg-size:cover;--awb-box-shadow:0px 0px 24px hsla(var(--awb-color7-h),var(--awb-color7-s),var(--awb-color7-l),calc(var(--awb-color7-a) - 40%));;--awb-border-color:var(--awb-color4);--awb-border-color-hover:var(--awb-color7);--awb-border-top:1px;--awb-border-right:1px;--awb-border-bottom:1px;--awb-border-left:1px;--awb-border-style:solid;--awb-border-radius:6px 6px 6px 6px;--awb-flex-grow:0;--awb-flex-shrink:0;--awb-flex-grow-medium:0;--awb-flex-shrink-medium:0;--awb-flex-grow-small:0;--awb-flex-shrink-small:0;\" data-animationType=\"fadeIn\" data-animationDuration=\"1.3\" data-animationOffset=\"top-into-view\"><div class=\"fusion-column-wrapper fusion-column-has-shadow fusion-flex-justify-content-flex-start fusion-content-layout-column\"><div class=\"fusion-image-element \" style=\"--awb-aspect-ratio:16 \/ 9;--awb-margin-bottom:10px;--awb-caption-title-font-family:var(--h2_typography-font-family);--awb-caption-title-font-weight:var(--h2_typography-font-weight);--awb-caption-title-font-style:var(--h2_typography-font-style);--awb-caption-title-size:var(--h2_typography-font-size);--awb-caption-title-transform:var(--h2_typography-text-transform);--awb-caption-title-line-height:var(--h2_typography-line-height);--awb-caption-title-letter-spacing:var(--h2_typography-letter-spacing);\"><span class=\" fusion-imageframe imageframe-none imageframe-98 hover-type-none has-aspect-ratio\"><a class=\"fusion-no-lightbox\" href=\"https:\/\/www.choral-events.com\/en\/chorales\/ganbara-abesbatza\/\" target=\"_self\" aria-label=\"3_Ganbara-Abesbatza-Spain-photo-page-web-\"><img decoding=\"async\" width=\"550\" height=\"350\" src=\"https:\/\/www.choral-events.com\/wp-content\/uploads\/2026\/02\/3_Ganbara-Abesbatza-Espagne-photo-page-web-.jpg\" class=\"img-responsive wp-image-51712 img-with-aspect-ratio\" data-parent-fit=\"cover\" data-parent-container=\".fusion-image-element\" alt srcset=\"https:\/\/www.choral-events.com\/wp-content\/uploads\/2026\/02\/3_Ganbara-Abesbatza-Espagne-photo-page-web--200x127.jpg 200w, https:\/\/www.choral-events.com\/wp-content\/uploads\/2026\/02\/3_Ganbara-Abesbatza-Espagne-photo-page-web--400x255.jpg 400w, https:\/\/www.choral-events.com\/wp-content\/uploads\/2026\/02\/3_Ganbara-Abesbatza-Espagne-photo-page-web-.jpg 550w\" sizes=\"(max-width: 1024px) 100vw, (max-width: 640px) 100vw, 550px\" \/><\/a><\/span><\/div><div class=\"fusion-title title fusion-title-100 fusion-sep-none fusion-title-center fusion-title-text fusion-title-size-paragraph\" style=\"--awb-text-color:var(--awb-color7);--awb-margin-top:10px;--awb-margin-right:5px;--awb-margin-bottom:10px;--awb-margin-left:5px;--awb-margin-top-small:16px;--awb-margin-right-small:0px;--awb-margin-bottom-small:10px;--awb-margin-left-small:0px;--awb-link-color:var(--awb-color7);--awb-font-size:16px;\"><p class=\"fusion-title-heading title-heading-center title-heading-tag fusion-responsive-typography-calculated\" style=\"margin:0;font-size:1em;--fontSize:16;--minFontSize:16;line-height:1.6;\"><a href=\"https:\/\/www.choral-events.com\/en\/chorales\/ganbara-abesbatza\/\" class=\"awb-custom-text-color awb-custom-text-hover-color\" target=\"_self\">Ganbara Abesbatza<\/a><\/p><\/div><div class=\"fusion-separator\" style=\"align-self: center;margin-left: auto;margin-right: auto;flex-grow:10;margin-top:5px;margin-bottom:10px;width:100%;max-width:70px;\"><div class=\"fusion-separator-border sep-single sep-solid\" style=\"--awb-height:20px;--awb-amount:20px;border-color:var(--awb-color2);border-top-width:1px;\"><\/div><\/div><div class=\"fusion-text fusion-text-99\" style=\"--awb-content-alignment:center;--awb-text-transform:capitalize;--awb-text-color:var(--awb-color4);\"><p>Spain \u2013 Basque Country<\/p>\n<\/div><\/div><\/li>\n<li class=\"fusion-layout-column fusion_builder_column fusion-builder-column-100 fusion-flex-column fusion-animated post-card fusion-grid-column fusion-post-cards-grid-column 2024 poland fusion-animated\" style=\"--awb-padding-bottom:5px;--awb-overflow:hidden;--awb-bg-color:var(--awb-color1);--awb-bg-color-hover:var(--awb-custom_color_2);--awb-bg-size:cover;--awb-box-shadow:0px 0px 24px hsla(var(--awb-color7-h),var(--awb-color7-s),var(--awb-color7-l),calc(var(--awb-color7-a) - 40%));;--awb-border-color:var(--awb-color4);--awb-border-color-hover:var(--awb-color7);--awb-border-top:1px;--awb-border-right:1px;--awb-border-bottom:1px;--awb-border-left:1px;--awb-border-style:solid;--awb-border-radius:6px 6px 6px 6px;--awb-flex-grow:0;--awb-flex-shrink:0;--awb-flex-grow-medium:0;--awb-flex-shrink-medium:0;--awb-flex-grow-small:0;--awb-flex-shrink-small:0;\" data-animationType=\"fadeIn\" data-animationDuration=\"1.3\" data-animationOffset=\"top-into-view\"><div class=\"fusion-column-wrapper fusion-column-has-shadow fusion-flex-justify-content-flex-start fusion-content-layout-column\"><div class=\"fusion-image-element \" style=\"--awb-aspect-ratio:16 \/ 9;--awb-margin-bottom:10px;--awb-caption-title-font-family:var(--h2_typography-font-family);--awb-caption-title-font-weight:var(--h2_typography-font-weight);--awb-caption-title-font-style:var(--h2_typography-font-style);--awb-caption-title-size:var(--h2_typography-font-size);--awb-caption-title-transform:var(--h2_typography-text-transform);--awb-caption-title-line-height:var(--h2_typography-line-height);--awb-caption-title-letter-spacing:var(--h2_typography-letter-spacing);\"><span class=\" fusion-imageframe imageframe-none imageframe-99 hover-type-none has-aspect-ratio\"><a class=\"fusion-no-lightbox\" href=\"https:\/\/www.choral-events.com\/en\/chorales\/garwolin-choir\/\" target=\"_self\" aria-label=\"Poland &#8211; Garwolin &#8211; web page photo (3)\"><img decoding=\"async\" width=\"550\" height=\"350\" alt=\"The Garwolin Choir\" src=\"https:\/\/www.choral-events.com\/wp-content\/uploads\/2023\/03\/Pologne-Garwolin-photo-page-web-3.jpg\" class=\"img-responsive wp-image-49153 img-with-aspect-ratio\" data-parent-fit=\"cover\" data-parent-container=\".fusion-image-element\" srcset=\"https:\/\/www.choral-events.com\/wp-content\/uploads\/2023\/03\/Pologne-Garwolin-photo-page-web-3-200x127.jpg 200w, https:\/\/www.choral-events.com\/wp-content\/uploads\/2023\/03\/Pologne-Garwolin-photo-page-web-3-400x255.jpg 400w, https:\/\/www.choral-events.com\/wp-content\/uploads\/2023\/03\/Pologne-Garwolin-photo-page-web-3.jpg 550w\" sizes=\"(max-width: 1024px) 100vw, (max-width: 640px) 100vw, 550px\" \/><\/a><\/span><\/div><div class=\"fusion-title title fusion-title-101 fusion-sep-none fusion-title-center fusion-title-text fusion-title-size-paragraph\" style=\"--awb-text-color:var(--awb-color7);--awb-margin-top:10px;--awb-margin-right:5px;--awb-margin-bottom:10px;--awb-margin-left:5px;--awb-margin-top-small:16px;--awb-margin-right-small:0px;--awb-margin-bottom-small:10px;--awb-margin-left-small:0px;--awb-link-color:var(--awb-color7);--awb-font-size:16px;\"><p class=\"fusion-title-heading title-heading-center title-heading-tag fusion-responsive-typography-calculated\" style=\"margin:0;font-size:1em;--fontSize:16;--minFontSize:16;line-height:1.6;\"><a href=\"https:\/\/www.choral-events.com\/en\/chorales\/garwolin-choir\/\" class=\"awb-custom-text-color awb-custom-text-hover-color\" target=\"_self\">Garwolin Choir<\/a><\/p><\/div><div class=\"fusion-separator\" style=\"align-self: center;margin-left: auto;margin-right: auto;flex-grow:10;margin-top:5px;margin-bottom:10px;width:100%;max-width:70px;\"><div class=\"fusion-separator-border sep-single sep-solid\" style=\"--awb-height:20px;--awb-amount:20px;border-color:var(--awb-color2);border-top-width:1px;\"><\/div><\/div><div class=\"fusion-text fusion-text-100\" style=\"--awb-content-alignment:center;--awb-text-transform:capitalize;--awb-text-color:var(--awb-color4);\"><p>Poland<\/p>\n<\/div><\/div><\/li>\n<li class=\"fusion-layout-column fusion_builder_column fusion-builder-column-101 fusion-flex-column fusion-animated post-card fusion-grid-column fusion-post-cards-grid-column 2022 poland fusion-animated\" style=\"--awb-padding-bottom:5px;--awb-overflow:hidden;--awb-bg-color:var(--awb-color1);--awb-bg-color-hover:var(--awb-custom_color_2);--awb-bg-size:cover;--awb-box-shadow:0px 0px 24px hsla(var(--awb-color7-h),var(--awb-color7-s),var(--awb-color7-l),calc(var(--awb-color7-a) - 40%));;--awb-border-color:var(--awb-color4);--awb-border-color-hover:var(--awb-color7);--awb-border-top:1px;--awb-border-right:1px;--awb-border-bottom:1px;--awb-border-left:1px;--awb-border-style:solid;--awb-border-radius:6px 6px 6px 6px;--awb-flex-grow:0;--awb-flex-shrink:0;--awb-flex-grow-medium:0;--awb-flex-shrink-medium:0;--awb-flex-grow-small:0;--awb-flex-shrink-small:0;\" data-animationType=\"fadeIn\" data-animationDuration=\"1.3\" data-animationOffset=\"top-into-view\"><div class=\"fusion-column-wrapper fusion-column-has-shadow fusion-flex-justify-content-flex-start fusion-content-layout-column\"><div class=\"fusion-image-element \" style=\"--awb-aspect-ratio:16 \/ 9;--awb-margin-bottom:10px;--awb-caption-title-font-family:var(--h2_typography-font-family);--awb-caption-title-font-weight:var(--h2_typography-font-weight);--awb-caption-title-font-style:var(--h2_typography-font-style);--awb-caption-title-size:var(--h2_typography-font-size);--awb-caption-title-transform:var(--h2_typography-text-transform);--awb-caption-title-line-height:var(--h2_typography-line-height);--awb-caption-title-letter-spacing:var(--h2_typography-letter-spacing);\"><span class=\" fusion-imageframe imageframe-none imageframe-100 hover-type-none has-aspect-ratio\"><a class=\"fusion-no-lightbox\" href=\"https:\/\/www.choral-events.com\/en\/chorales\/choir-of-the-medical-university-of-gdansk\/\" target=\"_self\" aria-label=\"IMG4-550&#215;350\"><img decoding=\"async\" width=\"550\" height=\"350\" src=\"https:\/\/www.choral-events.com\/wp-content\/uploads\/2026\/02\/IMG4-550x350-1.jpg\" class=\"img-responsive wp-image-51659 img-with-aspect-ratio\" data-parent-fit=\"cover\" data-parent-container=\".fusion-image-element\" alt srcset=\"https:\/\/www.choral-events.com\/wp-content\/uploads\/2026\/02\/IMG4-550x350-1-200x127.jpg 200w, https:\/\/www.choral-events.com\/wp-content\/uploads\/2026\/02\/IMG4-550x350-1-400x255.jpg 400w, https:\/\/www.choral-events.com\/wp-content\/uploads\/2026\/02\/IMG4-550x350-1.jpg 550w\" sizes=\"(max-width: 1024px) 100vw, (max-width: 640px) 100vw, 550px\" \/><\/a><\/span><\/div><div class=\"fusion-title title fusion-title-102 fusion-sep-none fusion-title-center fusion-title-text fusion-title-size-paragraph\" style=\"--awb-text-color:var(--awb-color7);--awb-margin-top:10px;--awb-margin-right:5px;--awb-margin-bottom:10px;--awb-margin-left:5px;--awb-margin-top-small:16px;--awb-margin-right-small:0px;--awb-margin-bottom-small:10px;--awb-margin-left-small:0px;--awb-link-color:var(--awb-color7);--awb-font-size:16px;\"><p class=\"fusion-title-heading title-heading-center title-heading-tag fusion-responsive-typography-calculated\" style=\"margin:0;font-size:1em;--fontSize:16;--minFontSize:16;line-height:1.6;\"><a href=\"https:\/\/www.choral-events.com\/en\/chorales\/choir-of-the-medical-university-of-gdansk\/\" class=\"awb-custom-text-color awb-custom-text-hover-color\" target=\"_self\">Gda\u0144sk Medical University Choir<\/a><\/p><\/div><div class=\"fusion-separator\" style=\"align-self: center;margin-left: auto;margin-right: auto;flex-grow:10;margin-top:5px;margin-bottom:10px;width:100%;max-width:70px;\"><div class=\"fusion-separator-border sep-single sep-solid\" style=\"--awb-height:20px;--awb-amount:20px;border-color:var(--awb-color2);border-top-width:1px;\"><\/div><\/div><div class=\"fusion-text fusion-text-101\" style=\"--awb-content-alignment:center;--awb-text-transform:capitalize;--awb-text-color:var(--awb-color4);\"><p>Poland<\/p>\n<\/div><\/div><\/li>\n<li class=\"fusion-layout-column fusion_builder_column fusion-builder-column-102 fusion-flex-column fusion-animated post-card fusion-grid-column fusion-post-cards-grid-column 2024 poland fusion-animated\" style=\"--awb-padding-bottom:5px;--awb-overflow:hidden;--awb-bg-color:var(--awb-color1);--awb-bg-color-hover:var(--awb-custom_color_2);--awb-bg-size:cover;--awb-box-shadow:0px 0px 24px hsla(var(--awb-color7-h),var(--awb-color7-s),var(--awb-color7-l),calc(var(--awb-color7-a) - 40%));;--awb-border-color:var(--awb-color4);--awb-border-color-hover:var(--awb-color7);--awb-border-top:1px;--awb-border-right:1px;--awb-border-bottom:1px;--awb-border-left:1px;--awb-border-style:solid;--awb-border-radius:6px 6px 6px 6px;--awb-flex-grow:0;--awb-flex-shrink:0;--awb-flex-grow-medium:0;--awb-flex-shrink-medium:0;--awb-flex-grow-small:0;--awb-flex-shrink-small:0;\" data-animationType=\"fadeIn\" data-animationDuration=\"1.3\" data-animationOffset=\"top-into-view\"><div class=\"fusion-column-wrapper fusion-column-has-shadow fusion-flex-justify-content-flex-start fusion-content-layout-column\"><div class=\"fusion-image-element \" style=\"--awb-aspect-ratio:16 \/ 9;--awb-margin-bottom:10px;--awb-caption-title-font-family:var(--h2_typography-font-family);--awb-caption-title-font-weight:var(--h2_typography-font-weight);--awb-caption-title-font-style:var(--h2_typography-font-style);--awb-caption-title-size:var(--h2_typography-font-size);--awb-caption-title-transform:var(--h2_typography-text-transform);--awb-caption-title-line-height:var(--h2_typography-line-height);--awb-caption-title-letter-spacing:var(--h2_typography-letter-spacing);\"><span class=\" fusion-imageframe imageframe-none imageframe-101 hover-type-none has-aspect-ratio\"><a class=\"fusion-no-lightbox\" href=\"https:\/\/www.choral-events.com\/en\/chorales\/gdynia-choir\/\" target=\"_self\" aria-label=\"Poland_Gdynia Choir_webpage photos (3)\"><img decoding=\"async\" width=\"550\" height=\"350\" alt=\"Academic Choir of the Maritime University of Gdynia \u2013 Poland\" src=\"https:\/\/www.choral-events.com\/wp-content\/uploads\/2024\/04\/Pologne_Choeur-de-Gdynia_photos-page-web-3.jpg\" class=\"img-responsive wp-image-49231 img-with-aspect-ratio\" data-parent-fit=\"cover\" data-parent-container=\".fusion-image-element\" srcset=\"https:\/\/www.choral-events.com\/wp-content\/uploads\/2024\/04\/Pologne_Choeur-de-Gdynia_photos-page-web-3-200x127.jpg 200w, https:\/\/www.choral-events.com\/wp-content\/uploads\/2024\/04\/Pologne_Choeur-de-Gdynia_photos-page-web-3-400x255.jpg 400w, https:\/\/www.choral-events.com\/wp-content\/uploads\/2024\/04\/Pologne_Choeur-de-Gdynia_photos-page-web-3.jpg 550w\" sizes=\"(max-width: 1024px) 100vw, (max-width: 640px) 100vw, 550px\" \/><\/a><\/span><\/div><div class=\"fusion-title title fusion-title-103 fusion-sep-none fusion-title-center fusion-title-text fusion-title-size-paragraph\" style=\"--awb-text-color:var(--awb-color7);--awb-margin-top:10px;--awb-margin-right:5px;--awb-margin-bottom:10px;--awb-margin-left:5px;--awb-margin-top-small:16px;--awb-margin-right-small:0px;--awb-margin-bottom-small:10px;--awb-margin-left-small:0px;--awb-link-color:var(--awb-color7);--awb-font-size:16px;\"><p class=\"fusion-title-heading title-heading-center title-heading-tag fusion-responsive-typography-calculated\" style=\"margin:0;font-size:1em;--fontSize:16;--minFontSize:16;line-height:1.6;\"><a href=\"https:\/\/www.choral-events.com\/en\/chorales\/gdynia-choir\/\" class=\"awb-custom-text-color awb-custom-text-hover-color\" target=\"_self\">Gdynia Choir<\/a><\/p><\/div><div class=\"fusion-separator\" style=\"align-self: center;margin-left: auto;margin-right: auto;flex-grow:10;margin-top:5px;margin-bottom:10px;width:100%;max-width:70px;\"><div class=\"fusion-separator-border sep-single sep-solid\" style=\"--awb-height:20px;--awb-amount:20px;border-color:var(--awb-color2);border-top-width:1px;\"><\/div><\/div><div class=\"fusion-text fusion-text-102\" style=\"--awb-content-alignment:center;--awb-text-transform:capitalize;--awb-text-color:var(--awb-color4);\"><p>Poland<\/p>\n<\/div><\/div><\/li>\n<li class=\"fusion-layout-column fusion_builder_column fusion-builder-column-103 fusion-flex-column fusion-animated post-card fusion-grid-column fusion-post-cards-grid-column 2024 switzerland fusion-animated\" style=\"--awb-padding-bottom:5px;--awb-overflow:hidden;--awb-bg-color:var(--awb-color1);--awb-bg-color-hover:var(--awb-custom_color_2);--awb-bg-size:cover;--awb-box-shadow:0px 0px 24px hsla(var(--awb-color7-h),var(--awb-color7-s),var(--awb-color7-l),calc(var(--awb-color7-a) - 40%));;--awb-border-color:var(--awb-color4);--awb-border-color-hover:var(--awb-color7);--awb-border-top:1px;--awb-border-right:1px;--awb-border-bottom:1px;--awb-border-left:1px;--awb-border-style:solid;--awb-border-radius:6px 6px 6px 6px;--awb-flex-grow:0;--awb-flex-shrink:0;--awb-flex-grow-medium:0;--awb-flex-shrink-medium:0;--awb-flex-grow-small:0;--awb-flex-shrink-small:0;\" data-animationType=\"fadeIn\" data-animationDuration=\"1.3\" data-animationOffset=\"top-into-view\"><div class=\"fusion-column-wrapper fusion-column-has-shadow fusion-flex-justify-content-flex-start fusion-content-layout-column\"><div class=\"fusion-image-element \" style=\"--awb-aspect-ratio:16 \/ 9;--awb-margin-bottom:10px;--awb-caption-title-font-family:var(--h2_typography-font-family);--awb-caption-title-font-weight:var(--h2_typography-font-weight);--awb-caption-title-font-style:var(--h2_typography-font-style);--awb-caption-title-size:var(--h2_typography-font-size);--awb-caption-title-transform:var(--h2_typography-text-transform);--awb-caption-title-line-height:var(--h2_typography-line-height);--awb-caption-title-letter-spacing:var(--h2_typography-letter-spacing);\"><span class=\" fusion-imageframe imageframe-none imageframe-102 hover-type-none has-aspect-ratio\"><a class=\"fusion-no-lightbox\" href=\"https:\/\/www.choral-events.com\/en\/chorales\/gibloux-mens-choir\/\" target=\"_self\" aria-label=\"Switzerland_Gibloux Choir_photos web page (3)\"><img decoding=\"async\" width=\"550\" height=\"350\" alt=\"Gibloux Men&#039;s Choir\" src=\"https:\/\/www.choral-events.com\/wp-content\/uploads\/2024\/03\/Suisse_Choeur-de-Gibloux_photos-page-web-3.jpg\" class=\"img-responsive wp-image-49252 img-with-aspect-ratio\" data-parent-fit=\"cover\" data-parent-container=\".fusion-image-element\" srcset=\"https:\/\/www.choral-events.com\/wp-content\/uploads\/2024\/03\/Suisse_Choeur-de-Gibloux_photos-page-web-3-200x127.jpg 200w, https:\/\/www.choral-events.com\/wp-content\/uploads\/2024\/03\/Suisse_Choeur-de-Gibloux_photos-page-web-3-400x255.jpg 400w, https:\/\/www.choral-events.com\/wp-content\/uploads\/2024\/03\/Suisse_Choeur-de-Gibloux_photos-page-web-3.jpg 550w\" sizes=\"(max-width: 1024px) 100vw, (max-width: 640px) 100vw, 550px\" \/><\/a><\/span><\/div><div class=\"fusion-title title fusion-title-104 fusion-sep-none fusion-title-center fusion-title-text fusion-title-size-paragraph\" style=\"--awb-text-color:var(--awb-color7);--awb-margin-top:10px;--awb-margin-right:5px;--awb-margin-bottom:10px;--awb-margin-left:5px;--awb-margin-top-small:16px;--awb-margin-right-small:0px;--awb-margin-bottom-small:10px;--awb-margin-left-small:0px;--awb-link-color:var(--awb-color7);--awb-font-size:16px;\"><p class=\"fusion-title-heading title-heading-center title-heading-tag fusion-responsive-typography-calculated\" style=\"margin:0;font-size:1em;--fontSize:16;--minFontSize:16;line-height:1.6;\"><a href=\"https:\/\/www.choral-events.com\/en\/chorales\/gibloux-mens-choir\/\" class=\"awb-custom-text-color awb-custom-text-hover-color\" target=\"_self\">Gibloux Men&#8217;s Choir<\/a><\/p><\/div><div class=\"fusion-separator\" style=\"align-self: center;margin-left: auto;margin-right: auto;flex-grow:10;margin-top:5px;margin-bottom:10px;width:100%;max-width:70px;\"><div class=\"fusion-separator-border sep-single sep-solid\" style=\"--awb-height:20px;--awb-amount:20px;border-color:var(--awb-color2);border-top-width:1px;\"><\/div><\/div><div class=\"fusion-text fusion-text-103\" style=\"--awb-content-alignment:center;--awb-text-transform:capitalize;--awb-text-color:var(--awb-color4);\"><p>Switzerland<\/p>\n<\/div><\/div><\/li>\n<li class=\"fusion-layout-column fusion_builder_column fusion-builder-column-104 fusion-flex-column fusion-animated post-card fusion-grid-column fusion-post-cards-grid-column 2024 poland fusion-animated\" style=\"--awb-padding-bottom:5px;--awb-overflow:hidden;--awb-bg-color:var(--awb-color1);--awb-bg-color-hover:var(--awb-custom_color_2);--awb-bg-size:cover;--awb-box-shadow:0px 0px 24px hsla(var(--awb-color7-h),var(--awb-color7-s),var(--awb-color7-l),calc(var(--awb-color7-a) - 40%));;--awb-border-color:var(--awb-color4);--awb-border-color-hover:var(--awb-color7);--awb-border-top:1px;--awb-border-right:1px;--awb-border-bottom:1px;--awb-border-left:1px;--awb-border-style:solid;--awb-border-radius:6px 6px 6px 6px;--awb-flex-grow:0;--awb-flex-shrink:0;--awb-flex-grow-medium:0;--awb-flex-shrink-medium:0;--awb-flex-grow-small:0;--awb-flex-shrink-small:0;\" data-animationType=\"fadeIn\" data-animationDuration=\"1.3\" data-animationOffset=\"top-into-view\"><div class=\"fusion-column-wrapper fusion-column-has-shadow fusion-flex-justify-content-flex-start fusion-content-layout-column\"><div class=\"fusion-image-element \" style=\"--awb-aspect-ratio:16 \/ 9;--awb-margin-bottom:10px;--awb-caption-title-font-family:var(--h2_typography-font-family);--awb-caption-title-font-weight:var(--h2_typography-font-weight);--awb-caption-title-font-style:var(--h2_typography-font-style);--awb-caption-title-size:var(--h2_typography-font-size);--awb-caption-title-transform:var(--h2_typography-text-transform);--awb-caption-title-line-height:var(--h2_typography-line-height);--awb-caption-title-letter-spacing:var(--h2_typography-letter-spacing);\"><span class=\" fusion-imageframe imageframe-none imageframe-103 hover-type-none has-aspect-ratio\"><a class=\"fusion-no-lightbox\" href=\"https:\/\/www.choral-events.com\/en\/chorales\/girls-choir-puellae-orantes\/\" target=\"_self\" aria-label=\"Poland_Puellae Orantes__web page photo\"><img decoding=\"async\" width=\"550\" height=\"350\" src=\"https:\/\/www.choral-events.com\/wp-content\/uploads\/2024\/02\/Pologne_Puellae-Orantes__photo-page-web.png\" class=\"img-responsive wp-image-50026 img-with-aspect-ratio\" data-parent-fit=\"cover\" data-parent-container=\".fusion-image-element\" alt srcset=\"https:\/\/www.choral-events.com\/wp-content\/uploads\/2024\/02\/Pologne_Puellae-Orantes__photo-page-web-200x127.png 200w, https:\/\/www.choral-events.com\/wp-content\/uploads\/2024\/02\/Pologne_Puellae-Orantes__photo-page-web-400x255.png 400w, https:\/\/www.choral-events.com\/wp-content\/uploads\/2024\/02\/Pologne_Puellae-Orantes__photo-page-web.png 550w\" sizes=\"(max-width: 1024px) 100vw, (max-width: 640px) 100vw, 550px\" \/><\/a><\/span><\/div><div class=\"fusion-title title fusion-title-105 fusion-sep-none fusion-title-center fusion-title-text fusion-title-size-paragraph\" style=\"--awb-text-color:var(--awb-color7);--awb-margin-top:10px;--awb-margin-right:5px;--awb-margin-bottom:10px;--awb-margin-left:5px;--awb-margin-top-small:16px;--awb-margin-right-small:0px;--awb-margin-bottom-small:10px;--awb-margin-left-small:0px;--awb-link-color:var(--awb-color7);--awb-font-size:16px;\"><p class=\"fusion-title-heading title-heading-center title-heading-tag fusion-responsive-typography-calculated\" style=\"margin:0;font-size:1em;--fontSize:16;--minFontSize:16;line-height:1.6;\"><a href=\"https:\/\/www.choral-events.com\/en\/chorales\/girls-choir-puellae-orantes\/\" class=\"awb-custom-text-color awb-custom-text-hover-color\" target=\"_self\">Girl\u2019s Choir Puellae Orantes<\/a><\/p><\/div><div class=\"fusion-separator\" style=\"align-self: center;margin-left: auto;margin-right: auto;flex-grow:10;margin-top:5px;margin-bottom:10px;width:100%;max-width:70px;\"><div class=\"fusion-separator-border sep-single sep-solid\" style=\"--awb-height:20px;--awb-amount:20px;border-color:var(--awb-color2);border-top-width:1px;\"><\/div><\/div><div class=\"fusion-text fusion-text-104\" style=\"--awb-content-alignment:center;--awb-text-transform:capitalize;--awb-text-color:var(--awb-color4);\"><p>Poland<\/p>\n<\/div><\/div><\/li>\n<li class=\"fusion-layout-column fusion_builder_column fusion-builder-column-105 fusion-flex-column fusion-animated post-card fusion-grid-column fusion-post-cards-grid-column 2024 estonia fusion-animated\" style=\"--awb-padding-bottom:5px;--awb-overflow:hidden;--awb-bg-color:var(--awb-color1);--awb-bg-color-hover:var(--awb-custom_color_2);--awb-bg-size:cover;--awb-box-shadow:0px 0px 24px hsla(var(--awb-color7-h),var(--awb-color7-s),var(--awb-color7-l),calc(var(--awb-color7-a) - 40%));;--awb-border-color:var(--awb-color4);--awb-border-color-hover:var(--awb-color7);--awb-border-top:1px;--awb-border-right:1px;--awb-border-bottom:1px;--awb-border-left:1px;--awb-border-style:solid;--awb-border-radius:6px 6px 6px 6px;--awb-flex-grow:0;--awb-flex-shrink:0;--awb-flex-grow-medium:0;--awb-flex-shrink-medium:0;--awb-flex-grow-small:0;--awb-flex-shrink-small:0;\" data-animationType=\"fadeIn\" data-animationDuration=\"1.3\" data-animationOffset=\"top-into-view\"><div class=\"fusion-column-wrapper fusion-column-has-shadow fusion-flex-justify-content-flex-start fusion-content-layout-column\"><div class=\"fusion-image-element \" style=\"--awb-aspect-ratio:16 \/ 9;--awb-margin-bottom:10px;--awb-caption-title-font-family:var(--h2_typography-font-family);--awb-caption-title-font-weight:var(--h2_typography-font-weight);--awb-caption-title-font-style:var(--h2_typography-font-style);--awb-caption-title-size:var(--h2_typography-font-size);--awb-caption-title-transform:var(--h2_typography-text-transform);--awb-caption-title-line-height:var(--h2_typography-line-height);--awb-caption-title-letter-spacing:var(--h2_typography-letter-spacing);\"><span class=\" fusion-imageframe imageframe-none imageframe-104 hover-type-none has-aspect-ratio\"><a class=\"fusion-no-lightbox\" href=\"https:\/\/www.choral-events.com\/en\/chorales\/girls-choir-of-musamari\/\" target=\"_self\" aria-label=\"Estonia_Musamari_web page photo\"><img decoding=\"async\" width=\"550\" height=\"350\" alt=\"Musamari Choral School Girls&#039; Choir\" src=\"https:\/\/www.choral-events.com\/wp-content\/uploads\/2024\/01\/Estonie_Musarami-_photo-page-web.png\" class=\"img-responsive wp-image-50040 img-with-aspect-ratio\" data-parent-fit=\"cover\" data-parent-container=\".fusion-image-element\" srcset=\"https:\/\/www.choral-events.com\/wp-content\/uploads\/2024\/01\/Estonie_Musarami-_photo-page-web-200x127.png 200w, https:\/\/www.choral-events.com\/wp-content\/uploads\/2024\/01\/Estonie_Musarami-_photo-page-web-400x255.png 400w, https:\/\/www.choral-events.com\/wp-content\/uploads\/2024\/01\/Estonie_Musarami-_photo-page-web.png 550w\" sizes=\"(max-width: 1024px) 100vw, (max-width: 640px) 100vw, 550px\" \/><\/a><\/span><\/div><div class=\"fusion-title title fusion-title-106 fusion-sep-none fusion-title-center fusion-title-text fusion-title-size-paragraph\" style=\"--awb-text-color:var(--awb-color7);--awb-margin-top:10px;--awb-margin-right:5px;--awb-margin-bottom:10px;--awb-margin-left:5px;--awb-margin-top-small:16px;--awb-margin-right-small:0px;--awb-margin-bottom-small:10px;--awb-margin-left-small:0px;--awb-link-color:var(--awb-color7);--awb-font-size:16px;\"><p class=\"fusion-title-heading title-heading-center title-heading-tag fusion-responsive-typography-calculated\" style=\"margin:0;font-size:1em;--fontSize:16;--minFontSize:16;line-height:1.6;\"><a href=\"https:\/\/www.choral-events.com\/en\/chorales\/girls-choir-of-musamari\/\" class=\"awb-custom-text-color awb-custom-text-hover-color\" target=\"_self\">Girls Choir of Musamari<\/a><\/p><\/div><div class=\"fusion-separator\" style=\"align-self: center;margin-left: auto;margin-right: auto;flex-grow:10;margin-top:5px;margin-bottom:10px;width:100%;max-width:70px;\"><div class=\"fusion-separator-border sep-single sep-solid\" style=\"--awb-height:20px;--awb-amount:20px;border-color:var(--awb-color2);border-top-width:1px;\"><\/div><\/div><div class=\"fusion-text fusion-text-105\" style=\"--awb-content-alignment:center;--awb-text-transform:capitalize;--awb-text-color:var(--awb-color4);\"><p>Estonia<\/p>\n<\/div><\/div><\/li>\n<li class=\"fusion-layout-column fusion_builder_column fusion-builder-column-106 fusion-flex-column fusion-animated post-card fusion-grid-column fusion-post-cards-grid-column 2023 indonesia fusion-animated\" style=\"--awb-padding-bottom:5px;--awb-overflow:hidden;--awb-bg-color:var(--awb-color1);--awb-bg-color-hover:var(--awb-custom_color_2);--awb-bg-size:cover;--awb-box-shadow:0px 0px 24px hsla(var(--awb-color7-h),var(--awb-color7-s),var(--awb-color7-l),calc(var(--awb-color7-a) - 40%));;--awb-border-color:var(--awb-color4);--awb-border-color-hover:var(--awb-color7);--awb-border-top:1px;--awb-border-right:1px;--awb-border-bottom:1px;--awb-border-left:1px;--awb-border-style:solid;--awb-border-radius:6px 6px 6px 6px;--awb-flex-grow:0;--awb-flex-shrink:0;--awb-flex-grow-medium:0;--awb-flex-shrink-medium:0;--awb-flex-grow-small:0;--awb-flex-shrink-small:0;\" data-animationType=\"fadeIn\" data-animationDuration=\"1.3\" data-animationOffset=\"top-into-view\"><div class=\"fusion-column-wrapper fusion-column-has-shadow fusion-flex-justify-content-flex-start fusion-content-layout-column\"><div class=\"fusion-image-element \" style=\"--awb-aspect-ratio:16 \/ 9;--awb-margin-bottom:10px;--awb-caption-title-font-family:var(--h2_typography-font-family);--awb-caption-title-font-weight:var(--h2_typography-font-weight);--awb-caption-title-font-style:var(--h2_typography-font-style);--awb-caption-title-size:var(--h2_typography-font-size);--awb-caption-title-transform:var(--h2_typography-text-transform);--awb-caption-title-line-height:var(--h2_typography-line-height);--awb-caption-title-letter-spacing:var(--h2_typography-letter-spacing);\"><span class=\" fusion-imageframe imageframe-none imageframe-105 hover-type-none has-aspect-ratio\"><a class=\"fusion-no-lightbox\" href=\"https:\/\/www.choral-events.com\/en\/chorales\/gmim-north-sulawesi-choir\/\" target=\"_self\" aria-label=\"2-Indonesia &#8211; GMIM Choir &#8211; web page photo\"><img decoding=\"async\" width=\"550\" height=\"350\" src=\"https:\/\/www.choral-events.com\/wp-content\/uploads\/2023\/03\/2-Indonesie-Choeur-GMIM-photo-page-web.png\" class=\"img-responsive wp-image-49777 img-with-aspect-ratio\" data-parent-fit=\"cover\" data-parent-container=\".fusion-image-element\" alt srcset=\"https:\/\/www.choral-events.com\/wp-content\/uploads\/2023\/03\/2-Indonesie-Choeur-GMIM-photo-page-web-200x127.png 200w, https:\/\/www.choral-events.com\/wp-content\/uploads\/2023\/03\/2-Indonesie-Choeur-GMIM-photo-page-web-400x255.png 400w, https:\/\/www.choral-events.com\/wp-content\/uploads\/2023\/03\/2-Indonesie-Choeur-GMIM-photo-page-web.png 550w\" sizes=\"(max-width: 1024px) 100vw, (max-width: 640px) 100vw, 550px\" \/><\/a><\/span><\/div><div class=\"fusion-title title fusion-title-107 fusion-sep-none fusion-title-center fusion-title-text fusion-title-size-paragraph\" style=\"--awb-text-color:var(--awb-color7);--awb-margin-top:10px;--awb-margin-right:5px;--awb-margin-bottom:10px;--awb-margin-left:5px;--awb-margin-top-small:16px;--awb-margin-right-small:0px;--awb-margin-bottom-small:10px;--awb-margin-left-small:0px;--awb-link-color:var(--awb-color7);--awb-font-size:16px;\"><p class=\"fusion-title-heading title-heading-center title-heading-tag fusion-responsive-typography-calculated\" style=\"margin:0;font-size:1em;--fontSize:16;--minFontSize:16;line-height:1.6;\"><a href=\"https:\/\/www.choral-events.com\/en\/chorales\/gmim-north-sulawesi-choir\/\" class=\"awb-custom-text-color awb-custom-text-hover-color\" target=\"_self\">GMIM North Sulawesi Choir<\/a><\/p><\/div><div class=\"fusion-separator\" style=\"align-self: center;margin-left: auto;margin-right: auto;flex-grow:10;margin-top:5px;margin-bottom:10px;width:100%;max-width:70px;\"><div class=\"fusion-separator-border sep-single sep-solid\" style=\"--awb-height:20px;--awb-amount:20px;border-color:var(--awb-color2);border-top-width:1px;\"><\/div><\/div><div class=\"fusion-text fusion-text-106\" style=\"--awb-content-alignment:center;--awb-text-transform:capitalize;--awb-text-color:var(--awb-color4);\"><p>Indonesia<\/p>\n<\/div><\/div><\/li>\n<li class=\"fusion-layout-column fusion_builder_column fusion-builder-column-107 fusion-flex-column fusion-animated post-card fusion-grid-column fusion-post-cards-grid-column 2019 france fusion-animated\" style=\"--awb-padding-bottom:5px;--awb-overflow:hidden;--awb-bg-color:var(--awb-color1);--awb-bg-color-hover:var(--awb-custom_color_2);--awb-bg-size:cover;--awb-box-shadow:0px 0px 24px hsla(var(--awb-color7-h),var(--awb-color7-s),var(--awb-color7-l),calc(var(--awb-color7-a) - 40%));;--awb-border-color:var(--awb-color4);--awb-border-color-hover:var(--awb-color7);--awb-border-top:1px;--awb-border-right:1px;--awb-border-bottom:1px;--awb-border-left:1px;--awb-border-style:solid;--awb-border-radius:6px 6px 6px 6px;--awb-flex-grow:0;--awb-flex-shrink:0;--awb-flex-grow-medium:0;--awb-flex-shrink-medium:0;--awb-flex-grow-small:0;--awb-flex-shrink-small:0;\" data-animationType=\"fadeIn\" data-animationDuration=\"1.3\" data-animationOffset=\"top-into-view\"><div class=\"fusion-column-wrapper fusion-column-has-shadow fusion-flex-justify-content-flex-start fusion-content-layout-column\"><div class=\"fusion-image-element \" style=\"--awb-aspect-ratio:16 \/ 9;--awb-margin-bottom:10px;--awb-caption-title-font-family:var(--h2_typography-font-family);--awb-caption-title-font-weight:var(--h2_typography-font-weight);--awb-caption-title-font-style:var(--h2_typography-font-style);--awb-caption-title-size:var(--h2_typography-font-size);--awb-caption-title-transform:var(--h2_typography-text-transform);--awb-caption-title-line-height:var(--h2_typography-line-height);--awb-caption-title-letter-spacing:var(--h2_typography-letter-spacing);\"><span class=\" fusion-imageframe imageframe-none imageframe-106 hover-type-none has-aspect-ratio\"><a class=\"fusion-no-lightbox\" href=\"https:\/\/www.choral-events.com\/en\/chorales\/groupe-vocal-oxygene\/\" target=\"_self\"><img decoding=\"async\" src=\"https:\/\/www.choral-events.eskale.fr\/wp-content\/uploads\/2026\/02\/Chorales-2022.jpg\" class=\"img-responsive img-with-aspect-ratio\" data-parent-fit=\"cover\" data-parent-container=\".fusion-image-element\" alt \/><\/a><\/span><\/div><div class=\"fusion-title title fusion-title-108 fusion-sep-none fusion-title-center fusion-title-text fusion-title-size-paragraph\" style=\"--awb-text-color:var(--awb-color7);--awb-margin-top:10px;--awb-margin-right:5px;--awb-margin-bottom:10px;--awb-margin-left:5px;--awb-margin-top-small:16px;--awb-margin-right-small:0px;--awb-margin-bottom-small:10px;--awb-margin-left-small:0px;--awb-link-color:var(--awb-color7);--awb-font-size:16px;\"><p class=\"fusion-title-heading title-heading-center title-heading-tag fusion-responsive-typography-calculated\" style=\"margin:0;font-size:1em;--fontSize:16;--minFontSize:16;line-height:1.6;\"><a href=\"https:\/\/www.choral-events.com\/en\/chorales\/groupe-vocal-oxygene\/\" class=\"awb-custom-text-color awb-custom-text-hover-color\" target=\"_self\">Groupe Vocal Oxyg\u00e8ne<\/a><\/p><\/div><div class=\"fusion-separator\" style=\"align-self: center;margin-left: auto;margin-right: auto;flex-grow:10;margin-top:5px;margin-bottom:10px;width:100%;max-width:70px;\"><div class=\"fusion-separator-border sep-single sep-solid\" style=\"--awb-height:20px;--awb-amount:20px;border-color:var(--awb-color2);border-top-width:1px;\"><\/div><\/div><div class=\"fusion-text fusion-text-107\" style=\"--awb-content-alignment:center;--awb-text-transform:capitalize;--awb-text-color:var(--awb-color4);\"><p>France<\/p>\n<\/div><\/div><\/li>\n<li class=\"fusion-layout-column fusion_builder_column fusion-builder-column-108 fusion-flex-column fusion-animated post-card fusion-grid-column fusion-post-cards-grid-column 2023 china fusion-animated\" style=\"--awb-padding-bottom:5px;--awb-overflow:hidden;--awb-bg-color:var(--awb-color1);--awb-bg-color-hover:var(--awb-custom_color_2);--awb-bg-size:cover;--awb-box-shadow:0px 0px 24px hsla(var(--awb-color7-h),var(--awb-color7-s),var(--awb-color7-l),calc(var(--awb-color7-a) - 40%));;--awb-border-color:var(--awb-color4);--awb-border-color-hover:var(--awb-color7);--awb-border-top:1px;--awb-border-right:1px;--awb-border-bottom:1px;--awb-border-left:1px;--awb-border-style:solid;--awb-border-radius:6px 6px 6px 6px;--awb-flex-grow:0;--awb-flex-shrink:0;--awb-flex-grow-medium:0;--awb-flex-shrink-medium:0;--awb-flex-grow-small:0;--awb-flex-shrink-small:0;\" data-animationType=\"fadeIn\" data-animationDuration=\"1.3\" data-animationOffset=\"top-into-view\"><div class=\"fusion-column-wrapper fusion-column-has-shadow fusion-flex-justify-content-flex-start fusion-content-layout-column\"><div class=\"fusion-image-element \" style=\"--awb-aspect-ratio:16 \/ 9;--awb-margin-bottom:10px;--awb-caption-title-font-family:var(--h2_typography-font-family);--awb-caption-title-font-weight:var(--h2_typography-font-weight);--awb-caption-title-font-style:var(--h2_typography-font-style);--awb-caption-title-size:var(--h2_typography-font-size);--awb-caption-title-transform:var(--h2_typography-text-transform);--awb-caption-title-line-height:var(--h2_typography-line-height);--awb-caption-title-letter-spacing:var(--h2_typography-letter-spacing);\"><span class=\" fusion-imageframe imageframe-none imageframe-107 hover-type-none has-aspect-ratio\"><a class=\"fusion-no-lightbox\" href=\"https:\/\/www.choral-events.com\/en\/chorales\/hangzhou-aiyue-tianshi-choir\/\" target=\"_self\" aria-label=\"Hangzhou-Aiyue-Tianshi-Choir-photo-web-page-1\"><img decoding=\"async\" width=\"550\" height=\"350\" src=\"https:\/\/www.choral-events.com\/wp-content\/uploads\/2026\/02\/Hangzhou-Aiyue-Tianshi-Choir-photo-page-web-1.png\" class=\"img-responsive wp-image-49529 img-with-aspect-ratio\" data-parent-fit=\"cover\" data-parent-container=\".fusion-image-element\" alt srcset=\"https:\/\/www.choral-events.com\/wp-content\/uploads\/2026\/02\/Hangzhou-Aiyue-Tianshi-Choir-photo-page-web-1-200x127.png 200w, https:\/\/www.choral-events.com\/wp-content\/uploads\/2026\/02\/Hangzhou-Aiyue-Tianshi-Choir-photo-page-web-1-400x255.png 400w, https:\/\/www.choral-events.com\/wp-content\/uploads\/2026\/02\/Hangzhou-Aiyue-Tianshi-Choir-photo-page-web-1.png 550w\" sizes=\"(max-width: 1024px) 100vw, (max-width: 640px) 100vw, 550px\" \/><\/a><\/span><\/div><div class=\"fusion-title title fusion-title-109 fusion-sep-none fusion-title-center fusion-title-text fusion-title-size-paragraph\" style=\"--awb-text-color:var(--awb-color7);--awb-margin-top:10px;--awb-margin-right:5px;--awb-margin-bottom:10px;--awb-margin-left:5px;--awb-margin-top-small:16px;--awb-margin-right-small:0px;--awb-margin-bottom-small:10px;--awb-margin-left-small:0px;--awb-link-color:var(--awb-color7);--awb-font-size:16px;\"><p class=\"fusion-title-heading title-heading-center title-heading-tag fusion-responsive-typography-calculated\" style=\"margin:0;font-size:1em;--fontSize:16;--minFontSize:16;line-height:1.6;\"><a href=\"https:\/\/www.choral-events.com\/en\/chorales\/hangzhou-aiyue-tianshi-choir\/\" class=\"awb-custom-text-color awb-custom-text-hover-color\" target=\"_self\">Hangzhou Aiyue Tianshi Choir<\/a><\/p><\/div><div class=\"fusion-separator\" style=\"align-self: center;margin-left: auto;margin-right: auto;flex-grow:10;margin-top:5px;margin-bottom:10px;width:100%;max-width:70px;\"><div class=\"fusion-separator-border sep-single sep-solid\" style=\"--awb-height:20px;--awb-amount:20px;border-color:var(--awb-color2);border-top-width:1px;\"><\/div><\/div><div class=\"fusion-text fusion-text-108\" style=\"--awb-content-alignment:center;--awb-text-transform:capitalize;--awb-text-color:var(--awb-color4);\"><p>China<\/p>\n<\/div><\/div><\/li>\n<li class=\"fusion-layout-column fusion_builder_column fusion-builder-column-109 fusion-flex-column fusion-animated post-card fusion-grid-column fusion-post-cards-grid-column 2022 france fusion-animated\" style=\"--awb-padding-bottom:5px;--awb-overflow:hidden;--awb-bg-color:var(--awb-color1);--awb-bg-color-hover:var(--awb-custom_color_2);--awb-bg-size:cover;--awb-box-shadow:0px 0px 24px hsla(var(--awb-color7-h),var(--awb-color7-s),var(--awb-color7-l),calc(var(--awb-color7-a) - 40%));;--awb-border-color:var(--awb-color4);--awb-border-color-hover:var(--awb-color7);--awb-border-top:1px;--awb-border-right:1px;--awb-border-bottom:1px;--awb-border-left:1px;--awb-border-style:solid;--awb-border-radius:6px 6px 6px 6px;--awb-flex-grow:0;--awb-flex-shrink:0;--awb-flex-grow-medium:0;--awb-flex-shrink-medium:0;--awb-flex-grow-small:0;--awb-flex-shrink-small:0;\" data-animationType=\"fadeIn\" data-animationDuration=\"1.3\" data-animationOffset=\"top-into-view\"><div class=\"fusion-column-wrapper fusion-column-has-shadow fusion-flex-justify-content-flex-start fusion-content-layout-column\"><div class=\"fusion-image-element \" style=\"--awb-aspect-ratio:16 \/ 9;--awb-margin-bottom:10px;--awb-caption-title-font-family:var(--h2_typography-font-family);--awb-caption-title-font-weight:var(--h2_typography-font-weight);--awb-caption-title-font-style:var(--h2_typography-font-style);--awb-caption-title-size:var(--h2_typography-font-size);--awb-caption-title-transform:var(--h2_typography-text-transform);--awb-caption-title-line-height:var(--h2_typography-line-height);--awb-caption-title-letter-spacing:var(--h2_typography-letter-spacing);\"><span class=\" fusion-imageframe imageframe-none imageframe-108 hover-type-none has-aspect-ratio\"><a class=\"fusion-no-lightbox\" href=\"https:\/\/www.choral-events.com\/en\/chorales\/happy-gospel\/\" target=\"_self\" aria-label=\"OLYMPUS DIGITAL CAMERA\"><img decoding=\"async\" width=\"550\" height=\"350\" src=\"https:\/\/www.choral-events.com\/wp-content\/uploads\/2026\/02\/3_photo-HG-550x350-1.jpg\" class=\"img-responsive wp-image-51720 img-with-aspect-ratio\" data-parent-fit=\"cover\" data-parent-container=\".fusion-image-element\" alt srcset=\"https:\/\/www.choral-events.com\/wp-content\/uploads\/2026\/02\/3_photo-HG-550x350-1-200x127.jpg 200w, https:\/\/www.choral-events.com\/wp-content\/uploads\/2026\/02\/3_photo-HG-550x350-1-400x255.jpg 400w, https:\/\/www.choral-events.com\/wp-content\/uploads\/2026\/02\/3_photo-HG-550x350-1.jpg 550w\" sizes=\"(max-width: 1024px) 100vw, (max-width: 640px) 100vw, 550px\" \/><\/a><\/span><\/div><div class=\"fusion-title title fusion-title-110 fusion-sep-none fusion-title-center fusion-title-text fusion-title-size-paragraph\" style=\"--awb-text-color:var(--awb-color7);--awb-margin-top:10px;--awb-margin-right:5px;--awb-margin-bottom:10px;--awb-margin-left:5px;--awb-margin-top-small:16px;--awb-margin-right-small:0px;--awb-margin-bottom-small:10px;--awb-margin-left-small:0px;--awb-link-color:var(--awb-color7);--awb-font-size:16px;\"><p class=\"fusion-title-heading title-heading-center title-heading-tag fusion-responsive-typography-calculated\" style=\"margin:0;font-size:1em;--fontSize:16;--minFontSize:16;line-height:1.6;\"><a href=\"https:\/\/www.choral-events.com\/en\/chorales\/happy-gospel\/\" class=\"awb-custom-text-color awb-custom-text-hover-color\" target=\"_self\">Happy Gospel<\/a><\/p><\/div><div class=\"fusion-separator\" style=\"align-self: center;margin-left: auto;margin-right: auto;flex-grow:10;margin-top:5px;margin-bottom:10px;width:100%;max-width:70px;\"><div class=\"fusion-separator-border sep-single sep-solid\" style=\"--awb-height:20px;--awb-amount:20px;border-color:var(--awb-color2);border-top-width:1px;\"><\/div><\/div><div class=\"fusion-text fusion-text-109\" style=\"--awb-content-alignment:center;--awb-text-transform:capitalize;--awb-text-color:var(--awb-color4);\"><p>France<\/p>\n<\/div><\/div><\/li>\n<li class=\"fusion-layout-column fusion_builder_column fusion-builder-column-110 fusion-flex-column fusion-animated post-card fusion-grid-column fusion-post-cards-grid-column 2020 france fusion-animated\" style=\"--awb-padding-bottom:5px;--awb-overflow:hidden;--awb-bg-color:var(--awb-color1);--awb-bg-color-hover:var(--awb-custom_color_2);--awb-bg-size:cover;--awb-box-shadow:0px 0px 24px hsla(var(--awb-color7-h),var(--awb-color7-s),var(--awb-color7-l),calc(var(--awb-color7-a) - 40%));;--awb-border-color:var(--awb-color4);--awb-border-color-hover:var(--awb-color7);--awb-border-top:1px;--awb-border-right:1px;--awb-border-bottom:1px;--awb-border-left:1px;--awb-border-style:solid;--awb-border-radius:6px 6px 6px 6px;--awb-flex-grow:0;--awb-flex-shrink:0;--awb-flex-grow-medium:0;--awb-flex-shrink-medium:0;--awb-flex-grow-small:0;--awb-flex-shrink-small:0;\" data-animationType=\"fadeIn\" data-animationDuration=\"1.3\" data-animationOffset=\"top-into-view\"><div class=\"fusion-column-wrapper fusion-column-has-shadow fusion-flex-justify-content-flex-start fusion-content-layout-column\"><div class=\"fusion-image-element \" style=\"--awb-aspect-ratio:16 \/ 9;--awb-margin-bottom:10px;--awb-caption-title-font-family:var(--h2_typography-font-family);--awb-caption-title-font-weight:var(--h2_typography-font-weight);--awb-caption-title-font-style:var(--h2_typography-font-style);--awb-caption-title-size:var(--h2_typography-font-size);--awb-caption-title-transform:var(--h2_typography-text-transform);--awb-caption-title-line-height:var(--h2_typography-line-height);--awb-caption-title-letter-spacing:var(--h2_typography-letter-spacing);\"><span class=\" fusion-imageframe imageframe-none imageframe-109 hover-type-none has-aspect-ratio\"><a class=\"fusion-no-lightbox\" href=\"https:\/\/www.choral-events.com\/en\/chorales\/happy-vibes\/\" target=\"_self\" aria-label=\"Happy-Vibes-Photo-site-web-1\"><img decoding=\"async\" width=\"550\" height=\"350\" src=\"https:\/\/www.choral-events.com\/wp-content\/uploads\/2026\/03\/Happy-Vibes-Photo-site-web-1.png\" class=\"img-responsive wp-image-51858 img-with-aspect-ratio\" data-parent-fit=\"cover\" data-parent-container=\".fusion-image-element\" alt srcset=\"https:\/\/www.choral-events.com\/wp-content\/uploads\/2026\/03\/Happy-Vibes-Photo-site-web-1-200x127.png 200w, https:\/\/www.choral-events.com\/wp-content\/uploads\/2026\/03\/Happy-Vibes-Photo-site-web-1-400x255.png 400w, https:\/\/www.choral-events.com\/wp-content\/uploads\/2026\/03\/Happy-Vibes-Photo-site-web-1.png 550w\" sizes=\"(max-width: 1024px) 100vw, (max-width: 640px) 100vw, 550px\" \/><\/a><\/span><\/div><div class=\"fusion-title title fusion-title-111 fusion-sep-none fusion-title-center fusion-title-text fusion-title-size-paragraph\" style=\"--awb-text-color:var(--awb-color7);--awb-margin-top:10px;--awb-margin-right:5px;--awb-margin-bottom:10px;--awb-margin-left:5px;--awb-margin-top-small:16px;--awb-margin-right-small:0px;--awb-margin-bottom-small:10px;--awb-margin-left-small:0px;--awb-link-color:var(--awb-color7);--awb-font-size:16px;\"><p class=\"fusion-title-heading title-heading-center title-heading-tag fusion-responsive-typography-calculated\" style=\"margin:0;font-size:1em;--fontSize:16;--minFontSize:16;line-height:1.6;\"><a href=\"https:\/\/www.choral-events.com\/en\/chorales\/happy-vibes\/\" class=\"awb-custom-text-color awb-custom-text-hover-color\" target=\"_self\">Happy Vibes<\/a><\/p><\/div><div class=\"fusion-separator\" style=\"align-self: center;margin-left: auto;margin-right: auto;flex-grow:10;margin-top:5px;margin-bottom:10px;width:100%;max-width:70px;\"><div class=\"fusion-separator-border sep-single sep-solid\" style=\"--awb-height:20px;--awb-amount:20px;border-color:var(--awb-color2);border-top-width:1px;\"><\/div><\/div><div class=\"fusion-text fusion-text-110\" style=\"--awb-content-alignment:center;--awb-text-transform:capitalize;--awb-text-color:var(--awb-color4);\"><p>France<\/p>\n<\/div><\/div><\/li>\n<li class=\"fusion-layout-column fusion_builder_column fusion-builder-column-111 fusion-flex-column fusion-animated post-card fusion-grid-column fusion-post-cards-grid-column 2023 ghana fusion-animated\" style=\"--awb-padding-bottom:5px;--awb-overflow:hidden;--awb-bg-color:var(--awb-color1);--awb-bg-color-hover:var(--awb-custom_color_2);--awb-bg-size:cover;--awb-box-shadow:0px 0px 24px hsla(var(--awb-color7-h),var(--awb-color7-s),var(--awb-color7-l),calc(var(--awb-color7-a) - 40%));;--awb-border-color:var(--awb-color4);--awb-border-color-hover:var(--awb-color7);--awb-border-top:1px;--awb-border-right:1px;--awb-border-bottom:1px;--awb-border-left:1px;--awb-border-style:solid;--awb-border-radius:6px 6px 6px 6px;--awb-flex-grow:0;--awb-flex-shrink:0;--awb-flex-grow-medium:0;--awb-flex-shrink-medium:0;--awb-flex-grow-small:0;--awb-flex-shrink-small:0;\" data-animationType=\"fadeIn\" data-animationDuration=\"1.3\" data-animationOffset=\"top-into-view\"><div class=\"fusion-column-wrapper fusion-column-has-shadow fusion-flex-justify-content-flex-start fusion-content-layout-column\"><div class=\"fusion-image-element \" style=\"--awb-aspect-ratio:16 \/ 9;--awb-margin-bottom:10px;--awb-caption-title-font-family:var(--h2_typography-font-family);--awb-caption-title-font-weight:var(--h2_typography-font-weight);--awb-caption-title-font-style:var(--h2_typography-font-style);--awb-caption-title-size:var(--h2_typography-font-size);--awb-caption-title-transform:var(--h2_typography-text-transform);--awb-caption-title-line-height:var(--h2_typography-line-height);--awb-caption-title-letter-spacing:var(--h2_typography-letter-spacing);\"><span class=\" fusion-imageframe imageframe-none imageframe-110 hover-type-none has-aspect-ratio\"><a class=\"fusion-no-lightbox\" href=\"https:\/\/www.choral-events.com\/en\/chorales\/harmonious-chorale-ghana\/\" target=\"_self\" aria-label=\"Ghana &#8211; Harmonious Chorale &#8211; web page photo (6)\"><img decoding=\"async\" width=\"550\" height=\"350\" src=\"https:\/\/www.choral-events.com\/wp-content\/uploads\/2023\/03\/Ghana-Harmonious-chorale-photo-page-web-6.jpg\" class=\"img-responsive wp-image-49475 img-with-aspect-ratio\" data-parent-fit=\"cover\" data-parent-container=\".fusion-image-element\" alt srcset=\"https:\/\/www.choral-events.com\/wp-content\/uploads\/2023\/03\/Ghana-Harmonious-chorale-photo-page-web-6-200x127.jpg 200w, https:\/\/www.choral-events.com\/wp-content\/uploads\/2023\/03\/Ghana-Harmonious-chorale-photo-page-web-6-400x255.jpg 400w, https:\/\/www.choral-events.com\/wp-content\/uploads\/2023\/03\/Ghana-Harmonious-chorale-photo-page-web-6.jpg 550w\" sizes=\"(max-width: 1024px) 100vw, (max-width: 640px) 100vw, 550px\" \/><\/a><\/span><\/div><div class=\"fusion-title title fusion-title-112 fusion-sep-none fusion-title-center fusion-title-text fusion-title-size-paragraph\" style=\"--awb-text-color:var(--awb-color7);--awb-margin-top:10px;--awb-margin-right:5px;--awb-margin-bottom:10px;--awb-margin-left:5px;--awb-margin-top-small:16px;--awb-margin-right-small:0px;--awb-margin-bottom-small:10px;--awb-margin-left-small:0px;--awb-link-color:var(--awb-color7);--awb-font-size:16px;\"><p class=\"fusion-title-heading title-heading-center title-heading-tag fusion-responsive-typography-calculated\" style=\"margin:0;font-size:1em;--fontSize:16;--minFontSize:16;line-height:1.6;\"><a href=\"https:\/\/www.choral-events.com\/en\/chorales\/harmonious-chorale-ghana\/\" class=\"awb-custom-text-color awb-custom-text-hover-color\" target=\"_self\">Harmonious Chorale Ghana<\/a><\/p><\/div><div class=\"fusion-separator\" style=\"align-self: center;margin-left: auto;margin-right: auto;flex-grow:10;margin-top:5px;margin-bottom:10px;width:100%;max-width:70px;\"><div class=\"fusion-separator-border sep-single sep-solid\" style=\"--awb-height:20px;--awb-amount:20px;border-color:var(--awb-color2);border-top-width:1px;\"><\/div><\/div><div class=\"fusion-text fusion-text-111\" style=\"--awb-content-alignment:center;--awb-text-transform:capitalize;--awb-text-color:var(--awb-color4);\"><p>Ghana<\/p>\n<\/div><\/div><\/li>\n<li class=\"fusion-layout-column fusion_builder_column fusion-builder-column-112 fusion-flex-column fusion-animated post-card fusion-grid-column fusion-post-cards-grid-column 2023 canada fusion-animated\" style=\"--awb-padding-bottom:5px;--awb-overflow:hidden;--awb-bg-color:var(--awb-color1);--awb-bg-color-hover:var(--awb-custom_color_2);--awb-bg-size:cover;--awb-box-shadow:0px 0px 24px hsla(var(--awb-color7-h),var(--awb-color7-s),var(--awb-color7-l),calc(var(--awb-color7-a) - 40%));;--awb-border-color:var(--awb-color4);--awb-border-color-hover:var(--awb-color7);--awb-border-top:1px;--awb-border-right:1px;--awb-border-bottom:1px;--awb-border-left:1px;--awb-border-style:solid;--awb-border-radius:6px 6px 6px 6px;--awb-flex-grow:0;--awb-flex-shrink:0;--awb-flex-grow-medium:0;--awb-flex-shrink-medium:0;--awb-flex-grow-small:0;--awb-flex-shrink-small:0;\" data-animationType=\"fadeIn\" data-animationDuration=\"1.3\" data-animationOffset=\"top-into-view\"><div class=\"fusion-column-wrapper fusion-column-has-shadow fusion-flex-justify-content-flex-start fusion-content-layout-column\"><div class=\"fusion-image-element \" style=\"--awb-aspect-ratio:16 \/ 9;--awb-margin-bottom:10px;--awb-caption-title-font-family:var(--h2_typography-font-family);--awb-caption-title-font-weight:var(--h2_typography-font-weight);--awb-caption-title-font-style:var(--h2_typography-font-style);--awb-caption-title-size:var(--h2_typography-font-size);--awb-caption-title-transform:var(--h2_typography-text-transform);--awb-caption-title-line-height:var(--h2_typography-line-height);--awb-caption-title-letter-spacing:var(--h2_typography-letter-spacing);\"><span class=\" fusion-imageframe imageframe-none imageframe-111 hover-type-none has-aspect-ratio\"><a class=\"fusion-no-lightbox\" href=\"https:\/\/www.choral-events.com\/en\/chorales\/horizon-choir\/\" target=\"_self\" aria-label=\"1_Switzerland-Choir-Horizon-web-page-photo\"><img decoding=\"async\" width=\"550\" height=\"350\" src=\"https:\/\/www.choral-events.com\/wp-content\/uploads\/2026\/02\/1_Suisse-Choeur-Horizon-photo-page-web.jpg\" class=\"img-responsive wp-image-49760 img-with-aspect-ratio\" data-parent-fit=\"cover\" data-parent-container=\".fusion-image-element\" alt srcset=\"https:\/\/www.choral-events.com\/wp-content\/uploads\/2026\/02\/1_Suisse-Choeur-Horizon-photo-page-web-200x127.jpg 200w, https:\/\/www.choral-events.com\/wp-content\/uploads\/2026\/02\/1_Suisse-Choeur-Horizon-photo-page-web-400x255.jpg 400w, https:\/\/www.choral-events.com\/wp-content\/uploads\/2026\/02\/1_Suisse-Choeur-Horizon-photo-page-web.jpg 550w\" sizes=\"(max-width: 1024px) 100vw, (max-width: 640px) 100vw, 550px\" \/><\/a><\/span><\/div><div class=\"fusion-title title fusion-title-113 fusion-sep-none fusion-title-center fusion-title-text fusion-title-size-paragraph\" style=\"--awb-text-color:var(--awb-color7);--awb-margin-top:10px;--awb-margin-right:5px;--awb-margin-bottom:10px;--awb-margin-left:5px;--awb-margin-top-small:16px;--awb-margin-right-small:0px;--awb-margin-bottom-small:10px;--awb-margin-left-small:0px;--awb-link-color:var(--awb-color7);--awb-font-size:16px;\"><p class=\"fusion-title-heading title-heading-center title-heading-tag fusion-responsive-typography-calculated\" style=\"margin:0;font-size:1em;--fontSize:16;--minFontSize:16;line-height:1.6;\"><a href=\"https:\/\/www.choral-events.com\/en\/chorales\/horizon-choir\/\" class=\"awb-custom-text-color awb-custom-text-hover-color\" target=\"_self\">Horizon Choir<\/a><\/p><\/div><div class=\"fusion-separator\" style=\"align-self: center;margin-left: auto;margin-right: auto;flex-grow:10;margin-top:5px;margin-bottom:10px;width:100%;max-width:70px;\"><div class=\"fusion-separator-border sep-single sep-solid\" style=\"--awb-height:20px;--awb-amount:20px;border-color:var(--awb-color2);border-top-width:1px;\"><\/div><\/div><div class=\"fusion-text fusion-text-112\" style=\"--awb-content-alignment:center;--awb-text-transform:capitalize;--awb-text-color:var(--awb-color4);\"><p>Quebec \u2013 Canada<\/p>\n<\/div><\/div><\/li>\n<li class=\"fusion-layout-column fusion_builder_column fusion-builder-column-113 fusion-flex-column fusion-animated post-card fusion-grid-column fusion-post-cards-grid-column 2025 italy fusion-animated\" style=\"--awb-padding-bottom:5px;--awb-overflow:hidden;--awb-bg-color:var(--awb-color1);--awb-bg-color-hover:var(--awb-custom_color_2);--awb-bg-size:cover;--awb-box-shadow:0px 0px 24px hsla(var(--awb-color7-h),var(--awb-color7-s),var(--awb-color7-l),calc(var(--awb-color7-a) - 40%));;--awb-border-color:var(--awb-color4);--awb-border-color-hover:var(--awb-color7);--awb-border-top:1px;--awb-border-right:1px;--awb-border-bottom:1px;--awb-border-left:1px;--awb-border-style:solid;--awb-border-radius:6px 6px 6px 6px;--awb-flex-grow:0;--awb-flex-shrink:0;--awb-flex-grow-medium:0;--awb-flex-shrink-medium:0;--awb-flex-grow-small:0;--awb-flex-shrink-small:0;\" data-animationType=\"fadeIn\" data-animationDuration=\"1.3\" data-animationOffset=\"top-into-view\"><div class=\"fusion-column-wrapper fusion-column-has-shadow fusion-flex-justify-content-flex-start fusion-content-layout-column\"><div class=\"fusion-image-element \" style=\"--awb-aspect-ratio:16 \/ 9;--awb-margin-bottom:10px;--awb-caption-title-font-family:var(--h2_typography-font-family);--awb-caption-title-font-weight:var(--h2_typography-font-weight);--awb-caption-title-font-style:var(--h2_typography-font-style);--awb-caption-title-size:var(--h2_typography-font-size);--awb-caption-title-transform:var(--h2_typography-text-transform);--awb-caption-title-line-height:var(--h2_typography-line-height);--awb-caption-title-letter-spacing:var(--h2_typography-letter-spacing);\"><span class=\" fusion-imageframe imageframe-none imageframe-112 hover-type-none has-aspect-ratio\"><a class=\"fusion-no-lightbox\" href=\"https:\/\/www.choral-events.com\/en\/chorales\/il-calicanto\/\" target=\"_self\" aria-label=\"Il Calicanto\"><img decoding=\"async\" width=\"2000\" height=\"1334\" alt=\"Il Calicanto\" src=\"https:\/\/www.choral-events.com\/wp-content\/uploads\/2025\/04\/Il-Calicanto3.jpg\" class=\"img-responsive wp-image-49280 img-with-aspect-ratio\" data-parent-fit=\"cover\" data-parent-container=\".fusion-image-element\" srcset=\"https:\/\/www.choral-events.com\/wp-content\/uploads\/2025\/04\/Il-Calicanto3-200x133.jpg 200w, https:\/\/www.choral-events.com\/wp-content\/uploads\/2025\/04\/Il-Calicanto3-400x267.jpg 400w, https:\/\/www.choral-events.com\/wp-content\/uploads\/2025\/04\/Il-Calicanto3-600x400.jpg 600w, https:\/\/www.choral-events.com\/wp-content\/uploads\/2025\/04\/Il-Calicanto3-800x534.jpg 800w, https:\/\/www.choral-events.com\/wp-content\/uploads\/2025\/04\/Il-Calicanto3-1200x800.jpg 1200w, https:\/\/www.choral-events.com\/wp-content\/uploads\/2025\/04\/Il-Calicanto3.jpg 2000w\" sizes=\"(max-width: 1024px) 100vw, (max-width: 640px) 100vw, 2000px\" \/><\/a><\/span><\/div><div class=\"fusion-title title fusion-title-114 fusion-sep-none fusion-title-center fusion-title-text fusion-title-size-paragraph\" style=\"--awb-text-color:var(--awb-color7);--awb-margin-top:10px;--awb-margin-right:5px;--awb-margin-bottom:10px;--awb-margin-left:5px;--awb-margin-top-small:16px;--awb-margin-right-small:0px;--awb-margin-bottom-small:10px;--awb-margin-left-small:0px;--awb-link-color:var(--awb-color7);--awb-font-size:16px;\"><p class=\"fusion-title-heading title-heading-center title-heading-tag fusion-responsive-typography-calculated\" style=\"margin:0;font-size:1em;--fontSize:16;--minFontSize:16;line-height:1.6;\"><a href=\"https:\/\/www.choral-events.com\/en\/chorales\/il-calicanto\/\" class=\"awb-custom-text-color awb-custom-text-hover-color\" target=\"_self\">Il Calicanto<\/a><\/p><\/div><div class=\"fusion-separator\" style=\"align-self: center;margin-left: auto;margin-right: auto;flex-grow:10;margin-top:5px;margin-bottom:10px;width:100%;max-width:70px;\"><div class=\"fusion-separator-border sep-single sep-solid\" style=\"--awb-height:20px;--awb-amount:20px;border-color:var(--awb-color2);border-top-width:1px;\"><\/div><\/div><div class=\"fusion-text fusion-text-113\" style=\"--awb-content-alignment:center;--awb-text-transform:capitalize;--awb-text-color:var(--awb-color4);\"><p>Italy<\/p>\n<\/div><\/div><\/li>\n<li class=\"fusion-layout-column fusion_builder_column fusion-builder-column-114 fusion-flex-column fusion-animated post-card fusion-grid-column fusion-post-cards-grid-column 2026 czech-republic fusion-animated\" style=\"--awb-padding-bottom:5px;--awb-overflow:hidden;--awb-bg-color:var(--awb-color1);--awb-bg-color-hover:var(--awb-custom_color_2);--awb-bg-size:cover;--awb-box-shadow:0px 0px 24px hsla(var(--awb-color7-h),var(--awb-color7-s),var(--awb-color7-l),calc(var(--awb-color7-a) - 40%));;--awb-border-color:var(--awb-color4);--awb-border-color-hover:var(--awb-color7);--awb-border-top:1px;--awb-border-right:1px;--awb-border-bottom:1px;--awb-border-left:1px;--awb-border-style:solid;--awb-border-radius:6px 6px 6px 6px;--awb-flex-grow:0;--awb-flex-shrink:0;--awb-flex-grow-medium:0;--awb-flex-shrink-medium:0;--awb-flex-grow-small:0;--awb-flex-shrink-small:0;\" data-animationType=\"fadeIn\" data-animationDuration=\"1.3\" data-animationOffset=\"top-into-view\"><div class=\"fusion-column-wrapper fusion-column-has-shadow fusion-flex-justify-content-flex-start fusion-content-layout-column\"><div class=\"fusion-image-element \" style=\"--awb-aspect-ratio:16 \/ 9;--awb-margin-bottom:10px;--awb-caption-title-font-family:var(--h2_typography-font-family);--awb-caption-title-font-weight:var(--h2_typography-font-weight);--awb-caption-title-font-style:var(--h2_typography-font-style);--awb-caption-title-size:var(--h2_typography-font-size);--awb-caption-title-transform:var(--h2_typography-text-transform);--awb-caption-title-line-height:var(--h2_typography-line-height);--awb-caption-title-letter-spacing:var(--h2_typography-letter-spacing);\"><span class=\" fusion-imageframe imageframe-none imageframe-113 hover-type-none has-aspect-ratio\"><a class=\"fusion-no-lightbox\" href=\"https:\/\/www.choral-events.com\/en\/chorales\/iuventus-cantans-cantando\/\" target=\"_self\" aria-label=\"_DSC1346\"><img decoding=\"async\" width=\"2560\" height=\"1110\" src=\"https:\/\/www.choral-events.com\/wp-content\/uploads\/2026\/04\/DSC1346-scaled.jpg\" class=\"img-responsive wp-image-52715 img-with-aspect-ratio\" data-parent-fit=\"cover\" data-parent-container=\".fusion-image-element\" alt srcset=\"https:\/\/www.choral-events.com\/wp-content\/uploads\/2026\/04\/DSC1346-200x87.jpg 200w, https:\/\/www.choral-events.com\/wp-content\/uploads\/2026\/04\/DSC1346-400x173.jpg 400w, https:\/\/www.choral-events.com\/wp-content\/uploads\/2026\/04\/DSC1346-600x260.jpg 600w, https:\/\/www.choral-events.com\/wp-content\/uploads\/2026\/04\/DSC1346-800x347.jpg 800w, https:\/\/www.choral-events.com\/wp-content\/uploads\/2026\/04\/DSC1346-1200x520.jpg 1200w, https:\/\/www.choral-events.com\/wp-content\/uploads\/2026\/04\/DSC1346-scaled.jpg 2560w\" sizes=\"(max-width: 1024px) 100vw, (max-width: 640px) 100vw, 2560px\" \/><\/a><\/span><\/div><div class=\"fusion-title title fusion-title-115 fusion-sep-none fusion-title-center fusion-title-text fusion-title-size-paragraph\" style=\"--awb-text-color:var(--awb-color7);--awb-margin-top:10px;--awb-margin-right:5px;--awb-margin-bottom:10px;--awb-margin-left:5px;--awb-margin-top-small:16px;--awb-margin-right-small:0px;--awb-margin-bottom-small:10px;--awb-margin-left-small:0px;--awb-link-color:var(--awb-color7);--awb-font-size:16px;\"><p class=\"fusion-title-heading title-heading-center title-heading-tag fusion-responsive-typography-calculated\" style=\"margin:0;font-size:1em;--fontSize:16;--minFontSize:16;line-height:1.6;\"><a href=\"https:\/\/www.choral-events.com\/en\/chorales\/iuventus-cantans-cantando\/\" class=\"awb-custom-text-color awb-custom-text-hover-color\" target=\"_self\">Iuventus Cantans &amp; Cantando<\/a><\/p><\/div><div class=\"fusion-separator\" style=\"align-self: center;margin-left: auto;margin-right: auto;flex-grow:10;margin-top:5px;margin-bottom:10px;width:100%;max-width:70px;\"><div class=\"fusion-separator-border sep-single sep-solid\" style=\"--awb-height:20px;--awb-amount:20px;border-color:var(--awb-color2);border-top-width:1px;\"><\/div><\/div><div class=\"fusion-text fusion-text-114\" style=\"--awb-content-alignment:center;--awb-text-transform:capitalize;--awb-text-color:var(--awb-color4);\"><p>Czech Republic<\/p>\n<\/div><\/div><\/li>\n<li class=\"fusion-layout-column fusion_builder_column fusion-builder-column-115 fusion-flex-column fusion-animated post-card fusion-grid-column fusion-post-cards-grid-column 2022 indonesia fusion-animated\" style=\"--awb-padding-bottom:5px;--awb-overflow:hidden;--awb-bg-color:var(--awb-color1);--awb-bg-color-hover:var(--awb-custom_color_2);--awb-bg-size:cover;--awb-box-shadow:0px 0px 24px hsla(var(--awb-color7-h),var(--awb-color7-s),var(--awb-color7-l),calc(var(--awb-color7-a) - 40%));;--awb-border-color:var(--awb-color4);--awb-border-color-hover:var(--awb-color7);--awb-border-top:1px;--awb-border-right:1px;--awb-border-bottom:1px;--awb-border-left:1px;--awb-border-style:solid;--awb-border-radius:6px 6px 6px 6px;--awb-flex-grow:0;--awb-flex-shrink:0;--awb-flex-grow-medium:0;--awb-flex-shrink-medium:0;--awb-flex-grow-small:0;--awb-flex-shrink-small:0;\" data-animationType=\"fadeIn\" data-animationDuration=\"1.3\" data-animationOffset=\"top-into-view\"><div class=\"fusion-column-wrapper fusion-column-has-shadow fusion-flex-justify-content-flex-start fusion-content-layout-column\"><div class=\"fusion-image-element \" style=\"--awb-aspect-ratio:16 \/ 9;--awb-margin-bottom:10px;--awb-caption-title-font-family:var(--h2_typography-font-family);--awb-caption-title-font-weight:var(--h2_typography-font-weight);--awb-caption-title-font-style:var(--h2_typography-font-style);--awb-caption-title-size:var(--h2_typography-font-size);--awb-caption-title-transform:var(--h2_typography-text-transform);--awb-caption-title-line-height:var(--h2_typography-line-height);--awb-caption-title-letter-spacing:var(--h2_typography-letter-spacing);\"><span class=\" fusion-imageframe imageframe-none imageframe-114 hover-type-none has-aspect-ratio\"><a class=\"fusion-no-lightbox\" href=\"https:\/\/www.choral-events.com\/en\/chorales\/jakarta-youth-choir\/\" target=\"_self\" aria-label=\"2_DJAKARTA-Indonesia-photo-page-web-\"><img decoding=\"async\" width=\"550\" height=\"350\" src=\"https:\/\/www.choral-events.com\/wp-content\/uploads\/2026\/02\/2_DJAKARTA-Indonesie-photo-page-web-.png\" class=\"img-responsive wp-image-51724 img-with-aspect-ratio\" data-parent-fit=\"cover\" data-parent-container=\".fusion-image-element\" alt srcset=\"https:\/\/www.choral-events.com\/wp-content\/uploads\/2026\/02\/2_DJAKARTA-Indonesie-photo-page-web--200x127.png 200w, https:\/\/www.choral-events.com\/wp-content\/uploads\/2026\/02\/2_DJAKARTA-Indonesie-photo-page-web--400x255.png 400w, https:\/\/www.choral-events.com\/wp-content\/uploads\/2026\/02\/2_DJAKARTA-Indonesie-photo-page-web-.png 550w\" sizes=\"(max-width: 1024px) 100vw, (max-width: 640px) 100vw, 550px\" \/><\/a><\/span><\/div><div class=\"fusion-title title fusion-title-116 fusion-sep-none fusion-title-center fusion-title-text fusion-title-size-paragraph\" style=\"--awb-text-color:var(--awb-color7);--awb-margin-top:10px;--awb-margin-right:5px;--awb-margin-bottom:10px;--awb-margin-left:5px;--awb-margin-top-small:16px;--awb-margin-right-small:0px;--awb-margin-bottom-small:10px;--awb-margin-left-small:0px;--awb-link-color:var(--awb-color7);--awb-font-size:16px;\"><p class=\"fusion-title-heading title-heading-center title-heading-tag fusion-responsive-typography-calculated\" style=\"margin:0;font-size:1em;--fontSize:16;--minFontSize:16;line-height:1.6;\"><a href=\"https:\/\/www.choral-events.com\/en\/chorales\/jakarta-youth-choir\/\" class=\"awb-custom-text-color awb-custom-text-hover-color\" target=\"_self\">Jakarta Youth Choir<\/a><\/p><\/div><div class=\"fusion-separator\" style=\"align-self: center;margin-left: auto;margin-right: auto;flex-grow:10;margin-top:5px;margin-bottom:10px;width:100%;max-width:70px;\"><div class=\"fusion-separator-border sep-single sep-solid\" style=\"--awb-height:20px;--awb-amount:20px;border-color:var(--awb-color2);border-top-width:1px;\"><\/div><\/div><div class=\"fusion-text fusion-text-115\" style=\"--awb-content-alignment:center;--awb-text-transform:capitalize;--awb-text-color:var(--awb-color4);\"><p>Indonesia<\/p>\n<\/div><\/div><\/li>\n<li class=\"fusion-layout-column fusion_builder_column fusion-builder-column-116 fusion-flex-column fusion-animated post-card fusion-grid-column fusion-post-cards-grid-column 2023 croatia fusion-animated\" style=\"--awb-padding-bottom:5px;--awb-overflow:hidden;--awb-bg-color:var(--awb-color1);--awb-bg-color-hover:var(--awb-custom_color_2);--awb-bg-size:cover;--awb-box-shadow:0px 0px 24px hsla(var(--awb-color7-h),var(--awb-color7-s),var(--awb-color7-l),calc(var(--awb-color7-a) - 40%));;--awb-border-color:var(--awb-color4);--awb-border-color-hover:var(--awb-color7);--awb-border-top:1px;--awb-border-right:1px;--awb-border-bottom:1px;--awb-border-left:1px;--awb-border-style:solid;--awb-border-radius:6px 6px 6px 6px;--awb-flex-grow:0;--awb-flex-shrink:0;--awb-flex-grow-medium:0;--awb-flex-shrink-medium:0;--awb-flex-grow-small:0;--awb-flex-shrink-small:0;\" data-animationType=\"fadeIn\" data-animationDuration=\"1.3\" data-animationOffset=\"top-into-view\"><div class=\"fusion-column-wrapper fusion-column-has-shadow fusion-flex-justify-content-flex-start fusion-content-layout-column\"><div class=\"fusion-image-element \" style=\"--awb-aspect-ratio:16 \/ 9;--awb-margin-bottom:10px;--awb-caption-title-font-family:var(--h2_typography-font-family);--awb-caption-title-font-weight:var(--h2_typography-font-weight);--awb-caption-title-font-style:var(--h2_typography-font-style);--awb-caption-title-size:var(--h2_typography-font-size);--awb-caption-title-transform:var(--h2_typography-text-transform);--awb-caption-title-line-height:var(--h2_typography-line-height);--awb-caption-title-letter-spacing:var(--h2_typography-letter-spacing);\"><span class=\" fusion-imageframe imageframe-none imageframe-115 hover-type-none has-aspect-ratio\"><a class=\"fusion-no-lightbox\" href=\"https:\/\/www.choral-events.com\/en\/chorales\/jane-set\/\" target=\"_self\" aria-label=\"JANE Croatia photo 2\"><img decoding=\"async\" width=\"1890\" height=\"1063\" src=\"https:\/\/www.choral-events.com\/wp-content\/uploads\/2023\/04\/JANE-Croatia-photo-2.jpg\" class=\"img-responsive wp-image-49467 img-with-aspect-ratio\" data-parent-fit=\"cover\" data-parent-container=\".fusion-image-element\" alt srcset=\"https:\/\/www.choral-events.com\/wp-content\/uploads\/2023\/04\/JANE-Croatia-photo-2-200x112.jpg 200w, https:\/\/www.choral-events.com\/wp-content\/uploads\/2023\/04\/JANE-Croatia-photo-2-400x225.jpg 400w, https:\/\/www.choral-events.com\/wp-content\/uploads\/2023\/04\/JANE-Croatia-photo-2-600x337.jpg 600w, https:\/\/www.choral-events.com\/wp-content\/uploads\/2023\/04\/JANE-Croatia-photo-2-800x450.jpg 800w, https:\/\/www.choral-events.com\/wp-content\/uploads\/2023\/04\/JANE-Croatia-photo-2-1200x675.jpg 1200w, https:\/\/www.choral-events.com\/wp-content\/uploads\/2023\/04\/JANE-Croatia-photo-2.jpg 1890w\" sizes=\"(max-width: 1024px) 100vw, (max-width: 640px) 100vw, 1890px\" \/><\/a><\/span><\/div><div class=\"fusion-title title fusion-title-117 fusion-sep-none fusion-title-center fusion-title-text fusion-title-size-paragraph\" style=\"--awb-text-color:var(--awb-color7);--awb-margin-top:10px;--awb-margin-right:5px;--awb-margin-bottom:10px;--awb-margin-left:5px;--awb-margin-top-small:16px;--awb-margin-right-small:0px;--awb-margin-bottom-small:10px;--awb-margin-left-small:0px;--awb-link-color:var(--awb-color7);--awb-font-size:16px;\"><p class=\"fusion-title-heading title-heading-center title-heading-tag fusion-responsive-typography-calculated\" style=\"margin:0;font-size:1em;--fontSize:16;--minFontSize:16;line-height:1.6;\"><a href=\"https:\/\/www.choral-events.com\/en\/chorales\/jane-set\/\" class=\"awb-custom-text-color awb-custom-text-hover-color\" target=\"_self\">JANE SET<\/a><\/p><\/div><div class=\"fusion-separator\" style=\"align-self: center;margin-left: auto;margin-right: auto;flex-grow:10;margin-top:5px;margin-bottom:10px;width:100%;max-width:70px;\"><div class=\"fusion-separator-border sep-single sep-solid\" style=\"--awb-height:20px;--awb-amount:20px;border-color:var(--awb-color2);border-top-width:1px;\"><\/div><\/div><div class=\"fusion-text fusion-text-116\" style=\"--awb-content-alignment:center;--awb-text-transform:capitalize;--awb-text-color:var(--awb-color4);\"><p>Croatia<\/p>\n<\/div><\/div><\/li>\n<li class=\"fusion-layout-column fusion_builder_column fusion-builder-column-117 fusion-flex-column fusion-animated post-card fusion-grid-column fusion-post-cards-grid-column 2025 israel fusion-animated\" style=\"--awb-padding-bottom:5px;--awb-overflow:hidden;--awb-bg-color:var(--awb-color1);--awb-bg-color-hover:var(--awb-custom_color_2);--awb-bg-size:cover;--awb-box-shadow:0px 0px 24px hsla(var(--awb-color7-h),var(--awb-color7-s),var(--awb-color7-l),calc(var(--awb-color7-a) - 40%));;--awb-border-color:var(--awb-color4);--awb-border-color-hover:var(--awb-color7);--awb-border-top:1px;--awb-border-right:1px;--awb-border-bottom:1px;--awb-border-left:1px;--awb-border-style:solid;--awb-border-radius:6px 6px 6px 6px;--awb-flex-grow:0;--awb-flex-shrink:0;--awb-flex-grow-medium:0;--awb-flex-shrink-medium:0;--awb-flex-grow-small:0;--awb-flex-shrink-small:0;\" data-animationType=\"fadeIn\" data-animationDuration=\"1.3\" data-animationOffset=\"top-into-view\"><div class=\"fusion-column-wrapper fusion-column-has-shadow fusion-flex-justify-content-flex-start fusion-content-layout-column\"><div class=\"fusion-image-element \" style=\"--awb-aspect-ratio:16 \/ 9;--awb-margin-bottom:10px;--awb-caption-title-font-family:var(--h2_typography-font-family);--awb-caption-title-font-weight:var(--h2_typography-font-weight);--awb-caption-title-font-style:var(--h2_typography-font-style);--awb-caption-title-size:var(--h2_typography-font-size);--awb-caption-title-transform:var(--h2_typography-text-transform);--awb-caption-title-line-height:var(--h2_typography-line-height);--awb-caption-title-letter-spacing:var(--h2_typography-letter-spacing);\"><span class=\" fusion-imageframe imageframe-none imageframe-116 hover-type-none has-aspect-ratio\"><a class=\"fusion-no-lightbox\" href=\"https:\/\/www.choral-events.com\/en\/chorales\/jeans-choir\/\" target=\"_self\" aria-label=\"Jean\u2019s Choir \u2013 Israel\"><img decoding=\"async\" width=\"2560\" height=\"1440\" alt=\"Jean\u2019s Choir \u2013 Israel\" src=\"https:\/\/www.choral-events.com\/wp-content\/uploads\/2025\/01\/Jeans-official-pic-1-scaled-1.jpg\" class=\"img-responsive wp-image-49316 img-with-aspect-ratio\" data-parent-fit=\"cover\" data-parent-container=\".fusion-image-element\" srcset=\"https:\/\/www.choral-events.com\/wp-content\/uploads\/2025\/01\/Jeans-official-pic-1-scaled-1-200x113.jpg 200w, https:\/\/www.choral-events.com\/wp-content\/uploads\/2025\/01\/Jeans-official-pic-1-scaled-1-400x225.jpg 400w, https:\/\/www.choral-events.com\/wp-content\/uploads\/2025\/01\/Jeans-official-pic-1-scaled-1-600x338.jpg 600w, https:\/\/www.choral-events.com\/wp-content\/uploads\/2025\/01\/Jeans-official-pic-1-scaled-1-800x450.jpg 800w, https:\/\/www.choral-events.com\/wp-content\/uploads\/2025\/01\/Jeans-official-pic-1-scaled-1-1200x675.jpg 1200w, https:\/\/www.choral-events.com\/wp-content\/uploads\/2025\/01\/Jeans-official-pic-1-scaled-1.jpg 2560w\" sizes=\"(max-width: 1024px) 100vw, (max-width: 640px) 100vw, 2560px\" \/><\/a><\/span><\/div><div class=\"fusion-title title fusion-title-118 fusion-sep-none fusion-title-center fusion-title-text fusion-title-size-paragraph\" style=\"--awb-text-color:var(--awb-color7);--awb-margin-top:10px;--awb-margin-right:5px;--awb-margin-bottom:10px;--awb-margin-left:5px;--awb-margin-top-small:16px;--awb-margin-right-small:0px;--awb-margin-bottom-small:10px;--awb-margin-left-small:0px;--awb-link-color:var(--awb-color7);--awb-font-size:16px;\"><p class=\"fusion-title-heading title-heading-center title-heading-tag fusion-responsive-typography-calculated\" style=\"margin:0;font-size:1em;--fontSize:16;--minFontSize:16;line-height:1.6;\"><a href=\"https:\/\/www.choral-events.com\/en\/chorales\/jeans-choir\/\" class=\"awb-custom-text-color awb-custom-text-hover-color\" target=\"_self\">Jean\u2019s Choir<\/a><\/p><\/div><div class=\"fusion-separator\" style=\"align-self: center;margin-left: auto;margin-right: auto;flex-grow:10;margin-top:5px;margin-bottom:10px;width:100%;max-width:70px;\"><div class=\"fusion-separator-border sep-single sep-solid\" style=\"--awb-height:20px;--awb-amount:20px;border-color:var(--awb-color2);border-top-width:1px;\"><\/div><\/div><div class=\"fusion-text fusion-text-117\" style=\"--awb-content-alignment:center;--awb-text-transform:capitalize;--awb-text-color:var(--awb-color4);\"><p>Israel<\/p>\n<\/div><\/div><\/li>\n<li class=\"fusion-layout-column fusion_builder_column fusion-builder-column-118 fusion-flex-column fusion-animated post-card fusion-grid-column fusion-post-cards-grid-column 2022 france fusion-animated\" style=\"--awb-padding-bottom:5px;--awb-overflow:hidden;--awb-bg-color:var(--awb-color1);--awb-bg-color-hover:var(--awb-custom_color_2);--awb-bg-size:cover;--awb-box-shadow:0px 0px 24px hsla(var(--awb-color7-h),var(--awb-color7-s),var(--awb-color7-l),calc(var(--awb-color7-a) - 40%));;--awb-border-color:var(--awb-color4);--awb-border-color-hover:var(--awb-color7);--awb-border-top:1px;--awb-border-right:1px;--awb-border-bottom:1px;--awb-border-left:1px;--awb-border-style:solid;--awb-border-radius:6px 6px 6px 6px;--awb-flex-grow:0;--awb-flex-shrink:0;--awb-flex-grow-medium:0;--awb-flex-shrink-medium:0;--awb-flex-grow-small:0;--awb-flex-shrink-small:0;\" data-animationType=\"fadeIn\" data-animationDuration=\"1.3\" data-animationOffset=\"top-into-view\"><div class=\"fusion-column-wrapper fusion-column-has-shadow fusion-flex-justify-content-flex-start fusion-content-layout-column\"><div class=\"fusion-image-element \" style=\"--awb-aspect-ratio:16 \/ 9;--awb-margin-bottom:10px;--awb-caption-title-font-family:var(--h2_typography-font-family);--awb-caption-title-font-weight:var(--h2_typography-font-weight);--awb-caption-title-font-style:var(--h2_typography-font-style);--awb-caption-title-size:var(--h2_typography-font-size);--awb-caption-title-transform:var(--h2_typography-text-transform);--awb-caption-title-line-height:var(--h2_typography-line-height);--awb-caption-title-letter-spacing:var(--h2_typography-letter-spacing);\"><span class=\" fusion-imageframe imageframe-none imageframe-117 hover-type-none has-aspect-ratio\"><a class=\"fusion-no-lightbox\" href=\"https:\/\/www.choral-events.com\/en\/chorales\/jourdain-choir\/\" target=\"_self\" aria-label=\"3_-Chorale-Jourdain_-photo-page-web-2\"><img decoding=\"async\" width=\"550\" height=\"350\" src=\"https:\/\/www.choral-events.com\/wp-content\/uploads\/2026\/02\/3_-Chorale-Jourdain_-photo-page-web-2.png\" class=\"img-responsive wp-image-51675 img-with-aspect-ratio\" data-parent-fit=\"cover\" data-parent-container=\".fusion-image-element\" alt srcset=\"https:\/\/www.choral-events.com\/wp-content\/uploads\/2026\/02\/3_-Chorale-Jourdain_-photo-page-web-2-200x127.png 200w, https:\/\/www.choral-events.com\/wp-content\/uploads\/2026\/02\/3_-Chorale-Jourdain_-photo-page-web-2-400x255.png 400w, https:\/\/www.choral-events.com\/wp-content\/uploads\/2026\/02\/3_-Chorale-Jourdain_-photo-page-web-2.png 550w\" sizes=\"(max-width: 1024px) 100vw, (max-width: 640px) 100vw, 550px\" \/><\/a><\/span><\/div><div class=\"fusion-title title fusion-title-119 fusion-sep-none fusion-title-center fusion-title-text fusion-title-size-paragraph\" style=\"--awb-text-color:var(--awb-color7);--awb-margin-top:10px;--awb-margin-right:5px;--awb-margin-bottom:10px;--awb-margin-left:5px;--awb-margin-top-small:16px;--awb-margin-right-small:0px;--awb-margin-bottom-small:10px;--awb-margin-left-small:0px;--awb-link-color:var(--awb-color7);--awb-font-size:16px;\"><p class=\"fusion-title-heading title-heading-center title-heading-tag fusion-responsive-typography-calculated\" style=\"margin:0;font-size:1em;--fontSize:16;--minFontSize:16;line-height:1.6;\"><a href=\"https:\/\/www.choral-events.com\/en\/chorales\/jourdain-choir\/\" class=\"awb-custom-text-color awb-custom-text-hover-color\" target=\"_self\">Jourdain Choir<\/a><\/p><\/div><div class=\"fusion-separator\" style=\"align-self: center;margin-left: auto;margin-right: auto;flex-grow:10;margin-top:5px;margin-bottom:10px;width:100%;max-width:70px;\"><div class=\"fusion-separator-border sep-single sep-solid\" style=\"--awb-height:20px;--awb-amount:20px;border-color:var(--awb-color2);border-top-width:1px;\"><\/div><\/div><div class=\"fusion-text fusion-text-118\" style=\"--awb-content-alignment:center;--awb-text-transform:capitalize;--awb-text-color:var(--awb-color4);\"><p>France<\/p>\n<\/div><\/div><\/li>\n<li class=\"fusion-layout-column fusion_builder_column fusion-builder-column-119 fusion-flex-column fusion-animated post-card fusion-grid-column fusion-post-cards-grid-column 2022 lithuania fusion-animated\" style=\"--awb-padding-bottom:5px;--awb-overflow:hidden;--awb-bg-color:var(--awb-color1);--awb-bg-color-hover:var(--awb-custom_color_2);--awb-bg-size:cover;--awb-box-shadow:0px 0px 24px hsla(var(--awb-color7-h),var(--awb-color7-s),var(--awb-color7-l),calc(var(--awb-color7-a) - 40%));;--awb-border-color:var(--awb-color4);--awb-border-color-hover:var(--awb-color7);--awb-border-top:1px;--awb-border-right:1px;--awb-border-bottom:1px;--awb-border-left:1px;--awb-border-style:solid;--awb-border-radius:6px 6px 6px 6px;--awb-flex-grow:0;--awb-flex-shrink:0;--awb-flex-grow-medium:0;--awb-flex-shrink-medium:0;--awb-flex-grow-small:0;--awb-flex-shrink-small:0;\" data-animationType=\"fadeIn\" data-animationDuration=\"1.3\" data-animationOffset=\"top-into-view\"><div class=\"fusion-column-wrapper fusion-column-has-shadow fusion-flex-justify-content-flex-start fusion-content-layout-column\"><div class=\"fusion-image-element \" style=\"--awb-aspect-ratio:16 \/ 9;--awb-margin-bottom:10px;--awb-caption-title-font-family:var(--h2_typography-font-family);--awb-caption-title-font-weight:var(--h2_typography-font-weight);--awb-caption-title-font-style:var(--h2_typography-font-style);--awb-caption-title-size:var(--h2_typography-font-size);--awb-caption-title-transform:var(--h2_typography-text-transform);--awb-caption-title-line-height:var(--h2_typography-line-height);--awb-caption-title-letter-spacing:var(--h2_typography-letter-spacing);\"><span class=\" fusion-imageframe imageframe-none imageframe-118 hover-type-none has-aspect-ratio\"><a class=\"fusion-no-lightbox\" href=\"https:\/\/www.choral-events.com\/en\/chorales\/kivi-junior-choir\/\" target=\"_self\" aria-label=\"1_Kivi_-choir-Lithuania-photo-page-web\"><img decoding=\"async\" width=\"550\" height=\"350\" src=\"https:\/\/www.choral-events.com\/wp-content\/uploads\/2026\/02\/1_Kivi_-choir-Lituanie-photo-page-web.png\" class=\"img-responsive wp-image-51732 img-with-aspect-ratio\" data-parent-fit=\"cover\" data-parent-container=\".fusion-image-element\" alt srcset=\"https:\/\/www.choral-events.com\/wp-content\/uploads\/2026\/02\/1_Kivi_-choir-Lituanie-photo-page-web-200x127.png 200w, https:\/\/www.choral-events.com\/wp-content\/uploads\/2026\/02\/1_Kivi_-choir-Lituanie-photo-page-web-400x255.png 400w, https:\/\/www.choral-events.com\/wp-content\/uploads\/2026\/02\/1_Kivi_-choir-Lituanie-photo-page-web.png 550w\" sizes=\"(max-width: 1024px) 100vw, (max-width: 640px) 100vw, 550px\" \/><\/a><\/span><\/div><div class=\"fusion-title title fusion-title-120 fusion-sep-none fusion-title-center fusion-title-text fusion-title-size-paragraph\" style=\"--awb-text-color:var(--awb-color7);--awb-margin-top:10px;--awb-margin-right:5px;--awb-margin-bottom:10px;--awb-margin-left:5px;--awb-margin-top-small:16px;--awb-margin-right-small:0px;--awb-margin-bottom-small:10px;--awb-margin-left-small:0px;--awb-link-color:var(--awb-color7);--awb-font-size:16px;\"><p class=\"fusion-title-heading title-heading-center title-heading-tag fusion-responsive-typography-calculated\" style=\"margin:0;font-size:1em;--fontSize:16;--minFontSize:16;line-height:1.6;\"><a href=\"https:\/\/www.choral-events.com\/en\/chorales\/kivi-junior-choir\/\" class=\"awb-custom-text-color awb-custom-text-hover-color\" target=\"_self\">Kivi Junior Choir<\/a><\/p><\/div><div class=\"fusion-separator\" style=\"align-self: center;margin-left: auto;margin-right: auto;flex-grow:10;margin-top:5px;margin-bottom:10px;width:100%;max-width:70px;\"><div class=\"fusion-separator-border sep-single sep-solid\" style=\"--awb-height:20px;--awb-amount:20px;border-color:var(--awb-color2);border-top-width:1px;\"><\/div><\/div><div class=\"fusion-text fusion-text-119\" style=\"--awb-content-alignment:center;--awb-text-transform:capitalize;--awb-text-color:var(--awb-color4);\"><p>Lithuania<\/p>\n<\/div><\/div><\/li>\n<li class=\"fusion-layout-column fusion_builder_column fusion-builder-column-120 fusion-flex-column fusion-animated post-card fusion-grid-column fusion-post-cards-grid-column 2022 lithuania fusion-animated\" style=\"--awb-padding-bottom:5px;--awb-overflow:hidden;--awb-bg-color:var(--awb-color1);--awb-bg-color-hover:var(--awb-custom_color_2);--awb-bg-size:cover;--awb-box-shadow:0px 0px 24px hsla(var(--awb-color7-h),var(--awb-color7-s),var(--awb-color7-l),calc(var(--awb-color7-a) - 40%));;--awb-border-color:var(--awb-color4);--awb-border-color-hover:var(--awb-color7);--awb-border-top:1px;--awb-border-right:1px;--awb-border-bottom:1px;--awb-border-left:1px;--awb-border-style:solid;--awb-border-radius:6px 6px 6px 6px;--awb-flex-grow:0;--awb-flex-shrink:0;--awb-flex-grow-medium:0;--awb-flex-shrink-medium:0;--awb-flex-grow-small:0;--awb-flex-shrink-small:0;\" data-animationType=\"fadeIn\" data-animationDuration=\"1.3\" data-animationOffset=\"top-into-view\"><div class=\"fusion-column-wrapper fusion-column-has-shadow fusion-flex-justify-content-flex-start fusion-content-layout-column\"><div class=\"fusion-image-element \" style=\"--awb-aspect-ratio:16 \/ 9;--awb-margin-bottom:10px;--awb-caption-title-font-family:var(--h2_typography-font-family);--awb-caption-title-font-weight:var(--h2_typography-font-weight);--awb-caption-title-font-style:var(--h2_typography-font-style);--awb-caption-title-size:var(--h2_typography-font-size);--awb-caption-title-transform:var(--h2_typography-text-transform);--awb-caption-title-line-height:var(--h2_typography-line-height);--awb-caption-title-letter-spacing:var(--h2_typography-letter-spacing);\"><span class=\" fusion-imageframe imageframe-none imageframe-119 hover-type-none has-aspect-ratio\"><a class=\"fusion-no-lightbox\" href=\"https:\/\/www.choral-events.com\/en\/chorales\/kivi-vocal-group\/\" target=\"_self\" aria-label=\"2_Kivi_youth_-choir-Lithuania-photo-page-web\"><img decoding=\"async\" width=\"550\" height=\"350\" src=\"https:\/\/www.choral-events.com\/wp-content\/uploads\/2026\/02\/2_Kivi_youth_-choir-Lituanie-photo-page-web.png\" class=\"img-responsive wp-image-51728 img-with-aspect-ratio\" data-parent-fit=\"cover\" data-parent-container=\".fusion-image-element\" alt srcset=\"https:\/\/www.choral-events.com\/wp-content\/uploads\/2026\/02\/2_Kivi_youth_-choir-Lituanie-photo-page-web-200x127.png 200w, https:\/\/www.choral-events.com\/wp-content\/uploads\/2026\/02\/2_Kivi_youth_-choir-Lituanie-photo-page-web-400x255.png 400w, https:\/\/www.choral-events.com\/wp-content\/uploads\/2026\/02\/2_Kivi_youth_-choir-Lituanie-photo-page-web.png 550w\" sizes=\"(max-width: 1024px) 100vw, (max-width: 640px) 100vw, 550px\" \/><\/a><\/span><\/div><div class=\"fusion-title title fusion-title-121 fusion-sep-none fusion-title-center fusion-title-text fusion-title-size-paragraph\" style=\"--awb-text-color:var(--awb-color7);--awb-margin-top:10px;--awb-margin-right:5px;--awb-margin-bottom:10px;--awb-margin-left:5px;--awb-margin-top-small:16px;--awb-margin-right-small:0px;--awb-margin-bottom-small:10px;--awb-margin-left-small:0px;--awb-link-color:var(--awb-color7);--awb-font-size:16px;\"><p class=\"fusion-title-heading title-heading-center title-heading-tag fusion-responsive-typography-calculated\" style=\"margin:0;font-size:1em;--fontSize:16;--minFontSize:16;line-height:1.6;\"><a href=\"https:\/\/www.choral-events.com\/en\/chorales\/kivi-vocal-group\/\" class=\"awb-custom-text-color awb-custom-text-hover-color\" target=\"_self\">Kivi Vocal Group<\/a><\/p><\/div><div class=\"fusion-separator\" style=\"align-self: center;margin-left: auto;margin-right: auto;flex-grow:10;margin-top:5px;margin-bottom:10px;width:100%;max-width:70px;\"><div class=\"fusion-separator-border sep-single sep-solid\" style=\"--awb-height:20px;--awb-amount:20px;border-color:var(--awb-color2);border-top-width:1px;\"><\/div><\/div><div class=\"fusion-text fusion-text-120\" style=\"--awb-content-alignment:center;--awb-text-transform:capitalize;--awb-text-color:var(--awb-color4);\"><p>Lithuania<\/p>\n<\/div><\/div><\/li>\n<li class=\"fusion-layout-column fusion_builder_column fusion-builder-column-121 fusion-flex-column fusion-animated post-card fusion-grid-column fusion-post-cards-grid-column 2024 latvia fusion-animated\" style=\"--awb-padding-bottom:5px;--awb-overflow:hidden;--awb-bg-color:var(--awb-color1);--awb-bg-color-hover:var(--awb-custom_color_2);--awb-bg-size:cover;--awb-box-shadow:0px 0px 24px hsla(var(--awb-color7-h),var(--awb-color7-s),var(--awb-color7-l),calc(var(--awb-color7-a) - 40%));;--awb-border-color:var(--awb-color4);--awb-border-color-hover:var(--awb-color7);--awb-border-top:1px;--awb-border-right:1px;--awb-border-bottom:1px;--awb-border-left:1px;--awb-border-style:solid;--awb-border-radius:6px 6px 6px 6px;--awb-flex-grow:0;--awb-flex-shrink:0;--awb-flex-grow-medium:0;--awb-flex-shrink-medium:0;--awb-flex-grow-small:0;--awb-flex-shrink-small:0;\" data-animationType=\"fadeIn\" data-animationDuration=\"1.3\" data-animationOffset=\"top-into-view\"><div class=\"fusion-column-wrapper fusion-column-has-shadow fusion-flex-justify-content-flex-start fusion-content-layout-column\"><div class=\"fusion-image-element \" style=\"--awb-aspect-ratio:16 \/ 9;--awb-margin-bottom:10px;--awb-caption-title-font-family:var(--h2_typography-font-family);--awb-caption-title-font-weight:var(--h2_typography-font-weight);--awb-caption-title-font-style:var(--h2_typography-font-style);--awb-caption-title-size:var(--h2_typography-font-size);--awb-caption-title-transform:var(--h2_typography-text-transform);--awb-caption-title-line-height:var(--h2_typography-line-height);--awb-caption-title-letter-spacing:var(--h2_typography-letter-spacing);\"><span class=\" fusion-imageframe imageframe-none imageframe-120 hover-type-none has-aspect-ratio\"><a class=\"fusion-no-lightbox\" href=\"https:\/\/www.choral-events.com\/en\/chorales\/kolibri\/\" target=\"_self\" aria-label=\"Latvia_Kolibri _web page photos (2)\"><img decoding=\"async\" width=\"550\" height=\"350\" alt=\"The Hummingbird (Kolibri)\" src=\"https:\/\/www.choral-events.com\/wp-content\/uploads\/2024\/03\/Lettonie_Kolibri-_photos-page-web-2.png\" class=\"img-responsive wp-image-49880 img-with-aspect-ratio\" data-parent-fit=\"cover\" data-parent-container=\".fusion-image-element\" srcset=\"https:\/\/www.choral-events.com\/wp-content\/uploads\/2024\/03\/Lettonie_Kolibri-_photos-page-web-2-200x127.png 200w, https:\/\/www.choral-events.com\/wp-content\/uploads\/2024\/03\/Lettonie_Kolibri-_photos-page-web-2-400x255.png 400w, https:\/\/www.choral-events.com\/wp-content\/uploads\/2024\/03\/Lettonie_Kolibri-_photos-page-web-2.png 550w\" sizes=\"(max-width: 1024px) 100vw, (max-width: 640px) 100vw, 550px\" \/><\/a><\/span><\/div><div class=\"fusion-title title fusion-title-122 fusion-sep-none fusion-title-center fusion-title-text fusion-title-size-paragraph\" style=\"--awb-text-color:var(--awb-color7);--awb-margin-top:10px;--awb-margin-right:5px;--awb-margin-bottom:10px;--awb-margin-left:5px;--awb-margin-top-small:16px;--awb-margin-right-small:0px;--awb-margin-bottom-small:10px;--awb-margin-left-small:0px;--awb-link-color:var(--awb-color7);--awb-font-size:16px;\"><p class=\"fusion-title-heading title-heading-center title-heading-tag fusion-responsive-typography-calculated\" style=\"margin:0;font-size:1em;--fontSize:16;--minFontSize:16;line-height:1.6;\"><a href=\"https:\/\/www.choral-events.com\/en\/chorales\/kolibri\/\" class=\"awb-custom-text-color awb-custom-text-hover-color\" target=\"_self\">Kolibri<\/a><\/p><\/div><div class=\"fusion-separator\" style=\"align-self: center;margin-left: auto;margin-right: auto;flex-grow:10;margin-top:5px;margin-bottom:10px;width:100%;max-width:70px;\"><div class=\"fusion-separator-border sep-single sep-solid\" style=\"--awb-height:20px;--awb-amount:20px;border-color:var(--awb-color2);border-top-width:1px;\"><\/div><\/div><div class=\"fusion-text fusion-text-121\" style=\"--awb-content-alignment:center;--awb-text-transform:capitalize;--awb-text-color:var(--awb-color4);\"><p>Latvia<\/p>\n<\/div><\/div><\/li>\n<li class=\"fusion-layout-column fusion_builder_column fusion-builder-column-122 fusion-flex-column fusion-animated post-card fusion-grid-column fusion-post-cards-grid-column 2023 belgium fusion-animated\" style=\"--awb-padding-bottom:5px;--awb-overflow:hidden;--awb-bg-color:var(--awb-color1);--awb-bg-color-hover:var(--awb-custom_color_2);--awb-bg-size:cover;--awb-box-shadow:0px 0px 24px hsla(var(--awb-color7-h),var(--awb-color7-s),var(--awb-color7-l),calc(var(--awb-color7-a) - 40%));;--awb-border-color:var(--awb-color4);--awb-border-color-hover:var(--awb-color7);--awb-border-top:1px;--awb-border-right:1px;--awb-border-bottom:1px;--awb-border-left:1px;--awb-border-style:solid;--awb-border-radius:6px 6px 6px 6px;--awb-flex-grow:0;--awb-flex-shrink:0;--awb-flex-grow-medium:0;--awb-flex-shrink-medium:0;--awb-flex-grow-small:0;--awb-flex-shrink-small:0;\" data-animationType=\"fadeIn\" data-animationDuration=\"1.3\" data-animationOffset=\"top-into-view\"><div class=\"fusion-column-wrapper fusion-column-has-shadow fusion-flex-justify-content-flex-start fusion-content-layout-column\"><div class=\"fusion-image-element \" style=\"--awb-aspect-ratio:16 \/ 9;--awb-margin-bottom:10px;--awb-caption-title-font-family:var(--h2_typography-font-family);--awb-caption-title-font-weight:var(--h2_typography-font-weight);--awb-caption-title-font-style:var(--h2_typography-font-style);--awb-caption-title-size:var(--h2_typography-font-size);--awb-caption-title-transform:var(--h2_typography-text-transform);--awb-caption-title-line-height:var(--h2_typography-line-height);--awb-caption-title-letter-spacing:var(--h2_typography-letter-spacing);\"><span class=\" fusion-imageframe imageframe-none imageframe-121 hover-type-none has-aspect-ratio\"><a class=\"fusion-no-lightbox\" href=\"https:\/\/www.choral-events.com\/en\/chorales\/la-cigale-de-verviers\/\" target=\"_self\" aria-label=\"Belgium-La-Cigale-de-Verviers-web-page-photo-\"><img decoding=\"async\" width=\"550\" height=\"350\" src=\"https:\/\/www.choral-events.com\/wp-content\/uploads\/2026\/02\/Belgique-La-Cigale-de-Verviers-photo-page-web-.png\" class=\"img-responsive wp-image-49659 img-with-aspect-ratio\" data-parent-fit=\"cover\" data-parent-container=\".fusion-image-element\" alt srcset=\"https:\/\/www.choral-events.com\/wp-content\/uploads\/2026\/02\/Belgique-La-Cigale-de-Verviers-photo-page-web--200x127.png 200w, https:\/\/www.choral-events.com\/wp-content\/uploads\/2026\/02\/Belgique-La-Cigale-de-Verviers-photo-page-web--400x255.png 400w, https:\/\/www.choral-events.com\/wp-content\/uploads\/2026\/02\/Belgique-La-Cigale-de-Verviers-photo-page-web-.png 550w\" sizes=\"(max-width: 1024px) 100vw, (max-width: 640px) 100vw, 550px\" \/><\/a><\/span><\/div><div class=\"fusion-title title fusion-title-123 fusion-sep-none fusion-title-center fusion-title-text fusion-title-size-paragraph\" style=\"--awb-text-color:var(--awb-color7);--awb-margin-top:10px;--awb-margin-right:5px;--awb-margin-bottom:10px;--awb-margin-left:5px;--awb-margin-top-small:16px;--awb-margin-right-small:0px;--awb-margin-bottom-small:10px;--awb-margin-left-small:0px;--awb-link-color:var(--awb-color7);--awb-font-size:16px;\"><p class=\"fusion-title-heading title-heading-center title-heading-tag fusion-responsive-typography-calculated\" style=\"margin:0;font-size:1em;--fontSize:16;--minFontSize:16;line-height:1.6;\"><a href=\"https:\/\/www.choral-events.com\/en\/chorales\/la-cigale-de-verviers\/\" class=\"awb-custom-text-color awb-custom-text-hover-color\" target=\"_self\">La Cigale de Verviers<\/a><\/p><\/div><div class=\"fusion-separator\" style=\"align-self: center;margin-left: auto;margin-right: auto;flex-grow:10;margin-top:5px;margin-bottom:10px;width:100%;max-width:70px;\"><div class=\"fusion-separator-border sep-single sep-solid\" style=\"--awb-height:20px;--awb-amount:20px;border-color:var(--awb-color2);border-top-width:1px;\"><\/div><\/div><div class=\"fusion-text fusion-text-122\" style=\"--awb-content-alignment:center;--awb-text-transform:capitalize;--awb-text-color:var(--awb-color4);\"><p>Belgium<\/p>\n<\/div><\/div><\/li>\n<li class=\"fusion-layout-column fusion_builder_column fusion-builder-column-123 fusion-flex-column fusion-animated post-card fusion-grid-column fusion-post-cards-grid-column 2025 italy fusion-animated\" style=\"--awb-padding-bottom:5px;--awb-overflow:hidden;--awb-bg-color:var(--awb-color1);--awb-bg-color-hover:var(--awb-custom_color_2);--awb-bg-size:cover;--awb-box-shadow:0px 0px 24px hsla(var(--awb-color7-h),var(--awb-color7-s),var(--awb-color7-l),calc(var(--awb-color7-a) - 40%));;--awb-border-color:var(--awb-color4);--awb-border-color-hover:var(--awb-color7);--awb-border-top:1px;--awb-border-right:1px;--awb-border-bottom:1px;--awb-border-left:1px;--awb-border-style:solid;--awb-border-radius:6px 6px 6px 6px;--awb-flex-grow:0;--awb-flex-shrink:0;--awb-flex-grow-medium:0;--awb-flex-shrink-medium:0;--awb-flex-grow-small:0;--awb-flex-shrink-small:0;\" data-animationType=\"fadeIn\" data-animationDuration=\"1.3\" data-animationOffset=\"top-into-view\"><div class=\"fusion-column-wrapper fusion-column-has-shadow fusion-flex-justify-content-flex-start fusion-content-layout-column\"><div class=\"fusion-image-element \" style=\"--awb-aspect-ratio:16 \/ 9;--awb-margin-bottom:10px;--awb-caption-title-font-family:var(--h2_typography-font-family);--awb-caption-title-font-weight:var(--h2_typography-font-weight);--awb-caption-title-font-style:var(--h2_typography-font-style);--awb-caption-title-size:var(--h2_typography-font-size);--awb-caption-title-transform:var(--h2_typography-text-transform);--awb-caption-title-line-height:var(--h2_typography-line-height);--awb-caption-title-letter-spacing:var(--h2_typography-letter-spacing);\"><span class=\" fusion-imageframe imageframe-none imageframe-122 hover-type-none has-aspect-ratio\"><a class=\"fusion-no-lightbox\" href=\"https:\/\/www.choral-events.com\/en\/chorales\/ladinia-womens-choir\/\" target=\"_self\" aria-label=\"Ladinia Choir Festival\"><img decoding=\"async\" width=\"2048\" height=\"1366\" alt=\"European choir festival with several choirs in purple costumes.\" src=\"https:\/\/www.choral-events.com\/wp-content\/uploads\/2025\/01\/364790239_802717364938750_3029879943413306579_n.jpg\" class=\"img-responsive wp-image-49319 img-with-aspect-ratio\" data-parent-fit=\"cover\" data-parent-container=\".fusion-image-element\" srcset=\"https:\/\/www.choral-events.com\/wp-content\/uploads\/2025\/01\/364790239_802717364938750_3029879943413306579_n-200x133.jpg 200w, https:\/\/www.choral-events.com\/wp-content\/uploads\/2025\/01\/364790239_802717364938750_3029879943413306579_n-400x267.jpg 400w, https:\/\/www.choral-events.com\/wp-content\/uploads\/2025\/01\/364790239_802717364938750_3029879943413306579_n-600x400.jpg 600w, https:\/\/www.choral-events.com\/wp-content\/uploads\/2025\/01\/364790239_802717364938750_3029879943413306579_n-800x534.jpg 800w, https:\/\/www.choral-events.com\/wp-content\/uploads\/2025\/01\/364790239_802717364938750_3029879943413306579_n-1200x800.jpg 1200w, https:\/\/www.choral-events.com\/wp-content\/uploads\/2025\/01\/364790239_802717364938750_3029879943413306579_n.jpg 2048w\" sizes=\"(max-width: 1024px) 100vw, (max-width: 640px) 100vw, 2048px\" \/><\/a><\/span><\/div><div class=\"fusion-title title fusion-title-124 fusion-sep-none fusion-title-center fusion-title-text fusion-title-size-paragraph\" style=\"--awb-text-color:var(--awb-color7);--awb-margin-top:10px;--awb-margin-right:5px;--awb-margin-bottom:10px;--awb-margin-left:5px;--awb-margin-top-small:16px;--awb-margin-right-small:0px;--awb-margin-bottom-small:10px;--awb-margin-left-small:0px;--awb-link-color:var(--awb-color7);--awb-font-size:16px;\"><p class=\"fusion-title-heading title-heading-center title-heading-tag fusion-responsive-typography-calculated\" style=\"margin:0;font-size:1em;--fontSize:16;--minFontSize:16;line-height:1.6;\"><a href=\"https:\/\/www.choral-events.com\/en\/chorales\/ladinia-womens-choir\/\" class=\"awb-custom-text-color awb-custom-text-hover-color\" target=\"_self\">Ladinia Women\u2019s Choir<\/a><\/p><\/div><div class=\"fusion-separator\" style=\"align-self: center;margin-left: auto;margin-right: auto;flex-grow:10;margin-top:5px;margin-bottom:10px;width:100%;max-width:70px;\"><div class=\"fusion-separator-border sep-single sep-solid\" style=\"--awb-height:20px;--awb-amount:20px;border-color:var(--awb-color2);border-top-width:1px;\"><\/div><\/div><div class=\"fusion-text fusion-text-123\" style=\"--awb-content-alignment:center;--awb-text-transform:capitalize;--awb-text-color:var(--awb-color4);\"><p>Italy<\/p>\n<\/div><\/div><\/li>\n<li class=\"fusion-layout-column fusion_builder_column fusion-builder-column-124 fusion-flex-column fusion-animated post-card fusion-grid-column fusion-post-cards-grid-column 2022 spain fusion-animated\" style=\"--awb-padding-bottom:5px;--awb-overflow:hidden;--awb-bg-color:var(--awb-color1);--awb-bg-color-hover:var(--awb-custom_color_2);--awb-bg-size:cover;--awb-box-shadow:0px 0px 24px hsla(var(--awb-color7-h),var(--awb-color7-s),var(--awb-color7-l),calc(var(--awb-color7-a) - 40%));;--awb-border-color:var(--awb-color4);--awb-border-color-hover:var(--awb-color7);--awb-border-top:1px;--awb-border-right:1px;--awb-border-bottom:1px;--awb-border-left:1px;--awb-border-style:solid;--awb-border-radius:6px 6px 6px 6px;--awb-flex-grow:0;--awb-flex-shrink:0;--awb-flex-grow-medium:0;--awb-flex-shrink-medium:0;--awb-flex-grow-small:0;--awb-flex-shrink-small:0;\" data-animationType=\"fadeIn\" data-animationDuration=\"1.3\" data-animationOffset=\"top-into-view\"><div class=\"fusion-column-wrapper fusion-column-has-shadow fusion-flex-justify-content-flex-start fusion-content-layout-column\"><div class=\"fusion-image-element \" style=\"--awb-aspect-ratio:16 \/ 9;--awb-margin-bottom:10px;--awb-caption-title-font-family:var(--h2_typography-font-family);--awb-caption-title-font-weight:var(--h2_typography-font-weight);--awb-caption-title-font-style:var(--h2_typography-font-style);--awb-caption-title-size:var(--h2_typography-font-size);--awb-caption-title-transform:var(--h2_typography-text-transform);--awb-caption-title-line-height:var(--h2_typography-line-height);--awb-caption-title-letter-spacing:var(--h2_typography-letter-spacing);\"><span class=\" fusion-imageframe imageframe-none imageframe-123 hover-type-none has-aspect-ratio\"><a class=\"fusion-no-lightbox\" href=\"https:\/\/www.choral-events.com\/en\/chorales\/landarbaso-abesbatza\/\" target=\"_self\" aria-label=\"5_Landarbaso-spain-photo-page-web-\"><img decoding=\"async\" width=\"550\" height=\"350\" src=\"https:\/\/www.choral-events.com\/wp-content\/uploads\/2026\/02\/5_Landarbaso-espagne-photo-page-web-.jpg\" class=\"img-responsive wp-image-51740 img-with-aspect-ratio\" data-parent-fit=\"cover\" data-parent-container=\".fusion-image-element\" alt srcset=\"https:\/\/www.choral-events.com\/wp-content\/uploads\/2026\/02\/5_Landarbaso-espagne-photo-page-web--200x127.jpg 200w, https:\/\/www.choral-events.com\/wp-content\/uploads\/2026\/02\/5_Landarbaso-espagne-photo-page-web--400x255.jpg 400w, https:\/\/www.choral-events.com\/wp-content\/uploads\/2026\/02\/5_Landarbaso-espagne-photo-page-web-.jpg 550w\" sizes=\"(max-width: 1024px) 100vw, (max-width: 640px) 100vw, 550px\" \/><\/a><\/span><\/div><div class=\"fusion-title title fusion-title-125 fusion-sep-none fusion-title-center fusion-title-text fusion-title-size-paragraph\" style=\"--awb-text-color:var(--awb-color7);--awb-margin-top:10px;--awb-margin-right:5px;--awb-margin-bottom:10px;--awb-margin-left:5px;--awb-margin-top-small:16px;--awb-margin-right-small:0px;--awb-margin-bottom-small:10px;--awb-margin-left-small:0px;--awb-link-color:var(--awb-color7);--awb-font-size:16px;\"><p class=\"fusion-title-heading title-heading-center title-heading-tag fusion-responsive-typography-calculated\" style=\"margin:0;font-size:1em;--fontSize:16;--minFontSize:16;line-height:1.6;\"><a href=\"https:\/\/www.choral-events.com\/en\/chorales\/landarbaso-abesbatza\/\" class=\"awb-custom-text-color awb-custom-text-hover-color\" target=\"_self\">Landarbaso Abesbatza<\/a><\/p><\/div><div class=\"fusion-separator\" style=\"align-self: center;margin-left: auto;margin-right: auto;flex-grow:10;margin-top:5px;margin-bottom:10px;width:100%;max-width:70px;\"><div class=\"fusion-separator-border sep-single sep-solid\" style=\"--awb-height:20px;--awb-amount:20px;border-color:var(--awb-color2);border-top-width:1px;\"><\/div><\/div><div class=\"fusion-text fusion-text-124\" style=\"--awb-content-alignment:center;--awb-text-transform:capitalize;--awb-text-color:var(--awb-color4);\"><p>Spain \u2013 Basque Country<\/p>\n<\/div><\/div><\/li>\n<li class=\"fusion-layout-column fusion_builder_column fusion-builder-column-125 fusion-flex-column fusion-animated post-card fusion-grid-column fusion-post-cards-grid-column 2024 spain fusion-animated\" style=\"--awb-padding-bottom:5px;--awb-overflow:hidden;--awb-bg-color:var(--awb-color1);--awb-bg-color-hover:var(--awb-custom_color_2);--awb-bg-size:cover;--awb-box-shadow:0px 0px 24px hsla(var(--awb-color7-h),var(--awb-color7-s),var(--awb-color7-l),calc(var(--awb-color7-a) - 40%));;--awb-border-color:var(--awb-color4);--awb-border-color-hover:var(--awb-color7);--awb-border-top:1px;--awb-border-right:1px;--awb-border-bottom:1px;--awb-border-left:1px;--awb-border-style:solid;--awb-border-radius:6px 6px 6px 6px;--awb-flex-grow:0;--awb-flex-shrink:0;--awb-flex-grow-medium:0;--awb-flex-shrink-medium:0;--awb-flex-grow-small:0;--awb-flex-shrink-small:0;\" data-animationType=\"fadeIn\" data-animationDuration=\"1.3\" data-animationOffset=\"top-into-view\"><div class=\"fusion-column-wrapper fusion-column-has-shadow fusion-flex-justify-content-flex-start fusion-content-layout-column\"><div class=\"fusion-image-element \" style=\"--awb-aspect-ratio:16 \/ 9;--awb-margin-bottom:10px;--awb-caption-title-font-family:var(--h2_typography-font-family);--awb-caption-title-font-weight:var(--h2_typography-font-weight);--awb-caption-title-font-style:var(--h2_typography-font-style);--awb-caption-title-size:var(--h2_typography-font-size);--awb-caption-title-transform:var(--h2_typography-text-transform);--awb-caption-title-line-height:var(--h2_typography-line-height);--awb-caption-title-letter-spacing:var(--h2_typography-letter-spacing);\"><span class=\" fusion-imageframe imageframe-none imageframe-124 hover-type-none has-aspect-ratio\"><a class=\"fusion-no-lightbox\" href=\"https:\/\/www.choral-events.com\/en\/chorales\/landarbasoko-dizdizka\/\" target=\"_self\"><img decoding=\"async\" src=\"https:\/\/www.choral-events.eskale.fr\/wp-content\/uploads\/2026\/02\/Chorales-2022.jpg\" class=\"img-responsive img-with-aspect-ratio\" data-parent-fit=\"cover\" data-parent-container=\".fusion-image-element\" alt \/><\/a><\/span><\/div><div class=\"fusion-title title fusion-title-126 fusion-sep-none fusion-title-center fusion-title-text fusion-title-size-paragraph\" style=\"--awb-text-color:var(--awb-color7);--awb-margin-top:10px;--awb-margin-right:5px;--awb-margin-bottom:10px;--awb-margin-left:5px;--awb-margin-top-small:16px;--awb-margin-right-small:0px;--awb-margin-bottom-small:10px;--awb-margin-left-small:0px;--awb-link-color:var(--awb-color7);--awb-font-size:16px;\"><p class=\"fusion-title-heading title-heading-center title-heading-tag fusion-responsive-typography-calculated\" style=\"margin:0;font-size:1em;--fontSize:16;--minFontSize:16;line-height:1.6;\"><a href=\"https:\/\/www.choral-events.com\/en\/chorales\/landarbasoko-dizdizka\/\" class=\"awb-custom-text-color awb-custom-text-hover-color\" target=\"_self\">Landarbasoko Dizdizka<\/a><\/p><\/div><div class=\"fusion-separator\" style=\"align-self: center;margin-left: auto;margin-right: auto;flex-grow:10;margin-top:5px;margin-bottom:10px;width:100%;max-width:70px;\"><div class=\"fusion-separator-border sep-single sep-solid\" style=\"--awb-height:20px;--awb-amount:20px;border-color:var(--awb-color2);border-top-width:1px;\"><\/div><\/div><div class=\"fusion-text fusion-text-125\" style=\"--awb-content-alignment:center;--awb-text-transform:capitalize;--awb-text-color:var(--awb-color4);\"><p>Spain<\/p>\n<\/div><\/div><\/li>\n<li class=\"fusion-layout-column fusion_builder_column fusion-builder-column-126 fusion-flex-column fusion-animated post-card fusion-grid-column fusion-post-cards-grid-column 2025 italy fusion-animated\" style=\"--awb-padding-bottom:5px;--awb-overflow:hidden;--awb-bg-color:var(--awb-color1);--awb-bg-color-hover:var(--awb-custom_color_2);--awb-bg-size:cover;--awb-box-shadow:0px 0px 24px hsla(var(--awb-color7-h),var(--awb-color7-s),var(--awb-color7-l),calc(var(--awb-color7-a) - 40%));;--awb-border-color:var(--awb-color4);--awb-border-color-hover:var(--awb-color7);--awb-border-top:1px;--awb-border-right:1px;--awb-border-bottom:1px;--awb-border-left:1px;--awb-border-style:solid;--awb-border-radius:6px 6px 6px 6px;--awb-flex-grow:0;--awb-flex-shrink:0;--awb-flex-grow-medium:0;--awb-flex-shrink-medium:0;--awb-flex-grow-small:0;--awb-flex-shrink-small:0;\" data-animationType=\"fadeIn\" data-animationDuration=\"1.3\" data-animationOffset=\"top-into-view\"><div class=\"fusion-column-wrapper fusion-column-has-shadow fusion-flex-justify-content-flex-start fusion-content-layout-column\"><div class=\"fusion-image-element \" style=\"--awb-aspect-ratio:16 \/ 9;--awb-margin-bottom:10px;--awb-caption-title-font-family:var(--h2_typography-font-family);--awb-caption-title-font-weight:var(--h2_typography-font-weight);--awb-caption-title-font-style:var(--h2_typography-font-style);--awb-caption-title-size:var(--h2_typography-font-size);--awb-caption-title-transform:var(--h2_typography-text-transform);--awb-caption-title-line-height:var(--h2_typography-line-height);--awb-caption-title-letter-spacing:var(--h2_typography-letter-spacing);\"><span class=\" fusion-imageframe imageframe-none imageframe-125 hover-type-none has-aspect-ratio\"><a class=\"fusion-no-lightbox\" href=\"https:\/\/www.choral-events.com\/en\/chorales\/laudamus-choir\/\" target=\"_self\"><img decoding=\"async\" width=\"2560\" height=\"1708\" alt=\"Laudamus Choir\" src=\"https:\/\/www.choral-events.com\/wp-content\/uploads\/2025\/02\/EXwQPKPL-scaled-1.jpeg\" class=\"img-responsive wp-image-49302 img-with-aspect-ratio\" data-parent-fit=\"cover\" data-parent-container=\".fusion-image-element\" srcset=\"https:\/\/www.choral-events.com\/wp-content\/uploads\/2025\/02\/EXwQPKPL-scaled-1-200x133.jpeg 200w, https:\/\/www.choral-events.com\/wp-content\/uploads\/2025\/02\/EXwQPKPL-scaled-1-400x267.jpeg 400w, https:\/\/www.choral-events.com\/wp-content\/uploads\/2025\/02\/EXwQPKPL-scaled-1-600x400.jpeg 600w, https:\/\/www.choral-events.com\/wp-content\/uploads\/2025\/02\/EXwQPKPL-scaled-1-800x534.jpeg 800w, https:\/\/www.choral-events.com\/wp-content\/uploads\/2025\/02\/EXwQPKPL-scaled-1-1200x801.jpeg 1200w, https:\/\/www.choral-events.com\/wp-content\/uploads\/2025\/02\/EXwQPKPL-scaled-1.jpeg 2560w\" sizes=\"(max-width: 1024px) 100vw, (max-width: 640px) 100vw, 2560px\" \/><\/a><\/span><\/div><div class=\"fusion-title title fusion-title-127 fusion-sep-none fusion-title-center fusion-title-text fusion-title-size-paragraph\" style=\"--awb-text-color:var(--awb-color7);--awb-margin-top:10px;--awb-margin-right:5px;--awb-margin-bottom:10px;--awb-margin-left:5px;--awb-margin-top-small:16px;--awb-margin-right-small:0px;--awb-margin-bottom-small:10px;--awb-margin-left-small:0px;--awb-link-color:var(--awb-color7);--awb-font-size:16px;\"><p class=\"fusion-title-heading title-heading-center title-heading-tag fusion-responsive-typography-calculated\" style=\"margin:0;font-size:1em;--fontSize:16;--minFontSize:16;line-height:1.6;\"><a href=\"https:\/\/www.choral-events.com\/en\/chorales\/laudamus-choir\/\" class=\"awb-custom-text-color awb-custom-text-hover-color\" target=\"_self\">Laudamus Choir<\/a><\/p><\/div><div class=\"fusion-separator\" style=\"align-self: center;margin-left: auto;margin-right: auto;flex-grow:10;margin-top:5px;margin-bottom:10px;width:100%;max-width:70px;\"><div class=\"fusion-separator-border sep-single sep-solid\" style=\"--awb-height:20px;--awb-amount:20px;border-color:var(--awb-color2);border-top-width:1px;\"><\/div><\/div><div class=\"fusion-text fusion-text-126\" style=\"--awb-content-alignment:center;--awb-text-transform:capitalize;--awb-text-color:var(--awb-color4);\"><p>Italy<\/p>\n<\/div><\/div><\/li>\n<li class=\"fusion-layout-column fusion_builder_column fusion-builder-column-127 fusion-flex-column fusion-animated post-card fusion-grid-column fusion-post-cards-grid-column 2024 switzerland fusion-animated\" style=\"--awb-padding-bottom:5px;--awb-overflow:hidden;--awb-bg-color:var(--awb-color1);--awb-bg-color-hover:var(--awb-custom_color_2);--awb-bg-size:cover;--awb-box-shadow:0px 0px 24px hsla(var(--awb-color7-h),var(--awb-color7-s),var(--awb-color7-l),calc(var(--awb-color7-a) - 40%));;--awb-border-color:var(--awb-color4);--awb-border-color-hover:var(--awb-color7);--awb-border-top:1px;--awb-border-right:1px;--awb-border-bottom:1px;--awb-border-left:1px;--awb-border-style:solid;--awb-border-radius:6px 6px 6px 6px;--awb-flex-grow:0;--awb-flex-shrink:0;--awb-flex-grow-medium:0;--awb-flex-shrink-medium:0;--awb-flex-grow-small:0;--awb-flex-shrink-small:0;\" data-animationType=\"fadeIn\" data-animationDuration=\"1.3\" data-animationOffset=\"top-into-view\"><div class=\"fusion-column-wrapper fusion-column-has-shadow fusion-flex-justify-content-flex-start fusion-content-layout-column\"><div class=\"fusion-image-element \" style=\"--awb-aspect-ratio:16 \/ 9;--awb-margin-bottom:10px;--awb-caption-title-font-family:var(--h2_typography-font-family);--awb-caption-title-font-weight:var(--h2_typography-font-weight);--awb-caption-title-font-style:var(--h2_typography-font-style);--awb-caption-title-size:var(--h2_typography-font-size);--awb-caption-title-transform:var(--h2_typography-text-transform);--awb-caption-title-line-height:var(--h2_typography-line-height);--awb-caption-title-letter-spacing:var(--h2_typography-letter-spacing);\"><span class=\" fusion-imageframe imageframe-none imageframe-126 hover-type-none has-aspect-ratio\"><a class=\"fusion-no-lightbox\" href=\"https:\/\/www.choral-events.com\/en\/chorales\/le-pelerin-choir\/\" target=\"_self\" aria-label=\"Chorale-Le-P\u00e8lerin-Chardonne-Jongny-2017_1-550&#215;350\"><img decoding=\"async\" width=\"550\" height=\"350\" src=\"https:\/\/www.choral-events.com\/wp-content\/uploads\/2026\/02\/Chorale-Le-Pelerin-Chardonne-Jongny-2017_1-550x350-1.jpg\" class=\"img-responsive wp-image-49928 img-with-aspect-ratio\" data-parent-fit=\"cover\" data-parent-container=\".fusion-image-element\" alt srcset=\"https:\/\/www.choral-events.com\/wp-content\/uploads\/2026\/02\/Chorale-Le-Pelerin-Chardonne-Jongny-2017_1-550x350-1-200x127.jpg 200w, https:\/\/www.choral-events.com\/wp-content\/uploads\/2026\/02\/Chorale-Le-Pelerin-Chardonne-Jongny-2017_1-550x350-1-400x255.jpg 400w, https:\/\/www.choral-events.com\/wp-content\/uploads\/2026\/02\/Chorale-Le-Pelerin-Chardonne-Jongny-2017_1-550x350-1.jpg 550w\" sizes=\"(max-width: 1024px) 100vw, (max-width: 640px) 100vw, 550px\" \/><\/a><\/span><\/div><div class=\"fusion-title title fusion-title-128 fusion-sep-none fusion-title-center fusion-title-text fusion-title-size-paragraph\" style=\"--awb-text-color:var(--awb-color7);--awb-margin-top:10px;--awb-margin-right:5px;--awb-margin-bottom:10px;--awb-margin-left:5px;--awb-margin-top-small:16px;--awb-margin-right-small:0px;--awb-margin-bottom-small:10px;--awb-margin-left-small:0px;--awb-link-color:var(--awb-color7);--awb-font-size:16px;\"><p class=\"fusion-title-heading title-heading-center title-heading-tag fusion-responsive-typography-calculated\" style=\"margin:0;font-size:1em;--fontSize:16;--minFontSize:16;line-height:1.6;\"><a href=\"https:\/\/www.choral-events.com\/en\/chorales\/le-pelerin-choir\/\" class=\"awb-custom-text-color awb-custom-text-hover-color\" target=\"_self\">Le Pelerin Choir<\/a><\/p><\/div><div class=\"fusion-separator\" style=\"align-self: center;margin-left: auto;margin-right: auto;flex-grow:10;margin-top:5px;margin-bottom:10px;width:100%;max-width:70px;\"><div class=\"fusion-separator-border sep-single sep-solid\" style=\"--awb-height:20px;--awb-amount:20px;border-color:var(--awb-color2);border-top-width:1px;\"><\/div><\/div><div class=\"fusion-text fusion-text-127\" style=\"--awb-content-alignment:center;--awb-text-transform:capitalize;--awb-text-color:var(--awb-color4);\"><p>Switzerland<\/p>\n<\/div><\/div><\/li>\n<li class=\"fusion-layout-column fusion_builder_column fusion-builder-column-128 fusion-flex-column fusion-animated post-card fusion-grid-column fusion-post-cards-grid-column 2025 switzerland fusion-animated\" style=\"--awb-padding-bottom:5px;--awb-overflow:hidden;--awb-bg-color:var(--awb-color1);--awb-bg-color-hover:var(--awb-custom_color_2);--awb-bg-size:cover;--awb-box-shadow:0px 0px 24px hsla(var(--awb-color7-h),var(--awb-color7-s),var(--awb-color7-l),calc(var(--awb-color7-a) - 40%));;--awb-border-color:var(--awb-color4);--awb-border-color-hover:var(--awb-color7);--awb-border-top:1px;--awb-border-right:1px;--awb-border-bottom:1px;--awb-border-left:1px;--awb-border-style:solid;--awb-border-radius:6px 6px 6px 6px;--awb-flex-grow:0;--awb-flex-shrink:0;--awb-flex-grow-medium:0;--awb-flex-shrink-medium:0;--awb-flex-grow-small:0;--awb-flex-shrink-small:0;\" data-animationType=\"fadeIn\" data-animationDuration=\"1.3\" data-animationOffset=\"top-into-view\"><div class=\"fusion-column-wrapper fusion-column-has-shadow fusion-flex-justify-content-flex-start fusion-content-layout-column\"><div class=\"fusion-image-element \" style=\"--awb-aspect-ratio:16 \/ 9;--awb-margin-bottom:10px;--awb-caption-title-font-family:var(--h2_typography-font-family);--awb-caption-title-font-weight:var(--h2_typography-font-weight);--awb-caption-title-font-style:var(--h2_typography-font-style);--awb-caption-title-size:var(--h2_typography-font-size);--awb-caption-title-transform:var(--h2_typography-text-transform);--awb-caption-title-line-height:var(--h2_typography-line-height);--awb-caption-title-letter-spacing:var(--h2_typography-letter-spacing);\"><span class=\" fusion-imageframe imageframe-none imageframe-127 hover-type-none has-aspect-ratio\"><a class=\"fusion-no-lightbox\" href=\"https:\/\/www.choral-events.com\/en\/chorales\/les-alouettes-mixed-choir\/\" target=\"_self\" aria-label=\"Les Alouettes Mixed Choir\"><img decoding=\"async\" width=\"605\" height=\"307\" alt=\"Les Alouettes Mixed Choir\" src=\"https:\/\/www.choral-events.com\/wp-content\/uploads\/2025\/03\/4.png\" class=\"img-responsive wp-image-49310 img-with-aspect-ratio\" data-parent-fit=\"cover\" data-parent-container=\".fusion-image-element\" srcset=\"https:\/\/www.choral-events.com\/wp-content\/uploads\/2025\/03\/4-200x101.png 200w, https:\/\/www.choral-events.com\/wp-content\/uploads\/2025\/03\/4-400x203.png 400w, https:\/\/www.choral-events.com\/wp-content\/uploads\/2025\/03\/4-600x304.png 600w, https:\/\/www.choral-events.com\/wp-content\/uploads\/2025\/03\/4.png 605w\" sizes=\"(max-width: 1024px) 100vw, (max-width: 640px) 100vw, 605px\" \/><\/a><\/span><\/div><div class=\"fusion-title title fusion-title-129 fusion-sep-none fusion-title-center fusion-title-text fusion-title-size-paragraph\" style=\"--awb-text-color:var(--awb-color7);--awb-margin-top:10px;--awb-margin-right:5px;--awb-margin-bottom:10px;--awb-margin-left:5px;--awb-margin-top-small:16px;--awb-margin-right-small:0px;--awb-margin-bottom-small:10px;--awb-margin-left-small:0px;--awb-link-color:var(--awb-color7);--awb-font-size:16px;\"><p class=\"fusion-title-heading title-heading-center title-heading-tag fusion-responsive-typography-calculated\" style=\"margin:0;font-size:1em;--fontSize:16;--minFontSize:16;line-height:1.6;\"><a href=\"https:\/\/www.choral-events.com\/en\/chorales\/les-alouettes-mixed-choir\/\" class=\"awb-custom-text-color awb-custom-text-hover-color\" target=\"_self\">Les Alouettes Mixed Choir<\/a><\/p><\/div><div class=\"fusion-separator\" style=\"align-self: center;margin-left: auto;margin-right: auto;flex-grow:10;margin-top:5px;margin-bottom:10px;width:100%;max-width:70px;\"><div class=\"fusion-separator-border sep-single sep-solid\" style=\"--awb-height:20px;--awb-amount:20px;border-color:var(--awb-color2);border-top-width:1px;\"><\/div><\/div><div class=\"fusion-text fusion-text-128\" style=\"--awb-content-alignment:center;--awb-text-transform:capitalize;--awb-text-color:var(--awb-color4);\"><p>Switzerland<\/p>\n<\/div><\/div><\/li>\n<li class=\"fusion-layout-column fusion_builder_column fusion-builder-column-129 fusion-flex-column fusion-animated post-card fusion-grid-column fusion-post-cards-grid-column 2022 france fusion-animated\" style=\"--awb-padding-bottom:5px;--awb-overflow:hidden;--awb-bg-color:var(--awb-color1);--awb-bg-color-hover:var(--awb-custom_color_2);--awb-bg-size:cover;--awb-box-shadow:0px 0px 24px hsla(var(--awb-color7-h),var(--awb-color7-s),var(--awb-color7-l),calc(var(--awb-color7-a) - 40%));;--awb-border-color:var(--awb-color4);--awb-border-color-hover:var(--awb-color7);--awb-border-top:1px;--awb-border-right:1px;--awb-border-bottom:1px;--awb-border-left:1px;--awb-border-style:solid;--awb-border-radius:6px 6px 6px 6px;--awb-flex-grow:0;--awb-flex-shrink:0;--awb-flex-grow-medium:0;--awb-flex-shrink-medium:0;--awb-flex-grow-small:0;--awb-flex-shrink-small:0;\" data-animationType=\"fadeIn\" data-animationDuration=\"1.3\" data-animationOffset=\"top-into-view\"><div class=\"fusion-column-wrapper fusion-column-has-shadow fusion-flex-justify-content-flex-start fusion-content-layout-column\"><div class=\"fusion-image-element \" style=\"--awb-aspect-ratio:16 \/ 9;--awb-margin-bottom:10px;--awb-caption-title-font-family:var(--h2_typography-font-family);--awb-caption-title-font-weight:var(--h2_typography-font-weight);--awb-caption-title-font-style:var(--h2_typography-font-style);--awb-caption-title-size:var(--h2_typography-font-size);--awb-caption-title-transform:var(--h2_typography-text-transform);--awb-caption-title-line-height:var(--h2_typography-line-height);--awb-caption-title-letter-spacing:var(--h2_typography-letter-spacing);\"><span class=\" fusion-imageframe imageframe-none imageframe-128 hover-type-none has-aspect-ratio\"><a class=\"fusion-no-lightbox\" href=\"https:\/\/www.choral-events.com\/en\/chorales\/les-bastidans-choir\/\" target=\"_self\" aria-label=\"xr:d:DAE_oC0-Kss:4,j:25254566505,t:22050308\"><img decoding=\"async\" width=\"550\" height=\"350\" src=\"https:\/\/www.choral-events.com\/wp-content\/uploads\/2026\/02\/1_Choeur-des-jeunes-de-lAMVP-Portugal-photo-page-web-1-1.jpg\" class=\"img-responsive wp-image-51667 img-with-aspect-ratio\" data-parent-fit=\"cover\" data-parent-container=\".fusion-image-element\" alt srcset=\"https:\/\/www.choral-events.com\/wp-content\/uploads\/2026\/02\/1_Choeur-des-jeunes-de-lAMVP-Portugal-photo-page-web-1-1-200x127.jpg 200w, https:\/\/www.choral-events.com\/wp-content\/uploads\/2026\/02\/1_Choeur-des-jeunes-de-lAMVP-Portugal-photo-page-web-1-1-400x255.jpg 400w, https:\/\/www.choral-events.com\/wp-content\/uploads\/2026\/02\/1_Choeur-des-jeunes-de-lAMVP-Portugal-photo-page-web-1-1.jpg 550w\" sizes=\"(max-width: 1024px) 100vw, (max-width: 640px) 100vw, 550px\" \/><\/a><\/span><\/div><div class=\"fusion-title title fusion-title-130 fusion-sep-none fusion-title-center fusion-title-text fusion-title-size-paragraph\" style=\"--awb-text-color:var(--awb-color7);--awb-margin-top:10px;--awb-margin-right:5px;--awb-margin-bottom:10px;--awb-margin-left:5px;--awb-margin-top-small:16px;--awb-margin-right-small:0px;--awb-margin-bottom-small:10px;--awb-margin-left-small:0px;--awb-link-color:var(--awb-color7);--awb-font-size:16px;\"><p class=\"fusion-title-heading title-heading-center title-heading-tag fusion-responsive-typography-calculated\" style=\"margin:0;font-size:1em;--fontSize:16;--minFontSize:16;line-height:1.6;\"><a href=\"https:\/\/www.choral-events.com\/en\/chorales\/les-bastidans-choir\/\" class=\"awb-custom-text-color awb-custom-text-hover-color\" target=\"_self\">Les Bastidans Choir<\/a><\/p><\/div><div class=\"fusion-separator\" style=\"align-self: center;margin-left: auto;margin-right: auto;flex-grow:10;margin-top:5px;margin-bottom:10px;width:100%;max-width:70px;\"><div class=\"fusion-separator-border sep-single sep-solid\" style=\"--awb-height:20px;--awb-amount:20px;border-color:var(--awb-color2);border-top-width:1px;\"><\/div><\/div><div class=\"fusion-text fusion-text-129\" style=\"--awb-content-alignment:center;--awb-text-transform:capitalize;--awb-text-color:var(--awb-color4);\"><p>France<\/p>\n<\/div><\/div><\/li>\n<li class=\"fusion-layout-column fusion_builder_column fusion-builder-column-130 fusion-flex-column fusion-animated post-card fusion-grid-column fusion-post-cards-grid-column 2019 france fusion-animated\" style=\"--awb-padding-bottom:5px;--awb-overflow:hidden;--awb-bg-color:var(--awb-color1);--awb-bg-color-hover:var(--awb-custom_color_2);--awb-bg-size:cover;--awb-box-shadow:0px 0px 24px hsla(var(--awb-color7-h),var(--awb-color7-s),var(--awb-color7-l),calc(var(--awb-color7-a) - 40%));;--awb-border-color:var(--awb-color4);--awb-border-color-hover:var(--awb-color7);--awb-border-top:1px;--awb-border-right:1px;--awb-border-bottom:1px;--awb-border-left:1px;--awb-border-style:solid;--awb-border-radius:6px 6px 6px 6px;--awb-flex-grow:0;--awb-flex-shrink:0;--awb-flex-grow-medium:0;--awb-flex-shrink-medium:0;--awb-flex-grow-small:0;--awb-flex-shrink-small:0;\" data-animationType=\"fadeIn\" data-animationDuration=\"1.3\" data-animationOffset=\"top-into-view\"><div class=\"fusion-column-wrapper fusion-column-has-shadow fusion-flex-justify-content-flex-start fusion-content-layout-column\"><div class=\"fusion-image-element \" style=\"--awb-aspect-ratio:16 \/ 9;--awb-margin-bottom:10px;--awb-caption-title-font-family:var(--h2_typography-font-family);--awb-caption-title-font-weight:var(--h2_typography-font-weight);--awb-caption-title-font-style:var(--h2_typography-font-style);--awb-caption-title-size:var(--h2_typography-font-size);--awb-caption-title-transform:var(--h2_typography-text-transform);--awb-caption-title-line-height:var(--h2_typography-line-height);--awb-caption-title-letter-spacing:var(--h2_typography-letter-spacing);\"><span class=\" fusion-imageframe imageframe-none imageframe-129 hover-type-none has-aspect-ratio\"><a class=\"fusion-no-lightbox\" href=\"https:\/\/www.choral-events.com\/en\/chorales\/les-feles-du-vocal\/\" target=\"_self\"><img decoding=\"async\" src=\"https:\/\/www.choral-events.eskale.fr\/wp-content\/uploads\/2026\/02\/Chorales-2022.jpg\" class=\"img-responsive img-with-aspect-ratio\" data-parent-fit=\"cover\" data-parent-container=\".fusion-image-element\" alt \/><\/a><\/span><\/div><div class=\"fusion-title title fusion-title-131 fusion-sep-none fusion-title-center fusion-title-text fusion-title-size-paragraph\" style=\"--awb-text-color:var(--awb-color7);--awb-margin-top:10px;--awb-margin-right:5px;--awb-margin-bottom:10px;--awb-margin-left:5px;--awb-margin-top-small:16px;--awb-margin-right-small:0px;--awb-margin-bottom-small:10px;--awb-margin-left-small:0px;--awb-link-color:var(--awb-color7);--awb-font-size:16px;\"><p class=\"fusion-title-heading title-heading-center title-heading-tag fusion-responsive-typography-calculated\" style=\"margin:0;font-size:1em;--fontSize:16;--minFontSize:16;line-height:1.6;\"><a href=\"https:\/\/www.choral-events.com\/en\/chorales\/les-feles-du-vocal\/\" class=\"awb-custom-text-color awb-custom-text-hover-color\" target=\"_self\">Les fel\u00e9s du Vocal<\/a><\/p><\/div><div class=\"fusion-separator\" style=\"align-self: center;margin-left: auto;margin-right: auto;flex-grow:10;margin-top:5px;margin-bottom:10px;width:100%;max-width:70px;\"><div class=\"fusion-separator-border sep-single sep-solid\" style=\"--awb-height:20px;--awb-amount:20px;border-color:var(--awb-color2);border-top-width:1px;\"><\/div><\/div><div class=\"fusion-text fusion-text-130\" style=\"--awb-content-alignment:center;--awb-text-transform:capitalize;--awb-text-color:var(--awb-color4);\"><p>France<\/p>\n<\/div><\/div><\/li>\n<li class=\"fusion-layout-column fusion_builder_column fusion-builder-column-131 fusion-flex-column fusion-animated post-card fusion-grid-column fusion-post-cards-grid-column 2019 quebec fusion-animated\" style=\"--awb-padding-bottom:5px;--awb-overflow:hidden;--awb-bg-color:var(--awb-color1);--awb-bg-color-hover:var(--awb-custom_color_2);--awb-bg-size:cover;--awb-box-shadow:0px 0px 24px hsla(var(--awb-color7-h),var(--awb-color7-s),var(--awb-color7-l),calc(var(--awb-color7-a) - 40%));;--awb-border-color:var(--awb-color4);--awb-border-color-hover:var(--awb-color7);--awb-border-top:1px;--awb-border-right:1px;--awb-border-bottom:1px;--awb-border-left:1px;--awb-border-style:solid;--awb-border-radius:6px 6px 6px 6px;--awb-flex-grow:0;--awb-flex-shrink:0;--awb-flex-grow-medium:0;--awb-flex-shrink-medium:0;--awb-flex-grow-small:0;--awb-flex-shrink-small:0;\" data-animationType=\"fadeIn\" data-animationDuration=\"1.3\" data-animationOffset=\"top-into-view\"><div class=\"fusion-column-wrapper fusion-column-has-shadow fusion-flex-justify-content-flex-start fusion-content-layout-column\"><div class=\"fusion-image-element \" style=\"--awb-aspect-ratio:16 \/ 9;--awb-margin-bottom:10px;--awb-caption-title-font-family:var(--h2_typography-font-family);--awb-caption-title-font-weight:var(--h2_typography-font-weight);--awb-caption-title-font-style:var(--h2_typography-font-style);--awb-caption-title-size:var(--h2_typography-font-size);--awb-caption-title-transform:var(--h2_typography-text-transform);--awb-caption-title-line-height:var(--h2_typography-line-height);--awb-caption-title-letter-spacing:var(--h2_typography-letter-spacing);\"><span class=\" fusion-imageframe imageframe-none imageframe-130 hover-type-none has-aspect-ratio\"><a class=\"fusion-no-lightbox\" href=\"https:\/\/www.choral-events.com\/en\/chorales\/les-melodistes\/\" target=\"_self\" aria-label=\"mini_LesMelodistes_Juin2018_3-550&#215;350\"><img decoding=\"async\" width=\"550\" height=\"350\" src=\"https:\/\/www.choral-events.com\/wp-content\/uploads\/2026\/03\/mini_LesMelodistes_Juin2018_3-550x350-1.jpg\" class=\"img-responsive wp-image-51645 img-with-aspect-ratio\" data-parent-fit=\"cover\" data-parent-container=\".fusion-image-element\" alt srcset=\"https:\/\/www.choral-events.com\/wp-content\/uploads\/2026\/03\/mini_LesMelodistes_Juin2018_3-550x350-1-200x127.jpg 200w, https:\/\/www.choral-events.com\/wp-content\/uploads\/2026\/03\/mini_LesMelodistes_Juin2018_3-550x350-1-400x255.jpg 400w, https:\/\/www.choral-events.com\/wp-content\/uploads\/2026\/03\/mini_LesMelodistes_Juin2018_3-550x350-1.jpg 550w\" sizes=\"(max-width: 1024px) 100vw, (max-width: 640px) 100vw, 550px\" \/><\/a><\/span><\/div><div class=\"fusion-title title fusion-title-132 fusion-sep-none fusion-title-center fusion-title-text fusion-title-size-paragraph\" style=\"--awb-text-color:var(--awb-color7);--awb-margin-top:10px;--awb-margin-right:5px;--awb-margin-bottom:10px;--awb-margin-left:5px;--awb-margin-top-small:16px;--awb-margin-right-small:0px;--awb-margin-bottom-small:10px;--awb-margin-left-small:0px;--awb-link-color:var(--awb-color7);--awb-font-size:16px;\"><p class=\"fusion-title-heading title-heading-center title-heading-tag fusion-responsive-typography-calculated\" style=\"margin:0;font-size:1em;--fontSize:16;--minFontSize:16;line-height:1.6;\"><a href=\"https:\/\/www.choral-events.com\/en\/chorales\/les-melodistes\/\" class=\"awb-custom-text-color awb-custom-text-hover-color\" target=\"_self\">Les m\u00e9lodistes<\/a><\/p><\/div><div class=\"fusion-separator\" style=\"align-self: center;margin-left: auto;margin-right: auto;flex-grow:10;margin-top:5px;margin-bottom:10px;width:100%;max-width:70px;\"><div class=\"fusion-separator-border sep-single sep-solid\" style=\"--awb-height:20px;--awb-amount:20px;border-color:var(--awb-color2);border-top-width:1px;\"><\/div><\/div><div class=\"fusion-text fusion-text-131\" style=\"--awb-content-alignment:center;--awb-text-transform:capitalize;--awb-text-color:var(--awb-color4);\"><p>Qu\u00e9bec<\/p>\n<\/div><\/div><\/li>\n<li class=\"fusion-layout-column fusion_builder_column fusion-builder-column-132 fusion-flex-column fusion-animated post-card fusion-grid-column fusion-post-cards-grid-column 2024 france fusion-animated\" style=\"--awb-padding-bottom:5px;--awb-overflow:hidden;--awb-bg-color:var(--awb-color1);--awb-bg-color-hover:var(--awb-custom_color_2);--awb-bg-size:cover;--awb-box-shadow:0px 0px 24px hsla(var(--awb-color7-h),var(--awb-color7-s),var(--awb-color7-l),calc(var(--awb-color7-a) - 40%));;--awb-border-color:var(--awb-color4);--awb-border-color-hover:var(--awb-color7);--awb-border-top:1px;--awb-border-right:1px;--awb-border-bottom:1px;--awb-border-left:1px;--awb-border-style:solid;--awb-border-radius:6px 6px 6px 6px;--awb-flex-grow:0;--awb-flex-shrink:0;--awb-flex-grow-medium:0;--awb-flex-shrink-medium:0;--awb-flex-grow-small:0;--awb-flex-shrink-small:0;\" data-animationType=\"fadeIn\" data-animationDuration=\"1.3\" data-animationOffset=\"top-into-view\"><div class=\"fusion-column-wrapper fusion-column-has-shadow fusion-flex-justify-content-flex-start fusion-content-layout-column\"><div class=\"fusion-image-element \" style=\"--awb-aspect-ratio:16 \/ 9;--awb-margin-bottom:10px;--awb-caption-title-font-family:var(--h2_typography-font-family);--awb-caption-title-font-weight:var(--h2_typography-font-weight);--awb-caption-title-font-style:var(--h2_typography-font-style);--awb-caption-title-size:var(--h2_typography-font-size);--awb-caption-title-transform:var(--h2_typography-text-transform);--awb-caption-title-line-height:var(--h2_typography-line-height);--awb-caption-title-letter-spacing:var(--h2_typography-letter-spacing);\"><span class=\" fusion-imageframe imageframe-none imageframe-131 hover-type-none has-aspect-ratio\"><a class=\"fusion-no-lightbox\" href=\"https:\/\/www.choral-events.com\/en\/chorales\/les-poppotes\/\" target=\"_self\" aria-label=\"France_Les Pop&#8217;notes __photo page web\"><img decoding=\"async\" width=\"550\" height=\"350\" alt=\"Les Pop&#039;Potes\" src=\"https:\/\/www.choral-events.com\/wp-content\/uploads\/2024\/02\/France_Les-Popnotes-__photo-page-web.png\" class=\"img-responsive wp-image-49996 img-with-aspect-ratio\" data-parent-fit=\"cover\" data-parent-container=\".fusion-image-element\" srcset=\"https:\/\/www.choral-events.com\/wp-content\/uploads\/2024\/02\/France_Les-Popnotes-__photo-page-web-200x127.png 200w, https:\/\/www.choral-events.com\/wp-content\/uploads\/2024\/02\/France_Les-Popnotes-__photo-page-web-400x255.png 400w, https:\/\/www.choral-events.com\/wp-content\/uploads\/2024\/02\/France_Les-Popnotes-__photo-page-web.png 550w\" sizes=\"(max-width: 1024px) 100vw, (max-width: 640px) 100vw, 550px\" \/><\/a><\/span><\/div><div class=\"fusion-title title fusion-title-133 fusion-sep-none fusion-title-center fusion-title-text fusion-title-size-paragraph\" style=\"--awb-text-color:var(--awb-color7);--awb-margin-top:10px;--awb-margin-right:5px;--awb-margin-bottom:10px;--awb-margin-left:5px;--awb-margin-top-small:16px;--awb-margin-right-small:0px;--awb-margin-bottom-small:10px;--awb-margin-left-small:0px;--awb-link-color:var(--awb-color7);--awb-font-size:16px;\"><p class=\"fusion-title-heading title-heading-center title-heading-tag fusion-responsive-typography-calculated\" style=\"margin:0;font-size:1em;--fontSize:16;--minFontSize:16;line-height:1.6;\"><a href=\"https:\/\/www.choral-events.com\/en\/chorales\/les-poppotes\/\" class=\"awb-custom-text-color awb-custom-text-hover-color\" target=\"_self\">Les Pop&#8217;Potes<\/a><\/p><\/div><div class=\"fusion-separator\" style=\"align-self: center;margin-left: auto;margin-right: auto;flex-grow:10;margin-top:5px;margin-bottom:10px;width:100%;max-width:70px;\"><div class=\"fusion-separator-border sep-single sep-solid\" style=\"--awb-height:20px;--awb-amount:20px;border-color:var(--awb-color2);border-top-width:1px;\"><\/div><\/div><div class=\"fusion-text fusion-text-132\" style=\"--awb-content-alignment:center;--awb-text-transform:capitalize;--awb-text-color:var(--awb-color4);\"><p>France<\/p>\n<\/div><\/div><\/li>\n<li class=\"fusion-layout-column fusion_builder_column fusion-builder-column-133 fusion-flex-column fusion-animated post-card fusion-grid-column fusion-post-cards-grid-column 2020 quebec fusion-animated\" style=\"--awb-padding-bottom:5px;--awb-overflow:hidden;--awb-bg-color:var(--awb-color1);--awb-bg-color-hover:var(--awb-custom_color_2);--awb-bg-size:cover;--awb-box-shadow:0px 0px 24px hsla(var(--awb-color7-h),var(--awb-color7-s),var(--awb-color7-l),calc(var(--awb-color7-a) - 40%));;--awb-border-color:var(--awb-color4);--awb-border-color-hover:var(--awb-color7);--awb-border-top:1px;--awb-border-right:1px;--awb-border-bottom:1px;--awb-border-left:1px;--awb-border-style:solid;--awb-border-radius:6px 6px 6px 6px;--awb-flex-grow:0;--awb-flex-shrink:0;--awb-flex-grow-medium:0;--awb-flex-shrink-medium:0;--awb-flex-grow-small:0;--awb-flex-shrink-small:0;\" data-animationType=\"fadeIn\" data-animationDuration=\"1.3\" data-animationOffset=\"top-into-view\"><div class=\"fusion-column-wrapper fusion-column-has-shadow fusion-flex-justify-content-flex-start fusion-content-layout-column\"><div class=\"fusion-image-element \" style=\"--awb-aspect-ratio:16 \/ 9;--awb-margin-bottom:10px;--awb-caption-title-font-family:var(--h2_typography-font-family);--awb-caption-title-font-weight:var(--h2_typography-font-weight);--awb-caption-title-font-style:var(--h2_typography-font-style);--awb-caption-title-size:var(--h2_typography-font-size);--awb-caption-title-transform:var(--h2_typography-text-transform);--awb-caption-title-line-height:var(--h2_typography-line-height);--awb-caption-title-letter-spacing:var(--h2_typography-letter-spacing);\"><span class=\" fusion-imageframe imageframe-none imageframe-132 hover-type-none has-aspect-ratio\"><a class=\"fusion-no-lightbox\" href=\"https:\/\/www.choral-events.com\/en\/chorales\/les-vagabonds-de-boisbriand\/\" target=\"_self\" aria-label=\"Vagabonds-photo-site-web-1\"><img decoding=\"async\" width=\"550\" height=\"350\" src=\"https:\/\/www.choral-events.com\/wp-content\/uploads\/2026\/03\/Vagabonds-photo-site-web-1.png\" class=\"img-responsive wp-image-51862 img-with-aspect-ratio\" data-parent-fit=\"cover\" data-parent-container=\".fusion-image-element\" alt srcset=\"https:\/\/www.choral-events.com\/wp-content\/uploads\/2026\/03\/Vagabonds-photo-site-web-1-200x127.png 200w, https:\/\/www.choral-events.com\/wp-content\/uploads\/2026\/03\/Vagabonds-photo-site-web-1-400x255.png 400w, https:\/\/www.choral-events.com\/wp-content\/uploads\/2026\/03\/Vagabonds-photo-site-web-1.png 550w\" sizes=\"(max-width: 1024px) 100vw, (max-width: 640px) 100vw, 550px\" \/><\/a><\/span><\/div><div class=\"fusion-title title fusion-title-134 fusion-sep-none fusion-title-center fusion-title-text fusion-title-size-paragraph\" style=\"--awb-text-color:var(--awb-color7);--awb-margin-top:10px;--awb-margin-right:5px;--awb-margin-bottom:10px;--awb-margin-left:5px;--awb-margin-top-small:16px;--awb-margin-right-small:0px;--awb-margin-bottom-small:10px;--awb-margin-left-small:0px;--awb-link-color:var(--awb-color7);--awb-font-size:16px;\"><p class=\"fusion-title-heading title-heading-center title-heading-tag fusion-responsive-typography-calculated\" style=\"margin:0;font-size:1em;--fontSize:16;--minFontSize:16;line-height:1.6;\"><a href=\"https:\/\/www.choral-events.com\/en\/chorales\/les-vagabonds-de-boisbriand\/\" class=\"awb-custom-text-color awb-custom-text-hover-color\" target=\"_self\">Les Vagabonds de Boisbriand<\/a><\/p><\/div><div class=\"fusion-separator\" style=\"align-self: center;margin-left: auto;margin-right: auto;flex-grow:10;margin-top:5px;margin-bottom:10px;width:100%;max-width:70px;\"><div class=\"fusion-separator-border sep-single sep-solid\" style=\"--awb-height:20px;--awb-amount:20px;border-color:var(--awb-color2);border-top-width:1px;\"><\/div><\/div><div class=\"fusion-text fusion-text-133\" style=\"--awb-content-alignment:center;--awb-text-transform:capitalize;--awb-text-color:var(--awb-color4);\"><p>Qu\u00e9bec<\/p>\n<\/div><\/div><\/li>\n<li class=\"fusion-layout-column fusion_builder_column fusion-builder-column-134 fusion-flex-column fusion-animated post-card fusion-grid-column fusion-post-cards-grid-column 2022 france fusion-animated\" style=\"--awb-padding-bottom:5px;--awb-overflow:hidden;--awb-bg-color:var(--awb-color1);--awb-bg-color-hover:var(--awb-custom_color_2);--awb-bg-size:cover;--awb-box-shadow:0px 0px 24px hsla(var(--awb-color7-h),var(--awb-color7-s),var(--awb-color7-l),calc(var(--awb-color7-a) - 40%));;--awb-border-color:var(--awb-color4);--awb-border-color-hover:var(--awb-color7);--awb-border-top:1px;--awb-border-right:1px;--awb-border-bottom:1px;--awb-border-left:1px;--awb-border-style:solid;--awb-border-radius:6px 6px 6px 6px;--awb-flex-grow:0;--awb-flex-shrink:0;--awb-flex-grow-medium:0;--awb-flex-shrink-medium:0;--awb-flex-grow-small:0;--awb-flex-shrink-small:0;\" data-animationType=\"fadeIn\" data-animationDuration=\"1.3\" data-animationOffset=\"top-into-view\"><div class=\"fusion-column-wrapper fusion-column-has-shadow fusion-flex-justify-content-flex-start fusion-content-layout-column\"><div class=\"fusion-image-element \" style=\"--awb-aspect-ratio:16 \/ 9;--awb-margin-bottom:10px;--awb-caption-title-font-family:var(--h2_typography-font-family);--awb-caption-title-font-weight:var(--h2_typography-font-weight);--awb-caption-title-font-style:var(--h2_typography-font-style);--awb-caption-title-size:var(--h2_typography-font-size);--awb-caption-title-transform:var(--h2_typography-text-transform);--awb-caption-title-line-height:var(--h2_typography-line-height);--awb-caption-title-letter-spacing:var(--h2_typography-letter-spacing);\"><span class=\" fusion-imageframe imageframe-none imageframe-133 hover-type-none has-aspect-ratio\"><a class=\"fusion-no-lightbox\" href=\"https:\/\/www.choral-events.com\/en\/chorales\/les-voix-ci-les-voix-la\/\" target=\"_self\" aria-label=\"voix-ci-les-voix-la-photo-page-web (1)\"><img decoding=\"async\" width=\"550\" height=\"350\" src=\"https:\/\/www.choral-events.com\/wp-content\/uploads\/2026\/02\/voix-ci-les-voix-la-photo-page-web-1.jpg\" class=\"img-responsive wp-image-51757 img-with-aspect-ratio\" data-parent-fit=\"cover\" data-parent-container=\".fusion-image-element\" alt srcset=\"https:\/\/www.choral-events.com\/wp-content\/uploads\/2026\/02\/voix-ci-les-voix-la-photo-page-web-1-200x127.jpg 200w, https:\/\/www.choral-events.com\/wp-content\/uploads\/2026\/02\/voix-ci-les-voix-la-photo-page-web-1-400x255.jpg 400w, https:\/\/www.choral-events.com\/wp-content\/uploads\/2026\/02\/voix-ci-les-voix-la-photo-page-web-1.jpg 550w\" sizes=\"(max-width: 1024px) 100vw, (max-width: 640px) 100vw, 550px\" \/><\/a><\/span><\/div><div class=\"fusion-title title fusion-title-135 fusion-sep-none fusion-title-center fusion-title-text fusion-title-size-paragraph\" style=\"--awb-text-color:var(--awb-color7);--awb-margin-top:10px;--awb-margin-right:5px;--awb-margin-bottom:10px;--awb-margin-left:5px;--awb-margin-top-small:16px;--awb-margin-right-small:0px;--awb-margin-bottom-small:10px;--awb-margin-left-small:0px;--awb-link-color:var(--awb-color7);--awb-font-size:16px;\"><p class=\"fusion-title-heading title-heading-center title-heading-tag fusion-responsive-typography-calculated\" style=\"margin:0;font-size:1em;--fontSize:16;--minFontSize:16;line-height:1.6;\"><a href=\"https:\/\/www.choral-events.com\/en\/chorales\/les-voix-ci-les-voix-la\/\" class=\"awb-custom-text-color awb-custom-text-hover-color\" target=\"_self\">Les Voix-ci, Les Voix-l\u00e0<\/a><\/p><\/div><div class=\"fusion-separator\" style=\"align-self: center;margin-left: auto;margin-right: auto;flex-grow:10;margin-top:5px;margin-bottom:10px;width:100%;max-width:70px;\"><div class=\"fusion-separator-border sep-single sep-solid\" style=\"--awb-height:20px;--awb-amount:20px;border-color:var(--awb-color2);border-top-width:1px;\"><\/div><\/div><div class=\"fusion-text fusion-text-134\" style=\"--awb-content-alignment:center;--awb-text-transform:capitalize;--awb-text-color:var(--awb-color4);\"><p>Belgium<\/p>\n<\/div><\/div><\/li>\n<li class=\"fusion-layout-column fusion_builder_column fusion-builder-column-135 fusion-flex-column fusion-animated post-card fusion-grid-column fusion-post-cards-grid-column 2023 switzerland fusion-animated\" style=\"--awb-padding-bottom:5px;--awb-overflow:hidden;--awb-bg-color:var(--awb-color1);--awb-bg-color-hover:var(--awb-custom_color_2);--awb-bg-size:cover;--awb-box-shadow:0px 0px 24px hsla(var(--awb-color7-h),var(--awb-color7-s),var(--awb-color7-l),calc(var(--awb-color7-a) - 40%));;--awb-border-color:var(--awb-color4);--awb-border-color-hover:var(--awb-color7);--awb-border-top:1px;--awb-border-right:1px;--awb-border-bottom:1px;--awb-border-left:1px;--awb-border-style:solid;--awb-border-radius:6px 6px 6px 6px;--awb-flex-grow:0;--awb-flex-shrink:0;--awb-flex-grow-medium:0;--awb-flex-shrink-medium:0;--awb-flex-grow-small:0;--awb-flex-shrink-small:0;\" data-animationType=\"fadeIn\" data-animationDuration=\"1.3\" data-animationOffset=\"top-into-view\"><div class=\"fusion-column-wrapper fusion-column-has-shadow fusion-flex-justify-content-flex-start fusion-content-layout-column\"><div class=\"fusion-image-element \" style=\"--awb-aspect-ratio:16 \/ 9;--awb-margin-bottom:10px;--awb-caption-title-font-family:var(--h2_typography-font-family);--awb-caption-title-font-weight:var(--h2_typography-font-weight);--awb-caption-title-font-style:var(--h2_typography-font-style);--awb-caption-title-size:var(--h2_typography-font-size);--awb-caption-title-transform:var(--h2_typography-text-transform);--awb-caption-title-line-height:var(--h2_typography-line-height);--awb-caption-title-letter-spacing:var(--h2_typography-letter-spacing);\"><span class=\" fusion-imageframe imageframe-none imageframe-134 hover-type-none has-aspect-ratio\"><a class=\"fusion-no-lightbox\" href=\"https:\/\/www.choral-events.com\/en\/chorales\/les-voueno-mens-octet\/\" target=\"_self\" aria-label=\"1_Suisse &#8211; choeur Les Voueno &#8211; photo page web\"><img decoding=\"async\" width=\"550\" height=\"350\" src=\"https:\/\/www.choral-events.com\/wp-content\/uploads\/2023\/01\/1_Suisse-choeur-Les-Voueno-photo-page-web.jpg\" class=\"img-responsive wp-image-49632 img-with-aspect-ratio\" data-parent-fit=\"cover\" data-parent-container=\".fusion-image-element\" alt srcset=\"https:\/\/www.choral-events.com\/wp-content\/uploads\/2023\/01\/1_Suisse-choeur-Les-Voueno-photo-page-web-200x127.jpg 200w, https:\/\/www.choral-events.com\/wp-content\/uploads\/2023\/01\/1_Suisse-choeur-Les-Voueno-photo-page-web-400x255.jpg 400w, https:\/\/www.choral-events.com\/wp-content\/uploads\/2023\/01\/1_Suisse-choeur-Les-Voueno-photo-page-web.jpg 550w\" sizes=\"(max-width: 1024px) 100vw, (max-width: 640px) 100vw, 550px\" \/><\/a><\/span><\/div><div class=\"fusion-title title fusion-title-136 fusion-sep-none fusion-title-center fusion-title-text fusion-title-size-paragraph\" style=\"--awb-text-color:var(--awb-color7);--awb-margin-top:10px;--awb-margin-right:5px;--awb-margin-bottom:10px;--awb-margin-left:5px;--awb-margin-top-small:16px;--awb-margin-right-small:0px;--awb-margin-bottom-small:10px;--awb-margin-left-small:0px;--awb-link-color:var(--awb-color7);--awb-font-size:16px;\"><p class=\"fusion-title-heading title-heading-center title-heading-tag fusion-responsive-typography-calculated\" style=\"margin:0;font-size:1em;--fontSize:16;--minFontSize:16;line-height:1.6;\"><a href=\"https:\/\/www.choral-events.com\/en\/chorales\/les-voueno-mens-octet\/\" class=\"awb-custom-text-color awb-custom-text-hover-color\" target=\"_self\">Les Vou\u00e8no Men&#8217;s Octet<\/a><\/p><\/div><div class=\"fusion-separator\" style=\"align-self: center;margin-left: auto;margin-right: auto;flex-grow:10;margin-top:5px;margin-bottom:10px;width:100%;max-width:70px;\"><div class=\"fusion-separator-border sep-single sep-solid\" style=\"--awb-height:20px;--awb-amount:20px;border-color:var(--awb-color2);border-top-width:1px;\"><\/div><\/div><div class=\"fusion-text fusion-text-135\" style=\"--awb-content-alignment:center;--awb-text-transform:capitalize;--awb-text-color:var(--awb-color4);\"><p>Switzerland<\/p>\n<\/div><\/div><\/li>\n<li class=\"fusion-layout-column fusion_builder_column fusion-builder-column-136 fusion-flex-column fusion-animated post-card fusion-grid-column fusion-post-cards-grid-column 2022 france fusion-animated\" style=\"--awb-padding-bottom:5px;--awb-overflow:hidden;--awb-bg-color:var(--awb-color1);--awb-bg-color-hover:var(--awb-custom_color_2);--awb-bg-size:cover;--awb-box-shadow:0px 0px 24px hsla(var(--awb-color7-h),var(--awb-color7-s),var(--awb-color7-l),calc(var(--awb-color7-a) - 40%));;--awb-border-color:var(--awb-color4);--awb-border-color-hover:var(--awb-color7);--awb-border-top:1px;--awb-border-right:1px;--awb-border-bottom:1px;--awb-border-left:1px;--awb-border-style:solid;--awb-border-radius:6px 6px 6px 6px;--awb-flex-grow:0;--awb-flex-shrink:0;--awb-flex-grow-medium:0;--awb-flex-shrink-medium:0;--awb-flex-grow-small:0;--awb-flex-shrink-small:0;\" data-animationType=\"fadeIn\" data-animationDuration=\"1.3\" data-animationOffset=\"top-into-view\"><div class=\"fusion-column-wrapper fusion-column-has-shadow fusion-flex-justify-content-flex-start fusion-content-layout-column\"><div class=\"fusion-image-element \" style=\"--awb-aspect-ratio:16 \/ 9;--awb-margin-bottom:10px;--awb-caption-title-font-family:var(--h2_typography-font-family);--awb-caption-title-font-weight:var(--h2_typography-font-weight);--awb-caption-title-font-style:var(--h2_typography-font-style);--awb-caption-title-size:var(--h2_typography-font-size);--awb-caption-title-transform:var(--h2_typography-text-transform);--awb-caption-title-line-height:var(--h2_typography-line-height);--awb-caption-title-letter-spacing:var(--h2_typography-letter-spacing);\"><span class=\" fusion-imageframe imageframe-none imageframe-135 hover-type-none has-aspect-ratio\"><a class=\"fusion-no-lightbox\" href=\"https:\/\/www.choral-events.com\/en\/chorales\/les-zinforbelles-vocal-ensemble\/\" target=\"_self\" aria-label=\"3_photo_Zinforbelles-550&#215;350\"><img decoding=\"async\" width=\"550\" height=\"350\" src=\"https:\/\/www.choral-events.com\/wp-content\/uploads\/2026\/02\/3_photo_Zinforbelles-550x350-1.jpg\" class=\"img-responsive wp-image-51701 img-with-aspect-ratio\" data-parent-fit=\"cover\" data-parent-container=\".fusion-image-element\" alt srcset=\"https:\/\/www.choral-events.com\/wp-content\/uploads\/2026\/02\/3_photo_Zinforbelles-550x350-1-200x127.jpg 200w, https:\/\/www.choral-events.com\/wp-content\/uploads\/2026\/02\/3_photo_Zinforbelles-550x350-1-400x255.jpg 400w, https:\/\/www.choral-events.com\/wp-content\/uploads\/2026\/02\/3_photo_Zinforbelles-550x350-1.jpg 550w\" sizes=\"(max-width: 1024px) 100vw, (max-width: 640px) 100vw, 550px\" \/><\/a><\/span><\/div><div class=\"fusion-title title fusion-title-137 fusion-sep-none fusion-title-center fusion-title-text fusion-title-size-paragraph\" style=\"--awb-text-color:var(--awb-color7);--awb-margin-top:10px;--awb-margin-right:5px;--awb-margin-bottom:10px;--awb-margin-left:5px;--awb-margin-top-small:16px;--awb-margin-right-small:0px;--awb-margin-bottom-small:10px;--awb-margin-left-small:0px;--awb-link-color:var(--awb-color7);--awb-font-size:16px;\"><p class=\"fusion-title-heading title-heading-center title-heading-tag fusion-responsive-typography-calculated\" style=\"margin:0;font-size:1em;--fontSize:16;--minFontSize:16;line-height:1.6;\"><a href=\"https:\/\/www.choral-events.com\/en\/chorales\/les-zinforbelles-vocal-ensemble\/\" class=\"awb-custom-text-color awb-custom-text-hover-color\" target=\"_self\">Les Zinforbelles Vocal Ensemble<\/a><\/p><\/div><div class=\"fusion-separator\" style=\"align-self: center;margin-left: auto;margin-right: auto;flex-grow:10;margin-top:5px;margin-bottom:10px;width:100%;max-width:70px;\"><div class=\"fusion-separator-border sep-single sep-solid\" style=\"--awb-height:20px;--awb-amount:20px;border-color:var(--awb-color2);border-top-width:1px;\"><\/div><\/div><div class=\"fusion-text fusion-text-136\" style=\"--awb-content-alignment:center;--awb-text-transform:capitalize;--awb-text-color:var(--awb-color4);\"><p>France<\/p>\n<\/div><\/div><\/li>\n<li class=\"fusion-layout-column fusion_builder_column fusion-builder-column-137 fusion-flex-column fusion-animated post-card fusion-grid-column fusion-post-cards-grid-column 2024 ireland fusion-animated\" style=\"--awb-padding-bottom:5px;--awb-overflow:hidden;--awb-bg-color:var(--awb-color1);--awb-bg-color-hover:var(--awb-custom_color_2);--awb-bg-size:cover;--awb-box-shadow:0px 0px 24px hsla(var(--awb-color7-h),var(--awb-color7-s),var(--awb-color7-l),calc(var(--awb-color7-a) - 40%));;--awb-border-color:var(--awb-color4);--awb-border-color-hover:var(--awb-color7);--awb-border-top:1px;--awb-border-right:1px;--awb-border-bottom:1px;--awb-border-left:1px;--awb-border-style:solid;--awb-border-radius:6px 6px 6px 6px;--awb-flex-grow:0;--awb-flex-shrink:0;--awb-flex-grow-medium:0;--awb-flex-shrink-medium:0;--awb-flex-grow-small:0;--awb-flex-shrink-small:0;\" data-animationType=\"fadeIn\" data-animationDuration=\"1.3\" data-animationOffset=\"top-into-view\"><div class=\"fusion-column-wrapper fusion-column-has-shadow fusion-flex-justify-content-flex-start fusion-content-layout-column\"><div class=\"fusion-image-element \" style=\"--awb-aspect-ratio:16 \/ 9;--awb-margin-bottom:10px;--awb-caption-title-font-family:var(--h2_typography-font-family);--awb-caption-title-font-weight:var(--h2_typography-font-weight);--awb-caption-title-font-style:var(--h2_typography-font-style);--awb-caption-title-size:var(--h2_typography-font-size);--awb-caption-title-transform:var(--h2_typography-text-transform);--awb-caption-title-line-height:var(--h2_typography-line-height);--awb-caption-title-letter-spacing:var(--h2_typography-letter-spacing);\"><span class=\" fusion-imageframe imageframe-none imageframe-136 hover-type-none has-aspect-ratio\"><a class=\"fusion-no-lightbox\" href=\"https:\/\/www.choral-events.com\/en\/chorales\/limerick-chamber-choir\/\" target=\"_self\" aria-label=\"Ireland_Limerick chamber choir__web page photo\"><img decoding=\"async\" width=\"550\" height=\"350\" alt=\"Limerick Chamber Choir\" src=\"https:\/\/www.choral-events.com\/wp-content\/uploads\/2024\/01\/Irlande_Limerick-chamber-choir__photo-page-web.png\" class=\"img-responsive wp-image-50002 img-with-aspect-ratio\" data-parent-fit=\"cover\" data-parent-container=\".fusion-image-element\" srcset=\"https:\/\/www.choral-events.com\/wp-content\/uploads\/2024\/01\/Irlande_Limerick-chamber-choir__photo-page-web-200x127.png 200w, https:\/\/www.choral-events.com\/wp-content\/uploads\/2024\/01\/Irlande_Limerick-chamber-choir__photo-page-web-400x255.png 400w, https:\/\/www.choral-events.com\/wp-content\/uploads\/2024\/01\/Irlande_Limerick-chamber-choir__photo-page-web.png 550w\" sizes=\"(max-width: 1024px) 100vw, (max-width: 640px) 100vw, 550px\" \/><\/a><\/span><\/div><div class=\"fusion-title title fusion-title-138 fusion-sep-none fusion-title-center fusion-title-text fusion-title-size-paragraph\" style=\"--awb-text-color:var(--awb-color7);--awb-margin-top:10px;--awb-margin-right:5px;--awb-margin-bottom:10px;--awb-margin-left:5px;--awb-margin-top-small:16px;--awb-margin-right-small:0px;--awb-margin-bottom-small:10px;--awb-margin-left-small:0px;--awb-link-color:var(--awb-color7);--awb-font-size:16px;\"><p class=\"fusion-title-heading title-heading-center title-heading-tag fusion-responsive-typography-calculated\" style=\"margin:0;font-size:1em;--fontSize:16;--minFontSize:16;line-height:1.6;\"><a href=\"https:\/\/www.choral-events.com\/en\/chorales\/limerick-chamber-choir\/\" class=\"awb-custom-text-color awb-custom-text-hover-color\" target=\"_self\">Limerick Chamber Choir<\/a><\/p><\/div><div class=\"fusion-separator\" style=\"align-self: center;margin-left: auto;margin-right: auto;flex-grow:10;margin-top:5px;margin-bottom:10px;width:100%;max-width:70px;\"><div class=\"fusion-separator-border sep-single sep-solid\" style=\"--awb-height:20px;--awb-amount:20px;border-color:var(--awb-color2);border-top-width:1px;\"><\/div><\/div><div class=\"fusion-text fusion-text-137\" style=\"--awb-content-alignment:center;--awb-text-transform:capitalize;--awb-text-color:var(--awb-color4);\"><p>Ireland<\/p>\n<\/div><\/div><\/li>\n<li class=\"fusion-layout-column fusion_builder_column fusion-builder-column-138 fusion-flex-column fusion-animated post-card fusion-grid-column fusion-post-cards-grid-column 2019 2020 chine fusion-animated\" style=\"--awb-padding-bottom:5px;--awb-overflow:hidden;--awb-bg-color:var(--awb-color1);--awb-bg-color-hover:var(--awb-custom_color_2);--awb-bg-size:cover;--awb-box-shadow:0px 0px 24px hsla(var(--awb-color7-h),var(--awb-color7-s),var(--awb-color7-l),calc(var(--awb-color7-a) - 40%));;--awb-border-color:var(--awb-color4);--awb-border-color-hover:var(--awb-color7);--awb-border-top:1px;--awb-border-right:1px;--awb-border-bottom:1px;--awb-border-left:1px;--awb-border-style:solid;--awb-border-radius:6px 6px 6px 6px;--awb-flex-grow:0;--awb-flex-shrink:0;--awb-flex-grow-medium:0;--awb-flex-shrink-medium:0;--awb-flex-grow-small:0;--awb-flex-shrink-small:0;\" data-animationType=\"fadeIn\" data-animationDuration=\"1.3\" data-animationOffset=\"top-into-view\"><div class=\"fusion-column-wrapper fusion-column-has-shadow fusion-flex-justify-content-flex-start fusion-content-layout-column\"><div class=\"fusion-image-element \" style=\"--awb-aspect-ratio:16 \/ 9;--awb-margin-bottom:10px;--awb-caption-title-font-family:var(--h2_typography-font-family);--awb-caption-title-font-weight:var(--h2_typography-font-weight);--awb-caption-title-font-style:var(--h2_typography-font-style);--awb-caption-title-size:var(--h2_typography-font-size);--awb-caption-title-transform:var(--h2_typography-text-transform);--awb-caption-title-line-height:var(--h2_typography-line-height);--awb-caption-title-letter-spacing:var(--h2_typography-letter-spacing);\"><span class=\" fusion-imageframe imageframe-none imageframe-137 hover-type-none has-aspect-ratio\"><a class=\"fusion-no-lightbox\" href=\"https:\/\/www.choral-events.com\/en\/chorales\/little-dolphin-childrens-choir\/\" target=\"_self\" aria-label=\"chine-8-web-550&#215;350\"><img decoding=\"async\" width=\"550\" height=\"350\" src=\"https:\/\/www.choral-events.com\/wp-content\/uploads\/2026\/03\/chine-8-web-550x350-1.jpg\" class=\"img-responsive wp-image-51866 img-with-aspect-ratio\" data-parent-fit=\"cover\" data-parent-container=\".fusion-image-element\" alt srcset=\"https:\/\/www.choral-events.com\/wp-content\/uploads\/2026\/03\/chine-8-web-550x350-1-200x127.jpg 200w, https:\/\/www.choral-events.com\/wp-content\/uploads\/2026\/03\/chine-8-web-550x350-1-400x255.jpg 400w, https:\/\/www.choral-events.com\/wp-content\/uploads\/2026\/03\/chine-8-web-550x350-1.jpg 550w\" sizes=\"(max-width: 1024px) 100vw, (max-width: 640px) 100vw, 550px\" \/><\/a><\/span><\/div><div class=\"fusion-title title fusion-title-139 fusion-sep-none fusion-title-center fusion-title-text fusion-title-size-paragraph\" style=\"--awb-text-color:var(--awb-color7);--awb-margin-top:10px;--awb-margin-right:5px;--awb-margin-bottom:10px;--awb-margin-left:5px;--awb-margin-top-small:16px;--awb-margin-right-small:0px;--awb-margin-bottom-small:10px;--awb-margin-left-small:0px;--awb-link-color:var(--awb-color7);--awb-font-size:16px;\"><p class=\"fusion-title-heading title-heading-center title-heading-tag fusion-responsive-typography-calculated\" style=\"margin:0;font-size:1em;--fontSize:16;--minFontSize:16;line-height:1.6;\"><a href=\"https:\/\/www.choral-events.com\/en\/chorales\/little-dolphin-childrens-choir\/\" class=\"awb-custom-text-color awb-custom-text-hover-color\" target=\"_self\">Little Dolphin children&#8217;s Choir<\/a><\/p><\/div><div class=\"fusion-separator\" style=\"align-self: center;margin-left: auto;margin-right: auto;flex-grow:10;margin-top:5px;margin-bottom:10px;width:100%;max-width:70px;\"><div class=\"fusion-separator-border sep-single sep-solid\" style=\"--awb-height:20px;--awb-amount:20px;border-color:var(--awb-color2);border-top-width:1px;\"><\/div><\/div><div class=\"fusion-text fusion-text-138\" style=\"--awb-content-alignment:center;--awb-text-transform:capitalize;--awb-text-color:var(--awb-color4);\"><p>Chine<\/p>\n<\/div><\/div><\/li>\n<li class=\"fusion-layout-column fusion_builder_column fusion-builder-column-139 fusion-flex-column fusion-animated post-card fusion-grid-column fusion-post-cards-grid-column 2024 spain fusion-animated\" style=\"--awb-padding-bottom:5px;--awb-overflow:hidden;--awb-bg-color:var(--awb-color1);--awb-bg-color-hover:var(--awb-custom_color_2);--awb-bg-size:cover;--awb-box-shadow:0px 0px 24px hsla(var(--awb-color7-h),var(--awb-color7-s),var(--awb-color7-l),calc(var(--awb-color7-a) - 40%));;--awb-border-color:var(--awb-color4);--awb-border-color-hover:var(--awb-color7);--awb-border-top:1px;--awb-border-right:1px;--awb-border-bottom:1px;--awb-border-left:1px;--awb-border-style:solid;--awb-border-radius:6px 6px 6px 6px;--awb-flex-grow:0;--awb-flex-shrink:0;--awb-flex-grow-medium:0;--awb-flex-shrink-medium:0;--awb-flex-grow-small:0;--awb-flex-shrink-small:0;\" data-animationType=\"fadeIn\" data-animationDuration=\"1.3\" data-animationOffset=\"top-into-view\"><div class=\"fusion-column-wrapper fusion-column-has-shadow fusion-flex-justify-content-flex-start fusion-content-layout-column\"><div class=\"fusion-image-element \" style=\"--awb-aspect-ratio:16 \/ 9;--awb-margin-bottom:10px;--awb-caption-title-font-family:var(--h2_typography-font-family);--awb-caption-title-font-weight:var(--h2_typography-font-weight);--awb-caption-title-font-style:var(--h2_typography-font-style);--awb-caption-title-size:var(--h2_typography-font-size);--awb-caption-title-transform:var(--h2_typography-text-transform);--awb-caption-title-line-height:var(--h2_typography-line-height);--awb-caption-title-letter-spacing:var(--h2_typography-letter-spacing);\"><span class=\" fusion-imageframe imageframe-none imageframe-138 hover-type-none has-aspect-ratio\"><a class=\"fusion-no-lightbox\" href=\"https:\/\/www.choral-events.com\/en\/chorales\/little-singers\/\" target=\"_self\" aria-label=\"Spain_Pequenos Cantores_photos web page\"><img decoding=\"async\" width=\"550\" height=\"350\" alt=\"The Pequenos Cantores de Valencia choir\" src=\"https:\/\/www.choral-events.com\/wp-content\/uploads\/2024\/04\/Espagne_Pequenos-Cantores_photos-page-web.jpg\" class=\"img-responsive wp-image-50030 img-with-aspect-ratio\" data-parent-fit=\"cover\" data-parent-container=\".fusion-image-element\" srcset=\"https:\/\/www.choral-events.com\/wp-content\/uploads\/2024\/04\/Espagne_Pequenos-Cantores_photos-page-web-200x127.jpg 200w, https:\/\/www.choral-events.com\/wp-content\/uploads\/2024\/04\/Espagne_Pequenos-Cantores_photos-page-web-400x255.jpg 400w, https:\/\/www.choral-events.com\/wp-content\/uploads\/2024\/04\/Espagne_Pequenos-Cantores_photos-page-web.jpg 550w\" sizes=\"(max-width: 1024px) 100vw, (max-width: 640px) 100vw, 550px\" \/><\/a><\/span><\/div><div class=\"fusion-title title fusion-title-140 fusion-sep-none fusion-title-center fusion-title-text fusion-title-size-paragraph\" style=\"--awb-text-color:var(--awb-color7);--awb-margin-top:10px;--awb-margin-right:5px;--awb-margin-bottom:10px;--awb-margin-left:5px;--awb-margin-top-small:16px;--awb-margin-right-small:0px;--awb-margin-bottom-small:10px;--awb-margin-left-small:0px;--awb-link-color:var(--awb-color7);--awb-font-size:16px;\"><p class=\"fusion-title-heading title-heading-center title-heading-tag fusion-responsive-typography-calculated\" style=\"margin:0;font-size:1em;--fontSize:16;--minFontSize:16;line-height:1.6;\"><a href=\"https:\/\/www.choral-events.com\/en\/chorales\/little-singers\/\" class=\"awb-custom-text-color awb-custom-text-hover-color\" target=\"_self\">Little Singers<\/a><\/p><\/div><div class=\"fusion-separator\" style=\"align-self: center;margin-left: auto;margin-right: auto;flex-grow:10;margin-top:5px;margin-bottom:10px;width:100%;max-width:70px;\"><div class=\"fusion-separator-border sep-single sep-solid\" style=\"--awb-height:20px;--awb-amount:20px;border-color:var(--awb-color2);border-top-width:1px;\"><\/div><\/div><div class=\"fusion-text fusion-text-139\" style=\"--awb-content-alignment:center;--awb-text-transform:capitalize;--awb-text-color:var(--awb-color4);\"><p>Spain<\/p>\n<\/div><\/div><\/li>\n<li class=\"fusion-layout-column fusion_builder_column fusion-builder-column-140 fusion-flex-column fusion-animated post-card fusion-grid-column fusion-post-cards-grid-column 2023 france fusion-animated\" style=\"--awb-padding-bottom:5px;--awb-overflow:hidden;--awb-bg-color:var(--awb-color1);--awb-bg-color-hover:var(--awb-custom_color_2);--awb-bg-size:cover;--awb-box-shadow:0px 0px 24px hsla(var(--awb-color7-h),var(--awb-color7-s),var(--awb-color7-l),calc(var(--awb-color7-a) - 40%));;--awb-border-color:var(--awb-color4);--awb-border-color-hover:var(--awb-color7);--awb-border-top:1px;--awb-border-right:1px;--awb-border-bottom:1px;--awb-border-left:1px;--awb-border-style:solid;--awb-border-radius:6px 6px 6px 6px;--awb-flex-grow:0;--awb-flex-shrink:0;--awb-flex-grow-medium:0;--awb-flex-shrink-medium:0;--awb-flex-grow-small:0;--awb-flex-shrink-small:0;\" data-animationType=\"fadeIn\" data-animationDuration=\"1.3\" data-animationOffset=\"top-into-view\"><div class=\"fusion-column-wrapper fusion-column-has-shadow fusion-flex-justify-content-flex-start fusion-content-layout-column\"><div class=\"fusion-image-element \" style=\"--awb-aspect-ratio:16 \/ 9;--awb-margin-bottom:10px;--awb-caption-title-font-family:var(--h2_typography-font-family);--awb-caption-title-font-weight:var(--h2_typography-font-weight);--awb-caption-title-font-style:var(--h2_typography-font-style);--awb-caption-title-size:var(--h2_typography-font-size);--awb-caption-title-transform:var(--h2_typography-text-transform);--awb-caption-title-line-height:var(--h2_typography-line-height);--awb-caption-title-letter-spacing:var(--h2_typography-letter-spacing);\"><span class=\" fusion-imageframe imageframe-none imageframe-139 hover-type-none has-aspect-ratio\"><a class=\"fusion-no-lightbox\" href=\"https:\/\/www.choral-events.com\/en\/chorales\/lorraine-youth-choir\/\" target=\"_self\" aria-label=\"Photo-choeur-de-Jeunes-de-Lorraine-e1670950767346-550&#215;350\"><img decoding=\"async\" width=\"550\" height=\"350\" src=\"https:\/\/www.choral-events.com\/wp-content\/uploads\/2026\/02\/Photo-choeur-de-Jeunes-de-Lorraine-e1670950767346-550x350-1.jpg\" class=\"img-responsive wp-image-49821 img-with-aspect-ratio\" data-parent-fit=\"cover\" data-parent-container=\".fusion-image-element\" alt srcset=\"https:\/\/www.choral-events.com\/wp-content\/uploads\/2026\/02\/Photo-choeur-de-Jeunes-de-Lorraine-e1670950767346-550x350-1-200x127.jpg 200w, https:\/\/www.choral-events.com\/wp-content\/uploads\/2026\/02\/Photo-choeur-de-Jeunes-de-Lorraine-e1670950767346-550x350-1-400x255.jpg 400w, https:\/\/www.choral-events.com\/wp-content\/uploads\/2026\/02\/Photo-choeur-de-Jeunes-de-Lorraine-e1670950767346-550x350-1.jpg 550w\" sizes=\"(max-width: 1024px) 100vw, (max-width: 640px) 100vw, 550px\" \/><\/a><\/span><\/div><div class=\"fusion-title title fusion-title-141 fusion-sep-none fusion-title-center fusion-title-text fusion-title-size-paragraph\" style=\"--awb-text-color:var(--awb-color7);--awb-margin-top:10px;--awb-margin-right:5px;--awb-margin-bottom:10px;--awb-margin-left:5px;--awb-margin-top-small:16px;--awb-margin-right-small:0px;--awb-margin-bottom-small:10px;--awb-margin-left-small:0px;--awb-link-color:var(--awb-color7);--awb-font-size:16px;\"><p class=\"fusion-title-heading title-heading-center title-heading-tag fusion-responsive-typography-calculated\" style=\"margin:0;font-size:1em;--fontSize:16;--minFontSize:16;line-height:1.6;\"><a href=\"https:\/\/www.choral-events.com\/en\/chorales\/lorraine-youth-choir\/\" class=\"awb-custom-text-color awb-custom-text-hover-color\" target=\"_self\">Lorraine Youth Choir<\/a><\/p><\/div><div class=\"fusion-separator\" style=\"align-self: center;margin-left: auto;margin-right: auto;flex-grow:10;margin-top:5px;margin-bottom:10px;width:100%;max-width:70px;\"><div class=\"fusion-separator-border sep-single sep-solid\" style=\"--awb-height:20px;--awb-amount:20px;border-color:var(--awb-color2);border-top-width:1px;\"><\/div><\/div><div class=\"fusion-text fusion-text-140\" style=\"--awb-content-alignment:center;--awb-text-transform:capitalize;--awb-text-color:var(--awb-color4);\"><p>France<\/p>\n<\/div><\/div><\/li>\n<li class=\"fusion-layout-column fusion_builder_column fusion-builder-column-141 fusion-flex-column fusion-animated post-card fusion-grid-column fusion-post-cards-grid-column 2026 france fusion-animated\" style=\"--awb-padding-bottom:5px;--awb-overflow:hidden;--awb-bg-color:var(--awb-color1);--awb-bg-color-hover:var(--awb-custom_color_2);--awb-bg-size:cover;--awb-box-shadow:0px 0px 24px hsla(var(--awb-color7-h),var(--awb-color7-s),var(--awb-color7-l),calc(var(--awb-color7-a) - 40%));;--awb-border-color:var(--awb-color4);--awb-border-color-hover:var(--awb-color7);--awb-border-top:1px;--awb-border-right:1px;--awb-border-bottom:1px;--awb-border-left:1px;--awb-border-style:solid;--awb-border-radius:6px 6px 6px 6px;--awb-flex-grow:0;--awb-flex-shrink:0;--awb-flex-grow-medium:0;--awb-flex-shrink-medium:0;--awb-flex-grow-small:0;--awb-flex-shrink-small:0;\" data-animationType=\"fadeIn\" data-animationDuration=\"1.3\" data-animationOffset=\"top-into-view\"><div class=\"fusion-column-wrapper fusion-column-has-shadow fusion-flex-justify-content-flex-start fusion-content-layout-column\"><div class=\"fusion-image-element \" style=\"--awb-aspect-ratio:16 \/ 9;--awb-margin-bottom:10px;--awb-caption-title-font-family:var(--h2_typography-font-family);--awb-caption-title-font-weight:var(--h2_typography-font-weight);--awb-caption-title-font-style:var(--h2_typography-font-style);--awb-caption-title-size:var(--h2_typography-font-size);--awb-caption-title-transform:var(--h2_typography-text-transform);--awb-caption-title-line-height:var(--h2_typography-line-height);--awb-caption-title-letter-spacing:var(--h2_typography-letter-spacing);\"><span class=\" fusion-imageframe imageframe-none imageframe-140 hover-type-none has-aspect-ratio\"><a class=\"fusion-no-lightbox\" href=\"https:\/\/www.choral-events.com\/en\/chorales\/lyon-international-choir\/\" target=\"_self\" aria-label=\"LIC_2026_2\"><img decoding=\"async\" width=\"2560\" height=\"1707\" src=\"https:\/\/www.choral-events.com\/wp-content\/uploads\/2026\/04\/LIC_2026_2-scaled.jpg\" class=\"img-responsive wp-image-52644 img-with-aspect-ratio\" data-parent-fit=\"cover\" data-parent-container=\".fusion-image-element\" alt srcset=\"https:\/\/www.choral-events.com\/wp-content\/uploads\/2026\/04\/LIC_2026_2-200x133.jpg 200w, https:\/\/www.choral-events.com\/wp-content\/uploads\/2026\/04\/LIC_2026_2-400x267.jpg 400w, https:\/\/www.choral-events.com\/wp-content\/uploads\/2026\/04\/LIC_2026_2-600x400.jpg 600w, https:\/\/www.choral-events.com\/wp-content\/uploads\/2026\/04\/LIC_2026_2-800x533.jpg 800w, https:\/\/www.choral-events.com\/wp-content\/uploads\/2026\/04\/LIC_2026_2-1200x800.jpg 1200w, https:\/\/www.choral-events.com\/wp-content\/uploads\/2026\/04\/LIC_2026_2-scaled.jpg 2560w\" sizes=\"(max-width: 1024px) 100vw, (max-width: 640px) 100vw, 2560px\" \/><\/a><\/span><\/div><div class=\"fusion-title title fusion-title-142 fusion-sep-none fusion-title-center fusion-title-text fusion-title-size-paragraph\" style=\"--awb-text-color:var(--awb-color7);--awb-margin-top:10px;--awb-margin-right:5px;--awb-margin-bottom:10px;--awb-margin-left:5px;--awb-margin-top-small:16px;--awb-margin-right-small:0px;--awb-margin-bottom-small:10px;--awb-margin-left-small:0px;--awb-link-color:var(--awb-color7);--awb-font-size:16px;\"><p class=\"fusion-title-heading title-heading-center title-heading-tag fusion-responsive-typography-calculated\" style=\"margin:0;font-size:1em;--fontSize:16;--minFontSize:16;line-height:1.6;\"><a href=\"https:\/\/www.choral-events.com\/en\/chorales\/lyon-international-choir\/\" class=\"awb-custom-text-color awb-custom-text-hover-color\" target=\"_self\">Lyon International Choir<\/a><\/p><\/div><div class=\"fusion-separator\" style=\"align-self: center;margin-left: auto;margin-right: auto;flex-grow:10;margin-top:5px;margin-bottom:10px;width:100%;max-width:70px;\"><div class=\"fusion-separator-border sep-single sep-solid\" style=\"--awb-height:20px;--awb-amount:20px;border-color:var(--awb-color2);border-top-width:1px;\"><\/div><\/div><div class=\"fusion-text fusion-text-141\" style=\"--awb-content-alignment:center;--awb-text-transform:capitalize;--awb-text-color:var(--awb-color4);\"><p>France<\/p>\n<\/div><\/div><\/li>\n<li class=\"fusion-layout-column fusion_builder_column fusion-builder-column-142 fusion-flex-column fusion-animated post-card fusion-grid-column fusion-post-cards-grid-column 2018 quebec fusion-animated\" style=\"--awb-padding-bottom:5px;--awb-overflow:hidden;--awb-bg-color:var(--awb-color1);--awb-bg-color-hover:var(--awb-custom_color_2);--awb-bg-size:cover;--awb-box-shadow:0px 0px 24px hsla(var(--awb-color7-h),var(--awb-color7-s),var(--awb-color7-l),calc(var(--awb-color7-a) - 40%));;--awb-border-color:var(--awb-color4);--awb-border-color-hover:var(--awb-color7);--awb-border-top:1px;--awb-border-right:1px;--awb-border-bottom:1px;--awb-border-left:1px;--awb-border-style:solid;--awb-border-radius:6px 6px 6px 6px;--awb-flex-grow:0;--awb-flex-shrink:0;--awb-flex-grow-medium:0;--awb-flex-shrink-medium:0;--awb-flex-grow-small:0;--awb-flex-shrink-small:0;\" data-animationType=\"fadeIn\" data-animationDuration=\"1.3\" data-animationOffset=\"top-into-view\"><div class=\"fusion-column-wrapper fusion-column-has-shadow fusion-flex-justify-content-flex-start fusion-content-layout-column\"><div class=\"fusion-image-element \" style=\"--awb-aspect-ratio:16 \/ 9;--awb-margin-bottom:10px;--awb-caption-title-font-family:var(--h2_typography-font-family);--awb-caption-title-font-weight:var(--h2_typography-font-weight);--awb-caption-title-font-style:var(--h2_typography-font-style);--awb-caption-title-size:var(--h2_typography-font-size);--awb-caption-title-transform:var(--h2_typography-text-transform);--awb-caption-title-line-height:var(--h2_typography-line-height);--awb-caption-title-letter-spacing:var(--h2_typography-letter-spacing);\"><span class=\" fusion-imageframe imageframe-none imageframe-141 hover-type-none has-aspect-ratio\"><a class=\"fusion-no-lightbox\" href=\"https:\/\/www.choral-events.com\/en\/chorales\/maitrise-des-petits-chanteurs-du-quebec\/\" target=\"_self\" aria-label=\"2-550&#215;350\"><img decoding=\"async\" width=\"550\" height=\"350\" src=\"https:\/\/www.choral-events.com\/wp-content\/uploads\/2026\/03\/2-550x350-1.jpg\" class=\"img-responsive wp-image-51368 img-with-aspect-ratio\" data-parent-fit=\"cover\" data-parent-container=\".fusion-image-element\" alt srcset=\"https:\/\/www.choral-events.com\/wp-content\/uploads\/2026\/03\/2-550x350-1-200x127.jpg 200w, https:\/\/www.choral-events.com\/wp-content\/uploads\/2026\/03\/2-550x350-1-400x255.jpg 400w, https:\/\/www.choral-events.com\/wp-content\/uploads\/2026\/03\/2-550x350-1.jpg 550w\" sizes=\"(max-width: 1024px) 100vw, (max-width: 640px) 100vw, 550px\" \/><\/a><\/span><\/div><div class=\"fusion-title title fusion-title-143 fusion-sep-none fusion-title-center fusion-title-text fusion-title-size-paragraph\" style=\"--awb-text-color:var(--awb-color7);--awb-margin-top:10px;--awb-margin-right:5px;--awb-margin-bottom:10px;--awb-margin-left:5px;--awb-margin-top-small:16px;--awb-margin-right-small:0px;--awb-margin-bottom-small:10px;--awb-margin-left-small:0px;--awb-link-color:var(--awb-color7);--awb-font-size:16px;\"><p class=\"fusion-title-heading title-heading-center title-heading-tag fusion-responsive-typography-calculated\" style=\"margin:0;font-size:1em;--fontSize:16;--minFontSize:16;line-height:1.6;\"><a href=\"https:\/\/www.choral-events.com\/en\/chorales\/maitrise-des-petits-chanteurs-du-quebec\/\" class=\"awb-custom-text-color awb-custom-text-hover-color\" target=\"_self\">Maitrise des Petits Chanteurs du Qu\u00e9bec<\/a><\/p><\/div><div class=\"fusion-separator\" style=\"align-self: center;margin-left: auto;margin-right: auto;flex-grow:10;margin-top:5px;margin-bottom:10px;width:100%;max-width:70px;\"><div class=\"fusion-separator-border sep-single sep-solid\" style=\"--awb-height:20px;--awb-amount:20px;border-color:var(--awb-color2);border-top-width:1px;\"><\/div><\/div><div class=\"fusion-text fusion-text-142\" style=\"--awb-content-alignment:center;--awb-text-transform:capitalize;--awb-text-color:var(--awb-color4);\"><p>Canada<\/p>\n<\/div><\/div><\/li>\n<li class=\"fusion-layout-column fusion_builder_column fusion-builder-column-143 fusion-flex-column fusion-animated post-card fusion-grid-column fusion-post-cards-grid-column 2019 france fusion-animated\" style=\"--awb-padding-bottom:5px;--awb-overflow:hidden;--awb-bg-color:var(--awb-color1);--awb-bg-color-hover:var(--awb-custom_color_2);--awb-bg-size:cover;--awb-box-shadow:0px 0px 24px hsla(var(--awb-color7-h),var(--awb-color7-s),var(--awb-color7-l),calc(var(--awb-color7-a) - 40%));;--awb-border-color:var(--awb-color4);--awb-border-color-hover:var(--awb-color7);--awb-border-top:1px;--awb-border-right:1px;--awb-border-bottom:1px;--awb-border-left:1px;--awb-border-style:solid;--awb-border-radius:6px 6px 6px 6px;--awb-flex-grow:0;--awb-flex-shrink:0;--awb-flex-grow-medium:0;--awb-flex-shrink-medium:0;--awb-flex-grow-small:0;--awb-flex-shrink-small:0;\" data-animationType=\"fadeIn\" data-animationDuration=\"1.3\" data-animationOffset=\"top-into-view\"><div class=\"fusion-column-wrapper fusion-column-has-shadow fusion-flex-justify-content-flex-start fusion-content-layout-column\"><div class=\"fusion-image-element \" style=\"--awb-aspect-ratio:16 \/ 9;--awb-margin-bottom:10px;--awb-caption-title-font-family:var(--h2_typography-font-family);--awb-caption-title-font-weight:var(--h2_typography-font-weight);--awb-caption-title-font-style:var(--h2_typography-font-style);--awb-caption-title-size:var(--h2_typography-font-size);--awb-caption-title-transform:var(--h2_typography-text-transform);--awb-caption-title-line-height:var(--h2_typography-line-height);--awb-caption-title-letter-spacing:var(--h2_typography-letter-spacing);\"><span class=\" fusion-imageframe imageframe-none imageframe-142 hover-type-none has-aspect-ratio\"><a class=\"fusion-no-lightbox\" href=\"https:\/\/www.choral-events.com\/en\/chorales\/maitrise-sainte-philomene-de-haguenau\/\" target=\"_self\" aria-label=\"Maitrise-6\"><img decoding=\"async\" width=\"550\" height=\"350\" src=\"https:\/\/www.choral-events.com\/wp-content\/uploads\/2026\/03\/Maitrise-6.jpg\" class=\"img-responsive wp-image-51882 img-with-aspect-ratio\" data-parent-fit=\"cover\" data-parent-container=\".fusion-image-element\" alt srcset=\"https:\/\/www.choral-events.com\/wp-content\/uploads\/2026\/03\/Maitrise-6-200x127.jpg 200w, https:\/\/www.choral-events.com\/wp-content\/uploads\/2026\/03\/Maitrise-6-400x255.jpg 400w, https:\/\/www.choral-events.com\/wp-content\/uploads\/2026\/03\/Maitrise-6.jpg 550w\" sizes=\"(max-width: 1024px) 100vw, (max-width: 640px) 100vw, 550px\" \/><\/a><\/span><\/div><div class=\"fusion-title title fusion-title-144 fusion-sep-none fusion-title-center fusion-title-text fusion-title-size-paragraph\" style=\"--awb-text-color:var(--awb-color7);--awb-margin-top:10px;--awb-margin-right:5px;--awb-margin-bottom:10px;--awb-margin-left:5px;--awb-margin-top-small:16px;--awb-margin-right-small:0px;--awb-margin-bottom-small:10px;--awb-margin-left-small:0px;--awb-link-color:var(--awb-color7);--awb-font-size:16px;\"><p class=\"fusion-title-heading title-heading-center title-heading-tag fusion-responsive-typography-calculated\" style=\"margin:0;font-size:1em;--fontSize:16;--minFontSize:16;line-height:1.6;\"><a href=\"https:\/\/www.choral-events.com\/en\/chorales\/maitrise-sainte-philomene-de-haguenau\/\" class=\"awb-custom-text-color awb-custom-text-hover-color\" target=\"_self\">Ma\u00eetrise Sainte Philom\u00e8ne de Haguenau<\/a><\/p><\/div><div class=\"fusion-separator\" style=\"align-self: center;margin-left: auto;margin-right: auto;flex-grow:10;margin-top:5px;margin-bottom:10px;width:100%;max-width:70px;\"><div class=\"fusion-separator-border sep-single sep-solid\" style=\"--awb-height:20px;--awb-amount:20px;border-color:var(--awb-color2);border-top-width:1px;\"><\/div><\/div><div class=\"fusion-text fusion-text-143\" style=\"--awb-content-alignment:center;--awb-text-transform:capitalize;--awb-text-color:var(--awb-color4);\"><p>France<\/p>\n<\/div><\/div><\/li>\n<li class=\"fusion-layout-column fusion_builder_column fusion-builder-column-144 fusion-flex-column fusion-animated post-card fusion-grid-column fusion-post-cards-grid-column 2022 2026 france fusion-animated\" style=\"--awb-padding-bottom:5px;--awb-overflow:hidden;--awb-bg-color:var(--awb-color1);--awb-bg-color-hover:var(--awb-custom_color_2);--awb-bg-size:cover;--awb-box-shadow:0px 0px 24px hsla(var(--awb-color7-h),var(--awb-color7-s),var(--awb-color7-l),calc(var(--awb-color7-a) - 40%));;--awb-border-color:var(--awb-color4);--awb-border-color-hover:var(--awb-color7);--awb-border-top:1px;--awb-border-right:1px;--awb-border-bottom:1px;--awb-border-left:1px;--awb-border-style:solid;--awb-border-radius:6px 6px 6px 6px;--awb-flex-grow:0;--awb-flex-shrink:0;--awb-flex-grow-medium:0;--awb-flex-shrink-medium:0;--awb-flex-grow-small:0;--awb-flex-shrink-small:0;\" data-animationType=\"fadeIn\" data-animationDuration=\"1.3\" data-animationOffset=\"top-into-view\"><div class=\"fusion-column-wrapper fusion-column-has-shadow fusion-flex-justify-content-flex-start fusion-content-layout-column\"><div class=\"fusion-image-element \" style=\"--awb-aspect-ratio:16 \/ 9;--awb-margin-bottom:10px;--awb-caption-title-font-family:var(--h2_typography-font-family);--awb-caption-title-font-weight:var(--h2_typography-font-weight);--awb-caption-title-font-style:var(--h2_typography-font-style);--awb-caption-title-size:var(--h2_typography-font-size);--awb-caption-title-transform:var(--h2_typography-text-transform);--awb-caption-title-line-height:var(--h2_typography-line-height);--awb-caption-title-letter-spacing:var(--h2_typography-letter-spacing);\"><span class=\" fusion-imageframe imageframe-none imageframe-143 hover-type-none has-aspect-ratio\"><a class=\"fusion-no-lightbox\" href=\"https:\/\/www.choral-events.com\/en\/chorales\/ganbara-abesbatza-2\/\" target=\"_self\" aria-label=\"mini_M\u00e9lo-diArte_grB-550&#215;350\"><img decoding=\"async\" width=\"550\" height=\"350\" src=\"https:\/\/www.choral-events.com\/wp-content\/uploads\/2026\/03\/mini_Melo-diArte_grB-550x350-1.jpg\" class=\"img-responsive wp-image-51761 img-with-aspect-ratio\" data-parent-fit=\"cover\" data-parent-container=\".fusion-image-element\" alt srcset=\"https:\/\/www.choral-events.com\/wp-content\/uploads\/2026\/03\/mini_Melo-diArte_grB-550x350-1-200x127.jpg 200w, https:\/\/www.choral-events.com\/wp-content\/uploads\/2026\/03\/mini_Melo-diArte_grB-550x350-1-400x255.jpg 400w, https:\/\/www.choral-events.com\/wp-content\/uploads\/2026\/03\/mini_Melo-diArte_grB-550x350-1.jpg 550w\" sizes=\"(max-width: 1024px) 100vw, (max-width: 640px) 100vw, 550px\" \/><\/a><\/span><\/div><div class=\"fusion-title title fusion-title-145 fusion-sep-none fusion-title-center fusion-title-text fusion-title-size-paragraph\" style=\"--awb-text-color:var(--awb-color7);--awb-margin-top:10px;--awb-margin-right:5px;--awb-margin-bottom:10px;--awb-margin-left:5px;--awb-margin-top-small:16px;--awb-margin-right-small:0px;--awb-margin-bottom-small:10px;--awb-margin-left-small:0px;--awb-link-color:var(--awb-color7);--awb-font-size:16px;\"><p class=\"fusion-title-heading title-heading-center title-heading-tag fusion-responsive-typography-calculated\" style=\"margin:0;font-size:1em;--fontSize:16;--minFontSize:16;line-height:1.6;\"><a href=\"https:\/\/www.choral-events.com\/en\/chorales\/ganbara-abesbatza-2\/\" class=\"awb-custom-text-color awb-custom-text-hover-color\" target=\"_self\">M\u00e9lo di\u2019Arte<\/a><\/p><\/div><div class=\"fusion-separator\" style=\"align-self: center;margin-left: auto;margin-right: auto;flex-grow:10;margin-top:5px;margin-bottom:10px;width:100%;max-width:70px;\"><div class=\"fusion-separator-border sep-single sep-solid\" style=\"--awb-height:20px;--awb-amount:20px;border-color:var(--awb-color2);border-top-width:1px;\"><\/div><\/div><div class=\"fusion-text fusion-text-144\" style=\"--awb-content-alignment:center;--awb-text-transform:capitalize;--awb-text-color:var(--awb-color4);\"><p>France<\/p>\n<\/div><\/div><\/li>\n<li class=\"fusion-layout-column fusion_builder_column fusion-builder-column-145 fusion-flex-column fusion-animated post-card fusion-grid-column fusion-post-cards-grid-column 2023 italy fusion-animated\" style=\"--awb-padding-bottom:5px;--awb-overflow:hidden;--awb-bg-color:var(--awb-color1);--awb-bg-color-hover:var(--awb-custom_color_2);--awb-bg-size:cover;--awb-box-shadow:0px 0px 24px hsla(var(--awb-color7-h),var(--awb-color7-s),var(--awb-color7-l),calc(var(--awb-color7-a) - 40%));;--awb-border-color:var(--awb-color4);--awb-border-color-hover:var(--awb-color7);--awb-border-top:1px;--awb-border-right:1px;--awb-border-bottom:1px;--awb-border-left:1px;--awb-border-style:solid;--awb-border-radius:6px 6px 6px 6px;--awb-flex-grow:0;--awb-flex-shrink:0;--awb-flex-grow-medium:0;--awb-flex-shrink-medium:0;--awb-flex-grow-small:0;--awb-flex-shrink-small:0;\" data-animationType=\"fadeIn\" data-animationDuration=\"1.3\" data-animationOffset=\"top-into-view\"><div class=\"fusion-column-wrapper fusion-column-has-shadow fusion-flex-justify-content-flex-start fusion-content-layout-column\"><div class=\"fusion-image-element \" style=\"--awb-aspect-ratio:16 \/ 9;--awb-margin-bottom:10px;--awb-caption-title-font-family:var(--h2_typography-font-family);--awb-caption-title-font-weight:var(--h2_typography-font-weight);--awb-caption-title-font-style:var(--h2_typography-font-style);--awb-caption-title-size:var(--h2_typography-font-size);--awb-caption-title-transform:var(--h2_typography-text-transform);--awb-caption-title-line-height:var(--h2_typography-line-height);--awb-caption-title-letter-spacing:var(--h2_typography-letter-spacing);\"><span class=\" fusion-imageframe imageframe-none imageframe-144 hover-type-none has-aspect-ratio\"><a class=\"fusion-no-lightbox\" href=\"https:\/\/www.choral-events.com\/en\/chorales\/menura-vocal-ensemble\/\" target=\"_self\" aria-label=\"1_Menura Vocal Ensemble &#8211; Italy &#8211; web page photo\"><img decoding=\"async\" width=\"550\" height=\"350\" src=\"https:\/\/www.choral-events.com\/wp-content\/uploads\/2023\/03\/1_Menura-Vocal-Ensemble-Italie-photo-page-web.jpg\" class=\"img-responsive wp-image-49488 img-with-aspect-ratio\" data-parent-fit=\"cover\" data-parent-container=\".fusion-image-element\" alt srcset=\"https:\/\/www.choral-events.com\/wp-content\/uploads\/2023\/03\/1_Menura-Vocal-Ensemble-Italie-photo-page-web-200x127.jpg 200w, https:\/\/www.choral-events.com\/wp-content\/uploads\/2023\/03\/1_Menura-Vocal-Ensemble-Italie-photo-page-web-400x255.jpg 400w, https:\/\/www.choral-events.com\/wp-content\/uploads\/2023\/03\/1_Menura-Vocal-Ensemble-Italie-photo-page-web.jpg 550w\" sizes=\"(max-width: 1024px) 100vw, (max-width: 640px) 100vw, 550px\" \/><\/a><\/span><\/div><div class=\"fusion-title title fusion-title-146 fusion-sep-none fusion-title-center fusion-title-text fusion-title-size-paragraph\" style=\"--awb-text-color:var(--awb-color7);--awb-margin-top:10px;--awb-margin-right:5px;--awb-margin-bottom:10px;--awb-margin-left:5px;--awb-margin-top-small:16px;--awb-margin-right-small:0px;--awb-margin-bottom-small:10px;--awb-margin-left-small:0px;--awb-link-color:var(--awb-color7);--awb-font-size:16px;\"><p class=\"fusion-title-heading title-heading-center title-heading-tag fusion-responsive-typography-calculated\" style=\"margin:0;font-size:1em;--fontSize:16;--minFontSize:16;line-height:1.6;\"><a href=\"https:\/\/www.choral-events.com\/en\/chorales\/menura-vocal-ensemble\/\" class=\"awb-custom-text-color awb-custom-text-hover-color\" target=\"_self\">Menura Vocal Ensemble<\/a><\/p><\/div><div class=\"fusion-separator\" style=\"align-self: center;margin-left: auto;margin-right: auto;flex-grow:10;margin-top:5px;margin-bottom:10px;width:100%;max-width:70px;\"><div class=\"fusion-separator-border sep-single sep-solid\" style=\"--awb-height:20px;--awb-amount:20px;border-color:var(--awb-color2);border-top-width:1px;\"><\/div><\/div><div class=\"fusion-text fusion-text-145\" style=\"--awb-content-alignment:center;--awb-text-transform:capitalize;--awb-text-color:var(--awb-color4);\"><p>Italy<\/p>\n<\/div><\/div><\/li>\n<li class=\"fusion-layout-column fusion_builder_column fusion-builder-column-146 fusion-flex-column fusion-animated post-card fusion-grid-column fusion-post-cards-grid-column 2022 france fusion-animated\" style=\"--awb-padding-bottom:5px;--awb-overflow:hidden;--awb-bg-color:var(--awb-color1);--awb-bg-color-hover:var(--awb-custom_color_2);--awb-bg-size:cover;--awb-box-shadow:0px 0px 24px hsla(var(--awb-color7-h),var(--awb-color7-s),var(--awb-color7-l),calc(var(--awb-color7-a) - 40%));;--awb-border-color:var(--awb-color4);--awb-border-color-hover:var(--awb-color7);--awb-border-top:1px;--awb-border-right:1px;--awb-border-bottom:1px;--awb-border-left:1px;--awb-border-style:solid;--awb-border-radius:6px 6px 6px 6px;--awb-flex-grow:0;--awb-flex-shrink:0;--awb-flex-grow-medium:0;--awb-flex-shrink-medium:0;--awb-flex-grow-small:0;--awb-flex-shrink-small:0;\" data-animationType=\"fadeIn\" data-animationDuration=\"1.3\" data-animationOffset=\"top-into-view\"><div class=\"fusion-column-wrapper fusion-column-has-shadow fusion-flex-justify-content-flex-start fusion-content-layout-column\"><div class=\"fusion-image-element \" style=\"--awb-aspect-ratio:16 \/ 9;--awb-margin-bottom:10px;--awb-caption-title-font-family:var(--h2_typography-font-family);--awb-caption-title-font-weight:var(--h2_typography-font-weight);--awb-caption-title-font-style:var(--h2_typography-font-style);--awb-caption-title-size:var(--h2_typography-font-size);--awb-caption-title-transform:var(--h2_typography-text-transform);--awb-caption-title-line-height:var(--h2_typography-line-height);--awb-caption-title-letter-spacing:var(--h2_typography-letter-spacing);\"><span class=\" fusion-imageframe imageframe-none imageframe-145 hover-type-none has-aspect-ratio\"><a class=\"fusion-no-lightbox\" href=\"https:\/\/www.choral-events.com\/en\/chorales\/baerum-girls-choir-2\/\" target=\"_self\" aria-label=\"4_MikAdos-photos-page-web\"><img decoding=\"async\" width=\"550\" height=\"350\" src=\"https:\/\/www.choral-events.com\/wp-content\/uploads\/2026\/03\/4_MikAdos-photos-page-web.jpg\" class=\"img-responsive wp-image-51765 img-with-aspect-ratio\" data-parent-fit=\"cover\" data-parent-container=\".fusion-image-element\" alt srcset=\"https:\/\/www.choral-events.com\/wp-content\/uploads\/2026\/03\/4_MikAdos-photos-page-web-200x127.jpg 200w, https:\/\/www.choral-events.com\/wp-content\/uploads\/2026\/03\/4_MikAdos-photos-page-web-400x255.jpg 400w, https:\/\/www.choral-events.com\/wp-content\/uploads\/2026\/03\/4_MikAdos-photos-page-web.jpg 550w\" sizes=\"(max-width: 1024px) 100vw, (max-width: 640px) 100vw, 550px\" \/><\/a><\/span><\/div><div class=\"fusion-title title fusion-title-147 fusion-sep-none fusion-title-center fusion-title-text fusion-title-size-paragraph\" style=\"--awb-text-color:var(--awb-color7);--awb-margin-top:10px;--awb-margin-right:5px;--awb-margin-bottom:10px;--awb-margin-left:5px;--awb-margin-top-small:16px;--awb-margin-right-small:0px;--awb-margin-bottom-small:10px;--awb-margin-left-small:0px;--awb-link-color:var(--awb-color7);--awb-font-size:16px;\"><p class=\"fusion-title-heading title-heading-center title-heading-tag fusion-responsive-typography-calculated\" style=\"margin:0;font-size:1em;--fontSize:16;--minFontSize:16;line-height:1.6;\"><a href=\"https:\/\/www.choral-events.com\/en\/chorales\/baerum-girls-choir-2\/\" class=\"awb-custom-text-color awb-custom-text-hover-color\" target=\"_self\">Mik\u2019ados<\/a><\/p><\/div><div class=\"fusion-separator\" style=\"align-self: center;margin-left: auto;margin-right: auto;flex-grow:10;margin-top:5px;margin-bottom:10px;width:100%;max-width:70px;\"><div class=\"fusion-separator-border sep-single sep-solid\" style=\"--awb-height:20px;--awb-amount:20px;border-color:var(--awb-color2);border-top-width:1px;\"><\/div><\/div><div class=\"fusion-text fusion-text-146\" style=\"--awb-content-alignment:center;--awb-text-transform:capitalize;--awb-text-color:var(--awb-color4);\"><p>France<\/p>\n<\/div><\/div><\/li>\n<li class=\"fusion-layout-column fusion_builder_column fusion-builder-column-147 fusion-flex-column fusion-animated post-card fusion-grid-column fusion-post-cards-grid-column 2024 italy fusion-animated\" style=\"--awb-padding-bottom:5px;--awb-overflow:hidden;--awb-bg-color:var(--awb-color1);--awb-bg-color-hover:var(--awb-custom_color_2);--awb-bg-size:cover;--awb-box-shadow:0px 0px 24px hsla(var(--awb-color7-h),var(--awb-color7-s),var(--awb-color7-l),calc(var(--awb-color7-a) - 40%));;--awb-border-color:var(--awb-color4);--awb-border-color-hover:var(--awb-color7);--awb-border-top:1px;--awb-border-right:1px;--awb-border-bottom:1px;--awb-border-left:1px;--awb-border-style:solid;--awb-border-radius:6px 6px 6px 6px;--awb-flex-grow:0;--awb-flex-shrink:0;--awb-flex-grow-medium:0;--awb-flex-shrink-medium:0;--awb-flex-grow-small:0;--awb-flex-shrink-small:0;\" data-animationType=\"fadeIn\" data-animationDuration=\"1.3\" data-animationOffset=\"top-into-view\"><div class=\"fusion-column-wrapper fusion-column-has-shadow fusion-flex-justify-content-flex-start fusion-content-layout-column\"><div class=\"fusion-image-element \" style=\"--awb-aspect-ratio:16 \/ 9;--awb-margin-bottom:10px;--awb-caption-title-font-family:var(--h2_typography-font-family);--awb-caption-title-font-weight:var(--h2_typography-font-weight);--awb-caption-title-font-style:var(--h2_typography-font-style);--awb-caption-title-size:var(--h2_typography-font-size);--awb-caption-title-transform:var(--h2_typography-text-transform);--awb-caption-title-line-height:var(--h2_typography-line-height);--awb-caption-title-letter-spacing:var(--h2_typography-letter-spacing);\"><span class=\" fusion-imageframe imageframe-none imageframe-146 hover-type-none has-aspect-ratio\"><a class=\"fusion-no-lightbox\" href=\"https:\/\/www.choral-events.com\/en\/chorales\/millevoci-choir\/\" target=\"_self\" aria-label=\"Italy_Millevoci_web page photos (2)\"><img decoding=\"async\" width=\"550\" height=\"350\" alt=\"Millevoci Choir\" src=\"https:\/\/www.choral-events.com\/wp-content\/uploads\/2024\/04\/Italie_Millevoci_photos-page-web-2.jpg\" class=\"img-responsive wp-image-49446 img-with-aspect-ratio\" data-parent-fit=\"cover\" data-parent-container=\".fusion-image-element\" srcset=\"https:\/\/www.choral-events.com\/wp-content\/uploads\/2024\/04\/Italie_Millevoci_photos-page-web-2-200x127.jpg 200w, https:\/\/www.choral-events.com\/wp-content\/uploads\/2024\/04\/Italie_Millevoci_photos-page-web-2-400x255.jpg 400w, https:\/\/www.choral-events.com\/wp-content\/uploads\/2024\/04\/Italie_Millevoci_photos-page-web-2.jpg 550w\" sizes=\"(max-width: 1024px) 100vw, (max-width: 640px) 100vw, 550px\" \/><\/a><\/span><\/div><div class=\"fusion-title title fusion-title-148 fusion-sep-none fusion-title-center fusion-title-text fusion-title-size-paragraph\" style=\"--awb-text-color:var(--awb-color7);--awb-margin-top:10px;--awb-margin-right:5px;--awb-margin-bottom:10px;--awb-margin-left:5px;--awb-margin-top-small:16px;--awb-margin-right-small:0px;--awb-margin-bottom-small:10px;--awb-margin-left-small:0px;--awb-link-color:var(--awb-color7);--awb-font-size:16px;\"><p class=\"fusion-title-heading title-heading-center title-heading-tag fusion-responsive-typography-calculated\" style=\"margin:0;font-size:1em;--fontSize:16;--minFontSize:16;line-height:1.6;\"><a href=\"https:\/\/www.choral-events.com\/en\/chorales\/millevoci-choir\/\" class=\"awb-custom-text-color awb-custom-text-hover-color\" target=\"_self\">Millevoci Choir<\/a><\/p><\/div><div class=\"fusion-separator\" style=\"align-self: center;margin-left: auto;margin-right: auto;flex-grow:10;margin-top:5px;margin-bottom:10px;width:100%;max-width:70px;\"><div class=\"fusion-separator-border sep-single sep-solid\" style=\"--awb-height:20px;--awb-amount:20px;border-color:var(--awb-color2);border-top-width:1px;\"><\/div><\/div><div class=\"fusion-text fusion-text-147\" style=\"--awb-content-alignment:center;--awb-text-transform:capitalize;--awb-text-color:var(--awb-color4);\"><p>Italy<\/p>\n<\/div><\/div><\/li>\n<li class=\"fusion-layout-column fusion_builder_column fusion-builder-column-148 fusion-flex-column fusion-animated post-card fusion-grid-column fusion-post-cards-grid-column 2024 estonia fusion-animated\" style=\"--awb-padding-bottom:5px;--awb-overflow:hidden;--awb-bg-color:var(--awb-color1);--awb-bg-color-hover:var(--awb-custom_color_2);--awb-bg-size:cover;--awb-box-shadow:0px 0px 24px hsla(var(--awb-color7-h),var(--awb-color7-s),var(--awb-color7-l),calc(var(--awb-color7-a) - 40%));;--awb-border-color:var(--awb-color4);--awb-border-color-hover:var(--awb-color7);--awb-border-top:1px;--awb-border-right:1px;--awb-border-bottom:1px;--awb-border-left:1px;--awb-border-style:solid;--awb-border-radius:6px 6px 6px 6px;--awb-flex-grow:0;--awb-flex-shrink:0;--awb-flex-grow-medium:0;--awb-flex-shrink-medium:0;--awb-flex-grow-small:0;--awb-flex-shrink-small:0;\" data-animationType=\"fadeIn\" data-animationDuration=\"1.3\" data-animationOffset=\"top-into-view\"><div class=\"fusion-column-wrapper fusion-column-has-shadow fusion-flex-justify-content-flex-start fusion-content-layout-column\"><div class=\"fusion-image-element \" style=\"--awb-aspect-ratio:16 \/ 9;--awb-margin-bottom:10px;--awb-caption-title-font-family:var(--h2_typography-font-family);--awb-caption-title-font-weight:var(--h2_typography-font-weight);--awb-caption-title-font-style:var(--h2_typography-font-style);--awb-caption-title-size:var(--h2_typography-font-size);--awb-caption-title-transform:var(--h2_typography-text-transform);--awb-caption-title-line-height:var(--h2_typography-line-height);--awb-caption-title-letter-spacing:var(--h2_typography-letter-spacing);\"><span class=\" fusion-imageframe imageframe-none imageframe-147 hover-type-none has-aspect-ratio\"><a class=\"fusion-no-lightbox\" href=\"https:\/\/www.choral-events.com\/en\/chorales\/mixed-choir-k-o-o-r\/\" target=\"_self\" aria-label=\"Estonia_KOOR _web page photo (3)\"><img decoding=\"async\" width=\"550\" height=\"350\" alt=\"Mixed choir K.O.O.R.\" src=\"https:\/\/www.choral-events.com\/wp-content\/uploads\/2024\/01\/Estonie_KOOR-_photo-page-web-3.png\" class=\"img-responsive wp-image-49903 img-with-aspect-ratio\" data-parent-fit=\"cover\" data-parent-container=\".fusion-image-element\" srcset=\"https:\/\/www.choral-events.com\/wp-content\/uploads\/2024\/01\/Estonie_KOOR-_photo-page-web-3-200x127.png 200w, https:\/\/www.choral-events.com\/wp-content\/uploads\/2024\/01\/Estonie_KOOR-_photo-page-web-3-400x255.png 400w, https:\/\/www.choral-events.com\/wp-content\/uploads\/2024\/01\/Estonie_KOOR-_photo-page-web-3.png 550w\" sizes=\"(max-width: 1024px) 100vw, (max-width: 640px) 100vw, 550px\" \/><\/a><\/span><\/div><div class=\"fusion-title title fusion-title-149 fusion-sep-none fusion-title-center fusion-title-text fusion-title-size-paragraph\" style=\"--awb-text-color:var(--awb-color7);--awb-margin-top:10px;--awb-margin-right:5px;--awb-margin-bottom:10px;--awb-margin-left:5px;--awb-margin-top-small:16px;--awb-margin-right-small:0px;--awb-margin-bottom-small:10px;--awb-margin-left-small:0px;--awb-link-color:var(--awb-color7);--awb-font-size:16px;\"><p class=\"fusion-title-heading title-heading-center title-heading-tag fusion-responsive-typography-calculated\" style=\"margin:0;font-size:1em;--fontSize:16;--minFontSize:16;line-height:1.6;\"><a href=\"https:\/\/www.choral-events.com\/en\/chorales\/mixed-choir-k-o-o-r\/\" class=\"awb-custom-text-color awb-custom-text-hover-color\" target=\"_self\">Mixed choir K.O.O.R.<\/a><\/p><\/div><div class=\"fusion-separator\" style=\"align-self: center;margin-left: auto;margin-right: auto;flex-grow:10;margin-top:5px;margin-bottom:10px;width:100%;max-width:70px;\"><div class=\"fusion-separator-border sep-single sep-solid\" style=\"--awb-height:20px;--awb-amount:20px;border-color:var(--awb-color2);border-top-width:1px;\"><\/div><\/div><div class=\"fusion-text fusion-text-148\" style=\"--awb-content-alignment:center;--awb-text-transform:capitalize;--awb-text-color:var(--awb-color4);\"><p>Estonia<\/p>\n<\/div><\/div><\/li>\n<li class=\"fusion-layout-column fusion_builder_column fusion-builder-column-149 fusion-flex-column fusion-animated post-card fusion-grid-column fusion-post-cards-grid-column 2023 lithuania fusion-animated\" style=\"--awb-padding-bottom:5px;--awb-overflow:hidden;--awb-bg-color:var(--awb-color1);--awb-bg-color-hover:var(--awb-custom_color_2);--awb-bg-size:cover;--awb-box-shadow:0px 0px 24px hsla(var(--awb-color7-h),var(--awb-color7-s),var(--awb-color7-l),calc(var(--awb-color7-a) - 40%));;--awb-border-color:var(--awb-color4);--awb-border-color-hover:var(--awb-color7);--awb-border-top:1px;--awb-border-right:1px;--awb-border-bottom:1px;--awb-border-left:1px;--awb-border-style:solid;--awb-border-radius:6px 6px 6px 6px;--awb-flex-grow:0;--awb-flex-shrink:0;--awb-flex-grow-medium:0;--awb-flex-shrink-medium:0;--awb-flex-grow-small:0;--awb-flex-shrink-small:0;\" data-animationType=\"fadeIn\" data-animationDuration=\"1.3\" data-animationOffset=\"top-into-view\"><div class=\"fusion-column-wrapper fusion-column-has-shadow fusion-flex-justify-content-flex-start fusion-content-layout-column\"><div class=\"fusion-image-element \" style=\"--awb-aspect-ratio:16 \/ 9;--awb-margin-bottom:10px;--awb-caption-title-font-family:var(--h2_typography-font-family);--awb-caption-title-font-weight:var(--h2_typography-font-weight);--awb-caption-title-font-style:var(--h2_typography-font-style);--awb-caption-title-size:var(--h2_typography-font-size);--awb-caption-title-transform:var(--h2_typography-text-transform);--awb-caption-title-line-height:var(--h2_typography-line-height);--awb-caption-title-letter-spacing:var(--h2_typography-letter-spacing);\"><span class=\" fusion-imageframe imageframe-none imageframe-148 hover-type-none has-aspect-ratio\"><a class=\"fusion-no-lightbox\" href=\"https:\/\/www.choral-events.com\/en\/chorales\/mixed-choir-pajurio-aidos\/\" target=\"_self\" aria-label=\"1_Klaideda &#8211; Lithuania &#8211; photo page web\"><img decoding=\"async\" width=\"550\" height=\"350\" src=\"https:\/\/www.choral-events.com\/wp-content\/uploads\/2023\/03\/1_Klaideda-Lituanie-photo-page-web.jpg\" class=\"img-responsive wp-image-49934 img-with-aspect-ratio\" data-parent-fit=\"cover\" data-parent-container=\".fusion-image-element\" alt srcset=\"https:\/\/www.choral-events.com\/wp-content\/uploads\/2023\/03\/1_Klaideda-Lituanie-photo-page-web-200x127.jpg 200w, https:\/\/www.choral-events.com\/wp-content\/uploads\/2023\/03\/1_Klaideda-Lituanie-photo-page-web-400x255.jpg 400w, https:\/\/www.choral-events.com\/wp-content\/uploads\/2023\/03\/1_Klaideda-Lituanie-photo-page-web.jpg 550w\" sizes=\"(max-width: 1024px) 100vw, (max-width: 640px) 100vw, 550px\" \/><\/a><\/span><\/div><div class=\"fusion-title title fusion-title-150 fusion-sep-none fusion-title-center fusion-title-text fusion-title-size-paragraph\" style=\"--awb-text-color:var(--awb-color7);--awb-margin-top:10px;--awb-margin-right:5px;--awb-margin-bottom:10px;--awb-margin-left:5px;--awb-margin-top-small:16px;--awb-margin-right-small:0px;--awb-margin-bottom-small:10px;--awb-margin-left-small:0px;--awb-link-color:var(--awb-color7);--awb-font-size:16px;\"><p class=\"fusion-title-heading title-heading-center title-heading-tag fusion-responsive-typography-calculated\" style=\"margin:0;font-size:1em;--fontSize:16;--minFontSize:16;line-height:1.6;\"><a href=\"https:\/\/www.choral-events.com\/en\/chorales\/mixed-choir-pajurio-aidos\/\" class=\"awb-custom-text-color awb-custom-text-hover-color\" target=\"_self\">Mixed choir Paj\u016brio aidos<\/a><\/p><\/div><div class=\"fusion-separator\" style=\"align-self: center;margin-left: auto;margin-right: auto;flex-grow:10;margin-top:5px;margin-bottom:10px;width:100%;max-width:70px;\"><div class=\"fusion-separator-border sep-single sep-solid\" style=\"--awb-height:20px;--awb-amount:20px;border-color:var(--awb-color2);border-top-width:1px;\"><\/div><\/div><div class=\"fusion-text fusion-text-149\" style=\"--awb-content-alignment:center;--awb-text-transform:capitalize;--awb-text-color:var(--awb-color4);\"><p>Lithuania<\/p>\n<\/div><\/div><\/li>\n<li class=\"fusion-layout-column fusion_builder_column fusion-builder-column-150 fusion-flex-column fusion-animated post-card fusion-grid-column fusion-post-cards-grid-column 2024 france fusion-animated\" style=\"--awb-padding-bottom:5px;--awb-overflow:hidden;--awb-bg-color:var(--awb-color1);--awb-bg-color-hover:var(--awb-custom_color_2);--awb-bg-size:cover;--awb-box-shadow:0px 0px 24px hsla(var(--awb-color7-h),var(--awb-color7-s),var(--awb-color7-l),calc(var(--awb-color7-a) - 40%));;--awb-border-color:var(--awb-color4);--awb-border-color-hover:var(--awb-color7);--awb-border-top:1px;--awb-border-right:1px;--awb-border-bottom:1px;--awb-border-left:1px;--awb-border-style:solid;--awb-border-radius:6px 6px 6px 6px;--awb-flex-grow:0;--awb-flex-shrink:0;--awb-flex-grow-medium:0;--awb-flex-shrink-medium:0;--awb-flex-grow-small:0;--awb-flex-shrink-small:0;\" data-animationType=\"fadeIn\" data-animationDuration=\"1.3\" data-animationOffset=\"top-into-view\"><div class=\"fusion-column-wrapper fusion-column-has-shadow fusion-flex-justify-content-flex-start fusion-content-layout-column\"><div class=\"fusion-image-element \" style=\"--awb-aspect-ratio:16 \/ 9;--awb-margin-bottom:10px;--awb-caption-title-font-family:var(--h2_typography-font-family);--awb-caption-title-font-weight:var(--h2_typography-font-weight);--awb-caption-title-font-style:var(--h2_typography-font-style);--awb-caption-title-size:var(--h2_typography-font-size);--awb-caption-title-transform:var(--h2_typography-text-transform);--awb-caption-title-line-height:var(--h2_typography-line-height);--awb-caption-title-letter-spacing:var(--h2_typography-letter-spacing);\"><span class=\" fusion-imageframe imageframe-none imageframe-149 hover-type-none has-aspect-ratio\"><a class=\"fusion-no-lightbox\" href=\"https:\/\/www.choral-events.com\/en\/chorales\/mondelle-childrens-choir\/\" target=\"_self\" aria-label=\"France_Petit Choeur de Mondelle__web page photo\"><img decoding=\"async\" width=\"550\" height=\"350\" alt=\"Petit Ch\u0153ur de Mondelle\" src=\"https:\/\/www.choral-events.com\/wp-content\/uploads\/2024\/01\/France_Petit-Choeur-de-Mondelle__photo-page-web.png\" class=\"img-responsive wp-image-50024 img-with-aspect-ratio\" data-parent-fit=\"cover\" data-parent-container=\".fusion-image-element\" srcset=\"https:\/\/www.choral-events.com\/wp-content\/uploads\/2024\/01\/France_Petit-Choeur-de-Mondelle__photo-page-web-200x127.png 200w, https:\/\/www.choral-events.com\/wp-content\/uploads\/2024\/01\/France_Petit-Choeur-de-Mondelle__photo-page-web-400x255.png 400w, https:\/\/www.choral-events.com\/wp-content\/uploads\/2024\/01\/France_Petit-Choeur-de-Mondelle__photo-page-web.png 550w\" sizes=\"(max-width: 1024px) 100vw, (max-width: 640px) 100vw, 550px\" \/><\/a><\/span><\/div><div class=\"fusion-title title fusion-title-151 fusion-sep-none fusion-title-center fusion-title-text fusion-title-size-paragraph\" style=\"--awb-text-color:var(--awb-color7);--awb-margin-top:10px;--awb-margin-right:5px;--awb-margin-bottom:10px;--awb-margin-left:5px;--awb-margin-top-small:16px;--awb-margin-right-small:0px;--awb-margin-bottom-small:10px;--awb-margin-left-small:0px;--awb-link-color:var(--awb-color7);--awb-font-size:16px;\"><p class=\"fusion-title-heading title-heading-center title-heading-tag fusion-responsive-typography-calculated\" style=\"margin:0;font-size:1em;--fontSize:16;--minFontSize:16;line-height:1.6;\"><a href=\"https:\/\/www.choral-events.com\/en\/chorales\/mondelle-childrens-choir\/\" class=\"awb-custom-text-color awb-custom-text-hover-color\" target=\"_self\">Mondelle Children&#8217;s Choir<\/a><\/p><\/div><div class=\"fusion-separator\" style=\"align-self: center;margin-left: auto;margin-right: auto;flex-grow:10;margin-top:5px;margin-bottom:10px;width:100%;max-width:70px;\"><div class=\"fusion-separator-border sep-single sep-solid\" style=\"--awb-height:20px;--awb-amount:20px;border-color:var(--awb-color2);border-top-width:1px;\"><\/div><\/div><div class=\"fusion-text fusion-text-150\" style=\"--awb-content-alignment:center;--awb-text-transform:capitalize;--awb-text-color:var(--awb-color4);\"><p>France<\/p>\n<\/div><\/div><\/li>\n<li class=\"fusion-layout-column fusion_builder_column fusion-builder-column-151 fusion-flex-column fusion-animated post-card fusion-grid-column fusion-post-cards-grid-column 2023 canada fusion-animated\" style=\"--awb-padding-bottom:5px;--awb-overflow:hidden;--awb-bg-color:var(--awb-color1);--awb-bg-color-hover:var(--awb-custom_color_2);--awb-bg-size:cover;--awb-box-shadow:0px 0px 24px hsla(var(--awb-color7-h),var(--awb-color7-s),var(--awb-color7-l),calc(var(--awb-color7-a) - 40%));;--awb-border-color:var(--awb-color4);--awb-border-color-hover:var(--awb-color7);--awb-border-top:1px;--awb-border-right:1px;--awb-border-bottom:1px;--awb-border-left:1px;--awb-border-style:solid;--awb-border-radius:6px 6px 6px 6px;--awb-flex-grow:0;--awb-flex-shrink:0;--awb-flex-grow-medium:0;--awb-flex-shrink-medium:0;--awb-flex-grow-small:0;--awb-flex-shrink-small:0;\" data-animationType=\"fadeIn\" data-animationDuration=\"1.3\" data-animationOffset=\"top-into-view\"><div class=\"fusion-column-wrapper fusion-column-has-shadow fusion-flex-justify-content-flex-start fusion-content-layout-column\"><div class=\"fusion-image-element \" style=\"--awb-aspect-ratio:16 \/ 9;--awb-margin-bottom:10px;--awb-caption-title-font-family:var(--h2_typography-font-family);--awb-caption-title-font-weight:var(--h2_typography-font-weight);--awb-caption-title-font-style:var(--h2_typography-font-style);--awb-caption-title-size:var(--h2_typography-font-size);--awb-caption-title-transform:var(--h2_typography-text-transform);--awb-caption-title-line-height:var(--h2_typography-line-height);--awb-caption-title-letter-spacing:var(--h2_typography-letter-spacing);\"><span class=\" fusion-imageframe imageframe-none imageframe-150 hover-type-none has-aspect-ratio\"><a class=\"fusion-no-lightbox\" href=\"https:\/\/www.choral-events.com\/en\/chorales\/montreal-childrens-choir\/\" target=\"_self\" aria-label=\"2_Choir-Montreal-550&#215;350\"><img decoding=\"async\" width=\"550\" height=\"350\" src=\"https:\/\/www.choral-events.com\/wp-content\/uploads\/2026\/02\/2_Choeur-Montreal-550x350-1.jpg\" class=\"img-responsive wp-image-49754 img-with-aspect-ratio\" data-parent-fit=\"cover\" data-parent-container=\".fusion-image-element\" alt srcset=\"https:\/\/www.choral-events.com\/wp-content\/uploads\/2026\/02\/2_Choeur-Montreal-550x350-1-200x127.jpg 200w, https:\/\/www.choral-events.com\/wp-content\/uploads\/2026\/02\/2_Choeur-Montreal-550x350-1-400x255.jpg 400w, https:\/\/www.choral-events.com\/wp-content\/uploads\/2026\/02\/2_Choeur-Montreal-550x350-1.jpg 550w\" sizes=\"(max-width: 1024px) 100vw, (max-width: 640px) 100vw, 550px\" \/><\/a><\/span><\/div><div class=\"fusion-title title fusion-title-152 fusion-sep-none fusion-title-center fusion-title-text fusion-title-size-paragraph\" style=\"--awb-text-color:var(--awb-color7);--awb-margin-top:10px;--awb-margin-right:5px;--awb-margin-bottom:10px;--awb-margin-left:5px;--awb-margin-top-small:16px;--awb-margin-right-small:0px;--awb-margin-bottom-small:10px;--awb-margin-left-small:0px;--awb-link-color:var(--awb-color7);--awb-font-size:16px;\"><p class=\"fusion-title-heading title-heading-center title-heading-tag fusion-responsive-typography-calculated\" style=\"margin:0;font-size:1em;--fontSize:16;--minFontSize:16;line-height:1.6;\"><a href=\"https:\/\/www.choral-events.com\/en\/chorales\/montreal-childrens-choir\/\" class=\"awb-custom-text-color awb-custom-text-hover-color\" target=\"_self\">Montreal Children&#8217;s Choir<\/a><\/p><\/div><div class=\"fusion-separator\" style=\"align-self: center;margin-left: auto;margin-right: auto;flex-grow:10;margin-top:5px;margin-bottom:10px;width:100%;max-width:70px;\"><div class=\"fusion-separator-border sep-single sep-solid\" style=\"--awb-height:20px;--awb-amount:20px;border-color:var(--awb-color2);border-top-width:1px;\"><\/div><\/div><div class=\"fusion-text fusion-text-151\" style=\"--awb-content-alignment:center;--awb-text-transform:capitalize;--awb-text-color:var(--awb-color4);\"><p>Quebec \u2013 Canada<\/p>\n<\/div><\/div><\/li>\n<li class=\"fusion-layout-column fusion_builder_column fusion-builder-column-152 fusion-flex-column fusion-animated post-card fusion-grid-column fusion-post-cards-grid-column 2022 slovakia fusion-animated\" style=\"--awb-padding-bottom:5px;--awb-overflow:hidden;--awb-bg-color:var(--awb-color1);--awb-bg-color-hover:var(--awb-custom_color_2);--awb-bg-size:cover;--awb-box-shadow:0px 0px 24px hsla(var(--awb-color7-h),var(--awb-color7-s),var(--awb-color7-l),calc(var(--awb-color7-a) - 40%));;--awb-border-color:var(--awb-color4);--awb-border-color-hover:var(--awb-color7);--awb-border-top:1px;--awb-border-right:1px;--awb-border-bottom:1px;--awb-border-left:1px;--awb-border-style:solid;--awb-border-radius:6px 6px 6px 6px;--awb-flex-grow:0;--awb-flex-shrink:0;--awb-flex-grow-medium:0;--awb-flex-shrink-medium:0;--awb-flex-grow-small:0;--awb-flex-shrink-small:0;\" data-animationType=\"fadeIn\" data-animationDuration=\"1.3\" data-animationOffset=\"top-into-view\"><div class=\"fusion-column-wrapper fusion-column-has-shadow fusion-flex-justify-content-flex-start fusion-content-layout-column\"><div class=\"fusion-image-element \" style=\"--awb-aspect-ratio:16 \/ 9;--awb-margin-bottom:10px;--awb-caption-title-font-family:var(--h2_typography-font-family);--awb-caption-title-font-weight:var(--h2_typography-font-weight);--awb-caption-title-font-style:var(--h2_typography-font-style);--awb-caption-title-size:var(--h2_typography-font-size);--awb-caption-title-transform:var(--h2_typography-text-transform);--awb-caption-title-line-height:var(--h2_typography-line-height);--awb-caption-title-letter-spacing:var(--h2_typography-letter-spacing);\"><span class=\" fusion-imageframe imageframe-none imageframe-151 hover-type-none has-aspect-ratio\"><a class=\"fusion-no-lightbox\" href=\"https:\/\/www.choral-events.com\/en\/chorales\/odense-chamber-choir-2\/\" target=\"_self\" aria-label=\"MSGA-Childrens-Choir-Slovakia-photo-page-web-\"><img decoding=\"async\" width=\"550\" height=\"350\" src=\"https:\/\/www.choral-events.com\/wp-content\/uploads\/2026\/03\/MSGA-Childrens-Choir-Slovaquie-photo-page-web-.jpg\" class=\"img-responsive wp-image-51769 img-with-aspect-ratio\" data-parent-fit=\"cover\" data-parent-container=\".fusion-image-element\" alt srcset=\"https:\/\/www.choral-events.com\/wp-content\/uploads\/2026\/03\/MSGA-Childrens-Choir-Slovaquie-photo-page-web--200x127.jpg 200w, https:\/\/www.choral-events.com\/wp-content\/uploads\/2026\/03\/MSGA-Childrens-Choir-Slovaquie-photo-page-web--400x255.jpg 400w, https:\/\/www.choral-events.com\/wp-content\/uploads\/2026\/03\/MSGA-Childrens-Choir-Slovaquie-photo-page-web-.jpg 550w\" sizes=\"(max-width: 1024px) 100vw, (max-width: 640px) 100vw, 550px\" \/><\/a><\/span><\/div><div class=\"fusion-title title fusion-title-153 fusion-sep-none fusion-title-center fusion-title-text fusion-title-size-paragraph\" style=\"--awb-text-color:var(--awb-color7);--awb-margin-top:10px;--awb-margin-right:5px;--awb-margin-bottom:10px;--awb-margin-left:5px;--awb-margin-top-small:16px;--awb-margin-right-small:0px;--awb-margin-bottom-small:10px;--awb-margin-left-small:0px;--awb-link-color:var(--awb-color7);--awb-font-size:16px;\"><p class=\"fusion-title-heading title-heading-center title-heading-tag fusion-responsive-typography-calculated\" style=\"margin:0;font-size:1em;--fontSize:16;--minFontSize:16;line-height:1.6;\"><a href=\"https:\/\/www.choral-events.com\/en\/chorales\/odense-chamber-choir-2\/\" class=\"awb-custom-text-color awb-custom-text-hover-color\" target=\"_self\">MSGA Children\u2019s Choir<\/a><\/p><\/div><div class=\"fusion-separator\" style=\"align-self: center;margin-left: auto;margin-right: auto;flex-grow:10;margin-top:5px;margin-bottom:10px;width:100%;max-width:70px;\"><div class=\"fusion-separator-border sep-single sep-solid\" style=\"--awb-height:20px;--awb-amount:20px;border-color:var(--awb-color2);border-top-width:1px;\"><\/div><\/div><div class=\"fusion-text fusion-text-152\" style=\"--awb-content-alignment:center;--awb-text-transform:capitalize;--awb-text-color:var(--awb-color4);\"><p>Slovakia<\/p>\n<\/div><\/div><\/li>\n<li class=\"fusion-layout-column fusion_builder_column fusion-builder-column-153 fusion-flex-column fusion-animated post-card fusion-grid-column fusion-post-cards-grid-column 2026 slovakia fusion-animated\" style=\"--awb-padding-bottom:5px;--awb-overflow:hidden;--awb-bg-color:var(--awb-color1);--awb-bg-color-hover:var(--awb-custom_color_2);--awb-bg-size:cover;--awb-box-shadow:0px 0px 24px hsla(var(--awb-color7-h),var(--awb-color7-s),var(--awb-color7-l),calc(var(--awb-color7-a) - 40%));;--awb-border-color:var(--awb-color4);--awb-border-color-hover:var(--awb-color7);--awb-border-top:1px;--awb-border-right:1px;--awb-border-bottom:1px;--awb-border-left:1px;--awb-border-style:solid;--awb-border-radius:6px 6px 6px 6px;--awb-flex-grow:0;--awb-flex-shrink:0;--awb-flex-grow-medium:0;--awb-flex-shrink-medium:0;--awb-flex-grow-small:0;--awb-flex-shrink-small:0;\" data-animationType=\"fadeIn\" data-animationDuration=\"1.3\" data-animationOffset=\"top-into-view\"><div class=\"fusion-column-wrapper fusion-column-has-shadow fusion-flex-justify-content-flex-start fusion-content-layout-column\"><div class=\"fusion-image-element \" style=\"--awb-aspect-ratio:16 \/ 9;--awb-margin-bottom:10px;--awb-caption-title-font-family:var(--h2_typography-font-family);--awb-caption-title-font-weight:var(--h2_typography-font-weight);--awb-caption-title-font-style:var(--h2_typography-font-style);--awb-caption-title-size:var(--h2_typography-font-size);--awb-caption-title-transform:var(--h2_typography-text-transform);--awb-caption-title-line-height:var(--h2_typography-line-height);--awb-caption-title-letter-spacing:var(--h2_typography-letter-spacing);\"><span class=\" fusion-imageframe imageframe-none imageframe-152 hover-type-none has-aspect-ratio\"><a class=\"fusion-no-lightbox\" href=\"https:\/\/www.choral-events.com\/en\/chorales\/msga-choirs\/\" target=\"_self\" aria-label=\"MSGA_ choirs &#8211; Children_Girls_Youth\"><img decoding=\"async\" width=\"2560\" height=\"1920\" src=\"https:\/\/www.choral-events.com\/wp-content\/uploads\/2026\/04\/MSGA_-choirs-Children_Girls_Youth-scaled.jpg\" class=\"img-responsive wp-image-52659 img-with-aspect-ratio\" data-parent-fit=\"cover\" data-parent-container=\".fusion-image-element\" alt srcset=\"https:\/\/www.choral-events.com\/wp-content\/uploads\/2026\/04\/MSGA_-choirs-Children_Girls_Youth-200x150.jpg 200w, https:\/\/www.choral-events.com\/wp-content\/uploads\/2026\/04\/MSGA_-choirs-Children_Girls_Youth-400x300.jpg 400w, https:\/\/www.choral-events.com\/wp-content\/uploads\/2026\/04\/MSGA_-choirs-Children_Girls_Youth-600x450.jpg 600w, https:\/\/www.choral-events.com\/wp-content\/uploads\/2026\/04\/MSGA_-choirs-Children_Girls_Youth-800x600.jpg 800w, https:\/\/www.choral-events.com\/wp-content\/uploads\/2026\/04\/MSGA_-choirs-Children_Girls_Youth-1200x900.jpg 1200w, https:\/\/www.choral-events.com\/wp-content\/uploads\/2026\/04\/MSGA_-choirs-Children_Girls_Youth-scaled.jpg 2560w\" sizes=\"(max-width: 1024px) 100vw, (max-width: 640px) 100vw, 2560px\" \/><\/a><\/span><\/div><div class=\"fusion-title title fusion-title-154 fusion-sep-none fusion-title-center fusion-title-text fusion-title-size-paragraph\" style=\"--awb-text-color:var(--awb-color7);--awb-margin-top:10px;--awb-margin-right:5px;--awb-margin-bottom:10px;--awb-margin-left:5px;--awb-margin-top-small:16px;--awb-margin-right-small:0px;--awb-margin-bottom-small:10px;--awb-margin-left-small:0px;--awb-link-color:var(--awb-color7);--awb-font-size:16px;\"><p class=\"fusion-title-heading title-heading-center title-heading-tag fusion-responsive-typography-calculated\" style=\"margin:0;font-size:1em;--fontSize:16;--minFontSize:16;line-height:1.6;\"><a href=\"https:\/\/www.choral-events.com\/en\/chorales\/msga-choirs\/\" class=\"awb-custom-text-color awb-custom-text-hover-color\" target=\"_self\">MSGA Choirs<\/a><\/p><\/div><div class=\"fusion-separator\" style=\"align-self: center;margin-left: auto;margin-right: auto;flex-grow:10;margin-top:5px;margin-bottom:10px;width:100%;max-width:70px;\"><div class=\"fusion-separator-border sep-single sep-solid\" style=\"--awb-height:20px;--awb-amount:20px;border-color:var(--awb-color2);border-top-width:1px;\"><\/div><\/div><div class=\"fusion-text fusion-text-153\" style=\"--awb-content-alignment:center;--awb-text-transform:capitalize;--awb-text-color:var(--awb-color4);\"><p>Slovakia<\/p>\n<\/div><\/div><\/li>\n<li class=\"fusion-layout-column fusion_builder_column fusion-builder-column-154 fusion-flex-column fusion-animated post-card fusion-grid-column fusion-post-cards-grid-column 2022 slovakia fusion-animated\" style=\"--awb-padding-bottom:5px;--awb-overflow:hidden;--awb-bg-color:var(--awb-color1);--awb-bg-color-hover:var(--awb-custom_color_2);--awb-bg-size:cover;--awb-box-shadow:0px 0px 24px hsla(var(--awb-color7-h),var(--awb-color7-s),var(--awb-color7-l),calc(var(--awb-color7-a) - 40%));;--awb-border-color:var(--awb-color4);--awb-border-color-hover:var(--awb-color7);--awb-border-top:1px;--awb-border-right:1px;--awb-border-bottom:1px;--awb-border-left:1px;--awb-border-style:solid;--awb-border-radius:6px 6px 6px 6px;--awb-flex-grow:0;--awb-flex-shrink:0;--awb-flex-grow-medium:0;--awb-flex-shrink-medium:0;--awb-flex-grow-small:0;--awb-flex-shrink-small:0;\" data-animationType=\"fadeIn\" data-animationDuration=\"1.3\" data-animationOffset=\"top-into-view\"><div class=\"fusion-column-wrapper fusion-column-has-shadow fusion-flex-justify-content-flex-start fusion-content-layout-column\"><div class=\"fusion-image-element \" style=\"--awb-aspect-ratio:16 \/ 9;--awb-margin-bottom:10px;--awb-caption-title-font-family:var(--h2_typography-font-family);--awb-caption-title-font-weight:var(--h2_typography-font-weight);--awb-caption-title-font-style:var(--h2_typography-font-style);--awb-caption-title-size:var(--h2_typography-font-size);--awb-caption-title-transform:var(--h2_typography-text-transform);--awb-caption-title-line-height:var(--h2_typography-line-height);--awb-caption-title-letter-spacing:var(--h2_typography-letter-spacing);\"><span class=\" fusion-imageframe imageframe-none imageframe-153 hover-type-none has-aspect-ratio\"><a class=\"fusion-no-lightbox\" href=\"https:\/\/www.choral-events.com\/en\/chorales\/baerum-girls-choir-3\/\" target=\"_self\" aria-label=\"MSGA-Girls-Choir-Slovakia-photo-page-web-\"><img decoding=\"async\" width=\"550\" height=\"350\" src=\"https:\/\/www.choral-events.com\/wp-content\/uploads\/2026\/03\/MSGA-Girls-Choir-Slovaquie-photo-page-web-.jpg\" class=\"img-responsive wp-image-51773 img-with-aspect-ratio\" data-parent-fit=\"cover\" data-parent-container=\".fusion-image-element\" alt srcset=\"https:\/\/www.choral-events.com\/wp-content\/uploads\/2026\/03\/MSGA-Girls-Choir-Slovaquie-photo-page-web--200x127.jpg 200w, https:\/\/www.choral-events.com\/wp-content\/uploads\/2026\/03\/MSGA-Girls-Choir-Slovaquie-photo-page-web--400x255.jpg 400w, https:\/\/www.choral-events.com\/wp-content\/uploads\/2026\/03\/MSGA-Girls-Choir-Slovaquie-photo-page-web-.jpg 550w\" sizes=\"(max-width: 1024px) 100vw, (max-width: 640px) 100vw, 550px\" \/><\/a><\/span><\/div><div class=\"fusion-title title fusion-title-155 fusion-sep-none fusion-title-center fusion-title-text fusion-title-size-paragraph\" style=\"--awb-text-color:var(--awb-color7);--awb-margin-top:10px;--awb-margin-right:5px;--awb-margin-bottom:10px;--awb-margin-left:5px;--awb-margin-top-small:16px;--awb-margin-right-small:0px;--awb-margin-bottom-small:10px;--awb-margin-left-small:0px;--awb-link-color:var(--awb-color7);--awb-font-size:16px;\"><p class=\"fusion-title-heading title-heading-center title-heading-tag fusion-responsive-typography-calculated\" style=\"margin:0;font-size:1em;--fontSize:16;--minFontSize:16;line-height:1.6;\"><a href=\"https:\/\/www.choral-events.com\/en\/chorales\/baerum-girls-choir-3\/\" class=\"awb-custom-text-color awb-custom-text-hover-color\" target=\"_self\">MSGA Girl&#8217;s Choir<\/a><\/p><\/div><div class=\"fusion-separator\" style=\"align-self: center;margin-left: auto;margin-right: auto;flex-grow:10;margin-top:5px;margin-bottom:10px;width:100%;max-width:70px;\"><div class=\"fusion-separator-border sep-single sep-solid\" style=\"--awb-height:20px;--awb-amount:20px;border-color:var(--awb-color2);border-top-width:1px;\"><\/div><\/div><div class=\"fusion-text fusion-text-154\" style=\"--awb-content-alignment:center;--awb-text-transform:capitalize;--awb-text-color:var(--awb-color4);\"><p>Slovakia<\/p>\n<\/div><\/div><\/li>\n<li class=\"fusion-layout-column fusion_builder_column fusion-builder-column-155 fusion-flex-column fusion-animated post-card fusion-grid-column fusion-post-cards-grid-column 2022 slovakia fusion-animated\" style=\"--awb-padding-bottom:5px;--awb-overflow:hidden;--awb-bg-color:var(--awb-color1);--awb-bg-color-hover:var(--awb-custom_color_2);--awb-bg-size:cover;--awb-box-shadow:0px 0px 24px hsla(var(--awb-color7-h),var(--awb-color7-s),var(--awb-color7-l),calc(var(--awb-color7-a) - 40%));;--awb-border-color:var(--awb-color4);--awb-border-color-hover:var(--awb-color7);--awb-border-top:1px;--awb-border-right:1px;--awb-border-bottom:1px;--awb-border-left:1px;--awb-border-style:solid;--awb-border-radius:6px 6px 6px 6px;--awb-flex-grow:0;--awb-flex-shrink:0;--awb-flex-grow-medium:0;--awb-flex-shrink-medium:0;--awb-flex-grow-small:0;--awb-flex-shrink-small:0;\" data-animationType=\"fadeIn\" data-animationDuration=\"1.3\" data-animationOffset=\"top-into-view\"><div class=\"fusion-column-wrapper fusion-column-has-shadow fusion-flex-justify-content-flex-start fusion-content-layout-column\"><div class=\"fusion-image-element \" style=\"--awb-aspect-ratio:16 \/ 9;--awb-margin-bottom:10px;--awb-caption-title-font-family:var(--h2_typography-font-family);--awb-caption-title-font-weight:var(--h2_typography-font-weight);--awb-caption-title-font-style:var(--h2_typography-font-style);--awb-caption-title-size:var(--h2_typography-font-size);--awb-caption-title-transform:var(--h2_typography-text-transform);--awb-caption-title-line-height:var(--h2_typography-line-height);--awb-caption-title-letter-spacing:var(--h2_typography-letter-spacing);\"><span class=\" fusion-imageframe imageframe-none imageframe-154 hover-type-none has-aspect-ratio\"><a class=\"fusion-no-lightbox\" href=\"https:\/\/www.choral-events.com\/en\/chorales\/odense-chamber-choir-3\/\" target=\"_self\" aria-label=\"MSGA-Youth-Choir-Slovakia-photo-page-web-\"><img decoding=\"async\" width=\"550\" height=\"350\" src=\"https:\/\/www.choral-events.com\/wp-content\/uploads\/2026\/03\/MSGA-Youth-Choir-Slovaquie-photo-page-web-.jpg\" class=\"img-responsive wp-image-51777 img-with-aspect-ratio\" data-parent-fit=\"cover\" data-parent-container=\".fusion-image-element\" alt srcset=\"https:\/\/www.choral-events.com\/wp-content\/uploads\/2026\/03\/MSGA-Youth-Choir-Slovaquie-photo-page-web--200x127.jpg 200w, https:\/\/www.choral-events.com\/wp-content\/uploads\/2026\/03\/MSGA-Youth-Choir-Slovaquie-photo-page-web--400x255.jpg 400w, https:\/\/www.choral-events.com\/wp-content\/uploads\/2026\/03\/MSGA-Youth-Choir-Slovaquie-photo-page-web-.jpg 550w\" sizes=\"(max-width: 1024px) 100vw, (max-width: 640px) 100vw, 550px\" \/><\/a><\/span><\/div><div class=\"fusion-title title fusion-title-156 fusion-sep-none fusion-title-center fusion-title-text fusion-title-size-paragraph\" style=\"--awb-text-color:var(--awb-color7);--awb-margin-top:10px;--awb-margin-right:5px;--awb-margin-bottom:10px;--awb-margin-left:5px;--awb-margin-top-small:16px;--awb-margin-right-small:0px;--awb-margin-bottom-small:10px;--awb-margin-left-small:0px;--awb-link-color:var(--awb-color7);--awb-font-size:16px;\"><p class=\"fusion-title-heading title-heading-center title-heading-tag fusion-responsive-typography-calculated\" style=\"margin:0;font-size:1em;--fontSize:16;--minFontSize:16;line-height:1.6;\"><a href=\"https:\/\/www.choral-events.com\/en\/chorales\/odense-chamber-choir-3\/\" class=\"awb-custom-text-color awb-custom-text-hover-color\" target=\"_self\">MSGA Youth Choir<\/a><\/p><\/div><div class=\"fusion-separator\" style=\"align-self: center;margin-left: auto;margin-right: auto;flex-grow:10;margin-top:5px;margin-bottom:10px;width:100%;max-width:70px;\"><div class=\"fusion-separator-border sep-single sep-solid\" style=\"--awb-height:20px;--awb-amount:20px;border-color:var(--awb-color2);border-top-width:1px;\"><\/div><\/div><div class=\"fusion-text fusion-text-155\" style=\"--awb-content-alignment:center;--awb-text-transform:capitalize;--awb-text-color:var(--awb-color4);\"><p>Slovakia<\/p>\n<\/div><\/div><\/li>\n<li class=\"fusion-layout-column fusion_builder_column fusion-builder-column-156 fusion-flex-column fusion-animated post-card fusion-grid-column fusion-post-cards-grid-column 2025 usa fusion-animated\" style=\"--awb-padding-bottom:5px;--awb-overflow:hidden;--awb-bg-color:var(--awb-color1);--awb-bg-color-hover:var(--awb-custom_color_2);--awb-bg-size:cover;--awb-box-shadow:0px 0px 24px hsla(var(--awb-color7-h),var(--awb-color7-s),var(--awb-color7-l),calc(var(--awb-color7-a) - 40%));;--awb-border-color:var(--awb-color4);--awb-border-color-hover:var(--awb-color7);--awb-border-top:1px;--awb-border-right:1px;--awb-border-bottom:1px;--awb-border-left:1px;--awb-border-style:solid;--awb-border-radius:6px 6px 6px 6px;--awb-flex-grow:0;--awb-flex-shrink:0;--awb-flex-grow-medium:0;--awb-flex-shrink-medium:0;--awb-flex-grow-small:0;--awb-flex-shrink-small:0;\" data-animationType=\"fadeIn\" data-animationDuration=\"1.3\" data-animationOffset=\"top-into-view\"><div class=\"fusion-column-wrapper fusion-column-has-shadow fusion-flex-justify-content-flex-start fusion-content-layout-column\"><div class=\"fusion-image-element \" style=\"--awb-aspect-ratio:16 \/ 9;--awb-margin-bottom:10px;--awb-caption-title-font-family:var(--h2_typography-font-family);--awb-caption-title-font-weight:var(--h2_typography-font-weight);--awb-caption-title-font-style:var(--h2_typography-font-style);--awb-caption-title-size:var(--h2_typography-font-size);--awb-caption-title-transform:var(--h2_typography-text-transform);--awb-caption-title-line-height:var(--h2_typography-line-height);--awb-caption-title-letter-spacing:var(--h2_typography-letter-spacing);\"><span class=\" fusion-imageframe imageframe-none imageframe-155 hover-type-none has-aspect-ratio\"><a class=\"fusion-no-lightbox\" href=\"https:\/\/www.choral-events.com\/en\/chorales\/new-albany-symphony-orchestra\/\" target=\"_self\" aria-label=\"New Albany Symphony Orchestra \u2013 USA\"><img decoding=\"async\" width=\"1920\" height=\"1080\" alt=\"New Albany Symphony Orchestra \u2013 USA\" src=\"https:\/\/www.choral-events.com\/wp-content\/uploads\/2025\/01\/466902065_974856944678877_912431275000409748_.jpg\" class=\"img-responsive wp-image-49719 img-with-aspect-ratio\" data-parent-fit=\"cover\" data-parent-container=\".fusion-image-element\" srcset=\"https:\/\/www.choral-events.com\/wp-content\/uploads\/2025\/01\/466902065_974856944678877_912431275000409748_-200x113.jpg 200w, https:\/\/www.choral-events.com\/wp-content\/uploads\/2025\/01\/466902065_974856944678877_912431275000409748_-400x225.jpg 400w, https:\/\/www.choral-events.com\/wp-content\/uploads\/2025\/01\/466902065_974856944678877_912431275000409748_-600x338.jpg 600w, https:\/\/www.choral-events.com\/wp-content\/uploads\/2025\/01\/466902065_974856944678877_912431275000409748_-800x450.jpg 800w, https:\/\/www.choral-events.com\/wp-content\/uploads\/2025\/01\/466902065_974856944678877_912431275000409748_-1200x675.jpg 1200w, https:\/\/www.choral-events.com\/wp-content\/uploads\/2025\/01\/466902065_974856944678877_912431275000409748_.jpg 1920w\" sizes=\"(max-width: 1024px) 100vw, (max-width: 640px) 100vw, 1920px\" \/><\/a><\/span><\/div><div class=\"fusion-title title fusion-title-157 fusion-sep-none fusion-title-center fusion-title-text fusion-title-size-paragraph\" style=\"--awb-text-color:var(--awb-color7);--awb-margin-top:10px;--awb-margin-right:5px;--awb-margin-bottom:10px;--awb-margin-left:5px;--awb-margin-top-small:16px;--awb-margin-right-small:0px;--awb-margin-bottom-small:10px;--awb-margin-left-small:0px;--awb-link-color:var(--awb-color7);--awb-font-size:16px;\"><p class=\"fusion-title-heading title-heading-center title-heading-tag fusion-responsive-typography-calculated\" style=\"margin:0;font-size:1em;--fontSize:16;--minFontSize:16;line-height:1.6;\"><a href=\"https:\/\/www.choral-events.com\/en\/chorales\/new-albany-symphony-orchestra\/\" class=\"awb-custom-text-color awb-custom-text-hover-color\" target=\"_self\">New Albany Symphony Orchestra<\/a><\/p><\/div><div class=\"fusion-separator\" style=\"align-self: center;margin-left: auto;margin-right: auto;flex-grow:10;margin-top:5px;margin-bottom:10px;width:100%;max-width:70px;\"><div class=\"fusion-separator-border sep-single sep-solid\" style=\"--awb-height:20px;--awb-amount:20px;border-color:var(--awb-color2);border-top-width:1px;\"><\/div><\/div><div class=\"fusion-text fusion-text-156\" style=\"--awb-content-alignment:center;--awb-text-transform:capitalize;--awb-text-color:var(--awb-color4);\"><p>USA<\/p>\n<\/div><\/div><\/li>\n<li class=\"fusion-layout-column fusion_builder_column fusion-builder-column-157 fusion-flex-column fusion-animated post-card fusion-grid-column fusion-post-cards-grid-column 2026 spain fusion-animated\" style=\"--awb-padding-bottom:5px;--awb-overflow:hidden;--awb-bg-color:var(--awb-color1);--awb-bg-color-hover:var(--awb-custom_color_2);--awb-bg-size:cover;--awb-box-shadow:0px 0px 24px hsla(var(--awb-color7-h),var(--awb-color7-s),var(--awb-color7-l),calc(var(--awb-color7-a) - 40%));;--awb-border-color:var(--awb-color4);--awb-border-color-hover:var(--awb-color7);--awb-border-top:1px;--awb-border-right:1px;--awb-border-bottom:1px;--awb-border-left:1px;--awb-border-style:solid;--awb-border-radius:6px 6px 6px 6px;--awb-flex-grow:0;--awb-flex-shrink:0;--awb-flex-grow-medium:0;--awb-flex-shrink-medium:0;--awb-flex-grow-small:0;--awb-flex-shrink-small:0;\" data-animationType=\"fadeIn\" data-animationDuration=\"1.3\" data-animationOffset=\"top-into-view\"><div class=\"fusion-column-wrapper fusion-column-has-shadow fusion-flex-justify-content-flex-start fusion-content-layout-column\"><div class=\"fusion-image-element \" style=\"--awb-aspect-ratio:16 \/ 9;--awb-margin-bottom:10px;--awb-caption-title-font-family:var(--h2_typography-font-family);--awb-caption-title-font-weight:var(--h2_typography-font-weight);--awb-caption-title-font-style:var(--h2_typography-font-style);--awb-caption-title-size:var(--h2_typography-font-size);--awb-caption-title-transform:var(--h2_typography-text-transform);--awb-caption-title-line-height:var(--h2_typography-line-height);--awb-caption-title-letter-spacing:var(--h2_typography-letter-spacing);\"><span class=\" fusion-imageframe imageframe-none imageframe-156 hover-type-none has-aspect-ratio\"><a class=\"fusion-no-lightbox\" href=\"https:\/\/www.choral-events.com\/en\/chorales\/new-generation-choir\/\" target=\"_self\" aria-label=\"DGC_DSC_8574_002-Mejorado-NR\"><img decoding=\"async\" width=\"1703\" height=\"2560\" src=\"https:\/\/www.choral-events.com\/wp-content\/uploads\/2026\/03\/DGC_DSC_8574_002-Mejorado-NR-scaled.jpg\" class=\"img-responsive wp-image-52487 img-with-aspect-ratio\" data-parent-fit=\"cover\" data-parent-container=\".fusion-image-element\" alt srcset=\"https:\/\/www.choral-events.com\/wp-content\/uploads\/2026\/03\/DGC_DSC_8574_002-Mejorado-NR-200x301.jpg 200w, https:\/\/www.choral-events.com\/wp-content\/uploads\/2026\/03\/DGC_DSC_8574_002-Mejorado-NR-400x601.jpg 400w, https:\/\/www.choral-events.com\/wp-content\/uploads\/2026\/03\/DGC_DSC_8574_002-Mejorado-NR-600x902.jpg 600w, https:\/\/www.choral-events.com\/wp-content\/uploads\/2026\/03\/DGC_DSC_8574_002-Mejorado-NR-800x1202.jpg 800w, https:\/\/www.choral-events.com\/wp-content\/uploads\/2026\/03\/DGC_DSC_8574_002-Mejorado-NR-1200x1804.jpg 1200w, https:\/\/www.choral-events.com\/wp-content\/uploads\/2026\/03\/DGC_DSC_8574_002-Mejorado-NR-scaled.jpg 1703w\" sizes=\"(max-width: 1024px) 100vw, (max-width: 640px) 100vw, 1703px\" \/><\/a><\/span><\/div><div class=\"fusion-title title fusion-title-158 fusion-sep-none fusion-title-center fusion-title-text fusion-title-size-paragraph\" style=\"--awb-text-color:var(--awb-color7);--awb-margin-top:10px;--awb-margin-right:5px;--awb-margin-bottom:10px;--awb-margin-left:5px;--awb-margin-top-small:16px;--awb-margin-right-small:0px;--awb-margin-bottom-small:10px;--awb-margin-left-small:0px;--awb-link-color:var(--awb-color7);--awb-font-size:16px;\"><p class=\"fusion-title-heading title-heading-center title-heading-tag fusion-responsive-typography-calculated\" style=\"margin:0;font-size:1em;--fontSize:16;--minFontSize:16;line-height:1.6;\"><a href=\"https:\/\/www.choral-events.com\/en\/chorales\/new-generation-choir\/\" class=\"awb-custom-text-color awb-custom-text-hover-color\" target=\"_self\">New Generation Choir<\/a><\/p><\/div><div class=\"fusion-separator\" style=\"align-self: center;margin-left: auto;margin-right: auto;flex-grow:10;margin-top:5px;margin-bottom:10px;width:100%;max-width:70px;\"><div class=\"fusion-separator-border sep-single sep-solid\" style=\"--awb-height:20px;--awb-amount:20px;border-color:var(--awb-color2);border-top-width:1px;\"><\/div><\/div><div class=\"fusion-text fusion-text-157\" style=\"--awb-content-alignment:center;--awb-text-transform:capitalize;--awb-text-color:var(--awb-color4);\"><p>Spain<\/p>\n<\/div><\/div><\/li>\n<li class=\"fusion-layout-column fusion_builder_column fusion-builder-column-158 fusion-flex-column fusion-animated post-card fusion-grid-column fusion-post-cards-grid-column 2022 usa fusion-animated\" style=\"--awb-padding-bottom:5px;--awb-overflow:hidden;--awb-bg-color:var(--awb-color1);--awb-bg-color-hover:var(--awb-custom_color_2);--awb-bg-size:cover;--awb-box-shadow:0px 0px 24px hsla(var(--awb-color7-h),var(--awb-color7-s),var(--awb-color7-l),calc(var(--awb-color7-a) - 40%));;--awb-border-color:var(--awb-color4);--awb-border-color-hover:var(--awb-color7);--awb-border-top:1px;--awb-border-right:1px;--awb-border-bottom:1px;--awb-border-left:1px;--awb-border-style:solid;--awb-border-radius:6px 6px 6px 6px;--awb-flex-grow:0;--awb-flex-shrink:0;--awb-flex-grow-medium:0;--awb-flex-shrink-medium:0;--awb-flex-grow-small:0;--awb-flex-shrink-small:0;\" data-animationType=\"fadeIn\" data-animationDuration=\"1.3\" data-animationOffset=\"top-into-view\"><div class=\"fusion-column-wrapper fusion-column-has-shadow fusion-flex-justify-content-flex-start fusion-content-layout-column\"><div class=\"fusion-image-element \" style=\"--awb-aspect-ratio:16 \/ 9;--awb-margin-bottom:10px;--awb-caption-title-font-family:var(--h2_typography-font-family);--awb-caption-title-font-weight:var(--h2_typography-font-weight);--awb-caption-title-font-style:var(--h2_typography-font-style);--awb-caption-title-size:var(--h2_typography-font-size);--awb-caption-title-transform:var(--h2_typography-text-transform);--awb-caption-title-line-height:var(--h2_typography-line-height);--awb-caption-title-letter-spacing:var(--h2_typography-letter-spacing);\"><span class=\" fusion-imageframe imageframe-none imageframe-157 hover-type-none has-aspect-ratio\"><a class=\"fusion-no-lightbox\" href=\"https:\/\/www.choral-events.com\/en\/chorales\/cantate-domino-2\/\" target=\"_self\" aria-label=\"3_Colombus-USA-photo-page-web\"><img decoding=\"async\" width=\"550\" height=\"350\" src=\"https:\/\/www.choral-events.com\/wp-content\/uploads\/2026\/03\/3_Colombus-USA-photo-page-web.jpg\" class=\"img-responsive wp-image-51781 img-with-aspect-ratio\" data-parent-fit=\"cover\" data-parent-container=\".fusion-image-element\" alt srcset=\"https:\/\/www.choral-events.com\/wp-content\/uploads\/2026\/03\/3_Colombus-USA-photo-page-web-200x127.jpg 200w, https:\/\/www.choral-events.com\/wp-content\/uploads\/2026\/03\/3_Colombus-USA-photo-page-web-400x255.jpg 400w, https:\/\/www.choral-events.com\/wp-content\/uploads\/2026\/03\/3_Colombus-USA-photo-page-web.jpg 550w\" sizes=\"(max-width: 1024px) 100vw, (max-width: 640px) 100vw, 550px\" \/><\/a><\/span><\/div><div class=\"fusion-title title fusion-title-159 fusion-sep-none fusion-title-center fusion-title-text fusion-title-size-paragraph\" style=\"--awb-text-color:var(--awb-color7);--awb-margin-top:10px;--awb-margin-right:5px;--awb-margin-bottom:10px;--awb-margin-left:5px;--awb-margin-top-small:16px;--awb-margin-right-small:0px;--awb-margin-bottom-small:10px;--awb-margin-left-small:0px;--awb-link-color:var(--awb-color7);--awb-font-size:16px;\"><p class=\"fusion-title-heading title-heading-center title-heading-tag fusion-responsive-typography-calculated\" style=\"margin:0;font-size:1em;--fontSize:16;--minFontSize:16;line-height:1.6;\"><a href=\"https:\/\/www.choral-events.com\/en\/chorales\/cantate-domino-2\/\" class=\"awb-custom-text-color awb-custom-text-hover-color\" target=\"_self\">New World Singers<\/a><\/p><\/div><div class=\"fusion-separator\" style=\"align-self: center;margin-left: auto;margin-right: auto;flex-grow:10;margin-top:5px;margin-bottom:10px;width:100%;max-width:70px;\"><div class=\"fusion-separator-border sep-single sep-solid\" style=\"--awb-height:20px;--awb-amount:20px;border-color:var(--awb-color2);border-top-width:1px;\"><\/div><\/div><div class=\"fusion-text fusion-text-158\" style=\"--awb-content-alignment:center;--awb-text-transform:capitalize;--awb-text-color:var(--awb-color4);\"><p>USA<\/p>\n<\/div><\/div><\/li>\n<li class=\"fusion-layout-column fusion_builder_column fusion-builder-column-159 fusion-flex-column fusion-animated post-card fusion-grid-column fusion-post-cards-grid-column 2026 poland fusion-animated\" style=\"--awb-padding-bottom:5px;--awb-overflow:hidden;--awb-bg-color:var(--awb-color1);--awb-bg-color-hover:var(--awb-custom_color_2);--awb-bg-size:cover;--awb-box-shadow:0px 0px 24px hsla(var(--awb-color7-h),var(--awb-color7-s),var(--awb-color7-l),calc(var(--awb-color7-a) - 40%));;--awb-border-color:var(--awb-color4);--awb-border-color-hover:var(--awb-color7);--awb-border-top:1px;--awb-border-right:1px;--awb-border-bottom:1px;--awb-border-left:1px;--awb-border-style:solid;--awb-border-radius:6px 6px 6px 6px;--awb-flex-grow:0;--awb-flex-shrink:0;--awb-flex-grow-medium:0;--awb-flex-shrink-medium:0;--awb-flex-grow-small:0;--awb-flex-shrink-small:0;\" data-animationType=\"fadeIn\" data-animationDuration=\"1.3\" data-animationOffset=\"top-into-view\"><div class=\"fusion-column-wrapper fusion-column-has-shadow fusion-flex-justify-content-flex-start fusion-content-layout-column\"><div class=\"fusion-image-element \" style=\"--awb-aspect-ratio:16 \/ 9;--awb-margin-bottom:10px;--awb-caption-title-font-family:var(--h2_typography-font-family);--awb-caption-title-font-weight:var(--h2_typography-font-weight);--awb-caption-title-font-style:var(--h2_typography-font-style);--awb-caption-title-size:var(--h2_typography-font-size);--awb-caption-title-transform:var(--h2_typography-text-transform);--awb-caption-title-line-height:var(--h2_typography-line-height);--awb-caption-title-letter-spacing:var(--h2_typography-letter-spacing);\"><span class=\" fusion-imageframe imageframe-none imageframe-158 hover-type-none has-aspect-ratio\"><a class=\"fusion-no-lightbox\" href=\"https:\/\/www.choral-events.com\/en\/chorales\/nfm-girls-choir\/\" target=\"_self\" aria-label=\"Chor_dziewczecy_fot. \u0141. Rajchert (1)\"><img decoding=\"async\" width=\"2560\" height=\"1707\" src=\"https:\/\/www.choral-events.com\/wp-content\/uploads\/2026\/03\/Chor_dziewczecy_fot.-L.-Rajchert-1-scaled.jpg\" class=\"img-responsive wp-image-52298 img-with-aspect-ratio\" data-parent-fit=\"cover\" data-parent-container=\".fusion-image-element\" alt srcset=\"https:\/\/www.choral-events.com\/wp-content\/uploads\/2026\/03\/Chor_dziewczecy_fot.-L.-Rajchert-1-200x133.jpg 200w, https:\/\/www.choral-events.com\/wp-content\/uploads\/2026\/03\/Chor_dziewczecy_fot.-L.-Rajchert-1-400x267.jpg 400w, https:\/\/www.choral-events.com\/wp-content\/uploads\/2026\/03\/Chor_dziewczecy_fot.-L.-Rajchert-1-600x400.jpg 600w, https:\/\/www.choral-events.com\/wp-content\/uploads\/2026\/03\/Chor_dziewczecy_fot.-L.-Rajchert-1-800x533.jpg 800w, https:\/\/www.choral-events.com\/wp-content\/uploads\/2026\/03\/Chor_dziewczecy_fot.-L.-Rajchert-1-1200x800.jpg 1200w, https:\/\/www.choral-events.com\/wp-content\/uploads\/2026\/03\/Chor_dziewczecy_fot.-L.-Rajchert-1-scaled.jpg 2560w\" sizes=\"(max-width: 1024px) 100vw, (max-width: 640px) 100vw, 2560px\" \/><\/a><\/span><\/div><div class=\"fusion-title title fusion-title-160 fusion-sep-none fusion-title-center fusion-title-text fusion-title-size-paragraph\" style=\"--awb-text-color:var(--awb-color7);--awb-margin-top:10px;--awb-margin-right:5px;--awb-margin-bottom:10px;--awb-margin-left:5px;--awb-margin-top-small:16px;--awb-margin-right-small:0px;--awb-margin-bottom-small:10px;--awb-margin-left-small:0px;--awb-link-color:var(--awb-color7);--awb-font-size:16px;\"><p class=\"fusion-title-heading title-heading-center title-heading-tag fusion-responsive-typography-calculated\" style=\"margin:0;font-size:1em;--fontSize:16;--minFontSize:16;line-height:1.6;\"><a href=\"https:\/\/www.choral-events.com\/en\/chorales\/nfm-girls-choir\/\" class=\"awb-custom-text-color awb-custom-text-hover-color\" target=\"_self\">NFM Girls&#8217; Choir<\/a><\/p><\/div><div class=\"fusion-separator\" style=\"align-self: center;margin-left: auto;margin-right: auto;flex-grow:10;margin-top:5px;margin-bottom:10px;width:100%;max-width:70px;\"><div class=\"fusion-separator-border sep-single sep-solid\" style=\"--awb-height:20px;--awb-amount:20px;border-color:var(--awb-color2);border-top-width:1px;\"><\/div><\/div><div class=\"fusion-text fusion-text-159\" style=\"--awb-content-alignment:center;--awb-text-transform:capitalize;--awb-text-color:var(--awb-color4);\"><p>Poland<\/p>\n<\/div><\/div><\/li>\n<li class=\"fusion-layout-column fusion_builder_column fusion-builder-column-160 fusion-flex-column fusion-animated post-card fusion-grid-column fusion-post-cards-grid-column 2025 switzerland fusion-animated\" style=\"--awb-padding-bottom:5px;--awb-overflow:hidden;--awb-bg-color:var(--awb-color1);--awb-bg-color-hover:var(--awb-custom_color_2);--awb-bg-size:cover;--awb-box-shadow:0px 0px 24px hsla(var(--awb-color7-h),var(--awb-color7-s),var(--awb-color7-l),calc(var(--awb-color7-a) - 40%));;--awb-border-color:var(--awb-color4);--awb-border-color-hover:var(--awb-color7);--awb-border-top:1px;--awb-border-right:1px;--awb-border-bottom:1px;--awb-border-left:1px;--awb-border-style:solid;--awb-border-radius:6px 6px 6px 6px;--awb-flex-grow:0;--awb-flex-shrink:0;--awb-flex-grow-medium:0;--awb-flex-shrink-medium:0;--awb-flex-grow-small:0;--awb-flex-shrink-small:0;\" data-animationType=\"fadeIn\" data-animationDuration=\"1.3\" data-animationOffset=\"top-into-view\"><div class=\"fusion-column-wrapper fusion-column-has-shadow fusion-flex-justify-content-flex-start fusion-content-layout-column\"><div class=\"fusion-image-element \" style=\"--awb-aspect-ratio:16 \/ 9;--awb-margin-bottom:10px;--awb-caption-title-font-family:var(--h2_typography-font-family);--awb-caption-title-font-weight:var(--h2_typography-font-weight);--awb-caption-title-font-style:var(--h2_typography-font-style);--awb-caption-title-size:var(--h2_typography-font-size);--awb-caption-title-transform:var(--h2_typography-text-transform);--awb-caption-title-line-height:var(--h2_typography-line-height);--awb-caption-title-letter-spacing:var(--h2_typography-letter-spacing);\"><span class=\" fusion-imageframe imageframe-none imageframe-159 hover-type-none has-aspect-ratio\"><a class=\"fusion-no-lightbox\" href=\"https:\/\/www.choral-events.com\/en\/chorales\/noctuor-ensemble\/\" target=\"_self\" aria-label=\"Noctuor Ensemble\"><img decoding=\"async\" width=\"2560\" height=\"1441\" src=\"https:\/\/www.choral-events.com\/wp-content\/uploads\/2025\/03\/EXC01939-scaled-1.jpg\" class=\"img-responsive wp-image-49391 img-with-aspect-ratio\" data-parent-fit=\"cover\" data-parent-container=\".fusion-image-element\" alt srcset=\"https:\/\/www.choral-events.com\/wp-content\/uploads\/2025\/03\/EXC01939-scaled-1-200x113.jpg 200w, https:\/\/www.choral-events.com\/wp-content\/uploads\/2025\/03\/EXC01939-scaled-1-400x225.jpg 400w, https:\/\/www.choral-events.com\/wp-content\/uploads\/2025\/03\/EXC01939-scaled-1-600x338.jpg 600w, https:\/\/www.choral-events.com\/wp-content\/uploads\/2025\/03\/EXC01939-scaled-1-800x450.jpg 800w, https:\/\/www.choral-events.com\/wp-content\/uploads\/2025\/03\/EXC01939-scaled-1-1200x675.jpg 1200w, https:\/\/www.choral-events.com\/wp-content\/uploads\/2025\/03\/EXC01939-scaled-1.jpg 2560w\" sizes=\"(max-width: 1024px) 100vw, (max-width: 640px) 100vw, 2560px\" \/><\/a><\/span><\/div><div class=\"fusion-title title fusion-title-161 fusion-sep-none fusion-title-center fusion-title-text fusion-title-size-paragraph\" style=\"--awb-text-color:var(--awb-color7);--awb-margin-top:10px;--awb-margin-right:5px;--awb-margin-bottom:10px;--awb-margin-left:5px;--awb-margin-top-small:16px;--awb-margin-right-small:0px;--awb-margin-bottom-small:10px;--awb-margin-left-small:0px;--awb-link-color:var(--awb-color7);--awb-font-size:16px;\"><p class=\"fusion-title-heading title-heading-center title-heading-tag fusion-responsive-typography-calculated\" style=\"margin:0;font-size:1em;--fontSize:16;--minFontSize:16;line-height:1.6;\"><a href=\"https:\/\/www.choral-events.com\/en\/chorales\/noctuor-ensemble\/\" class=\"awb-custom-text-color awb-custom-text-hover-color\" target=\"_self\">Noctuor Ensemble<\/a><\/p><\/div><div class=\"fusion-separator\" style=\"align-self: center;margin-left: auto;margin-right: auto;flex-grow:10;margin-top:5px;margin-bottom:10px;width:100%;max-width:70px;\"><div class=\"fusion-separator-border sep-single sep-solid\" style=\"--awb-height:20px;--awb-amount:20px;border-color:var(--awb-color2);border-top-width:1px;\"><\/div><\/div><div class=\"fusion-text fusion-text-160\" style=\"--awb-content-alignment:center;--awb-text-transform:capitalize;--awb-text-color:var(--awb-color4);\"><p>Switzerland<\/p>\n<\/div><\/div><\/li>\n<li class=\"fusion-layout-column fusion_builder_column fusion-builder-column-161 fusion-flex-column fusion-animated post-card fusion-grid-column fusion-post-cards-grid-column 2026 france fusion-animated\" style=\"--awb-padding-bottom:5px;--awb-overflow:hidden;--awb-bg-color:var(--awb-color1);--awb-bg-color-hover:var(--awb-custom_color_2);--awb-bg-size:cover;--awb-box-shadow:0px 0px 24px hsla(var(--awb-color7-h),var(--awb-color7-s),var(--awb-color7-l),calc(var(--awb-color7-a) - 40%));;--awb-border-color:var(--awb-color4);--awb-border-color-hover:var(--awb-color7);--awb-border-top:1px;--awb-border-right:1px;--awb-border-bottom:1px;--awb-border-left:1px;--awb-border-style:solid;--awb-border-radius:6px 6px 6px 6px;--awb-flex-grow:0;--awb-flex-shrink:0;--awb-flex-grow-medium:0;--awb-flex-shrink-medium:0;--awb-flex-grow-small:0;--awb-flex-shrink-small:0;\" data-animationType=\"fadeIn\" data-animationDuration=\"1.3\" data-animationOffset=\"top-into-view\"><div class=\"fusion-column-wrapper fusion-column-has-shadow fusion-flex-justify-content-flex-start fusion-content-layout-column\"><div class=\"fusion-image-element \" style=\"--awb-aspect-ratio:16 \/ 9;--awb-margin-bottom:10px;--awb-caption-title-font-family:var(--h2_typography-font-family);--awb-caption-title-font-weight:var(--h2_typography-font-weight);--awb-caption-title-font-style:var(--h2_typography-font-style);--awb-caption-title-size:var(--h2_typography-font-size);--awb-caption-title-transform:var(--h2_typography-text-transform);--awb-caption-title-line-height:var(--h2_typography-line-height);--awb-caption-title-letter-spacing:var(--h2_typography-letter-spacing);\"><span class=\" fusion-imageframe imageframe-none imageframe-160 hover-type-none has-aspect-ratio\"><a class=\"fusion-no-lightbox\" href=\"https:\/\/www.choral-events.com\/en\/chorales\/notes\/\" target=\"_self\" aria-label=\"Group 1 photo\"><img decoding=\"async\" width=\"2560\" height=\"1707\" src=\"https:\/\/www.choral-events.com\/wp-content\/uploads\/2026\/04\/Photo-groupe-1-scaled.jpg\" class=\"img-responsive wp-image-52630 img-with-aspect-ratio\" data-parent-fit=\"cover\" data-parent-container=\".fusion-image-element\" alt srcset=\"https:\/\/www.choral-events.com\/wp-content\/uploads\/2026\/04\/Photo-groupe-1-200x133.jpg 200w, https:\/\/www.choral-events.com\/wp-content\/uploads\/2026\/04\/Photo-groupe-1-400x267.jpg 400w, https:\/\/www.choral-events.com\/wp-content\/uploads\/2026\/04\/Photo-groupe-1-600x400.jpg 600w, https:\/\/www.choral-events.com\/wp-content\/uploads\/2026\/04\/Photo-groupe-1-800x533.jpg 800w, https:\/\/www.choral-events.com\/wp-content\/uploads\/2026\/04\/Photo-groupe-1-1200x800.jpg 1200w, https:\/\/www.choral-events.com\/wp-content\/uploads\/2026\/04\/Photo-groupe-1-scaled.jpg 2560w\" sizes=\"(max-width: 1024px) 100vw, (max-width: 640px) 100vw, 2560px\" \/><\/a><\/span><\/div><div class=\"fusion-title title fusion-title-162 fusion-sep-none fusion-title-center fusion-title-text fusion-title-size-paragraph\" style=\"--awb-text-color:var(--awb-color7);--awb-margin-top:10px;--awb-margin-right:5px;--awb-margin-bottom:10px;--awb-margin-left:5px;--awb-margin-top-small:16px;--awb-margin-right-small:0px;--awb-margin-bottom-small:10px;--awb-margin-left-small:0px;--awb-link-color:var(--awb-color7);--awb-font-size:16px;\"><p class=\"fusion-title-heading title-heading-center title-heading-tag fusion-responsive-typography-calculated\" style=\"margin:0;font-size:1em;--fontSize:16;--minFontSize:16;line-height:1.6;\"><a href=\"https:\/\/www.choral-events.com\/en\/chorales\/notes\/\" class=\"awb-custom-text-color awb-custom-text-hover-color\" target=\"_self\">Notes<\/a><\/p><\/div><div class=\"fusion-separator\" style=\"align-self: center;margin-left: auto;margin-right: auto;flex-grow:10;margin-top:5px;margin-bottom:10px;width:100%;max-width:70px;\"><div class=\"fusion-separator-border sep-single sep-solid\" style=\"--awb-height:20px;--awb-amount:20px;border-color:var(--awb-color2);border-top-width:1px;\"><\/div><\/div><div class=\"fusion-text fusion-text-161\" style=\"--awb-content-alignment:center;--awb-text-transform:capitalize;--awb-text-color:var(--awb-color4);\"><p>France<\/p>\n<\/div><\/div><\/li>\n<li class=\"fusion-layout-column fusion_builder_column fusion-builder-column-162 fusion-flex-column fusion-animated post-card fusion-grid-column fusion-post-cards-grid-column 2022 denmark fusion-animated\" style=\"--awb-padding-bottom:5px;--awb-overflow:hidden;--awb-bg-color:var(--awb-color1);--awb-bg-color-hover:var(--awb-custom_color_2);--awb-bg-size:cover;--awb-box-shadow:0px 0px 24px hsla(var(--awb-color7-h),var(--awb-color7-s),var(--awb-color7-l),calc(var(--awb-color7-a) - 40%));;--awb-border-color:var(--awb-color4);--awb-border-color-hover:var(--awb-color7);--awb-border-top:1px;--awb-border-right:1px;--awb-border-bottom:1px;--awb-border-left:1px;--awb-border-style:solid;--awb-border-radius:6px 6px 6px 6px;--awb-flex-grow:0;--awb-flex-shrink:0;--awb-flex-grow-medium:0;--awb-flex-shrink-medium:0;--awb-flex-grow-small:0;--awb-flex-shrink-small:0;\" data-animationType=\"fadeIn\" data-animationDuration=\"1.3\" data-animationOffset=\"top-into-view\"><div class=\"fusion-column-wrapper fusion-column-has-shadow fusion-flex-justify-content-flex-start fusion-content-layout-column\"><div class=\"fusion-image-element \" style=\"--awb-aspect-ratio:16 \/ 9;--awb-margin-bottom:10px;--awb-caption-title-font-family:var(--h2_typography-font-family);--awb-caption-title-font-weight:var(--h2_typography-font-weight);--awb-caption-title-font-style:var(--h2_typography-font-style);--awb-caption-title-size:var(--h2_typography-font-size);--awb-caption-title-transform:var(--h2_typography-text-transform);--awb-caption-title-line-height:var(--h2_typography-line-height);--awb-caption-title-letter-spacing:var(--h2_typography-letter-spacing);\"><span class=\" fusion-imageframe imageframe-none imageframe-161 hover-type-none has-aspect-ratio\"><a class=\"fusion-no-lightbox\" href=\"https:\/\/www.choral-events.com\/en\/chorales\/odense-chamber-choir\/\" target=\"_self\" aria-label=\"Odense_1\"><img decoding=\"async\" width=\"550\" height=\"350\" src=\"https:\/\/www.choral-events.com\/wp-content\/uploads\/2026\/02\/Odense_1.png\" class=\"img-responsive wp-image-51653 img-with-aspect-ratio\" data-parent-fit=\"cover\" data-parent-container=\".fusion-image-element\" alt srcset=\"https:\/\/www.choral-events.com\/wp-content\/uploads\/2026\/02\/Odense_1-200x127.png 200w, https:\/\/www.choral-events.com\/wp-content\/uploads\/2026\/02\/Odense_1-400x255.png 400w, https:\/\/www.choral-events.com\/wp-content\/uploads\/2026\/02\/Odense_1.png 550w\" sizes=\"(max-width: 1024px) 100vw, (max-width: 640px) 100vw, 550px\" \/><\/a><\/span><\/div><div class=\"fusion-title title fusion-title-163 fusion-sep-none fusion-title-center fusion-title-text fusion-title-size-paragraph\" style=\"--awb-text-color:var(--awb-color7);--awb-margin-top:10px;--awb-margin-right:5px;--awb-margin-bottom:10px;--awb-margin-left:5px;--awb-margin-top-small:16px;--awb-margin-right-small:0px;--awb-margin-bottom-small:10px;--awb-margin-left-small:0px;--awb-link-color:var(--awb-color7);--awb-font-size:16px;\"><p class=\"fusion-title-heading title-heading-center title-heading-tag fusion-responsive-typography-calculated\" style=\"margin:0;font-size:1em;--fontSize:16;--minFontSize:16;line-height:1.6;\"><a href=\"https:\/\/www.choral-events.com\/en\/chorales\/odense-chamber-choir\/\" class=\"awb-custom-text-color awb-custom-text-hover-color\" target=\"_self\">Odense Chamber Choir<\/a><\/p><\/div><div class=\"fusion-separator\" style=\"align-self: center;margin-left: auto;margin-right: auto;flex-grow:10;margin-top:5px;margin-bottom:10px;width:100%;max-width:70px;\"><div class=\"fusion-separator-border sep-single sep-solid\" style=\"--awb-height:20px;--awb-amount:20px;border-color:var(--awb-color2);border-top-width:1px;\"><\/div><\/div><div class=\"fusion-text fusion-text-162\" style=\"--awb-content-alignment:center;--awb-text-transform:capitalize;--awb-text-color:var(--awb-color4);\"><p>Denmark<\/p>\n<\/div><\/div><\/li>\n<li class=\"fusion-layout-column fusion_builder_column fusion-builder-column-163 fusion-flex-column fusion-animated post-card fusion-grid-column fusion-post-cards-grid-column 2022 france fusion-animated\" style=\"--awb-padding-bottom:5px;--awb-overflow:hidden;--awb-bg-color:var(--awb-color1);--awb-bg-color-hover:var(--awb-custom_color_2);--awb-bg-size:cover;--awb-box-shadow:0px 0px 24px hsla(var(--awb-color7-h),var(--awb-color7-s),var(--awb-color7-l),calc(var(--awb-color7-a) - 40%));;--awb-border-color:var(--awb-color4);--awb-border-color-hover:var(--awb-color7);--awb-border-top:1px;--awb-border-right:1px;--awb-border-bottom:1px;--awb-border-left:1px;--awb-border-style:solid;--awb-border-radius:6px 6px 6px 6px;--awb-flex-grow:0;--awb-flex-shrink:0;--awb-flex-grow-medium:0;--awb-flex-shrink-medium:0;--awb-flex-grow-small:0;--awb-flex-shrink-small:0;\" data-animationType=\"fadeIn\" data-animationDuration=\"1.3\" data-animationOffset=\"top-into-view\"><div class=\"fusion-column-wrapper fusion-column-has-shadow fusion-flex-justify-content-flex-start fusion-content-layout-column\"><div class=\"fusion-image-element \" style=\"--awb-aspect-ratio:16 \/ 9;--awb-margin-bottom:10px;--awb-caption-title-font-family:var(--h2_typography-font-family);--awb-caption-title-font-weight:var(--h2_typography-font-weight);--awb-caption-title-font-style:var(--h2_typography-font-style);--awb-caption-title-size:var(--h2_typography-font-size);--awb-caption-title-transform:var(--h2_typography-text-transform);--awb-caption-title-line-height:var(--h2_typography-line-height);--awb-caption-title-letter-spacing:var(--h2_typography-letter-spacing);\"><span class=\" fusion-imageframe imageframe-none imageframe-162 hover-type-none has-aspect-ratio\"><a class=\"fusion-no-lightbox\" href=\"https:\/\/www.choral-events.com\/en\/chorales\/odyssees-choir\/\" target=\"_self\" aria-label=\"Odyssees_1\"><img decoding=\"async\" width=\"550\" height=\"350\" src=\"https:\/\/www.choral-events.com\/wp-content\/uploads\/2026\/02\/Odyssees_1.png\" class=\"img-responsive wp-image-51671 img-with-aspect-ratio\" data-parent-fit=\"cover\" data-parent-container=\".fusion-image-element\" alt srcset=\"https:\/\/www.choral-events.com\/wp-content\/uploads\/2026\/02\/Odyssees_1-200x127.png 200w, https:\/\/www.choral-events.com\/wp-content\/uploads\/2026\/02\/Odyssees_1-400x255.png 400w, https:\/\/www.choral-events.com\/wp-content\/uploads\/2026\/02\/Odyssees_1.png 550w\" sizes=\"(max-width: 1024px) 100vw, (max-width: 640px) 100vw, 550px\" \/><\/a><\/span><\/div><div class=\"fusion-title title fusion-title-164 fusion-sep-none fusion-title-center fusion-title-text fusion-title-size-paragraph\" style=\"--awb-text-color:var(--awb-color7);--awb-margin-top:10px;--awb-margin-right:5px;--awb-margin-bottom:10px;--awb-margin-left:5px;--awb-margin-top-small:16px;--awb-margin-right-small:0px;--awb-margin-bottom-small:10px;--awb-margin-left-small:0px;--awb-link-color:var(--awb-color7);--awb-font-size:16px;\"><p class=\"fusion-title-heading title-heading-center title-heading-tag fusion-responsive-typography-calculated\" style=\"margin:0;font-size:1em;--fontSize:16;--minFontSize:16;line-height:1.6;\"><a href=\"https:\/\/www.choral-events.com\/en\/chorales\/odyssees-choir\/\" class=\"awb-custom-text-color awb-custom-text-hover-color\" target=\"_self\">Odyss\u00e9es Choir<\/a><\/p><\/div><div class=\"fusion-separator\" style=\"align-self: center;margin-left: auto;margin-right: auto;flex-grow:10;margin-top:5px;margin-bottom:10px;width:100%;max-width:70px;\"><div class=\"fusion-separator-border sep-single sep-solid\" style=\"--awb-height:20px;--awb-amount:20px;border-color:var(--awb-color2);border-top-width:1px;\"><\/div><\/div><div class=\"fusion-text fusion-text-163\" style=\"--awb-content-alignment:center;--awb-text-transform:capitalize;--awb-text-color:var(--awb-color4);\"><p>France<\/p>\n<\/div><\/div><\/li>\n<li class=\"fusion-layout-column fusion_builder_column fusion-builder-column-164 fusion-flex-column fusion-animated post-card fusion-grid-column fusion-post-cards-grid-column 2026 latvia fusion-animated\" style=\"--awb-padding-bottom:5px;--awb-overflow:hidden;--awb-bg-color:var(--awb-color1);--awb-bg-color-hover:var(--awb-custom_color_2);--awb-bg-size:cover;--awb-box-shadow:0px 0px 24px hsla(var(--awb-color7-h),var(--awb-color7-s),var(--awb-color7-l),calc(var(--awb-color7-a) - 40%));;--awb-border-color:var(--awb-color4);--awb-border-color-hover:var(--awb-color7);--awb-border-top:1px;--awb-border-right:1px;--awb-border-bottom:1px;--awb-border-left:1px;--awb-border-style:solid;--awb-border-radius:6px 6px 6px 6px;--awb-flex-grow:0;--awb-flex-shrink:0;--awb-flex-grow-medium:0;--awb-flex-shrink-medium:0;--awb-flex-grow-small:0;--awb-flex-shrink-small:0;\" data-animationType=\"fadeIn\" data-animationDuration=\"1.3\" data-animationOffset=\"top-into-view\"><div class=\"fusion-column-wrapper fusion-column-has-shadow fusion-flex-justify-content-flex-start fusion-content-layout-column\"><div class=\"fusion-image-element \" style=\"--awb-aspect-ratio:16 \/ 9;--awb-margin-bottom:10px;--awb-caption-title-font-family:var(--h2_typography-font-family);--awb-caption-title-font-weight:var(--h2_typography-font-weight);--awb-caption-title-font-style:var(--h2_typography-font-style);--awb-caption-title-size:var(--h2_typography-font-size);--awb-caption-title-transform:var(--h2_typography-text-transform);--awb-caption-title-line-height:var(--h2_typography-line-height);--awb-caption-title-letter-spacing:var(--h2_typography-letter-spacing);\"><span class=\" fusion-imageframe imageframe-none imageframe-163 hover-type-none has-aspect-ratio\"><a class=\"fusion-no-lightbox\" href=\"https:\/\/www.choral-events.com\/en\/chorales\/ogre\/\" target=\"_self\" aria-label=\"5E9A6188 copy\"><img decoding=\"async\" width=\"2560\" height=\"1423\" src=\"https:\/\/www.choral-events.com\/wp-content\/uploads\/2026\/03\/5E9A6188-copy-scaled.jpg\" class=\"img-responsive wp-image-52470 img-with-aspect-ratio\" data-parent-fit=\"cover\" data-parent-container=\".fusion-image-element\" alt srcset=\"https:\/\/www.choral-events.com\/wp-content\/uploads\/2026\/03\/5E9A6188-copy-200x111.jpg 200w, https:\/\/www.choral-events.com\/wp-content\/uploads\/2026\/03\/5E9A6188-copy-400x222.jpg 400w, https:\/\/www.choral-events.com\/wp-content\/uploads\/2026\/03\/5E9A6188-copy-600x334.jpg 600w, https:\/\/www.choral-events.com\/wp-content\/uploads\/2026\/03\/5E9A6188-copy-800x445.jpg 800w, https:\/\/www.choral-events.com\/wp-content\/uploads\/2026\/03\/5E9A6188-copy-1200x667.jpg 1200w, https:\/\/www.choral-events.com\/wp-content\/uploads\/2026\/03\/5E9A6188-copy-scaled.jpg 2560w\" sizes=\"(max-width: 1024px) 100vw, (max-width: 640px) 100vw, 2560px\" \/><\/a><\/span><\/div><div class=\"fusion-title title fusion-title-165 fusion-sep-none fusion-title-center fusion-title-text fusion-title-size-paragraph\" style=\"--awb-text-color:var(--awb-color7);--awb-margin-top:10px;--awb-margin-right:5px;--awb-margin-bottom:10px;--awb-margin-left:5px;--awb-margin-top-small:16px;--awb-margin-right-small:0px;--awb-margin-bottom-small:10px;--awb-margin-left-small:0px;--awb-link-color:var(--awb-color7);--awb-font-size:16px;\"><p class=\"fusion-title-heading title-heading-center title-heading-tag fusion-responsive-typography-calculated\" style=\"margin:0;font-size:1em;--fontSize:16;--minFontSize:16;line-height:1.6;\"><a href=\"https:\/\/www.choral-events.com\/en\/chorales\/ogre\/\" class=\"awb-custom-text-color awb-custom-text-hover-color\" target=\"_self\">Ogre<\/a><\/p><\/div><div class=\"fusion-separator\" style=\"align-self: center;margin-left: auto;margin-right: auto;flex-grow:10;margin-top:5px;margin-bottom:10px;width:100%;max-width:70px;\"><div class=\"fusion-separator-border sep-single sep-solid\" style=\"--awb-height:20px;--awb-amount:20px;border-color:var(--awb-color2);border-top-width:1px;\"><\/div><\/div><div class=\"fusion-text fusion-text-164\" style=\"--awb-content-alignment:center;--awb-text-transform:capitalize;--awb-text-color:var(--awb-color4);\"><p>Latvia<\/p>\n<\/div><\/div><\/li>\n<li class=\"fusion-layout-column fusion_builder_column fusion-builder-column-165 fusion-flex-column fusion-animated post-card fusion-grid-column fusion-post-cards-grid-column 2026 italy fusion-animated\" style=\"--awb-padding-bottom:5px;--awb-overflow:hidden;--awb-bg-color:var(--awb-color1);--awb-bg-color-hover:var(--awb-custom_color_2);--awb-bg-size:cover;--awb-box-shadow:0px 0px 24px hsla(var(--awb-color7-h),var(--awb-color7-s),var(--awb-color7-l),calc(var(--awb-color7-a) - 40%));;--awb-border-color:var(--awb-color4);--awb-border-color-hover:var(--awb-color7);--awb-border-top:1px;--awb-border-right:1px;--awb-border-bottom:1px;--awb-border-left:1px;--awb-border-style:solid;--awb-border-radius:6px 6px 6px 6px;--awb-flex-grow:0;--awb-flex-shrink:0;--awb-flex-grow-medium:0;--awb-flex-shrink-medium:0;--awb-flex-grow-small:0;--awb-flex-shrink-small:0;\" data-animationType=\"fadeIn\" data-animationDuration=\"1.3\" data-animationOffset=\"top-into-view\"><div class=\"fusion-column-wrapper fusion-column-has-shadow fusion-flex-justify-content-flex-start fusion-content-layout-column\"><div class=\"fusion-image-element \" style=\"--awb-aspect-ratio:16 \/ 9;--awb-margin-bottom:10px;--awb-caption-title-font-family:var(--h2_typography-font-family);--awb-caption-title-font-weight:var(--h2_typography-font-weight);--awb-caption-title-font-style:var(--h2_typography-font-style);--awb-caption-title-size:var(--h2_typography-font-size);--awb-caption-title-transform:var(--h2_typography-text-transform);--awb-caption-title-line-height:var(--h2_typography-line-height);--awb-caption-title-letter-spacing:var(--h2_typography-letter-spacing);\"><span class=\" fusion-imageframe imageframe-none imageframe-164 hover-type-none has-aspect-ratio\"><a class=\"fusion-no-lightbox\" href=\"https:\/\/www.choral-events.com\/en\/chorales\/one-soul-project-choir\/\" target=\"_self\" aria-label=\"B43A8358\"><img decoding=\"async\" width=\"2560\" height=\"1707\" src=\"https:\/\/www.choral-events.com\/wp-content\/uploads\/2026\/03\/B43A8358-scaled.jpg\" class=\"img-responsive wp-image-52563 img-with-aspect-ratio\" data-parent-fit=\"cover\" data-parent-container=\".fusion-image-element\" alt srcset=\"https:\/\/www.choral-events.com\/wp-content\/uploads\/2026\/03\/B43A8358-200x133.jpg 200w, https:\/\/www.choral-events.com\/wp-content\/uploads\/2026\/03\/B43A8358-400x267.jpg 400w, https:\/\/www.choral-events.com\/wp-content\/uploads\/2026\/03\/B43A8358-600x400.jpg 600w, https:\/\/www.choral-events.com\/wp-content\/uploads\/2026\/03\/B43A8358-800x533.jpg 800w, https:\/\/www.choral-events.com\/wp-content\/uploads\/2026\/03\/B43A8358-1200x800.jpg 1200w, https:\/\/www.choral-events.com\/wp-content\/uploads\/2026\/03\/B43A8358-scaled.jpg 2560w\" sizes=\"(max-width: 1024px) 100vw, (max-width: 640px) 100vw, 2560px\" \/><\/a><\/span><\/div><div class=\"fusion-title title fusion-title-166 fusion-sep-none fusion-title-center fusion-title-text fusion-title-size-paragraph\" style=\"--awb-text-color:var(--awb-color7);--awb-margin-top:10px;--awb-margin-right:5px;--awb-margin-bottom:10px;--awb-margin-left:5px;--awb-margin-top-small:16px;--awb-margin-right-small:0px;--awb-margin-bottom-small:10px;--awb-margin-left-small:0px;--awb-link-color:var(--awb-color7);--awb-font-size:16px;\"><p class=\"fusion-title-heading title-heading-center title-heading-tag fusion-responsive-typography-calculated\" style=\"margin:0;font-size:1em;--fontSize:16;--minFontSize:16;line-height:1.6;\"><a href=\"https:\/\/www.choral-events.com\/en\/chorales\/one-soul-project-choir\/\" class=\"awb-custom-text-color awb-custom-text-hover-color\" target=\"_self\">One Soul Project Choir<\/a><\/p><\/div><div class=\"fusion-separator\" style=\"align-self: center;margin-left: auto;margin-right: auto;flex-grow:10;margin-top:5px;margin-bottom:10px;width:100%;max-width:70px;\"><div class=\"fusion-separator-border sep-single sep-solid\" style=\"--awb-height:20px;--awb-amount:20px;border-color:var(--awb-color2);border-top-width:1px;\"><\/div><\/div><div class=\"fusion-text fusion-text-165\" style=\"--awb-content-alignment:center;--awb-text-transform:capitalize;--awb-text-color:var(--awb-color4);\"><p>Italy  <\/p>\n<\/div><\/div><\/li>\n<li class=\"fusion-layout-column fusion_builder_column fusion-builder-column-166 fusion-flex-column fusion-animated post-card fusion-grid-column fusion-post-cards-grid-column 2025 spain fusion-animated\" style=\"--awb-padding-bottom:5px;--awb-overflow:hidden;--awb-bg-color:var(--awb-color1);--awb-bg-color-hover:var(--awb-custom_color_2);--awb-bg-size:cover;--awb-box-shadow:0px 0px 24px hsla(var(--awb-color7-h),var(--awb-color7-s),var(--awb-color7-l),calc(var(--awb-color7-a) - 40%));;--awb-border-color:var(--awb-color4);--awb-border-color-hover:var(--awb-color7);--awb-border-top:1px;--awb-border-right:1px;--awb-border-bottom:1px;--awb-border-left:1px;--awb-border-style:solid;--awb-border-radius:6px 6px 6px 6px;--awb-flex-grow:0;--awb-flex-shrink:0;--awb-flex-grow-medium:0;--awb-flex-shrink-medium:0;--awb-flex-grow-small:0;--awb-flex-shrink-small:0;\" data-animationType=\"fadeIn\" data-animationDuration=\"1.3\" data-animationOffset=\"top-into-view\"><div class=\"fusion-column-wrapper fusion-column-has-shadow fusion-flex-justify-content-flex-start fusion-content-layout-column\"><div class=\"fusion-image-element \" style=\"--awb-aspect-ratio:16 \/ 9;--awb-margin-bottom:10px;--awb-caption-title-font-family:var(--h2_typography-font-family);--awb-caption-title-font-weight:var(--h2_typography-font-weight);--awb-caption-title-font-style:var(--h2_typography-font-style);--awb-caption-title-size:var(--h2_typography-font-size);--awb-caption-title-transform:var(--h2_typography-text-transform);--awb-caption-title-line-height:var(--h2_typography-line-height);--awb-caption-title-letter-spacing:var(--h2_typography-letter-spacing);\"><span class=\" fusion-imageframe imageframe-none imageframe-165 hover-type-none has-aspect-ratio\"><a class=\"fusion-no-lightbox\" href=\"https:\/\/www.choral-events.com\/en\/chorales\/orfeo-veus-juntes\/\" target=\"_self\" aria-label=\"ORFE\u00d3 VEUS JUNTE Thumbnail\"><img decoding=\"async\" width=\"600\" height=\"600\" alt=\"ORFE\u00d3 VEUS JUNTES\" src=\"https:\/\/www.choral-events.com\/wp-content\/uploads\/2025\/05\/Vignette-ORFEO-VEUS-JUNTE.png\" class=\"img-responsive wp-image-49745 img-with-aspect-ratio\" data-parent-fit=\"cover\" data-parent-container=\".fusion-image-element\" srcset=\"https:\/\/www.choral-events.com\/wp-content\/uploads\/2025\/05\/Vignette-ORFEO-VEUS-JUNTE-200x200.png 200w, https:\/\/www.choral-events.com\/wp-content\/uploads\/2025\/05\/Vignette-ORFEO-VEUS-JUNTE-400x400.png 400w, https:\/\/www.choral-events.com\/wp-content\/uploads\/2025\/05\/Vignette-ORFEO-VEUS-JUNTE.png 600w\" sizes=\"(max-width: 1024px) 100vw, (max-width: 640px) 100vw, 600px\" \/><\/a><\/span><\/div><div class=\"fusion-title title fusion-title-167 fusion-sep-none fusion-title-center fusion-title-text fusion-title-size-paragraph\" style=\"--awb-text-color:var(--awb-color7);--awb-margin-top:10px;--awb-margin-right:5px;--awb-margin-bottom:10px;--awb-margin-left:5px;--awb-margin-top-small:16px;--awb-margin-right-small:0px;--awb-margin-bottom-small:10px;--awb-margin-left-small:0px;--awb-link-color:var(--awb-color7);--awb-font-size:16px;\"><p class=\"fusion-title-heading title-heading-center title-heading-tag fusion-responsive-typography-calculated\" style=\"margin:0;font-size:1em;--fontSize:16;--minFontSize:16;line-height:1.6;\"><a href=\"https:\/\/www.choral-events.com\/en\/chorales\/orfeo-veus-juntes\/\" class=\"awb-custom-text-color awb-custom-text-hover-color\" target=\"_self\">Orfe\u00f3 Veus Juntes<\/a><\/p><\/div><div class=\"fusion-separator\" style=\"align-self: center;margin-left: auto;margin-right: auto;flex-grow:10;margin-top:5px;margin-bottom:10px;width:100%;max-width:70px;\"><div class=\"fusion-separator-border sep-single sep-solid\" style=\"--awb-height:20px;--awb-amount:20px;border-color:var(--awb-color2);border-top-width:1px;\"><\/div><\/div><div class=\"fusion-text fusion-text-166\" style=\"--awb-content-alignment:center;--awb-text-transform:capitalize;--awb-text-color:var(--awb-color4);\"><p>Spain<\/p>\n<\/div><\/div><\/li>\n<li class=\"fusion-layout-column fusion_builder_column fusion-builder-column-167 fusion-flex-column fusion-animated post-card fusion-grid-column fusion-post-cards-grid-column 2023 italy fusion-animated\" style=\"--awb-padding-bottom:5px;--awb-overflow:hidden;--awb-bg-color:var(--awb-color1);--awb-bg-color-hover:var(--awb-custom_color_2);--awb-bg-size:cover;--awb-box-shadow:0px 0px 24px hsla(var(--awb-color7-h),var(--awb-color7-s),var(--awb-color7-l),calc(var(--awb-color7-a) - 40%));;--awb-border-color:var(--awb-color4);--awb-border-color-hover:var(--awb-color7);--awb-border-top:1px;--awb-border-right:1px;--awb-border-bottom:1px;--awb-border-left:1px;--awb-border-style:solid;--awb-border-radius:6px 6px 6px 6px;--awb-flex-grow:0;--awb-flex-shrink:0;--awb-flex-grow-medium:0;--awb-flex-shrink-medium:0;--awb-flex-grow-small:0;--awb-flex-shrink-small:0;\" data-animationType=\"fadeIn\" data-animationDuration=\"1.3\" data-animationOffset=\"top-into-view\"><div class=\"fusion-column-wrapper fusion-column-has-shadow fusion-flex-justify-content-flex-start fusion-content-layout-column\"><div class=\"fusion-image-element \" style=\"--awb-aspect-ratio:16 \/ 9;--awb-margin-bottom:10px;--awb-caption-title-font-family:var(--h2_typography-font-family);--awb-caption-title-font-weight:var(--h2_typography-font-weight);--awb-caption-title-font-style:var(--h2_typography-font-style);--awb-caption-title-size:var(--h2_typography-font-size);--awb-caption-title-transform:var(--h2_typography-text-transform);--awb-caption-title-line-height:var(--h2_typography-line-height);--awb-caption-title-letter-spacing:var(--h2_typography-letter-spacing);\"><span class=\" fusion-imageframe imageframe-none imageframe-166 hover-type-none has-aspect-ratio\"><a class=\"fusion-no-lightbox\" href=\"https:\/\/www.choral-events.com\/en\/chorales\/oschirese-polyphonic-choir\/\" target=\"_self\" aria-label=\"Piccolo Grande Coro Oschirese\"><img decoding=\"async\" width=\"678\" height=\"451\" alt=\"Piccolo Grande Coro Oschirese\" src=\"https:\/\/www.choral-events.com\/wp-content\/uploads\/2023\/06\/3.jpg\" class=\"img-responsive wp-image-49925 img-with-aspect-ratio\" data-parent-fit=\"cover\" data-parent-container=\".fusion-image-element\" srcset=\"https:\/\/www.choral-events.com\/wp-content\/uploads\/2023\/06\/3-200x133.jpg 200w, https:\/\/www.choral-events.com\/wp-content\/uploads\/2023\/06\/3-400x266.jpg 400w, https:\/\/www.choral-events.com\/wp-content\/uploads\/2023\/06\/3-600x399.jpg 600w, https:\/\/www.choral-events.com\/wp-content\/uploads\/2023\/06\/3.jpg 678w\" sizes=\"(max-width: 1024px) 100vw, (max-width: 640px) 100vw, 678px\" \/><\/a><\/span><\/div><div class=\"fusion-title title fusion-title-168 fusion-sep-none fusion-title-center fusion-title-text fusion-title-size-paragraph\" style=\"--awb-text-color:var(--awb-color7);--awb-margin-top:10px;--awb-margin-right:5px;--awb-margin-bottom:10px;--awb-margin-left:5px;--awb-margin-top-small:16px;--awb-margin-right-small:0px;--awb-margin-bottom-small:10px;--awb-margin-left-small:0px;--awb-link-color:var(--awb-color7);--awb-font-size:16px;\"><p class=\"fusion-title-heading title-heading-center title-heading-tag fusion-responsive-typography-calculated\" style=\"margin:0;font-size:1em;--fontSize:16;--minFontSize:16;line-height:1.6;\"><a href=\"https:\/\/www.choral-events.com\/en\/chorales\/oschirese-polyphonic-choir\/\" class=\"awb-custom-text-color awb-custom-text-hover-color\" target=\"_self\">Oschirese Polyphonic Choir<\/a><\/p><\/div><div class=\"fusion-separator\" style=\"align-self: center;margin-left: auto;margin-right: auto;flex-grow:10;margin-top:5px;margin-bottom:10px;width:100%;max-width:70px;\"><div class=\"fusion-separator-border sep-single sep-solid\" style=\"--awb-height:20px;--awb-amount:20px;border-color:var(--awb-color2);border-top-width:1px;\"><\/div><\/div><div class=\"fusion-text fusion-text-167\" style=\"--awb-content-alignment:center;--awb-text-transform:capitalize;--awb-text-color:var(--awb-color4);\"><p>Italy<\/p>\n<\/div><\/div><\/li>\n<li class=\"fusion-layout-column fusion_builder_column fusion-builder-column-168 fusion-flex-column fusion-animated post-card fusion-grid-column fusion-post-cards-grid-column 2023 cyprus fusion-animated\" style=\"--awb-padding-bottom:5px;--awb-overflow:hidden;--awb-bg-color:var(--awb-color1);--awb-bg-color-hover:var(--awb-custom_color_2);--awb-bg-size:cover;--awb-box-shadow:0px 0px 24px hsla(var(--awb-color7-h),var(--awb-color7-s),var(--awb-color7-l),calc(var(--awb-color7-a) - 40%));;--awb-border-color:var(--awb-color4);--awb-border-color-hover:var(--awb-color7);--awb-border-top:1px;--awb-border-right:1px;--awb-border-bottom:1px;--awb-border-left:1px;--awb-border-style:solid;--awb-border-radius:6px 6px 6px 6px;--awb-flex-grow:0;--awb-flex-shrink:0;--awb-flex-grow-medium:0;--awb-flex-shrink-medium:0;--awb-flex-grow-small:0;--awb-flex-shrink-small:0;\" data-animationType=\"fadeIn\" data-animationDuration=\"1.3\" data-animationOffset=\"top-into-view\"><div class=\"fusion-column-wrapper fusion-column-has-shadow fusion-flex-justify-content-flex-start fusion-content-layout-column\"><div class=\"fusion-image-element \" style=\"--awb-aspect-ratio:16 \/ 9;--awb-margin-bottom:10px;--awb-caption-title-font-family:var(--h2_typography-font-family);--awb-caption-title-font-weight:var(--h2_typography-font-weight);--awb-caption-title-font-style:var(--h2_typography-font-style);--awb-caption-title-size:var(--h2_typography-font-size);--awb-caption-title-transform:var(--h2_typography-text-transform);--awb-caption-title-line-height:var(--h2_typography-line-height);--awb-caption-title-letter-spacing:var(--h2_typography-letter-spacing);\"><span class=\" fusion-imageframe imageframe-none imageframe-167 hover-type-none has-aspect-ratio\"><a class=\"fusion-no-lightbox\" href=\"https:\/\/www.choral-events.com\/en\/chorales\/othello-polyphonic-choir\/\" target=\"_self\" aria-label=\"Cyprus_Othello polyphonic choir &#8211; web page photo\"><img decoding=\"async\" width=\"550\" height=\"350\" alt=\"Othello Polyphonic Choir\" src=\"https:\/\/www.choral-events.com\/wp-content\/uploads\/2023\/01\/Chypre_Othello-polyphonic-choir-photo-page-web.jpg\" class=\"img-responsive wp-image-49943 img-with-aspect-ratio\" data-parent-fit=\"cover\" data-parent-container=\".fusion-image-element\" srcset=\"https:\/\/www.choral-events.com\/wp-content\/uploads\/2023\/01\/Chypre_Othello-polyphonic-choir-photo-page-web-200x127.jpg 200w, https:\/\/www.choral-events.com\/wp-content\/uploads\/2023\/01\/Chypre_Othello-polyphonic-choir-photo-page-web-400x255.jpg 400w, https:\/\/www.choral-events.com\/wp-content\/uploads\/2023\/01\/Chypre_Othello-polyphonic-choir-photo-page-web.jpg 550w\" sizes=\"(max-width: 1024px) 100vw, (max-width: 640px) 100vw, 550px\" \/><\/a><\/span><\/div><div class=\"fusion-title title fusion-title-169 fusion-sep-none fusion-title-center fusion-title-text fusion-title-size-paragraph\" style=\"--awb-text-color:var(--awb-color7);--awb-margin-top:10px;--awb-margin-right:5px;--awb-margin-bottom:10px;--awb-margin-left:5px;--awb-margin-top-small:16px;--awb-margin-right-small:0px;--awb-margin-bottom-small:10px;--awb-margin-left-small:0px;--awb-link-color:var(--awb-color7);--awb-font-size:16px;\"><p class=\"fusion-title-heading title-heading-center title-heading-tag fusion-responsive-typography-calculated\" style=\"margin:0;font-size:1em;--fontSize:16;--minFontSize:16;line-height:1.6;\"><a href=\"https:\/\/www.choral-events.com\/en\/chorales\/othello-polyphonic-choir\/\" class=\"awb-custom-text-color awb-custom-text-hover-color\" target=\"_self\">Othello Polyphonic Choir<\/a><\/p><\/div><div class=\"fusion-separator\" style=\"align-self: center;margin-left: auto;margin-right: auto;flex-grow:10;margin-top:5px;margin-bottom:10px;width:100%;max-width:70px;\"><div class=\"fusion-separator-border sep-single sep-solid\" style=\"--awb-height:20px;--awb-amount:20px;border-color:var(--awb-color2);border-top-width:1px;\"><\/div><\/div><div class=\"fusion-text fusion-text-168\" style=\"--awb-content-alignment:center;--awb-text-transform:capitalize;--awb-text-color:var(--awb-color4);\"><p>Cyprus<\/p>\n<\/div><\/div><\/li>\n<li class=\"fusion-layout-column fusion_builder_column fusion-builder-column-169 fusion-flex-column fusion-animated post-card fusion-grid-column fusion-post-cards-grid-column 2023 slovakia fusion-animated\" style=\"--awb-padding-bottom:5px;--awb-overflow:hidden;--awb-bg-color:var(--awb-color1);--awb-bg-color-hover:var(--awb-custom_color_2);--awb-bg-size:cover;--awb-box-shadow:0px 0px 24px hsla(var(--awb-color7-h),var(--awb-color7-s),var(--awb-color7-l),calc(var(--awb-color7-a) - 40%));;--awb-border-color:var(--awb-color4);--awb-border-color-hover:var(--awb-color7);--awb-border-top:1px;--awb-border-right:1px;--awb-border-bottom:1px;--awb-border-left:1px;--awb-border-style:solid;--awb-border-radius:6px 6px 6px 6px;--awb-flex-grow:0;--awb-flex-shrink:0;--awb-flex-grow-medium:0;--awb-flex-shrink-medium:0;--awb-flex-grow-small:0;--awb-flex-shrink-small:0;\" data-animationType=\"fadeIn\" data-animationDuration=\"1.3\" data-animationOffset=\"top-into-view\"><div class=\"fusion-column-wrapper fusion-column-has-shadow fusion-flex-justify-content-flex-start fusion-content-layout-column\"><div class=\"fusion-image-element \" style=\"--awb-aspect-ratio:16 \/ 9;--awb-margin-bottom:10px;--awb-caption-title-font-family:var(--h2_typography-font-family);--awb-caption-title-font-weight:var(--h2_typography-font-weight);--awb-caption-title-font-style:var(--h2_typography-font-style);--awb-caption-title-size:var(--h2_typography-font-size);--awb-caption-title-transform:var(--h2_typography-text-transform);--awb-caption-title-line-height:var(--h2_typography-line-height);--awb-caption-title-letter-spacing:var(--h2_typography-letter-spacing);\"><span class=\" fusion-imageframe imageframe-none imageframe-168 hover-type-none has-aspect-ratio\"><a class=\"fusion-no-lightbox\" href=\"https:\/\/www.choral-events.com\/en\/chorales\/p-p-godjica-choir\/\" target=\"_self\" aria-label=\"3_Slov-Greek-Choir-photo-page-web\"><img decoding=\"async\" width=\"550\" height=\"350\" alt=\"PP Godjica Choir\" src=\"https:\/\/www.choral-events.com\/wp-content\/uploads\/2026\/02\/3_Slov-Greek-Choir-photo-page-web.png\" class=\"img-responsive wp-image-49978 img-with-aspect-ratio\" data-parent-fit=\"cover\" data-parent-container=\".fusion-image-element\" srcset=\"https:\/\/www.choral-events.com\/wp-content\/uploads\/2026\/02\/3_Slov-Greek-Choir-photo-page-web-200x127.png 200w, https:\/\/www.choral-events.com\/wp-content\/uploads\/2026\/02\/3_Slov-Greek-Choir-photo-page-web-400x255.png 400w, https:\/\/www.choral-events.com\/wp-content\/uploads\/2026\/02\/3_Slov-Greek-Choir-photo-page-web.png 550w\" sizes=\"(max-width: 1024px) 100vw, (max-width: 640px) 100vw, 550px\" \/><\/a><\/span><\/div><div class=\"fusion-title title fusion-title-170 fusion-sep-none fusion-title-center fusion-title-text fusion-title-size-paragraph\" style=\"--awb-text-color:var(--awb-color7);--awb-margin-top:10px;--awb-margin-right:5px;--awb-margin-bottom:10px;--awb-margin-left:5px;--awb-margin-top-small:16px;--awb-margin-right-small:0px;--awb-margin-bottom-small:10px;--awb-margin-left-small:0px;--awb-link-color:var(--awb-color7);--awb-font-size:16px;\"><p class=\"fusion-title-heading title-heading-center title-heading-tag fusion-responsive-typography-calculated\" style=\"margin:0;font-size:1em;--fontSize:16;--minFontSize:16;line-height:1.6;\"><a href=\"https:\/\/www.choral-events.com\/en\/chorales\/p-p-godjica-choir\/\" class=\"awb-custom-text-color awb-custom-text-hover-color\" target=\"_self\">P.P Godji\u010da Choir<\/a><\/p><\/div><div class=\"fusion-separator\" style=\"align-self: center;margin-left: auto;margin-right: auto;flex-grow:10;margin-top:5px;margin-bottom:10px;width:100%;max-width:70px;\"><div class=\"fusion-separator-border sep-single sep-solid\" style=\"--awb-height:20px;--awb-amount:20px;border-color:var(--awb-color2);border-top-width:1px;\"><\/div><\/div><div class=\"fusion-text fusion-text-169\" style=\"--awb-content-alignment:center;--awb-text-transform:capitalize;--awb-text-color:var(--awb-color4);\"><p>Slovakia<\/p>\n<\/div><\/div><\/li>\n<li class=\"fusion-layout-column fusion_builder_column fusion-builder-column-170 fusion-flex-column fusion-animated post-card fusion-grid-column fusion-post-cards-grid-column 2025 czech-republic fusion-animated\" style=\"--awb-padding-bottom:5px;--awb-overflow:hidden;--awb-bg-color:var(--awb-color1);--awb-bg-color-hover:var(--awb-custom_color_2);--awb-bg-size:cover;--awb-box-shadow:0px 0px 24px hsla(var(--awb-color7-h),var(--awb-color7-s),var(--awb-color7-l),calc(var(--awb-color7-a) - 40%));;--awb-border-color:var(--awb-color4);--awb-border-color-hover:var(--awb-color7);--awb-border-top:1px;--awb-border-right:1px;--awb-border-bottom:1px;--awb-border-left:1px;--awb-border-style:solid;--awb-border-radius:6px 6px 6px 6px;--awb-flex-grow:0;--awb-flex-shrink:0;--awb-flex-grow-medium:0;--awb-flex-shrink-medium:0;--awb-flex-grow-small:0;--awb-flex-shrink-small:0;\" data-animationType=\"fadeIn\" data-animationDuration=\"1.3\" data-animationOffset=\"top-into-view\"><div class=\"fusion-column-wrapper fusion-column-has-shadow fusion-flex-justify-content-flex-start fusion-content-layout-column\"><div class=\"fusion-image-element \" style=\"--awb-aspect-ratio:16 \/ 9;--awb-margin-bottom:10px;--awb-caption-title-font-family:var(--h2_typography-font-family);--awb-caption-title-font-weight:var(--h2_typography-font-weight);--awb-caption-title-font-style:var(--h2_typography-font-style);--awb-caption-title-size:var(--h2_typography-font-size);--awb-caption-title-transform:var(--h2_typography-text-transform);--awb-caption-title-line-height:var(--h2_typography-line-height);--awb-caption-title-letter-spacing:var(--h2_typography-letter-spacing);\"><span class=\" fusion-imageframe imageframe-none imageframe-169 hover-type-none has-aspect-ratio\"><a class=\"fusion-no-lightbox\" href=\"https:\/\/www.choral-events.com\/en\/chorales\/permonik-karvina-mens-chamber-choir\/\" target=\"_self\" aria-label=\"Permon\u00edk Karvin\u00e1 Men&#8217;s Chamber Choir\"><img decoding=\"async\" width=\"945\" height=\"630\" src=\"https:\/\/www.choral-events.com\/wp-content\/uploads\/2025\/05\/Mens.png\" class=\"img-responsive wp-image-49397 img-with-aspect-ratio\" data-parent-fit=\"cover\" data-parent-container=\".fusion-image-element\" alt srcset=\"https:\/\/www.choral-events.com\/wp-content\/uploads\/2025\/05\/Mens-200x133.png 200w, https:\/\/www.choral-events.com\/wp-content\/uploads\/2025\/05\/Mens-400x267.png 400w, https:\/\/www.choral-events.com\/wp-content\/uploads\/2025\/05\/Mens-600x400.png 600w, https:\/\/www.choral-events.com\/wp-content\/uploads\/2025\/05\/Mens-800x533.png 800w, https:\/\/www.choral-events.com\/wp-content\/uploads\/2025\/05\/Mens.png 945w\" sizes=\"(max-width: 1024px) 100vw, (max-width: 640px) 100vw, 945px\" \/><\/a><\/span><\/div><div class=\"fusion-title title fusion-title-171 fusion-sep-none fusion-title-center fusion-title-text fusion-title-size-paragraph\" style=\"--awb-text-color:var(--awb-color7);--awb-margin-top:10px;--awb-margin-right:5px;--awb-margin-bottom:10px;--awb-margin-left:5px;--awb-margin-top-small:16px;--awb-margin-right-small:0px;--awb-margin-bottom-small:10px;--awb-margin-left-small:0px;--awb-link-color:var(--awb-color7);--awb-font-size:16px;\"><p class=\"fusion-title-heading title-heading-center title-heading-tag fusion-responsive-typography-calculated\" style=\"margin:0;font-size:1em;--fontSize:16;--minFontSize:16;line-height:1.6;\"><a href=\"https:\/\/www.choral-events.com\/en\/chorales\/permonik-karvina-mens-chamber-choir\/\" class=\"awb-custom-text-color awb-custom-text-hover-color\" target=\"_self\">Permon\u00edk Karvin\u00e1 Men&#8217;s Chamber Choir<\/a><\/p><\/div><div class=\"fusion-separator\" style=\"align-self: center;margin-left: auto;margin-right: auto;flex-grow:10;margin-top:5px;margin-bottom:10px;width:100%;max-width:70px;\"><div class=\"fusion-separator-border sep-single sep-solid\" style=\"--awb-height:20px;--awb-amount:20px;border-color:var(--awb-color2);border-top-width:1px;\"><\/div><\/div><div class=\"fusion-text fusion-text-170\" style=\"--awb-content-alignment:center;--awb-text-transform:capitalize;--awb-text-color:var(--awb-color4);\"><p>Czech Republic<\/p>\n<\/div><\/div><\/li>\n<li class=\"fusion-layout-column fusion_builder_column fusion-builder-column-171 fusion-flex-column fusion-animated post-card fusion-grid-column fusion-post-cards-grid-column 2025 czech-republic fusion-animated\" style=\"--awb-padding-bottom:5px;--awb-overflow:hidden;--awb-bg-color:var(--awb-color1);--awb-bg-color-hover:var(--awb-custom_color_2);--awb-bg-size:cover;--awb-box-shadow:0px 0px 24px hsla(var(--awb-color7-h),var(--awb-color7-s),var(--awb-color7-l),calc(var(--awb-color7-a) - 40%));;--awb-border-color:var(--awb-color4);--awb-border-color-hover:var(--awb-color7);--awb-border-top:1px;--awb-border-right:1px;--awb-border-bottom:1px;--awb-border-left:1px;--awb-border-style:solid;--awb-border-radius:6px 6px 6px 6px;--awb-flex-grow:0;--awb-flex-shrink:0;--awb-flex-grow-medium:0;--awb-flex-shrink-medium:0;--awb-flex-grow-small:0;--awb-flex-shrink-small:0;\" data-animationType=\"fadeIn\" data-animationDuration=\"1.3\" data-animationOffset=\"top-into-view\"><div class=\"fusion-column-wrapper fusion-column-has-shadow fusion-flex-justify-content-flex-start fusion-content-layout-column\"><div class=\"fusion-image-element \" style=\"--awb-aspect-ratio:16 \/ 9;--awb-margin-bottom:10px;--awb-caption-title-font-family:var(--h2_typography-font-family);--awb-caption-title-font-weight:var(--h2_typography-font-weight);--awb-caption-title-font-style:var(--h2_typography-font-style);--awb-caption-title-size:var(--h2_typography-font-size);--awb-caption-title-transform:var(--h2_typography-text-transform);--awb-caption-title-line-height:var(--h2_typography-line-height);--awb-caption-title-letter-spacing:var(--h2_typography-letter-spacing);\"><span class=\" fusion-imageframe imageframe-none imageframe-170 hover-type-none has-aspect-ratio\"><a class=\"fusion-no-lightbox\" href=\"https:\/\/www.choral-events.com\/en\/chorales\/permonik-mixed-vocal-sextet\/\" target=\"_self\" aria-label=\"Permon\u00edk mixed vocal sextet\"><img decoding=\"async\" width=\"605\" height=\"481\" alt=\"Permon\u00edk mixed vocal sextet\" src=\"https:\/\/www.choral-events.com\/wp-content\/uploads\/2025\/05\/sextuor.jpg\" class=\"img-responsive wp-image-49651 img-with-aspect-ratio\" data-parent-fit=\"cover\" data-parent-container=\".fusion-image-element\" srcset=\"https:\/\/www.choral-events.com\/wp-content\/uploads\/2025\/05\/sextuor-200x159.jpg 200w, https:\/\/www.choral-events.com\/wp-content\/uploads\/2025\/05\/sextuor-400x318.jpg 400w, https:\/\/www.choral-events.com\/wp-content\/uploads\/2025\/05\/sextuor-600x477.jpg 600w, https:\/\/www.choral-events.com\/wp-content\/uploads\/2025\/05\/sextuor.jpg 605w\" sizes=\"(max-width: 1024px) 100vw, (max-width: 640px) 100vw, 605px\" \/><\/a><\/span><\/div><div class=\"fusion-title title fusion-title-172 fusion-sep-none fusion-title-center fusion-title-text fusion-title-size-paragraph\" style=\"--awb-text-color:var(--awb-color7);--awb-margin-top:10px;--awb-margin-right:5px;--awb-margin-bottom:10px;--awb-margin-left:5px;--awb-margin-top-small:16px;--awb-margin-right-small:0px;--awb-margin-bottom-small:10px;--awb-margin-left-small:0px;--awb-link-color:var(--awb-color7);--awb-font-size:16px;\"><p class=\"fusion-title-heading title-heading-center title-heading-tag fusion-responsive-typography-calculated\" style=\"margin:0;font-size:1em;--fontSize:16;--minFontSize:16;line-height:1.6;\"><a href=\"https:\/\/www.choral-events.com\/en\/chorales\/permonik-mixed-vocal-sextet\/\" class=\"awb-custom-text-color awb-custom-text-hover-color\" target=\"_self\">Permon\u00edk mixed vocal sextet<\/a><\/p><\/div><div class=\"fusion-separator\" style=\"align-self: center;margin-left: auto;margin-right: auto;flex-grow:10;margin-top:5px;margin-bottom:10px;width:100%;max-width:70px;\"><div class=\"fusion-separator-border sep-single sep-solid\" style=\"--awb-height:20px;--awb-amount:20px;border-color:var(--awb-color2);border-top-width:1px;\"><\/div><\/div><div class=\"fusion-text fusion-text-171\" style=\"--awb-content-alignment:center;--awb-text-transform:capitalize;--awb-text-color:var(--awb-color4);\"><p>Czech Republic<\/p>\n<\/div><\/div><\/li>\n<li class=\"fusion-layout-column fusion_builder_column fusion-builder-column-172 fusion-flex-column fusion-animated post-card fusion-grid-column fusion-post-cards-grid-column 2024 usa fusion-animated\" style=\"--awb-padding-bottom:5px;--awb-overflow:hidden;--awb-bg-color:var(--awb-color1);--awb-bg-color-hover:var(--awb-custom_color_2);--awb-bg-size:cover;--awb-box-shadow:0px 0px 24px hsla(var(--awb-color7-h),var(--awb-color7-s),var(--awb-color7-l),calc(var(--awb-color7-a) - 40%));;--awb-border-color:var(--awb-color4);--awb-border-color-hover:var(--awb-color7);--awb-border-top:1px;--awb-border-right:1px;--awb-border-bottom:1px;--awb-border-left:1px;--awb-border-style:solid;--awb-border-radius:6px 6px 6px 6px;--awb-flex-grow:0;--awb-flex-shrink:0;--awb-flex-grow-medium:0;--awb-flex-shrink-medium:0;--awb-flex-grow-small:0;--awb-flex-shrink-small:0;\" data-animationType=\"fadeIn\" data-animationDuration=\"1.3\" data-animationOffset=\"top-into-view\"><div class=\"fusion-column-wrapper fusion-column-has-shadow fusion-flex-justify-content-flex-start fusion-content-layout-column\"><div class=\"fusion-image-element \" style=\"--awb-aspect-ratio:16 \/ 9;--awb-margin-bottom:10px;--awb-caption-title-font-family:var(--h2_typography-font-family);--awb-caption-title-font-weight:var(--h2_typography-font-weight);--awb-caption-title-font-style:var(--h2_typography-font-style);--awb-caption-title-size:var(--h2_typography-font-size);--awb-caption-title-transform:var(--h2_typography-text-transform);--awb-caption-title-line-height:var(--h2_typography-line-height);--awb-caption-title-letter-spacing:var(--h2_typography-letter-spacing);\"><span class=\" fusion-imageframe imageframe-none imageframe-171 hover-type-none has-aspect-ratio\"><a class=\"fusion-no-lightbox\" href=\"https:\/\/www.choral-events.com\/en\/chorales\/philadelphia-melody-choir\/\" target=\"_self\" aria-label=\"USA_Philadelphia Melody Choir __web page photo\"><img decoding=\"async\" width=\"550\" height=\"350\" alt=\"Philadelphia Melody Choir\" src=\"https:\/\/www.choral-events.com\/wp-content\/uploads\/2024\/02\/USA_Philadelphia-Melody-Choir-__photo-page-web.png\" class=\"img-responsive wp-image-50006 img-with-aspect-ratio\" data-parent-fit=\"cover\" data-parent-container=\".fusion-image-element\" srcset=\"https:\/\/www.choral-events.com\/wp-content\/uploads\/2024\/02\/USA_Philadelphia-Melody-Choir-__photo-page-web-200x127.png 200w, https:\/\/www.choral-events.com\/wp-content\/uploads\/2024\/02\/USA_Philadelphia-Melody-Choir-__photo-page-web-400x255.png 400w, https:\/\/www.choral-events.com\/wp-content\/uploads\/2024\/02\/USA_Philadelphia-Melody-Choir-__photo-page-web.png 550w\" sizes=\"(max-width: 1024px) 100vw, (max-width: 640px) 100vw, 550px\" \/><\/a><\/span><\/div><div class=\"fusion-title title fusion-title-173 fusion-sep-none fusion-title-center fusion-title-text fusion-title-size-paragraph\" style=\"--awb-text-color:var(--awb-color7);--awb-margin-top:10px;--awb-margin-right:5px;--awb-margin-bottom:10px;--awb-margin-left:5px;--awb-margin-top-small:16px;--awb-margin-right-small:0px;--awb-margin-bottom-small:10px;--awb-margin-left-small:0px;--awb-link-color:var(--awb-color7);--awb-font-size:16px;\"><p class=\"fusion-title-heading title-heading-center title-heading-tag fusion-responsive-typography-calculated\" style=\"margin:0;font-size:1em;--fontSize:16;--minFontSize:16;line-height:1.6;\"><a href=\"https:\/\/www.choral-events.com\/en\/chorales\/philadelphia-melody-choir\/\" class=\"awb-custom-text-color awb-custom-text-hover-color\" target=\"_self\">Philadelphia Melody Choir<\/a><\/p><\/div><div class=\"fusion-separator\" style=\"align-self: center;margin-left: auto;margin-right: auto;flex-grow:10;margin-top:5px;margin-bottom:10px;width:100%;max-width:70px;\"><div class=\"fusion-separator-border sep-single sep-solid\" style=\"--awb-height:20px;--awb-amount:20px;border-color:var(--awb-color2);border-top-width:1px;\"><\/div><\/div><div class=\"fusion-text fusion-text-172\" style=\"--awb-content-alignment:center;--awb-text-transform:capitalize;--awb-text-color:var(--awb-color4);\"><p>United States<\/p>\n<\/div><\/div><\/li>\n<li class=\"fusion-layout-column fusion_builder_column fusion-builder-column-173 fusion-flex-column fusion-animated post-card fusion-grid-column fusion-post-cards-grid-column 2023 netherlands fusion-animated\" style=\"--awb-padding-bottom:5px;--awb-overflow:hidden;--awb-bg-color:var(--awb-color1);--awb-bg-color-hover:var(--awb-custom_color_2);--awb-bg-size:cover;--awb-box-shadow:0px 0px 24px hsla(var(--awb-color7-h),var(--awb-color7-s),var(--awb-color7-l),calc(var(--awb-color7-a) - 40%));;--awb-border-color:var(--awb-color4);--awb-border-color-hover:var(--awb-color7);--awb-border-top:1px;--awb-border-right:1px;--awb-border-bottom:1px;--awb-border-left:1px;--awb-border-style:solid;--awb-border-radius:6px 6px 6px 6px;--awb-flex-grow:0;--awb-flex-shrink:0;--awb-flex-grow-medium:0;--awb-flex-shrink-medium:0;--awb-flex-grow-small:0;--awb-flex-shrink-small:0;\" data-animationType=\"fadeIn\" data-animationDuration=\"1.3\" data-animationOffset=\"top-into-view\"><div class=\"fusion-column-wrapper fusion-column-has-shadow fusion-flex-justify-content-flex-start fusion-content-layout-column\"><div class=\"fusion-image-element \" style=\"--awb-aspect-ratio:16 \/ 9;--awb-margin-bottom:10px;--awb-caption-title-font-family:var(--h2_typography-font-family);--awb-caption-title-font-weight:var(--h2_typography-font-weight);--awb-caption-title-font-style:var(--h2_typography-font-style);--awb-caption-title-size:var(--h2_typography-font-size);--awb-caption-title-transform:var(--h2_typography-text-transform);--awb-caption-title-line-height:var(--h2_typography-line-height);--awb-caption-title-letter-spacing:var(--h2_typography-letter-spacing);\"><span class=\" fusion-imageframe imageframe-none imageframe-172 hover-type-none has-aspect-ratio\"><a class=\"fusion-no-lightbox\" href=\"https:\/\/www.choral-events.com\/en\/chorales\/popkoor-estrellas\/\" target=\"_self\" aria-label=\"Popkoor-Estrellas-11-1-550&#215;350\"><img decoding=\"async\" width=\"550\" height=\"350\" src=\"https:\/\/www.choral-events.com\/wp-content\/uploads\/2026\/02\/Popkoor-Estrellas-11-1-550x350-1.jpg\" class=\"img-responsive wp-image-49622 img-with-aspect-ratio\" data-parent-fit=\"cover\" data-parent-container=\".fusion-image-element\" alt srcset=\"https:\/\/www.choral-events.com\/wp-content\/uploads\/2026\/02\/Popkoor-Estrellas-11-1-550x350-1-200x127.jpg 200w, https:\/\/www.choral-events.com\/wp-content\/uploads\/2026\/02\/Popkoor-Estrellas-11-1-550x350-1-400x255.jpg 400w, https:\/\/www.choral-events.com\/wp-content\/uploads\/2026\/02\/Popkoor-Estrellas-11-1-550x350-1.jpg 550w\" sizes=\"(max-width: 1024px) 100vw, (max-width: 640px) 100vw, 550px\" \/><\/a><\/span><\/div><div class=\"fusion-title title fusion-title-174 fusion-sep-none fusion-title-center fusion-title-text fusion-title-size-paragraph\" style=\"--awb-text-color:var(--awb-color7);--awb-margin-top:10px;--awb-margin-right:5px;--awb-margin-bottom:10px;--awb-margin-left:5px;--awb-margin-top-small:16px;--awb-margin-right-small:0px;--awb-margin-bottom-small:10px;--awb-margin-left-small:0px;--awb-link-color:var(--awb-color7);--awb-font-size:16px;\"><p class=\"fusion-title-heading title-heading-center title-heading-tag fusion-responsive-typography-calculated\" style=\"margin:0;font-size:1em;--fontSize:16;--minFontSize:16;line-height:1.6;\"><a href=\"https:\/\/www.choral-events.com\/en\/chorales\/popkoor-estrellas\/\" class=\"awb-custom-text-color awb-custom-text-hover-color\" target=\"_self\">Popkoor Estrellas<\/a><\/p><\/div><div class=\"fusion-separator\" style=\"align-self: center;margin-left: auto;margin-right: auto;flex-grow:10;margin-top:5px;margin-bottom:10px;width:100%;max-width:70px;\"><div class=\"fusion-separator-border sep-single sep-solid\" style=\"--awb-height:20px;--awb-amount:20px;border-color:var(--awb-color2);border-top-width:1px;\"><\/div><\/div><div class=\"fusion-text fusion-text-173\" style=\"--awb-content-alignment:center;--awb-text-transform:capitalize;--awb-text-color:var(--awb-color4);\"><p>Netherlands<\/p>\n<\/div><\/div><\/li>\n<li class=\"fusion-layout-column fusion_builder_column fusion-builder-column-174 fusion-flex-column fusion-animated post-card fusion-grid-column fusion-post-cards-grid-column 2024 poland fusion-animated\" style=\"--awb-padding-bottom:5px;--awb-overflow:hidden;--awb-bg-color:var(--awb-color1);--awb-bg-color-hover:var(--awb-custom_color_2);--awb-bg-size:cover;--awb-box-shadow:0px 0px 24px hsla(var(--awb-color7-h),var(--awb-color7-s),var(--awb-color7-l),calc(var(--awb-color7-a) - 40%));;--awb-border-color:var(--awb-color4);--awb-border-color-hover:var(--awb-color7);--awb-border-top:1px;--awb-border-right:1px;--awb-border-bottom:1px;--awb-border-left:1px;--awb-border-style:solid;--awb-border-radius:6px 6px 6px 6px;--awb-flex-grow:0;--awb-flex-shrink:0;--awb-flex-grow-medium:0;--awb-flex-shrink-medium:0;--awb-flex-grow-small:0;--awb-flex-shrink-small:0;\" data-animationType=\"fadeIn\" data-animationDuration=\"1.3\" data-animationOffset=\"top-into-view\"><div class=\"fusion-column-wrapper fusion-column-has-shadow fusion-flex-justify-content-flex-start fusion-content-layout-column\"><div class=\"fusion-image-element \" style=\"--awb-aspect-ratio:16 \/ 9;--awb-margin-bottom:10px;--awb-caption-title-font-family:var(--h2_typography-font-family);--awb-caption-title-font-weight:var(--h2_typography-font-weight);--awb-caption-title-font-style:var(--h2_typography-font-style);--awb-caption-title-size:var(--h2_typography-font-size);--awb-caption-title-transform:var(--h2_typography-text-transform);--awb-caption-title-line-height:var(--h2_typography-line-height);--awb-caption-title-letter-spacing:var(--h2_typography-letter-spacing);\"><span class=\" fusion-imageframe imageframe-none imageframe-173 hover-type-none has-aspect-ratio\"><a class=\"fusion-no-lightbox\" href=\"https:\/\/www.choral-events.com\/en\/chorales\/pro-arte\/\" target=\"_self\" aria-label=\"Poland_Pro Arte_photos web page\"><img decoding=\"async\" width=\"550\" height=\"350\" alt=\"PRO ARTE Choir\" src=\"https:\/\/www.choral-events.com\/wp-content\/uploads\/2024\/03\/Pologne_Pro-Arte-_photos-page-web.png\" class=\"img-responsive wp-image-49863 img-with-aspect-ratio\" data-parent-fit=\"cover\" data-parent-container=\".fusion-image-element\" srcset=\"https:\/\/www.choral-events.com\/wp-content\/uploads\/2024\/03\/Pologne_Pro-Arte-_photos-page-web-200x127.png 200w, https:\/\/www.choral-events.com\/wp-content\/uploads\/2024\/03\/Pologne_Pro-Arte-_photos-page-web-400x255.png 400w, https:\/\/www.choral-events.com\/wp-content\/uploads\/2024\/03\/Pologne_Pro-Arte-_photos-page-web.png 550w\" sizes=\"(max-width: 1024px) 100vw, (max-width: 640px) 100vw, 550px\" \/><\/a><\/span><\/div><div class=\"fusion-title title fusion-title-175 fusion-sep-none fusion-title-center fusion-title-text fusion-title-size-paragraph\" style=\"--awb-text-color:var(--awb-color7);--awb-margin-top:10px;--awb-margin-right:5px;--awb-margin-bottom:10px;--awb-margin-left:5px;--awb-margin-top-small:16px;--awb-margin-right-small:0px;--awb-margin-bottom-small:10px;--awb-margin-left-small:0px;--awb-link-color:var(--awb-color7);--awb-font-size:16px;\"><p class=\"fusion-title-heading title-heading-center title-heading-tag fusion-responsive-typography-calculated\" style=\"margin:0;font-size:1em;--fontSize:16;--minFontSize:16;line-height:1.6;\"><a href=\"https:\/\/www.choral-events.com\/en\/chorales\/pro-arte\/\" class=\"awb-custom-text-color awb-custom-text-hover-color\" target=\"_self\">Pro Arte<\/a><\/p><\/div><div class=\"fusion-separator\" style=\"align-self: center;margin-left: auto;margin-right: auto;flex-grow:10;margin-top:5px;margin-bottom:10px;width:100%;max-width:70px;\"><div class=\"fusion-separator-border sep-single sep-solid\" style=\"--awb-height:20px;--awb-amount:20px;border-color:var(--awb-color2);border-top-width:1px;\"><\/div><\/div><div class=\"fusion-text fusion-text-174\" style=\"--awb-content-alignment:center;--awb-text-transform:capitalize;--awb-text-color:var(--awb-color4);\"><p>Poland<\/p>\n<\/div><\/div><\/li>\n<li class=\"fusion-layout-column fusion_builder_column fusion-builder-column-175 fusion-flex-column fusion-animated post-card fusion-grid-column fusion-post-cards-grid-column 2023 slovakia fusion-animated\" style=\"--awb-padding-bottom:5px;--awb-overflow:hidden;--awb-bg-color:var(--awb-color1);--awb-bg-color-hover:var(--awb-custom_color_2);--awb-bg-size:cover;--awb-box-shadow:0px 0px 24px hsla(var(--awb-color7-h),var(--awb-color7-s),var(--awb-color7-l),calc(var(--awb-color7-a) - 40%));;--awb-border-color:var(--awb-color4);--awb-border-color-hover:var(--awb-color7);--awb-border-top:1px;--awb-border-right:1px;--awb-border-bottom:1px;--awb-border-left:1px;--awb-border-style:solid;--awb-border-radius:6px 6px 6px 6px;--awb-flex-grow:0;--awb-flex-shrink:0;--awb-flex-grow-medium:0;--awb-flex-shrink-medium:0;--awb-flex-grow-small:0;--awb-flex-shrink-small:0;\" data-animationType=\"fadeIn\" data-animationDuration=\"1.3\" data-animationOffset=\"top-into-view\"><div class=\"fusion-column-wrapper fusion-column-has-shadow fusion-flex-justify-content-flex-start fusion-content-layout-column\"><div class=\"fusion-image-element \" style=\"--awb-aspect-ratio:16 \/ 9;--awb-margin-bottom:10px;--awb-caption-title-font-family:var(--h2_typography-font-family);--awb-caption-title-font-weight:var(--h2_typography-font-weight);--awb-caption-title-font-style:var(--h2_typography-font-style);--awb-caption-title-size:var(--h2_typography-font-size);--awb-caption-title-transform:var(--h2_typography-text-transform);--awb-caption-title-line-height:var(--h2_typography-line-height);--awb-caption-title-letter-spacing:var(--h2_typography-letter-spacing);\"><span class=\" fusion-imageframe imageframe-none imageframe-174 hover-type-none has-aspect-ratio\"><a class=\"fusion-no-lightbox\" href=\"https:\/\/www.choral-events.com\/en\/chorales\/pro-musica-choir-magnolia\/\" target=\"_self\" aria-label=\"Pro_musica_magnolia04_hight_res\"><img decoding=\"async\" width=\"2560\" height=\"1365\" alt=\"The Pro Musica \u2013 Magn\u00f3lia Choir\" src=\"https:\/\/www.choral-events.com\/wp-content\/uploads\/2023\/04\/Pro_musica_magnolia04_hight_res-scaled.jpg\" class=\"img-responsive wp-image-49418 img-with-aspect-ratio\" data-parent-fit=\"cover\" data-parent-container=\".fusion-image-element\" srcset=\"https:\/\/www.choral-events.com\/wp-content\/uploads\/2023\/04\/Pro_musica_magnolia04_hight_res-200x107.jpg 200w, https:\/\/www.choral-events.com\/wp-content\/uploads\/2023\/04\/Pro_musica_magnolia04_hight_res-400x213.jpg 400w, https:\/\/www.choral-events.com\/wp-content\/uploads\/2023\/04\/Pro_musica_magnolia04_hight_res-600x320.jpg 600w, https:\/\/www.choral-events.com\/wp-content\/uploads\/2023\/04\/Pro_musica_magnolia04_hight_res-800x427.jpg 800w, https:\/\/www.choral-events.com\/wp-content\/uploads\/2023\/04\/Pro_musica_magnolia04_hight_res-1200x640.jpg 1200w, https:\/\/www.choral-events.com\/wp-content\/uploads\/2023\/04\/Pro_musica_magnolia04_hight_res-scaled.jpg 2560w\" sizes=\"(max-width: 1024px) 100vw, (max-width: 640px) 100vw, 2560px\" \/><\/a><\/span><\/div><div class=\"fusion-title title fusion-title-176 fusion-sep-none fusion-title-center fusion-title-text fusion-title-size-paragraph\" style=\"--awb-text-color:var(--awb-color7);--awb-margin-top:10px;--awb-margin-right:5px;--awb-margin-bottom:10px;--awb-margin-left:5px;--awb-margin-top-small:16px;--awb-margin-right-small:0px;--awb-margin-bottom-small:10px;--awb-margin-left-small:0px;--awb-link-color:var(--awb-color7);--awb-font-size:16px;\"><p class=\"fusion-title-heading title-heading-center title-heading-tag fusion-responsive-typography-calculated\" style=\"margin:0;font-size:1em;--fontSize:16;--minFontSize:16;line-height:1.6;\"><a href=\"https:\/\/www.choral-events.com\/en\/chorales\/pro-musica-choir-magnolia\/\" class=\"awb-custom-text-color awb-custom-text-hover-color\" target=\"_self\">Pro Musica Choir \u2013 Magn\u00f3lia<\/a><\/p><\/div><div class=\"fusion-separator\" style=\"align-self: center;margin-left: auto;margin-right: auto;flex-grow:10;margin-top:5px;margin-bottom:10px;width:100%;max-width:70px;\"><div class=\"fusion-separator-border sep-single sep-solid\" style=\"--awb-height:20px;--awb-amount:20px;border-color:var(--awb-color2);border-top-width:1px;\"><\/div><\/div><div class=\"fusion-text fusion-text-175\" style=\"--awb-content-alignment:center;--awb-text-transform:capitalize;--awb-text-color:var(--awb-color4);\"><p>Slovakia<\/p>\n<\/div><\/div><\/li>\n<li class=\"fusion-layout-column fusion_builder_column fusion-builder-column-176 fusion-flex-column fusion-animated post-card fusion-grid-column fusion-post-cards-grid-column 2024 ireland fusion-animated\" style=\"--awb-padding-bottom:5px;--awb-overflow:hidden;--awb-bg-color:var(--awb-color1);--awb-bg-color-hover:var(--awb-custom_color_2);--awb-bg-size:cover;--awb-box-shadow:0px 0px 24px hsla(var(--awb-color7-h),var(--awb-color7-s),var(--awb-color7-l),calc(var(--awb-color7-a) - 40%));;--awb-border-color:var(--awb-color4);--awb-border-color-hover:var(--awb-color7);--awb-border-top:1px;--awb-border-right:1px;--awb-border-bottom:1px;--awb-border-left:1px;--awb-border-style:solid;--awb-border-radius:6px 6px 6px 6px;--awb-flex-grow:0;--awb-flex-shrink:0;--awb-flex-grow-medium:0;--awb-flex-shrink-medium:0;--awb-flex-grow-small:0;--awb-flex-shrink-small:0;\" data-animationType=\"fadeIn\" data-animationDuration=\"1.3\" data-animationOffset=\"top-into-view\"><div class=\"fusion-column-wrapper fusion-column-has-shadow fusion-flex-justify-content-flex-start fusion-content-layout-column\"><div class=\"fusion-image-element \" style=\"--awb-aspect-ratio:16 \/ 9;--awb-margin-bottom:10px;--awb-caption-title-font-family:var(--h2_typography-font-family);--awb-caption-title-font-weight:var(--h2_typography-font-weight);--awb-caption-title-font-style:var(--h2_typography-font-style);--awb-caption-title-size:var(--h2_typography-font-size);--awb-caption-title-transform:var(--h2_typography-text-transform);--awb-caption-title-line-height:var(--h2_typography-line-height);--awb-caption-title-letter-spacing:var(--h2_typography-letter-spacing);\"><span class=\" fusion-imageframe imageframe-none imageframe-175 hover-type-none has-aspect-ratio\"><a class=\"fusion-no-lightbox\" href=\"https:\/\/www.choral-events.com\/en\/chorales\/rtai-choir\/\" target=\"_self\" aria-label=\"Spain_Cambra Choir_website photos\"><img decoding=\"async\" width=\"550\" height=\"350\" alt=\"R.T.A.I. Li\u00e8ge Choir The Retired Teachers Association of Ireland Cork Choir\" src=\"https:\/\/www.choral-events.com\/wp-content\/uploads\/2024\/05\/Espagne_Choeur-de-Cambra_photos-page-web-1.jpg\" class=\"img-responsive wp-image-50012 img-with-aspect-ratio\" data-parent-fit=\"cover\" data-parent-container=\".fusion-image-element\" srcset=\"https:\/\/www.choral-events.com\/wp-content\/uploads\/2024\/05\/Espagne_Choeur-de-Cambra_photos-page-web-1-200x127.jpg 200w, https:\/\/www.choral-events.com\/wp-content\/uploads\/2024\/05\/Espagne_Choeur-de-Cambra_photos-page-web-1-400x255.jpg 400w, https:\/\/www.choral-events.com\/wp-content\/uploads\/2024\/05\/Espagne_Choeur-de-Cambra_photos-page-web-1.jpg 550w\" sizes=\"(max-width: 1024px) 100vw, (max-width: 640px) 100vw, 550px\" \/><\/a><\/span><\/div><div class=\"fusion-title title fusion-title-177 fusion-sep-none fusion-title-center fusion-title-text fusion-title-size-paragraph\" style=\"--awb-text-color:var(--awb-color7);--awb-margin-top:10px;--awb-margin-right:5px;--awb-margin-bottom:10px;--awb-margin-left:5px;--awb-margin-top-small:16px;--awb-margin-right-small:0px;--awb-margin-bottom-small:10px;--awb-margin-left-small:0px;--awb-link-color:var(--awb-color7);--awb-font-size:16px;\"><p class=\"fusion-title-heading title-heading-center title-heading-tag fusion-responsive-typography-calculated\" style=\"margin:0;font-size:1em;--fontSize:16;--minFontSize:16;line-height:1.6;\"><a href=\"https:\/\/www.choral-events.com\/en\/chorales\/rtai-choir\/\" class=\"awb-custom-text-color awb-custom-text-hover-color\" target=\"_self\">RTAI Choir<\/a><\/p><\/div><div class=\"fusion-separator\" style=\"align-self: center;margin-left: auto;margin-right: auto;flex-grow:10;margin-top:5px;margin-bottom:10px;width:100%;max-width:70px;\"><div class=\"fusion-separator-border sep-single sep-solid\" style=\"--awb-height:20px;--awb-amount:20px;border-color:var(--awb-color2);border-top-width:1px;\"><\/div><\/div><div class=\"fusion-text fusion-text-176\" style=\"--awb-content-alignment:center;--awb-text-transform:capitalize;--awb-text-color:var(--awb-color4);\"><p>Ireland<\/p>\n<\/div><\/div><\/li>\n<li class=\"fusion-layout-column fusion_builder_column fusion-builder-column-177 fusion-flex-column fusion-animated post-card fusion-grid-column fusion-post-cards-grid-column 2025 ukraine fusion-animated\" style=\"--awb-padding-bottom:5px;--awb-overflow:hidden;--awb-bg-color:var(--awb-color1);--awb-bg-color-hover:var(--awb-custom_color_2);--awb-bg-size:cover;--awb-box-shadow:0px 0px 24px hsla(var(--awb-color7-h),var(--awb-color7-s),var(--awb-color7-l),calc(var(--awb-color7-a) - 40%));;--awb-border-color:var(--awb-color4);--awb-border-color-hover:var(--awb-color7);--awb-border-top:1px;--awb-border-right:1px;--awb-border-bottom:1px;--awb-border-left:1px;--awb-border-style:solid;--awb-border-radius:6px 6px 6px 6px;--awb-flex-grow:0;--awb-flex-shrink:0;--awb-flex-grow-medium:0;--awb-flex-shrink-medium:0;--awb-flex-grow-small:0;--awb-flex-shrink-small:0;\" data-animationType=\"fadeIn\" data-animationDuration=\"1.3\" data-animationOffset=\"top-into-view\"><div class=\"fusion-column-wrapper fusion-column-has-shadow fusion-flex-justify-content-flex-start fusion-content-layout-column\"><div class=\"fusion-image-element \" style=\"--awb-aspect-ratio:16 \/ 9;--awb-margin-bottom:10px;--awb-caption-title-font-family:var(--h2_typography-font-family);--awb-caption-title-font-weight:var(--h2_typography-font-weight);--awb-caption-title-font-style:var(--h2_typography-font-style);--awb-caption-title-size:var(--h2_typography-font-size);--awb-caption-title-transform:var(--h2_typography-text-transform);--awb-caption-title-line-height:var(--h2_typography-line-height);--awb-caption-title-letter-spacing:var(--h2_typography-letter-spacing);\"><span class=\" fusion-imageframe imageframe-none imageframe-176 hover-type-none has-aspect-ratio\"><a class=\"fusion-no-lightbox\" href=\"https:\/\/www.choral-events.com\/en\/chorales\/ruta-myata-quartet\/\" target=\"_self\" aria-label=\"Ruta Myata Quartet \u2013 Ukraine\"><img decoding=\"async\" width=\"2560\" height=\"1927\" alt=\"Ruta Myata Quartet \u2013 Ukraine\" src=\"https:\/\/www.choral-events.com\/wp-content\/uploads\/2025\/03\/2G2A9843-scaled-1.jpg\" class=\"img-responsive wp-image-49723 img-with-aspect-ratio\" data-parent-fit=\"cover\" data-parent-container=\".fusion-image-element\" srcset=\"https:\/\/www.choral-events.com\/wp-content\/uploads\/2025\/03\/2G2A9843-scaled-1-200x151.jpg 200w, https:\/\/www.choral-events.com\/wp-content\/uploads\/2025\/03\/2G2A9843-scaled-1-400x301.jpg 400w, https:\/\/www.choral-events.com\/wp-content\/uploads\/2025\/03\/2G2A9843-scaled-1-600x452.jpg 600w, https:\/\/www.choral-events.com\/wp-content\/uploads\/2025\/03\/2G2A9843-scaled-1-800x602.jpg 800w, https:\/\/www.choral-events.com\/wp-content\/uploads\/2025\/03\/2G2A9843-scaled-1-1200x903.jpg 1200w, https:\/\/www.choral-events.com\/wp-content\/uploads\/2025\/03\/2G2A9843-scaled-1.jpg 2560w\" sizes=\"(max-width: 1024px) 100vw, (max-width: 640px) 100vw, 2560px\" \/><\/a><\/span><\/div><div class=\"fusion-title title fusion-title-178 fusion-sep-none fusion-title-center fusion-title-text fusion-title-size-paragraph\" style=\"--awb-text-color:var(--awb-color7);--awb-margin-top:10px;--awb-margin-right:5px;--awb-margin-bottom:10px;--awb-margin-left:5px;--awb-margin-top-small:16px;--awb-margin-right-small:0px;--awb-margin-bottom-small:10px;--awb-margin-left-small:0px;--awb-link-color:var(--awb-color7);--awb-font-size:16px;\"><p class=\"fusion-title-heading title-heading-center title-heading-tag fusion-responsive-typography-calculated\" style=\"margin:0;font-size:1em;--fontSize:16;--minFontSize:16;line-height:1.6;\"><a href=\"https:\/\/www.choral-events.com\/en\/chorales\/ruta-myata-quartet\/\" class=\"awb-custom-text-color awb-custom-text-hover-color\" target=\"_self\">Ruta Myata Quartet<\/a><\/p><\/div><div class=\"fusion-separator\" style=\"align-self: center;margin-left: auto;margin-right: auto;flex-grow:10;margin-top:5px;margin-bottom:10px;width:100%;max-width:70px;\"><div class=\"fusion-separator-border sep-single sep-solid\" style=\"--awb-height:20px;--awb-amount:20px;border-color:var(--awb-color2);border-top-width:1px;\"><\/div><\/div><div class=\"fusion-text fusion-text-177\" style=\"--awb-content-alignment:center;--awb-text-transform:capitalize;--awb-text-color:var(--awb-color4);\"><p>Ukraine<\/p>\n<\/div><\/div><\/li>\n<li class=\"fusion-layout-column fusion_builder_column fusion-builder-column-178 fusion-flex-column fusion-animated post-card fusion-grid-column fusion-post-cards-grid-column 2023 2024 hungary fusion-animated\" style=\"--awb-padding-bottom:5px;--awb-overflow:hidden;--awb-bg-color:var(--awb-color1);--awb-bg-color-hover:var(--awb-custom_color_2);--awb-bg-size:cover;--awb-box-shadow:0px 0px 24px hsla(var(--awb-color7-h),var(--awb-color7-s),var(--awb-color7-l),calc(var(--awb-color7-a) - 40%));;--awb-border-color:var(--awb-color4);--awb-border-color-hover:var(--awb-color7);--awb-border-top:1px;--awb-border-right:1px;--awb-border-bottom:1px;--awb-border-left:1px;--awb-border-style:solid;--awb-border-radius:6px 6px 6px 6px;--awb-flex-grow:0;--awb-flex-shrink:0;--awb-flex-grow-medium:0;--awb-flex-shrink-medium:0;--awb-flex-grow-small:0;--awb-flex-shrink-small:0;\" data-animationType=\"fadeIn\" data-animationDuration=\"1.3\" data-animationOffset=\"top-into-view\"><div class=\"fusion-column-wrapper fusion-column-has-shadow fusion-flex-justify-content-flex-start fusion-content-layout-column\"><div class=\"fusion-image-element \" style=\"--awb-aspect-ratio:16 \/ 9;--awb-margin-bottom:10px;--awb-caption-title-font-family:var(--h2_typography-font-family);--awb-caption-title-font-weight:var(--h2_typography-font-weight);--awb-caption-title-font-style:var(--h2_typography-font-style);--awb-caption-title-size:var(--h2_typography-font-size);--awb-caption-title-transform:var(--h2_typography-text-transform);--awb-caption-title-line-height:var(--h2_typography-line-height);--awb-caption-title-letter-spacing:var(--h2_typography-letter-spacing);\"><span class=\" fusion-imageframe imageframe-none imageframe-177 hover-type-none has-aspect-ratio\"><a class=\"fusion-no-lightbox\" href=\"https:\/\/www.choral-events.com\/en\/chorales\/rutafa-mixed-choir\/\" target=\"_self\" aria-label=\"2_Hungary Rutafa choir &#8211; webpage photo\"><img decoding=\"async\" width=\"550\" height=\"350\" src=\"https:\/\/www.choral-events.com\/wp-content\/uploads\/2023\/02\/2_Hongrie-Rutafa-choir-photo-page-web-1.jpg\" class=\"img-responsive wp-image-49909 img-with-aspect-ratio\" data-parent-fit=\"cover\" data-parent-container=\".fusion-image-element\" alt srcset=\"https:\/\/www.choral-events.com\/wp-content\/uploads\/2023\/02\/2_Hongrie-Rutafa-choir-photo-page-web-1-200x127.jpg 200w, https:\/\/www.choral-events.com\/wp-content\/uploads\/2023\/02\/2_Hongrie-Rutafa-choir-photo-page-web-1-400x255.jpg 400w, https:\/\/www.choral-events.com\/wp-content\/uploads\/2023\/02\/2_Hongrie-Rutafa-choir-photo-page-web-1.jpg 550w\" sizes=\"(max-width: 1024px) 100vw, (max-width: 640px) 100vw, 550px\" \/><\/a><\/span><\/div><div class=\"fusion-title title fusion-title-179 fusion-sep-none fusion-title-center fusion-title-text fusion-title-size-paragraph\" style=\"--awb-text-color:var(--awb-color7);--awb-margin-top:10px;--awb-margin-right:5px;--awb-margin-bottom:10px;--awb-margin-left:5px;--awb-margin-top-small:16px;--awb-margin-right-small:0px;--awb-margin-bottom-small:10px;--awb-margin-left-small:0px;--awb-link-color:var(--awb-color7);--awb-font-size:16px;\"><p class=\"fusion-title-heading title-heading-center title-heading-tag fusion-responsive-typography-calculated\" style=\"margin:0;font-size:1em;--fontSize:16;--minFontSize:16;line-height:1.6;\"><a href=\"https:\/\/www.choral-events.com\/en\/chorales\/rutafa-mixed-choir\/\" class=\"awb-custom-text-color awb-custom-text-hover-color\" target=\"_self\">Rutafa Mixed Choir<\/a><\/p><\/div><div class=\"fusion-separator\" style=\"align-self: center;margin-left: auto;margin-right: auto;flex-grow:10;margin-top:5px;margin-bottom:10px;width:100%;max-width:70px;\"><div class=\"fusion-separator-border sep-single sep-solid\" style=\"--awb-height:20px;--awb-amount:20px;border-color:var(--awb-color2);border-top-width:1px;\"><\/div><\/div><div class=\"fusion-text fusion-text-178\" style=\"--awb-content-alignment:center;--awb-text-transform:capitalize;--awb-text-color:var(--awb-color4);\"><p>Hungary<\/p>\n<\/div><\/div><\/li>\n<li class=\"fusion-layout-column fusion_builder_column fusion-builder-column-179 fusion-flex-column fusion-animated post-card fusion-grid-column fusion-post-cards-grid-column 2025 romania fusion-animated\" style=\"--awb-padding-bottom:5px;--awb-overflow:hidden;--awb-bg-color:var(--awb-color1);--awb-bg-color-hover:var(--awb-custom_color_2);--awb-bg-size:cover;--awb-box-shadow:0px 0px 24px hsla(var(--awb-color7-h),var(--awb-color7-s),var(--awb-color7-l),calc(var(--awb-color7-a) - 40%));;--awb-border-color:var(--awb-color4);--awb-border-color-hover:var(--awb-color7);--awb-border-top:1px;--awb-border-right:1px;--awb-border-bottom:1px;--awb-border-left:1px;--awb-border-style:solid;--awb-border-radius:6px 6px 6px 6px;--awb-flex-grow:0;--awb-flex-shrink:0;--awb-flex-grow-medium:0;--awb-flex-shrink-medium:0;--awb-flex-grow-small:0;--awb-flex-shrink-small:0;\" data-animationType=\"fadeIn\" data-animationDuration=\"1.3\" data-animationOffset=\"top-into-view\"><div class=\"fusion-column-wrapper fusion-column-has-shadow fusion-flex-justify-content-flex-start fusion-content-layout-column\"><div class=\"fusion-image-element \" style=\"--awb-aspect-ratio:16 \/ 9;--awb-margin-bottom:10px;--awb-caption-title-font-family:var(--h2_typography-font-family);--awb-caption-title-font-weight:var(--h2_typography-font-weight);--awb-caption-title-font-style:var(--h2_typography-font-style);--awb-caption-title-size:var(--h2_typography-font-size);--awb-caption-title-transform:var(--h2_typography-text-transform);--awb-caption-title-line-height:var(--h2_typography-line-height);--awb-caption-title-letter-spacing:var(--h2_typography-letter-spacing);\"><span class=\" fusion-imageframe imageframe-none imageframe-178 hover-type-none has-aspect-ratio\"><a class=\"fusion-no-lightbox\" href=\"https:\/\/www.choral-events.com\/en\/chorales\/saint-john-of-damascus-byzantine-choir\/\" target=\"_self\" aria-label=\"Italy &#8211; Coro Santa Croce_photo web page (2)\"><img decoding=\"async\" width=\"550\" height=\"350\" src=\"https:\/\/www.choral-events.com\/wp-content\/uploads\/2023\/11\/Italie-Coro-Santa-Croce_photo-page-web-2.png\" class=\"img-responsive wp-image-49363 img-with-aspect-ratio\" data-parent-fit=\"cover\" data-parent-container=\".fusion-image-element\" alt srcset=\"https:\/\/www.choral-events.com\/wp-content\/uploads\/2023\/11\/Italie-Coro-Santa-Croce_photo-page-web-2-200x127.png 200w, https:\/\/www.choral-events.com\/wp-content\/uploads\/2023\/11\/Italie-Coro-Santa-Croce_photo-page-web-2-400x255.png 400w, https:\/\/www.choral-events.com\/wp-content\/uploads\/2023\/11\/Italie-Coro-Santa-Croce_photo-page-web-2.png 550w\" sizes=\"(max-width: 1024px) 100vw, (max-width: 640px) 100vw, 550px\" \/><\/a><\/span><\/div><div class=\"fusion-title title fusion-title-180 fusion-sep-none fusion-title-center fusion-title-text fusion-title-size-paragraph\" style=\"--awb-text-color:var(--awb-color7);--awb-margin-top:10px;--awb-margin-right:5px;--awb-margin-bottom:10px;--awb-margin-left:5px;--awb-margin-top-small:16px;--awb-margin-right-small:0px;--awb-margin-bottom-small:10px;--awb-margin-left-small:0px;--awb-link-color:var(--awb-color7);--awb-font-size:16px;\"><p class=\"fusion-title-heading title-heading-center title-heading-tag fusion-responsive-typography-calculated\" style=\"margin:0;font-size:1em;--fontSize:16;--minFontSize:16;line-height:1.6;\"><a href=\"https:\/\/www.choral-events.com\/en\/chorales\/saint-john-of-damascus-byzantine-choir\/\" class=\"awb-custom-text-color awb-custom-text-hover-color\" target=\"_self\">Saint John of Damascus Byzantine Choir<\/a><\/p><\/div><div class=\"fusion-separator\" style=\"align-self: center;margin-left: auto;margin-right: auto;flex-grow:10;margin-top:5px;margin-bottom:10px;width:100%;max-width:70px;\"><div class=\"fusion-separator-border sep-single sep-solid\" style=\"--awb-height:20px;--awb-amount:20px;border-color:var(--awb-color2);border-top-width:1px;\"><\/div><\/div><div class=\"fusion-text fusion-text-179\" style=\"--awb-content-alignment:center;--awb-text-transform:capitalize;--awb-text-color:var(--awb-color4);\"><p>Romania<\/p>\n<\/div><\/div><\/li>\n<li class=\"fusion-layout-column fusion_builder_column fusion-builder-column-180 fusion-flex-column fusion-animated post-card fusion-grid-column fusion-post-cards-grid-column 2022 france fusion-animated\" style=\"--awb-padding-bottom:5px;--awb-overflow:hidden;--awb-bg-color:var(--awb-color1);--awb-bg-color-hover:var(--awb-custom_color_2);--awb-bg-size:cover;--awb-box-shadow:0px 0px 24px hsla(var(--awb-color7-h),var(--awb-color7-s),var(--awb-color7-l),calc(var(--awb-color7-a) - 40%));;--awb-border-color:var(--awb-color4);--awb-border-color-hover:var(--awb-color7);--awb-border-top:1px;--awb-border-right:1px;--awb-border-bottom:1px;--awb-border-left:1px;--awb-border-style:solid;--awb-border-radius:6px 6px 6px 6px;--awb-flex-grow:0;--awb-flex-shrink:0;--awb-flex-grow-medium:0;--awb-flex-shrink-medium:0;--awb-flex-grow-small:0;--awb-flex-shrink-small:0;\" data-animationType=\"fadeIn\" data-animationDuration=\"1.3\" data-animationOffset=\"top-into-view\"><div class=\"fusion-column-wrapper fusion-column-has-shadow fusion-flex-justify-content-flex-start fusion-content-layout-column\"><div class=\"fusion-image-element \" style=\"--awb-aspect-ratio:16 \/ 9;--awb-margin-bottom:10px;--awb-caption-title-font-family:var(--h2_typography-font-family);--awb-caption-title-font-weight:var(--h2_typography-font-weight);--awb-caption-title-font-style:var(--h2_typography-font-style);--awb-caption-title-size:var(--h2_typography-font-size);--awb-caption-title-transform:var(--h2_typography-text-transform);--awb-caption-title-line-height:var(--h2_typography-line-height);--awb-caption-title-letter-spacing:var(--h2_typography-letter-spacing);\"><span class=\" fusion-imageframe imageframe-none imageframe-179 hover-type-none has-aspect-ratio\"><a class=\"fusion-no-lightbox\" href=\"https:\/\/www.choral-events.com\/en\/chorales\/saint-marks-mastery\/\" target=\"_self\" aria-label=\"7_Les-Choristes-France-photo-page-web\"><img decoding=\"async\" width=\"550\" height=\"350\" src=\"https:\/\/www.choral-events.com\/wp-content\/uploads\/2026\/02\/7_Les-Choristes-France-photo-page-web.jpg\" class=\"img-responsive wp-image-51736 img-with-aspect-ratio\" data-parent-fit=\"cover\" data-parent-container=\".fusion-image-element\" alt srcset=\"https:\/\/www.choral-events.com\/wp-content\/uploads\/2026\/02\/7_Les-Choristes-France-photo-page-web-200x127.jpg 200w, https:\/\/www.choral-events.com\/wp-content\/uploads\/2026\/02\/7_Les-Choristes-France-photo-page-web-400x255.jpg 400w, https:\/\/www.choral-events.com\/wp-content\/uploads\/2026\/02\/7_Les-Choristes-France-photo-page-web.jpg 550w\" sizes=\"(max-width: 1024px) 100vw, (max-width: 640px) 100vw, 550px\" \/><\/a><\/span><\/div><div class=\"fusion-title title fusion-title-181 fusion-sep-none fusion-title-center fusion-title-text fusion-title-size-paragraph\" style=\"--awb-text-color:var(--awb-color7);--awb-margin-top:10px;--awb-margin-right:5px;--awb-margin-bottom:10px;--awb-margin-left:5px;--awb-margin-top-small:16px;--awb-margin-right-small:0px;--awb-margin-bottom-small:10px;--awb-margin-left-small:0px;--awb-link-color:var(--awb-color7);--awb-font-size:16px;\"><p class=\"fusion-title-heading title-heading-center title-heading-tag fusion-responsive-typography-calculated\" style=\"margin:0;font-size:1em;--fontSize:16;--minFontSize:16;line-height:1.6;\"><a href=\"https:\/\/www.choral-events.com\/en\/chorales\/saint-marks-mastery\/\" class=\"awb-custom-text-color awb-custom-text-hover-color\" target=\"_self\">Saint Mark&#8217;s Mastery<\/a><\/p><\/div><div class=\"fusion-separator\" style=\"align-self: center;margin-left: auto;margin-right: auto;flex-grow:10;margin-top:5px;margin-bottom:10px;width:100%;max-width:70px;\"><div class=\"fusion-separator-border sep-single sep-solid\" style=\"--awb-height:20px;--awb-amount:20px;border-color:var(--awb-color2);border-top-width:1px;\"><\/div><\/div><div class=\"fusion-text fusion-text-180\" style=\"--awb-content-alignment:center;--awb-text-transform:capitalize;--awb-text-color:var(--awb-color4);\"><p>France<\/p>\n<\/div><\/div><\/li>\n<li class=\"fusion-layout-column fusion_builder_column fusion-builder-column-181 fusion-flex-column fusion-animated post-card fusion-grid-column fusion-post-cards-grid-column 2023 italy fusion-animated\" style=\"--awb-padding-bottom:5px;--awb-overflow:hidden;--awb-bg-color:var(--awb-color1);--awb-bg-color-hover:var(--awb-custom_color_2);--awb-bg-size:cover;--awb-box-shadow:0px 0px 24px hsla(var(--awb-color7-h),var(--awb-color7-s),var(--awb-color7-l),calc(var(--awb-color7-a) - 40%));;--awb-border-color:var(--awb-color4);--awb-border-color-hover:var(--awb-color7);--awb-border-top:1px;--awb-border-right:1px;--awb-border-bottom:1px;--awb-border-left:1px;--awb-border-style:solid;--awb-border-radius:6px 6px 6px 6px;--awb-flex-grow:0;--awb-flex-shrink:0;--awb-flex-grow-medium:0;--awb-flex-shrink-medium:0;--awb-flex-grow-small:0;--awb-flex-shrink-small:0;\" data-animationType=\"fadeIn\" data-animationDuration=\"1.3\" data-animationOffset=\"top-into-view\"><div class=\"fusion-column-wrapper fusion-column-has-shadow fusion-flex-justify-content-flex-start fusion-content-layout-column\"><div class=\"fusion-image-element \" style=\"--awb-aspect-ratio:16 \/ 9;--awb-margin-bottom:10px;--awb-caption-title-font-family:var(--h2_typography-font-family);--awb-caption-title-font-weight:var(--h2_typography-font-weight);--awb-caption-title-font-style:var(--h2_typography-font-style);--awb-caption-title-size:var(--h2_typography-font-size);--awb-caption-title-transform:var(--h2_typography-text-transform);--awb-caption-title-line-height:var(--h2_typography-line-height);--awb-caption-title-letter-spacing:var(--h2_typography-letter-spacing);\"><span class=\" fusion-imageframe imageframe-none imageframe-180 hover-type-none has-aspect-ratio\"><a class=\"fusion-no-lightbox\" href=\"https:\/\/www.choral-events.com\/en\/chorales\/santa-croce-choir-of-sorso\/\" target=\"_self\" aria-label=\"Italy-Santa-Croce-Choir_web-page-photo-3\"><img decoding=\"async\" width=\"550\" height=\"350\" alt=\"The Santa Croce Polyphonic Choir of Sorso\" src=\"https:\/\/www.choral-events.com\/wp-content\/uploads\/2026\/02\/Italie-Coro-Santa-Croce_photo-page-web-3.png\" class=\"img-responsive wp-image-49521 img-with-aspect-ratio\" data-parent-fit=\"cover\" data-parent-container=\".fusion-image-element\" srcset=\"https:\/\/www.choral-events.com\/wp-content\/uploads\/2026\/02\/Italie-Coro-Santa-Croce_photo-page-web-3-200x127.png 200w, https:\/\/www.choral-events.com\/wp-content\/uploads\/2026\/02\/Italie-Coro-Santa-Croce_photo-page-web-3-400x255.png 400w, https:\/\/www.choral-events.com\/wp-content\/uploads\/2026\/02\/Italie-Coro-Santa-Croce_photo-page-web-3.png 550w\" sizes=\"(max-width: 1024px) 100vw, (max-width: 640px) 100vw, 550px\" \/><\/a><\/span><\/div><div class=\"fusion-title title fusion-title-182 fusion-sep-none fusion-title-center fusion-title-text fusion-title-size-paragraph\" style=\"--awb-text-color:var(--awb-color7);--awb-margin-top:10px;--awb-margin-right:5px;--awb-margin-bottom:10px;--awb-margin-left:5px;--awb-margin-top-small:16px;--awb-margin-right-small:0px;--awb-margin-bottom-small:10px;--awb-margin-left-small:0px;--awb-link-color:var(--awb-color7);--awb-font-size:16px;\"><p class=\"fusion-title-heading title-heading-center title-heading-tag fusion-responsive-typography-calculated\" style=\"margin:0;font-size:1em;--fontSize:16;--minFontSize:16;line-height:1.6;\"><a href=\"https:\/\/www.choral-events.com\/en\/chorales\/santa-croce-choir-of-sorso\/\" class=\"awb-custom-text-color awb-custom-text-hover-color\" target=\"_self\">Santa Croce Choir of Sorso<\/a><\/p><\/div><div class=\"fusion-separator\" style=\"align-self: center;margin-left: auto;margin-right: auto;flex-grow:10;margin-top:5px;margin-bottom:10px;width:100%;max-width:70px;\"><div class=\"fusion-separator-border sep-single sep-solid\" style=\"--awb-height:20px;--awb-amount:20px;border-color:var(--awb-color2);border-top-width:1px;\"><\/div><\/div><div class=\"fusion-text fusion-text-181\" style=\"--awb-content-alignment:center;--awb-text-transform:capitalize;--awb-text-color:var(--awb-color4);\"><p>Italy<\/p>\n<\/div><\/div><\/li>\n<li class=\"fusion-layout-column fusion_builder_column fusion-builder-column-182 fusion-flex-column fusion-animated post-card fusion-grid-column fusion-post-cards-grid-column 2022 hungary fusion-animated\" style=\"--awb-padding-bottom:5px;--awb-overflow:hidden;--awb-bg-color:var(--awb-color1);--awb-bg-color-hover:var(--awb-custom_color_2);--awb-bg-size:cover;--awb-box-shadow:0px 0px 24px hsla(var(--awb-color7-h),var(--awb-color7-s),var(--awb-color7-l),calc(var(--awb-color7-a) - 40%));;--awb-border-color:var(--awb-color4);--awb-border-color-hover:var(--awb-color7);--awb-border-top:1px;--awb-border-right:1px;--awb-border-bottom:1px;--awb-border-left:1px;--awb-border-style:solid;--awb-border-radius:6px 6px 6px 6px;--awb-flex-grow:0;--awb-flex-shrink:0;--awb-flex-grow-medium:0;--awb-flex-shrink-medium:0;--awb-flex-grow-small:0;--awb-flex-shrink-small:0;\" data-animationType=\"fadeIn\" data-animationDuration=\"1.3\" data-animationOffset=\"top-into-view\"><div class=\"fusion-column-wrapper fusion-column-has-shadow fusion-flex-justify-content-flex-start fusion-content-layout-column\"><div class=\"fusion-image-element \" style=\"--awb-aspect-ratio:16 \/ 9;--awb-margin-bottom:10px;--awb-caption-title-font-family:var(--h2_typography-font-family);--awb-caption-title-font-weight:var(--h2_typography-font-weight);--awb-caption-title-font-style:var(--h2_typography-font-style);--awb-caption-title-size:var(--h2_typography-font-size);--awb-caption-title-transform:var(--h2_typography-text-transform);--awb-caption-title-line-height:var(--h2_typography-line-height);--awb-caption-title-letter-spacing:var(--h2_typography-letter-spacing);\"><span class=\" fusion-imageframe imageframe-none imageframe-181 hover-type-none has-aspect-ratio\"><a class=\"fusion-no-lightbox\" href=\"https:\/\/www.choral-events.com\/en\/chorales\/choir-of-the-medical-university-of-gdansk-2\/\" target=\"_self\" aria-label=\"Schola-Cantorum-Hungary-photo-page-web-\"><img decoding=\"async\" width=\"550\" height=\"350\" src=\"https:\/\/www.choral-events.com\/wp-content\/uploads\/2026\/03\/Schola-Cantorum-Hongrie-photo-page-web-.png\" class=\"img-responsive wp-image-51785 img-with-aspect-ratio\" data-parent-fit=\"cover\" data-parent-container=\".fusion-image-element\" alt srcset=\"https:\/\/www.choral-events.com\/wp-content\/uploads\/2026\/03\/Schola-Cantorum-Hongrie-photo-page-web--200x127.png 200w, https:\/\/www.choral-events.com\/wp-content\/uploads\/2026\/03\/Schola-Cantorum-Hongrie-photo-page-web--400x255.png 400w, https:\/\/www.choral-events.com\/wp-content\/uploads\/2026\/03\/Schola-Cantorum-Hongrie-photo-page-web-.png 550w\" sizes=\"(max-width: 1024px) 100vw, (max-width: 640px) 100vw, 550px\" \/><\/a><\/span><\/div><div class=\"fusion-title title fusion-title-183 fusion-sep-none fusion-title-center fusion-title-text fusion-title-size-paragraph\" style=\"--awb-text-color:var(--awb-color7);--awb-margin-top:10px;--awb-margin-right:5px;--awb-margin-bottom:10px;--awb-margin-left:5px;--awb-margin-top-small:16px;--awb-margin-right-small:0px;--awb-margin-bottom-small:10px;--awb-margin-left-small:0px;--awb-link-color:var(--awb-color7);--awb-font-size:16px;\"><p class=\"fusion-title-heading title-heading-center title-heading-tag fusion-responsive-typography-calculated\" style=\"margin:0;font-size:1em;--fontSize:16;--minFontSize:16;line-height:1.6;\"><a href=\"https:\/\/www.choral-events.com\/en\/chorales\/choir-of-the-medical-university-of-gdansk-2\/\" class=\"awb-custom-text-color awb-custom-text-hover-color\" target=\"_self\">Schola Cantorum Sopianensis Choir<\/a><\/p><\/div><div class=\"fusion-separator\" style=\"align-self: center;margin-left: auto;margin-right: auto;flex-grow:10;margin-top:5px;margin-bottom:10px;width:100%;max-width:70px;\"><div class=\"fusion-separator-border sep-single sep-solid\" style=\"--awb-height:20px;--awb-amount:20px;border-color:var(--awb-color2);border-top-width:1px;\"><\/div><\/div><div class=\"fusion-text fusion-text-182\" style=\"--awb-content-alignment:center;--awb-text-transform:capitalize;--awb-text-color:var(--awb-color4);\"><p>Hungary<\/p>\n<\/div><\/div><\/li>\n<li class=\"fusion-layout-column fusion_builder_column fusion-builder-column-183 fusion-flex-column fusion-animated post-card fusion-grid-column fusion-post-cards-grid-column 2026 poland fusion-animated\" style=\"--awb-padding-bottom:5px;--awb-overflow:hidden;--awb-bg-color:var(--awb-color1);--awb-bg-color-hover:var(--awb-custom_color_2);--awb-bg-size:cover;--awb-box-shadow:0px 0px 24px hsla(var(--awb-color7-h),var(--awb-color7-s),var(--awb-color7-l),calc(var(--awb-color7-a) - 40%));;--awb-border-color:var(--awb-color4);--awb-border-color-hover:var(--awb-color7);--awb-border-top:1px;--awb-border-right:1px;--awb-border-bottom:1px;--awb-border-left:1px;--awb-border-style:solid;--awb-border-radius:6px 6px 6px 6px;--awb-flex-grow:0;--awb-flex-shrink:0;--awb-flex-grow-medium:0;--awb-flex-shrink-medium:0;--awb-flex-grow-small:0;--awb-flex-shrink-small:0;\" data-animationType=\"fadeIn\" data-animationDuration=\"1.3\" data-animationOffset=\"top-into-view\"><div class=\"fusion-column-wrapper fusion-column-has-shadow fusion-flex-justify-content-flex-start fusion-content-layout-column\"><div class=\"fusion-image-element \" style=\"--awb-aspect-ratio:16 \/ 9;--awb-margin-bottom:10px;--awb-caption-title-font-family:var(--h2_typography-font-family);--awb-caption-title-font-weight:var(--h2_typography-font-weight);--awb-caption-title-font-style:var(--h2_typography-font-style);--awb-caption-title-size:var(--h2_typography-font-size);--awb-caption-title-transform:var(--h2_typography-text-transform);--awb-caption-title-line-height:var(--h2_typography-line-height);--awb-caption-title-letter-spacing:var(--h2_typography-letter-spacing);\"><span class=\" fusion-imageframe imageframe-none imageframe-182 hover-type-none has-aspect-ratio\"><a class=\"fusion-no-lightbox\" href=\"https:\/\/www.choral-events.com\/en\/chorales\/sensus-musicus\/\" target=\"_self\" aria-label=\"IMG_0190\"><img decoding=\"async\" width=\"2560\" height=\"1703\" src=\"https:\/\/www.choral-events.com\/wp-content\/uploads\/2026\/03\/IMG_0190-scaled.jpg\" class=\"img-responsive wp-image-52311 img-with-aspect-ratio\" data-parent-fit=\"cover\" data-parent-container=\".fusion-image-element\" alt srcset=\"https:\/\/www.choral-events.com\/wp-content\/uploads\/2026\/03\/IMG_0190-200x133.jpg 200w, https:\/\/www.choral-events.com\/wp-content\/uploads\/2026\/03\/IMG_0190-400x266.jpg 400w, https:\/\/www.choral-events.com\/wp-content\/uploads\/2026\/03\/IMG_0190-600x399.jpg 600w, https:\/\/www.choral-events.com\/wp-content\/uploads\/2026\/03\/IMG_0190-800x532.jpg 800w, https:\/\/www.choral-events.com\/wp-content\/uploads\/2026\/03\/IMG_0190-1200x798.jpg 1200w, https:\/\/www.choral-events.com\/wp-content\/uploads\/2026\/03\/IMG_0190-scaled.jpg 2560w\" sizes=\"(max-width: 1024px) 100vw, (max-width: 640px) 100vw, 2560px\" \/><\/a><\/span><\/div><div class=\"fusion-title title fusion-title-184 fusion-sep-none fusion-title-center fusion-title-text fusion-title-size-paragraph\" style=\"--awb-text-color:var(--awb-color7);--awb-margin-top:10px;--awb-margin-right:5px;--awb-margin-bottom:10px;--awb-margin-left:5px;--awb-margin-top-small:16px;--awb-margin-right-small:0px;--awb-margin-bottom-small:10px;--awb-margin-left-small:0px;--awb-link-color:var(--awb-color7);--awb-font-size:16px;\"><p class=\"fusion-title-heading title-heading-center title-heading-tag fusion-responsive-typography-calculated\" style=\"margin:0;font-size:1em;--fontSize:16;--minFontSize:16;line-height:1.6;\"><a href=\"https:\/\/www.choral-events.com\/en\/chorales\/sensus-musicus\/\" class=\"awb-custom-text-color awb-custom-text-hover-color\" target=\"_self\">Sensus Musicus<\/a><\/p><\/div><div class=\"fusion-separator\" style=\"align-self: center;margin-left: auto;margin-right: auto;flex-grow:10;margin-top:5px;margin-bottom:10px;width:100%;max-width:70px;\"><div class=\"fusion-separator-border sep-single sep-solid\" style=\"--awb-height:20px;--awb-amount:20px;border-color:var(--awb-color2);border-top-width:1px;\"><\/div><\/div><div class=\"fusion-text fusion-text-183\" style=\"--awb-content-alignment:center;--awb-text-transform:capitalize;--awb-text-color:var(--awb-color4);\"><p>Poland<\/p>\n<\/div><\/div><\/li>\n<li class=\"fusion-layout-column fusion_builder_column fusion-builder-column-184 fusion-flex-column fusion-animated post-card fusion-grid-column fusion-post-cards-grid-column 2023 czech-republic fusion-animated\" style=\"--awb-padding-bottom:5px;--awb-overflow:hidden;--awb-bg-color:var(--awb-color1);--awb-bg-color-hover:var(--awb-custom_color_2);--awb-bg-size:cover;--awb-box-shadow:0px 0px 24px hsla(var(--awb-color7-h),var(--awb-color7-s),var(--awb-color7-l),calc(var(--awb-color7-a) - 40%));;--awb-border-color:var(--awb-color4);--awb-border-color-hover:var(--awb-color7);--awb-border-top:1px;--awb-border-right:1px;--awb-border-bottom:1px;--awb-border-left:1px;--awb-border-style:solid;--awb-border-radius:6px 6px 6px 6px;--awb-flex-grow:0;--awb-flex-shrink:0;--awb-flex-grow-medium:0;--awb-flex-shrink-medium:0;--awb-flex-grow-small:0;--awb-flex-shrink-small:0;\" data-animationType=\"fadeIn\" data-animationDuration=\"1.3\" data-animationOffset=\"top-into-view\"><div class=\"fusion-column-wrapper fusion-column-has-shadow fusion-flex-justify-content-flex-start fusion-content-layout-column\"><div class=\"fusion-image-element \" style=\"--awb-aspect-ratio:16 \/ 9;--awb-margin-bottom:10px;--awb-caption-title-font-family:var(--h2_typography-font-family);--awb-caption-title-font-weight:var(--h2_typography-font-weight);--awb-caption-title-font-style:var(--h2_typography-font-style);--awb-caption-title-size:var(--h2_typography-font-size);--awb-caption-title-transform:var(--h2_typography-text-transform);--awb-caption-title-line-height:var(--h2_typography-line-height);--awb-caption-title-letter-spacing:var(--h2_typography-letter-spacing);\"><span class=\" fusion-imageframe imageframe-none imageframe-183 hover-type-none has-aspect-ratio\"><a class=\"fusion-no-lightbox\" href=\"https:\/\/www.choral-events.com\/en\/chorales\/sextet-plus\/\" target=\"_self\" aria-label=\"3_Sextet Plus &#8211; Rep Tcheque- photo page web\"><img decoding=\"async\" width=\"550\" height=\"350\" src=\"https:\/\/www.choral-events.com\/wp-content\/uploads\/2023\/02\/3_Sextet-Plus-Rep-Tcheque-photo-page-web.jpg\" class=\"img-responsive wp-image-49607 img-with-aspect-ratio\" data-parent-fit=\"cover\" data-parent-container=\".fusion-image-element\" alt srcset=\"https:\/\/www.choral-events.com\/wp-content\/uploads\/2023\/02\/3_Sextet-Plus-Rep-Tcheque-photo-page-web-200x127.jpg 200w, https:\/\/www.choral-events.com\/wp-content\/uploads\/2023\/02\/3_Sextet-Plus-Rep-Tcheque-photo-page-web-400x255.jpg 400w, https:\/\/www.choral-events.com\/wp-content\/uploads\/2023\/02\/3_Sextet-Plus-Rep-Tcheque-photo-page-web.jpg 550w\" sizes=\"(max-width: 1024px) 100vw, (max-width: 640px) 100vw, 550px\" \/><\/a><\/span><\/div><div class=\"fusion-title title fusion-title-185 fusion-sep-none fusion-title-center fusion-title-text fusion-title-size-paragraph\" style=\"--awb-text-color:var(--awb-color7);--awb-margin-top:10px;--awb-margin-right:5px;--awb-margin-bottom:10px;--awb-margin-left:5px;--awb-margin-top-small:16px;--awb-margin-right-small:0px;--awb-margin-bottom-small:10px;--awb-margin-left-small:0px;--awb-link-color:var(--awb-color7);--awb-font-size:16px;\"><p class=\"fusion-title-heading title-heading-center title-heading-tag fusion-responsive-typography-calculated\" style=\"margin:0;font-size:1em;--fontSize:16;--minFontSize:16;line-height:1.6;\"><a href=\"https:\/\/www.choral-events.com\/en\/chorales\/sextet-plus\/\" class=\"awb-custom-text-color awb-custom-text-hover-color\" target=\"_self\">Sextet plus<\/a><\/p><\/div><div class=\"fusion-separator\" style=\"align-self: center;margin-left: auto;margin-right: auto;flex-grow:10;margin-top:5px;margin-bottom:10px;width:100%;max-width:70px;\"><div class=\"fusion-separator-border sep-single sep-solid\" style=\"--awb-height:20px;--awb-amount:20px;border-color:var(--awb-color2);border-top-width:1px;\"><\/div><\/div><div class=\"fusion-text fusion-text-184\" style=\"--awb-content-alignment:center;--awb-text-transform:capitalize;--awb-text-color:var(--awb-color4);\"><p>Czech Republic<\/p>\n<\/div><\/div><\/li>\n<li class=\"fusion-layout-column fusion_builder_column fusion-builder-column-185 fusion-flex-column fusion-animated post-card fusion-grid-column fusion-post-cards-grid-column 2026 china fusion-animated\" style=\"--awb-padding-bottom:5px;--awb-overflow:hidden;--awb-bg-color:var(--awb-color1);--awb-bg-color-hover:var(--awb-custom_color_2);--awb-bg-size:cover;--awb-box-shadow:0px 0px 24px hsla(var(--awb-color7-h),var(--awb-color7-s),var(--awb-color7-l),calc(var(--awb-color7-a) - 40%));;--awb-border-color:var(--awb-color4);--awb-border-color-hover:var(--awb-color7);--awb-border-top:1px;--awb-border-right:1px;--awb-border-bottom:1px;--awb-border-left:1px;--awb-border-style:solid;--awb-border-radius:6px 6px 6px 6px;--awb-flex-grow:0;--awb-flex-shrink:0;--awb-flex-grow-medium:0;--awb-flex-shrink-medium:0;--awb-flex-grow-small:0;--awb-flex-shrink-small:0;\" data-animationType=\"fadeIn\" data-animationDuration=\"1.3\" data-animationOffset=\"top-into-view\"><div class=\"fusion-column-wrapper fusion-column-has-shadow fusion-flex-justify-content-flex-start fusion-content-layout-column\"><div class=\"fusion-image-element \" style=\"--awb-aspect-ratio:16 \/ 9;--awb-margin-bottom:10px;--awb-caption-title-font-family:var(--h2_typography-font-family);--awb-caption-title-font-weight:var(--h2_typography-font-weight);--awb-caption-title-font-style:var(--h2_typography-font-style);--awb-caption-title-size:var(--h2_typography-font-size);--awb-caption-title-transform:var(--h2_typography-text-transform);--awb-caption-title-line-height:var(--h2_typography-line-height);--awb-caption-title-letter-spacing:var(--h2_typography-letter-spacing);\"><span class=\" fusion-imageframe imageframe-none imageframe-184 hover-type-none has-aspect-ratio\"><a class=\"fusion-no-lightbox\" href=\"https:\/\/www.choral-events.com\/en\/chorales\/shanghai-philharmonic-childrens-choir\/\" target=\"_self\" aria-label=\"Image3\"><img decoding=\"async\" width=\"553\" height=\"285\" src=\"https:\/\/www.choral-events.com\/wp-content\/uploads\/2026\/03\/Image3.jpg\" class=\"img-responsive wp-image-52249 img-with-aspect-ratio\" data-parent-fit=\"cover\" data-parent-container=\".fusion-image-element\" alt srcset=\"https:\/\/www.choral-events.com\/wp-content\/uploads\/2026\/03\/Image3-200x103.jpg 200w, https:\/\/www.choral-events.com\/wp-content\/uploads\/2026\/03\/Image3-400x206.jpg 400w, https:\/\/www.choral-events.com\/wp-content\/uploads\/2026\/03\/Image3.jpg 553w\" sizes=\"(max-width: 1024px) 100vw, (max-width: 640px) 100vw, 553px\" \/><\/a><\/span><\/div><div class=\"fusion-title title fusion-title-186 fusion-sep-none fusion-title-center fusion-title-text fusion-title-size-paragraph\" style=\"--awb-text-color:var(--awb-color7);--awb-margin-top:10px;--awb-margin-right:5px;--awb-margin-bottom:10px;--awb-margin-left:5px;--awb-margin-top-small:16px;--awb-margin-right-small:0px;--awb-margin-bottom-small:10px;--awb-margin-left-small:0px;--awb-link-color:var(--awb-color7);--awb-font-size:16px;\"><p class=\"fusion-title-heading title-heading-center title-heading-tag fusion-responsive-typography-calculated\" style=\"margin:0;font-size:1em;--fontSize:16;--minFontSize:16;line-height:1.6;\"><a href=\"https:\/\/www.choral-events.com\/en\/chorales\/shanghai-philharmonic-childrens-choir\/\" class=\"awb-custom-text-color awb-custom-text-hover-color\" target=\"_self\">Shanghai Philharmonic Children&#8217;s Choir<\/a><\/p><\/div><div class=\"fusion-separator\" style=\"align-self: center;margin-left: auto;margin-right: auto;flex-grow:10;margin-top:5px;margin-bottom:10px;width:100%;max-width:70px;\"><div class=\"fusion-separator-border sep-single sep-solid\" style=\"--awb-height:20px;--awb-amount:20px;border-color:var(--awb-color2);border-top-width:1px;\"><\/div><\/div><div class=\"fusion-text fusion-text-185\" style=\"--awb-content-alignment:center;--awb-text-transform:capitalize;--awb-text-color:var(--awb-color4);\"><p>China<\/p>\n<\/div><\/div><\/li>\n<li class=\"fusion-layout-column fusion_builder_column fusion-builder-column-186 fusion-flex-column fusion-animated post-card fusion-grid-column fusion-post-cards-grid-column 2026 china fusion-animated\" style=\"--awb-padding-bottom:5px;--awb-overflow:hidden;--awb-bg-color:var(--awb-color1);--awb-bg-color-hover:var(--awb-custom_color_2);--awb-bg-size:cover;--awb-box-shadow:0px 0px 24px hsla(var(--awb-color7-h),var(--awb-color7-s),var(--awb-color7-l),calc(var(--awb-color7-a) - 40%));;--awb-border-color:var(--awb-color4);--awb-border-color-hover:var(--awb-color7);--awb-border-top:1px;--awb-border-right:1px;--awb-border-bottom:1px;--awb-border-left:1px;--awb-border-style:solid;--awb-border-radius:6px 6px 6px 6px;--awb-flex-grow:0;--awb-flex-shrink:0;--awb-flex-grow-medium:0;--awb-flex-shrink-medium:0;--awb-flex-grow-small:0;--awb-flex-shrink-small:0;\" data-animationType=\"fadeIn\" data-animationDuration=\"1.3\" data-animationOffset=\"top-into-view\"><div class=\"fusion-column-wrapper fusion-column-has-shadow fusion-flex-justify-content-flex-start fusion-content-layout-column\"><div class=\"fusion-image-element \" style=\"--awb-aspect-ratio:16 \/ 9;--awb-margin-bottom:10px;--awb-caption-title-font-family:var(--h2_typography-font-family);--awb-caption-title-font-weight:var(--h2_typography-font-weight);--awb-caption-title-font-style:var(--h2_typography-font-style);--awb-caption-title-size:var(--h2_typography-font-size);--awb-caption-title-transform:var(--h2_typography-text-transform);--awb-caption-title-line-height:var(--h2_typography-line-height);--awb-caption-title-letter-spacing:var(--h2_typography-letter-spacing);\"><span class=\" fusion-imageframe imageframe-none imageframe-185 hover-type-none has-aspect-ratio\"><a class=\"fusion-no-lightbox\" href=\"https:\/\/www.choral-events.com\/en\/chorales\/shanghai-philharmonic-childrens-choir-2\/\" target=\"_self\" aria-label=\"Image2\"><img decoding=\"async\" width=\"1264\" height=\"699\" src=\"https:\/\/www.choral-events.com\/wp-content\/uploads\/2026\/03\/Image2.jpg\" class=\"img-responsive wp-image-52256 img-with-aspect-ratio\" data-parent-fit=\"cover\" data-parent-container=\".fusion-image-element\" alt srcset=\"https:\/\/www.choral-events.com\/wp-content\/uploads\/2026\/03\/Image2-200x111.jpg 200w, https:\/\/www.choral-events.com\/wp-content\/uploads\/2026\/03\/Image2-400x221.jpg 400w, https:\/\/www.choral-events.com\/wp-content\/uploads\/2026\/03\/Image2-600x332.jpg 600w, https:\/\/www.choral-events.com\/wp-content\/uploads\/2026\/03\/Image2-800x442.jpg 800w, https:\/\/www.choral-events.com\/wp-content\/uploads\/2026\/03\/Image2-1200x664.jpg 1200w, https:\/\/www.choral-events.com\/wp-content\/uploads\/2026\/03\/Image2.jpg 1264w\" sizes=\"(max-width: 1024px) 100vw, (max-width: 640px) 100vw, 1264px\" \/><\/a><\/span><\/div><div class=\"fusion-title title fusion-title-187 fusion-sep-none fusion-title-center fusion-title-text fusion-title-size-paragraph\" style=\"--awb-text-color:var(--awb-color7);--awb-margin-top:10px;--awb-margin-right:5px;--awb-margin-bottom:10px;--awb-margin-left:5px;--awb-margin-top-small:16px;--awb-margin-right-small:0px;--awb-margin-bottom-small:10px;--awb-margin-left-small:0px;--awb-link-color:var(--awb-color7);--awb-font-size:16px;\"><p class=\"fusion-title-heading title-heading-center title-heading-tag fusion-responsive-typography-calculated\" style=\"margin:0;font-size:1em;--fontSize:16;--minFontSize:16;line-height:1.6;\"><a href=\"https:\/\/www.choral-events.com\/en\/chorales\/shanghai-philharmonic-childrens-choir-2\/\" class=\"awb-custom-text-color awb-custom-text-hover-color\" target=\"_self\">Shanghai Philharmonic Female&#8217;s Choir<\/a><\/p><\/div><div class=\"fusion-separator\" style=\"align-self: center;margin-left: auto;margin-right: auto;flex-grow:10;margin-top:5px;margin-bottom:10px;width:100%;max-width:70px;\"><div class=\"fusion-separator-border sep-single sep-solid\" style=\"--awb-height:20px;--awb-amount:20px;border-color:var(--awb-color2);border-top-width:1px;\"><\/div><\/div><div class=\"fusion-text fusion-text-186\" style=\"--awb-content-alignment:center;--awb-text-transform:capitalize;--awb-text-color:var(--awb-color4);\"><p>China<\/p>\n<\/div><\/div><\/li>\n<li class=\"fusion-layout-column fusion_builder_column fusion-builder-column-187 fusion-flex-column fusion-animated post-card fusion-grid-column fusion-post-cards-grid-column 2026 china fusion-animated\" style=\"--awb-padding-bottom:5px;--awb-overflow:hidden;--awb-bg-color:var(--awb-color1);--awb-bg-color-hover:var(--awb-custom_color_2);--awb-bg-size:cover;--awb-box-shadow:0px 0px 24px hsla(var(--awb-color7-h),var(--awb-color7-s),var(--awb-color7-l),calc(var(--awb-color7-a) - 40%));;--awb-border-color:var(--awb-color4);--awb-border-color-hover:var(--awb-color7);--awb-border-top:1px;--awb-border-right:1px;--awb-border-bottom:1px;--awb-border-left:1px;--awb-border-style:solid;--awb-border-radius:6px 6px 6px 6px;--awb-flex-grow:0;--awb-flex-shrink:0;--awb-flex-grow-medium:0;--awb-flex-shrink-medium:0;--awb-flex-grow-small:0;--awb-flex-shrink-small:0;\" data-animationType=\"fadeIn\" data-animationDuration=\"1.3\" data-animationOffset=\"top-into-view\"><div class=\"fusion-column-wrapper fusion-column-has-shadow fusion-flex-justify-content-flex-start fusion-content-layout-column\"><div class=\"fusion-image-element \" style=\"--awb-aspect-ratio:16 \/ 9;--awb-margin-bottom:10px;--awb-caption-title-font-family:var(--h2_typography-font-family);--awb-caption-title-font-weight:var(--h2_typography-font-weight);--awb-caption-title-font-style:var(--h2_typography-font-style);--awb-caption-title-size:var(--h2_typography-font-size);--awb-caption-title-transform:var(--h2_typography-text-transform);--awb-caption-title-line-height:var(--h2_typography-line-height);--awb-caption-title-letter-spacing:var(--h2_typography-letter-spacing);\"><span class=\" fusion-imageframe imageframe-none imageframe-186 hover-type-none has-aspect-ratio\"><a class=\"fusion-no-lightbox\" href=\"https:\/\/www.choral-events.com\/en\/chorales\/shenzhen-perennial-choir-of-china\/\" target=\"_self\" aria-label=\"Photo 2\"><img decoding=\"async\" width=\"1920\" height=\"1279\" src=\"https:\/\/www.choral-events.com\/wp-content\/uploads\/2026\/03\/Photo-2.jpg\" class=\"img-responsive wp-image-52265 img-with-aspect-ratio\" data-parent-fit=\"cover\" data-parent-container=\".fusion-image-element\" alt srcset=\"https:\/\/www.choral-events.com\/wp-content\/uploads\/2026\/03\/Photo-2-200x133.jpg 200w, https:\/\/www.choral-events.com\/wp-content\/uploads\/2026\/03\/Photo-2-400x266.jpg 400w, https:\/\/www.choral-events.com\/wp-content\/uploads\/2026\/03\/Photo-2-600x400.jpg 600w, https:\/\/www.choral-events.com\/wp-content\/uploads\/2026\/03\/Photo-2-800x533.jpg 800w, https:\/\/www.choral-events.com\/wp-content\/uploads\/2026\/03\/Photo-2-1200x799.jpg 1200w, https:\/\/www.choral-events.com\/wp-content\/uploads\/2026\/03\/Photo-2.jpg 1920w\" sizes=\"(max-width: 1024px) 100vw, (max-width: 640px) 100vw, 1920px\" \/><\/a><\/span><\/div><div class=\"fusion-title title fusion-title-188 fusion-sep-none fusion-title-center fusion-title-text fusion-title-size-paragraph\" style=\"--awb-text-color:var(--awb-color7);--awb-margin-top:10px;--awb-margin-right:5px;--awb-margin-bottom:10px;--awb-margin-left:5px;--awb-margin-top-small:16px;--awb-margin-right-small:0px;--awb-margin-bottom-small:10px;--awb-margin-left-small:0px;--awb-link-color:var(--awb-color7);--awb-font-size:16px;\"><p class=\"fusion-title-heading title-heading-center title-heading-tag fusion-responsive-typography-calculated\" style=\"margin:0;font-size:1em;--fontSize:16;--minFontSize:16;line-height:1.6;\"><a href=\"https:\/\/www.choral-events.com\/en\/chorales\/shenzhen-perennial-choir-of-china\/\" class=\"awb-custom-text-color awb-custom-text-hover-color\" target=\"_self\">Shenzhen Perennial Choir of China<\/a><\/p><\/div><div class=\"fusion-separator\" style=\"align-self: center;margin-left: auto;margin-right: auto;flex-grow:10;margin-top:5px;margin-bottom:10px;width:100%;max-width:70px;\"><div class=\"fusion-separator-border sep-single sep-solid\" style=\"--awb-height:20px;--awb-amount:20px;border-color:var(--awb-color2);border-top-width:1px;\"><\/div><\/div><div class=\"fusion-text fusion-text-187\" style=\"--awb-content-alignment:center;--awb-text-transform:capitalize;--awb-text-color:var(--awb-color4);\"><p>China<\/p>\n<\/div><\/div><\/li>\n<li class=\"fusion-layout-column fusion_builder_column fusion-builder-column-188 fusion-flex-column fusion-animated post-card fusion-grid-column fusion-post-cards-grid-column 2024 belgium fusion-animated\" style=\"--awb-padding-bottom:5px;--awb-overflow:hidden;--awb-bg-color:var(--awb-color1);--awb-bg-color-hover:var(--awb-custom_color_2);--awb-bg-size:cover;--awb-box-shadow:0px 0px 24px hsla(var(--awb-color7-h),var(--awb-color7-s),var(--awb-color7-l),calc(var(--awb-color7-a) - 40%));;--awb-border-color:var(--awb-color4);--awb-border-color-hover:var(--awb-color7);--awb-border-top:1px;--awb-border-right:1px;--awb-border-bottom:1px;--awb-border-left:1px;--awb-border-style:solid;--awb-border-radius:6px 6px 6px 6px;--awb-flex-grow:0;--awb-flex-shrink:0;--awb-flex-grow-medium:0;--awb-flex-shrink-medium:0;--awb-flex-grow-small:0;--awb-flex-shrink-small:0;\" data-animationType=\"fadeIn\" data-animationDuration=\"1.3\" data-animationOffset=\"top-into-view\"><div class=\"fusion-column-wrapper fusion-column-has-shadow fusion-flex-justify-content-flex-start fusion-content-layout-column\"><div class=\"fusion-image-element \" style=\"--awb-aspect-ratio:16 \/ 9;--awb-margin-bottom:10px;--awb-caption-title-font-family:var(--h2_typography-font-family);--awb-caption-title-font-weight:var(--h2_typography-font-weight);--awb-caption-title-font-style:var(--h2_typography-font-style);--awb-caption-title-size:var(--h2_typography-font-size);--awb-caption-title-transform:var(--h2_typography-text-transform);--awb-caption-title-line-height:var(--h2_typography-line-height);--awb-caption-title-letter-spacing:var(--h2_typography-letter-spacing);\"><span class=\" fusion-imageframe imageframe-none imageframe-187 hover-type-none has-aspect-ratio\"><a class=\"fusion-no-lightbox\" href=\"https:\/\/www.choral-events.com\/en\/chorales\/showchoir-rise-up\/\" target=\"_self\" aria-label=\"Belgium_Showchoir Rise Up_photos web page\"><img decoding=\"async\" width=\"550\" height=\"350\" alt=\"Showchoir Rise Up from Pelt, Belgium\" src=\"https:\/\/www.choral-events.com\/wp-content\/uploads\/2024\/03\/Belgique_Showkoor-Rise-Up_photos-page-web.jpg\" class=\"img-responsive wp-image-50004 img-with-aspect-ratio\" data-parent-fit=\"cover\" data-parent-container=\".fusion-image-element\" srcset=\"https:\/\/www.choral-events.com\/wp-content\/uploads\/2024\/03\/Belgique_Showkoor-Rise-Up_photos-page-web-200x127.jpg 200w, https:\/\/www.choral-events.com\/wp-content\/uploads\/2024\/03\/Belgique_Showkoor-Rise-Up_photos-page-web-400x255.jpg 400w, https:\/\/www.choral-events.com\/wp-content\/uploads\/2024\/03\/Belgique_Showkoor-Rise-Up_photos-page-web.jpg 550w\" sizes=\"(max-width: 1024px) 100vw, (max-width: 640px) 100vw, 550px\" \/><\/a><\/span><\/div><div class=\"fusion-title title fusion-title-189 fusion-sep-none fusion-title-center fusion-title-text fusion-title-size-paragraph\" style=\"--awb-text-color:var(--awb-color7);--awb-margin-top:10px;--awb-margin-right:5px;--awb-margin-bottom:10px;--awb-margin-left:5px;--awb-margin-top-small:16px;--awb-margin-right-small:0px;--awb-margin-bottom-small:10px;--awb-margin-left-small:0px;--awb-link-color:var(--awb-color7);--awb-font-size:16px;\"><p class=\"fusion-title-heading title-heading-center title-heading-tag fusion-responsive-typography-calculated\" style=\"margin:0;font-size:1em;--fontSize:16;--minFontSize:16;line-height:1.6;\"><a href=\"https:\/\/www.choral-events.com\/en\/chorales\/showchoir-rise-up\/\" class=\"awb-custom-text-color awb-custom-text-hover-color\" target=\"_self\">Showchoir Rise Up<\/a><\/p><\/div><div class=\"fusion-separator\" style=\"align-self: center;margin-left: auto;margin-right: auto;flex-grow:10;margin-top:5px;margin-bottom:10px;width:100%;max-width:70px;\"><div class=\"fusion-separator-border sep-single sep-solid\" style=\"--awb-height:20px;--awb-amount:20px;border-color:var(--awb-color2);border-top-width:1px;\"><\/div><\/div><div class=\"fusion-text fusion-text-188\" style=\"--awb-content-alignment:center;--awb-text-transform:capitalize;--awb-text-color:var(--awb-color4);\"><p>Belgium<\/p>\n<\/div><\/div><\/li>\n<li class=\"fusion-layout-column fusion_builder_column fusion-builder-column-189 fusion-flex-column fusion-animated post-card fusion-grid-column fusion-post-cards-grid-column 2020 taiwan fusion-animated\" style=\"--awb-padding-bottom:5px;--awb-overflow:hidden;--awb-bg-color:var(--awb-color1);--awb-bg-color-hover:var(--awb-custom_color_2);--awb-bg-size:cover;--awb-box-shadow:0px 0px 24px hsla(var(--awb-color7-h),var(--awb-color7-s),var(--awb-color7-l),calc(var(--awb-color7-a) - 40%));;--awb-border-color:var(--awb-color4);--awb-border-color-hover:var(--awb-color7);--awb-border-top:1px;--awb-border-right:1px;--awb-border-bottom:1px;--awb-border-left:1px;--awb-border-style:solid;--awb-border-radius:6px 6px 6px 6px;--awb-flex-grow:0;--awb-flex-shrink:0;--awb-flex-grow-medium:0;--awb-flex-shrink-medium:0;--awb-flex-grow-small:0;--awb-flex-shrink-small:0;\" data-animationType=\"fadeIn\" data-animationDuration=\"1.3\" data-animationOffset=\"top-into-view\"><div class=\"fusion-column-wrapper fusion-column-has-shadow fusion-flex-justify-content-flex-start fusion-content-layout-column\"><div class=\"fusion-image-element \" style=\"--awb-aspect-ratio:16 \/ 9;--awb-margin-bottom:10px;--awb-caption-title-font-family:var(--h2_typography-font-family);--awb-caption-title-font-weight:var(--h2_typography-font-weight);--awb-caption-title-font-style:var(--h2_typography-font-style);--awb-caption-title-size:var(--h2_typography-font-size);--awb-caption-title-transform:var(--h2_typography-text-transform);--awb-caption-title-line-height:var(--h2_typography-line-height);--awb-caption-title-letter-spacing:var(--h2_typography-letter-spacing);\"><span class=\" fusion-imageframe imageframe-none imageframe-188 hover-type-none has-aspect-ratio\"><a class=\"fusion-no-lightbox\" href=\"https:\/\/www.choral-events.com\/en\/chorales\/shu-te-glee-club-choir\/\" target=\"_self\" aria-label=\"photo-site-web-Shu-Te-Taiwan-2\"><img decoding=\"async\" width=\"550\" height=\"350\" src=\"https:\/\/www.choral-events.com\/wp-content\/uploads\/2026\/03\/photo-site-web-Shu-Te-Taiwan-2.png\" class=\"img-responsive wp-image-51870 img-with-aspect-ratio\" data-parent-fit=\"cover\" data-parent-container=\".fusion-image-element\" alt srcset=\"https:\/\/www.choral-events.com\/wp-content\/uploads\/2026\/03\/photo-site-web-Shu-Te-Taiwan-2-200x127.png 200w, https:\/\/www.choral-events.com\/wp-content\/uploads\/2026\/03\/photo-site-web-Shu-Te-Taiwan-2-400x255.png 400w, https:\/\/www.choral-events.com\/wp-content\/uploads\/2026\/03\/photo-site-web-Shu-Te-Taiwan-2.png 550w\" sizes=\"(max-width: 1024px) 100vw, (max-width: 640px) 100vw, 550px\" \/><\/a><\/span><\/div><div class=\"fusion-title title fusion-title-190 fusion-sep-none fusion-title-center fusion-title-text fusion-title-size-paragraph\" style=\"--awb-text-color:var(--awb-color7);--awb-margin-top:10px;--awb-margin-right:5px;--awb-margin-bottom:10px;--awb-margin-left:5px;--awb-margin-top-small:16px;--awb-margin-right-small:0px;--awb-margin-bottom-small:10px;--awb-margin-left-small:0px;--awb-link-color:var(--awb-color7);--awb-font-size:16px;\"><p class=\"fusion-title-heading title-heading-center title-heading-tag fusion-responsive-typography-calculated\" style=\"margin:0;font-size:1em;--fontSize:16;--minFontSize:16;line-height:1.6;\"><a href=\"https:\/\/www.choral-events.com\/en\/chorales\/shu-te-glee-club-choir\/\" class=\"awb-custom-text-color awb-custom-text-hover-color\" target=\"_self\">Shu-Te Glee Club Choir<\/a><\/p><\/div><div class=\"fusion-separator\" style=\"align-self: center;margin-left: auto;margin-right: auto;flex-grow:10;margin-top:5px;margin-bottom:10px;width:100%;max-width:70px;\"><div class=\"fusion-separator-border sep-single sep-solid\" style=\"--awb-height:20px;--awb-amount:20px;border-color:var(--awb-color2);border-top-width:1px;\"><\/div><\/div><div class=\"fusion-text fusion-text-189\" style=\"--awb-content-alignment:center;--awb-text-transform:capitalize;--awb-text-color:var(--awb-color4);\"><p>Taiwan<\/p>\n<\/div><\/div><\/li>\n<li class=\"fusion-layout-column fusion_builder_column fusion-builder-column-190 fusion-flex-column fusion-animated post-card fusion-grid-column fusion-post-cards-grid-column 2025 taiwan fusion-animated\" style=\"--awb-padding-bottom:5px;--awb-overflow:hidden;--awb-bg-color:var(--awb-color1);--awb-bg-color-hover:var(--awb-custom_color_2);--awb-bg-size:cover;--awb-box-shadow:0px 0px 24px hsla(var(--awb-color7-h),var(--awb-color7-s),var(--awb-color7-l),calc(var(--awb-color7-a) - 40%));;--awb-border-color:var(--awb-color4);--awb-border-color-hover:var(--awb-color7);--awb-border-top:1px;--awb-border-right:1px;--awb-border-bottom:1px;--awb-border-left:1px;--awb-border-style:solid;--awb-border-radius:6px 6px 6px 6px;--awb-flex-grow:0;--awb-flex-shrink:0;--awb-flex-grow-medium:0;--awb-flex-shrink-medium:0;--awb-flex-grow-small:0;--awb-flex-shrink-small:0;\" data-animationType=\"fadeIn\" data-animationDuration=\"1.3\" data-animationOffset=\"top-into-view\"><div class=\"fusion-column-wrapper fusion-column-has-shadow fusion-flex-justify-content-flex-start fusion-content-layout-column\"><div class=\"fusion-image-element \" style=\"--awb-aspect-ratio:16 \/ 9;--awb-margin-bottom:10px;--awb-caption-title-font-family:var(--h2_typography-font-family);--awb-caption-title-font-weight:var(--h2_typography-font-weight);--awb-caption-title-font-style:var(--h2_typography-font-style);--awb-caption-title-size:var(--h2_typography-font-size);--awb-caption-title-transform:var(--h2_typography-text-transform);--awb-caption-title-line-height:var(--h2_typography-line-height);--awb-caption-title-letter-spacing:var(--h2_typography-letter-spacing);\"><span class=\" fusion-imageframe imageframe-none imageframe-189 hover-type-none has-aspect-ratio\"><a class=\"fusion-no-lightbox\" href=\"https:\/\/www.choral-events.com\/en\/chorales\/shu-te-university-glee-club\/\" target=\"_self\" aria-label=\"Shu-Te University Glee Club\"><img decoding=\"async\" width=\"2560\" height=\"1767\" alt=\"Shu-Te University Glee Club\" src=\"https:\/\/www.choral-events.com\/wp-content\/uploads\/2025\/04\/5-scaled-1.jpg\" class=\"img-responsive wp-image-49709 img-with-aspect-ratio\" data-parent-fit=\"cover\" data-parent-container=\".fusion-image-element\" srcset=\"https:\/\/www.choral-events.com\/wp-content\/uploads\/2025\/04\/5-scaled-1-200x138.jpg 200w, https:\/\/www.choral-events.com\/wp-content\/uploads\/2025\/04\/5-scaled-1-400x276.jpg 400w, https:\/\/www.choral-events.com\/wp-content\/uploads\/2025\/04\/5-scaled-1-600x414.jpg 600w, https:\/\/www.choral-events.com\/wp-content\/uploads\/2025\/04\/5-scaled-1-800x552.jpg 800w, https:\/\/www.choral-events.com\/wp-content\/uploads\/2025\/04\/5-scaled-1-1200x828.jpg 1200w, https:\/\/www.choral-events.com\/wp-content\/uploads\/2025\/04\/5-scaled-1.jpg 2560w\" sizes=\"(max-width: 1024px) 100vw, (max-width: 640px) 100vw, 2560px\" \/><\/a><\/span><\/div><div class=\"fusion-title title fusion-title-191 fusion-sep-none fusion-title-center fusion-title-text fusion-title-size-paragraph\" style=\"--awb-text-color:var(--awb-color7);--awb-margin-top:10px;--awb-margin-right:5px;--awb-margin-bottom:10px;--awb-margin-left:5px;--awb-margin-top-small:16px;--awb-margin-right-small:0px;--awb-margin-bottom-small:10px;--awb-margin-left-small:0px;--awb-link-color:var(--awb-color7);--awb-font-size:16px;\"><p class=\"fusion-title-heading title-heading-center title-heading-tag fusion-responsive-typography-calculated\" style=\"margin:0;font-size:1em;--fontSize:16;--minFontSize:16;line-height:1.6;\"><a href=\"https:\/\/www.choral-events.com\/en\/chorales\/shu-te-university-glee-club\/\" class=\"awb-custom-text-color awb-custom-text-hover-color\" target=\"_self\">Shu-Te University Glee Club<\/a><\/p><\/div><div class=\"fusion-separator\" style=\"align-self: center;margin-left: auto;margin-right: auto;flex-grow:10;margin-top:5px;margin-bottom:10px;width:100%;max-width:70px;\"><div class=\"fusion-separator-border sep-single sep-solid\" style=\"--awb-height:20px;--awb-amount:20px;border-color:var(--awb-color2);border-top-width:1px;\"><\/div><\/div><div class=\"fusion-text fusion-text-190\" style=\"--awb-content-alignment:center;--awb-text-transform:capitalize;--awb-text-color:var(--awb-color4);\"><p>Taiwan<\/p>\n<\/div><\/div><\/li>\n<li class=\"fusion-layout-column fusion_builder_column fusion-builder-column-191 fusion-flex-column fusion-animated post-card fusion-grid-column fusion-post-cards-grid-column 2022 denmark fusion-animated\" style=\"--awb-padding-bottom:5px;--awb-overflow:hidden;--awb-bg-color:var(--awb-color1);--awb-bg-color-hover:var(--awb-custom_color_2);--awb-bg-size:cover;--awb-box-shadow:0px 0px 24px hsla(var(--awb-color7-h),var(--awb-color7-s),var(--awb-color7-l),calc(var(--awb-color7-a) - 40%));;--awb-border-color:var(--awb-color4);--awb-border-color-hover:var(--awb-color7);--awb-border-top:1px;--awb-border-right:1px;--awb-border-bottom:1px;--awb-border-left:1px;--awb-border-style:solid;--awb-border-radius:6px 6px 6px 6px;--awb-flex-grow:0;--awb-flex-shrink:0;--awb-flex-grow-medium:0;--awb-flex-shrink-medium:0;--awb-flex-grow-small:0;--awb-flex-shrink-small:0;\" data-animationType=\"fadeIn\" data-animationDuration=\"1.3\" data-animationOffset=\"top-into-view\"><div class=\"fusion-column-wrapper fusion-column-has-shadow fusion-flex-justify-content-flex-start fusion-content-layout-column\"><div class=\"fusion-image-element \" style=\"--awb-aspect-ratio:16 \/ 9;--awb-margin-bottom:10px;--awb-caption-title-font-family:var(--h2_typography-font-family);--awb-caption-title-font-weight:var(--h2_typography-font-weight);--awb-caption-title-font-style:var(--h2_typography-font-style);--awb-caption-title-size:var(--h2_typography-font-size);--awb-caption-title-transform:var(--h2_typography-text-transform);--awb-caption-title-line-height:var(--h2_typography-line-height);--awb-caption-title-letter-spacing:var(--h2_typography-letter-spacing);\"><span class=\" fusion-imageframe imageframe-none imageframe-190 hover-type-none has-aspect-ratio\"><a class=\"fusion-no-lightbox\" href=\"https:\/\/www.choral-events.com\/en\/chorales\/odyssees-choir-2\/\" target=\"_self\" aria-label=\"3_Skanderborg-Danemark-photo-page-web\"><img decoding=\"async\" width=\"550\" height=\"350\" src=\"https:\/\/www.choral-events.com\/wp-content\/uploads\/2026\/03\/3_Skanderborg-Danemark-photo-page-web.jpg\" class=\"img-responsive wp-image-51789 img-with-aspect-ratio\" data-parent-fit=\"cover\" data-parent-container=\".fusion-image-element\" alt srcset=\"https:\/\/www.choral-events.com\/wp-content\/uploads\/2026\/03\/3_Skanderborg-Danemark-photo-page-web-200x127.jpg 200w, https:\/\/www.choral-events.com\/wp-content\/uploads\/2026\/03\/3_Skanderborg-Danemark-photo-page-web-400x255.jpg 400w, https:\/\/www.choral-events.com\/wp-content\/uploads\/2026\/03\/3_Skanderborg-Danemark-photo-page-web.jpg 550w\" sizes=\"(max-width: 1024px) 100vw, (max-width: 640px) 100vw, 550px\" \/><\/a><\/span><\/div><div class=\"fusion-title title fusion-title-192 fusion-sep-none fusion-title-center fusion-title-text fusion-title-size-paragraph\" style=\"--awb-text-color:var(--awb-color7);--awb-margin-top:10px;--awb-margin-right:5px;--awb-margin-bottom:10px;--awb-margin-left:5px;--awb-margin-top-small:16px;--awb-margin-right-small:0px;--awb-margin-bottom-small:10px;--awb-margin-left-small:0px;--awb-link-color:var(--awb-color7);--awb-font-size:16px;\"><p class=\"fusion-title-heading title-heading-center title-heading-tag fusion-responsive-typography-calculated\" style=\"margin:0;font-size:1em;--fontSize:16;--minFontSize:16;line-height:1.6;\"><a href=\"https:\/\/www.choral-events.com\/en\/chorales\/odyssees-choir-2\/\" class=\"awb-custom-text-color awb-custom-text-hover-color\" target=\"_self\">Skanderborg Girls Choir<\/a><\/p><\/div><div class=\"fusion-separator\" style=\"align-self: center;margin-left: auto;margin-right: auto;flex-grow:10;margin-top:5px;margin-bottom:10px;width:100%;max-width:70px;\"><div class=\"fusion-separator-border sep-single sep-solid\" style=\"--awb-height:20px;--awb-amount:20px;border-color:var(--awb-color2);border-top-width:1px;\"><\/div><\/div><div class=\"fusion-text fusion-text-191\" style=\"--awb-content-alignment:center;--awb-text-transform:capitalize;--awb-text-color:var(--awb-color4);\"><p>Denmark<\/p>\n<\/div><\/div><\/li>\n<li class=\"fusion-layout-column fusion_builder_column fusion-builder-column-192 fusion-flex-column fusion-animated post-card fusion-grid-column fusion-post-cards-grid-column 2022 denmark fusion-animated\" style=\"--awb-padding-bottom:5px;--awb-overflow:hidden;--awb-bg-color:var(--awb-color1);--awb-bg-color-hover:var(--awb-custom_color_2);--awb-bg-size:cover;--awb-box-shadow:0px 0px 24px hsla(var(--awb-color7-h),var(--awb-color7-s),var(--awb-color7-l),calc(var(--awb-color7-a) - 40%));;--awb-border-color:var(--awb-color4);--awb-border-color-hover:var(--awb-color7);--awb-border-top:1px;--awb-border-right:1px;--awb-border-bottom:1px;--awb-border-left:1px;--awb-border-style:solid;--awb-border-radius:6px 6px 6px 6px;--awb-flex-grow:0;--awb-flex-shrink:0;--awb-flex-grow-medium:0;--awb-flex-shrink-medium:0;--awb-flex-grow-small:0;--awb-flex-shrink-small:0;\" data-animationType=\"fadeIn\" data-animationDuration=\"1.3\" data-animationOffset=\"top-into-view\"><div class=\"fusion-column-wrapper fusion-column-has-shadow fusion-flex-justify-content-flex-start fusion-content-layout-column\"><div class=\"fusion-image-element \" style=\"--awb-aspect-ratio:16 \/ 9;--awb-margin-bottom:10px;--awb-caption-title-font-family:var(--h2_typography-font-family);--awb-caption-title-font-weight:var(--h2_typography-font-weight);--awb-caption-title-font-style:var(--h2_typography-font-style);--awb-caption-title-size:var(--h2_typography-font-size);--awb-caption-title-transform:var(--h2_typography-text-transform);--awb-caption-title-line-height:var(--h2_typography-line-height);--awb-caption-title-letter-spacing:var(--h2_typography-letter-spacing);\"><span class=\" fusion-imageframe imageframe-none imageframe-191 hover-type-none has-aspect-ratio\"><a class=\"fusion-no-lightbox\" href=\"https:\/\/www.choral-events.com\/en\/chorales\/odense-chamber-choir-4\/\" target=\"_self\" aria-label=\"2_Skanderborg-Danemark-photo-page-web\"><img decoding=\"async\" width=\"550\" height=\"350\" src=\"https:\/\/www.choral-events.com\/wp-content\/uploads\/2026\/03\/2_Skanderborg-Danemark-photo-page-web.jpg\" class=\"img-responsive wp-image-51793 img-with-aspect-ratio\" data-parent-fit=\"cover\" data-parent-container=\".fusion-image-element\" alt srcset=\"https:\/\/www.choral-events.com\/wp-content\/uploads\/2026\/03\/2_Skanderborg-Danemark-photo-page-web-200x127.jpg 200w, https:\/\/www.choral-events.com\/wp-content\/uploads\/2026\/03\/2_Skanderborg-Danemark-photo-page-web-400x255.jpg 400w, https:\/\/www.choral-events.com\/wp-content\/uploads\/2026\/03\/2_Skanderborg-Danemark-photo-page-web.jpg 550w\" sizes=\"(max-width: 1024px) 100vw, (max-width: 640px) 100vw, 550px\" \/><\/a><\/span><\/div><div class=\"fusion-title title fusion-title-193 fusion-sep-none fusion-title-center fusion-title-text fusion-title-size-paragraph\" style=\"--awb-text-color:var(--awb-color7);--awb-margin-top:10px;--awb-margin-right:5px;--awb-margin-bottom:10px;--awb-margin-left:5px;--awb-margin-top-small:16px;--awb-margin-right-small:0px;--awb-margin-bottom-small:10px;--awb-margin-left-small:0px;--awb-link-color:var(--awb-color7);--awb-font-size:16px;\"><p class=\"fusion-title-heading title-heading-center title-heading-tag fusion-responsive-typography-calculated\" style=\"margin:0;font-size:1em;--fontSize:16;--minFontSize:16;line-height:1.6;\"><a href=\"https:\/\/www.choral-events.com\/en\/chorales\/odense-chamber-choir-4\/\" class=\"awb-custom-text-color awb-custom-text-hover-color\" target=\"_self\">Skanderborg Youth Choir<\/a><\/p><\/div><div class=\"fusion-separator\" style=\"align-self: center;margin-left: auto;margin-right: auto;flex-grow:10;margin-top:5px;margin-bottom:10px;width:100%;max-width:70px;\"><div class=\"fusion-separator-border sep-single sep-solid\" style=\"--awb-height:20px;--awb-amount:20px;border-color:var(--awb-color2);border-top-width:1px;\"><\/div><\/div><div class=\"fusion-text fusion-text-192\" style=\"--awb-content-alignment:center;--awb-text-transform:capitalize;--awb-text-color:var(--awb-color4);\"><p>Denmark<\/p>\n<\/div><\/div><\/li>\n<li class=\"fusion-layout-column fusion_builder_column fusion-builder-column-193 fusion-flex-column fusion-animated post-card fusion-grid-column fusion-post-cards-grid-column 2023 czech-republic fusion-animated\" style=\"--awb-padding-bottom:5px;--awb-overflow:hidden;--awb-bg-color:var(--awb-color1);--awb-bg-color-hover:var(--awb-custom_color_2);--awb-bg-size:cover;--awb-box-shadow:0px 0px 24px hsla(var(--awb-color7-h),var(--awb-color7-s),var(--awb-color7-l),calc(var(--awb-color7-a) - 40%));;--awb-border-color:var(--awb-color4);--awb-border-color-hover:var(--awb-color7);--awb-border-top:1px;--awb-border-right:1px;--awb-border-bottom:1px;--awb-border-left:1px;--awb-border-style:solid;--awb-border-radius:6px 6px 6px 6px;--awb-flex-grow:0;--awb-flex-shrink:0;--awb-flex-grow-medium:0;--awb-flex-shrink-medium:0;--awb-flex-grow-small:0;--awb-flex-shrink-small:0;\" data-animationType=\"fadeIn\" data-animationDuration=\"1.3\" data-animationOffset=\"top-into-view\"><div class=\"fusion-column-wrapper fusion-column-has-shadow fusion-flex-justify-content-flex-start fusion-content-layout-column\"><div class=\"fusion-image-element \" style=\"--awb-aspect-ratio:16 \/ 9;--awb-margin-bottom:10px;--awb-caption-title-font-family:var(--h2_typography-font-family);--awb-caption-title-font-weight:var(--h2_typography-font-weight);--awb-caption-title-font-style:var(--h2_typography-font-style);--awb-caption-title-size:var(--h2_typography-font-size);--awb-caption-title-transform:var(--h2_typography-text-transform);--awb-caption-title-line-height:var(--h2_typography-line-height);--awb-caption-title-letter-spacing:var(--h2_typography-letter-spacing);\"><span class=\" fusion-imageframe imageframe-none imageframe-192 hover-type-none has-aspect-ratio\"><a class=\"fusion-no-lightbox\" href=\"https:\/\/www.choral-events.com\/en\/chorales\/slavoj-rubes-choirs\/\" target=\"_self\" aria-label=\"Czech Republic &#8211; Chrudim Slavoj &#8211; website photo (4)\"><img decoding=\"async\" width=\"550\" height=\"350\" alt=\"Slavoj of Chrudim and Rube\u0161 of Skute\u010d Mixed Choirs\" src=\"https:\/\/www.choral-events.com\/wp-content\/uploads\/2023\/03\/Rep-Tcheque-Chrudim-Slavoj-photo-page-web-4.jpg\" class=\"img-responsive wp-image-49959 img-with-aspect-ratio\" data-parent-fit=\"cover\" data-parent-container=\".fusion-image-element\" srcset=\"https:\/\/www.choral-events.com\/wp-content\/uploads\/2023\/03\/Rep-Tcheque-Chrudim-Slavoj-photo-page-web-4-200x127.jpg 200w, https:\/\/www.choral-events.com\/wp-content\/uploads\/2023\/03\/Rep-Tcheque-Chrudim-Slavoj-photo-page-web-4-400x255.jpg 400w, https:\/\/www.choral-events.com\/wp-content\/uploads\/2023\/03\/Rep-Tcheque-Chrudim-Slavoj-photo-page-web-4.jpg 550w\" sizes=\"(max-width: 1024px) 100vw, (max-width: 640px) 100vw, 550px\" \/><\/a><\/span><\/div><div class=\"fusion-title title fusion-title-194 fusion-sep-none fusion-title-center fusion-title-text fusion-title-size-paragraph\" style=\"--awb-text-color:var(--awb-color7);--awb-margin-top:10px;--awb-margin-right:5px;--awb-margin-bottom:10px;--awb-margin-left:5px;--awb-margin-top-small:16px;--awb-margin-right-small:0px;--awb-margin-bottom-small:10px;--awb-margin-left-small:0px;--awb-link-color:var(--awb-color7);--awb-font-size:16px;\"><p class=\"fusion-title-heading title-heading-center title-heading-tag fusion-responsive-typography-calculated\" style=\"margin:0;font-size:1em;--fontSize:16;--minFontSize:16;line-height:1.6;\"><a href=\"https:\/\/www.choral-events.com\/en\/chorales\/slavoj-rubes-choirs\/\" class=\"awb-custom-text-color awb-custom-text-hover-color\" target=\"_self\">Slavoj &amp; Rube\u0161 Choirs<\/a><\/p><\/div><div class=\"fusion-separator\" style=\"align-self: center;margin-left: auto;margin-right: auto;flex-grow:10;margin-top:5px;margin-bottom:10px;width:100%;max-width:70px;\"><div class=\"fusion-separator-border sep-single sep-solid\" style=\"--awb-height:20px;--awb-amount:20px;border-color:var(--awb-color2);border-top-width:1px;\"><\/div><\/div><div class=\"fusion-text fusion-text-193\" style=\"--awb-content-alignment:center;--awb-text-transform:capitalize;--awb-text-color:var(--awb-color4);\"><p>Czech Republic<\/p>\n<\/div><\/div><\/li>\n<li class=\"fusion-layout-column fusion_builder_column fusion-builder-column-194 fusion-flex-column fusion-animated post-card fusion-grid-column fusion-post-cards-grid-column 2018 suede fusion-animated\" style=\"--awb-padding-bottom:5px;--awb-overflow:hidden;--awb-bg-color:var(--awb-color1);--awb-bg-color-hover:var(--awb-custom_color_2);--awb-bg-size:cover;--awb-box-shadow:0px 0px 24px hsla(var(--awb-color7-h),var(--awb-color7-s),var(--awb-color7-l),calc(var(--awb-color7-a) - 40%));;--awb-border-color:var(--awb-color4);--awb-border-color-hover:var(--awb-color7);--awb-border-top:1px;--awb-border-right:1px;--awb-border-bottom:1px;--awb-border-left:1px;--awb-border-style:solid;--awb-border-radius:6px 6px 6px 6px;--awb-flex-grow:0;--awb-flex-shrink:0;--awb-flex-grow-medium:0;--awb-flex-shrink-medium:0;--awb-flex-grow-small:0;--awb-flex-shrink-small:0;\" data-animationType=\"fadeIn\" data-animationDuration=\"1.3\" data-animationOffset=\"top-into-view\"><div class=\"fusion-column-wrapper fusion-column-has-shadow fusion-flex-justify-content-flex-start fusion-content-layout-column\"><div class=\"fusion-image-element \" style=\"--awb-aspect-ratio:16 \/ 9;--awb-margin-bottom:10px;--awb-caption-title-font-family:var(--h2_typography-font-family);--awb-caption-title-font-weight:var(--h2_typography-font-weight);--awb-caption-title-font-style:var(--h2_typography-font-style);--awb-caption-title-size:var(--h2_typography-font-size);--awb-caption-title-transform:var(--h2_typography-text-transform);--awb-caption-title-line-height:var(--h2_typography-line-height);--awb-caption-title-letter-spacing:var(--h2_typography-letter-spacing);\"><span class=\" fusion-imageframe imageframe-none imageframe-193 hover-type-none has-aspect-ratio\"><a class=\"fusion-no-lightbox\" href=\"https:\/\/www.choral-events.com\/en\/chorales\/soderkoping-gospel\/\" target=\"_self\" aria-label=\"photo gospel suede 1\"><img decoding=\"async\" width=\"960\" height=\"508\" src=\"https:\/\/www.choral-events.com\/wp-content\/uploads\/2026\/03\/photo-gospel-suede-1.jpg\" class=\"img-responsive wp-image-51373 img-with-aspect-ratio\" data-parent-fit=\"cover\" data-parent-container=\".fusion-image-element\" alt srcset=\"https:\/\/www.choral-events.com\/wp-content\/uploads\/2026\/03\/photo-gospel-suede-1-200x106.jpg 200w, https:\/\/www.choral-events.com\/wp-content\/uploads\/2026\/03\/photo-gospel-suede-1-400x212.jpg 400w, https:\/\/www.choral-events.com\/wp-content\/uploads\/2026\/03\/photo-gospel-suede-1-600x318.jpg 600w, https:\/\/www.choral-events.com\/wp-content\/uploads\/2026\/03\/photo-gospel-suede-1-800x423.jpg 800w, https:\/\/www.choral-events.com\/wp-content\/uploads\/2026\/03\/photo-gospel-suede-1.jpg 960w\" sizes=\"(max-width: 1024px) 100vw, (max-width: 640px) 100vw, 960px\" \/><\/a><\/span><\/div><div class=\"fusion-title title fusion-title-195 fusion-sep-none fusion-title-center fusion-title-text fusion-title-size-paragraph\" style=\"--awb-text-color:var(--awb-color7);--awb-margin-top:10px;--awb-margin-right:5px;--awb-margin-bottom:10px;--awb-margin-left:5px;--awb-margin-top-small:16px;--awb-margin-right-small:0px;--awb-margin-bottom-small:10px;--awb-margin-left-small:0px;--awb-link-color:var(--awb-color7);--awb-font-size:16px;\"><p class=\"fusion-title-heading title-heading-center title-heading-tag fusion-responsive-typography-calculated\" style=\"margin:0;font-size:1em;--fontSize:16;--minFontSize:16;line-height:1.6;\"><a href=\"https:\/\/www.choral-events.com\/en\/chorales\/soderkoping-gospel\/\" class=\"awb-custom-text-color awb-custom-text-hover-color\" target=\"_self\">S\u00f6derk\u00f6ping Gospel<\/a><\/p><\/div><div class=\"fusion-separator\" style=\"align-self: center;margin-left: auto;margin-right: auto;flex-grow:10;margin-top:5px;margin-bottom:10px;width:100%;max-width:70px;\"><div class=\"fusion-separator-border sep-single sep-solid\" style=\"--awb-height:20px;--awb-amount:20px;border-color:var(--awb-color2);border-top-width:1px;\"><\/div><\/div><div class=\"fusion-text fusion-text-194\" style=\"--awb-content-alignment:center;--awb-text-transform:capitalize;--awb-text-color:var(--awb-color4);\"><p>Su\u00e8de<\/p>\n<\/div><\/div><\/li>\n<li class=\"fusion-layout-column fusion_builder_column fusion-builder-column-195 fusion-flex-column fusion-animated post-card fusion-grid-column fusion-post-cards-grid-column 2024 indonesia fusion-animated\" style=\"--awb-padding-bottom:5px;--awb-overflow:hidden;--awb-bg-color:var(--awb-color1);--awb-bg-color-hover:var(--awb-custom_color_2);--awb-bg-size:cover;--awb-box-shadow:0px 0px 24px hsla(var(--awb-color7-h),var(--awb-color7-s),var(--awb-color7-l),calc(var(--awb-color7-a) - 40%));;--awb-border-color:var(--awb-color4);--awb-border-color-hover:var(--awb-color7);--awb-border-top:1px;--awb-border-right:1px;--awb-border-bottom:1px;--awb-border-left:1px;--awb-border-style:solid;--awb-border-radius:6px 6px 6px 6px;--awb-flex-grow:0;--awb-flex-shrink:0;--awb-flex-grow-medium:0;--awb-flex-shrink-medium:0;--awb-flex-grow-small:0;--awb-flex-shrink-small:0;\" data-animationType=\"fadeIn\" data-animationDuration=\"1.3\" data-animationOffset=\"top-into-view\"><div class=\"fusion-column-wrapper fusion-column-has-shadow fusion-flex-justify-content-flex-start fusion-content-layout-column\"><div class=\"fusion-image-element \" style=\"--awb-aspect-ratio:16 \/ 9;--awb-margin-bottom:10px;--awb-caption-title-font-family:var(--h2_typography-font-family);--awb-caption-title-font-weight:var(--h2_typography-font-weight);--awb-caption-title-font-style:var(--h2_typography-font-style);--awb-caption-title-size:var(--h2_typography-font-size);--awb-caption-title-transform:var(--h2_typography-text-transform);--awb-caption-title-line-height:var(--h2_typography-line-height);--awb-caption-title-letter-spacing:var(--h2_typography-letter-spacing);\"><span class=\" fusion-imageframe imageframe-none imageframe-194 hover-type-none has-aspect-ratio\"><a class=\"fusion-no-lightbox\" href=\"https:\/\/www.choral-events.com\/en\/chorales\/solideo-voices\/\" target=\"_self\" aria-label=\"Indonesia_Solideo Voices_web page photos\"><img decoding=\"async\" width=\"550\" height=\"350\" alt=\"SOLIDEO VOICES \u2013 INDONESIA\" src=\"https:\/\/www.choral-events.com\/wp-content\/uploads\/2024\/04\/Indonesie_Solideo-Voices_photos-page-web.jpg\" class=\"img-responsive wp-image-49583 img-with-aspect-ratio\" data-parent-fit=\"cover\" data-parent-container=\".fusion-image-element\" srcset=\"https:\/\/www.choral-events.com\/wp-content\/uploads\/2024\/04\/Indonesie_Solideo-Voices_photos-page-web-200x127.jpg 200w, https:\/\/www.choral-events.com\/wp-content\/uploads\/2024\/04\/Indonesie_Solideo-Voices_photos-page-web-400x255.jpg 400w, https:\/\/www.choral-events.com\/wp-content\/uploads\/2024\/04\/Indonesie_Solideo-Voices_photos-page-web.jpg 550w\" sizes=\"(max-width: 1024px) 100vw, (max-width: 640px) 100vw, 550px\" \/><\/a><\/span><\/div><div class=\"fusion-title title fusion-title-196 fusion-sep-none fusion-title-center fusion-title-text fusion-title-size-paragraph\" style=\"--awb-text-color:var(--awb-color7);--awb-margin-top:10px;--awb-margin-right:5px;--awb-margin-bottom:10px;--awb-margin-left:5px;--awb-margin-top-small:16px;--awb-margin-right-small:0px;--awb-margin-bottom-small:10px;--awb-margin-left-small:0px;--awb-link-color:var(--awb-color7);--awb-font-size:16px;\"><p class=\"fusion-title-heading title-heading-center title-heading-tag fusion-responsive-typography-calculated\" style=\"margin:0;font-size:1em;--fontSize:16;--minFontSize:16;line-height:1.6;\"><a href=\"https:\/\/www.choral-events.com\/en\/chorales\/solideo-voices\/\" class=\"awb-custom-text-color awb-custom-text-hover-color\" target=\"_self\">Solideo Voices<\/a><\/p><\/div><div class=\"fusion-separator\" style=\"align-self: center;margin-left: auto;margin-right: auto;flex-grow:10;margin-top:5px;margin-bottom:10px;width:100%;max-width:70px;\"><div class=\"fusion-separator-border sep-single sep-solid\" style=\"--awb-height:20px;--awb-amount:20px;border-color:var(--awb-color2);border-top-width:1px;\"><\/div><\/div><div class=\"fusion-text fusion-text-195\" style=\"--awb-content-alignment:center;--awb-text-transform:capitalize;--awb-text-color:var(--awb-color4);\"><p>Indonesia<\/p>\n<\/div><\/div><\/li>\n<li class=\"fusion-layout-column fusion_builder_column fusion-builder-column-196 fusion-flex-column fusion-animated post-card fusion-grid-column fusion-post-cards-grid-column 2020 canada fusion-animated\" style=\"--awb-padding-bottom:5px;--awb-overflow:hidden;--awb-bg-color:var(--awb-color1);--awb-bg-color-hover:var(--awb-custom_color_2);--awb-bg-size:cover;--awb-box-shadow:0px 0px 24px hsla(var(--awb-color7-h),var(--awb-color7-s),var(--awb-color7-l),calc(var(--awb-color7-a) - 40%));;--awb-border-color:var(--awb-color4);--awb-border-color-hover:var(--awb-color7);--awb-border-top:1px;--awb-border-right:1px;--awb-border-bottom:1px;--awb-border-left:1px;--awb-border-style:solid;--awb-border-radius:6px 6px 6px 6px;--awb-flex-grow:0;--awb-flex-shrink:0;--awb-flex-grow-medium:0;--awb-flex-shrink-medium:0;--awb-flex-grow-small:0;--awb-flex-shrink-small:0;\" data-animationType=\"fadeIn\" data-animationDuration=\"1.3\" data-animationOffset=\"top-into-view\"><div class=\"fusion-column-wrapper fusion-column-has-shadow fusion-flex-justify-content-flex-start fusion-content-layout-column\"><div class=\"fusion-image-element \" style=\"--awb-aspect-ratio:16 \/ 9;--awb-margin-bottom:10px;--awb-caption-title-font-family:var(--h2_typography-font-family);--awb-caption-title-font-weight:var(--h2_typography-font-weight);--awb-caption-title-font-style:var(--h2_typography-font-style);--awb-caption-title-size:var(--h2_typography-font-size);--awb-caption-title-transform:var(--h2_typography-text-transform);--awb-caption-title-line-height:var(--h2_typography-line-height);--awb-caption-title-letter-spacing:var(--h2_typography-letter-spacing);\"><span class=\" fusion-imageframe imageframe-none imageframe-195 hover-type-none has-aspect-ratio\"><a class=\"fusion-no-lightbox\" href=\"https:\/\/www.choral-events.com\/en\/chorales\/spurrell-studio-choir\/\" target=\"_self\" aria-label=\"Spurrell-Studio-photo-page-web-1\"><img decoding=\"async\" width=\"550\" height=\"350\" src=\"https:\/\/www.choral-events.com\/wp-content\/uploads\/2026\/03\/Spurrell-Studio-photo-page-web-1.png\" class=\"img-responsive wp-image-51874 img-with-aspect-ratio\" data-parent-fit=\"cover\" data-parent-container=\".fusion-image-element\" alt srcset=\"https:\/\/www.choral-events.com\/wp-content\/uploads\/2026\/03\/Spurrell-Studio-photo-page-web-1-200x127.png 200w, https:\/\/www.choral-events.com\/wp-content\/uploads\/2026\/03\/Spurrell-Studio-photo-page-web-1-400x255.png 400w, https:\/\/www.choral-events.com\/wp-content\/uploads\/2026\/03\/Spurrell-Studio-photo-page-web-1.png 550w\" sizes=\"(max-width: 1024px) 100vw, (max-width: 640px) 100vw, 550px\" \/><\/a><\/span><\/div><div class=\"fusion-title title fusion-title-197 fusion-sep-none fusion-title-center fusion-title-text fusion-title-size-paragraph\" style=\"--awb-text-color:var(--awb-color7);--awb-margin-top:10px;--awb-margin-right:5px;--awb-margin-bottom:10px;--awb-margin-left:5px;--awb-margin-top-small:16px;--awb-margin-right-small:0px;--awb-margin-bottom-small:10px;--awb-margin-left-small:0px;--awb-link-color:var(--awb-color7);--awb-font-size:16px;\"><p class=\"fusion-title-heading title-heading-center title-heading-tag fusion-responsive-typography-calculated\" style=\"margin:0;font-size:1em;--fontSize:16;--minFontSize:16;line-height:1.6;\"><a href=\"https:\/\/www.choral-events.com\/en\/chorales\/spurrell-studio-choir\/\" class=\"awb-custom-text-color awb-custom-text-hover-color\" target=\"_self\">Spurrell Studio Choir<\/a><\/p><\/div><div class=\"fusion-separator\" style=\"align-self: center;margin-left: auto;margin-right: auto;flex-grow:10;margin-top:5px;margin-bottom:10px;width:100%;max-width:70px;\"><div class=\"fusion-separator-border sep-single sep-solid\" style=\"--awb-height:20px;--awb-amount:20px;border-color:var(--awb-color2);border-top-width:1px;\"><\/div><\/div><div class=\"fusion-text fusion-text-196\" style=\"--awb-content-alignment:center;--awb-text-transform:capitalize;--awb-text-color:var(--awb-color4);\"><p>Canada<\/p>\n<\/div><\/div><\/li>\n<li class=\"fusion-layout-column fusion_builder_column fusion-builder-column-197 fusion-flex-column fusion-animated post-card fusion-grid-column fusion-post-cards-grid-column 2025 south-africa fusion-animated\" style=\"--awb-padding-bottom:5px;--awb-overflow:hidden;--awb-bg-color:var(--awb-color1);--awb-bg-color-hover:var(--awb-custom_color_2);--awb-bg-size:cover;--awb-box-shadow:0px 0px 24px hsla(var(--awb-color7-h),var(--awb-color7-s),var(--awb-color7-l),calc(var(--awb-color7-a) - 40%));;--awb-border-color:var(--awb-color4);--awb-border-color-hover:var(--awb-color7);--awb-border-top:1px;--awb-border-right:1px;--awb-border-bottom:1px;--awb-border-left:1px;--awb-border-style:solid;--awb-border-radius:6px 6px 6px 6px;--awb-flex-grow:0;--awb-flex-shrink:0;--awb-flex-grow-medium:0;--awb-flex-shrink-medium:0;--awb-flex-grow-small:0;--awb-flex-shrink-small:0;\" data-animationType=\"fadeIn\" data-animationDuration=\"1.3\" data-animationOffset=\"top-into-view\"><div class=\"fusion-column-wrapper fusion-column-has-shadow fusion-flex-justify-content-flex-start fusion-content-layout-column\"><div class=\"fusion-image-element \" style=\"--awb-aspect-ratio:16 \/ 9;--awb-margin-bottom:10px;--awb-caption-title-font-family:var(--h2_typography-font-family);--awb-caption-title-font-weight:var(--h2_typography-font-weight);--awb-caption-title-font-style:var(--h2_typography-font-style);--awb-caption-title-size:var(--h2_typography-font-size);--awb-caption-title-transform:var(--h2_typography-text-transform);--awb-caption-title-line-height:var(--h2_typography-line-height);--awb-caption-title-letter-spacing:var(--h2_typography-letter-spacing);\"><span class=\" fusion-imageframe imageframe-none imageframe-196 hover-type-none has-aspect-ratio\"><a class=\"fusion-no-lightbox\" href=\"https:\/\/www.choral-events.com\/en\/chorales\/st-marys-singers\/\" target=\"_self\" aria-label=\"St Mary\u2019s Singers \u2013 South Africa\"><img decoding=\"async\" width=\"9000\" height=\"6000\" alt=\"St Mary\u2019s Singers \u2013 South Africa\" src=\"https:\/\/www.choral-events.com\/wp-content\/uploads\/2025\/01\/HighSchoolStMarys1-146.jpg\" class=\"img-responsive wp-image-49683 img-with-aspect-ratio\" data-parent-fit=\"cover\" data-parent-container=\".fusion-image-element\" srcset=\"https:\/\/www.choral-events.com\/wp-content\/uploads\/2025\/01\/HighSchoolStMarys1-146-200x133.jpg 200w, https:\/\/www.choral-events.com\/wp-content\/uploads\/2025\/01\/HighSchoolStMarys1-146-400x267.jpg 400w, https:\/\/www.choral-events.com\/wp-content\/uploads\/2025\/01\/HighSchoolStMarys1-146-600x400.jpg 600w, https:\/\/www.choral-events.com\/wp-content\/uploads\/2025\/01\/HighSchoolStMarys1-146-800x533.jpg 800w, https:\/\/www.choral-events.com\/wp-content\/uploads\/2025\/01\/HighSchoolStMarys1-146-1200x800.jpg 1200w, https:\/\/www.choral-events.com\/wp-content\/uploads\/2025\/01\/HighSchoolStMarys1-146.jpg 9000w\" sizes=\"(max-width: 1024px) 100vw, (max-width: 640px) 100vw, 9000px\" \/><\/a><\/span><\/div><div class=\"fusion-title title fusion-title-198 fusion-sep-none fusion-title-center fusion-title-text fusion-title-size-paragraph\" style=\"--awb-text-color:var(--awb-color7);--awb-margin-top:10px;--awb-margin-right:5px;--awb-margin-bottom:10px;--awb-margin-left:5px;--awb-margin-top-small:16px;--awb-margin-right-small:0px;--awb-margin-bottom-small:10px;--awb-margin-left-small:0px;--awb-link-color:var(--awb-color7);--awb-font-size:16px;\"><p class=\"fusion-title-heading title-heading-center title-heading-tag fusion-responsive-typography-calculated\" style=\"margin:0;font-size:1em;--fontSize:16;--minFontSize:16;line-height:1.6;\"><a href=\"https:\/\/www.choral-events.com\/en\/chorales\/st-marys-singers\/\" class=\"awb-custom-text-color awb-custom-text-hover-color\" target=\"_self\">St Mary\u2019s Singers<\/a><\/p><\/div><div class=\"fusion-separator\" style=\"align-self: center;margin-left: auto;margin-right: auto;flex-grow:10;margin-top:5px;margin-bottom:10px;width:100%;max-width:70px;\"><div class=\"fusion-separator-border sep-single sep-solid\" style=\"--awb-height:20px;--awb-amount:20px;border-color:var(--awb-color2);border-top-width:1px;\"><\/div><\/div><div class=\"fusion-text fusion-text-197\" style=\"--awb-content-alignment:center;--awb-text-transform:capitalize;--awb-text-color:var(--awb-color4);\"><p>South Africa<\/p>\n<\/div><\/div><\/li>\n<li class=\"fusion-layout-column fusion_builder_column fusion-builder-column-198 fusion-flex-column fusion-animated post-card fusion-grid-column fusion-post-cards-grid-column 2020 bulgarie fusion-animated\" style=\"--awb-padding-bottom:5px;--awb-overflow:hidden;--awb-bg-color:var(--awb-color1);--awb-bg-color-hover:var(--awb-custom_color_2);--awb-bg-size:cover;--awb-box-shadow:0px 0px 24px hsla(var(--awb-color7-h),var(--awb-color7-s),var(--awb-color7-l),calc(var(--awb-color7-a) - 40%));;--awb-border-color:var(--awb-color4);--awb-border-color-hover:var(--awb-color7);--awb-border-top:1px;--awb-border-right:1px;--awb-border-bottom:1px;--awb-border-left:1px;--awb-border-style:solid;--awb-border-radius:6px 6px 6px 6px;--awb-flex-grow:0;--awb-flex-shrink:0;--awb-flex-grow-medium:0;--awb-flex-shrink-medium:0;--awb-flex-grow-small:0;--awb-flex-shrink-small:0;\" data-animationType=\"fadeIn\" data-animationDuration=\"1.3\" data-animationOffset=\"top-into-view\"><div class=\"fusion-column-wrapper fusion-column-has-shadow fusion-flex-justify-content-flex-start fusion-content-layout-column\"><div class=\"fusion-image-element \" style=\"--awb-aspect-ratio:16 \/ 9;--awb-margin-bottom:10px;--awb-caption-title-font-family:var(--h2_typography-font-family);--awb-caption-title-font-weight:var(--h2_typography-font-weight);--awb-caption-title-font-style:var(--h2_typography-font-style);--awb-caption-title-size:var(--h2_typography-font-size);--awb-caption-title-transform:var(--h2_typography-text-transform);--awb-caption-title-line-height:var(--h2_typography-line-height);--awb-caption-title-letter-spacing:var(--h2_typography-letter-spacing);\"><span class=\" fusion-imageframe imageframe-none imageframe-197 hover-type-none has-aspect-ratio\"><a class=\"fusion-no-lightbox\" href=\"https:\/\/www.choral-events.com\/en\/chorales\/talasumche-childrens-choir\/\" target=\"_self\" aria-label=\"Talamunshe-photo-page-web-1\"><img decoding=\"async\" width=\"550\" height=\"350\" src=\"https:\/\/www.choral-events.com\/wp-content\/uploads\/2026\/03\/Talamunshe-photo-page-web-1.png\" class=\"img-responsive wp-image-51878 img-with-aspect-ratio\" data-parent-fit=\"cover\" data-parent-container=\".fusion-image-element\" alt srcset=\"https:\/\/www.choral-events.com\/wp-content\/uploads\/2026\/03\/Talamunshe-photo-page-web-1-200x127.png 200w, https:\/\/www.choral-events.com\/wp-content\/uploads\/2026\/03\/Talamunshe-photo-page-web-1-400x255.png 400w, https:\/\/www.choral-events.com\/wp-content\/uploads\/2026\/03\/Talamunshe-photo-page-web-1.png 550w\" sizes=\"(max-width: 1024px) 100vw, (max-width: 640px) 100vw, 550px\" \/><\/a><\/span><\/div><div class=\"fusion-title title fusion-title-199 fusion-sep-none fusion-title-center fusion-title-text fusion-title-size-paragraph\" style=\"--awb-text-color:var(--awb-color7);--awb-margin-top:10px;--awb-margin-right:5px;--awb-margin-bottom:10px;--awb-margin-left:5px;--awb-margin-top-small:16px;--awb-margin-right-small:0px;--awb-margin-bottom-small:10px;--awb-margin-left-small:0px;--awb-link-color:var(--awb-color7);--awb-font-size:16px;\"><p class=\"fusion-title-heading title-heading-center title-heading-tag fusion-responsive-typography-calculated\" style=\"margin:0;font-size:1em;--fontSize:16;--minFontSize:16;line-height:1.6;\"><a href=\"https:\/\/www.choral-events.com\/en\/chorales\/talasumche-childrens-choir\/\" class=\"awb-custom-text-color awb-custom-text-hover-color\" target=\"_self\">Talasumche Children&#8217;s Choir<\/a><\/p><\/div><div class=\"fusion-separator\" style=\"align-self: center;margin-left: auto;margin-right: auto;flex-grow:10;margin-top:5px;margin-bottom:10px;width:100%;max-width:70px;\"><div class=\"fusion-separator-border sep-single sep-solid\" style=\"--awb-height:20px;--awb-amount:20px;border-color:var(--awb-color2);border-top-width:1px;\"><\/div><\/div><div class=\"fusion-text fusion-text-198\" style=\"--awb-content-alignment:center;--awb-text-transform:capitalize;--awb-text-color:var(--awb-color4);\"><p>Bulgarie<\/p>\n<\/div><\/div><\/li>\n<li class=\"fusion-layout-column fusion_builder_column fusion-builder-column-199 fusion-flex-column fusion-animated post-card fusion-grid-column fusion-post-cards-grid-column 2025 england fusion-animated\" style=\"--awb-padding-bottom:5px;--awb-overflow:hidden;--awb-bg-color:var(--awb-color1);--awb-bg-color-hover:var(--awb-custom_color_2);--awb-bg-size:cover;--awb-box-shadow:0px 0px 24px hsla(var(--awb-color7-h),var(--awb-color7-s),var(--awb-color7-l),calc(var(--awb-color7-a) - 40%));;--awb-border-color:var(--awb-color4);--awb-border-color-hover:var(--awb-color7);--awb-border-top:1px;--awb-border-right:1px;--awb-border-bottom:1px;--awb-border-left:1px;--awb-border-style:solid;--awb-border-radius:6px 6px 6px 6px;--awb-flex-grow:0;--awb-flex-shrink:0;--awb-flex-grow-medium:0;--awb-flex-shrink-medium:0;--awb-flex-grow-small:0;--awb-flex-shrink-small:0;\" data-animationType=\"fadeIn\" data-animationDuration=\"1.3\" data-animationOffset=\"top-into-view\"><div class=\"fusion-column-wrapper fusion-column-has-shadow fusion-flex-justify-content-flex-start fusion-content-layout-column\"><div class=\"fusion-image-element \" style=\"--awb-aspect-ratio:16 \/ 9;--awb-margin-bottom:10px;--awb-caption-title-font-family:var(--h2_typography-font-family);--awb-caption-title-font-weight:var(--h2_typography-font-weight);--awb-caption-title-font-style:var(--h2_typography-font-style);--awb-caption-title-size:var(--h2_typography-font-size);--awb-caption-title-transform:var(--h2_typography-text-transform);--awb-caption-title-line-height:var(--h2_typography-line-height);--awb-caption-title-letter-spacing:var(--h2_typography-letter-spacing);\"><span class=\" fusion-imageframe imageframe-none imageframe-198 hover-type-none has-aspect-ratio\"><a class=\"fusion-no-lightbox\" href=\"https:\/\/www.choral-events.com\/en\/chorales\/the-barberettes\/\" target=\"_self\" aria-label=\"The Barberettes Reading Choir \u2013 England\"><img decoding=\"async\" width=\"1080\" height=\"720\" alt=\"The Barberettes Reading Choir \u2013 England\" src=\"https:\/\/www.choral-events.com\/wp-content\/uploads\/2025\/01\/410591651_932578805095744_8476990544104536018_n.jpg\" class=\"img-responsive wp-image-49687 img-with-aspect-ratio\" data-parent-fit=\"cover\" data-parent-container=\".fusion-image-element\" srcset=\"https:\/\/www.choral-events.com\/wp-content\/uploads\/2025\/01\/410591651_932578805095744_8476990544104536018_n-200x133.jpg 200w, https:\/\/www.choral-events.com\/wp-content\/uploads\/2025\/01\/410591651_932578805095744_8476990544104536018_n-400x267.jpg 400w, https:\/\/www.choral-events.com\/wp-content\/uploads\/2025\/01\/410591651_932578805095744_8476990544104536018_n-600x400.jpg 600w, https:\/\/www.choral-events.com\/wp-content\/uploads\/2025\/01\/410591651_932578805095744_8476990544104536018_n-800x533.jpg 800w, https:\/\/www.choral-events.com\/wp-content\/uploads\/2025\/01\/410591651_932578805095744_8476990544104536018_n.jpg 1080w\" sizes=\"(max-width: 1024px) 100vw, (max-width: 640px) 100vw, 1080px\" \/><\/a><\/span><\/div><div class=\"fusion-title title fusion-title-200 fusion-sep-none fusion-title-center fusion-title-text fusion-title-size-paragraph\" style=\"--awb-text-color:var(--awb-color7);--awb-margin-top:10px;--awb-margin-right:5px;--awb-margin-bottom:10px;--awb-margin-left:5px;--awb-margin-top-small:16px;--awb-margin-right-small:0px;--awb-margin-bottom-small:10px;--awb-margin-left-small:0px;--awb-link-color:var(--awb-color7);--awb-font-size:16px;\"><p class=\"fusion-title-heading title-heading-center title-heading-tag fusion-responsive-typography-calculated\" style=\"margin:0;font-size:1em;--fontSize:16;--minFontSize:16;line-height:1.6;\"><a href=\"https:\/\/www.choral-events.com\/en\/chorales\/the-barberettes\/\" class=\"awb-custom-text-color awb-custom-text-hover-color\" target=\"_self\">The Barberettes<\/a><\/p><\/div><div class=\"fusion-separator\" style=\"align-self: center;margin-left: auto;margin-right: auto;flex-grow:10;margin-top:5px;margin-bottom:10px;width:100%;max-width:70px;\"><div class=\"fusion-separator-border sep-single sep-solid\" style=\"--awb-height:20px;--awb-amount:20px;border-color:var(--awb-color2);border-top-width:1px;\"><\/div><\/div><div class=\"fusion-text fusion-text-199\" style=\"--awb-content-alignment:center;--awb-text-transform:capitalize;--awb-text-color:var(--awb-color4);\"><p>England<\/p>\n<\/div><\/div><\/li>\n<li class=\"fusion-layout-column fusion_builder_column fusion-builder-column-200 fusion-flex-column fusion-animated post-card fusion-grid-column fusion-post-cards-grid-column 2026 slovenia fusion-animated\" style=\"--awb-padding-bottom:5px;--awb-overflow:hidden;--awb-bg-color:var(--awb-color1);--awb-bg-color-hover:var(--awb-custom_color_2);--awb-bg-size:cover;--awb-box-shadow:0px 0px 24px hsla(var(--awb-color7-h),var(--awb-color7-s),var(--awb-color7-l),calc(var(--awb-color7-a) - 40%));;--awb-border-color:var(--awb-color4);--awb-border-color-hover:var(--awb-color7);--awb-border-top:1px;--awb-border-right:1px;--awb-border-bottom:1px;--awb-border-left:1px;--awb-border-style:solid;--awb-border-radius:6px 6px 6px 6px;--awb-flex-grow:0;--awb-flex-shrink:0;--awb-flex-grow-medium:0;--awb-flex-shrink-medium:0;--awb-flex-grow-small:0;--awb-flex-shrink-small:0;\" data-animationType=\"fadeIn\" data-animationDuration=\"1.3\" data-animationOffset=\"top-into-view\"><div class=\"fusion-column-wrapper fusion-column-has-shadow fusion-flex-justify-content-flex-start fusion-content-layout-column\"><div class=\"fusion-image-element \" style=\"--awb-aspect-ratio:16 \/ 9;--awb-margin-bottom:10px;--awb-caption-title-font-family:var(--h2_typography-font-family);--awb-caption-title-font-weight:var(--h2_typography-font-weight);--awb-caption-title-font-style:var(--h2_typography-font-style);--awb-caption-title-size:var(--h2_typography-font-size);--awb-caption-title-transform:var(--h2_typography-text-transform);--awb-caption-title-line-height:var(--h2_typography-line-height);--awb-caption-title-letter-spacing:var(--h2_typography-letter-spacing);\"><span class=\" fusion-imageframe imageframe-none imageframe-199 hover-type-none has-aspect-ratio\"><a class=\"fusion-no-lightbox\" href=\"https:\/\/www.choral-events.com\/en\/chorales\/asparagus-melon-voices-3\/\" target=\"_self\" aria-label=\"BISER womans choir Slovenia (3)\"><img decoding=\"async\" width=\"1600\" height=\"1066\" src=\"https:\/\/www.choral-events.com\/wp-content\/uploads\/2026\/03\/BISER-womans-choir-Slovenia-3.jpg\" class=\"img-responsive wp-image-51941 img-with-aspect-ratio\" data-parent-fit=\"cover\" data-parent-container=\".fusion-image-element\" alt srcset=\"https:\/\/www.choral-events.com\/wp-content\/uploads\/2026\/03\/BISER-womans-choir-Slovenia-3-200x133.jpg 200w, https:\/\/www.choral-events.com\/wp-content\/uploads\/2026\/03\/BISER-womans-choir-Slovenia-3-400x267.jpg 400w, https:\/\/www.choral-events.com\/wp-content\/uploads\/2026\/03\/BISER-womans-choir-Slovenia-3-600x400.jpg 600w, https:\/\/www.choral-events.com\/wp-content\/uploads\/2026\/03\/BISER-womans-choir-Slovenia-3-800x533.jpg 800w, https:\/\/www.choral-events.com\/wp-content\/uploads\/2026\/03\/BISER-womans-choir-Slovenia-3-1200x800.jpg 1200w, https:\/\/www.choral-events.com\/wp-content\/uploads\/2026\/03\/BISER-womans-choir-Slovenia-3.jpg 1600w\" sizes=\"(max-width: 1024px) 100vw, (max-width: 640px) 100vw, 1600px\" \/><\/a><\/span><\/div><div class=\"fusion-title title fusion-title-201 fusion-sep-none fusion-title-center fusion-title-text fusion-title-size-paragraph\" style=\"--awb-text-color:var(--awb-color7);--awb-margin-top:10px;--awb-margin-right:5px;--awb-margin-bottom:10px;--awb-margin-left:5px;--awb-margin-top-small:16px;--awb-margin-right-small:0px;--awb-margin-bottom-small:10px;--awb-margin-left-small:0px;--awb-link-color:var(--awb-color7);--awb-font-size:16px;\"><p class=\"fusion-title-heading title-heading-center title-heading-tag fusion-responsive-typography-calculated\" style=\"margin:0;font-size:1em;--fontSize:16;--minFontSize:16;line-height:1.6;\"><a href=\"https:\/\/www.choral-events.com\/en\/chorales\/asparagus-melon-voices-3\/\" class=\"awb-custom-text-color awb-custom-text-hover-color\" target=\"_self\">The Biser Women&#8217;s Choir<\/a><\/p><\/div><div class=\"fusion-separator\" style=\"align-self: center;margin-left: auto;margin-right: auto;flex-grow:10;margin-top:5px;margin-bottom:10px;width:100%;max-width:70px;\"><div class=\"fusion-separator-border sep-single sep-solid\" style=\"--awb-height:20px;--awb-amount:20px;border-color:var(--awb-color2);border-top-width:1px;\"><\/div><\/div><div class=\"fusion-text fusion-text-200\" style=\"--awb-content-alignment:center;--awb-text-transform:capitalize;--awb-text-color:var(--awb-color4);\"><p>Slovenia<\/p>\n<\/div><\/div><\/li>\n<li class=\"fusion-layout-column fusion_builder_column fusion-builder-column-201 fusion-flex-column fusion-animated post-card fusion-grid-column fusion-post-cards-grid-column 2026 france fusion-animated\" style=\"--awb-padding-bottom:5px;--awb-overflow:hidden;--awb-bg-color:var(--awb-color1);--awb-bg-color-hover:var(--awb-custom_color_2);--awb-bg-size:cover;--awb-box-shadow:0px 0px 24px hsla(var(--awb-color7-h),var(--awb-color7-s),var(--awb-color7-l),calc(var(--awb-color7-a) - 40%));;--awb-border-color:var(--awb-color4);--awb-border-color-hover:var(--awb-color7);--awb-border-top:1px;--awb-border-right:1px;--awb-border-bottom:1px;--awb-border-left:1px;--awb-border-style:solid;--awb-border-radius:6px 6px 6px 6px;--awb-flex-grow:0;--awb-flex-shrink:0;--awb-flex-grow-medium:0;--awb-flex-shrink-medium:0;--awb-flex-grow-small:0;--awb-flex-shrink-small:0;\" data-animationType=\"fadeIn\" data-animationDuration=\"1.3\" data-animationOffset=\"top-into-view\"><div class=\"fusion-column-wrapper fusion-column-has-shadow fusion-flex-justify-content-flex-start fusion-content-layout-column\"><div class=\"fusion-image-element \" style=\"--awb-aspect-ratio:16 \/ 9;--awb-margin-bottom:10px;--awb-caption-title-font-family:var(--h2_typography-font-family);--awb-caption-title-font-weight:var(--h2_typography-font-weight);--awb-caption-title-font-style:var(--h2_typography-font-style);--awb-caption-title-size:var(--h2_typography-font-size);--awb-caption-title-transform:var(--h2_typography-text-transform);--awb-caption-title-line-height:var(--h2_typography-line-height);--awb-caption-title-letter-spacing:var(--h2_typography-letter-spacing);\"><span class=\" fusion-imageframe imageframe-none imageframe-200 hover-type-none has-aspect-ratio\"><a class=\"fusion-no-lightbox\" href=\"https:\/\/www.choral-events.com\/en\/chorales\/le-choeur-de-cannes\/\" target=\"_self\" aria-label=\"IMG_2070\"><img decoding=\"async\" width=\"2560\" height=\"1437\" src=\"https:\/\/www.choral-events.com\/wp-content\/uploads\/2026\/03\/IMG_2070-scaled.jpg\" class=\"img-responsive wp-image-52139 img-with-aspect-ratio\" data-parent-fit=\"cover\" data-parent-container=\".fusion-image-element\" alt srcset=\"https:\/\/www.choral-events.com\/wp-content\/uploads\/2026\/03\/IMG_2070-200x112.jpg 200w, https:\/\/www.choral-events.com\/wp-content\/uploads\/2026\/03\/IMG_2070-400x225.jpg 400w, https:\/\/www.choral-events.com\/wp-content\/uploads\/2026\/03\/IMG_2070-600x337.jpg 600w, https:\/\/www.choral-events.com\/wp-content\/uploads\/2026\/03\/IMG_2070-800x449.jpg 800w, https:\/\/www.choral-events.com\/wp-content\/uploads\/2026\/03\/IMG_2070-1200x674.jpg 1200w, https:\/\/www.choral-events.com\/wp-content\/uploads\/2026\/03\/IMG_2070-scaled.jpg 2560w\" sizes=\"(max-width: 1024px) 100vw, (max-width: 640px) 100vw, 2560px\" \/><\/a><\/span><\/div><div class=\"fusion-title title fusion-title-202 fusion-sep-none fusion-title-center fusion-title-text fusion-title-size-paragraph\" style=\"--awb-text-color:var(--awb-color7);--awb-margin-top:10px;--awb-margin-right:5px;--awb-margin-bottom:10px;--awb-margin-left:5px;--awb-margin-top-small:16px;--awb-margin-right-small:0px;--awb-margin-bottom-small:10px;--awb-margin-left-small:0px;--awb-link-color:var(--awb-color7);--awb-font-size:16px;\"><p class=\"fusion-title-heading title-heading-center title-heading-tag fusion-responsive-typography-calculated\" style=\"margin:0;font-size:1em;--fontSize:16;--minFontSize:16;line-height:1.6;\"><a href=\"https:\/\/www.choral-events.com\/en\/chorales\/le-choeur-de-cannes\/\" class=\"awb-custom-text-color awb-custom-text-hover-color\" target=\"_self\">The Cannes Choir<\/a><\/p><\/div><div class=\"fusion-separator\" style=\"align-self: center;margin-left: auto;margin-right: auto;flex-grow:10;margin-top:5px;margin-bottom:10px;width:100%;max-width:70px;\"><div class=\"fusion-separator-border sep-single sep-solid\" style=\"--awb-height:20px;--awb-amount:20px;border-color:var(--awb-color2);border-top-width:1px;\"><\/div><\/div><div class=\"fusion-text fusion-text-201\" style=\"--awb-content-alignment:center;--awb-text-transform:capitalize;--awb-text-color:var(--awb-color4);\"><p>France<\/p>\n<\/div><\/div><\/li>\n<li class=\"fusion-layout-column fusion_builder_column fusion-builder-column-202 fusion-flex-column fusion-animated post-card fusion-grid-column fusion-post-cards-grid-column 2022 belgium fusion-animated\" style=\"--awb-padding-bottom:5px;--awb-overflow:hidden;--awb-bg-color:var(--awb-color1);--awb-bg-color-hover:var(--awb-custom_color_2);--awb-bg-size:cover;--awb-box-shadow:0px 0px 24px hsla(var(--awb-color7-h),var(--awb-color7-s),var(--awb-color7-l),calc(var(--awb-color7-a) - 40%));;--awb-border-color:var(--awb-color4);--awb-border-color-hover:var(--awb-color7);--awb-border-top:1px;--awb-border-right:1px;--awb-border-bottom:1px;--awb-border-left:1px;--awb-border-style:solid;--awb-border-radius:6px 6px 6px 6px;--awb-flex-grow:0;--awb-flex-shrink:0;--awb-flex-grow-medium:0;--awb-flex-shrink-medium:0;--awb-flex-grow-small:0;--awb-flex-shrink-small:0;\" data-animationType=\"fadeIn\" data-animationDuration=\"1.3\" data-animationOffset=\"top-into-view\"><div class=\"fusion-column-wrapper fusion-column-has-shadow fusion-flex-justify-content-flex-start fusion-content-layout-column\"><div class=\"fusion-image-element \" style=\"--awb-aspect-ratio:16 \/ 9;--awb-margin-bottom:10px;--awb-caption-title-font-family:var(--h2_typography-font-family);--awb-caption-title-font-weight:var(--h2_typography-font-weight);--awb-caption-title-font-style:var(--h2_typography-font-style);--awb-caption-title-size:var(--h2_typography-font-size);--awb-caption-title-transform:var(--h2_typography-text-transform);--awb-caption-title-line-height:var(--h2_typography-line-height);--awb-caption-title-letter-spacing:var(--h2_typography-letter-spacing);\"><span class=\" fusion-imageframe imageframe-none imageframe-201 hover-type-none has-aspect-ratio\"><a class=\"fusion-no-lightbox\" href=\"https:\/\/www.choral-events.com\/en\/chorales\/the-shepherds\/\" target=\"_self\" aria-label=\"9_Les-Pastoureaux-Belgique-photo-page-web-\"><img decoding=\"async\" width=\"550\" height=\"350\" src=\"https:\/\/www.choral-events.com\/wp-content\/uploads\/2026\/02\/9_Les-Pastoureaux-Belgique-photo-page-web-.jpg\" class=\"img-responsive wp-image-51744 img-with-aspect-ratio\" data-parent-fit=\"cover\" data-parent-container=\".fusion-image-element\" alt srcset=\"https:\/\/www.choral-events.com\/wp-content\/uploads\/2026\/02\/9_Les-Pastoureaux-Belgique-photo-page-web--200x127.jpg 200w, https:\/\/www.choral-events.com\/wp-content\/uploads\/2026\/02\/9_Les-Pastoureaux-Belgique-photo-page-web--400x255.jpg 400w, https:\/\/www.choral-events.com\/wp-content\/uploads\/2026\/02\/9_Les-Pastoureaux-Belgique-photo-page-web-.jpg 550w\" sizes=\"(max-width: 1024px) 100vw, (max-width: 640px) 100vw, 550px\" \/><\/a><\/span><\/div><div class=\"fusion-title title fusion-title-203 fusion-sep-none fusion-title-center fusion-title-text fusion-title-size-paragraph\" style=\"--awb-text-color:var(--awb-color7);--awb-margin-top:10px;--awb-margin-right:5px;--awb-margin-bottom:10px;--awb-margin-left:5px;--awb-margin-top-small:16px;--awb-margin-right-small:0px;--awb-margin-bottom-small:10px;--awb-margin-left-small:0px;--awb-link-color:var(--awb-color7);--awb-font-size:16px;\"><p class=\"fusion-title-heading title-heading-center title-heading-tag fusion-responsive-typography-calculated\" style=\"margin:0;font-size:1em;--fontSize:16;--minFontSize:16;line-height:1.6;\"><a href=\"https:\/\/www.choral-events.com\/en\/chorales\/the-shepherds\/\" class=\"awb-custom-text-color awb-custom-text-hover-color\" target=\"_self\">The Shepherds<\/a><\/p><\/div><div class=\"fusion-separator\" style=\"align-self: center;margin-left: auto;margin-right: auto;flex-grow:10;margin-top:5px;margin-bottom:10px;width:100%;max-width:70px;\"><div class=\"fusion-separator-border sep-single sep-solid\" style=\"--awb-height:20px;--awb-amount:20px;border-color:var(--awb-color2);border-top-width:1px;\"><\/div><\/div><div class=\"fusion-text fusion-text-202\" style=\"--awb-content-alignment:center;--awb-text-transform:capitalize;--awb-text-color:var(--awb-color4);\"><p>Belgium<\/p>\n<\/div><\/div><\/li>\n<li class=\"fusion-layout-column fusion_builder_column fusion-builder-column-203 fusion-flex-column fusion-animated post-card fusion-grid-column fusion-post-cards-grid-column 2022 2022 italy fusion-animated\" style=\"--awb-padding-bottom:5px;--awb-overflow:hidden;--awb-bg-color:var(--awb-color1);--awb-bg-color-hover:var(--awb-custom_color_2);--awb-bg-size:cover;--awb-box-shadow:0px 0px 24px hsla(var(--awb-color7-h),var(--awb-color7-s),var(--awb-color7-l),calc(var(--awb-color7-a) - 40%));;--awb-border-color:var(--awb-color4);--awb-border-color-hover:var(--awb-color7);--awb-border-top:1px;--awb-border-right:1px;--awb-border-bottom:1px;--awb-border-left:1px;--awb-border-style:solid;--awb-border-radius:6px 6px 6px 6px;--awb-flex-grow:0;--awb-flex-shrink:0;--awb-flex-grow-medium:0;--awb-flex-shrink-medium:0;--awb-flex-grow-small:0;--awb-flex-shrink-small:0;\" data-animationType=\"fadeIn\" data-animationDuration=\"1.3\" data-animationOffset=\"top-into-view\"><div class=\"fusion-column-wrapper fusion-column-has-shadow fusion-flex-justify-content-flex-start fusion-content-layout-column\"><div class=\"fusion-image-element \" style=\"--awb-aspect-ratio:16 \/ 9;--awb-margin-bottom:10px;--awb-caption-title-font-family:var(--h2_typography-font-family);--awb-caption-title-font-weight:var(--h2_typography-font-weight);--awb-caption-title-font-style:var(--h2_typography-font-style);--awb-caption-title-size:var(--h2_typography-font-size);--awb-caption-title-transform:var(--h2_typography-text-transform);--awb-caption-title-line-height:var(--h2_typography-line-height);--awb-caption-title-letter-spacing:var(--h2_typography-letter-spacing);\"><span class=\" fusion-imageframe imageframe-none imageframe-202 hover-type-none has-aspect-ratio\"><a class=\"fusion-no-lightbox\" href=\"https:\/\/www.choral-events.com\/en\/chorales\/the-shepherds-2\/\" target=\"_self\"><img decoding=\"async\" src=\"https:\/\/www.choral-events.eskale.fr\/wp-content\/uploads\/2026\/02\/Chorales-2022.jpg\" class=\"img-responsive img-with-aspect-ratio\" data-parent-fit=\"cover\" data-parent-container=\".fusion-image-element\" alt \/><\/a><\/span><\/div><div class=\"fusion-title title fusion-title-204 fusion-sep-none fusion-title-center fusion-title-text fusion-title-size-paragraph\" style=\"--awb-text-color:var(--awb-color7);--awb-margin-top:10px;--awb-margin-right:5px;--awb-margin-bottom:10px;--awb-margin-left:5px;--awb-margin-top-small:16px;--awb-margin-right-small:0px;--awb-margin-bottom-small:10px;--awb-margin-left-small:0px;--awb-link-color:var(--awb-color7);--awb-font-size:16px;\"><p class=\"fusion-title-heading title-heading-center title-heading-tag fusion-responsive-typography-calculated\" style=\"margin:0;font-size:1em;--fontSize:16;--minFontSize:16;line-height:1.6;\"><a href=\"https:\/\/www.choral-events.com\/en\/chorales\/the-shepherds-2\/\" class=\"awb-custom-text-color awb-custom-text-hover-color\" target=\"_self\">The Shepherds<\/a><\/p><\/div><div class=\"fusion-separator\" style=\"align-self: center;margin-left: auto;margin-right: auto;flex-grow:10;margin-top:5px;margin-bottom:10px;width:100%;max-width:70px;\"><div class=\"fusion-separator-border sep-single sep-solid\" style=\"--awb-height:20px;--awb-amount:20px;border-color:var(--awb-color2);border-top-width:1px;\"><\/div><\/div><div class=\"fusion-text fusion-text-203\" style=\"--awb-content-alignment:center;--awb-text-transform:capitalize;--awb-text-color:var(--awb-color4);\"><p>Belgium<\/p>\n<\/div><\/div><\/li>\n<li class=\"fusion-layout-column fusion_builder_column fusion-builder-column-204 fusion-flex-column fusion-animated post-card fusion-grid-column fusion-post-cards-grid-column 2023 france fusion-animated\" style=\"--awb-padding-bottom:5px;--awb-overflow:hidden;--awb-bg-color:var(--awb-color1);--awb-bg-color-hover:var(--awb-custom_color_2);--awb-bg-size:cover;--awb-box-shadow:0px 0px 24px hsla(var(--awb-color7-h),var(--awb-color7-s),var(--awb-color7-l),calc(var(--awb-color7-a) - 40%));;--awb-border-color:var(--awb-color4);--awb-border-color-hover:var(--awb-color7);--awb-border-top:1px;--awb-border-right:1px;--awb-border-bottom:1px;--awb-border-left:1px;--awb-border-style:solid;--awb-border-radius:6px 6px 6px 6px;--awb-flex-grow:0;--awb-flex-shrink:0;--awb-flex-grow-medium:0;--awb-flex-shrink-medium:0;--awb-flex-grow-small:0;--awb-flex-shrink-small:0;\" data-animationType=\"fadeIn\" data-animationDuration=\"1.3\" data-animationOffset=\"top-into-view\"><div class=\"fusion-column-wrapper fusion-column-has-shadow fusion-flex-justify-content-flex-start fusion-content-layout-column\"><div class=\"fusion-image-element \" style=\"--awb-aspect-ratio:16 \/ 9;--awb-margin-bottom:10px;--awb-caption-title-font-family:var(--h2_typography-font-family);--awb-caption-title-font-weight:var(--h2_typography-font-weight);--awb-caption-title-font-style:var(--h2_typography-font-style);--awb-caption-title-size:var(--h2_typography-font-size);--awb-caption-title-transform:var(--h2_typography-text-transform);--awb-caption-title-line-height:var(--h2_typography-line-height);--awb-caption-title-letter-spacing:var(--h2_typography-letter-spacing);\"><span class=\" fusion-imageframe imageframe-none imageframe-203 hover-type-none has-aspect-ratio\"><a class=\"fusion-no-lightbox\" href=\"https:\/\/www.choral-events.com\/en\/chorales\/tiny-choir\/\" target=\"_self\" aria-label=\"Choeur Minuscule in Rome 1\"><img decoding=\"async\" width=\"2560\" height=\"1920\" src=\"https:\/\/www.choral-events.com\/wp-content\/uploads\/2023\/04\/Choeur-Minuscule-a-Rome-1-scaled.jpg\" class=\"img-responsive wp-image-49751 img-with-aspect-ratio\" data-parent-fit=\"cover\" data-parent-container=\".fusion-image-element\" alt srcset=\"https:\/\/www.choral-events.com\/wp-content\/uploads\/2023\/04\/Choeur-Minuscule-a-Rome-1-200x150.jpg 200w, https:\/\/www.choral-events.com\/wp-content\/uploads\/2023\/04\/Choeur-Minuscule-a-Rome-1-400x300.jpg 400w, https:\/\/www.choral-events.com\/wp-content\/uploads\/2023\/04\/Choeur-Minuscule-a-Rome-1-600x450.jpg 600w, https:\/\/www.choral-events.com\/wp-content\/uploads\/2023\/04\/Choeur-Minuscule-a-Rome-1-800x600.jpg 800w, https:\/\/www.choral-events.com\/wp-content\/uploads\/2023\/04\/Choeur-Minuscule-a-Rome-1-1200x900.jpg 1200w, https:\/\/www.choral-events.com\/wp-content\/uploads\/2023\/04\/Choeur-Minuscule-a-Rome-1-scaled.jpg 2560w\" sizes=\"(max-width: 1024px) 100vw, (max-width: 640px) 100vw, 2560px\" \/><\/a><\/span><\/div><div class=\"fusion-title title fusion-title-205 fusion-sep-none fusion-title-center fusion-title-text fusion-title-size-paragraph\" style=\"--awb-text-color:var(--awb-color7);--awb-margin-top:10px;--awb-margin-right:5px;--awb-margin-bottom:10px;--awb-margin-left:5px;--awb-margin-top-small:16px;--awb-margin-right-small:0px;--awb-margin-bottom-small:10px;--awb-margin-left-small:0px;--awb-link-color:var(--awb-color7);--awb-font-size:16px;\"><p class=\"fusion-title-heading title-heading-center title-heading-tag fusion-responsive-typography-calculated\" style=\"margin:0;font-size:1em;--fontSize:16;--minFontSize:16;line-height:1.6;\"><a href=\"https:\/\/www.choral-events.com\/en\/chorales\/tiny-choir\/\" class=\"awb-custom-text-color awb-custom-text-hover-color\" target=\"_self\">Tiny Choir<\/a><\/p><\/div><div class=\"fusion-separator\" style=\"align-self: center;margin-left: auto;margin-right: auto;flex-grow:10;margin-top:5px;margin-bottom:10px;width:100%;max-width:70px;\"><div class=\"fusion-separator-border sep-single sep-solid\" style=\"--awb-height:20px;--awb-amount:20px;border-color:var(--awb-color2);border-top-width:1px;\"><\/div><\/div><div class=\"fusion-text fusion-text-204\" style=\"--awb-content-alignment:center;--awb-text-transform:capitalize;--awb-text-color:var(--awb-color4);\"><p>France<\/p>\n<\/div><\/div><\/li>\n<li class=\"fusion-layout-column fusion_builder_column fusion-builder-column-205 fusion-flex-column fusion-animated post-card fusion-grid-column fusion-post-cards-grid-column 2022 france fusion-animated\" style=\"--awb-padding-bottom:5px;--awb-overflow:hidden;--awb-bg-color:var(--awb-color1);--awb-bg-color-hover:var(--awb-custom_color_2);--awb-bg-size:cover;--awb-box-shadow:0px 0px 24px hsla(var(--awb-color7-h),var(--awb-color7-s),var(--awb-color7-l),calc(var(--awb-color7-a) - 40%));;--awb-border-color:var(--awb-color4);--awb-border-color-hover:var(--awb-color7);--awb-border-top:1px;--awb-border-right:1px;--awb-border-bottom:1px;--awb-border-left:1px;--awb-border-style:solid;--awb-border-radius:6px 6px 6px 6px;--awb-flex-grow:0;--awb-flex-shrink:0;--awb-flex-grow-medium:0;--awb-flex-shrink-medium:0;--awb-flex-grow-small:0;--awb-flex-shrink-small:0;\" data-animationType=\"fadeIn\" data-animationDuration=\"1.3\" data-animationOffset=\"top-into-view\"><div class=\"fusion-column-wrapper fusion-column-has-shadow fusion-flex-justify-content-flex-start fusion-content-layout-column\"><div class=\"fusion-image-element \" style=\"--awb-aspect-ratio:16 \/ 9;--awb-margin-bottom:10px;--awb-caption-title-font-family:var(--h2_typography-font-family);--awb-caption-title-font-weight:var(--h2_typography-font-weight);--awb-caption-title-font-style:var(--h2_typography-font-style);--awb-caption-title-size:var(--h2_typography-font-size);--awb-caption-title-transform:var(--h2_typography-text-transform);--awb-caption-title-line-height:var(--h2_typography-line-height);--awb-caption-title-letter-spacing:var(--h2_typography-letter-spacing);\"><span class=\" fusion-imageframe imageframe-none imageframe-204 hover-type-none has-aspect-ratio\"><a class=\"fusion-no-lightbox\" href=\"https:\/\/www.choral-events.com\/en\/chorales\/tnt-vocal-ensemble\/\" target=\"_self\"><img decoding=\"async\" src=\"https:\/\/www.choral-events.eskale.fr\/wp-content\/uploads\/2026\/02\/Chorales-2022.jpg\" class=\"img-responsive img-with-aspect-ratio\" data-parent-fit=\"cover\" data-parent-container=\".fusion-image-element\" alt \/><\/a><\/span><\/div><div class=\"fusion-title title fusion-title-206 fusion-sep-none fusion-title-center fusion-title-text fusion-title-size-paragraph\" style=\"--awb-text-color:var(--awb-color7);--awb-margin-top:10px;--awb-margin-right:5px;--awb-margin-bottom:10px;--awb-margin-left:5px;--awb-margin-top-small:16px;--awb-margin-right-small:0px;--awb-margin-bottom-small:10px;--awb-margin-left-small:0px;--awb-link-color:var(--awb-color7);--awb-font-size:16px;\"><p class=\"fusion-title-heading title-heading-center title-heading-tag fusion-responsive-typography-calculated\" style=\"margin:0;font-size:1em;--fontSize:16;--minFontSize:16;line-height:1.6;\"><a href=\"https:\/\/www.choral-events.com\/en\/chorales\/tnt-vocal-ensemble\/\" class=\"awb-custom-text-color awb-custom-text-hover-color\" target=\"_self\">TNT Vocal Ensemble<\/a><\/p><\/div><div class=\"fusion-separator\" style=\"align-self: center;margin-left: auto;margin-right: auto;flex-grow:10;margin-top:5px;margin-bottom:10px;width:100%;max-width:70px;\"><div class=\"fusion-separator-border sep-single sep-solid\" style=\"--awb-height:20px;--awb-amount:20px;border-color:var(--awb-color2);border-top-width:1px;\"><\/div><\/div><div class=\"fusion-text fusion-text-205\" style=\"--awb-content-alignment:center;--awb-text-transform:capitalize;--awb-text-color:var(--awb-color4);\"><p>France<\/p>\n<\/div><\/div><\/li>\n<li class=\"fusion-layout-column fusion_builder_column fusion-builder-column-206 fusion-flex-column fusion-animated post-card fusion-grid-column fusion-post-cards-grid-column 2025 faroe-islands fusion-animated\" style=\"--awb-padding-bottom:5px;--awb-overflow:hidden;--awb-bg-color:var(--awb-color1);--awb-bg-color-hover:var(--awb-custom_color_2);--awb-bg-size:cover;--awb-box-shadow:0px 0px 24px hsla(var(--awb-color7-h),var(--awb-color7-s),var(--awb-color7-l),calc(var(--awb-color7-a) - 40%));;--awb-border-color:var(--awb-color4);--awb-border-color-hover:var(--awb-color7);--awb-border-top:1px;--awb-border-right:1px;--awb-border-bottom:1px;--awb-border-left:1px;--awb-border-style:solid;--awb-border-radius:6px 6px 6px 6px;--awb-flex-grow:0;--awb-flex-shrink:0;--awb-flex-grow-medium:0;--awb-flex-shrink-medium:0;--awb-flex-grow-small:0;--awb-flex-shrink-small:0;\" data-animationType=\"fadeIn\" data-animationDuration=\"1.3\" data-animationOffset=\"top-into-view\"><div class=\"fusion-column-wrapper fusion-column-has-shadow fusion-flex-justify-content-flex-start fusion-content-layout-column\"><div class=\"fusion-image-element \" style=\"--awb-aspect-ratio:16 \/ 9;--awb-margin-bottom:10px;--awb-caption-title-font-family:var(--h2_typography-font-family);--awb-caption-title-font-weight:var(--h2_typography-font-weight);--awb-caption-title-font-style:var(--h2_typography-font-style);--awb-caption-title-size:var(--h2_typography-font-size);--awb-caption-title-transform:var(--h2_typography-text-transform);--awb-caption-title-line-height:var(--h2_typography-line-height);--awb-caption-title-letter-spacing:var(--h2_typography-letter-spacing);\"><span class=\" fusion-imageframe imageframe-none imageframe-205 hover-type-none has-aspect-ratio\"><a class=\"fusion-no-lightbox\" href=\"https:\/\/www.choral-events.com\/en\/chorales\/torshavn-chamber-choir\/\" target=\"_self\" aria-label=\"T\u00f3rshavn Chamber Choir\"><img decoding=\"async\" width=\"2048\" height=\"1536\" alt=\"A group of choristers dressed in black with touches of red in front of a spectacular coastal landscape in Scotland.\" src=\"https:\/\/www.choral-events.com\/wp-content\/uploads\/2025\/01\/462424954_8792029227527060_4892252014103665649_n.jpg\" class=\"img-responsive wp-image-49344 img-with-aspect-ratio\" data-parent-fit=\"cover\" data-parent-container=\".fusion-image-element\" srcset=\"https:\/\/www.choral-events.com\/wp-content\/uploads\/2025\/01\/462424954_8792029227527060_4892252014103665649_n-200x150.jpg 200w, https:\/\/www.choral-events.com\/wp-content\/uploads\/2025\/01\/462424954_8792029227527060_4892252014103665649_n-400x300.jpg 400w, https:\/\/www.choral-events.com\/wp-content\/uploads\/2025\/01\/462424954_8792029227527060_4892252014103665649_n-600x450.jpg 600w, https:\/\/www.choral-events.com\/wp-content\/uploads\/2025\/01\/462424954_8792029227527060_4892252014103665649_n-800x600.jpg 800w, https:\/\/www.choral-events.com\/wp-content\/uploads\/2025\/01\/462424954_8792029227527060_4892252014103665649_n-1200x900.jpg 1200w, https:\/\/www.choral-events.com\/wp-content\/uploads\/2025\/01\/462424954_8792029227527060_4892252014103665649_n.jpg 2048w\" sizes=\"(max-width: 1024px) 100vw, (max-width: 640px) 100vw, 2048px\" \/><\/a><\/span><\/div><div class=\"fusion-title title fusion-title-207 fusion-sep-none fusion-title-center fusion-title-text fusion-title-size-paragraph\" style=\"--awb-text-color:var(--awb-color7);--awb-margin-top:10px;--awb-margin-right:5px;--awb-margin-bottom:10px;--awb-margin-left:5px;--awb-margin-top-small:16px;--awb-margin-right-small:0px;--awb-margin-bottom-small:10px;--awb-margin-left-small:0px;--awb-link-color:var(--awb-color7);--awb-font-size:16px;\"><p class=\"fusion-title-heading title-heading-center title-heading-tag fusion-responsive-typography-calculated\" style=\"margin:0;font-size:1em;--fontSize:16;--minFontSize:16;line-height:1.6;\"><a href=\"https:\/\/www.choral-events.com\/en\/chorales\/torshavn-chamber-choir\/\" class=\"awb-custom-text-color awb-custom-text-hover-color\" target=\"_self\">T\u00f3rshavn Chamber Choir<\/a><\/p><\/div><div class=\"fusion-separator\" style=\"align-self: center;margin-left: auto;margin-right: auto;flex-grow:10;margin-top:5px;margin-bottom:10px;width:100%;max-width:70px;\"><div class=\"fusion-separator-border sep-single sep-solid\" style=\"--awb-height:20px;--awb-amount:20px;border-color:var(--awb-color2);border-top-width:1px;\"><\/div><\/div><div class=\"fusion-text fusion-text-206\" style=\"--awb-content-alignment:center;--awb-text-transform:capitalize;--awb-text-color:var(--awb-color4);\"><p>Faroe Islands<\/p>\n<\/div><\/div><\/li>\n<li class=\"fusion-layout-column fusion_builder_column fusion-builder-column-207 fusion-flex-column fusion-animated post-card fusion-grid-column fusion-post-cards-grid-column 2024 bulgaria fusion-animated\" style=\"--awb-padding-bottom:5px;--awb-overflow:hidden;--awb-bg-color:var(--awb-color1);--awb-bg-color-hover:var(--awb-custom_color_2);--awb-bg-size:cover;--awb-box-shadow:0px 0px 24px hsla(var(--awb-color7-h),var(--awb-color7-s),var(--awb-color7-l),calc(var(--awb-color7-a) - 40%));;--awb-border-color:var(--awb-color4);--awb-border-color-hover:var(--awb-color7);--awb-border-top:1px;--awb-border-right:1px;--awb-border-bottom:1px;--awb-border-left:1px;--awb-border-style:solid;--awb-border-radius:6px 6px 6px 6px;--awb-flex-grow:0;--awb-flex-shrink:0;--awb-flex-grow-medium:0;--awb-flex-shrink-medium:0;--awb-flex-grow-small:0;--awb-flex-shrink-small:0;\" data-animationType=\"fadeIn\" data-animationDuration=\"1.3\" data-animationOffset=\"top-into-view\"><div class=\"fusion-column-wrapper fusion-column-has-shadow fusion-flex-justify-content-flex-start fusion-content-layout-column\"><div class=\"fusion-image-element \" style=\"--awb-aspect-ratio:16 \/ 9;--awb-margin-bottom:10px;--awb-caption-title-font-family:var(--h2_typography-font-family);--awb-caption-title-font-weight:var(--h2_typography-font-weight);--awb-caption-title-font-style:var(--h2_typography-font-style);--awb-caption-title-size:var(--h2_typography-font-size);--awb-caption-title-transform:var(--h2_typography-text-transform);--awb-caption-title-line-height:var(--h2_typography-line-height);--awb-caption-title-letter-spacing:var(--h2_typography-letter-spacing);\"><span class=\" fusion-imageframe imageframe-none imageframe-206 hover-type-none has-aspect-ratio\"><a class=\"fusion-no-lightbox\" href=\"https:\/\/www.choral-events.com\/en\/chorales\/trepetlika-choir\/\" target=\"_self\" aria-label=\"1_Bulgaria_Trepetlika Choir_web page photos\"><img decoding=\"async\" width=\"550\" height=\"350\" alt=\"The traditional choir &quot;Trepetlika&quot; \u2013 city of Burgas, Bulgaria\" src=\"https:\/\/www.choral-events.com\/wp-content\/uploads\/2024\/04\/1_Bulgarie_Choeur-Trepetlika_photos-page-web-1.jpg\" class=\"img-responsive wp-image-49905 img-with-aspect-ratio\" data-parent-fit=\"cover\" data-parent-container=\".fusion-image-element\" srcset=\"https:\/\/www.choral-events.com\/wp-content\/uploads\/2024\/04\/1_Bulgarie_Choeur-Trepetlika_photos-page-web-1-200x127.jpg 200w, https:\/\/www.choral-events.com\/wp-content\/uploads\/2024\/04\/1_Bulgarie_Choeur-Trepetlika_photos-page-web-1-400x255.jpg 400w, https:\/\/www.choral-events.com\/wp-content\/uploads\/2024\/04\/1_Bulgarie_Choeur-Trepetlika_photos-page-web-1.jpg 550w\" sizes=\"(max-width: 1024px) 100vw, (max-width: 640px) 100vw, 550px\" \/><\/a><\/span><\/div><div class=\"fusion-title title fusion-title-208 fusion-sep-none fusion-title-center fusion-title-text fusion-title-size-paragraph\" style=\"--awb-text-color:var(--awb-color7);--awb-margin-top:10px;--awb-margin-right:5px;--awb-margin-bottom:10px;--awb-margin-left:5px;--awb-margin-top-small:16px;--awb-margin-right-small:0px;--awb-margin-bottom-small:10px;--awb-margin-left-small:0px;--awb-link-color:var(--awb-color7);--awb-font-size:16px;\"><p class=\"fusion-title-heading title-heading-center title-heading-tag fusion-responsive-typography-calculated\" style=\"margin:0;font-size:1em;--fontSize:16;--minFontSize:16;line-height:1.6;\"><a href=\"https:\/\/www.choral-events.com\/en\/chorales\/trepetlika-choir\/\" class=\"awb-custom-text-color awb-custom-text-hover-color\" target=\"_self\">Trepetlika Choir<\/a><\/p><\/div><div class=\"fusion-separator\" style=\"align-self: center;margin-left: auto;margin-right: auto;flex-grow:10;margin-top:5px;margin-bottom:10px;width:100%;max-width:70px;\"><div class=\"fusion-separator-border sep-single sep-solid\" style=\"--awb-height:20px;--awb-amount:20px;border-color:var(--awb-color2);border-top-width:1px;\"><\/div><\/div><div class=\"fusion-text fusion-text-207\" style=\"--awb-content-alignment:center;--awb-text-transform:capitalize;--awb-text-color:var(--awb-color4);\"><p>Bulgaria<\/p>\n<\/div><\/div><\/li>\n<li class=\"fusion-layout-column fusion_builder_column fusion-builder-column-208 fusion-flex-column fusion-animated post-card fusion-grid-column fusion-post-cards-grid-column 2023 slovenia fusion-animated\" style=\"--awb-padding-bottom:5px;--awb-overflow:hidden;--awb-bg-color:var(--awb-color1);--awb-bg-color-hover:var(--awb-custom_color_2);--awb-bg-size:cover;--awb-box-shadow:0px 0px 24px hsla(var(--awb-color7-h),var(--awb-color7-s),var(--awb-color7-l),calc(var(--awb-color7-a) - 40%));;--awb-border-color:var(--awb-color4);--awb-border-color-hover:var(--awb-color7);--awb-border-top:1px;--awb-border-right:1px;--awb-border-bottom:1px;--awb-border-left:1px;--awb-border-style:solid;--awb-border-radius:6px 6px 6px 6px;--awb-flex-grow:0;--awb-flex-shrink:0;--awb-flex-grow-medium:0;--awb-flex-shrink-medium:0;--awb-flex-grow-small:0;--awb-flex-shrink-small:0;\" data-animationType=\"fadeIn\" data-animationDuration=\"1.3\" data-animationOffset=\"top-into-view\"><div class=\"fusion-column-wrapper fusion-column-has-shadow fusion-flex-justify-content-flex-start fusion-content-layout-column\"><div class=\"fusion-image-element \" style=\"--awb-aspect-ratio:16 \/ 9;--awb-margin-bottom:10px;--awb-caption-title-font-family:var(--h2_typography-font-family);--awb-caption-title-font-weight:var(--h2_typography-font-weight);--awb-caption-title-font-style:var(--h2_typography-font-style);--awb-caption-title-size:var(--h2_typography-font-size);--awb-caption-title-transform:var(--h2_typography-text-transform);--awb-caption-title-line-height:var(--h2_typography-line-height);--awb-caption-title-letter-spacing:var(--h2_typography-letter-spacing);\"><span class=\" fusion-imageframe imageframe-none imageframe-207 hover-type-none has-aspect-ratio\"><a class=\"fusion-no-lightbox\" href=\"https:\/\/www.choral-events.com\/en\/chorales\/triglavske-rozce-ladies-choir\/\" target=\"_self\" aria-label=\"Slovenes 2\"><img decoding=\"async\" width=\"684\" height=\"428\" src=\"https:\/\/www.choral-events.com\/wp-content\/uploads\/2023\/09\/Slovenes-2.jpg\" class=\"img-responsive wp-image-49180 img-with-aspect-ratio\" data-parent-fit=\"cover\" data-parent-container=\".fusion-image-element\" alt srcset=\"https:\/\/www.choral-events.com\/wp-content\/uploads\/2023\/09\/Slovenes-2-200x125.jpg 200w, https:\/\/www.choral-events.com\/wp-content\/uploads\/2023\/09\/Slovenes-2-400x250.jpg 400w, https:\/\/www.choral-events.com\/wp-content\/uploads\/2023\/09\/Slovenes-2-600x375.jpg 600w, https:\/\/www.choral-events.com\/wp-content\/uploads\/2023\/09\/Slovenes-2.jpg 684w\" sizes=\"(max-width: 1024px) 100vw, (max-width: 640px) 100vw, 684px\" \/><\/a><\/span><\/div><div class=\"fusion-title title fusion-title-209 fusion-sep-none fusion-title-center fusion-title-text fusion-title-size-paragraph\" style=\"--awb-text-color:var(--awb-color7);--awb-margin-top:10px;--awb-margin-right:5px;--awb-margin-bottom:10px;--awb-margin-left:5px;--awb-margin-top-small:16px;--awb-margin-right-small:0px;--awb-margin-bottom-small:10px;--awb-margin-left-small:0px;--awb-link-color:var(--awb-color7);--awb-font-size:16px;\"><p class=\"fusion-title-heading title-heading-center title-heading-tag fusion-responsive-typography-calculated\" style=\"margin:0;font-size:1em;--fontSize:16;--minFontSize:16;line-height:1.6;\"><a href=\"https:\/\/www.choral-events.com\/en\/chorales\/triglavske-rozce-ladies-choir\/\" class=\"awb-custom-text-color awb-custom-text-hover-color\" target=\"_self\">Triglavske ro\u017e\u2019ce Ladies Choir<\/a><\/p><\/div><div class=\"fusion-separator\" style=\"align-self: center;margin-left: auto;margin-right: auto;flex-grow:10;margin-top:5px;margin-bottom:10px;width:100%;max-width:70px;\"><div class=\"fusion-separator-border sep-single sep-solid\" style=\"--awb-height:20px;--awb-amount:20px;border-color:var(--awb-color2);border-top-width:1px;\"><\/div><\/div><div class=\"fusion-text fusion-text-208\" style=\"--awb-content-alignment:center;--awb-text-transform:capitalize;--awb-text-color:var(--awb-color4);\"><p>Slovenia<\/p>\n<\/div><\/div><\/li>\n<li class=\"fusion-layout-column fusion_builder_column fusion-builder-column-209 fusion-flex-column fusion-animated post-card fusion-grid-column fusion-post-cards-grid-column 2024 belgium fusion-animated\" style=\"--awb-padding-bottom:5px;--awb-overflow:hidden;--awb-bg-color:var(--awb-color1);--awb-bg-color-hover:var(--awb-custom_color_2);--awb-bg-size:cover;--awb-box-shadow:0px 0px 24px hsla(var(--awb-color7-h),var(--awb-color7-s),var(--awb-color7-l),calc(var(--awb-color7-a) - 40%));;--awb-border-color:var(--awb-color4);--awb-border-color-hover:var(--awb-color7);--awb-border-top:1px;--awb-border-right:1px;--awb-border-bottom:1px;--awb-border-left:1px;--awb-border-style:solid;--awb-border-radius:6px 6px 6px 6px;--awb-flex-grow:0;--awb-flex-shrink:0;--awb-flex-grow-medium:0;--awb-flex-shrink-medium:0;--awb-flex-grow-small:0;--awb-flex-shrink-small:0;\" data-animationType=\"fadeIn\" data-animationDuration=\"1.3\" data-animationOffset=\"top-into-view\"><div class=\"fusion-column-wrapper fusion-column-has-shadow fusion-flex-justify-content-flex-start fusion-content-layout-column\"><div class=\"fusion-image-element \" style=\"--awb-aspect-ratio:16 \/ 9;--awb-margin-bottom:10px;--awb-caption-title-font-family:var(--h2_typography-font-family);--awb-caption-title-font-weight:var(--h2_typography-font-weight);--awb-caption-title-font-style:var(--h2_typography-font-style);--awb-caption-title-size:var(--h2_typography-font-size);--awb-caption-title-transform:var(--h2_typography-text-transform);--awb-caption-title-line-height:var(--h2_typography-line-height);--awb-caption-title-letter-spacing:var(--h2_typography-letter-spacing);\"><span class=\" fusion-imageframe imageframe-none imageframe-208 hover-type-none has-aspect-ratio\"><a class=\"fusion-no-lightbox\" href=\"https:\/\/www.choral-events.com\/en\/chorales\/university-choir-antwerp\/\" target=\"_self\" aria-label=\"Universitair Koor Antwerpen, Belgium Belgium_IKA_photos web page (4)\"><img decoding=\"async\" width=\"550\" height=\"350\" alt=\"Universitair Koor Antwerpen, Belgium\" src=\"https:\/\/www.choral-events.com\/wp-content\/uploads\/2024\/03\/Belgique_IKA_photos-page-web-4.png\" class=\"img-responsive wp-image-49555 img-with-aspect-ratio\" data-parent-fit=\"cover\" data-parent-container=\".fusion-image-element\" srcset=\"https:\/\/www.choral-events.com\/wp-content\/uploads\/2024\/03\/Belgique_IKA_photos-page-web-4-200x127.png 200w, https:\/\/www.choral-events.com\/wp-content\/uploads\/2024\/03\/Belgique_IKA_photos-page-web-4-400x255.png 400w, https:\/\/www.choral-events.com\/wp-content\/uploads\/2024\/03\/Belgique_IKA_photos-page-web-4.png 550w\" sizes=\"(max-width: 1024px) 100vw, (max-width: 640px) 100vw, 550px\" \/><\/a><\/span><\/div><div class=\"fusion-title title fusion-title-210 fusion-sep-none fusion-title-center fusion-title-text fusion-title-size-paragraph\" style=\"--awb-text-color:var(--awb-color7);--awb-margin-top:10px;--awb-margin-right:5px;--awb-margin-bottom:10px;--awb-margin-left:5px;--awb-margin-top-small:16px;--awb-margin-right-small:0px;--awb-margin-bottom-small:10px;--awb-margin-left-small:0px;--awb-link-color:var(--awb-color7);--awb-font-size:16px;\"><p class=\"fusion-title-heading title-heading-center title-heading-tag fusion-responsive-typography-calculated\" style=\"margin:0;font-size:1em;--fontSize:16;--minFontSize:16;line-height:1.6;\"><a href=\"https:\/\/www.choral-events.com\/en\/chorales\/university-choir-antwerp\/\" class=\"awb-custom-text-color awb-custom-text-hover-color\" target=\"_self\">University Choir Antwerp<\/a><\/p><\/div><div class=\"fusion-separator\" style=\"align-self: center;margin-left: auto;margin-right: auto;flex-grow:10;margin-top:5px;margin-bottom:10px;width:100%;max-width:70px;\"><div class=\"fusion-separator-border sep-single sep-solid\" style=\"--awb-height:20px;--awb-amount:20px;border-color:var(--awb-color2);border-top-width:1px;\"><\/div><\/div><div class=\"fusion-text fusion-text-209\" style=\"--awb-content-alignment:center;--awb-text-transform:capitalize;--awb-text-color:var(--awb-color4);\"><p>Belgium<\/p>\n<\/div><\/div><\/li>\n<li class=\"fusion-layout-column fusion_builder_column fusion-builder-column-210 fusion-flex-column fusion-animated post-card fusion-grid-column fusion-post-cards-grid-column 2018 republique-tcheque fusion-animated\" style=\"--awb-padding-bottom:5px;--awb-overflow:hidden;--awb-bg-color:var(--awb-color1);--awb-bg-color-hover:var(--awb-custom_color_2);--awb-bg-size:cover;--awb-box-shadow:0px 0px 24px hsla(var(--awb-color7-h),var(--awb-color7-s),var(--awb-color7-l),calc(var(--awb-color7-a) - 40%));;--awb-border-color:var(--awb-color4);--awb-border-color-hover:var(--awb-color7);--awb-border-top:1px;--awb-border-right:1px;--awb-border-bottom:1px;--awb-border-left:1px;--awb-border-style:solid;--awb-border-radius:6px 6px 6px 6px;--awb-flex-grow:0;--awb-flex-shrink:0;--awb-flex-grow-medium:0;--awb-flex-shrink-medium:0;--awb-flex-grow-small:0;--awb-flex-shrink-small:0;\" data-animationType=\"fadeIn\" data-animationDuration=\"1.3\" data-animationOffset=\"top-into-view\"><div class=\"fusion-column-wrapper fusion-column-has-shadow fusion-flex-justify-content-flex-start fusion-content-layout-column\"><div class=\"fusion-image-element \" style=\"--awb-aspect-ratio:16 \/ 9;--awb-margin-bottom:10px;--awb-caption-title-font-family:var(--h2_typography-font-family);--awb-caption-title-font-weight:var(--h2_typography-font-weight);--awb-caption-title-font-style:var(--h2_typography-font-style);--awb-caption-title-size:var(--h2_typography-font-size);--awb-caption-title-transform:var(--h2_typography-text-transform);--awb-caption-title-line-height:var(--h2_typography-line-height);--awb-caption-title-letter-spacing:var(--h2_typography-letter-spacing);\"><span class=\" fusion-imageframe imageframe-none imageframe-209 hover-type-none has-aspect-ratio\"><a class=\"fusion-no-lightbox\" href=\"https:\/\/www.choral-events.com\/en\/chorales\/ustecky-detsky-sbor\/\" target=\"_self\" aria-label=\"teaserbox_50812166\"><img decoding=\"async\" width=\"900\" height=\"675\" src=\"https:\/\/www.choral-events.com\/wp-content\/uploads\/2026\/03\/teaserbox_50812166.jpg\" class=\"img-responsive wp-image-51381 img-with-aspect-ratio\" data-parent-fit=\"cover\" data-parent-container=\".fusion-image-element\" alt srcset=\"https:\/\/www.choral-events.com\/wp-content\/uploads\/2026\/03\/teaserbox_50812166-200x150.jpg 200w, https:\/\/www.choral-events.com\/wp-content\/uploads\/2026\/03\/teaserbox_50812166-400x300.jpg 400w, https:\/\/www.choral-events.com\/wp-content\/uploads\/2026\/03\/teaserbox_50812166-600x450.jpg 600w, https:\/\/www.choral-events.com\/wp-content\/uploads\/2026\/03\/teaserbox_50812166-800x600.jpg 800w, https:\/\/www.choral-events.com\/wp-content\/uploads\/2026\/03\/teaserbox_50812166.jpg 900w\" sizes=\"(max-width: 1024px) 100vw, (max-width: 640px) 100vw, 900px\" \/><\/a><\/span><\/div><div class=\"fusion-title title fusion-title-211 fusion-sep-none fusion-title-center fusion-title-text fusion-title-size-paragraph\" style=\"--awb-text-color:var(--awb-color7);--awb-margin-top:10px;--awb-margin-right:5px;--awb-margin-bottom:10px;--awb-margin-left:5px;--awb-margin-top-small:16px;--awb-margin-right-small:0px;--awb-margin-bottom-small:10px;--awb-margin-left-small:0px;--awb-link-color:var(--awb-color7);--awb-font-size:16px;\"><p class=\"fusion-title-heading title-heading-center title-heading-tag fusion-responsive-typography-calculated\" style=\"margin:0;font-size:1em;--fontSize:16;--minFontSize:16;line-height:1.6;\"><a href=\"https:\/\/www.choral-events.com\/en\/chorales\/ustecky-detsky-sbor\/\" class=\"awb-custom-text-color awb-custom-text-hover-color\" target=\"_self\">\u00daSTECK\u00dd D\u011aTSK\u00dd SBOR<\/a><\/p><\/div><div class=\"fusion-separator\" style=\"align-self: center;margin-left: auto;margin-right: auto;flex-grow:10;margin-top:5px;margin-bottom:10px;width:100%;max-width:70px;\"><div class=\"fusion-separator-border sep-single sep-solid\" style=\"--awb-height:20px;--awb-amount:20px;border-color:var(--awb-color2);border-top-width:1px;\"><\/div><\/div><div class=\"fusion-text fusion-text-210\" style=\"--awb-content-alignment:center;--awb-text-transform:capitalize;--awb-text-color:var(--awb-color4);\"><p>R\u00e9publique Tch\u00e8que<\/p>\n<\/div><\/div><\/li>\n<li class=\"fusion-layout-column fusion_builder_column fusion-builder-column-211 fusion-flex-column fusion-animated post-card fusion-grid-column fusion-post-cards-grid-column 2018 canada fusion-animated\" style=\"--awb-padding-bottom:5px;--awb-overflow:hidden;--awb-bg-color:var(--awb-color1);--awb-bg-color-hover:var(--awb-custom_color_2);--awb-bg-size:cover;--awb-box-shadow:0px 0px 24px hsla(var(--awb-color7-h),var(--awb-color7-s),var(--awb-color7-l),calc(var(--awb-color7-a) - 40%));;--awb-border-color:var(--awb-color4);--awb-border-color-hover:var(--awb-color7);--awb-border-top:1px;--awb-border-right:1px;--awb-border-bottom:1px;--awb-border-left:1px;--awb-border-style:solid;--awb-border-radius:6px 6px 6px 6px;--awb-flex-grow:0;--awb-flex-shrink:0;--awb-flex-grow-medium:0;--awb-flex-shrink-medium:0;--awb-flex-grow-small:0;--awb-flex-shrink-small:0;\" data-animationType=\"fadeIn\" data-animationDuration=\"1.3\" data-animationOffset=\"top-into-view\"><div class=\"fusion-column-wrapper fusion-column-has-shadow fusion-flex-justify-content-flex-start fusion-content-layout-column\"><div class=\"fusion-image-element \" style=\"--awb-aspect-ratio:16 \/ 9;--awb-margin-bottom:10px;--awb-caption-title-font-family:var(--h2_typography-font-family);--awb-caption-title-font-weight:var(--h2_typography-font-weight);--awb-caption-title-font-style:var(--h2_typography-font-style);--awb-caption-title-size:var(--h2_typography-font-size);--awb-caption-title-transform:var(--h2_typography-text-transform);--awb-caption-title-line-height:var(--h2_typography-line-height);--awb-caption-title-letter-spacing:var(--h2_typography-letter-spacing);\"><span class=\" fusion-imageframe imageframe-none imageframe-210 hover-type-none has-aspect-ratio\"><a class=\"fusion-no-lightbox\" href=\"https:\/\/www.choral-events.com\/en\/chorales\/vancouver-youth-choir\/\" target=\"_self\" aria-label=\"photo vancouver\"><img decoding=\"async\" width=\"1000\" height=\"333\" src=\"https:\/\/www.choral-events.com\/wp-content\/uploads\/2026\/03\/photo-vancouver.jpg\" class=\"img-responsive wp-image-51393 img-with-aspect-ratio\" data-parent-fit=\"cover\" data-parent-container=\".fusion-image-element\" alt srcset=\"https:\/\/www.choral-events.com\/wp-content\/uploads\/2026\/03\/photo-vancouver-200x67.jpg 200w, https:\/\/www.choral-events.com\/wp-content\/uploads\/2026\/03\/photo-vancouver-400x133.jpg 400w, https:\/\/www.choral-events.com\/wp-content\/uploads\/2026\/03\/photo-vancouver-600x200.jpg 600w, https:\/\/www.choral-events.com\/wp-content\/uploads\/2026\/03\/photo-vancouver-800x266.jpg 800w, https:\/\/www.choral-events.com\/wp-content\/uploads\/2026\/03\/photo-vancouver.jpg 1000w\" sizes=\"(max-width: 1024px) 100vw, (max-width: 640px) 100vw, 1000px\" \/><\/a><\/span><\/div><div class=\"fusion-title title fusion-title-212 fusion-sep-none fusion-title-center fusion-title-text fusion-title-size-paragraph\" style=\"--awb-text-color:var(--awb-color7);--awb-margin-top:10px;--awb-margin-right:5px;--awb-margin-bottom:10px;--awb-margin-left:5px;--awb-margin-top-small:16px;--awb-margin-right-small:0px;--awb-margin-bottom-small:10px;--awb-margin-left-small:0px;--awb-link-color:var(--awb-color7);--awb-font-size:16px;\"><p class=\"fusion-title-heading title-heading-center title-heading-tag fusion-responsive-typography-calculated\" style=\"margin:0;font-size:1em;--fontSize:16;--minFontSize:16;line-height:1.6;\"><a href=\"https:\/\/www.choral-events.com\/en\/chorales\/vancouver-youth-choir\/\" class=\"awb-custom-text-color awb-custom-text-hover-color\" target=\"_self\">Vancouver Youth Choir<\/a><\/p><\/div><div class=\"fusion-separator\" style=\"align-self: center;margin-left: auto;margin-right: auto;flex-grow:10;margin-top:5px;margin-bottom:10px;width:100%;max-width:70px;\"><div class=\"fusion-separator-border sep-single sep-solid\" style=\"--awb-height:20px;--awb-amount:20px;border-color:var(--awb-color2);border-top-width:1px;\"><\/div><\/div><div class=\"fusion-text fusion-text-211\" style=\"--awb-content-alignment:center;--awb-text-transform:capitalize;--awb-text-color:var(--awb-color4);\"><p>Canada<\/p>\n<\/div><\/div><\/li>\n<li class=\"fusion-layout-column fusion_builder_column fusion-builder-column-212 fusion-flex-column fusion-animated post-card fusion-grid-column fusion-post-cards-grid-column 2025 france fusion-animated\" style=\"--awb-padding-bottom:5px;--awb-overflow:hidden;--awb-bg-color:var(--awb-color1);--awb-bg-color-hover:var(--awb-custom_color_2);--awb-bg-size:cover;--awb-box-shadow:0px 0px 24px hsla(var(--awb-color7-h),var(--awb-color7-s),var(--awb-color7-l),calc(var(--awb-color7-a) - 40%));;--awb-border-color:var(--awb-color4);--awb-border-color-hover:var(--awb-color7);--awb-border-top:1px;--awb-border-right:1px;--awb-border-bottom:1px;--awb-border-left:1px;--awb-border-style:solid;--awb-border-radius:6px 6px 6px 6px;--awb-flex-grow:0;--awb-flex-shrink:0;--awb-flex-grow-medium:0;--awb-flex-shrink-medium:0;--awb-flex-grow-small:0;--awb-flex-shrink-small:0;\" data-animationType=\"fadeIn\" data-animationDuration=\"1.3\" data-animationOffset=\"top-into-view\"><div class=\"fusion-column-wrapper fusion-column-has-shadow fusion-flex-justify-content-flex-start fusion-content-layout-column\"><div class=\"fusion-image-element \" style=\"--awb-aspect-ratio:16 \/ 9;--awb-margin-bottom:10px;--awb-caption-title-font-family:var(--h2_typography-font-family);--awb-caption-title-font-weight:var(--h2_typography-font-weight);--awb-caption-title-font-style:var(--h2_typography-font-style);--awb-caption-title-size:var(--h2_typography-font-size);--awb-caption-title-transform:var(--h2_typography-text-transform);--awb-caption-title-line-height:var(--h2_typography-line-height);--awb-caption-title-letter-spacing:var(--h2_typography-letter-spacing);\"><span class=\" fusion-imageframe imageframe-none imageframe-211 hover-type-none has-aspect-ratio\"><a class=\"fusion-no-lightbox\" href=\"https:\/\/www.choral-events.com\/en\/chorales\/vannes-mens-choir\/\" target=\"_self\" aria-label=\"ChoraleFestival.\"><img decoding=\"async\" width=\"630\" height=\"354\" alt=\"A group of singers at an international festival in France. Vannes Men&#039;s Choir\" src=\"https:\/\/www.choral-events.com\/wp-content\/uploads\/2025\/01\/1.jpg\" class=\"img-responsive wp-image-49380 img-with-aspect-ratio\" data-parent-fit=\"cover\" data-parent-container=\".fusion-image-element\" srcset=\"https:\/\/www.choral-events.com\/wp-content\/uploads\/2025\/01\/1-200x112.jpg 200w, https:\/\/www.choral-events.com\/wp-content\/uploads\/2025\/01\/1-400x225.jpg 400w, https:\/\/www.choral-events.com\/wp-content\/uploads\/2025\/01\/1-600x337.jpg 600w, https:\/\/www.choral-events.com\/wp-content\/uploads\/2025\/01\/1.jpg 630w\" sizes=\"(max-width: 1024px) 100vw, (max-width: 640px) 100vw, 630px\" \/><\/a><\/span><\/div><div class=\"fusion-title title fusion-title-213 fusion-sep-none fusion-title-center fusion-title-text fusion-title-size-paragraph\" style=\"--awb-text-color:var(--awb-color7);--awb-margin-top:10px;--awb-margin-right:5px;--awb-margin-bottom:10px;--awb-margin-left:5px;--awb-margin-top-small:16px;--awb-margin-right-small:0px;--awb-margin-bottom-small:10px;--awb-margin-left-small:0px;--awb-link-color:var(--awb-color7);--awb-font-size:16px;\"><p class=\"fusion-title-heading title-heading-center title-heading-tag fusion-responsive-typography-calculated\" style=\"margin:0;font-size:1em;--fontSize:16;--minFontSize:16;line-height:1.6;\"><a href=\"https:\/\/www.choral-events.com\/en\/chorales\/vannes-mens-choir\/\" class=\"awb-custom-text-color awb-custom-text-hover-color\" target=\"_self\">Vannes Men&#8217;s Choir<\/a><\/p><\/div><div class=\"fusion-separator\" style=\"align-self: center;margin-left: auto;margin-right: auto;flex-grow:10;margin-top:5px;margin-bottom:10px;width:100%;max-width:70px;\"><div class=\"fusion-separator-border sep-single sep-solid\" style=\"--awb-height:20px;--awb-amount:20px;border-color:var(--awb-color2);border-top-width:1px;\"><\/div><\/div><div class=\"fusion-text fusion-text-212\" style=\"--awb-content-alignment:center;--awb-text-transform:capitalize;--awb-text-color:var(--awb-color4);\"><p>France<\/p>\n<\/div><\/div><\/li>\n<li class=\"fusion-layout-column fusion_builder_column fusion-builder-column-213 fusion-flex-column fusion-animated post-card fusion-grid-column fusion-post-cards-grid-column 2022 switzerland fusion-animated\" style=\"--awb-padding-bottom:5px;--awb-overflow:hidden;--awb-bg-color:var(--awb-color1);--awb-bg-color-hover:var(--awb-custom_color_2);--awb-bg-size:cover;--awb-box-shadow:0px 0px 24px hsla(var(--awb-color7-h),var(--awb-color7-s),var(--awb-color7-l),calc(var(--awb-color7-a) - 40%));;--awb-border-color:var(--awb-color4);--awb-border-color-hover:var(--awb-color7);--awb-border-top:1px;--awb-border-right:1px;--awb-border-bottom:1px;--awb-border-left:1px;--awb-border-style:solid;--awb-border-radius:6px 6px 6px 6px;--awb-flex-grow:0;--awb-flex-shrink:0;--awb-flex-grow-medium:0;--awb-flex-shrink-medium:0;--awb-flex-grow-small:0;--awb-flex-shrink-small:0;\" data-animationType=\"fadeIn\" data-animationDuration=\"1.3\" data-animationOffset=\"top-into-view\"><div class=\"fusion-column-wrapper fusion-column-has-shadow fusion-flex-justify-content-flex-start fusion-content-layout-column\"><div class=\"fusion-image-element \" style=\"--awb-aspect-ratio:16 \/ 9;--awb-margin-bottom:10px;--awb-caption-title-font-family:var(--h2_typography-font-family);--awb-caption-title-font-weight:var(--h2_typography-font-weight);--awb-caption-title-font-style:var(--h2_typography-font-style);--awb-caption-title-size:var(--h2_typography-font-size);--awb-caption-title-transform:var(--h2_typography-text-transform);--awb-caption-title-line-height:var(--h2_typography-line-height);--awb-caption-title-letter-spacing:var(--h2_typography-letter-spacing);\"><span class=\" fusion-imageframe imageframe-none imageframe-212 hover-type-none has-aspect-ratio\"><a class=\"fusion-no-lightbox\" href=\"https:\/\/www.choral-events.com\/en\/chorales\/vernier-choir\/\" target=\"_self\" aria-label=\"1_Suisse-choeur-de-Vernier-photo-page-web\"><img decoding=\"async\" width=\"550\" height=\"350\" src=\"https:\/\/www.choral-events.com\/wp-content\/uploads\/2026\/02\/1_Suisse-choeur-de-Vernier-photo-page-web.jpg\" class=\"img-responsive wp-image-49793 img-with-aspect-ratio\" data-parent-fit=\"cover\" data-parent-container=\".fusion-image-element\" alt srcset=\"https:\/\/www.choral-events.com\/wp-content\/uploads\/2026\/02\/1_Suisse-choeur-de-Vernier-photo-page-web-200x127.jpg 200w, https:\/\/www.choral-events.com\/wp-content\/uploads\/2026\/02\/1_Suisse-choeur-de-Vernier-photo-page-web-400x255.jpg 400w, https:\/\/www.choral-events.com\/wp-content\/uploads\/2026\/02\/1_Suisse-choeur-de-Vernier-photo-page-web.jpg 550w\" sizes=\"(max-width: 1024px) 100vw, (max-width: 640px) 100vw, 550px\" \/><\/a><\/span><\/div><div class=\"fusion-title title fusion-title-214 fusion-sep-none fusion-title-center fusion-title-text fusion-title-size-paragraph\" style=\"--awb-text-color:var(--awb-color7);--awb-margin-top:10px;--awb-margin-right:5px;--awb-margin-bottom:10px;--awb-margin-left:5px;--awb-margin-top-small:16px;--awb-margin-right-small:0px;--awb-margin-bottom-small:10px;--awb-margin-left-small:0px;--awb-link-color:var(--awb-color7);--awb-font-size:16px;\"><p class=\"fusion-title-heading title-heading-center title-heading-tag fusion-responsive-typography-calculated\" style=\"margin:0;font-size:1em;--fontSize:16;--minFontSize:16;line-height:1.6;\"><a href=\"https:\/\/www.choral-events.com\/en\/chorales\/vernier-choir\/\" class=\"awb-custom-text-color awb-custom-text-hover-color\" target=\"_self\">Vernier Choir<\/a><\/p><\/div><div class=\"fusion-separator\" style=\"align-self: center;margin-left: auto;margin-right: auto;flex-grow:10;margin-top:5px;margin-bottom:10px;width:100%;max-width:70px;\"><div class=\"fusion-separator-border sep-single sep-solid\" style=\"--awb-height:20px;--awb-amount:20px;border-color:var(--awb-color2);border-top-width:1px;\"><\/div><\/div><div class=\"fusion-text fusion-text-213\" style=\"--awb-content-alignment:center;--awb-text-transform:capitalize;--awb-text-color:var(--awb-color4);\"><p>Switzerland<\/p>\n<\/div><\/div><\/li>\n<li class=\"fusion-layout-column fusion_builder_column fusion-builder-column-214 fusion-flex-column fusion-animated post-card fusion-grid-column fusion-post-cards-grid-column 2024 2026 estonia fusion-animated\" style=\"--awb-padding-bottom:5px;--awb-overflow:hidden;--awb-bg-color:var(--awb-color1);--awb-bg-color-hover:var(--awb-custom_color_2);--awb-bg-size:cover;--awb-box-shadow:0px 0px 24px hsla(var(--awb-color7-h),var(--awb-color7-s),var(--awb-color7-l),calc(var(--awb-color7-a) - 40%));;--awb-border-color:var(--awb-color4);--awb-border-color-hover:var(--awb-color7);--awb-border-top:1px;--awb-border-right:1px;--awb-border-bottom:1px;--awb-border-left:1px;--awb-border-style:solid;--awb-border-radius:6px 6px 6px 6px;--awb-flex-grow:0;--awb-flex-shrink:0;--awb-flex-grow-medium:0;--awb-flex-shrink-medium:0;--awb-flex-grow-small:0;--awb-flex-shrink-small:0;\" data-animationType=\"fadeIn\" data-animationDuration=\"1.3\" data-animationOffset=\"top-into-view\"><div class=\"fusion-column-wrapper fusion-column-has-shadow fusion-flex-justify-content-flex-start fusion-content-layout-column\"><div class=\"fusion-image-element \" style=\"--awb-aspect-ratio:16 \/ 9;--awb-margin-bottom:10px;--awb-caption-title-font-family:var(--h2_typography-font-family);--awb-caption-title-font-weight:var(--h2_typography-font-weight);--awb-caption-title-font-style:var(--h2_typography-font-style);--awb-caption-title-size:var(--h2_typography-font-size);--awb-caption-title-transform:var(--h2_typography-text-transform);--awb-caption-title-line-height:var(--h2_typography-line-height);--awb-caption-title-letter-spacing:var(--h2_typography-letter-spacing);\"><span class=\" fusion-imageframe imageframe-none imageframe-213 hover-type-none has-aspect-ratio\"><a class=\"fusion-no-lightbox\" href=\"https:\/\/www.choral-events.com\/en\/chorales\/viimsi-school-choir\/\" target=\"_self\" aria-label=\"Estonia_Viimsi Choir_web page photos (2)\"><img decoding=\"async\" width=\"550\" height=\"350\" alt=\"Viimsi School Alumni Choir\" src=\"https:\/\/www.choral-events.com\/wp-content\/uploads\/2024\/03\/Estonie_Choeur-de-Viimsi_photos-page-web-2.jpg\" class=\"img-responsive wp-image-49244 img-with-aspect-ratio\" data-parent-fit=\"cover\" data-parent-container=\".fusion-image-element\" srcset=\"https:\/\/www.choral-events.com\/wp-content\/uploads\/2024\/03\/Estonie_Choeur-de-Viimsi_photos-page-web-2-200x127.jpg 200w, https:\/\/www.choral-events.com\/wp-content\/uploads\/2024\/03\/Estonie_Choeur-de-Viimsi_photos-page-web-2-400x255.jpg 400w, https:\/\/www.choral-events.com\/wp-content\/uploads\/2024\/03\/Estonie_Choeur-de-Viimsi_photos-page-web-2.jpg 550w\" sizes=\"(max-width: 1024px) 100vw, (max-width: 640px) 100vw, 550px\" \/><\/a><\/span><\/div><div class=\"fusion-title title fusion-title-215 fusion-sep-none fusion-title-center fusion-title-text fusion-title-size-paragraph\" style=\"--awb-text-color:var(--awb-color7);--awb-margin-top:10px;--awb-margin-right:5px;--awb-margin-bottom:10px;--awb-margin-left:5px;--awb-margin-top-small:16px;--awb-margin-right-small:0px;--awb-margin-bottom-small:10px;--awb-margin-left-small:0px;--awb-link-color:var(--awb-color7);--awb-font-size:16px;\"><p class=\"fusion-title-heading title-heading-center title-heading-tag fusion-responsive-typography-calculated\" style=\"margin:0;font-size:1em;--fontSize:16;--minFontSize:16;line-height:1.6;\"><a href=\"https:\/\/www.choral-events.com\/en\/chorales\/viimsi-school-choir\/\" class=\"awb-custom-text-color awb-custom-text-hover-color\" target=\"_self\">Viimsi School Choir<\/a><\/p><\/div><div class=\"fusion-separator\" style=\"align-self: center;margin-left: auto;margin-right: auto;flex-grow:10;margin-top:5px;margin-bottom:10px;width:100%;max-width:70px;\"><div class=\"fusion-separator-border sep-single sep-solid\" style=\"--awb-height:20px;--awb-amount:20px;border-color:var(--awb-color2);border-top-width:1px;\"><\/div><\/div><div class=\"fusion-text fusion-text-214\" style=\"--awb-content-alignment:center;--awb-text-transform:capitalize;--awb-text-color:var(--awb-color4);\"><p>Estonia<\/p>\n<\/div><\/div><\/li>\n<li class=\"fusion-layout-column fusion_builder_column fusion-builder-column-215 fusion-flex-column fusion-animated post-card fusion-grid-column fusion-post-cards-grid-column 2022 portugal fusion-animated\" style=\"--awb-padding-bottom:5px;--awb-overflow:hidden;--awb-bg-color:var(--awb-color1);--awb-bg-color-hover:var(--awb-custom_color_2);--awb-bg-size:cover;--awb-box-shadow:0px 0px 24px hsla(var(--awb-color7-h),var(--awb-color7-s),var(--awb-color7-l),calc(var(--awb-color7-a) - 40%));;--awb-border-color:var(--awb-color4);--awb-border-color-hover:var(--awb-color7);--awb-border-top:1px;--awb-border-right:1px;--awb-border-bottom:1px;--awb-border-left:1px;--awb-border-style:solid;--awb-border-radius:6px 6px 6px 6px;--awb-flex-grow:0;--awb-flex-shrink:0;--awb-flex-grow-medium:0;--awb-flex-shrink-medium:0;--awb-flex-grow-small:0;--awb-flex-shrink-small:0;\" data-animationType=\"fadeIn\" data-animationDuration=\"1.3\" data-animationOffset=\"top-into-view\"><div class=\"fusion-column-wrapper fusion-column-has-shadow fusion-flex-justify-content-flex-start fusion-content-layout-column\"><div class=\"fusion-image-element \" style=\"--awb-aspect-ratio:16 \/ 9;--awb-margin-bottom:10px;--awb-caption-title-font-family:var(--h2_typography-font-family);--awb-caption-title-font-weight:var(--h2_typography-font-weight);--awb-caption-title-font-style:var(--h2_typography-font-style);--awb-caption-title-size:var(--h2_typography-font-size);--awb-caption-title-transform:var(--h2_typography-text-transform);--awb-caption-title-line-height:var(--h2_typography-line-height);--awb-caption-title-letter-spacing:var(--h2_typography-letter-spacing);\"><span class=\" fusion-imageframe imageframe-none imageframe-214 hover-type-none has-aspect-ratio\"><a class=\"fusion-no-lightbox\" href=\"https:\/\/www.choral-events.com\/en\/chorales\/amvp-youth-choir\/\" target=\"_self\" aria-label=\"xr:d:DAE_oC0-Kss:4,j:25254566505,t:22050308\"><img decoding=\"async\" width=\"550\" height=\"350\" src=\"https:\/\/www.choral-events.com\/wp-content\/uploads\/2026\/02\/1_Choeur-des-jeunes-de-lAMVP-Portugal-photo-page-web-.jpg\" class=\"img-responsive wp-image-51663 img-with-aspect-ratio\" data-parent-fit=\"cover\" data-parent-container=\".fusion-image-element\" alt srcset=\"https:\/\/www.choral-events.com\/wp-content\/uploads\/2026\/02\/1_Choeur-des-jeunes-de-lAMVP-Portugal-photo-page-web--200x127.jpg 200w, https:\/\/www.choral-events.com\/wp-content\/uploads\/2026\/02\/1_Choeur-des-jeunes-de-lAMVP-Portugal-photo-page-web--400x255.jpg 400w, https:\/\/www.choral-events.com\/wp-content\/uploads\/2026\/02\/1_Choeur-des-jeunes-de-lAMVP-Portugal-photo-page-web-.jpg 550w\" sizes=\"(max-width: 1024px) 100vw, (max-width: 640px) 100vw, 550px\" \/><\/a><\/span><\/div><div class=\"fusion-title title fusion-title-216 fusion-sep-none fusion-title-center fusion-title-text fusion-title-size-paragraph\" style=\"--awb-text-color:var(--awb-color7);--awb-margin-top:10px;--awb-margin-right:5px;--awb-margin-bottom:10px;--awb-margin-left:5px;--awb-margin-top-small:16px;--awb-margin-right-small:0px;--awb-margin-bottom-small:10px;--awb-margin-left-small:0px;--awb-link-color:var(--awb-color7);--awb-font-size:16px;\"><p class=\"fusion-title-heading title-heading-center title-heading-tag fusion-responsive-typography-calculated\" style=\"margin:0;font-size:1em;--fontSize:16;--minFontSize:16;line-height:1.6;\"><a href=\"https:\/\/www.choral-events.com\/en\/chorales\/amvp-youth-choir\/\" class=\"awb-custom-text-color awb-custom-text-hover-color\" target=\"_self\">Vilar do Para\u00edso Music Academy Youth Choir<\/a><\/p><\/div><div class=\"fusion-separator\" style=\"align-self: center;margin-left: auto;margin-right: auto;flex-grow:10;margin-top:5px;margin-bottom:10px;width:100%;max-width:70px;\"><div class=\"fusion-separator-border sep-single sep-solid\" style=\"--awb-height:20px;--awb-amount:20px;border-color:var(--awb-color2);border-top-width:1px;\"><\/div><\/div><div class=\"fusion-text fusion-text-215\" style=\"--awb-content-alignment:center;--awb-text-transform:capitalize;--awb-text-color:var(--awb-color4);\"><p>Portugal<\/p>\n<\/div><\/div><\/li>\n<li class=\"fusion-layout-column fusion_builder_column fusion-builder-column-216 fusion-flex-column fusion-animated post-card fusion-grid-column fusion-post-cards-grid-column 2026 france fusion-animated\" style=\"--awb-padding-bottom:5px;--awb-overflow:hidden;--awb-bg-color:var(--awb-color1);--awb-bg-color-hover:var(--awb-custom_color_2);--awb-bg-size:cover;--awb-box-shadow:0px 0px 24px hsla(var(--awb-color7-h),var(--awb-color7-s),var(--awb-color7-l),calc(var(--awb-color7-a) - 40%));;--awb-border-color:var(--awb-color4);--awb-border-color-hover:var(--awb-color7);--awb-border-top:1px;--awb-border-right:1px;--awb-border-bottom:1px;--awb-border-left:1px;--awb-border-style:solid;--awb-border-radius:6px 6px 6px 6px;--awb-flex-grow:0;--awb-flex-shrink:0;--awb-flex-grow-medium:0;--awb-flex-shrink-medium:0;--awb-flex-grow-small:0;--awb-flex-shrink-small:0;\" data-animationType=\"fadeIn\" data-animationDuration=\"1.3\" data-animationOffset=\"top-into-view\"><div class=\"fusion-column-wrapper fusion-column-has-shadow fusion-flex-justify-content-flex-start fusion-content-layout-column\"><div class=\"fusion-image-element \" style=\"--awb-aspect-ratio:16 \/ 9;--awb-margin-bottom:10px;--awb-caption-title-font-family:var(--h2_typography-font-family);--awb-caption-title-font-weight:var(--h2_typography-font-weight);--awb-caption-title-font-style:var(--h2_typography-font-style);--awb-caption-title-size:var(--h2_typography-font-size);--awb-caption-title-transform:var(--h2_typography-text-transform);--awb-caption-title-line-height:var(--h2_typography-line-height);--awb-caption-title-letter-spacing:var(--h2_typography-letter-spacing);\"><span class=\" fusion-imageframe imageframe-none imageframe-215 hover-type-none has-aspect-ratio\"><a class=\"fusion-no-lightbox\" href=\"https:\/\/www.choral-events.com\/en\/chorales\/vocaniz\/\" target=\"_self\" aria-label=\"photo1\"><img decoding=\"async\" width=\"2016\" height=\"1512\" src=\"https:\/\/www.choral-events.com\/wp-content\/uploads\/2026\/03\/photo1.png\" class=\"img-responsive wp-image-52192 img-with-aspect-ratio\" data-parent-fit=\"cover\" data-parent-container=\".fusion-image-element\" alt srcset=\"https:\/\/www.choral-events.com\/wp-content\/uploads\/2026\/03\/photo1-200x150.png 200w, https:\/\/www.choral-events.com\/wp-content\/uploads\/2026\/03\/photo1-400x300.png 400w, https:\/\/www.choral-events.com\/wp-content\/uploads\/2026\/03\/photo1-600x450.png 600w, https:\/\/www.choral-events.com\/wp-content\/uploads\/2026\/03\/photo1-800x600.png 800w, https:\/\/www.choral-events.com\/wp-content\/uploads\/2026\/03\/photo1-1200x900.png 1200w, https:\/\/www.choral-events.com\/wp-content\/uploads\/2026\/03\/photo1.png 2016w\" sizes=\"(max-width: 1024px) 100vw, (max-width: 640px) 100vw, 2016px\" \/><\/a><\/span><\/div><div class=\"fusion-title title fusion-title-217 fusion-sep-none fusion-title-center fusion-title-text fusion-title-size-paragraph\" style=\"--awb-text-color:var(--awb-color7);--awb-margin-top:10px;--awb-margin-right:5px;--awb-margin-bottom:10px;--awb-margin-left:5px;--awb-margin-top-small:16px;--awb-margin-right-small:0px;--awb-margin-bottom-small:10px;--awb-margin-left-small:0px;--awb-link-color:var(--awb-color7);--awb-font-size:16px;\"><p class=\"fusion-title-heading title-heading-center title-heading-tag fusion-responsive-typography-calculated\" style=\"margin:0;font-size:1em;--fontSize:16;--minFontSize:16;line-height:1.6;\"><a href=\"https:\/\/www.choral-events.com\/en\/chorales\/vocaniz\/\" class=\"awb-custom-text-color awb-custom-text-hover-color\" target=\"_self\">Voca&#8217;niz<\/a><\/p><\/div><div class=\"fusion-separator\" style=\"align-self: center;margin-left: auto;margin-right: auto;flex-grow:10;margin-top:5px;margin-bottom:10px;width:100%;max-width:70px;\"><div class=\"fusion-separator-border sep-single sep-solid\" style=\"--awb-height:20px;--awb-amount:20px;border-color:var(--awb-color2);border-top-width:1px;\"><\/div><\/div><div class=\"fusion-text fusion-text-216\" style=\"--awb-content-alignment:center;--awb-text-transform:capitalize;--awb-text-color:var(--awb-color4);\"><\/div><\/div><\/li>\n<li class=\"fusion-layout-column fusion_builder_column fusion-builder-column-217 fusion-flex-column fusion-animated post-card fusion-grid-column fusion-post-cards-grid-column 2018 quebec fusion-animated\" style=\"--awb-padding-bottom:5px;--awb-overflow:hidden;--awb-bg-color:var(--awb-color1);--awb-bg-color-hover:var(--awb-custom_color_2);--awb-bg-size:cover;--awb-box-shadow:0px 0px 24px hsla(var(--awb-color7-h),var(--awb-color7-s),var(--awb-color7-l),calc(var(--awb-color7-a) - 40%));;--awb-border-color:var(--awb-color4);--awb-border-color-hover:var(--awb-color7);--awb-border-top:1px;--awb-border-right:1px;--awb-border-bottom:1px;--awb-border-left:1px;--awb-border-style:solid;--awb-border-radius:6px 6px 6px 6px;--awb-flex-grow:0;--awb-flex-shrink:0;--awb-flex-grow-medium:0;--awb-flex-shrink-medium:0;--awb-flex-grow-small:0;--awb-flex-shrink-small:0;\" data-animationType=\"fadeIn\" data-animationDuration=\"1.3\" data-animationOffset=\"top-into-view\"><div class=\"fusion-column-wrapper fusion-column-has-shadow fusion-flex-justify-content-flex-start fusion-content-layout-column\"><div class=\"fusion-image-element \" style=\"--awb-aspect-ratio:16 \/ 9;--awb-margin-bottom:10px;--awb-caption-title-font-family:var(--h2_typography-font-family);--awb-caption-title-font-weight:var(--h2_typography-font-weight);--awb-caption-title-font-style:var(--h2_typography-font-style);--awb-caption-title-size:var(--h2_typography-font-size);--awb-caption-title-transform:var(--h2_typography-text-transform);--awb-caption-title-line-height:var(--h2_typography-line-height);--awb-caption-title-letter-spacing:var(--h2_typography-letter-spacing);\"><span class=\" fusion-imageframe imageframe-none imageframe-216 hover-type-none has-aspect-ratio\"><a class=\"fusion-no-lightbox\" href=\"https:\/\/www.choral-events.com\/en\/chorales\/vocadiva\/\" target=\"_self\" aria-label=\"Voca Diva 1\"><img decoding=\"async\" width=\"1620\" height=\"1080\" src=\"https:\/\/www.choral-events.com\/wp-content\/uploads\/2026\/03\/Voca-Diva-1.jpg\" class=\"img-responsive wp-image-51401 img-with-aspect-ratio\" data-parent-fit=\"cover\" data-parent-container=\".fusion-image-element\" alt srcset=\"https:\/\/www.choral-events.com\/wp-content\/uploads\/2026\/03\/Voca-Diva-1-200x133.jpg 200w, https:\/\/www.choral-events.com\/wp-content\/uploads\/2026\/03\/Voca-Diva-1-400x267.jpg 400w, https:\/\/www.choral-events.com\/wp-content\/uploads\/2026\/03\/Voca-Diva-1-600x400.jpg 600w, https:\/\/www.choral-events.com\/wp-content\/uploads\/2026\/03\/Voca-Diva-1-800x533.jpg 800w, https:\/\/www.choral-events.com\/wp-content\/uploads\/2026\/03\/Voca-Diva-1-1200x800.jpg 1200w, https:\/\/www.choral-events.com\/wp-content\/uploads\/2026\/03\/Voca-Diva-1.jpg 1620w\" sizes=\"(max-width: 1024px) 100vw, (max-width: 640px) 100vw, 1620px\" \/><\/a><\/span><\/div><div class=\"fusion-title title fusion-title-218 fusion-sep-none fusion-title-center fusion-title-text fusion-title-size-paragraph\" style=\"--awb-text-color:var(--awb-color7);--awb-margin-top:10px;--awb-margin-right:5px;--awb-margin-bottom:10px;--awb-margin-left:5px;--awb-margin-top-small:16px;--awb-margin-right-small:0px;--awb-margin-bottom-small:10px;--awb-margin-left-small:0px;--awb-link-color:var(--awb-color7);--awb-font-size:16px;\"><p class=\"fusion-title-heading title-heading-center title-heading-tag fusion-responsive-typography-calculated\" style=\"margin:0;font-size:1em;--fontSize:16;--minFontSize:16;line-height:1.6;\"><a href=\"https:\/\/www.choral-events.com\/en\/chorales\/vocadiva\/\" class=\"awb-custom-text-color awb-custom-text-hover-color\" target=\"_self\">Vocadiva<\/a><\/p><\/div><div class=\"fusion-separator\" style=\"align-self: center;margin-left: auto;margin-right: auto;flex-grow:10;margin-top:5px;margin-bottom:10px;width:100%;max-width:70px;\"><div class=\"fusion-separator-border sep-single sep-solid\" style=\"--awb-height:20px;--awb-amount:20px;border-color:var(--awb-color2);border-top-width:1px;\"><\/div><\/div><div class=\"fusion-text fusion-text-217\" style=\"--awb-content-alignment:center;--awb-text-transform:capitalize;--awb-text-color:var(--awb-color4);\"><p>Qu\u00e9bec<\/p>\n<\/div><\/div><\/li>\n<li class=\"fusion-layout-column fusion_builder_column fusion-builder-column-218 fusion-flex-column fusion-animated post-card fusion-grid-column fusion-post-cards-grid-column 2022 2025 italy fusion-animated\" style=\"--awb-padding-bottom:5px;--awb-overflow:hidden;--awb-bg-color:var(--awb-color1);--awb-bg-color-hover:var(--awb-custom_color_2);--awb-bg-size:cover;--awb-box-shadow:0px 0px 24px hsla(var(--awb-color7-h),var(--awb-color7-s),var(--awb-color7-l),calc(var(--awb-color7-a) - 40%));;--awb-border-color:var(--awb-color4);--awb-border-color-hover:var(--awb-color7);--awb-border-top:1px;--awb-border-right:1px;--awb-border-bottom:1px;--awb-border-left:1px;--awb-border-style:solid;--awb-border-radius:6px 6px 6px 6px;--awb-flex-grow:0;--awb-flex-shrink:0;--awb-flex-grow-medium:0;--awb-flex-shrink-medium:0;--awb-flex-grow-small:0;--awb-flex-shrink-small:0;\" data-animationType=\"fadeIn\" data-animationDuration=\"1.3\" data-animationOffset=\"top-into-view\"><div class=\"fusion-column-wrapper fusion-column-has-shadow fusion-flex-justify-content-flex-start fusion-content-layout-column\"><div class=\"fusion-image-element \" style=\"--awb-aspect-ratio:16 \/ 9;--awb-margin-bottom:10px;--awb-caption-title-font-family:var(--h2_typography-font-family);--awb-caption-title-font-weight:var(--h2_typography-font-weight);--awb-caption-title-font-style:var(--h2_typography-font-style);--awb-caption-title-size:var(--h2_typography-font-size);--awb-caption-title-transform:var(--h2_typography-text-transform);--awb-caption-title-line-height:var(--h2_typography-line-height);--awb-caption-title-letter-spacing:var(--h2_typography-letter-spacing);\"><span class=\" fusion-imageframe imageframe-none imageframe-217 hover-type-none has-aspect-ratio\"><a class=\"fusion-no-lightbox\" href=\"https:\/\/www.choral-events.com\/en\/chorales\/vocal-blue-trains\/\" target=\"_self\" aria-label=\"Vocal Blue Trains \u2013 Italy\"><img decoding=\"async\" width=\"550\" height=\"350\" alt=\"Vocal Blue Trains \u2013 Italy\" src=\"https:\/\/www.choral-events.com\/wp-content\/uploads\/2026\/02\/6_vocal-Blue-Trains-Italie.jpg\" class=\"img-responsive wp-image-49680 img-with-aspect-ratio\" data-parent-fit=\"cover\" data-parent-container=\".fusion-image-element\" srcset=\"https:\/\/www.choral-events.com\/wp-content\/uploads\/2026\/02\/6_vocal-Blue-Trains-Italie-200x127.jpg 200w, https:\/\/www.choral-events.com\/wp-content\/uploads\/2026\/02\/6_vocal-Blue-Trains-Italie-400x255.jpg 400w, https:\/\/www.choral-events.com\/wp-content\/uploads\/2026\/02\/6_vocal-Blue-Trains-Italie.jpg 550w\" sizes=\"(max-width: 1024px) 100vw, (max-width: 640px) 100vw, 550px\" \/><\/a><\/span><\/div><div class=\"fusion-title title fusion-title-219 fusion-sep-none fusion-title-center fusion-title-text fusion-title-size-paragraph\" style=\"--awb-text-color:var(--awb-color7);--awb-margin-top:10px;--awb-margin-right:5px;--awb-margin-bottom:10px;--awb-margin-left:5px;--awb-margin-top-small:16px;--awb-margin-right-small:0px;--awb-margin-bottom-small:10px;--awb-margin-left-small:0px;--awb-link-color:var(--awb-color7);--awb-font-size:16px;\"><p class=\"fusion-title-heading title-heading-center title-heading-tag fusion-responsive-typography-calculated\" style=\"margin:0;font-size:1em;--fontSize:16;--minFontSize:16;line-height:1.6;\"><a href=\"https:\/\/www.choral-events.com\/en\/chorales\/vocal-blue-trains\/\" class=\"awb-custom-text-color awb-custom-text-hover-color\" target=\"_self\">Vocal Blue Trains<\/a><\/p><\/div><div class=\"fusion-separator\" style=\"align-self: center;margin-left: auto;margin-right: auto;flex-grow:10;margin-top:5px;margin-bottom:10px;width:100%;max-width:70px;\"><div class=\"fusion-separator-border sep-single sep-solid\" style=\"--awb-height:20px;--awb-amount:20px;border-color:var(--awb-color2);border-top-width:1px;\"><\/div><\/div><div class=\"fusion-text fusion-text-218\" style=\"--awb-content-alignment:center;--awb-text-transform:capitalize;--awb-text-color:var(--awb-color4);\"><p>Italy<\/p>\n<\/div><\/div><\/li>\n<li class=\"fusion-layout-column fusion_builder_column fusion-builder-column-219 fusion-flex-column fusion-animated post-card fusion-grid-column fusion-post-cards-grid-column 2025 france fusion-animated\" style=\"--awb-padding-bottom:5px;--awb-overflow:hidden;--awb-bg-color:var(--awb-color1);--awb-bg-color-hover:var(--awb-custom_color_2);--awb-bg-size:cover;--awb-box-shadow:0px 0px 24px hsla(var(--awb-color7-h),var(--awb-color7-s),var(--awb-color7-l),calc(var(--awb-color7-a) - 40%));;--awb-border-color:var(--awb-color4);--awb-border-color-hover:var(--awb-color7);--awb-border-top:1px;--awb-border-right:1px;--awb-border-bottom:1px;--awb-border-left:1px;--awb-border-style:solid;--awb-border-radius:6px 6px 6px 6px;--awb-flex-grow:0;--awb-flex-shrink:0;--awb-flex-grow-medium:0;--awb-flex-shrink-medium:0;--awb-flex-grow-small:0;--awb-flex-shrink-small:0;\" data-animationType=\"fadeIn\" data-animationDuration=\"1.3\" data-animationOffset=\"top-into-view\"><div class=\"fusion-column-wrapper fusion-column-has-shadow fusion-flex-justify-content-flex-start fusion-content-layout-column\"><div class=\"fusion-image-element \" style=\"--awb-aspect-ratio:16 \/ 9;--awb-margin-bottom:10px;--awb-caption-title-font-family:var(--h2_typography-font-family);--awb-caption-title-font-weight:var(--h2_typography-font-weight);--awb-caption-title-font-style:var(--h2_typography-font-style);--awb-caption-title-size:var(--h2_typography-font-size);--awb-caption-title-transform:var(--h2_typography-text-transform);--awb-caption-title-line-height:var(--h2_typography-line-height);--awb-caption-title-letter-spacing:var(--h2_typography-letter-spacing);\"><span class=\" fusion-imageframe imageframe-none imageframe-218 hover-type-none has-aspect-ratio\"><a class=\"fusion-no-lightbox\" href=\"https:\/\/www.choral-events.com\/en\/chorales\/vocal-ensemble-of-meounes\/\" target=\"_self\" aria-label=\"Vocal Ensemble of M\u00e9ounes \u2013 France\"><img decoding=\"async\" width=\"2560\" height=\"1561\" alt=\"Vocal Ensemble of M\u00e9ounes \u2013 France\" src=\"https:\/\/www.choral-events.com\/wp-content\/uploads\/2025\/02\/concert-scaled-1.jpg\" class=\"img-responsive wp-image-49288 img-with-aspect-ratio\" data-parent-fit=\"cover\" data-parent-container=\".fusion-image-element\" srcset=\"https:\/\/www.choral-events.com\/wp-content\/uploads\/2025\/02\/concert-scaled-1-200x122.jpg 200w, https:\/\/www.choral-events.com\/wp-content\/uploads\/2025\/02\/concert-scaled-1-400x244.jpg 400w, https:\/\/www.choral-events.com\/wp-content\/uploads\/2025\/02\/concert-scaled-1-600x366.jpg 600w, https:\/\/www.choral-events.com\/wp-content\/uploads\/2025\/02\/concert-scaled-1-800x488.jpg 800w, https:\/\/www.choral-events.com\/wp-content\/uploads\/2025\/02\/concert-scaled-1-1200x732.jpg 1200w, https:\/\/www.choral-events.com\/wp-content\/uploads\/2025\/02\/concert-scaled-1.jpg 2560w\" sizes=\"(max-width: 1024px) 100vw, (max-width: 640px) 100vw, 2560px\" \/><\/a><\/span><\/div><div class=\"fusion-title title fusion-title-220 fusion-sep-none fusion-title-center fusion-title-text fusion-title-size-paragraph\" style=\"--awb-text-color:var(--awb-color7);--awb-margin-top:10px;--awb-margin-right:5px;--awb-margin-bottom:10px;--awb-margin-left:5px;--awb-margin-top-small:16px;--awb-margin-right-small:0px;--awb-margin-bottom-small:10px;--awb-margin-left-small:0px;--awb-link-color:var(--awb-color7);--awb-font-size:16px;\"><p class=\"fusion-title-heading title-heading-center title-heading-tag fusion-responsive-typography-calculated\" style=\"margin:0;font-size:1em;--fontSize:16;--minFontSize:16;line-height:1.6;\"><a href=\"https:\/\/www.choral-events.com\/en\/chorales\/vocal-ensemble-of-meounes\/\" class=\"awb-custom-text-color awb-custom-text-hover-color\" target=\"_self\">Vocal Ensemble of M\u00e9ounes<\/a><\/p><\/div><div class=\"fusion-separator\" style=\"align-self: center;margin-left: auto;margin-right: auto;flex-grow:10;margin-top:5px;margin-bottom:10px;width:100%;max-width:70px;\"><div class=\"fusion-separator-border sep-single sep-solid\" style=\"--awb-height:20px;--awb-amount:20px;border-color:var(--awb-color2);border-top-width:1px;\"><\/div><\/div><div class=\"fusion-text fusion-text-219\" style=\"--awb-content-alignment:center;--awb-text-transform:capitalize;--awb-text-color:var(--awb-color4);\"><p>France<\/p>\n<\/div><\/div><\/li>\n<li class=\"fusion-layout-column fusion_builder_column fusion-builder-column-220 fusion-flex-column fusion-animated post-card fusion-grid-column fusion-post-cards-grid-column 2022 france fusion-animated\" style=\"--awb-padding-bottom:5px;--awb-overflow:hidden;--awb-bg-color:var(--awb-color1);--awb-bg-color-hover:var(--awb-custom_color_2);--awb-bg-size:cover;--awb-box-shadow:0px 0px 24px hsla(var(--awb-color7-h),var(--awb-color7-s),var(--awb-color7-l),calc(var(--awb-color7-a) - 40%));;--awb-border-color:var(--awb-color4);--awb-border-color-hover:var(--awb-color7);--awb-border-top:1px;--awb-border-right:1px;--awb-border-bottom:1px;--awb-border-left:1px;--awb-border-style:solid;--awb-border-radius:6px 6px 6px 6px;--awb-flex-grow:0;--awb-flex-shrink:0;--awb-flex-grow-medium:0;--awb-flex-shrink-medium:0;--awb-flex-grow-small:0;--awb-flex-shrink-small:0;\" data-animationType=\"fadeIn\" data-animationDuration=\"1.3\" data-animationOffset=\"top-into-view\"><div class=\"fusion-column-wrapper fusion-column-has-shadow fusion-flex-justify-content-flex-start fusion-content-layout-column\"><div class=\"fusion-image-element \" style=\"--awb-aspect-ratio:16 \/ 9;--awb-margin-bottom:10px;--awb-caption-title-font-family:var(--h2_typography-font-family);--awb-caption-title-font-weight:var(--h2_typography-font-weight);--awb-caption-title-font-style:var(--h2_typography-font-style);--awb-caption-title-size:var(--h2_typography-font-size);--awb-caption-title-transform:var(--h2_typography-text-transform);--awb-caption-title-line-height:var(--h2_typography-line-height);--awb-caption-title-letter-spacing:var(--h2_typography-letter-spacing);\"><span class=\" fusion-imageframe imageframe-none imageframe-219 hover-type-none has-aspect-ratio\"><a class=\"fusion-no-lightbox\" href=\"https:\/\/www.choral-events.com\/en\/chorales\/vocal-keyboard-ensemble\/\" target=\"_self\"><img decoding=\"async\" src=\"https:\/\/www.choral-events.eskale.fr\/wp-content\/uploads\/2026\/02\/Chorales-2022.jpg\" class=\"img-responsive img-with-aspect-ratio\" data-parent-fit=\"cover\" data-parent-container=\".fusion-image-element\" alt \/><\/a><\/span><\/div><div class=\"fusion-title title fusion-title-221 fusion-sep-none fusion-title-center fusion-title-text fusion-title-size-paragraph\" style=\"--awb-text-color:var(--awb-color7);--awb-margin-top:10px;--awb-margin-right:5px;--awb-margin-bottom:10px;--awb-margin-left:5px;--awb-margin-top-small:16px;--awb-margin-right-small:0px;--awb-margin-bottom-small:10px;--awb-margin-left-small:0px;--awb-link-color:var(--awb-color7);--awb-font-size:16px;\"><p class=\"fusion-title-heading title-heading-center title-heading-tag fusion-responsive-typography-calculated\" style=\"margin:0;font-size:1em;--fontSize:16;--minFontSize:16;line-height:1.6;\"><a href=\"https:\/\/www.choral-events.com\/en\/chorales\/vocal-keyboard-ensemble\/\" class=\"awb-custom-text-color awb-custom-text-hover-color\" target=\"_self\">Vocal Keyboard Ensemble<\/a><\/p><\/div><div class=\"fusion-separator\" style=\"align-self: center;margin-left: auto;margin-right: auto;flex-grow:10;margin-top:5px;margin-bottom:10px;width:100%;max-width:70px;\"><div class=\"fusion-separator-border sep-single sep-solid\" style=\"--awb-height:20px;--awb-amount:20px;border-color:var(--awb-color2);border-top-width:1px;\"><\/div><\/div><div class=\"fusion-text fusion-text-220\" style=\"--awb-content-alignment:center;--awb-text-transform:capitalize;--awb-text-color:var(--awb-color4);\"><p>France<\/p>\n<\/div><\/div><\/li>\n<li class=\"fusion-layout-column fusion_builder_column fusion-builder-column-221 fusion-flex-column fusion-animated post-card fusion-grid-column fusion-post-cards-grid-column 2022 spain fusion-animated\" style=\"--awb-padding-bottom:5px;--awb-overflow:hidden;--awb-bg-color:var(--awb-color1);--awb-bg-color-hover:var(--awb-custom_color_2);--awb-bg-size:cover;--awb-box-shadow:0px 0px 24px hsla(var(--awb-color7-h),var(--awb-color7-s),var(--awb-color7-l),calc(var(--awb-color7-a) - 40%));;--awb-border-color:var(--awb-color4);--awb-border-color-hover:var(--awb-color7);--awb-border-top:1px;--awb-border-right:1px;--awb-border-bottom:1px;--awb-border-left:1px;--awb-border-style:solid;--awb-border-radius:6px 6px 6px 6px;--awb-flex-grow:0;--awb-flex-shrink:0;--awb-flex-grow-medium:0;--awb-flex-shrink-medium:0;--awb-flex-grow-small:0;--awb-flex-shrink-small:0;\" data-animationType=\"fadeIn\" data-animationDuration=\"1.3\" data-animationOffset=\"top-into-view\"><div class=\"fusion-column-wrapper fusion-column-has-shadow fusion-flex-justify-content-flex-start fusion-content-layout-column\"><div class=\"fusion-image-element \" style=\"--awb-aspect-ratio:16 \/ 9;--awb-margin-bottom:10px;--awb-caption-title-font-family:var(--h2_typography-font-family);--awb-caption-title-font-weight:var(--h2_typography-font-weight);--awb-caption-title-font-style:var(--h2_typography-font-style);--awb-caption-title-size:var(--h2_typography-font-size);--awb-caption-title-transform:var(--h2_typography-text-transform);--awb-caption-title-line-height:var(--h2_typography-line-height);--awb-caption-title-letter-spacing:var(--h2_typography-letter-spacing);\"><span class=\" fusion-imageframe imageframe-none imageframe-220 hover-type-none has-aspect-ratio\"><a class=\"fusion-no-lightbox\" href=\"https:\/\/www.choral-events.com\/en\/chorales\/odense-chamber-choir-5\/\" target=\"_self\" aria-label=\"1_Voces-Blancas-Del-Nalon-Spain-photo-page-web\"><img decoding=\"async\" width=\"550\" height=\"350\" src=\"https:\/\/www.choral-events.com\/wp-content\/uploads\/2026\/03\/1_Voces-Blancas-Del-Nalon-Espagne-photo-page-web.png\" class=\"img-responsive wp-image-51797 img-with-aspect-ratio\" data-parent-fit=\"cover\" data-parent-container=\".fusion-image-element\" alt srcset=\"https:\/\/www.choral-events.com\/wp-content\/uploads\/2026\/03\/1_Voces-Blancas-Del-Nalon-Espagne-photo-page-web-200x127.png 200w, https:\/\/www.choral-events.com\/wp-content\/uploads\/2026\/03\/1_Voces-Blancas-Del-Nalon-Espagne-photo-page-web-400x255.png 400w, https:\/\/www.choral-events.com\/wp-content\/uploads\/2026\/03\/1_Voces-Blancas-Del-Nalon-Espagne-photo-page-web.png 550w\" sizes=\"(max-width: 1024px) 100vw, (max-width: 640px) 100vw, 550px\" \/><\/a><\/span><\/div><div class=\"fusion-title title fusion-title-222 fusion-sep-none fusion-title-center fusion-title-text fusion-title-size-paragraph\" style=\"--awb-text-color:var(--awb-color7);--awb-margin-top:10px;--awb-margin-right:5px;--awb-margin-bottom:10px;--awb-margin-left:5px;--awb-margin-top-small:16px;--awb-margin-right-small:0px;--awb-margin-bottom-small:10px;--awb-margin-left-small:0px;--awb-link-color:var(--awb-color7);--awb-font-size:16px;\"><p class=\"fusion-title-heading title-heading-center title-heading-tag fusion-responsive-typography-calculated\" style=\"margin:0;font-size:1em;--fontSize:16;--minFontSize:16;line-height:1.6;\"><a href=\"https:\/\/www.choral-events.com\/en\/chorales\/odense-chamber-choir-5\/\" class=\"awb-custom-text-color awb-custom-text-hover-color\" target=\"_self\">Voces Blancas del Nal\u00f3n<\/a><\/p><\/div><div class=\"fusion-separator\" style=\"align-self: center;margin-left: auto;margin-right: auto;flex-grow:10;margin-top:5px;margin-bottom:10px;width:100%;max-width:70px;\"><div class=\"fusion-separator-border sep-single sep-solid\" style=\"--awb-height:20px;--awb-amount:20px;border-color:var(--awb-color2);border-top-width:1px;\"><\/div><\/div><div class=\"fusion-text fusion-text-221\" style=\"--awb-content-alignment:center;--awb-text-transform:capitalize;--awb-text-color:var(--awb-color4);\"><p>Denmark<\/p>\n<\/div><\/div><\/li>\n<li class=\"fusion-layout-column fusion_builder_column fusion-builder-column-222 fusion-flex-column fusion-animated post-card fusion-grid-column fusion-post-cards-grid-column 2022 france fusion-animated\" style=\"--awb-padding-bottom:5px;--awb-overflow:hidden;--awb-bg-color:var(--awb-color1);--awb-bg-color-hover:var(--awb-custom_color_2);--awb-bg-size:cover;--awb-box-shadow:0px 0px 24px hsla(var(--awb-color7-h),var(--awb-color7-s),var(--awb-color7-l),calc(var(--awb-color7-a) - 40%));;--awb-border-color:var(--awb-color4);--awb-border-color-hover:var(--awb-color7);--awb-border-top:1px;--awb-border-right:1px;--awb-border-bottom:1px;--awb-border-left:1px;--awb-border-style:solid;--awb-border-radius:6px 6px 6px 6px;--awb-flex-grow:0;--awb-flex-shrink:0;--awb-flex-grow-medium:0;--awb-flex-shrink-medium:0;--awb-flex-grow-small:0;--awb-flex-shrink-small:0;\" data-animationType=\"fadeIn\" data-animationDuration=\"1.3\" data-animationOffset=\"top-into-view\"><div class=\"fusion-column-wrapper fusion-column-has-shadow fusion-flex-justify-content-flex-start fusion-content-layout-column\"><div class=\"fusion-image-element \" style=\"--awb-aspect-ratio:16 \/ 9;--awb-margin-bottom:10px;--awb-caption-title-font-family:var(--h2_typography-font-family);--awb-caption-title-font-weight:var(--h2_typography-font-weight);--awb-caption-title-font-style:var(--h2_typography-font-style);--awb-caption-title-size:var(--h2_typography-font-size);--awb-caption-title-transform:var(--h2_typography-text-transform);--awb-caption-title-line-height:var(--h2_typography-line-height);--awb-caption-title-letter-spacing:var(--h2_typography-letter-spacing);\"><span class=\" fusion-imageframe imageframe-none imageframe-221 hover-type-none has-aspect-ratio\"><a class=\"fusion-no-lightbox\" href=\"https:\/\/www.choral-events.com\/en\/chorales\/voices-of-the-shire\/\" target=\"_self\" aria-label=\"photo-page-web-4\"><img decoding=\"async\" width=\"550\" height=\"350\" src=\"https:\/\/www.choral-events.com\/wp-content\/uploads\/2026\/02\/photo-page-web-4.png\" class=\"img-responsive wp-image-51748 img-with-aspect-ratio\" data-parent-fit=\"cover\" data-parent-container=\".fusion-image-element\" alt srcset=\"https:\/\/www.choral-events.com\/wp-content\/uploads\/2026\/02\/photo-page-web-4-200x127.png 200w, https:\/\/www.choral-events.com\/wp-content\/uploads\/2026\/02\/photo-page-web-4-400x255.png 400w, https:\/\/www.choral-events.com\/wp-content\/uploads\/2026\/02\/photo-page-web-4.png 550w\" sizes=\"(max-width: 1024px) 100vw, (max-width: 640px) 100vw, 550px\" \/><\/a><\/span><\/div><div class=\"fusion-title title fusion-title-223 fusion-sep-none fusion-title-center fusion-title-text fusion-title-size-paragraph\" style=\"--awb-text-color:var(--awb-color7);--awb-margin-top:10px;--awb-margin-right:5px;--awb-margin-bottom:10px;--awb-margin-left:5px;--awb-margin-top-small:16px;--awb-margin-right-small:0px;--awb-margin-bottom-small:10px;--awb-margin-left-small:0px;--awb-link-color:var(--awb-color7);--awb-font-size:16px;\"><p class=\"fusion-title-heading title-heading-center title-heading-tag fusion-responsive-typography-calculated\" style=\"margin:0;font-size:1em;--fontSize:16;--minFontSize:16;line-height:1.6;\"><a href=\"https:\/\/www.choral-events.com\/en\/chorales\/voices-of-the-shire\/\" class=\"awb-custom-text-color awb-custom-text-hover-color\" target=\"_self\">Voices of the Shire<\/a><\/p><\/div><div class=\"fusion-separator\" style=\"align-self: center;margin-left: auto;margin-right: auto;flex-grow:10;margin-top:5px;margin-bottom:10px;width:100%;max-width:70px;\"><div class=\"fusion-separator-border sep-single sep-solid\" style=\"--awb-height:20px;--awb-amount:20px;border-color:var(--awb-color2);border-top-width:1px;\"><\/div><\/div><div class=\"fusion-text fusion-text-222\" style=\"--awb-content-alignment:center;--awb-text-transform:capitalize;--awb-text-color:var(--awb-color4);\"><p>France<\/p>\n<\/div><\/div><\/li>\n<li class=\"fusion-layout-column fusion_builder_column fusion-builder-column-223 fusion-flex-column fusion-animated post-card fusion-grid-column fusion-post-cards-grid-column 2022 slovenia fusion-animated\" style=\"--awb-padding-bottom:5px;--awb-overflow:hidden;--awb-bg-color:var(--awb-color1);--awb-bg-color-hover:var(--awb-custom_color_2);--awb-bg-size:cover;--awb-box-shadow:0px 0px 24px hsla(var(--awb-color7-h),var(--awb-color7-s),var(--awb-color7-l),calc(var(--awb-color7-a) - 40%));;--awb-border-color:var(--awb-color4);--awb-border-color-hover:var(--awb-color7);--awb-border-top:1px;--awb-border-right:1px;--awb-border-bottom:1px;--awb-border-left:1px;--awb-border-style:solid;--awb-border-radius:6px 6px 6px 6px;--awb-flex-grow:0;--awb-flex-shrink:0;--awb-flex-grow-medium:0;--awb-flex-shrink-medium:0;--awb-flex-grow-small:0;--awb-flex-shrink-small:0;\" data-animationType=\"fadeIn\" data-animationDuration=\"1.3\" data-animationOffset=\"top-into-view\"><div class=\"fusion-column-wrapper fusion-column-has-shadow fusion-flex-justify-content-flex-start fusion-content-layout-column\"><div class=\"fusion-image-element \" style=\"--awb-aspect-ratio:16 \/ 9;--awb-margin-bottom:10px;--awb-caption-title-font-family:var(--h2_typography-font-family);--awb-caption-title-font-weight:var(--h2_typography-font-weight);--awb-caption-title-font-style:var(--h2_typography-font-style);--awb-caption-title-size:var(--h2_typography-font-size);--awb-caption-title-transform:var(--h2_typography-text-transform);--awb-caption-title-line-height:var(--h2_typography-line-height);--awb-caption-title-letter-spacing:var(--h2_typography-letter-spacing);\"><span class=\" fusion-imageframe imageframe-none imageframe-222 hover-type-none has-aspect-ratio\"><a class=\"fusion-no-lightbox\" href=\"https:\/\/www.choral-events.com\/en\/chorales\/odyssees-choir-3\/\" target=\"_self\" aria-label=\"2_Vox-Annae-Slovenia-photo-page-web-\"><img decoding=\"async\" width=\"550\" height=\"350\" src=\"https:\/\/www.choral-events.com\/wp-content\/uploads\/2026\/03\/2_Vox-Annae-Slovenie-photo-page-web-.jpg\" class=\"img-responsive wp-image-51801 img-with-aspect-ratio\" data-parent-fit=\"cover\" data-parent-container=\".fusion-image-element\" alt srcset=\"https:\/\/www.choral-events.com\/wp-content\/uploads\/2026\/03\/2_Vox-Annae-Slovenie-photo-page-web--200x127.jpg 200w, https:\/\/www.choral-events.com\/wp-content\/uploads\/2026\/03\/2_Vox-Annae-Slovenie-photo-page-web--400x255.jpg 400w, https:\/\/www.choral-events.com\/wp-content\/uploads\/2026\/03\/2_Vox-Annae-Slovenie-photo-page-web-.jpg 550w\" sizes=\"(max-width: 1024px) 100vw, (max-width: 640px) 100vw, 550px\" \/><\/a><\/span><\/div><div class=\"fusion-title title fusion-title-224 fusion-sep-none fusion-title-center fusion-title-text fusion-title-size-paragraph\" style=\"--awb-text-color:var(--awb-color7);--awb-margin-top:10px;--awb-margin-right:5px;--awb-margin-bottom:10px;--awb-margin-left:5px;--awb-margin-top-small:16px;--awb-margin-right-small:0px;--awb-margin-bottom-small:10px;--awb-margin-left-small:0px;--awb-link-color:var(--awb-color7);--awb-font-size:16px;\"><p class=\"fusion-title-heading title-heading-center title-heading-tag fusion-responsive-typography-calculated\" style=\"margin:0;font-size:1em;--fontSize:16;--minFontSize:16;line-height:1.6;\"><a href=\"https:\/\/www.choral-events.com\/en\/chorales\/odyssees-choir-3\/\" class=\"awb-custom-text-color awb-custom-text-hover-color\" target=\"_self\">Vox Annae<\/a><\/p><\/div><div class=\"fusion-separator\" style=\"align-self: center;margin-left: auto;margin-right: auto;flex-grow:10;margin-top:5px;margin-bottom:10px;width:100%;max-width:70px;\"><div class=\"fusion-separator-border sep-single sep-solid\" style=\"--awb-height:20px;--awb-amount:20px;border-color:var(--awb-color2);border-top-width:1px;\"><\/div><\/div><div class=\"fusion-text fusion-text-223\" style=\"--awb-content-alignment:center;--awb-text-transform:capitalize;--awb-text-color:var(--awb-color4);\"><p>France<\/p>\n<\/div><\/div><\/li>\n<li class=\"fusion-layout-column fusion_builder_column fusion-builder-column-224 fusion-flex-column fusion-animated post-card fusion-grid-column fusion-post-cards-grid-column 2018 pays-bas fusion-animated\" style=\"--awb-padding-bottom:5px;--awb-overflow:hidden;--awb-bg-color:var(--awb-color1);--awb-bg-color-hover:var(--awb-custom_color_2);--awb-bg-size:cover;--awb-box-shadow:0px 0px 24px hsla(var(--awb-color7-h),var(--awb-color7-s),var(--awb-color7-l),calc(var(--awb-color7-a) - 40%));;--awb-border-color:var(--awb-color4);--awb-border-color-hover:var(--awb-color7);--awb-border-top:1px;--awb-border-right:1px;--awb-border-bottom:1px;--awb-border-left:1px;--awb-border-style:solid;--awb-border-radius:6px 6px 6px 6px;--awb-flex-grow:0;--awb-flex-shrink:0;--awb-flex-grow-medium:0;--awb-flex-shrink-medium:0;--awb-flex-grow-small:0;--awb-flex-shrink-small:0;\" data-animationType=\"fadeIn\" data-animationDuration=\"1.3\" data-animationOffset=\"top-into-view\"><div class=\"fusion-column-wrapper fusion-column-has-shadow fusion-flex-justify-content-flex-start fusion-content-layout-column\"><div class=\"fusion-image-element \" style=\"--awb-aspect-ratio:16 \/ 9;--awb-margin-bottom:10px;--awb-caption-title-font-family:var(--h2_typography-font-family);--awb-caption-title-font-weight:var(--h2_typography-font-weight);--awb-caption-title-font-style:var(--h2_typography-font-style);--awb-caption-title-size:var(--h2_typography-font-size);--awb-caption-title-transform:var(--h2_typography-text-transform);--awb-caption-title-line-height:var(--h2_typography-line-height);--awb-caption-title-letter-spacing:var(--h2_typography-letter-spacing);\"><span class=\" fusion-imageframe imageframe-none imageframe-223 hover-type-none has-aspect-ratio\"><a class=\"fusion-no-lightbox\" href=\"https:\/\/www.choral-events.com\/en\/chorales\/vrije-universiteit-kamerkoor\/\" target=\"_self\" aria-label=\"vu-kamerkoor-krista-audere-2-550&#215;350\"><img decoding=\"async\" width=\"550\" height=\"350\" src=\"https:\/\/www.choral-events.com\/wp-content\/uploads\/2026\/03\/vu-kamerkoor-krista-audere-2-550x350-1.jpeg\" class=\"img-responsive wp-image-51409 img-with-aspect-ratio\" data-parent-fit=\"cover\" data-parent-container=\".fusion-image-element\" alt srcset=\"https:\/\/www.choral-events.com\/wp-content\/uploads\/2026\/03\/vu-kamerkoor-krista-audere-2-550x350-1-200x127.jpeg 200w, https:\/\/www.choral-events.com\/wp-content\/uploads\/2026\/03\/vu-kamerkoor-krista-audere-2-550x350-1-400x255.jpeg 400w, https:\/\/www.choral-events.com\/wp-content\/uploads\/2026\/03\/vu-kamerkoor-krista-audere-2-550x350-1.jpeg 550w\" sizes=\"(max-width: 1024px) 100vw, (max-width: 640px) 100vw, 550px\" \/><\/a><\/span><\/div><div class=\"fusion-title title fusion-title-225 fusion-sep-none fusion-title-center fusion-title-text fusion-title-size-paragraph\" style=\"--awb-text-color:var(--awb-color7);--awb-margin-top:10px;--awb-margin-right:5px;--awb-margin-bottom:10px;--awb-margin-left:5px;--awb-margin-top-small:16px;--awb-margin-right-small:0px;--awb-margin-bottom-small:10px;--awb-margin-left-small:0px;--awb-link-color:var(--awb-color7);--awb-font-size:16px;\"><p class=\"fusion-title-heading title-heading-center title-heading-tag fusion-responsive-typography-calculated\" style=\"margin:0;font-size:1em;--fontSize:16;--minFontSize:16;line-height:1.6;\"><a href=\"https:\/\/www.choral-events.com\/en\/chorales\/vrije-universiteit-kamerkoor\/\" class=\"awb-custom-text-color awb-custom-text-hover-color\" target=\"_self\">Vrije Universiteit Kamerkoor<\/a><\/p><\/div><div class=\"fusion-separator\" style=\"align-self: center;margin-left: auto;margin-right: auto;flex-grow:10;margin-top:5px;margin-bottom:10px;width:100%;max-width:70px;\"><div class=\"fusion-separator-border sep-single sep-solid\" style=\"--awb-height:20px;--awb-amount:20px;border-color:var(--awb-color2);border-top-width:1px;\"><\/div><\/div><div class=\"fusion-text fusion-text-224\" style=\"--awb-content-alignment:center;--awb-text-transform:capitalize;--awb-text-color:var(--awb-color4);\"><p>Pays-Bas<\/p>\n<\/div><\/div><\/li>\n<li class=\"fusion-layout-column fusion_builder_column fusion-builder-column-225 fusion-flex-column fusion-animated post-card fusion-grid-column fusion-post-cards-grid-column 2024 poland fusion-animated\" style=\"--awb-padding-bottom:5px;--awb-overflow:hidden;--awb-bg-color:var(--awb-color1);--awb-bg-color-hover:var(--awb-custom_color_2);--awb-bg-size:cover;--awb-box-shadow:0px 0px 24px hsla(var(--awb-color7-h),var(--awb-color7-s),var(--awb-color7-l),calc(var(--awb-color7-a) - 40%));;--awb-border-color:var(--awb-color4);--awb-border-color-hover:var(--awb-color7);--awb-border-top:1px;--awb-border-right:1px;--awb-border-bottom:1px;--awb-border-left:1px;--awb-border-style:solid;--awb-border-radius:6px 6px 6px 6px;--awb-flex-grow:0;--awb-flex-shrink:0;--awb-flex-grow-medium:0;--awb-flex-shrink-medium:0;--awb-flex-grow-small:0;--awb-flex-shrink-small:0;\" data-animationType=\"fadeIn\" data-animationDuration=\"1.3\" data-animationOffset=\"top-into-view\"><div class=\"fusion-column-wrapper fusion-column-has-shadow fusion-flex-justify-content-flex-start fusion-content-layout-column\"><div class=\"fusion-image-element \" style=\"--awb-aspect-ratio:16 \/ 9;--awb-margin-bottom:10px;--awb-caption-title-font-family:var(--h2_typography-font-family);--awb-caption-title-font-weight:var(--h2_typography-font-weight);--awb-caption-title-font-style:var(--h2_typography-font-style);--awb-caption-title-size:var(--h2_typography-font-size);--awb-caption-title-transform:var(--h2_typography-text-transform);--awb-caption-title-line-height:var(--h2_typography-line-height);--awb-caption-title-letter-spacing:var(--h2_typography-letter-spacing);\"><span class=\" fusion-imageframe imageframe-none imageframe-224 hover-type-none has-aspect-ratio\"><a class=\"fusion-no-lightbox\" href=\"https:\/\/www.choral-events.com\/en\/chorales\/warsaw-choir\/\" target=\"_self\" aria-label=\"Poland_Warsaw Choir_web page photos\"><img decoding=\"async\" width=\"550\" height=\"350\" alt=\"The Choir of the Warsaw School of Economics \u2013 Poland\" src=\"https:\/\/www.choral-events.com\/wp-content\/uploads\/2024\/05\/Pologne_Choeur-de-Varsovie_photos-page-web.jpg\" class=\"img-responsive wp-image-49565 img-with-aspect-ratio\" data-parent-fit=\"cover\" data-parent-container=\".fusion-image-element\" srcset=\"https:\/\/www.choral-events.com\/wp-content\/uploads\/2024\/05\/Pologne_Choeur-de-Varsovie_photos-page-web-200x127.jpg 200w, https:\/\/www.choral-events.com\/wp-content\/uploads\/2024\/05\/Pologne_Choeur-de-Varsovie_photos-page-web-400x255.jpg 400w, https:\/\/www.choral-events.com\/wp-content\/uploads\/2024\/05\/Pologne_Choeur-de-Varsovie_photos-page-web.jpg 550w\" sizes=\"(max-width: 1024px) 100vw, (max-width: 640px) 100vw, 550px\" \/><\/a><\/span><\/div><div class=\"fusion-title title fusion-title-226 fusion-sep-none fusion-title-center fusion-title-text fusion-title-size-paragraph\" style=\"--awb-text-color:var(--awb-color7);--awb-margin-top:10px;--awb-margin-right:5px;--awb-margin-bottom:10px;--awb-margin-left:5px;--awb-margin-top-small:16px;--awb-margin-right-small:0px;--awb-margin-bottom-small:10px;--awb-margin-left-small:0px;--awb-link-color:var(--awb-color7);--awb-font-size:16px;\"><p class=\"fusion-title-heading title-heading-center title-heading-tag fusion-responsive-typography-calculated\" style=\"margin:0;font-size:1em;--fontSize:16;--minFontSize:16;line-height:1.6;\"><a href=\"https:\/\/www.choral-events.com\/en\/chorales\/warsaw-choir\/\" class=\"awb-custom-text-color awb-custom-text-hover-color\" target=\"_self\">WARSAW CHOIR<\/a><\/p><\/div><div class=\"fusion-separator\" style=\"align-self: center;margin-left: auto;margin-right: auto;flex-grow:10;margin-top:5px;margin-bottom:10px;width:100%;max-width:70px;\"><div class=\"fusion-separator-border sep-single sep-solid\" style=\"--awb-height:20px;--awb-amount:20px;border-color:var(--awb-color2);border-top-width:1px;\"><\/div><\/div><div class=\"fusion-text fusion-text-225\" style=\"--awb-content-alignment:center;--awb-text-transform:capitalize;--awb-text-color:var(--awb-color4);\"><p>Poland<\/p>\n<\/div><\/div><\/li>\n<li class=\"fusion-layout-column fusion_builder_column fusion-builder-column-226 fusion-flex-column fusion-animated post-card fusion-grid-column fusion-post-cards-grid-column 2023 poland fusion-animated\" style=\"--awb-padding-bottom:5px;--awb-overflow:hidden;--awb-bg-color:var(--awb-color1);--awb-bg-color-hover:var(--awb-custom_color_2);--awb-bg-size:cover;--awb-box-shadow:0px 0px 24px hsla(var(--awb-color7-h),var(--awb-color7-s),var(--awb-color7-l),calc(var(--awb-color7-a) - 40%));;--awb-border-color:var(--awb-color4);--awb-border-color-hover:var(--awb-color7);--awb-border-top:1px;--awb-border-right:1px;--awb-border-bottom:1px;--awb-border-left:1px;--awb-border-style:solid;--awb-border-radius:6px 6px 6px 6px;--awb-flex-grow:0;--awb-flex-shrink:0;--awb-flex-grow-medium:0;--awb-flex-shrink-medium:0;--awb-flex-grow-small:0;--awb-flex-shrink-small:0;\" data-animationType=\"fadeIn\" data-animationDuration=\"1.3\" data-animationOffset=\"top-into-view\"><div class=\"fusion-column-wrapper fusion-column-has-shadow fusion-flex-justify-content-flex-start fusion-content-layout-column\"><div class=\"fusion-image-element \" style=\"--awb-aspect-ratio:16 \/ 9;--awb-margin-bottom:10px;--awb-caption-title-font-family:var(--h2_typography-font-family);--awb-caption-title-font-weight:var(--h2_typography-font-weight);--awb-caption-title-font-style:var(--h2_typography-font-style);--awb-caption-title-size:var(--h2_typography-font-size);--awb-caption-title-transform:var(--h2_typography-text-transform);--awb-caption-title-line-height:var(--h2_typography-line-height);--awb-caption-title-letter-spacing:var(--h2_typography-letter-spacing);\"><span class=\" fusion-imageframe imageframe-none imageframe-225 hover-type-none has-aspect-ratio\"><a class=\"fusion-no-lightbox\" href=\"https:\/\/www.choral-events.com\/en\/chorales\/wroclaw-academic-choir\/\" target=\"_self\" aria-label=\"Pologne-choeur-de-Wroclaw-photo-page-web-2\"><img decoding=\"async\" width=\"550\" height=\"350\" alt=\"The Academic Choir of Wroc\u0142aw University of Science and Technology\" src=\"https:\/\/www.choral-events.com\/wp-content\/uploads\/2026\/02\/Pologne-choeur-de-Wroclaw-photo-page-web-2.jpg\" class=\"img-responsive wp-image-49847 img-with-aspect-ratio\" data-parent-fit=\"cover\" data-parent-container=\".fusion-image-element\" srcset=\"https:\/\/www.choral-events.com\/wp-content\/uploads\/2026\/02\/Pologne-choeur-de-Wroclaw-photo-page-web-2-200x127.jpg 200w, https:\/\/www.choral-events.com\/wp-content\/uploads\/2026\/02\/Pologne-choeur-de-Wroclaw-photo-page-web-2-400x255.jpg 400w, https:\/\/www.choral-events.com\/wp-content\/uploads\/2026\/02\/Pologne-choeur-de-Wroclaw-photo-page-web-2.jpg 550w\" sizes=\"(max-width: 1024px) 100vw, (max-width: 640px) 100vw, 550px\" \/><\/a><\/span><\/div><div class=\"fusion-title title fusion-title-227 fusion-sep-none fusion-title-center fusion-title-text fusion-title-size-paragraph\" style=\"--awb-text-color:var(--awb-color7);--awb-margin-top:10px;--awb-margin-right:5px;--awb-margin-bottom:10px;--awb-margin-left:5px;--awb-margin-top-small:16px;--awb-margin-right-small:0px;--awb-margin-bottom-small:10px;--awb-margin-left-small:0px;--awb-link-color:var(--awb-color7);--awb-font-size:16px;\"><p class=\"fusion-title-heading title-heading-center title-heading-tag fusion-responsive-typography-calculated\" style=\"margin:0;font-size:1em;--fontSize:16;--minFontSize:16;line-height:1.6;\"><a href=\"https:\/\/www.choral-events.com\/en\/chorales\/wroclaw-academic-choir\/\" class=\"awb-custom-text-color awb-custom-text-hover-color\" target=\"_self\">Wroclaw Academic Choir<\/a><\/p><\/div><div class=\"fusion-separator\" style=\"align-self: center;margin-left: auto;margin-right: auto;flex-grow:10;margin-top:5px;margin-bottom:10px;width:100%;max-width:70px;\"><div class=\"fusion-separator-border sep-single sep-solid\" style=\"--awb-height:20px;--awb-amount:20px;border-color:var(--awb-color2);border-top-width:1px;\"><\/div><\/div><div class=\"fusion-text fusion-text-226\" style=\"--awb-content-alignment:center;--awb-text-transform:capitalize;--awb-text-color:var(--awb-color4);\"><p>Poland<\/p>\n<\/div><\/div><\/li>\n<li class=\"fusion-layout-column fusion_builder_column fusion-builder-column-227 fusion-flex-column fusion-animated post-card fusion-grid-column fusion-post-cards-grid-column 2024 australia fusion-animated\" style=\"--awb-padding-bottom:5px;--awb-overflow:hidden;--awb-bg-color:var(--awb-color1);--awb-bg-color-hover:var(--awb-custom_color_2);--awb-bg-size:cover;--awb-box-shadow:0px 0px 24px hsla(var(--awb-color7-h),var(--awb-color7-s),var(--awb-color7-l),calc(var(--awb-color7-a) - 40%));;--awb-border-color:var(--awb-color4);--awb-border-color-hover:var(--awb-color7);--awb-border-top:1px;--awb-border-right:1px;--awb-border-bottom:1px;--awb-border-left:1px;--awb-border-style:solid;--awb-border-radius:6px 6px 6px 6px;--awb-flex-grow:0;--awb-flex-shrink:0;--awb-flex-grow-medium:0;--awb-flex-shrink-medium:0;--awb-flex-grow-small:0;--awb-flex-shrink-small:0;\" data-animationType=\"fadeIn\" data-animationDuration=\"1.3\" data-animationOffset=\"top-into-view\"><div class=\"fusion-column-wrapper fusion-column-has-shadow fusion-flex-justify-content-flex-start fusion-content-layout-column\"><div class=\"fusion-image-element \" style=\"--awb-aspect-ratio:16 \/ 9;--awb-margin-bottom:10px;--awb-caption-title-font-family:var(--h2_typography-font-family);--awb-caption-title-font-weight:var(--h2_typography-font-weight);--awb-caption-title-font-style:var(--h2_typography-font-style);--awb-caption-title-size:var(--h2_typography-font-size);--awb-caption-title-transform:var(--h2_typography-text-transform);--awb-caption-title-line-height:var(--h2_typography-line-height);--awb-caption-title-letter-spacing:var(--h2_typography-letter-spacing);\"><span class=\" fusion-imageframe imageframe-none imageframe-226 hover-type-none has-aspect-ratio\"><a class=\"fusion-no-lightbox\" href=\"https:\/\/www.choral-events.com\/en\/chorales\/young-adelaide-voices\/\" target=\"_self\" aria-label=\"Australia &#8211; Young Adelaide Voices &#8211; web page photo (4)\"><img decoding=\"async\" width=\"550\" height=\"350\" alt=\"Young Adelaide Voices\" src=\"https:\/\/www.choral-events.com\/wp-content\/uploads\/2023\/10\/Australie-Youth-Adelaide-Voices-photo-page-web-4.png\" class=\"img-responsive wp-image-49537 img-with-aspect-ratio\" data-parent-fit=\"cover\" data-parent-container=\".fusion-image-element\" srcset=\"https:\/\/www.choral-events.com\/wp-content\/uploads\/2023\/10\/Australie-Youth-Adelaide-Voices-photo-page-web-4-200x127.png 200w, https:\/\/www.choral-events.com\/wp-content\/uploads\/2023\/10\/Australie-Youth-Adelaide-Voices-photo-page-web-4-400x255.png 400w, https:\/\/www.choral-events.com\/wp-content\/uploads\/2023\/10\/Australie-Youth-Adelaide-Voices-photo-page-web-4.png 550w\" sizes=\"(max-width: 1024px) 100vw, (max-width: 640px) 100vw, 550px\" \/><\/a><\/span><\/div><div class=\"fusion-title title fusion-title-228 fusion-sep-none fusion-title-center fusion-title-text fusion-title-size-paragraph\" style=\"--awb-text-color:var(--awb-color7);--awb-margin-top:10px;--awb-margin-right:5px;--awb-margin-bottom:10px;--awb-margin-left:5px;--awb-margin-top-small:16px;--awb-margin-right-small:0px;--awb-margin-bottom-small:10px;--awb-margin-left-small:0px;--awb-link-color:var(--awb-color7);--awb-font-size:16px;\"><p class=\"fusion-title-heading title-heading-center title-heading-tag fusion-responsive-typography-calculated\" style=\"margin:0;font-size:1em;--fontSize:16;--minFontSize:16;line-height:1.6;\"><a href=\"https:\/\/www.choral-events.com\/en\/chorales\/young-adelaide-voices\/\" class=\"awb-custom-text-color awb-custom-text-hover-color\" target=\"_self\">Young Adelaide Voices<\/a><\/p><\/div><div class=\"fusion-separator\" style=\"align-self: center;margin-left: auto;margin-right: auto;flex-grow:10;margin-top:5px;margin-bottom:10px;width:100%;max-width:70px;\"><div class=\"fusion-separator-border sep-single sep-solid\" style=\"--awb-height:20px;--awb-amount:20px;border-color:var(--awb-color2);border-top-width:1px;\"><\/div><\/div><div class=\"fusion-text fusion-text-227\" style=\"--awb-content-alignment:center;--awb-text-transform:capitalize;--awb-text-color:var(--awb-color4);\"><p>Australia<\/p>\n<\/div><\/div><\/li>\n<li class=\"fusion-layout-column fusion_builder_column fusion-builder-column-228 fusion-flex-column fusion-animated post-card fusion-grid-column fusion-post-cards-grid-column 2025 belgium fusion-animated\" style=\"--awb-padding-bottom:5px;--awb-overflow:hidden;--awb-bg-color:var(--awb-color1);--awb-bg-color-hover:var(--awb-custom_color_2);--awb-bg-size:cover;--awb-box-shadow:0px 0px 24px hsla(var(--awb-color7-h),var(--awb-color7-s),var(--awb-color7-l),calc(var(--awb-color7-a) - 40%));;--awb-border-color:var(--awb-color4);--awb-border-color-hover:var(--awb-color7);--awb-border-top:1px;--awb-border-right:1px;--awb-border-bottom:1px;--awb-border-left:1px;--awb-border-style:solid;--awb-border-radius:6px 6px 6px 6px;--awb-flex-grow:0;--awb-flex-shrink:0;--awb-flex-grow-medium:0;--awb-flex-shrink-medium:0;--awb-flex-grow-small:0;--awb-flex-shrink-small:0;\" data-animationType=\"fadeIn\" data-animationDuration=\"1.3\" data-animationOffset=\"top-into-view\"><div class=\"fusion-column-wrapper fusion-column-has-shadow fusion-flex-justify-content-flex-start fusion-content-layout-column\"><div class=\"fusion-image-element \" style=\"--awb-aspect-ratio:16 \/ 9;--awb-margin-bottom:10px;--awb-caption-title-font-family:var(--h2_typography-font-family);--awb-caption-title-font-weight:var(--h2_typography-font-weight);--awb-caption-title-font-style:var(--h2_typography-font-style);--awb-caption-title-size:var(--h2_typography-font-size);--awb-caption-title-transform:var(--h2_typography-text-transform);--awb-caption-title-line-height:var(--h2_typography-line-height);--awb-caption-title-letter-spacing:var(--h2_typography-letter-spacing);\"><span class=\" fusion-imageframe imageframe-none imageframe-227 hover-type-none has-aspect-ratio\"><a class=\"fusion-no-lightbox\" href=\"https:\/\/www.choral-events.com\/en\/chorales\/youth-choir-furiale\/\" target=\"_self\" aria-label=\"Furiale Youth Choir &#8211; Belgium\"><img decoding=\"async\" width=\"2560\" height=\"1031\" alt=\"Choir, festival, amateurs, France, Europe, 25 years.\" src=\"https:\/\/www.choral-events.com\/wp-content\/uploads\/2025\/01\/Furiale-2024-2-scaled-1.jpg\" class=\"img-responsive wp-image-49301 img-with-aspect-ratio\" data-parent-fit=\"cover\" data-parent-container=\".fusion-image-element\" srcset=\"https:\/\/www.choral-events.com\/wp-content\/uploads\/2025\/01\/Furiale-2024-2-scaled-1-200x81.jpg 200w, https:\/\/www.choral-events.com\/wp-content\/uploads\/2025\/01\/Furiale-2024-2-scaled-1-400x161.jpg 400w, https:\/\/www.choral-events.com\/wp-content\/uploads\/2025\/01\/Furiale-2024-2-scaled-1-600x242.jpg 600w, https:\/\/www.choral-events.com\/wp-content\/uploads\/2025\/01\/Furiale-2024-2-scaled-1-800x322.jpg 800w, https:\/\/www.choral-events.com\/wp-content\/uploads\/2025\/01\/Furiale-2024-2-scaled-1-1200x483.jpg 1200w, https:\/\/www.choral-events.com\/wp-content\/uploads\/2025\/01\/Furiale-2024-2-scaled-1.jpg 2560w\" sizes=\"(max-width: 1024px) 100vw, (max-width: 640px) 100vw, 2560px\" \/><\/a><\/span><\/div><div class=\"fusion-title title fusion-title-229 fusion-sep-none fusion-title-center fusion-title-text fusion-title-size-paragraph\" style=\"--awb-text-color:var(--awb-color7);--awb-margin-top:10px;--awb-margin-right:5px;--awb-margin-bottom:10px;--awb-margin-left:5px;--awb-margin-top-small:16px;--awb-margin-right-small:0px;--awb-margin-bottom-small:10px;--awb-margin-left-small:0px;--awb-link-color:var(--awb-color7);--awb-font-size:16px;\"><p class=\"fusion-title-heading title-heading-center title-heading-tag fusion-responsive-typography-calculated\" style=\"margin:0;font-size:1em;--fontSize:16;--minFontSize:16;line-height:1.6;\"><a href=\"https:\/\/www.choral-events.com\/en\/chorales\/youth-choir-furiale\/\" class=\"awb-custom-text-color awb-custom-text-hover-color\" target=\"_self\">Youth Choir Furiale<\/a><\/p><\/div><div class=\"fusion-separator\" style=\"align-self: center;margin-left: auto;margin-right: auto;flex-grow:10;margin-top:5px;margin-bottom:10px;width:100%;max-width:70px;\"><div class=\"fusion-separator-border sep-single sep-solid\" style=\"--awb-height:20px;--awb-amount:20px;border-color:var(--awb-color2);border-top-width:1px;\"><\/div><\/div><div class=\"fusion-text fusion-text-228\" style=\"--awb-content-alignment:center;--awb-text-transform:capitalize;--awb-text-color:var(--awb-color4);\"><p>Belgium<\/p>\n<\/div><\/div><\/li>\n<li class=\"fusion-layout-column fusion_builder_column fusion-builder-column-229 fusion-flex-column fusion-animated post-card fusion-grid-column fusion-post-cards-grid-column 2022 italy fusion-animated\" style=\"--awb-padding-bottom:5px;--awb-overflow:hidden;--awb-bg-color:var(--awb-color1);--awb-bg-color-hover:var(--awb-custom_color_2);--awb-bg-size:cover;--awb-box-shadow:0px 0px 24px hsla(var(--awb-color7-h),var(--awb-color7-s),var(--awb-color7-l),calc(var(--awb-color7-a) - 40%));;--awb-border-color:var(--awb-color4);--awb-border-color-hover:var(--awb-color7);--awb-border-top:1px;--awb-border-right:1px;--awb-border-bottom:1px;--awb-border-left:1px;--awb-border-style:solid;--awb-border-radius:6px 6px 6px 6px;--awb-flex-grow:0;--awb-flex-shrink:0;--awb-flex-grow-medium:0;--awb-flex-shrink-medium:0;--awb-flex-grow-small:0;--awb-flex-shrink-small:0;\" data-animationType=\"fadeIn\" data-animationDuration=\"1.3\" data-animationOffset=\"top-into-view\"><div class=\"fusion-column-wrapper fusion-column-has-shadow fusion-flex-justify-content-flex-start fusion-content-layout-column\"><div class=\"fusion-image-element \" style=\"--awb-aspect-ratio:16 \/ 9;--awb-margin-bottom:10px;--awb-caption-title-font-family:var(--h2_typography-font-family);--awb-caption-title-font-weight:var(--h2_typography-font-weight);--awb-caption-title-font-style:var(--h2_typography-font-style);--awb-caption-title-size:var(--h2_typography-font-size);--awb-caption-title-transform:var(--h2_typography-text-transform);--awb-caption-title-line-height:var(--h2_typography-line-height);--awb-caption-title-letter-spacing:var(--h2_typography-letter-spacing);\"><span class=\" fusion-imageframe imageframe-none imageframe-228 hover-type-none has-aspect-ratio\"><a class=\"fusion-no-lightbox\" href=\"https:\/\/www.choral-events.com\/en\/chorales\/youth-in-song\/\" target=\"_self\" aria-label=\"4_Gioventu-in-Cantante-photo-page-web\"><img decoding=\"async\" width=\"550\" height=\"350\" src=\"https:\/\/www.choral-events.com\/wp-content\/uploads\/2026\/02\/4_Gioventu-in-Cantante-photo-page-web.jpg\" class=\"img-responsive wp-image-51716 img-with-aspect-ratio\" data-parent-fit=\"cover\" data-parent-container=\".fusion-image-element\" alt srcset=\"https:\/\/www.choral-events.com\/wp-content\/uploads\/2026\/02\/4_Gioventu-in-Cantante-photo-page-web-200x127.jpg 200w, https:\/\/www.choral-events.com\/wp-content\/uploads\/2026\/02\/4_Gioventu-in-Cantante-photo-page-web-400x255.jpg 400w, https:\/\/www.choral-events.com\/wp-content\/uploads\/2026\/02\/4_Gioventu-in-Cantante-photo-page-web.jpg 550w\" sizes=\"(max-width: 1024px) 100vw, (max-width: 640px) 100vw, 550px\" \/><\/a><\/span><\/div><div class=\"fusion-title title fusion-title-230 fusion-sep-none fusion-title-center fusion-title-text fusion-title-size-paragraph\" style=\"--awb-text-color:var(--awb-color7);--awb-margin-top:10px;--awb-margin-right:5px;--awb-margin-bottom:10px;--awb-margin-left:5px;--awb-margin-top-small:16px;--awb-margin-right-small:0px;--awb-margin-bottom-small:10px;--awb-margin-left-small:0px;--awb-link-color:var(--awb-color7);--awb-font-size:16px;\"><p class=\"fusion-title-heading title-heading-center title-heading-tag fusion-responsive-typography-calculated\" style=\"margin:0;font-size:1em;--fontSize:16;--minFontSize:16;line-height:1.6;\"><a href=\"https:\/\/www.choral-events.com\/en\/chorales\/youth-in-song\/\" class=\"awb-custom-text-color awb-custom-text-hover-color\" target=\"_self\">Youth in Song<\/a><\/p><\/div><div class=\"fusion-separator\" style=\"align-self: center;margin-left: auto;margin-right: auto;flex-grow:10;margin-top:5px;margin-bottom:10px;width:100%;max-width:70px;\"><div class=\"fusion-separator-border sep-single sep-solid\" style=\"--awb-height:20px;--awb-amount:20px;border-color:var(--awb-color2);border-top-width:1px;\"><\/div><\/div><div class=\"fusion-text fusion-text-229\" style=\"--awb-content-alignment:center;--awb-text-transform:capitalize;--awb-text-color:var(--awb-color4);\"><p>Italy<\/p>\n<\/div><\/div><\/li>\n<li class=\"fusion-layout-column fusion_builder_column fusion-builder-column-230 fusion-flex-column fusion-animated post-card fusion-grid-column fusion-post-cards-grid-column 2018 republique-tcheque fusion-animated\" style=\"--awb-padding-bottom:5px;--awb-overflow:hidden;--awb-bg-color:var(--awb-color1);--awb-bg-color-hover:var(--awb-custom_color_2);--awb-bg-size:cover;--awb-box-shadow:0px 0px 24px hsla(var(--awb-color7-h),var(--awb-color7-s),var(--awb-color7-l),calc(var(--awb-color7-a) - 40%));;--awb-border-color:var(--awb-color4);--awb-border-color-hover:var(--awb-color7);--awb-border-top:1px;--awb-border-right:1px;--awb-border-bottom:1px;--awb-border-left:1px;--awb-border-style:solid;--awb-border-radius:6px 6px 6px 6px;--awb-flex-grow:0;--awb-flex-shrink:0;--awb-flex-grow-medium:0;--awb-flex-shrink-medium:0;--awb-flex-grow-small:0;--awb-flex-shrink-small:0;\" data-animationType=\"fadeIn\" data-animationDuration=\"1.3\" data-animationOffset=\"top-into-view\"><div class=\"fusion-column-wrapper fusion-column-has-shadow fusion-flex-justify-content-flex-start fusion-content-layout-column\"><div class=\"fusion-image-element \" style=\"--awb-aspect-ratio:16 \/ 9;--awb-margin-bottom:10px;--awb-caption-title-font-family:var(--h2_typography-font-family);--awb-caption-title-font-weight:var(--h2_typography-font-weight);--awb-caption-title-font-style:var(--h2_typography-font-style);--awb-caption-title-size:var(--h2_typography-font-size);--awb-caption-title-transform:var(--h2_typography-text-transform);--awb-caption-title-line-height:var(--h2_typography-line-height);--awb-caption-title-letter-spacing:var(--h2_typography-letter-spacing);\"><span class=\" fusion-imageframe imageframe-none imageframe-229 hover-type-none has-aspect-ratio\"><a class=\"fusion-no-lightbox\" href=\"https:\/\/www.choral-events.com\/en\/chorales\/zihelsky-pevecky-smiseny-sbor\/\" target=\"_self\" aria-label=\"phoca_thumb_l__mex2452\"><img decoding=\"async\" width=\"1024\" height=\"683\" src=\"https:\/\/www.choral-events.com\/wp-content\/uploads\/2026\/03\/phoca_thumb_l__mex2452.jpg\" class=\"img-responsive wp-image-51417 img-with-aspect-ratio\" data-parent-fit=\"cover\" data-parent-container=\".fusion-image-element\" alt srcset=\"https:\/\/www.choral-events.com\/wp-content\/uploads\/2026\/03\/phoca_thumb_l__mex2452-200x133.jpg 200w, https:\/\/www.choral-events.com\/wp-content\/uploads\/2026\/03\/phoca_thumb_l__mex2452-400x267.jpg 400w, https:\/\/www.choral-events.com\/wp-content\/uploads\/2026\/03\/phoca_thumb_l__mex2452-600x400.jpg 600w, https:\/\/www.choral-events.com\/wp-content\/uploads\/2026\/03\/phoca_thumb_l__mex2452-800x534.jpg 800w, https:\/\/www.choral-events.com\/wp-content\/uploads\/2026\/03\/phoca_thumb_l__mex2452.jpg 1024w\" sizes=\"(max-width: 1024px) 100vw, (max-width: 640px) 100vw, 1024px\" \/><\/a><\/span><\/div><div class=\"fusion-title title fusion-title-231 fusion-sep-none fusion-title-center fusion-title-text fusion-title-size-paragraph\" style=\"--awb-text-color:var(--awb-color7);--awb-margin-top:10px;--awb-margin-right:5px;--awb-margin-bottom:10px;--awb-margin-left:5px;--awb-margin-top-small:16px;--awb-margin-right-small:0px;--awb-margin-bottom-small:10px;--awb-margin-left-small:0px;--awb-link-color:var(--awb-color7);--awb-font-size:16px;\"><p class=\"fusion-title-heading title-heading-center title-heading-tag fusion-responsive-typography-calculated\" style=\"margin:0;font-size:1em;--fontSize:16;--minFontSize:16;line-height:1.6;\"><a href=\"https:\/\/www.choral-events.com\/en\/chorales\/zihelsky-pevecky-smiseny-sbor\/\" class=\"awb-custom-text-color awb-custom-text-hover-color\" target=\"_self\">Zihelsky Pevecky Smiseny Sbor<\/a><\/p><\/div><div class=\"fusion-separator\" style=\"align-self: center;margin-left: auto;margin-right: auto;flex-grow:10;margin-top:5px;margin-bottom:10px;width:100%;max-width:70px;\"><div class=\"fusion-separator-border sep-single sep-solid\" style=\"--awb-height:20px;--awb-amount:20px;border-color:var(--awb-color2);border-top-width:1px;\"><\/div><\/div><div class=\"fusion-text fusion-text-230\" style=\"--awb-content-alignment:center;--awb-text-transform:capitalize;--awb-text-color:var(--awb-color4);\"><p>R\u00e9publique Tch\u00e8que<\/p>\n<\/div><\/div><\/li>\n<\/ul><\/div><\/div><\/div><\/div><\/div><div class=\"fusion-fullwidth fullwidth-box fusion-builder-row-3 fusion-flex-container has-pattern-background has-mask-background hundred-percent-fullwidth non-hundred-percent-height-scrolling fusion-no-medium-visibility fusion-no-large-visibility\" style=\"--awb-border-radius-top-left:0px;--awb-border-radius-top-right:0px;--awb-border-radius-bottom-right:0px;--awb-border-radius-bottom-left:0px;--awb-padding-top:0%;--awb-padding-right:6%;--awb-padding-left:6%;--awb-flex-wrap:wrap;\" ><div class=\"fusion-builder-row fusion-row fusion-flex-align-items-flex-start fusion-flex-content-wrap\" style=\"width:104% !important;max-width:104% !important;margin-left: calc(-4% \/ 2 );margin-right: calc(-4% \/ 2 );\"><div class=\"fusion-layout-column fusion_builder_column fusion-builder-column-231 fusion_builder_column_1_1 1_1 fusion-flex-column fusion-flex-align-self-stretch\" style=\"--awb-bg-size:cover;--awb-width-large:100%;--awb-flex-grow:0;--awb-flex-shrink:0;--awb-margin-top-large:0px;--awb-spacing-right-large:1.92%;--awb-margin-bottom-large:8%;--awb-spacing-left-large:1.92%;--awb-width-medium:100%;--awb-order-medium:0;--awb-flex-grow-medium:0;--awb-flex-shrink-medium:0;--awb-spacing-right-medium:1.92%;--awb-spacing-left-medium:1.92%;--awb-width-small:100%;--awb-order-small:0;--awb-flex-grow-small:0;--awb-flex-shrink-small:0;--awb-spacing-right-small:1.92%;--awb-spacing-left-small:1.92%;\"><div class=\"fusion-column-wrapper fusion-column-has-shadow fusion-flex-justify-content-flex-start fusion-content-layout-column\"><div class=\"fusion-post-cards fusion-post-cards-2 fusion-grid-archive fusion-grid-columns-4\" style=\"--awb-column-spacing:61px;--awb-dots-align:center;--awb-filters-hover-color:var(--awb-color7);--awb-active-filter-border-size:3px;--awb-filters-height:36px;\" data-post-type-label=\"chorales\"><ul class=\"fusion-grid fusion-grid-4 fusion-flex-align-items-stretch fusion-grid-posts-cards\"><li class=\"fusion-layout-column fusion_builder_column fusion-builder-column-232 fusion-flex-column fusion-animated post-card fusion-grid-column fusion-post-cards-grid-column fusion-animated\" style=\"--awb-padding-bottom:5px;--awb-overflow:hidden;--awb-bg-color:var(--awb-color1);--awb-bg-color-hover:var(--awb-custom_color_2);--awb-bg-size:cover;--awb-box-shadow:0px 0px 24px hsla(var(--awb-color7-h),var(--awb-color7-s),var(--awb-color7-l),calc(var(--awb-color7-a) - 40%));;--awb-border-color:var(--awb-color4);--awb-border-color-hover:var(--awb-color7);--awb-border-top:1px;--awb-border-right:1px;--awb-border-bottom:1px;--awb-border-left:1px;--awb-border-style:solid;--awb-border-radius:6px 6px 6px 6px;--awb-flex-grow:0;--awb-flex-shrink:0;--awb-flex-grow-medium:0;--awb-flex-shrink-medium:0;--awb-flex-grow-small:0;--awb-flex-shrink-small:0;\" data-animationType=\"fadeIn\" data-animationDuration=\"1.3\" data-animationOffset=\"top-into-view\"><div class=\"fusion-column-wrapper fusion-column-has-shadow fusion-flex-justify-content-flex-start fusion-content-layout-column\"><div class=\"fusion-image-element \" style=\"--awb-aspect-ratio:16 \/ 9;--awb-margin-bottom:10px;--awb-caption-title-font-family:var(--h2_typography-font-family);--awb-caption-title-font-weight:var(--h2_typography-font-weight);--awb-caption-title-font-style:var(--h2_typography-font-style);--awb-caption-title-size:var(--h2_typography-font-size);--awb-caption-title-transform:var(--h2_typography-text-transform);--awb-caption-title-line-height:var(--h2_typography-line-height);--awb-caption-title-letter-spacing:var(--h2_typography-letter-spacing);\"><span class=\" fusion-imageframe imageframe-none imageframe-230 hover-type-none has-aspect-ratio\"><a class=\"fusion-no-lightbox\" href=\"https:\/\/www.choral-events.com\/en\/chorales\/alabrea-choir\/\" target=\"_self\" aria-label=\"Bulgarians 1\"><img decoding=\"async\" width=\"1501\" height=\"1080\" src=\"https:\/\/www.choral-events.com\/wp-content\/uploads\/2026\/03\/Bulgares-1.jpg\" class=\"img-responsive wp-image-51291 img-with-aspect-ratio\" data-parent-fit=\"cover\" data-parent-container=\".fusion-image-element\" alt srcset=\"https:\/\/www.choral-events.com\/wp-content\/uploads\/2026\/03\/Bulgares-1-200x144.jpg 200w, https:\/\/www.choral-events.com\/wp-content\/uploads\/2026\/03\/Bulgares-1-400x288.jpg 400w, https:\/\/www.choral-events.com\/wp-content\/uploads\/2026\/03\/Bulgares-1-600x432.jpg 600w, https:\/\/www.choral-events.com\/wp-content\/uploads\/2026\/03\/Bulgares-1-800x576.jpg 800w, https:\/\/www.choral-events.com\/wp-content\/uploads\/2026\/03\/Bulgares-1-1200x863.jpg 1200w, https:\/\/www.choral-events.com\/wp-content\/uploads\/2026\/03\/Bulgares-1.jpg 1501w\" sizes=\"(max-width: 1024px) 100vw, (max-width: 640px) 100vw, 1501px\" \/><\/a><\/span><\/div><div class=\"fusion-title title fusion-title-232 fusion-sep-none fusion-title-center fusion-title-text fusion-title-size-paragraph\" style=\"--awb-text-color:var(--awb-color7);--awb-margin-top:10px;--awb-margin-right:5px;--awb-margin-bottom:10px;--awb-margin-left:5px;--awb-margin-top-small:16px;--awb-margin-right-small:0px;--awb-margin-bottom-small:10px;--awb-margin-left-small:0px;--awb-link-color:var(--awb-color7);--awb-font-size:16px;\"><p class=\"fusion-title-heading title-heading-center title-heading-tag fusion-responsive-typography-calculated\" style=\"margin:0;font-size:1em;--fontSize:16;--minFontSize:16;line-height:1.6;\"><a href=\"https:\/\/www.choral-events.com\/en\/chorales\/alabrea-choir\/\" class=\"awb-custom-text-color awb-custom-text-hover-color\" target=\"_self\">Alabrea Choir<\/a><\/p><\/div><div class=\"fusion-separator\" style=\"align-self: center;margin-left: auto;margin-right: auto;flex-grow:10;margin-top:5px;margin-bottom:10px;width:100%;max-width:70px;\"><div class=\"fusion-separator-border sep-single sep-solid\" style=\"--awb-height:20px;--awb-amount:20px;border-color:var(--awb-color2);border-top-width:1px;\"><\/div><\/div><div class=\"fusion-text fusion-text-231\" style=\"--awb-content-alignment:center;--awb-text-transform:capitalize;--awb-text-color:var(--awb-color4);\"><p>Bulgarie<\/p>\n<\/div><\/div><\/li>\n<li class=\"fusion-layout-column fusion_builder_column fusion-builder-column-233 fusion-flex-column fusion-animated post-card fusion-grid-column fusion-post-cards-grid-column fusion-animated\" style=\"--awb-padding-bottom:5px;--awb-overflow:hidden;--awb-bg-color:var(--awb-color1);--awb-bg-color-hover:var(--awb-custom_color_2);--awb-bg-size:cover;--awb-box-shadow:0px 0px 24px hsla(var(--awb-color7-h),var(--awb-color7-s),var(--awb-color7-l),calc(var(--awb-color7-a) - 40%));;--awb-border-color:var(--awb-color4);--awb-border-color-hover:var(--awb-color7);--awb-border-top:1px;--awb-border-right:1px;--awb-border-bottom:1px;--awb-border-left:1px;--awb-border-style:solid;--awb-border-radius:6px 6px 6px 6px;--awb-flex-grow:0;--awb-flex-shrink:0;--awb-flex-grow-medium:0;--awb-flex-shrink-medium:0;--awb-flex-grow-small:0;--awb-flex-shrink-small:0;\" data-animationType=\"fadeIn\" data-animationDuration=\"1.3\" data-animationOffset=\"top-into-view\"><div class=\"fusion-column-wrapper fusion-column-has-shadow fusion-flex-justify-content-flex-start fusion-content-layout-column\"><div class=\"fusion-image-element \" style=\"--awb-aspect-ratio:16 \/ 9;--awb-margin-bottom:10px;--awb-caption-title-font-family:var(--h2_typography-font-family);--awb-caption-title-font-weight:var(--h2_typography-font-weight);--awb-caption-title-font-style:var(--h2_typography-font-style);--awb-caption-title-size:var(--h2_typography-font-size);--awb-caption-title-transform:var(--h2_typography-text-transform);--awb-caption-title-line-height:var(--h2_typography-line-height);--awb-caption-title-letter-spacing:var(--h2_typography-letter-spacing);\"><span class=\" fusion-imageframe imageframe-none imageframe-231 hover-type-none has-aspect-ratio\"><a class=\"fusion-no-lightbox\" href=\"https:\/\/www.choral-events.com\/en\/chorales\/asparagus-melon-voices-2\/\" target=\"_self\" aria-label=\"Maitrise-6\"><img decoding=\"async\" width=\"550\" height=\"350\" src=\"https:\/\/www.choral-events.com\/wp-content\/uploads\/2026\/03\/Maitrise-6.jpg\" class=\"img-responsive wp-image-51882 img-with-aspect-ratio\" data-parent-fit=\"cover\" data-parent-container=\".fusion-image-element\" alt srcset=\"https:\/\/www.choral-events.com\/wp-content\/uploads\/2026\/03\/Maitrise-6-200x127.jpg 200w, https:\/\/www.choral-events.com\/wp-content\/uploads\/2026\/03\/Maitrise-6-400x255.jpg 400w, https:\/\/www.choral-events.com\/wp-content\/uploads\/2026\/03\/Maitrise-6.jpg 550w\" sizes=\"(max-width: 1024px) 100vw, (max-width: 640px) 100vw, 550px\" \/><\/a><\/span><\/div><div class=\"fusion-title title fusion-title-233 fusion-sep-none fusion-title-center fusion-title-text fusion-title-size-paragraph\" style=\"--awb-text-color:var(--awb-color7);--awb-margin-top:10px;--awb-margin-right:5px;--awb-margin-bottom:10px;--awb-margin-left:5px;--awb-margin-top-small:16px;--awb-margin-right-small:0px;--awb-margin-bottom-small:10px;--awb-margin-left-small:0px;--awb-link-color:var(--awb-color7);--awb-font-size:16px;\"><p class=\"fusion-title-heading title-heading-center title-heading-tag fusion-responsive-typography-calculated\" style=\"margin:0;font-size:1em;--fontSize:16;--minFontSize:16;line-height:1.6;\"><a href=\"https:\/\/www.choral-events.com\/en\/chorales\/asparagus-melon-voices-2\/\" class=\"awb-custom-text-color awb-custom-text-hover-color\" target=\"_self\">Asparagus &amp; Melon Voices<\/a><\/p><\/div><div class=\"fusion-separator\" style=\"align-self: center;margin-left: auto;margin-right: auto;flex-grow:10;margin-top:5px;margin-bottom:10px;width:100%;max-width:70px;\"><div class=\"fusion-separator-border sep-single sep-solid\" style=\"--awb-height:20px;--awb-amount:20px;border-color:var(--awb-color2);border-top-width:1px;\"><\/div><\/div><div class=\"fusion-text fusion-text-232\" style=\"--awb-content-alignment:center;--awb-text-transform:capitalize;--awb-text-color:var(--awb-color4);\"><p>Switzerland<\/p>\n<\/div><\/div><\/li>\n<li class=\"fusion-layout-column fusion_builder_column fusion-builder-column-234 fusion-flex-column fusion-animated post-card fusion-grid-column fusion-post-cards-grid-column fusion-animated\" style=\"--awb-padding-bottom:5px;--awb-overflow:hidden;--awb-bg-color:var(--awb-color1);--awb-bg-color-hover:var(--awb-custom_color_2);--awb-bg-size:cover;--awb-box-shadow:0px 0px 24px hsla(var(--awb-color7-h),var(--awb-color7-s),var(--awb-color7-l),calc(var(--awb-color7-a) - 40%));;--awb-border-color:var(--awb-color4);--awb-border-color-hover:var(--awb-color7);--awb-border-top:1px;--awb-border-right:1px;--awb-border-bottom:1px;--awb-border-left:1px;--awb-border-style:solid;--awb-border-radius:6px 6px 6px 6px;--awb-flex-grow:0;--awb-flex-shrink:0;--awb-flex-grow-medium:0;--awb-flex-shrink-medium:0;--awb-flex-grow-small:0;--awb-flex-shrink-small:0;\" data-animationType=\"fadeIn\" data-animationDuration=\"1.3\" data-animationOffset=\"top-into-view\"><div class=\"fusion-column-wrapper fusion-column-has-shadow fusion-flex-justify-content-flex-start fusion-content-layout-column\"><div class=\"fusion-image-element \" style=\"--awb-aspect-ratio:16 \/ 9;--awb-margin-bottom:10px;--awb-caption-title-font-family:var(--h2_typography-font-family);--awb-caption-title-font-weight:var(--h2_typography-font-weight);--awb-caption-title-font-style:var(--h2_typography-font-style);--awb-caption-title-size:var(--h2_typography-font-size);--awb-caption-title-transform:var(--h2_typography-text-transform);--awb-caption-title-line-height:var(--h2_typography-line-height);--awb-caption-title-letter-spacing:var(--h2_typography-letter-spacing);\"><span class=\" fusion-imageframe imageframe-none imageframe-232 hover-type-none has-aspect-ratio\"><a class=\"fusion-no-lightbox\" href=\"https:\/\/www.choral-events.com\/en\/chorales\/belaya-vezha\/\" target=\"_self\" aria-label=\"belayavezha_3\"><img decoding=\"async\" width=\"1300\" height=\"841\" src=\"https:\/\/www.choral-events.com\/wp-content\/uploads\/2026\/03\/belayavezha_3.jpg\" class=\"img-responsive wp-image-51299 img-with-aspect-ratio\" data-parent-fit=\"cover\" data-parent-container=\".fusion-image-element\" alt srcset=\"https:\/\/www.choral-events.com\/wp-content\/uploads\/2026\/03\/belayavezha_3-200x129.jpg 200w, https:\/\/www.choral-events.com\/wp-content\/uploads\/2026\/03\/belayavezha_3-400x259.jpg 400w, https:\/\/www.choral-events.com\/wp-content\/uploads\/2026\/03\/belayavezha_3-600x388.jpg 600w, https:\/\/www.choral-events.com\/wp-content\/uploads\/2026\/03\/belayavezha_3-800x518.jpg 800w, https:\/\/www.choral-events.com\/wp-content\/uploads\/2026\/03\/belayavezha_3-1200x776.jpg 1200w, https:\/\/www.choral-events.com\/wp-content\/uploads\/2026\/03\/belayavezha_3.jpg 1300w\" sizes=\"(max-width: 1024px) 100vw, (max-width: 640px) 100vw, 1300px\" \/><\/a><\/span><\/div><div class=\"fusion-title title fusion-title-234 fusion-sep-none fusion-title-center fusion-title-text fusion-title-size-paragraph\" style=\"--awb-text-color:var(--awb-color7);--awb-margin-top:10px;--awb-margin-right:5px;--awb-margin-bottom:10px;--awb-margin-left:5px;--awb-margin-top-small:16px;--awb-margin-right-small:0px;--awb-margin-bottom-small:10px;--awb-margin-left-small:0px;--awb-link-color:var(--awb-color7);--awb-font-size:16px;\"><p class=\"fusion-title-heading title-heading-center title-heading-tag fusion-responsive-typography-calculated\" style=\"margin:0;font-size:1em;--fontSize:16;--minFontSize:16;line-height:1.6;\"><a href=\"https:\/\/www.choral-events.com\/en\/chorales\/belaya-vezha\/\" class=\"awb-custom-text-color awb-custom-text-hover-color\" target=\"_self\">Belaya Vezha<\/a><\/p><\/div><div class=\"fusion-separator\" style=\"align-self: center;margin-left: auto;margin-right: auto;flex-grow:10;margin-top:5px;margin-bottom:10px;width:100%;max-width:70px;\"><div class=\"fusion-separator-border sep-single sep-solid\" style=\"--awb-height:20px;--awb-amount:20px;border-color:var(--awb-color2);border-top-width:1px;\"><\/div><\/div><div class=\"fusion-text fusion-text-233\" style=\"--awb-content-alignment:center;--awb-text-transform:capitalize;--awb-text-color:var(--awb-color4);\"><p>Bi\u00e9lorussie<\/p>\n<\/div><\/div><\/li>\n<li class=\"fusion-layout-column fusion_builder_column fusion-builder-column-235 fusion-flex-column fusion-animated post-card fusion-grid-column fusion-post-cards-grid-column fusion-animated\" style=\"--awb-padding-bottom:5px;--awb-overflow:hidden;--awb-bg-color:var(--awb-color1);--awb-bg-color-hover:var(--awb-custom_color_2);--awb-bg-size:cover;--awb-box-shadow:0px 0px 24px hsla(var(--awb-color7-h),var(--awb-color7-s),var(--awb-color7-l),calc(var(--awb-color7-a) - 40%));;--awb-border-color:var(--awb-color4);--awb-border-color-hover:var(--awb-color7);--awb-border-top:1px;--awb-border-right:1px;--awb-border-bottom:1px;--awb-border-left:1px;--awb-border-style:solid;--awb-border-radius:6px 6px 6px 6px;--awb-flex-grow:0;--awb-flex-shrink:0;--awb-flex-grow-medium:0;--awb-flex-shrink-medium:0;--awb-flex-grow-small:0;--awb-flex-shrink-small:0;\" data-animationType=\"fadeIn\" data-animationDuration=\"1.3\" data-animationOffset=\"top-into-view\"><div class=\"fusion-column-wrapper fusion-column-has-shadow fusion-flex-justify-content-flex-start fusion-content-layout-column\"><div class=\"fusion-image-element \" style=\"--awb-aspect-ratio:16 \/ 9;--awb-margin-bottom:10px;--awb-caption-title-font-family:var(--h2_typography-font-family);--awb-caption-title-font-weight:var(--h2_typography-font-weight);--awb-caption-title-font-style:var(--h2_typography-font-style);--awb-caption-title-size:var(--h2_typography-font-size);--awb-caption-title-transform:var(--h2_typography-text-transform);--awb-caption-title-line-height:var(--h2_typography-line-height);--awb-caption-title-letter-spacing:var(--h2_typography-letter-spacing);\"><span class=\" fusion-imageframe imageframe-none imageframe-233 hover-type-none has-aspect-ratio\"><a class=\"fusion-no-lightbox\" href=\"https:\/\/www.choral-events.com\/en\/chorales\/belle-canto-womens-choir\/\" target=\"_self\" aria-label=\"Intercultural Christmas Greetings.\"><img decoding=\"async\" width=\"2100\" height=\"1400\" alt=\"Intercultural group greetings for Christmas.\" src=\"https:\/\/www.choral-events.com\/wp-content\/uploads\/2025\/01\/BelleCanto_med-1030.jpg\" class=\"img-responsive wp-image-49336 img-with-aspect-ratio\" data-parent-fit=\"cover\" data-parent-container=\".fusion-image-element\" srcset=\"https:\/\/www.choral-events.com\/wp-content\/uploads\/2025\/01\/BelleCanto_med-1030-200x133.jpg 200w, https:\/\/www.choral-events.com\/wp-content\/uploads\/2025\/01\/BelleCanto_med-1030-400x267.jpg 400w, https:\/\/www.choral-events.com\/wp-content\/uploads\/2025\/01\/BelleCanto_med-1030-600x400.jpg 600w, https:\/\/www.choral-events.com\/wp-content\/uploads\/2025\/01\/BelleCanto_med-1030-800x533.jpg 800w, https:\/\/www.choral-events.com\/wp-content\/uploads\/2025\/01\/BelleCanto_med-1030-1200x800.jpg 1200w, https:\/\/www.choral-events.com\/wp-content\/uploads\/2025\/01\/BelleCanto_med-1030.jpg 2100w\" sizes=\"(max-width: 1024px) 100vw, (max-width: 640px) 100vw, 2100px\" \/><\/a><\/span><\/div><div class=\"fusion-title title fusion-title-235 fusion-sep-none fusion-title-center fusion-title-text fusion-title-size-paragraph\" style=\"--awb-text-color:var(--awb-color7);--awb-margin-top:10px;--awb-margin-right:5px;--awb-margin-bottom:10px;--awb-margin-left:5px;--awb-margin-top-small:16px;--awb-margin-right-small:0px;--awb-margin-bottom-small:10px;--awb-margin-left-small:0px;--awb-link-color:var(--awb-color7);--awb-font-size:16px;\"><p class=\"fusion-title-heading title-heading-center title-heading-tag fusion-responsive-typography-calculated\" style=\"margin:0;font-size:1em;--fontSize:16;--minFontSize:16;line-height:1.6;\"><a href=\"https:\/\/www.choral-events.com\/en\/chorales\/belle-canto-womens-choir\/\" class=\"awb-custom-text-color awb-custom-text-hover-color\" target=\"_self\">Belle Canto Women&#8217;s Choir<\/a><\/p><\/div><div class=\"fusion-separator\" style=\"align-self: center;margin-left: auto;margin-right: auto;flex-grow:10;margin-top:5px;margin-bottom:10px;width:100%;max-width:70px;\"><div class=\"fusion-separator-border sep-single sep-solid\" style=\"--awb-height:20px;--awb-amount:20px;border-color:var(--awb-color2);border-top-width:1px;\"><\/div><\/div><div class=\"fusion-text fusion-text-234\" style=\"--awb-content-alignment:center;--awb-text-transform:capitalize;--awb-text-color:var(--awb-color4);\"><p>Canada<\/p>\n<\/div><\/div><\/li>\n<li class=\"fusion-layout-column fusion_builder_column fusion-builder-column-236 fusion-flex-column fusion-animated post-card fusion-grid-column fusion-post-cards-grid-column fusion-animated\" style=\"--awb-padding-bottom:5px;--awb-overflow:hidden;--awb-bg-color:var(--awb-color1);--awb-bg-color-hover:var(--awb-custom_color_2);--awb-bg-size:cover;--awb-box-shadow:0px 0px 24px hsla(var(--awb-color7-h),var(--awb-color7-s),var(--awb-color7-l),calc(var(--awb-color7-a) - 40%));;--awb-border-color:var(--awb-color4);--awb-border-color-hover:var(--awb-color7);--awb-border-top:1px;--awb-border-right:1px;--awb-border-bottom:1px;--awb-border-left:1px;--awb-border-style:solid;--awb-border-radius:6px 6px 6px 6px;--awb-flex-grow:0;--awb-flex-shrink:0;--awb-flex-grow-medium:0;--awb-flex-shrink-medium:0;--awb-flex-grow-small:0;--awb-flex-shrink-small:0;\" data-animationType=\"fadeIn\" data-animationDuration=\"1.3\" data-animationOffset=\"top-into-view\"><div class=\"fusion-column-wrapper fusion-column-has-shadow fusion-flex-justify-content-flex-start fusion-content-layout-column\"><div class=\"fusion-image-element \" style=\"--awb-aspect-ratio:16 \/ 9;--awb-margin-bottom:10px;--awb-caption-title-font-family:var(--h2_typography-font-family);--awb-caption-title-font-weight:var(--h2_typography-font-weight);--awb-caption-title-font-style:var(--h2_typography-font-style);--awb-caption-title-size:var(--h2_typography-font-size);--awb-caption-title-transform:var(--h2_typography-text-transform);--awb-caption-title-line-height:var(--h2_typography-line-height);--awb-caption-title-letter-spacing:var(--h2_typography-letter-spacing);\"><span class=\" fusion-imageframe imageframe-none imageframe-234 hover-type-none has-aspect-ratio\"><a class=\"fusion-no-lightbox\" href=\"https:\/\/www.choral-events.com\/en\/chorales\/bulgarian-academy-of-sciences\/\" target=\"_self\" aria-label=\"Choir of BAS-6\"><img decoding=\"async\" width=\"1440\" height=\"1080\" src=\"https:\/\/www.choral-events.com\/wp-content\/uploads\/2026\/03\/Choir-of-BAS-6.jpg\" class=\"img-responsive wp-image-51311 img-with-aspect-ratio\" data-parent-fit=\"cover\" data-parent-container=\".fusion-image-element\" alt srcset=\"https:\/\/www.choral-events.com\/wp-content\/uploads\/2026\/03\/Choir-of-BAS-6-200x150.jpg 200w, https:\/\/www.choral-events.com\/wp-content\/uploads\/2026\/03\/Choir-of-BAS-6-400x300.jpg 400w, https:\/\/www.choral-events.com\/wp-content\/uploads\/2026\/03\/Choir-of-BAS-6-600x450.jpg 600w, https:\/\/www.choral-events.com\/wp-content\/uploads\/2026\/03\/Choir-of-BAS-6-800x600.jpg 800w, https:\/\/www.choral-events.com\/wp-content\/uploads\/2026\/03\/Choir-of-BAS-6-1200x900.jpg 1200w, https:\/\/www.choral-events.com\/wp-content\/uploads\/2026\/03\/Choir-of-BAS-6.jpg 1440w\" sizes=\"(max-width: 1024px) 100vw, (max-width: 640px) 100vw, 1440px\" \/><\/a><\/span><\/div><div class=\"fusion-title title fusion-title-236 fusion-sep-none fusion-title-center fusion-title-text fusion-title-size-paragraph\" style=\"--awb-text-color:var(--awb-color7);--awb-margin-top:10px;--awb-margin-right:5px;--awb-margin-bottom:10px;--awb-margin-left:5px;--awb-margin-top-small:16px;--awb-margin-right-small:0px;--awb-margin-bottom-small:10px;--awb-margin-left-small:0px;--awb-link-color:var(--awb-color7);--awb-font-size:16px;\"><p class=\"fusion-title-heading title-heading-center title-heading-tag fusion-responsive-typography-calculated\" style=\"margin:0;font-size:1em;--fontSize:16;--minFontSize:16;line-height:1.6;\"><a href=\"https:\/\/www.choral-events.com\/en\/chorales\/bulgarian-academy-of-sciences\/\" class=\"awb-custom-text-color awb-custom-text-hover-color\" target=\"_self\">Bulgarian Academy of Sciences<\/a><\/p><\/div><div class=\"fusion-separator\" style=\"align-self: center;margin-left: auto;margin-right: auto;flex-grow:10;margin-top:5px;margin-bottom:10px;width:100%;max-width:70px;\"><div class=\"fusion-separator-border sep-single sep-solid\" style=\"--awb-height:20px;--awb-amount:20px;border-color:var(--awb-color2);border-top-width:1px;\"><\/div><\/div><div class=\"fusion-text fusion-text-235\" style=\"--awb-content-alignment:center;--awb-text-transform:capitalize;--awb-text-color:var(--awb-color4);\"><p>Bulgarie<\/p>\n<\/div><\/div><\/li>\n<li class=\"fusion-layout-column fusion_builder_column fusion-builder-column-237 fusion-flex-column fusion-animated post-card fusion-grid-column fusion-post-cards-grid-column fusion-animated\" style=\"--awb-padding-bottom:5px;--awb-overflow:hidden;--awb-bg-color:var(--awb-color1);--awb-bg-color-hover:var(--awb-custom_color_2);--awb-bg-size:cover;--awb-box-shadow:0px 0px 24px hsla(var(--awb-color7-h),var(--awb-color7-s),var(--awb-color7-l),calc(var(--awb-color7-a) - 40%));;--awb-border-color:var(--awb-color4);--awb-border-color-hover:var(--awb-color7);--awb-border-top:1px;--awb-border-right:1px;--awb-border-bottom:1px;--awb-border-left:1px;--awb-border-style:solid;--awb-border-radius:6px 6px 6px 6px;--awb-flex-grow:0;--awb-flex-shrink:0;--awb-flex-grow-medium:0;--awb-flex-shrink-medium:0;--awb-flex-grow-small:0;--awb-flex-shrink-small:0;\" data-animationType=\"fadeIn\" data-animationDuration=\"1.3\" data-animationOffset=\"top-into-view\"><div class=\"fusion-column-wrapper fusion-column-has-shadow fusion-flex-justify-content-flex-start fusion-content-layout-column\"><div class=\"fusion-image-element \" style=\"--awb-aspect-ratio:16 \/ 9;--awb-margin-bottom:10px;--awb-caption-title-font-family:var(--h2_typography-font-family);--awb-caption-title-font-weight:var(--h2_typography-font-weight);--awb-caption-title-font-style:var(--h2_typography-font-style);--awb-caption-title-size:var(--h2_typography-font-size);--awb-caption-title-transform:var(--h2_typography-text-transform);--awb-caption-title-line-height:var(--h2_typography-line-height);--awb-caption-title-letter-spacing:var(--h2_typography-letter-spacing);\"><span class=\" fusion-imageframe imageframe-none imageframe-235 hover-type-none has-aspect-ratio\"><a class=\"fusion-no-lightbox\" href=\"https:\/\/www.choral-events.com\/en\/chorales\/cake-ophonie\/\" target=\"_self\" aria-label=\"Cake-Ophonie-photo-site-web-1\"><img decoding=\"async\" width=\"550\" height=\"350\" src=\"https:\/\/www.choral-events.com\/wp-content\/uploads\/2026\/03\/Cake-Ophonie-photo-site-web-1.png\" class=\"img-responsive wp-image-51805 img-with-aspect-ratio\" data-parent-fit=\"cover\" data-parent-container=\".fusion-image-element\" alt srcset=\"https:\/\/www.choral-events.com\/wp-content\/uploads\/2026\/03\/Cake-Ophonie-photo-site-web-1-200x127.png 200w, https:\/\/www.choral-events.com\/wp-content\/uploads\/2026\/03\/Cake-Ophonie-photo-site-web-1-400x255.png 400w, https:\/\/www.choral-events.com\/wp-content\/uploads\/2026\/03\/Cake-Ophonie-photo-site-web-1.png 550w\" sizes=\"(max-width: 1024px) 100vw, (max-width: 640px) 100vw, 550px\" \/><\/a><\/span><\/div><div class=\"fusion-title title fusion-title-237 fusion-sep-none fusion-title-center fusion-title-text fusion-title-size-paragraph\" style=\"--awb-text-color:var(--awb-color7);--awb-margin-top:10px;--awb-margin-right:5px;--awb-margin-bottom:10px;--awb-margin-left:5px;--awb-margin-top-small:16px;--awb-margin-right-small:0px;--awb-margin-bottom-small:10px;--awb-margin-left-small:0px;--awb-link-color:var(--awb-color7);--awb-font-size:16px;\"><p class=\"fusion-title-heading title-heading-center title-heading-tag fusion-responsive-typography-calculated\" style=\"margin:0;font-size:1em;--fontSize:16;--minFontSize:16;line-height:1.6;\"><a href=\"https:\/\/www.choral-events.com\/en\/chorales\/cake-ophonie\/\" class=\"awb-custom-text-color awb-custom-text-hover-color\" target=\"_self\">Cake O\u2019Phonie<\/a><\/p><\/div><div class=\"fusion-separator\" style=\"align-self: center;margin-left: auto;margin-right: auto;flex-grow:10;margin-top:5px;margin-bottom:10px;width:100%;max-width:70px;\"><div class=\"fusion-separator-border sep-single sep-solid\" style=\"--awb-height:20px;--awb-amount:20px;border-color:var(--awb-color2);border-top-width:1px;\"><\/div><\/div><div class=\"fusion-text fusion-text-236\" style=\"--awb-content-alignment:center;--awb-text-transform:capitalize;--awb-text-color:var(--awb-color4);\"><p>Suisse<\/p>\n<\/div><\/div><\/li>\n<li class=\"fusion-layout-column fusion_builder_column fusion-builder-column-238 fusion-flex-column fusion-animated post-card fusion-grid-column fusion-post-cards-grid-column fusion-animated\" style=\"--awb-padding-bottom:5px;--awb-overflow:hidden;--awb-bg-color:var(--awb-color1);--awb-bg-color-hover:var(--awb-custom_color_2);--awb-bg-size:cover;--awb-box-shadow:0px 0px 24px hsla(var(--awb-color7-h),var(--awb-color7-s),var(--awb-color7-l),calc(var(--awb-color7-a) - 40%));;--awb-border-color:var(--awb-color4);--awb-border-color-hover:var(--awb-color7);--awb-border-top:1px;--awb-border-right:1px;--awb-border-bottom:1px;--awb-border-left:1px;--awb-border-style:solid;--awb-border-radius:6px 6px 6px 6px;--awb-flex-grow:0;--awb-flex-shrink:0;--awb-flex-grow-medium:0;--awb-flex-shrink-medium:0;--awb-flex-grow-small:0;--awb-flex-shrink-small:0;\" data-animationType=\"fadeIn\" data-animationDuration=\"1.3\" data-animationOffset=\"top-into-view\"><div class=\"fusion-column-wrapper fusion-column-has-shadow fusion-flex-justify-content-flex-start fusion-content-layout-column\"><div class=\"fusion-image-element \" style=\"--awb-aspect-ratio:16 \/ 9;--awb-margin-bottom:10px;--awb-caption-title-font-family:var(--h2_typography-font-family);--awb-caption-title-font-weight:var(--h2_typography-font-weight);--awb-caption-title-font-style:var(--h2_typography-font-style);--awb-caption-title-size:var(--h2_typography-font-size);--awb-caption-title-transform:var(--h2_typography-text-transform);--awb-caption-title-line-height:var(--h2_typography-line-height);--awb-caption-title-letter-spacing:var(--h2_typography-letter-spacing);\"><span class=\" fusion-imageframe imageframe-none imageframe-236 hover-type-none has-aspect-ratio\"><a class=\"fusion-no-lightbox\" href=\"https:\/\/www.choral-events.com\/en\/chorales\/calgary-boys-choir\/\" target=\"_self\" aria-label=\"Katie Partridge Photo Festival\"><img decoding=\"async\" width=\"1586\" height=\"1080\" src=\"https:\/\/www.choral-events.com\/wp-content\/uploads\/2026\/03\/Festival-photo-Katie-Partridge.jpg\" class=\"img-responsive wp-image-51319 img-with-aspect-ratio\" data-parent-fit=\"cover\" data-parent-container=\".fusion-image-element\" alt srcset=\"https:\/\/www.choral-events.com\/wp-content\/uploads\/2026\/03\/Festival-photo-Katie-Partridge-200x136.jpg 200w, https:\/\/www.choral-events.com\/wp-content\/uploads\/2026\/03\/Festival-photo-Katie-Partridge-400x272.jpg 400w, https:\/\/www.choral-events.com\/wp-content\/uploads\/2026\/03\/Festival-photo-Katie-Partridge-600x409.jpg 600w, https:\/\/www.choral-events.com\/wp-content\/uploads\/2026\/03\/Festival-photo-Katie-Partridge-800x545.jpg 800w, https:\/\/www.choral-events.com\/wp-content\/uploads\/2026\/03\/Festival-photo-Katie-Partridge-1200x817.jpg 1200w, https:\/\/www.choral-events.com\/wp-content\/uploads\/2026\/03\/Festival-photo-Katie-Partridge.jpg 1586w\" sizes=\"(max-width: 1024px) 100vw, (max-width: 640px) 100vw, 1586px\" \/><\/a><\/span><\/div><div class=\"fusion-title title fusion-title-238 fusion-sep-none fusion-title-center fusion-title-text fusion-title-size-paragraph\" style=\"--awb-text-color:var(--awb-color7);--awb-margin-top:10px;--awb-margin-right:5px;--awb-margin-bottom:10px;--awb-margin-left:5px;--awb-margin-top-small:16px;--awb-margin-right-small:0px;--awb-margin-bottom-small:10px;--awb-margin-left-small:0px;--awb-link-color:var(--awb-color7);--awb-font-size:16px;\"><p class=\"fusion-title-heading title-heading-center title-heading-tag fusion-responsive-typography-calculated\" style=\"margin:0;font-size:1em;--fontSize:16;--minFontSize:16;line-height:1.6;\"><a href=\"https:\/\/www.choral-events.com\/en\/chorales\/calgary-boys-choir\/\" class=\"awb-custom-text-color awb-custom-text-hover-color\" target=\"_self\">Calgary Boys Choir<\/a><\/p><\/div><div class=\"fusion-separator\" style=\"align-self: center;margin-left: auto;margin-right: auto;flex-grow:10;margin-top:5px;margin-bottom:10px;width:100%;max-width:70px;\"><div class=\"fusion-separator-border sep-single sep-solid\" style=\"--awb-height:20px;--awb-amount:20px;border-color:var(--awb-color2);border-top-width:1px;\"><\/div><\/div><div class=\"fusion-text fusion-text-237\" style=\"--awb-content-alignment:center;--awb-text-transform:capitalize;--awb-text-color:var(--awb-color4);\"><p>Canada<\/p>\n<\/div><\/div><\/li>\n<li class=\"fusion-layout-column fusion_builder_column fusion-builder-column-239 fusion-flex-column fusion-animated post-card fusion-grid-column fusion-post-cards-grid-column fusion-animated\" style=\"--awb-padding-bottom:5px;--awb-overflow:hidden;--awb-bg-color:var(--awb-color1);--awb-bg-color-hover:var(--awb-custom_color_2);--awb-bg-size:cover;--awb-box-shadow:0px 0px 24px hsla(var(--awb-color7-h),var(--awb-color7-s),var(--awb-color7-l),calc(var(--awb-color7-a) - 40%));;--awb-border-color:var(--awb-color4);--awb-border-color-hover:var(--awb-color7);--awb-border-top:1px;--awb-border-right:1px;--awb-border-bottom:1px;--awb-border-left:1px;--awb-border-style:solid;--awb-border-radius:6px 6px 6px 6px;--awb-flex-grow:0;--awb-flex-shrink:0;--awb-flex-grow-medium:0;--awb-flex-shrink-medium:0;--awb-flex-grow-small:0;--awb-flex-shrink-small:0;\" data-animationType=\"fadeIn\" data-animationDuration=\"1.3\" data-animationOffset=\"top-into-view\"><div class=\"fusion-column-wrapper fusion-column-has-shadow fusion-flex-justify-content-flex-start fusion-content-layout-column\"><div class=\"fusion-image-element \" style=\"--awb-aspect-ratio:16 \/ 9;--awb-margin-bottom:10px;--awb-caption-title-font-family:var(--h2_typography-font-family);--awb-caption-title-font-weight:var(--h2_typography-font-weight);--awb-caption-title-font-style:var(--h2_typography-font-style);--awb-caption-title-size:var(--h2_typography-font-size);--awb-caption-title-transform:var(--h2_typography-text-transform);--awb-caption-title-line-height:var(--h2_typography-line-height);--awb-caption-title-letter-spacing:var(--h2_typography-letter-spacing);\"><span class=\" fusion-imageframe imageframe-none imageframe-237 hover-type-none has-aspect-ratio\"><a class=\"fusion-no-lightbox\" href=\"https:\/\/www.choral-events.com\/en\/chorales\/canadian-chinese-childrens-choir-of-canada\/\" target=\"_self\" aria-label=\"Compact Chinese Choir.\"><img decoding=\"async\" width=\"600\" height=\"600\" alt=\"Ensemble of young Chinese choristers during an international concert in France, under the direction of a conductor.\" src=\"https:\/\/www.choral-events.com\/wp-content\/uploads\/2025\/01\/Canada-C5-Choir.jpg\" class=\"img-responsive wp-image-49349 img-with-aspect-ratio\" data-parent-fit=\"cover\" data-parent-container=\".fusion-image-element\" srcset=\"https:\/\/www.choral-events.com\/wp-content\/uploads\/2025\/01\/Canada-C5-Choir-200x200.jpg 200w, https:\/\/www.choral-events.com\/wp-content\/uploads\/2025\/01\/Canada-C5-Choir-400x400.jpg 400w, https:\/\/www.choral-events.com\/wp-content\/uploads\/2025\/01\/Canada-C5-Choir.jpg 600w\" sizes=\"(max-width: 1024px) 100vw, (max-width: 640px) 100vw, 600px\" \/><\/a><\/span><\/div><div class=\"fusion-title title fusion-title-239 fusion-sep-none fusion-title-center fusion-title-text fusion-title-size-paragraph\" style=\"--awb-text-color:var(--awb-color7);--awb-margin-top:10px;--awb-margin-right:5px;--awb-margin-bottom:10px;--awb-margin-left:5px;--awb-margin-top-small:16px;--awb-margin-right-small:0px;--awb-margin-bottom-small:10px;--awb-margin-left-small:0px;--awb-link-color:var(--awb-color7);--awb-font-size:16px;\"><p class=\"fusion-title-heading title-heading-center title-heading-tag fusion-responsive-typography-calculated\" style=\"margin:0;font-size:1em;--fontSize:16;--minFontSize:16;line-height:1.6;\"><a href=\"https:\/\/www.choral-events.com\/en\/chorales\/canadian-chinese-childrens-choir-of-canada\/\" class=\"awb-custom-text-color awb-custom-text-hover-color\" target=\"_self\">Canadian Chinese Children&#8217;s Choir of Canada<\/a><\/p><\/div><div class=\"fusion-separator\" style=\"align-self: center;margin-left: auto;margin-right: auto;flex-grow:10;margin-top:5px;margin-bottom:10px;width:100%;max-width:70px;\"><div class=\"fusion-separator-border sep-single sep-solid\" style=\"--awb-height:20px;--awb-amount:20px;border-color:var(--awb-color2);border-top-width:1px;\"><\/div><\/div><div class=\"fusion-text fusion-text-238\" style=\"--awb-content-alignment:center;--awb-text-transform:capitalize;--awb-text-color:var(--awb-color4);\"><p>Canada<\/p>\n<\/div><\/div><\/li>\n<li class=\"fusion-layout-column fusion_builder_column fusion-builder-column-240 fusion-flex-column fusion-animated post-card fusion-grid-column fusion-post-cards-grid-column fusion-animated\" style=\"--awb-padding-bottom:5px;--awb-overflow:hidden;--awb-bg-color:var(--awb-color1);--awb-bg-color-hover:var(--awb-custom_color_2);--awb-bg-size:cover;--awb-box-shadow:0px 0px 24px hsla(var(--awb-color7-h),var(--awb-color7-s),var(--awb-color7-l),calc(var(--awb-color7-a) - 40%));;--awb-border-color:var(--awb-color4);--awb-border-color-hover:var(--awb-color7);--awb-border-top:1px;--awb-border-right:1px;--awb-border-bottom:1px;--awb-border-left:1px;--awb-border-style:solid;--awb-border-radius:6px 6px 6px 6px;--awb-flex-grow:0;--awb-flex-shrink:0;--awb-flex-grow-medium:0;--awb-flex-shrink-medium:0;--awb-flex-grow-small:0;--awb-flex-shrink-small:0;\" data-animationType=\"fadeIn\" data-animationDuration=\"1.3\" data-animationOffset=\"top-into-view\"><div class=\"fusion-column-wrapper fusion-column-has-shadow fusion-flex-justify-content-flex-start fusion-content-layout-column\"><div class=\"fusion-image-element \" style=\"--awb-aspect-ratio:16 \/ 9;--awb-margin-bottom:10px;--awb-caption-title-font-family:var(--h2_typography-font-family);--awb-caption-title-font-weight:var(--h2_typography-font-weight);--awb-caption-title-font-style:var(--h2_typography-font-style);--awb-caption-title-size:var(--h2_typography-font-size);--awb-caption-title-transform:var(--h2_typography-text-transform);--awb-caption-title-line-height:var(--h2_typography-line-height);--awb-caption-title-letter-spacing:var(--h2_typography-letter-spacing);\"><span class=\" fusion-imageframe imageframe-none imageframe-238 hover-type-none has-aspect-ratio\"><a class=\"fusion-no-lightbox\" href=\"https:\/\/www.choral-events.com\/en\/chorales\/cantabile-vocal-ensemble\/\" target=\"_self\" aria-label=\"Cantabile Vocal Ensemble\"><img decoding=\"async\" width=\"1280\" height=\"597\" alt=\"Cantabile Vocal Ensemble\" src=\"https:\/\/www.choral-events.com\/wp-content\/uploads\/2025\/02\/2-1.jpeg\" class=\"img-responsive wp-image-49292 img-with-aspect-ratio\" data-parent-fit=\"cover\" data-parent-container=\".fusion-image-element\" srcset=\"https:\/\/www.choral-events.com\/wp-content\/uploads\/2025\/02\/2-1-200x93.jpeg 200w, https:\/\/www.choral-events.com\/wp-content\/uploads\/2025\/02\/2-1-400x187.jpeg 400w, https:\/\/www.choral-events.com\/wp-content\/uploads\/2025\/02\/2-1-600x280.jpeg 600w, https:\/\/www.choral-events.com\/wp-content\/uploads\/2025\/02\/2-1-800x373.jpeg 800w, https:\/\/www.choral-events.com\/wp-content\/uploads\/2025\/02\/2-1-1200x560.jpeg 1200w, https:\/\/www.choral-events.com\/wp-content\/uploads\/2025\/02\/2-1.jpeg 1280w\" sizes=\"(max-width: 1024px) 100vw, (max-width: 640px) 100vw, 1280px\" \/><\/a><\/span><\/div><div class=\"fusion-title title fusion-title-240 fusion-sep-none fusion-title-center fusion-title-text fusion-title-size-paragraph\" style=\"--awb-text-color:var(--awb-color7);--awb-margin-top:10px;--awb-margin-right:5px;--awb-margin-bottom:10px;--awb-margin-left:5px;--awb-margin-top-small:16px;--awb-margin-right-small:0px;--awb-margin-bottom-small:10px;--awb-margin-left-small:0px;--awb-link-color:var(--awb-color7);--awb-font-size:16px;\"><p class=\"fusion-title-heading title-heading-center title-heading-tag fusion-responsive-typography-calculated\" style=\"margin:0;font-size:1em;--fontSize:16;--minFontSize:16;line-height:1.6;\"><a href=\"https:\/\/www.choral-events.com\/en\/chorales\/cantabile-vocal-ensemble\/\" class=\"awb-custom-text-color awb-custom-text-hover-color\" target=\"_self\">Cantabile Vocal Ensemble<\/a><\/p><\/div><div class=\"fusion-separator\" style=\"align-self: center;margin-left: auto;margin-right: auto;flex-grow:10;margin-top:5px;margin-bottom:10px;width:100%;max-width:70px;\"><div class=\"fusion-separator-border sep-single sep-solid\" style=\"--awb-height:20px;--awb-amount:20px;border-color:var(--awb-color2);border-top-width:1px;\"><\/div><\/div><div class=\"fusion-text fusion-text-239\" style=\"--awb-content-alignment:center;--awb-text-transform:capitalize;--awb-text-color:var(--awb-color4);\"><p>France<\/p>\n<\/div><\/div><\/li>\n<li class=\"fusion-layout-column fusion_builder_column fusion-builder-column-241 fusion-flex-column fusion-animated post-card fusion-grid-column fusion-post-cards-grid-column fusion-animated\" style=\"--awb-padding-bottom:5px;--awb-overflow:hidden;--awb-bg-color:var(--awb-color1);--awb-bg-color-hover:var(--awb-custom_color_2);--awb-bg-size:cover;--awb-box-shadow:0px 0px 24px hsla(var(--awb-color7-h),var(--awb-color7-s),var(--awb-color7-l),calc(var(--awb-color7-a) - 40%));;--awb-border-color:var(--awb-color4);--awb-border-color-hover:var(--awb-color7);--awb-border-top:1px;--awb-border-right:1px;--awb-border-bottom:1px;--awb-border-left:1px;--awb-border-style:solid;--awb-border-radius:6px 6px 6px 6px;--awb-flex-grow:0;--awb-flex-shrink:0;--awb-flex-grow-medium:0;--awb-flex-shrink-medium:0;--awb-flex-grow-small:0;--awb-flex-shrink-small:0;\" data-animationType=\"fadeIn\" data-animationDuration=\"1.3\" data-animationOffset=\"top-into-view\"><div class=\"fusion-column-wrapper fusion-column-has-shadow fusion-flex-justify-content-flex-start fusion-content-layout-column\"><div class=\"fusion-image-element \" style=\"--awb-aspect-ratio:16 \/ 9;--awb-margin-bottom:10px;--awb-caption-title-font-family:var(--h2_typography-font-family);--awb-caption-title-font-weight:var(--h2_typography-font-weight);--awb-caption-title-font-style:var(--h2_typography-font-style);--awb-caption-title-size:var(--h2_typography-font-size);--awb-caption-title-transform:var(--h2_typography-text-transform);--awb-caption-title-line-height:var(--h2_typography-line-height);--awb-caption-title-letter-spacing:var(--h2_typography-letter-spacing);\"><span class=\" fusion-imageframe imageframe-none imageframe-239 hover-type-none has-aspect-ratio\"><a class=\"fusion-no-lightbox\" href=\"https:\/\/www.choral-events.com\/en\/chorales\/cantamus-girlss-choir\/\" target=\"_self\" aria-label=\"Cantamus-girls-choir-photo-page-web-1\"><img decoding=\"async\" width=\"550\" height=\"350\" src=\"https:\/\/www.choral-events.com\/wp-content\/uploads\/2026\/03\/Cantamus-girls-choir-photo-page-web-1.png\" class=\"img-responsive wp-image-51809 img-with-aspect-ratio\" data-parent-fit=\"cover\" data-parent-container=\".fusion-image-element\" alt srcset=\"https:\/\/www.choral-events.com\/wp-content\/uploads\/2026\/03\/Cantamus-girls-choir-photo-page-web-1-200x127.png 200w, https:\/\/www.choral-events.com\/wp-content\/uploads\/2026\/03\/Cantamus-girls-choir-photo-page-web-1-400x255.png 400w, https:\/\/www.choral-events.com\/wp-content\/uploads\/2026\/03\/Cantamus-girls-choir-photo-page-web-1.png 550w\" sizes=\"(max-width: 1024px) 100vw, (max-width: 640px) 100vw, 550px\" \/><\/a><\/span><\/div><div class=\"fusion-title title fusion-title-241 fusion-sep-none fusion-title-center fusion-title-text fusion-title-size-paragraph\" style=\"--awb-text-color:var(--awb-color7);--awb-margin-top:10px;--awb-margin-right:5px;--awb-margin-bottom:10px;--awb-margin-left:5px;--awb-margin-top-small:16px;--awb-margin-right-small:0px;--awb-margin-bottom-small:10px;--awb-margin-left-small:0px;--awb-link-color:var(--awb-color7);--awb-font-size:16px;\"><p class=\"fusion-title-heading title-heading-center title-heading-tag fusion-responsive-typography-calculated\" style=\"margin:0;font-size:1em;--fontSize:16;--minFontSize:16;line-height:1.6;\"><a href=\"https:\/\/www.choral-events.com\/en\/chorales\/cantamus-girlss-choir\/\" class=\"awb-custom-text-color awb-custom-text-hover-color\" target=\"_self\">Cantamus Girls\u2019s Choir<\/a><\/p><\/div><div class=\"fusion-separator\" style=\"align-self: center;margin-left: auto;margin-right: auto;flex-grow:10;margin-top:5px;margin-bottom:10px;width:100%;max-width:70px;\"><div class=\"fusion-separator-border sep-single sep-solid\" style=\"--awb-height:20px;--awb-amount:20px;border-color:var(--awb-color2);border-top-width:1px;\"><\/div><\/div><div class=\"fusion-text fusion-text-240\" style=\"--awb-content-alignment:center;--awb-text-transform:capitalize;--awb-text-color:var(--awb-color4);\"><p>Angleterre<\/p>\n<\/div><\/div><\/li>\n<li class=\"fusion-layout-column fusion_builder_column fusion-builder-column-242 fusion-flex-column fusion-animated post-card fusion-grid-column fusion-post-cards-grid-column fusion-animated\" style=\"--awb-padding-bottom:5px;--awb-overflow:hidden;--awb-bg-color:var(--awb-color1);--awb-bg-color-hover:var(--awb-custom_color_2);--awb-bg-size:cover;--awb-box-shadow:0px 0px 24px hsla(var(--awb-color7-h),var(--awb-color7-s),var(--awb-color7-l),calc(var(--awb-color7-a) - 40%));;--awb-border-color:var(--awb-color4);--awb-border-color-hover:var(--awb-color7);--awb-border-top:1px;--awb-border-right:1px;--awb-border-bottom:1px;--awb-border-left:1px;--awb-border-style:solid;--awb-border-radius:6px 6px 6px 6px;--awb-flex-grow:0;--awb-flex-shrink:0;--awb-flex-grow-medium:0;--awb-flex-shrink-medium:0;--awb-flex-grow-small:0;--awb-flex-shrink-small:0;\" data-animationType=\"fadeIn\" data-animationDuration=\"1.3\" data-animationOffset=\"top-into-view\"><div class=\"fusion-column-wrapper fusion-column-has-shadow fusion-flex-justify-content-flex-start fusion-content-layout-column\"><div class=\"fusion-image-element \" style=\"--awb-aspect-ratio:16 \/ 9;--awb-margin-bottom:10px;--awb-caption-title-font-family:var(--h2_typography-font-family);--awb-caption-title-font-weight:var(--h2_typography-font-weight);--awb-caption-title-font-style:var(--h2_typography-font-style);--awb-caption-title-size:var(--h2_typography-font-size);--awb-caption-title-transform:var(--h2_typography-text-transform);--awb-caption-title-line-height:var(--h2_typography-line-height);--awb-caption-title-letter-spacing:var(--h2_typography-letter-spacing);\"><span class=\" fusion-imageframe imageframe-none imageframe-240 hover-type-none has-aspect-ratio\"><a class=\"fusion-no-lightbox\" href=\"https:\/\/www.choral-events.com\/en\/chorales\/cantate-deo-choir\/\" target=\"_self\" aria-label=\"Cantate Deo Choir &#8211; Poland\"><img decoding=\"async\" width=\"600\" height=\"600\" src=\"https:\/\/www.choral-events.com\/wp-content\/uploads\/2025\/03\/Chor-Cantate-Deo-Pologne.jpg\" class=\"img-responsive wp-image-49403 img-with-aspect-ratio\" data-parent-fit=\"cover\" data-parent-container=\".fusion-image-element\" alt srcset=\"https:\/\/www.choral-events.com\/wp-content\/uploads\/2025\/03\/Chor-Cantate-Deo-Pologne-200x200.jpg 200w, https:\/\/www.choral-events.com\/wp-content\/uploads\/2025\/03\/Chor-Cantate-Deo-Pologne-400x400.jpg 400w, https:\/\/www.choral-events.com\/wp-content\/uploads\/2025\/03\/Chor-Cantate-Deo-Pologne.jpg 600w\" sizes=\"(max-width: 1024px) 100vw, (max-width: 640px) 100vw, 600px\" \/><\/a><\/span><\/div><div class=\"fusion-title title fusion-title-242 fusion-sep-none fusion-title-center fusion-title-text fusion-title-size-paragraph\" style=\"--awb-text-color:var(--awb-color7);--awb-margin-top:10px;--awb-margin-right:5px;--awb-margin-bottom:10px;--awb-margin-left:5px;--awb-margin-top-small:16px;--awb-margin-right-small:0px;--awb-margin-bottom-small:10px;--awb-margin-left-small:0px;--awb-link-color:var(--awb-color7);--awb-font-size:16px;\"><p class=\"fusion-title-heading title-heading-center title-heading-tag fusion-responsive-typography-calculated\" style=\"margin:0;font-size:1em;--fontSize:16;--minFontSize:16;line-height:1.6;\"><a href=\"https:\/\/www.choral-events.com\/en\/chorales\/cantate-deo-choir\/\" class=\"awb-custom-text-color awb-custom-text-hover-color\" target=\"_self\">Cantate Deo Choir<\/a><\/p><\/div><div class=\"fusion-separator\" style=\"align-self: center;margin-left: auto;margin-right: auto;flex-grow:10;margin-top:5px;margin-bottom:10px;width:100%;max-width:70px;\"><div class=\"fusion-separator-border sep-single sep-solid\" style=\"--awb-height:20px;--awb-amount:20px;border-color:var(--awb-color2);border-top-width:1px;\"><\/div><\/div><div class=\"fusion-text fusion-text-241\" style=\"--awb-content-alignment:center;--awb-text-transform:capitalize;--awb-text-color:var(--awb-color4);\"><p>Poland<\/p>\n<\/div><\/div><\/li>\n<li class=\"fusion-layout-column fusion_builder_column fusion-builder-column-243 fusion-flex-column fusion-animated post-card fusion-grid-column fusion-post-cards-grid-column fusion-animated\" style=\"--awb-padding-bottom:5px;--awb-overflow:hidden;--awb-bg-color:var(--awb-color1);--awb-bg-color-hover:var(--awb-custom_color_2);--awb-bg-size:cover;--awb-box-shadow:0px 0px 24px hsla(var(--awb-color7-h),var(--awb-color7-s),var(--awb-color7-l),calc(var(--awb-color7-a) - 40%));;--awb-border-color:var(--awb-color4);--awb-border-color-hover:var(--awb-color7);--awb-border-top:1px;--awb-border-right:1px;--awb-border-bottom:1px;--awb-border-left:1px;--awb-border-style:solid;--awb-border-radius:6px 6px 6px 6px;--awb-flex-grow:0;--awb-flex-shrink:0;--awb-flex-grow-medium:0;--awb-flex-shrink-medium:0;--awb-flex-grow-small:0;--awb-flex-shrink-small:0;\" data-animationType=\"fadeIn\" data-animationDuration=\"1.3\" data-animationOffset=\"top-into-view\"><div class=\"fusion-column-wrapper fusion-column-has-shadow fusion-flex-justify-content-flex-start fusion-content-layout-column\"><div class=\"fusion-image-element \" style=\"--awb-aspect-ratio:16 \/ 9;--awb-margin-bottom:10px;--awb-caption-title-font-family:var(--h2_typography-font-family);--awb-caption-title-font-weight:var(--h2_typography-font-weight);--awb-caption-title-font-style:var(--h2_typography-font-style);--awb-caption-title-size:var(--h2_typography-font-size);--awb-caption-title-transform:var(--h2_typography-text-transform);--awb-caption-title-line-height:var(--h2_typography-line-height);--awb-caption-title-letter-spacing:var(--h2_typography-letter-spacing);\"><span class=\" fusion-imageframe imageframe-none imageframe-241 hover-type-none has-aspect-ratio\"><a class=\"fusion-no-lightbox\" href=\"https:\/\/www.choral-events.com\/en\/chorales\/cerebellia-choir\/\" target=\"_self\" aria-label=\"Choir Festival.\"><img decoding=\"async\" width=\"550\" height=\"350\" alt=\"A group of choristers during an international festival.\" src=\"https:\/\/www.choral-events.com\/wp-content\/uploads\/2026\/01\/Cerebellia-France-photo-page-web-.jpg\" class=\"img-responsive wp-image-49356 img-with-aspect-ratio\" data-parent-fit=\"cover\" data-parent-container=\".fusion-image-element\" srcset=\"https:\/\/www.choral-events.com\/wp-content\/uploads\/2026\/01\/Cerebellia-France-photo-page-web--200x127.jpg 200w, https:\/\/www.choral-events.com\/wp-content\/uploads\/2026\/01\/Cerebellia-France-photo-page-web--400x255.jpg 400w, https:\/\/www.choral-events.com\/wp-content\/uploads\/2026\/01\/Cerebellia-France-photo-page-web-.jpg 550w\" sizes=\"(max-width: 1024px) 100vw, (max-width: 640px) 100vw, 550px\" \/><\/a><\/span><\/div><div class=\"fusion-title title fusion-title-243 fusion-sep-none fusion-title-center fusion-title-text fusion-title-size-paragraph\" style=\"--awb-text-color:var(--awb-color7);--awb-margin-top:10px;--awb-margin-right:5px;--awb-margin-bottom:10px;--awb-margin-left:5px;--awb-margin-top-small:16px;--awb-margin-right-small:0px;--awb-margin-bottom-small:10px;--awb-margin-left-small:0px;--awb-link-color:var(--awb-color7);--awb-font-size:16px;\"><p class=\"fusion-title-heading title-heading-center title-heading-tag fusion-responsive-typography-calculated\" style=\"margin:0;font-size:1em;--fontSize:16;--minFontSize:16;line-height:1.6;\"><a href=\"https:\/\/www.choral-events.com\/en\/chorales\/cerebellia-choir\/\" class=\"awb-custom-text-color awb-custom-text-hover-color\" target=\"_self\">Cerebellia Choir<\/a><\/p><\/div><div class=\"fusion-separator\" style=\"align-self: center;margin-left: auto;margin-right: auto;flex-grow:10;margin-top:5px;margin-bottom:10px;width:100%;max-width:70px;\"><div class=\"fusion-separator-border sep-single sep-solid\" style=\"--awb-height:20px;--awb-amount:20px;border-color:var(--awb-color2);border-top-width:1px;\"><\/div><\/div><div class=\"fusion-text fusion-text-242\" style=\"--awb-content-alignment:center;--awb-text-transform:capitalize;--awb-text-color:var(--awb-color4);\"><p>France<\/p>\n<\/div><\/div><\/li>\n<li class=\"fusion-layout-column fusion_builder_column fusion-builder-column-244 fusion-flex-column fusion-animated post-card fusion-grid-column fusion-post-cards-grid-column fusion-animated\" style=\"--awb-padding-bottom:5px;--awb-overflow:hidden;--awb-bg-color:var(--awb-color1);--awb-bg-color-hover:var(--awb-custom_color_2);--awb-bg-size:cover;--awb-box-shadow:0px 0px 24px hsla(var(--awb-color7-h),var(--awb-color7-s),var(--awb-color7-l),calc(var(--awb-color7-a) - 40%));;--awb-border-color:var(--awb-color4);--awb-border-color-hover:var(--awb-color7);--awb-border-top:1px;--awb-border-right:1px;--awb-border-bottom:1px;--awb-border-left:1px;--awb-border-style:solid;--awb-border-radius:6px 6px 6px 6px;--awb-flex-grow:0;--awb-flex-shrink:0;--awb-flex-grow-medium:0;--awb-flex-shrink-medium:0;--awb-flex-grow-small:0;--awb-flex-shrink-small:0;\" data-animationType=\"fadeIn\" data-animationDuration=\"1.3\" data-animationOffset=\"top-into-view\"><div class=\"fusion-column-wrapper fusion-column-has-shadow fusion-flex-justify-content-flex-start fusion-content-layout-column\"><div class=\"fusion-image-element \" style=\"--awb-aspect-ratio:16 \/ 9;--awb-margin-bottom:10px;--awb-caption-title-font-family:var(--h2_typography-font-family);--awb-caption-title-font-weight:var(--h2_typography-font-weight);--awb-caption-title-font-style:var(--h2_typography-font-style);--awb-caption-title-size:var(--h2_typography-font-size);--awb-caption-title-transform:var(--h2_typography-text-transform);--awb-caption-title-line-height:var(--h2_typography-line-height);--awb-caption-title-letter-spacing:var(--h2_typography-letter-spacing);\"><span class=\" fusion-imageframe imageframe-none imageframe-242 hover-type-none has-aspect-ratio\"><a class=\"fusion-no-lightbox\" href=\"https:\/\/www.choral-events.com\/en\/chorales\/chamber-choir-sophia\/\" target=\"_self\" aria-label=\"sophia3-1-550&#215;350\"><img decoding=\"async\" width=\"550\" height=\"350\" src=\"https:\/\/www.choral-events.com\/wp-content\/uploads\/2026\/03\/sophia3-1-550x350-1.jpeg\" class=\"img-responsive wp-image-51438 img-with-aspect-ratio\" data-parent-fit=\"cover\" data-parent-container=\".fusion-image-element\" alt srcset=\"https:\/\/www.choral-events.com\/wp-content\/uploads\/2026\/03\/sophia3-1-550x350-1-200x127.jpeg 200w, https:\/\/www.choral-events.com\/wp-content\/uploads\/2026\/03\/sophia3-1-550x350-1-400x255.jpeg 400w, https:\/\/www.choral-events.com\/wp-content\/uploads\/2026\/03\/sophia3-1-550x350-1.jpeg 550w\" sizes=\"(max-width: 1024px) 100vw, (max-width: 640px) 100vw, 550px\" \/><\/a><\/span><\/div><div class=\"fusion-title title fusion-title-244 fusion-sep-none fusion-title-center fusion-title-text fusion-title-size-paragraph\" style=\"--awb-text-color:var(--awb-color7);--awb-margin-top:10px;--awb-margin-right:5px;--awb-margin-bottom:10px;--awb-margin-left:5px;--awb-margin-top-small:16px;--awb-margin-right-small:0px;--awb-margin-bottom-small:10px;--awb-margin-left-small:0px;--awb-link-color:var(--awb-color7);--awb-font-size:16px;\"><p class=\"fusion-title-heading title-heading-center title-heading-tag fusion-responsive-typography-calculated\" style=\"margin:0;font-size:1em;--fontSize:16;--minFontSize:16;line-height:1.6;\"><a href=\"https:\/\/www.choral-events.com\/en\/chorales\/chamber-choir-sophia\/\" class=\"awb-custom-text-color awb-custom-text-hover-color\" target=\"_self\">Chamber Choir Sophia<\/a><\/p><\/div><div class=\"fusion-separator\" style=\"align-self: center;margin-left: auto;margin-right: auto;flex-grow:10;margin-top:5px;margin-bottom:10px;width:100%;max-width:70px;\"><div class=\"fusion-separator-border sep-single sep-solid\" style=\"--awb-height:20px;--awb-amount:20px;border-color:var(--awb-color2);border-top-width:1px;\"><\/div><\/div><div class=\"fusion-text fusion-text-243\" style=\"--awb-content-alignment:center;--awb-text-transform:capitalize;--awb-text-color:var(--awb-color4);\"><p>Ukraine<\/p>\n<\/div><\/div><\/li>\n<li class=\"fusion-layout-column fusion_builder_column fusion-builder-column-245 fusion-flex-column fusion-animated post-card fusion-grid-column fusion-post-cards-grid-column fusion-animated\" style=\"--awb-padding-bottom:5px;--awb-overflow:hidden;--awb-bg-color:var(--awb-color1);--awb-bg-color-hover:var(--awb-custom_color_2);--awb-bg-size:cover;--awb-box-shadow:0px 0px 24px hsla(var(--awb-color7-h),var(--awb-color7-s),var(--awb-color7-l),calc(var(--awb-color7-a) - 40%));;--awb-border-color:var(--awb-color4);--awb-border-color-hover:var(--awb-color7);--awb-border-top:1px;--awb-border-right:1px;--awb-border-bottom:1px;--awb-border-left:1px;--awb-border-style:solid;--awb-border-radius:6px 6px 6px 6px;--awb-flex-grow:0;--awb-flex-shrink:0;--awb-flex-grow-medium:0;--awb-flex-shrink-medium:0;--awb-flex-grow-small:0;--awb-flex-shrink-small:0;\" data-animationType=\"fadeIn\" data-animationDuration=\"1.3\" data-animationOffset=\"top-into-view\"><div class=\"fusion-column-wrapper fusion-column-has-shadow fusion-flex-justify-content-flex-start fusion-content-layout-column\"><div class=\"fusion-image-element \" style=\"--awb-aspect-ratio:16 \/ 9;--awb-margin-bottom:10px;--awb-caption-title-font-family:var(--h2_typography-font-family);--awb-caption-title-font-weight:var(--h2_typography-font-weight);--awb-caption-title-font-style:var(--h2_typography-font-style);--awb-caption-title-size:var(--h2_typography-font-size);--awb-caption-title-transform:var(--h2_typography-text-transform);--awb-caption-title-line-height:var(--h2_typography-line-height);--awb-caption-title-letter-spacing:var(--h2_typography-letter-spacing);\"><span class=\" fusion-imageframe imageframe-none imageframe-243 hover-type-none has-aspect-ratio\"><a class=\"fusion-no-lightbox\" href=\"https:\/\/www.choral-events.com\/en\/chorales\/chamber-mixed-choir-of-vilnius-university-hospital-santara\/\" target=\"_self\" aria-label=\"Santara choir photo (002)\"><img decoding=\"async\" width=\"2560\" height=\"2560\" src=\"https:\/\/www.choral-events.com\/wp-content\/uploads\/2025\/05\/Santara-choir-photo-002-scaled-1.jpg\" class=\"img-responsive wp-image-49373 img-with-aspect-ratio\" data-parent-fit=\"cover\" data-parent-container=\".fusion-image-element\" alt srcset=\"https:\/\/www.choral-events.com\/wp-content\/uploads\/2025\/05\/Santara-choir-photo-002-scaled-1-200x200.jpg 200w, https:\/\/www.choral-events.com\/wp-content\/uploads\/2025\/05\/Santara-choir-photo-002-scaled-1-400x400.jpg 400w, https:\/\/www.choral-events.com\/wp-content\/uploads\/2025\/05\/Santara-choir-photo-002-scaled-1-600x600.jpg 600w, https:\/\/www.choral-events.com\/wp-content\/uploads\/2025\/05\/Santara-choir-photo-002-scaled-1-800x800.jpg 800w, https:\/\/www.choral-events.com\/wp-content\/uploads\/2025\/05\/Santara-choir-photo-002-scaled-1-1200x1200.jpg 1200w, https:\/\/www.choral-events.com\/wp-content\/uploads\/2025\/05\/Santara-choir-photo-002-scaled-1.jpg 2560w\" sizes=\"(max-width: 1024px) 100vw, (max-width: 640px) 100vw, 2560px\" \/><\/a><\/span><\/div><div class=\"fusion-title title fusion-title-245 fusion-sep-none fusion-title-center fusion-title-text fusion-title-size-paragraph\" style=\"--awb-text-color:var(--awb-color7);--awb-margin-top:10px;--awb-margin-right:5px;--awb-margin-bottom:10px;--awb-margin-left:5px;--awb-margin-top-small:16px;--awb-margin-right-small:0px;--awb-margin-bottom-small:10px;--awb-margin-left-small:0px;--awb-link-color:var(--awb-color7);--awb-font-size:16px;\"><p class=\"fusion-title-heading title-heading-center title-heading-tag fusion-responsive-typography-calculated\" style=\"margin:0;font-size:1em;--fontSize:16;--minFontSize:16;line-height:1.6;\"><a href=\"https:\/\/www.choral-events.com\/en\/chorales\/chamber-mixed-choir-of-vilnius-university-hospital-santara\/\" class=\"awb-custom-text-color awb-custom-text-hover-color\" target=\"_self\">Chamber Mixed Choir of Vilnius University Hospital Santara<\/a><\/p><\/div><div class=\"fusion-separator\" style=\"align-self: center;margin-left: auto;margin-right: auto;flex-grow:10;margin-top:5px;margin-bottom:10px;width:100%;max-width:70px;\"><div class=\"fusion-separator-border sep-single sep-solid\" style=\"--awb-height:20px;--awb-amount:20px;border-color:var(--awb-color2);border-top-width:1px;\"><\/div><\/div><div class=\"fusion-text fusion-text-244\" style=\"--awb-content-alignment:center;--awb-text-transform:capitalize;--awb-text-color:var(--awb-color4);\"><p>Lithuania<\/p>\n<\/div><\/div><\/li>\n<li class=\"fusion-layout-column fusion_builder_column fusion-builder-column-246 fusion-flex-column fusion-animated post-card fusion-grid-column fusion-post-cards-grid-column fusion-animated\" style=\"--awb-padding-bottom:5px;--awb-overflow:hidden;--awb-bg-color:var(--awb-color1);--awb-bg-color-hover:var(--awb-custom_color_2);--awb-bg-size:cover;--awb-box-shadow:0px 0px 24px hsla(var(--awb-color7-h),var(--awb-color7-s),var(--awb-color7-l),calc(var(--awb-color7-a) - 40%));;--awb-border-color:var(--awb-color4);--awb-border-color-hover:var(--awb-color7);--awb-border-top:1px;--awb-border-right:1px;--awb-border-bottom:1px;--awb-border-left:1px;--awb-border-style:solid;--awb-border-radius:6px 6px 6px 6px;--awb-flex-grow:0;--awb-flex-shrink:0;--awb-flex-grow-medium:0;--awb-flex-shrink-medium:0;--awb-flex-grow-small:0;--awb-flex-shrink-small:0;\" data-animationType=\"fadeIn\" data-animationDuration=\"1.3\" data-animationOffset=\"top-into-view\"><div class=\"fusion-column-wrapper fusion-column-has-shadow fusion-flex-justify-content-flex-start fusion-content-layout-column\"><div class=\"fusion-image-element \" style=\"--awb-aspect-ratio:16 \/ 9;--awb-margin-bottom:10px;--awb-caption-title-font-family:var(--h2_typography-font-family);--awb-caption-title-font-weight:var(--h2_typography-font-weight);--awb-caption-title-font-style:var(--h2_typography-font-style);--awb-caption-title-size:var(--h2_typography-font-size);--awb-caption-title-transform:var(--h2_typography-text-transform);--awb-caption-title-line-height:var(--h2_typography-line-height);--awb-caption-title-letter-spacing:var(--h2_typography-letter-spacing);\"><span class=\" fusion-imageframe imageframe-none imageframe-244 hover-type-none has-aspect-ratio\"><a class=\"fusion-no-lightbox\" href=\"https:\/\/www.choral-events.com\/en\/chorales\/choeur-a-coeur\/\" target=\"_self\" aria-label=\"Choeur-\u00e0-Coeur-photo-Suisse-2-550&#215;350\"><img decoding=\"async\" width=\"550\" height=\"350\" src=\"https:\/\/www.choral-events.com\/wp-content\/uploads\/2026\/03\/Choeur-a-Coeur-photo-Suisse-2-550x350-1.jpg\" class=\"img-responsive wp-image-51813 img-with-aspect-ratio\" data-parent-fit=\"cover\" data-parent-container=\".fusion-image-element\" alt srcset=\"https:\/\/www.choral-events.com\/wp-content\/uploads\/2026\/03\/Choeur-a-Coeur-photo-Suisse-2-550x350-1-200x127.jpg 200w, https:\/\/www.choral-events.com\/wp-content\/uploads\/2026\/03\/Choeur-a-Coeur-photo-Suisse-2-550x350-1-400x255.jpg 400w, https:\/\/www.choral-events.com\/wp-content\/uploads\/2026\/03\/Choeur-a-Coeur-photo-Suisse-2-550x350-1.jpg 550w\" sizes=\"(max-width: 1024px) 100vw, (max-width: 640px) 100vw, 550px\" \/><\/a><\/span><\/div><div class=\"fusion-title title fusion-title-246 fusion-sep-none fusion-title-center fusion-title-text fusion-title-size-paragraph\" style=\"--awb-text-color:var(--awb-color7);--awb-margin-top:10px;--awb-margin-right:5px;--awb-margin-bottom:10px;--awb-margin-left:5px;--awb-margin-top-small:16px;--awb-margin-right-small:0px;--awb-margin-bottom-small:10px;--awb-margin-left-small:0px;--awb-link-color:var(--awb-color7);--awb-font-size:16px;\"><p class=\"fusion-title-heading title-heading-center title-heading-tag fusion-responsive-typography-calculated\" style=\"margin:0;font-size:1em;--fontSize:16;--minFontSize:16;line-height:1.6;\"><a href=\"https:\/\/www.choral-events.com\/en\/chorales\/choeur-a-coeur\/\" class=\"awb-custom-text-color awb-custom-text-hover-color\" target=\"_self\">Ch\u0153ur \u00e0 C\u0153ur<\/a><\/p><\/div><div class=\"fusion-separator\" style=\"align-self: center;margin-left: auto;margin-right: auto;flex-grow:10;margin-top:5px;margin-bottom:10px;width:100%;max-width:70px;\"><div class=\"fusion-separator-border sep-single sep-solid\" style=\"--awb-height:20px;--awb-amount:20px;border-color:var(--awb-color2);border-top-width:1px;\"><\/div><\/div><div class=\"fusion-text fusion-text-245\" style=\"--awb-content-alignment:center;--awb-text-transform:capitalize;--awb-text-color:var(--awb-color4);\"><p>Suisse<\/p>\n<\/div><\/div><\/li>\n<li class=\"fusion-layout-column fusion_builder_column fusion-builder-column-247 fusion-flex-column fusion-animated post-card fusion-grid-column fusion-post-cards-grid-column fusion-animated\" style=\"--awb-padding-bottom:5px;--awb-overflow:hidden;--awb-bg-color:var(--awb-color1);--awb-bg-color-hover:var(--awb-custom_color_2);--awb-bg-size:cover;--awb-box-shadow:0px 0px 24px hsla(var(--awb-color7-h),var(--awb-color7-s),var(--awb-color7-l),calc(var(--awb-color7-a) - 40%));;--awb-border-color:var(--awb-color4);--awb-border-color-hover:var(--awb-color7);--awb-border-top:1px;--awb-border-right:1px;--awb-border-bottom:1px;--awb-border-left:1px;--awb-border-style:solid;--awb-border-radius:6px 6px 6px 6px;--awb-flex-grow:0;--awb-flex-shrink:0;--awb-flex-grow-medium:0;--awb-flex-shrink-medium:0;--awb-flex-grow-small:0;--awb-flex-shrink-small:0;\" data-animationType=\"fadeIn\" data-animationDuration=\"1.3\" data-animationOffset=\"top-into-view\"><div class=\"fusion-column-wrapper fusion-column-has-shadow fusion-flex-justify-content-flex-start fusion-content-layout-column\"><div class=\"fusion-image-element \" style=\"--awb-aspect-ratio:16 \/ 9;--awb-margin-bottom:10px;--awb-caption-title-font-family:var(--h2_typography-font-family);--awb-caption-title-font-weight:var(--h2_typography-font-weight);--awb-caption-title-font-style:var(--h2_typography-font-style);--awb-caption-title-size:var(--h2_typography-font-size);--awb-caption-title-transform:var(--h2_typography-text-transform);--awb-caption-title-line-height:var(--h2_typography-line-height);--awb-caption-title-letter-spacing:var(--h2_typography-letter-spacing);\"><span class=\" fusion-imageframe imageframe-none imageframe-245 hover-type-none has-aspect-ratio\"><a class=\"fusion-no-lightbox\" href=\"https:\/\/www.choral-events.com\/en\/chorales\/choeur-academique-de-luniversite-de-minho\/\" target=\"_self\" aria-label=\"portugal-1\"><img decoding=\"async\" width=\"550\" height=\"350\" src=\"https:\/\/www.choral-events.com\/wp-content\/uploads\/2026\/03\/portugal-1.jpg\" class=\"img-responsive wp-image-51446 img-with-aspect-ratio\" data-parent-fit=\"cover\" data-parent-container=\".fusion-image-element\" alt srcset=\"https:\/\/www.choral-events.com\/wp-content\/uploads\/2026\/03\/portugal-1-200x127.jpg 200w, https:\/\/www.choral-events.com\/wp-content\/uploads\/2026\/03\/portugal-1-400x255.jpg 400w, https:\/\/www.choral-events.com\/wp-content\/uploads\/2026\/03\/portugal-1.jpg 550w\" sizes=\"(max-width: 1024px) 100vw, (max-width: 640px) 100vw, 550px\" \/><\/a><\/span><\/div><div class=\"fusion-title title fusion-title-247 fusion-sep-none fusion-title-center fusion-title-text fusion-title-size-paragraph\" style=\"--awb-text-color:var(--awb-color7);--awb-margin-top:10px;--awb-margin-right:5px;--awb-margin-bottom:10px;--awb-margin-left:5px;--awb-margin-top-small:16px;--awb-margin-right-small:0px;--awb-margin-bottom-small:10px;--awb-margin-left-small:0px;--awb-link-color:var(--awb-color7);--awb-font-size:16px;\"><p class=\"fusion-title-heading title-heading-center title-heading-tag fusion-responsive-typography-calculated\" style=\"margin:0;font-size:1em;--fontSize:16;--minFontSize:16;line-height:1.6;\"><a href=\"https:\/\/www.choral-events.com\/en\/chorales\/choeur-academique-de-luniversite-de-minho\/\" class=\"awb-custom-text-color awb-custom-text-hover-color\" target=\"_self\">Ch\u0153ur Acad\u00e9mique de l\u2019Universit\u00e9 de Minho<\/a><\/p><\/div><div class=\"fusion-separator\" style=\"align-self: center;margin-left: auto;margin-right: auto;flex-grow:10;margin-top:5px;margin-bottom:10px;width:100%;max-width:70px;\"><div class=\"fusion-separator-border sep-single sep-solid\" style=\"--awb-height:20px;--awb-amount:20px;border-color:var(--awb-color2);border-top-width:1px;\"><\/div><\/div><div class=\"fusion-text fusion-text-246\" style=\"--awb-content-alignment:center;--awb-text-transform:capitalize;--awb-text-color:var(--awb-color4);\"><p>Portugal<\/p>\n<\/div><\/div><\/li>\n<li class=\"fusion-layout-column fusion_builder_column fusion-builder-column-248 fusion-flex-column fusion-animated post-card fusion-grid-column fusion-post-cards-grid-column fusion-animated\" style=\"--awb-padding-bottom:5px;--awb-overflow:hidden;--awb-bg-color:var(--awb-color1);--awb-bg-color-hover:var(--awb-custom_color_2);--awb-bg-size:cover;--awb-box-shadow:0px 0px 24px hsla(var(--awb-color7-h),var(--awb-color7-s),var(--awb-color7-l),calc(var(--awb-color7-a) - 40%));;--awb-border-color:var(--awb-color4);--awb-border-color-hover:var(--awb-color7);--awb-border-top:1px;--awb-border-right:1px;--awb-border-bottom:1px;--awb-border-left:1px;--awb-border-style:solid;--awb-border-radius:6px 6px 6px 6px;--awb-flex-grow:0;--awb-flex-shrink:0;--awb-flex-grow-medium:0;--awb-flex-shrink-medium:0;--awb-flex-grow-small:0;--awb-flex-shrink-small:0;\" data-animationType=\"fadeIn\" data-animationDuration=\"1.3\" data-animationOffset=\"top-into-view\"><div class=\"fusion-column-wrapper fusion-column-has-shadow fusion-flex-justify-content-flex-start fusion-content-layout-column\"><div class=\"fusion-image-element \" style=\"--awb-aspect-ratio:16 \/ 9;--awb-margin-bottom:10px;--awb-caption-title-font-family:var(--h2_typography-font-family);--awb-caption-title-font-weight:var(--h2_typography-font-weight);--awb-caption-title-font-style:var(--h2_typography-font-style);--awb-caption-title-size:var(--h2_typography-font-size);--awb-caption-title-transform:var(--h2_typography-text-transform);--awb-caption-title-line-height:var(--h2_typography-line-height);--awb-caption-title-letter-spacing:var(--h2_typography-letter-spacing);\"><span class=\" fusion-imageframe imageframe-none imageframe-246 hover-type-none has-aspect-ratio\"><a class=\"fusion-no-lightbox\" href=\"https:\/\/www.choral-events.com\/en\/chorales\/choeur-ad-pacem\/\" target=\"_self\"><img decoding=\"async\" src=\"https:\/\/www.choral-events.eskale.fr\/wp-content\/uploads\/2026\/02\/Chorales-2022.jpg\" class=\"img-responsive img-with-aspect-ratio\" data-parent-fit=\"cover\" data-parent-container=\".fusion-image-element\" alt \/><\/a><\/span><\/div><div class=\"fusion-title title fusion-title-248 fusion-sep-none fusion-title-center fusion-title-text fusion-title-size-paragraph\" style=\"--awb-text-color:var(--awb-color7);--awb-margin-top:10px;--awb-margin-right:5px;--awb-margin-bottom:10px;--awb-margin-left:5px;--awb-margin-top-small:16px;--awb-margin-right-small:0px;--awb-margin-bottom-small:10px;--awb-margin-left-small:0px;--awb-link-color:var(--awb-color7);--awb-font-size:16px;\"><p class=\"fusion-title-heading title-heading-center title-heading-tag fusion-responsive-typography-calculated\" style=\"margin:0;font-size:1em;--fontSize:16;--minFontSize:16;line-height:1.6;\"><a href=\"https:\/\/www.choral-events.com\/en\/chorales\/choeur-ad-pacem\/\" class=\"awb-custom-text-color awb-custom-text-hover-color\" target=\"_self\">Ch\u0153ur Ad Pacem<\/a><\/p><\/div><div class=\"fusion-separator\" style=\"align-self: center;margin-left: auto;margin-right: auto;flex-grow:10;margin-top:5px;margin-bottom:10px;width:100%;max-width:70px;\"><div class=\"fusion-separator-border sep-single sep-solid\" style=\"--awb-height:20px;--awb-amount:20px;border-color:var(--awb-color2);border-top-width:1px;\"><\/div><\/div><div class=\"fusion-text fusion-text-247\" style=\"--awb-content-alignment:center;--awb-text-transform:capitalize;--awb-text-color:var(--awb-color4);\"><p>France<\/p>\n<\/div><\/div><\/li>\n<li class=\"fusion-layout-column fusion_builder_column fusion-builder-column-249 fusion-flex-column fusion-animated post-card fusion-grid-column fusion-post-cards-grid-column fusion-animated\" style=\"--awb-padding-bottom:5px;--awb-overflow:hidden;--awb-bg-color:var(--awb-color1);--awb-bg-color-hover:var(--awb-custom_color_2);--awb-bg-size:cover;--awb-box-shadow:0px 0px 24px hsla(var(--awb-color7-h),var(--awb-color7-s),var(--awb-color7-l),calc(var(--awb-color7-a) - 40%));;--awb-border-color:var(--awb-color4);--awb-border-color-hover:var(--awb-color7);--awb-border-top:1px;--awb-border-right:1px;--awb-border-bottom:1px;--awb-border-left:1px;--awb-border-style:solid;--awb-border-radius:6px 6px 6px 6px;--awb-flex-grow:0;--awb-flex-shrink:0;--awb-flex-grow-medium:0;--awb-flex-shrink-medium:0;--awb-flex-grow-small:0;--awb-flex-shrink-small:0;\" data-animationType=\"fadeIn\" data-animationDuration=\"1.3\" data-animationOffset=\"top-into-view\"><div class=\"fusion-column-wrapper fusion-column-has-shadow fusion-flex-justify-content-flex-start fusion-content-layout-column\"><div class=\"fusion-image-element \" style=\"--awb-aspect-ratio:16 \/ 9;--awb-margin-bottom:10px;--awb-caption-title-font-family:var(--h2_typography-font-family);--awb-caption-title-font-weight:var(--h2_typography-font-weight);--awb-caption-title-font-style:var(--h2_typography-font-style);--awb-caption-title-size:var(--h2_typography-font-size);--awb-caption-title-transform:var(--h2_typography-text-transform);--awb-caption-title-line-height:var(--h2_typography-line-height);--awb-caption-title-letter-spacing:var(--h2_typography-letter-spacing);\"><span class=\" fusion-imageframe imageframe-none imageframe-247 hover-type-none has-aspect-ratio\"><a class=\"fusion-no-lightbox\" href=\"https:\/\/www.choral-events.com\/en\/chorales\/choeur-anonymos\/\" target=\"_self\" aria-label=\"Anonymos-photo-page-web-\"><img decoding=\"async\" width=\"550\" height=\"350\" src=\"https:\/\/www.choral-events.com\/wp-content\/uploads\/2026\/03\/Anonymos-photo-page-web-.png\" class=\"img-responsive wp-image-51817 img-with-aspect-ratio\" data-parent-fit=\"cover\" data-parent-container=\".fusion-image-element\" alt srcset=\"https:\/\/www.choral-events.com\/wp-content\/uploads\/2026\/03\/Anonymos-photo-page-web--200x127.png 200w, https:\/\/www.choral-events.com\/wp-content\/uploads\/2026\/03\/Anonymos-photo-page-web--400x255.png 400w, https:\/\/www.choral-events.com\/wp-content\/uploads\/2026\/03\/Anonymos-photo-page-web-.png 550w\" sizes=\"(max-width: 1024px) 100vw, (max-width: 640px) 100vw, 550px\" \/><\/a><\/span><\/div><div class=\"fusion-title title fusion-title-249 fusion-sep-none fusion-title-center fusion-title-text fusion-title-size-paragraph\" style=\"--awb-text-color:var(--awb-color7);--awb-margin-top:10px;--awb-margin-right:5px;--awb-margin-bottom:10px;--awb-margin-left:5px;--awb-margin-top-small:16px;--awb-margin-right-small:0px;--awb-margin-bottom-small:10px;--awb-margin-left-small:0px;--awb-link-color:var(--awb-color7);--awb-font-size:16px;\"><p class=\"fusion-title-heading title-heading-center title-heading-tag fusion-responsive-typography-calculated\" style=\"margin:0;font-size:1em;--fontSize:16;--minFontSize:16;line-height:1.6;\"><a href=\"https:\/\/www.choral-events.com\/en\/chorales\/choeur-anonymos\/\" class=\"awb-custom-text-color awb-custom-text-hover-color\" target=\"_self\">Choeur Anonymos<\/a><\/p><\/div><div class=\"fusion-separator\" style=\"align-self: center;margin-left: auto;margin-right: auto;flex-grow:10;margin-top:5px;margin-bottom:10px;width:100%;max-width:70px;\"><div class=\"fusion-separator-border sep-single sep-solid\" style=\"--awb-height:20px;--awb-amount:20px;border-color:var(--awb-color2);border-top-width:1px;\"><\/div><\/div><div class=\"fusion-text fusion-text-248\" style=\"--awb-content-alignment:center;--awb-text-transform:capitalize;--awb-text-color:var(--awb-color4);\"><p>Suisse<\/p>\n<\/div><\/div><\/li>\n<li class=\"fusion-layout-column fusion_builder_column fusion-builder-column-250 fusion-flex-column fusion-animated post-card fusion-grid-column fusion-post-cards-grid-column fusion-animated\" style=\"--awb-padding-bottom:5px;--awb-overflow:hidden;--awb-bg-color:var(--awb-color1);--awb-bg-color-hover:var(--awb-custom_color_2);--awb-bg-size:cover;--awb-box-shadow:0px 0px 24px hsla(var(--awb-color7-h),var(--awb-color7-s),var(--awb-color7-l),calc(var(--awb-color7-a) - 40%));;--awb-border-color:var(--awb-color4);--awb-border-color-hover:var(--awb-color7);--awb-border-top:1px;--awb-border-right:1px;--awb-border-bottom:1px;--awb-border-left:1px;--awb-border-style:solid;--awb-border-radius:6px 6px 6px 6px;--awb-flex-grow:0;--awb-flex-shrink:0;--awb-flex-grow-medium:0;--awb-flex-shrink-medium:0;--awb-flex-grow-small:0;--awb-flex-shrink-small:0;\" data-animationType=\"fadeIn\" data-animationDuration=\"1.3\" data-animationOffset=\"top-into-view\"><div class=\"fusion-column-wrapper fusion-column-has-shadow fusion-flex-justify-content-flex-start fusion-content-layout-column\"><div class=\"fusion-image-element \" style=\"--awb-aspect-ratio:16 \/ 9;--awb-margin-bottom:10px;--awb-caption-title-font-family:var(--h2_typography-font-family);--awb-caption-title-font-weight:var(--h2_typography-font-weight);--awb-caption-title-font-style:var(--h2_typography-font-style);--awb-caption-title-size:var(--h2_typography-font-size);--awb-caption-title-transform:var(--h2_typography-text-transform);--awb-caption-title-line-height:var(--h2_typography-line-height);--awb-caption-title-letter-spacing:var(--h2_typography-letter-spacing);\"><span class=\" fusion-imageframe imageframe-none imageframe-248 hover-type-none has-aspect-ratio\"><a class=\"fusion-no-lightbox\" href=\"https:\/\/www.choral-events.com\/en\/chorales\/choeur-au-fil-de-larve\/\" target=\"_self\" aria-label=\"photo-pour-site\"><img decoding=\"async\" width=\"550\" height=\"350\" src=\"https:\/\/www.choral-events.com\/wp-content\/uploads\/2026\/03\/photo-pour-site.jpg\" class=\"img-responsive wp-image-51458 img-with-aspect-ratio\" data-parent-fit=\"cover\" data-parent-container=\".fusion-image-element\" alt srcset=\"https:\/\/www.choral-events.com\/wp-content\/uploads\/2026\/03\/photo-pour-site-200x127.jpg 200w, https:\/\/www.choral-events.com\/wp-content\/uploads\/2026\/03\/photo-pour-site-400x255.jpg 400w, https:\/\/www.choral-events.com\/wp-content\/uploads\/2026\/03\/photo-pour-site.jpg 550w\" sizes=\"(max-width: 1024px) 100vw, (max-width: 640px) 100vw, 550px\" \/><\/a><\/span><\/div><div class=\"fusion-title title fusion-title-250 fusion-sep-none fusion-title-center fusion-title-text fusion-title-size-paragraph\" style=\"--awb-text-color:var(--awb-color7);--awb-margin-top:10px;--awb-margin-right:5px;--awb-margin-bottom:10px;--awb-margin-left:5px;--awb-margin-top-small:16px;--awb-margin-right-small:0px;--awb-margin-bottom-small:10px;--awb-margin-left-small:0px;--awb-link-color:var(--awb-color7);--awb-font-size:16px;\"><p class=\"fusion-title-heading title-heading-center title-heading-tag fusion-responsive-typography-calculated\" style=\"margin:0;font-size:1em;--fontSize:16;--minFontSize:16;line-height:1.6;\"><a href=\"https:\/\/www.choral-events.com\/en\/chorales\/choeur-au-fil-de-larve\/\" class=\"awb-custom-text-color awb-custom-text-hover-color\" target=\"_self\">Ch\u0153ur Au fil de l\u2019Arve<\/a><\/p><\/div><div class=\"fusion-separator\" style=\"align-self: center;margin-left: auto;margin-right: auto;flex-grow:10;margin-top:5px;margin-bottom:10px;width:100%;max-width:70px;\"><div class=\"fusion-separator-border sep-single sep-solid\" style=\"--awb-height:20px;--awb-amount:20px;border-color:var(--awb-color2);border-top-width:1px;\"><\/div><\/div><div class=\"fusion-text fusion-text-249\" style=\"--awb-content-alignment:center;--awb-text-transform:capitalize;--awb-text-color:var(--awb-color4);\"><p>France<\/p>\n<\/div><\/div><\/li>\n<li class=\"fusion-layout-column fusion_builder_column fusion-builder-column-251 fusion-flex-column fusion-animated post-card fusion-grid-column fusion-post-cards-grid-column fusion-animated\" style=\"--awb-padding-bottom:5px;--awb-overflow:hidden;--awb-bg-color:var(--awb-color1);--awb-bg-color-hover:var(--awb-custom_color_2);--awb-bg-size:cover;--awb-box-shadow:0px 0px 24px hsla(var(--awb-color7-h),var(--awb-color7-s),var(--awb-color7-l),calc(var(--awb-color7-a) - 40%));;--awb-border-color:var(--awb-color4);--awb-border-color-hover:var(--awb-color7);--awb-border-top:1px;--awb-border-right:1px;--awb-border-bottom:1px;--awb-border-left:1px;--awb-border-style:solid;--awb-border-radius:6px 6px 6px 6px;--awb-flex-grow:0;--awb-flex-shrink:0;--awb-flex-grow-medium:0;--awb-flex-shrink-medium:0;--awb-flex-grow-small:0;--awb-flex-shrink-small:0;\" data-animationType=\"fadeIn\" data-animationDuration=\"1.3\" data-animationOffset=\"top-into-view\"><div class=\"fusion-column-wrapper fusion-column-has-shadow fusion-flex-justify-content-flex-start fusion-content-layout-column\"><div class=\"fusion-image-element \" style=\"--awb-aspect-ratio:16 \/ 9;--awb-margin-bottom:10px;--awb-caption-title-font-family:var(--h2_typography-font-family);--awb-caption-title-font-weight:var(--h2_typography-font-weight);--awb-caption-title-font-style:var(--h2_typography-font-style);--awb-caption-title-size:var(--h2_typography-font-size);--awb-caption-title-transform:var(--h2_typography-text-transform);--awb-caption-title-line-height:var(--h2_typography-line-height);--awb-caption-title-letter-spacing:var(--h2_typography-letter-spacing);\"><span class=\" fusion-imageframe imageframe-none imageframe-249 hover-type-none has-aspect-ratio\"><a class=\"fusion-no-lightbox\" href=\"https:\/\/www.choral-events.com\/en\/chorales\/choeur-cantilena\/\" target=\"_self\" aria-label=\"Cantilena-photo-site\"><img decoding=\"async\" width=\"550\" height=\"350\" src=\"https:\/\/www.choral-events.com\/wp-content\/uploads\/2026\/03\/Cantilena-photo-site.jpg\" class=\"img-responsive wp-image-51470 img-with-aspect-ratio\" data-parent-fit=\"cover\" data-parent-container=\".fusion-image-element\" alt srcset=\"https:\/\/www.choral-events.com\/wp-content\/uploads\/2026\/03\/Cantilena-photo-site-200x127.jpg 200w, https:\/\/www.choral-events.com\/wp-content\/uploads\/2026\/03\/Cantilena-photo-site-400x255.jpg 400w, https:\/\/www.choral-events.com\/wp-content\/uploads\/2026\/03\/Cantilena-photo-site.jpg 550w\" sizes=\"(max-width: 1024px) 100vw, (max-width: 640px) 100vw, 550px\" \/><\/a><\/span><\/div><div class=\"fusion-title title fusion-title-251 fusion-sep-none fusion-title-center fusion-title-text fusion-title-size-paragraph\" style=\"--awb-text-color:var(--awb-color7);--awb-margin-top:10px;--awb-margin-right:5px;--awb-margin-bottom:10px;--awb-margin-left:5px;--awb-margin-top-small:16px;--awb-margin-right-small:0px;--awb-margin-bottom-small:10px;--awb-margin-left-small:0px;--awb-link-color:var(--awb-color7);--awb-font-size:16px;\"><p class=\"fusion-title-heading title-heading-center title-heading-tag fusion-responsive-typography-calculated\" style=\"margin:0;font-size:1em;--fontSize:16;--minFontSize:16;line-height:1.6;\"><a href=\"https:\/\/www.choral-events.com\/en\/chorales\/choeur-cantilena\/\" class=\"awb-custom-text-color awb-custom-text-hover-color\" target=\"_self\">Ch\u0153ur Cantilena<\/a><\/p><\/div><div class=\"fusion-separator\" style=\"align-self: center;margin-left: auto;margin-right: auto;flex-grow:10;margin-top:5px;margin-bottom:10px;width:100%;max-width:70px;\"><div class=\"fusion-separator-border sep-single sep-solid\" style=\"--awb-height:20px;--awb-amount:20px;border-color:var(--awb-color2);border-top-width:1px;\"><\/div><\/div><div class=\"fusion-text fusion-text-250\" style=\"--awb-content-alignment:center;--awb-text-transform:capitalize;--awb-text-color:var(--awb-color4);\"><p>France<\/p>\n<\/div><\/div><\/li>\n<li class=\"fusion-layout-column fusion_builder_column fusion-builder-column-252 fusion-flex-column fusion-animated post-card fusion-grid-column fusion-post-cards-grid-column fusion-animated\" style=\"--awb-padding-bottom:5px;--awb-overflow:hidden;--awb-bg-color:var(--awb-color1);--awb-bg-color-hover:var(--awb-custom_color_2);--awb-bg-size:cover;--awb-box-shadow:0px 0px 24px hsla(var(--awb-color7-h),var(--awb-color7-s),var(--awb-color7-l),calc(var(--awb-color7-a) - 40%));;--awb-border-color:var(--awb-color4);--awb-border-color-hover:var(--awb-color7);--awb-border-top:1px;--awb-border-right:1px;--awb-border-bottom:1px;--awb-border-left:1px;--awb-border-style:solid;--awb-border-radius:6px 6px 6px 6px;--awb-flex-grow:0;--awb-flex-shrink:0;--awb-flex-grow-medium:0;--awb-flex-shrink-medium:0;--awb-flex-grow-small:0;--awb-flex-shrink-small:0;\" data-animationType=\"fadeIn\" data-animationDuration=\"1.3\" data-animationOffset=\"top-into-view\"><div class=\"fusion-column-wrapper fusion-column-has-shadow fusion-flex-justify-content-flex-start fusion-content-layout-column\"><div class=\"fusion-image-element \" style=\"--awb-aspect-ratio:16 \/ 9;--awb-margin-bottom:10px;--awb-caption-title-font-family:var(--h2_typography-font-family);--awb-caption-title-font-weight:var(--h2_typography-font-weight);--awb-caption-title-font-style:var(--h2_typography-font-style);--awb-caption-title-size:var(--h2_typography-font-size);--awb-caption-title-transform:var(--h2_typography-text-transform);--awb-caption-title-line-height:var(--h2_typography-line-height);--awb-caption-title-letter-spacing:var(--h2_typography-letter-spacing);\"><span class=\" fusion-imageframe imageframe-none imageframe-250 hover-type-none has-aspect-ratio\"><a class=\"fusion-no-lightbox\" href=\"https:\/\/www.choral-events.com\/en\/chorales\/choeur-denfants-poliot\/\" target=\"_self\" aria-label=\"mini_fra-40-550&#215;350\"><img decoding=\"async\" width=\"550\" height=\"350\" src=\"https:\/\/www.choral-events.com\/wp-content\/uploads\/2026\/03\/mini_fra-40-550x350-1.jpg\" class=\"img-responsive wp-image-51478 img-with-aspect-ratio\" data-parent-fit=\"cover\" data-parent-container=\".fusion-image-element\" alt srcset=\"https:\/\/www.choral-events.com\/wp-content\/uploads\/2026\/03\/mini_fra-40-550x350-1-200x127.jpg 200w, https:\/\/www.choral-events.com\/wp-content\/uploads\/2026\/03\/mini_fra-40-550x350-1-400x255.jpg 400w, https:\/\/www.choral-events.com\/wp-content\/uploads\/2026\/03\/mini_fra-40-550x350-1.jpg 550w\" sizes=\"(max-width: 1024px) 100vw, (max-width: 640px) 100vw, 550px\" \/><\/a><\/span><\/div><div class=\"fusion-title title fusion-title-252 fusion-sep-none fusion-title-center fusion-title-text fusion-title-size-paragraph\" style=\"--awb-text-color:var(--awb-color7);--awb-margin-top:10px;--awb-margin-right:5px;--awb-margin-bottom:10px;--awb-margin-left:5px;--awb-margin-top-small:16px;--awb-margin-right-small:0px;--awb-margin-bottom-small:10px;--awb-margin-left-small:0px;--awb-link-color:var(--awb-color7);--awb-font-size:16px;\"><p class=\"fusion-title-heading title-heading-center title-heading-tag fusion-responsive-typography-calculated\" style=\"margin:0;font-size:1em;--fontSize:16;--minFontSize:16;line-height:1.6;\"><a href=\"https:\/\/www.choral-events.com\/en\/chorales\/choeur-denfants-poliot\/\" class=\"awb-custom-text-color awb-custom-text-hover-color\" target=\"_self\">Ch\u0153ur d\u2019Enfants POLIOT<\/a><\/p><\/div><div class=\"fusion-separator\" style=\"align-self: center;margin-left: auto;margin-right: auto;flex-grow:10;margin-top:5px;margin-bottom:10px;width:100%;max-width:70px;\"><div class=\"fusion-separator-border sep-single sep-solid\" style=\"--awb-height:20px;--awb-amount:20px;border-color:var(--awb-color2);border-top-width:1px;\"><\/div><\/div><div class=\"fusion-text fusion-text-251\" style=\"--awb-content-alignment:center;--awb-text-transform:capitalize;--awb-text-color:var(--awb-color4);\"><p>Russie<\/p>\n<\/div><\/div><\/li>\n<li class=\"fusion-layout-column fusion_builder_column fusion-builder-column-253 fusion-flex-column fusion-animated post-card fusion-grid-column fusion-post-cards-grid-column fusion-animated\" style=\"--awb-padding-bottom:5px;--awb-overflow:hidden;--awb-bg-color:var(--awb-color1);--awb-bg-color-hover:var(--awb-custom_color_2);--awb-bg-size:cover;--awb-box-shadow:0px 0px 24px hsla(var(--awb-color7-h),var(--awb-color7-s),var(--awb-color7-l),calc(var(--awb-color7-a) - 40%));;--awb-border-color:var(--awb-color4);--awb-border-color-hover:var(--awb-color7);--awb-border-top:1px;--awb-border-right:1px;--awb-border-bottom:1px;--awb-border-left:1px;--awb-border-style:solid;--awb-border-radius:6px 6px 6px 6px;--awb-flex-grow:0;--awb-flex-shrink:0;--awb-flex-grow-medium:0;--awb-flex-shrink-medium:0;--awb-flex-grow-small:0;--awb-flex-shrink-small:0;\" data-animationType=\"fadeIn\" data-animationDuration=\"1.3\" data-animationOffset=\"top-into-view\"><div class=\"fusion-column-wrapper fusion-column-has-shadow fusion-flex-justify-content-flex-start fusion-content-layout-column\"><div class=\"fusion-image-element \" style=\"--awb-aspect-ratio:16 \/ 9;--awb-margin-bottom:10px;--awb-caption-title-font-family:var(--h2_typography-font-family);--awb-caption-title-font-weight:var(--h2_typography-font-weight);--awb-caption-title-font-style:var(--h2_typography-font-style);--awb-caption-title-size:var(--h2_typography-font-size);--awb-caption-title-transform:var(--h2_typography-text-transform);--awb-caption-title-line-height:var(--h2_typography-line-height);--awb-caption-title-letter-spacing:var(--h2_typography-letter-spacing);\"><span class=\" fusion-imageframe imageframe-none imageframe-251 hover-type-none has-aspect-ratio\"><a class=\"fusion-no-lightbox\" href=\"https:\/\/www.choral-events.com\/en\/chorales\/choeur-denfants-voixla\/\" target=\"_self\" aria-label=\"mini_choeur-VOIXl\u00e0-550&#215;350\"><img decoding=\"async\" width=\"550\" height=\"350\" src=\"https:\/\/www.choral-events.com\/wp-content\/uploads\/2026\/03\/mini_choeur-VOIXla-550x350-1.jpg\" class=\"img-responsive wp-image-51490 img-with-aspect-ratio\" data-parent-fit=\"cover\" data-parent-container=\".fusion-image-element\" alt srcset=\"https:\/\/www.choral-events.com\/wp-content\/uploads\/2026\/03\/mini_choeur-VOIXla-550x350-1-200x127.jpg 200w, https:\/\/www.choral-events.com\/wp-content\/uploads\/2026\/03\/mini_choeur-VOIXla-550x350-1-400x255.jpg 400w, https:\/\/www.choral-events.com\/wp-content\/uploads\/2026\/03\/mini_choeur-VOIXla-550x350-1.jpg 550w\" sizes=\"(max-width: 1024px) 100vw, (max-width: 640px) 100vw, 550px\" \/><\/a><\/span><\/div><div class=\"fusion-title title fusion-title-253 fusion-sep-none fusion-title-center fusion-title-text fusion-title-size-paragraph\" style=\"--awb-text-color:var(--awb-color7);--awb-margin-top:10px;--awb-margin-right:5px;--awb-margin-bottom:10px;--awb-margin-left:5px;--awb-margin-top-small:16px;--awb-margin-right-small:0px;--awb-margin-bottom-small:10px;--awb-margin-left-small:0px;--awb-link-color:var(--awb-color7);--awb-font-size:16px;\"><p class=\"fusion-title-heading title-heading-center title-heading-tag fusion-responsive-typography-calculated\" style=\"margin:0;font-size:1em;--fontSize:16;--minFontSize:16;line-height:1.6;\"><a href=\"https:\/\/www.choral-events.com\/en\/chorales\/choeur-denfants-voixla\/\" class=\"awb-custom-text-color awb-custom-text-hover-color\" target=\"_self\">Choeur d\u2019enfants VOIXl\u00e0<\/a><\/p><\/div><div class=\"fusion-separator\" style=\"align-self: center;margin-left: auto;margin-right: auto;flex-grow:10;margin-top:5px;margin-bottom:10px;width:100%;max-width:70px;\"><div class=\"fusion-separator-border sep-single sep-solid\" style=\"--awb-height:20px;--awb-amount:20px;border-color:var(--awb-color2);border-top-width:1px;\"><\/div><\/div><div class=\"fusion-text fusion-text-252\" style=\"--awb-content-alignment:center;--awb-text-transform:capitalize;--awb-text-color:var(--awb-color4);\"><p>Portugal<\/p>\n<\/div><\/div><\/li>\n<li class=\"fusion-layout-column fusion_builder_column fusion-builder-column-254 fusion-flex-column fusion-animated post-card fusion-grid-column fusion-post-cards-grid-column fusion-animated\" style=\"--awb-padding-bottom:5px;--awb-overflow:hidden;--awb-bg-color:var(--awb-color1);--awb-bg-color-hover:var(--awb-custom_color_2);--awb-bg-size:cover;--awb-box-shadow:0px 0px 24px hsla(var(--awb-color7-h),var(--awb-color7-s),var(--awb-color7-l),calc(var(--awb-color7-a) - 40%));;--awb-border-color:var(--awb-color4);--awb-border-color-hover:var(--awb-color7);--awb-border-top:1px;--awb-border-right:1px;--awb-border-bottom:1px;--awb-border-left:1px;--awb-border-style:solid;--awb-border-radius:6px 6px 6px 6px;--awb-flex-grow:0;--awb-flex-shrink:0;--awb-flex-grow-medium:0;--awb-flex-shrink-medium:0;--awb-flex-grow-small:0;--awb-flex-shrink-small:0;\" data-animationType=\"fadeIn\" data-animationDuration=\"1.3\" data-animationOffset=\"top-into-view\"><div class=\"fusion-column-wrapper fusion-column-has-shadow fusion-flex-justify-content-flex-start fusion-content-layout-column\"><div class=\"fusion-image-element \" style=\"--awb-aspect-ratio:16 \/ 9;--awb-margin-bottom:10px;--awb-caption-title-font-family:var(--h2_typography-font-family);--awb-caption-title-font-weight:var(--h2_typography-font-weight);--awb-caption-title-font-style:var(--h2_typography-font-style);--awb-caption-title-size:var(--h2_typography-font-size);--awb-caption-title-transform:var(--h2_typography-text-transform);--awb-caption-title-line-height:var(--h2_typography-line-height);--awb-caption-title-letter-spacing:var(--h2_typography-letter-spacing);\"><span class=\" fusion-imageframe imageframe-none imageframe-252 hover-type-none has-aspect-ratio\"><a class=\"fusion-no-lightbox\" href=\"https:\/\/www.choral-events.com\/en\/chorales\/choeur-de-chambre-du-lycee-de-musique-de-tallinn\/\" target=\"_self\"><img decoding=\"async\" src=\"https:\/\/www.choral-events.eskale.fr\/wp-content\/uploads\/2026\/02\/Chorales-2022.jpg\" class=\"img-responsive img-with-aspect-ratio\" data-parent-fit=\"cover\" data-parent-container=\".fusion-image-element\" alt \/><\/a><\/span><\/div><div class=\"fusion-title title fusion-title-254 fusion-sep-none fusion-title-center fusion-title-text fusion-title-size-paragraph\" style=\"--awb-text-color:var(--awb-color7);--awb-margin-top:10px;--awb-margin-right:5px;--awb-margin-bottom:10px;--awb-margin-left:5px;--awb-margin-top-small:16px;--awb-margin-right-small:0px;--awb-margin-bottom-small:10px;--awb-margin-left-small:0px;--awb-link-color:var(--awb-color7);--awb-font-size:16px;\"><p class=\"fusion-title-heading title-heading-center title-heading-tag fusion-responsive-typography-calculated\" style=\"margin:0;font-size:1em;--fontSize:16;--minFontSize:16;line-height:1.6;\"><a href=\"https:\/\/www.choral-events.com\/en\/chorales\/choeur-de-chambre-du-lycee-de-musique-de-tallinn\/\" class=\"awb-custom-text-color awb-custom-text-hover-color\" target=\"_self\">Ch\u0153ur de chambre du lyc\u00e9e de musique de Tallinn<\/a><\/p><\/div><div class=\"fusion-separator\" style=\"align-self: center;margin-left: auto;margin-right: auto;flex-grow:10;margin-top:5px;margin-bottom:10px;width:100%;max-width:70px;\"><div class=\"fusion-separator-border sep-single sep-solid\" style=\"--awb-height:20px;--awb-amount:20px;border-color:var(--awb-color2);border-top-width:1px;\"><\/div><\/div><div class=\"fusion-text fusion-text-253\" style=\"--awb-content-alignment:center;--awb-text-transform:capitalize;--awb-text-color:var(--awb-color4);\"><p>Estonie<\/p>\n<\/div><\/div><\/li>\n<li class=\"fusion-layout-column fusion_builder_column fusion-builder-column-255 fusion-flex-column fusion-animated post-card fusion-grid-column fusion-post-cards-grid-column fusion-animated\" style=\"--awb-padding-bottom:5px;--awb-overflow:hidden;--awb-bg-color:var(--awb-color1);--awb-bg-color-hover:var(--awb-custom_color_2);--awb-bg-size:cover;--awb-box-shadow:0px 0px 24px hsla(var(--awb-color7-h),var(--awb-color7-s),var(--awb-color7-l),calc(var(--awb-color7-a) - 40%));;--awb-border-color:var(--awb-color4);--awb-border-color-hover:var(--awb-color7);--awb-border-top:1px;--awb-border-right:1px;--awb-border-bottom:1px;--awb-border-left:1px;--awb-border-style:solid;--awb-border-radius:6px 6px 6px 6px;--awb-flex-grow:0;--awb-flex-shrink:0;--awb-flex-grow-medium:0;--awb-flex-shrink-medium:0;--awb-flex-grow-small:0;--awb-flex-shrink-small:0;\" data-animationType=\"fadeIn\" data-animationDuration=\"1.3\" data-animationOffset=\"top-into-view\"><div class=\"fusion-column-wrapper fusion-column-has-shadow fusion-flex-justify-content-flex-start fusion-content-layout-column\"><div class=\"fusion-image-element \" style=\"--awb-aspect-ratio:16 \/ 9;--awb-margin-bottom:10px;--awb-caption-title-font-family:var(--h2_typography-font-family);--awb-caption-title-font-weight:var(--h2_typography-font-weight);--awb-caption-title-font-style:var(--h2_typography-font-style);--awb-caption-title-size:var(--h2_typography-font-size);--awb-caption-title-transform:var(--h2_typography-text-transform);--awb-caption-title-line-height:var(--h2_typography-line-height);--awb-caption-title-letter-spacing:var(--h2_typography-letter-spacing);\"><span class=\" fusion-imageframe imageframe-none imageframe-253 hover-type-none has-aspect-ratio\"><a class=\"fusion-no-lightbox\" href=\"https:\/\/www.choral-events.com\/en\/chorales\/choeur-kamertonas\/\" target=\"_self\"><img decoding=\"async\" src=\"https:\/\/www.choral-events.eskale.fr\/wp-content\/uploads\/2026\/02\/Chorales-2022.jpg\" class=\"img-responsive img-with-aspect-ratio\" data-parent-fit=\"cover\" data-parent-container=\".fusion-image-element\" alt \/><\/a><\/span><\/div><div class=\"fusion-title title fusion-title-255 fusion-sep-none fusion-title-center fusion-title-text fusion-title-size-paragraph\" style=\"--awb-text-color:var(--awb-color7);--awb-margin-top:10px;--awb-margin-right:5px;--awb-margin-bottom:10px;--awb-margin-left:5px;--awb-margin-top-small:16px;--awb-margin-right-small:0px;--awb-margin-bottom-small:10px;--awb-margin-left-small:0px;--awb-link-color:var(--awb-color7);--awb-font-size:16px;\"><p class=\"fusion-title-heading title-heading-center title-heading-tag fusion-responsive-typography-calculated\" style=\"margin:0;font-size:1em;--fontSize:16;--minFontSize:16;line-height:1.6;\"><a href=\"https:\/\/www.choral-events.com\/en\/chorales\/choeur-kamertonas\/\" class=\"awb-custom-text-color awb-custom-text-hover-color\" target=\"_self\">Ch\u0153ur Kamertonas<\/a><\/p><\/div><div class=\"fusion-separator\" style=\"align-self: center;margin-left: auto;margin-right: auto;flex-grow:10;margin-top:5px;margin-bottom:10px;width:100%;max-width:70px;\"><div class=\"fusion-separator-border sep-single sep-solid\" style=\"--awb-height:20px;--awb-amount:20px;border-color:var(--awb-color2);border-top-width:1px;\"><\/div><\/div><div class=\"fusion-text fusion-text-254\" style=\"--awb-content-alignment:center;--awb-text-transform:capitalize;--awb-text-color:var(--awb-color4);\"><p>Lituanie<\/p>\n<\/div><\/div><\/li>\n<li class=\"fusion-layout-column fusion_builder_column fusion-builder-column-256 fusion-flex-column fusion-animated post-card fusion-grid-column fusion-post-cards-grid-column fusion-animated\" style=\"--awb-padding-bottom:5px;--awb-overflow:hidden;--awb-bg-color:var(--awb-color1);--awb-bg-color-hover:var(--awb-custom_color_2);--awb-bg-size:cover;--awb-box-shadow:0px 0px 24px hsla(var(--awb-color7-h),var(--awb-color7-s),var(--awb-color7-l),calc(var(--awb-color7-a) - 40%));;--awb-border-color:var(--awb-color4);--awb-border-color-hover:var(--awb-color7);--awb-border-top:1px;--awb-border-right:1px;--awb-border-bottom:1px;--awb-border-left:1px;--awb-border-style:solid;--awb-border-radius:6px 6px 6px 6px;--awb-flex-grow:0;--awb-flex-shrink:0;--awb-flex-grow-medium:0;--awb-flex-shrink-medium:0;--awb-flex-grow-small:0;--awb-flex-shrink-small:0;\" data-animationType=\"fadeIn\" data-animationDuration=\"1.3\" data-animationOffset=\"top-into-view\"><div class=\"fusion-column-wrapper fusion-column-has-shadow fusion-flex-justify-content-flex-start fusion-content-layout-column\"><div class=\"fusion-image-element \" style=\"--awb-aspect-ratio:16 \/ 9;--awb-margin-bottom:10px;--awb-caption-title-font-family:var(--h2_typography-font-family);--awb-caption-title-font-weight:var(--h2_typography-font-weight);--awb-caption-title-font-style:var(--h2_typography-font-style);--awb-caption-title-size:var(--h2_typography-font-size);--awb-caption-title-transform:var(--h2_typography-text-transform);--awb-caption-title-line-height:var(--h2_typography-line-height);--awb-caption-title-letter-spacing:var(--h2_typography-letter-spacing);\"><span class=\" fusion-imageframe imageframe-none imageframe-254 hover-type-none has-aspect-ratio\"><a class=\"fusion-no-lightbox\" href=\"https:\/\/www.choral-events.com\/en\/chorales\/choeur-la-chanson-de-gaillard\/\" target=\"_self\" aria-label=\"Ch\u0153ur La Chanson de Gaillard\"><img decoding=\"async\" width=\"550\" height=\"350\" alt=\"Ch\u0153ur La Chanson de Gaillard\" src=\"https:\/\/www.choral-events.com\/wp-content\/uploads\/2026\/03\/photo-pour-site-1.jpg\" class=\"img-responsive wp-image-51507 img-with-aspect-ratio\" data-parent-fit=\"cover\" data-parent-container=\".fusion-image-element\" srcset=\"https:\/\/www.choral-events.com\/wp-content\/uploads\/2026\/03\/photo-pour-site-1-200x127.jpg 200w, https:\/\/www.choral-events.com\/wp-content\/uploads\/2026\/03\/photo-pour-site-1-400x255.jpg 400w, https:\/\/www.choral-events.com\/wp-content\/uploads\/2026\/03\/photo-pour-site-1.jpg 550w\" sizes=\"(max-width: 1024px) 100vw, (max-width: 640px) 100vw, 550px\" \/><\/a><\/span><\/div><div class=\"fusion-title title fusion-title-256 fusion-sep-none fusion-title-center fusion-title-text fusion-title-size-paragraph\" style=\"--awb-text-color:var(--awb-color7);--awb-margin-top:10px;--awb-margin-right:5px;--awb-margin-bottom:10px;--awb-margin-left:5px;--awb-margin-top-small:16px;--awb-margin-right-small:0px;--awb-margin-bottom-small:10px;--awb-margin-left-small:0px;--awb-link-color:var(--awb-color7);--awb-font-size:16px;\"><p class=\"fusion-title-heading title-heading-center title-heading-tag fusion-responsive-typography-calculated\" style=\"margin:0;font-size:1em;--fontSize:16;--minFontSize:16;line-height:1.6;\"><a href=\"https:\/\/www.choral-events.com\/en\/chorales\/choeur-la-chanson-de-gaillard\/\" class=\"awb-custom-text-color awb-custom-text-hover-color\" target=\"_self\">Ch\u0153ur La Chanson de Gaillard<\/a><\/p><\/div><div class=\"fusion-separator\" style=\"align-self: center;margin-left: auto;margin-right: auto;flex-grow:10;margin-top:5px;margin-bottom:10px;width:100%;max-width:70px;\"><div class=\"fusion-separator-border sep-single sep-solid\" style=\"--awb-height:20px;--awb-amount:20px;border-color:var(--awb-color2);border-top-width:1px;\"><\/div><\/div><div class=\"fusion-text fusion-text-255\" style=\"--awb-content-alignment:center;--awb-text-transform:capitalize;--awb-text-color:var(--awb-color4);\"><p>France<\/p>\n<\/div><\/div><\/li>\n<li class=\"fusion-layout-column fusion_builder_column fusion-builder-column-257 fusion-flex-column fusion-animated post-card fusion-grid-column fusion-post-cards-grid-column fusion-animated\" style=\"--awb-padding-bottom:5px;--awb-overflow:hidden;--awb-bg-color:var(--awb-color1);--awb-bg-color-hover:var(--awb-custom_color_2);--awb-bg-size:cover;--awb-box-shadow:0px 0px 24px hsla(var(--awb-color7-h),var(--awb-color7-s),var(--awb-color7-l),calc(var(--awb-color7-a) - 40%));;--awb-border-color:var(--awb-color4);--awb-border-color-hover:var(--awb-color7);--awb-border-top:1px;--awb-border-right:1px;--awb-border-bottom:1px;--awb-border-left:1px;--awb-border-style:solid;--awb-border-radius:6px 6px 6px 6px;--awb-flex-grow:0;--awb-flex-shrink:0;--awb-flex-grow-medium:0;--awb-flex-shrink-medium:0;--awb-flex-grow-small:0;--awb-flex-shrink-small:0;\" data-animationType=\"fadeIn\" data-animationDuration=\"1.3\" data-animationOffset=\"top-into-view\"><div class=\"fusion-column-wrapper fusion-column-has-shadow fusion-flex-justify-content-flex-start fusion-content-layout-column\"><div class=\"fusion-image-element \" style=\"--awb-aspect-ratio:16 \/ 9;--awb-margin-bottom:10px;--awb-caption-title-font-family:var(--h2_typography-font-family);--awb-caption-title-font-weight:var(--h2_typography-font-weight);--awb-caption-title-font-style:var(--h2_typography-font-style);--awb-caption-title-size:var(--h2_typography-font-size);--awb-caption-title-transform:var(--h2_typography-text-transform);--awb-caption-title-line-height:var(--h2_typography-line-height);--awb-caption-title-letter-spacing:var(--h2_typography-letter-spacing);\"><span class=\" fusion-imageframe imageframe-none imageframe-255 hover-type-none has-aspect-ratio\"><a class=\"fusion-no-lightbox\" href=\"https:\/\/www.choral-events.com\/en\/chorales\/choeur-la-cle-des-chants\/\" target=\"_self\" aria-label=\"cl\u00e9-des-chants-site-2\"><img decoding=\"async\" width=\"550\" height=\"350\" src=\"https:\/\/www.choral-events.com\/wp-content\/uploads\/2026\/03\/cle-des-chants-site-2.jpg\" class=\"img-responsive wp-image-51511 img-with-aspect-ratio\" data-parent-fit=\"cover\" data-parent-container=\".fusion-image-element\" alt srcset=\"https:\/\/www.choral-events.com\/wp-content\/uploads\/2026\/03\/cle-des-chants-site-2-200x127.jpg 200w, https:\/\/www.choral-events.com\/wp-content\/uploads\/2026\/03\/cle-des-chants-site-2-400x255.jpg 400w, https:\/\/www.choral-events.com\/wp-content\/uploads\/2026\/03\/cle-des-chants-site-2.jpg 550w\" sizes=\"(max-width: 1024px) 100vw, (max-width: 640px) 100vw, 550px\" \/><\/a><\/span><\/div><div class=\"fusion-title title fusion-title-257 fusion-sep-none fusion-title-center fusion-title-text fusion-title-size-paragraph\" style=\"--awb-text-color:var(--awb-color7);--awb-margin-top:10px;--awb-margin-right:5px;--awb-margin-bottom:10px;--awb-margin-left:5px;--awb-margin-top-small:16px;--awb-margin-right-small:0px;--awb-margin-bottom-small:10px;--awb-margin-left-small:0px;--awb-link-color:var(--awb-color7);--awb-font-size:16px;\"><p class=\"fusion-title-heading title-heading-center title-heading-tag fusion-responsive-typography-calculated\" style=\"margin:0;font-size:1em;--fontSize:16;--minFontSize:16;line-height:1.6;\"><a href=\"https:\/\/www.choral-events.com\/en\/chorales\/choeur-la-cle-des-chants\/\" class=\"awb-custom-text-color awb-custom-text-hover-color\" target=\"_self\">Ch\u0153ur La Cl\u00e9 des Chants<\/a><\/p><\/div><div class=\"fusion-separator\" style=\"align-self: center;margin-left: auto;margin-right: auto;flex-grow:10;margin-top:5px;margin-bottom:10px;width:100%;max-width:70px;\"><div class=\"fusion-separator-border sep-single sep-solid\" style=\"--awb-height:20px;--awb-amount:20px;border-color:var(--awb-color2);border-top-width:1px;\"><\/div><\/div><div class=\"fusion-text fusion-text-256\" style=\"--awb-content-alignment:center;--awb-text-transform:capitalize;--awb-text-color:var(--awb-color4);\"><p>Ukraine<\/p>\n<\/div><\/div><\/li>\n<li class=\"fusion-layout-column fusion_builder_column fusion-builder-column-258 fusion-flex-column fusion-animated post-card fusion-grid-column fusion-post-cards-grid-column fusion-animated\" style=\"--awb-padding-bottom:5px;--awb-overflow:hidden;--awb-bg-color:var(--awb-color1);--awb-bg-color-hover:var(--awb-custom_color_2);--awb-bg-size:cover;--awb-box-shadow:0px 0px 24px hsla(var(--awb-color7-h),var(--awb-color7-s),var(--awb-color7-l),calc(var(--awb-color7-a) - 40%));;--awb-border-color:var(--awb-color4);--awb-border-color-hover:var(--awb-color7);--awb-border-top:1px;--awb-border-right:1px;--awb-border-bottom:1px;--awb-border-left:1px;--awb-border-style:solid;--awb-border-radius:6px 6px 6px 6px;--awb-flex-grow:0;--awb-flex-shrink:0;--awb-flex-grow-medium:0;--awb-flex-shrink-medium:0;--awb-flex-grow-small:0;--awb-flex-shrink-small:0;\" data-animationType=\"fadeIn\" data-animationDuration=\"1.3\" data-animationOffset=\"top-into-view\"><div class=\"fusion-column-wrapper fusion-column-has-shadow fusion-flex-justify-content-flex-start fusion-content-layout-column\"><div class=\"fusion-image-element \" style=\"--awb-aspect-ratio:16 \/ 9;--awb-margin-bottom:10px;--awb-caption-title-font-family:var(--h2_typography-font-family);--awb-caption-title-font-weight:var(--h2_typography-font-weight);--awb-caption-title-font-style:var(--h2_typography-font-style);--awb-caption-title-size:var(--h2_typography-font-size);--awb-caption-title-transform:var(--h2_typography-text-transform);--awb-caption-title-line-height:var(--h2_typography-line-height);--awb-caption-title-letter-spacing:var(--h2_typography-letter-spacing);\"><span class=\" fusion-imageframe imageframe-none imageframe-256 hover-type-none has-aspect-ratio\"><a class=\"fusion-no-lightbox\" href=\"https:\/\/www.choral-events.com\/en\/chorales\/choeur-lyrique-des-enfants-de-lestaque-2\/\" target=\"_self\" aria-label=\"harmony-Estaque2\"><img decoding=\"async\" width=\"550\" height=\"350\" src=\"https:\/\/www.choral-events.com\/wp-content\/uploads\/2026\/03\/harmonie-Estaque2.jpg\" class=\"img-responsive wp-image-51601 img-with-aspect-ratio\" data-parent-fit=\"cover\" data-parent-container=\".fusion-image-element\" alt srcset=\"https:\/\/www.choral-events.com\/wp-content\/uploads\/2026\/03\/harmonie-Estaque2-200x127.jpg 200w, https:\/\/www.choral-events.com\/wp-content\/uploads\/2026\/03\/harmonie-Estaque2-400x255.jpg 400w, https:\/\/www.choral-events.com\/wp-content\/uploads\/2026\/03\/harmonie-Estaque2.jpg 550w\" sizes=\"(max-width: 1024px) 100vw, (max-width: 640px) 100vw, 550px\" \/><\/a><\/span><\/div><div class=\"fusion-title title fusion-title-258 fusion-sep-none fusion-title-center fusion-title-text fusion-title-size-paragraph\" style=\"--awb-text-color:var(--awb-color7);--awb-margin-top:10px;--awb-margin-right:5px;--awb-margin-bottom:10px;--awb-margin-left:5px;--awb-margin-top-small:16px;--awb-margin-right-small:0px;--awb-margin-bottom-small:10px;--awb-margin-left-small:0px;--awb-link-color:var(--awb-color7);--awb-font-size:16px;\"><p class=\"fusion-title-heading title-heading-center title-heading-tag fusion-responsive-typography-calculated\" style=\"margin:0;font-size:1em;--fontSize:16;--minFontSize:16;line-height:1.6;\"><a href=\"https:\/\/www.choral-events.com\/en\/chorales\/choeur-lyrique-des-enfants-de-lestaque-2\/\" class=\"awb-custom-text-color awb-custom-text-hover-color\" target=\"_self\">Ch\u0153ur Lyrique des enfants de l\u2019Estaque<\/a><\/p><\/div><div class=\"fusion-separator\" style=\"align-self: center;margin-left: auto;margin-right: auto;flex-grow:10;margin-top:5px;margin-bottom:10px;width:100%;max-width:70px;\"><div class=\"fusion-separator-border sep-single sep-solid\" style=\"--awb-height:20px;--awb-amount:20px;border-color:var(--awb-color2);border-top-width:1px;\"><\/div><\/div><div class=\"fusion-text fusion-text-257\" style=\"--awb-content-alignment:center;--awb-text-transform:capitalize;--awb-text-color:var(--awb-color4);\"><p>France<\/p>\n<\/div><\/div><\/li>\n<li class=\"fusion-layout-column fusion_builder_column fusion-builder-column-259 fusion-flex-column fusion-animated post-card fusion-grid-column fusion-post-cards-grid-column fusion-animated\" style=\"--awb-padding-bottom:5px;--awb-overflow:hidden;--awb-bg-color:var(--awb-color1);--awb-bg-color-hover:var(--awb-custom_color_2);--awb-bg-size:cover;--awb-box-shadow:0px 0px 24px hsla(var(--awb-color7-h),var(--awb-color7-s),var(--awb-color7-l),calc(var(--awb-color7-a) - 40%));;--awb-border-color:var(--awb-color4);--awb-border-color-hover:var(--awb-color7);--awb-border-top:1px;--awb-border-right:1px;--awb-border-bottom:1px;--awb-border-left:1px;--awb-border-style:solid;--awb-border-radius:6px 6px 6px 6px;--awb-flex-grow:0;--awb-flex-shrink:0;--awb-flex-grow-medium:0;--awb-flex-shrink-medium:0;--awb-flex-grow-small:0;--awb-flex-shrink-small:0;\" data-animationType=\"fadeIn\" data-animationDuration=\"1.3\" data-animationOffset=\"top-into-view\"><div class=\"fusion-column-wrapper fusion-column-has-shadow fusion-flex-justify-content-flex-start fusion-content-layout-column\"><div class=\"fusion-image-element \" style=\"--awb-aspect-ratio:16 \/ 9;--awb-margin-bottom:10px;--awb-caption-title-font-family:var(--h2_typography-font-family);--awb-caption-title-font-weight:var(--h2_typography-font-weight);--awb-caption-title-font-style:var(--h2_typography-font-style);--awb-caption-title-size:var(--h2_typography-font-size);--awb-caption-title-transform:var(--h2_typography-text-transform);--awb-caption-title-line-height:var(--h2_typography-line-height);--awb-caption-title-letter-spacing:var(--h2_typography-letter-spacing);\"><span class=\" fusion-imageframe imageframe-none imageframe-257 hover-type-none has-aspect-ratio\"><a class=\"fusion-no-lightbox\" href=\"https:\/\/www.choral-events.com\/en\/chorales\/choeur-mixte-dvorak\/\" target=\"_self\" aria-label=\"Choeur-Dvorak-photo-page-web\"><img decoding=\"async\" width=\"550\" height=\"350\" src=\"https:\/\/www.choral-events.com\/wp-content\/uploads\/2026\/03\/Choeur-Dvorak-photo-page-web.png\" class=\"img-responsive wp-image-51822 img-with-aspect-ratio\" data-parent-fit=\"cover\" data-parent-container=\".fusion-image-element\" alt srcset=\"https:\/\/www.choral-events.com\/wp-content\/uploads\/2026\/03\/Choeur-Dvorak-photo-page-web-200x127.png 200w, https:\/\/www.choral-events.com\/wp-content\/uploads\/2026\/03\/Choeur-Dvorak-photo-page-web-400x255.png 400w, https:\/\/www.choral-events.com\/wp-content\/uploads\/2026\/03\/Choeur-Dvorak-photo-page-web.png 550w\" sizes=\"(max-width: 1024px) 100vw, (max-width: 640px) 100vw, 550px\" \/><\/a><\/span><\/div><div class=\"fusion-title title fusion-title-259 fusion-sep-none fusion-title-center fusion-title-text fusion-title-size-paragraph\" style=\"--awb-text-color:var(--awb-color7);--awb-margin-top:10px;--awb-margin-right:5px;--awb-margin-bottom:10px;--awb-margin-left:5px;--awb-margin-top-small:16px;--awb-margin-right-small:0px;--awb-margin-bottom-small:10px;--awb-margin-left-small:0px;--awb-link-color:var(--awb-color7);--awb-font-size:16px;\"><p class=\"fusion-title-heading title-heading-center title-heading-tag fusion-responsive-typography-calculated\" style=\"margin:0;font-size:1em;--fontSize:16;--minFontSize:16;line-height:1.6;\"><a href=\"https:\/\/www.choral-events.com\/en\/chorales\/choeur-mixte-dvorak\/\" class=\"awb-custom-text-color awb-custom-text-hover-color\" target=\"_self\">Ch\u0153ur Mixte Dvo\u0159\u00e1k<\/a><\/p><\/div><div class=\"fusion-separator\" style=\"align-self: center;margin-left: auto;margin-right: auto;flex-grow:10;margin-top:5px;margin-bottom:10px;width:100%;max-width:70px;\"><div class=\"fusion-separator-border sep-single sep-solid\" style=\"--awb-height:20px;--awb-amount:20px;border-color:var(--awb-color2);border-top-width:1px;\"><\/div><\/div><div class=\"fusion-text fusion-text-258\" style=\"--awb-content-alignment:center;--awb-text-transform:capitalize;--awb-text-color:var(--awb-color4);\"><p>R\u00e9publique Tch\u00e8que<\/p>\n<\/div><\/div><\/li>\n<li class=\"fusion-layout-column fusion_builder_column fusion-builder-column-260 fusion-flex-column fusion-animated post-card fusion-grid-column fusion-post-cards-grid-column fusion-animated\" style=\"--awb-padding-bottom:5px;--awb-overflow:hidden;--awb-bg-color:var(--awb-color1);--awb-bg-color-hover:var(--awb-custom_color_2);--awb-bg-size:cover;--awb-box-shadow:0px 0px 24px hsla(var(--awb-color7-h),var(--awb-color7-s),var(--awb-color7-l),calc(var(--awb-color7-a) - 40%));;--awb-border-color:var(--awb-color4);--awb-border-color-hover:var(--awb-color7);--awb-border-top:1px;--awb-border-right:1px;--awb-border-bottom:1px;--awb-border-left:1px;--awb-border-style:solid;--awb-border-radius:6px 6px 6px 6px;--awb-flex-grow:0;--awb-flex-shrink:0;--awb-flex-grow-medium:0;--awb-flex-shrink-medium:0;--awb-flex-grow-small:0;--awb-flex-shrink-small:0;\" data-animationType=\"fadeIn\" data-animationDuration=\"1.3\" data-animationOffset=\"top-into-view\"><div class=\"fusion-column-wrapper fusion-column-has-shadow fusion-flex-justify-content-flex-start fusion-content-layout-column\"><div class=\"fusion-image-element \" style=\"--awb-aspect-ratio:16 \/ 9;--awb-margin-bottom:10px;--awb-caption-title-font-family:var(--h2_typography-font-family);--awb-caption-title-font-weight:var(--h2_typography-font-weight);--awb-caption-title-font-style:var(--h2_typography-font-style);--awb-caption-title-size:var(--h2_typography-font-size);--awb-caption-title-transform:var(--h2_typography-text-transform);--awb-caption-title-line-height:var(--h2_typography-line-height);--awb-caption-title-letter-spacing:var(--h2_typography-letter-spacing);\"><span class=\" fusion-imageframe imageframe-none imageframe-258 hover-type-none has-aspect-ratio\"><a class=\"fusion-no-lightbox\" href=\"https:\/\/www.choral-events.com\/en\/chorales\/choeur-omnia\/\" target=\"_self\"><img decoding=\"async\" src=\"https:\/\/www.choral-events.eskale.fr\/wp-content\/uploads\/2026\/02\/Chorales-2022.jpg\" class=\"img-responsive img-with-aspect-ratio\" data-parent-fit=\"cover\" data-parent-container=\".fusion-image-element\" alt \/><\/a><\/span><\/div><div class=\"fusion-title title fusion-title-260 fusion-sep-none fusion-title-center fusion-title-text fusion-title-size-paragraph\" style=\"--awb-text-color:var(--awb-color7);--awb-margin-top:10px;--awb-margin-right:5px;--awb-margin-bottom:10px;--awb-margin-left:5px;--awb-margin-top-small:16px;--awb-margin-right-small:0px;--awb-margin-bottom-small:10px;--awb-margin-left-small:0px;--awb-link-color:var(--awb-color7);--awb-font-size:16px;\"><p class=\"fusion-title-heading title-heading-center title-heading-tag fusion-responsive-typography-calculated\" style=\"margin:0;font-size:1em;--fontSize:16;--minFontSize:16;line-height:1.6;\"><a href=\"https:\/\/www.choral-events.com\/en\/chorales\/choeur-omnia\/\" class=\"awb-custom-text-color awb-custom-text-hover-color\" target=\"_self\">Ch\u0153ur Omnia<\/a><\/p><\/div><div class=\"fusion-separator\" style=\"align-self: center;margin-left: auto;margin-right: auto;flex-grow:10;margin-top:5px;margin-bottom:10px;width:100%;max-width:70px;\"><div class=\"fusion-separator-border sep-single sep-solid\" style=\"--awb-height:20px;--awb-amount:20px;border-color:var(--awb-color2);border-top-width:1px;\"><\/div><\/div><div class=\"fusion-text fusion-text-259\" style=\"--awb-content-alignment:center;--awb-text-transform:capitalize;--awb-text-color:var(--awb-color4);\"><p>Slovaquie<\/p>\n<\/div><\/div><\/li>\n<li class=\"fusion-layout-column fusion_builder_column fusion-builder-column-261 fusion-flex-column fusion-animated post-card fusion-grid-column fusion-post-cards-grid-column fusion-animated\" style=\"--awb-padding-bottom:5px;--awb-overflow:hidden;--awb-bg-color:var(--awb-color1);--awb-bg-color-hover:var(--awb-custom_color_2);--awb-bg-size:cover;--awb-box-shadow:0px 0px 24px hsla(var(--awb-color7-h),var(--awb-color7-s),var(--awb-color7-l),calc(var(--awb-color7-a) - 40%));;--awb-border-color:var(--awb-color4);--awb-border-color-hover:var(--awb-color7);--awb-border-top:1px;--awb-border-right:1px;--awb-border-bottom:1px;--awb-border-left:1px;--awb-border-style:solid;--awb-border-radius:6px 6px 6px 6px;--awb-flex-grow:0;--awb-flex-shrink:0;--awb-flex-grow-medium:0;--awb-flex-shrink-medium:0;--awb-flex-grow-small:0;--awb-flex-shrink-small:0;\" data-animationType=\"fadeIn\" data-animationDuration=\"1.3\" data-animationOffset=\"top-into-view\"><div class=\"fusion-column-wrapper fusion-column-has-shadow fusion-flex-justify-content-flex-start fusion-content-layout-column\"><div class=\"fusion-image-element \" style=\"--awb-aspect-ratio:16 \/ 9;--awb-margin-bottom:10px;--awb-caption-title-font-family:var(--h2_typography-font-family);--awb-caption-title-font-weight:var(--h2_typography-font-weight);--awb-caption-title-font-style:var(--h2_typography-font-style);--awb-caption-title-size:var(--h2_typography-font-size);--awb-caption-title-transform:var(--h2_typography-text-transform);--awb-caption-title-line-height:var(--h2_typography-line-height);--awb-caption-title-letter-spacing:var(--h2_typography-letter-spacing);\"><span class=\" fusion-imageframe imageframe-none imageframe-259 hover-type-none has-aspect-ratio\"><a class=\"fusion-no-lightbox\" href=\"https:\/\/www.choral-events.com\/en\/chorales\/choeur-philharmonique-de-cherkasy\/\" target=\"_self\" aria-label=\"Cherkasy-Ukraine-photo-site-web-1\"><img decoding=\"async\" width=\"550\" height=\"350\" src=\"https:\/\/www.choral-events.com\/wp-content\/uploads\/2026\/03\/Cherkasy-Ukraine-photo-site-web-1.png\" class=\"img-responsive wp-image-51826 img-with-aspect-ratio\" data-parent-fit=\"cover\" data-parent-container=\".fusion-image-element\" alt srcset=\"https:\/\/www.choral-events.com\/wp-content\/uploads\/2026\/03\/Cherkasy-Ukraine-photo-site-web-1-200x127.png 200w, https:\/\/www.choral-events.com\/wp-content\/uploads\/2026\/03\/Cherkasy-Ukraine-photo-site-web-1-400x255.png 400w, https:\/\/www.choral-events.com\/wp-content\/uploads\/2026\/03\/Cherkasy-Ukraine-photo-site-web-1.png 550w\" sizes=\"(max-width: 1024px) 100vw, (max-width: 640px) 100vw, 550px\" \/><\/a><\/span><\/div><div class=\"fusion-title title fusion-title-261 fusion-sep-none fusion-title-center fusion-title-text fusion-title-size-paragraph\" style=\"--awb-text-color:var(--awb-color7);--awb-margin-top:10px;--awb-margin-right:5px;--awb-margin-bottom:10px;--awb-margin-left:5px;--awb-margin-top-small:16px;--awb-margin-right-small:0px;--awb-margin-bottom-small:10px;--awb-margin-left-small:0px;--awb-link-color:var(--awb-color7);--awb-font-size:16px;\"><p class=\"fusion-title-heading title-heading-center title-heading-tag fusion-responsive-typography-calculated\" style=\"margin:0;font-size:1em;--fontSize:16;--minFontSize:16;line-height:1.6;\"><a href=\"https:\/\/www.choral-events.com\/en\/chorales\/choeur-philharmonique-de-cherkasy\/\" class=\"awb-custom-text-color awb-custom-text-hover-color\" target=\"_self\">Ch\u0153ur Philharmonique de Cherkasy<\/a><\/p><\/div><div class=\"fusion-separator\" style=\"align-self: center;margin-left: auto;margin-right: auto;flex-grow:10;margin-top:5px;margin-bottom:10px;width:100%;max-width:70px;\"><div class=\"fusion-separator-border sep-single sep-solid\" style=\"--awb-height:20px;--awb-amount:20px;border-color:var(--awb-color2);border-top-width:1px;\"><\/div><\/div><div class=\"fusion-text fusion-text-260\" style=\"--awb-content-alignment:center;--awb-text-transform:capitalize;--awb-text-color:var(--awb-color4);\"><p>Ukraine<\/p>\n<\/div><\/div><\/li>\n<li class=\"fusion-layout-column fusion_builder_column fusion-builder-column-262 fusion-flex-column fusion-animated post-card fusion-grid-column fusion-post-cards-grid-column fusion-animated\" style=\"--awb-padding-bottom:5px;--awb-overflow:hidden;--awb-bg-color:var(--awb-color1);--awb-bg-color-hover:var(--awb-custom_color_2);--awb-bg-size:cover;--awb-box-shadow:0px 0px 24px hsla(var(--awb-color7-h),var(--awb-color7-s),var(--awb-color7-l),calc(var(--awb-color7-a) - 40%));;--awb-border-color:var(--awb-color4);--awb-border-color-hover:var(--awb-color7);--awb-border-top:1px;--awb-border-right:1px;--awb-border-bottom:1px;--awb-border-left:1px;--awb-border-style:solid;--awb-border-radius:6px 6px 6px 6px;--awb-flex-grow:0;--awb-flex-shrink:0;--awb-flex-grow-medium:0;--awb-flex-shrink-medium:0;--awb-flex-grow-small:0;--awb-flex-shrink-small:0;\" data-animationType=\"fadeIn\" data-animationDuration=\"1.3\" data-animationOffset=\"top-into-view\"><div class=\"fusion-column-wrapper fusion-column-has-shadow fusion-flex-justify-content-flex-start fusion-content-layout-column\"><div class=\"fusion-image-element \" style=\"--awb-aspect-ratio:16 \/ 9;--awb-margin-bottom:10px;--awb-caption-title-font-family:var(--h2_typography-font-family);--awb-caption-title-font-weight:var(--h2_typography-font-weight);--awb-caption-title-font-style:var(--h2_typography-font-style);--awb-caption-title-size:var(--h2_typography-font-size);--awb-caption-title-transform:var(--h2_typography-text-transform);--awb-caption-title-line-height:var(--h2_typography-line-height);--awb-caption-title-letter-spacing:var(--h2_typography-letter-spacing);\"><span class=\" fusion-imageframe imageframe-none imageframe-260 hover-type-none has-aspect-ratio\"><a class=\"fusion-no-lightbox\" href=\"https:\/\/www.choral-events.com\/en\/chorales\/choeur-psm-ui-paragita\/\" target=\"_self\" aria-label=\"Paragita-Indonesia-France-photo-page-web-\"><img decoding=\"async\" width=\"550\" height=\"350\" src=\"https:\/\/www.choral-events.com\/wp-content\/uploads\/2026\/03\/Paragita-Indonesie-France-photo-page-web-.png\" class=\"img-responsive wp-image-51830 img-with-aspect-ratio\" data-parent-fit=\"cover\" data-parent-container=\".fusion-image-element\" alt srcset=\"https:\/\/www.choral-events.com\/wp-content\/uploads\/2026\/03\/Paragita-Indonesie-France-photo-page-web--200x127.png 200w, https:\/\/www.choral-events.com\/wp-content\/uploads\/2026\/03\/Paragita-Indonesie-France-photo-page-web--400x255.png 400w, https:\/\/www.choral-events.com\/wp-content\/uploads\/2026\/03\/Paragita-Indonesie-France-photo-page-web-.png 550w\" sizes=\"(max-width: 1024px) 100vw, (max-width: 640px) 100vw, 550px\" \/><\/a><\/span><\/div><div class=\"fusion-title title fusion-title-262 fusion-sep-none fusion-title-center fusion-title-text fusion-title-size-paragraph\" style=\"--awb-text-color:var(--awb-color7);--awb-margin-top:10px;--awb-margin-right:5px;--awb-margin-bottom:10px;--awb-margin-left:5px;--awb-margin-top-small:16px;--awb-margin-right-small:0px;--awb-margin-bottom-small:10px;--awb-margin-left-small:0px;--awb-link-color:var(--awb-color7);--awb-font-size:16px;\"><p class=\"fusion-title-heading title-heading-center title-heading-tag fusion-responsive-typography-calculated\" style=\"margin:0;font-size:1em;--fontSize:16;--minFontSize:16;line-height:1.6;\"><a href=\"https:\/\/www.choral-events.com\/en\/chorales\/choeur-psm-ui-paragita\/\" class=\"awb-custom-text-color awb-custom-text-hover-color\" target=\"_self\">Choeur PSM UI Paragita<\/a><\/p><\/div><div class=\"fusion-separator\" style=\"align-self: center;margin-left: auto;margin-right: auto;flex-grow:10;margin-top:5px;margin-bottom:10px;width:100%;max-width:70px;\"><div class=\"fusion-separator-border sep-single sep-solid\" style=\"--awb-height:20px;--awb-amount:20px;border-color:var(--awb-color2);border-top-width:1px;\"><\/div><\/div><div class=\"fusion-text fusion-text-261\" style=\"--awb-content-alignment:center;--awb-text-transform:capitalize;--awb-text-color:var(--awb-color4);\"><p>Indon\u00e9sie<\/p>\n<\/div><\/div><\/li>\n<li class=\"fusion-layout-column fusion_builder_column fusion-builder-column-263 fusion-flex-column fusion-animated post-card fusion-grid-column fusion-post-cards-grid-column fusion-animated\" style=\"--awb-padding-bottom:5px;--awb-overflow:hidden;--awb-bg-color:var(--awb-color1);--awb-bg-color-hover:var(--awb-custom_color_2);--awb-bg-size:cover;--awb-box-shadow:0px 0px 24px hsla(var(--awb-color7-h),var(--awb-color7-s),var(--awb-color7-l),calc(var(--awb-color7-a) - 40%));;--awb-border-color:var(--awb-color4);--awb-border-color-hover:var(--awb-color7);--awb-border-top:1px;--awb-border-right:1px;--awb-border-bottom:1px;--awb-border-left:1px;--awb-border-style:solid;--awb-border-radius:6px 6px 6px 6px;--awb-flex-grow:0;--awb-flex-shrink:0;--awb-flex-grow-medium:0;--awb-flex-shrink-medium:0;--awb-flex-grow-small:0;--awb-flex-shrink-small:0;\" data-animationType=\"fadeIn\" data-animationDuration=\"1.3\" data-animationOffset=\"top-into-view\"><div class=\"fusion-column-wrapper fusion-column-has-shadow fusion-flex-justify-content-flex-start fusion-content-layout-column\"><div class=\"fusion-image-element \" style=\"--awb-aspect-ratio:16 \/ 9;--awb-margin-bottom:10px;--awb-caption-title-font-family:var(--h2_typography-font-family);--awb-caption-title-font-weight:var(--h2_typography-font-weight);--awb-caption-title-font-style:var(--h2_typography-font-style);--awb-caption-title-size:var(--h2_typography-font-size);--awb-caption-title-transform:var(--h2_typography-text-transform);--awb-caption-title-line-height:var(--h2_typography-line-height);--awb-caption-title-letter-spacing:var(--h2_typography-letter-spacing);\"><span class=\" fusion-imageframe imageframe-none imageframe-261 hover-type-none has-aspect-ratio\"><a class=\"fusion-no-lightbox\" href=\"https:\/\/www.choral-events.com\/en\/chorales\/choeur-resonans-con-tutti\/\" target=\"_self\"><img decoding=\"async\" src=\"https:\/\/www.choral-events.eskale.fr\/wp-content\/uploads\/2026\/02\/Chorales-2022.jpg\" class=\"img-responsive img-with-aspect-ratio\" data-parent-fit=\"cover\" data-parent-container=\".fusion-image-element\" alt \/><\/a><\/span><\/div><div class=\"fusion-title title fusion-title-263 fusion-sep-none fusion-title-center fusion-title-text fusion-title-size-paragraph\" style=\"--awb-text-color:var(--awb-color7);--awb-margin-top:10px;--awb-margin-right:5px;--awb-margin-bottom:10px;--awb-margin-left:5px;--awb-margin-top-small:16px;--awb-margin-right-small:0px;--awb-margin-bottom-small:10px;--awb-margin-left-small:0px;--awb-link-color:var(--awb-color7);--awb-font-size:16px;\"><p class=\"fusion-title-heading title-heading-center title-heading-tag fusion-responsive-typography-calculated\" style=\"margin:0;font-size:1em;--fontSize:16;--minFontSize:16;line-height:1.6;\"><a href=\"https:\/\/www.choral-events.com\/en\/chorales\/choeur-resonans-con-tutti\/\" class=\"awb-custom-text-color awb-custom-text-hover-color\" target=\"_self\">Choeur Resonans Con Tutti<\/a><\/p><\/div><div class=\"fusion-separator\" style=\"align-self: center;margin-left: auto;margin-right: auto;flex-grow:10;margin-top:5px;margin-bottom:10px;width:100%;max-width:70px;\"><div class=\"fusion-separator-border sep-single sep-solid\" style=\"--awb-height:20px;--awb-amount:20px;border-color:var(--awb-color2);border-top-width:1px;\"><\/div><\/div><div class=\"fusion-text fusion-text-262\" style=\"--awb-content-alignment:center;--awb-text-transform:capitalize;--awb-text-color:var(--awb-color4);\"><p>Pologne<\/p>\n<\/div><\/div><\/li>\n<li class=\"fusion-layout-column fusion_builder_column fusion-builder-column-264 fusion-flex-column fusion-animated post-card fusion-grid-column fusion-post-cards-grid-column fusion-animated\" style=\"--awb-padding-bottom:5px;--awb-overflow:hidden;--awb-bg-color:var(--awb-color1);--awb-bg-color-hover:var(--awb-custom_color_2);--awb-bg-size:cover;--awb-box-shadow:0px 0px 24px hsla(var(--awb-color7-h),var(--awb-color7-s),var(--awb-color7-l),calc(var(--awb-color7-a) - 40%));;--awb-border-color:var(--awb-color4);--awb-border-color-hover:var(--awb-color7);--awb-border-top:1px;--awb-border-right:1px;--awb-border-bottom:1px;--awb-border-left:1px;--awb-border-style:solid;--awb-border-radius:6px 6px 6px 6px;--awb-flex-grow:0;--awb-flex-shrink:0;--awb-flex-grow-medium:0;--awb-flex-shrink-medium:0;--awb-flex-grow-small:0;--awb-flex-shrink-small:0;\" data-animationType=\"fadeIn\" data-animationDuration=\"1.3\" data-animationOffset=\"top-into-view\"><div class=\"fusion-column-wrapper fusion-column-has-shadow fusion-flex-justify-content-flex-start fusion-content-layout-column\"><div class=\"fusion-image-element \" style=\"--awb-aspect-ratio:16 \/ 9;--awb-margin-bottom:10px;--awb-caption-title-font-family:var(--h2_typography-font-family);--awb-caption-title-font-weight:var(--h2_typography-font-weight);--awb-caption-title-font-style:var(--h2_typography-font-style);--awb-caption-title-size:var(--h2_typography-font-size);--awb-caption-title-transform:var(--h2_typography-text-transform);--awb-caption-title-line-height:var(--h2_typography-line-height);--awb-caption-title-letter-spacing:var(--h2_typography-letter-spacing);\"><span class=\" fusion-imageframe imageframe-none imageframe-262 hover-type-none has-aspect-ratio\"><a class=\"fusion-no-lightbox\" href=\"https:\/\/www.choral-events.com\/en\/chorales\/choeur-san-leandro\/\" target=\"_self\"><img decoding=\"async\" src=\"https:\/\/www.choral-events.eskale.fr\/wp-content\/uploads\/2026\/02\/Chorales-2022.jpg\" class=\"img-responsive img-with-aspect-ratio\" data-parent-fit=\"cover\" data-parent-container=\".fusion-image-element\" alt \/><\/a><\/span><\/div><div class=\"fusion-title title fusion-title-264 fusion-sep-none fusion-title-center fusion-title-text fusion-title-size-paragraph\" style=\"--awb-text-color:var(--awb-color7);--awb-margin-top:10px;--awb-margin-right:5px;--awb-margin-bottom:10px;--awb-margin-left:5px;--awb-margin-top-small:16px;--awb-margin-right-small:0px;--awb-margin-bottom-small:10px;--awb-margin-left-small:0px;--awb-link-color:var(--awb-color7);--awb-font-size:16px;\"><p class=\"fusion-title-heading title-heading-center title-heading-tag fusion-responsive-typography-calculated\" style=\"margin:0;font-size:1em;--fontSize:16;--minFontSize:16;line-height:1.6;\"><a href=\"https:\/\/www.choral-events.com\/en\/chorales\/choeur-san-leandro\/\" class=\"awb-custom-text-color awb-custom-text-hover-color\" target=\"_self\">Choeur San Leandro<\/a><\/p><\/div><div class=\"fusion-separator\" style=\"align-self: center;margin-left: auto;margin-right: auto;flex-grow:10;margin-top:5px;margin-bottom:10px;width:100%;max-width:70px;\"><div class=\"fusion-separator-border sep-single sep-solid\" style=\"--awb-height:20px;--awb-amount:20px;border-color:var(--awb-color2);border-top-width:1px;\"><\/div><\/div><div class=\"fusion-text fusion-text-263\" style=\"--awb-content-alignment:center;--awb-text-transform:capitalize;--awb-text-color:var(--awb-color4);\"><p>Italie<\/p>\n<\/div><\/div><\/li>\n<li class=\"fusion-layout-column fusion_builder_column fusion-builder-column-265 fusion-flex-column fusion-animated post-card fusion-grid-column fusion-post-cards-grid-column fusion-animated\" style=\"--awb-padding-bottom:5px;--awb-overflow:hidden;--awb-bg-color:var(--awb-color1);--awb-bg-color-hover:var(--awb-custom_color_2);--awb-bg-size:cover;--awb-box-shadow:0px 0px 24px hsla(var(--awb-color7-h),var(--awb-color7-s),var(--awb-color7-l),calc(var(--awb-color7-a) - 40%));;--awb-border-color:var(--awb-color4);--awb-border-color-hover:var(--awb-color7);--awb-border-top:1px;--awb-border-right:1px;--awb-border-bottom:1px;--awb-border-left:1px;--awb-border-style:solid;--awb-border-radius:6px 6px 6px 6px;--awb-flex-grow:0;--awb-flex-shrink:0;--awb-flex-grow-medium:0;--awb-flex-shrink-medium:0;--awb-flex-grow-small:0;--awb-flex-shrink-small:0;\" data-animationType=\"fadeIn\" data-animationDuration=\"1.3\" data-animationOffset=\"top-into-view\"><div class=\"fusion-column-wrapper fusion-column-has-shadow fusion-flex-justify-content-flex-start fusion-content-layout-column\"><div class=\"fusion-image-element \" style=\"--awb-aspect-ratio:16 \/ 9;--awb-margin-bottom:10px;--awb-caption-title-font-family:var(--h2_typography-font-family);--awb-caption-title-font-weight:var(--h2_typography-font-weight);--awb-caption-title-font-style:var(--h2_typography-font-style);--awb-caption-title-size:var(--h2_typography-font-size);--awb-caption-title-transform:var(--h2_typography-text-transform);--awb-caption-title-line-height:var(--h2_typography-line-height);--awb-caption-title-letter-spacing:var(--h2_typography-letter-spacing);\"><span class=\" fusion-imageframe imageframe-none imageframe-263 hover-type-none has-aspect-ratio\"><a class=\"fusion-no-lightbox\" href=\"https:\/\/www.choral-events.com\/en\/chorales\/choeur-tutti-canti\/\" target=\"_self\" aria-label=\"photo-for-site-3\"><img decoding=\"async\" width=\"550\" height=\"350\" src=\"https:\/\/www.choral-events.com\/wp-content\/uploads\/2026\/03\/photo-pour-site-3.jpg\" class=\"img-responsive wp-image-51620 img-with-aspect-ratio\" data-parent-fit=\"cover\" data-parent-container=\".fusion-image-element\" alt srcset=\"https:\/\/www.choral-events.com\/wp-content\/uploads\/2026\/03\/photo-pour-site-3-200x127.jpg 200w, https:\/\/www.choral-events.com\/wp-content\/uploads\/2026\/03\/photo-pour-site-3-400x255.jpg 400w, https:\/\/www.choral-events.com\/wp-content\/uploads\/2026\/03\/photo-pour-site-3.jpg 550w\" sizes=\"(max-width: 1024px) 100vw, (max-width: 640px) 100vw, 550px\" \/><\/a><\/span><\/div><div class=\"fusion-title title fusion-title-265 fusion-sep-none fusion-title-center fusion-title-text fusion-title-size-paragraph\" style=\"--awb-text-color:var(--awb-color7);--awb-margin-top:10px;--awb-margin-right:5px;--awb-margin-bottom:10px;--awb-margin-left:5px;--awb-margin-top-small:16px;--awb-margin-right-small:0px;--awb-margin-bottom-small:10px;--awb-margin-left-small:0px;--awb-link-color:var(--awb-color7);--awb-font-size:16px;\"><p class=\"fusion-title-heading title-heading-center title-heading-tag fusion-responsive-typography-calculated\" style=\"margin:0;font-size:1em;--fontSize:16;--minFontSize:16;line-height:1.6;\"><a href=\"https:\/\/www.choral-events.com\/en\/chorales\/choeur-tutti-canti\/\" class=\"awb-custom-text-color awb-custom-text-hover-color\" target=\"_self\">Ch\u0153ur Tutti Canti<\/a><\/p><\/div><div class=\"fusion-separator\" style=\"align-self: center;margin-left: auto;margin-right: auto;flex-grow:10;margin-top:5px;margin-bottom:10px;width:100%;max-width:70px;\"><div class=\"fusion-separator-border sep-single sep-solid\" style=\"--awb-height:20px;--awb-amount:20px;border-color:var(--awb-color2);border-top-width:1px;\"><\/div><\/div><div class=\"fusion-text fusion-text-264\" style=\"--awb-content-alignment:center;--awb-text-transform:capitalize;--awb-text-color:var(--awb-color4);\"><p>France<\/p>\n<\/div><\/div><\/li>\n<li class=\"fusion-layout-column fusion_builder_column fusion-builder-column-266 fusion-flex-column fusion-animated post-card fusion-grid-column fusion-post-cards-grid-column fusion-animated\" style=\"--awb-padding-bottom:5px;--awb-overflow:hidden;--awb-bg-color:var(--awb-color1);--awb-bg-color-hover:var(--awb-custom_color_2);--awb-bg-size:cover;--awb-box-shadow:0px 0px 24px hsla(var(--awb-color7-h),var(--awb-color7-s),var(--awb-color7-l),calc(var(--awb-color7-a) - 40%));;--awb-border-color:var(--awb-color4);--awb-border-color-hover:var(--awb-color7);--awb-border-top:1px;--awb-border-right:1px;--awb-border-bottom:1px;--awb-border-left:1px;--awb-border-style:solid;--awb-border-radius:6px 6px 6px 6px;--awb-flex-grow:0;--awb-flex-shrink:0;--awb-flex-grow-medium:0;--awb-flex-shrink-medium:0;--awb-flex-grow-small:0;--awb-flex-shrink-small:0;\" data-animationType=\"fadeIn\" data-animationDuration=\"1.3\" data-animationOffset=\"top-into-view\"><div class=\"fusion-column-wrapper fusion-column-has-shadow fusion-flex-justify-content-flex-start fusion-content-layout-column\"><div class=\"fusion-image-element \" style=\"--awb-aspect-ratio:16 \/ 9;--awb-margin-bottom:10px;--awb-caption-title-font-family:var(--h2_typography-font-family);--awb-caption-title-font-weight:var(--h2_typography-font-weight);--awb-caption-title-font-style:var(--h2_typography-font-style);--awb-caption-title-size:var(--h2_typography-font-size);--awb-caption-title-transform:var(--h2_typography-text-transform);--awb-caption-title-line-height:var(--h2_typography-line-height);--awb-caption-title-letter-spacing:var(--h2_typography-letter-spacing);\"><span class=\" fusion-imageframe imageframe-none imageframe-264 hover-type-none has-aspect-ratio\"><a class=\"fusion-no-lightbox\" href=\"https:\/\/www.choral-events.com\/en\/chorales\/choeur-vox-novus\/\" target=\"_self\"><img decoding=\"async\" src=\"https:\/\/www.choral-events.eskale.fr\/wp-content\/uploads\/2026\/02\/Chorales-2022.jpg\" class=\"img-responsive img-with-aspect-ratio\" data-parent-fit=\"cover\" data-parent-container=\".fusion-image-element\" alt \/><\/a><\/span><\/div><div class=\"fusion-title title fusion-title-266 fusion-sep-none fusion-title-center fusion-title-text fusion-title-size-paragraph\" style=\"--awb-text-color:var(--awb-color7);--awb-margin-top:10px;--awb-margin-right:5px;--awb-margin-bottom:10px;--awb-margin-left:5px;--awb-margin-top-small:16px;--awb-margin-right-small:0px;--awb-margin-bottom-small:10px;--awb-margin-left-small:0px;--awb-link-color:var(--awb-color7);--awb-font-size:16px;\"><p class=\"fusion-title-heading title-heading-center title-heading-tag fusion-responsive-typography-calculated\" style=\"margin:0;font-size:1em;--fontSize:16;--minFontSize:16;line-height:1.6;\"><a href=\"https:\/\/www.choral-events.com\/en\/chorales\/choeur-vox-novus\/\" class=\"awb-custom-text-color awb-custom-text-hover-color\" target=\"_self\">Ch\u0153ur Vox Novus<\/a><\/p><\/div><div class=\"fusion-separator\" style=\"align-self: center;margin-left: auto;margin-right: auto;flex-grow:10;margin-top:5px;margin-bottom:10px;width:100%;max-width:70px;\"><div class=\"fusion-separator-border sep-single sep-solid\" style=\"--awb-height:20px;--awb-amount:20px;border-color:var(--awb-color2);border-top-width:1px;\"><\/div><\/div><div class=\"fusion-text fusion-text-265\" style=\"--awb-content-alignment:center;--awb-text-transform:capitalize;--awb-text-color:var(--awb-color4);\"><p>R\u00e9publique Tch\u00e8que<\/p>\n<\/div><\/div><\/li>\n<li class=\"fusion-layout-column fusion_builder_column fusion-builder-column-267 fusion-flex-column fusion-animated post-card fusion-grid-column fusion-post-cards-grid-column fusion-animated\" style=\"--awb-padding-bottom:5px;--awb-overflow:hidden;--awb-bg-color:var(--awb-color1);--awb-bg-color-hover:var(--awb-custom_color_2);--awb-bg-size:cover;--awb-box-shadow:0px 0px 24px hsla(var(--awb-color7-h),var(--awb-color7-s),var(--awb-color7-l),calc(var(--awb-color7-a) - 40%));;--awb-border-color:var(--awb-color4);--awb-border-color-hover:var(--awb-color7);--awb-border-top:1px;--awb-border-right:1px;--awb-border-bottom:1px;--awb-border-left:1px;--awb-border-style:solid;--awb-border-radius:6px 6px 6px 6px;--awb-flex-grow:0;--awb-flex-shrink:0;--awb-flex-grow-medium:0;--awb-flex-shrink-medium:0;--awb-flex-grow-small:0;--awb-flex-shrink-small:0;\" data-animationType=\"fadeIn\" data-animationDuration=\"1.3\" data-animationOffset=\"top-into-view\"><div class=\"fusion-column-wrapper fusion-column-has-shadow fusion-flex-justify-content-flex-start fusion-content-layout-column\"><div class=\"fusion-image-element \" style=\"--awb-aspect-ratio:16 \/ 9;--awb-margin-bottom:10px;--awb-caption-title-font-family:var(--h2_typography-font-family);--awb-caption-title-font-weight:var(--h2_typography-font-weight);--awb-caption-title-font-style:var(--h2_typography-font-style);--awb-caption-title-size:var(--h2_typography-font-size);--awb-caption-title-transform:var(--h2_typography-text-transform);--awb-caption-title-line-height:var(--h2_typography-line-height);--awb-caption-title-letter-spacing:var(--h2_typography-letter-spacing);\"><span class=\" fusion-imageframe imageframe-none imageframe-265 hover-type-none has-aspect-ratio\"><a class=\"fusion-no-lightbox\" href=\"https:\/\/www.choral-events.com\/en\/chorales\/choir-artos\/\" target=\"_self\" aria-label=\"teaserbox_50340629-550&#215;350\"><img decoding=\"async\" width=\"550\" height=\"350\" src=\"https:\/\/www.choral-events.com\/wp-content\/uploads\/2026\/03\/teaserbox_50340629-550x350-1.jpg\" class=\"img-responsive wp-image-51625 img-with-aspect-ratio\" data-parent-fit=\"cover\" data-parent-container=\".fusion-image-element\" alt srcset=\"https:\/\/www.choral-events.com\/wp-content\/uploads\/2026\/03\/teaserbox_50340629-550x350-1-200x127.jpg 200w, https:\/\/www.choral-events.com\/wp-content\/uploads\/2026\/03\/teaserbox_50340629-550x350-1-400x255.jpg 400w, https:\/\/www.choral-events.com\/wp-content\/uploads\/2026\/03\/teaserbox_50340629-550x350-1.jpg 550w\" sizes=\"(max-width: 1024px) 100vw, (max-width: 640px) 100vw, 550px\" \/><\/a><\/span><\/div><div class=\"fusion-title title fusion-title-267 fusion-sep-none fusion-title-center fusion-title-text fusion-title-size-paragraph\" style=\"--awb-text-color:var(--awb-color7);--awb-margin-top:10px;--awb-margin-right:5px;--awb-margin-bottom:10px;--awb-margin-left:5px;--awb-margin-top-small:16px;--awb-margin-right-small:0px;--awb-margin-bottom-small:10px;--awb-margin-left-small:0px;--awb-link-color:var(--awb-color7);--awb-font-size:16px;\"><p class=\"fusion-title-heading title-heading-center title-heading-tag fusion-responsive-typography-calculated\" style=\"margin:0;font-size:1em;--fontSize:16;--minFontSize:16;line-height:1.6;\"><a href=\"https:\/\/www.choral-events.com\/en\/chorales\/choir-artos\/\" class=\"awb-custom-text-color awb-custom-text-hover-color\" target=\"_self\">Choir Artos<\/a><\/p><\/div><div class=\"fusion-separator\" style=\"align-self: center;margin-left: auto;margin-right: auto;flex-grow:10;margin-top:5px;margin-bottom:10px;width:100%;max-width:70px;\"><div class=\"fusion-separator-border sep-single sep-solid\" style=\"--awb-height:20px;--awb-amount:20px;border-color:var(--awb-color2);border-top-width:1px;\"><\/div><\/div><div class=\"fusion-text fusion-text-266\" style=\"--awb-content-alignment:center;--awb-text-transform:capitalize;--awb-text-color:var(--awb-color4);\"><p>Ukraine<\/p>\n<\/div><\/div><\/li>\n<li class=\"fusion-layout-column fusion_builder_column fusion-builder-column-268 fusion-flex-column fusion-animated post-card fusion-grid-column fusion-post-cards-grid-column fusion-animated\" style=\"--awb-padding-bottom:5px;--awb-overflow:hidden;--awb-bg-color:var(--awb-color1);--awb-bg-color-hover:var(--awb-custom_color_2);--awb-bg-size:cover;--awb-box-shadow:0px 0px 24px hsla(var(--awb-color7-h),var(--awb-color7-s),var(--awb-color7-l),calc(var(--awb-color7-a) - 40%));;--awb-border-color:var(--awb-color4);--awb-border-color-hover:var(--awb-color7);--awb-border-top:1px;--awb-border-right:1px;--awb-border-bottom:1px;--awb-border-left:1px;--awb-border-style:solid;--awb-border-radius:6px 6px 6px 6px;--awb-flex-grow:0;--awb-flex-shrink:0;--awb-flex-grow-medium:0;--awb-flex-shrink-medium:0;--awb-flex-grow-small:0;--awb-flex-shrink-small:0;\" data-animationType=\"fadeIn\" data-animationDuration=\"1.3\" data-animationOffset=\"top-into-view\"><div class=\"fusion-column-wrapper fusion-column-has-shadow fusion-flex-justify-content-flex-start fusion-content-layout-column\"><div class=\"fusion-image-element \" style=\"--awb-aspect-ratio:16 \/ 9;--awb-margin-bottom:10px;--awb-caption-title-font-family:var(--h2_typography-font-family);--awb-caption-title-font-weight:var(--h2_typography-font-weight);--awb-caption-title-font-style:var(--h2_typography-font-style);--awb-caption-title-size:var(--h2_typography-font-size);--awb-caption-title-transform:var(--h2_typography-text-transform);--awb-caption-title-line-height:var(--h2_typography-line-height);--awb-caption-title-letter-spacing:var(--h2_typography-letter-spacing);\"><span class=\" fusion-imageframe imageframe-none imageframe-266 hover-type-none has-aspect-ratio\"><a class=\"fusion-no-lightbox\" href=\"https:\/\/www.choral-events.com\/en\/chorales\/choir-of-the-medical-university-of-lodz\/\" target=\"_self\" aria-label=\"Choir of Medical University of Lodz 2 (2)\"><img decoding=\"async\" width=\"1821\" height=\"1416\" alt=\"Choir of Medical University of Lodz\" src=\"https:\/\/www.choral-events.com\/wp-content\/uploads\/2025\/04\/Choir-of-Medical-University-of-Lodz-2-2.png\" class=\"img-responsive wp-image-49309 img-with-aspect-ratio\" data-parent-fit=\"cover\" data-parent-container=\".fusion-image-element\" srcset=\"https:\/\/www.choral-events.com\/wp-content\/uploads\/2025\/04\/Choir-of-Medical-University-of-Lodz-2-2-200x156.png 200w, https:\/\/www.choral-events.com\/wp-content\/uploads\/2025\/04\/Choir-of-Medical-University-of-Lodz-2-2-400x311.png 400w, https:\/\/www.choral-events.com\/wp-content\/uploads\/2025\/04\/Choir-of-Medical-University-of-Lodz-2-2-600x467.png 600w, https:\/\/www.choral-events.com\/wp-content\/uploads\/2025\/04\/Choir-of-Medical-University-of-Lodz-2-2-800x622.png 800w, https:\/\/www.choral-events.com\/wp-content\/uploads\/2025\/04\/Choir-of-Medical-University-of-Lodz-2-2-1200x933.png 1200w, https:\/\/www.choral-events.com\/wp-content\/uploads\/2025\/04\/Choir-of-Medical-University-of-Lodz-2-2.png 1821w\" sizes=\"(max-width: 1024px) 100vw, (max-width: 640px) 100vw, 1821px\" \/><\/a><\/span><\/div><div class=\"fusion-title title fusion-title-268 fusion-sep-none fusion-title-center fusion-title-text fusion-title-size-paragraph\" style=\"--awb-text-color:var(--awb-color7);--awb-margin-top:10px;--awb-margin-right:5px;--awb-margin-bottom:10px;--awb-margin-left:5px;--awb-margin-top-small:16px;--awb-margin-right-small:0px;--awb-margin-bottom-small:10px;--awb-margin-left-small:0px;--awb-link-color:var(--awb-color7);--awb-font-size:16px;\"><p class=\"fusion-title-heading title-heading-center title-heading-tag fusion-responsive-typography-calculated\" style=\"margin:0;font-size:1em;--fontSize:16;--minFontSize:16;line-height:1.6;\"><a href=\"https:\/\/www.choral-events.com\/en\/chorales\/choir-of-the-medical-university-of-lodz\/\" class=\"awb-custom-text-color awb-custom-text-hover-color\" target=\"_self\">Choir of the Medical University of Lodz<\/a><\/p><\/div><div class=\"fusion-separator\" style=\"align-self: center;margin-left: auto;margin-right: auto;flex-grow:10;margin-top:5px;margin-bottom:10px;width:100%;max-width:70px;\"><div class=\"fusion-separator-border sep-single sep-solid\" style=\"--awb-height:20px;--awb-amount:20px;border-color:var(--awb-color2);border-top-width:1px;\"><\/div><\/div><div class=\"fusion-text fusion-text-267\" style=\"--awb-content-alignment:center;--awb-text-transform:capitalize;--awb-text-color:var(--awb-color4);\"><p>Poland<\/p>\n<\/div><\/div><\/li>\n<li class=\"fusion-layout-column fusion_builder_column fusion-builder-column-269 fusion-flex-column fusion-animated post-card fusion-grid-column fusion-post-cards-grid-column fusion-animated\" style=\"--awb-padding-bottom:5px;--awb-overflow:hidden;--awb-bg-color:var(--awb-color1);--awb-bg-color-hover:var(--awb-custom_color_2);--awb-bg-size:cover;--awb-box-shadow:0px 0px 24px hsla(var(--awb-color7-h),var(--awb-color7-s),var(--awb-color7-l),calc(var(--awb-color7-a) - 40%));;--awb-border-color:var(--awb-color4);--awb-border-color-hover:var(--awb-color7);--awb-border-top:1px;--awb-border-right:1px;--awb-border-bottom:1px;--awb-border-left:1px;--awb-border-style:solid;--awb-border-radius:6px 6px 6px 6px;--awb-flex-grow:0;--awb-flex-shrink:0;--awb-flex-grow-medium:0;--awb-flex-shrink-medium:0;--awb-flex-grow-small:0;--awb-flex-shrink-small:0;\" data-animationType=\"fadeIn\" data-animationDuration=\"1.3\" data-animationOffset=\"top-into-view\"><div class=\"fusion-column-wrapper fusion-column-has-shadow fusion-flex-justify-content-flex-start fusion-content-layout-column\"><div class=\"fusion-image-element \" style=\"--awb-aspect-ratio:16 \/ 9;--awb-margin-bottom:10px;--awb-caption-title-font-family:var(--h2_typography-font-family);--awb-caption-title-font-weight:var(--h2_typography-font-weight);--awb-caption-title-font-style:var(--h2_typography-font-style);--awb-caption-title-size:var(--h2_typography-font-size);--awb-caption-title-transform:var(--h2_typography-text-transform);--awb-caption-title-line-height:var(--h2_typography-line-height);--awb-caption-title-letter-spacing:var(--h2_typography-letter-spacing);\"><span class=\" fusion-imageframe imageframe-none imageframe-267 hover-type-none has-aspect-ratio\"><a class=\"fusion-no-lightbox\" href=\"https:\/\/www.choral-events.com\/en\/chorales\/choir-van-goh\/\" target=\"_self\" aria-label=\"photo-3\"><img decoding=\"async\" width=\"550\" height=\"350\" src=\"https:\/\/www.choral-events.com\/wp-content\/uploads\/2026\/03\/photo-3.jpg\" class=\"img-responsive wp-image-51629 img-with-aspect-ratio\" data-parent-fit=\"cover\" data-parent-container=\".fusion-image-element\" alt srcset=\"https:\/\/www.choral-events.com\/wp-content\/uploads\/2026\/03\/photo-3-200x127.jpg 200w, https:\/\/www.choral-events.com\/wp-content\/uploads\/2026\/03\/photo-3-400x255.jpg 400w, https:\/\/www.choral-events.com\/wp-content\/uploads\/2026\/03\/photo-3.jpg 550w\" sizes=\"(max-width: 1024px) 100vw, (max-width: 640px) 100vw, 550px\" \/><\/a><\/span><\/div><div class=\"fusion-title title fusion-title-269 fusion-sep-none fusion-title-center fusion-title-text fusion-title-size-paragraph\" style=\"--awb-text-color:var(--awb-color7);--awb-margin-top:10px;--awb-margin-right:5px;--awb-margin-bottom:10px;--awb-margin-left:5px;--awb-margin-top-small:16px;--awb-margin-right-small:0px;--awb-margin-bottom-small:10px;--awb-margin-left-small:0px;--awb-link-color:var(--awb-color7);--awb-font-size:16px;\"><p class=\"fusion-title-heading title-heading-center title-heading-tag fusion-responsive-typography-calculated\" style=\"margin:0;font-size:1em;--fontSize:16;--minFontSize:16;line-height:1.6;\"><a href=\"https:\/\/www.choral-events.com\/en\/chorales\/choir-van-goh\/\" class=\"awb-custom-text-color awb-custom-text-hover-color\" target=\"_self\">Choir Van Goh<\/a><\/p><\/div><div class=\"fusion-separator\" style=\"align-self: center;margin-left: auto;margin-right: auto;flex-grow:10;margin-top:5px;margin-bottom:10px;width:100%;max-width:70px;\"><div class=\"fusion-separator-border sep-single sep-solid\" style=\"--awb-height:20px;--awb-amount:20px;border-color:var(--awb-color2);border-top-width:1px;\"><\/div><\/div><div class=\"fusion-text fusion-text-268\" style=\"--awb-content-alignment:center;--awb-text-transform:capitalize;--awb-text-color:var(--awb-color4);\"><p>R\u00e9publique Tch\u00e8que<\/p>\n<\/div><\/div><\/li>\n<li class=\"fusion-layout-column fusion_builder_column fusion-builder-column-270 fusion-flex-column fusion-animated post-card fusion-grid-column fusion-post-cards-grid-column fusion-animated\" style=\"--awb-padding-bottom:5px;--awb-overflow:hidden;--awb-bg-color:var(--awb-color1);--awb-bg-color-hover:var(--awb-custom_color_2);--awb-bg-size:cover;--awb-box-shadow:0px 0px 24px hsla(var(--awb-color7-h),var(--awb-color7-s),var(--awb-color7-l),calc(var(--awb-color7-a) - 40%));;--awb-border-color:var(--awb-color4);--awb-border-color-hover:var(--awb-color7);--awb-border-top:1px;--awb-border-right:1px;--awb-border-bottom:1px;--awb-border-left:1px;--awb-border-style:solid;--awb-border-radius:6px 6px 6px 6px;--awb-flex-grow:0;--awb-flex-shrink:0;--awb-flex-grow-medium:0;--awb-flex-shrink-medium:0;--awb-flex-grow-small:0;--awb-flex-shrink-small:0;\" data-animationType=\"fadeIn\" data-animationDuration=\"1.3\" data-animationOffset=\"top-into-view\"><div class=\"fusion-column-wrapper fusion-column-has-shadow fusion-flex-justify-content-flex-start fusion-content-layout-column\"><div class=\"fusion-image-element \" style=\"--awb-aspect-ratio:16 \/ 9;--awb-margin-bottom:10px;--awb-caption-title-font-family:var(--h2_typography-font-family);--awb-caption-title-font-weight:var(--h2_typography-font-weight);--awb-caption-title-font-style:var(--h2_typography-font-style);--awb-caption-title-size:var(--h2_typography-font-size);--awb-caption-title-transform:var(--h2_typography-text-transform);--awb-caption-title-line-height:var(--h2_typography-line-height);--awb-caption-title-letter-spacing:var(--h2_typography-letter-spacing);\"><span class=\" fusion-imageframe imageframe-none imageframe-268 hover-type-none has-aspect-ratio\"><a class=\"fusion-no-lightbox\" href=\"https:\/\/www.choral-events.com\/en\/chorales\/chorale-chanlibre\/\" target=\"_self\" aria-label=\"Chant-libre-photo-page-web-\"><img decoding=\"async\" width=\"550\" height=\"350\" src=\"https:\/\/www.choral-events.com\/wp-content\/uploads\/2026\/03\/Chant-libre-photo-page-web-.png\" class=\"img-responsive wp-image-51834 img-with-aspect-ratio\" data-parent-fit=\"cover\" data-parent-container=\".fusion-image-element\" alt srcset=\"https:\/\/www.choral-events.com\/wp-content\/uploads\/2026\/03\/Chant-libre-photo-page-web--200x127.png 200w, https:\/\/www.choral-events.com\/wp-content\/uploads\/2026\/03\/Chant-libre-photo-page-web--400x255.png 400w, https:\/\/www.choral-events.com\/wp-content\/uploads\/2026\/03\/Chant-libre-photo-page-web-.png 550w\" sizes=\"(max-width: 1024px) 100vw, (max-width: 640px) 100vw, 550px\" \/><\/a><\/span><\/div><div class=\"fusion-title title fusion-title-270 fusion-sep-none fusion-title-center fusion-title-text fusion-title-size-paragraph\" style=\"--awb-text-color:var(--awb-color7);--awb-margin-top:10px;--awb-margin-right:5px;--awb-margin-bottom:10px;--awb-margin-left:5px;--awb-margin-top-small:16px;--awb-margin-right-small:0px;--awb-margin-bottom-small:10px;--awb-margin-left-small:0px;--awb-link-color:var(--awb-color7);--awb-font-size:16px;\"><p class=\"fusion-title-heading title-heading-center title-heading-tag fusion-responsive-typography-calculated\" style=\"margin:0;font-size:1em;--fontSize:16;--minFontSize:16;line-height:1.6;\"><a href=\"https:\/\/www.choral-events.com\/en\/chorales\/chorale-chanlibre\/\" class=\"awb-custom-text-color awb-custom-text-hover-color\" target=\"_self\">Chorale Chanlibre<\/a><\/p><\/div><div class=\"fusion-separator\" style=\"align-self: center;margin-left: auto;margin-right: auto;flex-grow:10;margin-top:5px;margin-bottom:10px;width:100%;max-width:70px;\"><div class=\"fusion-separator-border sep-single sep-solid\" style=\"--awb-height:20px;--awb-amount:20px;border-color:var(--awb-color2);border-top-width:1px;\"><\/div><\/div><div class=\"fusion-text fusion-text-269\" style=\"--awb-content-alignment:center;--awb-text-transform:capitalize;--awb-text-color:var(--awb-color4);\"><p>France<\/p>\n<\/div><\/div><\/li>\n<li class=\"fusion-layout-column fusion_builder_column fusion-builder-column-271 fusion-flex-column fusion-animated post-card fusion-grid-column fusion-post-cards-grid-column fusion-animated\" style=\"--awb-padding-bottom:5px;--awb-overflow:hidden;--awb-bg-color:var(--awb-color1);--awb-bg-color-hover:var(--awb-custom_color_2);--awb-bg-size:cover;--awb-box-shadow:0px 0px 24px hsla(var(--awb-color7-h),var(--awb-color7-s),var(--awb-color7-l),calc(var(--awb-color7-a) - 40%));;--awb-border-color:var(--awb-color4);--awb-border-color-hover:var(--awb-color7);--awb-border-top:1px;--awb-border-right:1px;--awb-border-bottom:1px;--awb-border-left:1px;--awb-border-style:solid;--awb-border-radius:6px 6px 6px 6px;--awb-flex-grow:0;--awb-flex-shrink:0;--awb-flex-grow-medium:0;--awb-flex-shrink-medium:0;--awb-flex-grow-small:0;--awb-flex-shrink-small:0;\" data-animationType=\"fadeIn\" data-animationDuration=\"1.3\" data-animationOffset=\"top-into-view\"><div class=\"fusion-column-wrapper fusion-column-has-shadow fusion-flex-justify-content-flex-start fusion-content-layout-column\"><div class=\"fusion-image-element \" style=\"--awb-aspect-ratio:16 \/ 9;--awb-margin-bottom:10px;--awb-caption-title-font-family:var(--h2_typography-font-family);--awb-caption-title-font-weight:var(--h2_typography-font-weight);--awb-caption-title-font-style:var(--h2_typography-font-style);--awb-caption-title-size:var(--h2_typography-font-size);--awb-caption-title-transform:var(--h2_typography-text-transform);--awb-caption-title-line-height:var(--h2_typography-line-height);--awb-caption-title-letter-spacing:var(--h2_typography-letter-spacing);\"><span class=\" fusion-imageframe imageframe-none imageframe-269 hover-type-none has-aspect-ratio\"><a class=\"fusion-no-lightbox\" href=\"https:\/\/www.choral-events.com\/en\/chorales\/chorale-chantarelle-du-college-laval\/\" target=\"_self\"><img decoding=\"async\" src=\"https:\/\/www.choral-events.eskale.fr\/wp-content\/uploads\/2026\/02\/Chorales-2022.jpg\" class=\"img-responsive img-with-aspect-ratio\" data-parent-fit=\"cover\" data-parent-container=\".fusion-image-element\" alt \/><\/a><\/span><\/div><div class=\"fusion-title title fusion-title-271 fusion-sep-none fusion-title-center fusion-title-text fusion-title-size-paragraph\" style=\"--awb-text-color:var(--awb-color7);--awb-margin-top:10px;--awb-margin-right:5px;--awb-margin-bottom:10px;--awb-margin-left:5px;--awb-margin-top-small:16px;--awb-margin-right-small:0px;--awb-margin-bottom-small:10px;--awb-margin-left-small:0px;--awb-link-color:var(--awb-color7);--awb-font-size:16px;\"><p class=\"fusion-title-heading title-heading-center title-heading-tag fusion-responsive-typography-calculated\" style=\"margin:0;font-size:1em;--fontSize:16;--minFontSize:16;line-height:1.6;\"><a href=\"https:\/\/www.choral-events.com\/en\/chorales\/chorale-chantarelle-du-college-laval\/\" class=\"awb-custom-text-color awb-custom-text-hover-color\" target=\"_self\">Chorale Chantarelle du Coll\u00e8ge Laval<\/a><\/p><\/div><div class=\"fusion-separator\" style=\"align-self: center;margin-left: auto;margin-right: auto;flex-grow:10;margin-top:5px;margin-bottom:10px;width:100%;max-width:70px;\"><div class=\"fusion-separator-border sep-single sep-solid\" style=\"--awb-height:20px;--awb-amount:20px;border-color:var(--awb-color2);border-top-width:1px;\"><\/div><\/div><div class=\"fusion-text fusion-text-270\" style=\"--awb-content-alignment:center;--awb-text-transform:capitalize;--awb-text-color:var(--awb-color4);\"><p>Qu\u00e9bec<\/p>\n<\/div><\/div><\/li>\n<li class=\"fusion-layout-column fusion_builder_column fusion-builder-column-272 fusion-flex-column fusion-animated post-card fusion-grid-column fusion-post-cards-grid-column fusion-animated\" style=\"--awb-padding-bottom:5px;--awb-overflow:hidden;--awb-bg-color:var(--awb-color1);--awb-bg-color-hover:var(--awb-custom_color_2);--awb-bg-size:cover;--awb-box-shadow:0px 0px 24px hsla(var(--awb-color7-h),var(--awb-color7-s),var(--awb-color7-l),calc(var(--awb-color7-a) - 40%));;--awb-border-color:var(--awb-color4);--awb-border-color-hover:var(--awb-color7);--awb-border-top:1px;--awb-border-right:1px;--awb-border-bottom:1px;--awb-border-left:1px;--awb-border-style:solid;--awb-border-radius:6px 6px 6px 6px;--awb-flex-grow:0;--awb-flex-shrink:0;--awb-flex-grow-medium:0;--awb-flex-shrink-medium:0;--awb-flex-grow-small:0;--awb-flex-shrink-small:0;\" data-animationType=\"fadeIn\" data-animationDuration=\"1.3\" data-animationOffset=\"top-into-view\"><div class=\"fusion-column-wrapper fusion-column-has-shadow fusion-flex-justify-content-flex-start fusion-content-layout-column\"><div class=\"fusion-image-element \" style=\"--awb-aspect-ratio:16 \/ 9;--awb-margin-bottom:10px;--awb-caption-title-font-family:var(--h2_typography-font-family);--awb-caption-title-font-weight:var(--h2_typography-font-weight);--awb-caption-title-font-style:var(--h2_typography-font-style);--awb-caption-title-size:var(--h2_typography-font-size);--awb-caption-title-transform:var(--h2_typography-text-transform);--awb-caption-title-line-height:var(--h2_typography-line-height);--awb-caption-title-letter-spacing:var(--h2_typography-letter-spacing);\"><span class=\" fusion-imageframe imageframe-none imageframe-270 hover-type-none has-aspect-ratio\"><a class=\"fusion-no-lightbox\" href=\"https:\/\/www.choral-events.com\/en\/chorales\/chorale-dauphinelle\/\" target=\"_self\" aria-label=\"Dauphinelle-photo-site-web-2\"><img decoding=\"async\" width=\"550\" height=\"350\" src=\"https:\/\/www.choral-events.com\/wp-content\/uploads\/2026\/03\/Dauphinelle-photo-site-web-2.png\" class=\"img-responsive wp-image-51838 img-with-aspect-ratio\" data-parent-fit=\"cover\" data-parent-container=\".fusion-image-element\" alt srcset=\"https:\/\/www.choral-events.com\/wp-content\/uploads\/2026\/03\/Dauphinelle-photo-site-web-2-200x127.png 200w, https:\/\/www.choral-events.com\/wp-content\/uploads\/2026\/03\/Dauphinelle-photo-site-web-2-400x255.png 400w, https:\/\/www.choral-events.com\/wp-content\/uploads\/2026\/03\/Dauphinelle-photo-site-web-2.png 550w\" sizes=\"(max-width: 1024px) 100vw, (max-width: 640px) 100vw, 550px\" \/><\/a><\/span><\/div><div class=\"fusion-title title fusion-title-272 fusion-sep-none fusion-title-center fusion-title-text fusion-title-size-paragraph\" style=\"--awb-text-color:var(--awb-color7);--awb-margin-top:10px;--awb-margin-right:5px;--awb-margin-bottom:10px;--awb-margin-left:5px;--awb-margin-top-small:16px;--awb-margin-right-small:0px;--awb-margin-bottom-small:10px;--awb-margin-left-small:0px;--awb-link-color:var(--awb-color7);--awb-font-size:16px;\"><p class=\"fusion-title-heading title-heading-center title-heading-tag fusion-responsive-typography-calculated\" style=\"margin:0;font-size:1em;--fontSize:16;--minFontSize:16;line-height:1.6;\"><a href=\"https:\/\/www.choral-events.com\/en\/chorales\/chorale-dauphinelle\/\" class=\"awb-custom-text-color awb-custom-text-hover-color\" target=\"_self\">Chorale Dauphinelle<\/a><\/p><\/div><div class=\"fusion-separator\" style=\"align-self: center;margin-left: auto;margin-right: auto;flex-grow:10;margin-top:5px;margin-bottom:10px;width:100%;max-width:70px;\"><div class=\"fusion-separator-border sep-single sep-solid\" style=\"--awb-height:20px;--awb-amount:20px;border-color:var(--awb-color2);border-top-width:1px;\"><\/div><\/div><div class=\"fusion-text fusion-text-271\" style=\"--awb-content-alignment:center;--awb-text-transform:capitalize;--awb-text-color:var(--awb-color4);\"><p>France<\/p>\n<\/div><\/div><\/li>\n<li class=\"fusion-layout-column fusion_builder_column fusion-builder-column-273 fusion-flex-column fusion-animated post-card fusion-grid-column fusion-post-cards-grid-column fusion-animated\" style=\"--awb-padding-bottom:5px;--awb-overflow:hidden;--awb-bg-color:var(--awb-color1);--awb-bg-color-hover:var(--awb-custom_color_2);--awb-bg-size:cover;--awb-box-shadow:0px 0px 24px hsla(var(--awb-color7-h),var(--awb-color7-s),var(--awb-color7-l),calc(var(--awb-color7-a) - 40%));;--awb-border-color:var(--awb-color4);--awb-border-color-hover:var(--awb-color7);--awb-border-top:1px;--awb-border-right:1px;--awb-border-bottom:1px;--awb-border-left:1px;--awb-border-style:solid;--awb-border-radius:6px 6px 6px 6px;--awb-flex-grow:0;--awb-flex-shrink:0;--awb-flex-grow-medium:0;--awb-flex-shrink-medium:0;--awb-flex-grow-small:0;--awb-flex-shrink-small:0;\" data-animationType=\"fadeIn\" data-animationDuration=\"1.3\" data-animationOffset=\"top-into-view\"><div class=\"fusion-column-wrapper fusion-column-has-shadow fusion-flex-justify-content-flex-start fusion-content-layout-column\"><div class=\"fusion-image-element \" style=\"--awb-aspect-ratio:16 \/ 9;--awb-margin-bottom:10px;--awb-caption-title-font-family:var(--h2_typography-font-family);--awb-caption-title-font-weight:var(--h2_typography-font-weight);--awb-caption-title-font-style:var(--h2_typography-font-style);--awb-caption-title-size:var(--h2_typography-font-size);--awb-caption-title-transform:var(--h2_typography-text-transform);--awb-caption-title-line-height:var(--h2_typography-line-height);--awb-caption-title-letter-spacing:var(--h2_typography-letter-spacing);\"><span class=\" fusion-imageframe imageframe-none imageframe-271 hover-type-none has-aspect-ratio\"><a class=\"fusion-no-lightbox\" href=\"https:\/\/www.choral-events.com\/en\/chorales\/chorale-des-4-saisons\/\" target=\"_self\" aria-label=\"photo-4-saisons-550&#215;350\"><img decoding=\"async\" width=\"550\" height=\"350\" src=\"https:\/\/www.choral-events.com\/wp-content\/uploads\/2026\/03\/photo-4-saisons-550x350-1.jpg\" class=\"img-responsive wp-image-51328 img-with-aspect-ratio\" data-parent-fit=\"cover\" data-parent-container=\".fusion-image-element\" alt srcset=\"https:\/\/www.choral-events.com\/wp-content\/uploads\/2026\/03\/photo-4-saisons-550x350-1-200x127.jpg 200w, https:\/\/www.choral-events.com\/wp-content\/uploads\/2026\/03\/photo-4-saisons-550x350-1-400x255.jpg 400w, https:\/\/www.choral-events.com\/wp-content\/uploads\/2026\/03\/photo-4-saisons-550x350-1.jpg 550w\" sizes=\"(max-width: 1024px) 100vw, (max-width: 640px) 100vw, 550px\" \/><\/a><\/span><\/div><div class=\"fusion-title title fusion-title-273 fusion-sep-none fusion-title-center fusion-title-text fusion-title-size-paragraph\" style=\"--awb-text-color:var(--awb-color7);--awb-margin-top:10px;--awb-margin-right:5px;--awb-margin-bottom:10px;--awb-margin-left:5px;--awb-margin-top-small:16px;--awb-margin-right-small:0px;--awb-margin-bottom-small:10px;--awb-margin-left-small:0px;--awb-link-color:var(--awb-color7);--awb-font-size:16px;\"><p class=\"fusion-title-heading title-heading-center title-heading-tag fusion-responsive-typography-calculated\" style=\"margin:0;font-size:1em;--fontSize:16;--minFontSize:16;line-height:1.6;\"><a href=\"https:\/\/www.choral-events.com\/en\/chorales\/chorale-des-4-saisons\/\" class=\"awb-custom-text-color awb-custom-text-hover-color\" target=\"_self\">Chorale des 4 Saisons<\/a><\/p><\/div><div class=\"fusion-separator\" style=\"align-self: center;margin-left: auto;margin-right: auto;flex-grow:10;margin-top:5px;margin-bottom:10px;width:100%;max-width:70px;\"><div class=\"fusion-separator-border sep-single sep-solid\" style=\"--awb-height:20px;--awb-amount:20px;border-color:var(--awb-color2);border-top-width:1px;\"><\/div><\/div><div class=\"fusion-text fusion-text-272\" style=\"--awb-content-alignment:center;--awb-text-transform:capitalize;--awb-text-color:var(--awb-color4);\"><p>Suisse<\/p>\n<\/div><\/div><\/li>\n<li class=\"fusion-layout-column fusion_builder_column fusion-builder-column-274 fusion-flex-column fusion-animated post-card fusion-grid-column fusion-post-cards-grid-column fusion-animated\" style=\"--awb-padding-bottom:5px;--awb-overflow:hidden;--awb-bg-color:var(--awb-color1);--awb-bg-color-hover:var(--awb-custom_color_2);--awb-bg-size:cover;--awb-box-shadow:0px 0px 24px hsla(var(--awb-color7-h),var(--awb-color7-s),var(--awb-color7-l),calc(var(--awb-color7-a) - 40%));;--awb-border-color:var(--awb-color4);--awb-border-color-hover:var(--awb-color7);--awb-border-top:1px;--awb-border-right:1px;--awb-border-bottom:1px;--awb-border-left:1px;--awb-border-style:solid;--awb-border-radius:6px 6px 6px 6px;--awb-flex-grow:0;--awb-flex-shrink:0;--awb-flex-grow-medium:0;--awb-flex-shrink-medium:0;--awb-flex-grow-small:0;--awb-flex-shrink-small:0;\" data-animationType=\"fadeIn\" data-animationDuration=\"1.3\" data-animationOffset=\"top-into-view\"><div class=\"fusion-column-wrapper fusion-column-has-shadow fusion-flex-justify-content-flex-start fusion-content-layout-column\"><div class=\"fusion-image-element \" style=\"--awb-aspect-ratio:16 \/ 9;--awb-margin-bottom:10px;--awb-caption-title-font-family:var(--h2_typography-font-family);--awb-caption-title-font-weight:var(--h2_typography-font-weight);--awb-caption-title-font-style:var(--h2_typography-font-style);--awb-caption-title-size:var(--h2_typography-font-size);--awb-caption-title-transform:var(--h2_typography-text-transform);--awb-caption-title-line-height:var(--h2_typography-line-height);--awb-caption-title-letter-spacing:var(--h2_typography-letter-spacing);\"><span class=\" fusion-imageframe imageframe-none imageframe-272 hover-type-none has-aspect-ratio\"><a class=\"fusion-no-lightbox\" href=\"https:\/\/www.choral-events.com\/en\/chorales\/clair-matin-choir\/\" target=\"_self\" aria-label=\"CLAIR MATIN CHOIR \u2013 FRANCE\"><img decoding=\"async\" width=\"989\" height=\"644\" alt=\"CLAIR MATIN CHOIR \u2013 FRANCE\" src=\"https:\/\/www.choral-events.com\/wp-content\/uploads\/2025\/02\/3-1.webp\" class=\"img-responsive wp-image-49269 img-with-aspect-ratio\" data-parent-fit=\"cover\" data-parent-container=\".fusion-image-element\" srcset=\"https:\/\/www.choral-events.com\/wp-content\/uploads\/2025\/02\/3-1-200x130.webp 200w, https:\/\/www.choral-events.com\/wp-content\/uploads\/2025\/02\/3-1-400x260.webp 400w, https:\/\/www.choral-events.com\/wp-content\/uploads\/2025\/02\/3-1-600x391.webp 600w, https:\/\/www.choral-events.com\/wp-content\/uploads\/2025\/02\/3-1-800x521.webp 800w, https:\/\/www.choral-events.com\/wp-content\/uploads\/2025\/02\/3-1.webp 989w\" sizes=\"(max-width: 1024px) 100vw, (max-width: 640px) 100vw, 989px\" \/><\/a><\/span><\/div><div class=\"fusion-title title fusion-title-274 fusion-sep-none fusion-title-center fusion-title-text fusion-title-size-paragraph\" style=\"--awb-text-color:var(--awb-color7);--awb-margin-top:10px;--awb-margin-right:5px;--awb-margin-bottom:10px;--awb-margin-left:5px;--awb-margin-top-small:16px;--awb-margin-right-small:0px;--awb-margin-bottom-small:10px;--awb-margin-left-small:0px;--awb-link-color:var(--awb-color7);--awb-font-size:16px;\"><p class=\"fusion-title-heading title-heading-center title-heading-tag fusion-responsive-typography-calculated\" style=\"margin:0;font-size:1em;--fontSize:16;--minFontSize:16;line-height:1.6;\"><a href=\"https:\/\/www.choral-events.com\/en\/chorales\/clair-matin-choir\/\" class=\"awb-custom-text-color awb-custom-text-hover-color\" target=\"_self\">Clair Matin Choir<\/a><\/p><\/div><div class=\"fusion-separator\" style=\"align-self: center;margin-left: auto;margin-right: auto;flex-grow:10;margin-top:5px;margin-bottom:10px;width:100%;max-width:70px;\"><div class=\"fusion-separator-border sep-single sep-solid\" style=\"--awb-height:20px;--awb-amount:20px;border-color:var(--awb-color2);border-top-width:1px;\"><\/div><\/div><div class=\"fusion-text fusion-text-273\" style=\"--awb-content-alignment:center;--awb-text-transform:capitalize;--awb-text-color:var(--awb-color4);\"><p>France<\/p>\n<\/div><\/div><\/li>\n<li class=\"fusion-layout-column fusion_builder_column fusion-builder-column-275 fusion-flex-column fusion-animated post-card fusion-grid-column fusion-post-cards-grid-column fusion-animated\" style=\"--awb-padding-bottom:5px;--awb-overflow:hidden;--awb-bg-color:var(--awb-color1);--awb-bg-color-hover:var(--awb-custom_color_2);--awb-bg-size:cover;--awb-box-shadow:0px 0px 24px hsla(var(--awb-color7-h),var(--awb-color7-s),var(--awb-color7-l),calc(var(--awb-color7-a) - 40%));;--awb-border-color:var(--awb-color4);--awb-border-color-hover:var(--awb-color7);--awb-border-top:1px;--awb-border-right:1px;--awb-border-bottom:1px;--awb-border-left:1px;--awb-border-style:solid;--awb-border-radius:6px 6px 6px 6px;--awb-flex-grow:0;--awb-flex-shrink:0;--awb-flex-grow-medium:0;--awb-flex-shrink-medium:0;--awb-flex-grow-small:0;--awb-flex-shrink-small:0;\" data-animationType=\"fadeIn\" data-animationDuration=\"1.3\" data-animationOffset=\"top-into-view\"><div class=\"fusion-column-wrapper fusion-column-has-shadow fusion-flex-justify-content-flex-start fusion-content-layout-column\"><div class=\"fusion-image-element \" style=\"--awb-aspect-ratio:16 \/ 9;--awb-margin-bottom:10px;--awb-caption-title-font-family:var(--h2_typography-font-family);--awb-caption-title-font-weight:var(--h2_typography-font-weight);--awb-caption-title-font-style:var(--h2_typography-font-style);--awb-caption-title-size:var(--h2_typography-font-size);--awb-caption-title-transform:var(--h2_typography-text-transform);--awb-caption-title-line-height:var(--h2_typography-line-height);--awb-caption-title-letter-spacing:var(--h2_typography-letter-spacing);\"><span class=\" fusion-imageframe imageframe-none imageframe-273 hover-type-none has-aspect-ratio\"><a class=\"fusion-no-lightbox\" href=\"https:\/\/www.choral-events.com\/en\/chorales\/compania-corale-di-imperia\/\" target=\"_self\" aria-label=\"Compagnia-Corale-in-concerto-2-1024&#215;373\"><img decoding=\"async\" width=\"1024\" height=\"373\" src=\"https:\/\/www.choral-events.com\/wp-content\/uploads\/2026\/03\/Compagnia-Corale-in-concerto-2-1024x373-1.jpg\" class=\"img-responsive wp-image-51340 img-with-aspect-ratio\" data-parent-fit=\"cover\" data-parent-container=\".fusion-image-element\" alt srcset=\"https:\/\/www.choral-events.com\/wp-content\/uploads\/2026\/03\/Compagnia-Corale-in-concerto-2-1024x373-1-200x73.jpg 200w, https:\/\/www.choral-events.com\/wp-content\/uploads\/2026\/03\/Compagnia-Corale-in-concerto-2-1024x373-1-400x146.jpg 400w, https:\/\/www.choral-events.com\/wp-content\/uploads\/2026\/03\/Compagnia-Corale-in-concerto-2-1024x373-1-600x219.jpg 600w, https:\/\/www.choral-events.com\/wp-content\/uploads\/2026\/03\/Compagnia-Corale-in-concerto-2-1024x373-1-800x291.jpg 800w, https:\/\/www.choral-events.com\/wp-content\/uploads\/2026\/03\/Compagnia-Corale-in-concerto-2-1024x373-1.jpg 1024w\" sizes=\"(max-width: 1024px) 100vw, (max-width: 640px) 100vw, 1024px\" \/><\/a><\/span><\/div><div class=\"fusion-title title fusion-title-275 fusion-sep-none fusion-title-center fusion-title-text fusion-title-size-paragraph\" style=\"--awb-text-color:var(--awb-color7);--awb-margin-top:10px;--awb-margin-right:5px;--awb-margin-bottom:10px;--awb-margin-left:5px;--awb-margin-top-small:16px;--awb-margin-right-small:0px;--awb-margin-bottom-small:10px;--awb-margin-left-small:0px;--awb-link-color:var(--awb-color7);--awb-font-size:16px;\"><p class=\"fusion-title-heading title-heading-center title-heading-tag fusion-responsive-typography-calculated\" style=\"margin:0;font-size:1em;--fontSize:16;--minFontSize:16;line-height:1.6;\"><a href=\"https:\/\/www.choral-events.com\/en\/chorales\/compania-corale-di-imperia\/\" class=\"awb-custom-text-color awb-custom-text-hover-color\" target=\"_self\">Compania Corale di Imperia<\/a><\/p><\/div><div class=\"fusion-separator\" style=\"align-self: center;margin-left: auto;margin-right: auto;flex-grow:10;margin-top:5px;margin-bottom:10px;width:100%;max-width:70px;\"><div class=\"fusion-separator-border sep-single sep-solid\" style=\"--awb-height:20px;--awb-amount:20px;border-color:var(--awb-color2);border-top-width:1px;\"><\/div><\/div><div class=\"fusion-text fusion-text-274\" style=\"--awb-content-alignment:center;--awb-text-transform:capitalize;--awb-text-color:var(--awb-color4);\"><p>Italie<\/p>\n<\/div><\/div><\/li>\n<li class=\"fusion-layout-column fusion_builder_column fusion-builder-column-276 fusion-flex-column fusion-animated post-card fusion-grid-column fusion-post-cards-grid-column fusion-animated\" style=\"--awb-padding-bottom:5px;--awb-overflow:hidden;--awb-bg-color:var(--awb-color1);--awb-bg-color-hover:var(--awb-custom_color_2);--awb-bg-size:cover;--awb-box-shadow:0px 0px 24px hsla(var(--awb-color7-h),var(--awb-color7-s),var(--awb-color7-l),calc(var(--awb-color7-a) - 40%));;--awb-border-color:var(--awb-color4);--awb-border-color-hover:var(--awb-color7);--awb-border-top:1px;--awb-border-right:1px;--awb-border-bottom:1px;--awb-border-left:1px;--awb-border-style:solid;--awb-border-radius:6px 6px 6px 6px;--awb-flex-grow:0;--awb-flex-shrink:0;--awb-flex-grow-medium:0;--awb-flex-shrink-medium:0;--awb-flex-grow-small:0;--awb-flex-shrink-small:0;\" data-animationType=\"fadeIn\" data-animationDuration=\"1.3\" data-animationOffset=\"top-into-view\"><div class=\"fusion-column-wrapper fusion-column-has-shadow fusion-flex-justify-content-flex-start fusion-content-layout-column\"><div class=\"fusion-image-element \" style=\"--awb-aspect-ratio:16 \/ 9;--awb-margin-bottom:10px;--awb-caption-title-font-family:var(--h2_typography-font-family);--awb-caption-title-font-weight:var(--h2_typography-font-weight);--awb-caption-title-font-style:var(--h2_typography-font-style);--awb-caption-title-size:var(--h2_typography-font-size);--awb-caption-title-transform:var(--h2_typography-text-transform);--awb-caption-title-line-height:var(--h2_typography-line-height);--awb-caption-title-letter-spacing:var(--h2_typography-letter-spacing);\"><span class=\" fusion-imageframe imageframe-none imageframe-274 hover-type-none has-aspect-ratio\"><a class=\"fusion-no-lightbox\" href=\"https:\/\/www.choral-events.com\/en\/chorales\/coro-caos-armonico\/\" target=\"_self\" aria-label=\"8-550&#215;350\"><img decoding=\"async\" width=\"550\" height=\"350\" src=\"https:\/\/www.choral-events.com\/wp-content\/uploads\/2026\/03\/8-550x350-1.jpg\" class=\"img-responsive wp-image-51352 img-with-aspect-ratio\" data-parent-fit=\"cover\" data-parent-container=\".fusion-image-element\" alt srcset=\"https:\/\/www.choral-events.com\/wp-content\/uploads\/2026\/03\/8-550x350-1-200x127.jpg 200w, https:\/\/www.choral-events.com\/wp-content\/uploads\/2026\/03\/8-550x350-1-400x255.jpg 400w, https:\/\/www.choral-events.com\/wp-content\/uploads\/2026\/03\/8-550x350-1.jpg 550w\" sizes=\"(max-width: 1024px) 100vw, (max-width: 640px) 100vw, 550px\" \/><\/a><\/span><\/div><div class=\"fusion-title title fusion-title-276 fusion-sep-none fusion-title-center fusion-title-text fusion-title-size-paragraph\" style=\"--awb-text-color:var(--awb-color7);--awb-margin-top:10px;--awb-margin-right:5px;--awb-margin-bottom:10px;--awb-margin-left:5px;--awb-margin-top-small:16px;--awb-margin-right-small:0px;--awb-margin-bottom-small:10px;--awb-margin-left-small:0px;--awb-link-color:var(--awb-color7);--awb-font-size:16px;\"><p class=\"fusion-title-heading title-heading-center title-heading-tag fusion-responsive-typography-calculated\" style=\"margin:0;font-size:1em;--fontSize:16;--minFontSize:16;line-height:1.6;\"><a href=\"https:\/\/www.choral-events.com\/en\/chorales\/coro-caos-armonico\/\" class=\"awb-custom-text-color awb-custom-text-hover-color\" target=\"_self\">Coro Caos Armonico<\/a><\/p><\/div><div class=\"fusion-separator\" style=\"align-self: center;margin-left: auto;margin-right: auto;flex-grow:10;margin-top:5px;margin-bottom:10px;width:100%;max-width:70px;\"><div class=\"fusion-separator-border sep-single sep-solid\" style=\"--awb-height:20px;--awb-amount:20px;border-color:var(--awb-color2);border-top-width:1px;\"><\/div><\/div><div class=\"fusion-text fusion-text-275\" style=\"--awb-content-alignment:center;--awb-text-transform:capitalize;--awb-text-color:var(--awb-color4);\"><p>Italie<\/p>\n<\/div><\/div><\/li>\n<li class=\"fusion-layout-column fusion_builder_column fusion-builder-column-277 fusion-flex-column fusion-animated post-card fusion-grid-column fusion-post-cards-grid-column fusion-animated\" style=\"--awb-padding-bottom:5px;--awb-overflow:hidden;--awb-bg-color:var(--awb-color1);--awb-bg-color-hover:var(--awb-custom_color_2);--awb-bg-size:cover;--awb-box-shadow:0px 0px 24px hsla(var(--awb-color7-h),var(--awb-color7-s),var(--awb-color7-l),calc(var(--awb-color7-a) - 40%));;--awb-border-color:var(--awb-color4);--awb-border-color-hover:var(--awb-color7);--awb-border-top:1px;--awb-border-right:1px;--awb-border-bottom:1px;--awb-border-left:1px;--awb-border-style:solid;--awb-border-radius:6px 6px 6px 6px;--awb-flex-grow:0;--awb-flex-shrink:0;--awb-flex-grow-medium:0;--awb-flex-shrink-medium:0;--awb-flex-grow-small:0;--awb-flex-shrink-small:0;\" data-animationType=\"fadeIn\" data-animationDuration=\"1.3\" data-animationOffset=\"top-into-view\"><div class=\"fusion-column-wrapper fusion-column-has-shadow fusion-flex-justify-content-flex-start fusion-content-layout-column\"><div class=\"fusion-image-element \" style=\"--awb-aspect-ratio:16 \/ 9;--awb-margin-bottom:10px;--awb-caption-title-font-family:var(--h2_typography-font-family);--awb-caption-title-font-weight:var(--h2_typography-font-weight);--awb-caption-title-font-style:var(--h2_typography-font-style);--awb-caption-title-size:var(--h2_typography-font-size);--awb-caption-title-transform:var(--h2_typography-text-transform);--awb-caption-title-line-height:var(--h2_typography-line-height);--awb-caption-title-letter-spacing:var(--h2_typography-letter-spacing);\"><span class=\" fusion-imageframe imageframe-none imageframe-275 hover-type-none has-aspect-ratio\"><a class=\"fusion-no-lightbox\" href=\"https:\/\/www.choral-events.com\/en\/chorales\/coro-nuova-armonia\/\" target=\"_self\" aria-label=\"Nuova-Armonia-photo-page-site-1\"><img decoding=\"async\" width=\"550\" height=\"350\" src=\"https:\/\/www.choral-events.com\/wp-content\/uploads\/2026\/03\/Nuova-Armonia-photo-page-site-1.png\" class=\"img-responsive wp-image-51842 img-with-aspect-ratio\" data-parent-fit=\"cover\" data-parent-container=\".fusion-image-element\" alt srcset=\"https:\/\/www.choral-events.com\/wp-content\/uploads\/2026\/03\/Nuova-Armonia-photo-page-site-1-200x127.png 200w, https:\/\/www.choral-events.com\/wp-content\/uploads\/2026\/03\/Nuova-Armonia-photo-page-site-1-400x255.png 400w, https:\/\/www.choral-events.com\/wp-content\/uploads\/2026\/03\/Nuova-Armonia-photo-page-site-1.png 550w\" sizes=\"(max-width: 1024px) 100vw, (max-width: 640px) 100vw, 550px\" \/><\/a><\/span><\/div><div class=\"fusion-title title fusion-title-277 fusion-sep-none fusion-title-center fusion-title-text fusion-title-size-paragraph\" style=\"--awb-text-color:var(--awb-color7);--awb-margin-top:10px;--awb-margin-right:5px;--awb-margin-bottom:10px;--awb-margin-left:5px;--awb-margin-top-small:16px;--awb-margin-right-small:0px;--awb-margin-bottom-small:10px;--awb-margin-left-small:0px;--awb-link-color:var(--awb-color7);--awb-font-size:16px;\"><p class=\"fusion-title-heading title-heading-center title-heading-tag fusion-responsive-typography-calculated\" style=\"margin:0;font-size:1em;--fontSize:16;--minFontSize:16;line-height:1.6;\"><a href=\"https:\/\/www.choral-events.com\/en\/chorales\/coro-nuova-armonia\/\" class=\"awb-custom-text-color awb-custom-text-hover-color\" target=\"_self\">Coro Nuova Armonia<\/a><\/p><\/div><div class=\"fusion-separator\" style=\"align-self: center;margin-left: auto;margin-right: auto;flex-grow:10;margin-top:5px;margin-bottom:10px;width:100%;max-width:70px;\"><div class=\"fusion-separator-border sep-single sep-solid\" style=\"--awb-height:20px;--awb-amount:20px;border-color:var(--awb-color2);border-top-width:1px;\"><\/div><\/div><div class=\"fusion-text fusion-text-276\" style=\"--awb-content-alignment:center;--awb-text-transform:capitalize;--awb-text-color:var(--awb-color4);\"><p>Italie<\/p>\n<\/div><\/div><\/li>\n<li class=\"fusion-layout-column fusion_builder_column fusion-builder-column-278 fusion-flex-column fusion-animated post-card fusion-grid-column fusion-post-cards-grid-column fusion-animated\" style=\"--awb-padding-bottom:5px;--awb-overflow:hidden;--awb-bg-color:var(--awb-color1);--awb-bg-color-hover:var(--awb-custom_color_2);--awb-bg-size:cover;--awb-box-shadow:0px 0px 24px hsla(var(--awb-color7-h),var(--awb-color7-s),var(--awb-color7-l),calc(var(--awb-color7-a) - 40%));;--awb-border-color:var(--awb-color4);--awb-border-color-hover:var(--awb-color7);--awb-border-top:1px;--awb-border-right:1px;--awb-border-bottom:1px;--awb-border-left:1px;--awb-border-style:solid;--awb-border-radius:6px 6px 6px 6px;--awb-flex-grow:0;--awb-flex-shrink:0;--awb-flex-grow-medium:0;--awb-flex-shrink-medium:0;--awb-flex-grow-small:0;--awb-flex-shrink-small:0;\" data-animationType=\"fadeIn\" data-animationDuration=\"1.3\" data-animationOffset=\"top-into-view\"><div class=\"fusion-column-wrapper fusion-column-has-shadow fusion-flex-justify-content-flex-start fusion-content-layout-column\"><div class=\"fusion-image-element \" style=\"--awb-aspect-ratio:16 \/ 9;--awb-margin-bottom:10px;--awb-caption-title-font-family:var(--h2_typography-font-family);--awb-caption-title-font-weight:var(--h2_typography-font-weight);--awb-caption-title-font-style:var(--h2_typography-font-style);--awb-caption-title-size:var(--h2_typography-font-size);--awb-caption-title-transform:var(--h2_typography-text-transform);--awb-caption-title-line-height:var(--h2_typography-line-height);--awb-caption-title-letter-spacing:var(--h2_typography-letter-spacing);\"><span class=\" fusion-imageframe imageframe-none imageframe-276 hover-type-none has-aspect-ratio\"><a class=\"fusion-no-lightbox\" href=\"https:\/\/www.choral-events.com\/en\/chorales\/coro-platano\/\" target=\"_self\" aria-label=\"coro-platano-2008-550&#215;350\"><img decoding=\"async\" width=\"550\" height=\"350\" src=\"https:\/\/www.choral-events.com\/wp-content\/uploads\/2026\/03\/coro-platano-2008-550x350-1.png\" class=\"img-responsive wp-image-51846 img-with-aspect-ratio\" data-parent-fit=\"cover\" data-parent-container=\".fusion-image-element\" alt srcset=\"https:\/\/www.choral-events.com\/wp-content\/uploads\/2026\/03\/coro-platano-2008-550x350-1-200x127.png 200w, https:\/\/www.choral-events.com\/wp-content\/uploads\/2026\/03\/coro-platano-2008-550x350-1-400x255.png 400w, https:\/\/www.choral-events.com\/wp-content\/uploads\/2026\/03\/coro-platano-2008-550x350-1.png 550w\" sizes=\"(max-width: 1024px) 100vw, (max-width: 640px) 100vw, 550px\" \/><\/a><\/span><\/div><div class=\"fusion-title title fusion-title-278 fusion-sep-none fusion-title-center fusion-title-text fusion-title-size-paragraph\" style=\"--awb-text-color:var(--awb-color7);--awb-margin-top:10px;--awb-margin-right:5px;--awb-margin-bottom:10px;--awb-margin-left:5px;--awb-margin-top-small:16px;--awb-margin-right-small:0px;--awb-margin-bottom-small:10px;--awb-margin-left-small:0px;--awb-link-color:var(--awb-color7);--awb-font-size:16px;\"><p class=\"fusion-title-heading title-heading-center title-heading-tag fusion-responsive-typography-calculated\" style=\"margin:0;font-size:1em;--fontSize:16;--minFontSize:16;line-height:1.6;\"><a href=\"https:\/\/www.choral-events.com\/en\/chorales\/coro-platano\/\" class=\"awb-custom-text-color awb-custom-text-hover-color\" target=\"_self\">Coro Platano<\/a><\/p><\/div><div class=\"fusion-separator\" style=\"align-self: center;margin-left: auto;margin-right: auto;flex-grow:10;margin-top:5px;margin-bottom:10px;width:100%;max-width:70px;\"><div class=\"fusion-separator-border sep-single sep-solid\" style=\"--awb-height:20px;--awb-amount:20px;border-color:var(--awb-color2);border-top-width:1px;\"><\/div><\/div><div class=\"fusion-text fusion-text-277\" style=\"--awb-content-alignment:center;--awb-text-transform:capitalize;--awb-text-color:var(--awb-color4);\"><p>Japon<\/p>\n<\/div><\/div><\/li>\n<li class=\"fusion-layout-column fusion_builder_column fusion-builder-column-279 fusion-flex-column fusion-animated post-card fusion-grid-column fusion-post-cards-grid-column fusion-animated\" style=\"--awb-padding-bottom:5px;--awb-overflow:hidden;--awb-bg-color:var(--awb-color1);--awb-bg-color-hover:var(--awb-custom_color_2);--awb-bg-size:cover;--awb-box-shadow:0px 0px 24px hsla(var(--awb-color7-h),var(--awb-color7-s),var(--awb-color7-l),calc(var(--awb-color7-a) - 40%));;--awb-border-color:var(--awb-color4);--awb-border-color-hover:var(--awb-color7);--awb-border-top:1px;--awb-border-right:1px;--awb-border-bottom:1px;--awb-border-left:1px;--awb-border-style:solid;--awb-border-radius:6px 6px 6px 6px;--awb-flex-grow:0;--awb-flex-shrink:0;--awb-flex-grow-medium:0;--awb-flex-shrink-medium:0;--awb-flex-grow-small:0;--awb-flex-shrink-small:0;\" data-animationType=\"fadeIn\" data-animationDuration=\"1.3\" data-animationOffset=\"top-into-view\"><div class=\"fusion-column-wrapper fusion-column-has-shadow fusion-flex-justify-content-flex-start fusion-content-layout-column\"><div class=\"fusion-image-element \" style=\"--awb-aspect-ratio:16 \/ 9;--awb-margin-bottom:10px;--awb-caption-title-font-family:var(--h2_typography-font-family);--awb-caption-title-font-weight:var(--h2_typography-font-weight);--awb-caption-title-font-style:var(--h2_typography-font-style);--awb-caption-title-size:var(--h2_typography-font-size);--awb-caption-title-transform:var(--h2_typography-text-transform);--awb-caption-title-line-height:var(--h2_typography-line-height);--awb-caption-title-letter-spacing:var(--h2_typography-letter-spacing);\"><span class=\" fusion-imageframe imageframe-none imageframe-277 hover-type-none has-aspect-ratio\"><a class=\"fusion-no-lightbox\" href=\"https:\/\/www.choral-events.com\/en\/chorales\/ensemble-alize\/\" target=\"_self\" aria-label=\"VISUAL-CHORAL-Final-550&#215;350\"><img decoding=\"async\" width=\"550\" height=\"350\" src=\"https:\/\/www.choral-events.com\/wp-content\/uploads\/2026\/03\/VISUEL-CHORAL-Final-550x350-1.jpg\" class=\"img-responsive wp-image-51634 img-with-aspect-ratio\" data-parent-fit=\"cover\" data-parent-container=\".fusion-image-element\" alt srcset=\"https:\/\/www.choral-events.com\/wp-content\/uploads\/2026\/03\/VISUEL-CHORAL-Final-550x350-1-200x127.jpg 200w, https:\/\/www.choral-events.com\/wp-content\/uploads\/2026\/03\/VISUEL-CHORAL-Final-550x350-1-400x255.jpg 400w, https:\/\/www.choral-events.com\/wp-content\/uploads\/2026\/03\/VISUEL-CHORAL-Final-550x350-1.jpg 550w\" sizes=\"(max-width: 1024px) 100vw, (max-width: 640px) 100vw, 550px\" \/><\/a><\/span><\/div><div class=\"fusion-title title fusion-title-279 fusion-sep-none fusion-title-center fusion-title-text fusion-title-size-paragraph\" style=\"--awb-text-color:var(--awb-color7);--awb-margin-top:10px;--awb-margin-right:5px;--awb-margin-bottom:10px;--awb-margin-left:5px;--awb-margin-top-small:16px;--awb-margin-right-small:0px;--awb-margin-bottom-small:10px;--awb-margin-left-small:0px;--awb-link-color:var(--awb-color7);--awb-font-size:16px;\"><p class=\"fusion-title-heading title-heading-center title-heading-tag fusion-responsive-typography-calculated\" style=\"margin:0;font-size:1em;--fontSize:16;--minFontSize:16;line-height:1.6;\"><a href=\"https:\/\/www.choral-events.com\/en\/chorales\/ensemble-alize\/\" class=\"awb-custom-text-color awb-custom-text-hover-color\" target=\"_self\">Ensemble Aliz\u00e9<\/a><\/p><\/div><div class=\"fusion-separator\" style=\"align-self: center;margin-left: auto;margin-right: auto;flex-grow:10;margin-top:5px;margin-bottom:10px;width:100%;max-width:70px;\"><div class=\"fusion-separator-border sep-single sep-solid\" style=\"--awb-height:20px;--awb-amount:20px;border-color:var(--awb-color2);border-top-width:1px;\"><\/div><\/div><div class=\"fusion-text fusion-text-278\" style=\"--awb-content-alignment:center;--awb-text-transform:capitalize;--awb-text-color:var(--awb-color4);\"><p>Belgique<\/p>\n<\/div><\/div><\/li>\n<li class=\"fusion-layout-column fusion_builder_column fusion-builder-column-280 fusion-flex-column fusion-animated post-card fusion-grid-column fusion-post-cards-grid-column fusion-animated\" style=\"--awb-padding-bottom:5px;--awb-overflow:hidden;--awb-bg-color:var(--awb-color1);--awb-bg-color-hover:var(--awb-custom_color_2);--awb-bg-size:cover;--awb-box-shadow:0px 0px 24px hsla(var(--awb-color7-h),var(--awb-color7-s),var(--awb-color7-l),calc(var(--awb-color7-a) - 40%));;--awb-border-color:var(--awb-color4);--awb-border-color-hover:var(--awb-color7);--awb-border-top:1px;--awb-border-right:1px;--awb-border-bottom:1px;--awb-border-left:1px;--awb-border-style:solid;--awb-border-radius:6px 6px 6px 6px;--awb-flex-grow:0;--awb-flex-shrink:0;--awb-flex-grow-medium:0;--awb-flex-shrink-medium:0;--awb-flex-grow-small:0;--awb-flex-shrink-small:0;\" data-animationType=\"fadeIn\" data-animationDuration=\"1.3\" data-animationOffset=\"top-into-view\"><div class=\"fusion-column-wrapper fusion-column-has-shadow fusion-flex-justify-content-flex-start fusion-content-layout-column\"><div class=\"fusion-image-element \" style=\"--awb-aspect-ratio:16 \/ 9;--awb-margin-bottom:10px;--awb-caption-title-font-family:var(--h2_typography-font-family);--awb-caption-title-font-weight:var(--h2_typography-font-weight);--awb-caption-title-font-style:var(--h2_typography-font-style);--awb-caption-title-size:var(--h2_typography-font-size);--awb-caption-title-transform:var(--h2_typography-text-transform);--awb-caption-title-line-height:var(--h2_typography-line-height);--awb-caption-title-letter-spacing:var(--h2_typography-letter-spacing);\"><span class=\" fusion-imageframe imageframe-none imageframe-278 hover-type-none has-aspect-ratio\"><a class=\"fusion-no-lightbox\" href=\"https:\/\/www.choral-events.com\/en\/chorales\/ensemble-amabile\/\" target=\"_self\" aria-label=\"amabile-1\"><img decoding=\"async\" width=\"550\" height=\"350\" src=\"https:\/\/www.choral-events.com\/wp-content\/uploads\/2026\/03\/amabile-1.jpg\" class=\"img-responsive wp-image-51638 img-with-aspect-ratio\" data-parent-fit=\"cover\" data-parent-container=\".fusion-image-element\" alt srcset=\"https:\/\/www.choral-events.com\/wp-content\/uploads\/2026\/03\/amabile-1-200x127.jpg 200w, https:\/\/www.choral-events.com\/wp-content\/uploads\/2026\/03\/amabile-1-400x255.jpg 400w, https:\/\/www.choral-events.com\/wp-content\/uploads\/2026\/03\/amabile-1.jpg 550w\" sizes=\"(max-width: 1024px) 100vw, (max-width: 640px) 100vw, 550px\" \/><\/a><\/span><\/div><div class=\"fusion-title title fusion-title-280 fusion-sep-none fusion-title-center fusion-title-text fusion-title-size-paragraph\" style=\"--awb-text-color:var(--awb-color7);--awb-margin-top:10px;--awb-margin-right:5px;--awb-margin-bottom:10px;--awb-margin-left:5px;--awb-margin-top-small:16px;--awb-margin-right-small:0px;--awb-margin-bottom-small:10px;--awb-margin-left-small:0px;--awb-link-color:var(--awb-color7);--awb-font-size:16px;\"><p class=\"fusion-title-heading title-heading-center title-heading-tag fusion-responsive-typography-calculated\" style=\"margin:0;font-size:1em;--fontSize:16;--minFontSize:16;line-height:1.6;\"><a href=\"https:\/\/www.choral-events.com\/en\/chorales\/ensemble-amabile\/\" class=\"awb-custom-text-color awb-custom-text-hover-color\" target=\"_self\">Ensemble Amabile<\/a><\/p><\/div><div class=\"fusion-separator\" style=\"align-self: center;margin-left: auto;margin-right: auto;flex-grow:10;margin-top:5px;margin-bottom:10px;width:100%;max-width:70px;\"><div class=\"fusion-separator-border sep-single sep-solid\" style=\"--awb-height:20px;--awb-amount:20px;border-color:var(--awb-color2);border-top-width:1px;\"><\/div><\/div><div class=\"fusion-text fusion-text-279\" style=\"--awb-content-alignment:center;--awb-text-transform:capitalize;--awb-text-color:var(--awb-color4);\"><p>France<\/p>\n<\/div><\/div><\/li>\n<li class=\"fusion-layout-column fusion_builder_column fusion-builder-column-281 fusion-flex-column fusion-animated post-card fusion-grid-column fusion-post-cards-grid-column fusion-animated\" style=\"--awb-padding-bottom:5px;--awb-overflow:hidden;--awb-bg-color:var(--awb-color1);--awb-bg-color-hover:var(--awb-custom_color_2);--awb-bg-size:cover;--awb-box-shadow:0px 0px 24px hsla(var(--awb-color7-h),var(--awb-color7-s),var(--awb-color7-l),calc(var(--awb-color7-a) - 40%));;--awb-border-color:var(--awb-color4);--awb-border-color-hover:var(--awb-color7);--awb-border-top:1px;--awb-border-right:1px;--awb-border-bottom:1px;--awb-border-left:1px;--awb-border-style:solid;--awb-border-radius:6px 6px 6px 6px;--awb-flex-grow:0;--awb-flex-shrink:0;--awb-flex-grow-medium:0;--awb-flex-shrink-medium:0;--awb-flex-grow-small:0;--awb-flex-shrink-small:0;\" data-animationType=\"fadeIn\" data-animationDuration=\"1.3\" data-animationOffset=\"top-into-view\"><div class=\"fusion-column-wrapper fusion-column-has-shadow fusion-flex-justify-content-flex-start fusion-content-layout-column\"><div class=\"fusion-image-element \" style=\"--awb-aspect-ratio:16 \/ 9;--awb-margin-bottom:10px;--awb-caption-title-font-family:var(--h2_typography-font-family);--awb-caption-title-font-weight:var(--h2_typography-font-weight);--awb-caption-title-font-style:var(--h2_typography-font-style);--awb-caption-title-size:var(--h2_typography-font-size);--awb-caption-title-transform:var(--h2_typography-text-transform);--awb-caption-title-line-height:var(--h2_typography-line-height);--awb-caption-title-letter-spacing:var(--h2_typography-letter-spacing);\"><span class=\" fusion-imageframe imageframe-none imageframe-279 hover-type-none has-aspect-ratio\"><a class=\"fusion-no-lightbox\" href=\"https:\/\/www.choral-events.com\/en\/chorales\/ensemble-vocal-de-boischaut\/\" target=\"_self\" aria-label=\"Ens-Voc-Boischaut-photo-page-web-2-1\"><img decoding=\"async\" width=\"550\" height=\"350\" src=\"https:\/\/www.choral-events.com\/wp-content\/uploads\/2026\/03\/Ens-Voc-Boischaut-photo-page-web-2-1.png\" class=\"img-responsive wp-image-51850 img-with-aspect-ratio\" data-parent-fit=\"cover\" data-parent-container=\".fusion-image-element\" alt srcset=\"https:\/\/www.choral-events.com\/wp-content\/uploads\/2026\/03\/Ens-Voc-Boischaut-photo-page-web-2-1-200x127.png 200w, https:\/\/www.choral-events.com\/wp-content\/uploads\/2026\/03\/Ens-Voc-Boischaut-photo-page-web-2-1-400x255.png 400w, https:\/\/www.choral-events.com\/wp-content\/uploads\/2026\/03\/Ens-Voc-Boischaut-photo-page-web-2-1.png 550w\" sizes=\"(max-width: 1024px) 100vw, (max-width: 640px) 100vw, 550px\" \/><\/a><\/span><\/div><div class=\"fusion-title title fusion-title-281 fusion-sep-none fusion-title-center fusion-title-text fusion-title-size-paragraph\" style=\"--awb-text-color:var(--awb-color7);--awb-margin-top:10px;--awb-margin-right:5px;--awb-margin-bottom:10px;--awb-margin-left:5px;--awb-margin-top-small:16px;--awb-margin-right-small:0px;--awb-margin-bottom-small:10px;--awb-margin-left-small:0px;--awb-link-color:var(--awb-color7);--awb-font-size:16px;\"><p class=\"fusion-title-heading title-heading-center title-heading-tag fusion-responsive-typography-calculated\" style=\"margin:0;font-size:1em;--fontSize:16;--minFontSize:16;line-height:1.6;\"><a href=\"https:\/\/www.choral-events.com\/en\/chorales\/ensemble-vocal-de-boischaut\/\" class=\"awb-custom-text-color awb-custom-text-hover-color\" target=\"_self\">Ensemble vocal de Boischaut<\/a><\/p><\/div><div class=\"fusion-separator\" style=\"align-self: center;margin-left: auto;margin-right: auto;flex-grow:10;margin-top:5px;margin-bottom:10px;width:100%;max-width:70px;\"><div class=\"fusion-separator-border sep-single sep-solid\" style=\"--awb-height:20px;--awb-amount:20px;border-color:var(--awb-color2);border-top-width:1px;\"><\/div><\/div><div class=\"fusion-text fusion-text-280\" style=\"--awb-content-alignment:center;--awb-text-transform:capitalize;--awb-text-color:var(--awb-color4);\"><p>France<\/p>\n<\/div><\/div><\/li>\n<li class=\"fusion-layout-column fusion_builder_column fusion-builder-column-282 fusion-flex-column fusion-animated post-card fusion-grid-column fusion-post-cards-grid-column fusion-animated\" style=\"--awb-padding-bottom:5px;--awb-overflow:hidden;--awb-bg-color:var(--awb-color1);--awb-bg-color-hover:var(--awb-custom_color_2);--awb-bg-size:cover;--awb-box-shadow:0px 0px 24px hsla(var(--awb-color7-h),var(--awb-color7-s),var(--awb-color7-l),calc(var(--awb-color7-a) - 40%));;--awb-border-color:var(--awb-color4);--awb-border-color-hover:var(--awb-color7);--awb-border-top:1px;--awb-border-right:1px;--awb-border-bottom:1px;--awb-border-left:1px;--awb-border-style:solid;--awb-border-radius:6px 6px 6px 6px;--awb-flex-grow:0;--awb-flex-shrink:0;--awb-flex-grow-medium:0;--awb-flex-shrink-medium:0;--awb-flex-grow-small:0;--awb-flex-shrink-small:0;\" data-animationType=\"fadeIn\" data-animationDuration=\"1.3\" data-animationOffset=\"top-into-view\"><div class=\"fusion-column-wrapper fusion-column-has-shadow fusion-flex-justify-content-flex-start fusion-content-layout-column\"><div class=\"fusion-image-element \" style=\"--awb-aspect-ratio:16 \/ 9;--awb-margin-bottom:10px;--awb-caption-title-font-family:var(--h2_typography-font-family);--awb-caption-title-font-weight:var(--h2_typography-font-weight);--awb-caption-title-font-style:var(--h2_typography-font-style);--awb-caption-title-size:var(--h2_typography-font-size);--awb-caption-title-transform:var(--h2_typography-text-transform);--awb-caption-title-line-height:var(--h2_typography-line-height);--awb-caption-title-letter-spacing:var(--h2_typography-letter-spacing);\"><span class=\" fusion-imageframe imageframe-none imageframe-280 hover-type-none has-aspect-ratio\"><a class=\"fusion-no-lightbox\" href=\"https:\/\/www.choral-events.com\/en\/chorales\/ensemble-vocal-ephemere\/\" target=\"_self\" aria-label=\"Ephemeral-photo-page-web-3\"><img decoding=\"async\" width=\"550\" height=\"350\" src=\"https:\/\/www.choral-events.com\/wp-content\/uploads\/2026\/03\/Ephemere-photo-page-web-3.png\" class=\"img-responsive wp-image-51854 img-with-aspect-ratio\" data-parent-fit=\"cover\" data-parent-container=\".fusion-image-element\" alt srcset=\"https:\/\/www.choral-events.com\/wp-content\/uploads\/2026\/03\/Ephemere-photo-page-web-3-200x127.png 200w, https:\/\/www.choral-events.com\/wp-content\/uploads\/2026\/03\/Ephemere-photo-page-web-3-400x255.png 400w, https:\/\/www.choral-events.com\/wp-content\/uploads\/2026\/03\/Ephemere-photo-page-web-3.png 550w\" sizes=\"(max-width: 1024px) 100vw, (max-width: 640px) 100vw, 550px\" \/><\/a><\/span><\/div><div class=\"fusion-title title fusion-title-282 fusion-sep-none fusion-title-center fusion-title-text fusion-title-size-paragraph\" style=\"--awb-text-color:var(--awb-color7);--awb-margin-top:10px;--awb-margin-right:5px;--awb-margin-bottom:10px;--awb-margin-left:5px;--awb-margin-top-small:16px;--awb-margin-right-small:0px;--awb-margin-bottom-small:10px;--awb-margin-left-small:0px;--awb-link-color:var(--awb-color7);--awb-font-size:16px;\"><p class=\"fusion-title-heading title-heading-center title-heading-tag fusion-responsive-typography-calculated\" style=\"margin:0;font-size:1em;--fontSize:16;--minFontSize:16;line-height:1.6;\"><a href=\"https:\/\/www.choral-events.com\/en\/chorales\/ensemble-vocal-ephemere\/\" class=\"awb-custom-text-color awb-custom-text-hover-color\" target=\"_self\">Ensemble vocal Eph\u00e9m\u00e8re<\/a><\/p><\/div><div class=\"fusion-separator\" style=\"align-self: center;margin-left: auto;margin-right: auto;flex-grow:10;margin-top:5px;margin-bottom:10px;width:100%;max-width:70px;\"><div class=\"fusion-separator-border sep-single sep-solid\" style=\"--awb-height:20px;--awb-amount:20px;border-color:var(--awb-color2);border-top-width:1px;\"><\/div><\/div><div class=\"fusion-text fusion-text-281\" style=\"--awb-content-alignment:center;--awb-text-transform:capitalize;--awb-text-color:var(--awb-color4);\"><p>France<\/p>\n<\/div><\/div><\/li>\n<li class=\"fusion-layout-column fusion_builder_column fusion-builder-column-283 fusion-flex-column fusion-animated post-card fusion-grid-column fusion-post-cards-grid-column fusion-animated\" style=\"--awb-padding-bottom:5px;--awb-overflow:hidden;--awb-bg-color:var(--awb-color1);--awb-bg-color-hover:var(--awb-custom_color_2);--awb-bg-size:cover;--awb-box-shadow:0px 0px 24px hsla(var(--awb-color7-h),var(--awb-color7-s),var(--awb-color7-l),calc(var(--awb-color7-a) - 40%));;--awb-border-color:var(--awb-color4);--awb-border-color-hover:var(--awb-color7);--awb-border-top:1px;--awb-border-right:1px;--awb-border-bottom:1px;--awb-border-left:1px;--awb-border-style:solid;--awb-border-radius:6px 6px 6px 6px;--awb-flex-grow:0;--awb-flex-shrink:0;--awb-flex-grow-medium:0;--awb-flex-shrink-medium:0;--awb-flex-grow-small:0;--awb-flex-shrink-small:0;\" data-animationType=\"fadeIn\" data-animationDuration=\"1.3\" data-animationOffset=\"top-into-view\"><div class=\"fusion-column-wrapper fusion-column-has-shadow fusion-flex-justify-content-flex-start fusion-content-layout-column\"><div class=\"fusion-image-element \" style=\"--awb-aspect-ratio:16 \/ 9;--awb-margin-bottom:10px;--awb-caption-title-font-family:var(--h2_typography-font-family);--awb-caption-title-font-weight:var(--h2_typography-font-weight);--awb-caption-title-font-style:var(--h2_typography-font-style);--awb-caption-title-size:var(--h2_typography-font-size);--awb-caption-title-transform:var(--h2_typography-text-transform);--awb-caption-title-line-height:var(--h2_typography-line-height);--awb-caption-title-letter-spacing:var(--h2_typography-letter-spacing);\"><span class=\" fusion-imageframe imageframe-none imageframe-281 hover-type-none has-aspect-ratio\"><a class=\"fusion-no-lightbox\" href=\"https:\/\/www.choral-events.com\/en\/chorales\/ensemble-vocal-via-voce\/\" target=\"_self\"><img decoding=\"async\" src=\"https:\/\/www.choral-events.eskale.fr\/wp-content\/uploads\/2026\/02\/Chorales-2022.jpg\" class=\"img-responsive img-with-aspect-ratio\" data-parent-fit=\"cover\" data-parent-container=\".fusion-image-element\" alt \/><\/a><\/span><\/div><div class=\"fusion-title title fusion-title-283 fusion-sep-none fusion-title-center fusion-title-text fusion-title-size-paragraph\" style=\"--awb-text-color:var(--awb-color7);--awb-margin-top:10px;--awb-margin-right:5px;--awb-margin-bottom:10px;--awb-margin-left:5px;--awb-margin-top-small:16px;--awb-margin-right-small:0px;--awb-margin-bottom-small:10px;--awb-margin-left-small:0px;--awb-link-color:var(--awb-color7);--awb-font-size:16px;\"><p class=\"fusion-title-heading title-heading-center title-heading-tag fusion-responsive-typography-calculated\" style=\"margin:0;font-size:1em;--fontSize:16;--minFontSize:16;line-height:1.6;\"><a href=\"https:\/\/www.choral-events.com\/en\/chorales\/ensemble-vocal-via-voce\/\" class=\"awb-custom-text-color awb-custom-text-hover-color\" target=\"_self\">Ensemble Vocal Via Voce<\/a><\/p><\/div><div class=\"fusion-separator\" style=\"align-self: center;margin-left: auto;margin-right: auto;flex-grow:10;margin-top:5px;margin-bottom:10px;width:100%;max-width:70px;\"><div class=\"fusion-separator-border sep-single sep-solid\" style=\"--awb-height:20px;--awb-amount:20px;border-color:var(--awb-color2);border-top-width:1px;\"><\/div><\/div><div class=\"fusion-text fusion-text-282\" style=\"--awb-content-alignment:center;--awb-text-transform:capitalize;--awb-text-color:var(--awb-color4);\"><p>Qu\u00e9bec<\/p>\n<\/div><\/div><\/li>\n<li class=\"fusion-layout-column fusion_builder_column fusion-builder-column-284 fusion-flex-column fusion-animated post-card fusion-grid-column fusion-post-cards-grid-column fusion-animated\" style=\"--awb-padding-bottom:5px;--awb-overflow:hidden;--awb-bg-color:var(--awb-color1);--awb-bg-color-hover:var(--awb-custom_color_2);--awb-bg-size:cover;--awb-box-shadow:0px 0px 24px hsla(var(--awb-color7-h),var(--awb-color7-s),var(--awb-color7-l),calc(var(--awb-color7-a) - 40%));;--awb-border-color:var(--awb-color4);--awb-border-color-hover:var(--awb-color7);--awb-border-top:1px;--awb-border-right:1px;--awb-border-bottom:1px;--awb-border-left:1px;--awb-border-style:solid;--awb-border-radius:6px 6px 6px 6px;--awb-flex-grow:0;--awb-flex-shrink:0;--awb-flex-grow-medium:0;--awb-flex-shrink-medium:0;--awb-flex-grow-small:0;--awb-flex-shrink-small:0;\" data-animationType=\"fadeIn\" data-animationDuration=\"1.3\" data-animationOffset=\"top-into-view\"><div class=\"fusion-column-wrapper fusion-column-has-shadow fusion-flex-justify-content-flex-start fusion-content-layout-column\"><div class=\"fusion-image-element \" style=\"--awb-aspect-ratio:16 \/ 9;--awb-margin-bottom:10px;--awb-caption-title-font-family:var(--h2_typography-font-family);--awb-caption-title-font-weight:var(--h2_typography-font-weight);--awb-caption-title-font-style:var(--h2_typography-font-style);--awb-caption-title-size:var(--h2_typography-font-size);--awb-caption-title-transform:var(--h2_typography-text-transform);--awb-caption-title-line-height:var(--h2_typography-line-height);--awb-caption-title-letter-spacing:var(--h2_typography-letter-spacing);\"><span class=\" fusion-imageframe imageframe-none imageframe-282 hover-type-none has-aspect-ratio\"><a class=\"fusion-no-lightbox\" href=\"https:\/\/www.choral-events.com\/en\/chorales\/friends-of-song\/\" target=\"_self\" aria-label=\"Les Amis du Chant \u2013 Luxembourg\"><img decoding=\"async\" width=\"1920\" height=\"1281\" alt=\"Les Amis du Chant \u2013 Luxembourg\" src=\"https:\/\/www.choral-events.com\/wp-content\/uploads\/2025\/02\/2.webp\" class=\"img-responsive wp-image-49258 img-with-aspect-ratio\" data-parent-fit=\"cover\" data-parent-container=\".fusion-image-element\" srcset=\"https:\/\/www.choral-events.com\/wp-content\/uploads\/2025\/02\/2-200x133.webp 200w, https:\/\/www.choral-events.com\/wp-content\/uploads\/2025\/02\/2-400x267.webp 400w, https:\/\/www.choral-events.com\/wp-content\/uploads\/2025\/02\/2-600x400.webp 600w, https:\/\/www.choral-events.com\/wp-content\/uploads\/2025\/02\/2-800x534.webp 800w, https:\/\/www.choral-events.com\/wp-content\/uploads\/2025\/02\/2-1200x801.webp 1200w, https:\/\/www.choral-events.com\/wp-content\/uploads\/2025\/02\/2.webp 1920w\" sizes=\"(max-width: 1024px) 100vw, (max-width: 640px) 100vw, 1920px\" \/><\/a><\/span><\/div><div class=\"fusion-title title fusion-title-284 fusion-sep-none fusion-title-center fusion-title-text fusion-title-size-paragraph\" style=\"--awb-text-color:var(--awb-color7);--awb-margin-top:10px;--awb-margin-right:5px;--awb-margin-bottom:10px;--awb-margin-left:5px;--awb-margin-top-small:16px;--awb-margin-right-small:0px;--awb-margin-bottom-small:10px;--awb-margin-left-small:0px;--awb-link-color:var(--awb-color7);--awb-font-size:16px;\"><p class=\"fusion-title-heading title-heading-center title-heading-tag fusion-responsive-typography-calculated\" style=\"margin:0;font-size:1em;--fontSize:16;--minFontSize:16;line-height:1.6;\"><a href=\"https:\/\/www.choral-events.com\/en\/chorales\/friends-of-song\/\" class=\"awb-custom-text-color awb-custom-text-hover-color\" target=\"_self\">Friends of Song<\/a><\/p><\/div><div class=\"fusion-separator\" style=\"align-self: center;margin-left: auto;margin-right: auto;flex-grow:10;margin-top:5px;margin-bottom:10px;width:100%;max-width:70px;\"><div class=\"fusion-separator-border sep-single sep-solid\" style=\"--awb-height:20px;--awb-amount:20px;border-color:var(--awb-color2);border-top-width:1px;\"><\/div><\/div><div class=\"fusion-text fusion-text-283\" style=\"--awb-content-alignment:center;--awb-text-transform:capitalize;--awb-text-color:var(--awb-color4);\"><p>Luxembourg<\/p>\n<\/div><\/div><\/li>\n<li class=\"fusion-layout-column fusion_builder_column fusion-builder-column-285 fusion-flex-column fusion-animated post-card fusion-grid-column fusion-post-cards-grid-column fusion-animated\" style=\"--awb-padding-bottom:5px;--awb-overflow:hidden;--awb-bg-color:var(--awb-color1);--awb-bg-color-hover:var(--awb-custom_color_2);--awb-bg-size:cover;--awb-box-shadow:0px 0px 24px hsla(var(--awb-color7-h),var(--awb-color7-s),var(--awb-color7-l),calc(var(--awb-color7-a) - 40%));;--awb-border-color:var(--awb-color4);--awb-border-color-hover:var(--awb-color7);--awb-border-top:1px;--awb-border-right:1px;--awb-border-bottom:1px;--awb-border-left:1px;--awb-border-style:solid;--awb-border-radius:6px 6px 6px 6px;--awb-flex-grow:0;--awb-flex-shrink:0;--awb-flex-grow-medium:0;--awb-flex-shrink-medium:0;--awb-flex-grow-small:0;--awb-flex-shrink-small:0;\" data-animationType=\"fadeIn\" data-animationDuration=\"1.3\" data-animationOffset=\"top-into-view\"><div class=\"fusion-column-wrapper fusion-column-has-shadow fusion-flex-justify-content-flex-start fusion-content-layout-column\"><div class=\"fusion-image-element \" style=\"--awb-aspect-ratio:16 \/ 9;--awb-margin-bottom:10px;--awb-caption-title-font-family:var(--h2_typography-font-family);--awb-caption-title-font-weight:var(--h2_typography-font-weight);--awb-caption-title-font-style:var(--h2_typography-font-style);--awb-caption-title-size:var(--h2_typography-font-size);--awb-caption-title-transform:var(--h2_typography-text-transform);--awb-caption-title-line-height:var(--h2_typography-line-height);--awb-caption-title-letter-spacing:var(--h2_typography-letter-spacing);\"><span class=\" fusion-imageframe imageframe-none imageframe-283 hover-type-none has-aspect-ratio\"><a class=\"fusion-no-lightbox\" href=\"https:\/\/www.choral-events.com\/en\/chorales\/furiant-chamber-choir\/\" target=\"_self\" aria-label=\"Choirs Europe. Furiant\"><img decoding=\"async\" width=\"2560\" height=\"1707\" alt=\"Singing in a group in a magnificent setting with a choir at an international festival.\" src=\"https:\/\/www.choral-events.com\/wp-content\/uploads\/2025\/01\/Furiant-2024-1-scaled-1.jpg\" class=\"img-responsive wp-image-49346 img-with-aspect-ratio\" data-parent-fit=\"cover\" data-parent-container=\".fusion-image-element\" srcset=\"https:\/\/www.choral-events.com\/wp-content\/uploads\/2025\/01\/Furiant-2024-1-scaled-1-200x133.jpg 200w, https:\/\/www.choral-events.com\/wp-content\/uploads\/2025\/01\/Furiant-2024-1-scaled-1-400x267.jpg 400w, https:\/\/www.choral-events.com\/wp-content\/uploads\/2025\/01\/Furiant-2024-1-scaled-1-600x400.jpg 600w, https:\/\/www.choral-events.com\/wp-content\/uploads\/2025\/01\/Furiant-2024-1-scaled-1-800x533.jpg 800w, https:\/\/www.choral-events.com\/wp-content\/uploads\/2025\/01\/Furiant-2024-1-scaled-1-1200x800.jpg 1200w, https:\/\/www.choral-events.com\/wp-content\/uploads\/2025\/01\/Furiant-2024-1-scaled-1.jpg 2560w\" sizes=\"(max-width: 1024px) 100vw, (max-width: 640px) 100vw, 2560px\" \/><\/a><\/span><\/div><div class=\"fusion-title title fusion-title-285 fusion-sep-none fusion-title-center fusion-title-text fusion-title-size-paragraph\" style=\"--awb-text-color:var(--awb-color7);--awb-margin-top:10px;--awb-margin-right:5px;--awb-margin-bottom:10px;--awb-margin-left:5px;--awb-margin-top-small:16px;--awb-margin-right-small:0px;--awb-margin-bottom-small:10px;--awb-margin-left-small:0px;--awb-link-color:var(--awb-color7);--awb-font-size:16px;\"><p class=\"fusion-title-heading title-heading-center title-heading-tag fusion-responsive-typography-calculated\" style=\"margin:0;font-size:1em;--fontSize:16;--minFontSize:16;line-height:1.6;\"><a href=\"https:\/\/www.choral-events.com\/en\/chorales\/furiant-chamber-choir\/\" class=\"awb-custom-text-color awb-custom-text-hover-color\" target=\"_self\">Furiant Chamber Choir<\/a><\/p><\/div><div class=\"fusion-separator\" style=\"align-self: center;margin-left: auto;margin-right: auto;flex-grow:10;margin-top:5px;margin-bottom:10px;width:100%;max-width:70px;\"><div class=\"fusion-separator-border sep-single sep-solid\" style=\"--awb-height:20px;--awb-amount:20px;border-color:var(--awb-color2);border-top-width:1px;\"><\/div><\/div><div class=\"fusion-text fusion-text-284\" style=\"--awb-content-alignment:center;--awb-text-transform:capitalize;--awb-text-color:var(--awb-color4);\"><p>Belgium<\/p>\n<\/div><\/div><\/li>\n<li class=\"fusion-layout-column fusion_builder_column fusion-builder-column-286 fusion-flex-column fusion-animated post-card fusion-grid-column fusion-post-cards-grid-column fusion-animated\" style=\"--awb-padding-bottom:5px;--awb-overflow:hidden;--awb-bg-color:var(--awb-color1);--awb-bg-color-hover:var(--awb-custom_color_2);--awb-bg-size:cover;--awb-box-shadow:0px 0px 24px hsla(var(--awb-color7-h),var(--awb-color7-s),var(--awb-color7-l),calc(var(--awb-color7-a) - 40%));;--awb-border-color:var(--awb-color4);--awb-border-color-hover:var(--awb-color7);--awb-border-top:1px;--awb-border-right:1px;--awb-border-bottom:1px;--awb-border-left:1px;--awb-border-style:solid;--awb-border-radius:6px 6px 6px 6px;--awb-flex-grow:0;--awb-flex-shrink:0;--awb-flex-grow-medium:0;--awb-flex-shrink-medium:0;--awb-flex-grow-small:0;--awb-flex-shrink-small:0;\" data-animationType=\"fadeIn\" data-animationDuration=\"1.3\" data-animationOffset=\"top-into-view\"><div class=\"fusion-column-wrapper fusion-column-has-shadow fusion-flex-justify-content-flex-start fusion-content-layout-column\"><div class=\"fusion-image-element \" style=\"--awb-aspect-ratio:16 \/ 9;--awb-margin-bottom:10px;--awb-caption-title-font-family:var(--h2_typography-font-family);--awb-caption-title-font-weight:var(--h2_typography-font-weight);--awb-caption-title-font-style:var(--h2_typography-font-style);--awb-caption-title-size:var(--h2_typography-font-size);--awb-caption-title-transform:var(--h2_typography-text-transform);--awb-caption-title-line-height:var(--h2_typography-line-height);--awb-caption-title-letter-spacing:var(--h2_typography-letter-spacing);\"><span class=\" fusion-imageframe imageframe-none imageframe-284 hover-type-none has-aspect-ratio\"><a class=\"fusion-no-lightbox\" href=\"https:\/\/www.choral-events.com\/en\/chorales\/furiosa-womens-choir\/\" target=\"_self\" aria-label=\"Furiosa Choral Festival. Furiosa\"><img decoding=\"async\" width=\"2560\" height=\"1707\" alt=\"Popular European choir festival.\" src=\"https:\/\/www.choral-events.com\/wp-content\/uploads\/2025\/01\/Furiosa-2024-1-scaled-1.jpg\" class=\"img-responsive wp-image-49324 img-with-aspect-ratio\" data-parent-fit=\"cover\" data-parent-container=\".fusion-image-element\" srcset=\"https:\/\/www.choral-events.com\/wp-content\/uploads\/2025\/01\/Furiosa-2024-1-scaled-1-200x133.jpg 200w, https:\/\/www.choral-events.com\/wp-content\/uploads\/2025\/01\/Furiosa-2024-1-scaled-1-400x267.jpg 400w, https:\/\/www.choral-events.com\/wp-content\/uploads\/2025\/01\/Furiosa-2024-1-scaled-1-600x400.jpg 600w, https:\/\/www.choral-events.com\/wp-content\/uploads\/2025\/01\/Furiosa-2024-1-scaled-1-800x533.jpg 800w, https:\/\/www.choral-events.com\/wp-content\/uploads\/2025\/01\/Furiosa-2024-1-scaled-1-1200x800.jpg 1200w, https:\/\/www.choral-events.com\/wp-content\/uploads\/2025\/01\/Furiosa-2024-1-scaled-1.jpg 2560w\" sizes=\"(max-width: 1024px) 100vw, (max-width: 640px) 100vw, 2560px\" \/><\/a><\/span><\/div><div class=\"fusion-title title fusion-title-286 fusion-sep-none fusion-title-center fusion-title-text fusion-title-size-paragraph\" style=\"--awb-text-color:var(--awb-color7);--awb-margin-top:10px;--awb-margin-right:5px;--awb-margin-bottom:10px;--awb-margin-left:5px;--awb-margin-top-small:16px;--awb-margin-right-small:0px;--awb-margin-bottom-small:10px;--awb-margin-left-small:0px;--awb-link-color:var(--awb-color7);--awb-font-size:16px;\"><p class=\"fusion-title-heading title-heading-center title-heading-tag fusion-responsive-typography-calculated\" style=\"margin:0;font-size:1em;--fontSize:16;--minFontSize:16;line-height:1.6;\"><a href=\"https:\/\/www.choral-events.com\/en\/chorales\/furiosa-womens-choir\/\" class=\"awb-custom-text-color awb-custom-text-hover-color\" target=\"_self\">Furiosa Women&#8217;s Choir<\/a><\/p><\/div><div class=\"fusion-separator\" style=\"align-self: center;margin-left: auto;margin-right: auto;flex-grow:10;margin-top:5px;margin-bottom:10px;width:100%;max-width:70px;\"><div class=\"fusion-separator-border sep-single sep-solid\" style=\"--awb-height:20px;--awb-amount:20px;border-color:var(--awb-color2);border-top-width:1px;\"><\/div><\/div><div class=\"fusion-text fusion-text-285\" style=\"--awb-content-alignment:center;--awb-text-transform:capitalize;--awb-text-color:var(--awb-color4);\"><p>Belgium<\/p>\n<\/div><\/div><\/li>\n<li class=\"fusion-layout-column fusion_builder_column fusion-builder-column-287 fusion-flex-column fusion-animated post-card fusion-grid-column fusion-post-cards-grid-column fusion-animated\" style=\"--awb-padding-bottom:5px;--awb-overflow:hidden;--awb-bg-color:var(--awb-color1);--awb-bg-color-hover:var(--awb-custom_color_2);--awb-bg-size:cover;--awb-box-shadow:0px 0px 24px hsla(var(--awb-color7-h),var(--awb-color7-s),var(--awb-color7-l),calc(var(--awb-color7-a) - 40%));;--awb-border-color:var(--awb-color4);--awb-border-color-hover:var(--awb-color7);--awb-border-top:1px;--awb-border-right:1px;--awb-border-bottom:1px;--awb-border-left:1px;--awb-border-style:solid;--awb-border-radius:6px 6px 6px 6px;--awb-flex-grow:0;--awb-flex-shrink:0;--awb-flex-grow-medium:0;--awb-flex-shrink-medium:0;--awb-flex-grow-small:0;--awb-flex-shrink-small:0;\" data-animationType=\"fadeIn\" data-animationDuration=\"1.3\" data-animationOffset=\"top-into-view\"><div class=\"fusion-column-wrapper fusion-column-has-shadow fusion-flex-justify-content-flex-start fusion-content-layout-column\"><div class=\"fusion-image-element \" style=\"--awb-aspect-ratio:16 \/ 9;--awb-margin-bottom:10px;--awb-caption-title-font-family:var(--h2_typography-font-family);--awb-caption-title-font-weight:var(--h2_typography-font-weight);--awb-caption-title-font-style:var(--h2_typography-font-style);--awb-caption-title-size:var(--h2_typography-font-size);--awb-caption-title-transform:var(--h2_typography-text-transform);--awb-caption-title-line-height:var(--h2_typography-line-height);--awb-caption-title-letter-spacing:var(--h2_typography-letter-spacing);\"><span class=\" fusion-imageframe imageframe-none imageframe-285 hover-type-none has-aspect-ratio\"><a class=\"fusion-no-lightbox\" href=\"https:\/\/www.choral-events.com\/en\/chorales\/groupe-vocal-oxygene\/\" target=\"_self\"><img decoding=\"async\" src=\"https:\/\/www.choral-events.eskale.fr\/wp-content\/uploads\/2026\/02\/Chorales-2022.jpg\" class=\"img-responsive img-with-aspect-ratio\" data-parent-fit=\"cover\" data-parent-container=\".fusion-image-element\" alt \/><\/a><\/span><\/div><div class=\"fusion-title title fusion-title-287 fusion-sep-none fusion-title-center fusion-title-text fusion-title-size-paragraph\" style=\"--awb-text-color:var(--awb-color7);--awb-margin-top:10px;--awb-margin-right:5px;--awb-margin-bottom:10px;--awb-margin-left:5px;--awb-margin-top-small:16px;--awb-margin-right-small:0px;--awb-margin-bottom-small:10px;--awb-margin-left-small:0px;--awb-link-color:var(--awb-color7);--awb-font-size:16px;\"><p class=\"fusion-title-heading title-heading-center title-heading-tag fusion-responsive-typography-calculated\" style=\"margin:0;font-size:1em;--fontSize:16;--minFontSize:16;line-height:1.6;\"><a href=\"https:\/\/www.choral-events.com\/en\/chorales\/groupe-vocal-oxygene\/\" class=\"awb-custom-text-color awb-custom-text-hover-color\" target=\"_self\">Groupe Vocal Oxyg\u00e8ne<\/a><\/p><\/div><div class=\"fusion-separator\" style=\"align-self: center;margin-left: auto;margin-right: auto;flex-grow:10;margin-top:5px;margin-bottom:10px;width:100%;max-width:70px;\"><div class=\"fusion-separator-border sep-single sep-solid\" style=\"--awb-height:20px;--awb-amount:20px;border-color:var(--awb-color2);border-top-width:1px;\"><\/div><\/div><div class=\"fusion-text fusion-text-286\" style=\"--awb-content-alignment:center;--awb-text-transform:capitalize;--awb-text-color:var(--awb-color4);\"><p>France<\/p>\n<\/div><\/div><\/li>\n<li class=\"fusion-layout-column fusion_builder_column fusion-builder-column-288 fusion-flex-column fusion-animated post-card fusion-grid-column fusion-post-cards-grid-column fusion-animated\" style=\"--awb-padding-bottom:5px;--awb-overflow:hidden;--awb-bg-color:var(--awb-color1);--awb-bg-color-hover:var(--awb-custom_color_2);--awb-bg-size:cover;--awb-box-shadow:0px 0px 24px hsla(var(--awb-color7-h),var(--awb-color7-s),var(--awb-color7-l),calc(var(--awb-color7-a) - 40%));;--awb-border-color:var(--awb-color4);--awb-border-color-hover:var(--awb-color7);--awb-border-top:1px;--awb-border-right:1px;--awb-border-bottom:1px;--awb-border-left:1px;--awb-border-style:solid;--awb-border-radius:6px 6px 6px 6px;--awb-flex-grow:0;--awb-flex-shrink:0;--awb-flex-grow-medium:0;--awb-flex-shrink-medium:0;--awb-flex-grow-small:0;--awb-flex-shrink-small:0;\" data-animationType=\"fadeIn\" data-animationDuration=\"1.3\" data-animationOffset=\"top-into-view\"><div class=\"fusion-column-wrapper fusion-column-has-shadow fusion-flex-justify-content-flex-start fusion-content-layout-column\"><div class=\"fusion-image-element \" style=\"--awb-aspect-ratio:16 \/ 9;--awb-margin-bottom:10px;--awb-caption-title-font-family:var(--h2_typography-font-family);--awb-caption-title-font-weight:var(--h2_typography-font-weight);--awb-caption-title-font-style:var(--h2_typography-font-style);--awb-caption-title-size:var(--h2_typography-font-size);--awb-caption-title-transform:var(--h2_typography-text-transform);--awb-caption-title-line-height:var(--h2_typography-line-height);--awb-caption-title-letter-spacing:var(--h2_typography-letter-spacing);\"><span class=\" fusion-imageframe imageframe-none imageframe-286 hover-type-none has-aspect-ratio\"><a class=\"fusion-no-lightbox\" href=\"https:\/\/www.choral-events.com\/en\/chorales\/happy-vibes\/\" target=\"_self\" aria-label=\"Happy-Vibes-Photo-site-web-1\"><img decoding=\"async\" width=\"550\" height=\"350\" src=\"https:\/\/www.choral-events.com\/wp-content\/uploads\/2026\/03\/Happy-Vibes-Photo-site-web-1.png\" class=\"img-responsive wp-image-51858 img-with-aspect-ratio\" data-parent-fit=\"cover\" data-parent-container=\".fusion-image-element\" alt srcset=\"https:\/\/www.choral-events.com\/wp-content\/uploads\/2026\/03\/Happy-Vibes-Photo-site-web-1-200x127.png 200w, https:\/\/www.choral-events.com\/wp-content\/uploads\/2026\/03\/Happy-Vibes-Photo-site-web-1-400x255.png 400w, https:\/\/www.choral-events.com\/wp-content\/uploads\/2026\/03\/Happy-Vibes-Photo-site-web-1.png 550w\" sizes=\"(max-width: 1024px) 100vw, (max-width: 640px) 100vw, 550px\" \/><\/a><\/span><\/div><div class=\"fusion-title title fusion-title-288 fusion-sep-none fusion-title-center fusion-title-text fusion-title-size-paragraph\" style=\"--awb-text-color:var(--awb-color7);--awb-margin-top:10px;--awb-margin-right:5px;--awb-margin-bottom:10px;--awb-margin-left:5px;--awb-margin-top-small:16px;--awb-margin-right-small:0px;--awb-margin-bottom-small:10px;--awb-margin-left-small:0px;--awb-link-color:var(--awb-color7);--awb-font-size:16px;\"><p class=\"fusion-title-heading title-heading-center title-heading-tag fusion-responsive-typography-calculated\" style=\"margin:0;font-size:1em;--fontSize:16;--minFontSize:16;line-height:1.6;\"><a href=\"https:\/\/www.choral-events.com\/en\/chorales\/happy-vibes\/\" class=\"awb-custom-text-color awb-custom-text-hover-color\" target=\"_self\">Happy Vibes<\/a><\/p><\/div><div class=\"fusion-separator\" style=\"align-self: center;margin-left: auto;margin-right: auto;flex-grow:10;margin-top:5px;margin-bottom:10px;width:100%;max-width:70px;\"><div class=\"fusion-separator-border sep-single sep-solid\" style=\"--awb-height:20px;--awb-amount:20px;border-color:var(--awb-color2);border-top-width:1px;\"><\/div><\/div><div class=\"fusion-text fusion-text-287\" style=\"--awb-content-alignment:center;--awb-text-transform:capitalize;--awb-text-color:var(--awb-color4);\"><p>France<\/p>\n<\/div><\/div><\/li>\n<li class=\"fusion-layout-column fusion_builder_column fusion-builder-column-289 fusion-flex-column fusion-animated post-card fusion-grid-column fusion-post-cards-grid-column fusion-animated\" style=\"--awb-padding-bottom:5px;--awb-overflow:hidden;--awb-bg-color:var(--awb-color1);--awb-bg-color-hover:var(--awb-custom_color_2);--awb-bg-size:cover;--awb-box-shadow:0px 0px 24px hsla(var(--awb-color7-h),var(--awb-color7-s),var(--awb-color7-l),calc(var(--awb-color7-a) - 40%));;--awb-border-color:var(--awb-color4);--awb-border-color-hover:var(--awb-color7);--awb-border-top:1px;--awb-border-right:1px;--awb-border-bottom:1px;--awb-border-left:1px;--awb-border-style:solid;--awb-border-radius:6px 6px 6px 6px;--awb-flex-grow:0;--awb-flex-shrink:0;--awb-flex-grow-medium:0;--awb-flex-shrink-medium:0;--awb-flex-grow-small:0;--awb-flex-shrink-small:0;\" data-animationType=\"fadeIn\" data-animationDuration=\"1.3\" data-animationOffset=\"top-into-view\"><div class=\"fusion-column-wrapper fusion-column-has-shadow fusion-flex-justify-content-flex-start fusion-content-layout-column\"><div class=\"fusion-image-element \" style=\"--awb-aspect-ratio:16 \/ 9;--awb-margin-bottom:10px;--awb-caption-title-font-family:var(--h2_typography-font-family);--awb-caption-title-font-weight:var(--h2_typography-font-weight);--awb-caption-title-font-style:var(--h2_typography-font-style);--awb-caption-title-size:var(--h2_typography-font-size);--awb-caption-title-transform:var(--h2_typography-text-transform);--awb-caption-title-line-height:var(--h2_typography-line-height);--awb-caption-title-letter-spacing:var(--h2_typography-letter-spacing);\"><span class=\" fusion-imageframe imageframe-none imageframe-287 hover-type-none has-aspect-ratio\"><a class=\"fusion-no-lightbox\" href=\"https:\/\/www.choral-events.com\/en\/chorales\/il-calicanto\/\" target=\"_self\" aria-label=\"Il Calicanto\"><img decoding=\"async\" width=\"2000\" height=\"1334\" alt=\"Il Calicanto\" src=\"https:\/\/www.choral-events.com\/wp-content\/uploads\/2025\/04\/Il-Calicanto3.jpg\" class=\"img-responsive wp-image-49280 img-with-aspect-ratio\" data-parent-fit=\"cover\" data-parent-container=\".fusion-image-element\" srcset=\"https:\/\/www.choral-events.com\/wp-content\/uploads\/2025\/04\/Il-Calicanto3-200x133.jpg 200w, https:\/\/www.choral-events.com\/wp-content\/uploads\/2025\/04\/Il-Calicanto3-400x267.jpg 400w, https:\/\/www.choral-events.com\/wp-content\/uploads\/2025\/04\/Il-Calicanto3-600x400.jpg 600w, https:\/\/www.choral-events.com\/wp-content\/uploads\/2025\/04\/Il-Calicanto3-800x534.jpg 800w, https:\/\/www.choral-events.com\/wp-content\/uploads\/2025\/04\/Il-Calicanto3-1200x800.jpg 1200w, https:\/\/www.choral-events.com\/wp-content\/uploads\/2025\/04\/Il-Calicanto3.jpg 2000w\" sizes=\"(max-width: 1024px) 100vw, (max-width: 640px) 100vw, 2000px\" \/><\/a><\/span><\/div><div class=\"fusion-title title fusion-title-289 fusion-sep-none fusion-title-center fusion-title-text fusion-title-size-paragraph\" style=\"--awb-text-color:var(--awb-color7);--awb-margin-top:10px;--awb-margin-right:5px;--awb-margin-bottom:10px;--awb-margin-left:5px;--awb-margin-top-small:16px;--awb-margin-right-small:0px;--awb-margin-bottom-small:10px;--awb-margin-left-small:0px;--awb-link-color:var(--awb-color7);--awb-font-size:16px;\"><p class=\"fusion-title-heading title-heading-center title-heading-tag fusion-responsive-typography-calculated\" style=\"margin:0;font-size:1em;--fontSize:16;--minFontSize:16;line-height:1.6;\"><a href=\"https:\/\/www.choral-events.com\/en\/chorales\/il-calicanto\/\" class=\"awb-custom-text-color awb-custom-text-hover-color\" target=\"_self\">Il Calicanto<\/a><\/p><\/div><div class=\"fusion-separator\" style=\"align-self: center;margin-left: auto;margin-right: auto;flex-grow:10;margin-top:5px;margin-bottom:10px;width:100%;max-width:70px;\"><div class=\"fusion-separator-border sep-single sep-solid\" style=\"--awb-height:20px;--awb-amount:20px;border-color:var(--awb-color2);border-top-width:1px;\"><\/div><\/div><div class=\"fusion-text fusion-text-288\" style=\"--awb-content-alignment:center;--awb-text-transform:capitalize;--awb-text-color:var(--awb-color4);\"><p>Italy<\/p>\n<\/div><\/div><\/li>\n<li class=\"fusion-layout-column fusion_builder_column fusion-builder-column-290 fusion-flex-column fusion-animated post-card fusion-grid-column fusion-post-cards-grid-column fusion-animated\" style=\"--awb-padding-bottom:5px;--awb-overflow:hidden;--awb-bg-color:var(--awb-color1);--awb-bg-color-hover:var(--awb-custom_color_2);--awb-bg-size:cover;--awb-box-shadow:0px 0px 24px hsla(var(--awb-color7-h),var(--awb-color7-s),var(--awb-color7-l),calc(var(--awb-color7-a) - 40%));;--awb-border-color:var(--awb-color4);--awb-border-color-hover:var(--awb-color7);--awb-border-top:1px;--awb-border-right:1px;--awb-border-bottom:1px;--awb-border-left:1px;--awb-border-style:solid;--awb-border-radius:6px 6px 6px 6px;--awb-flex-grow:0;--awb-flex-shrink:0;--awb-flex-grow-medium:0;--awb-flex-shrink-medium:0;--awb-flex-grow-small:0;--awb-flex-shrink-small:0;\" data-animationType=\"fadeIn\" data-animationDuration=\"1.3\" data-animationOffset=\"top-into-view\"><div class=\"fusion-column-wrapper fusion-column-has-shadow fusion-flex-justify-content-flex-start fusion-content-layout-column\"><div class=\"fusion-image-element \" style=\"--awb-aspect-ratio:16 \/ 9;--awb-margin-bottom:10px;--awb-caption-title-font-family:var(--h2_typography-font-family);--awb-caption-title-font-weight:var(--h2_typography-font-weight);--awb-caption-title-font-style:var(--h2_typography-font-style);--awb-caption-title-size:var(--h2_typography-font-size);--awb-caption-title-transform:var(--h2_typography-text-transform);--awb-caption-title-line-height:var(--h2_typography-line-height);--awb-caption-title-letter-spacing:var(--h2_typography-letter-spacing);\"><span class=\" fusion-imageframe imageframe-none imageframe-288 hover-type-none has-aspect-ratio\"><a class=\"fusion-no-lightbox\" href=\"https:\/\/www.choral-events.com\/en\/chorales\/jeans-choir\/\" target=\"_self\" aria-label=\"Jean\u2019s Choir \u2013 Israel\"><img decoding=\"async\" width=\"2560\" height=\"1440\" alt=\"Jean\u2019s Choir \u2013 Israel\" src=\"https:\/\/www.choral-events.com\/wp-content\/uploads\/2025\/01\/Jeans-official-pic-1-scaled-1.jpg\" class=\"img-responsive wp-image-49316 img-with-aspect-ratio\" data-parent-fit=\"cover\" data-parent-container=\".fusion-image-element\" srcset=\"https:\/\/www.choral-events.com\/wp-content\/uploads\/2025\/01\/Jeans-official-pic-1-scaled-1-200x113.jpg 200w, https:\/\/www.choral-events.com\/wp-content\/uploads\/2025\/01\/Jeans-official-pic-1-scaled-1-400x225.jpg 400w, https:\/\/www.choral-events.com\/wp-content\/uploads\/2025\/01\/Jeans-official-pic-1-scaled-1-600x338.jpg 600w, https:\/\/www.choral-events.com\/wp-content\/uploads\/2025\/01\/Jeans-official-pic-1-scaled-1-800x450.jpg 800w, https:\/\/www.choral-events.com\/wp-content\/uploads\/2025\/01\/Jeans-official-pic-1-scaled-1-1200x675.jpg 1200w, https:\/\/www.choral-events.com\/wp-content\/uploads\/2025\/01\/Jeans-official-pic-1-scaled-1.jpg 2560w\" sizes=\"(max-width: 1024px) 100vw, (max-width: 640px) 100vw, 2560px\" \/><\/a><\/span><\/div><div class=\"fusion-title title fusion-title-290 fusion-sep-none fusion-title-center fusion-title-text fusion-title-size-paragraph\" style=\"--awb-text-color:var(--awb-color7);--awb-margin-top:10px;--awb-margin-right:5px;--awb-margin-bottom:10px;--awb-margin-left:5px;--awb-margin-top-small:16px;--awb-margin-right-small:0px;--awb-margin-bottom-small:10px;--awb-margin-left-small:0px;--awb-link-color:var(--awb-color7);--awb-font-size:16px;\"><p class=\"fusion-title-heading title-heading-center title-heading-tag fusion-responsive-typography-calculated\" style=\"margin:0;font-size:1em;--fontSize:16;--minFontSize:16;line-height:1.6;\"><a href=\"https:\/\/www.choral-events.com\/en\/chorales\/jeans-choir\/\" class=\"awb-custom-text-color awb-custom-text-hover-color\" target=\"_self\">Jean\u2019s Choir<\/a><\/p><\/div><div class=\"fusion-separator\" style=\"align-self: center;margin-left: auto;margin-right: auto;flex-grow:10;margin-top:5px;margin-bottom:10px;width:100%;max-width:70px;\"><div class=\"fusion-separator-border sep-single sep-solid\" style=\"--awb-height:20px;--awb-amount:20px;border-color:var(--awb-color2);border-top-width:1px;\"><\/div><\/div><div class=\"fusion-text fusion-text-289\" style=\"--awb-content-alignment:center;--awb-text-transform:capitalize;--awb-text-color:var(--awb-color4);\"><p>Israel<\/p>\n<\/div><\/div><\/li>\n<li class=\"fusion-layout-column fusion_builder_column fusion-builder-column-291 fusion-flex-column fusion-animated post-card fusion-grid-column fusion-post-cards-grid-column fusion-animated\" style=\"--awb-padding-bottom:5px;--awb-overflow:hidden;--awb-bg-color:var(--awb-color1);--awb-bg-color-hover:var(--awb-custom_color_2);--awb-bg-size:cover;--awb-box-shadow:0px 0px 24px hsla(var(--awb-color7-h),var(--awb-color7-s),var(--awb-color7-l),calc(var(--awb-color7-a) - 40%));;--awb-border-color:var(--awb-color4);--awb-border-color-hover:var(--awb-color7);--awb-border-top:1px;--awb-border-right:1px;--awb-border-bottom:1px;--awb-border-left:1px;--awb-border-style:solid;--awb-border-radius:6px 6px 6px 6px;--awb-flex-grow:0;--awb-flex-shrink:0;--awb-flex-grow-medium:0;--awb-flex-shrink-medium:0;--awb-flex-grow-small:0;--awb-flex-shrink-small:0;\" data-animationType=\"fadeIn\" data-animationDuration=\"1.3\" data-animationOffset=\"top-into-view\"><div class=\"fusion-column-wrapper fusion-column-has-shadow fusion-flex-justify-content-flex-start fusion-content-layout-column\"><div class=\"fusion-image-element \" style=\"--awb-aspect-ratio:16 \/ 9;--awb-margin-bottom:10px;--awb-caption-title-font-family:var(--h2_typography-font-family);--awb-caption-title-font-weight:var(--h2_typography-font-weight);--awb-caption-title-font-style:var(--h2_typography-font-style);--awb-caption-title-size:var(--h2_typography-font-size);--awb-caption-title-transform:var(--h2_typography-text-transform);--awb-caption-title-line-height:var(--h2_typography-line-height);--awb-caption-title-letter-spacing:var(--h2_typography-letter-spacing);\"><span class=\" fusion-imageframe imageframe-none imageframe-289 hover-type-none has-aspect-ratio\"><a class=\"fusion-no-lightbox\" href=\"https:\/\/www.choral-events.com\/en\/chorales\/ladinia-womens-choir\/\" target=\"_self\" aria-label=\"Ladinia Choir Festival\"><img decoding=\"async\" width=\"2048\" height=\"1366\" alt=\"European choir festival with several choirs in purple costumes.\" src=\"https:\/\/www.choral-events.com\/wp-content\/uploads\/2025\/01\/364790239_802717364938750_3029879943413306579_n.jpg\" class=\"img-responsive wp-image-49319 img-with-aspect-ratio\" data-parent-fit=\"cover\" data-parent-container=\".fusion-image-element\" srcset=\"https:\/\/www.choral-events.com\/wp-content\/uploads\/2025\/01\/364790239_802717364938750_3029879943413306579_n-200x133.jpg 200w, https:\/\/www.choral-events.com\/wp-content\/uploads\/2025\/01\/364790239_802717364938750_3029879943413306579_n-400x267.jpg 400w, https:\/\/www.choral-events.com\/wp-content\/uploads\/2025\/01\/364790239_802717364938750_3029879943413306579_n-600x400.jpg 600w, https:\/\/www.choral-events.com\/wp-content\/uploads\/2025\/01\/364790239_802717364938750_3029879943413306579_n-800x534.jpg 800w, https:\/\/www.choral-events.com\/wp-content\/uploads\/2025\/01\/364790239_802717364938750_3029879943413306579_n-1200x800.jpg 1200w, https:\/\/www.choral-events.com\/wp-content\/uploads\/2025\/01\/364790239_802717364938750_3029879943413306579_n.jpg 2048w\" sizes=\"(max-width: 1024px) 100vw, (max-width: 640px) 100vw, 2048px\" \/><\/a><\/span><\/div><div class=\"fusion-title title fusion-title-291 fusion-sep-none fusion-title-center fusion-title-text fusion-title-size-paragraph\" style=\"--awb-text-color:var(--awb-color7);--awb-margin-top:10px;--awb-margin-right:5px;--awb-margin-bottom:10px;--awb-margin-left:5px;--awb-margin-top-small:16px;--awb-margin-right-small:0px;--awb-margin-bottom-small:10px;--awb-margin-left-small:0px;--awb-link-color:var(--awb-color7);--awb-font-size:16px;\"><p class=\"fusion-title-heading title-heading-center title-heading-tag fusion-responsive-typography-calculated\" style=\"margin:0;font-size:1em;--fontSize:16;--minFontSize:16;line-height:1.6;\"><a href=\"https:\/\/www.choral-events.com\/en\/chorales\/ladinia-womens-choir\/\" class=\"awb-custom-text-color awb-custom-text-hover-color\" target=\"_self\">Ladinia Women\u2019s Choir<\/a><\/p><\/div><div class=\"fusion-separator\" style=\"align-self: center;margin-left: auto;margin-right: auto;flex-grow:10;margin-top:5px;margin-bottom:10px;width:100%;max-width:70px;\"><div class=\"fusion-separator-border sep-single sep-solid\" style=\"--awb-height:20px;--awb-amount:20px;border-color:var(--awb-color2);border-top-width:1px;\"><\/div><\/div><div class=\"fusion-text fusion-text-290\" style=\"--awb-content-alignment:center;--awb-text-transform:capitalize;--awb-text-color:var(--awb-color4);\"><p>Italy<\/p>\n<\/div><\/div><\/li>\n<li class=\"fusion-layout-column fusion_builder_column fusion-builder-column-292 fusion-flex-column fusion-animated post-card fusion-grid-column fusion-post-cards-grid-column fusion-animated\" style=\"--awb-padding-bottom:5px;--awb-overflow:hidden;--awb-bg-color:var(--awb-color1);--awb-bg-color-hover:var(--awb-custom_color_2);--awb-bg-size:cover;--awb-box-shadow:0px 0px 24px hsla(var(--awb-color7-h),var(--awb-color7-s),var(--awb-color7-l),calc(var(--awb-color7-a) - 40%));;--awb-border-color:var(--awb-color4);--awb-border-color-hover:var(--awb-color7);--awb-border-top:1px;--awb-border-right:1px;--awb-border-bottom:1px;--awb-border-left:1px;--awb-border-style:solid;--awb-border-radius:6px 6px 6px 6px;--awb-flex-grow:0;--awb-flex-shrink:0;--awb-flex-grow-medium:0;--awb-flex-shrink-medium:0;--awb-flex-grow-small:0;--awb-flex-shrink-small:0;\" data-animationType=\"fadeIn\" data-animationDuration=\"1.3\" data-animationOffset=\"top-into-view\"><div class=\"fusion-column-wrapper fusion-column-has-shadow fusion-flex-justify-content-flex-start fusion-content-layout-column\"><div class=\"fusion-image-element \" style=\"--awb-aspect-ratio:16 \/ 9;--awb-margin-bottom:10px;--awb-caption-title-font-family:var(--h2_typography-font-family);--awb-caption-title-font-weight:var(--h2_typography-font-weight);--awb-caption-title-font-style:var(--h2_typography-font-style);--awb-caption-title-size:var(--h2_typography-font-size);--awb-caption-title-transform:var(--h2_typography-text-transform);--awb-caption-title-line-height:var(--h2_typography-line-height);--awb-caption-title-letter-spacing:var(--h2_typography-letter-spacing);\"><span class=\" fusion-imageframe imageframe-none imageframe-290 hover-type-none has-aspect-ratio\"><a class=\"fusion-no-lightbox\" href=\"https:\/\/www.choral-events.com\/en\/chorales\/laudamus-choir\/\" target=\"_self\"><img decoding=\"async\" width=\"2560\" height=\"1708\" alt=\"Laudamus Choir\" src=\"https:\/\/www.choral-events.com\/wp-content\/uploads\/2025\/02\/EXwQPKPL-scaled-1.jpeg\" class=\"img-responsive wp-image-49302 img-with-aspect-ratio\" data-parent-fit=\"cover\" data-parent-container=\".fusion-image-element\" srcset=\"https:\/\/www.choral-events.com\/wp-content\/uploads\/2025\/02\/EXwQPKPL-scaled-1-200x133.jpeg 200w, https:\/\/www.choral-events.com\/wp-content\/uploads\/2025\/02\/EXwQPKPL-scaled-1-400x267.jpeg 400w, https:\/\/www.choral-events.com\/wp-content\/uploads\/2025\/02\/EXwQPKPL-scaled-1-600x400.jpeg 600w, https:\/\/www.choral-events.com\/wp-content\/uploads\/2025\/02\/EXwQPKPL-scaled-1-800x534.jpeg 800w, https:\/\/www.choral-events.com\/wp-content\/uploads\/2025\/02\/EXwQPKPL-scaled-1-1200x801.jpeg 1200w, https:\/\/www.choral-events.com\/wp-content\/uploads\/2025\/02\/EXwQPKPL-scaled-1.jpeg 2560w\" sizes=\"(max-width: 1024px) 100vw, (max-width: 640px) 100vw, 2560px\" \/><\/a><\/span><\/div><div class=\"fusion-title title fusion-title-292 fusion-sep-none fusion-title-center fusion-title-text fusion-title-size-paragraph\" style=\"--awb-text-color:var(--awb-color7);--awb-margin-top:10px;--awb-margin-right:5px;--awb-margin-bottom:10px;--awb-margin-left:5px;--awb-margin-top-small:16px;--awb-margin-right-small:0px;--awb-margin-bottom-small:10px;--awb-margin-left-small:0px;--awb-link-color:var(--awb-color7);--awb-font-size:16px;\"><p class=\"fusion-title-heading title-heading-center title-heading-tag fusion-responsive-typography-calculated\" style=\"margin:0;font-size:1em;--fontSize:16;--minFontSize:16;line-height:1.6;\"><a href=\"https:\/\/www.choral-events.com\/en\/chorales\/laudamus-choir\/\" class=\"awb-custom-text-color awb-custom-text-hover-color\" target=\"_self\">Laudamus Choir<\/a><\/p><\/div><div class=\"fusion-separator\" style=\"align-self: center;margin-left: auto;margin-right: auto;flex-grow:10;margin-top:5px;margin-bottom:10px;width:100%;max-width:70px;\"><div class=\"fusion-separator-border sep-single sep-solid\" style=\"--awb-height:20px;--awb-amount:20px;border-color:var(--awb-color2);border-top-width:1px;\"><\/div><\/div><div class=\"fusion-text fusion-text-291\" style=\"--awb-content-alignment:center;--awb-text-transform:capitalize;--awb-text-color:var(--awb-color4);\"><p>Italy<\/p>\n<\/div><\/div><\/li>\n<li class=\"fusion-layout-column fusion_builder_column fusion-builder-column-293 fusion-flex-column fusion-animated post-card fusion-grid-column fusion-post-cards-grid-column fusion-animated\" style=\"--awb-padding-bottom:5px;--awb-overflow:hidden;--awb-bg-color:var(--awb-color1);--awb-bg-color-hover:var(--awb-custom_color_2);--awb-bg-size:cover;--awb-box-shadow:0px 0px 24px hsla(var(--awb-color7-h),var(--awb-color7-s),var(--awb-color7-l),calc(var(--awb-color7-a) - 40%));;--awb-border-color:var(--awb-color4);--awb-border-color-hover:var(--awb-color7);--awb-border-top:1px;--awb-border-right:1px;--awb-border-bottom:1px;--awb-border-left:1px;--awb-border-style:solid;--awb-border-radius:6px 6px 6px 6px;--awb-flex-grow:0;--awb-flex-shrink:0;--awb-flex-grow-medium:0;--awb-flex-shrink-medium:0;--awb-flex-grow-small:0;--awb-flex-shrink-small:0;\" data-animationType=\"fadeIn\" data-animationDuration=\"1.3\" data-animationOffset=\"top-into-view\"><div class=\"fusion-column-wrapper fusion-column-has-shadow fusion-flex-justify-content-flex-start fusion-content-layout-column\"><div class=\"fusion-image-element \" style=\"--awb-aspect-ratio:16 \/ 9;--awb-margin-bottom:10px;--awb-caption-title-font-family:var(--h2_typography-font-family);--awb-caption-title-font-weight:var(--h2_typography-font-weight);--awb-caption-title-font-style:var(--h2_typography-font-style);--awb-caption-title-size:var(--h2_typography-font-size);--awb-caption-title-transform:var(--h2_typography-text-transform);--awb-caption-title-line-height:var(--h2_typography-line-height);--awb-caption-title-letter-spacing:var(--h2_typography-letter-spacing);\"><span class=\" fusion-imageframe imageframe-none imageframe-291 hover-type-none has-aspect-ratio\"><a class=\"fusion-no-lightbox\" href=\"https:\/\/www.choral-events.com\/en\/chorales\/les-alouettes-mixed-choir\/\" target=\"_self\" aria-label=\"Les Alouettes Mixed Choir\"><img decoding=\"async\" width=\"605\" height=\"307\" alt=\"Les Alouettes Mixed Choir\" src=\"https:\/\/www.choral-events.com\/wp-content\/uploads\/2025\/03\/4.png\" class=\"img-responsive wp-image-49310 img-with-aspect-ratio\" data-parent-fit=\"cover\" data-parent-container=\".fusion-image-element\" srcset=\"https:\/\/www.choral-events.com\/wp-content\/uploads\/2025\/03\/4-200x101.png 200w, https:\/\/www.choral-events.com\/wp-content\/uploads\/2025\/03\/4-400x203.png 400w, https:\/\/www.choral-events.com\/wp-content\/uploads\/2025\/03\/4-600x304.png 600w, https:\/\/www.choral-events.com\/wp-content\/uploads\/2025\/03\/4.png 605w\" sizes=\"(max-width: 1024px) 100vw, (max-width: 640px) 100vw, 605px\" \/><\/a><\/span><\/div><div class=\"fusion-title title fusion-title-293 fusion-sep-none fusion-title-center fusion-title-text fusion-title-size-paragraph\" style=\"--awb-text-color:var(--awb-color7);--awb-margin-top:10px;--awb-margin-right:5px;--awb-margin-bottom:10px;--awb-margin-left:5px;--awb-margin-top-small:16px;--awb-margin-right-small:0px;--awb-margin-bottom-small:10px;--awb-margin-left-small:0px;--awb-link-color:var(--awb-color7);--awb-font-size:16px;\"><p class=\"fusion-title-heading title-heading-center title-heading-tag fusion-responsive-typography-calculated\" style=\"margin:0;font-size:1em;--fontSize:16;--minFontSize:16;line-height:1.6;\"><a href=\"https:\/\/www.choral-events.com\/en\/chorales\/les-alouettes-mixed-choir\/\" class=\"awb-custom-text-color awb-custom-text-hover-color\" target=\"_self\">Les Alouettes Mixed Choir<\/a><\/p><\/div><div class=\"fusion-separator\" style=\"align-self: center;margin-left: auto;margin-right: auto;flex-grow:10;margin-top:5px;margin-bottom:10px;width:100%;max-width:70px;\"><div class=\"fusion-separator-border sep-single sep-solid\" style=\"--awb-height:20px;--awb-amount:20px;border-color:var(--awb-color2);border-top-width:1px;\"><\/div><\/div><div class=\"fusion-text fusion-text-292\" style=\"--awb-content-alignment:center;--awb-text-transform:capitalize;--awb-text-color:var(--awb-color4);\"><p>Switzerland<\/p>\n<\/div><\/div><\/li>\n<li class=\"fusion-layout-column fusion_builder_column fusion-builder-column-294 fusion-flex-column fusion-animated post-card fusion-grid-column fusion-post-cards-grid-column fusion-animated\" style=\"--awb-padding-bottom:5px;--awb-overflow:hidden;--awb-bg-color:var(--awb-color1);--awb-bg-color-hover:var(--awb-custom_color_2);--awb-bg-size:cover;--awb-box-shadow:0px 0px 24px hsla(var(--awb-color7-h),var(--awb-color7-s),var(--awb-color7-l),calc(var(--awb-color7-a) - 40%));;--awb-border-color:var(--awb-color4);--awb-border-color-hover:var(--awb-color7);--awb-border-top:1px;--awb-border-right:1px;--awb-border-bottom:1px;--awb-border-left:1px;--awb-border-style:solid;--awb-border-radius:6px 6px 6px 6px;--awb-flex-grow:0;--awb-flex-shrink:0;--awb-flex-grow-medium:0;--awb-flex-shrink-medium:0;--awb-flex-grow-small:0;--awb-flex-shrink-small:0;\" data-animationType=\"fadeIn\" data-animationDuration=\"1.3\" data-animationOffset=\"top-into-view\"><div class=\"fusion-column-wrapper fusion-column-has-shadow fusion-flex-justify-content-flex-start fusion-content-layout-column\"><div class=\"fusion-image-element \" style=\"--awb-aspect-ratio:16 \/ 9;--awb-margin-bottom:10px;--awb-caption-title-font-family:var(--h2_typography-font-family);--awb-caption-title-font-weight:var(--h2_typography-font-weight);--awb-caption-title-font-style:var(--h2_typography-font-style);--awb-caption-title-size:var(--h2_typography-font-size);--awb-caption-title-transform:var(--h2_typography-text-transform);--awb-caption-title-line-height:var(--h2_typography-line-height);--awb-caption-title-letter-spacing:var(--h2_typography-letter-spacing);\"><span class=\" fusion-imageframe imageframe-none imageframe-292 hover-type-none has-aspect-ratio\"><a class=\"fusion-no-lightbox\" href=\"https:\/\/www.choral-events.com\/en\/chorales\/les-feles-du-vocal\/\" target=\"_self\"><img decoding=\"async\" src=\"https:\/\/www.choral-events.eskale.fr\/wp-content\/uploads\/2026\/02\/Chorales-2022.jpg\" class=\"img-responsive img-with-aspect-ratio\" data-parent-fit=\"cover\" data-parent-container=\".fusion-image-element\" alt \/><\/a><\/span><\/div><div class=\"fusion-title title fusion-title-294 fusion-sep-none fusion-title-center fusion-title-text fusion-title-size-paragraph\" style=\"--awb-text-color:var(--awb-color7);--awb-margin-top:10px;--awb-margin-right:5px;--awb-margin-bottom:10px;--awb-margin-left:5px;--awb-margin-top-small:16px;--awb-margin-right-small:0px;--awb-margin-bottom-small:10px;--awb-margin-left-small:0px;--awb-link-color:var(--awb-color7);--awb-font-size:16px;\"><p class=\"fusion-title-heading title-heading-center title-heading-tag fusion-responsive-typography-calculated\" style=\"margin:0;font-size:1em;--fontSize:16;--minFontSize:16;line-height:1.6;\"><a href=\"https:\/\/www.choral-events.com\/en\/chorales\/les-feles-du-vocal\/\" class=\"awb-custom-text-color awb-custom-text-hover-color\" target=\"_self\">Les fel\u00e9s du Vocal<\/a><\/p><\/div><div class=\"fusion-separator\" style=\"align-self: center;margin-left: auto;margin-right: auto;flex-grow:10;margin-top:5px;margin-bottom:10px;width:100%;max-width:70px;\"><div class=\"fusion-separator-border sep-single sep-solid\" style=\"--awb-height:20px;--awb-amount:20px;border-color:var(--awb-color2);border-top-width:1px;\"><\/div><\/div><div class=\"fusion-text fusion-text-293\" style=\"--awb-content-alignment:center;--awb-text-transform:capitalize;--awb-text-color:var(--awb-color4);\"><p>France<\/p>\n<\/div><\/div><\/li>\n<li class=\"fusion-layout-column fusion_builder_column fusion-builder-column-295 fusion-flex-column fusion-animated post-card fusion-grid-column fusion-post-cards-grid-column fusion-animated\" style=\"--awb-padding-bottom:5px;--awb-overflow:hidden;--awb-bg-color:var(--awb-color1);--awb-bg-color-hover:var(--awb-custom_color_2);--awb-bg-size:cover;--awb-box-shadow:0px 0px 24px hsla(var(--awb-color7-h),var(--awb-color7-s),var(--awb-color7-l),calc(var(--awb-color7-a) - 40%));;--awb-border-color:var(--awb-color4);--awb-border-color-hover:var(--awb-color7);--awb-border-top:1px;--awb-border-right:1px;--awb-border-bottom:1px;--awb-border-left:1px;--awb-border-style:solid;--awb-border-radius:6px 6px 6px 6px;--awb-flex-grow:0;--awb-flex-shrink:0;--awb-flex-grow-medium:0;--awb-flex-shrink-medium:0;--awb-flex-grow-small:0;--awb-flex-shrink-small:0;\" data-animationType=\"fadeIn\" data-animationDuration=\"1.3\" data-animationOffset=\"top-into-view\"><div class=\"fusion-column-wrapper fusion-column-has-shadow fusion-flex-justify-content-flex-start fusion-content-layout-column\"><div class=\"fusion-image-element \" style=\"--awb-aspect-ratio:16 \/ 9;--awb-margin-bottom:10px;--awb-caption-title-font-family:var(--h2_typography-font-family);--awb-caption-title-font-weight:var(--h2_typography-font-weight);--awb-caption-title-font-style:var(--h2_typography-font-style);--awb-caption-title-size:var(--h2_typography-font-size);--awb-caption-title-transform:var(--h2_typography-text-transform);--awb-caption-title-line-height:var(--h2_typography-line-height);--awb-caption-title-letter-spacing:var(--h2_typography-letter-spacing);\"><span class=\" fusion-imageframe imageframe-none imageframe-293 hover-type-none has-aspect-ratio\"><a class=\"fusion-no-lightbox\" href=\"https:\/\/www.choral-events.com\/en\/chorales\/les-melodistes\/\" target=\"_self\" aria-label=\"mini_LesMelodistes_Juin2018_3-550&#215;350\"><img decoding=\"async\" width=\"550\" height=\"350\" src=\"https:\/\/www.choral-events.com\/wp-content\/uploads\/2026\/03\/mini_LesMelodistes_Juin2018_3-550x350-1.jpg\" class=\"img-responsive wp-image-51645 img-with-aspect-ratio\" data-parent-fit=\"cover\" data-parent-container=\".fusion-image-element\" alt srcset=\"https:\/\/www.choral-events.com\/wp-content\/uploads\/2026\/03\/mini_LesMelodistes_Juin2018_3-550x350-1-200x127.jpg 200w, https:\/\/www.choral-events.com\/wp-content\/uploads\/2026\/03\/mini_LesMelodistes_Juin2018_3-550x350-1-400x255.jpg 400w, https:\/\/www.choral-events.com\/wp-content\/uploads\/2026\/03\/mini_LesMelodistes_Juin2018_3-550x350-1.jpg 550w\" sizes=\"(max-width: 1024px) 100vw, (max-width: 640px) 100vw, 550px\" \/><\/a><\/span><\/div><div class=\"fusion-title title fusion-title-295 fusion-sep-none fusion-title-center fusion-title-text fusion-title-size-paragraph\" style=\"--awb-text-color:var(--awb-color7);--awb-margin-top:10px;--awb-margin-right:5px;--awb-margin-bottom:10px;--awb-margin-left:5px;--awb-margin-top-small:16px;--awb-margin-right-small:0px;--awb-margin-bottom-small:10px;--awb-margin-left-small:0px;--awb-link-color:var(--awb-color7);--awb-font-size:16px;\"><p class=\"fusion-title-heading title-heading-center title-heading-tag fusion-responsive-typography-calculated\" style=\"margin:0;font-size:1em;--fontSize:16;--minFontSize:16;line-height:1.6;\"><a href=\"https:\/\/www.choral-events.com\/en\/chorales\/les-melodistes\/\" class=\"awb-custom-text-color awb-custom-text-hover-color\" target=\"_self\">Les m\u00e9lodistes<\/a><\/p><\/div><div class=\"fusion-separator\" style=\"align-self: center;margin-left: auto;margin-right: auto;flex-grow:10;margin-top:5px;margin-bottom:10px;width:100%;max-width:70px;\"><div class=\"fusion-separator-border sep-single sep-solid\" style=\"--awb-height:20px;--awb-amount:20px;border-color:var(--awb-color2);border-top-width:1px;\"><\/div><\/div><div class=\"fusion-text fusion-text-294\" style=\"--awb-content-alignment:center;--awb-text-transform:capitalize;--awb-text-color:var(--awb-color4);\"><p>Qu\u00e9bec<\/p>\n<\/div><\/div><\/li>\n<li class=\"fusion-layout-column fusion_builder_column fusion-builder-column-296 fusion-flex-column fusion-animated post-card fusion-grid-column fusion-post-cards-grid-column fusion-animated\" style=\"--awb-padding-bottom:5px;--awb-overflow:hidden;--awb-bg-color:var(--awb-color1);--awb-bg-color-hover:var(--awb-custom_color_2);--awb-bg-size:cover;--awb-box-shadow:0px 0px 24px hsla(var(--awb-color7-h),var(--awb-color7-s),var(--awb-color7-l),calc(var(--awb-color7-a) - 40%));;--awb-border-color:var(--awb-color4);--awb-border-color-hover:var(--awb-color7);--awb-border-top:1px;--awb-border-right:1px;--awb-border-bottom:1px;--awb-border-left:1px;--awb-border-style:solid;--awb-border-radius:6px 6px 6px 6px;--awb-flex-grow:0;--awb-flex-shrink:0;--awb-flex-grow-medium:0;--awb-flex-shrink-medium:0;--awb-flex-grow-small:0;--awb-flex-shrink-small:0;\" data-animationType=\"fadeIn\" data-animationDuration=\"1.3\" data-animationOffset=\"top-into-view\"><div class=\"fusion-column-wrapper fusion-column-has-shadow fusion-flex-justify-content-flex-start fusion-content-layout-column\"><div class=\"fusion-image-element \" style=\"--awb-aspect-ratio:16 \/ 9;--awb-margin-bottom:10px;--awb-caption-title-font-family:var(--h2_typography-font-family);--awb-caption-title-font-weight:var(--h2_typography-font-weight);--awb-caption-title-font-style:var(--h2_typography-font-style);--awb-caption-title-size:var(--h2_typography-font-size);--awb-caption-title-transform:var(--h2_typography-text-transform);--awb-caption-title-line-height:var(--h2_typography-line-height);--awb-caption-title-letter-spacing:var(--h2_typography-letter-spacing);\"><span class=\" fusion-imageframe imageframe-none imageframe-294 hover-type-none has-aspect-ratio\"><a class=\"fusion-no-lightbox\" href=\"https:\/\/www.choral-events.com\/en\/chorales\/les-vagabonds-de-boisbriand\/\" target=\"_self\" aria-label=\"Vagabonds-photo-site-web-1\"><img decoding=\"async\" width=\"550\" height=\"350\" src=\"https:\/\/www.choral-events.com\/wp-content\/uploads\/2026\/03\/Vagabonds-photo-site-web-1.png\" class=\"img-responsive wp-image-51862 img-with-aspect-ratio\" data-parent-fit=\"cover\" data-parent-container=\".fusion-image-element\" alt srcset=\"https:\/\/www.choral-events.com\/wp-content\/uploads\/2026\/03\/Vagabonds-photo-site-web-1-200x127.png 200w, https:\/\/www.choral-events.com\/wp-content\/uploads\/2026\/03\/Vagabonds-photo-site-web-1-400x255.png 400w, https:\/\/www.choral-events.com\/wp-content\/uploads\/2026\/03\/Vagabonds-photo-site-web-1.png 550w\" sizes=\"(max-width: 1024px) 100vw, (max-width: 640px) 100vw, 550px\" \/><\/a><\/span><\/div><div class=\"fusion-title title fusion-title-296 fusion-sep-none fusion-title-center fusion-title-text fusion-title-size-paragraph\" style=\"--awb-text-color:var(--awb-color7);--awb-margin-top:10px;--awb-margin-right:5px;--awb-margin-bottom:10px;--awb-margin-left:5px;--awb-margin-top-small:16px;--awb-margin-right-small:0px;--awb-margin-bottom-small:10px;--awb-margin-left-small:0px;--awb-link-color:var(--awb-color7);--awb-font-size:16px;\"><p class=\"fusion-title-heading title-heading-center title-heading-tag fusion-responsive-typography-calculated\" style=\"margin:0;font-size:1em;--fontSize:16;--minFontSize:16;line-height:1.6;\"><a href=\"https:\/\/www.choral-events.com\/en\/chorales\/les-vagabonds-de-boisbriand\/\" class=\"awb-custom-text-color awb-custom-text-hover-color\" target=\"_self\">Les Vagabonds de Boisbriand<\/a><\/p><\/div><div class=\"fusion-separator\" style=\"align-self: center;margin-left: auto;margin-right: auto;flex-grow:10;margin-top:5px;margin-bottom:10px;width:100%;max-width:70px;\"><div class=\"fusion-separator-border sep-single sep-solid\" style=\"--awb-height:20px;--awb-amount:20px;border-color:var(--awb-color2);border-top-width:1px;\"><\/div><\/div><div class=\"fusion-text fusion-text-295\" style=\"--awb-content-alignment:center;--awb-text-transform:capitalize;--awb-text-color:var(--awb-color4);\"><p>Qu\u00e9bec<\/p>\n<\/div><\/div><\/li>\n<li class=\"fusion-layout-column fusion_builder_column fusion-builder-column-297 fusion-flex-column fusion-animated post-card fusion-grid-column fusion-post-cards-grid-column fusion-animated\" style=\"--awb-padding-bottom:5px;--awb-overflow:hidden;--awb-bg-color:var(--awb-color1);--awb-bg-color-hover:var(--awb-custom_color_2);--awb-bg-size:cover;--awb-box-shadow:0px 0px 24px hsla(var(--awb-color7-h),var(--awb-color7-s),var(--awb-color7-l),calc(var(--awb-color7-a) - 40%));;--awb-border-color:var(--awb-color4);--awb-border-color-hover:var(--awb-color7);--awb-border-top:1px;--awb-border-right:1px;--awb-border-bottom:1px;--awb-border-left:1px;--awb-border-style:solid;--awb-border-radius:6px 6px 6px 6px;--awb-flex-grow:0;--awb-flex-shrink:0;--awb-flex-grow-medium:0;--awb-flex-shrink-medium:0;--awb-flex-grow-small:0;--awb-flex-shrink-small:0;\" data-animationType=\"fadeIn\" data-animationDuration=\"1.3\" data-animationOffset=\"top-into-view\"><div class=\"fusion-column-wrapper fusion-column-has-shadow fusion-flex-justify-content-flex-start fusion-content-layout-column\"><div class=\"fusion-image-element \" style=\"--awb-aspect-ratio:16 \/ 9;--awb-margin-bottom:10px;--awb-caption-title-font-family:var(--h2_typography-font-family);--awb-caption-title-font-weight:var(--h2_typography-font-weight);--awb-caption-title-font-style:var(--h2_typography-font-style);--awb-caption-title-size:var(--h2_typography-font-size);--awb-caption-title-transform:var(--h2_typography-text-transform);--awb-caption-title-line-height:var(--h2_typography-line-height);--awb-caption-title-letter-spacing:var(--h2_typography-letter-spacing);\"><span class=\" fusion-imageframe imageframe-none imageframe-295 hover-type-none has-aspect-ratio\"><a class=\"fusion-no-lightbox\" href=\"https:\/\/www.choral-events.com\/en\/chorales\/little-dolphin-childrens-choir\/\" target=\"_self\" aria-label=\"chine-8-web-550&#215;350\"><img decoding=\"async\" width=\"550\" height=\"350\" src=\"https:\/\/www.choral-events.com\/wp-content\/uploads\/2026\/03\/chine-8-web-550x350-1.jpg\" class=\"img-responsive wp-image-51866 img-with-aspect-ratio\" data-parent-fit=\"cover\" data-parent-container=\".fusion-image-element\" alt srcset=\"https:\/\/www.choral-events.com\/wp-content\/uploads\/2026\/03\/chine-8-web-550x350-1-200x127.jpg 200w, https:\/\/www.choral-events.com\/wp-content\/uploads\/2026\/03\/chine-8-web-550x350-1-400x255.jpg 400w, https:\/\/www.choral-events.com\/wp-content\/uploads\/2026\/03\/chine-8-web-550x350-1.jpg 550w\" sizes=\"(max-width: 1024px) 100vw, (max-width: 640px) 100vw, 550px\" \/><\/a><\/span><\/div><div class=\"fusion-title title fusion-title-297 fusion-sep-none fusion-title-center fusion-title-text fusion-title-size-paragraph\" style=\"--awb-text-color:var(--awb-color7);--awb-margin-top:10px;--awb-margin-right:5px;--awb-margin-bottom:10px;--awb-margin-left:5px;--awb-margin-top-small:16px;--awb-margin-right-small:0px;--awb-margin-bottom-small:10px;--awb-margin-left-small:0px;--awb-link-color:var(--awb-color7);--awb-font-size:16px;\"><p class=\"fusion-title-heading title-heading-center title-heading-tag fusion-responsive-typography-calculated\" style=\"margin:0;font-size:1em;--fontSize:16;--minFontSize:16;line-height:1.6;\"><a href=\"https:\/\/www.choral-events.com\/en\/chorales\/little-dolphin-childrens-choir\/\" class=\"awb-custom-text-color awb-custom-text-hover-color\" target=\"_self\">Little Dolphin children&#8217;s Choir<\/a><\/p><\/div><div class=\"fusion-separator\" style=\"align-self: center;margin-left: auto;margin-right: auto;flex-grow:10;margin-top:5px;margin-bottom:10px;width:100%;max-width:70px;\"><div class=\"fusion-separator-border sep-single sep-solid\" style=\"--awb-height:20px;--awb-amount:20px;border-color:var(--awb-color2);border-top-width:1px;\"><\/div><\/div><div class=\"fusion-text fusion-text-296\" style=\"--awb-content-alignment:center;--awb-text-transform:capitalize;--awb-text-color:var(--awb-color4);\"><p>Chine<\/p>\n<\/div><\/div><\/li>\n<li class=\"fusion-layout-column fusion_builder_column fusion-builder-column-298 fusion-flex-column fusion-animated post-card fusion-grid-column fusion-post-cards-grid-column fusion-animated\" style=\"--awb-padding-bottom:5px;--awb-overflow:hidden;--awb-bg-color:var(--awb-color1);--awb-bg-color-hover:var(--awb-custom_color_2);--awb-bg-size:cover;--awb-box-shadow:0px 0px 24px hsla(var(--awb-color7-h),var(--awb-color7-s),var(--awb-color7-l),calc(var(--awb-color7-a) - 40%));;--awb-border-color:var(--awb-color4);--awb-border-color-hover:var(--awb-color7);--awb-border-top:1px;--awb-border-right:1px;--awb-border-bottom:1px;--awb-border-left:1px;--awb-border-style:solid;--awb-border-radius:6px 6px 6px 6px;--awb-flex-grow:0;--awb-flex-shrink:0;--awb-flex-grow-medium:0;--awb-flex-shrink-medium:0;--awb-flex-grow-small:0;--awb-flex-shrink-small:0;\" data-animationType=\"fadeIn\" data-animationDuration=\"1.3\" data-animationOffset=\"top-into-view\"><div class=\"fusion-column-wrapper fusion-column-has-shadow fusion-flex-justify-content-flex-start fusion-content-layout-column\"><div class=\"fusion-image-element \" style=\"--awb-aspect-ratio:16 \/ 9;--awb-margin-bottom:10px;--awb-caption-title-font-family:var(--h2_typography-font-family);--awb-caption-title-font-weight:var(--h2_typography-font-weight);--awb-caption-title-font-style:var(--h2_typography-font-style);--awb-caption-title-size:var(--h2_typography-font-size);--awb-caption-title-transform:var(--h2_typography-text-transform);--awb-caption-title-line-height:var(--h2_typography-line-height);--awb-caption-title-letter-spacing:var(--h2_typography-letter-spacing);\"><span class=\" fusion-imageframe imageframe-none imageframe-296 hover-type-none has-aspect-ratio\"><a class=\"fusion-no-lightbox\" href=\"https:\/\/www.choral-events.com\/en\/chorales\/maitrise-des-petits-chanteurs-du-quebec\/\" target=\"_self\" aria-label=\"2-550&#215;350\"><img decoding=\"async\" width=\"550\" height=\"350\" src=\"https:\/\/www.choral-events.com\/wp-content\/uploads\/2026\/03\/2-550x350-1.jpg\" class=\"img-responsive wp-image-51368 img-with-aspect-ratio\" data-parent-fit=\"cover\" data-parent-container=\".fusion-image-element\" alt srcset=\"https:\/\/www.choral-events.com\/wp-content\/uploads\/2026\/03\/2-550x350-1-200x127.jpg 200w, https:\/\/www.choral-events.com\/wp-content\/uploads\/2026\/03\/2-550x350-1-400x255.jpg 400w, https:\/\/www.choral-events.com\/wp-content\/uploads\/2026\/03\/2-550x350-1.jpg 550w\" sizes=\"(max-width: 1024px) 100vw, (max-width: 640px) 100vw, 550px\" \/><\/a><\/span><\/div><div class=\"fusion-title title fusion-title-298 fusion-sep-none fusion-title-center fusion-title-text fusion-title-size-paragraph\" style=\"--awb-text-color:var(--awb-color7);--awb-margin-top:10px;--awb-margin-right:5px;--awb-margin-bottom:10px;--awb-margin-left:5px;--awb-margin-top-small:16px;--awb-margin-right-small:0px;--awb-margin-bottom-small:10px;--awb-margin-left-small:0px;--awb-link-color:var(--awb-color7);--awb-font-size:16px;\"><p class=\"fusion-title-heading title-heading-center title-heading-tag fusion-responsive-typography-calculated\" style=\"margin:0;font-size:1em;--fontSize:16;--minFontSize:16;line-height:1.6;\"><a href=\"https:\/\/www.choral-events.com\/en\/chorales\/maitrise-des-petits-chanteurs-du-quebec\/\" class=\"awb-custom-text-color awb-custom-text-hover-color\" target=\"_self\">Maitrise des Petits Chanteurs du Qu\u00e9bec<\/a><\/p><\/div><div class=\"fusion-separator\" style=\"align-self: center;margin-left: auto;margin-right: auto;flex-grow:10;margin-top:5px;margin-bottom:10px;width:100%;max-width:70px;\"><div class=\"fusion-separator-border sep-single sep-solid\" style=\"--awb-height:20px;--awb-amount:20px;border-color:var(--awb-color2);border-top-width:1px;\"><\/div><\/div><div class=\"fusion-text fusion-text-297\" style=\"--awb-content-alignment:center;--awb-text-transform:capitalize;--awb-text-color:var(--awb-color4);\"><p>Canada<\/p>\n<\/div><\/div><\/li>\n<li class=\"fusion-layout-column fusion_builder_column fusion-builder-column-299 fusion-flex-column fusion-animated post-card fusion-grid-column fusion-post-cards-grid-column fusion-animated\" style=\"--awb-padding-bottom:5px;--awb-overflow:hidden;--awb-bg-color:var(--awb-color1);--awb-bg-color-hover:var(--awb-custom_color_2);--awb-bg-size:cover;--awb-box-shadow:0px 0px 24px hsla(var(--awb-color7-h),var(--awb-color7-s),var(--awb-color7-l),calc(var(--awb-color7-a) - 40%));;--awb-border-color:var(--awb-color4);--awb-border-color-hover:var(--awb-color7);--awb-border-top:1px;--awb-border-right:1px;--awb-border-bottom:1px;--awb-border-left:1px;--awb-border-style:solid;--awb-border-radius:6px 6px 6px 6px;--awb-flex-grow:0;--awb-flex-shrink:0;--awb-flex-grow-medium:0;--awb-flex-shrink-medium:0;--awb-flex-grow-small:0;--awb-flex-shrink-small:0;\" data-animationType=\"fadeIn\" data-animationDuration=\"1.3\" data-animationOffset=\"top-into-view\"><div class=\"fusion-column-wrapper fusion-column-has-shadow fusion-flex-justify-content-flex-start fusion-content-layout-column\"><div class=\"fusion-image-element \" style=\"--awb-aspect-ratio:16 \/ 9;--awb-margin-bottom:10px;--awb-caption-title-font-family:var(--h2_typography-font-family);--awb-caption-title-font-weight:var(--h2_typography-font-weight);--awb-caption-title-font-style:var(--h2_typography-font-style);--awb-caption-title-size:var(--h2_typography-font-size);--awb-caption-title-transform:var(--h2_typography-text-transform);--awb-caption-title-line-height:var(--h2_typography-line-height);--awb-caption-title-letter-spacing:var(--h2_typography-letter-spacing);\"><span class=\" fusion-imageframe imageframe-none imageframe-297 hover-type-none has-aspect-ratio\"><a class=\"fusion-no-lightbox\" href=\"https:\/\/www.choral-events.com\/en\/chorales\/maitrise-sainte-philomene-de-haguenau\/\" target=\"_self\" aria-label=\"Maitrise-6\"><img decoding=\"async\" width=\"550\" height=\"350\" src=\"https:\/\/www.choral-events.com\/wp-content\/uploads\/2026\/03\/Maitrise-6.jpg\" class=\"img-responsive wp-image-51882 img-with-aspect-ratio\" data-parent-fit=\"cover\" data-parent-container=\".fusion-image-element\" alt srcset=\"https:\/\/www.choral-events.com\/wp-content\/uploads\/2026\/03\/Maitrise-6-200x127.jpg 200w, https:\/\/www.choral-events.com\/wp-content\/uploads\/2026\/03\/Maitrise-6-400x255.jpg 400w, https:\/\/www.choral-events.com\/wp-content\/uploads\/2026\/03\/Maitrise-6.jpg 550w\" sizes=\"(max-width: 1024px) 100vw, (max-width: 640px) 100vw, 550px\" \/><\/a><\/span><\/div><div class=\"fusion-title title fusion-title-299 fusion-sep-none fusion-title-center fusion-title-text fusion-title-size-paragraph\" style=\"--awb-text-color:var(--awb-color7);--awb-margin-top:10px;--awb-margin-right:5px;--awb-margin-bottom:10px;--awb-margin-left:5px;--awb-margin-top-small:16px;--awb-margin-right-small:0px;--awb-margin-bottom-small:10px;--awb-margin-left-small:0px;--awb-link-color:var(--awb-color7);--awb-font-size:16px;\"><p class=\"fusion-title-heading title-heading-center title-heading-tag fusion-responsive-typography-calculated\" style=\"margin:0;font-size:1em;--fontSize:16;--minFontSize:16;line-height:1.6;\"><a href=\"https:\/\/www.choral-events.com\/en\/chorales\/maitrise-sainte-philomene-de-haguenau\/\" class=\"awb-custom-text-color awb-custom-text-hover-color\" target=\"_self\">Ma\u00eetrise Sainte Philom\u00e8ne de Haguenau<\/a><\/p><\/div><div class=\"fusion-separator\" style=\"align-self: center;margin-left: auto;margin-right: auto;flex-grow:10;margin-top:5px;margin-bottom:10px;width:100%;max-width:70px;\"><div class=\"fusion-separator-border sep-single sep-solid\" style=\"--awb-height:20px;--awb-amount:20px;border-color:var(--awb-color2);border-top-width:1px;\"><\/div><\/div><div class=\"fusion-text fusion-text-298\" style=\"--awb-content-alignment:center;--awb-text-transform:capitalize;--awb-text-color:var(--awb-color4);\"><p>France<\/p>\n<\/div><\/div><\/li>\n<li class=\"fusion-layout-column fusion_builder_column fusion-builder-column-300 fusion-flex-column fusion-animated post-card fusion-grid-column fusion-post-cards-grid-column fusion-animated\" style=\"--awb-padding-bottom:5px;--awb-overflow:hidden;--awb-bg-color:var(--awb-color1);--awb-bg-color-hover:var(--awb-custom_color_2);--awb-bg-size:cover;--awb-box-shadow:0px 0px 24px hsla(var(--awb-color7-h),var(--awb-color7-s),var(--awb-color7-l),calc(var(--awb-color7-a) - 40%));;--awb-border-color:var(--awb-color4);--awb-border-color-hover:var(--awb-color7);--awb-border-top:1px;--awb-border-right:1px;--awb-border-bottom:1px;--awb-border-left:1px;--awb-border-style:solid;--awb-border-radius:6px 6px 6px 6px;--awb-flex-grow:0;--awb-flex-shrink:0;--awb-flex-grow-medium:0;--awb-flex-shrink-medium:0;--awb-flex-grow-small:0;--awb-flex-shrink-small:0;\" data-animationType=\"fadeIn\" data-animationDuration=\"1.3\" data-animationOffset=\"top-into-view\"><div class=\"fusion-column-wrapper fusion-column-has-shadow fusion-flex-justify-content-flex-start fusion-content-layout-column\"><div class=\"fusion-image-element \" style=\"--awb-aspect-ratio:16 \/ 9;--awb-margin-bottom:10px;--awb-caption-title-font-family:var(--h2_typography-font-family);--awb-caption-title-font-weight:var(--h2_typography-font-weight);--awb-caption-title-font-style:var(--h2_typography-font-style);--awb-caption-title-size:var(--h2_typography-font-size);--awb-caption-title-transform:var(--h2_typography-text-transform);--awb-caption-title-line-height:var(--h2_typography-line-height);--awb-caption-title-letter-spacing:var(--h2_typography-letter-spacing);\"><span class=\" fusion-imageframe imageframe-none imageframe-298 hover-type-none has-aspect-ratio\"><a class=\"fusion-no-lightbox\" href=\"https:\/\/www.choral-events.com\/en\/chorales\/new-albany-symphony-orchestra\/\" target=\"_self\" aria-label=\"New Albany Symphony Orchestra \u2013 USA\"><img decoding=\"async\" width=\"1920\" height=\"1080\" alt=\"New Albany Symphony Orchestra \u2013 USA\" src=\"https:\/\/www.choral-events.com\/wp-content\/uploads\/2025\/01\/466902065_974856944678877_912431275000409748_.jpg\" class=\"img-responsive wp-image-49719 img-with-aspect-ratio\" data-parent-fit=\"cover\" data-parent-container=\".fusion-image-element\" srcset=\"https:\/\/www.choral-events.com\/wp-content\/uploads\/2025\/01\/466902065_974856944678877_912431275000409748_-200x113.jpg 200w, https:\/\/www.choral-events.com\/wp-content\/uploads\/2025\/01\/466902065_974856944678877_912431275000409748_-400x225.jpg 400w, https:\/\/www.choral-events.com\/wp-content\/uploads\/2025\/01\/466902065_974856944678877_912431275000409748_-600x338.jpg 600w, https:\/\/www.choral-events.com\/wp-content\/uploads\/2025\/01\/466902065_974856944678877_912431275000409748_-800x450.jpg 800w, https:\/\/www.choral-events.com\/wp-content\/uploads\/2025\/01\/466902065_974856944678877_912431275000409748_-1200x675.jpg 1200w, https:\/\/www.choral-events.com\/wp-content\/uploads\/2025\/01\/466902065_974856944678877_912431275000409748_.jpg 1920w\" sizes=\"(max-width: 1024px) 100vw, (max-width: 640px) 100vw, 1920px\" \/><\/a><\/span><\/div><div class=\"fusion-title title fusion-title-300 fusion-sep-none fusion-title-center fusion-title-text fusion-title-size-paragraph\" style=\"--awb-text-color:var(--awb-color7);--awb-margin-top:10px;--awb-margin-right:5px;--awb-margin-bottom:10px;--awb-margin-left:5px;--awb-margin-top-small:16px;--awb-margin-right-small:0px;--awb-margin-bottom-small:10px;--awb-margin-left-small:0px;--awb-link-color:var(--awb-color7);--awb-font-size:16px;\"><p class=\"fusion-title-heading title-heading-center title-heading-tag fusion-responsive-typography-calculated\" style=\"margin:0;font-size:1em;--fontSize:16;--minFontSize:16;line-height:1.6;\"><a href=\"https:\/\/www.choral-events.com\/en\/chorales\/new-albany-symphony-orchestra\/\" class=\"awb-custom-text-color awb-custom-text-hover-color\" target=\"_self\">New Albany Symphony Orchestra<\/a><\/p><\/div><div class=\"fusion-separator\" style=\"align-self: center;margin-left: auto;margin-right: auto;flex-grow:10;margin-top:5px;margin-bottom:10px;width:100%;max-width:70px;\"><div class=\"fusion-separator-border sep-single sep-solid\" style=\"--awb-height:20px;--awb-amount:20px;border-color:var(--awb-color2);border-top-width:1px;\"><\/div><\/div><div class=\"fusion-text fusion-text-299\" style=\"--awb-content-alignment:center;--awb-text-transform:capitalize;--awb-text-color:var(--awb-color4);\"><p>USA<\/p>\n<\/div><\/div><\/li>\n<li class=\"fusion-layout-column fusion_builder_column fusion-builder-column-301 fusion-flex-column fusion-animated post-card fusion-grid-column fusion-post-cards-grid-column fusion-animated\" style=\"--awb-padding-bottom:5px;--awb-overflow:hidden;--awb-bg-color:var(--awb-color1);--awb-bg-color-hover:var(--awb-custom_color_2);--awb-bg-size:cover;--awb-box-shadow:0px 0px 24px hsla(var(--awb-color7-h),var(--awb-color7-s),var(--awb-color7-l),calc(var(--awb-color7-a) - 40%));;--awb-border-color:var(--awb-color4);--awb-border-color-hover:var(--awb-color7);--awb-border-top:1px;--awb-border-right:1px;--awb-border-bottom:1px;--awb-border-left:1px;--awb-border-style:solid;--awb-border-radius:6px 6px 6px 6px;--awb-flex-grow:0;--awb-flex-shrink:0;--awb-flex-grow-medium:0;--awb-flex-shrink-medium:0;--awb-flex-grow-small:0;--awb-flex-shrink-small:0;\" data-animationType=\"fadeIn\" data-animationDuration=\"1.3\" data-animationOffset=\"top-into-view\"><div class=\"fusion-column-wrapper fusion-column-has-shadow fusion-flex-justify-content-flex-start fusion-content-layout-column\"><div class=\"fusion-image-element \" style=\"--awb-aspect-ratio:16 \/ 9;--awb-margin-bottom:10px;--awb-caption-title-font-family:var(--h2_typography-font-family);--awb-caption-title-font-weight:var(--h2_typography-font-weight);--awb-caption-title-font-style:var(--h2_typography-font-style);--awb-caption-title-size:var(--h2_typography-font-size);--awb-caption-title-transform:var(--h2_typography-text-transform);--awb-caption-title-line-height:var(--h2_typography-line-height);--awb-caption-title-letter-spacing:var(--h2_typography-letter-spacing);\"><span class=\" fusion-imageframe imageframe-none imageframe-299 hover-type-none has-aspect-ratio\"><a class=\"fusion-no-lightbox\" href=\"https:\/\/www.choral-events.com\/en\/chorales\/noctuor-ensemble\/\" target=\"_self\" aria-label=\"Noctuor Ensemble\"><img decoding=\"async\" width=\"2560\" height=\"1441\" src=\"https:\/\/www.choral-events.com\/wp-content\/uploads\/2025\/03\/EXC01939-scaled-1.jpg\" class=\"img-responsive wp-image-49391 img-with-aspect-ratio\" data-parent-fit=\"cover\" data-parent-container=\".fusion-image-element\" alt srcset=\"https:\/\/www.choral-events.com\/wp-content\/uploads\/2025\/03\/EXC01939-scaled-1-200x113.jpg 200w, https:\/\/www.choral-events.com\/wp-content\/uploads\/2025\/03\/EXC01939-scaled-1-400x225.jpg 400w, https:\/\/www.choral-events.com\/wp-content\/uploads\/2025\/03\/EXC01939-scaled-1-600x338.jpg 600w, https:\/\/www.choral-events.com\/wp-content\/uploads\/2025\/03\/EXC01939-scaled-1-800x450.jpg 800w, https:\/\/www.choral-events.com\/wp-content\/uploads\/2025\/03\/EXC01939-scaled-1-1200x675.jpg 1200w, https:\/\/www.choral-events.com\/wp-content\/uploads\/2025\/03\/EXC01939-scaled-1.jpg 2560w\" sizes=\"(max-width: 1024px) 100vw, (max-width: 640px) 100vw, 2560px\" \/><\/a><\/span><\/div><div class=\"fusion-title title fusion-title-301 fusion-sep-none fusion-title-center fusion-title-text fusion-title-size-paragraph\" style=\"--awb-text-color:var(--awb-color7);--awb-margin-top:10px;--awb-margin-right:5px;--awb-margin-bottom:10px;--awb-margin-left:5px;--awb-margin-top-small:16px;--awb-margin-right-small:0px;--awb-margin-bottom-small:10px;--awb-margin-left-small:0px;--awb-link-color:var(--awb-color7);--awb-font-size:16px;\"><p class=\"fusion-title-heading title-heading-center title-heading-tag fusion-responsive-typography-calculated\" style=\"margin:0;font-size:1em;--fontSize:16;--minFontSize:16;line-height:1.6;\"><a href=\"https:\/\/www.choral-events.com\/en\/chorales\/noctuor-ensemble\/\" class=\"awb-custom-text-color awb-custom-text-hover-color\" target=\"_self\">Noctuor Ensemble<\/a><\/p><\/div><div class=\"fusion-separator\" style=\"align-self: center;margin-left: auto;margin-right: auto;flex-grow:10;margin-top:5px;margin-bottom:10px;width:100%;max-width:70px;\"><div class=\"fusion-separator-border sep-single sep-solid\" style=\"--awb-height:20px;--awb-amount:20px;border-color:var(--awb-color2);border-top-width:1px;\"><\/div><\/div><div class=\"fusion-text fusion-text-300\" style=\"--awb-content-alignment:center;--awb-text-transform:capitalize;--awb-text-color:var(--awb-color4);\"><p>Switzerland<\/p>\n<\/div><\/div><\/li>\n<li class=\"fusion-layout-column fusion_builder_column fusion-builder-column-302 fusion-flex-column fusion-animated post-card fusion-grid-column fusion-post-cards-grid-column fusion-animated\" style=\"--awb-padding-bottom:5px;--awb-overflow:hidden;--awb-bg-color:var(--awb-color1);--awb-bg-color-hover:var(--awb-custom_color_2);--awb-bg-size:cover;--awb-box-shadow:0px 0px 24px hsla(var(--awb-color7-h),var(--awb-color7-s),var(--awb-color7-l),calc(var(--awb-color7-a) - 40%));;--awb-border-color:var(--awb-color4);--awb-border-color-hover:var(--awb-color7);--awb-border-top:1px;--awb-border-right:1px;--awb-border-bottom:1px;--awb-border-left:1px;--awb-border-style:solid;--awb-border-radius:6px 6px 6px 6px;--awb-flex-grow:0;--awb-flex-shrink:0;--awb-flex-grow-medium:0;--awb-flex-shrink-medium:0;--awb-flex-grow-small:0;--awb-flex-shrink-small:0;\" data-animationType=\"fadeIn\" data-animationDuration=\"1.3\" data-animationOffset=\"top-into-view\"><div class=\"fusion-column-wrapper fusion-column-has-shadow fusion-flex-justify-content-flex-start fusion-content-layout-column\"><div class=\"fusion-image-element \" style=\"--awb-aspect-ratio:16 \/ 9;--awb-margin-bottom:10px;--awb-caption-title-font-family:var(--h2_typography-font-family);--awb-caption-title-font-weight:var(--h2_typography-font-weight);--awb-caption-title-font-style:var(--h2_typography-font-style);--awb-caption-title-size:var(--h2_typography-font-size);--awb-caption-title-transform:var(--h2_typography-text-transform);--awb-caption-title-line-height:var(--h2_typography-line-height);--awb-caption-title-letter-spacing:var(--h2_typography-letter-spacing);\"><span class=\" fusion-imageframe imageframe-none imageframe-300 hover-type-none has-aspect-ratio\"><a class=\"fusion-no-lightbox\" href=\"https:\/\/www.choral-events.com\/en\/chorales\/orfeo-veus-juntes\/\" target=\"_self\" aria-label=\"ORFE\u00d3 VEUS JUNTE Thumbnail\"><img decoding=\"async\" width=\"600\" height=\"600\" alt=\"ORFE\u00d3 VEUS JUNTES\" src=\"https:\/\/www.choral-events.com\/wp-content\/uploads\/2025\/05\/Vignette-ORFEO-VEUS-JUNTE.png\" class=\"img-responsive wp-image-49745 img-with-aspect-ratio\" data-parent-fit=\"cover\" data-parent-container=\".fusion-image-element\" srcset=\"https:\/\/www.choral-events.com\/wp-content\/uploads\/2025\/05\/Vignette-ORFEO-VEUS-JUNTE-200x200.png 200w, https:\/\/www.choral-events.com\/wp-content\/uploads\/2025\/05\/Vignette-ORFEO-VEUS-JUNTE-400x400.png 400w, https:\/\/www.choral-events.com\/wp-content\/uploads\/2025\/05\/Vignette-ORFEO-VEUS-JUNTE.png 600w\" sizes=\"(max-width: 1024px) 100vw, (max-width: 640px) 100vw, 600px\" \/><\/a><\/span><\/div><div class=\"fusion-title title fusion-title-302 fusion-sep-none fusion-title-center fusion-title-text fusion-title-size-paragraph\" style=\"--awb-text-color:var(--awb-color7);--awb-margin-top:10px;--awb-margin-right:5px;--awb-margin-bottom:10px;--awb-margin-left:5px;--awb-margin-top-small:16px;--awb-margin-right-small:0px;--awb-margin-bottom-small:10px;--awb-margin-left-small:0px;--awb-link-color:var(--awb-color7);--awb-font-size:16px;\"><p class=\"fusion-title-heading title-heading-center title-heading-tag fusion-responsive-typography-calculated\" style=\"margin:0;font-size:1em;--fontSize:16;--minFontSize:16;line-height:1.6;\"><a href=\"https:\/\/www.choral-events.com\/en\/chorales\/orfeo-veus-juntes\/\" class=\"awb-custom-text-color awb-custom-text-hover-color\" target=\"_self\">Orfe\u00f3 Veus Juntes<\/a><\/p><\/div><div class=\"fusion-separator\" style=\"align-self: center;margin-left: auto;margin-right: auto;flex-grow:10;margin-top:5px;margin-bottom:10px;width:100%;max-width:70px;\"><div class=\"fusion-separator-border sep-single sep-solid\" style=\"--awb-height:20px;--awb-amount:20px;border-color:var(--awb-color2);border-top-width:1px;\"><\/div><\/div><div class=\"fusion-text fusion-text-301\" style=\"--awb-content-alignment:center;--awb-text-transform:capitalize;--awb-text-color:var(--awb-color4);\"><p>Spain<\/p>\n<\/div><\/div><\/li>\n<li class=\"fusion-layout-column fusion_builder_column fusion-builder-column-303 fusion-flex-column fusion-animated post-card fusion-grid-column fusion-post-cards-grid-column fusion-animated\" style=\"--awb-padding-bottom:5px;--awb-overflow:hidden;--awb-bg-color:var(--awb-color1);--awb-bg-color-hover:var(--awb-custom_color_2);--awb-bg-size:cover;--awb-box-shadow:0px 0px 24px hsla(var(--awb-color7-h),var(--awb-color7-s),var(--awb-color7-l),calc(var(--awb-color7-a) - 40%));;--awb-border-color:var(--awb-color4);--awb-border-color-hover:var(--awb-color7);--awb-border-top:1px;--awb-border-right:1px;--awb-border-bottom:1px;--awb-border-left:1px;--awb-border-style:solid;--awb-border-radius:6px 6px 6px 6px;--awb-flex-grow:0;--awb-flex-shrink:0;--awb-flex-grow-medium:0;--awb-flex-shrink-medium:0;--awb-flex-grow-small:0;--awb-flex-shrink-small:0;\" data-animationType=\"fadeIn\" data-animationDuration=\"1.3\" data-animationOffset=\"top-into-view\"><div class=\"fusion-column-wrapper fusion-column-has-shadow fusion-flex-justify-content-flex-start fusion-content-layout-column\"><div class=\"fusion-image-element \" style=\"--awb-aspect-ratio:16 \/ 9;--awb-margin-bottom:10px;--awb-caption-title-font-family:var(--h2_typography-font-family);--awb-caption-title-font-weight:var(--h2_typography-font-weight);--awb-caption-title-font-style:var(--h2_typography-font-style);--awb-caption-title-size:var(--h2_typography-font-size);--awb-caption-title-transform:var(--h2_typography-text-transform);--awb-caption-title-line-height:var(--h2_typography-line-height);--awb-caption-title-letter-spacing:var(--h2_typography-letter-spacing);\"><span class=\" fusion-imageframe imageframe-none imageframe-301 hover-type-none has-aspect-ratio\"><a class=\"fusion-no-lightbox\" href=\"https:\/\/www.choral-events.com\/en\/chorales\/permonik-karvina-mens-chamber-choir\/\" target=\"_self\" aria-label=\"Permon\u00edk Karvin\u00e1 Men&#8217;s Chamber Choir\"><img decoding=\"async\" width=\"945\" height=\"630\" src=\"https:\/\/www.choral-events.com\/wp-content\/uploads\/2025\/05\/Mens.png\" class=\"img-responsive wp-image-49397 img-with-aspect-ratio\" data-parent-fit=\"cover\" data-parent-container=\".fusion-image-element\" alt srcset=\"https:\/\/www.choral-events.com\/wp-content\/uploads\/2025\/05\/Mens-200x133.png 200w, https:\/\/www.choral-events.com\/wp-content\/uploads\/2025\/05\/Mens-400x267.png 400w, https:\/\/www.choral-events.com\/wp-content\/uploads\/2025\/05\/Mens-600x400.png 600w, https:\/\/www.choral-events.com\/wp-content\/uploads\/2025\/05\/Mens-800x533.png 800w, https:\/\/www.choral-events.com\/wp-content\/uploads\/2025\/05\/Mens.png 945w\" sizes=\"(max-width: 1024px) 100vw, (max-width: 640px) 100vw, 945px\" \/><\/a><\/span><\/div><div class=\"fusion-title title fusion-title-303 fusion-sep-none fusion-title-center fusion-title-text fusion-title-size-paragraph\" style=\"--awb-text-color:var(--awb-color7);--awb-margin-top:10px;--awb-margin-right:5px;--awb-margin-bottom:10px;--awb-margin-left:5px;--awb-margin-top-small:16px;--awb-margin-right-small:0px;--awb-margin-bottom-small:10px;--awb-margin-left-small:0px;--awb-link-color:var(--awb-color7);--awb-font-size:16px;\"><p class=\"fusion-title-heading title-heading-center title-heading-tag fusion-responsive-typography-calculated\" style=\"margin:0;font-size:1em;--fontSize:16;--minFontSize:16;line-height:1.6;\"><a href=\"https:\/\/www.choral-events.com\/en\/chorales\/permonik-karvina-mens-chamber-choir\/\" class=\"awb-custom-text-color awb-custom-text-hover-color\" target=\"_self\">Permon\u00edk Karvin\u00e1 Men&#8217;s Chamber Choir<\/a><\/p><\/div><div class=\"fusion-separator\" style=\"align-self: center;margin-left: auto;margin-right: auto;flex-grow:10;margin-top:5px;margin-bottom:10px;width:100%;max-width:70px;\"><div class=\"fusion-separator-border sep-single sep-solid\" style=\"--awb-height:20px;--awb-amount:20px;border-color:var(--awb-color2);border-top-width:1px;\"><\/div><\/div><div class=\"fusion-text fusion-text-302\" style=\"--awb-content-alignment:center;--awb-text-transform:capitalize;--awb-text-color:var(--awb-color4);\"><p>Czech Republic<\/p>\n<\/div><\/div><\/li>\n<li class=\"fusion-layout-column fusion_builder_column fusion-builder-column-304 fusion-flex-column fusion-animated post-card fusion-grid-column fusion-post-cards-grid-column fusion-animated\" style=\"--awb-padding-bottom:5px;--awb-overflow:hidden;--awb-bg-color:var(--awb-color1);--awb-bg-color-hover:var(--awb-custom_color_2);--awb-bg-size:cover;--awb-box-shadow:0px 0px 24px hsla(var(--awb-color7-h),var(--awb-color7-s),var(--awb-color7-l),calc(var(--awb-color7-a) - 40%));;--awb-border-color:var(--awb-color4);--awb-border-color-hover:var(--awb-color7);--awb-border-top:1px;--awb-border-right:1px;--awb-border-bottom:1px;--awb-border-left:1px;--awb-border-style:solid;--awb-border-radius:6px 6px 6px 6px;--awb-flex-grow:0;--awb-flex-shrink:0;--awb-flex-grow-medium:0;--awb-flex-shrink-medium:0;--awb-flex-grow-small:0;--awb-flex-shrink-small:0;\" data-animationType=\"fadeIn\" data-animationDuration=\"1.3\" data-animationOffset=\"top-into-view\"><div class=\"fusion-column-wrapper fusion-column-has-shadow fusion-flex-justify-content-flex-start fusion-content-layout-column\"><div class=\"fusion-image-element \" style=\"--awb-aspect-ratio:16 \/ 9;--awb-margin-bottom:10px;--awb-caption-title-font-family:var(--h2_typography-font-family);--awb-caption-title-font-weight:var(--h2_typography-font-weight);--awb-caption-title-font-style:var(--h2_typography-font-style);--awb-caption-title-size:var(--h2_typography-font-size);--awb-caption-title-transform:var(--h2_typography-text-transform);--awb-caption-title-line-height:var(--h2_typography-line-height);--awb-caption-title-letter-spacing:var(--h2_typography-letter-spacing);\"><span class=\" fusion-imageframe imageframe-none imageframe-302 hover-type-none has-aspect-ratio\"><a class=\"fusion-no-lightbox\" href=\"https:\/\/www.choral-events.com\/en\/chorales\/permonik-mixed-vocal-sextet\/\" target=\"_self\" aria-label=\"Permon\u00edk mixed vocal sextet\"><img decoding=\"async\" width=\"605\" height=\"481\" alt=\"Permon\u00edk mixed vocal sextet\" src=\"https:\/\/www.choral-events.com\/wp-content\/uploads\/2025\/05\/sextuor.jpg\" class=\"img-responsive wp-image-49651 img-with-aspect-ratio\" data-parent-fit=\"cover\" data-parent-container=\".fusion-image-element\" srcset=\"https:\/\/www.choral-events.com\/wp-content\/uploads\/2025\/05\/sextuor-200x159.jpg 200w, https:\/\/www.choral-events.com\/wp-content\/uploads\/2025\/05\/sextuor-400x318.jpg 400w, https:\/\/www.choral-events.com\/wp-content\/uploads\/2025\/05\/sextuor-600x477.jpg 600w, https:\/\/www.choral-events.com\/wp-content\/uploads\/2025\/05\/sextuor.jpg 605w\" sizes=\"(max-width: 1024px) 100vw, (max-width: 640px) 100vw, 605px\" \/><\/a><\/span><\/div><div class=\"fusion-title title fusion-title-304 fusion-sep-none fusion-title-center fusion-title-text fusion-title-size-paragraph\" style=\"--awb-text-color:var(--awb-color7);--awb-margin-top:10px;--awb-margin-right:5px;--awb-margin-bottom:10px;--awb-margin-left:5px;--awb-margin-top-small:16px;--awb-margin-right-small:0px;--awb-margin-bottom-small:10px;--awb-margin-left-small:0px;--awb-link-color:var(--awb-color7);--awb-font-size:16px;\"><p class=\"fusion-title-heading title-heading-center title-heading-tag fusion-responsive-typography-calculated\" style=\"margin:0;font-size:1em;--fontSize:16;--minFontSize:16;line-height:1.6;\"><a href=\"https:\/\/www.choral-events.com\/en\/chorales\/permonik-mixed-vocal-sextet\/\" class=\"awb-custom-text-color awb-custom-text-hover-color\" target=\"_self\">Permon\u00edk mixed vocal sextet<\/a><\/p><\/div><div class=\"fusion-separator\" style=\"align-self: center;margin-left: auto;margin-right: auto;flex-grow:10;margin-top:5px;margin-bottom:10px;width:100%;max-width:70px;\"><div class=\"fusion-separator-border sep-single sep-solid\" style=\"--awb-height:20px;--awb-amount:20px;border-color:var(--awb-color2);border-top-width:1px;\"><\/div><\/div><div class=\"fusion-text fusion-text-303\" style=\"--awb-content-alignment:center;--awb-text-transform:capitalize;--awb-text-color:var(--awb-color4);\"><p>Czech Republic<\/p>\n<\/div><\/div><\/li>\n<li class=\"fusion-layout-column fusion_builder_column fusion-builder-column-305 fusion-flex-column fusion-animated post-card fusion-grid-column fusion-post-cards-grid-column fusion-animated\" style=\"--awb-padding-bottom:5px;--awb-overflow:hidden;--awb-bg-color:var(--awb-color1);--awb-bg-color-hover:var(--awb-custom_color_2);--awb-bg-size:cover;--awb-box-shadow:0px 0px 24px hsla(var(--awb-color7-h),var(--awb-color7-s),var(--awb-color7-l),calc(var(--awb-color7-a) - 40%));;--awb-border-color:var(--awb-color4);--awb-border-color-hover:var(--awb-color7);--awb-border-top:1px;--awb-border-right:1px;--awb-border-bottom:1px;--awb-border-left:1px;--awb-border-style:solid;--awb-border-radius:6px 6px 6px 6px;--awb-flex-grow:0;--awb-flex-shrink:0;--awb-flex-grow-medium:0;--awb-flex-shrink-medium:0;--awb-flex-grow-small:0;--awb-flex-shrink-small:0;\" data-animationType=\"fadeIn\" data-animationDuration=\"1.3\" data-animationOffset=\"top-into-view\"><div class=\"fusion-column-wrapper fusion-column-has-shadow fusion-flex-justify-content-flex-start fusion-content-layout-column\"><div class=\"fusion-image-element \" style=\"--awb-aspect-ratio:16 \/ 9;--awb-margin-bottom:10px;--awb-caption-title-font-family:var(--h2_typography-font-family);--awb-caption-title-font-weight:var(--h2_typography-font-weight);--awb-caption-title-font-style:var(--h2_typography-font-style);--awb-caption-title-size:var(--h2_typography-font-size);--awb-caption-title-transform:var(--h2_typography-text-transform);--awb-caption-title-line-height:var(--h2_typography-line-height);--awb-caption-title-letter-spacing:var(--h2_typography-letter-spacing);\"><span class=\" fusion-imageframe imageframe-none imageframe-303 hover-type-none has-aspect-ratio\"><a class=\"fusion-no-lightbox\" href=\"https:\/\/www.choral-events.com\/en\/chorales\/ruta-myata-quartet\/\" target=\"_self\" aria-label=\"Ruta Myata Quartet \u2013 Ukraine\"><img decoding=\"async\" width=\"2560\" height=\"1927\" alt=\"Ruta Myata Quartet \u2013 Ukraine\" src=\"https:\/\/www.choral-events.com\/wp-content\/uploads\/2025\/03\/2G2A9843-scaled-1.jpg\" class=\"img-responsive wp-image-49723 img-with-aspect-ratio\" data-parent-fit=\"cover\" data-parent-container=\".fusion-image-element\" srcset=\"https:\/\/www.choral-events.com\/wp-content\/uploads\/2025\/03\/2G2A9843-scaled-1-200x151.jpg 200w, https:\/\/www.choral-events.com\/wp-content\/uploads\/2025\/03\/2G2A9843-scaled-1-400x301.jpg 400w, https:\/\/www.choral-events.com\/wp-content\/uploads\/2025\/03\/2G2A9843-scaled-1-600x452.jpg 600w, https:\/\/www.choral-events.com\/wp-content\/uploads\/2025\/03\/2G2A9843-scaled-1-800x602.jpg 800w, https:\/\/www.choral-events.com\/wp-content\/uploads\/2025\/03\/2G2A9843-scaled-1-1200x903.jpg 1200w, https:\/\/www.choral-events.com\/wp-content\/uploads\/2025\/03\/2G2A9843-scaled-1.jpg 2560w\" sizes=\"(max-width: 1024px) 100vw, (max-width: 640px) 100vw, 2560px\" \/><\/a><\/span><\/div><div class=\"fusion-title title fusion-title-305 fusion-sep-none fusion-title-center fusion-title-text fusion-title-size-paragraph\" style=\"--awb-text-color:var(--awb-color7);--awb-margin-top:10px;--awb-margin-right:5px;--awb-margin-bottom:10px;--awb-margin-left:5px;--awb-margin-top-small:16px;--awb-margin-right-small:0px;--awb-margin-bottom-small:10px;--awb-margin-left-small:0px;--awb-link-color:var(--awb-color7);--awb-font-size:16px;\"><p class=\"fusion-title-heading title-heading-center title-heading-tag fusion-responsive-typography-calculated\" style=\"margin:0;font-size:1em;--fontSize:16;--minFontSize:16;line-height:1.6;\"><a href=\"https:\/\/www.choral-events.com\/en\/chorales\/ruta-myata-quartet\/\" class=\"awb-custom-text-color awb-custom-text-hover-color\" target=\"_self\">Ruta Myata Quartet<\/a><\/p><\/div><div class=\"fusion-separator\" style=\"align-self: center;margin-left: auto;margin-right: auto;flex-grow:10;margin-top:5px;margin-bottom:10px;width:100%;max-width:70px;\"><div class=\"fusion-separator-border sep-single sep-solid\" style=\"--awb-height:20px;--awb-amount:20px;border-color:var(--awb-color2);border-top-width:1px;\"><\/div><\/div><div class=\"fusion-text fusion-text-304\" style=\"--awb-content-alignment:center;--awb-text-transform:capitalize;--awb-text-color:var(--awb-color4);\"><p>Ukraine<\/p>\n<\/div><\/div><\/li>\n<li class=\"fusion-layout-column fusion_builder_column fusion-builder-column-306 fusion-flex-column fusion-animated post-card fusion-grid-column fusion-post-cards-grid-column fusion-animated\" style=\"--awb-padding-bottom:5px;--awb-overflow:hidden;--awb-bg-color:var(--awb-color1);--awb-bg-color-hover:var(--awb-custom_color_2);--awb-bg-size:cover;--awb-box-shadow:0px 0px 24px hsla(var(--awb-color7-h),var(--awb-color7-s),var(--awb-color7-l),calc(var(--awb-color7-a) - 40%));;--awb-border-color:var(--awb-color4);--awb-border-color-hover:var(--awb-color7);--awb-border-top:1px;--awb-border-right:1px;--awb-border-bottom:1px;--awb-border-left:1px;--awb-border-style:solid;--awb-border-radius:6px 6px 6px 6px;--awb-flex-grow:0;--awb-flex-shrink:0;--awb-flex-grow-medium:0;--awb-flex-shrink-medium:0;--awb-flex-grow-small:0;--awb-flex-shrink-small:0;\" data-animationType=\"fadeIn\" data-animationDuration=\"1.3\" data-animationOffset=\"top-into-view\"><div class=\"fusion-column-wrapper fusion-column-has-shadow fusion-flex-justify-content-flex-start fusion-content-layout-column\"><div class=\"fusion-image-element \" style=\"--awb-aspect-ratio:16 \/ 9;--awb-margin-bottom:10px;--awb-caption-title-font-family:var(--h2_typography-font-family);--awb-caption-title-font-weight:var(--h2_typography-font-weight);--awb-caption-title-font-style:var(--h2_typography-font-style);--awb-caption-title-size:var(--h2_typography-font-size);--awb-caption-title-transform:var(--h2_typography-text-transform);--awb-caption-title-line-height:var(--h2_typography-line-height);--awb-caption-title-letter-spacing:var(--h2_typography-letter-spacing);\"><span class=\" fusion-imageframe imageframe-none imageframe-304 hover-type-none has-aspect-ratio\"><a class=\"fusion-no-lightbox\" href=\"https:\/\/www.choral-events.com\/en\/chorales\/saint-john-of-damascus-byzantine-choir\/\" target=\"_self\" aria-label=\"Italy &#8211; Coro Santa Croce_photo web page (2)\"><img decoding=\"async\" width=\"550\" height=\"350\" src=\"https:\/\/www.choral-events.com\/wp-content\/uploads\/2023\/11\/Italie-Coro-Santa-Croce_photo-page-web-2.png\" class=\"img-responsive wp-image-49363 img-with-aspect-ratio\" data-parent-fit=\"cover\" data-parent-container=\".fusion-image-element\" alt srcset=\"https:\/\/www.choral-events.com\/wp-content\/uploads\/2023\/11\/Italie-Coro-Santa-Croce_photo-page-web-2-200x127.png 200w, https:\/\/www.choral-events.com\/wp-content\/uploads\/2023\/11\/Italie-Coro-Santa-Croce_photo-page-web-2-400x255.png 400w, https:\/\/www.choral-events.com\/wp-content\/uploads\/2023\/11\/Italie-Coro-Santa-Croce_photo-page-web-2.png 550w\" sizes=\"(max-width: 1024px) 100vw, (max-width: 640px) 100vw, 550px\" \/><\/a><\/span><\/div><div class=\"fusion-title title fusion-title-306 fusion-sep-none fusion-title-center fusion-title-text fusion-title-size-paragraph\" style=\"--awb-text-color:var(--awb-color7);--awb-margin-top:10px;--awb-margin-right:5px;--awb-margin-bottom:10px;--awb-margin-left:5px;--awb-margin-top-small:16px;--awb-margin-right-small:0px;--awb-margin-bottom-small:10px;--awb-margin-left-small:0px;--awb-link-color:var(--awb-color7);--awb-font-size:16px;\"><p class=\"fusion-title-heading title-heading-center title-heading-tag fusion-responsive-typography-calculated\" style=\"margin:0;font-size:1em;--fontSize:16;--minFontSize:16;line-height:1.6;\"><a href=\"https:\/\/www.choral-events.com\/en\/chorales\/saint-john-of-damascus-byzantine-choir\/\" class=\"awb-custom-text-color awb-custom-text-hover-color\" target=\"_self\">Saint John of Damascus Byzantine Choir<\/a><\/p><\/div><div class=\"fusion-separator\" style=\"align-self: center;margin-left: auto;margin-right: auto;flex-grow:10;margin-top:5px;margin-bottom:10px;width:100%;max-width:70px;\"><div class=\"fusion-separator-border sep-single sep-solid\" style=\"--awb-height:20px;--awb-amount:20px;border-color:var(--awb-color2);border-top-width:1px;\"><\/div><\/div><div class=\"fusion-text fusion-text-305\" style=\"--awb-content-alignment:center;--awb-text-transform:capitalize;--awb-text-color:var(--awb-color4);\"><p>Romania<\/p>\n<\/div><\/div><\/li>\n<li class=\"fusion-layout-column fusion_builder_column fusion-builder-column-307 fusion-flex-column fusion-animated post-card fusion-grid-column fusion-post-cards-grid-column fusion-animated\" style=\"--awb-padding-bottom:5px;--awb-overflow:hidden;--awb-bg-color:var(--awb-color1);--awb-bg-color-hover:var(--awb-custom_color_2);--awb-bg-size:cover;--awb-box-shadow:0px 0px 24px hsla(var(--awb-color7-h),var(--awb-color7-s),var(--awb-color7-l),calc(var(--awb-color7-a) - 40%));;--awb-border-color:var(--awb-color4);--awb-border-color-hover:var(--awb-color7);--awb-border-top:1px;--awb-border-right:1px;--awb-border-bottom:1px;--awb-border-left:1px;--awb-border-style:solid;--awb-border-radius:6px 6px 6px 6px;--awb-flex-grow:0;--awb-flex-shrink:0;--awb-flex-grow-medium:0;--awb-flex-shrink-medium:0;--awb-flex-grow-small:0;--awb-flex-shrink-small:0;\" data-animationType=\"fadeIn\" data-animationDuration=\"1.3\" data-animationOffset=\"top-into-view\"><div class=\"fusion-column-wrapper fusion-column-has-shadow fusion-flex-justify-content-flex-start fusion-content-layout-column\"><div class=\"fusion-image-element \" style=\"--awb-aspect-ratio:16 \/ 9;--awb-margin-bottom:10px;--awb-caption-title-font-family:var(--h2_typography-font-family);--awb-caption-title-font-weight:var(--h2_typography-font-weight);--awb-caption-title-font-style:var(--h2_typography-font-style);--awb-caption-title-size:var(--h2_typography-font-size);--awb-caption-title-transform:var(--h2_typography-text-transform);--awb-caption-title-line-height:var(--h2_typography-line-height);--awb-caption-title-letter-spacing:var(--h2_typography-letter-spacing);\"><span class=\" fusion-imageframe imageframe-none imageframe-305 hover-type-none has-aspect-ratio\"><a class=\"fusion-no-lightbox\" href=\"https:\/\/www.choral-events.com\/en\/chorales\/shu-te-glee-club-choir\/\" target=\"_self\" aria-label=\"photo-site-web-Shu-Te-Taiwan-2\"><img decoding=\"async\" width=\"550\" height=\"350\" src=\"https:\/\/www.choral-events.com\/wp-content\/uploads\/2026\/03\/photo-site-web-Shu-Te-Taiwan-2.png\" class=\"img-responsive wp-image-51870 img-with-aspect-ratio\" data-parent-fit=\"cover\" data-parent-container=\".fusion-image-element\" alt srcset=\"https:\/\/www.choral-events.com\/wp-content\/uploads\/2026\/03\/photo-site-web-Shu-Te-Taiwan-2-200x127.png 200w, https:\/\/www.choral-events.com\/wp-content\/uploads\/2026\/03\/photo-site-web-Shu-Te-Taiwan-2-400x255.png 400w, https:\/\/www.choral-events.com\/wp-content\/uploads\/2026\/03\/photo-site-web-Shu-Te-Taiwan-2.png 550w\" sizes=\"(max-width: 1024px) 100vw, (max-width: 640px) 100vw, 550px\" \/><\/a><\/span><\/div><div class=\"fusion-title title fusion-title-307 fusion-sep-none fusion-title-center fusion-title-text fusion-title-size-paragraph\" style=\"--awb-text-color:var(--awb-color7);--awb-margin-top:10px;--awb-margin-right:5px;--awb-margin-bottom:10px;--awb-margin-left:5px;--awb-margin-top-small:16px;--awb-margin-right-small:0px;--awb-margin-bottom-small:10px;--awb-margin-left-small:0px;--awb-link-color:var(--awb-color7);--awb-font-size:16px;\"><p class=\"fusion-title-heading title-heading-center title-heading-tag fusion-responsive-typography-calculated\" style=\"margin:0;font-size:1em;--fontSize:16;--minFontSize:16;line-height:1.6;\"><a href=\"https:\/\/www.choral-events.com\/en\/chorales\/shu-te-glee-club-choir\/\" class=\"awb-custom-text-color awb-custom-text-hover-color\" target=\"_self\">Shu-Te Glee Club Choir<\/a><\/p><\/div><div class=\"fusion-separator\" style=\"align-self: center;margin-left: auto;margin-right: auto;flex-grow:10;margin-top:5px;margin-bottom:10px;width:100%;max-width:70px;\"><div class=\"fusion-separator-border sep-single sep-solid\" style=\"--awb-height:20px;--awb-amount:20px;border-color:var(--awb-color2);border-top-width:1px;\"><\/div><\/div><div class=\"fusion-text fusion-text-306\" style=\"--awb-content-alignment:center;--awb-text-transform:capitalize;--awb-text-color:var(--awb-color4);\"><p>Taiwan<\/p>\n<\/div><\/div><\/li>\n<li class=\"fusion-layout-column fusion_builder_column fusion-builder-column-308 fusion-flex-column fusion-animated post-card fusion-grid-column fusion-post-cards-grid-column fusion-animated\" style=\"--awb-padding-bottom:5px;--awb-overflow:hidden;--awb-bg-color:var(--awb-color1);--awb-bg-color-hover:var(--awb-custom_color_2);--awb-bg-size:cover;--awb-box-shadow:0px 0px 24px hsla(var(--awb-color7-h),var(--awb-color7-s),var(--awb-color7-l),calc(var(--awb-color7-a) - 40%));;--awb-border-color:var(--awb-color4);--awb-border-color-hover:var(--awb-color7);--awb-border-top:1px;--awb-border-right:1px;--awb-border-bottom:1px;--awb-border-left:1px;--awb-border-style:solid;--awb-border-radius:6px 6px 6px 6px;--awb-flex-grow:0;--awb-flex-shrink:0;--awb-flex-grow-medium:0;--awb-flex-shrink-medium:0;--awb-flex-grow-small:0;--awb-flex-shrink-small:0;\" data-animationType=\"fadeIn\" data-animationDuration=\"1.3\" data-animationOffset=\"top-into-view\"><div class=\"fusion-column-wrapper fusion-column-has-shadow fusion-flex-justify-content-flex-start fusion-content-layout-column\"><div class=\"fusion-image-element \" style=\"--awb-aspect-ratio:16 \/ 9;--awb-margin-bottom:10px;--awb-caption-title-font-family:var(--h2_typography-font-family);--awb-caption-title-font-weight:var(--h2_typography-font-weight);--awb-caption-title-font-style:var(--h2_typography-font-style);--awb-caption-title-size:var(--h2_typography-font-size);--awb-caption-title-transform:var(--h2_typography-text-transform);--awb-caption-title-line-height:var(--h2_typography-line-height);--awb-caption-title-letter-spacing:var(--h2_typography-letter-spacing);\"><span class=\" fusion-imageframe imageframe-none imageframe-306 hover-type-none has-aspect-ratio\"><a class=\"fusion-no-lightbox\" href=\"https:\/\/www.choral-events.com\/en\/chorales\/shu-te-university-glee-club\/\" target=\"_self\" aria-label=\"Shu-Te University Glee Club\"><img decoding=\"async\" width=\"2560\" height=\"1767\" alt=\"Shu-Te University Glee Club\" src=\"https:\/\/www.choral-events.com\/wp-content\/uploads\/2025\/04\/5-scaled-1.jpg\" class=\"img-responsive wp-image-49709 img-with-aspect-ratio\" data-parent-fit=\"cover\" data-parent-container=\".fusion-image-element\" srcset=\"https:\/\/www.choral-events.com\/wp-content\/uploads\/2025\/04\/5-scaled-1-200x138.jpg 200w, https:\/\/www.choral-events.com\/wp-content\/uploads\/2025\/04\/5-scaled-1-400x276.jpg 400w, https:\/\/www.choral-events.com\/wp-content\/uploads\/2025\/04\/5-scaled-1-600x414.jpg 600w, https:\/\/www.choral-events.com\/wp-content\/uploads\/2025\/04\/5-scaled-1-800x552.jpg 800w, https:\/\/www.choral-events.com\/wp-content\/uploads\/2025\/04\/5-scaled-1-1200x828.jpg 1200w, https:\/\/www.choral-events.com\/wp-content\/uploads\/2025\/04\/5-scaled-1.jpg 2560w\" sizes=\"(max-width: 1024px) 100vw, (max-width: 640px) 100vw, 2560px\" \/><\/a><\/span><\/div><div class=\"fusion-title title fusion-title-308 fusion-sep-none fusion-title-center fusion-title-text fusion-title-size-paragraph\" style=\"--awb-text-color:var(--awb-color7);--awb-margin-top:10px;--awb-margin-right:5px;--awb-margin-bottom:10px;--awb-margin-left:5px;--awb-margin-top-small:16px;--awb-margin-right-small:0px;--awb-margin-bottom-small:10px;--awb-margin-left-small:0px;--awb-link-color:var(--awb-color7);--awb-font-size:16px;\"><p class=\"fusion-title-heading title-heading-center title-heading-tag fusion-responsive-typography-calculated\" style=\"margin:0;font-size:1em;--fontSize:16;--minFontSize:16;line-height:1.6;\"><a href=\"https:\/\/www.choral-events.com\/en\/chorales\/shu-te-university-glee-club\/\" class=\"awb-custom-text-color awb-custom-text-hover-color\" target=\"_self\">Shu-Te University Glee Club<\/a><\/p><\/div><div class=\"fusion-separator\" style=\"align-self: center;margin-left: auto;margin-right: auto;flex-grow:10;margin-top:5px;margin-bottom:10px;width:100%;max-width:70px;\"><div class=\"fusion-separator-border sep-single sep-solid\" style=\"--awb-height:20px;--awb-amount:20px;border-color:var(--awb-color2);border-top-width:1px;\"><\/div><\/div><div class=\"fusion-text fusion-text-307\" style=\"--awb-content-alignment:center;--awb-text-transform:capitalize;--awb-text-color:var(--awb-color4);\"><p>Taiwan<\/p>\n<\/div><\/div><\/li>\n<li class=\"fusion-layout-column fusion_builder_column fusion-builder-column-309 fusion-flex-column fusion-animated post-card fusion-grid-column fusion-post-cards-grid-column fusion-animated\" style=\"--awb-padding-bottom:5px;--awb-overflow:hidden;--awb-bg-color:var(--awb-color1);--awb-bg-color-hover:var(--awb-custom_color_2);--awb-bg-size:cover;--awb-box-shadow:0px 0px 24px hsla(var(--awb-color7-h),var(--awb-color7-s),var(--awb-color7-l),calc(var(--awb-color7-a) - 40%));;--awb-border-color:var(--awb-color4);--awb-border-color-hover:var(--awb-color7);--awb-border-top:1px;--awb-border-right:1px;--awb-border-bottom:1px;--awb-border-left:1px;--awb-border-style:solid;--awb-border-radius:6px 6px 6px 6px;--awb-flex-grow:0;--awb-flex-shrink:0;--awb-flex-grow-medium:0;--awb-flex-shrink-medium:0;--awb-flex-grow-small:0;--awb-flex-shrink-small:0;\" data-animationType=\"fadeIn\" data-animationDuration=\"1.3\" data-animationOffset=\"top-into-view\"><div class=\"fusion-column-wrapper fusion-column-has-shadow fusion-flex-justify-content-flex-start fusion-content-layout-column\"><div class=\"fusion-image-element \" style=\"--awb-aspect-ratio:16 \/ 9;--awb-margin-bottom:10px;--awb-caption-title-font-family:var(--h2_typography-font-family);--awb-caption-title-font-weight:var(--h2_typography-font-weight);--awb-caption-title-font-style:var(--h2_typography-font-style);--awb-caption-title-size:var(--h2_typography-font-size);--awb-caption-title-transform:var(--h2_typography-text-transform);--awb-caption-title-line-height:var(--h2_typography-line-height);--awb-caption-title-letter-spacing:var(--h2_typography-letter-spacing);\"><span class=\" fusion-imageframe imageframe-none imageframe-307 hover-type-none has-aspect-ratio\"><a class=\"fusion-no-lightbox\" href=\"https:\/\/www.choral-events.com\/en\/chorales\/soderkoping-gospel\/\" target=\"_self\" aria-label=\"photo gospel suede 1\"><img decoding=\"async\" width=\"960\" height=\"508\" src=\"https:\/\/www.choral-events.com\/wp-content\/uploads\/2026\/03\/photo-gospel-suede-1.jpg\" class=\"img-responsive wp-image-51373 img-with-aspect-ratio\" data-parent-fit=\"cover\" data-parent-container=\".fusion-image-element\" alt srcset=\"https:\/\/www.choral-events.com\/wp-content\/uploads\/2026\/03\/photo-gospel-suede-1-200x106.jpg 200w, https:\/\/www.choral-events.com\/wp-content\/uploads\/2026\/03\/photo-gospel-suede-1-400x212.jpg 400w, https:\/\/www.choral-events.com\/wp-content\/uploads\/2026\/03\/photo-gospel-suede-1-600x318.jpg 600w, https:\/\/www.choral-events.com\/wp-content\/uploads\/2026\/03\/photo-gospel-suede-1-800x423.jpg 800w, https:\/\/www.choral-events.com\/wp-content\/uploads\/2026\/03\/photo-gospel-suede-1.jpg 960w\" sizes=\"(max-width: 1024px) 100vw, (max-width: 640px) 100vw, 960px\" \/><\/a><\/span><\/div><div class=\"fusion-title title fusion-title-309 fusion-sep-none fusion-title-center fusion-title-text fusion-title-size-paragraph\" style=\"--awb-text-color:var(--awb-color7);--awb-margin-top:10px;--awb-margin-right:5px;--awb-margin-bottom:10px;--awb-margin-left:5px;--awb-margin-top-small:16px;--awb-margin-right-small:0px;--awb-margin-bottom-small:10px;--awb-margin-left-small:0px;--awb-link-color:var(--awb-color7);--awb-font-size:16px;\"><p class=\"fusion-title-heading title-heading-center title-heading-tag fusion-responsive-typography-calculated\" style=\"margin:0;font-size:1em;--fontSize:16;--minFontSize:16;line-height:1.6;\"><a href=\"https:\/\/www.choral-events.com\/en\/chorales\/soderkoping-gospel\/\" class=\"awb-custom-text-color awb-custom-text-hover-color\" target=\"_self\">S\u00f6derk\u00f6ping Gospel<\/a><\/p><\/div><div class=\"fusion-separator\" style=\"align-self: center;margin-left: auto;margin-right: auto;flex-grow:10;margin-top:5px;margin-bottom:10px;width:100%;max-width:70px;\"><div class=\"fusion-separator-border sep-single sep-solid\" style=\"--awb-height:20px;--awb-amount:20px;border-color:var(--awb-color2);border-top-width:1px;\"><\/div><\/div><div class=\"fusion-text fusion-text-308\" style=\"--awb-content-alignment:center;--awb-text-transform:capitalize;--awb-text-color:var(--awb-color4);\"><p>Su\u00e8de<\/p>\n<\/div><\/div><\/li>\n<li class=\"fusion-layout-column fusion_builder_column fusion-builder-column-310 fusion-flex-column fusion-animated post-card fusion-grid-column fusion-post-cards-grid-column fusion-animated\" style=\"--awb-padding-bottom:5px;--awb-overflow:hidden;--awb-bg-color:var(--awb-color1);--awb-bg-color-hover:var(--awb-custom_color_2);--awb-bg-size:cover;--awb-box-shadow:0px 0px 24px hsla(var(--awb-color7-h),var(--awb-color7-s),var(--awb-color7-l),calc(var(--awb-color7-a) - 40%));;--awb-border-color:var(--awb-color4);--awb-border-color-hover:var(--awb-color7);--awb-border-top:1px;--awb-border-right:1px;--awb-border-bottom:1px;--awb-border-left:1px;--awb-border-style:solid;--awb-border-radius:6px 6px 6px 6px;--awb-flex-grow:0;--awb-flex-shrink:0;--awb-flex-grow-medium:0;--awb-flex-shrink-medium:0;--awb-flex-grow-small:0;--awb-flex-shrink-small:0;\" data-animationType=\"fadeIn\" data-animationDuration=\"1.3\" data-animationOffset=\"top-into-view\"><div class=\"fusion-column-wrapper fusion-column-has-shadow fusion-flex-justify-content-flex-start fusion-content-layout-column\"><div class=\"fusion-image-element \" style=\"--awb-aspect-ratio:16 \/ 9;--awb-margin-bottom:10px;--awb-caption-title-font-family:var(--h2_typography-font-family);--awb-caption-title-font-weight:var(--h2_typography-font-weight);--awb-caption-title-font-style:var(--h2_typography-font-style);--awb-caption-title-size:var(--h2_typography-font-size);--awb-caption-title-transform:var(--h2_typography-text-transform);--awb-caption-title-line-height:var(--h2_typography-line-height);--awb-caption-title-letter-spacing:var(--h2_typography-letter-spacing);\"><span class=\" fusion-imageframe imageframe-none imageframe-308 hover-type-none has-aspect-ratio\"><a class=\"fusion-no-lightbox\" href=\"https:\/\/www.choral-events.com\/en\/chorales\/spurrell-studio-choir\/\" target=\"_self\" aria-label=\"Spurrell-Studio-photo-page-web-1\"><img decoding=\"async\" width=\"550\" height=\"350\" src=\"https:\/\/www.choral-events.com\/wp-content\/uploads\/2026\/03\/Spurrell-Studio-photo-page-web-1.png\" class=\"img-responsive wp-image-51874 img-with-aspect-ratio\" data-parent-fit=\"cover\" data-parent-container=\".fusion-image-element\" alt srcset=\"https:\/\/www.choral-events.com\/wp-content\/uploads\/2026\/03\/Spurrell-Studio-photo-page-web-1-200x127.png 200w, https:\/\/www.choral-events.com\/wp-content\/uploads\/2026\/03\/Spurrell-Studio-photo-page-web-1-400x255.png 400w, https:\/\/www.choral-events.com\/wp-content\/uploads\/2026\/03\/Spurrell-Studio-photo-page-web-1.png 550w\" sizes=\"(max-width: 1024px) 100vw, (max-width: 640px) 100vw, 550px\" \/><\/a><\/span><\/div><div class=\"fusion-title title fusion-title-310 fusion-sep-none fusion-title-center fusion-title-text fusion-title-size-paragraph\" style=\"--awb-text-color:var(--awb-color7);--awb-margin-top:10px;--awb-margin-right:5px;--awb-margin-bottom:10px;--awb-margin-left:5px;--awb-margin-top-small:16px;--awb-margin-right-small:0px;--awb-margin-bottom-small:10px;--awb-margin-left-small:0px;--awb-link-color:var(--awb-color7);--awb-font-size:16px;\"><p class=\"fusion-title-heading title-heading-center title-heading-tag fusion-responsive-typography-calculated\" style=\"margin:0;font-size:1em;--fontSize:16;--minFontSize:16;line-height:1.6;\"><a href=\"https:\/\/www.choral-events.com\/en\/chorales\/spurrell-studio-choir\/\" class=\"awb-custom-text-color awb-custom-text-hover-color\" target=\"_self\">Spurrell Studio Choir<\/a><\/p><\/div><div class=\"fusion-separator\" style=\"align-self: center;margin-left: auto;margin-right: auto;flex-grow:10;margin-top:5px;margin-bottom:10px;width:100%;max-width:70px;\"><div class=\"fusion-separator-border sep-single sep-solid\" style=\"--awb-height:20px;--awb-amount:20px;border-color:var(--awb-color2);border-top-width:1px;\"><\/div><\/div><div class=\"fusion-text fusion-text-309\" style=\"--awb-content-alignment:center;--awb-text-transform:capitalize;--awb-text-color:var(--awb-color4);\"><p>Canada<\/p>\n<\/div><\/div><\/li>\n<li class=\"fusion-layout-column fusion_builder_column fusion-builder-column-311 fusion-flex-column fusion-animated post-card fusion-grid-column fusion-post-cards-grid-column fusion-animated\" style=\"--awb-padding-bottom:5px;--awb-overflow:hidden;--awb-bg-color:var(--awb-color1);--awb-bg-color-hover:var(--awb-custom_color_2);--awb-bg-size:cover;--awb-box-shadow:0px 0px 24px hsla(var(--awb-color7-h),var(--awb-color7-s),var(--awb-color7-l),calc(var(--awb-color7-a) - 40%));;--awb-border-color:var(--awb-color4);--awb-border-color-hover:var(--awb-color7);--awb-border-top:1px;--awb-border-right:1px;--awb-border-bottom:1px;--awb-border-left:1px;--awb-border-style:solid;--awb-border-radius:6px 6px 6px 6px;--awb-flex-grow:0;--awb-flex-shrink:0;--awb-flex-grow-medium:0;--awb-flex-shrink-medium:0;--awb-flex-grow-small:0;--awb-flex-shrink-small:0;\" data-animationType=\"fadeIn\" data-animationDuration=\"1.3\" data-animationOffset=\"top-into-view\"><div class=\"fusion-column-wrapper fusion-column-has-shadow fusion-flex-justify-content-flex-start fusion-content-layout-column\"><div class=\"fusion-image-element \" style=\"--awb-aspect-ratio:16 \/ 9;--awb-margin-bottom:10px;--awb-caption-title-font-family:var(--h2_typography-font-family);--awb-caption-title-font-weight:var(--h2_typography-font-weight);--awb-caption-title-font-style:var(--h2_typography-font-style);--awb-caption-title-size:var(--h2_typography-font-size);--awb-caption-title-transform:var(--h2_typography-text-transform);--awb-caption-title-line-height:var(--h2_typography-line-height);--awb-caption-title-letter-spacing:var(--h2_typography-letter-spacing);\"><span class=\" fusion-imageframe imageframe-none imageframe-309 hover-type-none has-aspect-ratio\"><a class=\"fusion-no-lightbox\" href=\"https:\/\/www.choral-events.com\/en\/chorales\/st-marys-singers\/\" target=\"_self\" aria-label=\"St Mary\u2019s Singers \u2013 South Africa\"><img decoding=\"async\" width=\"9000\" height=\"6000\" alt=\"St Mary\u2019s Singers \u2013 South Africa\" src=\"https:\/\/www.choral-events.com\/wp-content\/uploads\/2025\/01\/HighSchoolStMarys1-146.jpg\" class=\"img-responsive wp-image-49683 img-with-aspect-ratio\" data-parent-fit=\"cover\" data-parent-container=\".fusion-image-element\" srcset=\"https:\/\/www.choral-events.com\/wp-content\/uploads\/2025\/01\/HighSchoolStMarys1-146-200x133.jpg 200w, https:\/\/www.choral-events.com\/wp-content\/uploads\/2025\/01\/HighSchoolStMarys1-146-400x267.jpg 400w, https:\/\/www.choral-events.com\/wp-content\/uploads\/2025\/01\/HighSchoolStMarys1-146-600x400.jpg 600w, https:\/\/www.choral-events.com\/wp-content\/uploads\/2025\/01\/HighSchoolStMarys1-146-800x533.jpg 800w, https:\/\/www.choral-events.com\/wp-content\/uploads\/2025\/01\/HighSchoolStMarys1-146-1200x800.jpg 1200w, https:\/\/www.choral-events.com\/wp-content\/uploads\/2025\/01\/HighSchoolStMarys1-146.jpg 9000w\" sizes=\"(max-width: 1024px) 100vw, (max-width: 640px) 100vw, 9000px\" \/><\/a><\/span><\/div><div class=\"fusion-title title fusion-title-311 fusion-sep-none fusion-title-center fusion-title-text fusion-title-size-paragraph\" style=\"--awb-text-color:var(--awb-color7);--awb-margin-top:10px;--awb-margin-right:5px;--awb-margin-bottom:10px;--awb-margin-left:5px;--awb-margin-top-small:16px;--awb-margin-right-small:0px;--awb-margin-bottom-small:10px;--awb-margin-left-small:0px;--awb-link-color:var(--awb-color7);--awb-font-size:16px;\"><p class=\"fusion-title-heading title-heading-center title-heading-tag fusion-responsive-typography-calculated\" style=\"margin:0;font-size:1em;--fontSize:16;--minFontSize:16;line-height:1.6;\"><a href=\"https:\/\/www.choral-events.com\/en\/chorales\/st-marys-singers\/\" class=\"awb-custom-text-color awb-custom-text-hover-color\" target=\"_self\">St Mary\u2019s Singers<\/a><\/p><\/div><div class=\"fusion-separator\" style=\"align-self: center;margin-left: auto;margin-right: auto;flex-grow:10;margin-top:5px;margin-bottom:10px;width:100%;max-width:70px;\"><div class=\"fusion-separator-border sep-single sep-solid\" style=\"--awb-height:20px;--awb-amount:20px;border-color:var(--awb-color2);border-top-width:1px;\"><\/div><\/div><div class=\"fusion-text fusion-text-310\" style=\"--awb-content-alignment:center;--awb-text-transform:capitalize;--awb-text-color:var(--awb-color4);\"><p>South Africa<\/p>\n<\/div><\/div><\/li>\n<li class=\"fusion-layout-column fusion_builder_column fusion-builder-column-312 fusion-flex-column fusion-animated post-card fusion-grid-column fusion-post-cards-grid-column fusion-animated\" style=\"--awb-padding-bottom:5px;--awb-overflow:hidden;--awb-bg-color:var(--awb-color1);--awb-bg-color-hover:var(--awb-custom_color_2);--awb-bg-size:cover;--awb-box-shadow:0px 0px 24px hsla(var(--awb-color7-h),var(--awb-color7-s),var(--awb-color7-l),calc(var(--awb-color7-a) - 40%));;--awb-border-color:var(--awb-color4);--awb-border-color-hover:var(--awb-color7);--awb-border-top:1px;--awb-border-right:1px;--awb-border-bottom:1px;--awb-border-left:1px;--awb-border-style:solid;--awb-border-radius:6px 6px 6px 6px;--awb-flex-grow:0;--awb-flex-shrink:0;--awb-flex-grow-medium:0;--awb-flex-shrink-medium:0;--awb-flex-grow-small:0;--awb-flex-shrink-small:0;\" data-animationType=\"fadeIn\" data-animationDuration=\"1.3\" data-animationOffset=\"top-into-view\"><div class=\"fusion-column-wrapper fusion-column-has-shadow fusion-flex-justify-content-flex-start fusion-content-layout-column\"><div class=\"fusion-image-element \" style=\"--awb-aspect-ratio:16 \/ 9;--awb-margin-bottom:10px;--awb-caption-title-font-family:var(--h2_typography-font-family);--awb-caption-title-font-weight:var(--h2_typography-font-weight);--awb-caption-title-font-style:var(--h2_typography-font-style);--awb-caption-title-size:var(--h2_typography-font-size);--awb-caption-title-transform:var(--h2_typography-text-transform);--awb-caption-title-line-height:var(--h2_typography-line-height);--awb-caption-title-letter-spacing:var(--h2_typography-letter-spacing);\"><span class=\" fusion-imageframe imageframe-none imageframe-310 hover-type-none has-aspect-ratio\"><a class=\"fusion-no-lightbox\" href=\"https:\/\/www.choral-events.com\/en\/chorales\/talasumche-childrens-choir\/\" target=\"_self\" aria-label=\"Talamunshe-photo-page-web-1\"><img decoding=\"async\" width=\"550\" height=\"350\" src=\"https:\/\/www.choral-events.com\/wp-content\/uploads\/2026\/03\/Talamunshe-photo-page-web-1.png\" class=\"img-responsive wp-image-51878 img-with-aspect-ratio\" data-parent-fit=\"cover\" data-parent-container=\".fusion-image-element\" alt srcset=\"https:\/\/www.choral-events.com\/wp-content\/uploads\/2026\/03\/Talamunshe-photo-page-web-1-200x127.png 200w, https:\/\/www.choral-events.com\/wp-content\/uploads\/2026\/03\/Talamunshe-photo-page-web-1-400x255.png 400w, https:\/\/www.choral-events.com\/wp-content\/uploads\/2026\/03\/Talamunshe-photo-page-web-1.png 550w\" sizes=\"(max-width: 1024px) 100vw, (max-width: 640px) 100vw, 550px\" \/><\/a><\/span><\/div><div class=\"fusion-title title fusion-title-312 fusion-sep-none fusion-title-center fusion-title-text fusion-title-size-paragraph\" style=\"--awb-text-color:var(--awb-color7);--awb-margin-top:10px;--awb-margin-right:5px;--awb-margin-bottom:10px;--awb-margin-left:5px;--awb-margin-top-small:16px;--awb-margin-right-small:0px;--awb-margin-bottom-small:10px;--awb-margin-left-small:0px;--awb-link-color:var(--awb-color7);--awb-font-size:16px;\"><p class=\"fusion-title-heading title-heading-center title-heading-tag fusion-responsive-typography-calculated\" style=\"margin:0;font-size:1em;--fontSize:16;--minFontSize:16;line-height:1.6;\"><a href=\"https:\/\/www.choral-events.com\/en\/chorales\/talasumche-childrens-choir\/\" class=\"awb-custom-text-color awb-custom-text-hover-color\" target=\"_self\">Talasumche Children&#8217;s Choir<\/a><\/p><\/div><div class=\"fusion-separator\" style=\"align-self: center;margin-left: auto;margin-right: auto;flex-grow:10;margin-top:5px;margin-bottom:10px;width:100%;max-width:70px;\"><div class=\"fusion-separator-border sep-single sep-solid\" style=\"--awb-height:20px;--awb-amount:20px;border-color:var(--awb-color2);border-top-width:1px;\"><\/div><\/div><div class=\"fusion-text fusion-text-311\" style=\"--awb-content-alignment:center;--awb-text-transform:capitalize;--awb-text-color:var(--awb-color4);\"><p>Bulgarie<\/p>\n<\/div><\/div><\/li>\n<li class=\"fusion-layout-column fusion_builder_column fusion-builder-column-313 fusion-flex-column fusion-animated post-card fusion-grid-column fusion-post-cards-grid-column fusion-animated\" style=\"--awb-padding-bottom:5px;--awb-overflow:hidden;--awb-bg-color:var(--awb-color1);--awb-bg-color-hover:var(--awb-custom_color_2);--awb-bg-size:cover;--awb-box-shadow:0px 0px 24px hsla(var(--awb-color7-h),var(--awb-color7-s),var(--awb-color7-l),calc(var(--awb-color7-a) - 40%));;--awb-border-color:var(--awb-color4);--awb-border-color-hover:var(--awb-color7);--awb-border-top:1px;--awb-border-right:1px;--awb-border-bottom:1px;--awb-border-left:1px;--awb-border-style:solid;--awb-border-radius:6px 6px 6px 6px;--awb-flex-grow:0;--awb-flex-shrink:0;--awb-flex-grow-medium:0;--awb-flex-shrink-medium:0;--awb-flex-grow-small:0;--awb-flex-shrink-small:0;\" data-animationType=\"fadeIn\" data-animationDuration=\"1.3\" data-animationOffset=\"top-into-view\"><div class=\"fusion-column-wrapper fusion-column-has-shadow fusion-flex-justify-content-flex-start fusion-content-layout-column\"><div class=\"fusion-image-element \" style=\"--awb-aspect-ratio:16 \/ 9;--awb-margin-bottom:10px;--awb-caption-title-font-family:var(--h2_typography-font-family);--awb-caption-title-font-weight:var(--h2_typography-font-weight);--awb-caption-title-font-style:var(--h2_typography-font-style);--awb-caption-title-size:var(--h2_typography-font-size);--awb-caption-title-transform:var(--h2_typography-text-transform);--awb-caption-title-line-height:var(--h2_typography-line-height);--awb-caption-title-letter-spacing:var(--h2_typography-letter-spacing);\"><span class=\" fusion-imageframe imageframe-none imageframe-311 hover-type-none has-aspect-ratio\"><a class=\"fusion-no-lightbox\" href=\"https:\/\/www.choral-events.com\/en\/chorales\/the-barberettes\/\" target=\"_self\" aria-label=\"The Barberettes Reading Choir \u2013 England\"><img decoding=\"async\" width=\"1080\" height=\"720\" alt=\"The Barberettes Reading Choir \u2013 England\" src=\"https:\/\/www.choral-events.com\/wp-content\/uploads\/2025\/01\/410591651_932578805095744_8476990544104536018_n.jpg\" class=\"img-responsive wp-image-49687 img-with-aspect-ratio\" data-parent-fit=\"cover\" data-parent-container=\".fusion-image-element\" srcset=\"https:\/\/www.choral-events.com\/wp-content\/uploads\/2025\/01\/410591651_932578805095744_8476990544104536018_n-200x133.jpg 200w, https:\/\/www.choral-events.com\/wp-content\/uploads\/2025\/01\/410591651_932578805095744_8476990544104536018_n-400x267.jpg 400w, https:\/\/www.choral-events.com\/wp-content\/uploads\/2025\/01\/410591651_932578805095744_8476990544104536018_n-600x400.jpg 600w, https:\/\/www.choral-events.com\/wp-content\/uploads\/2025\/01\/410591651_932578805095744_8476990544104536018_n-800x533.jpg 800w, https:\/\/www.choral-events.com\/wp-content\/uploads\/2025\/01\/410591651_932578805095744_8476990544104536018_n.jpg 1080w\" sizes=\"(max-width: 1024px) 100vw, (max-width: 640px) 100vw, 1080px\" \/><\/a><\/span><\/div><div class=\"fusion-title title fusion-title-313 fusion-sep-none fusion-title-center fusion-title-text fusion-title-size-paragraph\" style=\"--awb-text-color:var(--awb-color7);--awb-margin-top:10px;--awb-margin-right:5px;--awb-margin-bottom:10px;--awb-margin-left:5px;--awb-margin-top-small:16px;--awb-margin-right-small:0px;--awb-margin-bottom-small:10px;--awb-margin-left-small:0px;--awb-link-color:var(--awb-color7);--awb-font-size:16px;\"><p class=\"fusion-title-heading title-heading-center title-heading-tag fusion-responsive-typography-calculated\" style=\"margin:0;font-size:1em;--fontSize:16;--minFontSize:16;line-height:1.6;\"><a href=\"https:\/\/www.choral-events.com\/en\/chorales\/the-barberettes\/\" class=\"awb-custom-text-color awb-custom-text-hover-color\" target=\"_self\">The Barberettes<\/a><\/p><\/div><div class=\"fusion-separator\" style=\"align-self: center;margin-left: auto;margin-right: auto;flex-grow:10;margin-top:5px;margin-bottom:10px;width:100%;max-width:70px;\"><div class=\"fusion-separator-border sep-single sep-solid\" style=\"--awb-height:20px;--awb-amount:20px;border-color:var(--awb-color2);border-top-width:1px;\"><\/div><\/div><div class=\"fusion-text fusion-text-312\" style=\"--awb-content-alignment:center;--awb-text-transform:capitalize;--awb-text-color:var(--awb-color4);\"><p>England<\/p>\n<\/div><\/div><\/li>\n<li class=\"fusion-layout-column fusion_builder_column fusion-builder-column-314 fusion-flex-column fusion-animated post-card fusion-grid-column fusion-post-cards-grid-column fusion-animated\" style=\"--awb-padding-bottom:5px;--awb-overflow:hidden;--awb-bg-color:var(--awb-color1);--awb-bg-color-hover:var(--awb-custom_color_2);--awb-bg-size:cover;--awb-box-shadow:0px 0px 24px hsla(var(--awb-color7-h),var(--awb-color7-s),var(--awb-color7-l),calc(var(--awb-color7-a) - 40%));;--awb-border-color:var(--awb-color4);--awb-border-color-hover:var(--awb-color7);--awb-border-top:1px;--awb-border-right:1px;--awb-border-bottom:1px;--awb-border-left:1px;--awb-border-style:solid;--awb-border-radius:6px 6px 6px 6px;--awb-flex-grow:0;--awb-flex-shrink:0;--awb-flex-grow-medium:0;--awb-flex-shrink-medium:0;--awb-flex-grow-small:0;--awb-flex-shrink-small:0;\" data-animationType=\"fadeIn\" data-animationDuration=\"1.3\" data-animationOffset=\"top-into-view\"><div class=\"fusion-column-wrapper fusion-column-has-shadow fusion-flex-justify-content-flex-start fusion-content-layout-column\"><div class=\"fusion-image-element \" style=\"--awb-aspect-ratio:16 \/ 9;--awb-margin-bottom:10px;--awb-caption-title-font-family:var(--h2_typography-font-family);--awb-caption-title-font-weight:var(--h2_typography-font-weight);--awb-caption-title-font-style:var(--h2_typography-font-style);--awb-caption-title-size:var(--h2_typography-font-size);--awb-caption-title-transform:var(--h2_typography-text-transform);--awb-caption-title-line-height:var(--h2_typography-line-height);--awb-caption-title-letter-spacing:var(--h2_typography-letter-spacing);\"><span class=\" fusion-imageframe imageframe-none imageframe-312 hover-type-none has-aspect-ratio\"><a class=\"fusion-no-lightbox\" href=\"https:\/\/www.choral-events.com\/en\/chorales\/torshavn-chamber-choir\/\" target=\"_self\" aria-label=\"T\u00f3rshavn Chamber Choir\"><img decoding=\"async\" width=\"2048\" height=\"1536\" alt=\"A group of choristers dressed in black with touches of red in front of a spectacular coastal landscape in Scotland.\" src=\"https:\/\/www.choral-events.com\/wp-content\/uploads\/2025\/01\/462424954_8792029227527060_4892252014103665649_n.jpg\" class=\"img-responsive wp-image-49344 img-with-aspect-ratio\" data-parent-fit=\"cover\" data-parent-container=\".fusion-image-element\" srcset=\"https:\/\/www.choral-events.com\/wp-content\/uploads\/2025\/01\/462424954_8792029227527060_4892252014103665649_n-200x150.jpg 200w, https:\/\/www.choral-events.com\/wp-content\/uploads\/2025\/01\/462424954_8792029227527060_4892252014103665649_n-400x300.jpg 400w, https:\/\/www.choral-events.com\/wp-content\/uploads\/2025\/01\/462424954_8792029227527060_4892252014103665649_n-600x450.jpg 600w, https:\/\/www.choral-events.com\/wp-content\/uploads\/2025\/01\/462424954_8792029227527060_4892252014103665649_n-800x600.jpg 800w, https:\/\/www.choral-events.com\/wp-content\/uploads\/2025\/01\/462424954_8792029227527060_4892252014103665649_n-1200x900.jpg 1200w, https:\/\/www.choral-events.com\/wp-content\/uploads\/2025\/01\/462424954_8792029227527060_4892252014103665649_n.jpg 2048w\" sizes=\"(max-width: 1024px) 100vw, (max-width: 640px) 100vw, 2048px\" \/><\/a><\/span><\/div><div class=\"fusion-title title fusion-title-314 fusion-sep-none fusion-title-center fusion-title-text fusion-title-size-paragraph\" style=\"--awb-text-color:var(--awb-color7);--awb-margin-top:10px;--awb-margin-right:5px;--awb-margin-bottom:10px;--awb-margin-left:5px;--awb-margin-top-small:16px;--awb-margin-right-small:0px;--awb-margin-bottom-small:10px;--awb-margin-left-small:0px;--awb-link-color:var(--awb-color7);--awb-font-size:16px;\"><p class=\"fusion-title-heading title-heading-center title-heading-tag fusion-responsive-typography-calculated\" style=\"margin:0;font-size:1em;--fontSize:16;--minFontSize:16;line-height:1.6;\"><a href=\"https:\/\/www.choral-events.com\/en\/chorales\/torshavn-chamber-choir\/\" class=\"awb-custom-text-color awb-custom-text-hover-color\" target=\"_self\">T\u00f3rshavn Chamber Choir<\/a><\/p><\/div><div class=\"fusion-separator\" style=\"align-self: center;margin-left: auto;margin-right: auto;flex-grow:10;margin-top:5px;margin-bottom:10px;width:100%;max-width:70px;\"><div class=\"fusion-separator-border sep-single sep-solid\" style=\"--awb-height:20px;--awb-amount:20px;border-color:var(--awb-color2);border-top-width:1px;\"><\/div><\/div><div class=\"fusion-text fusion-text-313\" style=\"--awb-content-alignment:center;--awb-text-transform:capitalize;--awb-text-color:var(--awb-color4);\"><p>Faroe Islands<\/p>\n<\/div><\/div><\/li>\n<li class=\"fusion-layout-column fusion_builder_column fusion-builder-column-315 fusion-flex-column fusion-animated post-card fusion-grid-column fusion-post-cards-grid-column fusion-animated\" style=\"--awb-padding-bottom:5px;--awb-overflow:hidden;--awb-bg-color:var(--awb-color1);--awb-bg-color-hover:var(--awb-custom_color_2);--awb-bg-size:cover;--awb-box-shadow:0px 0px 24px hsla(var(--awb-color7-h),var(--awb-color7-s),var(--awb-color7-l),calc(var(--awb-color7-a) - 40%));;--awb-border-color:var(--awb-color4);--awb-border-color-hover:var(--awb-color7);--awb-border-top:1px;--awb-border-right:1px;--awb-border-bottom:1px;--awb-border-left:1px;--awb-border-style:solid;--awb-border-radius:6px 6px 6px 6px;--awb-flex-grow:0;--awb-flex-shrink:0;--awb-flex-grow-medium:0;--awb-flex-shrink-medium:0;--awb-flex-grow-small:0;--awb-flex-shrink-small:0;\" data-animationType=\"fadeIn\" data-animationDuration=\"1.3\" data-animationOffset=\"top-into-view\"><div class=\"fusion-column-wrapper fusion-column-has-shadow fusion-flex-justify-content-flex-start fusion-content-layout-column\"><div class=\"fusion-image-element \" style=\"--awb-aspect-ratio:16 \/ 9;--awb-margin-bottom:10px;--awb-caption-title-font-family:var(--h2_typography-font-family);--awb-caption-title-font-weight:var(--h2_typography-font-weight);--awb-caption-title-font-style:var(--h2_typography-font-style);--awb-caption-title-size:var(--h2_typography-font-size);--awb-caption-title-transform:var(--h2_typography-text-transform);--awb-caption-title-line-height:var(--h2_typography-line-height);--awb-caption-title-letter-spacing:var(--h2_typography-letter-spacing);\"><span class=\" fusion-imageframe imageframe-none imageframe-313 hover-type-none has-aspect-ratio\"><a class=\"fusion-no-lightbox\" href=\"https:\/\/www.choral-events.com\/en\/chorales\/ustecky-detsky-sbor\/\" target=\"_self\" aria-label=\"teaserbox_50812166\"><img decoding=\"async\" width=\"900\" height=\"675\" src=\"https:\/\/www.choral-events.com\/wp-content\/uploads\/2026\/03\/teaserbox_50812166.jpg\" class=\"img-responsive wp-image-51381 img-with-aspect-ratio\" data-parent-fit=\"cover\" data-parent-container=\".fusion-image-element\" alt srcset=\"https:\/\/www.choral-events.com\/wp-content\/uploads\/2026\/03\/teaserbox_50812166-200x150.jpg 200w, https:\/\/www.choral-events.com\/wp-content\/uploads\/2026\/03\/teaserbox_50812166-400x300.jpg 400w, https:\/\/www.choral-events.com\/wp-content\/uploads\/2026\/03\/teaserbox_50812166-600x450.jpg 600w, https:\/\/www.choral-events.com\/wp-content\/uploads\/2026\/03\/teaserbox_50812166-800x600.jpg 800w, https:\/\/www.choral-events.com\/wp-content\/uploads\/2026\/03\/teaserbox_50812166.jpg 900w\" sizes=\"(max-width: 1024px) 100vw, (max-width: 640px) 100vw, 900px\" \/><\/a><\/span><\/div><div class=\"fusion-title title fusion-title-315 fusion-sep-none fusion-title-center fusion-title-text fusion-title-size-paragraph\" style=\"--awb-text-color:var(--awb-color7);--awb-margin-top:10px;--awb-margin-right:5px;--awb-margin-bottom:10px;--awb-margin-left:5px;--awb-margin-top-small:16px;--awb-margin-right-small:0px;--awb-margin-bottom-small:10px;--awb-margin-left-small:0px;--awb-link-color:var(--awb-color7);--awb-font-size:16px;\"><p class=\"fusion-title-heading title-heading-center title-heading-tag fusion-responsive-typography-calculated\" style=\"margin:0;font-size:1em;--fontSize:16;--minFontSize:16;line-height:1.6;\"><a href=\"https:\/\/www.choral-events.com\/en\/chorales\/ustecky-detsky-sbor\/\" class=\"awb-custom-text-color awb-custom-text-hover-color\" target=\"_self\">\u00daSTECK\u00dd D\u011aTSK\u00dd SBOR<\/a><\/p><\/div><div class=\"fusion-separator\" style=\"align-self: center;margin-left: auto;margin-right: auto;flex-grow:10;margin-top:5px;margin-bottom:10px;width:100%;max-width:70px;\"><div class=\"fusion-separator-border sep-single sep-solid\" style=\"--awb-height:20px;--awb-amount:20px;border-color:var(--awb-color2);border-top-width:1px;\"><\/div><\/div><div class=\"fusion-text fusion-text-314\" style=\"--awb-content-alignment:center;--awb-text-transform:capitalize;--awb-text-color:var(--awb-color4);\"><p>R\u00e9publique Tch\u00e8que<\/p>\n<\/div><\/div><\/li>\n<li class=\"fusion-layout-column fusion_builder_column fusion-builder-column-316 fusion-flex-column fusion-animated post-card fusion-grid-column fusion-post-cards-grid-column fusion-animated\" style=\"--awb-padding-bottom:5px;--awb-overflow:hidden;--awb-bg-color:var(--awb-color1);--awb-bg-color-hover:var(--awb-custom_color_2);--awb-bg-size:cover;--awb-box-shadow:0px 0px 24px hsla(var(--awb-color7-h),var(--awb-color7-s),var(--awb-color7-l),calc(var(--awb-color7-a) - 40%));;--awb-border-color:var(--awb-color4);--awb-border-color-hover:var(--awb-color7);--awb-border-top:1px;--awb-border-right:1px;--awb-border-bottom:1px;--awb-border-left:1px;--awb-border-style:solid;--awb-border-radius:6px 6px 6px 6px;--awb-flex-grow:0;--awb-flex-shrink:0;--awb-flex-grow-medium:0;--awb-flex-shrink-medium:0;--awb-flex-grow-small:0;--awb-flex-shrink-small:0;\" data-animationType=\"fadeIn\" data-animationDuration=\"1.3\" data-animationOffset=\"top-into-view\"><div class=\"fusion-column-wrapper fusion-column-has-shadow fusion-flex-justify-content-flex-start fusion-content-layout-column\"><div class=\"fusion-image-element \" style=\"--awb-aspect-ratio:16 \/ 9;--awb-margin-bottom:10px;--awb-caption-title-font-family:var(--h2_typography-font-family);--awb-caption-title-font-weight:var(--h2_typography-font-weight);--awb-caption-title-font-style:var(--h2_typography-font-style);--awb-caption-title-size:var(--h2_typography-font-size);--awb-caption-title-transform:var(--h2_typography-text-transform);--awb-caption-title-line-height:var(--h2_typography-line-height);--awb-caption-title-letter-spacing:var(--h2_typography-letter-spacing);\"><span class=\" fusion-imageframe imageframe-none imageframe-314 hover-type-none has-aspect-ratio\"><a class=\"fusion-no-lightbox\" href=\"https:\/\/www.choral-events.com\/en\/chorales\/vancouver-youth-choir\/\" target=\"_self\" aria-label=\"photo vancouver\"><img decoding=\"async\" width=\"1000\" height=\"333\" src=\"https:\/\/www.choral-events.com\/wp-content\/uploads\/2026\/03\/photo-vancouver.jpg\" class=\"img-responsive wp-image-51393 img-with-aspect-ratio\" data-parent-fit=\"cover\" data-parent-container=\".fusion-image-element\" alt srcset=\"https:\/\/www.choral-events.com\/wp-content\/uploads\/2026\/03\/photo-vancouver-200x67.jpg 200w, https:\/\/www.choral-events.com\/wp-content\/uploads\/2026\/03\/photo-vancouver-400x133.jpg 400w, https:\/\/www.choral-events.com\/wp-content\/uploads\/2026\/03\/photo-vancouver-600x200.jpg 600w, https:\/\/www.choral-events.com\/wp-content\/uploads\/2026\/03\/photo-vancouver-800x266.jpg 800w, https:\/\/www.choral-events.com\/wp-content\/uploads\/2026\/03\/photo-vancouver.jpg 1000w\" sizes=\"(max-width: 1024px) 100vw, (max-width: 640px) 100vw, 1000px\" \/><\/a><\/span><\/div><div class=\"fusion-title title fusion-title-316 fusion-sep-none fusion-title-center fusion-title-text fusion-title-size-paragraph\" style=\"--awb-text-color:var(--awb-color7);--awb-margin-top:10px;--awb-margin-right:5px;--awb-margin-bottom:10px;--awb-margin-left:5px;--awb-margin-top-small:16px;--awb-margin-right-small:0px;--awb-margin-bottom-small:10px;--awb-margin-left-small:0px;--awb-link-color:var(--awb-color7);--awb-font-size:16px;\"><p class=\"fusion-title-heading title-heading-center title-heading-tag fusion-responsive-typography-calculated\" style=\"margin:0;font-size:1em;--fontSize:16;--minFontSize:16;line-height:1.6;\"><a href=\"https:\/\/www.choral-events.com\/en\/chorales\/vancouver-youth-choir\/\" class=\"awb-custom-text-color awb-custom-text-hover-color\" target=\"_self\">Vancouver Youth Choir<\/a><\/p><\/div><div class=\"fusion-separator\" style=\"align-self: center;margin-left: auto;margin-right: auto;flex-grow:10;margin-top:5px;margin-bottom:10px;width:100%;max-width:70px;\"><div class=\"fusion-separator-border sep-single sep-solid\" style=\"--awb-height:20px;--awb-amount:20px;border-color:var(--awb-color2);border-top-width:1px;\"><\/div><\/div><div class=\"fusion-text fusion-text-315\" style=\"--awb-content-alignment:center;--awb-text-transform:capitalize;--awb-text-color:var(--awb-color4);\"><p>Canada<\/p>\n<\/div><\/div><\/li>\n<li class=\"fusion-layout-column fusion_builder_column fusion-builder-column-317 fusion-flex-column fusion-animated post-card fusion-grid-column fusion-post-cards-grid-column fusion-animated\" style=\"--awb-padding-bottom:5px;--awb-overflow:hidden;--awb-bg-color:var(--awb-color1);--awb-bg-color-hover:var(--awb-custom_color_2);--awb-bg-size:cover;--awb-box-shadow:0px 0px 24px hsla(var(--awb-color7-h),var(--awb-color7-s),var(--awb-color7-l),calc(var(--awb-color7-a) - 40%));;--awb-border-color:var(--awb-color4);--awb-border-color-hover:var(--awb-color7);--awb-border-top:1px;--awb-border-right:1px;--awb-border-bottom:1px;--awb-border-left:1px;--awb-border-style:solid;--awb-border-radius:6px 6px 6px 6px;--awb-flex-grow:0;--awb-flex-shrink:0;--awb-flex-grow-medium:0;--awb-flex-shrink-medium:0;--awb-flex-grow-small:0;--awb-flex-shrink-small:0;\" data-animationType=\"fadeIn\" data-animationDuration=\"1.3\" data-animationOffset=\"top-into-view\"><div class=\"fusion-column-wrapper fusion-column-has-shadow fusion-flex-justify-content-flex-start fusion-content-layout-column\"><div class=\"fusion-image-element \" style=\"--awb-aspect-ratio:16 \/ 9;--awb-margin-bottom:10px;--awb-caption-title-font-family:var(--h2_typography-font-family);--awb-caption-title-font-weight:var(--h2_typography-font-weight);--awb-caption-title-font-style:var(--h2_typography-font-style);--awb-caption-title-size:var(--h2_typography-font-size);--awb-caption-title-transform:var(--h2_typography-text-transform);--awb-caption-title-line-height:var(--h2_typography-line-height);--awb-caption-title-letter-spacing:var(--h2_typography-letter-spacing);\"><span class=\" fusion-imageframe imageframe-none imageframe-315 hover-type-none has-aspect-ratio\"><a class=\"fusion-no-lightbox\" href=\"https:\/\/www.choral-events.com\/en\/chorales\/vannes-mens-choir\/\" target=\"_self\" aria-label=\"ChoraleFestival.\"><img decoding=\"async\" width=\"630\" height=\"354\" alt=\"A group of singers at an international festival in France. Vannes Men&#039;s Choir\" src=\"https:\/\/www.choral-events.com\/wp-content\/uploads\/2025\/01\/1.jpg\" class=\"img-responsive wp-image-49380 img-with-aspect-ratio\" data-parent-fit=\"cover\" data-parent-container=\".fusion-image-element\" srcset=\"https:\/\/www.choral-events.com\/wp-content\/uploads\/2025\/01\/1-200x112.jpg 200w, https:\/\/www.choral-events.com\/wp-content\/uploads\/2025\/01\/1-400x225.jpg 400w, https:\/\/www.choral-events.com\/wp-content\/uploads\/2025\/01\/1-600x337.jpg 600w, https:\/\/www.choral-events.com\/wp-content\/uploads\/2025\/01\/1.jpg 630w\" sizes=\"(max-width: 1024px) 100vw, (max-width: 640px) 100vw, 630px\" \/><\/a><\/span><\/div><div class=\"fusion-title title fusion-title-317 fusion-sep-none fusion-title-center fusion-title-text fusion-title-size-paragraph\" style=\"--awb-text-color:var(--awb-color7);--awb-margin-top:10px;--awb-margin-right:5px;--awb-margin-bottom:10px;--awb-margin-left:5px;--awb-margin-top-small:16px;--awb-margin-right-small:0px;--awb-margin-bottom-small:10px;--awb-margin-left-small:0px;--awb-link-color:var(--awb-color7);--awb-font-size:16px;\"><p class=\"fusion-title-heading title-heading-center title-heading-tag fusion-responsive-typography-calculated\" style=\"margin:0;font-size:1em;--fontSize:16;--minFontSize:16;line-height:1.6;\"><a href=\"https:\/\/www.choral-events.com\/en\/chorales\/vannes-mens-choir\/\" class=\"awb-custom-text-color awb-custom-text-hover-color\" target=\"_self\">Vannes Men&#8217;s Choir<\/a><\/p><\/div><div class=\"fusion-separator\" style=\"align-self: center;margin-left: auto;margin-right: auto;flex-grow:10;margin-top:5px;margin-bottom:10px;width:100%;max-width:70px;\"><div class=\"fusion-separator-border sep-single sep-solid\" style=\"--awb-height:20px;--awb-amount:20px;border-color:var(--awb-color2);border-top-width:1px;\"><\/div><\/div><div class=\"fusion-text fusion-text-316\" style=\"--awb-content-alignment:center;--awb-text-transform:capitalize;--awb-text-color:var(--awb-color4);\"><p>France<\/p>\n<\/div><\/div><\/li>\n<li class=\"fusion-layout-column fusion_builder_column fusion-builder-column-318 fusion-flex-column fusion-animated post-card fusion-grid-column fusion-post-cards-grid-column fusion-animated\" style=\"--awb-padding-bottom:5px;--awb-overflow:hidden;--awb-bg-color:var(--awb-color1);--awb-bg-color-hover:var(--awb-custom_color_2);--awb-bg-size:cover;--awb-box-shadow:0px 0px 24px hsla(var(--awb-color7-h),var(--awb-color7-s),var(--awb-color7-l),calc(var(--awb-color7-a) - 40%));;--awb-border-color:var(--awb-color4);--awb-border-color-hover:var(--awb-color7);--awb-border-top:1px;--awb-border-right:1px;--awb-border-bottom:1px;--awb-border-left:1px;--awb-border-style:solid;--awb-border-radius:6px 6px 6px 6px;--awb-flex-grow:0;--awb-flex-shrink:0;--awb-flex-grow-medium:0;--awb-flex-shrink-medium:0;--awb-flex-grow-small:0;--awb-flex-shrink-small:0;\" data-animationType=\"fadeIn\" data-animationDuration=\"1.3\" data-animationOffset=\"top-into-view\"><div class=\"fusion-column-wrapper fusion-column-has-shadow fusion-flex-justify-content-flex-start fusion-content-layout-column\"><div class=\"fusion-image-element \" style=\"--awb-aspect-ratio:16 \/ 9;--awb-margin-bottom:10px;--awb-caption-title-font-family:var(--h2_typography-font-family);--awb-caption-title-font-weight:var(--h2_typography-font-weight);--awb-caption-title-font-style:var(--h2_typography-font-style);--awb-caption-title-size:var(--h2_typography-font-size);--awb-caption-title-transform:var(--h2_typography-text-transform);--awb-caption-title-line-height:var(--h2_typography-line-height);--awb-caption-title-letter-spacing:var(--h2_typography-letter-spacing);\"><span class=\" fusion-imageframe imageframe-none imageframe-316 hover-type-none has-aspect-ratio\"><a class=\"fusion-no-lightbox\" href=\"https:\/\/www.choral-events.com\/en\/chorales\/vocadiva\/\" target=\"_self\" aria-label=\"Voca Diva 1\"><img decoding=\"async\" width=\"1620\" height=\"1080\" src=\"https:\/\/www.choral-events.com\/wp-content\/uploads\/2026\/03\/Voca-Diva-1.jpg\" class=\"img-responsive wp-image-51401 img-with-aspect-ratio\" data-parent-fit=\"cover\" data-parent-container=\".fusion-image-element\" alt srcset=\"https:\/\/www.choral-events.com\/wp-content\/uploads\/2026\/03\/Voca-Diva-1-200x133.jpg 200w, https:\/\/www.choral-events.com\/wp-content\/uploads\/2026\/03\/Voca-Diva-1-400x267.jpg 400w, https:\/\/www.choral-events.com\/wp-content\/uploads\/2026\/03\/Voca-Diva-1-600x400.jpg 600w, https:\/\/www.choral-events.com\/wp-content\/uploads\/2026\/03\/Voca-Diva-1-800x533.jpg 800w, https:\/\/www.choral-events.com\/wp-content\/uploads\/2026\/03\/Voca-Diva-1-1200x800.jpg 1200w, https:\/\/www.choral-events.com\/wp-content\/uploads\/2026\/03\/Voca-Diva-1.jpg 1620w\" sizes=\"(max-width: 1024px) 100vw, (max-width: 640px) 100vw, 1620px\" \/><\/a><\/span><\/div><div class=\"fusion-title title fusion-title-318 fusion-sep-none fusion-title-center fusion-title-text fusion-title-size-paragraph\" style=\"--awb-text-color:var(--awb-color7);--awb-margin-top:10px;--awb-margin-right:5px;--awb-margin-bottom:10px;--awb-margin-left:5px;--awb-margin-top-small:16px;--awb-margin-right-small:0px;--awb-margin-bottom-small:10px;--awb-margin-left-small:0px;--awb-link-color:var(--awb-color7);--awb-font-size:16px;\"><p class=\"fusion-title-heading title-heading-center title-heading-tag fusion-responsive-typography-calculated\" style=\"margin:0;font-size:1em;--fontSize:16;--minFontSize:16;line-height:1.6;\"><a href=\"https:\/\/www.choral-events.com\/en\/chorales\/vocadiva\/\" class=\"awb-custom-text-color awb-custom-text-hover-color\" target=\"_self\">Vocadiva<\/a><\/p><\/div><div class=\"fusion-separator\" style=\"align-self: center;margin-left: auto;margin-right: auto;flex-grow:10;margin-top:5px;margin-bottom:10px;width:100%;max-width:70px;\"><div class=\"fusion-separator-border sep-single sep-solid\" style=\"--awb-height:20px;--awb-amount:20px;border-color:var(--awb-color2);border-top-width:1px;\"><\/div><\/div><div class=\"fusion-text fusion-text-317\" style=\"--awb-content-alignment:center;--awb-text-transform:capitalize;--awb-text-color:var(--awb-color4);\"><p>Qu\u00e9bec<\/p>\n<\/div><\/div><\/li>\n<li class=\"fusion-layout-column fusion_builder_column fusion-builder-column-319 fusion-flex-column fusion-animated post-card fusion-grid-column fusion-post-cards-grid-column fusion-animated\" style=\"--awb-padding-bottom:5px;--awb-overflow:hidden;--awb-bg-color:var(--awb-color1);--awb-bg-color-hover:var(--awb-custom_color_2);--awb-bg-size:cover;--awb-box-shadow:0px 0px 24px hsla(var(--awb-color7-h),var(--awb-color7-s),var(--awb-color7-l),calc(var(--awb-color7-a) - 40%));;--awb-border-color:var(--awb-color4);--awb-border-color-hover:var(--awb-color7);--awb-border-top:1px;--awb-border-right:1px;--awb-border-bottom:1px;--awb-border-left:1px;--awb-border-style:solid;--awb-border-radius:6px 6px 6px 6px;--awb-flex-grow:0;--awb-flex-shrink:0;--awb-flex-grow-medium:0;--awb-flex-shrink-medium:0;--awb-flex-grow-small:0;--awb-flex-shrink-small:0;\" data-animationType=\"fadeIn\" data-animationDuration=\"1.3\" data-animationOffset=\"top-into-view\"><div class=\"fusion-column-wrapper fusion-column-has-shadow fusion-flex-justify-content-flex-start fusion-content-layout-column\"><div class=\"fusion-image-element \" style=\"--awb-aspect-ratio:16 \/ 9;--awb-margin-bottom:10px;--awb-caption-title-font-family:var(--h2_typography-font-family);--awb-caption-title-font-weight:var(--h2_typography-font-weight);--awb-caption-title-font-style:var(--h2_typography-font-style);--awb-caption-title-size:var(--h2_typography-font-size);--awb-caption-title-transform:var(--h2_typography-text-transform);--awb-caption-title-line-height:var(--h2_typography-line-height);--awb-caption-title-letter-spacing:var(--h2_typography-letter-spacing);\"><span class=\" fusion-imageframe imageframe-none imageframe-317 hover-type-none has-aspect-ratio\"><a class=\"fusion-no-lightbox\" href=\"https:\/\/www.choral-events.com\/en\/chorales\/vocal-ensemble-of-meounes\/\" target=\"_self\" aria-label=\"Vocal Ensemble of M\u00e9ounes \u2013 France\"><img decoding=\"async\" width=\"2560\" height=\"1561\" alt=\"Vocal Ensemble of M\u00e9ounes \u2013 France\" src=\"https:\/\/www.choral-events.com\/wp-content\/uploads\/2025\/02\/concert-scaled-1.jpg\" class=\"img-responsive wp-image-49288 img-with-aspect-ratio\" data-parent-fit=\"cover\" data-parent-container=\".fusion-image-element\" srcset=\"https:\/\/www.choral-events.com\/wp-content\/uploads\/2025\/02\/concert-scaled-1-200x122.jpg 200w, https:\/\/www.choral-events.com\/wp-content\/uploads\/2025\/02\/concert-scaled-1-400x244.jpg 400w, https:\/\/www.choral-events.com\/wp-content\/uploads\/2025\/02\/concert-scaled-1-600x366.jpg 600w, https:\/\/www.choral-events.com\/wp-content\/uploads\/2025\/02\/concert-scaled-1-800x488.jpg 800w, https:\/\/www.choral-events.com\/wp-content\/uploads\/2025\/02\/concert-scaled-1-1200x732.jpg 1200w, https:\/\/www.choral-events.com\/wp-content\/uploads\/2025\/02\/concert-scaled-1.jpg 2560w\" sizes=\"(max-width: 1024px) 100vw, (max-width: 640px) 100vw, 2560px\" \/><\/a><\/span><\/div><div class=\"fusion-title title fusion-title-319 fusion-sep-none fusion-title-center fusion-title-text fusion-title-size-paragraph\" style=\"--awb-text-color:var(--awb-color7);--awb-margin-top:10px;--awb-margin-right:5px;--awb-margin-bottom:10px;--awb-margin-left:5px;--awb-margin-top-small:16px;--awb-margin-right-small:0px;--awb-margin-bottom-small:10px;--awb-margin-left-small:0px;--awb-link-color:var(--awb-color7);--awb-font-size:16px;\"><p class=\"fusion-title-heading title-heading-center title-heading-tag fusion-responsive-typography-calculated\" style=\"margin:0;font-size:1em;--fontSize:16;--minFontSize:16;line-height:1.6;\"><a href=\"https:\/\/www.choral-events.com\/en\/chorales\/vocal-ensemble-of-meounes\/\" class=\"awb-custom-text-color awb-custom-text-hover-color\" target=\"_self\">Vocal Ensemble of M\u00e9ounes<\/a><\/p><\/div><div class=\"fusion-separator\" style=\"align-self: center;margin-left: auto;margin-right: auto;flex-grow:10;margin-top:5px;margin-bottom:10px;width:100%;max-width:70px;\"><div class=\"fusion-separator-border sep-single sep-solid\" style=\"--awb-height:20px;--awb-amount:20px;border-color:var(--awb-color2);border-top-width:1px;\"><\/div><\/div><div class=\"fusion-text fusion-text-318\" style=\"--awb-content-alignment:center;--awb-text-transform:capitalize;--awb-text-color:var(--awb-color4);\"><p>France<\/p>\n<\/div><\/div><\/li>\n<li class=\"fusion-layout-column fusion_builder_column fusion-builder-column-320 fusion-flex-column fusion-animated post-card fusion-grid-column fusion-post-cards-grid-column fusion-animated\" style=\"--awb-padding-bottom:5px;--awb-overflow:hidden;--awb-bg-color:var(--awb-color1);--awb-bg-color-hover:var(--awb-custom_color_2);--awb-bg-size:cover;--awb-box-shadow:0px 0px 24px hsla(var(--awb-color7-h),var(--awb-color7-s),var(--awb-color7-l),calc(var(--awb-color7-a) - 40%));;--awb-border-color:var(--awb-color4);--awb-border-color-hover:var(--awb-color7);--awb-border-top:1px;--awb-border-right:1px;--awb-border-bottom:1px;--awb-border-left:1px;--awb-border-style:solid;--awb-border-radius:6px 6px 6px 6px;--awb-flex-grow:0;--awb-flex-shrink:0;--awb-flex-grow-medium:0;--awb-flex-shrink-medium:0;--awb-flex-grow-small:0;--awb-flex-shrink-small:0;\" data-animationType=\"fadeIn\" data-animationDuration=\"1.3\" data-animationOffset=\"top-into-view\"><div class=\"fusion-column-wrapper fusion-column-has-shadow fusion-flex-justify-content-flex-start fusion-content-layout-column\"><div class=\"fusion-image-element \" style=\"--awb-aspect-ratio:16 \/ 9;--awb-margin-bottom:10px;--awb-caption-title-font-family:var(--h2_typography-font-family);--awb-caption-title-font-weight:var(--h2_typography-font-weight);--awb-caption-title-font-style:var(--h2_typography-font-style);--awb-caption-title-size:var(--h2_typography-font-size);--awb-caption-title-transform:var(--h2_typography-text-transform);--awb-caption-title-line-height:var(--h2_typography-line-height);--awb-caption-title-letter-spacing:var(--h2_typography-letter-spacing);\"><span class=\" fusion-imageframe imageframe-none imageframe-318 hover-type-none has-aspect-ratio\"><a class=\"fusion-no-lightbox\" href=\"https:\/\/www.choral-events.com\/en\/chorales\/vrije-universiteit-kamerkoor\/\" target=\"_self\" aria-label=\"vu-kamerkoor-krista-audere-2-550&#215;350\"><img decoding=\"async\" width=\"550\" height=\"350\" src=\"https:\/\/www.choral-events.com\/wp-content\/uploads\/2026\/03\/vu-kamerkoor-krista-audere-2-550x350-1.jpeg\" class=\"img-responsive wp-image-51409 img-with-aspect-ratio\" data-parent-fit=\"cover\" data-parent-container=\".fusion-image-element\" alt srcset=\"https:\/\/www.choral-events.com\/wp-content\/uploads\/2026\/03\/vu-kamerkoor-krista-audere-2-550x350-1-200x127.jpeg 200w, https:\/\/www.choral-events.com\/wp-content\/uploads\/2026\/03\/vu-kamerkoor-krista-audere-2-550x350-1-400x255.jpeg 400w, https:\/\/www.choral-events.com\/wp-content\/uploads\/2026\/03\/vu-kamerkoor-krista-audere-2-550x350-1.jpeg 550w\" sizes=\"(max-width: 1024px) 100vw, (max-width: 640px) 100vw, 550px\" \/><\/a><\/span><\/div><div class=\"fusion-title title fusion-title-320 fusion-sep-none fusion-title-center fusion-title-text fusion-title-size-paragraph\" style=\"--awb-text-color:var(--awb-color7);--awb-margin-top:10px;--awb-margin-right:5px;--awb-margin-bottom:10px;--awb-margin-left:5px;--awb-margin-top-small:16px;--awb-margin-right-small:0px;--awb-margin-bottom-small:10px;--awb-margin-left-small:0px;--awb-link-color:var(--awb-color7);--awb-font-size:16px;\"><p class=\"fusion-title-heading title-heading-center title-heading-tag fusion-responsive-typography-calculated\" style=\"margin:0;font-size:1em;--fontSize:16;--minFontSize:16;line-height:1.6;\"><a href=\"https:\/\/www.choral-events.com\/en\/chorales\/vrije-universiteit-kamerkoor\/\" class=\"awb-custom-text-color awb-custom-text-hover-color\" target=\"_self\">Vrije Universiteit Kamerkoor<\/a><\/p><\/div><div class=\"fusion-separator\" style=\"align-self: center;margin-left: auto;margin-right: auto;flex-grow:10;margin-top:5px;margin-bottom:10px;width:100%;max-width:70px;\"><div class=\"fusion-separator-border sep-single sep-solid\" style=\"--awb-height:20px;--awb-amount:20px;border-color:var(--awb-color2);border-top-width:1px;\"><\/div><\/div><div class=\"fusion-text fusion-text-319\" style=\"--awb-content-alignment:center;--awb-text-transform:capitalize;--awb-text-color:var(--awb-color4);\"><p>Pays-Bas<\/p>\n<\/div><\/div><\/li>\n<li class=\"fusion-layout-column fusion_builder_column fusion-builder-column-321 fusion-flex-column fusion-animated post-card fusion-grid-column fusion-post-cards-grid-column fusion-animated\" style=\"--awb-padding-bottom:5px;--awb-overflow:hidden;--awb-bg-color:var(--awb-color1);--awb-bg-color-hover:var(--awb-custom_color_2);--awb-bg-size:cover;--awb-box-shadow:0px 0px 24px hsla(var(--awb-color7-h),var(--awb-color7-s),var(--awb-color7-l),calc(var(--awb-color7-a) - 40%));;--awb-border-color:var(--awb-color4);--awb-border-color-hover:var(--awb-color7);--awb-border-top:1px;--awb-border-right:1px;--awb-border-bottom:1px;--awb-border-left:1px;--awb-border-style:solid;--awb-border-radius:6px 6px 6px 6px;--awb-flex-grow:0;--awb-flex-shrink:0;--awb-flex-grow-medium:0;--awb-flex-shrink-medium:0;--awb-flex-grow-small:0;--awb-flex-shrink-small:0;\" data-animationType=\"fadeIn\" data-animationDuration=\"1.3\" data-animationOffset=\"top-into-view\"><div class=\"fusion-column-wrapper fusion-column-has-shadow fusion-flex-justify-content-flex-start fusion-content-layout-column\"><div class=\"fusion-image-element \" style=\"--awb-aspect-ratio:16 \/ 9;--awb-margin-bottom:10px;--awb-caption-title-font-family:var(--h2_typography-font-family);--awb-caption-title-font-weight:var(--h2_typography-font-weight);--awb-caption-title-font-style:var(--h2_typography-font-style);--awb-caption-title-size:var(--h2_typography-font-size);--awb-caption-title-transform:var(--h2_typography-text-transform);--awb-caption-title-line-height:var(--h2_typography-line-height);--awb-caption-title-letter-spacing:var(--h2_typography-letter-spacing);\"><span class=\" fusion-imageframe imageframe-none imageframe-319 hover-type-none has-aspect-ratio\"><a class=\"fusion-no-lightbox\" href=\"https:\/\/www.choral-events.com\/en\/chorales\/youth-choir-furiale\/\" target=\"_self\" aria-label=\"Furiale Youth Choir &#8211; Belgium\"><img decoding=\"async\" width=\"2560\" height=\"1031\" alt=\"Choir, festival, amateurs, France, Europe, 25 years.\" src=\"https:\/\/www.choral-events.com\/wp-content\/uploads\/2025\/01\/Furiale-2024-2-scaled-1.jpg\" class=\"img-responsive wp-image-49301 img-with-aspect-ratio\" data-parent-fit=\"cover\" data-parent-container=\".fusion-image-element\" srcset=\"https:\/\/www.choral-events.com\/wp-content\/uploads\/2025\/01\/Furiale-2024-2-scaled-1-200x81.jpg 200w, https:\/\/www.choral-events.com\/wp-content\/uploads\/2025\/01\/Furiale-2024-2-scaled-1-400x161.jpg 400w, https:\/\/www.choral-events.com\/wp-content\/uploads\/2025\/01\/Furiale-2024-2-scaled-1-600x242.jpg 600w, https:\/\/www.choral-events.com\/wp-content\/uploads\/2025\/01\/Furiale-2024-2-scaled-1-800x322.jpg 800w, https:\/\/www.choral-events.com\/wp-content\/uploads\/2025\/01\/Furiale-2024-2-scaled-1-1200x483.jpg 1200w, https:\/\/www.choral-events.com\/wp-content\/uploads\/2025\/01\/Furiale-2024-2-scaled-1.jpg 2560w\" sizes=\"(max-width: 1024px) 100vw, (max-width: 640px) 100vw, 2560px\" \/><\/a><\/span><\/div><div class=\"fusion-title title fusion-title-321 fusion-sep-none fusion-title-center fusion-title-text fusion-title-size-paragraph\" style=\"--awb-text-color:var(--awb-color7);--awb-margin-top:10px;--awb-margin-right:5px;--awb-margin-bottom:10px;--awb-margin-left:5px;--awb-margin-top-small:16px;--awb-margin-right-small:0px;--awb-margin-bottom-small:10px;--awb-margin-left-small:0px;--awb-link-color:var(--awb-color7);--awb-font-size:16px;\"><p class=\"fusion-title-heading title-heading-center title-heading-tag fusion-responsive-typography-calculated\" style=\"margin:0;font-size:1em;--fontSize:16;--minFontSize:16;line-height:1.6;\"><a href=\"https:\/\/www.choral-events.com\/en\/chorales\/youth-choir-furiale\/\" class=\"awb-custom-text-color awb-custom-text-hover-color\" target=\"_self\">Youth Choir Furiale<\/a><\/p><\/div><div class=\"fusion-separator\" style=\"align-self: center;margin-left: auto;margin-right: auto;flex-grow:10;margin-top:5px;margin-bottom:10px;width:100%;max-width:70px;\"><div class=\"fusion-separator-border sep-single sep-solid\" style=\"--awb-height:20px;--awb-amount:20px;border-color:var(--awb-color2);border-top-width:1px;\"><\/div><\/div><div class=\"fusion-text fusion-text-320\" style=\"--awb-content-alignment:center;--awb-text-transform:capitalize;--awb-text-color:var(--awb-color4);\"><p>Belgium<\/p>\n<\/div><\/div><\/li>\n<li class=\"fusion-layout-column fusion_builder_column fusion-builder-column-322 fusion-flex-column fusion-animated post-card fusion-grid-column fusion-post-cards-grid-column fusion-animated\" style=\"--awb-padding-bottom:5px;--awb-overflow:hidden;--awb-bg-color:var(--awb-color1);--awb-bg-color-hover:var(--awb-custom_color_2);--awb-bg-size:cover;--awb-box-shadow:0px 0px 24px hsla(var(--awb-color7-h),var(--awb-color7-s),var(--awb-color7-l),calc(var(--awb-color7-a) - 40%));;--awb-border-color:var(--awb-color4);--awb-border-color-hover:var(--awb-color7);--awb-border-top:1px;--awb-border-right:1px;--awb-border-bottom:1px;--awb-border-left:1px;--awb-border-style:solid;--awb-border-radius:6px 6px 6px 6px;--awb-flex-grow:0;--awb-flex-shrink:0;--awb-flex-grow-medium:0;--awb-flex-shrink-medium:0;--awb-flex-grow-small:0;--awb-flex-shrink-small:0;\" data-animationType=\"fadeIn\" data-animationDuration=\"1.3\" data-animationOffset=\"top-into-view\"><div class=\"fusion-column-wrapper fusion-column-has-shadow fusion-flex-justify-content-flex-start fusion-content-layout-column\"><div class=\"fusion-image-element \" style=\"--awb-aspect-ratio:16 \/ 9;--awb-margin-bottom:10px;--awb-caption-title-font-family:var(--h2_typography-font-family);--awb-caption-title-font-weight:var(--h2_typography-font-weight);--awb-caption-title-font-style:var(--h2_typography-font-style);--awb-caption-title-size:var(--h2_typography-font-size);--awb-caption-title-transform:var(--h2_typography-text-transform);--awb-caption-title-line-height:var(--h2_typography-line-height);--awb-caption-title-letter-spacing:var(--h2_typography-letter-spacing);\"><span class=\" fusion-imageframe imageframe-none imageframe-320 hover-type-none has-aspect-ratio\"><a class=\"fusion-no-lightbox\" href=\"https:\/\/www.choral-events.com\/en\/chorales\/zihelsky-pevecky-smiseny-sbor\/\" target=\"_self\" aria-label=\"phoca_thumb_l__mex2452\"><img decoding=\"async\" width=\"1024\" height=\"683\" src=\"https:\/\/www.choral-events.com\/wp-content\/uploads\/2026\/03\/phoca_thumb_l__mex2452.jpg\" class=\"img-responsive wp-image-51417 img-with-aspect-ratio\" data-parent-fit=\"cover\" data-parent-container=\".fusion-image-element\" alt srcset=\"https:\/\/www.choral-events.com\/wp-content\/uploads\/2026\/03\/phoca_thumb_l__mex2452-200x133.jpg 200w, https:\/\/www.choral-events.com\/wp-content\/uploads\/2026\/03\/phoca_thumb_l__mex2452-400x267.jpg 400w, https:\/\/www.choral-events.com\/wp-content\/uploads\/2026\/03\/phoca_thumb_l__mex2452-600x400.jpg 600w, https:\/\/www.choral-events.com\/wp-content\/uploads\/2026\/03\/phoca_thumb_l__mex2452-800x534.jpg 800w, https:\/\/www.choral-events.com\/wp-content\/uploads\/2026\/03\/phoca_thumb_l__mex2452.jpg 1024w\" sizes=\"(max-width: 1024px) 100vw, (max-width: 640px) 100vw, 1024px\" \/><\/a><\/span><\/div><div class=\"fusion-title title fusion-title-322 fusion-sep-none fusion-title-center fusion-title-text fusion-title-size-paragraph\" style=\"--awb-text-color:var(--awb-color7);--awb-margin-top:10px;--awb-margin-right:5px;--awb-margin-bottom:10px;--awb-margin-left:5px;--awb-margin-top-small:16px;--awb-margin-right-small:0px;--awb-margin-bottom-small:10px;--awb-margin-left-small:0px;--awb-link-color:var(--awb-color7);--awb-font-size:16px;\"><p class=\"fusion-title-heading title-heading-center title-heading-tag fusion-responsive-typography-calculated\" style=\"margin:0;font-size:1em;--fontSize:16;--minFontSize:16;line-height:1.6;\"><a href=\"https:\/\/www.choral-events.com\/en\/chorales\/zihelsky-pevecky-smiseny-sbor\/\" class=\"awb-custom-text-color awb-custom-text-hover-color\" target=\"_self\">Zihelsky Pevecky Smiseny Sbor<\/a><\/p><\/div><div class=\"fusion-separator\" style=\"align-self: center;margin-left: auto;margin-right: auto;flex-grow:10;margin-top:5px;margin-bottom:10px;width:100%;max-width:70px;\"><div class=\"fusion-separator-border sep-single sep-solid\" style=\"--awb-height:20px;--awb-amount:20px;border-color:var(--awb-color2);border-top-width:1px;\"><\/div><\/div><div class=\"fusion-text fusion-text-321\" style=\"--awb-content-alignment:center;--awb-text-transform:capitalize;--awb-text-color:var(--awb-color4);\"><p>R\u00e9publique Tch\u00e8que<\/p>\n<\/div><\/div><\/li>\n<\/ul><\/div><\/div><\/div><\/div><\/div><div class=\"fusion-fullwidth fullwidth-box fusion-builder-row-4 fusion-flex-container has-pattern-background has-mask-background nonhundred-percent-fullwidth non-hundred-percent-height-scrolling\" style=\"--awb-border-radius-top-left:0px;--awb-border-radius-top-right:0px;--awb-border-radius-bottom-right:0px;--awb-border-radius-bottom-left:0px;--awb-flex-wrap:wrap;\" ><div class=\"fusion-builder-row fusion-row fusion-flex-align-items-flex-start fusion-flex-content-wrap\" style=\"max-width:1289.6px;margin-left: calc(-4% \/ 2 );margin-right: calc(-4% \/ 2 );\"><div class=\"fusion-layout-column fusion_builder_column fusion-builder-column-323 fusion_builder_column_1_1 1_1 fusion-flex-column\" style=\"--awb-bg-size:cover;--awb-width-large:100%;--awb-flex-grow:0;--awb-flex-shrink:0;--awb-margin-top-large:0px;--awb-spacing-right-large:1.92%;--awb-margin-bottom-large:8%;--awb-spacing-left-large:1.92%;--awb-width-medium:100%;--awb-order-medium:0;--awb-flex-grow-medium:0;--awb-flex-shrink-medium:0;--awb-spacing-right-medium:1.92%;--awb-spacing-left-medium:1.92%;--awb-width-small:100%;--awb-order-small:0;--awb-flex-grow-small:0;--awb-flex-shrink-small:0;--awb-spacing-right-small:1.92%;--awb-spacing-left-small:1.92%;\"><div class=\"fusion-column-wrapper fusion-column-has-shadow fusion-flex-justify-content-flex-start fusion-content-layout-column\"><script>jQuery(window).on('load', function() {   \n    setTimeout(function() {        \n       var firstVisibleTab = jQuery('li.fusion-filter:not(.fusion-hidden) a:not([data-filter=\"*\"])').first();\n        \n        if(firstVisibleTab.length > 0) {\n            firstVisibleTab.click();\n        }\n        \n    }, 2000);\n});\n<\/script><\/div><\/div><\/div><\/div><\/p>\n","protected":false},"excerpt":{"rendered":"","protected":false},"author":1,"featured_media":0,"parent":0,"menu_order":0,"comment_status":"closed","ping_status":"closed","template":"100-width.php","meta":{"_acf_changed":false,"content-type":"","footnotes":""},"class_list":["post-51018","page","type-page","status-publish","hentry"],"acf":[],"yoast_head":"<!-- This site is optimized with the Yoast SEO plugin v27.5 - https:\/\/yoast.com\/product\/yoast-seo-wordpress\/ -->\n<title>Archives Choirs TEST | Choral Events<\/title>\n<meta name=\"robots\" content=\"index, follow, max-snippet:-1, max-image-preview:large, max-video-preview:-1\" \/>\n<link rel=\"canonical\" href=\"https:\/\/www.choral-events.com\/en\/choirs-archives-2025-test\/\" \/>\n<meta property=\"og:locale\" content=\"en_US\" \/>\n<meta property=\"og:type\" content=\"article\" \/>\n<meta property=\"og:title\" content=\"Archives Choirs TEST | Choral Events\" \/>\n<meta property=\"og:url\" content=\"https:\/\/www.choral-events.com\/en\/choirs-archives-2025-test\/\" \/>\n<meta property=\"og:site_name\" content=\"Choral Events\" \/>\n<meta property=\"article:publisher\" content=\"https:\/\/www.facebook.com\/festival.concours.chorales\" \/>\n<meta property=\"article:modified_time\" content=\"2026-03-13T17:21:08+00:00\" \/>\n<meta property=\"og:image\" content=\"https:\/\/www.choral-events.com\/wp-content\/uploads\/2026\/03\/Choral-Events-Yoast.jpg\" \/>\n\t<meta property=\"og:image:width\" content=\"1200\" \/>\n\t<meta property=\"og:image:height\" content=\"675\" \/>\n\t<meta property=\"og:image:type\" content=\"image\/jpeg\" \/>\n<meta name=\"twitter:card\" content=\"summary_large_image\" \/>\n<script type=\"application\/ld+json\" class=\"yoast-schema-graph\">{\"@context\":\"https:\\\/\\\/schema.org\",\"@graph\":[{\"@type\":\"WebPage\",\"@id\":\"https:\\\/\\\/www.choral-events.com\\\/en\\\/choirs-archives-2025-test\\\/\",\"url\":\"https:\\\/\\\/www.choral-events.com\\\/en\\\/choirs-archives-2025-test\\\/\",\"name\":\"Archives Choirs TEST | Choral Events\",\"isPartOf\":{\"@id\":\"https:\\\/\\\/www.choral-events.com\\\/en\\\/#website\"},\"datePublished\":\"2026-03-06T10:40:04+00:00\",\"dateModified\":\"2026-03-13T17:21:08+00:00\",\"breadcrumb\":{\"@id\":\"https:\\\/\\\/www.choral-events.com\\\/en\\\/choirs-archives-2025-test\\\/#breadcrumb\"},\"inLanguage\":\"en-US\",\"potentialAction\":[{\"@type\":\"ReadAction\",\"target\":[\"https:\\\/\\\/www.choral-events.com\\\/en\\\/choirs-archives-2025-test\\\/\"]}]},{\"@type\":\"BreadcrumbList\",\"@id\":\"https:\\\/\\\/www.choral-events.com\\\/en\\\/choirs-archives-2025-test\\\/#breadcrumb\",\"itemListElement\":[{\"@type\":\"ListItem\",\"position\":1,\"name\":\"Accueil\",\"item\":\"https:\\\/\\\/www.choral-events.com\\\/en\\\/home\\\/\"},{\"@type\":\"ListItem\",\"position\":2,\"name\":\"Archives Choirs TEST\"}]},{\"@type\":\"WebSite\",\"@id\":\"https:\\\/\\\/www.choral-events.com\\\/en\\\/#website\",\"url\":\"https:\\\/\\\/www.choral-events.com\\\/en\\\/\",\"name\":\"Choral Events\",\"description\":\"Cr\u00e9ateur d&#039;\u00e9motions musicales\",\"publisher\":{\"@id\":\"https:\\\/\\\/www.choral-events.com\\\/en\\\/#organization\"},\"potentialAction\":[{\"@type\":\"SearchAction\",\"target\":{\"@type\":\"EntryPoint\",\"urlTemplate\":\"https:\\\/\\\/www.choral-events.com\\\/en\\\/?s={search_term_string}\"},\"query-input\":{\"@type\":\"PropertyValueSpecification\",\"valueRequired\":true,\"valueName\":\"search_term_string\"}}],\"inLanguage\":\"en-US\"},{\"@type\":\"Organization\",\"@id\":\"https:\\\/\\\/www.choral-events.com\\\/en\\\/#organization\",\"name\":\"Choral Events\",\"url\":\"https:\\\/\\\/www.choral-events.com\\\/en\\\/\",\"logo\":{\"@type\":\"ImageObject\",\"inLanguage\":\"en-US\",\"@id\":\"https:\\\/\\\/www.choral-events.com\\\/en\\\/#\\\/schema\\\/logo\\\/image\\\/\",\"url\":\"https:\\\/\\\/www.choral-events.com\\\/wp-content\\\/uploads\\\/2025\\\/11\\\/logo-choral-events-fond-blanc.png\",\"contentUrl\":\"https:\\\/\\\/www.choral-events.com\\\/wp-content\\\/uploads\\\/2025\\\/11\\\/logo-choral-events-fond-blanc.png\",\"width\":1361,\"height\":399,\"caption\":\"Choral Events\"},\"image\":{\"@id\":\"https:\\\/\\\/www.choral-events.com\\\/en\\\/#\\\/schema\\\/logo\\\/image\\\/\"},\"sameAs\":[\"https:\\\/\\\/www.facebook.com\\\/festival.concours.chorales\",\"https:\\\/\\\/www.instagram.com\\\/choralevents\\\/\",\"https:\\\/\\\/www.youtube.com\\\/channel\\\/UCFeTEnm9LTKGSQrfHyLRksw\"]}]}<\/script>\n<!-- \/ Yoast SEO plugin. -->","yoast_head_json":{"title":"Archives Choirs TEST | Choral Events","robots":{"index":"index","follow":"follow","max-snippet":"max-snippet:-1","max-image-preview":"max-image-preview:large","max-video-preview":"max-video-preview:-1"},"canonical":"https:\/\/www.choral-events.com\/en\/choirs-archives-2025-test\/","og_locale":"en_US","og_type":"article","og_title":"Archives Choirs TEST | Choral Events","og_url":"https:\/\/www.choral-events.com\/en\/choirs-archives-2025-test\/","og_site_name":"Choral Events","article_publisher":"https:\/\/www.facebook.com\/festival.concours.chorales","article_modified_time":"2026-03-13T17:21:08+00:00","og_image":[{"width":1200,"height":675,"url":"https:\/\/www.choral-events.com\/wp-content\/uploads\/2026\/03\/Choral-Events-Yoast.jpg","type":"image\/jpeg"}],"twitter_card":"summary_large_image","schema":{"@context":"https:\/\/schema.org","@graph":[{"@type":"WebPage","@id":"https:\/\/www.choral-events.com\/en\/choirs-archives-2025-test\/","url":"https:\/\/www.choral-events.com\/en\/choirs-archives-2025-test\/","name":"Archives Choirs TEST | Choral Events","isPartOf":{"@id":"https:\/\/www.choral-events.com\/en\/#website"},"datePublished":"2026-03-06T10:40:04+00:00","dateModified":"2026-03-13T17:21:08+00:00","breadcrumb":{"@id":"https:\/\/www.choral-events.com\/en\/choirs-archives-2025-test\/#breadcrumb"},"inLanguage":"en-US","potentialAction":[{"@type":"ReadAction","target":["https:\/\/www.choral-events.com\/en\/choirs-archives-2025-test\/"]}]},{"@type":"BreadcrumbList","@id":"https:\/\/www.choral-events.com\/en\/choirs-archives-2025-test\/#breadcrumb","itemListElement":[{"@type":"ListItem","position":1,"name":"Accueil","item":"https:\/\/www.choral-events.com\/en\/home\/"},{"@type":"ListItem","position":2,"name":"Archives Choirs TEST"}]},{"@type":"WebSite","@id":"https:\/\/www.choral-events.com\/en\/#website","url":"https:\/\/www.choral-events.com\/en\/","name":"Choral Events","description":"Cr\u00e9ateur d&#039;\u00e9motions musicales","publisher":{"@id":"https:\/\/www.choral-events.com\/en\/#organization"},"potentialAction":[{"@type":"SearchAction","target":{"@type":"EntryPoint","urlTemplate":"https:\/\/www.choral-events.com\/en\/?s={search_term_string}"},"query-input":{"@type":"PropertyValueSpecification","valueRequired":true,"valueName":"search_term_string"}}],"inLanguage":"en-US"},{"@type":"Organization","@id":"https:\/\/www.choral-events.com\/en\/#organization","name":"Choral Events","url":"https:\/\/www.choral-events.com\/en\/","logo":{"@type":"ImageObject","inLanguage":"en-US","@id":"https:\/\/www.choral-events.com\/en\/#\/schema\/logo\/image\/","url":"https:\/\/www.choral-events.com\/wp-content\/uploads\/2025\/11\/logo-choral-events-fond-blanc.png","contentUrl":"https:\/\/www.choral-events.com\/wp-content\/uploads\/2025\/11\/logo-choral-events-fond-blanc.png","width":1361,"height":399,"caption":"Choral Events"},"image":{"@id":"https:\/\/www.choral-events.com\/en\/#\/schema\/logo\/image\/"},"sameAs":["https:\/\/www.facebook.com\/festival.concours.chorales","https:\/\/www.instagram.com\/choralevents\/","https:\/\/www.youtube.com\/channel\/UCFeTEnm9LTKGSQrfHyLRksw"]}]}},"_links":{"self":[{"href":"https:\/\/www.choral-events.com\/en\/wp-json\/wp\/v2\/pages\/51018","targetHints":{"allow":["GET"]}}],"collection":[{"href":"https:\/\/www.choral-events.com\/en\/wp-json\/wp\/v2\/pages"}],"about":[{"href":"https:\/\/www.choral-events.com\/en\/wp-json\/wp\/v2\/types\/page"}],"author":[{"embeddable":true,"href":"https:\/\/www.choral-events.com\/en\/wp-json\/wp\/v2\/users\/1"}],"replies":[{"embeddable":true,"href":"https:\/\/www.choral-events.com\/en\/wp-json\/wp\/v2\/comments?post=51018"}],"version-history":[{"count":7,"href":"https:\/\/www.choral-events.com\/en\/wp-json\/wp\/v2\/pages\/51018\/revisions"}],"predecessor-version":[{"id":52007,"href":"https:\/\/www.choral-events.com\/en\/wp-json\/wp\/v2\/pages\/51018\/revisions\/52007"}],"wp:attachment":[{"href":"https:\/\/www.choral-events.com\/en\/wp-json\/wp\/v2\/media?parent=51018"}],"curies":[{"name":"wp","href":"https:\/\/api.w.org\/{rel}","templated":true}]}}